{"id":5945,"date":"2020-02-09T22:53:39","date_gmt":"2020-02-10T03:53:39","guid":{"rendered":"https:\/\/int.design\/projets\/agrandissement-de-larena-maurice-richard\/"},"modified":"2020-09-16T17:51:21","modified_gmt":"2020-09-16T21:51:21","slug":"agrandissement-de-larena-maurice-richard","status":"publish","type":"project","link":"https:\/\/int.design\/en\/projects\/agrandissement-de-larena-maurice-richard\/","title":{"rendered":"Agrandissement de l&#8217;Ar\u00e9na Maurice-Richard"},"content":{"rendered":"<p>Offering more than just a building to house the refrigeration system and limited access for maintenance personnel, the architects created a dynamic barometer that is projected over time onto the curtain wall of mirrored glass and acid-frosted glass.<\/p>\n","protected":false},"template":"","class_list":["post-5945","project","type-project","status-publish","hentry"],"acf":[],"yoast_head":"<!-- This site is optimized with the Yoast SEO plugin v21.5 - https:\/\/yoast.com\/wordpress\/plugins\/seo\/ -->\n<title>Agrandissement de l&#039;Ar\u00e9na Maurice-Richard - INT Design<\/title>\n<meta name=\"robots\" content=\"index, follow, max-snippet:-1, max-image-preview:large, max-video-preview:-1\" \/>\n<link rel=\"canonical\" href=\"https:\/\/int.design\/en\/projects\/agrandissement-de-larena-maurice-richard\/\" \/>\n<meta property=\"og:locale\" content=\"en_US\" \/>\n<meta property=\"og:type\" content=\"article\" \/>\n<meta property=\"og:title\" content=\"Agrandissement de l&#039;Ar\u00e9na Maurice-Richard - INT Design\" \/>\n<meta property=\"og:description\" content=\"Offering more than just a building to house the refrigeration system and limited access for maintenance personnel, the architects created a dynamic barometer that is projected over time onto the curtain wall of mirrored glass and acid-frosted glass.\" \/>\n<meta property=\"og:url\" content=\"https:\/\/int.design\/en\/projects\/agrandissement-de-larena-maurice-richard\/\" \/>\n<meta property=\"og:site_name\" content=\"INT Design\" \/>\n<meta property=\"article:modified_time\" content=\"2020-09-16T21:51:21+00:00\" \/>\n<meta name=\"twitter:card\" content=\"summary_large_image\" \/>\n<script type=\"application\/ld+json\" class=\"yoast-schema-graph\">{\"@context\":\"https:\/\/schema.org\",\"@graph\":[{\"@type\":\"WebPage\",\"@id\":\"https:\/\/int.design\/en\/projects\/agrandissement-de-larena-maurice-richard\/\",\"url\":\"https:\/\/int.design\/en\/projects\/agrandissement-de-larena-maurice-richard\/\",\"name\":\"Agrandissement de l'Ar\u00e9na Maurice-Richard - INT Design\",\"isPartOf\":{\"@id\":\"https:\/\/int.design\/fr\/#website\"},\"datePublished\":\"2020-02-10T03:53:39+00:00\",\"dateModified\":\"2020-09-16T21:51:21+00:00\",\"breadcrumb\":{\"@id\":\"https:\/\/int.design\/en\/projects\/agrandissement-de-larena-maurice-richard\/#breadcrumb\"},\"inLanguage\":\"en-US\",\"potentialAction\":[{\"@type\":\"ReadAction\",\"target\":[\"https:\/\/int.design\/en\/projects\/agrandissement-de-larena-maurice-richard\/\"]}]},{\"@type\":\"BreadcrumbList\",\"@id\":\"https:\/\/int.design\/en\/projects\/agrandissement-de-larena-maurice-richard\/#breadcrumb\",\"itemListElement\":[{\"@type\":\"ListItem\",\"position\":1,\"name\":\"Home\",\"item\":\"https:\/\/int.design\/en\/\"},{\"@type\":\"ListItem\",\"position\":2,\"name\":\"Projects\",\"item\":\"https:\/\/int.design\/en\/projects\/\"},{\"@type\":\"ListItem\",\"position\":3,\"name\":\"Agrandissement de l&#8217;Ar\u00e9na Maurice-Richard\"}]},{\"@type\":\"WebSite\",\"@id\":\"https:\/\/int.design\/fr\/#website\",\"url\":\"https:\/\/int.design\/fr\/\",\"name\":\"INT Design\",\"description\":\"\",\"potentialAction\":[{\"@type\":\"SearchAction\",\"target\":{\"@type\":\"EntryPoint\",\"urlTemplate\":\"https:\/\/int.design\/fr\/?s={search_term_string}\"},\"query-input\":\"required name=search_term_string\"}],\"inLanguage\":\"en-US\"}]}<\/script>\n<!-- \/ Yoast SEO plugin. -->","yoast_head_json":{"title":"Agrandissement de l'Ar\u00e9na Maurice-Richard - INT Design","robots":{"index":"index","follow":"follow","max-snippet":"max-snippet:-1","max-image-preview":"max-image-preview:large","max-video-preview":"max-video-preview:-1"},"canonical":"https:\/\/int.design\/en\/projects\/agrandissement-de-larena-maurice-richard\/","og_locale":"en_US","og_type":"article","og_title":"Agrandissement de l'Ar\u00e9na Maurice-Richard - INT Design","og_description":"Offering more than just a building to house the refrigeration system and limited access for maintenance personnel, the architects created a dynamic barometer that is projected over time onto the curtain wall of mirrored glass and acid-frosted glass.","og_url":"https:\/\/int.design\/en\/projects\/agrandissement-de-larena-maurice-richard\/","og_site_name":"INT Design","article_modified_time":"2020-09-16T21:51:21+00:00","twitter_card":"summary_large_image","schema":{"@context":"https:\/\/schema.org","@graph":[{"@type":"WebPage","@id":"https:\/\/int.design\/en\/projects\/agrandissement-de-larena-maurice-richard\/","url":"https:\/\/int.design\/en\/projects\/agrandissement-de-larena-maurice-richard\/","name":"Agrandissement de l'Ar\u00e9na Maurice-Richard - INT Design","isPartOf":{"@id":"https:\/\/int.design\/fr\/#website"},"datePublished":"2020-02-10T03:53:39+00:00","dateModified":"2020-09-16T21:51:21+00:00","breadcrumb":{"@id":"https:\/\/int.design\/en\/projects\/agrandissement-de-larena-maurice-richard\/#breadcrumb"},"inLanguage":"en-US","potentialAction":[{"@type":"ReadAction","target":["https:\/\/int.design\/en\/projects\/agrandissement-de-larena-maurice-richard\/"]}]},{"@type":"BreadcrumbList","@id":"https:\/\/int.design\/en\/projects\/agrandissement-de-larena-maurice-richard\/#breadcrumb","itemListElement":[{"@type":"ListItem","position":1,"name":"Home","item":"https:\/\/int.design\/en\/"},{"@type":"ListItem","position":2,"name":"Projects","item":"https:\/\/int.design\/en\/projects\/"},{"@type":"ListItem","position":3,"name":"Agrandissement de l&#8217;Ar\u00e9na Maurice-Richard"}]},{"@type":"WebSite","@id":"https:\/\/int.design\/fr\/#website","url":"https:\/\/int.design\/fr\/","name":"INT Design","description":"","potentialAction":[{"@type":"SearchAction","target":{"@type":"EntryPoint","urlTemplate":"https:\/\/int.design\/fr\/?s={search_term_string}"},"query-input":"required name=search_term_string"}],"inLanguage":"en-US"}]}},"entry":{"cats":{"disciplines":[],"big_cats":[],"sub_cats":[]},"entry":{"":null,"status":"completed","winner_title":"","winner_prize_lang":"","title_translatable":false,"title_en":"","title_fr":"","releve_award":false,"releve_award_cv":false,"collaboration":false,"collaboration_firms":false,"other_firms":false,"owner":{"name":"","confidential":false,"website":"","contact_name":"","email":"","phone":""},"address":{"address":"","city":"","region":"","province":"","country":"","postal_code":""},"logos":false,"use_logo":false,"designers":false,"cover":false,"images":[{"image":{"ID":11453,"id":11453,"title":"BE\u0301timent annexe de l'ArC\u0327na Maurice-Richard_5_Riopel+AssociC\u0327s_RThibodeau_01","filename":"BE\u0301timent-annexe-de-lArC\u0327na-Maurice-Richard_5_RiopelAssociC\u0327s_RThibodeau_01.jpg","filesize":0,"url":"https:\/\/d2q6z78khxmx42.cloudfront.net\/2020\/02\/BE\u0301timent-annexe-de-lArC\u0327na-Maurice-Richard_5_RiopelAssociC\u0327s_RThibodeau_01.jpg","link":"https:\/\/int.design\/fr\/projets\/agrandissement-de-larena-maurice-richard\/betiment-annexe-de-larc%cc%a7na-maurice-richard_5_riopelassocic%cc%a7s_rthibodeau_01\/","alt":"","author":"5","description":"","caption":"","name":"betiment-annexe-de-larc%cc%a7na-maurice-richard_5_riopelassocic%cc%a7s_rthibodeau_01","status":"inherit","uploaded_to":5940,"date":"2020-08-20 11:43:38","modified":"2020-09-05 19:14:20","menu_order":0,"mime_type":"image\/jpeg","type":"image","subtype":"jpeg","icon":"https:\/\/int.design\/wp-includes\/images\/media\/default.png","width":1296,"height":864,"sizes":{"thumbnail":"https:\/\/d2q6z78khxmx42.cloudfront.net\/2020\/02\/BE\u0301timent-annexe-de-lArC\u0327na-Maurice-Richard_5_RiopelAssociC\u0327s_RThibodeau_01-150x150.jpg","thumbnail-width":150,"thumbnail-height":150,"medium":"https:\/\/d2q6z78khxmx42.cloudfront.net\/2020\/02\/BE\u0301timent-annexe-de-lArC\u0327na-Maurice-Richard_5_RiopelAssociC\u0327s_RThibodeau_01-300x200.jpg","medium-width":300,"medium-height":200,"medium_large":"https:\/\/d2q6z78khxmx42.cloudfront.net\/2020\/02\/BE\u0301timent-annexe-de-lArC\u0327na-Maurice-Richard_5_RiopelAssociC\u0327s_RThibodeau_01-768x512.jpg","medium_large-width":768,"medium_large-height":512,"large":"https:\/\/d2q6z78khxmx42.cloudfront.net\/2020\/02\/BE\u0301timent-annexe-de-lArC\u0327na-Maurice-Richard_5_RiopelAssociC\u0327s_RThibodeau_01-1024x683.jpg","large-width":1024,"large-height":683,"1536x1536":"https:\/\/d2q6z78khxmx42.cloudfront.net\/2020\/02\/BE\u0301timent-annexe-de-lArC\u0327na-Maurice-Richard_5_RiopelAssociC\u0327s_RThibodeau_01.jpg","1536x1536-width":1296,"1536x1536-height":864,"2048x2048":"https:\/\/d2q6z78khxmx42.cloudfront.net\/2020\/02\/BE\u0301timent-annexe-de-lArC\u0327na-Maurice-Richard_5_RiopelAssociC\u0327s_RThibodeau_01.jpg","2048x2048-width":1296,"2048x2048-height":864,"article":"https:\/\/d2q6z78khxmx42.cloudfront.net\/2020\/02\/BE\u0301timent-annexe-de-lArC\u0327na-Maurice-Richard_5_RiopelAssociC\u0327s_RThibodeau_01-960x540.jpg","article-width":960,"article-height":540,"banner":"https:\/\/d2q6z78khxmx42.cloudfront.net\/2020\/02\/BE\u0301timent-annexe-de-lArC\u0327na-Maurice-Richard_5_RiopelAssociC\u0327s_RThibodeau_01.jpg","banner-width":1296,"banner-height":864,"block":"https:\/\/d2q6z78khxmx42.cloudfront.net\/2020\/02\/BE\u0301timent-annexe-de-lArC\u0327na-Maurice-Richard_5_RiopelAssociC\u0327s_RThibodeau_01-900x680.jpg","block-width":900,"block-height":680,"card":"https:\/\/d2q6z78khxmx42.cloudfront.net\/2020\/02\/BE\u0301timent-annexe-de-lArC\u0327na-Maurice-Richard_5_RiopelAssociC\u0327s_RThibodeau_01-560x495.jpg","card-width":560,"card-height":495,"card-thumbnail":"https:\/\/d2q6z78khxmx42.cloudfront.net\/2020\/02\/BE\u0301timent-annexe-de-lArC\u0327na-Maurice-Richard_5_RiopelAssociC\u0327s_RThibodeau_01-450x340.jpg","card-thumbnail-width":450,"card-thumbnail-height":340,"conference":"https:\/\/d2q6z78khxmx42.cloudfront.net\/2020\/02\/BE\u0301timent-annexe-de-lArC\u0327na-Maurice-Richard_5_RiopelAssociC\u0327s_RThibodeau_01-560x250.jpg","conference-width":560,"conference-height":250,"contest":"https:\/\/d2q6z78khxmx42.cloudfront.net\/2020\/02\/BE\u0301timent-annexe-de-lArC\u0327na-Maurice-Richard_5_RiopelAssociC\u0327s_RThibodeau_01-960x400.jpg","contest-width":960,"contest-height":400,"cta":"https:\/\/d2q6z78khxmx42.cloudfront.net\/2020\/02\/BE\u0301timent-annexe-de-lArC\u0327na-Maurice-Richard_5_RiopelAssociC\u0327s_RThibodeau_01-415x170.jpg","cta-width":415,"cta-height":170,"exhibitor":"https:\/\/d2q6z78khxmx42.cloudfront.net\/2020\/02\/BE\u0301timent-annexe-de-lArC\u0327na-Maurice-Richard_5_RiopelAssociC\u0327s_RThibodeau_01-560x560.jpg","exhibitor-width":560,"exhibitor-height":560,"gallery":"https:\/\/d2q6z78khxmx42.cloudfront.net\/2020\/02\/BE\u0301timent-annexe-de-lArC\u0327na-Maurice-Richard_5_RiopelAssociC\u0327s_RThibodeau_01-560x373.jpg","gallery-width":560,"gallery-height":373,"logo":"https:\/\/d2q6z78khxmx42.cloudfront.net\/2020\/02\/BE\u0301timent-annexe-de-lArC\u0327na-Maurice-Richard_5_RiopelAssociC\u0327s_RThibodeau_01-150x100.jpg","logo-width":150,"logo-height":100,"masonry":"https:\/\/d2q6z78khxmx42.cloudfront.net\/2020\/02\/BE\u0301timent-annexe-de-lArC\u0327na-Maurice-Richard_5_RiopelAssociC\u0327s_RThibodeau_01-550x367.jpg","masonry-width":550,"masonry-height":367,"modal":"https:\/\/d2q6z78khxmx42.cloudfront.net\/2020\/02\/BE\u0301timent-annexe-de-lArC\u0327na-Maurice-Richard_5_RiopelAssociC\u0327s_RThibodeau_01.jpg","modal-width":1296,"modal-height":864,"number":"https:\/\/d2q6z78khxmx42.cloudfront.net\/2020\/02\/FFh8ANWL-BE\u0301timent-annexe-de-lArC\u0327na-Maurice-Richard_5_RiopelAssociC\u0327s_RThibodeau_01-560x373.jpg","number-width":560,"number-height":373,"partner":"https:\/\/d2q6z78khxmx42.cloudfront.net\/2020\/02\/BE\u0301timent-annexe-de-lArC\u0327na-Maurice-Richard_5_RiopelAssociC\u0327s_RThibodeau_01-275x183.jpg","partner-width":275,"partner-height":183,"ranking":"https:\/\/d2q6z78khxmx42.cloudfront.net\/2020\/02\/FFh8ANWL-BE\u0301timent-annexe-de-lArC\u0327na-Maurice-Richard_5_RiopelAssociC\u0327s_RThibodeau_01-960x540.jpg","ranking-width":960,"ranking-height":540,"schedule":"https:\/\/d2q6z78khxmx42.cloudfront.net\/2020\/02\/BE\u0301timent-annexe-de-lArC\u0327na-Maurice-Richard_5_RiopelAssociC\u0327s_RThibodeau_01-960x360.jpg","schedule-width":960,"schedule-height":360,"slideshow":"https:\/\/d2q6z78khxmx42.cloudfront.net\/2020\/02\/BE\u0301timent-annexe-de-lArC\u0327na-Maurice-Richard_5_RiopelAssociC\u0327s_RThibodeau_01-1020x680.jpg","slideshow-width":1020,"slideshow-height":680}},"attachment_category":{"999":"B\u00e2timent commercial"},"credit":""},{"image":{"ID":11457,"id":11457,"title":"BE\u0301timent annexe de l'ArC\u0327na Maurice-Richard_5_Riopel+AssociC\u0327s_RThibodeau_05","filename":"BE\u0301timent-annexe-de-lArC\u0327na-Maurice-Richard_5_RiopelAssociC\u0327s_RThibodeau_05.jpg","filesize":0,"url":"https:\/\/d2q6z78khxmx42.cloudfront.net\/2020\/02\/BE\u0301timent-annexe-de-lArC\u0327na-Maurice-Richard_5_RiopelAssociC\u0327s_RThibodeau_05.jpg","link":"https:\/\/int.design\/fr\/projets\/agrandissement-de-larena-maurice-richard\/betiment-annexe-de-larc%cc%a7na-maurice-richard_5_riopelassocic%cc%a7s_rthibodeau_05\/","alt":"","author":"5","description":"","caption":"","name":"betiment-annexe-de-larc%cc%a7na-maurice-richard_5_riopelassocic%cc%a7s_rthibodeau_05","status":"inherit","uploaded_to":5940,"date":"2020-08-20 11:44:07","modified":"2020-08-20 11:44:07","menu_order":0,"mime_type":"image\/jpeg","type":"image","subtype":"jpeg","icon":"https:\/\/int.design\/wp-includes\/images\/media\/default.png","width":648,"height":864,"sizes":{"thumbnail":"https:\/\/d2q6z78khxmx42.cloudfront.net\/2020\/02\/BE\u0301timent-annexe-de-lArC\u0327na-Maurice-Richard_5_RiopelAssociC\u0327s_RThibodeau_05-150x150.jpg","thumbnail-width":150,"thumbnail-height":150,"medium":"https:\/\/d2q6z78khxmx42.cloudfront.net\/2020\/02\/BE\u0301timent-annexe-de-lArC\u0327na-Maurice-Richard_5_RiopelAssociC\u0327s_RThibodeau_05-225x300.jpg","medium-width":225,"medium-height":300,"medium_large":"https:\/\/d2q6z78khxmx42.cloudfront.net\/2020\/02\/BE\u0301timent-annexe-de-lArC\u0327na-Maurice-Richard_5_RiopelAssociC\u0327s_RThibodeau_05.jpg","medium_large-width":648,"medium_large-height":864,"large":"https:\/\/d2q6z78khxmx42.cloudfront.net\/2020\/02\/BE\u0301timent-annexe-de-lArC\u0327na-Maurice-Richard_5_RiopelAssociC\u0327s_RThibodeau_05.jpg","large-width":648,"large-height":864,"1536x1536":"https:\/\/d2q6z78khxmx42.cloudfront.net\/2020\/02\/BE\u0301timent-annexe-de-lArC\u0327na-Maurice-Richard_5_RiopelAssociC\u0327s_RThibodeau_05.jpg","1536x1536-width":648,"1536x1536-height":864,"2048x2048":"https:\/\/d2q6z78khxmx42.cloudfront.net\/2020\/02\/BE\u0301timent-annexe-de-lArC\u0327na-Maurice-Richard_5_RiopelAssociC\u0327s_RThibodeau_05.jpg","2048x2048-width":648,"2048x2048-height":864,"article":"https:\/\/d2q6z78khxmx42.cloudfront.net\/2020\/02\/BE\u0301timent-annexe-de-lArC\u0327na-Maurice-Richard_5_RiopelAssociC\u0327s_RThibodeau_05-648x540.jpg","article-width":648,"article-height":540,"banner":"https:\/\/d2q6z78khxmx42.cloudfront.net\/2020\/02\/BE\u0301timent-annexe-de-lArC\u0327na-Maurice-Richard_5_RiopelAssociC\u0327s_RThibodeau_05.jpg","banner-width":648,"banner-height":864,"block":"https:\/\/d2q6z78khxmx42.cloudfront.net\/2020\/02\/BE\u0301timent-annexe-de-lArC\u0327na-Maurice-Richard_5_RiopelAssociC\u0327s_RThibodeau_05-648x680.jpg","block-width":648,"block-height":680,"card":"https:\/\/d2q6z78khxmx42.cloudfront.net\/2020\/02\/BE\u0301timent-annexe-de-lArC\u0327na-Maurice-Richard_5_RiopelAssociC\u0327s_RThibodeau_05-560x495.jpg","card-width":560,"card-height":495,"card-thumbnail":"https:\/\/d2q6z78khxmx42.cloudfront.net\/2020\/02\/BE\u0301timent-annexe-de-lArC\u0327na-Maurice-Richard_5_RiopelAssociC\u0327s_RThibodeau_05-450x340.jpg","card-thumbnail-width":450,"card-thumbnail-height":340,"conference":"https:\/\/d2q6z78khxmx42.cloudfront.net\/2020\/02\/BE\u0301timent-annexe-de-lArC\u0327na-Maurice-Richard_5_RiopelAssociC\u0327s_RThibodeau_05-560x250.jpg","conference-width":560,"conference-height":250,"contest":"https:\/\/d2q6z78khxmx42.cloudfront.net\/2020\/02\/BE\u0301timent-annexe-de-lArC\u0327na-Maurice-Richard_5_RiopelAssociC\u0327s_RThibodeau_05-648x400.jpg","contest-width":648,"contest-height":400,"cta":"https:\/\/d2q6z78khxmx42.cloudfront.net\/2020\/02\/BE\u0301timent-annexe-de-lArC\u0327na-Maurice-Richard_5_RiopelAssociC\u0327s_RThibodeau_05-415x170.jpg","cta-width":415,"cta-height":170,"exhibitor":"https:\/\/d2q6z78khxmx42.cloudfront.net\/2020\/02\/BE\u0301timent-annexe-de-lArC\u0327na-Maurice-Richard_5_RiopelAssociC\u0327s_RThibodeau_05-560x560.jpg","exhibitor-width":560,"exhibitor-height":560,"gallery":"https:\/\/d2q6z78khxmx42.cloudfront.net\/2020\/02\/BE\u0301timent-annexe-de-lArC\u0327na-Maurice-Richard_5_RiopelAssociC\u0327s_RThibodeau_05-323x430.jpg","gallery-width":323,"gallery-height":430,"logo":"https:\/\/d2q6z78khxmx42.cloudfront.net\/2020\/02\/BE\u0301timent-annexe-de-lArC\u0327na-Maurice-Richard_5_RiopelAssociC\u0327s_RThibodeau_05-75x100.jpg","logo-width":75,"logo-height":100,"masonry":"https:\/\/d2q6z78khxmx42.cloudfront.net\/2020\/02\/BE\u0301timent-annexe-de-lArC\u0327na-Maurice-Richard_5_RiopelAssociC\u0327s_RThibodeau_05-550x733.jpg","masonry-width":550,"masonry-height":733,"modal":"https:\/\/d2q6z78khxmx42.cloudfront.net\/2020\/02\/BE\u0301timent-annexe-de-lArC\u0327na-Maurice-Richard_5_RiopelAssociC\u0327s_RThibodeau_05.jpg","modal-width":648,"modal-height":864,"number":"https:\/\/d2q6z78khxmx42.cloudfront.net\/2020\/02\/IkHiRVEU-BE\u0301timent-annexe-de-lArC\u0327na-Maurice-Richard_5_RiopelAssociC\u0327s_RThibodeau_05-323x430.jpg","number-width":323,"number-height":430,"partner":"https:\/\/d2q6z78khxmx42.cloudfront.net\/2020\/02\/BE\u0301timent-annexe-de-lArC\u0327na-Maurice-Richard_5_RiopelAssociC\u0327s_RThibodeau_05-158x210.jpg","partner-width":158,"partner-height":210,"ranking":"https:\/\/d2q6z78khxmx42.cloudfront.net\/2020\/02\/IkHiRVEU-BE\u0301timent-annexe-de-lArC\u0327na-Maurice-Richard_5_RiopelAssociC\u0327s_RThibodeau_05-648x540.jpg","ranking-width":648,"ranking-height":540,"schedule":"https:\/\/d2q6z78khxmx42.cloudfront.net\/2020\/02\/BE\u0301timent-annexe-de-lArC\u0327na-Maurice-Richard_5_RiopelAssociC\u0327s_RThibodeau_05-648x360.jpg","schedule-width":648,"schedule-height":360,"slideshow":"https:\/\/d2q6z78khxmx42.cloudfront.net\/2020\/02\/BE\u0301timent-annexe-de-lArC\u0327na-Maurice-Richard_5_RiopelAssociC\u0327s_RThibodeau_05-510x680.jpg","slideshow-width":510,"slideshow-height":680}},"attachment_category":[],"credit":""},{"image":{"ID":11456,"id":11456,"title":"BE\u0301timent annexe de l'ArC\u0327na Maurice-Richard_5_Riopel+AssociC\u0327s_RThibodeau_04","filename":"BE\u0301timent-annexe-de-lArC\u0327na-Maurice-Richard_5_RiopelAssociC\u0327s_RThibodeau_04.jpg","filesize":0,"url":"https:\/\/d2q6z78khxmx42.cloudfront.net\/2020\/02\/BE\u0301timent-annexe-de-lArC\u0327na-Maurice-Richard_5_RiopelAssociC\u0327s_RThibodeau_04.jpg","link":"https:\/\/int.design\/fr\/projets\/agrandissement-de-larena-maurice-richard\/betiment-annexe-de-larc%cc%a7na-maurice-richard_5_riopelassocic%cc%a7s_rthibodeau_04\/","alt":"","author":"5","description":"","caption":"","name":"betiment-annexe-de-larc%cc%a7na-maurice-richard_5_riopelassocic%cc%a7s_rthibodeau_04","status":"inherit","uploaded_to":5940,"date":"2020-08-20 11:44:03","modified":"2020-08-20 11:44:03","menu_order":0,"mime_type":"image\/jpeg","type":"image","subtype":"jpeg","icon":"https:\/\/int.design\/wp-includes\/images\/media\/default.png","width":864,"height":1152,"sizes":{"thumbnail":"https:\/\/d2q6z78khxmx42.cloudfront.net\/2020\/02\/BE\u0301timent-annexe-de-lArC\u0327na-Maurice-Richard_5_RiopelAssociC\u0327s_RThibodeau_04-150x150.jpg","thumbnail-width":150,"thumbnail-height":150,"medium":"https:\/\/d2q6z78khxmx42.cloudfront.net\/2020\/02\/BE\u0301timent-annexe-de-lArC\u0327na-Maurice-Richard_5_RiopelAssociC\u0327s_RThibodeau_04-225x300.jpg","medium-width":225,"medium-height":300,"medium_large":"https:\/\/d2q6z78khxmx42.cloudfront.net\/2020\/02\/qYhRgMaZ-BE\u0301timent-annexe-de-lArC\u0327na-Maurice-Richard_5_RiopelAssociC\u0327s_RThibodeau_04-768x1024.jpg","medium_large-width":768,"medium_large-height":1024,"large":"https:\/\/d2q6z78khxmx42.cloudfront.net\/2020\/02\/BE\u0301timent-annexe-de-lArC\u0327na-Maurice-Richard_5_RiopelAssociC\u0327s_RThibodeau_04-768x1024.jpg","large-width":768,"large-height":1024,"1536x1536":"https:\/\/d2q6z78khxmx42.cloudfront.net\/2020\/02\/BE\u0301timent-annexe-de-lArC\u0327na-Maurice-Richard_5_RiopelAssociC\u0327s_RThibodeau_04.jpg","1536x1536-width":864,"1536x1536-height":1152,"2048x2048":"https:\/\/d2q6z78khxmx42.cloudfront.net\/2020\/02\/BE\u0301timent-annexe-de-lArC\u0327na-Maurice-Richard_5_RiopelAssociC\u0327s_RThibodeau_04.jpg","2048x2048-width":864,"2048x2048-height":1152,"article":"https:\/\/d2q6z78khxmx42.cloudfront.net\/2020\/02\/BE\u0301timent-annexe-de-lArC\u0327na-Maurice-Richard_5_RiopelAssociC\u0327s_RThibodeau_04-864x540.jpg","article-width":864,"article-height":540,"banner":"https:\/\/d2q6z78khxmx42.cloudfront.net\/2020\/02\/BE\u0301timent-annexe-de-lArC\u0327na-Maurice-Richard_5_RiopelAssociC\u0327s_RThibodeau_04.jpg","banner-width":864,"banner-height":1152,"block":"https:\/\/d2q6z78khxmx42.cloudfront.net\/2020\/02\/BE\u0301timent-annexe-de-lArC\u0327na-Maurice-Richard_5_RiopelAssociC\u0327s_RThibodeau_04-864x680.jpg","block-width":864,"block-height":680,"card":"https:\/\/d2q6z78khxmx42.cloudfront.net\/2020\/02\/BE\u0301timent-annexe-de-lArC\u0327na-Maurice-Richard_5_RiopelAssociC\u0327s_RThibodeau_04-560x495.jpg","card-width":560,"card-height":495,"card-thumbnail":"https:\/\/d2q6z78khxmx42.cloudfront.net\/2020\/02\/BE\u0301timent-annexe-de-lArC\u0327na-Maurice-Richard_5_RiopelAssociC\u0327s_RThibodeau_04-450x340.jpg","card-thumbnail-width":450,"card-thumbnail-height":340,"conference":"https:\/\/d2q6z78khxmx42.cloudfront.net\/2020\/02\/BE\u0301timent-annexe-de-lArC\u0327na-Maurice-Richard_5_RiopelAssociC\u0327s_RThibodeau_04-560x250.jpg","conference-width":560,"conference-height":250,"contest":"https:\/\/d2q6z78khxmx42.cloudfront.net\/2020\/02\/BE\u0301timent-annexe-de-lArC\u0327na-Maurice-Richard_5_RiopelAssociC\u0327s_RThibodeau_04-864x400.jpg","contest-width":864,"contest-height":400,"cta":"https:\/\/d2q6z78khxmx42.cloudfront.net\/2020\/02\/BE\u0301timent-annexe-de-lArC\u0327na-Maurice-Richard_5_RiopelAssociC\u0327s_RThibodeau_04-415x170.jpg","cta-width":415,"cta-height":170,"exhibitor":"https:\/\/d2q6z78khxmx42.cloudfront.net\/2020\/02\/BE\u0301timent-annexe-de-lArC\u0327na-Maurice-Richard_5_RiopelAssociC\u0327s_RThibodeau_04-560x560.jpg","exhibitor-width":560,"exhibitor-height":560,"gallery":"https:\/\/d2q6z78khxmx42.cloudfront.net\/2020\/02\/BE\u0301timent-annexe-de-lArC\u0327na-Maurice-Richard_5_RiopelAssociC\u0327s_RThibodeau_04-323x430.jpg","gallery-width":323,"gallery-height":430,"logo":"https:\/\/d2q6z78khxmx42.cloudfront.net\/2020\/02\/BE\u0301timent-annexe-de-lArC\u0327na-Maurice-Richard_5_RiopelAssociC\u0327s_RThibodeau_04-75x100.jpg","logo-width":75,"logo-height":100,"masonry":"https:\/\/d2q6z78khxmx42.cloudfront.net\/2020\/02\/BE\u0301timent-annexe-de-lArC\u0327na-Maurice-Richard_5_RiopelAssociC\u0327s_RThibodeau_04-550x733.jpg","masonry-width":550,"masonry-height":733,"modal":"https:\/\/d2q6z78khxmx42.cloudfront.net\/2020\/02\/BE\u0301timent-annexe-de-lArC\u0327na-Maurice-Richard_5_RiopelAssociC\u0327s_RThibodeau_04.jpg","modal-width":864,"modal-height":1152,"number":"https:\/\/d2q6z78khxmx42.cloudfront.net\/2020\/02\/qYhRgMaZ-BE\u0301timent-annexe-de-lArC\u0327na-Maurice-Richard_5_RiopelAssociC\u0327s_RThibodeau_04-323x430.jpg","number-width":323,"number-height":430,"partner":"https:\/\/d2q6z78khxmx42.cloudfront.net\/2020\/02\/BE\u0301timent-annexe-de-lArC\u0327na-Maurice-Richard_5_RiopelAssociC\u0327s_RThibodeau_04-158x210.jpg","partner-width":158,"partner-height":210,"ranking":"https:\/\/d2q6z78khxmx42.cloudfront.net\/2020\/02\/qYhRgMaZ-BE\u0301timent-annexe-de-lArC\u0327na-Maurice-Richard_5_RiopelAssociC\u0327s_RThibodeau_04-864x540.jpg","ranking-width":864,"ranking-height":540,"schedule":"https:\/\/d2q6z78khxmx42.cloudfront.net\/2020\/02\/BE\u0301timent-annexe-de-lArC\u0327na-Maurice-Richard_5_RiopelAssociC\u0327s_RThibodeau_04-864x360.jpg","schedule-width":864,"schedule-height":360,"slideshow":"https:\/\/d2q6z78khxmx42.cloudfront.net\/2020\/02\/BE\u0301timent-annexe-de-lArC\u0327na-Maurice-Richard_5_RiopelAssociC\u0327s_RThibodeau_04-510x680.jpg","slideshow-width":510,"slideshow-height":680}},"attachment_category":[],"credit":""},{"image":{"ID":11455,"id":11455,"title":"BE\u0301timent annexe de l'ArC\u0327na Maurice-Richard_5_Riopel+AssociC\u0327s_RThibodeau_03","filename":"BE\u0301timent-annexe-de-lArC\u0327na-Maurice-Richard_5_RiopelAssociC\u0327s_RThibodeau_03.jpg","filesize":0,"url":"https:\/\/d2q6z78khxmx42.cloudfront.net\/2020\/02\/BE\u0301timent-annexe-de-lArC\u0327na-Maurice-Richard_5_RiopelAssociC\u0327s_RThibodeau_03.jpg","link":"https:\/\/int.design\/fr\/projets\/agrandissement-de-larena-maurice-richard\/betiment-annexe-de-larc%cc%a7na-maurice-richard_5_riopelassocic%cc%a7s_rthibodeau_03\/","alt":"","author":"5","description":"","caption":"","name":"betiment-annexe-de-larc%cc%a7na-maurice-richard_5_riopelassocic%cc%a7s_rthibodeau_03","status":"inherit","uploaded_to":5940,"date":"2020-08-20 11:43:50","modified":"2020-09-05 19:13:20","menu_order":0,"mime_type":"image\/jpeg","type":"image","subtype":"jpeg","icon":"https:\/\/int.design\/wp-includes\/images\/media\/default.png","width":1296,"height":864,"sizes":{"thumbnail":"https:\/\/d2q6z78khxmx42.cloudfront.net\/2020\/02\/BE\u0301timent-annexe-de-lArC\u0327na-Maurice-Richard_5_RiopelAssociC\u0327s_RThibodeau_03-150x150.jpg","thumbnail-width":150,"thumbnail-height":150,"medium":"https:\/\/d2q6z78khxmx42.cloudfront.net\/2020\/02\/BE\u0301timent-annexe-de-lArC\u0327na-Maurice-Richard_5_RiopelAssociC\u0327s_RThibodeau_03-300x200.jpg","medium-width":300,"medium-height":200,"medium_large":"https:\/\/d2q6z78khxmx42.cloudfront.net\/2020\/02\/BE\u0301timent-annexe-de-lArC\u0327na-Maurice-Richard_5_RiopelAssociC\u0327s_RThibodeau_03-768x512.jpg","medium_large-width":768,"medium_large-height":512,"large":"https:\/\/d2q6z78khxmx42.cloudfront.net\/2020\/02\/BE\u0301timent-annexe-de-lArC\u0327na-Maurice-Richard_5_RiopelAssociC\u0327s_RThibodeau_03-1024x683.jpg","large-width":1024,"large-height":683,"1536x1536":"https:\/\/d2q6z78khxmx42.cloudfront.net\/2020\/02\/BE\u0301timent-annexe-de-lArC\u0327na-Maurice-Richard_5_RiopelAssociC\u0327s_RThibodeau_03.jpg","1536x1536-width":1296,"1536x1536-height":864,"2048x2048":"https:\/\/d2q6z78khxmx42.cloudfront.net\/2020\/02\/BE\u0301timent-annexe-de-lArC\u0327na-Maurice-Richard_5_RiopelAssociC\u0327s_RThibodeau_03.jpg","2048x2048-width":1296,"2048x2048-height":864,"article":"https:\/\/d2q6z78khxmx42.cloudfront.net\/2020\/02\/BE\u0301timent-annexe-de-lArC\u0327na-Maurice-Richard_5_RiopelAssociC\u0327s_RThibodeau_03-960x540.jpg","article-width":960,"article-height":540,"banner":"https:\/\/d2q6z78khxmx42.cloudfront.net\/2020\/02\/BE\u0301timent-annexe-de-lArC\u0327na-Maurice-Richard_5_RiopelAssociC\u0327s_RThibodeau_03.jpg","banner-width":1296,"banner-height":864,"block":"https:\/\/d2q6z78khxmx42.cloudfront.net\/2020\/02\/BE\u0301timent-annexe-de-lArC\u0327na-Maurice-Richard_5_RiopelAssociC\u0327s_RThibodeau_03-900x680.jpg","block-width":900,"block-height":680,"card":"https:\/\/d2q6z78khxmx42.cloudfront.net\/2020\/02\/BE\u0301timent-annexe-de-lArC\u0327na-Maurice-Richard_5_RiopelAssociC\u0327s_RThibodeau_03-560x495.jpg","card-width":560,"card-height":495,"card-thumbnail":"https:\/\/d2q6z78khxmx42.cloudfront.net\/2020\/02\/BE\u0301timent-annexe-de-lArC\u0327na-Maurice-Richard_5_RiopelAssociC\u0327s_RThibodeau_03-450x340.jpg","card-thumbnail-width":450,"card-thumbnail-height":340,"conference":"https:\/\/d2q6z78khxmx42.cloudfront.net\/2020\/02\/BE\u0301timent-annexe-de-lArC\u0327na-Maurice-Richard_5_RiopelAssociC\u0327s_RThibodeau_03-560x250.jpg","conference-width":560,"conference-height":250,"contest":"https:\/\/d2q6z78khxmx42.cloudfront.net\/2020\/02\/BE\u0301timent-annexe-de-lArC\u0327na-Maurice-Richard_5_RiopelAssociC\u0327s_RThibodeau_03-960x400.jpg","contest-width":960,"contest-height":400,"cta":"https:\/\/d2q6z78khxmx42.cloudfront.net\/2020\/02\/BE\u0301timent-annexe-de-lArC\u0327na-Maurice-Richard_5_RiopelAssociC\u0327s_RThibodeau_03-415x170.jpg","cta-width":415,"cta-height":170,"exhibitor":"https:\/\/d2q6z78khxmx42.cloudfront.net\/2020\/02\/BE\u0301timent-annexe-de-lArC\u0327na-Maurice-Richard_5_RiopelAssociC\u0327s_RThibodeau_03-560x560.jpg","exhibitor-width":560,"exhibitor-height":560,"gallery":"https:\/\/d2q6z78khxmx42.cloudfront.net\/2020\/02\/BE\u0301timent-annexe-de-lArC\u0327na-Maurice-Richard_5_RiopelAssociC\u0327s_RThibodeau_03-560x373.jpg","gallery-width":560,"gallery-height":373,"logo":"https:\/\/d2q6z78khxmx42.cloudfront.net\/2020\/02\/BE\u0301timent-annexe-de-lArC\u0327na-Maurice-Richard_5_RiopelAssociC\u0327s_RThibodeau_03-150x100.jpg","logo-width":150,"logo-height":100,"masonry":"https:\/\/d2q6z78khxmx42.cloudfront.net\/2020\/02\/BE\u0301timent-annexe-de-lArC\u0327na-Maurice-Richard_5_RiopelAssociC\u0327s_RThibodeau_03-550x367.jpg","masonry-width":550,"masonry-height":367,"modal":"https:\/\/d2q6z78khxmx42.cloudfront.net\/2020\/02\/BE\u0301timent-annexe-de-lArC\u0327na-Maurice-Richard_5_RiopelAssociC\u0327s_RThibodeau_03.jpg","modal-width":1296,"modal-height":864,"number":"https:\/\/d2q6z78khxmx42.cloudfront.net\/2020\/02\/8TBUuo5C-BE\u0301timent-annexe-de-lArC\u0327na-Maurice-Richard_5_RiopelAssociC\u0327s_RThibodeau_03-560x373.jpg","number-width":560,"number-height":373,"partner":"https:\/\/d2q6z78khxmx42.cloudfront.net\/2020\/02\/BE\u0301timent-annexe-de-lArC\u0327na-Maurice-Richard_5_RiopelAssociC\u0327s_RThibodeau_03-275x183.jpg","partner-width":275,"partner-height":183,"ranking":"https:\/\/d2q6z78khxmx42.cloudfront.net\/2020\/02\/8TBUuo5C-BE\u0301timent-annexe-de-lArC\u0327na-Maurice-Richard_5_RiopelAssociC\u0327s_RThibodeau_03-960x540.jpg","ranking-width":960,"ranking-height":540,"schedule":"https:\/\/d2q6z78khxmx42.cloudfront.net\/2020\/02\/BE\u0301timent-annexe-de-lArC\u0327na-Maurice-Richard_5_RiopelAssociC\u0327s_RThibodeau_03-960x360.jpg","schedule-width":960,"schedule-height":360,"slideshow":"https:\/\/d2q6z78khxmx42.cloudfront.net\/2020\/02\/BE\u0301timent-annexe-de-lArC\u0327na-Maurice-Richard_5_RiopelAssociC\u0327s_RThibodeau_03-1020x680.jpg","slideshow-width":1020,"slideshow-height":680}},"attachment_category":{"999":"B\u00e2timent commercial"},"credit":""},{"image":{"ID":11454,"id":11454,"title":"BE\u0301timent annexe de l'ArC\u0327na Maurice-Richard_5_Riopel+AssociC\u0327s_RThibodeau_02","filename":"BE\u0301timent-annexe-de-lArC\u0327na-Maurice-Richard_5_RiopelAssociC\u0327s_RThibodeau_02.jpg","filesize":0,"url":"https:\/\/d2q6z78khxmx42.cloudfront.net\/2020\/02\/BE\u0301timent-annexe-de-lArC\u0327na-Maurice-Richard_5_RiopelAssociC\u0327s_RThibodeau_02.jpg","link":"https:\/\/int.design\/fr\/projets\/agrandissement-de-larena-maurice-richard\/betiment-annexe-de-larc%cc%a7na-maurice-richard_5_riopelassocic%cc%a7s_rthibodeau_02\/","alt":"","author":"5","description":"","caption":"","name":"betiment-annexe-de-larc%cc%a7na-maurice-richard_5_riopelassocic%cc%a7s_rthibodeau_02","status":"inherit","uploaded_to":5940,"date":"2020-08-20 11:43:45","modified":"2020-09-05 19:13:50","menu_order":0,"mime_type":"image\/jpeg","type":"image","subtype":"jpeg","icon":"https:\/\/int.design\/wp-includes\/images\/media\/default.png","width":864,"height":1152,"sizes":{"thumbnail":"https:\/\/d2q6z78khxmx42.cloudfront.net\/2020\/02\/BE\u0301timent-annexe-de-lArC\u0327na-Maurice-Richard_5_RiopelAssociC\u0327s_RThibodeau_02-150x150.jpg","thumbnail-width":150,"thumbnail-height":150,"medium":"https:\/\/d2q6z78khxmx42.cloudfront.net\/2020\/02\/BE\u0301timent-annexe-de-lArC\u0327na-Maurice-Richard_5_RiopelAssociC\u0327s_RThibodeau_02-225x300.jpg","medium-width":225,"medium-height":300,"medium_large":"https:\/\/d2q6z78khxmx42.cloudfront.net\/2020\/02\/v3jevtjY-BE\u0301timent-annexe-de-lArC\u0327na-Maurice-Richard_5_RiopelAssociC\u0327s_RThibodeau_02-768x1024.jpg","medium_large-width":768,"medium_large-height":1024,"large":"https:\/\/d2q6z78khxmx42.cloudfront.net\/2020\/02\/BE\u0301timent-annexe-de-lArC\u0327na-Maurice-Richard_5_RiopelAssociC\u0327s_RThibodeau_02-768x1024.jpg","large-width":768,"large-height":1024,"1536x1536":"https:\/\/d2q6z78khxmx42.cloudfront.net\/2020\/02\/BE\u0301timent-annexe-de-lArC\u0327na-Maurice-Richard_5_RiopelAssociC\u0327s_RThibodeau_02.jpg","1536x1536-width":864,"1536x1536-height":1152,"2048x2048":"https:\/\/d2q6z78khxmx42.cloudfront.net\/2020\/02\/BE\u0301timent-annexe-de-lArC\u0327na-Maurice-Richard_5_RiopelAssociC\u0327s_RThibodeau_02.jpg","2048x2048-width":864,"2048x2048-height":1152,"article":"https:\/\/d2q6z78khxmx42.cloudfront.net\/2020\/02\/BE\u0301timent-annexe-de-lArC\u0327na-Maurice-Richard_5_RiopelAssociC\u0327s_RThibodeau_02-864x540.jpg","article-width":864,"article-height":540,"banner":"https:\/\/d2q6z78khxmx42.cloudfront.net\/2020\/02\/BE\u0301timent-annexe-de-lArC\u0327na-Maurice-Richard_5_RiopelAssociC\u0327s_RThibodeau_02.jpg","banner-width":864,"banner-height":1152,"block":"https:\/\/d2q6z78khxmx42.cloudfront.net\/2020\/02\/BE\u0301timent-annexe-de-lArC\u0327na-Maurice-Richard_5_RiopelAssociC\u0327s_RThibodeau_02-864x680.jpg","block-width":864,"block-height":680,"card":"https:\/\/d2q6z78khxmx42.cloudfront.net\/2020\/02\/BE\u0301timent-annexe-de-lArC\u0327na-Maurice-Richard_5_RiopelAssociC\u0327s_RThibodeau_02-560x495.jpg","card-width":560,"card-height":495,"card-thumbnail":"https:\/\/d2q6z78khxmx42.cloudfront.net\/2020\/02\/BE\u0301timent-annexe-de-lArC\u0327na-Maurice-Richard_5_RiopelAssociC\u0327s_RThibodeau_02-450x340.jpg","card-thumbnail-width":450,"card-thumbnail-height":340,"conference":"https:\/\/d2q6z78khxmx42.cloudfront.net\/2020\/02\/BE\u0301timent-annexe-de-lArC\u0327na-Maurice-Richard_5_RiopelAssociC\u0327s_RThibodeau_02-560x250.jpg","conference-width":560,"conference-height":250,"contest":"https:\/\/d2q6z78khxmx42.cloudfront.net\/2020\/02\/BE\u0301timent-annexe-de-lArC\u0327na-Maurice-Richard_5_RiopelAssociC\u0327s_RThibodeau_02-864x400.jpg","contest-width":864,"contest-height":400,"cta":"https:\/\/d2q6z78khxmx42.cloudfront.net\/2020\/02\/BE\u0301timent-annexe-de-lArC\u0327na-Maurice-Richard_5_RiopelAssociC\u0327s_RThibodeau_02-415x170.jpg","cta-width":415,"cta-height":170,"exhibitor":"https:\/\/d2q6z78khxmx42.cloudfront.net\/2020\/02\/BE\u0301timent-annexe-de-lArC\u0327na-Maurice-Richard_5_RiopelAssociC\u0327s_RThibodeau_02-560x560.jpg","exhibitor-width":560,"exhibitor-height":560,"gallery":"https:\/\/d2q6z78khxmx42.cloudfront.net\/2020\/02\/BE\u0301timent-annexe-de-lArC\u0327na-Maurice-Richard_5_RiopelAssociC\u0327s_RThibodeau_02-323x430.jpg","gallery-width":323,"gallery-height":430,"logo":"https:\/\/d2q6z78khxmx42.cloudfront.net\/2020\/02\/BE\u0301timent-annexe-de-lArC\u0327na-Maurice-Richard_5_RiopelAssociC\u0327s_RThibodeau_02-75x100.jpg","logo-width":75,"logo-height":100,"masonry":"https:\/\/d2q6z78khxmx42.cloudfront.net\/2020\/02\/BE\u0301timent-annexe-de-lArC\u0327na-Maurice-Richard_5_RiopelAssociC\u0327s_RThibodeau_02-550x733.jpg","masonry-width":550,"masonry-height":733,"modal":"https:\/\/d2q6z78khxmx42.cloudfront.net\/2020\/02\/BE\u0301timent-annexe-de-lArC\u0327na-Maurice-Richard_5_RiopelAssociC\u0327s_RThibodeau_02.jpg","modal-width":864,"modal-height":1152,"number":"https:\/\/d2q6z78khxmx42.cloudfront.net\/2020\/02\/v3jevtjY-BE\u0301timent-annexe-de-lArC\u0327na-Maurice-Richard_5_RiopelAssociC\u0327s_RThibodeau_02-323x430.jpg","number-width":323,"number-height":430,"partner":"https:\/\/d2q6z78khxmx42.cloudfront.net\/2020\/02\/BE\u0301timent-annexe-de-lArC\u0327na-Maurice-Richard_5_RiopelAssociC\u0327s_RThibodeau_02-158x210.jpg","partner-width":158,"partner-height":210,"ranking":"https:\/\/d2q6z78khxmx42.cloudfront.net\/2020\/02\/v3jevtjY-BE\u0301timent-annexe-de-lArC\u0327na-Maurice-Richard_5_RiopelAssociC\u0327s_RThibodeau_02-864x540.jpg","ranking-width":864,"ranking-height":540,"schedule":"https:\/\/d2q6z78khxmx42.cloudfront.net\/2020\/02\/BE\u0301timent-annexe-de-lArC\u0327na-Maurice-Richard_5_RiopelAssociC\u0327s_RThibodeau_02-864x360.jpg","schedule-width":864,"schedule-height":360,"slideshow":"https:\/\/d2q6z78khxmx42.cloudfront.net\/2020\/02\/BE\u0301timent-annexe-de-lArC\u0327na-Maurice-Richard_5_RiopelAssociC\u0327s_RThibodeau_02-510x680.jpg","slideshow-width":510,"slideshow-height":680}},"attachment_category":{"999":"B\u00e2timent commercial"},"credit":""}],"mandatory_documents":false,"optional_documents":false,"web_text":{"fr":"","en":"","original":""},"jury_text":false,"different_jury_text":false,"different_category_text":false},"laureats":[],"contest_id":"10387","contest_title":"GRANDS PRIX DU DESIGN - 13th edition","firms":[],"user":{"email":"old_edition@agencepid.com","first_name":"Old Edition","last_name":"Participant"},"doc_texts_web":{"fr":"<p>Proposant plus qu\u2019un b\u00e2timent devant abriter le syst\u00e8me de r\u00e9frig\u00e9ration et dont l\u2019acc\u00e8s est limit\u00e9 au personnel d\u2019entretien, les architectes ont cr\u00e9\u00e9 un barom\u00e8tre dynamique qui se projette au gr\u00e9 du temps, sur le rideau mur de verre miroir et de verre d\u00e9poli \u00e0 l\u2019acide.<\/p>\n","en":"<p>Offering more than just a building to house the refrigeration system and limited access for maintenance personnel, the architects created a dynamic barometer that is projected over time onto the curtain wall of mirrored glass and acid-frosted glass.<\/p>\n"},"permalinks":{"fr":"https:\/\/int.design\/fr\/projets\/agrandissement-de-larena-maurice-richard\/","en":"https:\/\/int.design\/en\/projects\/agrandissement-de-larena-maurice-richard\/"},"titles":{"fr":"Agrandissement de l&#8217;Ar\u00e9na Maurice-Richard","en":"Agrandissement de l&#8217;Ar\u00e9na Maurice-Richard"},"wp_fields":{"informations":{"fr":[{"content_type":"text","title":"Design","content":"Riopel & Associ\u00e9s architectes","link":null},{"content_type":"text","title":"Cat\u00e9gorie","content":"Mention prix sp\u00e9cial surface","link":null},{"content_type":"text","title":"Site web","content":"riopel-associes.com","link":null}],"en":[{"content_type":"text","title":"Design","content":"Riopel & Associ\u00e9s architectes","link":null},{"content_type":"text","title":"Category","content":"Mention prix sp\u00e9cial surface","link":null},{"content_type":"text","title":"Website","content":"riopel-associes.com","link":null}]}},"laravel_id":""},"_links":{"self":[{"href":"https:\/\/int.design\/en\/wp-json\/wp\/v2\/project\/5945","targetHints":{"allow":["GET"]}}],"collection":[{"href":"https:\/\/int.design\/en\/wp-json\/wp\/v2\/project"}],"about":[{"href":"https:\/\/int.design\/en\/wp-json\/wp\/v2\/types\/project"}],"wp:attachment":[{"href":"https:\/\/int.design\/en\/wp-json\/wp\/v2\/media?parent=5945"}],"curies":[{"name":"wp","href":"https:\/\/api.w.org\/{rel}","templated":true}]}}