{"id":5850,"date":"2020-02-06T17:29:30","date_gmt":"2020-02-06T22:29:30","guid":{"rendered":"https:\/\/int.design\/projets\/cuisine-exterieure-home-refinements-par-julien\/"},"modified":"2020-09-16T18:44:17","modified_gmt":"2020-09-16T22:44:17","slug":"cuisine-exterieure-home-refinements-par-julien","status":"publish","type":"project","link":"https:\/\/int.design\/en\/projects\/cuisine-exterieure-home-refinements-par-julien\/","title":{"rendered":"Cuisine ext\u00e9rieure Home Refinements par Julien"},"content":{"rendered":"<p>The technical aspect of this outdoor kitchen appealed to the members of the jury. Sleek and refined, the concept combines functionality and aesthetics, integrated lighting and optimised storage space. A theatre of memorable events!<\/p>\n","protected":false},"template":"","class_list":["post-5850","project","type-project","status-publish","hentry"],"acf":[],"yoast_head":"<!-- This site is optimized with the Yoast SEO plugin v21.5 - https:\/\/yoast.com\/wordpress\/plugins\/seo\/ -->\n<title>Cuisine ext\u00e9rieure Home Refinements par Julien - INT Design<\/title>\n<meta name=\"robots\" content=\"index, follow, max-snippet:-1, max-image-preview:large, max-video-preview:-1\" \/>\n<link rel=\"canonical\" href=\"https:\/\/int.design\/en\/projects\/cuisine-exterieure-home-refinements-par-julien\/\" \/>\n<meta property=\"og:locale\" content=\"en_US\" \/>\n<meta property=\"og:type\" content=\"article\" \/>\n<meta property=\"og:title\" content=\"Cuisine ext\u00e9rieure Home Refinements par Julien - INT Design\" \/>\n<meta property=\"og:description\" content=\"The technical aspect of this outdoor kitchen appealed to the members of the jury. Sleek and refined, the concept combines functionality and aesthetics, integrated lighting and optimised storage space. A theatre of memorable events!\" \/>\n<meta property=\"og:url\" content=\"https:\/\/int.design\/en\/projects\/cuisine-exterieure-home-refinements-par-julien\/\" \/>\n<meta property=\"og:site_name\" content=\"INT Design\" \/>\n<meta property=\"article:modified_time\" content=\"2020-09-16T22:44:17+00:00\" \/>\n<meta name=\"twitter:card\" content=\"summary_large_image\" \/>\n<script type=\"application\/ld+json\" class=\"yoast-schema-graph\">{\"@context\":\"https:\/\/schema.org\",\"@graph\":[{\"@type\":\"WebPage\",\"@id\":\"https:\/\/int.design\/en\/projects\/cuisine-exterieure-home-refinements-par-julien\/\",\"url\":\"https:\/\/int.design\/en\/projects\/cuisine-exterieure-home-refinements-par-julien\/\",\"name\":\"Cuisine ext\u00e9rieure Home Refinements par Julien - INT Design\",\"isPartOf\":{\"@id\":\"https:\/\/int.design\/fr\/#website\"},\"datePublished\":\"2020-02-06T22:29:30+00:00\",\"dateModified\":\"2020-09-16T22:44:17+00:00\",\"breadcrumb\":{\"@id\":\"https:\/\/int.design\/en\/projects\/cuisine-exterieure-home-refinements-par-julien\/#breadcrumb\"},\"inLanguage\":\"en-US\",\"potentialAction\":[{\"@type\":\"ReadAction\",\"target\":[\"https:\/\/int.design\/en\/projects\/cuisine-exterieure-home-refinements-par-julien\/\"]}]},{\"@type\":\"BreadcrumbList\",\"@id\":\"https:\/\/int.design\/en\/projects\/cuisine-exterieure-home-refinements-par-julien\/#breadcrumb\",\"itemListElement\":[{\"@type\":\"ListItem\",\"position\":1,\"name\":\"Home\",\"item\":\"https:\/\/int.design\/en\/\"},{\"@type\":\"ListItem\",\"position\":2,\"name\":\"Projects\",\"item\":\"https:\/\/int.design\/en\/projects\/\"},{\"@type\":\"ListItem\",\"position\":3,\"name\":\"Cuisine ext\u00e9rieure Home Refinements par Julien\"}]},{\"@type\":\"WebSite\",\"@id\":\"https:\/\/int.design\/fr\/#website\",\"url\":\"https:\/\/int.design\/fr\/\",\"name\":\"INT Design\",\"description\":\"\",\"potentialAction\":[{\"@type\":\"SearchAction\",\"target\":{\"@type\":\"EntryPoint\",\"urlTemplate\":\"https:\/\/int.design\/fr\/?s={search_term_string}\"},\"query-input\":\"required name=search_term_string\"}],\"inLanguage\":\"en-US\"}]}<\/script>\n<!-- \/ Yoast SEO plugin. -->","yoast_head_json":{"title":"Cuisine ext\u00e9rieure Home Refinements par Julien - INT Design","robots":{"index":"index","follow":"follow","max-snippet":"max-snippet:-1","max-image-preview":"max-image-preview:large","max-video-preview":"max-video-preview:-1"},"canonical":"https:\/\/int.design\/en\/projects\/cuisine-exterieure-home-refinements-par-julien\/","og_locale":"en_US","og_type":"article","og_title":"Cuisine ext\u00e9rieure Home Refinements par Julien - INT Design","og_description":"The technical aspect of this outdoor kitchen appealed to the members of the jury. Sleek and refined, the concept combines functionality and aesthetics, integrated lighting and optimised storage space. A theatre of memorable events!","og_url":"https:\/\/int.design\/en\/projects\/cuisine-exterieure-home-refinements-par-julien\/","og_site_name":"INT Design","article_modified_time":"2020-09-16T22:44:17+00:00","twitter_card":"summary_large_image","schema":{"@context":"https:\/\/schema.org","@graph":[{"@type":"WebPage","@id":"https:\/\/int.design\/en\/projects\/cuisine-exterieure-home-refinements-par-julien\/","url":"https:\/\/int.design\/en\/projects\/cuisine-exterieure-home-refinements-par-julien\/","name":"Cuisine ext\u00e9rieure Home Refinements par Julien - INT Design","isPartOf":{"@id":"https:\/\/int.design\/fr\/#website"},"datePublished":"2020-02-06T22:29:30+00:00","dateModified":"2020-09-16T22:44:17+00:00","breadcrumb":{"@id":"https:\/\/int.design\/en\/projects\/cuisine-exterieure-home-refinements-par-julien\/#breadcrumb"},"inLanguage":"en-US","potentialAction":[{"@type":"ReadAction","target":["https:\/\/int.design\/en\/projects\/cuisine-exterieure-home-refinements-par-julien\/"]}]},{"@type":"BreadcrumbList","@id":"https:\/\/int.design\/en\/projects\/cuisine-exterieure-home-refinements-par-julien\/#breadcrumb","itemListElement":[{"@type":"ListItem","position":1,"name":"Home","item":"https:\/\/int.design\/en\/"},{"@type":"ListItem","position":2,"name":"Projects","item":"https:\/\/int.design\/en\/projects\/"},{"@type":"ListItem","position":3,"name":"Cuisine ext\u00e9rieure Home Refinements par Julien"}]},{"@type":"WebSite","@id":"https:\/\/int.design\/fr\/#website","url":"https:\/\/int.design\/fr\/","name":"INT Design","description":"","potentialAction":[{"@type":"SearchAction","target":{"@type":"EntryPoint","urlTemplate":"https:\/\/int.design\/fr\/?s={search_term_string}"},"query-input":"required name=search_term_string"}],"inLanguage":"en-US"}]}},"entry":{"cats":{"disciplines":[],"big_cats":[],"sub_cats":[]},"entry":{"":null,"status":"completed","winner_title":"","winner_prize_lang":"","title_translatable":false,"title_en":"","title_fr":"","releve_award":false,"releve_award_cv":false,"collaboration":false,"collaboration_firms":false,"other_firms":false,"owner":{"name":"","confidential":false,"website":"","contact_name":"","email":"","phone":""},"address":{"address":"","city":"","region":"","province":"","country":"","postal_code":""},"logos":false,"use_logo":false,"designers":false,"cover":false,"images":[{"image":{"ID":11585,"id":11585,"title":"Cuisines-extC\u0327rieures_15_StC\u0327phanie-Didier_02","filename":"Cuisines-extC\u0327rieures_15_StC\u0327phanie-Didier_02.jpg","filesize":0,"url":"https:\/\/d2q6z78khxmx42.cloudfront.net\/2020\/02\/Cuisines-extC\u0327rieures_15_StC\u0327phanie-Didier_02.jpg","link":"https:\/\/int.design\/fr\/projets\/cuisine-exterieure-home-refinements\/cuisines-extc%cc%a7rieures_15_stc%cc%a7phanie-didier_02\/","alt":"","author":"5","description":"","caption":"","name":"cuisines-extc%cc%a7rieures_15_stc%cc%a7phanie-didier_02","status":"inherit","uploaded_to":5845,"date":"2020-08-23 23:26:30","modified":"2020-09-20 21:03:25","menu_order":0,"mime_type":"image\/jpeg","type":"image","subtype":"jpeg","icon":"https:\/\/int.design\/wp-includes\/images\/media\/default.png","width":1440,"height":720,"sizes":{"thumbnail":"https:\/\/d2q6z78khxmx42.cloudfront.net\/2020\/02\/Cuisines-extC\u0327rieures_15_StC\u0327phanie-Didier_02-150x150.jpg","thumbnail-width":150,"thumbnail-height":150,"medium":"https:\/\/d2q6z78khxmx42.cloudfront.net\/2020\/02\/Cuisines-extC\u0327rieures_15_StC\u0327phanie-Didier_02-300x150.jpg","medium-width":300,"medium-height":150,"medium_large":"https:\/\/d2q6z78khxmx42.cloudfront.net\/2020\/02\/Cuisines-extC\u0327rieures_15_StC\u0327phanie-Didier_02-768x384.jpg","medium_large-width":768,"medium_large-height":384,"large":"https:\/\/d2q6z78khxmx42.cloudfront.net\/2020\/02\/Cuisines-extC\u0327rieures_15_StC\u0327phanie-Didier_02-1024x512.jpg","large-width":1024,"large-height":512,"1536x1536":"https:\/\/d2q6z78khxmx42.cloudfront.net\/2020\/02\/Cuisines-extC\u0327rieures_15_StC\u0327phanie-Didier_02.jpg","1536x1536-width":1440,"1536x1536-height":720,"2048x2048":"https:\/\/d2q6z78khxmx42.cloudfront.net\/2020\/02\/Cuisines-extC\u0327rieures_15_StC\u0327phanie-Didier_02.jpg","2048x2048-width":1440,"2048x2048-height":720,"article":"https:\/\/d2q6z78khxmx42.cloudfront.net\/2020\/02\/Cuisines-extC\u0327rieures_15_StC\u0327phanie-Didier_02-960x540.jpg","article-width":960,"article-height":540,"banner":"https:\/\/d2q6z78khxmx42.cloudfront.net\/2020\/02\/Cuisines-extC\u0327rieures_15_StC\u0327phanie-Didier_02.jpg","banner-width":1440,"banner-height":720,"block":"https:\/\/d2q6z78khxmx42.cloudfront.net\/2020\/02\/Cuisines-extC\u0327rieures_15_StC\u0327phanie-Didier_02-900x680.jpg","block-width":900,"block-height":680,"card":"https:\/\/d2q6z78khxmx42.cloudfront.net\/2020\/02\/Cuisines-extC\u0327rieures_15_StC\u0327phanie-Didier_02-560x495.jpg","card-width":560,"card-height":495,"card-thumbnail":"https:\/\/d2q6z78khxmx42.cloudfront.net\/2020\/02\/Cuisines-extC\u0327rieures_15_StC\u0327phanie-Didier_02-450x340.jpg","card-thumbnail-width":450,"card-thumbnail-height":340,"conference":"https:\/\/d2q6z78khxmx42.cloudfront.net\/2020\/02\/Cuisines-extC\u0327rieures_15_StC\u0327phanie-Didier_02-560x250.jpg","conference-width":560,"conference-height":250,"contest":"https:\/\/d2q6z78khxmx42.cloudfront.net\/2020\/02\/Cuisines-extC\u0327rieures_15_StC\u0327phanie-Didier_02-960x400.jpg","contest-width":960,"contest-height":400,"cta":"https:\/\/d2q6z78khxmx42.cloudfront.net\/2020\/02\/Cuisines-extC\u0327rieures_15_StC\u0327phanie-Didier_02-415x170.jpg","cta-width":415,"cta-height":170,"exhibitor":"https:\/\/d2q6z78khxmx42.cloudfront.net\/2020\/02\/Cuisines-extC\u0327rieures_15_StC\u0327phanie-Didier_02-560x560.jpg","exhibitor-width":560,"exhibitor-height":560,"gallery":"https:\/\/d2q6z78khxmx42.cloudfront.net\/2020\/02\/Cuisines-extC\u0327rieures_15_StC\u0327phanie-Didier_02-560x280.jpg","gallery-width":560,"gallery-height":280,"logo":"https:\/\/d2q6z78khxmx42.cloudfront.net\/2020\/02\/Cuisines-extC\u0327rieures_15_StC\u0327phanie-Didier_02-200x100.jpg","logo-width":200,"logo-height":100,"masonry":"https:\/\/d2q6z78khxmx42.cloudfront.net\/2020\/02\/Cuisines-extC\u0327rieures_15_StC\u0327phanie-Didier_02-550x275.jpg","masonry-width":550,"masonry-height":275,"modal":"https:\/\/d2q6z78khxmx42.cloudfront.net\/2020\/02\/Cuisines-extC\u0327rieures_15_StC\u0327phanie-Didier_02.jpg","modal-width":1440,"modal-height":720,"number":"https:\/\/d2q6z78khxmx42.cloudfront.net\/2020\/02\/TLP0Qjyc-Cuisines-extC\u0327rieures_15_StC\u0327phanie-Didier_02-560x280.jpg","number-width":560,"number-height":280,"partner":"https:\/\/d2q6z78khxmx42.cloudfront.net\/2020\/02\/Cuisines-extC\u0327rieures_15_StC\u0327phanie-Didier_02-275x138.jpg","partner-width":275,"partner-height":138,"ranking":"https:\/\/d2q6z78khxmx42.cloudfront.net\/2020\/02\/TLP0Qjyc-Cuisines-extC\u0327rieures_15_StC\u0327phanie-Didier_02-960x540.jpg","ranking-width":960,"ranking-height":540,"schedule":"https:\/\/d2q6z78khxmx42.cloudfront.net\/2020\/02\/Cuisines-extC\u0327rieures_15_StC\u0327phanie-Didier_02-960x360.jpg","schedule-width":960,"schedule-height":360,"slideshow":"https:\/\/d2q6z78khxmx42.cloudfront.net\/2020\/02\/Cuisines-extC\u0327rieures_15_StC\u0327phanie-Didier_02-1360x680.jpg","slideshow-width":1360,"slideshow-height":680}},"attachment_category":{"543":"Mobilier r\u00e9sidentiel \u2013 ext\u00e9rieur","1015":"Terasse et piscine"},"credit":""},{"image":{"ID":11584,"id":11584,"title":"Cuisines-extC\u0327rieures_15_StC\u0327phanie-Didier_01","filename":"Cuisines-extC\u0327rieures_15_StC\u0327phanie-Didier_01.jpg","filesize":0,"url":"https:\/\/d2q6z78khxmx42.cloudfront.net\/2020\/02\/Cuisines-extC\u0327rieures_15_StC\u0327phanie-Didier_01.jpg","link":"https:\/\/int.design\/fr\/projets\/cuisine-exterieure-home-refinements\/cuisines-extc%cc%a7rieures_15_stc%cc%a7phanie-didier_01\/","alt":"","author":"5","description":"","caption":"","name":"cuisines-extc%cc%a7rieures_15_stc%cc%a7phanie-didier_01","status":"inherit","uploaded_to":5845,"date":"2020-08-23 23:26:24","modified":"2020-09-05 18:50:06","menu_order":0,"mime_type":"image\/jpeg","type":"image","subtype":"jpeg","icon":"https:\/\/int.design\/wp-includes\/images\/media\/default.png","width":1440,"height":720,"sizes":{"thumbnail":"https:\/\/d2q6z78khxmx42.cloudfront.net\/2020\/02\/Cuisines-extC\u0327rieures_15_StC\u0327phanie-Didier_01-150x150.jpg","thumbnail-width":150,"thumbnail-height":150,"medium":"https:\/\/d2q6z78khxmx42.cloudfront.net\/2020\/02\/Cuisines-extC\u0327rieures_15_StC\u0327phanie-Didier_01-300x150.jpg","medium-width":300,"medium-height":150,"medium_large":"https:\/\/d2q6z78khxmx42.cloudfront.net\/2020\/02\/Cuisines-extC\u0327rieures_15_StC\u0327phanie-Didier_01-768x384.jpg","medium_large-width":768,"medium_large-height":384,"large":"https:\/\/d2q6z78khxmx42.cloudfront.net\/2020\/02\/Cuisines-extC\u0327rieures_15_StC\u0327phanie-Didier_01-1024x512.jpg","large-width":1024,"large-height":512,"1536x1536":"https:\/\/d2q6z78khxmx42.cloudfront.net\/2020\/02\/Cuisines-extC\u0327rieures_15_StC\u0327phanie-Didier_01.jpg","1536x1536-width":1440,"1536x1536-height":720,"2048x2048":"https:\/\/d2q6z78khxmx42.cloudfront.net\/2020\/02\/Cuisines-extC\u0327rieures_15_StC\u0327phanie-Didier_01.jpg","2048x2048-width":1440,"2048x2048-height":720,"article":"https:\/\/d2q6z78khxmx42.cloudfront.net\/2020\/02\/Cuisines-extC\u0327rieures_15_StC\u0327phanie-Didier_01-960x540.jpg","article-width":960,"article-height":540,"banner":"https:\/\/d2q6z78khxmx42.cloudfront.net\/2020\/02\/Cuisines-extC\u0327rieures_15_StC\u0327phanie-Didier_01.jpg","banner-width":1440,"banner-height":720,"block":"https:\/\/d2q6z78khxmx42.cloudfront.net\/2020\/02\/Cuisines-extC\u0327rieures_15_StC\u0327phanie-Didier_01-900x680.jpg","block-width":900,"block-height":680,"card":"https:\/\/d2q6z78khxmx42.cloudfront.net\/2020\/02\/Cuisines-extC\u0327rieures_15_StC\u0327phanie-Didier_01-560x495.jpg","card-width":560,"card-height":495,"card-thumbnail":"https:\/\/d2q6z78khxmx42.cloudfront.net\/2020\/02\/Cuisines-extC\u0327rieures_15_StC\u0327phanie-Didier_01-450x340.jpg","card-thumbnail-width":450,"card-thumbnail-height":340,"conference":"https:\/\/d2q6z78khxmx42.cloudfront.net\/2020\/02\/Cuisines-extC\u0327rieures_15_StC\u0327phanie-Didier_01-560x250.jpg","conference-width":560,"conference-height":250,"contest":"https:\/\/d2q6z78khxmx42.cloudfront.net\/2020\/02\/Cuisines-extC\u0327rieures_15_StC\u0327phanie-Didier_01-960x400.jpg","contest-width":960,"contest-height":400,"cta":"https:\/\/d2q6z78khxmx42.cloudfront.net\/2020\/02\/Cuisines-extC\u0327rieures_15_StC\u0327phanie-Didier_01-415x170.jpg","cta-width":415,"cta-height":170,"exhibitor":"https:\/\/d2q6z78khxmx42.cloudfront.net\/2020\/02\/Cuisines-extC\u0327rieures_15_StC\u0327phanie-Didier_01-560x560.jpg","exhibitor-width":560,"exhibitor-height":560,"gallery":"https:\/\/d2q6z78khxmx42.cloudfront.net\/2020\/02\/Cuisines-extC\u0327rieures_15_StC\u0327phanie-Didier_01-560x280.jpg","gallery-width":560,"gallery-height":280,"logo":"https:\/\/d2q6z78khxmx42.cloudfront.net\/2020\/02\/Cuisines-extC\u0327rieures_15_StC\u0327phanie-Didier_01-200x100.jpg","logo-width":200,"logo-height":100,"masonry":"https:\/\/d2q6z78khxmx42.cloudfront.net\/2020\/02\/Cuisines-extC\u0327rieures_15_StC\u0327phanie-Didier_01-550x275.jpg","masonry-width":550,"masonry-height":275,"modal":"https:\/\/d2q6z78khxmx42.cloudfront.net\/2020\/02\/Cuisines-extC\u0327rieures_15_StC\u0327phanie-Didier_01.jpg","modal-width":1440,"modal-height":720,"number":"https:\/\/d2q6z78khxmx42.cloudfront.net\/2020\/02\/TdZjffuI-Cuisines-extC\u0327rieures_15_StC\u0327phanie-Didier_01-560x280.jpg","number-width":560,"number-height":280,"partner":"https:\/\/d2q6z78khxmx42.cloudfront.net\/2020\/02\/Cuisines-extC\u0327rieures_15_StC\u0327phanie-Didier_01-275x138.jpg","partner-width":275,"partner-height":138,"ranking":"https:\/\/d2q6z78khxmx42.cloudfront.net\/2020\/02\/TdZjffuI-Cuisines-extC\u0327rieures_15_StC\u0327phanie-Didier_01-960x540.jpg","ranking-width":960,"ranking-height":540,"schedule":"https:\/\/d2q6z78khxmx42.cloudfront.net\/2020\/02\/Cuisines-extC\u0327rieures_15_StC\u0327phanie-Didier_01-960x360.jpg","schedule-width":960,"schedule-height":360,"slideshow":"https:\/\/d2q6z78khxmx42.cloudfront.net\/2020\/02\/Cuisines-extC\u0327rieures_15_StC\u0327phanie-Didier_01-1360x680.jpg","slideshow-width":1360,"slideshow-height":680}},"attachment_category":{"543":"Mobilier r\u00e9sidentiel \u2013 ext\u00e9rieur"},"credit":""},{"image":{"ID":11586,"id":11586,"title":"Cuisines-extC\u0327rieures_15_StC\u0327phanie-Didier_03","filename":"Cuisines-extC\u0327rieures_15_StC\u0327phanie-Didier_03.jpg","filesize":0,"url":"https:\/\/d2q6z78khxmx42.cloudfront.net\/2020\/02\/Cuisines-extC\u0327rieures_15_StC\u0327phanie-Didier_03.jpg","link":"https:\/\/int.design\/fr\/projets\/cuisine-exterieure-home-refinements\/cuisines-extc%cc%a7rieures_15_stc%cc%a7phanie-didier_03\/","alt":"","author":"5","description":"","caption":"","name":"cuisines-extc%cc%a7rieures_15_stc%cc%a7phanie-didier_03","status":"inherit","uploaded_to":5845,"date":"2020-08-23 23:26:35","modified":"2020-09-05 18:48:34","menu_order":0,"mime_type":"image\/jpeg","type":"image","subtype":"jpeg","icon":"https:\/\/int.design\/wp-includes\/images\/media\/default.png","width":1296,"height":883,"sizes":{"thumbnail":"https:\/\/d2q6z78khxmx42.cloudfront.net\/2020\/02\/Cuisines-extC\u0327rieures_15_StC\u0327phanie-Didier_03-150x150.jpg","thumbnail-width":150,"thumbnail-height":150,"medium":"https:\/\/d2q6z78khxmx42.cloudfront.net\/2020\/02\/Cuisines-extC\u0327rieures_15_StC\u0327phanie-Didier_03-300x204.jpg","medium-width":300,"medium-height":204,"medium_large":"https:\/\/d2q6z78khxmx42.cloudfront.net\/2020\/02\/Cuisines-extC\u0327rieures_15_StC\u0327phanie-Didier_03-768x523.jpg","medium_large-width":768,"medium_large-height":523,"large":"https:\/\/d2q6z78khxmx42.cloudfront.net\/2020\/02\/Cuisines-extC\u0327rieures_15_StC\u0327phanie-Didier_03-1024x698.jpg","large-width":1024,"large-height":698,"1536x1536":"https:\/\/d2q6z78khxmx42.cloudfront.net\/2020\/02\/Cuisines-extC\u0327rieures_15_StC\u0327phanie-Didier_03.jpg","1536x1536-width":1296,"1536x1536-height":883,"2048x2048":"https:\/\/d2q6z78khxmx42.cloudfront.net\/2020\/02\/Cuisines-extC\u0327rieures_15_StC\u0327phanie-Didier_03.jpg","2048x2048-width":1296,"2048x2048-height":883,"article":"https:\/\/d2q6z78khxmx42.cloudfront.net\/2020\/02\/Cuisines-extC\u0327rieures_15_StC\u0327phanie-Didier_03-960x540.jpg","article-width":960,"article-height":540,"banner":"https:\/\/d2q6z78khxmx42.cloudfront.net\/2020\/02\/Cuisines-extC\u0327rieures_15_StC\u0327phanie-Didier_03.jpg","banner-width":1296,"banner-height":883,"block":"https:\/\/d2q6z78khxmx42.cloudfront.net\/2020\/02\/Cuisines-extC\u0327rieures_15_StC\u0327phanie-Didier_03-900x680.jpg","block-width":900,"block-height":680,"card":"https:\/\/d2q6z78khxmx42.cloudfront.net\/2020\/02\/Cuisines-extC\u0327rieures_15_StC\u0327phanie-Didier_03-560x495.jpg","card-width":560,"card-height":495,"card-thumbnail":"https:\/\/d2q6z78khxmx42.cloudfront.net\/2020\/02\/Cuisines-extC\u0327rieures_15_StC\u0327phanie-Didier_03-450x340.jpg","card-thumbnail-width":450,"card-thumbnail-height":340,"conference":"https:\/\/d2q6z78khxmx42.cloudfront.net\/2020\/02\/Cuisines-extC\u0327rieures_15_StC\u0327phanie-Didier_03-560x250.jpg","conference-width":560,"conference-height":250,"contest":"https:\/\/d2q6z78khxmx42.cloudfront.net\/2020\/02\/Cuisines-extC\u0327rieures_15_StC\u0327phanie-Didier_03-960x400.jpg","contest-width":960,"contest-height":400,"cta":"https:\/\/d2q6z78khxmx42.cloudfront.net\/2020\/02\/Cuisines-extC\u0327rieures_15_StC\u0327phanie-Didier_03-415x170.jpg","cta-width":415,"cta-height":170,"exhibitor":"https:\/\/d2q6z78khxmx42.cloudfront.net\/2020\/02\/Cuisines-extC\u0327rieures_15_StC\u0327phanie-Didier_03-560x560.jpg","exhibitor-width":560,"exhibitor-height":560,"gallery":"https:\/\/d2q6z78khxmx42.cloudfront.net\/2020\/02\/Cuisines-extC\u0327rieures_15_StC\u0327phanie-Didier_03-560x382.jpg","gallery-width":560,"gallery-height":382,"logo":"https:\/\/d2q6z78khxmx42.cloudfront.net\/2020\/02\/Cuisines-extC\u0327rieures_15_StC\u0327phanie-Didier_03-147x100.jpg","logo-width":147,"logo-height":100,"masonry":"https:\/\/d2q6z78khxmx42.cloudfront.net\/2020\/02\/Cuisines-extC\u0327rieures_15_StC\u0327phanie-Didier_03-550x375.jpg","masonry-width":550,"masonry-height":375,"modal":"https:\/\/d2q6z78khxmx42.cloudfront.net\/2020\/02\/Cuisines-extC\u0327rieures_15_StC\u0327phanie-Didier_03.jpg","modal-width":1296,"modal-height":883,"number":"https:\/\/d2q6z78khxmx42.cloudfront.net\/2020\/02\/nd1iiszi-Cuisines-extC\u0327rieures_15_StC\u0327phanie-Didier_03-560x382.jpg","number-width":560,"number-height":382,"partner":"https:\/\/d2q6z78khxmx42.cloudfront.net\/2020\/02\/Cuisines-extC\u0327rieures_15_StC\u0327phanie-Didier_03-275x187.jpg","partner-width":275,"partner-height":187,"ranking":"https:\/\/d2q6z78khxmx42.cloudfront.net\/2020\/02\/nd1iiszi-Cuisines-extC\u0327rieures_15_StC\u0327phanie-Didier_03-960x540.jpg","ranking-width":960,"ranking-height":540,"schedule":"https:\/\/d2q6z78khxmx42.cloudfront.net\/2020\/02\/Cuisines-extC\u0327rieures_15_StC\u0327phanie-Didier_03-960x360.jpg","schedule-width":960,"schedule-height":360,"slideshow":"https:\/\/d2q6z78khxmx42.cloudfront.net\/2020\/02\/Cuisines-extC\u0327rieures_15_StC\u0327phanie-Didier_03-998x680.jpg","slideshow-width":998,"slideshow-height":680}},"attachment_category":{"543":"Mobilier r\u00e9sidentiel \u2013 ext\u00e9rieur"},"credit":""},{"image":{"ID":11587,"id":11587,"title":"Cuisines-extC\u0327rieures_15_StC\u0327phanie-Didier_04","filename":"Cuisines-extC\u0327rieures_15_StC\u0327phanie-Didier_04.jpg","filesize":0,"url":"https:\/\/d2q6z78khxmx42.cloudfront.net\/2020\/02\/Cuisines-extC\u0327rieures_15_StC\u0327phanie-Didier_04.jpg","link":"https:\/\/int.design\/fr\/projets\/cuisine-exterieure-home-refinements\/cuisines-extc%cc%a7rieures_15_stc%cc%a7phanie-didier_04\/","alt":"","author":"5","description":"","caption":"","name":"cuisines-extc%cc%a7rieures_15_stc%cc%a7phanie-didier_04","status":"inherit","uploaded_to":5845,"date":"2020-08-23 23:26:40","modified":"2020-09-05 15:05:49","menu_order":0,"mime_type":"image\/jpeg","type":"image","subtype":"jpeg","icon":"https:\/\/int.design\/wp-includes\/images\/media\/default.png","width":960,"height":800,"sizes":{"thumbnail":"https:\/\/d2q6z78khxmx42.cloudfront.net\/2020\/02\/Cuisines-extC\u0327rieures_15_StC\u0327phanie-Didier_04-150x150.jpg","thumbnail-width":150,"thumbnail-height":150,"medium":"https:\/\/d2q6z78khxmx42.cloudfront.net\/2020\/02\/Cuisines-extC\u0327rieures_15_StC\u0327phanie-Didier_04-300x250.jpg","medium-width":300,"medium-height":250,"medium_large":"https:\/\/d2q6z78khxmx42.cloudfront.net\/2020\/02\/Cuisines-extC\u0327rieures_15_StC\u0327phanie-Didier_04-768x640.jpg","medium_large-width":768,"medium_large-height":640,"large":"https:\/\/d2q6z78khxmx42.cloudfront.net\/2020\/02\/Cuisines-extC\u0327rieures_15_StC\u0327phanie-Didier_04.jpg","large-width":960,"large-height":800,"1536x1536":"https:\/\/d2q6z78khxmx42.cloudfront.net\/2020\/02\/Cuisines-extC\u0327rieures_15_StC\u0327phanie-Didier_04.jpg","1536x1536-width":960,"1536x1536-height":800,"2048x2048":"https:\/\/d2q6z78khxmx42.cloudfront.net\/2020\/02\/Cuisines-extC\u0327rieures_15_StC\u0327phanie-Didier_04.jpg","2048x2048-width":960,"2048x2048-height":800,"article":"https:\/\/d2q6z78khxmx42.cloudfront.net\/2020\/02\/Cuisines-extC\u0327rieures_15_StC\u0327phanie-Didier_04-960x540.jpg","article-width":960,"article-height":540,"banner":"https:\/\/d2q6z78khxmx42.cloudfront.net\/2020\/02\/Cuisines-extC\u0327rieures_15_StC\u0327phanie-Didier_04.jpg","banner-width":960,"banner-height":800,"block":"https:\/\/d2q6z78khxmx42.cloudfront.net\/2020\/02\/Cuisines-extC\u0327rieures_15_StC\u0327phanie-Didier_04-900x680.jpg","block-width":900,"block-height":680,"card":"https:\/\/d2q6z78khxmx42.cloudfront.net\/2020\/02\/Cuisines-extC\u0327rieures_15_StC\u0327phanie-Didier_04-560x495.jpg","card-width":560,"card-height":495,"card-thumbnail":"https:\/\/d2q6z78khxmx42.cloudfront.net\/2020\/02\/Cuisines-extC\u0327rieures_15_StC\u0327phanie-Didier_04-450x340.jpg","card-thumbnail-width":450,"card-thumbnail-height":340,"conference":"https:\/\/d2q6z78khxmx42.cloudfront.net\/2020\/02\/Cuisines-extC\u0327rieures_15_StC\u0327phanie-Didier_04-560x250.jpg","conference-width":560,"conference-height":250,"contest":"https:\/\/d2q6z78khxmx42.cloudfront.net\/2020\/02\/Cuisines-extC\u0327rieures_15_StC\u0327phanie-Didier_04-960x400.jpg","contest-width":960,"contest-height":400,"cta":"https:\/\/d2q6z78khxmx42.cloudfront.net\/2020\/02\/Cuisines-extC\u0327rieures_15_StC\u0327phanie-Didier_04-415x170.jpg","cta-width":415,"cta-height":170,"exhibitor":"https:\/\/d2q6z78khxmx42.cloudfront.net\/2020\/02\/Cuisines-extC\u0327rieures_15_StC\u0327phanie-Didier_04-560x560.jpg","exhibitor-width":560,"exhibitor-height":560,"gallery":"https:\/\/d2q6z78khxmx42.cloudfront.net\/2020\/02\/Cuisines-extC\u0327rieures_15_StC\u0327phanie-Didier_04-516x430.jpg","gallery-width":516,"gallery-height":430,"logo":"https:\/\/d2q6z78khxmx42.cloudfront.net\/2020\/02\/Cuisines-extC\u0327rieures_15_StC\u0327phanie-Didier_04-120x100.jpg","logo-width":120,"logo-height":100,"masonry":"https:\/\/d2q6z78khxmx42.cloudfront.net\/2020\/02\/Cuisines-extC\u0327rieures_15_StC\u0327phanie-Didier_04-550x458.jpg","masonry-width":550,"masonry-height":458,"modal":"https:\/\/d2q6z78khxmx42.cloudfront.net\/2020\/02\/Cuisines-extC\u0327rieures_15_StC\u0327phanie-Didier_04.jpg","modal-width":960,"modal-height":800,"number":"https:\/\/d2q6z78khxmx42.cloudfront.net\/2020\/02\/3hsssRTu-Cuisines-extC\u0327rieures_15_StC\u0327phanie-Didier_04-516x430.jpg","number-width":516,"number-height":430,"partner":"https:\/\/d2q6z78khxmx42.cloudfront.net\/2020\/02\/Cuisines-extC\u0327rieures_15_StC\u0327phanie-Didier_04-252x210.jpg","partner-width":252,"partner-height":210,"ranking":"https:\/\/d2q6z78khxmx42.cloudfront.net\/2020\/02\/3hsssRTu-Cuisines-extC\u0327rieures_15_StC\u0327phanie-Didier_04-960x540.jpg","ranking-width":960,"ranking-height":540,"schedule":"https:\/\/d2q6z78khxmx42.cloudfront.net\/2020\/02\/Cuisines-extC\u0327rieures_15_StC\u0327phanie-Didier_04-960x360.jpg","schedule-width":960,"schedule-height":360,"slideshow":"https:\/\/d2q6z78khxmx42.cloudfront.net\/2020\/02\/Cuisines-extC\u0327rieures_15_StC\u0327phanie-Didier_04-816x680.jpg","slideshow-width":816,"slideshow-height":680}},"attachment_category":{"543":"Mobilier r\u00e9sidentiel \u2013 ext\u00e9rieur"},"credit":""},{"image":{"ID":11588,"id":11588,"title":"Cuisines-extC\u0327rieures_15_StC\u0327phanie-Didier_05","filename":"Cuisines-extC\u0327rieures_15_StC\u0327phanie-Didier_05.jpg","filesize":0,"url":"https:\/\/d2q6z78khxmx42.cloudfront.net\/2020\/02\/Cuisines-extC\u0327rieures_15_StC\u0327phanie-Didier_05.jpg","link":"https:\/\/int.design\/fr\/projets\/cuisine-exterieure-home-refinements\/cuisines-extc%cc%a7rieures_15_stc%cc%a7phanie-didier_05\/","alt":"","author":"5","description":"","caption":"","name":"cuisines-extc%cc%a7rieures_15_stc%cc%a7phanie-didier_05","status":"inherit","uploaded_to":5845,"date":"2020-08-23 23:26:43","modified":"2020-09-20 21:02:47","menu_order":0,"mime_type":"image\/jpeg","type":"image","subtype":"jpeg","icon":"https:\/\/int.design\/wp-includes\/images\/media\/default.png","width":864,"height":444,"sizes":{"thumbnail":"https:\/\/d2q6z78khxmx42.cloudfront.net\/2020\/02\/Cuisines-extC\u0327rieures_15_StC\u0327phanie-Didier_05-150x150.jpg","thumbnail-width":150,"thumbnail-height":150,"medium":"https:\/\/d2q6z78khxmx42.cloudfront.net\/2020\/02\/Cuisines-extC\u0327rieures_15_StC\u0327phanie-Didier_05-300x154.jpg","medium-width":300,"medium-height":154,"medium_large":"https:\/\/d2q6z78khxmx42.cloudfront.net\/2020\/02\/Cuisines-extC\u0327rieures_15_StC\u0327phanie-Didier_05-768x395.jpg","medium_large-width":768,"medium_large-height":395,"large":"https:\/\/d2q6z78khxmx42.cloudfront.net\/2020\/02\/Cuisines-extC\u0327rieures_15_StC\u0327phanie-Didier_05.jpg","large-width":864,"large-height":444,"1536x1536":"https:\/\/d2q6z78khxmx42.cloudfront.net\/2020\/02\/Cuisines-extC\u0327rieures_15_StC\u0327phanie-Didier_05.jpg","1536x1536-width":864,"1536x1536-height":444,"2048x2048":"https:\/\/d2q6z78khxmx42.cloudfront.net\/2020\/02\/Cuisines-extC\u0327rieures_15_StC\u0327phanie-Didier_05.jpg","2048x2048-width":864,"2048x2048-height":444,"article":"https:\/\/d2q6z78khxmx42.cloudfront.net\/2020\/02\/Cuisines-extC\u0327rieures_15_StC\u0327phanie-Didier_05.jpg","article-width":864,"article-height":444,"banner":"https:\/\/d2q6z78khxmx42.cloudfront.net\/2020\/02\/Cuisines-extC\u0327rieures_15_StC\u0327phanie-Didier_05.jpg","banner-width":864,"banner-height":444,"block":"https:\/\/d2q6z78khxmx42.cloudfront.net\/2020\/02\/Cuisines-extC\u0327rieures_15_StC\u0327phanie-Didier_05.jpg","block-width":864,"block-height":444,"card":"https:\/\/d2q6z78khxmx42.cloudfront.net\/2020\/02\/Cuisines-extC\u0327rieures_15_StC\u0327phanie-Didier_05-560x444.jpg","card-width":560,"card-height":444,"card-thumbnail":"https:\/\/d2q6z78khxmx42.cloudfront.net\/2020\/02\/Cuisines-extC\u0327rieures_15_StC\u0327phanie-Didier_05-450x340.jpg","card-thumbnail-width":450,"card-thumbnail-height":340,"conference":"https:\/\/d2q6z78khxmx42.cloudfront.net\/2020\/02\/Cuisines-extC\u0327rieures_15_StC\u0327phanie-Didier_05-560x250.jpg","conference-width":560,"conference-height":250,"contest":"https:\/\/d2q6z78khxmx42.cloudfront.net\/2020\/02\/Cuisines-extC\u0327rieures_15_StC\u0327phanie-Didier_05-864x400.jpg","contest-width":864,"contest-height":400,"cta":"https:\/\/d2q6z78khxmx42.cloudfront.net\/2020\/02\/Cuisines-extC\u0327rieures_15_StC\u0327phanie-Didier_05-415x170.jpg","cta-width":415,"cta-height":170,"exhibitor":"https:\/\/d2q6z78khxmx42.cloudfront.net\/2020\/02\/J0TcxqU8-Cuisines-extC\u0327rieures_15_StC\u0327phanie-Didier_05-560x444.jpg","exhibitor-width":560,"exhibitor-height":444,"gallery":"https:\/\/d2q6z78khxmx42.cloudfront.net\/2020\/02\/Cuisines-extC\u0327rieures_15_StC\u0327phanie-Didier_05-560x288.jpg","gallery-width":560,"gallery-height":288,"logo":"https:\/\/d2q6z78khxmx42.cloudfront.net\/2020\/02\/Cuisines-extC\u0327rieures_15_StC\u0327phanie-Didier_05-195x100.jpg","logo-width":195,"logo-height":100,"masonry":"https:\/\/d2q6z78khxmx42.cloudfront.net\/2020\/02\/Cuisines-extC\u0327rieures_15_StC\u0327phanie-Didier_05-550x283.jpg","masonry-width":550,"masonry-height":283,"modal":"https:\/\/d2q6z78khxmx42.cloudfront.net\/2020\/02\/Cuisines-extC\u0327rieures_15_StC\u0327phanie-Didier_05.jpg","modal-width":864,"modal-height":444,"number":"https:\/\/d2q6z78khxmx42.cloudfront.net\/2020\/02\/J0TcxqU8-Cuisines-extC\u0327rieures_15_StC\u0327phanie-Didier_05-560x288.jpg","number-width":560,"number-height":288,"partner":"https:\/\/d2q6z78khxmx42.cloudfront.net\/2020\/02\/Cuisines-extC\u0327rieures_15_StC\u0327phanie-Didier_05-275x141.jpg","partner-width":275,"partner-height":141,"ranking":"https:\/\/d2q6z78khxmx42.cloudfront.net\/2020\/02\/Cuisines-extC\u0327rieures_15_StC\u0327phanie-Didier_05.jpg","ranking-width":864,"ranking-height":444,"schedule":"https:\/\/d2q6z78khxmx42.cloudfront.net\/2020\/02\/Cuisines-extC\u0327rieures_15_StC\u0327phanie-Didier_05-864x360.jpg","schedule-width":864,"schedule-height":360,"slideshow":"https:\/\/d2q6z78khxmx42.cloudfront.net\/2020\/02\/Cuisines-extC\u0327rieures_15_StC\u0327phanie-Didier_05.jpg","slideshow-width":864,"slideshow-height":444}},"attachment_category":{"168":"Po\u00eale, foyer, gril et produit de chauffage"},"credit":""},{"image":{"ID":11589,"id":11589,"title":"Cuisines-extC\u0327rieures_15_StC\u0327phanie-Didier_e\u0302tienne-Dionne_06","filename":"Cuisines-extC\u0327rieures_15_StC\u0327phanie-Didier_e\u0302tienne-Dionne_06.jpg","filesize":0,"url":"https:\/\/d2q6z78khxmx42.cloudfront.net\/2020\/02\/Cuisines-extC\u0327rieures_15_StC\u0327phanie-Didier_e\u0302tienne-Dionne_06.jpg","link":"https:\/\/int.design\/fr\/projets\/cuisine-exterieure-home-refinements\/cuisines-extc%cc%a7rieures_15_stc%cc%a7phanie-didier_e%cc%82tienne-dionne_06\/","alt":"","author":"5","description":"","caption":"","name":"cuisines-extc%cc%a7rieures_15_stc%cc%a7phanie-didier_e%cc%82tienne-dionne_06","status":"inherit","uploaded_to":5845,"date":"2020-08-23 23:26:46","modified":"2020-09-20 21:02:09","menu_order":0,"mime_type":"image\/jpeg","type":"image","subtype":"jpeg","icon":"https:\/\/int.design\/wp-includes\/images\/media\/default.png","width":1321,"height":1981,"sizes":{"thumbnail":"https:\/\/d2q6z78khxmx42.cloudfront.net\/2020\/02\/Cuisines-extC\u0327rieures_15_StC\u0327phanie-Didier_e\u0302tienne-Dionne_06-150x150.jpg","thumbnail-width":150,"thumbnail-height":150,"medium":"https:\/\/d2q6z78khxmx42.cloudfront.net\/2020\/02\/Cuisines-extC\u0327rieures_15_StC\u0327phanie-Didier_e\u0302tienne-Dionne_06-200x300.jpg","medium-width":200,"medium-height":300,"medium_large":"https:\/\/d2q6z78khxmx42.cloudfront.net\/2020\/02\/Cuisines-extC\u0327rieures_15_StC\u0327phanie-Didier_e\u0302tienne-Dionne_06-768x1152.jpg","medium_large-width":768,"medium_large-height":1152,"large":"https:\/\/d2q6z78khxmx42.cloudfront.net\/2020\/02\/Cuisines-extC\u0327rieures_15_StC\u0327phanie-Didier_e\u0302tienne-Dionne_06-683x1024.jpg","large-width":683,"large-height":1024,"1536x1536":"https:\/\/d2q6z78khxmx42.cloudfront.net\/2020\/02\/Cuisines-extC\u0327rieures_15_StC\u0327phanie-Didier_e\u0302tienne-Dionne_06-1024x1536.jpg","1536x1536-width":1024,"1536x1536-height":1536,"2048x2048":"https:\/\/d2q6z78khxmx42.cloudfront.net\/2020\/02\/Cuisines-extC\u0327rieures_15_StC\u0327phanie-Didier_e\u0302tienne-Dionne_06.jpg","2048x2048-width":1321,"2048x2048-height":1981,"article":"https:\/\/d2q6z78khxmx42.cloudfront.net\/2020\/02\/Cuisines-extC\u0327rieures_15_StC\u0327phanie-Didier_e\u0302tienne-Dionne_06-960x540.jpg","article-width":960,"article-height":540,"banner":"https:\/\/d2q6z78khxmx42.cloudfront.net\/2020\/02\/Cuisines-extC\u0327rieures_15_StC\u0327phanie-Didier_e\u0302tienne-Dionne_06.jpg","banner-width":1321,"banner-height":1981,"block":"https:\/\/d2q6z78khxmx42.cloudfront.net\/2020\/02\/Cuisines-extC\u0327rieures_15_StC\u0327phanie-Didier_e\u0302tienne-Dionne_06-900x680.jpg","block-width":900,"block-height":680,"card":"https:\/\/d2q6z78khxmx42.cloudfront.net\/2020\/02\/Cuisines-extC\u0327rieures_15_StC\u0327phanie-Didier_e\u0302tienne-Dionne_06-560x495.jpg","card-width":560,"card-height":495,"card-thumbnail":"https:\/\/d2q6z78khxmx42.cloudfront.net\/2020\/02\/Cuisines-extC\u0327rieures_15_StC\u0327phanie-Didier_e\u0302tienne-Dionne_06-450x340.jpg","card-thumbnail-width":450,"card-thumbnail-height":340,"conference":"https:\/\/d2q6z78khxmx42.cloudfront.net\/2020\/02\/Cuisines-extC\u0327rieures_15_StC\u0327phanie-Didier_e\u0302tienne-Dionne_06-560x250.jpg","conference-width":560,"conference-height":250,"contest":"https:\/\/d2q6z78khxmx42.cloudfront.net\/2020\/02\/Cuisines-extC\u0327rieures_15_StC\u0327phanie-Didier_e\u0302tienne-Dionne_06-960x400.jpg","contest-width":960,"contest-height":400,"cta":"https:\/\/d2q6z78khxmx42.cloudfront.net\/2020\/02\/Cuisines-extC\u0327rieures_15_StC\u0327phanie-Didier_e\u0302tienne-Dionne_06-415x170.jpg","cta-width":415,"cta-height":170,"exhibitor":"https:\/\/d2q6z78khxmx42.cloudfront.net\/2020\/02\/Cuisines-extC\u0327rieures_15_StC\u0327phanie-Didier_e\u0302tienne-Dionne_06-560x560.jpg","exhibitor-width":560,"exhibitor-height":560,"gallery":"https:\/\/d2q6z78khxmx42.cloudfront.net\/2020\/02\/Cuisines-extC\u0327rieures_15_StC\u0327phanie-Didier_e\u0302tienne-Dionne_06-287x430.jpg","gallery-width":287,"gallery-height":430,"logo":"https:\/\/d2q6z78khxmx42.cloudfront.net\/2020\/02\/Cuisines-extC\u0327rieures_15_StC\u0327phanie-Didier_e\u0302tienne-Dionne_06-67x100.jpg","logo-width":67,"logo-height":100,"masonry":"https:\/\/d2q6z78khxmx42.cloudfront.net\/2020\/02\/Cuisines-extC\u0327rieures_15_StC\u0327phanie-Didier_e\u0302tienne-Dionne_06-550x825.jpg","masonry-width":550,"masonry-height":825,"modal":"https:\/\/d2q6z78khxmx42.cloudfront.net\/2020\/02\/Cuisines-extC\u0327rieures_15_StC\u0327phanie-Didier_e\u0302tienne-Dionne_06-1280x1920.jpg","modal-width":1280,"modal-height":1920,"number":"https:\/\/d2q6z78khxmx42.cloudfront.net\/2020\/02\/UC1f3fBu-Cuisines-extC\u0327rieures_15_StC\u0327phanie-Didier_e\u0302tienne-Dionne_06-287x430.jpg","number-width":287,"number-height":430,"partner":"https:\/\/d2q6z78khxmx42.cloudfront.net\/2020\/02\/Cuisines-extC\u0327rieures_15_StC\u0327phanie-Didier_e\u0302tienne-Dionne_06-140x210.jpg","partner-width":140,"partner-height":210,"ranking":"https:\/\/d2q6z78khxmx42.cloudfront.net\/2020\/02\/UC1f3fBu-Cuisines-extC\u0327rieures_15_StC\u0327phanie-Didier_e\u0302tienne-Dionne_06-960x540.jpg","ranking-width":960,"ranking-height":540,"schedule":"https:\/\/d2q6z78khxmx42.cloudfront.net\/2020\/02\/Cuisines-extC\u0327rieures_15_StC\u0327phanie-Didier_e\u0302tienne-Dionne_06-960x360.jpg","schedule-width":960,"schedule-height":360,"slideshow":"https:\/\/d2q6z78khxmx42.cloudfront.net\/2020\/02\/Cuisines-extC\u0327rieures_15_StC\u0327phanie-Didier_e\u0302tienne-Dionne_06-453x680.jpg","slideshow-width":453,"slideshow-height":680}},"attachment_category":[],"credit":""},{"image":{"ID":11590,"id":11590,"title":"Cuisines-extC\u0327rieures_15_StC\u0327phanie-Didier_e\u0302tienne-Dionne_07","filename":"Cuisines-extC\u0327rieures_15_StC\u0327phanie-Didier_e\u0302tienne-Dionne_07.jpg","filesize":0,"url":"https:\/\/d2q6z78khxmx42.cloudfront.net\/2020\/02\/Cuisines-extC\u0327rieures_15_StC\u0327phanie-Didier_e\u0302tienne-Dionne_07.jpg","link":"https:\/\/int.design\/fr\/projets\/cuisine-exterieure-home-refinements\/cuisines-extc%cc%a7rieures_15_stc%cc%a7phanie-didier_e%cc%82tienne-dionne_07\/","alt":"","author":"5","description":"","caption":"","name":"cuisines-extc%cc%a7rieures_15_stc%cc%a7phanie-didier_e%cc%82tienne-dionne_07","status":"inherit","uploaded_to":5845,"date":"2020-08-23 23:26:50","modified":"2020-09-20 21:01:48","menu_order":0,"mime_type":"image\/jpeg","type":"image","subtype":"jpeg","icon":"https:\/\/int.design\/wp-includes\/images\/media\/default.png","width":1981,"height":1321,"sizes":{"thumbnail":"https:\/\/d2q6z78khxmx42.cloudfront.net\/2020\/02\/Cuisines-extC\u0327rieures_15_StC\u0327phanie-Didier_e\u0302tienne-Dionne_07-150x150.jpg","thumbnail-width":150,"thumbnail-height":150,"medium":"https:\/\/d2q6z78khxmx42.cloudfront.net\/2020\/02\/Cuisines-extC\u0327rieures_15_StC\u0327phanie-Didier_e\u0302tienne-Dionne_07-300x200.jpg","medium-width":300,"medium-height":200,"medium_large":"https:\/\/d2q6z78khxmx42.cloudfront.net\/2020\/02\/Cuisines-extC\u0327rieures_15_StC\u0327phanie-Didier_e\u0302tienne-Dionne_07-768x512.jpg","medium_large-width":768,"medium_large-height":512,"large":"https:\/\/d2q6z78khxmx42.cloudfront.net\/2020\/02\/Cuisines-extC\u0327rieures_15_StC\u0327phanie-Didier_e\u0302tienne-Dionne_07-1024x683.jpg","large-width":1024,"large-height":683,"1536x1536":"https:\/\/d2q6z78khxmx42.cloudfront.net\/2020\/02\/Cuisines-extC\u0327rieures_15_StC\u0327phanie-Didier_e\u0302tienne-Dionne_07-1536x1024.jpg","1536x1536-width":1536,"1536x1536-height":1024,"2048x2048":"https:\/\/d2q6z78khxmx42.cloudfront.net\/2020\/02\/Cuisines-extC\u0327rieures_15_StC\u0327phanie-Didier_e\u0302tienne-Dionne_07.jpg","2048x2048-width":1981,"2048x2048-height":1321,"article":"https:\/\/d2q6z78khxmx42.cloudfront.net\/2020\/02\/Cuisines-extC\u0327rieures_15_StC\u0327phanie-Didier_e\u0302tienne-Dionne_07-960x540.jpg","article-width":960,"article-height":540,"banner":"https:\/\/d2q6z78khxmx42.cloudfront.net\/2020\/02\/Cuisines-extC\u0327rieures_15_StC\u0327phanie-Didier_e\u0302tienne-Dionne_07-1920x1280.jpg","banner-width":1920,"banner-height":1280,"block":"https:\/\/d2q6z78khxmx42.cloudfront.net\/2020\/02\/Cuisines-extC\u0327rieures_15_StC\u0327phanie-Didier_e\u0302tienne-Dionne_07-900x680.jpg","block-width":900,"block-height":680,"card":"https:\/\/d2q6z78khxmx42.cloudfront.net\/2020\/02\/Cuisines-extC\u0327rieures_15_StC\u0327phanie-Didier_e\u0302tienne-Dionne_07-560x495.jpg","card-width":560,"card-height":495,"card-thumbnail":"https:\/\/d2q6z78khxmx42.cloudfront.net\/2020\/02\/Cuisines-extC\u0327rieures_15_StC\u0327phanie-Didier_e\u0302tienne-Dionne_07-450x340.jpg","card-thumbnail-width":450,"card-thumbnail-height":340,"conference":"https:\/\/d2q6z78khxmx42.cloudfront.net\/2020\/02\/Cuisines-extC\u0327rieures_15_StC\u0327phanie-Didier_e\u0302tienne-Dionne_07-560x250.jpg","conference-width":560,"conference-height":250,"contest":"https:\/\/d2q6z78khxmx42.cloudfront.net\/2020\/02\/Cuisines-extC\u0327rieures_15_StC\u0327phanie-Didier_e\u0302tienne-Dionne_07-960x400.jpg","contest-width":960,"contest-height":400,"cta":"https:\/\/d2q6z78khxmx42.cloudfront.net\/2020\/02\/Cuisines-extC\u0327rieures_15_StC\u0327phanie-Didier_e\u0302tienne-Dionne_07-415x170.jpg","cta-width":415,"cta-height":170,"exhibitor":"https:\/\/d2q6z78khxmx42.cloudfront.net\/2020\/02\/Cuisines-extC\u0327rieures_15_StC\u0327phanie-Didier_e\u0302tienne-Dionne_07-560x560.jpg","exhibitor-width":560,"exhibitor-height":560,"gallery":"https:\/\/d2q6z78khxmx42.cloudfront.net\/2020\/02\/Cuisines-extC\u0327rieures_15_StC\u0327phanie-Didier_e\u0302tienne-Dionne_07-560x373.jpg","gallery-width":560,"gallery-height":373,"logo":"https:\/\/d2q6z78khxmx42.cloudfront.net\/2020\/02\/Cuisines-extC\u0327rieures_15_StC\u0327phanie-Didier_e\u0302tienne-Dionne_07-150x100.jpg","logo-width":150,"logo-height":100,"masonry":"https:\/\/d2q6z78khxmx42.cloudfront.net\/2020\/02\/Cuisines-extC\u0327rieures_15_StC\u0327phanie-Didier_e\u0302tienne-Dionne_07-550x367.jpg","masonry-width":550,"masonry-height":367,"modal":"https:\/\/d2q6z78khxmx42.cloudfront.net\/2020\/02\/gysa1jXg-Cuisines-extC\u0327rieures_15_StC\u0327phanie-Didier_e\u0302tienne-Dionne_07-1920x1280.jpg","modal-width":1920,"modal-height":1280,"number":"https:\/\/d2q6z78khxmx42.cloudfront.net\/2020\/02\/gysa1jXg-Cuisines-extC\u0327rieures_15_StC\u0327phanie-Didier_e\u0302tienne-Dionne_07-560x373.jpg","number-width":560,"number-height":373,"partner":"https:\/\/d2q6z78khxmx42.cloudfront.net\/2020\/02\/Cuisines-extC\u0327rieures_15_StC\u0327phanie-Didier_e\u0302tienne-Dionne_07-275x183.jpg","partner-width":275,"partner-height":183,"ranking":"https:\/\/d2q6z78khxmx42.cloudfront.net\/2020\/02\/gysa1jXg-Cuisines-extC\u0327rieures_15_StC\u0327phanie-Didier_e\u0302tienne-Dionne_07-960x540.jpg","ranking-width":960,"ranking-height":540,"schedule":"https:\/\/d2q6z78khxmx42.cloudfront.net\/2020\/02\/Cuisines-extC\u0327rieures_15_StC\u0327phanie-Didier_e\u0302tienne-Dionne_07-960x360.jpg","schedule-width":960,"schedule-height":360,"slideshow":"https:\/\/d2q6z78khxmx42.cloudfront.net\/2020\/02\/Cuisines-extC\u0327rieures_15_StC\u0327phanie-Didier_e\u0302tienne-Dionne_07-1020x680.jpg","slideshow-width":1020,"slideshow-height":680}},"attachment_category":[],"credit":""},{"image":{"ID":11591,"id":11591,"title":"Cuisines-extC\u0327rieures_15_StC\u0327phanie-Didier_e\u0302tienne-Dionne_08","filename":"Cuisines-extC\u0327rieures_15_StC\u0327phanie-Didier_e\u0302tienne-Dionne_08.jpg","filesize":0,"url":"https:\/\/d2q6z78khxmx42.cloudfront.net\/2020\/02\/Cuisines-extC\u0327rieures_15_StC\u0327phanie-Didier_e\u0302tienne-Dionne_08.jpg","link":"https:\/\/int.design\/fr\/projets\/cuisine-exterieure-home-refinements\/cuisines-extc%cc%a7rieures_15_stc%cc%a7phanie-didier_e%cc%82tienne-dionne_08\/","alt":"","author":"5","description":"","caption":"","name":"cuisines-extc%cc%a7rieures_15_stc%cc%a7phanie-didier_e%cc%82tienne-dionne_08","status":"inherit","uploaded_to":5845,"date":"2020-08-23 23:27:03","modified":"2020-09-20 21:01:28","menu_order":0,"mime_type":"image\/jpeg","type":"image","subtype":"jpeg","icon":"https:\/\/int.design\/wp-includes\/images\/media\/default.png","width":1321,"height":1981,"sizes":{"thumbnail":"https:\/\/d2q6z78khxmx42.cloudfront.net\/2020\/02\/Cuisines-extC\u0327rieures_15_StC\u0327phanie-Didier_e\u0302tienne-Dionne_08-150x150.jpg","thumbnail-width":150,"thumbnail-height":150,"medium":"https:\/\/d2q6z78khxmx42.cloudfront.net\/2020\/02\/Cuisines-extC\u0327rieures_15_StC\u0327phanie-Didier_e\u0302tienne-Dionne_08-200x300.jpg","medium-width":200,"medium-height":300,"medium_large":"https:\/\/d2q6z78khxmx42.cloudfront.net\/2020\/02\/Cuisines-extC\u0327rieures_15_StC\u0327phanie-Didier_e\u0302tienne-Dionne_08-768x1152.jpg","medium_large-width":768,"medium_large-height":1152,"large":"https:\/\/d2q6z78khxmx42.cloudfront.net\/2020\/02\/Cuisines-extC\u0327rieures_15_StC\u0327phanie-Didier_e\u0302tienne-Dionne_08-683x1024.jpg","large-width":683,"large-height":1024,"1536x1536":"https:\/\/d2q6z78khxmx42.cloudfront.net\/2020\/02\/Cuisines-extC\u0327rieures_15_StC\u0327phanie-Didier_e\u0302tienne-Dionne_08-1024x1536.jpg","1536x1536-width":1024,"1536x1536-height":1536,"2048x2048":"https:\/\/d2q6z78khxmx42.cloudfront.net\/2020\/02\/Cuisines-extC\u0327rieures_15_StC\u0327phanie-Didier_e\u0302tienne-Dionne_08.jpg","2048x2048-width":1321,"2048x2048-height":1981,"article":"https:\/\/d2q6z78khxmx42.cloudfront.net\/2020\/02\/Cuisines-extC\u0327rieures_15_StC\u0327phanie-Didier_e\u0302tienne-Dionne_08-960x540.jpg","article-width":960,"article-height":540,"banner":"https:\/\/d2q6z78khxmx42.cloudfront.net\/2020\/02\/Cuisines-extC\u0327rieures_15_StC\u0327phanie-Didier_e\u0302tienne-Dionne_08.jpg","banner-width":1321,"banner-height":1981,"block":"https:\/\/d2q6z78khxmx42.cloudfront.net\/2020\/02\/Cuisines-extC\u0327rieures_15_StC\u0327phanie-Didier_e\u0302tienne-Dionne_08-900x680.jpg","block-width":900,"block-height":680,"card":"https:\/\/d2q6z78khxmx42.cloudfront.net\/2020\/02\/Cuisines-extC\u0327rieures_15_StC\u0327phanie-Didier_e\u0302tienne-Dionne_08-560x495.jpg","card-width":560,"card-height":495,"card-thumbnail":"https:\/\/d2q6z78khxmx42.cloudfront.net\/2020\/02\/Cuisines-extC\u0327rieures_15_StC\u0327phanie-Didier_e\u0302tienne-Dionne_08-450x340.jpg","card-thumbnail-width":450,"card-thumbnail-height":340,"conference":"https:\/\/d2q6z78khxmx42.cloudfront.net\/2020\/02\/Cuisines-extC\u0327rieures_15_StC\u0327phanie-Didier_e\u0302tienne-Dionne_08-560x250.jpg","conference-width":560,"conference-height":250,"contest":"https:\/\/d2q6z78khxmx42.cloudfront.net\/2020\/02\/Cuisines-extC\u0327rieures_15_StC\u0327phanie-Didier_e\u0302tienne-Dionne_08-960x400.jpg","contest-width":960,"contest-height":400,"cta":"https:\/\/d2q6z78khxmx42.cloudfront.net\/2020\/02\/Cuisines-extC\u0327rieures_15_StC\u0327phanie-Didier_e\u0302tienne-Dionne_08-415x170.jpg","cta-width":415,"cta-height":170,"exhibitor":"https:\/\/d2q6z78khxmx42.cloudfront.net\/2020\/02\/Cuisines-extC\u0327rieures_15_StC\u0327phanie-Didier_e\u0302tienne-Dionne_08-560x560.jpg","exhibitor-width":560,"exhibitor-height":560,"gallery":"https:\/\/d2q6z78khxmx42.cloudfront.net\/2020\/02\/Cuisines-extC\u0327rieures_15_StC\u0327phanie-Didier_e\u0302tienne-Dionne_08-287x430.jpg","gallery-width":287,"gallery-height":430,"logo":"https:\/\/d2q6z78khxmx42.cloudfront.net\/2020\/02\/Cuisines-extC\u0327rieures_15_StC\u0327phanie-Didier_e\u0302tienne-Dionne_08-67x100.jpg","logo-width":67,"logo-height":100,"masonry":"https:\/\/d2q6z78khxmx42.cloudfront.net\/2020\/02\/Cuisines-extC\u0327rieures_15_StC\u0327phanie-Didier_e\u0302tienne-Dionne_08-550x825.jpg","masonry-width":550,"masonry-height":825,"modal":"https:\/\/d2q6z78khxmx42.cloudfront.net\/2020\/02\/Cuisines-extC\u0327rieures_15_StC\u0327phanie-Didier_e\u0302tienne-Dionne_08-1280x1920.jpg","modal-width":1280,"modal-height":1920,"number":"https:\/\/d2q6z78khxmx42.cloudfront.net\/2020\/02\/ULovWKZp-Cuisines-extC\u0327rieures_15_StC\u0327phanie-Didier_e\u0302tienne-Dionne_08-287x430.jpg","number-width":287,"number-height":430,"partner":"https:\/\/d2q6z78khxmx42.cloudfront.net\/2020\/02\/Cuisines-extC\u0327rieures_15_StC\u0327phanie-Didier_e\u0302tienne-Dionne_08-140x210.jpg","partner-width":140,"partner-height":210,"ranking":"https:\/\/d2q6z78khxmx42.cloudfront.net\/2020\/02\/ULovWKZp-Cuisines-extC\u0327rieures_15_StC\u0327phanie-Didier_e\u0302tienne-Dionne_08-960x540.jpg","ranking-width":960,"ranking-height":540,"schedule":"https:\/\/d2q6z78khxmx42.cloudfront.net\/2020\/02\/Cuisines-extC\u0327rieures_15_StC\u0327phanie-Didier_e\u0302tienne-Dionne_08-960x360.jpg","schedule-width":960,"schedule-height":360,"slideshow":"https:\/\/d2q6z78khxmx42.cloudfront.net\/2020\/02\/Cuisines-extC\u0327rieures_15_StC\u0327phanie-Didier_e\u0302tienne-Dionne_08-453x680.jpg","slideshow-width":453,"slideshow-height":680}},"attachment_category":[],"credit":""}],"mandatory_documents":false,"optional_documents":false,"web_text":{"fr":"","en":"","original":""},"jury_text":false,"different_jury_text":false,"different_category_text":false},"laureats":[],"contest_id":"10387","contest_title":"GRANDS PRIX DU DESIGN - 13th edition","firms":[],"user":{"email":"old_edition@agencepid.com","first_name":"Old Edition","last_name":"Participant"},"doc_texts_web":{"fr":"<p>L&#8217;aspect technique de cette cuisine ext\u00e9rieure a s\u00e9duit les membres du jury. \u00c9pur\u00e9 et raffin\u00e9, le concept allie fonctionnalit\u00e9 et esth\u00e9tisme, un \u00e9clairage int\u00e9gr\u00e9 et des espaces de rangement optimis\u00e9s. Un th\u00e9\u00e2tre d\u2019\u00e9v\u00e9nements m\u00e9morables!<\/p>\n","en":"<p>The technical aspect of this outdoor kitchen appealed to the members of the jury. Sleek and refined, the concept combines functionality and aesthetics, integrated lighting and optimised storage space. A theatre of memorable events!<\/p>\n"},"permalinks":{"fr":"https:\/\/int.design\/fr\/projets\/cuisine-exterieure-home-refinements\/","en":"https:\/\/int.design\/en\/projects\/cuisine-exterieure-home-refinements-par-julien\/"},"titles":{"fr":"Cuisine ext\u00e9rieure Home Refinements","en":"Cuisine ext\u00e9rieure Home Refinements par Julien"},"wp_fields":{"informations":{"fr":[{"content_type":"text","title":"Design","content":"Julien","link":null},{"content_type":"text","title":"Cat\u00e9gorie","content":"Prix design industriel - Produit de cuisine","link":null},{"content_type":"text","title":"Site web","content":"julien.ca","link":null}],"en":[{"content_type":"text","title":"Design","content":"Julien","link":null},{"content_type":"text","title":"Category","content":"Prix design industriel - Produit de cuisine","link":null},{"content_type":"text","title":"Website","content":"julien.ca","link":null}]}},"laravel_id":""},"_links":{"self":[{"href":"https:\/\/int.design\/en\/wp-json\/wp\/v2\/project\/5850","targetHints":{"allow":["GET"]}}],"collection":[{"href":"https:\/\/int.design\/en\/wp-json\/wp\/v2\/project"}],"about":[{"href":"https:\/\/int.design\/en\/wp-json\/wp\/v2\/types\/project"}],"wp:attachment":[{"href":"https:\/\/int.design\/en\/wp-json\/wp\/v2\/media?parent=5850"}],"curies":[{"name":"wp","href":"https:\/\/api.w.org\/{rel}","templated":true}]}}