{"id":5475,"date":"2019-01-11T22:40:05","date_gmt":"2019-01-12T03:40:05","guid":{"rendered":"https:\/\/int.design\/projets\/residence-lac-ouimet\/"},"modified":"2020-09-02T15:38:36","modified_gmt":"2020-09-02T19:38:36","slug":"residence-lac-ouimet","status":"publish","type":"project","link":"https:\/\/int.design\/en\/projects\/residence-lac-ouimet\/","title":{"rendered":"R\u00e9sidence Lac Ouimet"},"content":{"rendered":"<p>Over a half-century old, this cottage is undergoing a major facelift. It is the object of an elegant renovation that, while sensitive to the original architecture, represents an open and modern intervention. The external wall of the kitchen and dining room is now almost entirely open onto the landscape, thanks to abundant fenestration. The interior is defined by a harmonious contrasting of light and dark surfaces, among them pale oak cabinets and black granite countertops. The floor, redone in ceramic tiles, helps set off the wall made from stones cleared from the original landscape, which gently rounds out the space.<\/p>\n<p>The materials that reference nature and their integration into the architecture seduced the jury. The stone wall creates a contrast with the other, \u201csofter\u201d materials. However, the spaces penetrate one another to form a truly fluid interior arrangement, in which the kitchen is right where it belongs and is an integral part of the space. A success from all standpoints,<\/p>\n","protected":false},"template":"","class_list":["post-5475","project","type-project","status-publish","hentry"],"acf":[],"yoast_head":"<!-- This site is optimized with the Yoast SEO plugin v21.5 - https:\/\/yoast.com\/wordpress\/plugins\/seo\/ -->\n<title>R\u00e9sidence Lac Ouimet - INT Design<\/title>\n<meta name=\"robots\" content=\"index, follow, max-snippet:-1, max-image-preview:large, max-video-preview:-1\" \/>\n<link rel=\"canonical\" href=\"https:\/\/int.design\/en\/projects\/residence-lac-ouimet\/\" \/>\n<meta property=\"og:locale\" content=\"en_US\" \/>\n<meta property=\"og:type\" content=\"article\" \/>\n<meta property=\"og:title\" content=\"R\u00e9sidence Lac Ouimet - INT Design\" \/>\n<meta property=\"og:description\" content=\"Over a half-century old, this cottage is undergoing a major facelift. It is the object of an elegant renovation that, while sensitive to the original architecture, represents an open and modern intervention. The external wall of the kitchen and dining room is now almost entirely open onto the landscape, thanks to abundant fenestration. The interior &hellip; Continued\" \/>\n<meta property=\"og:url\" content=\"https:\/\/int.design\/en\/projects\/residence-lac-ouimet\/\" \/>\n<meta property=\"og:site_name\" content=\"INT Design\" \/>\n<meta property=\"article:modified_time\" content=\"2020-09-02T19:38:36+00:00\" \/>\n<meta name=\"twitter:card\" content=\"summary_large_image\" \/>\n<meta name=\"twitter:label1\" content=\"Est. reading time\" \/>\n\t<meta name=\"twitter:data1\" content=\"1 minute\" \/>\n<script type=\"application\/ld+json\" class=\"yoast-schema-graph\">{\"@context\":\"https:\/\/schema.org\",\"@graph\":[{\"@type\":\"WebPage\",\"@id\":\"https:\/\/int.design\/en\/projects\/residence-lac-ouimet\/\",\"url\":\"https:\/\/int.design\/en\/projects\/residence-lac-ouimet\/\",\"name\":\"R\u00e9sidence Lac Ouimet - INT Design\",\"isPartOf\":{\"@id\":\"https:\/\/int.design\/fr\/#website\"},\"datePublished\":\"2019-01-12T03:40:05+00:00\",\"dateModified\":\"2020-09-02T19:38:36+00:00\",\"breadcrumb\":{\"@id\":\"https:\/\/int.design\/en\/projects\/residence-lac-ouimet\/#breadcrumb\"},\"inLanguage\":\"en-US\",\"potentialAction\":[{\"@type\":\"ReadAction\",\"target\":[\"https:\/\/int.design\/en\/projects\/residence-lac-ouimet\/\"]}]},{\"@type\":\"BreadcrumbList\",\"@id\":\"https:\/\/int.design\/en\/projects\/residence-lac-ouimet\/#breadcrumb\",\"itemListElement\":[{\"@type\":\"ListItem\",\"position\":1,\"name\":\"Home\",\"item\":\"https:\/\/int.design\/en\/\"},{\"@type\":\"ListItem\",\"position\":2,\"name\":\"Projects\",\"item\":\"https:\/\/int.design\/en\/projects\/\"},{\"@type\":\"ListItem\",\"position\":3,\"name\":\"R\u00e9sidence Lac Ouimet\"}]},{\"@type\":\"WebSite\",\"@id\":\"https:\/\/int.design\/fr\/#website\",\"url\":\"https:\/\/int.design\/fr\/\",\"name\":\"INT Design\",\"description\":\"\",\"potentialAction\":[{\"@type\":\"SearchAction\",\"target\":{\"@type\":\"EntryPoint\",\"urlTemplate\":\"https:\/\/int.design\/fr\/?s={search_term_string}\"},\"query-input\":\"required name=search_term_string\"}],\"inLanguage\":\"en-US\"}]}<\/script>\n<!-- \/ Yoast SEO plugin. -->","yoast_head_json":{"title":"R\u00e9sidence Lac Ouimet - INT Design","robots":{"index":"index","follow":"follow","max-snippet":"max-snippet:-1","max-image-preview":"max-image-preview:large","max-video-preview":"max-video-preview:-1"},"canonical":"https:\/\/int.design\/en\/projects\/residence-lac-ouimet\/","og_locale":"en_US","og_type":"article","og_title":"R\u00e9sidence Lac Ouimet - INT Design","og_description":"Over a half-century old, this cottage is undergoing a major facelift. It is the object of an elegant renovation that, while sensitive to the original architecture, represents an open and modern intervention. The external wall of the kitchen and dining room is now almost entirely open onto the landscape, thanks to abundant fenestration. The interior &hellip; Continued","og_url":"https:\/\/int.design\/en\/projects\/residence-lac-ouimet\/","og_site_name":"INT Design","article_modified_time":"2020-09-02T19:38:36+00:00","twitter_card":"summary_large_image","twitter_misc":{"Est. reading time":"1 minute"},"schema":{"@context":"https:\/\/schema.org","@graph":[{"@type":"WebPage","@id":"https:\/\/int.design\/en\/projects\/residence-lac-ouimet\/","url":"https:\/\/int.design\/en\/projects\/residence-lac-ouimet\/","name":"R\u00e9sidence Lac Ouimet - INT Design","isPartOf":{"@id":"https:\/\/int.design\/fr\/#website"},"datePublished":"2019-01-12T03:40:05+00:00","dateModified":"2020-09-02T19:38:36+00:00","breadcrumb":{"@id":"https:\/\/int.design\/en\/projects\/residence-lac-ouimet\/#breadcrumb"},"inLanguage":"en-US","potentialAction":[{"@type":"ReadAction","target":["https:\/\/int.design\/en\/projects\/residence-lac-ouimet\/"]}]},{"@type":"BreadcrumbList","@id":"https:\/\/int.design\/en\/projects\/residence-lac-ouimet\/#breadcrumb","itemListElement":[{"@type":"ListItem","position":1,"name":"Home","item":"https:\/\/int.design\/en\/"},{"@type":"ListItem","position":2,"name":"Projects","item":"https:\/\/int.design\/en\/projects\/"},{"@type":"ListItem","position":3,"name":"R\u00e9sidence Lac Ouimet"}]},{"@type":"WebSite","@id":"https:\/\/int.design\/fr\/#website","url":"https:\/\/int.design\/fr\/","name":"INT Design","description":"","potentialAction":[{"@type":"SearchAction","target":{"@type":"EntryPoint","urlTemplate":"https:\/\/int.design\/fr\/?s={search_term_string}"},"query-input":"required name=search_term_string"}],"inLanguage":"en-US"}]}},"entry":{"cats":{"disciplines":[],"big_cats":[],"sub_cats":[]},"entry":{"":null,"status":"completed","winner_title":"","winner_prize_lang":"","title_translatable":false,"title_en":"","title_fr":"","releve_award":false,"releve_award_cv":false,"collaboration":false,"collaboration_firms":false,"other_firms":false,"owner":{"name":"","confidential":false,"website":"","contact_name":"","email":"","phone":""},"address":{"address":"","city":"","region":"","province":"","country":"","postal_code":""},"logos":false,"use_logo":false,"designers":false,"cover":false,"images":[{"image":{"ID":5326,"id":5326,"title":"sitewebresidence-lac-ouimet_1-4_dupont-blouin-architectes_olivier-blouin-01_864x1080.jpg","filename":"sitewebresidence-lac-ouimet_1-4_dupont-blouin-architectes_olivier-blouin-01_864x1080.jpg","filesize":0,"url":"https:\/\/d2q6z78khxmx42.cloudfront.net\/2019\/01\/sitewebresidence-lac-ouimet_1-4_dupont-blouin-architectes_olivier-blouin-01_864x1080.jpg","link":"https:\/\/int.design\/en\/sitewebresidence-lac-ouimet_1-4_dupont-blouin-architectes_olivier-blouin-01_864x1080-jpg\/","alt":"","author":"8","description":"","caption":"","name":"sitewebresidence-lac-ouimet_1-4_dupont-blouin-architectes_olivier-blouin-01_864x1080-jpg","status":"inherit","uploaded_to":0,"date":"2020-04-06 04:47:30","modified":"2020-09-27 22:47:54","menu_order":0,"mime_type":"image\/jpeg","type":"image","subtype":"jpeg","icon":"https:\/\/int.design\/wp-includes\/images\/media\/default.png","width":864,"height":1080,"sizes":{"thumbnail":"https:\/\/d2q6z78khxmx42.cloudfront.net\/2019\/01\/sitewebresidence-lac-ouimet_1-4_dupont-blouin-architectes_olivier-blouin-01_864x1080-150x150.jpg","thumbnail-width":150,"thumbnail-height":150,"medium":"https:\/\/d2q6z78khxmx42.cloudfront.net\/2019\/01\/sitewebresidence-lac-ouimet_1-4_dupont-blouin-architectes_olivier-blouin-01_864x1080-240x300.jpg","medium-width":240,"medium-height":300,"medium_large":"https:\/\/d2q6z78khxmx42.cloudfront.net\/2019\/01\/sitewebresidence-lac-ouimet_1-4_dupont-blouin-architectes_olivier-blouin-01_864x1080-768x960.jpg","medium_large-width":768,"medium_large-height":960,"large":"https:\/\/d2q6z78khxmx42.cloudfront.net\/2019\/01\/sitewebresidence-lac-ouimet_1-4_dupont-blouin-architectes_olivier-blouin-01_864x1080-819x1024.jpg","large-width":819,"large-height":1024,"1536x1536":"https:\/\/d2q6z78khxmx42.cloudfront.net\/2019\/01\/sitewebresidence-lac-ouimet_1-4_dupont-blouin-architectes_olivier-blouin-01_864x1080.jpg","1536x1536-width":864,"1536x1536-height":1080,"2048x2048":"https:\/\/d2q6z78khxmx42.cloudfront.net\/2019\/01\/sitewebresidence-lac-ouimet_1-4_dupont-blouin-architectes_olivier-blouin-01_864x1080.jpg","2048x2048-width":864,"2048x2048-height":1080,"article":"https:\/\/d2q6z78khxmx42.cloudfront.net\/2019\/01\/sitewebresidence-lac-ouimet_1-4_dupont-blouin-architectes_olivier-blouin-01_864x1080-864x540.jpg","article-width":864,"article-height":540,"banner":"https:\/\/d2q6z78khxmx42.cloudfront.net\/2019\/01\/sitewebresidence-lac-ouimet_1-4_dupont-blouin-architectes_olivier-blouin-01_864x1080.jpg","banner-width":864,"banner-height":1080,"block":"https:\/\/d2q6z78khxmx42.cloudfront.net\/2019\/01\/sitewebresidence-lac-ouimet_1-4_dupont-blouin-architectes_olivier-blouin-01_864x1080-864x680.jpg","block-width":864,"block-height":680,"card":"https:\/\/d2q6z78khxmx42.cloudfront.net\/2019\/01\/sitewebresidence-lac-ouimet_1-4_dupont-blouin-architectes_olivier-blouin-01_864x1080-560x495.jpg","card-width":560,"card-height":495,"card-thumbnail":"https:\/\/d2q6z78khxmx42.cloudfront.net\/2019\/01\/sitewebresidence-lac-ouimet_1-4_dupont-blouin-architectes_olivier-blouin-01_864x1080-450x340.jpg","card-thumbnail-width":450,"card-thumbnail-height":340,"conference":"https:\/\/d2q6z78khxmx42.cloudfront.net\/2019\/01\/sitewebresidence-lac-ouimet_1-4_dupont-blouin-architectes_olivier-blouin-01_864x1080-560x250.jpg","conference-width":560,"conference-height":250,"contest":"https:\/\/d2q6z78khxmx42.cloudfront.net\/2019\/01\/sitewebresidence-lac-ouimet_1-4_dupont-blouin-architectes_olivier-blouin-01_864x1080-864x400.jpg","contest-width":864,"contest-height":400,"cta":"https:\/\/d2q6z78khxmx42.cloudfront.net\/2019\/01\/sitewebresidence-lac-ouimet_1-4_dupont-blouin-architectes_olivier-blouin-01_864x1080-415x170.jpg","cta-width":415,"cta-height":170,"exhibitor":"https:\/\/d2q6z78khxmx42.cloudfront.net\/2019\/01\/sitewebresidence-lac-ouimet_1-4_dupont-blouin-architectes_olivier-blouin-01_864x1080-560x560.jpg","exhibitor-width":560,"exhibitor-height":560,"gallery":"https:\/\/d2q6z78khxmx42.cloudfront.net\/2019\/01\/sitewebresidence-lac-ouimet_1-4_dupont-blouin-architectes_olivier-blouin-01_864x1080-344x430.jpg","gallery-width":344,"gallery-height":430,"logo":"https:\/\/d2q6z78khxmx42.cloudfront.net\/2019\/01\/sitewebresidence-lac-ouimet_1-4_dupont-blouin-architectes_olivier-blouin-01_864x1080-80x100.jpg","logo-width":80,"logo-height":100,"masonry":"https:\/\/d2q6z78khxmx42.cloudfront.net\/2019\/01\/sitewebresidence-lac-ouimet_1-4_dupont-blouin-architectes_olivier-blouin-01_864x1080-550x688.jpg","masonry-width":550,"masonry-height":688,"modal":"https:\/\/d2q6z78khxmx42.cloudfront.net\/2019\/01\/sitewebresidence-lac-ouimet_1-4_dupont-blouin-architectes_olivier-blouin-01_864x1080.jpg","modal-width":864,"modal-height":1080,"number":"https:\/\/d2q6z78khxmx42.cloudfront.net\/2019\/01\/4ixjRPfb-sitewebresidence-lac-ouimet_1-4_dupont-blouin-architectes_olivier-blouin-01_864x1080-344x430.jpg","number-width":344,"number-height":430,"partner":"https:\/\/d2q6z78khxmx42.cloudfront.net\/2019\/01\/sitewebresidence-lac-ouimet_1-4_dupont-blouin-architectes_olivier-blouin-01_864x1080-168x210.jpg","partner-width":168,"partner-height":210,"ranking":"https:\/\/d2q6z78khxmx42.cloudfront.net\/2019\/01\/4ixjRPfb-sitewebresidence-lac-ouimet_1-4_dupont-blouin-architectes_olivier-blouin-01_864x1080-864x540.jpg","ranking-width":864,"ranking-height":540,"schedule":"https:\/\/d2q6z78khxmx42.cloudfront.net\/2019\/01\/sitewebresidence-lac-ouimet_1-4_dupont-blouin-architectes_olivier-blouin-01_864x1080-864x360.jpg","schedule-width":864,"schedule-height":360,"slideshow":"https:\/\/d2q6z78khxmx42.cloudfront.net\/2019\/01\/sitewebresidence-lac-ouimet_1-4_dupont-blouin-architectes_olivier-blouin-01_864x1080-544x680.jpg","slideshow-width":544,"slideshow-height":680}},"attachment_category":{"23":"Cuisine"},"credit":""},{"image":{"ID":5327,"id":5327,"title":"sitewebresidence-lac-ouimet_1-4_dupont-blouin-architectes_olivier-blouin-05_720x1080.jpg","filename":"sitewebresidence-lac-ouimet_1-4_dupont-blouin-architectes_olivier-blouin-05_720x1080.jpg","filesize":0,"url":"https:\/\/d2q6z78khxmx42.cloudfront.net\/2019\/01\/sitewebresidence-lac-ouimet_1-4_dupont-blouin-architectes_olivier-blouin-05_720x1080.jpg","link":"https:\/\/int.design\/en\/sitewebresidence-lac-ouimet_1-4_dupont-blouin-architectes_olivier-blouin-05_720x1080-jpg\/","alt":"","author":"8","description":"","caption":"","name":"sitewebresidence-lac-ouimet_1-4_dupont-blouin-architectes_olivier-blouin-05_720x1080-jpg","status":"inherit","uploaded_to":0,"date":"2020-04-06 04:47:31","modified":"2020-10-12 15:42:07","menu_order":0,"mime_type":"image\/jpeg","type":"image","subtype":"jpeg","icon":"https:\/\/int.design\/wp-includes\/images\/media\/default.png","width":720,"height":1080,"sizes":{"thumbnail":"https:\/\/d2q6z78khxmx42.cloudfront.net\/2019\/01\/sitewebresidence-lac-ouimet_1-4_dupont-blouin-architectes_olivier-blouin-05_720x1080-150x150.jpg","thumbnail-width":150,"thumbnail-height":150,"medium":"https:\/\/d2q6z78khxmx42.cloudfront.net\/2019\/01\/sitewebresidence-lac-ouimet_1-4_dupont-blouin-architectes_olivier-blouin-05_720x1080-200x300.jpg","medium-width":200,"medium-height":300,"medium_large":"https:\/\/d2q6z78khxmx42.cloudfront.net\/2019\/01\/sitewebresidence-lac-ouimet_1-4_dupont-blouin-architectes_olivier-blouin-05_720x1080.jpg","medium_large-width":720,"medium_large-height":1080,"large":"https:\/\/d2q6z78khxmx42.cloudfront.net\/2019\/01\/sitewebresidence-lac-ouimet_1-4_dupont-blouin-architectes_olivier-blouin-05_720x1080-683x1024.jpg","large-width":683,"large-height":1024,"1536x1536":"https:\/\/d2q6z78khxmx42.cloudfront.net\/2019\/01\/sitewebresidence-lac-ouimet_1-4_dupont-blouin-architectes_olivier-blouin-05_720x1080.jpg","1536x1536-width":720,"1536x1536-height":1080,"2048x2048":"https:\/\/d2q6z78khxmx42.cloudfront.net\/2019\/01\/sitewebresidence-lac-ouimet_1-4_dupont-blouin-architectes_olivier-blouin-05_720x1080.jpg","2048x2048-width":720,"2048x2048-height":1080,"article":"https:\/\/d2q6z78khxmx42.cloudfront.net\/2019\/01\/sitewebresidence-lac-ouimet_1-4_dupont-blouin-architectes_olivier-blouin-05_720x1080-720x540.jpg","article-width":720,"article-height":540,"banner":"https:\/\/d2q6z78khxmx42.cloudfront.net\/2019\/01\/sitewebresidence-lac-ouimet_1-4_dupont-blouin-architectes_olivier-blouin-05_720x1080.jpg","banner-width":720,"banner-height":1080,"block":"https:\/\/d2q6z78khxmx42.cloudfront.net\/2019\/01\/sitewebresidence-lac-ouimet_1-4_dupont-blouin-architectes_olivier-blouin-05_720x1080-720x680.jpg","block-width":720,"block-height":680,"card":"https:\/\/d2q6z78khxmx42.cloudfront.net\/2019\/01\/sitewebresidence-lac-ouimet_1-4_dupont-blouin-architectes_olivier-blouin-05_720x1080-560x495.jpg","card-width":560,"card-height":495,"card-thumbnail":"https:\/\/d2q6z78khxmx42.cloudfront.net\/2019\/01\/sitewebresidence-lac-ouimet_1-4_dupont-blouin-architectes_olivier-blouin-05_720x1080-450x340.jpg","card-thumbnail-width":450,"card-thumbnail-height":340,"conference":"https:\/\/d2q6z78khxmx42.cloudfront.net\/2019\/01\/sitewebresidence-lac-ouimet_1-4_dupont-blouin-architectes_olivier-blouin-05_720x1080-560x250.jpg","conference-width":560,"conference-height":250,"contest":"https:\/\/d2q6z78khxmx42.cloudfront.net\/2019\/01\/sitewebresidence-lac-ouimet_1-4_dupont-blouin-architectes_olivier-blouin-05_720x1080-720x400.jpg","contest-width":720,"contest-height":400,"cta":"https:\/\/d2q6z78khxmx42.cloudfront.net\/2019\/01\/sitewebresidence-lac-ouimet_1-4_dupont-blouin-architectes_olivier-blouin-05_720x1080-415x170.jpg","cta-width":415,"cta-height":170,"exhibitor":"https:\/\/d2q6z78khxmx42.cloudfront.net\/2019\/01\/sitewebresidence-lac-ouimet_1-4_dupont-blouin-architectes_olivier-blouin-05_720x1080-560x560.jpg","exhibitor-width":560,"exhibitor-height":560,"gallery":"https:\/\/d2q6z78khxmx42.cloudfront.net\/2019\/01\/sitewebresidence-lac-ouimet_1-4_dupont-blouin-architectes_olivier-blouin-05_720x1080-287x430.jpg","gallery-width":287,"gallery-height":430,"logo":"https:\/\/d2q6z78khxmx42.cloudfront.net\/2019\/01\/sitewebresidence-lac-ouimet_1-4_dupont-blouin-architectes_olivier-blouin-05_720x1080-67x100.jpg","logo-width":67,"logo-height":100,"masonry":"https:\/\/d2q6z78khxmx42.cloudfront.net\/2019\/01\/sitewebresidence-lac-ouimet_1-4_dupont-blouin-architectes_olivier-blouin-05_720x1080-550x825.jpg","masonry-width":550,"masonry-height":825,"modal":"https:\/\/d2q6z78khxmx42.cloudfront.net\/2019\/01\/sitewebresidence-lac-ouimet_1-4_dupont-blouin-architectes_olivier-blouin-05_720x1080.jpg","modal-width":720,"modal-height":1080,"number":"https:\/\/d2q6z78khxmx42.cloudfront.net\/2019\/01\/VBbVCkpb-sitewebresidence-lac-ouimet_1-4_dupont-blouin-architectes_olivier-blouin-05_720x1080-287x430.jpg","number-width":287,"number-height":430,"partner":"https:\/\/d2q6z78khxmx42.cloudfront.net\/2019\/01\/sitewebresidence-lac-ouimet_1-4_dupont-blouin-architectes_olivier-blouin-05_720x1080-140x210.jpg","partner-width":140,"partner-height":210,"ranking":"https:\/\/d2q6z78khxmx42.cloudfront.net\/2019\/01\/VBbVCkpb-sitewebresidence-lac-ouimet_1-4_dupont-blouin-architectes_olivier-blouin-05_720x1080-720x540.jpg","ranking-width":720,"ranking-height":540,"schedule":"https:\/\/d2q6z78khxmx42.cloudfront.net\/2019\/01\/sitewebresidence-lac-ouimet_1-4_dupont-blouin-architectes_olivier-blouin-05_720x1080-720x360.jpg","schedule-width":720,"schedule-height":360,"slideshow":"https:\/\/d2q6z78khxmx42.cloudfront.net\/2019\/01\/sitewebresidence-lac-ouimet_1-4_dupont-blouin-architectes_olivier-blouin-05_720x1080-453x680.jpg","slideshow-width":453,"slideshow-height":680}},"attachment_category":{"83":"Bois"},"credit":""},{"image":{"ID":5328,"id":5328,"title":"sitewebresidence-lac-ouimet_1-4_dupont-blouin-architectes_olivier-blouin-06_720x1080.jpg","filename":"sitewebresidence-lac-ouimet_1-4_dupont-blouin-architectes_olivier-blouin-06_720x1080.jpg","filesize":0,"url":"https:\/\/d2q6z78khxmx42.cloudfront.net\/2019\/01\/sitewebresidence-lac-ouimet_1-4_dupont-blouin-architectes_olivier-blouin-06_720x1080.jpg","link":"https:\/\/int.design\/en\/sitewebresidence-lac-ouimet_1-4_dupont-blouin-architectes_olivier-blouin-06_720x1080-jpg\/","alt":"","author":"8","description":"","caption":"","name":"sitewebresidence-lac-ouimet_1-4_dupont-blouin-architectes_olivier-blouin-06_720x1080-jpg","status":"inherit","uploaded_to":0,"date":"2020-04-06 04:47:32","modified":"2020-09-27 22:47:18","menu_order":0,"mime_type":"image\/jpeg","type":"image","subtype":"jpeg","icon":"https:\/\/int.design\/wp-includes\/images\/media\/default.png","width":720,"height":1080,"sizes":{"thumbnail":"https:\/\/d2q6z78khxmx42.cloudfront.net\/2019\/01\/sitewebresidence-lac-ouimet_1-4_dupont-blouin-architectes_olivier-blouin-06_720x1080-150x150.jpg","thumbnail-width":150,"thumbnail-height":150,"medium":"https:\/\/d2q6z78khxmx42.cloudfront.net\/2019\/01\/sitewebresidence-lac-ouimet_1-4_dupont-blouin-architectes_olivier-blouin-06_720x1080-200x300.jpg","medium-width":200,"medium-height":300,"medium_large":"https:\/\/d2q6z78khxmx42.cloudfront.net\/2019\/01\/sitewebresidence-lac-ouimet_1-4_dupont-blouin-architectes_olivier-blouin-06_720x1080.jpg","medium_large-width":720,"medium_large-height":1080,"large":"https:\/\/d2q6z78khxmx42.cloudfront.net\/2019\/01\/sitewebresidence-lac-ouimet_1-4_dupont-blouin-architectes_olivier-blouin-06_720x1080-683x1024.jpg","large-width":683,"large-height":1024,"1536x1536":"https:\/\/d2q6z78khxmx42.cloudfront.net\/2019\/01\/sitewebresidence-lac-ouimet_1-4_dupont-blouin-architectes_olivier-blouin-06_720x1080.jpg","1536x1536-width":720,"1536x1536-height":1080,"2048x2048":"https:\/\/d2q6z78khxmx42.cloudfront.net\/2019\/01\/sitewebresidence-lac-ouimet_1-4_dupont-blouin-architectes_olivier-blouin-06_720x1080.jpg","2048x2048-width":720,"2048x2048-height":1080,"article":"https:\/\/d2q6z78khxmx42.cloudfront.net\/2019\/01\/sitewebresidence-lac-ouimet_1-4_dupont-blouin-architectes_olivier-blouin-06_720x1080-720x540.jpg","article-width":720,"article-height":540,"banner":"https:\/\/d2q6z78khxmx42.cloudfront.net\/2019\/01\/sitewebresidence-lac-ouimet_1-4_dupont-blouin-architectes_olivier-blouin-06_720x1080.jpg","banner-width":720,"banner-height":1080,"block":"https:\/\/d2q6z78khxmx42.cloudfront.net\/2019\/01\/sitewebresidence-lac-ouimet_1-4_dupont-blouin-architectes_olivier-blouin-06_720x1080-720x680.jpg","block-width":720,"block-height":680,"card":"https:\/\/d2q6z78khxmx42.cloudfront.net\/2019\/01\/sitewebresidence-lac-ouimet_1-4_dupont-blouin-architectes_olivier-blouin-06_720x1080-560x495.jpg","card-width":560,"card-height":495,"card-thumbnail":"https:\/\/d2q6z78khxmx42.cloudfront.net\/2019\/01\/sitewebresidence-lac-ouimet_1-4_dupont-blouin-architectes_olivier-blouin-06_720x1080-450x340.jpg","card-thumbnail-width":450,"card-thumbnail-height":340,"conference":"https:\/\/d2q6z78khxmx42.cloudfront.net\/2019\/01\/sitewebresidence-lac-ouimet_1-4_dupont-blouin-architectes_olivier-blouin-06_720x1080-560x250.jpg","conference-width":560,"conference-height":250,"contest":"https:\/\/d2q6z78khxmx42.cloudfront.net\/2019\/01\/sitewebresidence-lac-ouimet_1-4_dupont-blouin-architectes_olivier-blouin-06_720x1080-720x400.jpg","contest-width":720,"contest-height":400,"cta":"https:\/\/d2q6z78khxmx42.cloudfront.net\/2019\/01\/sitewebresidence-lac-ouimet_1-4_dupont-blouin-architectes_olivier-blouin-06_720x1080-415x170.jpg","cta-width":415,"cta-height":170,"exhibitor":"https:\/\/d2q6z78khxmx42.cloudfront.net\/2019\/01\/sitewebresidence-lac-ouimet_1-4_dupont-blouin-architectes_olivier-blouin-06_720x1080-560x560.jpg","exhibitor-width":560,"exhibitor-height":560,"gallery":"https:\/\/d2q6z78khxmx42.cloudfront.net\/2019\/01\/sitewebresidence-lac-ouimet_1-4_dupont-blouin-architectes_olivier-blouin-06_720x1080-287x430.jpg","gallery-width":287,"gallery-height":430,"logo":"https:\/\/d2q6z78khxmx42.cloudfront.net\/2019\/01\/sitewebresidence-lac-ouimet_1-4_dupont-blouin-architectes_olivier-blouin-06_720x1080-67x100.jpg","logo-width":67,"logo-height":100,"masonry":"https:\/\/d2q6z78khxmx42.cloudfront.net\/2019\/01\/sitewebresidence-lac-ouimet_1-4_dupont-blouin-architectes_olivier-blouin-06_720x1080-550x825.jpg","masonry-width":550,"masonry-height":825,"modal":"https:\/\/d2q6z78khxmx42.cloudfront.net\/2019\/01\/sitewebresidence-lac-ouimet_1-4_dupont-blouin-architectes_olivier-blouin-06_720x1080.jpg","modal-width":720,"modal-height":1080,"number":"https:\/\/d2q6z78khxmx42.cloudfront.net\/2019\/01\/dO4y7C1W-sitewebresidence-lac-ouimet_1-4_dupont-blouin-architectes_olivier-blouin-06_720x1080-287x430.jpg","number-width":287,"number-height":430,"partner":"https:\/\/d2q6z78khxmx42.cloudfront.net\/2019\/01\/sitewebresidence-lac-ouimet_1-4_dupont-blouin-architectes_olivier-blouin-06_720x1080-140x210.jpg","partner-width":140,"partner-height":210,"ranking":"https:\/\/d2q6z78khxmx42.cloudfront.net\/2019\/01\/dO4y7C1W-sitewebresidence-lac-ouimet_1-4_dupont-blouin-architectes_olivier-blouin-06_720x1080-720x540.jpg","ranking-width":720,"ranking-height":540,"schedule":"https:\/\/d2q6z78khxmx42.cloudfront.net\/2019\/01\/sitewebresidence-lac-ouimet_1-4_dupont-blouin-architectes_olivier-blouin-06_720x1080-720x360.jpg","schedule-width":720,"schedule-height":360,"slideshow":"https:\/\/d2q6z78khxmx42.cloudfront.net\/2019\/01\/sitewebresidence-lac-ouimet_1-4_dupont-blouin-architectes_olivier-blouin-06_720x1080-453x680.jpg","slideshow-width":453,"slideshow-height":680}},"attachment_category":{"113":"Salle \u00e0 manger"},"credit":""},{"image":{"ID":5329,"id":5329,"title":"sitewebresidence-lac-ouimet_1-4_dupont-blouin-architectes_olivier-blouin-07_720x1080.jpg","filename":"sitewebresidence-lac-ouimet_1-4_dupont-blouin-architectes_olivier-blouin-07_720x1080.jpg","filesize":0,"url":"https:\/\/d2q6z78khxmx42.cloudfront.net\/2019\/01\/sitewebresidence-lac-ouimet_1-4_dupont-blouin-architectes_olivier-blouin-07_720x1080.jpg","link":"https:\/\/int.design\/en\/sitewebresidence-lac-ouimet_1-4_dupont-blouin-architectes_olivier-blouin-07_720x1080-jpg\/","alt":"","author":"8","description":"","caption":"","name":"sitewebresidence-lac-ouimet_1-4_dupont-blouin-architectes_olivier-blouin-07_720x1080-jpg","status":"inherit","uploaded_to":0,"date":"2020-04-06 04:47:33","modified":"2020-09-27 22:46:05","menu_order":0,"mime_type":"image\/jpeg","type":"image","subtype":"jpeg","icon":"https:\/\/int.design\/wp-includes\/images\/media\/default.png","width":720,"height":1080,"sizes":{"thumbnail":"https:\/\/d2q6z78khxmx42.cloudfront.net\/2019\/01\/sitewebresidence-lac-ouimet_1-4_dupont-blouin-architectes_olivier-blouin-07_720x1080-150x150.jpg","thumbnail-width":150,"thumbnail-height":150,"medium":"https:\/\/d2q6z78khxmx42.cloudfront.net\/2019\/01\/sitewebresidence-lac-ouimet_1-4_dupont-blouin-architectes_olivier-blouin-07_720x1080-200x300.jpg","medium-width":200,"medium-height":300,"medium_large":"https:\/\/d2q6z78khxmx42.cloudfront.net\/2019\/01\/sitewebresidence-lac-ouimet_1-4_dupont-blouin-architectes_olivier-blouin-07_720x1080.jpg","medium_large-width":720,"medium_large-height":1080,"large":"https:\/\/d2q6z78khxmx42.cloudfront.net\/2019\/01\/sitewebresidence-lac-ouimet_1-4_dupont-blouin-architectes_olivier-blouin-07_720x1080-683x1024.jpg","large-width":683,"large-height":1024,"1536x1536":"https:\/\/d2q6z78khxmx42.cloudfront.net\/2019\/01\/sitewebresidence-lac-ouimet_1-4_dupont-blouin-architectes_olivier-blouin-07_720x1080.jpg","1536x1536-width":720,"1536x1536-height":1080,"2048x2048":"https:\/\/d2q6z78khxmx42.cloudfront.net\/2019\/01\/sitewebresidence-lac-ouimet_1-4_dupont-blouin-architectes_olivier-blouin-07_720x1080.jpg","2048x2048-width":720,"2048x2048-height":1080,"article":"https:\/\/d2q6z78khxmx42.cloudfront.net\/2019\/01\/sitewebresidence-lac-ouimet_1-4_dupont-blouin-architectes_olivier-blouin-07_720x1080-720x540.jpg","article-width":720,"article-height":540,"banner":"https:\/\/d2q6z78khxmx42.cloudfront.net\/2019\/01\/sitewebresidence-lac-ouimet_1-4_dupont-blouin-architectes_olivier-blouin-07_720x1080.jpg","banner-width":720,"banner-height":1080,"block":"https:\/\/d2q6z78khxmx42.cloudfront.net\/2019\/01\/sitewebresidence-lac-ouimet_1-4_dupont-blouin-architectes_olivier-blouin-07_720x1080-720x680.jpg","block-width":720,"block-height":680,"card":"https:\/\/d2q6z78khxmx42.cloudfront.net\/2019\/01\/sitewebresidence-lac-ouimet_1-4_dupont-blouin-architectes_olivier-blouin-07_720x1080-560x495.jpg","card-width":560,"card-height":495,"card-thumbnail":"https:\/\/d2q6z78khxmx42.cloudfront.net\/2019\/01\/sitewebresidence-lac-ouimet_1-4_dupont-blouin-architectes_olivier-blouin-07_720x1080-450x340.jpg","card-thumbnail-width":450,"card-thumbnail-height":340,"conference":"https:\/\/d2q6z78khxmx42.cloudfront.net\/2019\/01\/sitewebresidence-lac-ouimet_1-4_dupont-blouin-architectes_olivier-blouin-07_720x1080-560x250.jpg","conference-width":560,"conference-height":250,"contest":"https:\/\/d2q6z78khxmx42.cloudfront.net\/2019\/01\/sitewebresidence-lac-ouimet_1-4_dupont-blouin-architectes_olivier-blouin-07_720x1080-720x400.jpg","contest-width":720,"contest-height":400,"cta":"https:\/\/d2q6z78khxmx42.cloudfront.net\/2019\/01\/sitewebresidence-lac-ouimet_1-4_dupont-blouin-architectes_olivier-blouin-07_720x1080-415x170.jpg","cta-width":415,"cta-height":170,"exhibitor":"https:\/\/d2q6z78khxmx42.cloudfront.net\/2019\/01\/sitewebresidence-lac-ouimet_1-4_dupont-blouin-architectes_olivier-blouin-07_720x1080-560x560.jpg","exhibitor-width":560,"exhibitor-height":560,"gallery":"https:\/\/d2q6z78khxmx42.cloudfront.net\/2019\/01\/sitewebresidence-lac-ouimet_1-4_dupont-blouin-architectes_olivier-blouin-07_720x1080-287x430.jpg","gallery-width":287,"gallery-height":430,"logo":"https:\/\/d2q6z78khxmx42.cloudfront.net\/2019\/01\/sitewebresidence-lac-ouimet_1-4_dupont-blouin-architectes_olivier-blouin-07_720x1080-67x100.jpg","logo-width":67,"logo-height":100,"masonry":"https:\/\/d2q6z78khxmx42.cloudfront.net\/2019\/01\/sitewebresidence-lac-ouimet_1-4_dupont-blouin-architectes_olivier-blouin-07_720x1080-550x825.jpg","masonry-width":550,"masonry-height":825,"modal":"https:\/\/d2q6z78khxmx42.cloudfront.net\/2019\/01\/sitewebresidence-lac-ouimet_1-4_dupont-blouin-architectes_olivier-blouin-07_720x1080.jpg","modal-width":720,"modal-height":1080,"number":"https:\/\/d2q6z78khxmx42.cloudfront.net\/2019\/01\/nAO13QfS-sitewebresidence-lac-ouimet_1-4_dupont-blouin-architectes_olivier-blouin-07_720x1080-287x430.jpg","number-width":287,"number-height":430,"partner":"https:\/\/d2q6z78khxmx42.cloudfront.net\/2019\/01\/sitewebresidence-lac-ouimet_1-4_dupont-blouin-architectes_olivier-blouin-07_720x1080-140x210.jpg","partner-width":140,"partner-height":210,"ranking":"https:\/\/d2q6z78khxmx42.cloudfront.net\/2019\/01\/nAO13QfS-sitewebresidence-lac-ouimet_1-4_dupont-blouin-architectes_olivier-blouin-07_720x1080-720x540.jpg","ranking-width":720,"ranking-height":540,"schedule":"https:\/\/d2q6z78khxmx42.cloudfront.net\/2019\/01\/sitewebresidence-lac-ouimet_1-4_dupont-blouin-architectes_olivier-blouin-07_720x1080-720x360.jpg","schedule-width":720,"schedule-height":360,"slideshow":"https:\/\/d2q6z78khxmx42.cloudfront.net\/2019\/01\/sitewebresidence-lac-ouimet_1-4_dupont-blouin-architectes_olivier-blouin-07_720x1080-453x680.jpg","slideshow-width":453,"slideshow-height":680}},"attachment_category":{"83":"Bois","23":"Cuisine"},"credit":""},{"image":{"ID":5330,"id":5330,"title":"sitewebresidence-lac-ouimet_1-4_dupont-blouin-architectes_olivier-blouin-10_1619x1080.jpg","filename":"sitewebresidence-lac-ouimet_1-4_dupont-blouin-architectes_olivier-blouin-10_1619x1080.jpg","filesize":0,"url":"https:\/\/d2q6z78khxmx42.cloudfront.net\/2019\/01\/sitewebresidence-lac-ouimet_1-4_dupont-blouin-architectes_olivier-blouin-10_1619x1080.jpg","link":"https:\/\/int.design\/en\/sitewebresidence-lac-ouimet_1-4_dupont-blouin-architectes_olivier-blouin-10_1619x1080-jpg\/","alt":"","author":"8","description":"","caption":"","name":"sitewebresidence-lac-ouimet_1-4_dupont-blouin-architectes_olivier-blouin-10_1619x1080-jpg","status":"inherit","uploaded_to":0,"date":"2020-04-06 04:47:33","modified":"2020-09-27 22:46:52","menu_order":0,"mime_type":"image\/jpeg","type":"image","subtype":"jpeg","icon":"https:\/\/int.design\/wp-includes\/images\/media\/default.png","width":1619,"height":1080,"sizes":{"thumbnail":"https:\/\/d2q6z78khxmx42.cloudfront.net\/2019\/01\/sitewebresidence-lac-ouimet_1-4_dupont-blouin-architectes_olivier-blouin-10_1619x1080-150x150.jpg","thumbnail-width":150,"thumbnail-height":150,"medium":"https:\/\/d2q6z78khxmx42.cloudfront.net\/2019\/01\/sitewebresidence-lac-ouimet_1-4_dupont-blouin-architectes_olivier-blouin-10_1619x1080-300x200.jpg","medium-width":300,"medium-height":200,"medium_large":"https:\/\/d2q6z78khxmx42.cloudfront.net\/2019\/01\/sitewebresidence-lac-ouimet_1-4_dupont-blouin-architectes_olivier-blouin-10_1619x1080-768x512.jpg","medium_large-width":768,"medium_large-height":512,"large":"https:\/\/d2q6z78khxmx42.cloudfront.net\/2019\/01\/sitewebresidence-lac-ouimet_1-4_dupont-blouin-architectes_olivier-blouin-10_1619x1080-1024x683.jpg","large-width":1024,"large-height":683,"1536x1536":"https:\/\/d2q6z78khxmx42.cloudfront.net\/2019\/01\/sitewebresidence-lac-ouimet_1-4_dupont-blouin-architectes_olivier-blouin-10_1619x1080-1536x1025.jpg","1536x1536-width":1536,"1536x1536-height":1025,"2048x2048":"https:\/\/d2q6z78khxmx42.cloudfront.net\/2019\/01\/sitewebresidence-lac-ouimet_1-4_dupont-blouin-architectes_olivier-blouin-10_1619x1080.jpg","2048x2048-width":1619,"2048x2048-height":1080,"article":"https:\/\/d2q6z78khxmx42.cloudfront.net\/2019\/01\/sitewebresidence-lac-ouimet_1-4_dupont-blouin-architectes_olivier-blouin-10_1619x1080-960x540.jpg","article-width":960,"article-height":540,"banner":"https:\/\/d2q6z78khxmx42.cloudfront.net\/2019\/01\/sitewebresidence-lac-ouimet_1-4_dupont-blouin-architectes_olivier-blouin-10_1619x1080.jpg","banner-width":1619,"banner-height":1080,"block":"https:\/\/d2q6z78khxmx42.cloudfront.net\/2019\/01\/sitewebresidence-lac-ouimet_1-4_dupont-blouin-architectes_olivier-blouin-10_1619x1080-900x680.jpg","block-width":900,"block-height":680,"card":"https:\/\/d2q6z78khxmx42.cloudfront.net\/2019\/01\/sitewebresidence-lac-ouimet_1-4_dupont-blouin-architectes_olivier-blouin-10_1619x1080-560x495.jpg","card-width":560,"card-height":495,"card-thumbnail":"https:\/\/d2q6z78khxmx42.cloudfront.net\/2019\/01\/sitewebresidence-lac-ouimet_1-4_dupont-blouin-architectes_olivier-blouin-10_1619x1080-450x340.jpg","card-thumbnail-width":450,"card-thumbnail-height":340,"conference":"https:\/\/d2q6z78khxmx42.cloudfront.net\/2019\/01\/sitewebresidence-lac-ouimet_1-4_dupont-blouin-architectes_olivier-blouin-10_1619x1080-560x250.jpg","conference-width":560,"conference-height":250,"contest":"https:\/\/d2q6z78khxmx42.cloudfront.net\/2019\/01\/sitewebresidence-lac-ouimet_1-4_dupont-blouin-architectes_olivier-blouin-10_1619x1080-960x400.jpg","contest-width":960,"contest-height":400,"cta":"https:\/\/d2q6z78khxmx42.cloudfront.net\/2019\/01\/sitewebresidence-lac-ouimet_1-4_dupont-blouin-architectes_olivier-blouin-10_1619x1080-415x170.jpg","cta-width":415,"cta-height":170,"exhibitor":"https:\/\/d2q6z78khxmx42.cloudfront.net\/2019\/01\/sitewebresidence-lac-ouimet_1-4_dupont-blouin-architectes_olivier-blouin-10_1619x1080-560x560.jpg","exhibitor-width":560,"exhibitor-height":560,"gallery":"https:\/\/d2q6z78khxmx42.cloudfront.net\/2019\/01\/sitewebresidence-lac-ouimet_1-4_dupont-blouin-architectes_olivier-blouin-10_1619x1080-560x374.jpg","gallery-width":560,"gallery-height":374,"logo":"https:\/\/d2q6z78khxmx42.cloudfront.net\/2019\/01\/sitewebresidence-lac-ouimet_1-4_dupont-blouin-architectes_olivier-blouin-10_1619x1080-150x100.jpg","logo-width":150,"logo-height":100,"masonry":"https:\/\/d2q6z78khxmx42.cloudfront.net\/2019\/01\/sitewebresidence-lac-ouimet_1-4_dupont-blouin-architectes_olivier-blouin-10_1619x1080-550x367.jpg","masonry-width":550,"masonry-height":367,"modal":"https:\/\/d2q6z78khxmx42.cloudfront.net\/2019\/01\/sitewebresidence-lac-ouimet_1-4_dupont-blouin-architectes_olivier-blouin-10_1619x1080.jpg","modal-width":1619,"modal-height":1080,"number":"https:\/\/d2q6z78khxmx42.cloudfront.net\/2019\/01\/uWRuKmBK-sitewebresidence-lac-ouimet_1-4_dupont-blouin-architectes_olivier-blouin-10_1619x1080-560x374.jpg","number-width":560,"number-height":374,"partner":"https:\/\/d2q6z78khxmx42.cloudfront.net\/2019\/01\/sitewebresidence-lac-ouimet_1-4_dupont-blouin-architectes_olivier-blouin-10_1619x1080-275x183.jpg","partner-width":275,"partner-height":183,"ranking":"https:\/\/d2q6z78khxmx42.cloudfront.net\/2019\/01\/uWRuKmBK-sitewebresidence-lac-ouimet_1-4_dupont-blouin-architectes_olivier-blouin-10_1619x1080-960x540.jpg","ranking-width":960,"ranking-height":540,"schedule":"https:\/\/d2q6z78khxmx42.cloudfront.net\/2019\/01\/sitewebresidence-lac-ouimet_1-4_dupont-blouin-architectes_olivier-blouin-10_1619x1080-960x360.jpg","schedule-width":960,"schedule-height":360,"slideshow":"https:\/\/d2q6z78khxmx42.cloudfront.net\/2019\/01\/sitewebresidence-lac-ouimet_1-4_dupont-blouin-architectes_olivier-blouin-10_1619x1080-1019x680.jpg","slideshow-width":1019,"slideshow-height":680}},"attachment_category":{"83":"Bois"},"credit":""},{"image":{"ID":15635,"id":15635,"title":"RG7N8S~P","filename":"RG7N8SP-scaled.jpg","filesize":0,"url":"https:\/\/int.design\/wp-content\/uploads\/2019\/01\/RG7N8SP-scaled.jpg","link":"https:\/\/int.design\/en\/projects\/residence-lac-ouimet\/rg7n8sp\/","alt":"","author":"6","description":"","caption":"","name":"rg7n8sp","status":"inherit","uploaded_to":5475,"date":"2020-09-02 19:37:19","modified":"2020-10-12 15:32:57","menu_order":0,"mime_type":"image\/jpeg","type":"image","subtype":"jpeg","icon":"https:\/\/int.design\/wp-includes\/images\/media\/default.png","width":1707,"height":2560,"sizes":{"thumbnail":"https:\/\/int.design\/wp-content\/uploads\/2019\/01\/RG7N8SP-150x150.jpg","thumbnail-width":150,"thumbnail-height":150,"medium":"https:\/\/int.design\/wp-content\/uploads\/2019\/01\/RG7N8SP-200x300.jpg","medium-width":200,"medium-height":300,"medium_large":"https:\/\/int.design\/wp-content\/uploads\/2019\/01\/RG7N8SP-768x1152.jpg","medium_large-width":768,"medium_large-height":1152,"large":"https:\/\/int.design\/wp-content\/uploads\/2019\/01\/RG7N8SP-683x1024.jpg","large-width":683,"large-height":1024,"1536x1536":"https:\/\/int.design\/wp-content\/uploads\/2019\/01\/RG7N8SP-1024x1536.jpg","1536x1536-width":1024,"1536x1536-height":1536,"2048x2048":"https:\/\/int.design\/wp-content\/uploads\/2019\/01\/RG7N8SP-1365x2048.jpg","2048x2048-width":1365,"2048x2048-height":2048,"article":"https:\/\/int.design\/wp-content\/uploads\/2019\/01\/RG7N8SP-960x540.jpg","article-width":960,"article-height":540,"banner":"https:\/\/int.design\/wp-content\/uploads\/2019\/01\/RG7N8SP-1920x2880.jpg","banner-width":1920,"banner-height":2880,"block":"https:\/\/int.design\/wp-content\/uploads\/2019\/01\/RG7N8SP-900x680.jpg","block-width":900,"block-height":680,"card":"https:\/\/int.design\/wp-content\/uploads\/2019\/01\/RG7N8SP-560x495.jpg","card-width":560,"card-height":495,"card-thumbnail":"https:\/\/int.design\/wp-content\/uploads\/2019\/01\/RG7N8SP-450x340.jpg","card-thumbnail-width":450,"card-thumbnail-height":340,"conference":"https:\/\/int.design\/wp-content\/uploads\/2019\/01\/RG7N8SP-560x250.jpg","conference-width":560,"conference-height":250,"contest":"https:\/\/int.design\/wp-content\/uploads\/2019\/01\/RG7N8SP-960x400.jpg","contest-width":960,"contest-height":400,"cta":"https:\/\/int.design\/wp-content\/uploads\/2019\/01\/RG7N8SP-415x170.jpg","cta-width":415,"cta-height":170,"exhibitor":"https:\/\/int.design\/wp-content\/uploads\/2019\/01\/RG7N8SP-560x560.jpg","exhibitor-width":560,"exhibitor-height":560,"gallery":"https:\/\/int.design\/wp-content\/uploads\/2019\/01\/RG7N8SP-287x430.jpg","gallery-width":287,"gallery-height":430,"logo":"https:\/\/int.design\/wp-content\/uploads\/2019\/01\/RG7N8SP-67x100.jpg","logo-width":67,"logo-height":100,"masonry":"https:\/\/int.design\/wp-content\/uploads\/2019\/01\/RG7N8SP-550x825.jpg","masonry-width":550,"masonry-height":825,"modal":"https:\/\/int.design\/wp-content\/uploads\/2019\/01\/RG7N8SP-1280x1920.jpg","modal-width":1280,"modal-height":1920,"number":"https:\/\/int.design\/wp-content\/uploads\/2019\/01\/RG7N8SP-287x430.jpg","number-width":287,"number-height":430,"partner":"https:\/\/int.design\/wp-content\/uploads\/2019\/01\/RG7N8SP-140x210.jpg","partner-width":140,"partner-height":210,"ranking":"https:\/\/int.design\/wp-content\/uploads\/2019\/01\/RG7N8SP-960x540.jpg","ranking-width":960,"ranking-height":540,"schedule":"https:\/\/int.design\/wp-content\/uploads\/2019\/01\/RG7N8SP-960x360.jpg","schedule-width":960,"schedule-height":360,"slideshow":"https:\/\/int.design\/wp-content\/uploads\/2019\/01\/RG7N8SP-453x680.jpg","slideshow-width":453,"slideshow-height":680}},"attachment_category":[],"credit":""},{"image":{"ID":15634,"id":15634,"title":"RG7N8S~U","filename":"RG7N8SU-scaled.jpg","filesize":0,"url":"https:\/\/int.design\/wp-content\/uploads\/2019\/01\/RG7N8SU-scaled.jpg","link":"https:\/\/int.design\/en\/projects\/residence-lac-ouimet\/rg7n8su\/","alt":"","author":"6","description":"","caption":"","name":"rg7n8su","status":"inherit","uploaded_to":5475,"date":"2020-09-02 19:36:52","modified":"2020-09-05 22:05:07","menu_order":0,"mime_type":"image\/jpeg","type":"image","subtype":"jpeg","icon":"https:\/\/int.design\/wp-includes\/images\/media\/default.png","width":2560,"height":1707,"sizes":{"thumbnail":"https:\/\/int.design\/wp-content\/uploads\/2019\/01\/RG7N8SU-150x150.jpg","thumbnail-width":150,"thumbnail-height":150,"medium":"https:\/\/int.design\/wp-content\/uploads\/2019\/01\/RG7N8SU-300x200.jpg","medium-width":300,"medium-height":200,"medium_large":"https:\/\/int.design\/wp-content\/uploads\/2019\/01\/RG7N8SU-768x512.jpg","medium_large-width":768,"medium_large-height":512,"large":"https:\/\/int.design\/wp-content\/uploads\/2019\/01\/RG7N8SU-1024x683.jpg","large-width":1024,"large-height":683,"1536x1536":"https:\/\/int.design\/wp-content\/uploads\/2019\/01\/RG7N8SU-1536x1024.jpg","1536x1536-width":1536,"1536x1536-height":1024,"2048x2048":"https:\/\/int.design\/wp-content\/uploads\/2019\/01\/RG7N8SU-2048x1365.jpg","2048x2048-width":2048,"2048x2048-height":1365,"article":"https:\/\/int.design\/wp-content\/uploads\/2019\/01\/RG7N8SU-960x540.jpg","article-width":960,"article-height":540,"banner":"https:\/\/int.design\/wp-content\/uploads\/2019\/01\/RG7N8SU-1920x1280.jpg","banner-width":1920,"banner-height":1280,"block":"https:\/\/int.design\/wp-content\/uploads\/2019\/01\/RG7N8SU-900x680.jpg","block-width":900,"block-height":680,"card":"https:\/\/int.design\/wp-content\/uploads\/2019\/01\/RG7N8SU-560x495.jpg","card-width":560,"card-height":495,"card-thumbnail":"https:\/\/int.design\/wp-content\/uploads\/2019\/01\/RG7N8SU-450x340.jpg","card-thumbnail-width":450,"card-thumbnail-height":340,"conference":"https:\/\/int.design\/wp-content\/uploads\/2019\/01\/RG7N8SU-560x250.jpg","conference-width":560,"conference-height":250,"contest":"https:\/\/int.design\/wp-content\/uploads\/2019\/01\/RG7N8SU-960x400.jpg","contest-width":960,"contest-height":400,"cta":"https:\/\/int.design\/wp-content\/uploads\/2019\/01\/RG7N8SU-415x170.jpg","cta-width":415,"cta-height":170,"exhibitor":"https:\/\/int.design\/wp-content\/uploads\/2019\/01\/RG7N8SU-560x560.jpg","exhibitor-width":560,"exhibitor-height":560,"gallery":"https:\/\/int.design\/wp-content\/uploads\/2019\/01\/RG7N8SU-560x373.jpg","gallery-width":560,"gallery-height":373,"logo":"https:\/\/int.design\/wp-content\/uploads\/2019\/01\/RG7N8SU-150x100.jpg","logo-width":150,"logo-height":100,"masonry":"https:\/\/int.design\/wp-content\/uploads\/2019\/01\/RG7N8SU-550x367.jpg","masonry-width":550,"masonry-height":367,"modal":"https:\/\/int.design\/wp-content\/uploads\/2019\/01\/RG7N8SU-1920x1280.jpg","modal-width":1920,"modal-height":1280,"number":"https:\/\/int.design\/wp-content\/uploads\/2019\/01\/RG7N8SU-560x373.jpg","number-width":560,"number-height":373,"partner":"https:\/\/int.design\/wp-content\/uploads\/2019\/01\/RG7N8SU-275x183.jpg","partner-width":275,"partner-height":183,"ranking":"https:\/\/int.design\/wp-content\/uploads\/2019\/01\/RG7N8SU-960x540.jpg","ranking-width":960,"ranking-height":540,"schedule":"https:\/\/int.design\/wp-content\/uploads\/2019\/01\/RG7N8SU-960x360.jpg","schedule-width":960,"schedule-height":360,"slideshow":"https:\/\/int.design\/wp-content\/uploads\/2019\/01\/RG7N8SU-1020x680.jpg","slideshow-width":1020,"slideshow-height":680}},"attachment_category":{"83":"Bois","1005":"R\u00e9sidence","113":"Salle \u00e0 manger"},"credit":""},{"image":{"ID":15631,"id":15631,"title":"RG7N8S~V","filename":"RG7N8SV-scaled.jpg","filesize":0,"url":"https:\/\/int.design\/wp-content\/uploads\/2019\/01\/RG7N8SV-scaled.jpg","link":"https:\/\/int.design\/en\/projects\/residence-lac-ouimet\/rg7n8sv\/","alt":"","author":"6","description":"","caption":"","name":"rg7n8sv","status":"inherit","uploaded_to":5475,"date":"2020-09-02 19:36:18","modified":"2020-09-05 22:05:43","menu_order":0,"mime_type":"image\/jpeg","type":"image","subtype":"jpeg","icon":"https:\/\/int.design\/wp-includes\/images\/media\/default.png","width":1707,"height":2560,"sizes":{"thumbnail":"https:\/\/int.design\/wp-content\/uploads\/2019\/01\/RG7N8SV-150x150.jpg","thumbnail-width":150,"thumbnail-height":150,"medium":"https:\/\/int.design\/wp-content\/uploads\/2019\/01\/RG7N8SV-200x300.jpg","medium-width":200,"medium-height":300,"medium_large":"https:\/\/int.design\/wp-content\/uploads\/2019\/01\/RG7N8SV-768x1152.jpg","medium_large-width":768,"medium_large-height":1152,"large":"https:\/\/int.design\/wp-content\/uploads\/2019\/01\/RG7N8SV-683x1024.jpg","large-width":683,"large-height":1024,"1536x1536":"https:\/\/int.design\/wp-content\/uploads\/2019\/01\/RG7N8SV-1024x1536.jpg","1536x1536-width":1024,"1536x1536-height":1536,"2048x2048":"https:\/\/int.design\/wp-content\/uploads\/2019\/01\/RG7N8SV-1365x2048.jpg","2048x2048-width":1365,"2048x2048-height":2048,"article":"https:\/\/int.design\/wp-content\/uploads\/2019\/01\/RG7N8SV-960x540.jpg","article-width":960,"article-height":540,"banner":"https:\/\/int.design\/wp-content\/uploads\/2019\/01\/RG7N8SV-1920x2880.jpg","banner-width":1920,"banner-height":2880,"block":"https:\/\/int.design\/wp-content\/uploads\/2019\/01\/RG7N8SV-900x680.jpg","block-width":900,"block-height":680,"card":"https:\/\/int.design\/wp-content\/uploads\/2019\/01\/RG7N8SV-560x495.jpg","card-width":560,"card-height":495,"card-thumbnail":"https:\/\/int.design\/wp-content\/uploads\/2019\/01\/RG7N8SV-450x340.jpg","card-thumbnail-width":450,"card-thumbnail-height":340,"conference":"https:\/\/int.design\/wp-content\/uploads\/2019\/01\/RG7N8SV-560x250.jpg","conference-width":560,"conference-height":250,"contest":"https:\/\/int.design\/wp-content\/uploads\/2019\/01\/RG7N8SV-960x400.jpg","contest-width":960,"contest-height":400,"cta":"https:\/\/int.design\/wp-content\/uploads\/2019\/01\/RG7N8SV-415x170.jpg","cta-width":415,"cta-height":170,"exhibitor":"https:\/\/int.design\/wp-content\/uploads\/2019\/01\/RG7N8SV-560x560.jpg","exhibitor-width":560,"exhibitor-height":560,"gallery":"https:\/\/int.design\/wp-content\/uploads\/2019\/01\/RG7N8SV-287x430.jpg","gallery-width":287,"gallery-height":430,"logo":"https:\/\/int.design\/wp-content\/uploads\/2019\/01\/RG7N8SV-67x100.jpg","logo-width":67,"logo-height":100,"masonry":"https:\/\/int.design\/wp-content\/uploads\/2019\/01\/RG7N8SV-550x825.jpg","masonry-width":550,"masonry-height":825,"modal":"https:\/\/int.design\/wp-content\/uploads\/2019\/01\/RG7N8SV-1280x1920.jpg","modal-width":1280,"modal-height":1920,"number":"https:\/\/int.design\/wp-content\/uploads\/2019\/01\/RG7N8SV-287x430.jpg","number-width":287,"number-height":430,"partner":"https:\/\/int.design\/wp-content\/uploads\/2019\/01\/RG7N8SV-140x210.jpg","partner-width":140,"partner-height":210,"ranking":"https:\/\/int.design\/wp-content\/uploads\/2019\/01\/RG7N8SV-960x540.jpg","ranking-width":960,"ranking-height":540,"schedule":"https:\/\/int.design\/wp-content\/uploads\/2019\/01\/RG7N8SV-960x360.jpg","schedule-width":960,"schedule-height":360,"slideshow":"https:\/\/int.design\/wp-content\/uploads\/2019\/01\/RG7N8SV-453x680.jpg","slideshow-width":453,"slideshow-height":680}},"attachment_category":{"113":"Salle \u00e0 manger"},"credit":""},{"image":{"ID":15618,"id":15618,"title":"R\u00e9sidence Lac Ouimet Dupont Blouin Architectes","filename":"RG7N8SK-scaled.jpg","filesize":0,"url":"https:\/\/int.design\/wp-content\/uploads\/2019\/01\/RG7N8SK-scaled.jpg","link":"https:\/\/int.design\/en\/projects\/residence-lac-ouimet\/residence-lac-ouimet-dupont-blouin-architectes\/","alt":"","author":"6","description":"","caption":"R\u00e9sidence Lac Ouimet \r\nDupont Blouin Architectes","name":"residence-lac-ouimet-dupont-blouin-architectes","status":"inherit","uploaded_to":5475,"date":"2020-09-02 19:35:32","modified":"2020-10-12 15:33:26","menu_order":0,"mime_type":"image\/jpeg","type":"image","subtype":"jpeg","icon":"https:\/\/int.design\/wp-includes\/images\/media\/default.png","width":1708,"height":2560,"sizes":{"thumbnail":"https:\/\/int.design\/wp-content\/uploads\/2019\/01\/RG7N8SK-150x150.jpg","thumbnail-width":150,"thumbnail-height":150,"medium":"https:\/\/int.design\/wp-content\/uploads\/2019\/01\/RG7N8SK-200x300.jpg","medium-width":200,"medium-height":300,"medium_large":"https:\/\/int.design\/wp-content\/uploads\/2019\/01\/RG7N8SK-768x1151.jpg","medium_large-width":768,"medium_large-height":1151,"large":"https:\/\/int.design\/wp-content\/uploads\/2019\/01\/RG7N8SK-683x1024.jpg","large-width":683,"large-height":1024,"1536x1536":"https:\/\/int.design\/wp-content\/uploads\/2019\/01\/RG7N8SK-1025x1536.jpg","1536x1536-width":1025,"1536x1536-height":1536,"2048x2048":"https:\/\/int.design\/wp-content\/uploads\/2019\/01\/RG7N8SK-1366x2048.jpg","2048x2048-width":1366,"2048x2048-height":2048,"article":"https:\/\/int.design\/wp-content\/uploads\/2019\/01\/RG7N8SK-960x540.jpg","article-width":960,"article-height":540,"banner":"https:\/\/int.design\/wp-content\/uploads\/2019\/01\/RG7N8SK-1920x2879.jpg","banner-width":1920,"banner-height":2879,"block":"https:\/\/int.design\/wp-content\/uploads\/2019\/01\/RG7N8SK-900x680.jpg","block-width":900,"block-height":680,"card":"https:\/\/int.design\/wp-content\/uploads\/2019\/01\/RG7N8SK-560x495.jpg","card-width":560,"card-height":495,"card-thumbnail":"https:\/\/int.design\/wp-content\/uploads\/2019\/01\/RG7N8SK-450x340.jpg","card-thumbnail-width":450,"card-thumbnail-height":340,"conference":"https:\/\/int.design\/wp-content\/uploads\/2019\/01\/RG7N8SK-560x250.jpg","conference-width":560,"conference-height":250,"contest":"https:\/\/int.design\/wp-content\/uploads\/2019\/01\/RG7N8SK-960x400.jpg","contest-width":960,"contest-height":400,"cta":"https:\/\/int.design\/wp-content\/uploads\/2019\/01\/RG7N8SK-415x170.jpg","cta-width":415,"cta-height":170,"exhibitor":"https:\/\/int.design\/wp-content\/uploads\/2019\/01\/RG7N8SK-560x560.jpg","exhibitor-width":560,"exhibitor-height":560,"gallery":"https:\/\/int.design\/wp-content\/uploads\/2019\/01\/RG7N8SK-287x430.jpg","gallery-width":287,"gallery-height":430,"logo":"https:\/\/int.design\/wp-content\/uploads\/2019\/01\/RG7N8SK-67x100.jpg","logo-width":67,"logo-height":100,"masonry":"https:\/\/int.design\/wp-content\/uploads\/2019\/01\/RG7N8SK-550x825.jpg","masonry-width":550,"masonry-height":825,"modal":"https:\/\/int.design\/wp-content\/uploads\/2019\/01\/RG7N8SK-1281x1920.jpg","modal-width":1281,"modal-height":1920,"number":"https:\/\/int.design\/wp-content\/uploads\/2019\/01\/RG7N8SK-287x430.jpg","number-width":287,"number-height":430,"partner":"https:\/\/int.design\/wp-content\/uploads\/2019\/01\/RG7N8SK-140x210.jpg","partner-width":140,"partner-height":210,"ranking":"https:\/\/int.design\/wp-content\/uploads\/2019\/01\/RG7N8SK-960x540.jpg","ranking-width":960,"ranking-height":540,"schedule":"https:\/\/int.design\/wp-content\/uploads\/2019\/01\/RG7N8SK-960x360.jpg","schedule-width":960,"schedule-height":360,"slideshow":"https:\/\/int.design\/wp-content\/uploads\/2019\/01\/RG7N8SK-454x680.jpg","slideshow-width":454,"slideshow-height":680}},"attachment_category":[],"credit":""},{"image":{"ID":15610,"id":15610,"title":"RG7N8S~L","filename":"RG7N8SL-scaled.jpg","filesize":0,"url":"https:\/\/int.design\/wp-content\/uploads\/2019\/01\/RG7N8SL-scaled.jpg","link":"https:\/\/int.design\/en\/projects\/residence-lac-ouimet\/rg7n8sl\/","alt":"","author":"6","description":"","caption":"","name":"rg7n8sl","status":"inherit","uploaded_to":5475,"date":"2020-09-02 19:34:59","modified":"2020-10-12 15:33:53","menu_order":0,"mime_type":"image\/jpeg","type":"image","subtype":"jpeg","icon":"https:\/\/int.design\/wp-includes\/images\/media\/default.png","width":1708,"height":2560,"sizes":{"thumbnail":"https:\/\/int.design\/wp-content\/uploads\/2019\/01\/RG7N8SL-150x150.jpg","thumbnail-width":150,"thumbnail-height":150,"medium":"https:\/\/int.design\/wp-content\/uploads\/2019\/01\/RG7N8SL-200x300.jpg","medium-width":200,"medium-height":300,"medium_large":"https:\/\/int.design\/wp-content\/uploads\/2019\/01\/RG7N8SL-768x1151.jpg","medium_large-width":768,"medium_large-height":1151,"large":"https:\/\/int.design\/wp-content\/uploads\/2019\/01\/RG7N8SL-683x1024.jpg","large-width":683,"large-height":1024,"1536x1536":"https:\/\/int.design\/wp-content\/uploads\/2019\/01\/RG7N8SL-1025x1536.jpg","1536x1536-width":1025,"1536x1536-height":1536,"2048x2048":"https:\/\/int.design\/wp-content\/uploads\/2019\/01\/RG7N8SL-1366x2048.jpg","2048x2048-width":1366,"2048x2048-height":2048,"article":"https:\/\/int.design\/wp-content\/uploads\/2019\/01\/RG7N8SL-960x540.jpg","article-width":960,"article-height":540,"banner":"https:\/\/int.design\/wp-content\/uploads\/2019\/01\/RG7N8SL-1920x2879.jpg","banner-width":1920,"banner-height":2879,"block":"https:\/\/int.design\/wp-content\/uploads\/2019\/01\/RG7N8SL-900x680.jpg","block-width":900,"block-height":680,"card":"https:\/\/int.design\/wp-content\/uploads\/2019\/01\/RG7N8SL-560x495.jpg","card-width":560,"card-height":495,"card-thumbnail":"https:\/\/int.design\/wp-content\/uploads\/2019\/01\/RG7N8SL-450x340.jpg","card-thumbnail-width":450,"card-thumbnail-height":340,"conference":"https:\/\/int.design\/wp-content\/uploads\/2019\/01\/RG7N8SL-560x250.jpg","conference-width":560,"conference-height":250,"contest":"https:\/\/int.design\/wp-content\/uploads\/2019\/01\/RG7N8SL-960x400.jpg","contest-width":960,"contest-height":400,"cta":"https:\/\/int.design\/wp-content\/uploads\/2019\/01\/RG7N8SL-415x170.jpg","cta-width":415,"cta-height":170,"exhibitor":"https:\/\/int.design\/wp-content\/uploads\/2019\/01\/RG7N8SL-560x560.jpg","exhibitor-width":560,"exhibitor-height":560,"gallery":"https:\/\/int.design\/wp-content\/uploads\/2019\/01\/RG7N8SL-287x430.jpg","gallery-width":287,"gallery-height":430,"logo":"https:\/\/int.design\/wp-content\/uploads\/2019\/01\/RG7N8SL-67x100.jpg","logo-width":67,"logo-height":100,"masonry":"https:\/\/int.design\/wp-content\/uploads\/2019\/01\/RG7N8SL-550x825.jpg","masonry-width":550,"masonry-height":825,"modal":"https:\/\/int.design\/wp-content\/uploads\/2019\/01\/RG7N8SL-1281x1920.jpg","modal-width":1281,"modal-height":1920,"number":"https:\/\/int.design\/wp-content\/uploads\/2019\/01\/RG7N8SL-287x430.jpg","number-width":287,"number-height":430,"partner":"https:\/\/int.design\/wp-content\/uploads\/2019\/01\/RG7N8SL-140x210.jpg","partner-width":140,"partner-height":210,"ranking":"https:\/\/int.design\/wp-content\/uploads\/2019\/01\/RG7N8SL-960x540.jpg","ranking-width":960,"ranking-height":540,"schedule":"https:\/\/int.design\/wp-content\/uploads\/2019\/01\/RG7N8SL-960x360.jpg","schedule-width":960,"schedule-height":360,"slideshow":"https:\/\/int.design\/wp-content\/uploads\/2019\/01\/RG7N8SL-454x680.jpg","slideshow-width":454,"slideshow-height":680}},"attachment_category":[],"credit":""}],"mandatory_documents":false,"optional_documents":false,"web_text":{"fr":"","en":"","original":""},"jury_text":false,"different_jury_text":false,"different_category_text":false},"laureats":[],"contest_id":"1808","contest_title":"GRANDS PRIX DU DESIGN - 12th edition","firms":[],"user":{"email":"old_edition@agencepid.com","first_name":"Old Edition","last_name":"Participant"},"doc_texts_web":{"fr":"<p>\u00c2g\u00e9 de plus d\u2019un demi-si\u00e8cle, ce chalet subit une importante cure de rajeunissement. Il est l\u2019objet d\u2019une r\u00e9novation \u00e9l\u00e9gante qui, tout en respectant l\u2019architecture d\u2019origine, propose une intervention empreinte d\u2019ouverture et de modernit\u00e9. Le mur ext\u00e9rieur de la cuisine et de la salle \u00e0 manger est maintenant presque enti\u00e8rement ouvert sur le paysage ext\u00e9rieur, b\u00e9n\u00e9ficiant de grandes surfaces vitr\u00e9es. L\u2019int\u00e9rieur est d\u00e9fini par un harmonieux m\u00e9lange de surfaces claires et sombres, avec entre autres les armoires en ch\u00eane p\u00e2le recouvertes de comptoirs en granite noir. Le plancher, refait en c\u00e9ramique, contribue \u00e0 mettre en \u00e9vidence le mur de pierres des champs d\u2019origine, qui termine l\u2019espace en douceur.<\/p>\n<p>Les mat\u00e9riaux qui font r\u00e9f\u00e9rence \u00e0 la nature et leur int\u00e9gration dans l\u2019architecture ont s\u00e9duit le jury. Le mur de pierre apporte un contraste avec les autres mat\u00e9riaux plus \u00ab\u00a0doux\u00a0\u00bb. Cependant, les espaces s\u2019interp\u00e9n\u00e8trent pour constituer un am\u00e9nagement r\u00e9ellement fluide, dans lequel la cuisine est parfaitement \u00e0 sa place et fait partie int\u00e9grante de l\u2019espace. Une r\u00e9ussite en tous points.<\/p>\n","en":"<p>Over a half-century old, this cottage is undergoing a major facelift. It is the object of an elegant renovation that, while sensitive to the original architecture, represents an open and modern intervention. The external wall of the kitchen and dining room is now almost entirely open onto the landscape, thanks to abundant fenestration. The interior is defined by a harmonious contrasting of light and dark surfaces, among them pale oak cabinets and black granite countertops. The floor, redone in ceramic tiles, helps set off the wall made from stones cleared from the original landscape, which gently rounds out the space.<\/p>\n<p>The materials that reference nature and their integration into the architecture seduced the jury. The stone wall creates a contrast with the other, \u201csofter\u201d materials. However, the spaces penetrate one another to form a truly fluid interior arrangement, in which the kitchen is right where it belongs and is an integral part of the space. A success from all standpoints,<\/p>\n"},"permalinks":{"fr":"https:\/\/int.design\/fr\/projets\/residence-lac-ouimet\/","en":"https:\/\/int.design\/en\/projects\/residence-lac-ouimet\/"},"titles":{"fr":"R\u00e9sidence Lac Ouimet","en":"R\u00e9sidence Lac Ouimet"},"wp_fields":{"informations":{"fr":[{"content_type":"text","title":"Design","content":"Dupont Blouin architectes","link":null},{"content_type":"text","title":"Cat\u00e9gorie","content":"Prix Cuisine","link":null},{"content_type":"text","title":"Site web","content":"dupontblouin.ca","link":null}],"en":[{"content_type":"text","title":"Design","content":"Dupont Blouin architectes","link":null},{"content_type":"text","title":"Category","content":"Prix Cuisine","link":null},{"content_type":"text","title":"Website","content":"dupontblouin.ca","link":null}]}},"laravel_id":""},"_links":{"self":[{"href":"https:\/\/int.design\/en\/wp-json\/wp\/v2\/project\/5475","targetHints":{"allow":["GET"]}}],"collection":[{"href":"https:\/\/int.design\/en\/wp-json\/wp\/v2\/project"}],"about":[{"href":"https:\/\/int.design\/en\/wp-json\/wp\/v2\/types\/project"}],"wp:attachment":[{"href":"https:\/\/int.design\/en\/wp-json\/wp\/v2\/media?parent=5475"}],"curies":[{"name":"wp","href":"https:\/\/api.w.org\/{rel}","templated":true}]}}