{"id":5469,"date":"2019-01-11T22:31:19","date_gmt":"2019-01-12T03:31:19","guid":{"rendered":"https:\/\/int.design\/projets\/avril-supermarche-sante-centre-laval\/"},"modified":"2020-09-02T15:57:31","modified_gmt":"2020-09-02T19:57:31","slug":"avril-supermarche-sante-centre-laval","status":"publish","type":"project","link":"https:\/\/int.design\/en\/projects\/avril-supermarche-sante-centre-laval\/","title":{"rendered":"Avril supermarch\u00e9 sant\u00e9 \u2013 Centre Laval"},"content":{"rendered":"<p>The Centre Laval\u2019s Avril health food supermarket caters to North Shore customers, inviting them on a sensory grocery shopping experience. \u00c6difica designed a space where authenticity and quality produce are the main highlights.<\/p>\n<p>The customer experience includes different elements recalling the origin of the produce and producers, while providing insight into local, organic and responsible grocery shopping. This approach is seen in the thoughtful integration of the CultiGo automated vertical agriculture platform by Inno-3B, allowing you to grow young plants year round. Designed by CS Design, the lighting is in perfect harmony with the wooden furniture. The indirect and diffused lighting defines the market space. The central and convivial gourmet zone invites guests in for a healthy meal, while the library corner adds substance to an insightful shopping experience.<\/p>\n<p>The jury saw, in this project, nothing less than a revolution for supermarkets. It rewarded the project for its audacity, mastery of lighting and functionality.<\/p>\n","protected":false},"template":"","class_list":["post-5469","project","type-project","status-publish","hentry"],"acf":[],"yoast_head":"<!-- This site is optimized with the Yoast SEO plugin v21.5 - https:\/\/yoast.com\/wordpress\/plugins\/seo\/ -->\n<title>Avril supermarch\u00e9 sant\u00e9 \u2013 Centre Laval - INT Design<\/title>\n<meta name=\"robots\" content=\"index, follow, max-snippet:-1, max-image-preview:large, max-video-preview:-1\" \/>\n<link rel=\"canonical\" href=\"https:\/\/int.design\/en\/projects\/avril-supermarche-sante-centre-laval\/\" \/>\n<meta property=\"og:locale\" content=\"en_US\" \/>\n<meta property=\"og:type\" content=\"article\" \/>\n<meta property=\"og:title\" content=\"Avril supermarch\u00e9 sant\u00e9 \u2013 Centre Laval - INT Design\" \/>\n<meta property=\"og:description\" content=\"The Centre Laval\u2019s Avril health food supermarket caters to North Shore customers, inviting them on a sensory grocery shopping experience. \u00c6difica designed a space where authenticity and quality produce are the main highlights. The customer experience includes different elements recalling the origin of the produce and producers, while providing insight into local, organic and responsible &hellip; Continued\" \/>\n<meta property=\"og:url\" content=\"https:\/\/int.design\/en\/projects\/avril-supermarche-sante-centre-laval\/\" \/>\n<meta property=\"og:site_name\" content=\"INT Design\" \/>\n<meta property=\"article:modified_time\" content=\"2020-09-02T19:57:31+00:00\" \/>\n<meta name=\"twitter:card\" content=\"summary_large_image\" \/>\n<meta name=\"twitter:label1\" content=\"Est. reading time\" \/>\n\t<meta name=\"twitter:data1\" content=\"1 minute\" \/>\n<script type=\"application\/ld+json\" class=\"yoast-schema-graph\">{\"@context\":\"https:\/\/schema.org\",\"@graph\":[{\"@type\":\"WebPage\",\"@id\":\"https:\/\/int.design\/en\/projects\/avril-supermarche-sante-centre-laval\/\",\"url\":\"https:\/\/int.design\/en\/projects\/avril-supermarche-sante-centre-laval\/\",\"name\":\"Avril supermarch\u00e9 sant\u00e9 \u2013 Centre Laval - INT Design\",\"isPartOf\":{\"@id\":\"https:\/\/int.design\/fr\/#website\"},\"datePublished\":\"2019-01-12T03:31:19+00:00\",\"dateModified\":\"2020-09-02T19:57:31+00:00\",\"breadcrumb\":{\"@id\":\"https:\/\/int.design\/en\/projects\/avril-supermarche-sante-centre-laval\/#breadcrumb\"},\"inLanguage\":\"en-US\",\"potentialAction\":[{\"@type\":\"ReadAction\",\"target\":[\"https:\/\/int.design\/en\/projects\/avril-supermarche-sante-centre-laval\/\"]}]},{\"@type\":\"BreadcrumbList\",\"@id\":\"https:\/\/int.design\/en\/projects\/avril-supermarche-sante-centre-laval\/#breadcrumb\",\"itemListElement\":[{\"@type\":\"ListItem\",\"position\":1,\"name\":\"Home\",\"item\":\"https:\/\/int.design\/en\/\"},{\"@type\":\"ListItem\",\"position\":2,\"name\":\"Projects\",\"item\":\"https:\/\/int.design\/en\/projects\/\"},{\"@type\":\"ListItem\",\"position\":3,\"name\":\"Avril supermarch\u00e9 sant\u00e9 \u2013 Centre Laval\"}]},{\"@type\":\"WebSite\",\"@id\":\"https:\/\/int.design\/fr\/#website\",\"url\":\"https:\/\/int.design\/fr\/\",\"name\":\"INT Design\",\"description\":\"\",\"potentialAction\":[{\"@type\":\"SearchAction\",\"target\":{\"@type\":\"EntryPoint\",\"urlTemplate\":\"https:\/\/int.design\/fr\/?s={search_term_string}\"},\"query-input\":\"required name=search_term_string\"}],\"inLanguage\":\"en-US\"}]}<\/script>\n<!-- \/ Yoast SEO plugin. -->","yoast_head_json":{"title":"Avril supermarch\u00e9 sant\u00e9 \u2013 Centre Laval - INT Design","robots":{"index":"index","follow":"follow","max-snippet":"max-snippet:-1","max-image-preview":"max-image-preview:large","max-video-preview":"max-video-preview:-1"},"canonical":"https:\/\/int.design\/en\/projects\/avril-supermarche-sante-centre-laval\/","og_locale":"en_US","og_type":"article","og_title":"Avril supermarch\u00e9 sant\u00e9 \u2013 Centre Laval - INT Design","og_description":"The Centre Laval\u2019s Avril health food supermarket caters to North Shore customers, inviting them on a sensory grocery shopping experience. \u00c6difica designed a space where authenticity and quality produce are the main highlights. The customer experience includes different elements recalling the origin of the produce and producers, while providing insight into local, organic and responsible &hellip; Continued","og_url":"https:\/\/int.design\/en\/projects\/avril-supermarche-sante-centre-laval\/","og_site_name":"INT Design","article_modified_time":"2020-09-02T19:57:31+00:00","twitter_card":"summary_large_image","twitter_misc":{"Est. reading time":"1 minute"},"schema":{"@context":"https:\/\/schema.org","@graph":[{"@type":"WebPage","@id":"https:\/\/int.design\/en\/projects\/avril-supermarche-sante-centre-laval\/","url":"https:\/\/int.design\/en\/projects\/avril-supermarche-sante-centre-laval\/","name":"Avril supermarch\u00e9 sant\u00e9 \u2013 Centre Laval - INT Design","isPartOf":{"@id":"https:\/\/int.design\/fr\/#website"},"datePublished":"2019-01-12T03:31:19+00:00","dateModified":"2020-09-02T19:57:31+00:00","breadcrumb":{"@id":"https:\/\/int.design\/en\/projects\/avril-supermarche-sante-centre-laval\/#breadcrumb"},"inLanguage":"en-US","potentialAction":[{"@type":"ReadAction","target":["https:\/\/int.design\/en\/projects\/avril-supermarche-sante-centre-laval\/"]}]},{"@type":"BreadcrumbList","@id":"https:\/\/int.design\/en\/projects\/avril-supermarche-sante-centre-laval\/#breadcrumb","itemListElement":[{"@type":"ListItem","position":1,"name":"Home","item":"https:\/\/int.design\/en\/"},{"@type":"ListItem","position":2,"name":"Projects","item":"https:\/\/int.design\/en\/projects\/"},{"@type":"ListItem","position":3,"name":"Avril supermarch\u00e9 sant\u00e9 \u2013 Centre Laval"}]},{"@type":"WebSite","@id":"https:\/\/int.design\/fr\/#website","url":"https:\/\/int.design\/fr\/","name":"INT Design","description":"","potentialAction":[{"@type":"SearchAction","target":{"@type":"EntryPoint","urlTemplate":"https:\/\/int.design\/fr\/?s={search_term_string}"},"query-input":"required name=search_term_string"}],"inLanguage":"en-US"}]}},"entry":{"cats":{"disciplines":[],"big_cats":[],"sub_cats":[]},"entry":{"":null,"status":"completed","winner_title":"","winner_prize_lang":"","title_translatable":false,"title_en":"","title_fr":"","releve_award":false,"releve_award_cv":false,"collaboration":false,"collaboration_firms":false,"other_firms":false,"owner":{"name":"","confidential":false,"website":"","contact_name":"","email":"","phone":""},"address":{"address":"","city":"","region":"","province":"","country":"","postal_code":""},"logos":false,"use_logo":false,"designers":false,"cover":false,"images":[{"image":{"ID":5297,"id":5297,"title":"sitewebavril_laval_2-4_13-1_aedifica_olivier-blouin_hr_02_1619x1080.jpg","filename":"sitewebavril_laval_2-4_13-1_aedifica_olivier-blouin_hr_02_1619x1080.jpg","filesize":0,"url":"https:\/\/d2q6z78khxmx42.cloudfront.net\/2019\/01\/sitewebavril_laval_2-4_13-1_aedifica_olivier-blouin_hr_02_1619x1080.jpg","link":"https:\/\/int.design\/en\/sitewebavril_laval_2-4_13-1_aedifica_olivier-blouin_hr_02_1619x1080-jpg\/","alt":"","author":"8","description":"","caption":"","name":"sitewebavril_laval_2-4_13-1_aedifica_olivier-blouin_hr_02_1619x1080-jpg","status":"inherit","uploaded_to":0,"date":"2020-04-06 04:47:04","modified":"2020-09-27 22:54:01","menu_order":0,"mime_type":"image\/jpeg","type":"image","subtype":"jpeg","icon":"https:\/\/int.design\/wp-includes\/images\/media\/default.png","width":1619,"height":1080,"sizes":{"thumbnail":"https:\/\/d2q6z78khxmx42.cloudfront.net\/2019\/01\/sitewebavril_laval_2-4_13-1_aedifica_olivier-blouin_hr_02_1619x1080-150x150.jpg","thumbnail-width":150,"thumbnail-height":150,"medium":"https:\/\/d2q6z78khxmx42.cloudfront.net\/2019\/01\/sitewebavril_laval_2-4_13-1_aedifica_olivier-blouin_hr_02_1619x1080-300x200.jpg","medium-width":300,"medium-height":200,"medium_large":"https:\/\/d2q6z78khxmx42.cloudfront.net\/2019\/01\/sitewebavril_laval_2-4_13-1_aedifica_olivier-blouin_hr_02_1619x1080-768x512.jpg","medium_large-width":768,"medium_large-height":512,"large":"https:\/\/d2q6z78khxmx42.cloudfront.net\/2019\/01\/sitewebavril_laval_2-4_13-1_aedifica_olivier-blouin_hr_02_1619x1080-1024x683.jpg","large-width":1024,"large-height":683,"1536x1536":"https:\/\/d2q6z78khxmx42.cloudfront.net\/2019\/01\/sitewebavril_laval_2-4_13-1_aedifica_olivier-blouin_hr_02_1619x1080-1536x1025.jpg","1536x1536-width":1536,"1536x1536-height":1025,"2048x2048":"https:\/\/d2q6z78khxmx42.cloudfront.net\/2019\/01\/sitewebavril_laval_2-4_13-1_aedifica_olivier-blouin_hr_02_1619x1080.jpg","2048x2048-width":1619,"2048x2048-height":1080,"article":"https:\/\/d2q6z78khxmx42.cloudfront.net\/2019\/01\/sitewebavril_laval_2-4_13-1_aedifica_olivier-blouin_hr_02_1619x1080-960x540.jpg","article-width":960,"article-height":540,"banner":"https:\/\/d2q6z78khxmx42.cloudfront.net\/2019\/01\/sitewebavril_laval_2-4_13-1_aedifica_olivier-blouin_hr_02_1619x1080.jpg","banner-width":1619,"banner-height":1080,"block":"https:\/\/d2q6z78khxmx42.cloudfront.net\/2019\/01\/sitewebavril_laval_2-4_13-1_aedifica_olivier-blouin_hr_02_1619x1080-900x680.jpg","block-width":900,"block-height":680,"card":"https:\/\/d2q6z78khxmx42.cloudfront.net\/2019\/01\/sitewebavril_laval_2-4_13-1_aedifica_olivier-blouin_hr_02_1619x1080-560x495.jpg","card-width":560,"card-height":495,"card-thumbnail":"https:\/\/d2q6z78khxmx42.cloudfront.net\/2019\/01\/sitewebavril_laval_2-4_13-1_aedifica_olivier-blouin_hr_02_1619x1080-450x340.jpg","card-thumbnail-width":450,"card-thumbnail-height":340,"conference":"https:\/\/d2q6z78khxmx42.cloudfront.net\/2019\/01\/sitewebavril_laval_2-4_13-1_aedifica_olivier-blouin_hr_02_1619x1080-560x250.jpg","conference-width":560,"conference-height":250,"contest":"https:\/\/d2q6z78khxmx42.cloudfront.net\/2019\/01\/sitewebavril_laval_2-4_13-1_aedifica_olivier-blouin_hr_02_1619x1080-960x400.jpg","contest-width":960,"contest-height":400,"cta":"https:\/\/d2q6z78khxmx42.cloudfront.net\/2019\/01\/sitewebavril_laval_2-4_13-1_aedifica_olivier-blouin_hr_02_1619x1080-415x170.jpg","cta-width":415,"cta-height":170,"exhibitor":"https:\/\/d2q6z78khxmx42.cloudfront.net\/2019\/01\/sitewebavril_laval_2-4_13-1_aedifica_olivier-blouin_hr_02_1619x1080-560x560.jpg","exhibitor-width":560,"exhibitor-height":560,"gallery":"https:\/\/d2q6z78khxmx42.cloudfront.net\/2019\/01\/sitewebavril_laval_2-4_13-1_aedifica_olivier-blouin_hr_02_1619x1080-560x374.jpg","gallery-width":560,"gallery-height":374,"logo":"https:\/\/d2q6z78khxmx42.cloudfront.net\/2019\/01\/sitewebavril_laval_2-4_13-1_aedifica_olivier-blouin_hr_02_1619x1080-150x100.jpg","logo-width":150,"logo-height":100,"masonry":"https:\/\/d2q6z78khxmx42.cloudfront.net\/2019\/01\/sitewebavril_laval_2-4_13-1_aedifica_olivier-blouin_hr_02_1619x1080-550x367.jpg","masonry-width":550,"masonry-height":367,"modal":"https:\/\/d2q6z78khxmx42.cloudfront.net\/2019\/01\/sitewebavril_laval_2-4_13-1_aedifica_olivier-blouin_hr_02_1619x1080.jpg","modal-width":1619,"modal-height":1080,"number":"https:\/\/d2q6z78khxmx42.cloudfront.net\/2019\/01\/KhY0K7WR-sitewebavril_laval_2-4_13-1_aedifica_olivier-blouin_hr_02_1619x1080-560x374.jpg","number-width":560,"number-height":374,"partner":"https:\/\/d2q6z78khxmx42.cloudfront.net\/2019\/01\/sitewebavril_laval_2-4_13-1_aedifica_olivier-blouin_hr_02_1619x1080-275x183.jpg","partner-width":275,"partner-height":183,"ranking":"https:\/\/d2q6z78khxmx42.cloudfront.net\/2019\/01\/KhY0K7WR-sitewebavril_laval_2-4_13-1_aedifica_olivier-blouin_hr_02_1619x1080-960x540.jpg","ranking-width":960,"ranking-height":540,"schedule":"https:\/\/d2q6z78khxmx42.cloudfront.net\/2019\/01\/sitewebavril_laval_2-4_13-1_aedifica_olivier-blouin_hr_02_1619x1080-960x360.jpg","schedule-width":960,"schedule-height":360,"slideshow":"https:\/\/d2q6z78khxmx42.cloudfront.net\/2019\/01\/sitewebavril_laval_2-4_13-1_aedifica_olivier-blouin_hr_02_1619x1080-1019x680.jpg","slideshow-width":1019,"slideshow-height":680}},"attachment_category":{"104":"Restaurant\/caf\u00e9\/bar"},"credit":""},{"image":{"ID":5298,"id":5298,"title":"sitewebavril_laval_2-4_13-1_aedifica_olivier-blouin_hr_03_720x1080.jpg","filename":"sitewebavril_laval_2-4_13-1_aedifica_olivier-blouin_hr_03_720x1080.jpg","filesize":0,"url":"https:\/\/d2q6z78khxmx42.cloudfront.net\/2019\/01\/sitewebavril_laval_2-4_13-1_aedifica_olivier-blouin_hr_03_720x1080.jpg","link":"https:\/\/int.design\/en\/sitewebavril_laval_2-4_13-1_aedifica_olivier-blouin_hr_03_720x1080-jpg\/","alt":"","author":"8","description":"","caption":"","name":"sitewebavril_laval_2-4_13-1_aedifica_olivier-blouin_hr_03_720x1080-jpg","status":"inherit","uploaded_to":0,"date":"2020-04-06 04:47:05","modified":"2020-10-12 15:48:21","menu_order":0,"mime_type":"image\/jpeg","type":"image","subtype":"jpeg","icon":"https:\/\/int.design\/wp-includes\/images\/media\/default.png","width":720,"height":1080,"sizes":{"thumbnail":"https:\/\/d2q6z78khxmx42.cloudfront.net\/2019\/01\/sitewebavril_laval_2-4_13-1_aedifica_olivier-blouin_hr_03_720x1080-150x150.jpg","thumbnail-width":150,"thumbnail-height":150,"medium":"https:\/\/d2q6z78khxmx42.cloudfront.net\/2019\/01\/sitewebavril_laval_2-4_13-1_aedifica_olivier-blouin_hr_03_720x1080-200x300.jpg","medium-width":200,"medium-height":300,"medium_large":"https:\/\/d2q6z78khxmx42.cloudfront.net\/2019\/01\/sitewebavril_laval_2-4_13-1_aedifica_olivier-blouin_hr_03_720x1080.jpg","medium_large-width":720,"medium_large-height":1080,"large":"https:\/\/d2q6z78khxmx42.cloudfront.net\/2019\/01\/sitewebavril_laval_2-4_13-1_aedifica_olivier-blouin_hr_03_720x1080-683x1024.jpg","large-width":683,"large-height":1024,"1536x1536":"https:\/\/d2q6z78khxmx42.cloudfront.net\/2019\/01\/sitewebavril_laval_2-4_13-1_aedifica_olivier-blouin_hr_03_720x1080.jpg","1536x1536-width":720,"1536x1536-height":1080,"2048x2048":"https:\/\/d2q6z78khxmx42.cloudfront.net\/2019\/01\/sitewebavril_laval_2-4_13-1_aedifica_olivier-blouin_hr_03_720x1080.jpg","2048x2048-width":720,"2048x2048-height":1080,"article":"https:\/\/d2q6z78khxmx42.cloudfront.net\/2019\/01\/sitewebavril_laval_2-4_13-1_aedifica_olivier-blouin_hr_03_720x1080-720x540.jpg","article-width":720,"article-height":540,"banner":"https:\/\/d2q6z78khxmx42.cloudfront.net\/2019\/01\/sitewebavril_laval_2-4_13-1_aedifica_olivier-blouin_hr_03_720x1080.jpg","banner-width":720,"banner-height":1080,"block":"https:\/\/d2q6z78khxmx42.cloudfront.net\/2019\/01\/sitewebavril_laval_2-4_13-1_aedifica_olivier-blouin_hr_03_720x1080-720x680.jpg","block-width":720,"block-height":680,"card":"https:\/\/d2q6z78khxmx42.cloudfront.net\/2019\/01\/sitewebavril_laval_2-4_13-1_aedifica_olivier-blouin_hr_03_720x1080-560x495.jpg","card-width":560,"card-height":495,"card-thumbnail":"https:\/\/d2q6z78khxmx42.cloudfront.net\/2019\/01\/sitewebavril_laval_2-4_13-1_aedifica_olivier-blouin_hr_03_720x1080-450x340.jpg","card-thumbnail-width":450,"card-thumbnail-height":340,"conference":"https:\/\/d2q6z78khxmx42.cloudfront.net\/2019\/01\/sitewebavril_laval_2-4_13-1_aedifica_olivier-blouin_hr_03_720x1080-560x250.jpg","conference-width":560,"conference-height":250,"contest":"https:\/\/d2q6z78khxmx42.cloudfront.net\/2019\/01\/sitewebavril_laval_2-4_13-1_aedifica_olivier-blouin_hr_03_720x1080-720x400.jpg","contest-width":720,"contest-height":400,"cta":"https:\/\/d2q6z78khxmx42.cloudfront.net\/2019\/01\/sitewebavril_laval_2-4_13-1_aedifica_olivier-blouin_hr_03_720x1080-415x170.jpg","cta-width":415,"cta-height":170,"exhibitor":"https:\/\/d2q6z78khxmx42.cloudfront.net\/2019\/01\/sitewebavril_laval_2-4_13-1_aedifica_olivier-blouin_hr_03_720x1080-560x560.jpg","exhibitor-width":560,"exhibitor-height":560,"gallery":"https:\/\/d2q6z78khxmx42.cloudfront.net\/2019\/01\/sitewebavril_laval_2-4_13-1_aedifica_olivier-blouin_hr_03_720x1080-287x430.jpg","gallery-width":287,"gallery-height":430,"logo":"https:\/\/d2q6z78khxmx42.cloudfront.net\/2019\/01\/sitewebavril_laval_2-4_13-1_aedifica_olivier-blouin_hr_03_720x1080-67x100.jpg","logo-width":67,"logo-height":100,"masonry":"https:\/\/d2q6z78khxmx42.cloudfront.net\/2019\/01\/sitewebavril_laval_2-4_13-1_aedifica_olivier-blouin_hr_03_720x1080-550x825.jpg","masonry-width":550,"masonry-height":825,"modal":"https:\/\/d2q6z78khxmx42.cloudfront.net\/2019\/01\/sitewebavril_laval_2-4_13-1_aedifica_olivier-blouin_hr_03_720x1080.jpg","modal-width":720,"modal-height":1080,"number":"https:\/\/d2q6z78khxmx42.cloudfront.net\/2019\/01\/SwxsOod2-sitewebavril_laval_2-4_13-1_aedifica_olivier-blouin_hr_03_720x1080-287x430.jpg","number-width":287,"number-height":430,"partner":"https:\/\/d2q6z78khxmx42.cloudfront.net\/2019\/01\/sitewebavril_laval_2-4_13-1_aedifica_olivier-blouin_hr_03_720x1080-140x210.jpg","partner-width":140,"partner-height":210,"ranking":"https:\/\/d2q6z78khxmx42.cloudfront.net\/2019\/01\/SwxsOod2-sitewebavril_laval_2-4_13-1_aedifica_olivier-blouin_hr_03_720x1080-720x540.jpg","ranking-width":720,"ranking-height":540,"schedule":"https:\/\/d2q6z78khxmx42.cloudfront.net\/2019\/01\/sitewebavril_laval_2-4_13-1_aedifica_olivier-blouin_hr_03_720x1080-720x360.jpg","schedule-width":720,"schedule-height":360,"slideshow":"https:\/\/d2q6z78khxmx42.cloudfront.net\/2019\/01\/sitewebavril_laval_2-4_13-1_aedifica_olivier-blouin_hr_03_720x1080-453x680.jpg","slideshow-width":453,"slideshow-height":680}},"attachment_category":[],"credit":""},{"image":{"ID":5299,"id":5299,"title":"sitewebavril_laval_2-4_13-1_aedifica_olivier-blouin_hr_04_1619x1080.jpg","filename":"sitewebavril_laval_2-4_13-1_aedifica_olivier-blouin_hr_04_1619x1080.jpg","filesize":0,"url":"https:\/\/d2q6z78khxmx42.cloudfront.net\/2019\/01\/sitewebavril_laval_2-4_13-1_aedifica_olivier-blouin_hr_04_1619x1080.jpg","link":"https:\/\/int.design\/en\/sitewebavril_laval_2-4_13-1_aedifica_olivier-blouin_hr_04_1619x1080-jpg\/","alt":"","author":"8","description":"","caption":"","name":"sitewebavril_laval_2-4_13-1_aedifica_olivier-blouin_hr_04_1619x1080-jpg","status":"inherit","uploaded_to":0,"date":"2020-04-06 04:47:06","modified":"2020-10-12 15:47:56","menu_order":0,"mime_type":"image\/jpeg","type":"image","subtype":"jpeg","icon":"https:\/\/int.design\/wp-includes\/images\/media\/default.png","width":1619,"height":1080,"sizes":{"thumbnail":"https:\/\/d2q6z78khxmx42.cloudfront.net\/2019\/01\/sitewebavril_laval_2-4_13-1_aedifica_olivier-blouin_hr_04_1619x1080-150x150.jpg","thumbnail-width":150,"thumbnail-height":150,"medium":"https:\/\/d2q6z78khxmx42.cloudfront.net\/2019\/01\/sitewebavril_laval_2-4_13-1_aedifica_olivier-blouin_hr_04_1619x1080-300x200.jpg","medium-width":300,"medium-height":200,"medium_large":"https:\/\/d2q6z78khxmx42.cloudfront.net\/2019\/01\/sitewebavril_laval_2-4_13-1_aedifica_olivier-blouin_hr_04_1619x1080-768x512.jpg","medium_large-width":768,"medium_large-height":512,"large":"https:\/\/d2q6z78khxmx42.cloudfront.net\/2019\/01\/sitewebavril_laval_2-4_13-1_aedifica_olivier-blouin_hr_04_1619x1080-1024x683.jpg","large-width":1024,"large-height":683,"1536x1536":"https:\/\/d2q6z78khxmx42.cloudfront.net\/2019\/01\/sitewebavril_laval_2-4_13-1_aedifica_olivier-blouin_hr_04_1619x1080-1536x1025.jpg","1536x1536-width":1536,"1536x1536-height":1025,"2048x2048":"https:\/\/d2q6z78khxmx42.cloudfront.net\/2019\/01\/sitewebavril_laval_2-4_13-1_aedifica_olivier-blouin_hr_04_1619x1080.jpg","2048x2048-width":1619,"2048x2048-height":1080,"article":"https:\/\/d2q6z78khxmx42.cloudfront.net\/2019\/01\/sitewebavril_laval_2-4_13-1_aedifica_olivier-blouin_hr_04_1619x1080-960x540.jpg","article-width":960,"article-height":540,"banner":"https:\/\/d2q6z78khxmx42.cloudfront.net\/2019\/01\/sitewebavril_laval_2-4_13-1_aedifica_olivier-blouin_hr_04_1619x1080.jpg","banner-width":1619,"banner-height":1080,"block":"https:\/\/d2q6z78khxmx42.cloudfront.net\/2019\/01\/sitewebavril_laval_2-4_13-1_aedifica_olivier-blouin_hr_04_1619x1080-900x680.jpg","block-width":900,"block-height":680,"card":"https:\/\/d2q6z78khxmx42.cloudfront.net\/2019\/01\/sitewebavril_laval_2-4_13-1_aedifica_olivier-blouin_hr_04_1619x1080-560x495.jpg","card-width":560,"card-height":495,"card-thumbnail":"https:\/\/d2q6z78khxmx42.cloudfront.net\/2019\/01\/sitewebavril_laval_2-4_13-1_aedifica_olivier-blouin_hr_04_1619x1080-450x340.jpg","card-thumbnail-width":450,"card-thumbnail-height":340,"conference":"https:\/\/d2q6z78khxmx42.cloudfront.net\/2019\/01\/sitewebavril_laval_2-4_13-1_aedifica_olivier-blouin_hr_04_1619x1080-560x250.jpg","conference-width":560,"conference-height":250,"contest":"https:\/\/d2q6z78khxmx42.cloudfront.net\/2019\/01\/sitewebavril_laval_2-4_13-1_aedifica_olivier-blouin_hr_04_1619x1080-960x400.jpg","contest-width":960,"contest-height":400,"cta":"https:\/\/d2q6z78khxmx42.cloudfront.net\/2019\/01\/sitewebavril_laval_2-4_13-1_aedifica_olivier-blouin_hr_04_1619x1080-415x170.jpg","cta-width":415,"cta-height":170,"exhibitor":"https:\/\/d2q6z78khxmx42.cloudfront.net\/2019\/01\/sitewebavril_laval_2-4_13-1_aedifica_olivier-blouin_hr_04_1619x1080-560x560.jpg","exhibitor-width":560,"exhibitor-height":560,"gallery":"https:\/\/d2q6z78khxmx42.cloudfront.net\/2019\/01\/sitewebavril_laval_2-4_13-1_aedifica_olivier-blouin_hr_04_1619x1080-560x374.jpg","gallery-width":560,"gallery-height":374,"logo":"https:\/\/d2q6z78khxmx42.cloudfront.net\/2019\/01\/sitewebavril_laval_2-4_13-1_aedifica_olivier-blouin_hr_04_1619x1080-150x100.jpg","logo-width":150,"logo-height":100,"masonry":"https:\/\/d2q6z78khxmx42.cloudfront.net\/2019\/01\/sitewebavril_laval_2-4_13-1_aedifica_olivier-blouin_hr_04_1619x1080-550x367.jpg","masonry-width":550,"masonry-height":367,"modal":"https:\/\/d2q6z78khxmx42.cloudfront.net\/2019\/01\/sitewebavril_laval_2-4_13-1_aedifica_olivier-blouin_hr_04_1619x1080.jpg","modal-width":1619,"modal-height":1080,"number":"https:\/\/d2q6z78khxmx42.cloudfront.net\/2019\/01\/SSIRZ7RF-sitewebavril_laval_2-4_13-1_aedifica_olivier-blouin_hr_04_1619x1080-560x374.jpg","number-width":560,"number-height":374,"partner":"https:\/\/d2q6z78khxmx42.cloudfront.net\/2019\/01\/sitewebavril_laval_2-4_13-1_aedifica_olivier-blouin_hr_04_1619x1080-275x183.jpg","partner-width":275,"partner-height":183,"ranking":"https:\/\/d2q6z78khxmx42.cloudfront.net\/2019\/01\/SSIRZ7RF-sitewebavril_laval_2-4_13-1_aedifica_olivier-blouin_hr_04_1619x1080-960x540.jpg","ranking-width":960,"ranking-height":540,"schedule":"https:\/\/d2q6z78khxmx42.cloudfront.net\/2019\/01\/sitewebavril_laval_2-4_13-1_aedifica_olivier-blouin_hr_04_1619x1080-960x360.jpg","schedule-width":960,"schedule-height":360,"slideshow":"https:\/\/d2q6z78khxmx42.cloudfront.net\/2019\/01\/sitewebavril_laval_2-4_13-1_aedifica_olivier-blouin_hr_04_1619x1080-1019x680.jpg","slideshow-width":1019,"slideshow-height":680}},"attachment_category":[],"credit":""},{"image":{"ID":5300,"id":5300,"title":"sitewebavril_laval_2-4_13-1_aedifica_olivier-blouin_hr_05_720x1080.jpg","filename":"sitewebavril_laval_2-4_13-1_aedifica_olivier-blouin_hr_05_720x1080.jpg","filesize":0,"url":"https:\/\/d2q6z78khxmx42.cloudfront.net\/2019\/01\/sitewebavril_laval_2-4_13-1_aedifica_olivier-blouin_hr_05_720x1080.jpg","link":"https:\/\/int.design\/en\/sitewebavril_laval_2-4_13-1_aedifica_olivier-blouin_hr_05_720x1080-jpg\/","alt":"","author":"8","description":"","caption":"","name":"sitewebavril_laval_2-4_13-1_aedifica_olivier-blouin_hr_05_720x1080-jpg","status":"inherit","uploaded_to":0,"date":"2020-04-06 04:47:07","modified":"2020-09-27 22:53:12","menu_order":0,"mime_type":"image\/jpeg","type":"image","subtype":"jpeg","icon":"https:\/\/int.design\/wp-includes\/images\/media\/default.png","width":720,"height":1080,"sizes":{"thumbnail":"https:\/\/d2q6z78khxmx42.cloudfront.net\/2019\/01\/sitewebavril_laval_2-4_13-1_aedifica_olivier-blouin_hr_05_720x1080-150x150.jpg","thumbnail-width":150,"thumbnail-height":150,"medium":"https:\/\/d2q6z78khxmx42.cloudfront.net\/2019\/01\/sitewebavril_laval_2-4_13-1_aedifica_olivier-blouin_hr_05_720x1080-200x300.jpg","medium-width":200,"medium-height":300,"medium_large":"https:\/\/d2q6z78khxmx42.cloudfront.net\/2019\/01\/sitewebavril_laval_2-4_13-1_aedifica_olivier-blouin_hr_05_720x1080.jpg","medium_large-width":720,"medium_large-height":1080,"large":"https:\/\/d2q6z78khxmx42.cloudfront.net\/2019\/01\/sitewebavril_laval_2-4_13-1_aedifica_olivier-blouin_hr_05_720x1080-683x1024.jpg","large-width":683,"large-height":1024,"1536x1536":"https:\/\/d2q6z78khxmx42.cloudfront.net\/2019\/01\/sitewebavril_laval_2-4_13-1_aedifica_olivier-blouin_hr_05_720x1080.jpg","1536x1536-width":720,"1536x1536-height":1080,"2048x2048":"https:\/\/d2q6z78khxmx42.cloudfront.net\/2019\/01\/sitewebavril_laval_2-4_13-1_aedifica_olivier-blouin_hr_05_720x1080.jpg","2048x2048-width":720,"2048x2048-height":1080,"article":"https:\/\/d2q6z78khxmx42.cloudfront.net\/2019\/01\/sitewebavril_laval_2-4_13-1_aedifica_olivier-blouin_hr_05_720x1080-720x540.jpg","article-width":720,"article-height":540,"banner":"https:\/\/d2q6z78khxmx42.cloudfront.net\/2019\/01\/sitewebavril_laval_2-4_13-1_aedifica_olivier-blouin_hr_05_720x1080.jpg","banner-width":720,"banner-height":1080,"block":"https:\/\/d2q6z78khxmx42.cloudfront.net\/2019\/01\/sitewebavril_laval_2-4_13-1_aedifica_olivier-blouin_hr_05_720x1080-720x680.jpg","block-width":720,"block-height":680,"card":"https:\/\/d2q6z78khxmx42.cloudfront.net\/2019\/01\/sitewebavril_laval_2-4_13-1_aedifica_olivier-blouin_hr_05_720x1080-560x495.jpg","card-width":560,"card-height":495,"card-thumbnail":"https:\/\/d2q6z78khxmx42.cloudfront.net\/2019\/01\/sitewebavril_laval_2-4_13-1_aedifica_olivier-blouin_hr_05_720x1080-450x340.jpg","card-thumbnail-width":450,"card-thumbnail-height":340,"conference":"https:\/\/d2q6z78khxmx42.cloudfront.net\/2019\/01\/sitewebavril_laval_2-4_13-1_aedifica_olivier-blouin_hr_05_720x1080-560x250.jpg","conference-width":560,"conference-height":250,"contest":"https:\/\/d2q6z78khxmx42.cloudfront.net\/2019\/01\/sitewebavril_laval_2-4_13-1_aedifica_olivier-blouin_hr_05_720x1080-720x400.jpg","contest-width":720,"contest-height":400,"cta":"https:\/\/d2q6z78khxmx42.cloudfront.net\/2019\/01\/sitewebavril_laval_2-4_13-1_aedifica_olivier-blouin_hr_05_720x1080-415x170.jpg","cta-width":415,"cta-height":170,"exhibitor":"https:\/\/d2q6z78khxmx42.cloudfront.net\/2019\/01\/sitewebavril_laval_2-4_13-1_aedifica_olivier-blouin_hr_05_720x1080-560x560.jpg","exhibitor-width":560,"exhibitor-height":560,"gallery":"https:\/\/d2q6z78khxmx42.cloudfront.net\/2019\/01\/sitewebavril_laval_2-4_13-1_aedifica_olivier-blouin_hr_05_720x1080-287x430.jpg","gallery-width":287,"gallery-height":430,"logo":"https:\/\/d2q6z78khxmx42.cloudfront.net\/2019\/01\/sitewebavril_laval_2-4_13-1_aedifica_olivier-blouin_hr_05_720x1080-67x100.jpg","logo-width":67,"logo-height":100,"masonry":"https:\/\/d2q6z78khxmx42.cloudfront.net\/2019\/01\/sitewebavril_laval_2-4_13-1_aedifica_olivier-blouin_hr_05_720x1080-550x825.jpg","masonry-width":550,"masonry-height":825,"modal":"https:\/\/d2q6z78khxmx42.cloudfront.net\/2019\/01\/sitewebavril_laval_2-4_13-1_aedifica_olivier-blouin_hr_05_720x1080.jpg","modal-width":720,"modal-height":1080,"number":"https:\/\/d2q6z78khxmx42.cloudfront.net\/2019\/01\/XALpW5AI-sitewebavril_laval_2-4_13-1_aedifica_olivier-blouin_hr_05_720x1080-287x430.jpg","number-width":287,"number-height":430,"partner":"https:\/\/d2q6z78khxmx42.cloudfront.net\/2019\/01\/sitewebavril_laval_2-4_13-1_aedifica_olivier-blouin_hr_05_720x1080-140x210.jpg","partner-width":140,"partner-height":210,"ranking":"https:\/\/d2q6z78khxmx42.cloudfront.net\/2019\/01\/XALpW5AI-sitewebavril_laval_2-4_13-1_aedifica_olivier-blouin_hr_05_720x1080-720x540.jpg","ranking-width":720,"ranking-height":540,"schedule":"https:\/\/d2q6z78khxmx42.cloudfront.net\/2019\/01\/sitewebavril_laval_2-4_13-1_aedifica_olivier-blouin_hr_05_720x1080-720x360.jpg","schedule-width":720,"schedule-height":360,"slideshow":"https:\/\/d2q6z78khxmx42.cloudfront.net\/2019\/01\/sitewebavril_laval_2-4_13-1_aedifica_olivier-blouin_hr_05_720x1080-453x680.jpg","slideshow-width":453,"slideshow-height":680}},"attachment_category":{"558":"Alimentation"},"credit":""},{"image":{"ID":5301,"id":5301,"title":"sitewebavril_laval_2-4_13-1_aedifica_olivier-blouin_hr_01_1619x1080.jpg","filename":"sitewebavril_laval_2-4_13-1_aedifica_olivier-blouin_hr_01_1619x1080.jpg","filesize":0,"url":"https:\/\/d2q6z78khxmx42.cloudfront.net\/2019\/01\/sitewebavril_laval_2-4_13-1_aedifica_olivier-blouin_hr_01_1619x1080.jpg","link":"https:\/\/int.design\/en\/sitewebavril_laval_2-4_13-1_aedifica_olivier-blouin_hr_01_1619x1080-jpg\/","alt":"","author":"8","description":"","caption":"","name":"sitewebavril_laval_2-4_13-1_aedifica_olivier-blouin_hr_01_1619x1080-jpg","status":"inherit","uploaded_to":0,"date":"2020-04-06 04:47:08","modified":"2020-09-27 22:52:40","menu_order":0,"mime_type":"image\/jpeg","type":"image","subtype":"jpeg","icon":"https:\/\/int.design\/wp-includes\/images\/media\/default.png","width":1619,"height":1080,"sizes":{"thumbnail":"https:\/\/d2q6z78khxmx42.cloudfront.net\/2019\/01\/sitewebavril_laval_2-4_13-1_aedifica_olivier-blouin_hr_01_1619x1080-150x150.jpg","thumbnail-width":150,"thumbnail-height":150,"medium":"https:\/\/d2q6z78khxmx42.cloudfront.net\/2019\/01\/sitewebavril_laval_2-4_13-1_aedifica_olivier-blouin_hr_01_1619x1080-300x200.jpg","medium-width":300,"medium-height":200,"medium_large":"https:\/\/d2q6z78khxmx42.cloudfront.net\/2019\/01\/sitewebavril_laval_2-4_13-1_aedifica_olivier-blouin_hr_01_1619x1080-768x512.jpg","medium_large-width":768,"medium_large-height":512,"large":"https:\/\/d2q6z78khxmx42.cloudfront.net\/2019\/01\/sitewebavril_laval_2-4_13-1_aedifica_olivier-blouin_hr_01_1619x1080-1024x683.jpg","large-width":1024,"large-height":683,"1536x1536":"https:\/\/d2q6z78khxmx42.cloudfront.net\/2019\/01\/sitewebavril_laval_2-4_13-1_aedifica_olivier-blouin_hr_01_1619x1080-1536x1025.jpg","1536x1536-width":1536,"1536x1536-height":1025,"2048x2048":"https:\/\/d2q6z78khxmx42.cloudfront.net\/2019\/01\/sitewebavril_laval_2-4_13-1_aedifica_olivier-blouin_hr_01_1619x1080.jpg","2048x2048-width":1619,"2048x2048-height":1080,"article":"https:\/\/d2q6z78khxmx42.cloudfront.net\/2019\/01\/sitewebavril_laval_2-4_13-1_aedifica_olivier-blouin_hr_01_1619x1080-960x540.jpg","article-width":960,"article-height":540,"banner":"https:\/\/d2q6z78khxmx42.cloudfront.net\/2019\/01\/sitewebavril_laval_2-4_13-1_aedifica_olivier-blouin_hr_01_1619x1080.jpg","banner-width":1619,"banner-height":1080,"block":"https:\/\/d2q6z78khxmx42.cloudfront.net\/2019\/01\/sitewebavril_laval_2-4_13-1_aedifica_olivier-blouin_hr_01_1619x1080-900x680.jpg","block-width":900,"block-height":680,"card":"https:\/\/d2q6z78khxmx42.cloudfront.net\/2019\/01\/sitewebavril_laval_2-4_13-1_aedifica_olivier-blouin_hr_01_1619x1080-560x495.jpg","card-width":560,"card-height":495,"card-thumbnail":"https:\/\/d2q6z78khxmx42.cloudfront.net\/2019\/01\/sitewebavril_laval_2-4_13-1_aedifica_olivier-blouin_hr_01_1619x1080-450x340.jpg","card-thumbnail-width":450,"card-thumbnail-height":340,"conference":"https:\/\/d2q6z78khxmx42.cloudfront.net\/2019\/01\/sitewebavril_laval_2-4_13-1_aedifica_olivier-blouin_hr_01_1619x1080-560x250.jpg","conference-width":560,"conference-height":250,"contest":"https:\/\/d2q6z78khxmx42.cloudfront.net\/2019\/01\/sitewebavril_laval_2-4_13-1_aedifica_olivier-blouin_hr_01_1619x1080-960x400.jpg","contest-width":960,"contest-height":400,"cta":"https:\/\/d2q6z78khxmx42.cloudfront.net\/2019\/01\/sitewebavril_laval_2-4_13-1_aedifica_olivier-blouin_hr_01_1619x1080-415x170.jpg","cta-width":415,"cta-height":170,"exhibitor":"https:\/\/d2q6z78khxmx42.cloudfront.net\/2019\/01\/sitewebavril_laval_2-4_13-1_aedifica_olivier-blouin_hr_01_1619x1080-560x560.jpg","exhibitor-width":560,"exhibitor-height":560,"gallery":"https:\/\/d2q6z78khxmx42.cloudfront.net\/2019\/01\/sitewebavril_laval_2-4_13-1_aedifica_olivier-blouin_hr_01_1619x1080-560x374.jpg","gallery-width":560,"gallery-height":374,"logo":"https:\/\/d2q6z78khxmx42.cloudfront.net\/2019\/01\/sitewebavril_laval_2-4_13-1_aedifica_olivier-blouin_hr_01_1619x1080-150x100.jpg","logo-width":150,"logo-height":100,"masonry":"https:\/\/d2q6z78khxmx42.cloudfront.net\/2019\/01\/sitewebavril_laval_2-4_13-1_aedifica_olivier-blouin_hr_01_1619x1080-550x367.jpg","masonry-width":550,"masonry-height":367,"modal":"https:\/\/d2q6z78khxmx42.cloudfront.net\/2019\/01\/sitewebavril_laval_2-4_13-1_aedifica_olivier-blouin_hr_01_1619x1080.jpg","modal-width":1619,"modal-height":1080,"number":"https:\/\/d2q6z78khxmx42.cloudfront.net\/2019\/01\/93wxA31R-sitewebavril_laval_2-4_13-1_aedifica_olivier-blouin_hr_01_1619x1080-560x374.jpg","number-width":560,"number-height":374,"partner":"https:\/\/d2q6z78khxmx42.cloudfront.net\/2019\/01\/sitewebavril_laval_2-4_13-1_aedifica_olivier-blouin_hr_01_1619x1080-275x183.jpg","partner-width":275,"partner-height":183,"ranking":"https:\/\/d2q6z78khxmx42.cloudfront.net\/2019\/01\/93wxA31R-sitewebavril_laval_2-4_13-1_aedifica_olivier-blouin_hr_01_1619x1080-960x540.jpg","ranking-width":960,"ranking-height":540,"schedule":"https:\/\/d2q6z78khxmx42.cloudfront.net\/2019\/01\/sitewebavril_laval_2-4_13-1_aedifica_olivier-blouin_hr_01_1619x1080-960x360.jpg","schedule-width":960,"schedule-height":360,"slideshow":"https:\/\/d2q6z78khxmx42.cloudfront.net\/2019\/01\/sitewebavril_laval_2-4_13-1_aedifica_olivier-blouin_hr_01_1619x1080-1019x680.jpg","slideshow-width":1019,"slideshow-height":680}},"attachment_category":{"558":"Alimentation"},"credit":""},{"image":{"ID":15733,"id":15733,"title":"A2Z47G~C","filename":"A2Z47GC.jpg","filesize":0,"url":"https:\/\/d2q6z78khxmx42.cloudfront.net\/2019\/01\/A2Z47GC.jpg","link":"https:\/\/int.design\/fr\/projets\/avril-supermarche-sante-centre-laval\/a2z47gc\/","alt":"","author":"6","description":"","caption":"Avril Supermarch\u00e9 Sant\u00e9 Laval\r\nDesign Aedifica Architectes\r\n\r\nConseiller en \u00e9clairage CS Design","name":"a2z47gc","status":"inherit","uploaded_to":5296,"date":"2020-09-02 19:54:55","modified":"2020-09-05 22:00:59","menu_order":0,"mime_type":"image\/jpeg","type":"image","subtype":"jpeg","icon":"https:\/\/int.design\/wp-includes\/images\/media\/default.png","width":2000,"height":1334,"sizes":{"thumbnail":"https:\/\/d2q6z78khxmx42.cloudfront.net\/2019\/01\/A2Z47GC-150x150.jpg","thumbnail-width":150,"thumbnail-height":150,"medium":"https:\/\/d2q6z78khxmx42.cloudfront.net\/2019\/01\/A2Z47GC-300x200.jpg","medium-width":300,"medium-height":200,"medium_large":"https:\/\/d2q6z78khxmx42.cloudfront.net\/2019\/01\/A2Z47GC-768x512.jpg","medium_large-width":768,"medium_large-height":512,"large":"https:\/\/d2q6z78khxmx42.cloudfront.net\/2019\/01\/A2Z47GC-1024x683.jpg","large-width":1024,"large-height":683,"1536x1536":"https:\/\/d2q6z78khxmx42.cloudfront.net\/2019\/01\/A2Z47GC-1536x1025.jpg","1536x1536-width":1536,"1536x1536-height":1025,"2048x2048":"https:\/\/d2q6z78khxmx42.cloudfront.net\/2019\/01\/A2Z47GC.jpg","2048x2048-width":2000,"2048x2048-height":1334,"article":"https:\/\/d2q6z78khxmx42.cloudfront.net\/2019\/01\/A2Z47GC-960x540.jpg","article-width":960,"article-height":540,"banner":"https:\/\/d2q6z78khxmx42.cloudfront.net\/2019\/01\/A2Z47GC-1920x1281.jpg","banner-width":1920,"banner-height":1281,"block":"https:\/\/d2q6z78khxmx42.cloudfront.net\/2019\/01\/A2Z47GC-900x680.jpg","block-width":900,"block-height":680,"card":"https:\/\/d2q6z78khxmx42.cloudfront.net\/2019\/01\/A2Z47GC-560x495.jpg","card-width":560,"card-height":495,"card-thumbnail":"https:\/\/d2q6z78khxmx42.cloudfront.net\/2019\/01\/A2Z47GC-450x340.jpg","card-thumbnail-width":450,"card-thumbnail-height":340,"conference":"https:\/\/d2q6z78khxmx42.cloudfront.net\/2019\/01\/A2Z47GC-560x250.jpg","conference-width":560,"conference-height":250,"contest":"https:\/\/d2q6z78khxmx42.cloudfront.net\/2019\/01\/A2Z47GC-960x400.jpg","contest-width":960,"contest-height":400,"cta":"https:\/\/d2q6z78khxmx42.cloudfront.net\/2019\/01\/A2Z47GC-415x170.jpg","cta-width":415,"cta-height":170,"exhibitor":"https:\/\/d2q6z78khxmx42.cloudfront.net\/2019\/01\/A2Z47GC-560x560.jpg","exhibitor-width":560,"exhibitor-height":560,"gallery":"https:\/\/d2q6z78khxmx42.cloudfront.net\/2019\/01\/A2Z47GC-560x374.jpg","gallery-width":560,"gallery-height":374,"logo":"https:\/\/d2q6z78khxmx42.cloudfront.net\/2019\/01\/A2Z47GC-150x100.jpg","logo-width":150,"logo-height":100,"masonry":"https:\/\/d2q6z78khxmx42.cloudfront.net\/2019\/01\/A2Z47GC-550x367.jpg","masonry-width":550,"masonry-height":367,"modal":"https:\/\/d2q6z78khxmx42.cloudfront.net\/2019\/01\/d1vNZh5F-A2Z47GC-1920x1281.jpg","modal-width":1920,"modal-height":1281,"number":"https:\/\/d2q6z78khxmx42.cloudfront.net\/2019\/01\/d1vNZh5F-A2Z47GC-560x374.jpg","number-width":560,"number-height":374,"partner":"https:\/\/d2q6z78khxmx42.cloudfront.net\/2019\/01\/A2Z47GC-275x183.jpg","partner-width":275,"partner-height":183,"ranking":"https:\/\/d2q6z78khxmx42.cloudfront.net\/2019\/01\/d1vNZh5F-A2Z47GC-960x540.jpg","ranking-width":960,"ranking-height":540,"schedule":"https:\/\/d2q6z78khxmx42.cloudfront.net\/2019\/01\/A2Z47GC-960x360.jpg","schedule-width":960,"schedule-height":360,"slideshow":"https:\/\/d2q6z78khxmx42.cloudfront.net\/2019\/01\/A2Z47GC-1019x680.jpg","slideshow-width":1019,"slideshow-height":680}},"attachment_category":{"999":"B\u00e2timent commercial"},"credit":""},{"image":{"ID":15732,"id":15732,"title":"A2Z47G~D","filename":"A2Z47GD.jpg","filesize":0,"url":"https:\/\/d2q6z78khxmx42.cloudfront.net\/2019\/01\/A2Z47GD.jpg","link":"https:\/\/int.design\/fr\/projets\/avril-supermarche-sante-centre-laval\/a2z47gd\/","alt":"","author":"6","description":"","caption":"Avril Supermarch\u00e9 Sant\u00e9 Laval\r\nDesign Aedifica Architectes\r\n\r\nConseiller en \u00e9clairage CS Design","name":"a2z47gd","status":"inherit","uploaded_to":5296,"date":"2020-09-02 19:54:13","modified":"2020-09-05 22:01:44","menu_order":0,"mime_type":"image\/jpeg","type":"image","subtype":"jpeg","icon":"https:\/\/int.design\/wp-includes\/images\/media\/default.png","width":2000,"height":1334,"sizes":{"thumbnail":"https:\/\/d2q6z78khxmx42.cloudfront.net\/2019\/01\/A2Z47GD-150x150.jpg","thumbnail-width":150,"thumbnail-height":150,"medium":"https:\/\/d2q6z78khxmx42.cloudfront.net\/2019\/01\/A2Z47GD-300x200.jpg","medium-width":300,"medium-height":200,"medium_large":"https:\/\/d2q6z78khxmx42.cloudfront.net\/2019\/01\/A2Z47GD-768x512.jpg","medium_large-width":768,"medium_large-height":512,"large":"https:\/\/d2q6z78khxmx42.cloudfront.net\/2019\/01\/A2Z47GD-1024x683.jpg","large-width":1024,"large-height":683,"1536x1536":"https:\/\/d2q6z78khxmx42.cloudfront.net\/2019\/01\/A2Z47GD-1536x1025.jpg","1536x1536-width":1536,"1536x1536-height":1025,"2048x2048":"https:\/\/d2q6z78khxmx42.cloudfront.net\/2019\/01\/A2Z47GD.jpg","2048x2048-width":2000,"2048x2048-height":1334,"article":"https:\/\/d2q6z78khxmx42.cloudfront.net\/2019\/01\/A2Z47GD-960x540.jpg","article-width":960,"article-height":540,"banner":"https:\/\/d2q6z78khxmx42.cloudfront.net\/2019\/01\/A2Z47GD-1920x1281.jpg","banner-width":1920,"banner-height":1281,"block":"https:\/\/d2q6z78khxmx42.cloudfront.net\/2019\/01\/A2Z47GD-900x680.jpg","block-width":900,"block-height":680,"card":"https:\/\/d2q6z78khxmx42.cloudfront.net\/2019\/01\/A2Z47GD-560x495.jpg","card-width":560,"card-height":495,"card-thumbnail":"https:\/\/d2q6z78khxmx42.cloudfront.net\/2019\/01\/A2Z47GD-450x340.jpg","card-thumbnail-width":450,"card-thumbnail-height":340,"conference":"https:\/\/d2q6z78khxmx42.cloudfront.net\/2019\/01\/A2Z47GD-560x250.jpg","conference-width":560,"conference-height":250,"contest":"https:\/\/d2q6z78khxmx42.cloudfront.net\/2019\/01\/A2Z47GD-960x400.jpg","contest-width":960,"contest-height":400,"cta":"https:\/\/d2q6z78khxmx42.cloudfront.net\/2019\/01\/A2Z47GD-415x170.jpg","cta-width":415,"cta-height":170,"exhibitor":"https:\/\/d2q6z78khxmx42.cloudfront.net\/2019\/01\/A2Z47GD-560x560.jpg","exhibitor-width":560,"exhibitor-height":560,"gallery":"https:\/\/d2q6z78khxmx42.cloudfront.net\/2019\/01\/A2Z47GD-560x374.jpg","gallery-width":560,"gallery-height":374,"logo":"https:\/\/d2q6z78khxmx42.cloudfront.net\/2019\/01\/A2Z47GD-150x100.jpg","logo-width":150,"logo-height":100,"masonry":"https:\/\/d2q6z78khxmx42.cloudfront.net\/2019\/01\/A2Z47GD-550x367.jpg","masonry-width":550,"masonry-height":367,"modal":"https:\/\/d2q6z78khxmx42.cloudfront.net\/2019\/01\/YSeBoL5R-A2Z47GD-1920x1281.jpg","modal-width":1920,"modal-height":1281,"number":"https:\/\/d2q6z78khxmx42.cloudfront.net\/2019\/01\/YSeBoL5R-A2Z47GD-560x374.jpg","number-width":560,"number-height":374,"partner":"https:\/\/d2q6z78khxmx42.cloudfront.net\/2019\/01\/A2Z47GD-275x183.jpg","partner-width":275,"partner-height":183,"ranking":"https:\/\/d2q6z78khxmx42.cloudfront.net\/2019\/01\/YSeBoL5R-A2Z47GD-960x540.jpg","ranking-width":960,"ranking-height":540,"schedule":"https:\/\/d2q6z78khxmx42.cloudfront.net\/2019\/01\/A2Z47GD-960x360.jpg","schedule-width":960,"schedule-height":360,"slideshow":"https:\/\/d2q6z78khxmx42.cloudfront.net\/2019\/01\/A2Z47GD-1019x680.jpg","slideshow-width":1019,"slideshow-height":680}},"attachment_category":{"558":"Alimentation","999":"B\u00e2timent commercial"},"credit":""}],"mandatory_documents":false,"optional_documents":false,"web_text":{"fr":"","en":"","original":""},"jury_text":false,"different_jury_text":false,"different_category_text":false},"laureats":[],"contest_id":"1808","contest_title":"GRANDS PRIX DU DESIGN - 12th edition","firms":[],"user":{"email":"old_edition@agencepid.com","first_name":"Old Edition","last_name":"Participant"},"doc_texts_web":{"fr":"<p>En s\u2019installant au Centre Laval, le supermarch\u00e9 sant\u00e9 Avril d\u00e9sirait offrir aux consommateurs de la couronne nord une exp\u00e9rience riche de sens. Con\u00e7u par \u00c6difica, l\u2019espace se dessine autour d\u2019une recherche d\u2019authenticit\u00e9 et d\u2019une mise en lumi\u00e8re des produits.<\/p>\n<p>L\u2019exp\u00e9rience client se compose de diff\u00e9rents \u00e9l\u00e9ments qui rappellent l\u2019origine des produits et des producteurs et renseignent sur les aliments et l\u2019achat local, biologique et responsable. Cette approche se manifeste par des int\u00e9grations r\u00e9fl\u00e9chies telles que la plateforme d\u2019agriculture verticale automatis\u00e9e CultiGo de la firme\u00a0Inno-3B, judicieusement install\u00e9e l\u00e0 o\u00f9 se cultive une vari\u00e9t\u00e9 de micropousses \u00e0 l\u2019ann\u00e9e. R\u00e9alis\u00e9 par CS\u00a0Design, le concept d\u2019\u00e9clairage s\u2019harmonise au mobilier de bois. L\u2019\u00e9clairage indirect, diffus sous les toiles, d\u00e9finit l\u2019aire marchande. La zone gourmet, centrale et conviviale, invite au partage d\u2019un repas sant\u00e9, alors que le coin librairie transpose renforce la juste mise en valeur des bons produits.<\/p>\n<p>Le jury remarque ici une r\u00e9elle r\u00e9volution de l\u2019exp\u00e9rience supermarch\u00e9. Il r\u00e9compense le projet pour son audace, son \u00e9clairage ma\u00eetris\u00e9 et la fonctionnalit\u00e9 de son am\u00e9nagement.<\/p>\n","en":"<p>The Centre Laval\u2019s Avril health food supermarket caters to North Shore customers, inviting them on a sensory grocery shopping experience. \u00c6difica designed a space where authenticity and quality produce are the main highlights.<\/p>\n<p>The customer experience includes different elements recalling the origin of the produce and producers, while providing insight into local, organic and responsible grocery shopping. This approach is seen in the thoughtful integration of the CultiGo automated vertical agriculture platform by Inno-3B, allowing you to grow young plants year round. Designed by CS Design, the lighting is in perfect harmony with the wooden furniture. The indirect and diffused lighting defines the market space. The central and convivial gourmet zone invites guests in for a healthy meal, while the library corner adds substance to an insightful shopping experience.<\/p>\n<p>The jury saw, in this project, nothing less than a revolution for supermarkets. It rewarded the project for its audacity, mastery of lighting and functionality.<\/p>\n"},"permalinks":{"fr":"https:\/\/int.design\/fr\/projets\/avril-supermarche-sante-centre-laval\/","en":"https:\/\/int.design\/en\/projects\/avril-supermarche-sante-centre-laval\/"},"titles":{"fr":"Avril supermarch\u00e9 sant\u00e9 \u2013 Centre Laval","en":"Avril supermarch\u00e9 sant\u00e9 \u2013 Centre Laval"},"wp_fields":{"informations":{"fr":[{"content_type":"text","title":"Design","content":"\u00c6difica en collaboration avec CS Design","link":null},{"content_type":"text","title":"Cat\u00e9gorie","content":"Prix Espace commercial de plus de 5 400 pi2","link":null},{"content_type":"text","title":"Site web","content":"aedifica.com \/ designcs.ca","link":null}],"en":[{"content_type":"text","title":"Design","content":"\u00c6difica en collaboration avec CS Design","link":null},{"content_type":"text","title":"Category","content":"Prix Espace commercial de plus de 5 400 pi2","link":null},{"content_type":"text","title":"Website","content":"aedifica.com \/ designcs.ca","link":null}]}},"laravel_id":""},"_links":{"self":[{"href":"https:\/\/int.design\/en\/wp-json\/wp\/v2\/project\/5469","targetHints":{"allow":["GET"]}}],"collection":[{"href":"https:\/\/int.design\/en\/wp-json\/wp\/v2\/project"}],"about":[{"href":"https:\/\/int.design\/en\/wp-json\/wp\/v2\/types\/project"}],"wp:attachment":[{"href":"https:\/\/int.design\/en\/wp-json\/wp\/v2\/media?parent=5469"}],"curies":[{"name":"wp","href":"https:\/\/api.w.org\/{rel}","templated":true}]}}