{"id":5438,"date":"2019-01-11T21:50:29","date_gmt":"2019-01-12T02:50:29","guid":{"rendered":"https:\/\/int.design\/projets\/agrandissement-du-siege-social-de-la-confederation-des-syndicats-nationaux-csn\/"},"modified":"2020-09-25T12:17:55","modified_gmt":"2020-09-25T16:17:55","slug":"agrandissement-du-siege-social-de-la-confederation-des-syndicats-nationaux-csn","status":"publish","type":"project","link":"https:\/\/int.design\/en\/projects\/agrandissement-du-siege-social-de-la-confederation-des-syndicats-nationaux-csn\/","title":{"rendered":"Agrandissement du si\u00e8ge social de la Conf\u00e9d\u00e9ration des syndicats nationaux (CSN)"},"content":{"rendered":"<p>Mature nature, material texture and a wise use of various planes of altitude are the first impressions left by the CSN\u2019s headquarters&#8217; new landscape design, in the East of the city.<\/p>\n<p>Projet Paysage achieves the complex challenge of doubling the existing exterior surface and turning it into a green haven for Montreal employees to gather in and enjoy. The design aims to create an agora that celebrates the organization\u2019s 100th anniversary and enhances the employee experience. Comfortable, welcoming, safe and sustainable, the agora meets the outdoors via an atrium. On the garden side, many elements complete each other and offer an array of experiences, ranging from grassy hills to monumental staircase, contemplation areas, a community garden and other service zones.<\/p>\n<p>The jury rewarded the precision of the landscape design, in harmony with the warmth of the architecture, as well as the appropriate choice of plants to break the linearity.<\/p>\n","protected":false},"template":"","class_list":["post-5438","project","type-project","status-publish","hentry"],"acf":[],"yoast_head":"<!-- This site is optimized with the Yoast SEO plugin v21.5 - https:\/\/yoast.com\/wordpress\/plugins\/seo\/ -->\n<title>Agrandissement du si\u00e8ge social de la Conf\u00e9d\u00e9ration des syndicats nationaux (CSN) - INT Design<\/title>\n<meta name=\"robots\" content=\"index, follow, max-snippet:-1, max-image-preview:large, max-video-preview:-1\" \/>\n<link rel=\"canonical\" href=\"https:\/\/int.design\/en\/projects\/agrandissement-du-siege-social-de-la-confederation-des-syndicats-nationaux-csn\/\" \/>\n<meta property=\"og:locale\" content=\"en_US\" \/>\n<meta property=\"og:type\" content=\"article\" \/>\n<meta property=\"og:title\" content=\"Agrandissement du si\u00e8ge social de la Conf\u00e9d\u00e9ration des syndicats nationaux (CSN) - INT Design\" \/>\n<meta property=\"og:description\" content=\"Mature nature, material texture and a wise use of various planes of altitude are the first impressions left by the CSN\u2019s headquarters&#8217; new landscape design, in the East of the city. Projet Paysage achieves the complex challenge of doubling the existing exterior surface and turning it into a green haven for Montreal employees to gather &hellip; Continued\" \/>\n<meta property=\"og:url\" content=\"https:\/\/int.design\/en\/projects\/agrandissement-du-siege-social-de-la-confederation-des-syndicats-nationaux-csn\/\" \/>\n<meta property=\"og:site_name\" content=\"INT Design\" \/>\n<meta property=\"article:modified_time\" content=\"2020-09-25T16:17:55+00:00\" \/>\n<meta name=\"twitter:card\" content=\"summary_large_image\" \/>\n<meta name=\"twitter:label1\" content=\"Est. reading time\" \/>\n\t<meta name=\"twitter:data1\" content=\"1 minute\" \/>\n<script type=\"application\/ld+json\" class=\"yoast-schema-graph\">{\"@context\":\"https:\/\/schema.org\",\"@graph\":[{\"@type\":\"WebPage\",\"@id\":\"https:\/\/int.design\/en\/projects\/agrandissement-du-siege-social-de-la-confederation-des-syndicats-nationaux-csn\/\",\"url\":\"https:\/\/int.design\/en\/projects\/agrandissement-du-siege-social-de-la-confederation-des-syndicats-nationaux-csn\/\",\"name\":\"Agrandissement du si\u00e8ge social de la Conf\u00e9d\u00e9ration des syndicats nationaux (CSN) - INT Design\",\"isPartOf\":{\"@id\":\"https:\/\/int.design\/fr\/#website\"},\"datePublished\":\"2019-01-12T02:50:29+00:00\",\"dateModified\":\"2020-09-25T16:17:55+00:00\",\"breadcrumb\":{\"@id\":\"https:\/\/int.design\/en\/projects\/agrandissement-du-siege-social-de-la-confederation-des-syndicats-nationaux-csn\/#breadcrumb\"},\"inLanguage\":\"en-US\",\"potentialAction\":[{\"@type\":\"ReadAction\",\"target\":[\"https:\/\/int.design\/en\/projects\/agrandissement-du-siege-social-de-la-confederation-des-syndicats-nationaux-csn\/\"]}]},{\"@type\":\"BreadcrumbList\",\"@id\":\"https:\/\/int.design\/en\/projects\/agrandissement-du-siege-social-de-la-confederation-des-syndicats-nationaux-csn\/#breadcrumb\",\"itemListElement\":[{\"@type\":\"ListItem\",\"position\":1,\"name\":\"Home\",\"item\":\"https:\/\/int.design\/en\/\"},{\"@type\":\"ListItem\",\"position\":2,\"name\":\"Projects\",\"item\":\"https:\/\/int.design\/en\/projects\/\"},{\"@type\":\"ListItem\",\"position\":3,\"name\":\"Agrandissement du si\u00e8ge social de la Conf\u00e9d\u00e9ration des syndicats nationaux (CSN)\"}]},{\"@type\":\"WebSite\",\"@id\":\"https:\/\/int.design\/fr\/#website\",\"url\":\"https:\/\/int.design\/fr\/\",\"name\":\"INT Design\",\"description\":\"\",\"potentialAction\":[{\"@type\":\"SearchAction\",\"target\":{\"@type\":\"EntryPoint\",\"urlTemplate\":\"https:\/\/int.design\/fr\/?s={search_term_string}\"},\"query-input\":\"required name=search_term_string\"}],\"inLanguage\":\"en-US\"}]}<\/script>\n<!-- \/ Yoast SEO plugin. -->","yoast_head_json":{"title":"Agrandissement du si\u00e8ge social de la Conf\u00e9d\u00e9ration des syndicats nationaux (CSN) - INT Design","robots":{"index":"index","follow":"follow","max-snippet":"max-snippet:-1","max-image-preview":"max-image-preview:large","max-video-preview":"max-video-preview:-1"},"canonical":"https:\/\/int.design\/en\/projects\/agrandissement-du-siege-social-de-la-confederation-des-syndicats-nationaux-csn\/","og_locale":"en_US","og_type":"article","og_title":"Agrandissement du si\u00e8ge social de la Conf\u00e9d\u00e9ration des syndicats nationaux (CSN) - INT Design","og_description":"Mature nature, material texture and a wise use of various planes of altitude are the first impressions left by the CSN\u2019s headquarters&#8217; new landscape design, in the East of the city. Projet Paysage achieves the complex challenge of doubling the existing exterior surface and turning it into a green haven for Montreal employees to gather &hellip; Continued","og_url":"https:\/\/int.design\/en\/projects\/agrandissement-du-siege-social-de-la-confederation-des-syndicats-nationaux-csn\/","og_site_name":"INT Design","article_modified_time":"2020-09-25T16:17:55+00:00","twitter_card":"summary_large_image","twitter_misc":{"Est. reading time":"1 minute"},"schema":{"@context":"https:\/\/schema.org","@graph":[{"@type":"WebPage","@id":"https:\/\/int.design\/en\/projects\/agrandissement-du-siege-social-de-la-confederation-des-syndicats-nationaux-csn\/","url":"https:\/\/int.design\/en\/projects\/agrandissement-du-siege-social-de-la-confederation-des-syndicats-nationaux-csn\/","name":"Agrandissement du si\u00e8ge social de la Conf\u00e9d\u00e9ration des syndicats nationaux (CSN) - INT Design","isPartOf":{"@id":"https:\/\/int.design\/fr\/#website"},"datePublished":"2019-01-12T02:50:29+00:00","dateModified":"2020-09-25T16:17:55+00:00","breadcrumb":{"@id":"https:\/\/int.design\/en\/projects\/agrandissement-du-siege-social-de-la-confederation-des-syndicats-nationaux-csn\/#breadcrumb"},"inLanguage":"en-US","potentialAction":[{"@type":"ReadAction","target":["https:\/\/int.design\/en\/projects\/agrandissement-du-siege-social-de-la-confederation-des-syndicats-nationaux-csn\/"]}]},{"@type":"BreadcrumbList","@id":"https:\/\/int.design\/en\/projects\/agrandissement-du-siege-social-de-la-confederation-des-syndicats-nationaux-csn\/#breadcrumb","itemListElement":[{"@type":"ListItem","position":1,"name":"Home","item":"https:\/\/int.design\/en\/"},{"@type":"ListItem","position":2,"name":"Projects","item":"https:\/\/int.design\/en\/projects\/"},{"@type":"ListItem","position":3,"name":"Agrandissement du si\u00e8ge social de la Conf\u00e9d\u00e9ration des syndicats nationaux (CSN)"}]},{"@type":"WebSite","@id":"https:\/\/int.design\/fr\/#website","url":"https:\/\/int.design\/fr\/","name":"INT Design","description":"","potentialAction":[{"@type":"SearchAction","target":{"@type":"EntryPoint","urlTemplate":"https:\/\/int.design\/fr\/?s={search_term_string}"},"query-input":"required name=search_term_string"}],"inLanguage":"en-US"}]}},"entry":{"cats":{"disciplines":[],"big_cats":[],"sub_cats":[]},"entry":{"":null,"status":"completed","winner_title":"","winner_prize_lang":"","title_translatable":false,"title_en":"","title_fr":"","releve_award":false,"releve_award_cv":false,"collaboration":false,"collaboration_firms":false,"other_firms":false,"owner":{"name":"","confidential":false,"website":"","contact_name":"","email":"","phone":""},"address":{"address":"","city":"","region":"","province":"","country":"","postal_code":""},"logos":false,"use_logo":false,"designers":false,"cover":false,"images":[{"image":{"ID":5129,"id":5129,"title":"sitewebagrandissement-du-siege-social-de-la-confederation-des-syndicats-nationaux-csn_11-6_projetpaysage_alexstjean_06_1620x1080.jpg","filename":"sitewebagrandissement-du-siege-social-de-la-confederation-des-syndicats-nationaux-csn_11-6_projetpaysage_alexstjean_06_1620x1080.jpg","filesize":0,"url":"https:\/\/d2q6z78khxmx42.cloudfront.net\/2019\/01\/sitewebagrandissement-du-siege-social-de-la-confederation-des-syndicats-nationaux-csn_11-6_projetpaysage_alexstjean_06_1620x1080.jpg","link":"https:\/\/int.design\/en\/sitewebagrandissement-du-siege-social-de-la-confederation-des-syndicats-nationaux-csn_11-6_projetpaysage_alexstjean_06_1620x1080-jpg\/","alt":"","author":"8","description":"","caption":"","name":"sitewebagrandissement-du-siege-social-de-la-confederation-des-syndicats-nationaux-csn_11-6_projetpaysage_alexstjean_06_1620x1080-jpg","status":"inherit","uploaded_to":0,"date":"2020-04-06 04:44:03","modified":"2020-10-12 16:41:30","menu_order":0,"mime_type":"image\/jpeg","type":"image","subtype":"jpeg","icon":"https:\/\/int.design\/wp-includes\/images\/media\/default.png","width":1620,"height":1080,"sizes":{"thumbnail":"https:\/\/d2q6z78khxmx42.cloudfront.net\/2019\/01\/sitewebagrandissement-du-siege-social-de-la-confederation-des-syndicats-nationaux-csn_11-6_projetpaysage_alexstjean_06_1620x1080-150x150.jpg","thumbnail-width":150,"thumbnail-height":150,"medium":"https:\/\/d2q6z78khxmx42.cloudfront.net\/2019\/01\/sitewebagrandissement-du-siege-social-de-la-confederation-des-syndicats-nationaux-csn_11-6_projetpaysage_alexstjean_06_1620x1080-300x200.jpg","medium-width":300,"medium-height":200,"medium_large":"https:\/\/d2q6z78khxmx42.cloudfront.net\/2019\/01\/sitewebagrandissement-du-siege-social-de-la-confederation-des-syndicats-nationaux-csn_11-6_projetpaysage_alexstjean_06_1620x1080-768x512.jpg","medium_large-width":768,"medium_large-height":512,"large":"https:\/\/d2q6z78khxmx42.cloudfront.net\/2019\/01\/sitewebagrandissement-du-siege-social-de-la-confederation-des-syndicats-nationaux-csn_11-6_projetpaysage_alexstjean_06_1620x1080-1024x683.jpg","large-width":1024,"large-height":683,"1536x1536":"https:\/\/d2q6z78khxmx42.cloudfront.net\/2019\/01\/sitewebagrandissement-du-siege-social-de-la-confederation-des-syndicats-nationaux-csn_11-6_projetpaysage_alexstjean_06_1620x1080-1536x1024.jpg","1536x1536-width":1536,"1536x1536-height":1024,"2048x2048":"https:\/\/d2q6z78khxmx42.cloudfront.net\/2019\/01\/sitewebagrandissement-du-siege-social-de-la-confederation-des-syndicats-nationaux-csn_11-6_projetpaysage_alexstjean_06_1620x1080.jpg","2048x2048-width":1620,"2048x2048-height":1080,"article":"https:\/\/d2q6z78khxmx42.cloudfront.net\/2019\/01\/sitewebagrandissement-du-siege-social-de-la-confederation-des-syndicats-nationaux-csn_11-6_projetpaysage_alexstjean_06_1620x1080-960x540.jpg","article-width":960,"article-height":540,"banner":"https:\/\/d2q6z78khxmx42.cloudfront.net\/2019\/01\/sitewebagrandissement-du-siege-social-de-la-confederation-des-syndicats-nationaux-csn_11-6_projetpaysage_alexstjean_06_1620x1080.jpg","banner-width":1620,"banner-height":1080,"block":"https:\/\/d2q6z78khxmx42.cloudfront.net\/2019\/01\/sitewebagrandissement-du-siege-social-de-la-confederation-des-syndicats-nationaux-csn_11-6_projetpaysage_alexstjean_06_1620x1080-900x680.jpg","block-width":900,"block-height":680,"card":"https:\/\/d2q6z78khxmx42.cloudfront.net\/2019\/01\/sitewebagrandissement-du-siege-social-de-la-confederation-des-syndicats-nationaux-csn_11-6_projetpaysage_alexstjean_06_1620x1080-560x495.jpg","card-width":560,"card-height":495,"card-thumbnail":"https:\/\/d2q6z78khxmx42.cloudfront.net\/2019\/01\/sitewebagrandissement-du-siege-social-de-la-confederation-des-syndicats-nationaux-csn_11-6_projetpaysage_alexstjean_06_1620x1080-450x340.jpg","card-thumbnail-width":450,"card-thumbnail-height":340,"conference":"https:\/\/d2q6z78khxmx42.cloudfront.net\/2019\/01\/sitewebagrandissement-du-siege-social-de-la-confederation-des-syndicats-nationaux-csn_11-6_projetpaysage_alexstjean_06_1620x1080-560x250.jpg","conference-width":560,"conference-height":250,"contest":"https:\/\/d2q6z78khxmx42.cloudfront.net\/2019\/01\/sitewebagrandissement-du-siege-social-de-la-confederation-des-syndicats-nationaux-csn_11-6_projetpaysage_alexstjean_06_1620x1080-960x400.jpg","contest-width":960,"contest-height":400,"cta":"https:\/\/d2q6z78khxmx42.cloudfront.net\/2019\/01\/sitewebagrandissement-du-siege-social-de-la-confederation-des-syndicats-nationaux-csn_11-6_projetpaysage_alexstjean_06_1620x1080-415x170.jpg","cta-width":415,"cta-height":170,"exhibitor":"https:\/\/d2q6z78khxmx42.cloudfront.net\/2019\/01\/sitewebagrandissement-du-siege-social-de-la-confederation-des-syndicats-nationaux-csn_11-6_projetpaysage_alexstjean_06_1620x1080-560x560.jpg","exhibitor-width":560,"exhibitor-height":560,"gallery":"https:\/\/d2q6z78khxmx42.cloudfront.net\/2019\/01\/sitewebagrandissement-du-siege-social-de-la-confederation-des-syndicats-nationaux-csn_11-6_projetpaysage_alexstjean_06_1620x1080-560x373.jpg","gallery-width":560,"gallery-height":373,"logo":"https:\/\/d2q6z78khxmx42.cloudfront.net\/2019\/01\/sitewebagrandissement-du-siege-social-de-la-confederation-des-syndicats-nationaux-csn_11-6_projetpaysage_alexstjean_06_1620x1080-150x100.jpg","logo-width":150,"logo-height":100,"masonry":"https:\/\/d2q6z78khxmx42.cloudfront.net\/2019\/01\/sitewebagrandissement-du-siege-social-de-la-confederation-des-syndicats-nationaux-csn_11-6_projetpaysage_alexstjean_06_1620x1080-550x367.jpg","masonry-width":550,"masonry-height":367,"modal":"https:\/\/d2q6z78khxmx42.cloudfront.net\/2019\/01\/sitewebagrandissement-du-siege-social-de-la-confederation-des-syndicats-nationaux-csn_11-6_projetpaysage_alexstjean_06_1620x1080.jpg","modal-width":1620,"modal-height":1080,"number":"https:\/\/d2q6z78khxmx42.cloudfront.net\/2019\/01\/6pEfSDQq-sitewebagrandissement-du-siege-social-de-la-confederation-des-syndicats-nationaux-csn_11-6_projetpaysage_alexstjean_06_1620x1080-560x373.jpg","number-width":560,"number-height":373,"partner":"https:\/\/d2q6z78khxmx42.cloudfront.net\/2019\/01\/sitewebagrandissement-du-siege-social-de-la-confederation-des-syndicats-nationaux-csn_11-6_projetpaysage_alexstjean_06_1620x1080-275x183.jpg","partner-width":275,"partner-height":183,"ranking":"https:\/\/d2q6z78khxmx42.cloudfront.net\/2019\/01\/6pEfSDQq-sitewebagrandissement-du-siege-social-de-la-confederation-des-syndicats-nationaux-csn_11-6_projetpaysage_alexstjean_06_1620x1080-960x540.jpg","ranking-width":960,"ranking-height":540,"schedule":"https:\/\/d2q6z78khxmx42.cloudfront.net\/2019\/01\/sitewebagrandissement-du-siege-social-de-la-confederation-des-syndicats-nationaux-csn_11-6_projetpaysage_alexstjean_06_1620x1080-960x360.jpg","schedule-width":960,"schedule-height":360,"slideshow":"https:\/\/d2q6z78khxmx42.cloudfront.net\/2019\/01\/sitewebagrandissement-du-siege-social-de-la-confederation-des-syndicats-nationaux-csn_11-6_projetpaysage_alexstjean_06_1620x1080-1020x680.jpg","slideshow-width":1020,"slideshow-height":680}},"attachment_category":{"557":"Paysage - Commercial &amp; public"},"credit":""},{"image":{"ID":5130,"id":5130,"title":"sitewebagrandissement-du-siege-social-de-la-confederation-des-syndicats-nationaux-csn_11-6_projetpaysage_alexstjean_07_2003x1080.jpg","filename":"sitewebagrandissement-du-siege-social-de-la-confederation-des-syndicats-nationaux-csn_11-6_projetpaysage_alexstjean_07_2003x1080.jpg","filesize":0,"url":"https:\/\/d2q6z78khxmx42.cloudfront.net\/2019\/01\/sitewebagrandissement-du-siege-social-de-la-confederation-des-syndicats-nationaux-csn_11-6_projetpaysage_alexstjean_07_2003x1080.jpg","link":"https:\/\/int.design\/en\/sitewebagrandissement-du-siege-social-de-la-confederation-des-syndicats-nationaux-csn_11-6_projetpaysage_alexstjean_07_2003x1080-jpg\/","alt":"","author":"8","description":"","caption":"","name":"sitewebagrandissement-du-siege-social-de-la-confederation-des-syndicats-nationaux-csn_11-6_projetpaysage_alexstjean_07_2003x1080-jpg","status":"inherit","uploaded_to":0,"date":"2020-04-06 04:44:04","modified":"2020-10-12 16:41:06","menu_order":0,"mime_type":"image\/jpeg","type":"image","subtype":"jpeg","icon":"https:\/\/int.design\/wp-includes\/images\/media\/default.png","width":2003,"height":1080,"sizes":{"thumbnail":"https:\/\/d2q6z78khxmx42.cloudfront.net\/2019\/01\/sitewebagrandissement-du-siege-social-de-la-confederation-des-syndicats-nationaux-csn_11-6_projetpaysage_alexstjean_07_2003x1080-150x150.jpg","thumbnail-width":150,"thumbnail-height":150,"medium":"https:\/\/d2q6z78khxmx42.cloudfront.net\/2019\/01\/sitewebagrandissement-du-siege-social-de-la-confederation-des-syndicats-nationaux-csn_11-6_projetpaysage_alexstjean_07_2003x1080-300x162.jpg","medium-width":300,"medium-height":162,"medium_large":"https:\/\/d2q6z78khxmx42.cloudfront.net\/2019\/01\/sitewebagrandissement-du-siege-social-de-la-confederation-des-syndicats-nationaux-csn_11-6_projetpaysage_alexstjean_07_2003x1080-768x414.jpg","medium_large-width":768,"medium_large-height":414,"large":"https:\/\/d2q6z78khxmx42.cloudfront.net\/2019\/01\/sitewebagrandissement-du-siege-social-de-la-confederation-des-syndicats-nationaux-csn_11-6_projetpaysage_alexstjean_07_2003x1080-1024x552.jpg","large-width":1024,"large-height":552,"1536x1536":"https:\/\/d2q6z78khxmx42.cloudfront.net\/2019\/01\/sitewebagrandissement-du-siege-social-de-la-confederation-des-syndicats-nationaux-csn_11-6_projetpaysage_alexstjean_07_2003x1080-1536x828.jpg","1536x1536-width":1536,"1536x1536-height":828,"2048x2048":"https:\/\/d2q6z78khxmx42.cloudfront.net\/2019\/01\/sitewebagrandissement-du-siege-social-de-la-confederation-des-syndicats-nationaux-csn_11-6_projetpaysage_alexstjean_07_2003x1080.jpg","2048x2048-width":2003,"2048x2048-height":1080,"article":"https:\/\/d2q6z78khxmx42.cloudfront.net\/2019\/01\/sitewebagrandissement-du-siege-social-de-la-confederation-des-syndicats-nationaux-csn_11-6_projetpaysage_alexstjean_07_2003x1080-960x540.jpg","article-width":960,"article-height":540,"banner":"https:\/\/d2q6z78khxmx42.cloudfront.net\/2019\/01\/sitewebagrandissement-du-siege-social-de-la-confederation-des-syndicats-nationaux-csn_11-6_projetpaysage_alexstjean_07_2003x1080-1920x1035.jpg","banner-width":1920,"banner-height":1035,"block":"https:\/\/d2q6z78khxmx42.cloudfront.net\/2019\/01\/sitewebagrandissement-du-siege-social-de-la-confederation-des-syndicats-nationaux-csn_11-6_projetpaysage_alexstjean_07_2003x1080-900x680.jpg","block-width":900,"block-height":680,"card":"https:\/\/d2q6z78khxmx42.cloudfront.net\/2019\/01\/sitewebagrandissement-du-siege-social-de-la-confederation-des-syndicats-nationaux-csn_11-6_projetpaysage_alexstjean_07_2003x1080-560x495.jpg","card-width":560,"card-height":495,"card-thumbnail":"https:\/\/d2q6z78khxmx42.cloudfront.net\/2019\/01\/sitewebagrandissement-du-siege-social-de-la-confederation-des-syndicats-nationaux-csn_11-6_projetpaysage_alexstjean_07_2003x1080-450x340.jpg","card-thumbnail-width":450,"card-thumbnail-height":340,"conference":"https:\/\/d2q6z78khxmx42.cloudfront.net\/2019\/01\/sitewebagrandissement-du-siege-social-de-la-confederation-des-syndicats-nationaux-csn_11-6_projetpaysage_alexstjean_07_2003x1080-560x250.jpg","conference-width":560,"conference-height":250,"contest":"https:\/\/d2q6z78khxmx42.cloudfront.net\/2019\/01\/sitewebagrandissement-du-siege-social-de-la-confederation-des-syndicats-nationaux-csn_11-6_projetpaysage_alexstjean_07_2003x1080-960x400.jpg","contest-width":960,"contest-height":400,"cta":"https:\/\/d2q6z78khxmx42.cloudfront.net\/2019\/01\/sitewebagrandissement-du-siege-social-de-la-confederation-des-syndicats-nationaux-csn_11-6_projetpaysage_alexstjean_07_2003x1080-415x170.jpg","cta-width":415,"cta-height":170,"exhibitor":"https:\/\/d2q6z78khxmx42.cloudfront.net\/2019\/01\/sitewebagrandissement-du-siege-social-de-la-confederation-des-syndicats-nationaux-csn_11-6_projetpaysage_alexstjean_07_2003x1080-560x560.jpg","exhibitor-width":560,"exhibitor-height":560,"gallery":"https:\/\/d2q6z78khxmx42.cloudfront.net\/2019\/01\/sitewebagrandissement-du-siege-social-de-la-confederation-des-syndicats-nationaux-csn_11-6_projetpaysage_alexstjean_07_2003x1080-560x302.jpg","gallery-width":560,"gallery-height":302,"logo":"https:\/\/d2q6z78khxmx42.cloudfront.net\/2019\/01\/sitewebagrandissement-du-siege-social-de-la-confederation-des-syndicats-nationaux-csn_11-6_projetpaysage_alexstjean_07_2003x1080-185x100.jpg","logo-width":185,"logo-height":100,"masonry":"https:\/\/d2q6z78khxmx42.cloudfront.net\/2019\/01\/sitewebagrandissement-du-siege-social-de-la-confederation-des-syndicats-nationaux-csn_11-6_projetpaysage_alexstjean_07_2003x1080-550x297.jpg","masonry-width":550,"masonry-height":297,"modal":"https:\/\/d2q6z78khxmx42.cloudfront.net\/2019\/01\/dXHL0S03-sitewebagrandissement-du-siege-social-de-la-confederation-des-syndicats-nationaux-csn_11-6_projetpaysage_alexstjean_07_2003x1080-1920x1035.jpg","modal-width":1920,"modal-height":1035,"number":"https:\/\/d2q6z78khxmx42.cloudfront.net\/2019\/01\/dXHL0S03-sitewebagrandissement-du-siege-social-de-la-confederation-des-syndicats-nationaux-csn_11-6_projetpaysage_alexstjean_07_2003x1080-560x302.jpg","number-width":560,"number-height":302,"partner":"https:\/\/d2q6z78khxmx42.cloudfront.net\/2019\/01\/sitewebagrandissement-du-siege-social-de-la-confederation-des-syndicats-nationaux-csn_11-6_projetpaysage_alexstjean_07_2003x1080-275x148.jpg","partner-width":275,"partner-height":148,"ranking":"https:\/\/d2q6z78khxmx42.cloudfront.net\/2019\/01\/dXHL0S03-sitewebagrandissement-du-siege-social-de-la-confederation-des-syndicats-nationaux-csn_11-6_projetpaysage_alexstjean_07_2003x1080-960x540.jpg","ranking-width":960,"ranking-height":540,"schedule":"https:\/\/d2q6z78khxmx42.cloudfront.net\/2019\/01\/sitewebagrandissement-du-siege-social-de-la-confederation-des-syndicats-nationaux-csn_11-6_projetpaysage_alexstjean_07_2003x1080-960x360.jpg","schedule-width":960,"schedule-height":360,"slideshow":"https:\/\/d2q6z78khxmx42.cloudfront.net\/2019\/01\/sitewebagrandissement-du-siege-social-de-la-confederation-des-syndicats-nationaux-csn_11-6_projetpaysage_alexstjean_07_2003x1080-1261x680.jpg","slideshow-width":1261,"slideshow-height":680}},"attachment_category":{"557":"Paysage - Commercial &amp; public"},"credit":""},{"image":{"ID":5131,"id":5131,"title":"sitewebagrandissement-du-siege-social-de-la-confederation-des-syndicats-nationaux-csn_11-6_projetpaysage_alexstjean_08_1885x1080.jpg","filename":"sitewebagrandissement-du-siege-social-de-la-confederation-des-syndicats-nationaux-csn_11-6_projetpaysage_alexstjean_08_1885x1080.jpg","filesize":0,"url":"https:\/\/d2q6z78khxmx42.cloudfront.net\/2019\/01\/sitewebagrandissement-du-siege-social-de-la-confederation-des-syndicats-nationaux-csn_11-6_projetpaysage_alexstjean_08_1885x1080.jpg","link":"https:\/\/int.design\/en\/sitewebagrandissement-du-siege-social-de-la-confederation-des-syndicats-nationaux-csn_11-6_projetpaysage_alexstjean_08_1885x1080-jpg\/","alt":"","author":"8","description":"","caption":"","name":"sitewebagrandissement-du-siege-social-de-la-confederation-des-syndicats-nationaux-csn_11-6_projetpaysage_alexstjean_08_1885x1080-jpg","status":"inherit","uploaded_to":0,"date":"2020-04-06 04:44:06","modified":"2020-10-12 16:40:30","menu_order":0,"mime_type":"image\/jpeg","type":"image","subtype":"jpeg","icon":"https:\/\/int.design\/wp-includes\/images\/media\/default.png","width":1885,"height":1080,"sizes":{"thumbnail":"https:\/\/d2q6z78khxmx42.cloudfront.net\/2019\/01\/sitewebagrandissement-du-siege-social-de-la-confederation-des-syndicats-nationaux-csn_11-6_projetpaysage_alexstjean_08_1885x1080-150x150.jpg","thumbnail-width":150,"thumbnail-height":150,"medium":"https:\/\/d2q6z78khxmx42.cloudfront.net\/2019\/01\/sitewebagrandissement-du-siege-social-de-la-confederation-des-syndicats-nationaux-csn_11-6_projetpaysage_alexstjean_08_1885x1080-300x172.jpg","medium-width":300,"medium-height":172,"medium_large":"https:\/\/d2q6z78khxmx42.cloudfront.net\/2019\/01\/sitewebagrandissement-du-siege-social-de-la-confederation-des-syndicats-nationaux-csn_11-6_projetpaysage_alexstjean_08_1885x1080-768x440.jpg","medium_large-width":768,"medium_large-height":440,"large":"https:\/\/d2q6z78khxmx42.cloudfront.net\/2019\/01\/sitewebagrandissement-du-siege-social-de-la-confederation-des-syndicats-nationaux-csn_11-6_projetpaysage_alexstjean_08_1885x1080-1024x587.jpg","large-width":1024,"large-height":587,"1536x1536":"https:\/\/d2q6z78khxmx42.cloudfront.net\/2019\/01\/sitewebagrandissement-du-siege-social-de-la-confederation-des-syndicats-nationaux-csn_11-6_projetpaysage_alexstjean_08_1885x1080-1536x880.jpg","1536x1536-width":1536,"1536x1536-height":880,"2048x2048":"https:\/\/d2q6z78khxmx42.cloudfront.net\/2019\/01\/sitewebagrandissement-du-siege-social-de-la-confederation-des-syndicats-nationaux-csn_11-6_projetpaysage_alexstjean_08_1885x1080.jpg","2048x2048-width":1885,"2048x2048-height":1080,"article":"https:\/\/d2q6z78khxmx42.cloudfront.net\/2019\/01\/sitewebagrandissement-du-siege-social-de-la-confederation-des-syndicats-nationaux-csn_11-6_projetpaysage_alexstjean_08_1885x1080-960x540.jpg","article-width":960,"article-height":540,"banner":"https:\/\/d2q6z78khxmx42.cloudfront.net\/2019\/01\/sitewebagrandissement-du-siege-social-de-la-confederation-des-syndicats-nationaux-csn_11-6_projetpaysage_alexstjean_08_1885x1080.jpg","banner-width":1885,"banner-height":1080,"block":"https:\/\/d2q6z78khxmx42.cloudfront.net\/2019\/01\/sitewebagrandissement-du-siege-social-de-la-confederation-des-syndicats-nationaux-csn_11-6_projetpaysage_alexstjean_08_1885x1080-900x680.jpg","block-width":900,"block-height":680,"card":"https:\/\/d2q6z78khxmx42.cloudfront.net\/2019\/01\/sitewebagrandissement-du-siege-social-de-la-confederation-des-syndicats-nationaux-csn_11-6_projetpaysage_alexstjean_08_1885x1080-560x495.jpg","card-width":560,"card-height":495,"card-thumbnail":"https:\/\/d2q6z78khxmx42.cloudfront.net\/2019\/01\/sitewebagrandissement-du-siege-social-de-la-confederation-des-syndicats-nationaux-csn_11-6_projetpaysage_alexstjean_08_1885x1080-450x340.jpg","card-thumbnail-width":450,"card-thumbnail-height":340,"conference":"https:\/\/d2q6z78khxmx42.cloudfront.net\/2019\/01\/sitewebagrandissement-du-siege-social-de-la-confederation-des-syndicats-nationaux-csn_11-6_projetpaysage_alexstjean_08_1885x1080-560x250.jpg","conference-width":560,"conference-height":250,"contest":"https:\/\/d2q6z78khxmx42.cloudfront.net\/2019\/01\/sitewebagrandissement-du-siege-social-de-la-confederation-des-syndicats-nationaux-csn_11-6_projetpaysage_alexstjean_08_1885x1080-960x400.jpg","contest-width":960,"contest-height":400,"cta":"https:\/\/d2q6z78khxmx42.cloudfront.net\/2019\/01\/sitewebagrandissement-du-siege-social-de-la-confederation-des-syndicats-nationaux-csn_11-6_projetpaysage_alexstjean_08_1885x1080-415x170.jpg","cta-width":415,"cta-height":170,"exhibitor":"https:\/\/d2q6z78khxmx42.cloudfront.net\/2019\/01\/sitewebagrandissement-du-siege-social-de-la-confederation-des-syndicats-nationaux-csn_11-6_projetpaysage_alexstjean_08_1885x1080-560x560.jpg","exhibitor-width":560,"exhibitor-height":560,"gallery":"https:\/\/d2q6z78khxmx42.cloudfront.net\/2019\/01\/sitewebagrandissement-du-siege-social-de-la-confederation-des-syndicats-nationaux-csn_11-6_projetpaysage_alexstjean_08_1885x1080-560x321.jpg","gallery-width":560,"gallery-height":321,"logo":"https:\/\/d2q6z78khxmx42.cloudfront.net\/2019\/01\/sitewebagrandissement-du-siege-social-de-la-confederation-des-syndicats-nationaux-csn_11-6_projetpaysage_alexstjean_08_1885x1080-175x100.jpg","logo-width":175,"logo-height":100,"masonry":"https:\/\/d2q6z78khxmx42.cloudfront.net\/2019\/01\/sitewebagrandissement-du-siege-social-de-la-confederation-des-syndicats-nationaux-csn_11-6_projetpaysage_alexstjean_08_1885x1080-550x315.jpg","masonry-width":550,"masonry-height":315,"modal":"https:\/\/d2q6z78khxmx42.cloudfront.net\/2019\/01\/sitewebagrandissement-du-siege-social-de-la-confederation-des-syndicats-nationaux-csn_11-6_projetpaysage_alexstjean_08_1885x1080.jpg","modal-width":1885,"modal-height":1080,"number":"https:\/\/d2q6z78khxmx42.cloudfront.net\/2019\/01\/xjyvzgNI-sitewebagrandissement-du-siege-social-de-la-confederation-des-syndicats-nationaux-csn_11-6_projetpaysage_alexstjean_08_1885x1080-560x321.jpg","number-width":560,"number-height":321,"partner":"https:\/\/d2q6z78khxmx42.cloudfront.net\/2019\/01\/sitewebagrandissement-du-siege-social-de-la-confederation-des-syndicats-nationaux-csn_11-6_projetpaysage_alexstjean_08_1885x1080-275x158.jpg","partner-width":275,"partner-height":158,"ranking":"https:\/\/d2q6z78khxmx42.cloudfront.net\/2019\/01\/xjyvzgNI-sitewebagrandissement-du-siege-social-de-la-confederation-des-syndicats-nationaux-csn_11-6_projetpaysage_alexstjean_08_1885x1080-960x540.jpg","ranking-width":960,"ranking-height":540,"schedule":"https:\/\/d2q6z78khxmx42.cloudfront.net\/2019\/01\/sitewebagrandissement-du-siege-social-de-la-confederation-des-syndicats-nationaux-csn_11-6_projetpaysage_alexstjean_08_1885x1080-960x360.jpg","schedule-width":960,"schedule-height":360,"slideshow":"https:\/\/d2q6z78khxmx42.cloudfront.net\/2019\/01\/sitewebagrandissement-du-siege-social-de-la-confederation-des-syndicats-nationaux-csn_11-6_projetpaysage_alexstjean_08_1885x1080-1187x680.jpg","slideshow-width":1187,"slideshow-height":680}},"attachment_category":[],"credit":""},{"image":{"ID":5132,"id":5132,"title":"sitewebagrandissement-du-siege-social-de-la-confederation-des-syndicats-nationaux-csn_11-6_projetpaysage_alexstjean_09_1620x1080.jpg","filename":"sitewebagrandissement-du-siege-social-de-la-confederation-des-syndicats-nationaux-csn_11-6_projetpaysage_alexstjean_09_1620x1080.jpg","filesize":0,"url":"https:\/\/d2q6z78khxmx42.cloudfront.net\/2019\/01\/sitewebagrandissement-du-siege-social-de-la-confederation-des-syndicats-nationaux-csn_11-6_projetpaysage_alexstjean_09_1620x1080.jpg","link":"https:\/\/int.design\/en\/sitewebagrandissement-du-siege-social-de-la-confederation-des-syndicats-nationaux-csn_11-6_projetpaysage_alexstjean_09_1620x1080-jpg\/","alt":"","author":"8","description":"","caption":"","name":"sitewebagrandissement-du-siege-social-de-la-confederation-des-syndicats-nationaux-csn_11-6_projetpaysage_alexstjean_09_1620x1080-jpg","status":"inherit","uploaded_to":0,"date":"2020-04-06 04:44:07","modified":"2020-10-12 16:40:07","menu_order":0,"mime_type":"image\/jpeg","type":"image","subtype":"jpeg","icon":"https:\/\/int.design\/wp-includes\/images\/media\/default.png","width":1620,"height":1080,"sizes":{"thumbnail":"https:\/\/d2q6z78khxmx42.cloudfront.net\/2019\/01\/sitewebagrandissement-du-siege-social-de-la-confederation-des-syndicats-nationaux-csn_11-6_projetpaysage_alexstjean_09_1620x1080-150x150.jpg","thumbnail-width":150,"thumbnail-height":150,"medium":"https:\/\/d2q6z78khxmx42.cloudfront.net\/2019\/01\/sitewebagrandissement-du-siege-social-de-la-confederation-des-syndicats-nationaux-csn_11-6_projetpaysage_alexstjean_09_1620x1080-300x200.jpg","medium-width":300,"medium-height":200,"medium_large":"https:\/\/d2q6z78khxmx42.cloudfront.net\/2019\/01\/sitewebagrandissement-du-siege-social-de-la-confederation-des-syndicats-nationaux-csn_11-6_projetpaysage_alexstjean_09_1620x1080-768x512.jpg","medium_large-width":768,"medium_large-height":512,"large":"https:\/\/d2q6z78khxmx42.cloudfront.net\/2019\/01\/sitewebagrandissement-du-siege-social-de-la-confederation-des-syndicats-nationaux-csn_11-6_projetpaysage_alexstjean_09_1620x1080-1024x683.jpg","large-width":1024,"large-height":683,"1536x1536":"https:\/\/d2q6z78khxmx42.cloudfront.net\/2019\/01\/sitewebagrandissement-du-siege-social-de-la-confederation-des-syndicats-nationaux-csn_11-6_projetpaysage_alexstjean_09_1620x1080-1536x1024.jpg","1536x1536-width":1536,"1536x1536-height":1024,"2048x2048":"https:\/\/d2q6z78khxmx42.cloudfront.net\/2019\/01\/sitewebagrandissement-du-siege-social-de-la-confederation-des-syndicats-nationaux-csn_11-6_projetpaysage_alexstjean_09_1620x1080.jpg","2048x2048-width":1620,"2048x2048-height":1080,"article":"https:\/\/d2q6z78khxmx42.cloudfront.net\/2019\/01\/sitewebagrandissement-du-siege-social-de-la-confederation-des-syndicats-nationaux-csn_11-6_projetpaysage_alexstjean_09_1620x1080-960x540.jpg","article-width":960,"article-height":540,"banner":"https:\/\/d2q6z78khxmx42.cloudfront.net\/2019\/01\/sitewebagrandissement-du-siege-social-de-la-confederation-des-syndicats-nationaux-csn_11-6_projetpaysage_alexstjean_09_1620x1080.jpg","banner-width":1620,"banner-height":1080,"block":"https:\/\/d2q6z78khxmx42.cloudfront.net\/2019\/01\/sitewebagrandissement-du-siege-social-de-la-confederation-des-syndicats-nationaux-csn_11-6_projetpaysage_alexstjean_09_1620x1080-900x680.jpg","block-width":900,"block-height":680,"card":"https:\/\/d2q6z78khxmx42.cloudfront.net\/2019\/01\/sitewebagrandissement-du-siege-social-de-la-confederation-des-syndicats-nationaux-csn_11-6_projetpaysage_alexstjean_09_1620x1080-560x495.jpg","card-width":560,"card-height":495,"card-thumbnail":"https:\/\/d2q6z78khxmx42.cloudfront.net\/2019\/01\/sitewebagrandissement-du-siege-social-de-la-confederation-des-syndicats-nationaux-csn_11-6_projetpaysage_alexstjean_09_1620x1080-450x340.jpg","card-thumbnail-width":450,"card-thumbnail-height":340,"conference":"https:\/\/d2q6z78khxmx42.cloudfront.net\/2019\/01\/sitewebagrandissement-du-siege-social-de-la-confederation-des-syndicats-nationaux-csn_11-6_projetpaysage_alexstjean_09_1620x1080-560x250.jpg","conference-width":560,"conference-height":250,"contest":"https:\/\/d2q6z78khxmx42.cloudfront.net\/2019\/01\/sitewebagrandissement-du-siege-social-de-la-confederation-des-syndicats-nationaux-csn_11-6_projetpaysage_alexstjean_09_1620x1080-960x400.jpg","contest-width":960,"contest-height":400,"cta":"https:\/\/d2q6z78khxmx42.cloudfront.net\/2019\/01\/sitewebagrandissement-du-siege-social-de-la-confederation-des-syndicats-nationaux-csn_11-6_projetpaysage_alexstjean_09_1620x1080-415x170.jpg","cta-width":415,"cta-height":170,"exhibitor":"https:\/\/d2q6z78khxmx42.cloudfront.net\/2019\/01\/sitewebagrandissement-du-siege-social-de-la-confederation-des-syndicats-nationaux-csn_11-6_projetpaysage_alexstjean_09_1620x1080-560x560.jpg","exhibitor-width":560,"exhibitor-height":560,"gallery":"https:\/\/d2q6z78khxmx42.cloudfront.net\/2019\/01\/sitewebagrandissement-du-siege-social-de-la-confederation-des-syndicats-nationaux-csn_11-6_projetpaysage_alexstjean_09_1620x1080-560x373.jpg","gallery-width":560,"gallery-height":373,"logo":"https:\/\/d2q6z78khxmx42.cloudfront.net\/2019\/01\/sitewebagrandissement-du-siege-social-de-la-confederation-des-syndicats-nationaux-csn_11-6_projetpaysage_alexstjean_09_1620x1080-150x100.jpg","logo-width":150,"logo-height":100,"masonry":"https:\/\/d2q6z78khxmx42.cloudfront.net\/2019\/01\/sitewebagrandissement-du-siege-social-de-la-confederation-des-syndicats-nationaux-csn_11-6_projetpaysage_alexstjean_09_1620x1080-550x367.jpg","masonry-width":550,"masonry-height":367,"modal":"https:\/\/d2q6z78khxmx42.cloudfront.net\/2019\/01\/sitewebagrandissement-du-siege-social-de-la-confederation-des-syndicats-nationaux-csn_11-6_projetpaysage_alexstjean_09_1620x1080.jpg","modal-width":1620,"modal-height":1080,"number":"https:\/\/d2q6z78khxmx42.cloudfront.net\/2019\/01\/JM2r7syK-sitewebagrandissement-du-siege-social-de-la-confederation-des-syndicats-nationaux-csn_11-6_projetpaysage_alexstjean_09_1620x1080-560x373.jpg","number-width":560,"number-height":373,"partner":"https:\/\/d2q6z78khxmx42.cloudfront.net\/2019\/01\/sitewebagrandissement-du-siege-social-de-la-confederation-des-syndicats-nationaux-csn_11-6_projetpaysage_alexstjean_09_1620x1080-275x183.jpg","partner-width":275,"partner-height":183,"ranking":"https:\/\/d2q6z78khxmx42.cloudfront.net\/2019\/01\/JM2r7syK-sitewebagrandissement-du-siege-social-de-la-confederation-des-syndicats-nationaux-csn_11-6_projetpaysage_alexstjean_09_1620x1080-960x540.jpg","ranking-width":960,"ranking-height":540,"schedule":"https:\/\/d2q6z78khxmx42.cloudfront.net\/2019\/01\/sitewebagrandissement-du-siege-social-de-la-confederation-des-syndicats-nationaux-csn_11-6_projetpaysage_alexstjean_09_1620x1080-960x360.jpg","schedule-width":960,"schedule-height":360,"slideshow":"https:\/\/d2q6z78khxmx42.cloudfront.net\/2019\/01\/sitewebagrandissement-du-siege-social-de-la-confederation-des-syndicats-nationaux-csn_11-6_projetpaysage_alexstjean_09_1620x1080-1020x680.jpg","slideshow-width":1020,"slideshow-height":680}},"attachment_category":[],"credit":""},{"image":{"ID":5133,"id":5133,"title":"sitewebagrandissement-du-siege-social-de-la-confederation-des-syndicats-nationaux-csn_11-6_projetpaysage_alexstjean_02_1620x1080.jpg","filename":"sitewebagrandissement-du-siege-social-de-la-confederation-des-syndicats-nationaux-csn_11-6_projetpaysage_alexstjean_02_1620x1080.jpg","filesize":0,"url":"https:\/\/d2q6z78khxmx42.cloudfront.net\/2019\/01\/sitewebagrandissement-du-siege-social-de-la-confederation-des-syndicats-nationaux-csn_11-6_projetpaysage_alexstjean_02_1620x1080.jpg","link":"https:\/\/int.design\/en\/sitewebagrandissement-du-siege-social-de-la-confederation-des-syndicats-nationaux-csn_11-6_projetpaysage_alexstjean_02_1620x1080-jpg\/","alt":"","author":"8","description":"","caption":"","name":"sitewebagrandissement-du-siege-social-de-la-confederation-des-syndicats-nationaux-csn_11-6_projetpaysage_alexstjean_02_1620x1080-jpg","status":"inherit","uploaded_to":0,"date":"2020-04-06 04:44:08","modified":"2020-10-12 16:39:32","menu_order":0,"mime_type":"image\/jpeg","type":"image","subtype":"jpeg","icon":"https:\/\/int.design\/wp-includes\/images\/media\/default.png","width":1620,"height":1080,"sizes":{"thumbnail":"https:\/\/d2q6z78khxmx42.cloudfront.net\/2019\/01\/sitewebagrandissement-du-siege-social-de-la-confederation-des-syndicats-nationaux-csn_11-6_projetpaysage_alexstjean_02_1620x1080-150x150.jpg","thumbnail-width":150,"thumbnail-height":150,"medium":"https:\/\/d2q6z78khxmx42.cloudfront.net\/2019\/01\/sitewebagrandissement-du-siege-social-de-la-confederation-des-syndicats-nationaux-csn_11-6_projetpaysage_alexstjean_02_1620x1080-300x200.jpg","medium-width":300,"medium-height":200,"medium_large":"https:\/\/d2q6z78khxmx42.cloudfront.net\/2019\/01\/sitewebagrandissement-du-siege-social-de-la-confederation-des-syndicats-nationaux-csn_11-6_projetpaysage_alexstjean_02_1620x1080-768x512.jpg","medium_large-width":768,"medium_large-height":512,"large":"https:\/\/d2q6z78khxmx42.cloudfront.net\/2019\/01\/sitewebagrandissement-du-siege-social-de-la-confederation-des-syndicats-nationaux-csn_11-6_projetpaysage_alexstjean_02_1620x1080-1024x683.jpg","large-width":1024,"large-height":683,"1536x1536":"https:\/\/d2q6z78khxmx42.cloudfront.net\/2019\/01\/sitewebagrandissement-du-siege-social-de-la-confederation-des-syndicats-nationaux-csn_11-6_projetpaysage_alexstjean_02_1620x1080-1536x1024.jpg","1536x1536-width":1536,"1536x1536-height":1024,"2048x2048":"https:\/\/d2q6z78khxmx42.cloudfront.net\/2019\/01\/sitewebagrandissement-du-siege-social-de-la-confederation-des-syndicats-nationaux-csn_11-6_projetpaysage_alexstjean_02_1620x1080.jpg","2048x2048-width":1620,"2048x2048-height":1080,"article":"https:\/\/d2q6z78khxmx42.cloudfront.net\/2019\/01\/sitewebagrandissement-du-siege-social-de-la-confederation-des-syndicats-nationaux-csn_11-6_projetpaysage_alexstjean_02_1620x1080-960x540.jpg","article-width":960,"article-height":540,"banner":"https:\/\/d2q6z78khxmx42.cloudfront.net\/2019\/01\/sitewebagrandissement-du-siege-social-de-la-confederation-des-syndicats-nationaux-csn_11-6_projetpaysage_alexstjean_02_1620x1080.jpg","banner-width":1620,"banner-height":1080,"block":"https:\/\/d2q6z78khxmx42.cloudfront.net\/2019\/01\/sitewebagrandissement-du-siege-social-de-la-confederation-des-syndicats-nationaux-csn_11-6_projetpaysage_alexstjean_02_1620x1080-900x680.jpg","block-width":900,"block-height":680,"card":"https:\/\/d2q6z78khxmx42.cloudfront.net\/2019\/01\/sitewebagrandissement-du-siege-social-de-la-confederation-des-syndicats-nationaux-csn_11-6_projetpaysage_alexstjean_02_1620x1080-560x495.jpg","card-width":560,"card-height":495,"card-thumbnail":"https:\/\/d2q6z78khxmx42.cloudfront.net\/2019\/01\/sitewebagrandissement-du-siege-social-de-la-confederation-des-syndicats-nationaux-csn_11-6_projetpaysage_alexstjean_02_1620x1080-450x340.jpg","card-thumbnail-width":450,"card-thumbnail-height":340,"conference":"https:\/\/d2q6z78khxmx42.cloudfront.net\/2019\/01\/sitewebagrandissement-du-siege-social-de-la-confederation-des-syndicats-nationaux-csn_11-6_projetpaysage_alexstjean_02_1620x1080-560x250.jpg","conference-width":560,"conference-height":250,"contest":"https:\/\/d2q6z78khxmx42.cloudfront.net\/2019\/01\/sitewebagrandissement-du-siege-social-de-la-confederation-des-syndicats-nationaux-csn_11-6_projetpaysage_alexstjean_02_1620x1080-960x400.jpg","contest-width":960,"contest-height":400,"cta":"https:\/\/d2q6z78khxmx42.cloudfront.net\/2019\/01\/sitewebagrandissement-du-siege-social-de-la-confederation-des-syndicats-nationaux-csn_11-6_projetpaysage_alexstjean_02_1620x1080-415x170.jpg","cta-width":415,"cta-height":170,"exhibitor":"https:\/\/d2q6z78khxmx42.cloudfront.net\/2019\/01\/sitewebagrandissement-du-siege-social-de-la-confederation-des-syndicats-nationaux-csn_11-6_projetpaysage_alexstjean_02_1620x1080-560x560.jpg","exhibitor-width":560,"exhibitor-height":560,"gallery":"https:\/\/d2q6z78khxmx42.cloudfront.net\/2019\/01\/sitewebagrandissement-du-siege-social-de-la-confederation-des-syndicats-nationaux-csn_11-6_projetpaysage_alexstjean_02_1620x1080-560x373.jpg","gallery-width":560,"gallery-height":373,"logo":"https:\/\/d2q6z78khxmx42.cloudfront.net\/2019\/01\/sitewebagrandissement-du-siege-social-de-la-confederation-des-syndicats-nationaux-csn_11-6_projetpaysage_alexstjean_02_1620x1080-150x100.jpg","logo-width":150,"logo-height":100,"masonry":"https:\/\/d2q6z78khxmx42.cloudfront.net\/2019\/01\/sitewebagrandissement-du-siege-social-de-la-confederation-des-syndicats-nationaux-csn_11-6_projetpaysage_alexstjean_02_1620x1080-550x367.jpg","masonry-width":550,"masonry-height":367,"modal":"https:\/\/d2q6z78khxmx42.cloudfront.net\/2019\/01\/sitewebagrandissement-du-siege-social-de-la-confederation-des-syndicats-nationaux-csn_11-6_projetpaysage_alexstjean_02_1620x1080.jpg","modal-width":1620,"modal-height":1080,"number":"https:\/\/d2q6z78khxmx42.cloudfront.net\/2019\/01\/D1QIvAtY-sitewebagrandissement-du-siege-social-de-la-confederation-des-syndicats-nationaux-csn_11-6_projetpaysage_alexstjean_02_1620x1080-560x373.jpg","number-width":560,"number-height":373,"partner":"https:\/\/d2q6z78khxmx42.cloudfront.net\/2019\/01\/sitewebagrandissement-du-siege-social-de-la-confederation-des-syndicats-nationaux-csn_11-6_projetpaysage_alexstjean_02_1620x1080-275x183.jpg","partner-width":275,"partner-height":183,"ranking":"https:\/\/d2q6z78khxmx42.cloudfront.net\/2019\/01\/D1QIvAtY-sitewebagrandissement-du-siege-social-de-la-confederation-des-syndicats-nationaux-csn_11-6_projetpaysage_alexstjean_02_1620x1080-960x540.jpg","ranking-width":960,"ranking-height":540,"schedule":"https:\/\/d2q6z78khxmx42.cloudfront.net\/2019\/01\/sitewebagrandissement-du-siege-social-de-la-confederation-des-syndicats-nationaux-csn_11-6_projetpaysage_alexstjean_02_1620x1080-960x360.jpg","schedule-width":960,"schedule-height":360,"slideshow":"https:\/\/d2q6z78khxmx42.cloudfront.net\/2019\/01\/sitewebagrandissement-du-siege-social-de-la-confederation-des-syndicats-nationaux-csn_11-6_projetpaysage_alexstjean_02_1620x1080-1020x680.jpg","slideshow-width":1020,"slideshow-height":680}},"attachment_category":{"999":"B\u00e2timent commercial"},"credit":""},{"image":{"ID":19438,"id":19438,"title":"AG9H51~K","filename":"AG9H51K-scaled.jpg","filesize":0,"url":"https:\/\/int.design\/wp-content\/uploads\/2019\/01\/AG9H51K-scaled.jpg","link":"https:\/\/int.design\/en\/projects\/agrandissement-du-siege-social-de-la-confederation-des-syndicats-nationaux-csn\/ag9h51k\/","alt":"","author":"6","description":"","caption":"","name":"ag9h51k","status":"inherit","uploaded_to":5438,"date":"2020-09-25 16:13:39","modified":"2020-09-27 01:00:36","menu_order":0,"mime_type":"image\/jpeg","type":"image","subtype":"jpeg","icon":"https:\/\/int.design\/wp-includes\/images\/media\/default.png","width":2560,"height":1707,"sizes":{"thumbnail":"https:\/\/int.design\/wp-content\/uploads\/2019\/01\/AG9H51K-150x150.jpg","thumbnail-width":150,"thumbnail-height":150,"medium":"https:\/\/int.design\/wp-content\/uploads\/2019\/01\/AG9H51K-300x200.jpg","medium-width":300,"medium-height":200,"medium_large":"https:\/\/int.design\/wp-content\/uploads\/2019\/01\/AG9H51K-768x512.jpg","medium_large-width":768,"medium_large-height":512,"large":"https:\/\/int.design\/wp-content\/uploads\/2019\/01\/AG9H51K-1024x683.jpg","large-width":1024,"large-height":683,"1536x1536":"https:\/\/int.design\/wp-content\/uploads\/2019\/01\/AG9H51K-1536x1024.jpg","1536x1536-width":1536,"1536x1536-height":1024,"2048x2048":"https:\/\/int.design\/wp-content\/uploads\/2019\/01\/AG9H51K-2048x1365.jpg","2048x2048-width":2048,"2048x2048-height":1365,"article":"https:\/\/int.design\/wp-content\/uploads\/2019\/01\/AG9H51K-960x540.jpg","article-width":960,"article-height":540,"banner":"https:\/\/int.design\/wp-content\/uploads\/2019\/01\/AG9H51K-1920x1280.jpg","banner-width":1920,"banner-height":1280,"block":"https:\/\/int.design\/wp-content\/uploads\/2019\/01\/AG9H51K-900x680.jpg","block-width":900,"block-height":680,"card":"https:\/\/int.design\/wp-content\/uploads\/2019\/01\/AG9H51K-560x495.jpg","card-width":560,"card-height":495,"card-thumbnail":"https:\/\/int.design\/wp-content\/uploads\/2019\/01\/AG9H51K-450x340.jpg","card-thumbnail-width":450,"card-thumbnail-height":340,"conference":"https:\/\/int.design\/wp-content\/uploads\/2019\/01\/AG9H51K-560x250.jpg","conference-width":560,"conference-height":250,"contest":"https:\/\/int.design\/wp-content\/uploads\/2019\/01\/AG9H51K-960x400.jpg","contest-width":960,"contest-height":400,"cta":"https:\/\/int.design\/wp-content\/uploads\/2019\/01\/AG9H51K-415x170.jpg","cta-width":415,"cta-height":170,"exhibitor":"https:\/\/int.design\/wp-content\/uploads\/2019\/01\/AG9H51K-560x560.jpg","exhibitor-width":560,"exhibitor-height":560,"gallery":"https:\/\/int.design\/wp-content\/uploads\/2019\/01\/AG9H51K-560x373.jpg","gallery-width":560,"gallery-height":373,"logo":"https:\/\/int.design\/wp-content\/uploads\/2019\/01\/AG9H51K-150x100.jpg","logo-width":150,"logo-height":100,"masonry":"https:\/\/int.design\/wp-content\/uploads\/2019\/01\/AG9H51K-550x367.jpg","masonry-width":550,"masonry-height":367,"modal":"https:\/\/int.design\/wp-content\/uploads\/2019\/01\/AG9H51K-1920x1280.jpg","modal-width":1920,"modal-height":1280,"number":"https:\/\/int.design\/wp-content\/uploads\/2019\/01\/AG9H51K-560x373.jpg","number-width":560,"number-height":373,"partner":"https:\/\/int.design\/wp-content\/uploads\/2019\/01\/AG9H51K-275x183.jpg","partner-width":275,"partner-height":183,"ranking":"https:\/\/int.design\/wp-content\/uploads\/2019\/01\/AG9H51K-960x540.jpg","ranking-width":960,"ranking-height":540,"schedule":"https:\/\/int.design\/wp-content\/uploads\/2019\/01\/AG9H51K-960x360.jpg","schedule-width":960,"schedule-height":360,"slideshow":"https:\/\/int.design\/wp-content\/uploads\/2019\/01\/AG9H51K-1020x680.jpg","slideshow-width":1020,"slideshow-height":680}},"attachment_category":{"557":"Paysage - Commercial &amp; public"},"credit":""},{"image":{"ID":19437,"id":19437,"title":"AG9H51~O","filename":"AG9H51O-scaled.jpg","filesize":0,"url":"https:\/\/int.design\/wp-content\/uploads\/2019\/01\/AG9H51O-scaled.jpg","link":"https:\/\/int.design\/en\/projects\/agrandissement-du-siege-social-de-la-confederation-des-syndicats-nationaux-csn\/ag9h51o\/","alt":"","author":"6","description":"","caption":"","name":"ag9h51o","status":"inherit","uploaded_to":5438,"date":"2020-09-25 16:12:43","modified":"2020-09-25 16:12:43","menu_order":0,"mime_type":"image\/jpeg","type":"image","subtype":"jpeg","icon":"https:\/\/int.design\/wp-includes\/images\/media\/default.png","width":2560,"height":1707,"sizes":{"thumbnail":"https:\/\/int.design\/wp-content\/uploads\/2019\/01\/AG9H51O-150x150.jpg","thumbnail-width":150,"thumbnail-height":150,"medium":"https:\/\/int.design\/wp-content\/uploads\/2019\/01\/AG9H51O-300x200.jpg","medium-width":300,"medium-height":200,"medium_large":"https:\/\/int.design\/wp-content\/uploads\/2019\/01\/AG9H51O-768x512.jpg","medium_large-width":768,"medium_large-height":512,"large":"https:\/\/int.design\/wp-content\/uploads\/2019\/01\/AG9H51O-1024x683.jpg","large-width":1024,"large-height":683,"1536x1536":"https:\/\/int.design\/wp-content\/uploads\/2019\/01\/AG9H51O-1536x1024.jpg","1536x1536-width":1536,"1536x1536-height":1024,"2048x2048":"https:\/\/int.design\/wp-content\/uploads\/2019\/01\/AG9H51O-2048x1365.jpg","2048x2048-width":2048,"2048x2048-height":1365,"article":"https:\/\/int.design\/wp-content\/uploads\/2019\/01\/AG9H51O-960x540.jpg","article-width":960,"article-height":540,"banner":"https:\/\/int.design\/wp-content\/uploads\/2019\/01\/AG9H51O-1920x1280.jpg","banner-width":1920,"banner-height":1280,"block":"https:\/\/int.design\/wp-content\/uploads\/2019\/01\/AG9H51O-900x680.jpg","block-width":900,"block-height":680,"card":"https:\/\/int.design\/wp-content\/uploads\/2019\/01\/AG9H51O-560x495.jpg","card-width":560,"card-height":495,"card-thumbnail":"https:\/\/int.design\/wp-content\/uploads\/2019\/01\/AG9H51O-450x340.jpg","card-thumbnail-width":450,"card-thumbnail-height":340,"conference":"https:\/\/int.design\/wp-content\/uploads\/2019\/01\/AG9H51O-560x250.jpg","conference-width":560,"conference-height":250,"contest":"https:\/\/int.design\/wp-content\/uploads\/2019\/01\/AG9H51O-960x400.jpg","contest-width":960,"contest-height":400,"cta":"https:\/\/int.design\/wp-content\/uploads\/2019\/01\/AG9H51O-415x170.jpg","cta-width":415,"cta-height":170,"exhibitor":"https:\/\/int.design\/wp-content\/uploads\/2019\/01\/AG9H51O-560x560.jpg","exhibitor-width":560,"exhibitor-height":560,"gallery":"https:\/\/int.design\/wp-content\/uploads\/2019\/01\/AG9H51O-560x373.jpg","gallery-width":560,"gallery-height":373,"logo":"https:\/\/int.design\/wp-content\/uploads\/2019\/01\/AG9H51O-150x100.jpg","logo-width":150,"logo-height":100,"masonry":"https:\/\/int.design\/wp-content\/uploads\/2019\/01\/AG9H51O-550x367.jpg","masonry-width":550,"masonry-height":367,"modal":"https:\/\/int.design\/wp-content\/uploads\/2019\/01\/AG9H51O-1920x1280.jpg","modal-width":1920,"modal-height":1280,"number":"https:\/\/int.design\/wp-content\/uploads\/2019\/01\/AG9H51O-560x373.jpg","number-width":560,"number-height":373,"partner":"https:\/\/int.design\/wp-content\/uploads\/2019\/01\/AG9H51O-275x183.jpg","partner-width":275,"partner-height":183,"ranking":"https:\/\/int.design\/wp-content\/uploads\/2019\/01\/AG9H51O-960x540.jpg","ranking-width":960,"ranking-height":540,"schedule":"https:\/\/int.design\/wp-content\/uploads\/2019\/01\/AG9H51O-960x360.jpg","schedule-width":960,"schedule-height":360,"slideshow":"https:\/\/int.design\/wp-content\/uploads\/2019\/01\/AG9H51O-1020x680.jpg","slideshow-width":1020,"slideshow-height":680}},"attachment_category":[],"credit":""},{"image":{"ID":19436,"id":19436,"title":"AG9H51~P","filename":"AG9H51P-scaled.jpg","filesize":0,"url":"https:\/\/int.design\/wp-content\/uploads\/2019\/01\/AG9H51P-scaled.jpg","link":"https:\/\/int.design\/en\/projects\/agrandissement-du-siege-social-de-la-confederation-des-syndicats-nationaux-csn\/ag9h51p\/","alt":"","author":"6","description":"","caption":"","name":"ag9h51p","status":"inherit","uploaded_to":5438,"date":"2020-09-25 16:11:54","modified":"2020-10-12 15:06:45","menu_order":0,"mime_type":"image\/jpeg","type":"image","subtype":"jpeg","icon":"https:\/\/int.design\/wp-includes\/images\/media\/default.png","width":2560,"height":1707,"sizes":{"thumbnail":"https:\/\/int.design\/wp-content\/uploads\/2019\/01\/AG9H51P-150x150.jpg","thumbnail-width":150,"thumbnail-height":150,"medium":"https:\/\/int.design\/wp-content\/uploads\/2019\/01\/AG9H51P-300x200.jpg","medium-width":300,"medium-height":200,"medium_large":"https:\/\/int.design\/wp-content\/uploads\/2019\/01\/AG9H51P-768x512.jpg","medium_large-width":768,"medium_large-height":512,"large":"https:\/\/int.design\/wp-content\/uploads\/2019\/01\/AG9H51P-1024x683.jpg","large-width":1024,"large-height":683,"1536x1536":"https:\/\/int.design\/wp-content\/uploads\/2019\/01\/AG9H51P-1536x1024.jpg","1536x1536-width":1536,"1536x1536-height":1024,"2048x2048":"https:\/\/int.design\/wp-content\/uploads\/2019\/01\/AG9H51P-2048x1365.jpg","2048x2048-width":2048,"2048x2048-height":1365,"article":"https:\/\/int.design\/wp-content\/uploads\/2019\/01\/AG9H51P-960x540.jpg","article-width":960,"article-height":540,"banner":"https:\/\/int.design\/wp-content\/uploads\/2019\/01\/AG9H51P-1920x1280.jpg","banner-width":1920,"banner-height":1280,"block":"https:\/\/int.design\/wp-content\/uploads\/2019\/01\/AG9H51P-900x680.jpg","block-width":900,"block-height":680,"card":"https:\/\/int.design\/wp-content\/uploads\/2019\/01\/AG9H51P-560x495.jpg","card-width":560,"card-height":495,"card-thumbnail":"https:\/\/int.design\/wp-content\/uploads\/2019\/01\/AG9H51P-450x340.jpg","card-thumbnail-width":450,"card-thumbnail-height":340,"conference":"https:\/\/int.design\/wp-content\/uploads\/2019\/01\/AG9H51P-560x250.jpg","conference-width":560,"conference-height":250,"contest":"https:\/\/int.design\/wp-content\/uploads\/2019\/01\/AG9H51P-960x400.jpg","contest-width":960,"contest-height":400,"cta":"https:\/\/int.design\/wp-content\/uploads\/2019\/01\/AG9H51P-415x170.jpg","cta-width":415,"cta-height":170,"exhibitor":"https:\/\/int.design\/wp-content\/uploads\/2019\/01\/AG9H51P-560x560.jpg","exhibitor-width":560,"exhibitor-height":560,"gallery":"https:\/\/int.design\/wp-content\/uploads\/2019\/01\/AG9H51P-560x373.jpg","gallery-width":560,"gallery-height":373,"logo":"https:\/\/int.design\/wp-content\/uploads\/2019\/01\/AG9H51P-150x100.jpg","logo-width":150,"logo-height":100,"masonry":"https:\/\/int.design\/wp-content\/uploads\/2019\/01\/AG9H51P-550x367.jpg","masonry-width":550,"masonry-height":367,"modal":"https:\/\/int.design\/wp-content\/uploads\/2019\/01\/AG9H51P-1920x1280.jpg","modal-width":1920,"modal-height":1280,"number":"https:\/\/int.design\/wp-content\/uploads\/2019\/01\/AG9H51P-560x373.jpg","number-width":560,"number-height":373,"partner":"https:\/\/int.design\/wp-content\/uploads\/2019\/01\/AG9H51P-275x183.jpg","partner-width":275,"partner-height":183,"ranking":"https:\/\/int.design\/wp-content\/uploads\/2019\/01\/AG9H51P-960x540.jpg","ranking-width":960,"ranking-height":540,"schedule":"https:\/\/int.design\/wp-content\/uploads\/2019\/01\/AG9H51P-960x360.jpg","schedule-width":960,"schedule-height":360,"slideshow":"https:\/\/int.design\/wp-content\/uploads\/2019\/01\/AG9H51P-1020x680.jpg","slideshow-width":1020,"slideshow-height":680}},"attachment_category":{"999":"B\u00e2timent commercial"},"credit":""},{"image":{"ID":19434,"id":19434,"title":"AG9H51~M","filename":"AG9H51M-scaled.jpg","filesize":0,"url":"https:\/\/int.design\/wp-content\/uploads\/2019\/01\/AG9H51M-scaled.jpg","link":"https:\/\/int.design\/en\/projects\/agrandissement-du-siege-social-de-la-confederation-des-syndicats-nationaux-csn\/ag9h51m\/","alt":"","author":"6","description":"","caption":"","name":"ag9h51m","status":"inherit","uploaded_to":5438,"date":"2020-09-25 16:11:04","modified":"2020-09-27 01:02:01","menu_order":0,"mime_type":"image\/jpeg","type":"image","subtype":"jpeg","icon":"https:\/\/int.design\/wp-includes\/images\/media\/default.png","width":2560,"height":1707,"sizes":{"thumbnail":"https:\/\/int.design\/wp-content\/uploads\/2019\/01\/AG9H51M-150x150.jpg","thumbnail-width":150,"thumbnail-height":150,"medium":"https:\/\/int.design\/wp-content\/uploads\/2019\/01\/AG9H51M-300x200.jpg","medium-width":300,"medium-height":200,"medium_large":"https:\/\/int.design\/wp-content\/uploads\/2019\/01\/AG9H51M-768x512.jpg","medium_large-width":768,"medium_large-height":512,"large":"https:\/\/int.design\/wp-content\/uploads\/2019\/01\/AG9H51M-1024x683.jpg","large-width":1024,"large-height":683,"1536x1536":"https:\/\/int.design\/wp-content\/uploads\/2019\/01\/AG9H51M-1536x1024.jpg","1536x1536-width":1536,"1536x1536-height":1024,"2048x2048":"https:\/\/int.design\/wp-content\/uploads\/2019\/01\/AG9H51M-2048x1365.jpg","2048x2048-width":2048,"2048x2048-height":1365,"article":"https:\/\/int.design\/wp-content\/uploads\/2019\/01\/AG9H51M-960x540.jpg","article-width":960,"article-height":540,"banner":"https:\/\/int.design\/wp-content\/uploads\/2019\/01\/AG9H51M-1920x1280.jpg","banner-width":1920,"banner-height":1280,"block":"https:\/\/int.design\/wp-content\/uploads\/2019\/01\/AG9H51M-900x680.jpg","block-width":900,"block-height":680,"card":"https:\/\/int.design\/wp-content\/uploads\/2019\/01\/AG9H51M-560x495.jpg","card-width":560,"card-height":495,"card-thumbnail":"https:\/\/int.design\/wp-content\/uploads\/2019\/01\/AG9H51M-450x340.jpg","card-thumbnail-width":450,"card-thumbnail-height":340,"conference":"https:\/\/int.design\/wp-content\/uploads\/2019\/01\/AG9H51M-560x250.jpg","conference-width":560,"conference-height":250,"contest":"https:\/\/int.design\/wp-content\/uploads\/2019\/01\/AG9H51M-960x400.jpg","contest-width":960,"contest-height":400,"cta":"https:\/\/int.design\/wp-content\/uploads\/2019\/01\/AG9H51M-415x170.jpg","cta-width":415,"cta-height":170,"exhibitor":"https:\/\/int.design\/wp-content\/uploads\/2019\/01\/AG9H51M-560x560.jpg","exhibitor-width":560,"exhibitor-height":560,"gallery":"https:\/\/int.design\/wp-content\/uploads\/2019\/01\/AG9H51M-560x373.jpg","gallery-width":560,"gallery-height":373,"logo":"https:\/\/int.design\/wp-content\/uploads\/2019\/01\/AG9H51M-150x100.jpg","logo-width":150,"logo-height":100,"masonry":"https:\/\/int.design\/wp-content\/uploads\/2019\/01\/AG9H51M-550x367.jpg","masonry-width":550,"masonry-height":367,"modal":"https:\/\/int.design\/wp-content\/uploads\/2019\/01\/AG9H51M-1920x1280.jpg","modal-width":1920,"modal-height":1280,"number":"https:\/\/int.design\/wp-content\/uploads\/2019\/01\/AG9H51M-560x373.jpg","number-width":560,"number-height":373,"partner":"https:\/\/int.design\/wp-content\/uploads\/2019\/01\/AG9H51M-275x183.jpg","partner-width":275,"partner-height":183,"ranking":"https:\/\/int.design\/wp-content\/uploads\/2019\/01\/AG9H51M-960x540.jpg","ranking-width":960,"ranking-height":540,"schedule":"https:\/\/int.design\/wp-content\/uploads\/2019\/01\/AG9H51M-960x360.jpg","schedule-width":960,"schedule-height":360,"slideshow":"https:\/\/int.design\/wp-content\/uploads\/2019\/01\/AG9H51M-1020x680.jpg","slideshow-width":1020,"slideshow-height":680}},"attachment_category":{"999":"B\u00e2timent commercial"},"credit":""}],"mandatory_documents":false,"optional_documents":false,"web_text":{"fr":"","en":"","original":""},"jury_text":false,"different_jury_text":false,"different_category_text":false},"laureats":[],"contest_id":"1808","contest_title":"GRANDS PRIX DU DESIGN - 12th edition","firms":[],"user":{"email":"old_edition@agencepid.com","first_name":"Old Edition","last_name":"Participant"},"doc_texts_web":{"fr":"<p>Verdure mature, texture des mat\u00e9riaux et utilisation ma\u00eetris\u00e9e des d\u00e9nivel\u00e9s sont les premi\u00e8res impressions que laisse le nouvel am\u00e9nagement paysager de l\u2019agrandissement du si\u00e8ge social de la CSN dans l\u2019est de la ville.<\/p>\n<p>Projet Paysage a relev\u00e9 le d\u00e9fi complexe de doubler la surface ext\u00e9rieure existante et de verdir les lieux afin de permettre aux employ\u00e9s de la r\u00e9gion de Montr\u00e9al de se rassembler au sein d\u2019un espace vert. L\u2019am\u00e9nagement visait la cr\u00e9ation d\u2019une agora qui saurait souligner le centenaire de l\u2019organisation et bonifier l\u2019exp\u00e9rience des usagers. Confortable, accueillante, s\u00e9curitaire et durable, l\u2019agora rejoint l\u2019ext\u00e9rieur par l\u2019implantation d\u2019un atrium. C\u00f4t\u00e9 jardin, plusieurs \u00e9l\u00e9ments se compl\u00e8tent pour offrir un \u00e9ventail d\u2019exp\u00e9riences comme une pente gazonn\u00e9e, un escalier monumental, des espaces de contemplation, un jardin communautaire et plusieurs autres aires de services utiles.<\/p>\n<p>Le jury souligne la corr\u00e9lation r\u00e9ussie entre l\u2019am\u00e9nagement paysager et le b\u00e2timent \u00e0 l\u2019architecture chaleureuse ainsi que le jeu de formes des v\u00e9g\u00e9taux qui brisent la lin\u00e9arit\u00e9.<\/p>\n","en":"<p>Mature nature, material texture and a wise use of various planes of altitude are the first impressions left by the CSN\u2019s headquarters&#8217; new landscape design, in the East of the city.<\/p>\n<p>Projet Paysage achieves the complex challenge of doubling the existing exterior surface and turning it into a green haven for Montreal employees to gather in and enjoy. The design aims to create an agora that celebrates the organization\u2019s 100th anniversary and enhances the employee experience. Comfortable, welcoming, safe and sustainable, the agora meets the outdoors via an atrium. On the garden side, many elements complete each other and offer an array of experiences, ranging from grassy hills to monumental staircase, contemplation areas, a community garden and other service zones.<\/p>\n<p>The jury rewarded the precision of the landscape design, in harmony with the warmth of the architecture, as well as the appropriate choice of plants to break the linearity.<\/p>\n"},"permalinks":{"fr":"https:\/\/int.design\/fr\/projets\/agrandissement-du-siege-social-de-la-confederation-des-syndicats-nationaux-csn\/","en":"https:\/\/int.design\/en\/projects\/agrandissement-du-siege-social-de-la-confederation-des-syndicats-nationaux-csn\/"},"titles":{"fr":"Agrandissement du si\u00e8ge social de la Conf\u00e9d\u00e9ration des syndicats nationaux (CSN)","en":"Agrandissement du si\u00e8ge social de la Conf\u00e9d\u00e9ration des syndicats nationaux (CSN)"},"wp_fields":{"informations":{"fr":[{"content_type":"text","title":"Design","content":"Projet Paysage","link":null},{"content_type":"text","title":"Cat\u00e9gorie","content":"Prix architecture de paysage de projet institutionel","link":null},{"content_type":"text","title":"Site web","content":"projetpaysage.com","link":null}],"en":[{"content_type":"text","title":"Design","content":"Projet Paysage","link":null},{"content_type":"text","title":"Category","content":"Prix architecture de paysage de projet institutionel","link":null},{"content_type":"text","title":"Website","content":"projetpaysage.com","link":null}]}},"laravel_id":""},"_links":{"self":[{"href":"https:\/\/int.design\/en\/wp-json\/wp\/v2\/project\/5438","targetHints":{"allow":["GET"]}}],"collection":[{"href":"https:\/\/int.design\/en\/wp-json\/wp\/v2\/project"}],"about":[{"href":"https:\/\/int.design\/en\/wp-json\/wp\/v2\/types\/project"}],"wp:attachment":[{"href":"https:\/\/int.design\/en\/wp-json\/wp\/v2\/media?parent=5438"}],"curies":[{"name":"wp","href":"https:\/\/api.w.org\/{rel}","templated":true}]}}