{"id":5418,"date":"2019-01-11T21:11:48","date_gmt":"2019-01-12T02:11:48","guid":{"rendered":"https:\/\/int.design\/projets\/loft-sofa\/"},"modified":"2020-09-25T15:25:39","modified_gmt":"2020-09-25T19:25:39","slug":"loft-sofa","status":"publish","type":"project","link":"https:\/\/int.design\/en\/projects\/loft-sofa\/","title":{"rendered":"Loft Sofa"},"content":{"rendered":"<p>The Loft collection includes several sofa options and a storage bed. It was designed with condos and small spaces in mind. The furniture is modern and functional, with beautiful, clean, and natural lines.<\/p>\n<p>The pieces are very versatile: the backs and arms of the sofas have the same shape, allowing them to be arranged together. For example, you might use two sofas to create an L shaped couch. The frames are made of solid Canadian wood, and are manufactured by craftsmen in Montreal. This is a Quebec-based company with indisputable taste and flair.<\/p>\n","protected":false},"template":"","class_list":["post-5418","project","type-project","status-publish","hentry"],"acf":[],"yoast_head":"<!-- This site is optimized with the Yoast SEO plugin v21.5 - https:\/\/yoast.com\/wordpress\/plugins\/seo\/ -->\n<title>Loft Sofa - INT Design<\/title>\n<meta name=\"robots\" content=\"index, follow, max-snippet:-1, max-image-preview:large, max-video-preview:-1\" \/>\n<link rel=\"canonical\" href=\"https:\/\/int.design\/en\/projects\/loft-sofa\/\" \/>\n<meta property=\"og:locale\" content=\"en_US\" \/>\n<meta property=\"og:type\" content=\"article\" \/>\n<meta property=\"og:title\" content=\"Loft Sofa - INT Design\" \/>\n<meta property=\"og:description\" content=\"The Loft collection includes several sofa options and a storage bed. It was designed with condos and small spaces in mind. The furniture is modern and functional, with beautiful, clean, and natural lines. The pieces are very versatile: the backs and arms of the sofas have the same shape, allowing them to be arranged together. &hellip; Continued\" \/>\n<meta property=\"og:url\" content=\"https:\/\/int.design\/en\/projects\/loft-sofa\/\" \/>\n<meta property=\"og:site_name\" content=\"INT Design\" \/>\n<meta property=\"article:modified_time\" content=\"2020-09-25T19:25:39+00:00\" \/>\n<meta name=\"twitter:card\" content=\"summary_large_image\" \/>\n<script type=\"application\/ld+json\" class=\"yoast-schema-graph\">{\"@context\":\"https:\/\/schema.org\",\"@graph\":[{\"@type\":\"WebPage\",\"@id\":\"https:\/\/int.design\/en\/projects\/loft-sofa\/\",\"url\":\"https:\/\/int.design\/en\/projects\/loft-sofa\/\",\"name\":\"Loft Sofa - INT Design\",\"isPartOf\":{\"@id\":\"https:\/\/int.design\/fr\/#website\"},\"datePublished\":\"2019-01-12T02:11:48+00:00\",\"dateModified\":\"2020-09-25T19:25:39+00:00\",\"breadcrumb\":{\"@id\":\"https:\/\/int.design\/en\/projects\/loft-sofa\/#breadcrumb\"},\"inLanguage\":\"en-US\",\"potentialAction\":[{\"@type\":\"ReadAction\",\"target\":[\"https:\/\/int.design\/en\/projects\/loft-sofa\/\"]}]},{\"@type\":\"BreadcrumbList\",\"@id\":\"https:\/\/int.design\/en\/projects\/loft-sofa\/#breadcrumb\",\"itemListElement\":[{\"@type\":\"ListItem\",\"position\":1,\"name\":\"Home\",\"item\":\"https:\/\/int.design\/en\/\"},{\"@type\":\"ListItem\",\"position\":2,\"name\":\"Projects\",\"item\":\"https:\/\/int.design\/en\/projects\/\"},{\"@type\":\"ListItem\",\"position\":3,\"name\":\"Loft Sofa\"}]},{\"@type\":\"WebSite\",\"@id\":\"https:\/\/int.design\/fr\/#website\",\"url\":\"https:\/\/int.design\/fr\/\",\"name\":\"INT Design\",\"description\":\"\",\"potentialAction\":[{\"@type\":\"SearchAction\",\"target\":{\"@type\":\"EntryPoint\",\"urlTemplate\":\"https:\/\/int.design\/fr\/?s={search_term_string}\"},\"query-input\":\"required name=search_term_string\"}],\"inLanguage\":\"en-US\"}]}<\/script>\n<!-- \/ Yoast SEO plugin. -->","yoast_head_json":{"title":"Loft Sofa - INT Design","robots":{"index":"index","follow":"follow","max-snippet":"max-snippet:-1","max-image-preview":"max-image-preview:large","max-video-preview":"max-video-preview:-1"},"canonical":"https:\/\/int.design\/en\/projects\/loft-sofa\/","og_locale":"en_US","og_type":"article","og_title":"Loft Sofa - INT Design","og_description":"The Loft collection includes several sofa options and a storage bed. It was designed with condos and small spaces in mind. The furniture is modern and functional, with beautiful, clean, and natural lines. The pieces are very versatile: the backs and arms of the sofas have the same shape, allowing them to be arranged together. &hellip; Continued","og_url":"https:\/\/int.design\/en\/projects\/loft-sofa\/","og_site_name":"INT Design","article_modified_time":"2020-09-25T19:25:39+00:00","twitter_card":"summary_large_image","schema":{"@context":"https:\/\/schema.org","@graph":[{"@type":"WebPage","@id":"https:\/\/int.design\/en\/projects\/loft-sofa\/","url":"https:\/\/int.design\/en\/projects\/loft-sofa\/","name":"Loft Sofa - INT Design","isPartOf":{"@id":"https:\/\/int.design\/fr\/#website"},"datePublished":"2019-01-12T02:11:48+00:00","dateModified":"2020-09-25T19:25:39+00:00","breadcrumb":{"@id":"https:\/\/int.design\/en\/projects\/loft-sofa\/#breadcrumb"},"inLanguage":"en-US","potentialAction":[{"@type":"ReadAction","target":["https:\/\/int.design\/en\/projects\/loft-sofa\/"]}]},{"@type":"BreadcrumbList","@id":"https:\/\/int.design\/en\/projects\/loft-sofa\/#breadcrumb","itemListElement":[{"@type":"ListItem","position":1,"name":"Home","item":"https:\/\/int.design\/en\/"},{"@type":"ListItem","position":2,"name":"Projects","item":"https:\/\/int.design\/en\/projects\/"},{"@type":"ListItem","position":3,"name":"Loft Sofa"}]},{"@type":"WebSite","@id":"https:\/\/int.design\/fr\/#website","url":"https:\/\/int.design\/fr\/","name":"INT Design","description":"","potentialAction":[{"@type":"SearchAction","target":{"@type":"EntryPoint","urlTemplate":"https:\/\/int.design\/fr\/?s={search_term_string}"},"query-input":"required name=search_term_string"}],"inLanguage":"en-US"}]}},"entry":{"cats":{"disciplines":[],"big_cats":[],"sub_cats":[]},"entry":{"":null,"status":"completed","winner_title":"","winner_prize_lang":"","title_translatable":false,"title_en":"","title_fr":"","releve_award":false,"releve_award_cv":false,"collaboration":false,"collaboration_firms":false,"other_firms":false,"owner":{"name":"","confidential":false,"website":"","contact_name":"","email":"","phone":""},"address":{"address":"","city":"","region":"","province":"","country":"","postal_code":""},"logos":false,"use_logo":false,"designers":false,"cover":false,"images":[{"image":{"ID":5020,"id":5020,"title":"loft-sofa_15-2_guillaume-noiseux_romano_photographe-eloi.png","filename":"loft-sofa_15-2_guillaume-noiseux_romano_photographe-eloi.png","filesize":0,"url":"https:\/\/d2q6z78khxmx42.cloudfront.net\/2019\/01\/loft-sofa_15-2_guillaume-noiseux_romano_photographe-eloi.png","link":"https:\/\/int.design\/en\/loft-sofa_15-2_guillaume-noiseux_romano_photographe-eloi-png\/","alt":"","author":"8","description":"","caption":"","name":"loft-sofa_15-2_guillaume-noiseux_romano_photographe-eloi-png","status":"inherit","uploaded_to":0,"date":"2020-04-06 04:39:49","modified":"2020-10-12 18:48:24","menu_order":0,"mime_type":"image\/png","type":"image","subtype":"png","icon":"https:\/\/int.design\/wp-includes\/images\/media\/default.png","width":1890,"height":1080,"sizes":{"thumbnail":"https:\/\/d2q6z78khxmx42.cloudfront.net\/2019\/01\/loft-sofa_15-2_guillaume-noiseux_romano_photographe-eloi-150x150.png","thumbnail-width":150,"thumbnail-height":150,"medium":"https:\/\/d2q6z78khxmx42.cloudfront.net\/2019\/01\/loft-sofa_15-2_guillaume-noiseux_romano_photographe-eloi-300x171.png","medium-width":300,"medium-height":171,"medium_large":"https:\/\/d2q6z78khxmx42.cloudfront.net\/2019\/01\/loft-sofa_15-2_guillaume-noiseux_romano_photographe-eloi-768x439.png","medium_large-width":768,"medium_large-height":439,"large":"https:\/\/d2q6z78khxmx42.cloudfront.net\/2019\/01\/loft-sofa_15-2_guillaume-noiseux_romano_photographe-eloi-1024x585.png","large-width":1024,"large-height":585,"1536x1536":"https:\/\/d2q6z78khxmx42.cloudfront.net\/2019\/01\/loft-sofa_15-2_guillaume-noiseux_romano_photographe-eloi-1536x878.png","1536x1536-width":1536,"1536x1536-height":878,"2048x2048":"https:\/\/d2q6z78khxmx42.cloudfront.net\/2019\/01\/loft-sofa_15-2_guillaume-noiseux_romano_photographe-eloi.png","2048x2048-width":1890,"2048x2048-height":1080,"article":"https:\/\/d2q6z78khxmx42.cloudfront.net\/2019\/01\/loft-sofa_15-2_guillaume-noiseux_romano_photographe-eloi-960x540.png","article-width":960,"article-height":540,"banner":"https:\/\/d2q6z78khxmx42.cloudfront.net\/2019\/01\/loft-sofa_15-2_guillaume-noiseux_romano_photographe-eloi.png","banner-width":1890,"banner-height":1080,"block":"https:\/\/d2q6z78khxmx42.cloudfront.net\/2019\/01\/loft-sofa_15-2_guillaume-noiseux_romano_photographe-eloi-900x680.png","block-width":900,"block-height":680,"card":"https:\/\/d2q6z78khxmx42.cloudfront.net\/2019\/01\/loft-sofa_15-2_guillaume-noiseux_romano_photographe-eloi-560x495.png","card-width":560,"card-height":495,"card-thumbnail":"https:\/\/d2q6z78khxmx42.cloudfront.net\/2019\/01\/loft-sofa_15-2_guillaume-noiseux_romano_photographe-eloi-450x340.png","card-thumbnail-width":450,"card-thumbnail-height":340,"conference":"https:\/\/d2q6z78khxmx42.cloudfront.net\/2019\/01\/loft-sofa_15-2_guillaume-noiseux_romano_photographe-eloi-560x250.png","conference-width":560,"conference-height":250,"contest":"https:\/\/d2q6z78khxmx42.cloudfront.net\/2019\/01\/loft-sofa_15-2_guillaume-noiseux_romano_photographe-eloi-960x400.png","contest-width":960,"contest-height":400,"cta":"https:\/\/d2q6z78khxmx42.cloudfront.net\/2019\/01\/loft-sofa_15-2_guillaume-noiseux_romano_photographe-eloi-415x170.png","cta-width":415,"cta-height":170,"exhibitor":"https:\/\/d2q6z78khxmx42.cloudfront.net\/2019\/01\/loft-sofa_15-2_guillaume-noiseux_romano_photographe-eloi-560x560.png","exhibitor-width":560,"exhibitor-height":560,"gallery":"https:\/\/d2q6z78khxmx42.cloudfront.net\/2019\/01\/loft-sofa_15-2_guillaume-noiseux_romano_photographe-eloi-560x320.png","gallery-width":560,"gallery-height":320,"logo":"https:\/\/d2q6z78khxmx42.cloudfront.net\/2019\/01\/loft-sofa_15-2_guillaume-noiseux_romano_photographe-eloi-175x100.png","logo-width":175,"logo-height":100,"masonry":"https:\/\/d2q6z78khxmx42.cloudfront.net\/2019\/01\/loft-sofa_15-2_guillaume-noiseux_romano_photographe-eloi-550x314.png","masonry-width":550,"masonry-height":314,"modal":"https:\/\/d2q6z78khxmx42.cloudfront.net\/2019\/01\/loft-sofa_15-2_guillaume-noiseux_romano_photographe-eloi.png","modal-width":1890,"modal-height":1080,"number":"https:\/\/d2q6z78khxmx42.cloudfront.net\/2019\/01\/h9zOKbMz-loft-sofa_15-2_guillaume-noiseux_romano_photographe-eloi-560x320.png","number-width":560,"number-height":320,"partner":"https:\/\/d2q6z78khxmx42.cloudfront.net\/2019\/01\/loft-sofa_15-2_guillaume-noiseux_romano_photographe-eloi-275x157.png","partner-width":275,"partner-height":157,"ranking":"https:\/\/d2q6z78khxmx42.cloudfront.net\/2019\/01\/h9zOKbMz-loft-sofa_15-2_guillaume-noiseux_romano_photographe-eloi-960x540.png","ranking-width":960,"ranking-height":540,"schedule":"https:\/\/d2q6z78khxmx42.cloudfront.net\/2019\/01\/loft-sofa_15-2_guillaume-noiseux_romano_photographe-eloi-960x360.png","schedule-width":960,"schedule-height":360,"slideshow":"https:\/\/d2q6z78khxmx42.cloudfront.net\/2019\/01\/loft-sofa_15-2_guillaume-noiseux_romano_photographe-eloi-1190x680.png","slideshow-width":1190,"slideshow-height":680}},"attachment_category":{"545":"Mobilier r\u00e9sidentiel \u2013 salon"},"credit":""},{"image":{"ID":5023,"id":5023,"title":"loft-loveseat-and-bed_15-2_guillaume-noiseux_romano_photographe-eloi.png","filename":"loft-loveseat-and-bed_15-2_guillaume-noiseux_romano_photographe-eloi.png","filesize":0,"url":"https:\/\/d2q6z78khxmx42.cloudfront.net\/2019\/01\/loft-loveseat-and-bed_15-2_guillaume-noiseux_romano_photographe-eloi.png","link":"https:\/\/int.design\/en\/loft-loveseat-and-bed_15-2_guillaume-noiseux_romano_photographe-eloi-png\/","alt":"","author":"8","description":"","caption":"","name":"loft-loveseat-and-bed_15-2_guillaume-noiseux_romano_photographe-eloi-png","status":"inherit","uploaded_to":0,"date":"2020-04-06 04:40:43","modified":"2020-10-12 18:47:50","menu_order":0,"mime_type":"image\/png","type":"image","subtype":"png","icon":"https:\/\/int.design\/wp-includes\/images\/media\/default.png","width":1890,"height":1080,"sizes":{"thumbnail":"https:\/\/d2q6z78khxmx42.cloudfront.net\/2019\/01\/loft-loveseat-and-bed_15-2_guillaume-noiseux_romano_photographe-eloi-150x150.png","thumbnail-width":150,"thumbnail-height":150,"medium":"https:\/\/d2q6z78khxmx42.cloudfront.net\/2019\/01\/loft-loveseat-and-bed_15-2_guillaume-noiseux_romano_photographe-eloi-300x171.png","medium-width":300,"medium-height":171,"medium_large":"https:\/\/d2q6z78khxmx42.cloudfront.net\/2019\/01\/loft-loveseat-and-bed_15-2_guillaume-noiseux_romano_photographe-eloi-768x439.png","medium_large-width":768,"medium_large-height":439,"large":"https:\/\/d2q6z78khxmx42.cloudfront.net\/2019\/01\/loft-loveseat-and-bed_15-2_guillaume-noiseux_romano_photographe-eloi-1024x585.png","large-width":1024,"large-height":585,"1536x1536":"https:\/\/d2q6z78khxmx42.cloudfront.net\/2019\/01\/loft-loveseat-and-bed_15-2_guillaume-noiseux_romano_photographe-eloi-1536x878.png","1536x1536-width":1536,"1536x1536-height":878,"2048x2048":"https:\/\/d2q6z78khxmx42.cloudfront.net\/2019\/01\/loft-loveseat-and-bed_15-2_guillaume-noiseux_romano_photographe-eloi.png","2048x2048-width":1890,"2048x2048-height":1080,"article":"https:\/\/d2q6z78khxmx42.cloudfront.net\/2019\/01\/loft-loveseat-and-bed_15-2_guillaume-noiseux_romano_photographe-eloi-960x540.png","article-width":960,"article-height":540,"banner":"https:\/\/d2q6z78khxmx42.cloudfront.net\/2019\/01\/loft-loveseat-and-bed_15-2_guillaume-noiseux_romano_photographe-eloi.png","banner-width":1890,"banner-height":1080,"block":"https:\/\/d2q6z78khxmx42.cloudfront.net\/2019\/01\/loft-loveseat-and-bed_15-2_guillaume-noiseux_romano_photographe-eloi-900x680.png","block-width":900,"block-height":680,"card":"https:\/\/d2q6z78khxmx42.cloudfront.net\/2019\/01\/loft-loveseat-and-bed_15-2_guillaume-noiseux_romano_photographe-eloi-560x495.png","card-width":560,"card-height":495,"card-thumbnail":"https:\/\/d2q6z78khxmx42.cloudfront.net\/2019\/01\/loft-loveseat-and-bed_15-2_guillaume-noiseux_romano_photographe-eloi-450x340.png","card-thumbnail-width":450,"card-thumbnail-height":340,"conference":"https:\/\/d2q6z78khxmx42.cloudfront.net\/2019\/01\/loft-loveseat-and-bed_15-2_guillaume-noiseux_romano_photographe-eloi-560x250.png","conference-width":560,"conference-height":250,"contest":"https:\/\/d2q6z78khxmx42.cloudfront.net\/2019\/01\/loft-loveseat-and-bed_15-2_guillaume-noiseux_romano_photographe-eloi-960x400.png","contest-width":960,"contest-height":400,"cta":"https:\/\/d2q6z78khxmx42.cloudfront.net\/2019\/01\/loft-loveseat-and-bed_15-2_guillaume-noiseux_romano_photographe-eloi-415x170.png","cta-width":415,"cta-height":170,"exhibitor":"https:\/\/d2q6z78khxmx42.cloudfront.net\/2019\/01\/loft-loveseat-and-bed_15-2_guillaume-noiseux_romano_photographe-eloi-560x560.png","exhibitor-width":560,"exhibitor-height":560,"gallery":"https:\/\/d2q6z78khxmx42.cloudfront.net\/2019\/01\/loft-loveseat-and-bed_15-2_guillaume-noiseux_romano_photographe-eloi-560x320.png","gallery-width":560,"gallery-height":320,"logo":"https:\/\/d2q6z78khxmx42.cloudfront.net\/2019\/01\/loft-loveseat-and-bed_15-2_guillaume-noiseux_romano_photographe-eloi-175x100.png","logo-width":175,"logo-height":100,"masonry":"https:\/\/d2q6z78khxmx42.cloudfront.net\/2019\/01\/loft-loveseat-and-bed_15-2_guillaume-noiseux_romano_photographe-eloi-550x314.png","masonry-width":550,"masonry-height":314,"modal":"https:\/\/d2q6z78khxmx42.cloudfront.net\/2019\/01\/loft-loveseat-and-bed_15-2_guillaume-noiseux_romano_photographe-eloi.png","modal-width":1890,"modal-height":1080,"number":"https:\/\/d2q6z78khxmx42.cloudfront.net\/2019\/01\/zoMlC8Wx-loft-loveseat-and-bed_15-2_guillaume-noiseux_romano_photographe-eloi-560x320.png","number-width":560,"number-height":320,"partner":"https:\/\/d2q6z78khxmx42.cloudfront.net\/2019\/01\/loft-loveseat-and-bed_15-2_guillaume-noiseux_romano_photographe-eloi-275x157.png","partner-width":275,"partner-height":157,"ranking":"https:\/\/d2q6z78khxmx42.cloudfront.net\/2019\/01\/zoMlC8Wx-loft-loveseat-and-bed_15-2_guillaume-noiseux_romano_photographe-eloi-960x540.png","ranking-width":960,"ranking-height":540,"schedule":"https:\/\/d2q6z78khxmx42.cloudfront.net\/2019\/01\/loft-loveseat-and-bed_15-2_guillaume-noiseux_romano_photographe-eloi-960x360.png","schedule-width":960,"schedule-height":360,"slideshow":"https:\/\/d2q6z78khxmx42.cloudfront.net\/2019\/01\/loft-loveseat-and-bed_15-2_guillaume-noiseux_romano_photographe-eloi-1190x680.png","slideshow-width":1190,"slideshow-height":680}},"attachment_category":{"542":"Mobilier r\u00e9sidentiel \u2013 chambre"},"credit":""},{"image":{"ID":19566,"id":19566,"title":"LBAO6Z~N","filename":"LBAO6ZN-scaled.jpg","filesize":0,"url":"https:\/\/int.design\/wp-content\/uploads\/2019\/01\/LBAO6ZN-scaled.jpg","link":"https:\/\/int.design\/fr\/projets\/loft-sofa\/lbao6zn\/","alt":"","author":"6","description":"","caption":"","name":"lbao6zn","status":"inherit","uploaded_to":5019,"date":"2020-09-25 19:23:24","modified":"2020-09-27 00:31:36","menu_order":0,"mime_type":"image\/jpeg","type":"image","subtype":"jpeg","icon":"https:\/\/int.design\/wp-includes\/images\/media\/default.png","width":2560,"height":1978,"sizes":{"thumbnail":"https:\/\/int.design\/wp-content\/uploads\/2019\/01\/LBAO6ZN-150x150.jpg","thumbnail-width":150,"thumbnail-height":150,"medium":"https:\/\/int.design\/wp-content\/uploads\/2019\/01\/LBAO6ZN-300x232.jpg","medium-width":300,"medium-height":232,"medium_large":"https:\/\/int.design\/wp-content\/uploads\/2019\/01\/LBAO6ZN-768x593.jpg","medium_large-width":768,"medium_large-height":593,"large":"https:\/\/int.design\/wp-content\/uploads\/2019\/01\/LBAO6ZN-1024x791.jpg","large-width":1024,"large-height":791,"1536x1536":"https:\/\/int.design\/wp-content\/uploads\/2019\/01\/LBAO6ZN-1536x1187.jpg","1536x1536-width":1536,"1536x1536-height":1187,"2048x2048":"https:\/\/int.design\/wp-content\/uploads\/2019\/01\/LBAO6ZN-2048x1583.jpg","2048x2048-width":2048,"2048x2048-height":1583,"article":"https:\/\/int.design\/wp-content\/uploads\/2019\/01\/LBAO6ZN-960x540.jpg","article-width":960,"article-height":540,"banner":"https:\/\/int.design\/wp-content\/uploads\/2019\/01\/LBAO6ZN-1920x1484.jpg","banner-width":1920,"banner-height":1484,"block":"https:\/\/int.design\/wp-content\/uploads\/2019\/01\/LBAO6ZN-900x680.jpg","block-width":900,"block-height":680,"card":"https:\/\/int.design\/wp-content\/uploads\/2019\/01\/LBAO6ZN-560x495.jpg","card-width":560,"card-height":495,"card-thumbnail":"https:\/\/int.design\/wp-content\/uploads\/2019\/01\/LBAO6ZN-450x340.jpg","card-thumbnail-width":450,"card-thumbnail-height":340,"conference":"https:\/\/int.design\/wp-content\/uploads\/2019\/01\/LBAO6ZN-560x250.jpg","conference-width":560,"conference-height":250,"contest":"https:\/\/int.design\/wp-content\/uploads\/2019\/01\/LBAO6ZN-960x400.jpg","contest-width":960,"contest-height":400,"cta":"https:\/\/int.design\/wp-content\/uploads\/2019\/01\/LBAO6ZN-415x170.jpg","cta-width":415,"cta-height":170,"exhibitor":"https:\/\/int.design\/wp-content\/uploads\/2019\/01\/LBAO6ZN-560x560.jpg","exhibitor-width":560,"exhibitor-height":560,"gallery":"https:\/\/int.design\/wp-content\/uploads\/2019\/01\/LBAO6ZN-556x430.jpg","gallery-width":556,"gallery-height":430,"logo":"https:\/\/int.design\/wp-content\/uploads\/2019\/01\/LBAO6ZN-129x100.jpg","logo-width":129,"logo-height":100,"masonry":"https:\/\/int.design\/wp-content\/uploads\/2019\/01\/LBAO6ZN-550x425.jpg","masonry-width":550,"masonry-height":425,"modal":"https:\/\/int.design\/wp-content\/uploads\/2019\/01\/LBAO6ZN-1920x1484.jpg","modal-width":1920,"modal-height":1484,"number":"https:\/\/int.design\/wp-content\/uploads\/2019\/01\/LBAO6ZN-556x430.jpg","number-width":556,"number-height":430,"partner":"https:\/\/int.design\/wp-content\/uploads\/2019\/01\/LBAO6ZN-272x210.jpg","partner-width":272,"partner-height":210,"ranking":"https:\/\/int.design\/wp-content\/uploads\/2019\/01\/LBAO6ZN-960x540.jpg","ranking-width":960,"ranking-height":540,"schedule":"https:\/\/int.design\/wp-content\/uploads\/2019\/01\/LBAO6ZN-960x360.jpg","schedule-width":960,"schedule-height":360,"slideshow":"https:\/\/int.design\/wp-content\/uploads\/2019\/01\/LBAO6ZN-880x680.jpg","slideshow-width":880,"slideshow-height":680}},"attachment_category":{"545":"Mobilier r\u00e9sidentiel \u2013 salon"},"credit":""},{"image":{"ID":19565,"id":19565,"title":"Loft Sofa_leg_15.2_Guillaume Noiseux_Romano_photographe Eloi.","filename":"Loft-Sofa_leg_15.2_Guillaume-Noiseux_Romano_photographe-Eloi..jpg","filesize":0,"url":"https:\/\/d2q6z78khxmx42.cloudfront.net\/2019\/01\/Loft-Sofa_leg_15.2_Guillaume-Noiseux_Romano_photographe-Eloi..jpg","link":"https:\/\/int.design\/fr\/projets\/loft-sofa\/loft-sofa_leg_15-2_guillaume-noiseux_romano_photographe-eloi\/","alt":"","author":"6","description":"","caption":"","name":"loft-sofa_leg_15-2_guillaume-noiseux_romano_photographe-eloi","status":"inherit","uploaded_to":5019,"date":"2020-09-25 19:22:26","modified":"2020-09-25 19:25:21","menu_order":0,"mime_type":"image\/jpeg","type":"image","subtype":"jpeg","icon":"https:\/\/int.design\/wp-includes\/images\/media\/default.png","width":1310,"height":1972,"sizes":{"thumbnail":"https:\/\/d2q6z78khxmx42.cloudfront.net\/2019\/01\/Loft-Sofa_leg_15.2_Guillaume-Noiseux_Romano_photographe-Eloi.-150x150.jpg","thumbnail-width":150,"thumbnail-height":150,"medium":"https:\/\/d2q6z78khxmx42.cloudfront.net\/2019\/01\/Loft-Sofa_leg_15.2_Guillaume-Noiseux_Romano_photographe-Eloi.-199x300.jpg","medium-width":199,"medium-height":300,"medium_large":"https:\/\/d2q6z78khxmx42.cloudfront.net\/2019\/01\/Loft-Sofa_leg_15.2_Guillaume-Noiseux_Romano_photographe-Eloi.-768x1156.jpg","medium_large-width":768,"medium_large-height":1156,"large":"https:\/\/d2q6z78khxmx42.cloudfront.net\/2019\/01\/Loft-Sofa_leg_15.2_Guillaume-Noiseux_Romano_photographe-Eloi.-680x1024.jpg","large-width":680,"large-height":1024,"1536x1536":"https:\/\/d2q6z78khxmx42.cloudfront.net\/2019\/01\/Loft-Sofa_leg_15.2_Guillaume-Noiseux_Romano_photographe-Eloi.-1020x1536.jpg","1536x1536-width":1020,"1536x1536-height":1536,"2048x2048":"https:\/\/d2q6z78khxmx42.cloudfront.net\/2019\/01\/Loft-Sofa_leg_15.2_Guillaume-Noiseux_Romano_photographe-Eloi..jpg","2048x2048-width":1310,"2048x2048-height":1972,"article":"https:\/\/d2q6z78khxmx42.cloudfront.net\/2019\/01\/Loft-Sofa_leg_15.2_Guillaume-Noiseux_Romano_photographe-Eloi.-960x540.jpg","article-width":960,"article-height":540,"banner":"https:\/\/d2q6z78khxmx42.cloudfront.net\/2019\/01\/Loft-Sofa_leg_15.2_Guillaume-Noiseux_Romano_photographe-Eloi..jpg","banner-width":1310,"banner-height":1972,"block":"https:\/\/d2q6z78khxmx42.cloudfront.net\/2019\/01\/Loft-Sofa_leg_15.2_Guillaume-Noiseux_Romano_photographe-Eloi.-900x680.jpg","block-width":900,"block-height":680,"card":"https:\/\/d2q6z78khxmx42.cloudfront.net\/2019\/01\/Loft-Sofa_leg_15.2_Guillaume-Noiseux_Romano_photographe-Eloi.-560x495.jpg","card-width":560,"card-height":495,"card-thumbnail":"https:\/\/d2q6z78khxmx42.cloudfront.net\/2019\/01\/Loft-Sofa_leg_15.2_Guillaume-Noiseux_Romano_photographe-Eloi.-450x340.jpg","card-thumbnail-width":450,"card-thumbnail-height":340,"conference":"https:\/\/d2q6z78khxmx42.cloudfront.net\/2019\/01\/Loft-Sofa_leg_15.2_Guillaume-Noiseux_Romano_photographe-Eloi.-560x250.jpg","conference-width":560,"conference-height":250,"contest":"https:\/\/d2q6z78khxmx42.cloudfront.net\/2019\/01\/Loft-Sofa_leg_15.2_Guillaume-Noiseux_Romano_photographe-Eloi.-960x400.jpg","contest-width":960,"contest-height":400,"cta":"https:\/\/d2q6z78khxmx42.cloudfront.net\/2019\/01\/Loft-Sofa_leg_15.2_Guillaume-Noiseux_Romano_photographe-Eloi.-415x170.jpg","cta-width":415,"cta-height":170,"exhibitor":"https:\/\/d2q6z78khxmx42.cloudfront.net\/2019\/01\/Loft-Sofa_leg_15.2_Guillaume-Noiseux_Romano_photographe-Eloi.-560x560.jpg","exhibitor-width":560,"exhibitor-height":560,"gallery":"https:\/\/d2q6z78khxmx42.cloudfront.net\/2019\/01\/Loft-Sofa_leg_15.2_Guillaume-Noiseux_Romano_photographe-Eloi.-286x430.jpg","gallery-width":286,"gallery-height":430,"logo":"https:\/\/d2q6z78khxmx42.cloudfront.net\/2019\/01\/Loft-Sofa_leg_15.2_Guillaume-Noiseux_Romano_photographe-Eloi.-66x100.jpg","logo-width":66,"logo-height":100,"masonry":"https:\/\/d2q6z78khxmx42.cloudfront.net\/2019\/01\/Loft-Sofa_leg_15.2_Guillaume-Noiseux_Romano_photographe-Eloi.-550x828.jpg","masonry-width":550,"masonry-height":828,"modal":"https:\/\/d2q6z78khxmx42.cloudfront.net\/2019\/01\/Loft-Sofa_leg_15.2_Guillaume-Noiseux_Romano_photographe-Eloi.-1275x1920.jpg","modal-width":1275,"modal-height":1920,"number":"https:\/\/d2q6z78khxmx42.cloudfront.net\/2019\/01\/RfmhPHg9-Loft-Sofa_leg_15.2_Guillaume-Noiseux_Romano_photographe-Eloi.-286x430.jpg","number-width":286,"number-height":430,"partner":"https:\/\/d2q6z78khxmx42.cloudfront.net\/2019\/01\/Loft-Sofa_leg_15.2_Guillaume-Noiseux_Romano_photographe-Eloi.-140x210.jpg","partner-width":140,"partner-height":210,"ranking":"https:\/\/d2q6z78khxmx42.cloudfront.net\/2019\/01\/RfmhPHg9-Loft-Sofa_leg_15.2_Guillaume-Noiseux_Romano_photographe-Eloi.-960x540.jpg","ranking-width":960,"ranking-height":540,"schedule":"https:\/\/d2q6z78khxmx42.cloudfront.net\/2019\/01\/Loft-Sofa_leg_15.2_Guillaume-Noiseux_Romano_photographe-Eloi.-960x360.jpg","schedule-width":960,"schedule-height":360,"slideshow":"https:\/\/d2q6z78khxmx42.cloudfront.net\/2019\/01\/Loft-Sofa_leg_15.2_Guillaume-Noiseux_Romano_photographe-Eloi.-452x680.jpg","slideshow-width":452,"slideshow-height":680}},"attachment_category":[],"credit":""},{"image":{"ID":5021,"id":5021,"title":"loft-sofa_making-of__15-2_guillaume-noiseux_romano_photographe-maude-chauvin_2.png","filename":"loft-sofa_making-of__15-2_guillaume-noiseux_romano_photographe-maude-chauvin_2.png","filesize":0,"url":"https:\/\/d2q6z78khxmx42.cloudfront.net\/2019\/01\/loft-sofa_making-of__15-2_guillaume-noiseux_romano_photographe-maude-chauvin_2.png","link":"https:\/\/int.design\/en\/loft-sofa_making-of__15-2_guillaume-noiseux_romano_photographe-maude-chauvin_2-png\/","alt":"","author":"8","description":"","caption":"","name":"loft-sofa_making-of__15-2_guillaume-noiseux_romano_photographe-maude-chauvin_2-png","status":"inherit","uploaded_to":0,"date":"2020-04-06 04:40:03","modified":"2020-09-20 20:08:17","menu_order":0,"mime_type":"image\/png","type":"image","subtype":"png","icon":"https:\/\/int.design\/wp-includes\/images\/media\/default.png","width":1890,"height":1080,"sizes":{"thumbnail":"https:\/\/d2q6z78khxmx42.cloudfront.net\/2019\/01\/loft-sofa_making-of__15-2_guillaume-noiseux_romano_photographe-maude-chauvin_2-150x150.png","thumbnail-width":150,"thumbnail-height":150,"medium":"https:\/\/d2q6z78khxmx42.cloudfront.net\/2019\/01\/loft-sofa_making-of__15-2_guillaume-noiseux_romano_photographe-maude-chauvin_2-300x171.png","medium-width":300,"medium-height":171,"medium_large":"https:\/\/d2q6z78khxmx42.cloudfront.net\/2019\/01\/loft-sofa_making-of__15-2_guillaume-noiseux_romano_photographe-maude-chauvin_2-768x439.png","medium_large-width":768,"medium_large-height":439,"large":"https:\/\/d2q6z78khxmx42.cloudfront.net\/2019\/01\/loft-sofa_making-of__15-2_guillaume-noiseux_romano_photographe-maude-chauvin_2-1024x585.png","large-width":1024,"large-height":585,"1536x1536":"https:\/\/d2q6z78khxmx42.cloudfront.net\/2019\/01\/loft-sofa_making-of__15-2_guillaume-noiseux_romano_photographe-maude-chauvin_2-1536x878.png","1536x1536-width":1536,"1536x1536-height":878,"2048x2048":"https:\/\/d2q6z78khxmx42.cloudfront.net\/2019\/01\/loft-sofa_making-of__15-2_guillaume-noiseux_romano_photographe-maude-chauvin_2.png","2048x2048-width":1890,"2048x2048-height":1080,"article":"https:\/\/d2q6z78khxmx42.cloudfront.net\/2019\/01\/loft-sofa_making-of__15-2_guillaume-noiseux_romano_photographe-maude-chauvin_2-960x540.png","article-width":960,"article-height":540,"banner":"https:\/\/d2q6z78khxmx42.cloudfront.net\/2019\/01\/loft-sofa_making-of__15-2_guillaume-noiseux_romano_photographe-maude-chauvin_2.png","banner-width":1890,"banner-height":1080,"block":"https:\/\/d2q6z78khxmx42.cloudfront.net\/2019\/01\/loft-sofa_making-of__15-2_guillaume-noiseux_romano_photographe-maude-chauvin_2-900x680.png","block-width":900,"block-height":680,"card":"https:\/\/d2q6z78khxmx42.cloudfront.net\/2019\/01\/loft-sofa_making-of__15-2_guillaume-noiseux_romano_photographe-maude-chauvin_2-560x495.png","card-width":560,"card-height":495,"card-thumbnail":"https:\/\/d2q6z78khxmx42.cloudfront.net\/2019\/01\/loft-sofa_making-of__15-2_guillaume-noiseux_romano_photographe-maude-chauvin_2-450x340.png","card-thumbnail-width":450,"card-thumbnail-height":340,"conference":"https:\/\/d2q6z78khxmx42.cloudfront.net\/2019\/01\/loft-sofa_making-of__15-2_guillaume-noiseux_romano_photographe-maude-chauvin_2-560x250.png","conference-width":560,"conference-height":250,"contest":"https:\/\/d2q6z78khxmx42.cloudfront.net\/2019\/01\/loft-sofa_making-of__15-2_guillaume-noiseux_romano_photographe-maude-chauvin_2-960x400.png","contest-width":960,"contest-height":400,"cta":"https:\/\/d2q6z78khxmx42.cloudfront.net\/2019\/01\/loft-sofa_making-of__15-2_guillaume-noiseux_romano_photographe-maude-chauvin_2-415x170.png","cta-width":415,"cta-height":170,"exhibitor":"https:\/\/d2q6z78khxmx42.cloudfront.net\/2019\/01\/loft-sofa_making-of__15-2_guillaume-noiseux_romano_photographe-maude-chauvin_2-560x560.png","exhibitor-width":560,"exhibitor-height":560,"gallery":"https:\/\/d2q6z78khxmx42.cloudfront.net\/2019\/01\/loft-sofa_making-of__15-2_guillaume-noiseux_romano_photographe-maude-chauvin_2-560x320.png","gallery-width":560,"gallery-height":320,"logo":"https:\/\/d2q6z78khxmx42.cloudfront.net\/2019\/01\/loft-sofa_making-of__15-2_guillaume-noiseux_romano_photographe-maude-chauvin_2-175x100.png","logo-width":175,"logo-height":100,"masonry":"https:\/\/d2q6z78khxmx42.cloudfront.net\/2019\/01\/loft-sofa_making-of__15-2_guillaume-noiseux_romano_photographe-maude-chauvin_2-550x314.png","masonry-width":550,"masonry-height":314,"modal":"https:\/\/d2q6z78khxmx42.cloudfront.net\/2019\/01\/loft-sofa_making-of__15-2_guillaume-noiseux_romano_photographe-maude-chauvin_2.png","modal-width":1890,"modal-height":1080,"number":"https:\/\/d2q6z78khxmx42.cloudfront.net\/2019\/01\/5twN15LL-loft-sofa_making-of__15-2_guillaume-noiseux_romano_photographe-maude-chauvin_2-560x320.png","number-width":560,"number-height":320,"partner":"https:\/\/d2q6z78khxmx42.cloudfront.net\/2019\/01\/loft-sofa_making-of__15-2_guillaume-noiseux_romano_photographe-maude-chauvin_2-275x157.png","partner-width":275,"partner-height":157,"ranking":"https:\/\/d2q6z78khxmx42.cloudfront.net\/2019\/01\/5twN15LL-loft-sofa_making-of__15-2_guillaume-noiseux_romano_photographe-maude-chauvin_2-960x540.png","ranking-width":960,"ranking-height":540,"schedule":"https:\/\/d2q6z78khxmx42.cloudfront.net\/2019\/01\/loft-sofa_making-of__15-2_guillaume-noiseux_romano_photographe-maude-chauvin_2-960x360.png","schedule-width":960,"schedule-height":360,"slideshow":"https:\/\/d2q6z78khxmx42.cloudfront.net\/2019\/01\/loft-sofa_making-of__15-2_guillaume-noiseux_romano_photographe-maude-chauvin_2-1190x680.png","slideshow-width":1190,"slideshow-height":680}},"attachment_category":[],"credit":""},{"image":{"ID":5022,"id":5022,"title":"loft-sofa_making-of__15-2_guillaume-noiseux_romano_photographe-maude-chauvin_3.png","filename":"loft-sofa_making-of__15-2_guillaume-noiseux_romano_photographe-maude-chauvin_3.png","filesize":0,"url":"https:\/\/d2q6z78khxmx42.cloudfront.net\/2019\/01\/loft-sofa_making-of__15-2_guillaume-noiseux_romano_photographe-maude-chauvin_3.png","link":"https:\/\/int.design\/en\/loft-sofa_making-of__15-2_guillaume-noiseux_romano_photographe-maude-chauvin_3-png\/","alt":"","author":"8","description":"","caption":"","name":"loft-sofa_making-of__15-2_guillaume-noiseux_romano_photographe-maude-chauvin_3-png","status":"inherit","uploaded_to":0,"date":"2020-04-06 04:40:22","modified":"2020-09-20 20:07:49","menu_order":0,"mime_type":"image\/png","type":"image","subtype":"png","icon":"https:\/\/int.design\/wp-includes\/images\/media\/default.png","width":1890,"height":1080,"sizes":{"thumbnail":"https:\/\/d2q6z78khxmx42.cloudfront.net\/2019\/01\/loft-sofa_making-of__15-2_guillaume-noiseux_romano_photographe-maude-chauvin_3-150x150.png","thumbnail-width":150,"thumbnail-height":150,"medium":"https:\/\/d2q6z78khxmx42.cloudfront.net\/2019\/01\/loft-sofa_making-of__15-2_guillaume-noiseux_romano_photographe-maude-chauvin_3-300x171.png","medium-width":300,"medium-height":171,"medium_large":"https:\/\/d2q6z78khxmx42.cloudfront.net\/2019\/01\/loft-sofa_making-of__15-2_guillaume-noiseux_romano_photographe-maude-chauvin_3-768x439.png","medium_large-width":768,"medium_large-height":439,"large":"https:\/\/d2q6z78khxmx42.cloudfront.net\/2019\/01\/loft-sofa_making-of__15-2_guillaume-noiseux_romano_photographe-maude-chauvin_3-1024x585.png","large-width":1024,"large-height":585,"1536x1536":"https:\/\/d2q6z78khxmx42.cloudfront.net\/2019\/01\/loft-sofa_making-of__15-2_guillaume-noiseux_romano_photographe-maude-chauvin_3-1536x878.png","1536x1536-width":1536,"1536x1536-height":878,"2048x2048":"https:\/\/d2q6z78khxmx42.cloudfront.net\/2019\/01\/loft-sofa_making-of__15-2_guillaume-noiseux_romano_photographe-maude-chauvin_3.png","2048x2048-width":1890,"2048x2048-height":1080,"article":"https:\/\/d2q6z78khxmx42.cloudfront.net\/2019\/01\/loft-sofa_making-of__15-2_guillaume-noiseux_romano_photographe-maude-chauvin_3-960x540.png","article-width":960,"article-height":540,"banner":"https:\/\/d2q6z78khxmx42.cloudfront.net\/2019\/01\/loft-sofa_making-of__15-2_guillaume-noiseux_romano_photographe-maude-chauvin_3.png","banner-width":1890,"banner-height":1080,"block":"https:\/\/d2q6z78khxmx42.cloudfront.net\/2019\/01\/loft-sofa_making-of__15-2_guillaume-noiseux_romano_photographe-maude-chauvin_3-900x680.png","block-width":900,"block-height":680,"card":"https:\/\/d2q6z78khxmx42.cloudfront.net\/2019\/01\/loft-sofa_making-of__15-2_guillaume-noiseux_romano_photographe-maude-chauvin_3-560x495.png","card-width":560,"card-height":495,"card-thumbnail":"https:\/\/d2q6z78khxmx42.cloudfront.net\/2019\/01\/loft-sofa_making-of__15-2_guillaume-noiseux_romano_photographe-maude-chauvin_3-450x340.png","card-thumbnail-width":450,"card-thumbnail-height":340,"conference":"https:\/\/d2q6z78khxmx42.cloudfront.net\/2019\/01\/loft-sofa_making-of__15-2_guillaume-noiseux_romano_photographe-maude-chauvin_3-560x250.png","conference-width":560,"conference-height":250,"contest":"https:\/\/d2q6z78khxmx42.cloudfront.net\/2019\/01\/loft-sofa_making-of__15-2_guillaume-noiseux_romano_photographe-maude-chauvin_3-960x400.png","contest-width":960,"contest-height":400,"cta":"https:\/\/d2q6z78khxmx42.cloudfront.net\/2019\/01\/loft-sofa_making-of__15-2_guillaume-noiseux_romano_photographe-maude-chauvin_3-415x170.png","cta-width":415,"cta-height":170,"exhibitor":"https:\/\/d2q6z78khxmx42.cloudfront.net\/2019\/01\/loft-sofa_making-of__15-2_guillaume-noiseux_romano_photographe-maude-chauvin_3-560x560.png","exhibitor-width":560,"exhibitor-height":560,"gallery":"https:\/\/d2q6z78khxmx42.cloudfront.net\/2019\/01\/loft-sofa_making-of__15-2_guillaume-noiseux_romano_photographe-maude-chauvin_3-560x320.png","gallery-width":560,"gallery-height":320,"logo":"https:\/\/d2q6z78khxmx42.cloudfront.net\/2019\/01\/loft-sofa_making-of__15-2_guillaume-noiseux_romano_photographe-maude-chauvin_3-175x100.png","logo-width":175,"logo-height":100,"masonry":"https:\/\/d2q6z78khxmx42.cloudfront.net\/2019\/01\/loft-sofa_making-of__15-2_guillaume-noiseux_romano_photographe-maude-chauvin_3-550x314.png","masonry-width":550,"masonry-height":314,"modal":"https:\/\/d2q6z78khxmx42.cloudfront.net\/2019\/01\/loft-sofa_making-of__15-2_guillaume-noiseux_romano_photographe-maude-chauvin_3.png","modal-width":1890,"modal-height":1080,"number":"https:\/\/d2q6z78khxmx42.cloudfront.net\/2019\/01\/DTZqAomm-loft-sofa_making-of__15-2_guillaume-noiseux_romano_photographe-maude-chauvin_3-560x320.png","number-width":560,"number-height":320,"partner":"https:\/\/d2q6z78khxmx42.cloudfront.net\/2019\/01\/loft-sofa_making-of__15-2_guillaume-noiseux_romano_photographe-maude-chauvin_3-275x157.png","partner-width":275,"partner-height":157,"ranking":"https:\/\/d2q6z78khxmx42.cloudfront.net\/2019\/01\/DTZqAomm-loft-sofa_making-of__15-2_guillaume-noiseux_romano_photographe-maude-chauvin_3-960x540.png","ranking-width":960,"ranking-height":540,"schedule":"https:\/\/d2q6z78khxmx42.cloudfront.net\/2019\/01\/loft-sofa_making-of__15-2_guillaume-noiseux_romano_photographe-maude-chauvin_3-960x360.png","schedule-width":960,"schedule-height":360,"slideshow":"https:\/\/d2q6z78khxmx42.cloudfront.net\/2019\/01\/loft-sofa_making-of__15-2_guillaume-noiseux_romano_photographe-maude-chauvin_3-1190x680.png","slideshow-width":1190,"slideshow-height":680}},"attachment_category":[],"credit":""}],"mandatory_documents":false,"optional_documents":false,"web_text":{"fr":"","en":"","original":""},"jury_text":false,"different_jury_text":false,"different_category_text":false},"laureats":[],"contest_id":"1808","contest_title":"GRANDS PRIX DU DESIGN - 12th edition","firms":[],"user":{"email":"old_edition@agencepid.com","first_name":"Old Edition","last_name":"Participant"},"doc_texts_web":{"fr":"<p>La collection Loft, c\u2019est plusieurs options de sofa ainsi qu\u2019un lit \u00e0 rangement. Elle est pens\u00e9e en r\u00e9ponse aux condos et aux petits espaces. Ce sont des meubles au design moderne, fonctionnel, avec de belles lignes, \u00e9pur\u00e9es, accessibles et universels.<\/p>\n<p>Ils sont polyvalents, ainsi le dos et le bras d\u2019un sofa ont la m\u00eame forme, ce qui permet de les marier, par exemple en les mettant en L pour en faire un coin. Les cadres sont b\u00e2tis en bois massif en provenance du Canada, la fabrication est assur\u00e9e par des artisans de Montr\u00e9al. Voil\u00e0 une entreprise qu\u00e9b\u00e9coise qui a du go\u00fbt et qui a du flair.<\/p>\n","en":"<p>The Loft collection includes several sofa options and a storage bed. It was designed with condos and small spaces in mind. The furniture is modern and functional, with beautiful, clean, and natural lines.<\/p>\n<p>The pieces are very versatile: the backs and arms of the sofas have the same shape, allowing them to be arranged together. For example, you might use two sofas to create an L shaped couch. The frames are made of solid Canadian wood, and are manufactured by craftsmen in Montreal. This is a Quebec-based company with indisputable taste and flair.<\/p>\n"},"permalinks":{"fr":"https:\/\/int.design\/fr\/projets\/loft-sofa\/","en":"https:\/\/int.design\/en\/projects\/loft-sofa\/"},"titles":{"fr":"Loft Sofa","en":"Loft Sofa"},"wp_fields":{"informations":{"fr":[{"content_type":"text","title":"Design","content":"G.Romano, design Guillaume Noiseux","link":null},{"content_type":"text","title":"Cat\u00e9gorie","content":"Prix Mobilier r\u00e9sidentiel en design industriel","link":null},{"content_type":"text","title":"Site web","content":"gromano.com","link":null}],"en":[{"content_type":"text","title":"Design","content":"G.Romano, design Guillaume Noiseux","link":null},{"content_type":"text","title":"Category","content":"Prix Mobilier r\u00e9sidentiel en design industriel","link":null},{"content_type":"text","title":"Website","content":"gromano.com","link":null}]}},"laravel_id":""},"_links":{"self":[{"href":"https:\/\/int.design\/en\/wp-json\/wp\/v2\/project\/5418","targetHints":{"allow":["GET"]}}],"collection":[{"href":"https:\/\/int.design\/en\/wp-json\/wp\/v2\/project"}],"about":[{"href":"https:\/\/int.design\/en\/wp-json\/wp\/v2\/types\/project"}],"wp:attachment":[{"href":"https:\/\/int.design\/en\/wp-json\/wp\/v2\/media?parent=5418"}],"curies":[{"name":"wp","href":"https:\/\/api.w.org\/{rel}","templated":true}]}}