{"id":33889,"date":"2021-07-14T19:34:43","date_gmt":"2021-07-14T23:34:43","guid":{"rendered":"https:\/\/int.design\/?post_type=project&#038;p=33889"},"modified":"2021-07-16T13:57:49","modified_gmt":"2021-07-16T17:57:49","slug":"eglise-saint-joseph","status":"publish","type":"project","link":"https:\/\/int.design\/en\/projects\/eglise-saint-joseph\/","title":{"rendered":"\u00c9glise Saint-Joseph"},"content":{"rendered":"","protected":false},"template":"","class_list":["post-33889","project","type-project","status-publish","hentry","project_category-architecture-grands_prix_du_design_en","project_category-cultural-building-en","project_category-public_building","project_category-special-award","project_category-art-integration-in-architecture"],"acf":[],"yoast_head":"<!-- This site is optimized with the Yoast SEO plugin v21.5 - https:\/\/yoast.com\/wordpress\/plugins\/seo\/ -->\n<title>\u00c9glise Saint-Joseph - INT Design<\/title>\n<meta name=\"robots\" content=\"index, follow, max-snippet:-1, max-image-preview:large, max-video-preview:-1\" \/>\n<link rel=\"canonical\" href=\"https:\/\/int.design\/en\/projects\/eglise-saint-joseph\/\" \/>\n<meta property=\"og:locale\" content=\"en_US\" \/>\n<meta property=\"og:type\" content=\"article\" \/>\n<meta property=\"og:title\" content=\"\u00c9glise Saint-Joseph - INT Design\" \/>\n<meta property=\"og:url\" content=\"https:\/\/int.design\/en\/projects\/eglise-saint-joseph\/\" \/>\n<meta property=\"og:site_name\" content=\"INT Design\" \/>\n<meta property=\"article:modified_time\" content=\"2021-07-16T17:57:49+00:00\" \/>\n<meta name=\"twitter:card\" content=\"summary_large_image\" \/>\n<script type=\"application\/ld+json\" class=\"yoast-schema-graph\">{\"@context\":\"https:\/\/schema.org\",\"@graph\":[{\"@type\":\"WebPage\",\"@id\":\"https:\/\/int.design\/en\/projects\/eglise-saint-joseph\/\",\"url\":\"https:\/\/int.design\/en\/projects\/eglise-saint-joseph\/\",\"name\":\"\u00c9glise Saint-Joseph - INT Design\",\"isPartOf\":{\"@id\":\"https:\/\/int.design\/fr\/#website\"},\"datePublished\":\"2021-07-14T23:34:43+00:00\",\"dateModified\":\"2021-07-16T17:57:49+00:00\",\"breadcrumb\":{\"@id\":\"https:\/\/int.design\/en\/projects\/eglise-saint-joseph\/#breadcrumb\"},\"inLanguage\":\"en-US\",\"potentialAction\":[{\"@type\":\"ReadAction\",\"target\":[\"https:\/\/int.design\/en\/projects\/eglise-saint-joseph\/\"]}]},{\"@type\":\"BreadcrumbList\",\"@id\":\"https:\/\/int.design\/en\/projects\/eglise-saint-joseph\/#breadcrumb\",\"itemListElement\":[{\"@type\":\"ListItem\",\"position\":1,\"name\":\"Home\",\"item\":\"https:\/\/int.design\/en\/\"},{\"@type\":\"ListItem\",\"position\":2,\"name\":\"Projects\",\"item\":\"https:\/\/int.design\/en\/projects\/\"},{\"@type\":\"ListItem\",\"position\":3,\"name\":\"\u00c9glise Saint-Joseph\"}]},{\"@type\":\"WebSite\",\"@id\":\"https:\/\/int.design\/fr\/#website\",\"url\":\"https:\/\/int.design\/fr\/\",\"name\":\"INT Design\",\"description\":\"\",\"potentialAction\":[{\"@type\":\"SearchAction\",\"target\":{\"@type\":\"EntryPoint\",\"urlTemplate\":\"https:\/\/int.design\/fr\/?s={search_term_string}\"},\"query-input\":\"required name=search_term_string\"}],\"inLanguage\":\"en-US\"}]}<\/script>\n<!-- \/ Yoast SEO plugin. -->","yoast_head_json":{"title":"\u00c9glise Saint-Joseph - INT Design","robots":{"index":"index","follow":"follow","max-snippet":"max-snippet:-1","max-image-preview":"max-image-preview:large","max-video-preview":"max-video-preview:-1"},"canonical":"https:\/\/int.design\/en\/projects\/eglise-saint-joseph\/","og_locale":"en_US","og_type":"article","og_title":"\u00c9glise Saint-Joseph - INT Design","og_url":"https:\/\/int.design\/en\/projects\/eglise-saint-joseph\/","og_site_name":"INT Design","article_modified_time":"2021-07-16T17:57:49+00:00","twitter_card":"summary_large_image","schema":{"@context":"https:\/\/schema.org","@graph":[{"@type":"WebPage","@id":"https:\/\/int.design\/en\/projects\/eglise-saint-joseph\/","url":"https:\/\/int.design\/en\/projects\/eglise-saint-joseph\/","name":"\u00c9glise Saint-Joseph - INT Design","isPartOf":{"@id":"https:\/\/int.design\/fr\/#website"},"datePublished":"2021-07-14T23:34:43+00:00","dateModified":"2021-07-16T17:57:49+00:00","breadcrumb":{"@id":"https:\/\/int.design\/en\/projects\/eglise-saint-joseph\/#breadcrumb"},"inLanguage":"en-US","potentialAction":[{"@type":"ReadAction","target":["https:\/\/int.design\/en\/projects\/eglise-saint-joseph\/"]}]},{"@type":"BreadcrumbList","@id":"https:\/\/int.design\/en\/projects\/eglise-saint-joseph\/#breadcrumb","itemListElement":[{"@type":"ListItem","position":1,"name":"Home","item":"https:\/\/int.design\/en\/"},{"@type":"ListItem","position":2,"name":"Projects","item":"https:\/\/int.design\/en\/projects\/"},{"@type":"ListItem","position":3,"name":"\u00c9glise Saint-Joseph"}]},{"@type":"WebSite","@id":"https:\/\/int.design\/fr\/#website","url":"https:\/\/int.design\/fr\/","name":"INT Design","description":"","potentialAction":[{"@type":"SearchAction","target":{"@type":"EntryPoint","urlTemplate":"https:\/\/int.design\/fr\/?s={search_term_string}"},"query-input":"required name=search_term_string"}],"inLanguage":"en-US"}]}},"entry":{"cats":{"disciplines":[{"id":344,"name":"Architecture"}],"big_cats":[{"id":602,"name":"Public Building"},{"id":632,"name":"Special Award"}],"sub_cats":[{"id":603,"name":"Cultural Building","parent":602},{"id":635,"name":"Art Integration in Architecture","parent":632}]},"entry":{"":null,"status":"ongoing","winner_title":"","winner_prize_lang":"","title_translatable":false,"title_en":"","title_fr":"","releve_award":false,"releve_award_cv":false,"collaboration":false,"collaboration_firms":[{"name":"Enia architectes","website":"https:\/\/www.enia.fr\/"},{"name":"S2T","website":"https:\/\/www.s2t.fr\/"},{"name":"ECIB","website":"http:\/\/www.ecib-economistes.fr\/"},{"name":"Tecam","website":"https:\/\/www.tecam.fr\/"},{"name":"Small","website":"https:\/\/www.stephaniemallier.com\/"},{"name":"Thierry Boissel","website":"https:\/\/boissel.de\/"},{"name":"Acoustique et conseil","website":"https:\/\/www.acoustique-conseil.com\/"},{"name":"Ingelux","website":"http:\/\/www.ingelux.com\/"},{"name":"Perron et fr\u00e8res","website":"http:\/\/www.perronetfreres.fr\/"},{"name":"Artefabrica","website":""}],"other_firms":[{"name":"Enia architectes","website":"https:\/\/www.enia.fr\/","category":"Architecte","category_tax":false},{"name":"S2T","website":"https:\/\/www.s2t.fr\/","category":"Ing\u00e9nierie","category_tax":false},{"name":"ECIB","website":"http:\/\/www.ecib-economistes.fr\/","category":"Autre","category_tax":false},{"name":"Tecam","website":"https:\/\/www.tecam.fr\/","category":"Ing\u00e9nierie","category_tax":false},{"name":"Small","website":"https:\/\/www.stephaniemallier.com\/","category":"Paysagiste","category_tax":false},{"name":"Thierry Boissel","website":"https:\/\/boissel.de\/","category":"Designer d&#39;int\u00e9rieur","category_tax":false},{"name":"Acoustique et conseil","website":"https:\/\/www.acoustique-conseil.com\/","category":"Acoustique","category_tax":false},{"name":"Ingelux","website":"http:\/\/www.ingelux.com\/","category":"\u00c9clairage","category_tax":false},{"name":"Enia Perron et fr\u00e8res","website":"http:\/\/www.perronetfreres.fr\/","category":"Designer d&#39;int\u00e9rieur","category_tax":false},{"name":"Artefabrica","website":"","category":"Designer d&#39;int\u00e9rieur","category_tax":false},{"name":"RAMERY TP (VRD & Espaces verts)","website":"https:\/\/www.ramery.fr\/","category":"Entrepreneur g\u00e9n\u00e9ral","category_tax":false},{"name":"SFB BTP (Gros oeuvre)","website":"http:\/\/sfb-btp.fr\/","category":"Entrepreneur g\u00e9n\u00e9ral","category_tax":false},{"name":"STAR BT (Etanch\u00e9it\u00e9)","website":"","category":"Entrepreneur g\u00e9n\u00e9ral","category_tax":false},{"name":"SFB (Fa\u00e7ades)","website":"","category":"Entrepreneur g\u00e9n\u00e9ral","category_tax":false},{"name":"CONCEPT FACADE (Menuiserie ext\u00e9rieure et serrurerie)","website":"","category":"Entrepreneur g\u00e9n\u00e9ral","category_tax":false},{"name":"PILLEBOUE + NBA (second \u0153uvre)","website":"","category":"Entrepreneur g\u00e9n\u00e9ral","category_tax":false},{"name":"ALGAFLEX (mur mobile)","website":"","category":"Entrepreneur g\u00e9n\u00e9ral","category_tax":false},{"name":"OTIS (Ascenseurs)","website":"","category":"Entrepreneur g\u00e9n\u00e9ral","category_tax":false},{"name":"COGECLIM (CVC, Plomberie)","website":"","category":"Entrepreneur g\u00e9n\u00e9ral","category_tax":false},{"name":"FAUCHE (Electricit\u00e9)","website":"","category":"Entrepreneur g\u00e9n\u00e9ral","category_tax":false}],"owner":{"name":"","confidential":false,"website":"","contact_name":"","email":"","phone":""},"address":{"address":"","city":"","region":"","province":"","country":"","postal_code":""},"logos":false,"use_logo":false,"designers":[{"name":"Brice Piechaczyk","credit":"n\/a","image":{"ID":36721,"id":36721,"title":"Enia architectes","filename":"portrait-brice-piechaczyk.jpg","filesize":0,"url":"https:\/\/d2q6z78khxmx42.cloudfront.net\/2021\/01\/portrait-brice-piechaczyk.jpg","link":"https:\/\/int.design\/fr\/projets\/eclipse\/enia-architectes\/","alt":"","author":"6","description":"","caption":"Portraits associ\u00e9s","name":"enia-architectes","status":"inherit","uploaded_to":34456,"date":"2021-01-07 22:00:37","modified":"2021-01-07 22:00:37","menu_order":0,"mime_type":"image\/jpeg","type":"image","subtype":"jpeg","icon":"https:\/\/int.design\/wp-includes\/images\/media\/default.png","width":1920,"height":1920,"sizes":{"thumbnail":"https:\/\/d2q6z78khxmx42.cloudfront.net\/2021\/01\/portrait-brice-piechaczyk-150x150.jpg","thumbnail-width":"150","thumbnail-height":"150","medium":"https:\/\/d2q6z78khxmx42.cloudfront.net\/2021\/01\/portrait-brice-piechaczyk-300x300.jpg","medium-width":"300","medium-height":"300","medium_large":"https:\/\/d2q6z78khxmx42.cloudfront.net\/2021\/01\/portrait-brice-piechaczyk-768x768.jpg","medium_large-width":"768","medium_large-height":"768","large":"https:\/\/d2q6z78khxmx42.cloudfront.net\/2021\/01\/portrait-brice-piechaczyk-1024x1024.jpg","large-width":"1024","large-height":"1024","1536x1536":"https:\/\/d2q6z78khxmx42.cloudfront.net\/2021\/01\/portrait-brice-piechaczyk-1536x1536.jpg","1536x1536-width":"1536","1536x1536-height":"1536","2048x2048":"https:\/\/d2q6z78khxmx42.cloudfront.net\/2021\/01\/portrait-brice-piechaczyk.jpg","2048x2048-width":1920,"2048x2048-height":1920,"article":"https:\/\/d2q6z78khxmx42.cloudfront.net\/2021\/01\/portrait-brice-piechaczyk-960x540.jpg","article-width":"960","article-height":"540","banner":"https:\/\/d2q6z78khxmx42.cloudfront.net\/2021\/01\/portrait-brice-piechaczyk.jpg","banner-width":1920,"banner-height":1920,"block":"https:\/\/d2q6z78khxmx42.cloudfront.net\/2021\/01\/portrait-brice-piechaczyk-900x680.jpg","block-width":"900","block-height":"680","card":"https:\/\/d2q6z78khxmx42.cloudfront.net\/2021\/01\/portrait-brice-piechaczyk-560x495.jpg","card-width":"560","card-height":"495","card-thumbnail":"https:\/\/d2q6z78khxmx42.cloudfront.net\/2021\/01\/portrait-brice-piechaczyk-450x340.jpg","card-thumbnail-width":"450","card-thumbnail-height":"340","conference":"https:\/\/d2q6z78khxmx42.cloudfront.net\/2021\/01\/portrait-brice-piechaczyk-560x250.jpg","conference-width":"560","conference-height":"250","contest":"https:\/\/d2q6z78khxmx42.cloudfront.net\/2021\/01\/portrait-brice-piechaczyk-960x400.jpg","contest-width":"960","contest-height":"400","cta":"https:\/\/d2q6z78khxmx42.cloudfront.net\/2021\/01\/portrait-brice-piechaczyk-415x170.jpg","cta-width":"415","cta-height":"170","exhibitor":"https:\/\/d2q6z78khxmx42.cloudfront.net\/2021\/01\/portrait-brice-piechaczyk-560x560.jpg","exhibitor-width":"560","exhibitor-height":"560","gallery":"https:\/\/d2q6z78khxmx42.cloudfront.net\/2021\/01\/portrait-brice-piechaczyk-430x430.jpg","gallery-width":"430","gallery-height":"430","logo":"https:\/\/d2q6z78khxmx42.cloudfront.net\/2021\/01\/portrait-brice-piechaczyk-100x100.jpg","logo-width":"100","logo-height":"100","masonry":"https:\/\/d2q6z78khxmx42.cloudfront.net\/2021\/01\/portrait-brice-piechaczyk-550x550.jpg","masonry-width":"550","masonry-height":"550","modal":"https:\/\/d2q6z78khxmx42.cloudfront.net\/2021\/01\/portrait-brice-piechaczyk-1920x1920.jpg","modal-width":"1920","modal-height":"1920","number":"https:\/\/d2q6z78khxmx42.cloudfront.net\/2021\/01\/9n4NUyHJ-portrait-brice-piechaczyk-430x430.jpg","number-width":"430","number-height":"430","partner":"https:\/\/d2q6z78khxmx42.cloudfront.net\/2021\/01\/portrait-brice-piechaczyk-210x210.jpg","partner-width":"210","partner-height":"210","ranking":"https:\/\/d2q6z78khxmx42.cloudfront.net\/2021\/01\/9n4NUyHJ-portrait-brice-piechaczyk-960x540.jpg","ranking-width":"960","ranking-height":"540","schedule":"https:\/\/d2q6z78khxmx42.cloudfront.net\/2021\/01\/portrait-brice-piechaczyk-960x360.jpg","schedule-width":"960","schedule-height":"360","slideshow":"https:\/\/d2q6z78khxmx42.cloudfront.net\/2021\/01\/portrait-brice-piechaczyk-680x680.jpg","slideshow-width":"680","slideshow-height":"680"}},"file":{"ID":36725,"id":36725,"title":"BRICE PIECHACZYK","filename":"brice-piechaczyk.pdf","filesize":0,"url":"https:\/\/d2q6z78khxmx42.cloudfront.net\/2021\/01\/brice-piechaczyk.pdf","link":"https:\/\/int.design\/fr\/projets\/eclipse\/brice-piechaczyk-2\/","alt":"","author":"6","description":"","caption":"","name":"brice-piechaczyk-2","status":"inherit","uploaded_to":34456,"date":"2021-01-07 22:02:55","modified":"2021-01-07 22:02:55","menu_order":0,"mime_type":"application\/pdf","type":"application","subtype":"pdf","icon":"https:\/\/int.design\/wp-includes\/images\/media\/document.png"}},{"name":"Mathieu Chazelle","credit":"n\/a","image":{"ID":36722,"id":36722,"title":"Enia architectes","filename":"portrait-mathieu-chazelle.jpg","filesize":0,"url":"https:\/\/d2q6z78khxmx42.cloudfront.net\/2021\/01\/portrait-mathieu-chazelle.jpg","link":"https:\/\/int.design\/fr\/projets\/eclipse\/enia-architectes-2\/","alt":"","author":"6","description":"","caption":"Portraits associ\u00e9s","name":"enia-architectes-2","status":"inherit","uploaded_to":34456,"date":"2021-01-07 22:00:44","modified":"2021-01-07 22:00:44","menu_order":0,"mime_type":"image\/jpeg","type":"image","subtype":"jpeg","icon":"https:\/\/int.design\/wp-includes\/images\/media\/default.png","width":1920,"height":1920,"sizes":{"thumbnail":"https:\/\/d2q6z78khxmx42.cloudfront.net\/2021\/01\/portrait-mathieu-chazelle-150x150.jpg","thumbnail-width":"150","thumbnail-height":"150","medium":"https:\/\/d2q6z78khxmx42.cloudfront.net\/2021\/01\/portrait-mathieu-chazelle-300x300.jpg","medium-width":"300","medium-height":"300","medium_large":"https:\/\/d2q6z78khxmx42.cloudfront.net\/2021\/01\/portrait-mathieu-chazelle-768x768.jpg","medium_large-width":"768","medium_large-height":"768","large":"https:\/\/d2q6z78khxmx42.cloudfront.net\/2021\/01\/portrait-mathieu-chazelle-1024x1024.jpg","large-width":"1024","large-height":"1024","1536x1536":"https:\/\/d2q6z78khxmx42.cloudfront.net\/2021\/01\/portrait-mathieu-chazelle-1536x1536.jpg","1536x1536-width":"1536","1536x1536-height":"1536","2048x2048":"https:\/\/d2q6z78khxmx42.cloudfront.net\/2021\/01\/portrait-mathieu-chazelle.jpg","2048x2048-width":1920,"2048x2048-height":1920,"article":"https:\/\/d2q6z78khxmx42.cloudfront.net\/2021\/01\/portrait-mathieu-chazelle-960x540.jpg","article-width":"960","article-height":"540","banner":"https:\/\/d2q6z78khxmx42.cloudfront.net\/2021\/01\/portrait-mathieu-chazelle.jpg","banner-width":1920,"banner-height":1920,"block":"https:\/\/d2q6z78khxmx42.cloudfront.net\/2021\/01\/portrait-mathieu-chazelle-900x680.jpg","block-width":"900","block-height":"680","card":"https:\/\/d2q6z78khxmx42.cloudfront.net\/2021\/01\/portrait-mathieu-chazelle-560x495.jpg","card-width":"560","card-height":"495","card-thumbnail":"https:\/\/d2q6z78khxmx42.cloudfront.net\/2021\/01\/portrait-mathieu-chazelle-450x340.jpg","card-thumbnail-width":"450","card-thumbnail-height":"340","conference":"https:\/\/d2q6z78khxmx42.cloudfront.net\/2021\/01\/portrait-mathieu-chazelle-560x250.jpg","conference-width":"560","conference-height":"250","contest":"https:\/\/d2q6z78khxmx42.cloudfront.net\/2021\/01\/portrait-mathieu-chazelle-960x400.jpg","contest-width":"960","contest-height":"400","cta":"https:\/\/d2q6z78khxmx42.cloudfront.net\/2021\/01\/portrait-mathieu-chazelle-415x170.jpg","cta-width":"415","cta-height":"170","exhibitor":"https:\/\/d2q6z78khxmx42.cloudfront.net\/2021\/01\/portrait-mathieu-chazelle-560x560.jpg","exhibitor-width":"560","exhibitor-height":"560","gallery":"https:\/\/d2q6z78khxmx42.cloudfront.net\/2021\/01\/portrait-mathieu-chazelle-430x430.jpg","gallery-width":"430","gallery-height":"430","logo":"https:\/\/d2q6z78khxmx42.cloudfront.net\/2021\/01\/portrait-mathieu-chazelle-100x100.jpg","logo-width":"100","logo-height":"100","masonry":"https:\/\/d2q6z78khxmx42.cloudfront.net\/2021\/01\/portrait-mathieu-chazelle-550x550.jpg","masonry-width":"550","masonry-height":"550","modal":"https:\/\/d2q6z78khxmx42.cloudfront.net\/2021\/01\/portrait-mathieu-chazelle-1920x1920.jpg","modal-width":"1920","modal-height":"1920","number":"https:\/\/d2q6z78khxmx42.cloudfront.net\/2021\/01\/1uo1dURB-portrait-mathieu-chazelle-430x430.jpg","number-width":"430","number-height":"430","partner":"https:\/\/d2q6z78khxmx42.cloudfront.net\/2021\/01\/portrait-mathieu-chazelle-210x210.jpg","partner-width":"210","partner-height":"210","ranking":"https:\/\/d2q6z78khxmx42.cloudfront.net\/2021\/01\/1uo1dURB-portrait-mathieu-chazelle-960x540.jpg","ranking-width":"960","ranking-height":"540","schedule":"https:\/\/d2q6z78khxmx42.cloudfront.net\/2021\/01\/portrait-mathieu-chazelle-960x360.jpg","schedule-width":"960","schedule-height":"360","slideshow":"https:\/\/d2q6z78khxmx42.cloudfront.net\/2021\/01\/portrait-mathieu-chazelle-680x680.jpg","slideshow-width":"680","slideshow-height":"680"}},"file":{"ID":36726,"id":36726,"title":"MATHIEU CHAZELLE","filename":"mathieu-chazelle.pdf","filesize":0,"url":"https:\/\/d2q6z78khxmx42.cloudfront.net\/2021\/01\/mathieu-chazelle.pdf","link":"https:\/\/int.design\/fr\/projets\/eclipse\/mathieu-chazelle-2\/","alt":"","author":"6","description":"","caption":"","name":"mathieu-chazelle-2","status":"inherit","uploaded_to":34456,"date":"2021-01-07 22:03:02","modified":"2021-01-07 22:03:02","menu_order":0,"mime_type":"application\/pdf","type":"application","subtype":"pdf","icon":"https:\/\/int.design\/wp-includes\/images\/media\/document.png"}},{"name":"Simon Pallubicki","credit":"n\/a","image":{"ID":37989,"id":37989,"title":"Enia architectes","filename":"portrait-simon-pallubicki-1.jpg","filesize":0,"url":"https:\/\/d2q6z78khxmx42.cloudfront.net\/2021\/01\/portrait-simon-pallubicki-1.jpg","link":"https:\/\/int.design\/fr\/projets\/table-square\/enia-architectes-27\/","alt":"","author":"6","description":"","caption":"Portraits associ\u00e9s","name":"enia-architectes-27","status":"inherit","uploaded_to":33840,"date":"2021-01-12 21:43:01","modified":"2021-01-12 21:43:01","menu_order":0,"mime_type":"image\/jpeg","type":"image","subtype":"jpeg","icon":"https:\/\/int.design\/wp-includes\/images\/media\/default.png","width":1920,"height":1920,"sizes":{"thumbnail":"https:\/\/d2q6z78khxmx42.cloudfront.net\/2021\/01\/portrait-simon-pallubicki-1-150x150.jpg","thumbnail-width":"150","thumbnail-height":"150","medium":"https:\/\/d2q6z78khxmx42.cloudfront.net\/2021\/01\/portrait-simon-pallubicki-1-300x300.jpg","medium-width":"300","medium-height":"300","medium_large":"https:\/\/d2q6z78khxmx42.cloudfront.net\/2021\/01\/portrait-simon-pallubicki-1-768x768.jpg","medium_large-width":"768","medium_large-height":"768","large":"https:\/\/d2q6z78khxmx42.cloudfront.net\/2021\/01\/portrait-simon-pallubicki-1-1024x1024.jpg","large-width":"1024","large-height":"1024","1536x1536":"https:\/\/d2q6z78khxmx42.cloudfront.net\/2021\/01\/portrait-simon-pallubicki-1-1536x1536.jpg","1536x1536-width":"1536","1536x1536-height":"1536","2048x2048":"https:\/\/d2q6z78khxmx42.cloudfront.net\/2021\/01\/portrait-simon-pallubicki-1.jpg","2048x2048-width":1920,"2048x2048-height":1920,"article":"https:\/\/d2q6z78khxmx42.cloudfront.net\/2021\/01\/portrait-simon-pallubicki-1-960x540.jpg","article-width":"960","article-height":"540","banner":"https:\/\/d2q6z78khxmx42.cloudfront.net\/2021\/01\/portrait-simon-pallubicki-1.jpg","banner-width":1920,"banner-height":1920,"block":"https:\/\/d2q6z78khxmx42.cloudfront.net\/2021\/01\/portrait-simon-pallubicki-1-900x680.jpg","block-width":"900","block-height":"680","card":"https:\/\/d2q6z78khxmx42.cloudfront.net\/2021\/01\/portrait-simon-pallubicki-1-560x495.jpg","card-width":"560","card-height":"495","card-thumbnail":"https:\/\/d2q6z78khxmx42.cloudfront.net\/2021\/01\/portrait-simon-pallubicki-1-450x340.jpg","card-thumbnail-width":"450","card-thumbnail-height":"340","conference":"https:\/\/d2q6z78khxmx42.cloudfront.net\/2021\/01\/portrait-simon-pallubicki-1-560x250.jpg","conference-width":"560","conference-height":"250","contest":"https:\/\/d2q6z78khxmx42.cloudfront.net\/2021\/01\/portrait-simon-pallubicki-1-960x400.jpg","contest-width":"960","contest-height":"400","cta":"https:\/\/d2q6z78khxmx42.cloudfront.net\/2021\/01\/portrait-simon-pallubicki-1-415x170.jpg","cta-width":"415","cta-height":"170","exhibitor":"https:\/\/d2q6z78khxmx42.cloudfront.net\/2021\/01\/portrait-simon-pallubicki-1-560x560.jpg","exhibitor-width":"560","exhibitor-height":"560","gallery":"https:\/\/d2q6z78khxmx42.cloudfront.net\/2021\/01\/portrait-simon-pallubicki-1-430x430.jpg","gallery-width":"430","gallery-height":"430","logo":"https:\/\/d2q6z78khxmx42.cloudfront.net\/2021\/01\/portrait-simon-pallubicki-1-100x100.jpg","logo-width":"100","logo-height":"100","masonry":"https:\/\/d2q6z78khxmx42.cloudfront.net\/2021\/01\/portrait-simon-pallubicki-1-550x550.jpg","masonry-width":"550","masonry-height":"550","modal":"https:\/\/d2q6z78khxmx42.cloudfront.net\/2021\/01\/portrait-simon-pallubicki-1-1920x1920.jpg","modal-width":"1920","modal-height":"1920","number":"https:\/\/d2q6z78khxmx42.cloudfront.net\/2021\/01\/Nz4D7opp-portrait-simon-pallubicki-1-430x430.jpg","number-width":"430","number-height":"430","partner":"https:\/\/d2q6z78khxmx42.cloudfront.net\/2021\/01\/portrait-simon-pallubicki-1-210x210.jpg","partner-width":"210","partner-height":"210","ranking":"https:\/\/d2q6z78khxmx42.cloudfront.net\/2021\/01\/Nz4D7opp-portrait-simon-pallubicki-1-960x540.jpg","ranking-width":"960","ranking-height":"540","schedule":"https:\/\/d2q6z78khxmx42.cloudfront.net\/2021\/01\/portrait-simon-pallubicki-1-960x360.jpg","schedule-width":"960","schedule-height":"360","slideshow":"https:\/\/d2q6z78khxmx42.cloudfront.net\/2021\/01\/portrait-simon-pallubicki-1-680x680.jpg","slideshow-width":"680","slideshow-height":"680"}},"file":{"ID":36728,"id":36728,"title":"SIMON PALLUBICKI","filename":"simon-pallubicki.pdf","filesize":0,"url":"https:\/\/d2q6z78khxmx42.cloudfront.net\/2021\/01\/simon-pallubicki.pdf","link":"https:\/\/int.design\/fr\/projets\/eclipse\/simon-pallubicki-2\/","alt":"","author":"6","description":"","caption":"","name":"simon-pallubicki-2","status":"inherit","uploaded_to":34456,"date":"2021-01-07 22:03:08","modified":"2021-01-07 22:03:08","menu_order":0,"mime_type":"application\/pdf","type":"application","subtype":"pdf","icon":"https:\/\/int.design\/wp-includes\/images\/media\/document.png"}}],"cover":[{"categories":[382,821],"credit":"machado","image":{"ID":38024,"id":38024,"title":"Enia architectes","filename":"enia-architectes-eglise-st-joseph-montigny-les-cormeilles-epaillard-machado-16.jpg","filesize":0,"url":"https:\/\/d2q6z78khxmx42.cloudfront.net\/2020\/12\/enia-architectes-eglise-st-joseph-montigny-les-cormeilles-epaillard-machado-16.jpg","link":"https:\/\/int.design\/fr\/projets\/eglise-saint-joseph\/enia-architectes-28\/","alt":"","author":"6","description":"\u00c9glise Saint-Joseph Enia, S2T, ECIB, Tecam, Small, Ingelux, Acoustique & Conseil Enia architectes S2T ECIB Tecam Small Ingelux Acoustique & Conseil Thierry Boissel Perron et fr\u00e8res Artefabrica Bonnevie et fils  Ramery travaux publics  SFB BTP Duayen EB IDF Concept facade Nouveaux b\u00e2tisseurs associ\u00e9s Menuiserie Pilleboue Algaflex Otis Cogeclim El\u00e9ctricit\u00e9 industrielle JP Fauche Mamias","caption":"Eglise St Joseph - Montigny-les-Cormeilles","name":"enia-architectes-28","status":"inherit","uploaded_to":33888,"date":"2021-01-13 16:24:30","modified":"2022-02-08 13:39:15","menu_order":0,"mime_type":"image\/jpeg","type":"image","subtype":"jpeg","icon":"https:\/\/int.design\/wp-includes\/images\/media\/default.png","width":1268,"height":1900,"sizes":{"thumbnail":"https:\/\/d2q6z78khxmx42.cloudfront.net\/2020\/12\/enia-architectes-eglise-st-joseph-montigny-les-cormeilles-epaillard-machado-16-150x150.jpg","thumbnail-width":"150","thumbnail-height":"150","medium":"https:\/\/d2q6z78khxmx42.cloudfront.net\/2020\/12\/enia-architectes-eglise-st-joseph-montigny-les-cormeilles-epaillard-machado-16-200x300.jpg","medium-width":"200","medium-height":"300","medium_large":"https:\/\/d2q6z78khxmx42.cloudfront.net\/2020\/12\/enia-architectes-eglise-st-joseph-montigny-les-cormeilles-epaillard-machado-16-768x1151.jpg","medium_large-width":"768","medium_large-height":"1151","large":"https:\/\/d2q6z78khxmx42.cloudfront.net\/2020\/12\/enia-architectes-eglise-st-joseph-montigny-les-cormeilles-epaillard-machado-16-683x1024.jpg","large-width":"683","large-height":"1024","1536x1536":"https:\/\/d2q6z78khxmx42.cloudfront.net\/2020\/12\/enia-architectes-eglise-st-joseph-montigny-les-cormeilles-epaillard-machado-16-1025x1536.jpg","1536x1536-width":"1025","1536x1536-height":"1536","2048x2048":"https:\/\/d2q6z78khxmx42.cloudfront.net\/2020\/12\/enia-architectes-eglise-st-joseph-montigny-les-cormeilles-epaillard-machado-16.jpg","2048x2048-width":1268,"2048x2048-height":1900,"article":"https:\/\/d2q6z78khxmx42.cloudfront.net\/2020\/12\/enia-architectes-eglise-st-joseph-montigny-les-cormeilles-epaillard-machado-16-960x540.jpg","article-width":"960","article-height":"540","banner":"https:\/\/d2q6z78khxmx42.cloudfront.net\/2020\/12\/enia-architectes-eglise-st-joseph-montigny-les-cormeilles-epaillard-machado-16.jpg","banner-width":1268,"banner-height":1900,"block":"https:\/\/d2q6z78khxmx42.cloudfront.net\/2020\/12\/enia-architectes-eglise-st-joseph-montigny-les-cormeilles-epaillard-machado-16-900x680.jpg","block-width":"900","block-height":"680","card":"https:\/\/d2q6z78khxmx42.cloudfront.net\/2020\/12\/enia-architectes-eglise-st-joseph-montigny-les-cormeilles-epaillard-machado-16-560x495.jpg","card-width":"560","card-height":"495","card-thumbnail":"https:\/\/d2q6z78khxmx42.cloudfront.net\/2020\/12\/enia-architectes-eglise-st-joseph-montigny-les-cormeilles-epaillard-machado-16-450x340.jpg","card-thumbnail-width":"450","card-thumbnail-height":"340","conference":"https:\/\/d2q6z78khxmx42.cloudfront.net\/2020\/12\/enia-architectes-eglise-st-joseph-montigny-les-cormeilles-epaillard-machado-16-560x250.jpg","conference-width":"560","conference-height":"250","contest":"https:\/\/d2q6z78khxmx42.cloudfront.net\/2020\/12\/enia-architectes-eglise-st-joseph-montigny-les-cormeilles-epaillard-machado-16-960x400.jpg","contest-width":"960","contest-height":"400","cta":"https:\/\/d2q6z78khxmx42.cloudfront.net\/2020\/12\/enia-architectes-eglise-st-joseph-montigny-les-cormeilles-epaillard-machado-16-415x170.jpg","cta-width":"415","cta-height":"170","exhibitor":"https:\/\/d2q6z78khxmx42.cloudfront.net\/2020\/12\/enia-architectes-eglise-st-joseph-montigny-les-cormeilles-epaillard-machado-16-560x560.jpg","exhibitor-width":"560","exhibitor-height":"560","gallery":"https:\/\/d2q6z78khxmx42.cloudfront.net\/2020\/12\/enia-architectes-eglise-st-joseph-montigny-les-cormeilles-epaillard-machado-16-287x430.jpg","gallery-width":"287","gallery-height":"430","logo":"https:\/\/d2q6z78khxmx42.cloudfront.net\/2020\/12\/enia-architectes-eglise-st-joseph-montigny-les-cormeilles-epaillard-machado-16-67x100.jpg","logo-width":"67","logo-height":"100","masonry":"https:\/\/d2q6z78khxmx42.cloudfront.net\/2020\/12\/enia-architectes-eglise-st-joseph-montigny-les-cormeilles-epaillard-machado-16-550x824.jpg","masonry-width":"550","masonry-height":"824","modal":"https:\/\/d2q6z78khxmx42.cloudfront.net\/2020\/12\/enia-architectes-eglise-st-joseph-montigny-les-cormeilles-epaillard-machado-16.jpg","modal-width":1268,"modal-height":1900,"number":"https:\/\/d2q6z78khxmx42.cloudfront.net\/2020\/12\/XqlR40cx-enia-architectes-eglise-st-joseph-montigny-les-cormeilles-epaillard-machado-16-287x430.jpg","number-width":"287","number-height":"430","partner":"https:\/\/d2q6z78khxmx42.cloudfront.net\/2020\/12\/enia-architectes-eglise-st-joseph-montigny-les-cormeilles-epaillard-machado-16-140x210.jpg","partner-width":"140","partner-height":"210","ranking":"https:\/\/d2q6z78khxmx42.cloudfront.net\/2020\/12\/XqlR40cx-enia-architectes-eglise-st-joseph-montigny-les-cormeilles-epaillard-machado-16-960x540.jpg","ranking-width":"960","ranking-height":"540","schedule":"https:\/\/d2q6z78khxmx42.cloudfront.net\/2020\/12\/enia-architectes-eglise-st-joseph-montigny-les-cormeilles-epaillard-machado-16-960x360.jpg","schedule-width":"960","schedule-height":"360","slideshow":"https:\/\/d2q6z78khxmx42.cloudfront.net\/2020\/12\/enia-architectes-eglise-st-joseph-montigny-les-cormeilles-epaillard-machado-16-454x680.jpg","slideshow-width":"454","slideshow-height":"680"}},"filters":false,"suppliers":false,"attachment_category":{"115":"Art","1001":"B\u00e2timent public","99":"Culture\/divertissement"}}],"images":[{"categories":[382,821],"credit":"machado","image":{"ID":38025,"id":38025,"title":"Enia architectes","filename":"enia-architectes-eglise-st-joseph-montigny-les-cormeilles-epaillard-machado-18.jpg","filesize":0,"url":"https:\/\/d2q6z78khxmx42.cloudfront.net\/2021\/01\/enia-architectes-eglise-st-joseph-montigny-les-cormeilles-epaillard-machado-18.jpg","link":"https:\/\/int.design\/fr\/projets\/eglise-saint-joseph\/enia-architectes-29\/","alt":"","author":"6","description":"\u00c9glise Saint-Joseph Enia, S2T, ECIB, Tecam, Small, Ingelux, Acoustique & Conseil Enia architectes S2T ECIB Tecam Small Ingelux Acoustique & Conseil Thierry Boissel Perron et fr\u00e8res Artefabrica Bonnevie et fils  Ramery travaux publics  SFB BTP Duayen EB IDF Concept facade Nouveaux b\u00e2tisseurs associ\u00e9s Menuiserie Pilleboue Algaflex Otis Cogeclim El\u00e9ctricit\u00e9 industrielle JP Fauche Mamias","caption":"Eglise St Joseph - Montigny les Cormeilles","name":"enia-architectes-29","status":"inherit","uploaded_to":33888,"date":"2021-01-13 16:27:35","modified":"2022-02-08 13:39:15","menu_order":0,"mime_type":"image\/jpeg","type":"image","subtype":"jpeg","icon":"https:\/\/int.design\/wp-includes\/images\/media\/default.png","width":1920,"height":1281,"sizes":{"thumbnail":"https:\/\/d2q6z78khxmx42.cloudfront.net\/2021\/01\/enia-architectes-eglise-st-joseph-montigny-les-cormeilles-epaillard-machado-18-150x150.jpg","thumbnail-width":"150","thumbnail-height":"150","medium":"https:\/\/d2q6z78khxmx42.cloudfront.net\/2021\/01\/enia-architectes-eglise-st-joseph-montigny-les-cormeilles-epaillard-machado-18-300x200.jpg","medium-width":"300","medium-height":"200","medium_large":"https:\/\/d2q6z78khxmx42.cloudfront.net\/2021\/01\/enia-architectes-eglise-st-joseph-montigny-les-cormeilles-epaillard-machado-18-768x512.jpg","medium_large-width":"768","medium_large-height":"512","large":"https:\/\/d2q6z78khxmx42.cloudfront.net\/2021\/01\/enia-architectes-eglise-st-joseph-montigny-les-cormeilles-epaillard-machado-18-1024x683.jpg","large-width":"1024","large-height":"683","1536x1536":"https:\/\/d2q6z78khxmx42.cloudfront.net\/2021\/01\/enia-architectes-eglise-st-joseph-montigny-les-cormeilles-epaillard-machado-18-1536x1025.jpg","1536x1536-width":"1536","1536x1536-height":"1025","2048x2048":"https:\/\/d2q6z78khxmx42.cloudfront.net\/2021\/01\/enia-architectes-eglise-st-joseph-montigny-les-cormeilles-epaillard-machado-18.jpg","2048x2048-width":1920,"2048x2048-height":1281,"article":"https:\/\/d2q6z78khxmx42.cloudfront.net\/2021\/01\/enia-architectes-eglise-st-joseph-montigny-les-cormeilles-epaillard-machado-18-960x540.jpg","article-width":"960","article-height":"540","banner":"https:\/\/d2q6z78khxmx42.cloudfront.net\/2021\/01\/enia-architectes-eglise-st-joseph-montigny-les-cormeilles-epaillard-machado-18.jpg","banner-width":1920,"banner-height":1281,"block":"https:\/\/d2q6z78khxmx42.cloudfront.net\/2021\/01\/enia-architectes-eglise-st-joseph-montigny-les-cormeilles-epaillard-machado-18-900x680.jpg","block-width":"900","block-height":"680","card":"https:\/\/d2q6z78khxmx42.cloudfront.net\/2021\/01\/enia-architectes-eglise-st-joseph-montigny-les-cormeilles-epaillard-machado-18-560x495.jpg","card-width":"560","card-height":"495","card-thumbnail":"https:\/\/d2q6z78khxmx42.cloudfront.net\/2021\/01\/enia-architectes-eglise-st-joseph-montigny-les-cormeilles-epaillard-machado-18-450x340.jpg","card-thumbnail-width":"450","card-thumbnail-height":"340","conference":"https:\/\/d2q6z78khxmx42.cloudfront.net\/2021\/01\/enia-architectes-eglise-st-joseph-montigny-les-cormeilles-epaillard-machado-18-560x250.jpg","conference-width":"560","conference-height":"250","contest":"https:\/\/d2q6z78khxmx42.cloudfront.net\/2021\/01\/enia-architectes-eglise-st-joseph-montigny-les-cormeilles-epaillard-machado-18-960x400.jpg","contest-width":"960","contest-height":"400","cta":"https:\/\/d2q6z78khxmx42.cloudfront.net\/2021\/01\/enia-architectes-eglise-st-joseph-montigny-les-cormeilles-epaillard-machado-18-415x170.jpg","cta-width":"415","cta-height":"170","exhibitor":"https:\/\/d2q6z78khxmx42.cloudfront.net\/2021\/01\/enia-architectes-eglise-st-joseph-montigny-les-cormeilles-epaillard-machado-18-560x560.jpg","exhibitor-width":"560","exhibitor-height":"560","gallery":"https:\/\/d2q6z78khxmx42.cloudfront.net\/2021\/01\/enia-architectes-eglise-st-joseph-montigny-les-cormeilles-epaillard-machado-18-560x374.jpg","gallery-width":"560","gallery-height":"374","logo":"https:\/\/d2q6z78khxmx42.cloudfront.net\/2021\/01\/enia-architectes-eglise-st-joseph-montigny-les-cormeilles-epaillard-machado-18-150x100.jpg","logo-width":"150","logo-height":"100","masonry":"https:\/\/d2q6z78khxmx42.cloudfront.net\/2021\/01\/enia-architectes-eglise-st-joseph-montigny-les-cormeilles-epaillard-machado-18-550x367.jpg","masonry-width":"550","masonry-height":"367","modal":"https:\/\/d2q6z78khxmx42.cloudfront.net\/2021\/01\/enia-architectes-eglise-st-joseph-montigny-les-cormeilles-epaillard-machado-18.jpg","modal-width":1920,"modal-height":1281,"number":"https:\/\/d2q6z78khxmx42.cloudfront.net\/2021\/01\/lE2dFOwq-enia-architectes-eglise-st-joseph-montigny-les-cormeilles-epaillard-machado-18-560x374.jpg","number-width":"560","number-height":"374","partner":"https:\/\/d2q6z78khxmx42.cloudfront.net\/2021\/01\/enia-architectes-eglise-st-joseph-montigny-les-cormeilles-epaillard-machado-18-275x183.jpg","partner-width":"275","partner-height":"183","ranking":"https:\/\/d2q6z78khxmx42.cloudfront.net\/2021\/01\/lE2dFOwq-enia-architectes-eglise-st-joseph-montigny-les-cormeilles-epaillard-machado-18-960x540.jpg","ranking-width":"960","ranking-height":"540","schedule":"https:\/\/d2q6z78khxmx42.cloudfront.net\/2021\/01\/enia-architectes-eglise-st-joseph-montigny-les-cormeilles-epaillard-machado-18-960x360.jpg","schedule-width":"960","schedule-height":"360","slideshow":"https:\/\/d2q6z78khxmx42.cloudfront.net\/2021\/01\/enia-architectes-eglise-st-joseph-montigny-les-cormeilles-epaillard-machado-18-1019x680.jpg","slideshow-width":"1019","slideshow-height":"680"}},"filters":false,"suppliers":false,"attachment_category":[]},{"categories":[382,821],"credit":"machado","image":{"ID":38026,"id":38026,"title":"Enia architectes","filename":"enia-architectes-eglise-st-joseph-montigny-les-cormeilles-epaillard-machado-0.jpg","filesize":0,"url":"https:\/\/d2q6z78khxmx42.cloudfront.net\/2021\/01\/enia-architectes-eglise-st-joseph-montigny-les-cormeilles-epaillard-machado-0.jpg","link":"https:\/\/int.design\/fr\/projets\/eglise-saint-joseph\/enia-architectes-30\/","alt":"","author":"6","description":"\u00c9glise Saint-Joseph Enia, S2T, ECIB, Tecam, Small, Ingelux, Acoustique & Conseil Enia architectes S2T ECIB Tecam Small Ingelux Acoustique & Conseil Thierry Boissel Perron et fr\u00e8res Artefabrica Bonnevie et fils  Ramery travaux publics  SFB BTP Duayen EB IDF Concept facade Nouveaux b\u00e2tisseurs associ\u00e9s Menuiserie Pilleboue Algaflex Otis Cogeclim El\u00e9ctricit\u00e9 industrielle JP Fauche Mamias","caption":"Eglise St Joseph - Montigny-les-Cormeilles","name":"enia-architectes-30","status":"inherit","uploaded_to":33888,"date":"2021-01-13 16:27:43","modified":"2022-02-08 13:39:15","menu_order":0,"mime_type":"image\/jpeg","type":"image","subtype":"jpeg","icon":"https:\/\/int.design\/wp-includes\/images\/media\/default.png","width":1900,"height":1268,"sizes":{"thumbnail":"https:\/\/d2q6z78khxmx42.cloudfront.net\/2021\/01\/enia-architectes-eglise-st-joseph-montigny-les-cormeilles-epaillard-machado-0-150x150.jpg","thumbnail-width":"150","thumbnail-height":"150","medium":"https:\/\/d2q6z78khxmx42.cloudfront.net\/2021\/01\/enia-architectes-eglise-st-joseph-montigny-les-cormeilles-epaillard-machado-0-300x200.jpg","medium-width":"300","medium-height":"200","medium_large":"https:\/\/d2q6z78khxmx42.cloudfront.net\/2021\/01\/enia-architectes-eglise-st-joseph-montigny-les-cormeilles-epaillard-machado-0-768x513.jpg","medium_large-width":"768","medium_large-height":"513","large":"https:\/\/d2q6z78khxmx42.cloudfront.net\/2021\/01\/enia-architectes-eglise-st-joseph-montigny-les-cormeilles-epaillard-machado-0-1024x683.jpg","large-width":"1024","large-height":"683","1536x1536":"https:\/\/d2q6z78khxmx42.cloudfront.net\/2021\/01\/enia-architectes-eglise-st-joseph-montigny-les-cormeilles-epaillard-machado-0-1536x1025.jpg","1536x1536-width":"1536","1536x1536-height":"1025","2048x2048":"https:\/\/d2q6z78khxmx42.cloudfront.net\/2021\/01\/enia-architectes-eglise-st-joseph-montigny-les-cormeilles-epaillard-machado-0.jpg","2048x2048-width":1900,"2048x2048-height":1268,"article":"https:\/\/d2q6z78khxmx42.cloudfront.net\/2021\/01\/enia-architectes-eglise-st-joseph-montigny-les-cormeilles-epaillard-machado-0-960x540.jpg","article-width":"960","article-height":"540","banner":"https:\/\/d2q6z78khxmx42.cloudfront.net\/2021\/01\/enia-architectes-eglise-st-joseph-montigny-les-cormeilles-epaillard-machado-0.jpg","banner-width":1900,"banner-height":1268,"block":"https:\/\/d2q6z78khxmx42.cloudfront.net\/2021\/01\/enia-architectes-eglise-st-joseph-montigny-les-cormeilles-epaillard-machado-0-900x680.jpg","block-width":"900","block-height":"680","card":"https:\/\/d2q6z78khxmx42.cloudfront.net\/2021\/01\/enia-architectes-eglise-st-joseph-montigny-les-cormeilles-epaillard-machado-0-560x495.jpg","card-width":"560","card-height":"495","card-thumbnail":"https:\/\/d2q6z78khxmx42.cloudfront.net\/2021\/01\/enia-architectes-eglise-st-joseph-montigny-les-cormeilles-epaillard-machado-0-450x340.jpg","card-thumbnail-width":"450","card-thumbnail-height":"340","conference":"https:\/\/d2q6z78khxmx42.cloudfront.net\/2021\/01\/enia-architectes-eglise-st-joseph-montigny-les-cormeilles-epaillard-machado-0-560x250.jpg","conference-width":"560","conference-height":"250","contest":"https:\/\/d2q6z78khxmx42.cloudfront.net\/2021\/01\/enia-architectes-eglise-st-joseph-montigny-les-cormeilles-epaillard-machado-0-960x400.jpg","contest-width":"960","contest-height":"400","cta":"https:\/\/d2q6z78khxmx42.cloudfront.net\/2021\/01\/enia-architectes-eglise-st-joseph-montigny-les-cormeilles-epaillard-machado-0-415x170.jpg","cta-width":"415","cta-height":"170","exhibitor":"https:\/\/d2q6z78khxmx42.cloudfront.net\/2021\/01\/enia-architectes-eglise-st-joseph-montigny-les-cormeilles-epaillard-machado-0-560x560.jpg","exhibitor-width":"560","exhibitor-height":"560","gallery":"https:\/\/d2q6z78khxmx42.cloudfront.net\/2021\/01\/enia-architectes-eglise-st-joseph-montigny-les-cormeilles-epaillard-machado-0-560x374.jpg","gallery-width":"560","gallery-height":"374","logo":"https:\/\/d2q6z78khxmx42.cloudfront.net\/2021\/01\/enia-architectes-eglise-st-joseph-montigny-les-cormeilles-epaillard-machado-0-150x100.jpg","logo-width":"150","logo-height":"100","masonry":"https:\/\/d2q6z78khxmx42.cloudfront.net\/2021\/01\/enia-architectes-eglise-st-joseph-montigny-les-cormeilles-epaillard-machado-0-550x367.jpg","masonry-width":"550","masonry-height":"367","modal":"https:\/\/d2q6z78khxmx42.cloudfront.net\/2021\/01\/enia-architectes-eglise-st-joseph-montigny-les-cormeilles-epaillard-machado-0.jpg","modal-width":1900,"modal-height":1268,"number":"https:\/\/d2q6z78khxmx42.cloudfront.net\/2021\/01\/NoXKZZNY-enia-architectes-eglise-st-joseph-montigny-les-cormeilles-epaillard-machado-0-560x374.jpg","number-width":"560","number-height":"374","partner":"https:\/\/d2q6z78khxmx42.cloudfront.net\/2021\/01\/enia-architectes-eglise-st-joseph-montigny-les-cormeilles-epaillard-machado-0-275x184.jpg","partner-width":"275","partner-height":"184","ranking":"https:\/\/d2q6z78khxmx42.cloudfront.net\/2021\/01\/NoXKZZNY-enia-architectes-eglise-st-joseph-montigny-les-cormeilles-epaillard-machado-0-960x540.jpg","ranking-width":"960","ranking-height":"540","schedule":"https:\/\/d2q6z78khxmx42.cloudfront.net\/2021\/01\/enia-architectes-eglise-st-joseph-montigny-les-cormeilles-epaillard-machado-0-960x360.jpg","schedule-width":"960","schedule-height":"360","slideshow":"https:\/\/d2q6z78khxmx42.cloudfront.net\/2021\/01\/enia-architectes-eglise-st-joseph-montigny-les-cormeilles-epaillard-machado-0-1019x680.jpg","slideshow-width":"1019","slideshow-height":"680"}},"filters":false,"suppliers":false,"attachment_category":[]},{"categories":[382,821],"credit":"machado","image":{"ID":38027,"id":38027,"title":"Enia architectes","filename":"enia-architectes-eglise-st-joseph-montigny-les-cormeilles-epaillard-machado-2.jpg","filesize":0,"url":"https:\/\/d2q6z78khxmx42.cloudfront.net\/2021\/01\/enia-architectes-eglise-st-joseph-montigny-les-cormeilles-epaillard-machado-2.jpg","link":"https:\/\/int.design\/fr\/projets\/eglise-saint-joseph\/enia-architectes-31\/","alt":"","author":"6","description":"\u00c9glise Saint-Joseph Enia, S2T, ECIB, Tecam, Small, Ingelux, Acoustique & Conseil Enia architectes S2T ECIB Tecam Small Ingelux Acoustique & Conseil Thierry Boissel Perron et fr\u00e8res Artefabrica Bonnevie et fils  Ramery travaux publics  SFB BTP Duayen EB IDF Concept facade Nouveaux b\u00e2tisseurs associ\u00e9s Menuiserie Pilleboue Algaflex Otis Cogeclim El\u00e9ctricit\u00e9 industrielle JP Fauche Mamias","caption":"Eglise St Joseph - Montigny-les-Cormeilles","name":"enia-architectes-31","status":"inherit","uploaded_to":33888,"date":"2021-01-13 16:27:50","modified":"2022-02-08 13:39:15","menu_order":0,"mime_type":"image\/jpeg","type":"image","subtype":"jpeg","icon":"https:\/\/int.design\/wp-includes\/images\/media\/default.png","width":1900,"height":1268,"sizes":{"thumbnail":"https:\/\/d2q6z78khxmx42.cloudfront.net\/2021\/01\/enia-architectes-eglise-st-joseph-montigny-les-cormeilles-epaillard-machado-2-150x150.jpg","thumbnail-width":"150","thumbnail-height":"150","medium":"https:\/\/d2q6z78khxmx42.cloudfront.net\/2021\/01\/enia-architectes-eglise-st-joseph-montigny-les-cormeilles-epaillard-machado-2-300x200.jpg","medium-width":"300","medium-height":"200","medium_large":"https:\/\/d2q6z78khxmx42.cloudfront.net\/2021\/01\/enia-architectes-eglise-st-joseph-montigny-les-cormeilles-epaillard-machado-2-768x513.jpg","medium_large-width":"768","medium_large-height":"513","large":"https:\/\/d2q6z78khxmx42.cloudfront.net\/2021\/01\/enia-architectes-eglise-st-joseph-montigny-les-cormeilles-epaillard-machado-2-1024x683.jpg","large-width":"1024","large-height":"683","1536x1536":"https:\/\/d2q6z78khxmx42.cloudfront.net\/2021\/01\/enia-architectes-eglise-st-joseph-montigny-les-cormeilles-epaillard-machado-2-1536x1025.jpg","1536x1536-width":"1536","1536x1536-height":"1025","2048x2048":"https:\/\/d2q6z78khxmx42.cloudfront.net\/2021\/01\/enia-architectes-eglise-st-joseph-montigny-les-cormeilles-epaillard-machado-2.jpg","2048x2048-width":1900,"2048x2048-height":1268,"article":"https:\/\/d2q6z78khxmx42.cloudfront.net\/2021\/01\/enia-architectes-eglise-st-joseph-montigny-les-cormeilles-epaillard-machado-2-960x540.jpg","article-width":"960","article-height":"540","banner":"https:\/\/d2q6z78khxmx42.cloudfront.net\/2021\/01\/enia-architectes-eglise-st-joseph-montigny-les-cormeilles-epaillard-machado-2.jpg","banner-width":1900,"banner-height":1268,"block":"https:\/\/d2q6z78khxmx42.cloudfront.net\/2021\/01\/enia-architectes-eglise-st-joseph-montigny-les-cormeilles-epaillard-machado-2-900x680.jpg","block-width":"900","block-height":"680","card":"https:\/\/d2q6z78khxmx42.cloudfront.net\/2021\/01\/enia-architectes-eglise-st-joseph-montigny-les-cormeilles-epaillard-machado-2-560x495.jpg","card-width":"560","card-height":"495","card-thumbnail":"https:\/\/d2q6z78khxmx42.cloudfront.net\/2021\/01\/enia-architectes-eglise-st-joseph-montigny-les-cormeilles-epaillard-machado-2-450x340.jpg","card-thumbnail-width":"450","card-thumbnail-height":"340","conference":"https:\/\/d2q6z78khxmx42.cloudfront.net\/2021\/01\/enia-architectes-eglise-st-joseph-montigny-les-cormeilles-epaillard-machado-2-560x250.jpg","conference-width":"560","conference-height":"250","contest":"https:\/\/d2q6z78khxmx42.cloudfront.net\/2021\/01\/enia-architectes-eglise-st-joseph-montigny-les-cormeilles-epaillard-machado-2-960x400.jpg","contest-width":"960","contest-height":"400","cta":"https:\/\/d2q6z78khxmx42.cloudfront.net\/2021\/01\/enia-architectes-eglise-st-joseph-montigny-les-cormeilles-epaillard-machado-2-415x170.jpg","cta-width":"415","cta-height":"170","exhibitor":"https:\/\/d2q6z78khxmx42.cloudfront.net\/2021\/01\/enia-architectes-eglise-st-joseph-montigny-les-cormeilles-epaillard-machado-2-560x560.jpg","exhibitor-width":"560","exhibitor-height":"560","gallery":"https:\/\/d2q6z78khxmx42.cloudfront.net\/2021\/01\/enia-architectes-eglise-st-joseph-montigny-les-cormeilles-epaillard-machado-2-560x374.jpg","gallery-width":"560","gallery-height":"374","logo":"https:\/\/d2q6z78khxmx42.cloudfront.net\/2021\/01\/enia-architectes-eglise-st-joseph-montigny-les-cormeilles-epaillard-machado-2-150x100.jpg","logo-width":"150","logo-height":"100","masonry":"https:\/\/d2q6z78khxmx42.cloudfront.net\/2021\/01\/enia-architectes-eglise-st-joseph-montigny-les-cormeilles-epaillard-machado-2-550x367.jpg","masonry-width":"550","masonry-height":"367","modal":"https:\/\/d2q6z78khxmx42.cloudfront.net\/2021\/01\/enia-architectes-eglise-st-joseph-montigny-les-cormeilles-epaillard-machado-2.jpg","modal-width":1900,"modal-height":1268,"number":"https:\/\/d2q6z78khxmx42.cloudfront.net\/2021\/01\/H3QVb81A-enia-architectes-eglise-st-joseph-montigny-les-cormeilles-epaillard-machado-2-560x374.jpg","number-width":"560","number-height":"374","partner":"https:\/\/d2q6z78khxmx42.cloudfront.net\/2021\/01\/enia-architectes-eglise-st-joseph-montigny-les-cormeilles-epaillard-machado-2-275x184.jpg","partner-width":"275","partner-height":"184","ranking":"https:\/\/d2q6z78khxmx42.cloudfront.net\/2021\/01\/H3QVb81A-enia-architectes-eglise-st-joseph-montigny-les-cormeilles-epaillard-machado-2-960x540.jpg","ranking-width":"960","ranking-height":"540","schedule":"https:\/\/d2q6z78khxmx42.cloudfront.net\/2021\/01\/enia-architectes-eglise-st-joseph-montigny-les-cormeilles-epaillard-machado-2-960x360.jpg","schedule-width":"960","schedule-height":"360","slideshow":"https:\/\/d2q6z78khxmx42.cloudfront.net\/2021\/01\/enia-architectes-eglise-st-joseph-montigny-les-cormeilles-epaillard-machado-2-1019x680.jpg","slideshow-width":"1019","slideshow-height":"680"}},"filters":false,"suppliers":false,"attachment_category":[]},{"categories":[382,821],"credit":"machado","image":{"ID":38028,"id":38028,"title":"Enia Architectes","filename":"enia-architectes-eglise-st-joseph-montigny-les-cormeilles-epaillard-machado-3.jpg","filesize":0,"url":"https:\/\/d2q6z78khxmx42.cloudfront.net\/2021\/01\/enia-architectes-eglise-st-joseph-montigny-les-cormeilles-epaillard-machado-3.jpg","link":"https:\/\/int.design\/fr\/projets\/eglise-saint-joseph\/enia-architectes-32\/","alt":"","author":"6","description":"\u00c9glise Saint-Joseph Enia, S2T, ECIB, Tecam, Small, Ingelux, Acoustique & Conseil Enia architectes S2T ECIB Tecam Small Ingelux Acoustique & Conseil Thierry Boissel Perron et fr\u00e8res Artefabrica Bonnevie et fils  Ramery travaux publics  SFB BTP Duayen EB IDF Concept facade Nouveaux b\u00e2tisseurs associ\u00e9s Menuiserie Pilleboue Algaflex Otis Cogeclim El\u00e9ctricit\u00e9 industrielle JP Fauche Mamias","caption":"Eglise St Joseph - Montigny-les-Cormeilles","name":"enia-architectes-32","status":"inherit","uploaded_to":33888,"date":"2021-01-13 16:27:56","modified":"2022-02-08 13:39:15","menu_order":0,"mime_type":"image\/jpeg","type":"image","subtype":"jpeg","icon":"https:\/\/int.design\/wp-includes\/images\/media\/default.png","width":1900,"height":1268,"sizes":{"thumbnail":"https:\/\/d2q6z78khxmx42.cloudfront.net\/2021\/01\/enia-architectes-eglise-st-joseph-montigny-les-cormeilles-epaillard-machado-3-150x150.jpg","thumbnail-width":"150","thumbnail-height":"150","medium":"https:\/\/d2q6z78khxmx42.cloudfront.net\/2021\/01\/enia-architectes-eglise-st-joseph-montigny-les-cormeilles-epaillard-machado-3-300x200.jpg","medium-width":"300","medium-height":"200","medium_large":"https:\/\/d2q6z78khxmx42.cloudfront.net\/2021\/01\/enia-architectes-eglise-st-joseph-montigny-les-cormeilles-epaillard-machado-3-768x513.jpg","medium_large-width":"768","medium_large-height":"513","large":"https:\/\/d2q6z78khxmx42.cloudfront.net\/2021\/01\/enia-architectes-eglise-st-joseph-montigny-les-cormeilles-epaillard-machado-3-1024x683.jpg","large-width":"1024","large-height":"683","1536x1536":"https:\/\/d2q6z78khxmx42.cloudfront.net\/2021\/01\/enia-architectes-eglise-st-joseph-montigny-les-cormeilles-epaillard-machado-3-1536x1025.jpg","1536x1536-width":"1536","1536x1536-height":"1025","2048x2048":"https:\/\/d2q6z78khxmx42.cloudfront.net\/2021\/01\/enia-architectes-eglise-st-joseph-montigny-les-cormeilles-epaillard-machado-3.jpg","2048x2048-width":1900,"2048x2048-height":1268,"article":"https:\/\/d2q6z78khxmx42.cloudfront.net\/2021\/01\/enia-architectes-eglise-st-joseph-montigny-les-cormeilles-epaillard-machado-3-960x540.jpg","article-width":"960","article-height":"540","banner":"https:\/\/d2q6z78khxmx42.cloudfront.net\/2021\/01\/enia-architectes-eglise-st-joseph-montigny-les-cormeilles-epaillard-machado-3.jpg","banner-width":1900,"banner-height":1268,"block":"https:\/\/d2q6z78khxmx42.cloudfront.net\/2021\/01\/enia-architectes-eglise-st-joseph-montigny-les-cormeilles-epaillard-machado-3-900x680.jpg","block-width":"900","block-height":"680","card":"https:\/\/d2q6z78khxmx42.cloudfront.net\/2021\/01\/enia-architectes-eglise-st-joseph-montigny-les-cormeilles-epaillard-machado-3-560x495.jpg","card-width":"560","card-height":"495","card-thumbnail":"https:\/\/d2q6z78khxmx42.cloudfront.net\/2021\/01\/enia-architectes-eglise-st-joseph-montigny-les-cormeilles-epaillard-machado-3-450x340.jpg","card-thumbnail-width":"450","card-thumbnail-height":"340","conference":"https:\/\/d2q6z78khxmx42.cloudfront.net\/2021\/01\/enia-architectes-eglise-st-joseph-montigny-les-cormeilles-epaillard-machado-3-560x250.jpg","conference-width":"560","conference-height":"250","contest":"https:\/\/d2q6z78khxmx42.cloudfront.net\/2021\/01\/enia-architectes-eglise-st-joseph-montigny-les-cormeilles-epaillard-machado-3-960x400.jpg","contest-width":"960","contest-height":"400","cta":"https:\/\/d2q6z78khxmx42.cloudfront.net\/2021\/01\/enia-architectes-eglise-st-joseph-montigny-les-cormeilles-epaillard-machado-3-415x170.jpg","cta-width":"415","cta-height":"170","exhibitor":"https:\/\/d2q6z78khxmx42.cloudfront.net\/2021\/01\/enia-architectes-eglise-st-joseph-montigny-les-cormeilles-epaillard-machado-3-560x560.jpg","exhibitor-width":"560","exhibitor-height":"560","gallery":"https:\/\/d2q6z78khxmx42.cloudfront.net\/2021\/01\/enia-architectes-eglise-st-joseph-montigny-les-cormeilles-epaillard-machado-3-560x374.jpg","gallery-width":"560","gallery-height":"374","logo":"https:\/\/d2q6z78khxmx42.cloudfront.net\/2021\/01\/enia-architectes-eglise-st-joseph-montigny-les-cormeilles-epaillard-machado-3-150x100.jpg","logo-width":"150","logo-height":"100","masonry":"https:\/\/d2q6z78khxmx42.cloudfront.net\/2021\/01\/enia-architectes-eglise-st-joseph-montigny-les-cormeilles-epaillard-machado-3-550x367.jpg","masonry-width":"550","masonry-height":"367","modal":"https:\/\/d2q6z78khxmx42.cloudfront.net\/2021\/01\/enia-architectes-eglise-st-joseph-montigny-les-cormeilles-epaillard-machado-3.jpg","modal-width":1900,"modal-height":1268,"number":"https:\/\/d2q6z78khxmx42.cloudfront.net\/2021\/01\/kdtxbX25-enia-architectes-eglise-st-joseph-montigny-les-cormeilles-epaillard-machado-3-560x374.jpg","number-width":"560","number-height":"374","partner":"https:\/\/d2q6z78khxmx42.cloudfront.net\/2021\/01\/enia-architectes-eglise-st-joseph-montigny-les-cormeilles-epaillard-machado-3-275x184.jpg","partner-width":"275","partner-height":"184","ranking":"https:\/\/d2q6z78khxmx42.cloudfront.net\/2021\/01\/kdtxbX25-enia-architectes-eglise-st-joseph-montigny-les-cormeilles-epaillard-machado-3-960x540.jpg","ranking-width":"960","ranking-height":"540","schedule":"https:\/\/d2q6z78khxmx42.cloudfront.net\/2021\/01\/enia-architectes-eglise-st-joseph-montigny-les-cormeilles-epaillard-machado-3-960x360.jpg","schedule-width":"960","schedule-height":"360","slideshow":"https:\/\/d2q6z78khxmx42.cloudfront.net\/2021\/01\/enia-architectes-eglise-st-joseph-montigny-les-cormeilles-epaillard-machado-3-1019x680.jpg","slideshow-width":"1019","slideshow-height":"680"}},"filters":false,"suppliers":false,"attachment_category":[]},{"categories":[382,821],"credit":"machado","image":{"ID":38029,"id":38029,"title":"Enia architectes","filename":"enia-architectes-eglise-st-joseph-montigny-les-cormeilles-epaillard-machado-02.jpg","filesize":0,"url":"https:\/\/d2q6z78khxmx42.cloudfront.net\/2021\/01\/enia-architectes-eglise-st-joseph-montigny-les-cormeilles-epaillard-machado-02.jpg","link":"https:\/\/int.design\/fr\/projets\/eglise-saint-joseph\/enia-architectes-33\/","alt":"","author":"6","description":"\u00c9glise Saint-Joseph Enia, S2T, ECIB, Tecam, Small, Ingelux, Acoustique & Conseil Enia architectes S2T ECIB Tecam Small Ingelux Acoustique & Conseil Thierry Boissel Perron et fr\u00e8res Artefabrica Bonnevie et fils  Ramery travaux publics  SFB BTP Duayen EB IDF Concept facade Nouveaux b\u00e2tisseurs associ\u00e9s Menuiserie Pilleboue Algaflex Otis Cogeclim El\u00e9ctricit\u00e9 industrielle JP Fauche Mamias","caption":"Eglise St Joseph - Montigny-les-Cormeilles","name":"enia-architectes-33","status":"inherit","uploaded_to":33888,"date":"2021-01-13 16:28:02","modified":"2022-02-08 13:39:15","menu_order":0,"mime_type":"image\/jpeg","type":"image","subtype":"jpeg","icon":"https:\/\/int.design\/wp-includes\/images\/media\/default.png","width":1268,"height":1900,"sizes":{"thumbnail":"https:\/\/d2q6z78khxmx42.cloudfront.net\/2021\/01\/enia-architectes-eglise-st-joseph-montigny-les-cormeilles-epaillard-machado-02-150x150.jpg","thumbnail-width":"150","thumbnail-height":"150","medium":"https:\/\/d2q6z78khxmx42.cloudfront.net\/2021\/01\/enia-architectes-eglise-st-joseph-montigny-les-cormeilles-epaillard-machado-02-200x300.jpg","medium-width":"200","medium-height":"300","medium_large":"https:\/\/d2q6z78khxmx42.cloudfront.net\/2021\/01\/enia-architectes-eglise-st-joseph-montigny-les-cormeilles-epaillard-machado-02-768x1151.jpg","medium_large-width":"768","medium_large-height":"1151","large":"https:\/\/d2q6z78khxmx42.cloudfront.net\/2021\/01\/enia-architectes-eglise-st-joseph-montigny-les-cormeilles-epaillard-machado-02-683x1024.jpg","large-width":"683","large-height":"1024","1536x1536":"https:\/\/d2q6z78khxmx42.cloudfront.net\/2021\/01\/enia-architectes-eglise-st-joseph-montigny-les-cormeilles-epaillard-machado-02-1025x1536.jpg","1536x1536-width":"1025","1536x1536-height":"1536","2048x2048":"https:\/\/d2q6z78khxmx42.cloudfront.net\/2021\/01\/enia-architectes-eglise-st-joseph-montigny-les-cormeilles-epaillard-machado-02.jpg","2048x2048-width":1268,"2048x2048-height":1900,"article":"https:\/\/d2q6z78khxmx42.cloudfront.net\/2021\/01\/enia-architectes-eglise-st-joseph-montigny-les-cormeilles-epaillard-machado-02-960x540.jpg","article-width":"960","article-height":"540","banner":"https:\/\/d2q6z78khxmx42.cloudfront.net\/2021\/01\/enia-architectes-eglise-st-joseph-montigny-les-cormeilles-epaillard-machado-02.jpg","banner-width":1268,"banner-height":1900,"block":"https:\/\/d2q6z78khxmx42.cloudfront.net\/2021\/01\/enia-architectes-eglise-st-joseph-montigny-les-cormeilles-epaillard-machado-02-900x680.jpg","block-width":"900","block-height":"680","card":"https:\/\/d2q6z78khxmx42.cloudfront.net\/2021\/01\/enia-architectes-eglise-st-joseph-montigny-les-cormeilles-epaillard-machado-02-560x495.jpg","card-width":"560","card-height":"495","card-thumbnail":"https:\/\/d2q6z78khxmx42.cloudfront.net\/2021\/01\/enia-architectes-eglise-st-joseph-montigny-les-cormeilles-epaillard-machado-02-450x340.jpg","card-thumbnail-width":"450","card-thumbnail-height":"340","conference":"https:\/\/d2q6z78khxmx42.cloudfront.net\/2021\/01\/enia-architectes-eglise-st-joseph-montigny-les-cormeilles-epaillard-machado-02-560x250.jpg","conference-width":"560","conference-height":"250","contest":"https:\/\/d2q6z78khxmx42.cloudfront.net\/2021\/01\/enia-architectes-eglise-st-joseph-montigny-les-cormeilles-epaillard-machado-02-960x400.jpg","contest-width":"960","contest-height":"400","cta":"https:\/\/d2q6z78khxmx42.cloudfront.net\/2021\/01\/enia-architectes-eglise-st-joseph-montigny-les-cormeilles-epaillard-machado-02-415x170.jpg","cta-width":"415","cta-height":"170","exhibitor":"https:\/\/d2q6z78khxmx42.cloudfront.net\/2021\/01\/enia-architectes-eglise-st-joseph-montigny-les-cormeilles-epaillard-machado-02-560x560.jpg","exhibitor-width":"560","exhibitor-height":"560","gallery":"https:\/\/d2q6z78khxmx42.cloudfront.net\/2021\/01\/enia-architectes-eglise-st-joseph-montigny-les-cormeilles-epaillard-machado-02-287x430.jpg","gallery-width":"287","gallery-height":"430","logo":"https:\/\/d2q6z78khxmx42.cloudfront.net\/2021\/01\/enia-architectes-eglise-st-joseph-montigny-les-cormeilles-epaillard-machado-02-67x100.jpg","logo-width":"67","logo-height":"100","masonry":"https:\/\/d2q6z78khxmx42.cloudfront.net\/2021\/01\/enia-architectes-eglise-st-joseph-montigny-les-cormeilles-epaillard-machado-02-550x824.jpg","masonry-width":"550","masonry-height":"824","modal":"https:\/\/d2q6z78khxmx42.cloudfront.net\/2021\/01\/enia-architectes-eglise-st-joseph-montigny-les-cormeilles-epaillard-machado-02.jpg","modal-width":1268,"modal-height":1900,"number":"https:\/\/d2q6z78khxmx42.cloudfront.net\/2021\/01\/hzZfjkFp-enia-architectes-eglise-st-joseph-montigny-les-cormeilles-epaillard-machado-02-287x430.jpg","number-width":"287","number-height":"430","partner":"https:\/\/d2q6z78khxmx42.cloudfront.net\/2021\/01\/enia-architectes-eglise-st-joseph-montigny-les-cormeilles-epaillard-machado-02-140x210.jpg","partner-width":"140","partner-height":"210","ranking":"https:\/\/d2q6z78khxmx42.cloudfront.net\/2021\/01\/hzZfjkFp-enia-architectes-eglise-st-joseph-montigny-les-cormeilles-epaillard-machado-02-960x540.jpg","ranking-width":"960","ranking-height":"540","schedule":"https:\/\/d2q6z78khxmx42.cloudfront.net\/2021\/01\/enia-architectes-eglise-st-joseph-montigny-les-cormeilles-epaillard-machado-02-960x360.jpg","schedule-width":"960","schedule-height":"360","slideshow":"https:\/\/d2q6z78khxmx42.cloudfront.net\/2021\/01\/enia-architectes-eglise-st-joseph-montigny-les-cormeilles-epaillard-machado-02-454x680.jpg","slideshow-width":"454","slideshow-height":"680"}},"filters":false,"suppliers":false,"attachment_category":[]},{"categories":[382,821],"credit":"machado","image":{"ID":38030,"id":38030,"title":"Enia Architectes","filename":"enia-architectes-eglise-st-joseph-montigny-les-cormeilles-epaillard-machado-220.jpg","filesize":0,"url":"https:\/\/d2q6z78khxmx42.cloudfront.net\/2021\/01\/enia-architectes-eglise-st-joseph-montigny-les-cormeilles-epaillard-machado-220.jpg","link":"https:\/\/int.design\/fr\/projets\/eglise-saint-joseph\/enia-architectes-34\/","alt":"","author":"6","description":"\u00c9glise Saint-Joseph Enia, S2T, ECIB, Tecam, Small, Ingelux, Acoustique & Conseil Enia architectes S2T ECIB Tecam Small Ingelux Acoustique & Conseil Thierry Boissel Perron et fr\u00e8res Artefabrica Bonnevie et fils  Ramery travaux publics  SFB BTP Duayen EB IDF Concept facade Nouveaux b\u00e2tisseurs associ\u00e9s Menuiserie Pilleboue Algaflex Otis Cogeclim El\u00e9ctricit\u00e9 industrielle JP Fauche Mamias","caption":"Eglise St Joseph - Montigny-les-Cormeilles","name":"enia-architectes-34","status":"inherit","uploaded_to":33888,"date":"2021-01-13 16:28:10","modified":"2022-02-08 13:39:15","menu_order":0,"mime_type":"image\/jpeg","type":"image","subtype":"jpeg","icon":"https:\/\/int.design\/wp-includes\/images\/media\/default.png","width":1900,"height":950,"sizes":{"thumbnail":"https:\/\/d2q6z78khxmx42.cloudfront.net\/2021\/01\/enia-architectes-eglise-st-joseph-montigny-les-cormeilles-epaillard-machado-220-150x150.jpg","thumbnail-width":"150","thumbnail-height":"150","medium":"https:\/\/d2q6z78khxmx42.cloudfront.net\/2021\/01\/enia-architectes-eglise-st-joseph-montigny-les-cormeilles-epaillard-machado-220-300x150.jpg","medium-width":"300","medium-height":"150","medium_large":"https:\/\/d2q6z78khxmx42.cloudfront.net\/2021\/01\/enia-architectes-eglise-st-joseph-montigny-les-cormeilles-epaillard-machado-220-768x384.jpg","medium_large-width":"768","medium_large-height":"384","large":"https:\/\/d2q6z78khxmx42.cloudfront.net\/2021\/01\/enia-architectes-eglise-st-joseph-montigny-les-cormeilles-epaillard-machado-220-1024x512.jpg","large-width":"1024","large-height":"512","1536x1536":"https:\/\/d2q6z78khxmx42.cloudfront.net\/2021\/01\/enia-architectes-eglise-st-joseph-montigny-les-cormeilles-epaillard-machado-220-1536x768.jpg","1536x1536-width":"1536","1536x1536-height":"768","2048x2048":"https:\/\/d2q6z78khxmx42.cloudfront.net\/2021\/01\/enia-architectes-eglise-st-joseph-montigny-les-cormeilles-epaillard-machado-220.jpg","2048x2048-width":1900,"2048x2048-height":950,"article":"https:\/\/d2q6z78khxmx42.cloudfront.net\/2021\/01\/enia-architectes-eglise-st-joseph-montigny-les-cormeilles-epaillard-machado-220-960x540.jpg","article-width":"960","article-height":"540","banner":"https:\/\/d2q6z78khxmx42.cloudfront.net\/2021\/01\/enia-architectes-eglise-st-joseph-montigny-les-cormeilles-epaillard-machado-220.jpg","banner-width":1900,"banner-height":950,"block":"https:\/\/d2q6z78khxmx42.cloudfront.net\/2021\/01\/enia-architectes-eglise-st-joseph-montigny-les-cormeilles-epaillard-machado-220-900x680.jpg","block-width":"900","block-height":"680","card":"https:\/\/d2q6z78khxmx42.cloudfront.net\/2021\/01\/enia-architectes-eglise-st-joseph-montigny-les-cormeilles-epaillard-machado-220-560x495.jpg","card-width":"560","card-height":"495","card-thumbnail":"https:\/\/d2q6z78khxmx42.cloudfront.net\/2021\/01\/enia-architectes-eglise-st-joseph-montigny-les-cormeilles-epaillard-machado-220-450x340.jpg","card-thumbnail-width":"450","card-thumbnail-height":"340","conference":"https:\/\/d2q6z78khxmx42.cloudfront.net\/2021\/01\/enia-architectes-eglise-st-joseph-montigny-les-cormeilles-epaillard-machado-220-560x250.jpg","conference-width":"560","conference-height":"250","contest":"https:\/\/d2q6z78khxmx42.cloudfront.net\/2021\/01\/enia-architectes-eglise-st-joseph-montigny-les-cormeilles-epaillard-machado-220-960x400.jpg","contest-width":"960","contest-height":"400","cta":"https:\/\/d2q6z78khxmx42.cloudfront.net\/2021\/01\/enia-architectes-eglise-st-joseph-montigny-les-cormeilles-epaillard-machado-220-415x170.jpg","cta-width":"415","cta-height":"170","exhibitor":"https:\/\/d2q6z78khxmx42.cloudfront.net\/2021\/01\/enia-architectes-eglise-st-joseph-montigny-les-cormeilles-epaillard-machado-220-560x560.jpg","exhibitor-width":"560","exhibitor-height":"560","gallery":"https:\/\/d2q6z78khxmx42.cloudfront.net\/2021\/01\/enia-architectes-eglise-st-joseph-montigny-les-cormeilles-epaillard-machado-220-560x280.jpg","gallery-width":"560","gallery-height":"280","logo":"https:\/\/d2q6z78khxmx42.cloudfront.net\/2021\/01\/enia-architectes-eglise-st-joseph-montigny-les-cormeilles-epaillard-machado-220-200x100.jpg","logo-width":"200","logo-height":"100","masonry":"https:\/\/d2q6z78khxmx42.cloudfront.net\/2021\/01\/enia-architectes-eglise-st-joseph-montigny-les-cormeilles-epaillard-machado-220-550x275.jpg","masonry-width":"550","masonry-height":"275","modal":"https:\/\/d2q6z78khxmx42.cloudfront.net\/2021\/01\/enia-architectes-eglise-st-joseph-montigny-les-cormeilles-epaillard-machado-220.jpg","modal-width":1900,"modal-height":950,"number":"https:\/\/d2q6z78khxmx42.cloudfront.net\/2021\/01\/8SttrPCG-enia-architectes-eglise-st-joseph-montigny-les-cormeilles-epaillard-machado-220-560x280.jpg","number-width":"560","number-height":"280","partner":"https:\/\/d2q6z78khxmx42.cloudfront.net\/2021\/01\/enia-architectes-eglise-st-joseph-montigny-les-cormeilles-epaillard-machado-220-275x138.jpg","partner-width":"275","partner-height":"138","ranking":"https:\/\/d2q6z78khxmx42.cloudfront.net\/2021\/01\/8SttrPCG-enia-architectes-eglise-st-joseph-montigny-les-cormeilles-epaillard-machado-220-960x540.jpg","ranking-width":"960","ranking-height":"540","schedule":"https:\/\/d2q6z78khxmx42.cloudfront.net\/2021\/01\/enia-architectes-eglise-st-joseph-montigny-les-cormeilles-epaillard-machado-220-960x360.jpg","schedule-width":"960","schedule-height":"360","slideshow":"https:\/\/d2q6z78khxmx42.cloudfront.net\/2021\/01\/enia-architectes-eglise-st-joseph-montigny-les-cormeilles-epaillard-machado-220-1360x680.jpg","slideshow-width":"1360","slideshow-height":"680"}},"filters":false,"suppliers":false,"attachment_category":[]},{"categories":[382,821],"credit":"machado","image":{"ID":38031,"id":38031,"title":"Enia Architectes","filename":"enia-architectes-eglise-st-joseph-montigny-les-cormeilles-epaillard-machado-440.jpg","filesize":0,"url":"https:\/\/d2q6z78khxmx42.cloudfront.net\/2021\/01\/enia-architectes-eglise-st-joseph-montigny-les-cormeilles-epaillard-machado-440.jpg","link":"https:\/\/int.design\/fr\/projets\/eglise-saint-joseph\/enia-architectes-35\/","alt":"","author":"6","description":"\u00c9glise Saint-Joseph Enia, S2T, ECIB, Tecam, Small, Ingelux, Acoustique & Conseil Enia architectes S2T ECIB Tecam Small Ingelux Acoustique & Conseil Thierry Boissel Perron et fr\u00e8res Artefabrica Bonnevie et fils  Ramery travaux publics  SFB BTP Duayen EB IDF Concept facade Nouveaux b\u00e2tisseurs associ\u00e9s Menuiserie Pilleboue Algaflex Otis Cogeclim El\u00e9ctricit\u00e9 industrielle JP Fauche Mamias","caption":"Eglise St Joseph - Montigny-les-Cormeilles","name":"enia-architectes-35","status":"inherit","uploaded_to":33888,"date":"2021-01-13 16:28:16","modified":"2022-02-08 13:39:15","menu_order":0,"mime_type":"image\/jpeg","type":"image","subtype":"jpeg","icon":"https:\/\/int.design\/wp-includes\/images\/media\/default.png","width":1900,"height":1268,"sizes":{"thumbnail":"https:\/\/d2q6z78khxmx42.cloudfront.net\/2021\/01\/enia-architectes-eglise-st-joseph-montigny-les-cormeilles-epaillard-machado-440-150x150.jpg","thumbnail-width":"150","thumbnail-height":"150","medium":"https:\/\/d2q6z78khxmx42.cloudfront.net\/2021\/01\/enia-architectes-eglise-st-joseph-montigny-les-cormeilles-epaillard-machado-440-300x200.jpg","medium-width":"300","medium-height":"200","medium_large":"https:\/\/d2q6z78khxmx42.cloudfront.net\/2021\/01\/enia-architectes-eglise-st-joseph-montigny-les-cormeilles-epaillard-machado-440-768x513.jpg","medium_large-width":"768","medium_large-height":"513","large":"https:\/\/d2q6z78khxmx42.cloudfront.net\/2021\/01\/enia-architectes-eglise-st-joseph-montigny-les-cormeilles-epaillard-machado-440-1024x683.jpg","large-width":"1024","large-height":"683","1536x1536":"https:\/\/d2q6z78khxmx42.cloudfront.net\/2021\/01\/enia-architectes-eglise-st-joseph-montigny-les-cormeilles-epaillard-machado-440-1536x1025.jpg","1536x1536-width":"1536","1536x1536-height":"1025","2048x2048":"https:\/\/d2q6z78khxmx42.cloudfront.net\/2021\/01\/enia-architectes-eglise-st-joseph-montigny-les-cormeilles-epaillard-machado-440.jpg","2048x2048-width":1900,"2048x2048-height":1268,"article":"https:\/\/d2q6z78khxmx42.cloudfront.net\/2021\/01\/enia-architectes-eglise-st-joseph-montigny-les-cormeilles-epaillard-machado-440-960x540.jpg","article-width":"960","article-height":"540","banner":"https:\/\/d2q6z78khxmx42.cloudfront.net\/2021\/01\/enia-architectes-eglise-st-joseph-montigny-les-cormeilles-epaillard-machado-440.jpg","banner-width":1900,"banner-height":1268,"block":"https:\/\/d2q6z78khxmx42.cloudfront.net\/2021\/01\/enia-architectes-eglise-st-joseph-montigny-les-cormeilles-epaillard-machado-440-900x680.jpg","block-width":"900","block-height":"680","card":"https:\/\/d2q6z78khxmx42.cloudfront.net\/2021\/01\/enia-architectes-eglise-st-joseph-montigny-les-cormeilles-epaillard-machado-440-560x495.jpg","card-width":"560","card-height":"495","card-thumbnail":"https:\/\/d2q6z78khxmx42.cloudfront.net\/2021\/01\/enia-architectes-eglise-st-joseph-montigny-les-cormeilles-epaillard-machado-440-450x340.jpg","card-thumbnail-width":"450","card-thumbnail-height":"340","conference":"https:\/\/d2q6z78khxmx42.cloudfront.net\/2021\/01\/enia-architectes-eglise-st-joseph-montigny-les-cormeilles-epaillard-machado-440-560x250.jpg","conference-width":"560","conference-height":"250","contest":"https:\/\/d2q6z78khxmx42.cloudfront.net\/2021\/01\/enia-architectes-eglise-st-joseph-montigny-les-cormeilles-epaillard-machado-440-960x400.jpg","contest-width":"960","contest-height":"400","cta":"https:\/\/d2q6z78khxmx42.cloudfront.net\/2021\/01\/enia-architectes-eglise-st-joseph-montigny-les-cormeilles-epaillard-machado-440-415x170.jpg","cta-width":"415","cta-height":"170","exhibitor":"https:\/\/d2q6z78khxmx42.cloudfront.net\/2021\/01\/enia-architectes-eglise-st-joseph-montigny-les-cormeilles-epaillard-machado-440-560x560.jpg","exhibitor-width":"560","exhibitor-height":"560","gallery":"https:\/\/d2q6z78khxmx42.cloudfront.net\/2021\/01\/enia-architectes-eglise-st-joseph-montigny-les-cormeilles-epaillard-machado-440-560x374.jpg","gallery-width":"560","gallery-height":"374","logo":"https:\/\/d2q6z78khxmx42.cloudfront.net\/2021\/01\/enia-architectes-eglise-st-joseph-montigny-les-cormeilles-epaillard-machado-440-150x100.jpg","logo-width":"150","logo-height":"100","masonry":"https:\/\/d2q6z78khxmx42.cloudfront.net\/2021\/01\/enia-architectes-eglise-st-joseph-montigny-les-cormeilles-epaillard-machado-440-550x367.jpg","masonry-width":"550","masonry-height":"367","modal":"https:\/\/d2q6z78khxmx42.cloudfront.net\/2021\/01\/enia-architectes-eglise-st-joseph-montigny-les-cormeilles-epaillard-machado-440.jpg","modal-width":1900,"modal-height":1268,"number":"https:\/\/d2q6z78khxmx42.cloudfront.net\/2021\/01\/Cu0OYcBk-enia-architectes-eglise-st-joseph-montigny-les-cormeilles-epaillard-machado-440-560x374.jpg","number-width":"560","number-height":"374","partner":"https:\/\/d2q6z78khxmx42.cloudfront.net\/2021\/01\/enia-architectes-eglise-st-joseph-montigny-les-cormeilles-epaillard-machado-440-275x184.jpg","partner-width":"275","partner-height":"184","ranking":"https:\/\/d2q6z78khxmx42.cloudfront.net\/2021\/01\/Cu0OYcBk-enia-architectes-eglise-st-joseph-montigny-les-cormeilles-epaillard-machado-440-960x540.jpg","ranking-width":"960","ranking-height":"540","schedule":"https:\/\/d2q6z78khxmx42.cloudfront.net\/2021\/01\/enia-architectes-eglise-st-joseph-montigny-les-cormeilles-epaillard-machado-440-960x360.jpg","schedule-width":"960","schedule-height":"360","slideshow":"https:\/\/d2q6z78khxmx42.cloudfront.net\/2021\/01\/enia-architectes-eglise-st-joseph-montigny-les-cormeilles-epaillard-machado-440-1019x680.jpg","slideshow-width":"1019","slideshow-height":"680"}},"filters":false,"suppliers":false,"attachment_category":[]},{"categories":[382,821],"credit":"machado","image":{"ID":38032,"id":38032,"title":"Enia Architectes","filename":"enia-architectes-eglise-st-joseph-montigny-les-cormeilles-epaillard-machado-484.jpg","filesize":0,"url":"https:\/\/d2q6z78khxmx42.cloudfront.net\/2021\/01\/enia-architectes-eglise-st-joseph-montigny-les-cormeilles-epaillard-machado-484.jpg","link":"https:\/\/int.design\/fr\/projets\/eglise-saint-joseph\/enia-architectes-36\/","alt":"","author":"6","description":"\u00c9glise Saint-Joseph Enia, S2T, ECIB, Tecam, Small, Ingelux, Acoustique & Conseil Enia architectes S2T ECIB Tecam Small Ingelux Acoustique & Conseil Thierry Boissel Perron et fr\u00e8res Artefabrica Bonnevie et fils  Ramery travaux publics  SFB BTP Duayen EB IDF Concept facade Nouveaux b\u00e2tisseurs associ\u00e9s Menuiserie Pilleboue Algaflex Otis Cogeclim El\u00e9ctricit\u00e9 industrielle JP Fauche Mamias","caption":"Eglise St Joseph - Montigny-les-Cormeilles","name":"enia-architectes-36","status":"inherit","uploaded_to":33888,"date":"2021-01-13 16:28:24","modified":"2022-02-08 13:39:15","menu_order":0,"mime_type":"image\/jpeg","type":"image","subtype":"jpeg","icon":"https:\/\/int.design\/wp-includes\/images\/media\/default.png","width":1268,"height":1900,"sizes":{"thumbnail":"https:\/\/d2q6z78khxmx42.cloudfront.net\/2021\/01\/enia-architectes-eglise-st-joseph-montigny-les-cormeilles-epaillard-machado-484-150x150.jpg","thumbnail-width":"150","thumbnail-height":"150","medium":"https:\/\/d2q6z78khxmx42.cloudfront.net\/2021\/01\/enia-architectes-eglise-st-joseph-montigny-les-cormeilles-epaillard-machado-484-200x300.jpg","medium-width":"200","medium-height":"300","medium_large":"https:\/\/d2q6z78khxmx42.cloudfront.net\/2021\/01\/enia-architectes-eglise-st-joseph-montigny-les-cormeilles-epaillard-machado-484-768x1151.jpg","medium_large-width":"768","medium_large-height":"1151","large":"https:\/\/d2q6z78khxmx42.cloudfront.net\/2021\/01\/enia-architectes-eglise-st-joseph-montigny-les-cormeilles-epaillard-machado-484-683x1024.jpg","large-width":"683","large-height":"1024","1536x1536":"https:\/\/d2q6z78khxmx42.cloudfront.net\/2021\/01\/enia-architectes-eglise-st-joseph-montigny-les-cormeilles-epaillard-machado-484-1025x1536.jpg","1536x1536-width":"1025","1536x1536-height":"1536","2048x2048":"https:\/\/d2q6z78khxmx42.cloudfront.net\/2021\/01\/enia-architectes-eglise-st-joseph-montigny-les-cormeilles-epaillard-machado-484.jpg","2048x2048-width":1268,"2048x2048-height":1900,"article":"https:\/\/d2q6z78khxmx42.cloudfront.net\/2021\/01\/enia-architectes-eglise-st-joseph-montigny-les-cormeilles-epaillard-machado-484-960x540.jpg","article-width":"960","article-height":"540","banner":"https:\/\/d2q6z78khxmx42.cloudfront.net\/2021\/01\/enia-architectes-eglise-st-joseph-montigny-les-cormeilles-epaillard-machado-484.jpg","banner-width":1268,"banner-height":1900,"block":"https:\/\/d2q6z78khxmx42.cloudfront.net\/2021\/01\/enia-architectes-eglise-st-joseph-montigny-les-cormeilles-epaillard-machado-484-900x680.jpg","block-width":"900","block-height":"680","card":"https:\/\/d2q6z78khxmx42.cloudfront.net\/2021\/01\/enia-architectes-eglise-st-joseph-montigny-les-cormeilles-epaillard-machado-484-560x495.jpg","card-width":"560","card-height":"495","card-thumbnail":"https:\/\/d2q6z78khxmx42.cloudfront.net\/2021\/01\/enia-architectes-eglise-st-joseph-montigny-les-cormeilles-epaillard-machado-484-450x340.jpg","card-thumbnail-width":"450","card-thumbnail-height":"340","conference":"https:\/\/d2q6z78khxmx42.cloudfront.net\/2021\/01\/enia-architectes-eglise-st-joseph-montigny-les-cormeilles-epaillard-machado-484-560x250.jpg","conference-width":"560","conference-height":"250","contest":"https:\/\/d2q6z78khxmx42.cloudfront.net\/2021\/01\/enia-architectes-eglise-st-joseph-montigny-les-cormeilles-epaillard-machado-484-960x400.jpg","contest-width":"960","contest-height":"400","cta":"https:\/\/d2q6z78khxmx42.cloudfront.net\/2021\/01\/enia-architectes-eglise-st-joseph-montigny-les-cormeilles-epaillard-machado-484-415x170.jpg","cta-width":"415","cta-height":"170","exhibitor":"https:\/\/d2q6z78khxmx42.cloudfront.net\/2021\/01\/enia-architectes-eglise-st-joseph-montigny-les-cormeilles-epaillard-machado-484-560x560.jpg","exhibitor-width":"560","exhibitor-height":"560","gallery":"https:\/\/d2q6z78khxmx42.cloudfront.net\/2021\/01\/enia-architectes-eglise-st-joseph-montigny-les-cormeilles-epaillard-machado-484-287x430.jpg","gallery-width":"287","gallery-height":"430","logo":"https:\/\/d2q6z78khxmx42.cloudfront.net\/2021\/01\/enia-architectes-eglise-st-joseph-montigny-les-cormeilles-epaillard-machado-484-67x100.jpg","logo-width":"67","logo-height":"100","masonry":"https:\/\/d2q6z78khxmx42.cloudfront.net\/2021\/01\/enia-architectes-eglise-st-joseph-montigny-les-cormeilles-epaillard-machado-484-550x824.jpg","masonry-width":"550","masonry-height":"824","modal":"https:\/\/d2q6z78khxmx42.cloudfront.net\/2021\/01\/enia-architectes-eglise-st-joseph-montigny-les-cormeilles-epaillard-machado-484.jpg","modal-width":1268,"modal-height":1900,"number":"https:\/\/d2q6z78khxmx42.cloudfront.net\/2021\/01\/WViZSyVN-enia-architectes-eglise-st-joseph-montigny-les-cormeilles-epaillard-machado-484-287x430.jpg","number-width":"287","number-height":"430","partner":"https:\/\/d2q6z78khxmx42.cloudfront.net\/2021\/01\/enia-architectes-eglise-st-joseph-montigny-les-cormeilles-epaillard-machado-484-140x210.jpg","partner-width":"140","partner-height":"210","ranking":"https:\/\/d2q6z78khxmx42.cloudfront.net\/2021\/01\/WViZSyVN-enia-architectes-eglise-st-joseph-montigny-les-cormeilles-epaillard-machado-484-960x540.jpg","ranking-width":"960","ranking-height":"540","schedule":"https:\/\/d2q6z78khxmx42.cloudfront.net\/2021\/01\/enia-architectes-eglise-st-joseph-montigny-les-cormeilles-epaillard-machado-484-960x360.jpg","schedule-width":"960","schedule-height":"360","slideshow":"https:\/\/d2q6z78khxmx42.cloudfront.net\/2021\/01\/enia-architectes-eglise-st-joseph-montigny-les-cormeilles-epaillard-machado-484-454x680.jpg","slideshow-width":"454","slideshow-height":"680"}},"filters":false,"suppliers":false,"attachment_category":[]},{"categories":[382,821],"credit":"machado","image":{"ID":38033,"id":38033,"title":"Enia Architectes","filename":"enia-architectes-eglise-st-joseph-montigny-les-cormeilles-epaillard-machado-528.jpg","filesize":0,"url":"https:\/\/d2q6z78khxmx42.cloudfront.net\/2021\/01\/enia-architectes-eglise-st-joseph-montigny-les-cormeilles-epaillard-machado-528.jpg","link":"https:\/\/int.design\/fr\/projets\/eglise-saint-joseph\/enia-architectes-37\/","alt":"","author":"6","description":"\u00c9glise Saint-Joseph Enia, S2T, ECIB, Tecam, Small, Ingelux, Acoustique & Conseil Enia architectes S2T ECIB Tecam Small Ingelux Acoustique & Conseil Thierry Boissel Perron et fr\u00e8res Artefabrica Bonnevie et fils  Ramery travaux publics  SFB BTP Duayen EB IDF Concept facade Nouveaux b\u00e2tisseurs associ\u00e9s Menuiserie Pilleboue Algaflex Otis Cogeclim El\u00e9ctricit\u00e9 industrielle JP Fauche Mamias","caption":"Eglise St Joseph - Montigny-les-Cormeilles","name":"enia-architectes-37","status":"inherit","uploaded_to":33888,"date":"2021-01-13 16:28:30","modified":"2022-02-08 13:39:15","menu_order":0,"mime_type":"image\/jpeg","type":"image","subtype":"jpeg","icon":"https:\/\/int.design\/wp-includes\/images\/media\/default.png","width":1900,"height":1268,"sizes":{"thumbnail":"https:\/\/d2q6z78khxmx42.cloudfront.net\/2021\/01\/enia-architectes-eglise-st-joseph-montigny-les-cormeilles-epaillard-machado-528-150x150.jpg","thumbnail-width":"150","thumbnail-height":"150","medium":"https:\/\/d2q6z78khxmx42.cloudfront.net\/2021\/01\/enia-architectes-eglise-st-joseph-montigny-les-cormeilles-epaillard-machado-528-300x200.jpg","medium-width":"300","medium-height":"200","medium_large":"https:\/\/d2q6z78khxmx42.cloudfront.net\/2021\/01\/enia-architectes-eglise-st-joseph-montigny-les-cormeilles-epaillard-machado-528-768x513.jpg","medium_large-width":"768","medium_large-height":"513","large":"https:\/\/d2q6z78khxmx42.cloudfront.net\/2021\/01\/enia-architectes-eglise-st-joseph-montigny-les-cormeilles-epaillard-machado-528-1024x683.jpg","large-width":"1024","large-height":"683","1536x1536":"https:\/\/d2q6z78khxmx42.cloudfront.net\/2021\/01\/enia-architectes-eglise-st-joseph-montigny-les-cormeilles-epaillard-machado-528-1536x1025.jpg","1536x1536-width":"1536","1536x1536-height":"1025","2048x2048":"https:\/\/d2q6z78khxmx42.cloudfront.net\/2021\/01\/enia-architectes-eglise-st-joseph-montigny-les-cormeilles-epaillard-machado-528.jpg","2048x2048-width":1900,"2048x2048-height":1268,"article":"https:\/\/d2q6z78khxmx42.cloudfront.net\/2021\/01\/enia-architectes-eglise-st-joseph-montigny-les-cormeilles-epaillard-machado-528-960x540.jpg","article-width":"960","article-height":"540","banner":"https:\/\/d2q6z78khxmx42.cloudfront.net\/2021\/01\/enia-architectes-eglise-st-joseph-montigny-les-cormeilles-epaillard-machado-528.jpg","banner-width":1900,"banner-height":1268,"block":"https:\/\/d2q6z78khxmx42.cloudfront.net\/2021\/01\/enia-architectes-eglise-st-joseph-montigny-les-cormeilles-epaillard-machado-528-900x680.jpg","block-width":"900","block-height":"680","card":"https:\/\/d2q6z78khxmx42.cloudfront.net\/2021\/01\/enia-architectes-eglise-st-joseph-montigny-les-cormeilles-epaillard-machado-528-560x495.jpg","card-width":"560","card-height":"495","card-thumbnail":"https:\/\/d2q6z78khxmx42.cloudfront.net\/2021\/01\/enia-architectes-eglise-st-joseph-montigny-les-cormeilles-epaillard-machado-528-450x340.jpg","card-thumbnail-width":"450","card-thumbnail-height":"340","conference":"https:\/\/d2q6z78khxmx42.cloudfront.net\/2021\/01\/enia-architectes-eglise-st-joseph-montigny-les-cormeilles-epaillard-machado-528-560x250.jpg","conference-width":"560","conference-height":"250","contest":"https:\/\/d2q6z78khxmx42.cloudfront.net\/2021\/01\/enia-architectes-eglise-st-joseph-montigny-les-cormeilles-epaillard-machado-528-960x400.jpg","contest-width":"960","contest-height":"400","cta":"https:\/\/d2q6z78khxmx42.cloudfront.net\/2021\/01\/enia-architectes-eglise-st-joseph-montigny-les-cormeilles-epaillard-machado-528-415x170.jpg","cta-width":"415","cta-height":"170","exhibitor":"https:\/\/d2q6z78khxmx42.cloudfront.net\/2021\/01\/enia-architectes-eglise-st-joseph-montigny-les-cormeilles-epaillard-machado-528-560x560.jpg","exhibitor-width":"560","exhibitor-height":"560","gallery":"https:\/\/d2q6z78khxmx42.cloudfront.net\/2021\/01\/enia-architectes-eglise-st-joseph-montigny-les-cormeilles-epaillard-machado-528-560x374.jpg","gallery-width":"560","gallery-height":"374","logo":"https:\/\/d2q6z78khxmx42.cloudfront.net\/2021\/01\/enia-architectes-eglise-st-joseph-montigny-les-cormeilles-epaillard-machado-528-150x100.jpg","logo-width":"150","logo-height":"100","masonry":"https:\/\/d2q6z78khxmx42.cloudfront.net\/2021\/01\/enia-architectes-eglise-st-joseph-montigny-les-cormeilles-epaillard-machado-528-550x367.jpg","masonry-width":"550","masonry-height":"367","modal":"https:\/\/d2q6z78khxmx42.cloudfront.net\/2021\/01\/enia-architectes-eglise-st-joseph-montigny-les-cormeilles-epaillard-machado-528.jpg","modal-width":1900,"modal-height":1268,"number":"https:\/\/d2q6z78khxmx42.cloudfront.net\/2021\/01\/xg4Z6fe3-enia-architectes-eglise-st-joseph-montigny-les-cormeilles-epaillard-machado-528-560x374.jpg","number-width":"560","number-height":"374","partner":"https:\/\/d2q6z78khxmx42.cloudfront.net\/2021\/01\/enia-architectes-eglise-st-joseph-montigny-les-cormeilles-epaillard-machado-528-275x184.jpg","partner-width":"275","partner-height":"184","ranking":"https:\/\/d2q6z78khxmx42.cloudfront.net\/2021\/01\/xg4Z6fe3-enia-architectes-eglise-st-joseph-montigny-les-cormeilles-epaillard-machado-528-960x540.jpg","ranking-width":"960","ranking-height":"540","schedule":"https:\/\/d2q6z78khxmx42.cloudfront.net\/2021\/01\/enia-architectes-eglise-st-joseph-montigny-les-cormeilles-epaillard-machado-528-960x360.jpg","schedule-width":"960","schedule-height":"360","slideshow":"https:\/\/d2q6z78khxmx42.cloudfront.net\/2021\/01\/enia-architectes-eglise-st-joseph-montigny-les-cormeilles-epaillard-machado-528-1019x680.jpg","slideshow-width":"1019","slideshow-height":"680"}},"filters":false,"suppliers":false,"attachment_category":[]},{"categories":[382,821],"credit":"machado","image":{"ID":38034,"id":38034,"title":"Enia Architectes","filename":"enia-architectes-eglise-st-joseph-montigny-les-cormeilles-epaillard-machado-638.jpg","filesize":0,"url":"https:\/\/d2q6z78khxmx42.cloudfront.net\/2021\/01\/enia-architectes-eglise-st-joseph-montigny-les-cormeilles-epaillard-machado-638.jpg","link":"https:\/\/int.design\/fr\/projets\/eglise-saint-joseph\/enia-architectes-38\/","alt":"","author":"6","description":"\u00c9glise Saint-Joseph Enia, S2T, ECIB, Tecam, Small, Ingelux, Acoustique & Conseil Enia architectes S2T ECIB Tecam Small Ingelux Acoustique & Conseil Thierry Boissel Perron et fr\u00e8res Artefabrica Bonnevie et fils  Ramery travaux publics  SFB BTP Duayen EB IDF Concept facade Nouveaux b\u00e2tisseurs associ\u00e9s Menuiserie Pilleboue Algaflex Otis Cogeclim El\u00e9ctricit\u00e9 industrielle JP Fauche Mamias","caption":"Eglise St Joseph - Montigny-les-Cormeilles","name":"enia-architectes-38","status":"inherit","uploaded_to":33888,"date":"2021-01-13 16:28:40","modified":"2022-02-08 13:39:15","menu_order":0,"mime_type":"image\/jpeg","type":"image","subtype":"jpeg","icon":"https:\/\/int.design\/wp-includes\/images\/media\/default.png","width":1425,"height":1900,"sizes":{"thumbnail":"https:\/\/d2q6z78khxmx42.cloudfront.net\/2021\/01\/enia-architectes-eglise-st-joseph-montigny-les-cormeilles-epaillard-machado-638-150x150.jpg","thumbnail-width":"150","thumbnail-height":"150","medium":"https:\/\/d2q6z78khxmx42.cloudfront.net\/2021\/01\/enia-architectes-eglise-st-joseph-montigny-les-cormeilles-epaillard-machado-638-225x300.jpg","medium-width":"225","medium-height":"300","medium_large":"https:\/\/d2q6z78khxmx42.cloudfront.net\/2021\/01\/FRTCfdFm-enia-architectes-eglise-st-joseph-montigny-les-cormeilles-epaillard-machado-638-768x1024.jpg","medium_large-width":"768","medium_large-height":"1024","large":"https:\/\/d2q6z78khxmx42.cloudfront.net\/2021\/01\/enia-architectes-eglise-st-joseph-montigny-les-cormeilles-epaillard-machado-638-768x1024.jpg","large-width":"768","large-height":"1024","1536x1536":"https:\/\/d2q6z78khxmx42.cloudfront.net\/2021\/01\/enia-architectes-eglise-st-joseph-montigny-les-cormeilles-epaillard-machado-638-1152x1536.jpg","1536x1536-width":"1152","1536x1536-height":"1536","2048x2048":"https:\/\/d2q6z78khxmx42.cloudfront.net\/2021\/01\/enia-architectes-eglise-st-joseph-montigny-les-cormeilles-epaillard-machado-638.jpg","2048x2048-width":1425,"2048x2048-height":1900,"article":"https:\/\/d2q6z78khxmx42.cloudfront.net\/2021\/01\/enia-architectes-eglise-st-joseph-montigny-les-cormeilles-epaillard-machado-638-960x540.jpg","article-width":"960","article-height":"540","banner":"https:\/\/d2q6z78khxmx42.cloudfront.net\/2021\/01\/enia-architectes-eglise-st-joseph-montigny-les-cormeilles-epaillard-machado-638.jpg","banner-width":1425,"banner-height":1900,"block":"https:\/\/d2q6z78khxmx42.cloudfront.net\/2021\/01\/enia-architectes-eglise-st-joseph-montigny-les-cormeilles-epaillard-machado-638-900x680.jpg","block-width":"900","block-height":"680","card":"https:\/\/d2q6z78khxmx42.cloudfront.net\/2021\/01\/enia-architectes-eglise-st-joseph-montigny-les-cormeilles-epaillard-machado-638-560x495.jpg","card-width":"560","card-height":"495","card-thumbnail":"https:\/\/d2q6z78khxmx42.cloudfront.net\/2021\/01\/enia-architectes-eglise-st-joseph-montigny-les-cormeilles-epaillard-machado-638-450x340.jpg","card-thumbnail-width":"450","card-thumbnail-height":"340","conference":"https:\/\/d2q6z78khxmx42.cloudfront.net\/2021\/01\/enia-architectes-eglise-st-joseph-montigny-les-cormeilles-epaillard-machado-638-560x250.jpg","conference-width":"560","conference-height":"250","contest":"https:\/\/d2q6z78khxmx42.cloudfront.net\/2021\/01\/enia-architectes-eglise-st-joseph-montigny-les-cormeilles-epaillard-machado-638-960x400.jpg","contest-width":"960","contest-height":"400","cta":"https:\/\/d2q6z78khxmx42.cloudfront.net\/2021\/01\/enia-architectes-eglise-st-joseph-montigny-les-cormeilles-epaillard-machado-638-415x170.jpg","cta-width":"415","cta-height":"170","exhibitor":"https:\/\/d2q6z78khxmx42.cloudfront.net\/2021\/01\/enia-architectes-eglise-st-joseph-montigny-les-cormeilles-epaillard-machado-638-560x560.jpg","exhibitor-width":"560","exhibitor-height":"560","gallery":"https:\/\/d2q6z78khxmx42.cloudfront.net\/2021\/01\/enia-architectes-eglise-st-joseph-montigny-les-cormeilles-epaillard-machado-638-323x430.jpg","gallery-width":"323","gallery-height":"430","logo":"https:\/\/d2q6z78khxmx42.cloudfront.net\/2021\/01\/enia-architectes-eglise-st-joseph-montigny-les-cormeilles-epaillard-machado-638-75x100.jpg","logo-width":"75","logo-height":"100","masonry":"https:\/\/d2q6z78khxmx42.cloudfront.net\/2021\/01\/enia-architectes-eglise-st-joseph-montigny-les-cormeilles-epaillard-machado-638-550x733.jpg","masonry-width":"550","masonry-height":"733","modal":"https:\/\/d2q6z78khxmx42.cloudfront.net\/2021\/01\/enia-architectes-eglise-st-joseph-montigny-les-cormeilles-epaillard-machado-638.jpg","modal-width":1425,"modal-height":1900,"number":"https:\/\/d2q6z78khxmx42.cloudfront.net\/2021\/01\/FRTCfdFm-enia-architectes-eglise-st-joseph-montigny-les-cormeilles-epaillard-machado-638-323x430.jpg","number-width":"323","number-height":"430","partner":"https:\/\/d2q6z78khxmx42.cloudfront.net\/2021\/01\/enia-architectes-eglise-st-joseph-montigny-les-cormeilles-epaillard-machado-638-158x210.jpg","partner-width":"158","partner-height":"210","ranking":"https:\/\/d2q6z78khxmx42.cloudfront.net\/2021\/01\/FRTCfdFm-enia-architectes-eglise-st-joseph-montigny-les-cormeilles-epaillard-machado-638-960x540.jpg","ranking-width":"960","ranking-height":"540","schedule":"https:\/\/d2q6z78khxmx42.cloudfront.net\/2021\/01\/enia-architectes-eglise-st-joseph-montigny-les-cormeilles-epaillard-machado-638-960x360.jpg","schedule-width":"960","schedule-height":"360","slideshow":"https:\/\/d2q6z78khxmx42.cloudfront.net\/2021\/01\/enia-architectes-eglise-st-joseph-montigny-les-cormeilles-epaillard-machado-638-510x680.jpg","slideshow-width":"510","slideshow-height":"680"}},"filters":false,"suppliers":false,"attachment_category":[]}],"mandatory_documents":[{"name":"Plan de masse","file":{"ID":38093,"id":38093,"title":"ST JOSEPH-Plan de Masse","filename":"st-joseph-plan-de-masse.pdf","filesize":0,"url":"https:\/\/d2q6z78khxmx42.cloudfront.net\/2021\/01\/st-joseph-plan-de-masse.pdf","link":"https:\/\/int.design\/fr\/projets\/eglise-saint-joseph\/st-joseph-plan-de-masse\/","alt":"","author":"6","description":"","caption":"","name":"st-joseph-plan-de-masse","status":"inherit","uploaded_to":33888,"date":"2021-01-13 22:32:24","modified":"2021-01-13 22:32:24","menu_order":0,"mime_type":"application\/pdf","type":"application","subtype":"pdf","icon":"https:\/\/int.design\/wp-includes\/images\/media\/document.png"}}],"optional_documents":[{"name":"coupe 1","file":{"ID":38094,"id":38094,"title":"ST JOSEPH-Coupe longitudinale","filename":"st-joseph-coupe-longitudinale.pdf","filesize":0,"url":"https:\/\/d2q6z78khxmx42.cloudfront.net\/2021\/01\/st-joseph-coupe-longitudinale.pdf","link":"https:\/\/int.design\/fr\/projets\/eglise-saint-joseph\/st-joseph-coupe-longitudinale\/","alt":"","author":"6","description":"","caption":"","name":"st-joseph-coupe-longitudinale","status":"inherit","uploaded_to":33888,"date":"2021-01-13 22:32:57","modified":"2021-01-13 22:32:57","menu_order":0,"mime_type":"application\/pdf","type":"application","subtype":"pdf","icon":"https:\/\/int.design\/wp-includes\/images\/media\/document.png"}},{"name":"coupe 2","file":{"ID":38095,"id":38095,"title":"ST JOSEPH-Coupe transversale","filename":"st-joseph-coupe-transversale.pdf","filesize":0,"url":"https:\/\/d2q6z78khxmx42.cloudfront.net\/2021\/01\/st-joseph-coupe-transversale.pdf","link":"https:\/\/int.design\/fr\/projets\/eglise-saint-joseph\/st-joseph-coupe-transversale\/","alt":"","author":"6","description":"","caption":"","name":"st-joseph-coupe-transversale","status":"inherit","uploaded_to":33888,"date":"2021-01-13 22:33:02","modified":"2021-01-13 22:33:02","menu_order":0,"mime_type":"application\/pdf","type":"application","subtype":"pdf","icon":"https:\/\/int.design\/wp-includes\/images\/media\/document.png"}},{"name":"d\u00e9tails","file":{"ID":38096,"id":38096,"title":"ST JOSEPH-D\u00e9tail vitrail","filename":"st-joseph-detail-vitrail.pdf","filesize":0,"url":"https:\/\/d2q6z78khxmx42.cloudfront.net\/2021\/01\/st-joseph-detail-vitrail.pdf","link":"https:\/\/int.design\/fr\/projets\/eglise-saint-joseph\/st-joseph-detail-vitrail\/","alt":"","author":"6","description":"","caption":"","name":"st-joseph-detail-vitrail","status":"inherit","uploaded_to":33888,"date":"2021-01-13 22:33:07","modified":"2021-01-13 22:33:07","menu_order":0,"mime_type":"application\/pdf","type":"application","subtype":"pdf","icon":"https:\/\/int.design\/wp-includes\/images\/media\/document.png"}},{"name":"plan r1","file":{"ID":38097,"id":38097,"title":"ST JOSEPH-Plan R+1","filename":"st-joseph-plan-r1.pdf","filesize":0,"url":"https:\/\/d2q6z78khxmx42.cloudfront.net\/2021\/01\/st-joseph-plan-r1.pdf","link":"https:\/\/int.design\/fr\/projets\/eglise-saint-joseph\/st-joseph-plan-r1\/","alt":"","author":"6","description":"","caption":"","name":"st-joseph-plan-r1","status":"inherit","uploaded_to":33888,"date":"2021-01-13 22:33:13","modified":"2021-01-13 22:33:13","menu_order":0,"mime_type":"application\/pdf","type":"application","subtype":"pdf","icon":"https:\/\/int.design\/wp-includes\/images\/media\/document.png"}},{"name":"plan rdc","file":{"ID":38098,"id":38098,"title":"ST JOSEPH-Plan RDC","filename":"st-joseph-plan-rdc.pdf","filesize":0,"url":"https:\/\/d2q6z78khxmx42.cloudfront.net\/2021\/01\/st-joseph-plan-rdc.pdf","link":"https:\/\/int.design\/fr\/projets\/eglise-saint-joseph\/st-joseph-plan-rdc\/","alt":"","author":"6","description":"","caption":"","name":"st-joseph-plan-rdc","status":"inherit","uploaded_to":33888,"date":"2021-01-13 22:33:19","modified":"2021-01-13 22:33:19","menu_order":0,"mime_type":"application\/pdf","type":"application","subtype":"pdf","icon":"https:\/\/int.design\/wp-includes\/images\/media\/document.png"}}],"web_text":{"fr":"<p>L\u2019\u00e9glise Saint-Joseph est un lieu de culte catholique de capacit\u00e9 modulable de 200 \u00e0 400 places, compl\u00e9t\u00e9 de salles d\u2019enseignement religieux, d\u2019espaces annexes pour les c\u00e9l\u00e9brations et d\u2019un logement de fonction.<\/p>\n<p>L\u2019\u00e9criture architecturale de ce lieu est simple, mais reconnaissable. Cette simplicit\u00e9 exprime une abstraction : deux rectangles qui se touchent \u00e0 l\u2019angle, pr\u00e9cis\u00e9ment ; mais aussi un signifiant, la pierre se levant pour ouvrir le s\u00e9pulcre. Au-dessus, des verticales de couleur projettent la nuit une lumi\u00e8re du dedans. <\/p>\n<p>A l\u2019int\u00e9rieur de l\u2019\u00e9glise, la lumi\u00e8re est modul\u00e9e de sorte \u00e0 accompagner la hi\u00e9rarchie des espaces. Par des dispositifs architecturaux, les pans de \u00ab mati\u00e8re \u00bb semblent se d\u00e9tacher les uns des autres pour laisser entrer la lumi\u00e8re, toujours transform\u00e9e. Le plafond ne touche pas les murs parce que la lumi\u00e8re DOIT passer, le mur du ch\u0153ur s\u2019arr\u00eate parce que la lumi\u00e8re est l\u00e0. Le plafond est perc\u00e9 de lanterneaux, celui de la lumi\u00e8re de l\u2019autel, celui de la lumi\u00e8re du baptist\u00e8re, et les murs sont scand\u00e9s de 14 ouvertures, un chemin de croix de lumi\u00e8re. Cette lumi\u00e8re est l\u00e0 pour nous traverser, nous r\u00e9chauffer, nous inspirer.<\/p>\n<p>L\u2019espace articule une contradiction : l\u2019\u00e9glise est un espace public et un espace mystique. L\u2019espace de l\u2019assembl\u00e9e est rev\u00eatu de bois pour accueillir la communaut\u00e9 de Montigny dans sa diversit\u00e9. Le fond de la nef s\u2019ouvre sur le jardin pour \u00e9tendre l\u2019espace.<\/p>\n","en":"<p>St. Joseph&#8217;s Church is a Catholic place of worship with a modular capacity of 200 to 400 places, complete with religious education rooms, additional spaces for celebrations and staff accommodation.<\/p>\n<p>The architectural design of this place is simple but recognizable. This simplicity expresses an abstraction: two rectangles touching each other at the corner, precisely; but also, a signifier, the stone rising to open the sepulcher. Above, verticals of color project at night a light from within. <\/p>\n<p>Inside the church, the light is modulated to accompany the hierarchy of spaces. Through architectural devices, the sections of &#8220;matter&#8221; seem to detach themselves from each other to let the light in, always transformed. The ceiling does not touch the walls for the light MUST pass through, the choir wall stops because the light is there. The ceiling is pierced by skylights, the one of the altar lights, the one of the baptistery lights, and the walls are lined with 14 openings, a Way of the Cross of light. This light is there to pass through us, to warm us, to inspire us.<\/p>\n<p>The space articulates a contradiction: the church is a public space and a mystical space. The space of the congregation is covered with wood to welcome the community of Montigny in its diversity. The back of the nave opens onto the garden to extend the space.<\/p>\n","original":""},"jury_text":[{"category":382,"fr":"<p>Pour ce projet, ENIA s\u2019est associ\u00e9 \u00e0 une \u00e9quipe d\u2019artisans et d\u2019artistes exp\u00e9riment\u00e9s dans le travail de mat\u00e9riaux nobles, pour la r\u00e9alisation du mobilier et des vitraux.<br \/>\nLe vitrail de Thierry Boissel exprime \u00ab l\u2019Espace de Gloire \u00bb qui prolonge l\u2019espace mystique et l\u2019espace d\u2019assembl\u00e9e ; le vitrail transforme et convertit la lumi\u00e8re en l\u2019expression de l\u2019atmosph\u00e8re spirituelle.<\/p>\n<p>Le traitement de l\u2019enveloppe du b\u00e2timent, avec sobri\u00e9t\u00e9 et pr\u00e9cision, exprime le caract\u00e8re public et religieux de l\u2019\u00e9difice. Une palette restreinte de mat\u00e9riaux &#8211; vitrage clair, bois, parement brique en b\u00e9ton pr\u00e9fabriqu\u00e9 de teinte claire, vitrail &#8211; donnent une certaine abstraction intemporelle \u00e0 la composition volum\u00e9trique et renforcent la symbolique du b\u00e2timent.<\/p>\n<p>En fa\u00e7ade Sud, un dispositif de double peau filtrant la lumi\u00e8re assure une diffusion de lumi\u00e8re optimale et r\u00e9gul\u00e9e, sans transmission de chaleur. Signal d\u00e9terminant pour l\u2019\u00e9difice depuis la rue, sa perception varie selon l\u2019\u00e9clairement.<br \/>\nEn fa\u00e7ade Est, des ouvertures \u00e9troites et r\u00e9guli\u00e8res, trou\u00e9es dans un bardage bois faisant \u00e9cho \u00e0 la porte principale, rythment la progression du fid\u00e8le dans le narthex, et signalent l\u2019espace de culte.<br \/>\nLa composition des parties opaques (parois b\u00e9ton, lame d\u2019air et isolation ext\u00e9rieure, parement en brique de b\u00e9ton et lames de bois) permet de limiter les ponts thermiques.<\/p>\n","en":"<p>For the realization of the furniture and stained-glass windows of this project, ENIA has collaborated with a team of craftsmen and artists experienced in working with noble materials.<br \/>\nThierry Boissel&#8217;s stained glass window expresses the &#8220;Space of Glory&#8221; which extends the mystical and gathering space; the stained-glass window transforms and converts light into the expression of the spiritual atmosphere.<\/p>\n<p>The treatment of the building envelope, with sobriety and precision, conveys the public and the religious character of the building. A limited palette of materials &#8211; light-colored glass, wood, light-colored prefabricated concrete brick cladding, stained glass &#8211; gives a certain timeless abstraction to the volumetric composition and reinforces the symbolism of the building.<\/p>\n<p>On the south facade, a double skin light filtering device ensures optimal and regulated light diffusion without heat transmission. Its perception varies according to the lighting and serves as a signal for the building from the street.<br \/>\nOn the East fa\u00e7ade, the progression of the worshipper in the narthex is punctuated by some narrow and regular openings. Those are pierced and cladded in wood as a reminder of the main door and helps to highlight the dedicated space of worship.<\/p>\n<p>The composition of the opaque parts (concrete walls, air space and external insulation, concrete brick facing and wood strips) limits thermal bridges.<\/p>\n","original":""},{"category":821,"fr":"<p>Pour ce projet, ENIA s\u2019est associ\u00e9 \u00e0 une \u00e9quipe d\u2019artisans et d\u2019artistes exp\u00e9riment\u00e9s dans le travail de mat\u00e9riaux nobles, pour la r\u00e9alisation du mobilier et des vitraux.<br \/>\nLe vitrail de Thierry Boissel exprime \u00ab l\u2019Espace de Gloire \u00bb qui prolonge l\u2019espace mystique et l\u2019espace d\u2019assembl\u00e9e ; le vitrail transforme et convertit la lumi\u00e8re en l\u2019expression de l\u2019atmosph\u00e8re spirituelle.<\/p>\n<p>Le traitement de l\u2019enveloppe du b\u00e2timent, avec sobri\u00e9t\u00e9 et pr\u00e9cision, exprime le caract\u00e8re public et religieux de l\u2019\u00e9difice. Une palette restreinte de mat\u00e9riaux &#8211; vitrage clair, bois, parement brique en b\u00e9ton pr\u00e9fabriqu\u00e9 de teinte claire, vitrail &#8211; donnent une certaine abstraction intemporelle \u00e0 la composition volum\u00e9trique et renforcent la symbolique du b\u00e2timent.<\/p>\n<p>En fa\u00e7ade Sud, un dispositif de double peau filtrant la lumi\u00e8re assure une diffusion de lumi\u00e8re optimale et r\u00e9gul\u00e9e, sans transmission de chaleur. Signal d\u00e9terminant pour l\u2019\u00e9difice depuis la rue, sa perception varie selon l\u2019\u00e9clairement.<br \/>\nEn fa\u00e7ade Est, des ouvertures \u00e9troites et r\u00e9guli\u00e8res, trou\u00e9es dans un bardage bois faisant \u00e9cho \u00e0 la porte principale, rythment la progression du fid\u00e8le dans le narthex, et signalent l\u2019espace de culte.<br \/>\nLa composition des parties opaques (parois b\u00e9ton, lame d\u2019air et isolation ext\u00e9rieure, parement en brique de b\u00e9ton et lames de bois) permet de limiter les ponts thermiques.<\/p>\n","en":"<p>For the realization of the furniture and stained-glass windows of this project, ENIA has collaborated with a team of craftsmen and artists experienced in working with noble materials.<br \/>\nThierry Boissel&#8217;s stained glass window expresses the &#8220;Space of Glory&#8221; which extends the mystical and gathering space; the stained-glass window transforms and converts light into the expression of the spiritual atmosphere.<\/p>\n<p>The treatment of the building envelope, with sobriety and precision, conveys the public and the religious character of the building. A limited palette of materials &#8211; light-colored glass, wood, light-colored prefabricated concrete brick cladding, stained glass &#8211; gives a certain timeless abstraction to the volumetric composition and reinforces the symbolism of the building.<\/p>\n<p>On the south facade, a double skin light filtering device ensures optimal and regulated light diffusion without heat transmission. Its perception varies according to the lighting and serves as a signal for the building from the street.<br \/>\nOn the East fa\u00e7ade, the progression of the worshipper in the narthex is punctuated by some narrow and regular openings. Those are pierced and cladded in wood as a reminder of the main door and helps to highlight the dedicated space of worship.<\/p>\n<p>The composition of the opaque parts (concrete walls, air space and external insulation, concrete brick facing and wood strips) limits thermal bridges.<\/p>\n","original":""}],"different_jury_text":false,"different_category_text":false},"laureats":[],"contest_id":"6760","contest_title":"GRANDS PRIX DU DESIGN - 14th edition","firms":[{"name":"Enia architectes","website":"https:\/\/www.enia.fr\/","category":"Architecte","category_tax":false,"category_label":null},{"name":"S2T","website":"https:\/\/www.s2t.fr\/","category":"Ing\u00e9nierie","category_tax":false,"category_label":null},{"name":"ECIB","website":"http:\/\/www.ecib-economistes.fr\/","category":"Autre","category_tax":false,"category_label":null},{"name":"Tecam","website":"https:\/\/www.tecam.fr\/","category":"Ing\u00e9nierie","category_tax":false,"category_label":null},{"name":"Small","website":"https:\/\/www.stephaniemallier.com\/","category":"Paysagiste","category_tax":false,"category_label":null},{"name":"Thierry Boissel","website":"https:\/\/boissel.de\/","category":"Designer d&#39;int\u00e9rieur","category_tax":false,"category_label":null},{"name":"Acoustique et conseil","website":"https:\/\/www.acoustique-conseil.com\/","category":"Acoustique","category_tax":false,"category_label":null},{"name":"Ingelux","website":"http:\/\/www.ingelux.com\/","category":"\u00c9clairage","category_tax":false,"category_label":null},{"name":"Enia Perron et fr\u00e8res","website":"http:\/\/www.perronetfreres.fr\/","category":"Designer d&#39;int\u00e9rieur","category_tax":false,"category_label":null},{"name":"Artefabrica","website":"","category":"Designer d&#39;int\u00e9rieur","category_tax":false,"category_label":null},{"name":"RAMERY TP (VRD & Espaces verts)","website":"https:\/\/www.ramery.fr\/","category":"Entrepreneur g\u00e9n\u00e9ral","category_tax":false,"category_label":null},{"name":"SFB BTP (Gros oeuvre)","website":"http:\/\/sfb-btp.fr\/","category":"Entrepreneur g\u00e9n\u00e9ral","category_tax":false,"category_label":null},{"name":"STAR BT (Etanch\u00e9it\u00e9)","website":"","category":"Entrepreneur g\u00e9n\u00e9ral","category_tax":false,"category_label":null},{"name":"SFB (Fa\u00e7ades)","website":"","category":"Entrepreneur g\u00e9n\u00e9ral","category_tax":false,"category_label":null},{"name":"CONCEPT FACADE (Menuiserie ext\u00e9rieure et serrurerie)","website":"","category":"Entrepreneur g\u00e9n\u00e9ral","category_tax":false,"category_label":null},{"name":"PILLEBOUE + NBA (second \u0153uvre)","website":"","category":"Entrepreneur g\u00e9n\u00e9ral","category_tax":false,"category_label":null},{"name":"ALGAFLEX (mur mobile)","website":"","category":"Entrepreneur g\u00e9n\u00e9ral","category_tax":false,"category_label":null},{"name":"OTIS (Ascenseurs)","website":"","category":"Entrepreneur g\u00e9n\u00e9ral","category_tax":false,"category_label":null},{"name":"COGECLIM (CVC, Plomberie)","website":"","category":"Entrepreneur g\u00e9n\u00e9ral","category_tax":false,"category_label":null},{"name":"FAUCHE (Electricit\u00e9)","website":"","category":"Entrepreneur g\u00e9n\u00e9ral","category_tax":false,"category_label":null}],"user":{"email":"studio@enia.fr","first_name":"Brice","last_name":"PIECHACZYK"},"doc_texts_web":{"fr":"","en":""},"permalinks":{"fr":"https:\/\/int.design\/fr\/projets\/eglise-saint-joseph\/","en":"https:\/\/int.design\/en\/projects\/eglise-saint-joseph\/"},"titles":{"fr":"\u00c9glise Saint-Joseph","en":"\u00c9glise Saint-Joseph"},"wp_fields":[],"laravel_id":""},"_links":{"self":[{"href":"https:\/\/int.design\/en\/wp-json\/wp\/v2\/project\/33889","targetHints":{"allow":["GET"]}}],"collection":[{"href":"https:\/\/int.design\/en\/wp-json\/wp\/v2\/project"}],"about":[{"href":"https:\/\/int.design\/en\/wp-json\/wp\/v2\/types\/project"}],"wp:attachment":[{"href":"https:\/\/int.design\/en\/wp-json\/wp\/v2\/media?parent=33889"}],"curies":[{"name":"wp","href":"https:\/\/api.w.org\/{rel}","templated":true}]}}