{"id":26231,"date":"2021-07-14T19:42:44","date_gmt":"2021-07-14T23:42:44","guid":{"rendered":"https:\/\/int.design\/?post_type=project&#038;p=26231"},"modified":"2021-10-29T15:12:25","modified_gmt":"2021-10-29T19:12:25","slug":"mise-en-valeur-du-noyau-du-quartier-saint-joseph-parc-gerard-perron-drummondville","status":"publish","type":"project","link":"https:\/\/int.design\/en\/projects\/mise-en-valeur-du-noyau-du-quartier-saint-joseph-parc-gerard-perron-drummondville\/","title":{"rendered":"Mise en valeur du noyau du quartier Saint-Joseph \u2013 Parc G\u00e9rard-Perron |Drummondville"},"content":{"rendered":"","protected":false},"template":"","class_list":["post-26231","project","type-project","status-publish","hentry","project_category-urban-design-landscape-architecture-landscaping","project_category-public-space-landscape-architecture","project_category-landscape-architecture"],"acf":[],"yoast_head":"<!-- This site is optimized with the Yoast SEO plugin v21.5 - https:\/\/yoast.com\/wordpress\/plugins\/seo\/ -->\n<title>Mise en valeur du noyau du quartier Saint-Joseph \u2013 Parc G\u00e9rard-Perron |Drummondville - INT Design<\/title>\n<meta name=\"robots\" content=\"index, follow, max-snippet:-1, max-image-preview:large, max-video-preview:-1\" \/>\n<link rel=\"canonical\" href=\"https:\/\/int.design\/en\/projects\/mise-en-valeur-du-noyau-du-quartier-saint-joseph-parc-gerard-perron-drummondville\/\" \/>\n<meta property=\"og:locale\" content=\"en_US\" \/>\n<meta property=\"og:type\" content=\"article\" \/>\n<meta property=\"og:title\" content=\"Mise en valeur du noyau du quartier Saint-Joseph \u2013 Parc G\u00e9rard-Perron |Drummondville - INT Design\" \/>\n<meta property=\"og:url\" content=\"https:\/\/int.design\/en\/projects\/mise-en-valeur-du-noyau-du-quartier-saint-joseph-parc-gerard-perron-drummondville\/\" \/>\n<meta property=\"og:site_name\" content=\"INT Design\" \/>\n<meta property=\"article:modified_time\" content=\"2021-10-29T19:12:25+00:00\" \/>\n<meta name=\"twitter:card\" content=\"summary_large_image\" \/>\n<script type=\"application\/ld+json\" class=\"yoast-schema-graph\">{\"@context\":\"https:\/\/schema.org\",\"@graph\":[{\"@type\":\"WebPage\",\"@id\":\"https:\/\/int.design\/en\/projects\/mise-en-valeur-du-noyau-du-quartier-saint-joseph-parc-gerard-perron-drummondville\/\",\"url\":\"https:\/\/int.design\/en\/projects\/mise-en-valeur-du-noyau-du-quartier-saint-joseph-parc-gerard-perron-drummondville\/\",\"name\":\"Mise en valeur du noyau du quartier Saint-Joseph \u2013 Parc G\u00e9rard-Perron |Drummondville - INT Design\",\"isPartOf\":{\"@id\":\"https:\/\/int.design\/fr\/#website\"},\"datePublished\":\"2021-07-14T23:42:44+00:00\",\"dateModified\":\"2021-10-29T19:12:25+00:00\",\"breadcrumb\":{\"@id\":\"https:\/\/int.design\/en\/projects\/mise-en-valeur-du-noyau-du-quartier-saint-joseph-parc-gerard-perron-drummondville\/#breadcrumb\"},\"inLanguage\":\"en-US\",\"potentialAction\":[{\"@type\":\"ReadAction\",\"target\":[\"https:\/\/int.design\/en\/projects\/mise-en-valeur-du-noyau-du-quartier-saint-joseph-parc-gerard-perron-drummondville\/\"]}]},{\"@type\":\"BreadcrumbList\",\"@id\":\"https:\/\/int.design\/en\/projects\/mise-en-valeur-du-noyau-du-quartier-saint-joseph-parc-gerard-perron-drummondville\/#breadcrumb\",\"itemListElement\":[{\"@type\":\"ListItem\",\"position\":1,\"name\":\"Home\",\"item\":\"https:\/\/int.design\/en\/\"},{\"@type\":\"ListItem\",\"position\":2,\"name\":\"Projects\",\"item\":\"https:\/\/int.design\/en\/projects\/\"},{\"@type\":\"ListItem\",\"position\":3,\"name\":\"Mise en valeur du noyau du quartier Saint-Joseph \u2013 Parc G\u00e9rard-Perron |Drummondville\"}]},{\"@type\":\"WebSite\",\"@id\":\"https:\/\/int.design\/fr\/#website\",\"url\":\"https:\/\/int.design\/fr\/\",\"name\":\"INT Design\",\"description\":\"\",\"potentialAction\":[{\"@type\":\"SearchAction\",\"target\":{\"@type\":\"EntryPoint\",\"urlTemplate\":\"https:\/\/int.design\/fr\/?s={search_term_string}\"},\"query-input\":\"required name=search_term_string\"}],\"inLanguage\":\"en-US\"}]}<\/script>\n<!-- \/ Yoast SEO plugin. -->","yoast_head_json":{"title":"Mise en valeur du noyau du quartier Saint-Joseph \u2013 Parc G\u00e9rard-Perron |Drummondville - INT Design","robots":{"index":"index","follow":"follow","max-snippet":"max-snippet:-1","max-image-preview":"max-image-preview:large","max-video-preview":"max-video-preview:-1"},"canonical":"https:\/\/int.design\/en\/projects\/mise-en-valeur-du-noyau-du-quartier-saint-joseph-parc-gerard-perron-drummondville\/","og_locale":"en_US","og_type":"article","og_title":"Mise en valeur du noyau du quartier Saint-Joseph \u2013 Parc G\u00e9rard-Perron |Drummondville - INT Design","og_url":"https:\/\/int.design\/en\/projects\/mise-en-valeur-du-noyau-du-quartier-saint-joseph-parc-gerard-perron-drummondville\/","og_site_name":"INT Design","article_modified_time":"2021-10-29T19:12:25+00:00","twitter_card":"summary_large_image","schema":{"@context":"https:\/\/schema.org","@graph":[{"@type":"WebPage","@id":"https:\/\/int.design\/en\/projects\/mise-en-valeur-du-noyau-du-quartier-saint-joseph-parc-gerard-perron-drummondville\/","url":"https:\/\/int.design\/en\/projects\/mise-en-valeur-du-noyau-du-quartier-saint-joseph-parc-gerard-perron-drummondville\/","name":"Mise en valeur du noyau du quartier Saint-Joseph \u2013 Parc G\u00e9rard-Perron |Drummondville - INT Design","isPartOf":{"@id":"https:\/\/int.design\/fr\/#website"},"datePublished":"2021-07-14T23:42:44+00:00","dateModified":"2021-10-29T19:12:25+00:00","breadcrumb":{"@id":"https:\/\/int.design\/en\/projects\/mise-en-valeur-du-noyau-du-quartier-saint-joseph-parc-gerard-perron-drummondville\/#breadcrumb"},"inLanguage":"en-US","potentialAction":[{"@type":"ReadAction","target":["https:\/\/int.design\/en\/projects\/mise-en-valeur-du-noyau-du-quartier-saint-joseph-parc-gerard-perron-drummondville\/"]}]},{"@type":"BreadcrumbList","@id":"https:\/\/int.design\/en\/projects\/mise-en-valeur-du-noyau-du-quartier-saint-joseph-parc-gerard-perron-drummondville\/#breadcrumb","itemListElement":[{"@type":"ListItem","position":1,"name":"Home","item":"https:\/\/int.design\/en\/"},{"@type":"ListItem","position":2,"name":"Projects","item":"https:\/\/int.design\/en\/projects\/"},{"@type":"ListItem","position":3,"name":"Mise en valeur du noyau du quartier Saint-Joseph \u2013 Parc G\u00e9rard-Perron |Drummondville"}]},{"@type":"WebSite","@id":"https:\/\/int.design\/fr\/#website","url":"https:\/\/int.design\/fr\/","name":"INT Design","description":"","potentialAction":[{"@type":"SearchAction","target":{"@type":"EntryPoint","urlTemplate":"https:\/\/int.design\/fr\/?s={search_term_string}"},"query-input":"required name=search_term_string"}],"inLanguage":"en-US"}]}},"entry":{"cats":{"disciplines":[{"id":338,"name":"Urban Design, Landscape Architecture &amp; Landscaping"}],"big_cats":[{"id":779,"name":"Landscape Architecture"}],"sub_cats":[{"id":784,"name":"Public Space Landscape Architecture","parent":779}]},"entry":{"":null,"status":"ongoing","winner_title":"","winner_prize_lang":"","title_translatable":false,"title_en":"","title_fr":"","releve_award":false,"releve_award_cv":false,"collaboration":false,"collaboration_firms":[{"name":"Groupe BC2","website":"https:\/\/www.groupebc2.ca\/"},{"name":"GKC Architectes","website":"http:\/\/gkc.ca\/"}],"other_firms":[{"name":"Groupe BC2","website":"https:\/\/www.groupebc2.ca\/","category":"Architecture de paysage","category_tax":false},{"name":"GKC Architectes","website":"http:\/\/gkc.ca\/","category":"Architecte","category_tax":false}],"owner":{"name":"","confidential":false,"website":"","contact_name":"","email":"","phone":""},"address":{"address":"","city":"","region":"Centre-du-Qu\u00e9bec","province":"QC","country":"","postal_code":""},"logos":false,"use_logo":false,"designers":[{"name":"\u00c9dith Normandeau","credit":"","image":{"ID":37706,"id":37706,"title":"GPDD_2020_ParcG\u00e9rardPerron_Img_Edith Normandeau","filename":"GPDD_2020_ParcG\u00e9rardPerron_Img_Edith Normandeau.jpg","filesize":0,"url":"https:\/\/d2q6z78khxmx42.cloudfront.net\/2021\/01\/GPDD_2020_ParcG\u00e9rardPerron_Img_Edith Normandeau.jpg","link":"https:\/\/int.design\/fr\/projets\/mise-en-valeur-du-noyau-du-quartier-saint-joseph-parc-gerard-perron-drummondville\/gpdd_2020_parcgerardperron_img_edith-normandeau\/","alt":"","author":"198","description":"","caption":"","name":"gpdd_2020_parcgerardperron_img_edith-normandeau","status":"inherit","uploaded_to":26230,"date":"2021-01-11 19:25:19","modified":"2021-01-11 19:29:50","menu_order":0,"mime_type":"image\/jpeg","type":"image","subtype":"jpeg","icon":"https:\/\/int.design\/wp-includes\/images\/media\/default.png","width":1910,"height":1910,"sizes":{"thumbnail":"https:\/\/d2q6z78khxmx42.cloudfront.net\/2021\/01\/GPDD_2020_ParcG\u00e9rardPerron_Img_Edith Normandeau-150x150.jpg","thumbnail-width":150,"thumbnail-height":150,"medium":"https:\/\/d2q6z78khxmx42.cloudfront.net\/2021\/01\/GPDD_2020_ParcG\u00e9rardPerron_Img_Edith Normandeau-300x300.jpg","medium-width":300,"medium-height":300,"medium_large":"https:\/\/d2q6z78khxmx42.cloudfront.net\/2021\/01\/GPDD_2020_ParcG\u00e9rardPerron_Img_Edith Normandeau-768x768.jpg","medium_large-width":768,"medium_large-height":768,"large":"https:\/\/d2q6z78khxmx42.cloudfront.net\/2021\/01\/GPDD_2020_ParcG\u00e9rardPerron_Img_Edith Normandeau-1024x1024.jpg","large-width":1024,"large-height":1024,"1536x1536":"https:\/\/d2q6z78khxmx42.cloudfront.net\/2021\/01\/GPDD_2020_ParcG\u00e9rardPerron_Img_Edith Normandeau-1536x1536.jpg","1536x1536-width":1536,"1536x1536-height":1536,"2048x2048":"https:\/\/d2q6z78khxmx42.cloudfront.net\/2021\/01\/GPDD_2020_ParcG\u00e9rardPerron_Img_Edith Normandeau.jpg","2048x2048-width":1910,"2048x2048-height":1910,"article":"https:\/\/d2q6z78khxmx42.cloudfront.net\/2021\/01\/GPDD_2020_ParcG\u00e9rardPerron_Img_Edith Normandeau-960x540.jpg","article-width":960,"article-height":540,"banner":"https:\/\/d2q6z78khxmx42.cloudfront.net\/2021\/01\/GPDD_2020_ParcG\u00e9rardPerron_Img_Edith Normandeau.jpg","banner-width":1910,"banner-height":1910,"block":"https:\/\/d2q6z78khxmx42.cloudfront.net\/2021\/01\/GPDD_2020_ParcG\u00e9rardPerron_Img_Edith Normandeau-900x680.jpg","block-width":900,"block-height":680,"card":"https:\/\/d2q6z78khxmx42.cloudfront.net\/2021\/01\/GPDD_2020_ParcG\u00e9rardPerron_Img_Edith Normandeau-560x495.jpg","card-width":560,"card-height":495,"card-thumbnail":"https:\/\/d2q6z78khxmx42.cloudfront.net\/2021\/01\/GPDD_2020_ParcG\u00e9rardPerron_Img_Edith Normandeau-450x340.jpg","card-thumbnail-width":450,"card-thumbnail-height":340,"conference":"https:\/\/d2q6z78khxmx42.cloudfront.net\/2021\/01\/GPDD_2020_ParcG\u00e9rardPerron_Img_Edith Normandeau-560x250.jpg","conference-width":560,"conference-height":250,"contest":"https:\/\/d2q6z78khxmx42.cloudfront.net\/2021\/01\/GPDD_2020_ParcG\u00e9rardPerron_Img_Edith Normandeau-960x400.jpg","contest-width":960,"contest-height":400,"cta":"https:\/\/d2q6z78khxmx42.cloudfront.net\/2021\/01\/GPDD_2020_ParcG\u00e9rardPerron_Img_Edith Normandeau-415x170.jpg","cta-width":415,"cta-height":170,"exhibitor":"https:\/\/d2q6z78khxmx42.cloudfront.net\/2021\/01\/GPDD_2020_ParcG\u00e9rardPerron_Img_Edith Normandeau-560x560.jpg","exhibitor-width":560,"exhibitor-height":560,"gallery":"https:\/\/d2q6z78khxmx42.cloudfront.net\/2021\/01\/GPDD_2020_ParcG\u00e9rardPerron_Img_Edith Normandeau-430x430.jpg","gallery-width":430,"gallery-height":430,"logo":"https:\/\/d2q6z78khxmx42.cloudfront.net\/2021\/01\/GPDD_2020_ParcG\u00e9rardPerron_Img_Edith Normandeau-100x100.jpg","logo-width":100,"logo-height":100,"masonry":"https:\/\/d2q6z78khxmx42.cloudfront.net\/2021\/01\/GPDD_2020_ParcG\u00e9rardPerron_Img_Edith Normandeau-550x550.jpg","masonry-width":550,"masonry-height":550,"modal":"https:\/\/d2q6z78khxmx42.cloudfront.net\/2021\/01\/GPDD_2020_ParcG\u00e9rardPerron_Img_Edith Normandeau.jpg","modal-width":1910,"modal-height":1910,"number":"https:\/\/d2q6z78khxmx42.cloudfront.net\/2021\/01\/DhaPaGKm-GPDD_2020_ParcG\u00e9rardPerron_Img_Edith Normandeau-430x430.jpg","number-width":430,"number-height":430,"partner":"https:\/\/d2q6z78khxmx42.cloudfront.net\/2021\/01\/GPDD_2020_ParcG\u00e9rardPerron_Img_Edith Normandeau-210x210.jpg","partner-width":210,"partner-height":210,"ranking":"https:\/\/d2q6z78khxmx42.cloudfront.net\/2021\/01\/DhaPaGKm-GPDD_2020_ParcG\u00e9rardPerron_Img_Edith Normandeau-960x540.jpg","ranking-width":960,"ranking-height":540,"schedule":"https:\/\/d2q6z78khxmx42.cloudfront.net\/2021\/01\/GPDD_2020_ParcG\u00e9rardPerron_Img_Edith Normandeau-960x360.jpg","schedule-width":960,"schedule-height":360,"slideshow":"https:\/\/d2q6z78khxmx42.cloudfront.net\/2021\/01\/GPDD_2020_ParcG\u00e9rardPerron_Img_Edith Normandeau-680x680.jpg","slideshow-width":680,"slideshow-height":680}},"file":{"ID":37707,"id":37707,"title":"GPDD_2020_G\u00e9rard-Perron_Noyau_St-Joseph_Bio_Concepteur_EN","filename":"GPDD_2020_G\u00e9rard-Perron_Noyau_St-Joseph_Bio_Concepteur_EN.docx","filesize":0,"url":"https:\/\/int.design\/wp-content\/uploads\/2021\/01\/GPDD_2020_G\u00e9rard-Perron_Noyau_St-Joseph_Bio_Concepteur_EN.docx","link":"https:\/\/int.design\/fr\/projets\/mise-en-valeur-du-noyau-du-quartier-saint-joseph-parc-gerard-perron-drummondville\/gpdd_2020_gerard-perron_noyau_st-joseph_bio_concepteur_en\/","alt":"","author":"198","description":"","caption":"","name":"gpdd_2020_gerard-perron_noyau_st-joseph_bio_concepteur_en","status":"inherit","uploaded_to":26230,"date":"2021-01-11 19:25:23","modified":"2021-01-11 19:29:50","menu_order":0,"mime_type":"application\/vnd.openxmlformats-officedocument.wordprocessingml.document","type":"application","subtype":"vnd.openxmlformats-officedocument.wordprocessingml.document","icon":"https:\/\/int.design\/wp-includes\/images\/media\/document.png"}},{"name":"C\u00e9dric Proulx","credit":"","image":{"ID":37708,"id":37708,"title":"GPDD_2020_ParcG\u00e9rardPerron_Img_C\u00e9dric Proulx","filename":"GPDD_2020_ParcG\u00e9rardPerron_Img_C\u00e9dric Proulx.jpg","filesize":0,"url":"https:\/\/d2q6z78khxmx42.cloudfront.net\/2021\/01\/GPDD_2020_ParcG\u00e9rardPerron_Img_C\u00e9dric Proulx.jpg","link":"https:\/\/int.design\/fr\/projets\/mise-en-valeur-du-noyau-du-quartier-saint-joseph-parc-gerard-perron-drummondville\/gpdd_2020_parcgerardperron_img_cedric-proulx\/","alt":"","author":"198","description":"","caption":"","name":"gpdd_2020_parcgerardperron_img_cedric-proulx","status":"inherit","uploaded_to":26230,"date":"2021-01-11 19:25:24","modified":"2021-01-11 19:29:50","menu_order":0,"mime_type":"image\/jpeg","type":"image","subtype":"jpeg","icon":"https:\/\/int.design\/wp-includes\/images\/media\/default.png","width":2400,"height":2400,"sizes":{"thumbnail":"https:\/\/d2q6z78khxmx42.cloudfront.net\/2021\/01\/GPDD_2020_ParcG\u00e9rardPerron_Img_C\u00e9dric Proulx-150x150.jpg","thumbnail-width":150,"thumbnail-height":150,"medium":"https:\/\/d2q6z78khxmx42.cloudfront.net\/2021\/01\/GPDD_2020_ParcG\u00e9rardPerron_Img_C\u00e9dric Proulx-300x300.jpg","medium-width":300,"medium-height":300,"medium_large":"https:\/\/d2q6z78khxmx42.cloudfront.net\/2021\/01\/GPDD_2020_ParcG\u00e9rardPerron_Img_C\u00e9dric Proulx-768x768.jpg","medium_large-width":768,"medium_large-height":768,"large":"https:\/\/d2q6z78khxmx42.cloudfront.net\/2021\/01\/GPDD_2020_ParcG\u00e9rardPerron_Img_C\u00e9dric Proulx-1024x1024.jpg","large-width":1024,"large-height":1024,"1536x1536":"https:\/\/d2q6z78khxmx42.cloudfront.net\/2021\/01\/GPDD_2020_ParcG\u00e9rardPerron_Img_C\u00e9dric Proulx-1536x1536.jpg","1536x1536-width":1536,"1536x1536-height":1536,"2048x2048":"https:\/\/d2q6z78khxmx42.cloudfront.net\/2021\/01\/GPDD_2020_ParcG\u00e9rardPerron_Img_C\u00e9dric Proulx-2048x2048.jpg","2048x2048-width":2048,"2048x2048-height":2048,"article":"https:\/\/d2q6z78khxmx42.cloudfront.net\/2021\/01\/GPDD_2020_ParcG\u00e9rardPerron_Img_C\u00e9dric Proulx-960x540.jpg","article-width":960,"article-height":540,"banner":"https:\/\/d2q6z78khxmx42.cloudfront.net\/2021\/01\/GPDD_2020_ParcG\u00e9rardPerron_Img_C\u00e9dric Proulx-1920x1920.jpg","banner-width":1920,"banner-height":1920,"block":"https:\/\/d2q6z78khxmx42.cloudfront.net\/2021\/01\/GPDD_2020_ParcG\u00e9rardPerron_Img_C\u00e9dric Proulx-900x680.jpg","block-width":900,"block-height":680,"card":"https:\/\/d2q6z78khxmx42.cloudfront.net\/2021\/01\/GPDD_2020_ParcG\u00e9rardPerron_Img_C\u00e9dric Proulx-560x495.jpg","card-width":560,"card-height":495,"card-thumbnail":"https:\/\/d2q6z78khxmx42.cloudfront.net\/2021\/01\/GPDD_2020_ParcG\u00e9rardPerron_Img_C\u00e9dric Proulx-450x340.jpg","card-thumbnail-width":450,"card-thumbnail-height":340,"conference":"https:\/\/d2q6z78khxmx42.cloudfront.net\/2021\/01\/GPDD_2020_ParcG\u00e9rardPerron_Img_C\u00e9dric Proulx-560x250.jpg","conference-width":560,"conference-height":250,"contest":"https:\/\/d2q6z78khxmx42.cloudfront.net\/2021\/01\/GPDD_2020_ParcG\u00e9rardPerron_Img_C\u00e9dric Proulx-960x400.jpg","contest-width":960,"contest-height":400,"cta":"https:\/\/d2q6z78khxmx42.cloudfront.net\/2021\/01\/GPDD_2020_ParcG\u00e9rardPerron_Img_C\u00e9dric Proulx-415x170.jpg","cta-width":415,"cta-height":170,"exhibitor":"https:\/\/d2q6z78khxmx42.cloudfront.net\/2021\/01\/GPDD_2020_ParcG\u00e9rardPerron_Img_C\u00e9dric Proulx-560x560.jpg","exhibitor-width":560,"exhibitor-height":560,"gallery":"https:\/\/d2q6z78khxmx42.cloudfront.net\/2021\/01\/GPDD_2020_ParcG\u00e9rardPerron_Img_C\u00e9dric Proulx-430x430.jpg","gallery-width":430,"gallery-height":430,"logo":"https:\/\/d2q6z78khxmx42.cloudfront.net\/2021\/01\/GPDD_2020_ParcG\u00e9rardPerron_Img_C\u00e9dric Proulx-100x100.jpg","logo-width":100,"logo-height":100,"masonry":"https:\/\/d2q6z78khxmx42.cloudfront.net\/2021\/01\/GPDD_2020_ParcG\u00e9rardPerron_Img_C\u00e9dric Proulx-550x550.jpg","masonry-width":550,"masonry-height":550,"modal":"https:\/\/d2q6z78khxmx42.cloudfront.net\/2021\/01\/OtFafVVj-GPDD_2020_ParcG\u00e9rardPerron_Img_C\u00e9dric Proulx-1920x1920.jpg","modal-width":1920,"modal-height":1920,"number":"https:\/\/d2q6z78khxmx42.cloudfront.net\/2021\/01\/OtFafVVj-GPDD_2020_ParcG\u00e9rardPerron_Img_C\u00e9dric Proulx-430x430.jpg","number-width":430,"number-height":430,"partner":"https:\/\/d2q6z78khxmx42.cloudfront.net\/2021\/01\/GPDD_2020_ParcG\u00e9rardPerron_Img_C\u00e9dric Proulx-210x210.jpg","partner-width":210,"partner-height":210,"ranking":"https:\/\/d2q6z78khxmx42.cloudfront.net\/2021\/01\/OtFafVVj-GPDD_2020_ParcG\u00e9rardPerron_Img_C\u00e9dric Proulx-960x540.jpg","ranking-width":960,"ranking-height":540,"schedule":"https:\/\/d2q6z78khxmx42.cloudfront.net\/2021\/01\/GPDD_2020_ParcG\u00e9rardPerron_Img_C\u00e9dric Proulx-960x360.jpg","schedule-width":960,"schedule-height":360,"slideshow":"https:\/\/d2q6z78khxmx42.cloudfront.net\/2021\/01\/GPDD_2020_ParcG\u00e9rardPerron_Img_C\u00e9dric Proulx-680x680.jpg","slideshow-width":680,"slideshow-height":680}},"file":{"ID":37709,"id":37709,"title":"GPDD_2020_G\u00e9rard-Perron_Noyau_St-Joseph_Bio_Concepteur_CP","filename":"GPDD_2020_G\u00e9rard-Perron_Noyau_St-Joseph_Bio_Concepteur_CP.docx","filesize":0,"url":"https:\/\/int.design\/wp-content\/uploads\/2021\/01\/GPDD_2020_G\u00e9rard-Perron_Noyau_St-Joseph_Bio_Concepteur_CP.docx","link":"https:\/\/int.design\/fr\/projets\/mise-en-valeur-du-noyau-du-quartier-saint-joseph-parc-gerard-perron-drummondville\/gpdd_2020_gerard-perron_noyau_st-joseph_bio_concepteur_cp\/","alt":"","author":"198","description":"","caption":"","name":"gpdd_2020_gerard-perron_noyau_st-joseph_bio_concepteur_cp","status":"inherit","uploaded_to":26230,"date":"2021-01-11 19:25:35","modified":"2021-01-11 19:29:50","menu_order":0,"mime_type":"application\/vnd.openxmlformats-officedocument.wordprocessingml.document","type":"application","subtype":"vnd.openxmlformats-officedocument.wordprocessingml.document","icon":"https:\/\/int.design\/wp-includes\/images\/media\/document.png"}},{"name":"Neil Kobewka","credit":"","image":{"ID":37710,"id":37710,"title":"GPDD_2020_ParcG\u00e9rardPerron_Img_Neil_Kobewka","filename":"GPDD_2020_ParcG\u00e9rardPerron_Img_Neil_Kobewka.jpg","filesize":0,"url":"https:\/\/d2q6z78khxmx42.cloudfront.net\/2021\/01\/GPDD_2020_ParcG\u00e9rardPerron_Img_Neil_Kobewka.jpg","link":"https:\/\/int.design\/fr\/projets\/mise-en-valeur-du-noyau-du-quartier-saint-joseph-parc-gerard-perron-drummondville\/gpdd_2020_parcgerardperron_img_neil_kobewka\/","alt":"","author":"198","description":"","caption":"","name":"gpdd_2020_parcgerardperron_img_neil_kobewka","status":"inherit","uploaded_to":26230,"date":"2021-01-11 19:25:36","modified":"2021-01-11 19:29:50","menu_order":0,"mime_type":"image\/jpeg","type":"image","subtype":"jpeg","icon":"https:\/\/int.design\/wp-includes\/images\/media\/default.png","width":2517,"height":2517,"sizes":{"thumbnail":"https:\/\/d2q6z78khxmx42.cloudfront.net\/2021\/01\/GPDD_2020_ParcG\u00e9rardPerron_Img_Neil_Kobewka-150x150.jpg","thumbnail-width":150,"thumbnail-height":150,"medium":"https:\/\/d2q6z78khxmx42.cloudfront.net\/2021\/01\/GPDD_2020_ParcG\u00e9rardPerron_Img_Neil_Kobewka-300x300.jpg","medium-width":300,"medium-height":300,"medium_large":"https:\/\/d2q6z78khxmx42.cloudfront.net\/2021\/01\/GPDD_2020_ParcG\u00e9rardPerron_Img_Neil_Kobewka-768x768.jpg","medium_large-width":768,"medium_large-height":768,"large":"https:\/\/d2q6z78khxmx42.cloudfront.net\/2021\/01\/GPDD_2020_ParcG\u00e9rardPerron_Img_Neil_Kobewka-1024x1024.jpg","large-width":1024,"large-height":1024,"1536x1536":"https:\/\/d2q6z78khxmx42.cloudfront.net\/2021\/01\/GPDD_2020_ParcG\u00e9rardPerron_Img_Neil_Kobewka-1536x1536.jpg","1536x1536-width":1536,"1536x1536-height":1536,"2048x2048":"https:\/\/d2q6z78khxmx42.cloudfront.net\/2021\/01\/GPDD_2020_ParcG\u00e9rardPerron_Img_Neil_Kobewka-2048x2048.jpg","2048x2048-width":2048,"2048x2048-height":2048,"article":"https:\/\/d2q6z78khxmx42.cloudfront.net\/2021\/01\/GPDD_2020_ParcG\u00e9rardPerron_Img_Neil_Kobewka-960x540.jpg","article-width":960,"article-height":540,"banner":"https:\/\/d2q6z78khxmx42.cloudfront.net\/2021\/01\/GPDD_2020_ParcG\u00e9rardPerron_Img_Neil_Kobewka-1920x1920.jpg","banner-width":1920,"banner-height":1920,"block":"https:\/\/d2q6z78khxmx42.cloudfront.net\/2021\/01\/GPDD_2020_ParcG\u00e9rardPerron_Img_Neil_Kobewka-900x680.jpg","block-width":900,"block-height":680,"card":"https:\/\/d2q6z78khxmx42.cloudfront.net\/2021\/01\/GPDD_2020_ParcG\u00e9rardPerron_Img_Neil_Kobewka-560x495.jpg","card-width":560,"card-height":495,"card-thumbnail":"https:\/\/d2q6z78khxmx42.cloudfront.net\/2021\/01\/GPDD_2020_ParcG\u00e9rardPerron_Img_Neil_Kobewka-450x340.jpg","card-thumbnail-width":450,"card-thumbnail-height":340,"conference":"https:\/\/d2q6z78khxmx42.cloudfront.net\/2021\/01\/GPDD_2020_ParcG\u00e9rardPerron_Img_Neil_Kobewka-560x250.jpg","conference-width":560,"conference-height":250,"contest":"https:\/\/d2q6z78khxmx42.cloudfront.net\/2021\/01\/GPDD_2020_ParcG\u00e9rardPerron_Img_Neil_Kobewka-960x400.jpg","contest-width":960,"contest-height":400,"cta":"https:\/\/d2q6z78khxmx42.cloudfront.net\/2021\/01\/GPDD_2020_ParcG\u00e9rardPerron_Img_Neil_Kobewka-415x170.jpg","cta-width":415,"cta-height":170,"exhibitor":"https:\/\/d2q6z78khxmx42.cloudfront.net\/2021\/01\/GPDD_2020_ParcG\u00e9rardPerron_Img_Neil_Kobewka-560x560.jpg","exhibitor-width":560,"exhibitor-height":560,"gallery":"https:\/\/d2q6z78khxmx42.cloudfront.net\/2021\/01\/GPDD_2020_ParcG\u00e9rardPerron_Img_Neil_Kobewka-430x430.jpg","gallery-width":430,"gallery-height":430,"logo":"https:\/\/d2q6z78khxmx42.cloudfront.net\/2021\/01\/GPDD_2020_ParcG\u00e9rardPerron_Img_Neil_Kobewka-100x100.jpg","logo-width":100,"logo-height":100,"masonry":"https:\/\/d2q6z78khxmx42.cloudfront.net\/2021\/01\/GPDD_2020_ParcG\u00e9rardPerron_Img_Neil_Kobewka-550x550.jpg","masonry-width":550,"masonry-height":550,"modal":"https:\/\/d2q6z78khxmx42.cloudfront.net\/2021\/01\/73t9Y1TV-GPDD_2020_ParcG\u00e9rardPerron_Img_Neil_Kobewka-1920x1920.jpg","modal-width":1920,"modal-height":1920,"number":"https:\/\/d2q6z78khxmx42.cloudfront.net\/2021\/01\/73t9Y1TV-GPDD_2020_ParcG\u00e9rardPerron_Img_Neil_Kobewka-430x430.jpg","number-width":430,"number-height":430,"partner":"https:\/\/d2q6z78khxmx42.cloudfront.net\/2021\/01\/GPDD_2020_ParcG\u00e9rardPerron_Img_Neil_Kobewka-210x210.jpg","partner-width":210,"partner-height":210,"ranking":"https:\/\/d2q6z78khxmx42.cloudfront.net\/2021\/01\/73t9Y1TV-GPDD_2020_ParcG\u00e9rardPerron_Img_Neil_Kobewka-960x540.jpg","ranking-width":960,"ranking-height":540,"schedule":"https:\/\/d2q6z78khxmx42.cloudfront.net\/2021\/01\/GPDD_2020_ParcG\u00e9rardPerron_Img_Neil_Kobewka-960x360.jpg","schedule-width":960,"schedule-height":360,"slideshow":"https:\/\/d2q6z78khxmx42.cloudfront.net\/2021\/01\/GPDD_2020_ParcG\u00e9rardPerron_Img_Neil_Kobewka-680x680.jpg","slideshow-width":680,"slideshow-height":680}},"file":{"ID":37711,"id":37711,"title":"GPDD_2020_G\u00e9rard-Perron_Noyau_St-Joseph_Bio_Concepteur_NK","filename":"GPDD_2020_G\u00e9rard-Perron_Noyau_St-Joseph_Bio_Concepteur_NK.docx","filesize":0,"url":"https:\/\/int.design\/wp-content\/uploads\/2021\/01\/GPDD_2020_G\u00e9rard-Perron_Noyau_St-Joseph_Bio_Concepteur_NK.docx","link":"https:\/\/int.design\/fr\/projets\/mise-en-valeur-du-noyau-du-quartier-saint-joseph-parc-gerard-perron-drummondville\/gpdd_2020_gerard-perron_noyau_st-joseph_bio_concepteur_nk\/","alt":"","author":"198","description":"","caption":"","name":"gpdd_2020_gerard-perron_noyau_st-joseph_bio_concepteur_nk","status":"inherit","uploaded_to":26230,"date":"2021-01-11 19:25:47","modified":"2021-01-11 19:29:50","menu_order":0,"mime_type":"application\/vnd.openxmlformats-officedocument.wordprocessingml.document","type":"application","subtype":"vnd.openxmlformats-officedocument.wordprocessingml.document","icon":"https:\/\/int.design\/wp-includes\/images\/media\/document.png"}}],"cover":[{"categories":[274],"credit":"","image":{"ID":37712,"id":37712,"title":"GPDD_2020_G\u00e9rard-Perron_Noyau_St-Joseph_Couv","filename":"GPDD_2020_G\u00e9rard-Perron_Noyau_St-Joseph_Couv-scaled.jpg","filesize":0,"url":"https:\/\/int.design\/wp-content\/uploads\/2021\/01\/GPDD_2020_G\u00e9rard-Perron_Noyau_St-Joseph_Couv-scaled.jpg","link":"https:\/\/int.design\/fr\/projets\/mise-en-valeur-du-noyau-du-quartier-saint-joseph-parc-gerard-perron-drummondville\/gpdd_2020_gerard-perron_noyau_st-joseph_couv\/","alt":"","author":"198","description":"Mise en valeur du noyau du quartier Saint-Joseph \u2013 Parc G\u00e9rard-Perron |Drummondville Groupe BC2 Groupe BC2 GKC Architectes Groupe BC2 GKC Architectes","caption":"","name":"gpdd_2020_gerard-perron_noyau_st-joseph_couv","status":"inherit","uploaded_to":26230,"date":"2021-01-11 19:25:48","modified":"2022-02-08 12:07:20","menu_order":0,"mime_type":"image\/jpeg","type":"image","subtype":"jpeg","icon":"https:\/\/int.design\/wp-includes\/images\/media\/default.png","width":2560,"height":1709,"sizes":{"thumbnail":"https:\/\/int.design\/wp-content\/uploads\/2021\/01\/GPDD_2020_G\u00e9rard-Perron_Noyau_St-Joseph_Couv-150x150.jpg","thumbnail-width":150,"thumbnail-height":150,"medium":"https:\/\/int.design\/wp-content\/uploads\/2021\/01\/GPDD_2020_G\u00e9rard-Perron_Noyau_St-Joseph_Couv-300x200.jpg","medium-width":300,"medium-height":200,"medium_large":"https:\/\/int.design\/wp-content\/uploads\/2021\/01\/GPDD_2020_G\u00e9rard-Perron_Noyau_St-Joseph_Couv-768x513.jpg","medium_large-width":768,"medium_large-height":513,"large":"https:\/\/int.design\/wp-content\/uploads\/2021\/01\/GPDD_2020_G\u00e9rard-Perron_Noyau_St-Joseph_Couv-1024x684.jpg","large-width":1024,"large-height":684,"1536x1536":"https:\/\/int.design\/wp-content\/uploads\/2021\/01\/GPDD_2020_G\u00e9rard-Perron_Noyau_St-Joseph_Couv-1536x1025.jpg","1536x1536-width":1536,"1536x1536-height":1025,"2048x2048":"https:\/\/int.design\/wp-content\/uploads\/2021\/01\/GPDD_2020_G\u00e9rard-Perron_Noyau_St-Joseph_Couv-2048x1367.jpg","2048x2048-width":2048,"2048x2048-height":1367,"article":"https:\/\/int.design\/wp-content\/uploads\/2021\/01\/GPDD_2020_G\u00e9rard-Perron_Noyau_St-Joseph_Couv-960x540.jpg","article-width":960,"article-height":540,"banner":"https:\/\/int.design\/wp-content\/uploads\/2021\/01\/GPDD_2020_G\u00e9rard-Perron_Noyau_St-Joseph_Couv-1920x1282.jpg","banner-width":1920,"banner-height":1282,"block":"https:\/\/int.design\/wp-content\/uploads\/2021\/01\/GPDD_2020_G\u00e9rard-Perron_Noyau_St-Joseph_Couv-900x680.jpg","block-width":900,"block-height":680,"card":"https:\/\/int.design\/wp-content\/uploads\/2021\/01\/GPDD_2020_G\u00e9rard-Perron_Noyau_St-Joseph_Couv-560x495.jpg","card-width":560,"card-height":495,"card-thumbnail":"https:\/\/int.design\/wp-content\/uploads\/2021\/01\/GPDD_2020_G\u00e9rard-Perron_Noyau_St-Joseph_Couv-450x340.jpg","card-thumbnail-width":450,"card-thumbnail-height":340,"conference":"https:\/\/int.design\/wp-content\/uploads\/2021\/01\/GPDD_2020_G\u00e9rard-Perron_Noyau_St-Joseph_Couv-560x250.jpg","conference-width":560,"conference-height":250,"contest":"https:\/\/int.design\/wp-content\/uploads\/2021\/01\/GPDD_2020_G\u00e9rard-Perron_Noyau_St-Joseph_Couv-960x400.jpg","contest-width":960,"contest-height":400,"cta":"https:\/\/int.design\/wp-content\/uploads\/2021\/01\/GPDD_2020_G\u00e9rard-Perron_Noyau_St-Joseph_Couv-415x170.jpg","cta-width":415,"cta-height":170,"exhibitor":"https:\/\/int.design\/wp-content\/uploads\/2021\/01\/GPDD_2020_G\u00e9rard-Perron_Noyau_St-Joseph_Couv-560x560.jpg","exhibitor-width":560,"exhibitor-height":560,"gallery":"https:\/\/int.design\/wp-content\/uploads\/2021\/01\/GPDD_2020_G\u00e9rard-Perron_Noyau_St-Joseph_Couv-560x374.jpg","gallery-width":560,"gallery-height":374,"logo":"https:\/\/int.design\/wp-content\/uploads\/2021\/01\/GPDD_2020_G\u00e9rard-Perron_Noyau_St-Joseph_Couv-150x100.jpg","logo-width":150,"logo-height":100,"masonry":"https:\/\/int.design\/wp-content\/uploads\/2021\/01\/GPDD_2020_G\u00e9rard-Perron_Noyau_St-Joseph_Couv-550x367.jpg","masonry-width":550,"masonry-height":367,"modal":"https:\/\/int.design\/wp-content\/uploads\/2021\/01\/GPDD_2020_G\u00e9rard-Perron_Noyau_St-Joseph_Couv-1920x1282.jpg","modal-width":1920,"modal-height":1282,"number":"https:\/\/int.design\/wp-content\/uploads\/2021\/01\/GPDD_2020_G\u00e9rard-Perron_Noyau_St-Joseph_Couv-560x374.jpg","number-width":560,"number-height":374,"partner":"https:\/\/int.design\/wp-content\/uploads\/2021\/01\/GPDD_2020_G\u00e9rard-Perron_Noyau_St-Joseph_Couv-275x184.jpg","partner-width":275,"partner-height":184,"ranking":"https:\/\/int.design\/wp-content\/uploads\/2021\/01\/GPDD_2020_G\u00e9rard-Perron_Noyau_St-Joseph_Couv-960x540.jpg","ranking-width":960,"ranking-height":540,"schedule":"https:\/\/int.design\/wp-content\/uploads\/2021\/01\/GPDD_2020_G\u00e9rard-Perron_Noyau_St-Joseph_Couv-960x360.jpg","schedule-width":960,"schedule-height":360,"slideshow":"https:\/\/int.design\/wp-content\/uploads\/2021\/01\/GPDD_2020_G\u00e9rard-Perron_Noyau_St-Joseph_Couv-1019x680.jpg","slideshow-width":1019,"slideshow-height":680}},"filters":[557],"suppliers":false,"attachment_category":{"557":"Paysage - Commercial &amp; public"}}],"images":[{"categories":[274],"credit":"","image":{"ID":37713,"id":37713,"title":"GPDD_2020_G\u00e9rard-Perron_Noyau_St-Joseph_Img1","filename":"GPDD_2020_G\u00e9rard-Perron_Noyau_St-Joseph_Img1-scaled.jpg","filesize":0,"url":"https:\/\/int.design\/wp-content\/uploads\/2021\/01\/GPDD_2020_G\u00e9rard-Perron_Noyau_St-Joseph_Img1-scaled.jpg","link":"https:\/\/int.design\/fr\/projets\/mise-en-valeur-du-noyau-du-quartier-saint-joseph-parc-gerard-perron-drummondville\/gpdd_2020_gerard-perron_noyau_st-joseph_img1\/","alt":"","author":"198","description":"Mise en valeur du noyau du quartier Saint-Joseph \u2013 Parc G\u00e9rard-Perron |Drummondville Groupe BC2 Groupe BC2 GKC Architectes Groupe BC2 GKC Architectes","caption":"","name":"gpdd_2020_gerard-perron_noyau_st-joseph_img1","status":"inherit","uploaded_to":26230,"date":"2021-01-11 19:26:00","modified":"2022-02-08 12:07:20","menu_order":0,"mime_type":"image\/jpeg","type":"image","subtype":"jpeg","icon":"https:\/\/int.design\/wp-includes\/images\/media\/default.png","width":2560,"height":1709,"sizes":{"thumbnail":"https:\/\/int.design\/wp-content\/uploads\/2021\/01\/GPDD_2020_G\u00e9rard-Perron_Noyau_St-Joseph_Img1-150x150.jpg","thumbnail-width":150,"thumbnail-height":150,"medium":"https:\/\/int.design\/wp-content\/uploads\/2021\/01\/GPDD_2020_G\u00e9rard-Perron_Noyau_St-Joseph_Img1-300x200.jpg","medium-width":300,"medium-height":200,"medium_large":"https:\/\/int.design\/wp-content\/uploads\/2021\/01\/GPDD_2020_G\u00e9rard-Perron_Noyau_St-Joseph_Img1-768x513.jpg","medium_large-width":768,"medium_large-height":513,"large":"https:\/\/int.design\/wp-content\/uploads\/2021\/01\/GPDD_2020_G\u00e9rard-Perron_Noyau_St-Joseph_Img1-1024x684.jpg","large-width":1024,"large-height":684,"1536x1536":"https:\/\/int.design\/wp-content\/uploads\/2021\/01\/GPDD_2020_G\u00e9rard-Perron_Noyau_St-Joseph_Img1-1536x1025.jpg","1536x1536-width":1536,"1536x1536-height":1025,"2048x2048":"https:\/\/int.design\/wp-content\/uploads\/2021\/01\/GPDD_2020_G\u00e9rard-Perron_Noyau_St-Joseph_Img1-2048x1367.jpg","2048x2048-width":2048,"2048x2048-height":1367,"article":"https:\/\/int.design\/wp-content\/uploads\/2021\/01\/GPDD_2020_G\u00e9rard-Perron_Noyau_St-Joseph_Img1-960x540.jpg","article-width":960,"article-height":540,"banner":"https:\/\/int.design\/wp-content\/uploads\/2021\/01\/GPDD_2020_G\u00e9rard-Perron_Noyau_St-Joseph_Img1-1920x1282.jpg","banner-width":1920,"banner-height":1282,"block":"https:\/\/int.design\/wp-content\/uploads\/2021\/01\/GPDD_2020_G\u00e9rard-Perron_Noyau_St-Joseph_Img1-900x680.jpg","block-width":900,"block-height":680,"card":"https:\/\/int.design\/wp-content\/uploads\/2021\/01\/GPDD_2020_G\u00e9rard-Perron_Noyau_St-Joseph_Img1-560x495.jpg","card-width":560,"card-height":495,"card-thumbnail":"https:\/\/int.design\/wp-content\/uploads\/2021\/01\/GPDD_2020_G\u00e9rard-Perron_Noyau_St-Joseph_Img1-450x340.jpg","card-thumbnail-width":450,"card-thumbnail-height":340,"conference":"https:\/\/int.design\/wp-content\/uploads\/2021\/01\/GPDD_2020_G\u00e9rard-Perron_Noyau_St-Joseph_Img1-560x250.jpg","conference-width":560,"conference-height":250,"contest":"https:\/\/int.design\/wp-content\/uploads\/2021\/01\/GPDD_2020_G\u00e9rard-Perron_Noyau_St-Joseph_Img1-960x400.jpg","contest-width":960,"contest-height":400,"cta":"https:\/\/int.design\/wp-content\/uploads\/2021\/01\/GPDD_2020_G\u00e9rard-Perron_Noyau_St-Joseph_Img1-415x170.jpg","cta-width":415,"cta-height":170,"exhibitor":"https:\/\/int.design\/wp-content\/uploads\/2021\/01\/GPDD_2020_G\u00e9rard-Perron_Noyau_St-Joseph_Img1-560x560.jpg","exhibitor-width":560,"exhibitor-height":560,"gallery":"https:\/\/int.design\/wp-content\/uploads\/2021\/01\/GPDD_2020_G\u00e9rard-Perron_Noyau_St-Joseph_Img1-560x374.jpg","gallery-width":560,"gallery-height":374,"logo":"https:\/\/int.design\/wp-content\/uploads\/2021\/01\/GPDD_2020_G\u00e9rard-Perron_Noyau_St-Joseph_Img1-150x100.jpg","logo-width":150,"logo-height":100,"masonry":"https:\/\/int.design\/wp-content\/uploads\/2021\/01\/GPDD_2020_G\u00e9rard-Perron_Noyau_St-Joseph_Img1-550x367.jpg","masonry-width":550,"masonry-height":367,"modal":"https:\/\/int.design\/wp-content\/uploads\/2021\/01\/GPDD_2020_G\u00e9rard-Perron_Noyau_St-Joseph_Img1-1920x1282.jpg","modal-width":1920,"modal-height":1282,"number":"https:\/\/int.design\/wp-content\/uploads\/2021\/01\/GPDD_2020_G\u00e9rard-Perron_Noyau_St-Joseph_Img1-560x374.jpg","number-width":560,"number-height":374,"partner":"https:\/\/int.design\/wp-content\/uploads\/2021\/01\/GPDD_2020_G\u00e9rard-Perron_Noyau_St-Joseph_Img1-275x184.jpg","partner-width":275,"partner-height":184,"ranking":"https:\/\/int.design\/wp-content\/uploads\/2021\/01\/GPDD_2020_G\u00e9rard-Perron_Noyau_St-Joseph_Img1-960x540.jpg","ranking-width":960,"ranking-height":540,"schedule":"https:\/\/int.design\/wp-content\/uploads\/2021\/01\/GPDD_2020_G\u00e9rard-Perron_Noyau_St-Joseph_Img1-960x360.jpg","schedule-width":960,"schedule-height":360,"slideshow":"https:\/\/int.design\/wp-content\/uploads\/2021\/01\/GPDD_2020_G\u00e9rard-Perron_Noyau_St-Joseph_Img1-1019x680.jpg","slideshow-width":1019,"slideshow-height":680}},"filters":[557],"suppliers":false,"attachment_category":[]},{"categories":[274],"credit":"","image":{"ID":37714,"id":37714,"title":"GPDD_2020_G\u00e9rard-Perron_Noyau_St-Joseph_Img2","filename":"GPDD_2020_G\u00e9rard-Perron_Noyau_St-Joseph_Img2-scaled.jpg","filesize":0,"url":"https:\/\/int.design\/wp-content\/uploads\/2021\/01\/GPDD_2020_G\u00e9rard-Perron_Noyau_St-Joseph_Img2-scaled.jpg","link":"https:\/\/int.design\/fr\/projets\/mise-en-valeur-du-noyau-du-quartier-saint-joseph-parc-gerard-perron-drummondville\/gpdd_2020_gerard-perron_noyau_st-joseph_img2\/","alt":"","author":"198","description":"Mise en valeur du noyau du quartier Saint-Joseph \u2013 Parc G\u00e9rard-Perron |Drummondville Groupe BC2 Groupe BC2 GKC Architectes Groupe BC2 GKC Architectes","caption":"","name":"gpdd_2020_gerard-perron_noyau_st-joseph_img2","status":"inherit","uploaded_to":26230,"date":"2021-01-11 19:26:12","modified":"2022-02-08 12:07:20","menu_order":0,"mime_type":"image\/jpeg","type":"image","subtype":"jpeg","icon":"https:\/\/int.design\/wp-includes\/images\/media\/default.png","width":2560,"height":1709,"sizes":{"thumbnail":"https:\/\/int.design\/wp-content\/uploads\/2021\/01\/GPDD_2020_G\u00e9rard-Perron_Noyau_St-Joseph_Img2-150x150.jpg","thumbnail-width":150,"thumbnail-height":150,"medium":"https:\/\/int.design\/wp-content\/uploads\/2021\/01\/GPDD_2020_G\u00e9rard-Perron_Noyau_St-Joseph_Img2-300x200.jpg","medium-width":300,"medium-height":200,"medium_large":"https:\/\/int.design\/wp-content\/uploads\/2021\/01\/GPDD_2020_G\u00e9rard-Perron_Noyau_St-Joseph_Img2-768x513.jpg","medium_large-width":768,"medium_large-height":513,"large":"https:\/\/int.design\/wp-content\/uploads\/2021\/01\/GPDD_2020_G\u00e9rard-Perron_Noyau_St-Joseph_Img2-1024x684.jpg","large-width":1024,"large-height":684,"1536x1536":"https:\/\/int.design\/wp-content\/uploads\/2021\/01\/GPDD_2020_G\u00e9rard-Perron_Noyau_St-Joseph_Img2-1536x1025.jpg","1536x1536-width":1536,"1536x1536-height":1025,"2048x2048":"https:\/\/int.design\/wp-content\/uploads\/2021\/01\/GPDD_2020_G\u00e9rard-Perron_Noyau_St-Joseph_Img2-2048x1367.jpg","2048x2048-width":2048,"2048x2048-height":1367,"article":"https:\/\/int.design\/wp-content\/uploads\/2021\/01\/GPDD_2020_G\u00e9rard-Perron_Noyau_St-Joseph_Img2-960x540.jpg","article-width":960,"article-height":540,"banner":"https:\/\/int.design\/wp-content\/uploads\/2021\/01\/GPDD_2020_G\u00e9rard-Perron_Noyau_St-Joseph_Img2-1920x1282.jpg","banner-width":1920,"banner-height":1282,"block":"https:\/\/int.design\/wp-content\/uploads\/2021\/01\/GPDD_2020_G\u00e9rard-Perron_Noyau_St-Joseph_Img2-900x680.jpg","block-width":900,"block-height":680,"card":"https:\/\/int.design\/wp-content\/uploads\/2021\/01\/GPDD_2020_G\u00e9rard-Perron_Noyau_St-Joseph_Img2-560x495.jpg","card-width":560,"card-height":495,"card-thumbnail":"https:\/\/int.design\/wp-content\/uploads\/2021\/01\/GPDD_2020_G\u00e9rard-Perron_Noyau_St-Joseph_Img2-450x340.jpg","card-thumbnail-width":450,"card-thumbnail-height":340,"conference":"https:\/\/int.design\/wp-content\/uploads\/2021\/01\/GPDD_2020_G\u00e9rard-Perron_Noyau_St-Joseph_Img2-560x250.jpg","conference-width":560,"conference-height":250,"contest":"https:\/\/int.design\/wp-content\/uploads\/2021\/01\/GPDD_2020_G\u00e9rard-Perron_Noyau_St-Joseph_Img2-960x400.jpg","contest-width":960,"contest-height":400,"cta":"https:\/\/int.design\/wp-content\/uploads\/2021\/01\/GPDD_2020_G\u00e9rard-Perron_Noyau_St-Joseph_Img2-415x170.jpg","cta-width":415,"cta-height":170,"exhibitor":"https:\/\/int.design\/wp-content\/uploads\/2021\/01\/GPDD_2020_G\u00e9rard-Perron_Noyau_St-Joseph_Img2-560x560.jpg","exhibitor-width":560,"exhibitor-height":560,"gallery":"https:\/\/int.design\/wp-content\/uploads\/2021\/01\/GPDD_2020_G\u00e9rard-Perron_Noyau_St-Joseph_Img2-560x374.jpg","gallery-width":560,"gallery-height":374,"logo":"https:\/\/int.design\/wp-content\/uploads\/2021\/01\/GPDD_2020_G\u00e9rard-Perron_Noyau_St-Joseph_Img2-150x100.jpg","logo-width":150,"logo-height":100,"masonry":"https:\/\/int.design\/wp-content\/uploads\/2021\/01\/GPDD_2020_G\u00e9rard-Perron_Noyau_St-Joseph_Img2-550x367.jpg","masonry-width":550,"masonry-height":367,"modal":"https:\/\/int.design\/wp-content\/uploads\/2021\/01\/GPDD_2020_G\u00e9rard-Perron_Noyau_St-Joseph_Img2-1920x1282.jpg","modal-width":1920,"modal-height":1282,"number":"https:\/\/int.design\/wp-content\/uploads\/2021\/01\/GPDD_2020_G\u00e9rard-Perron_Noyau_St-Joseph_Img2-560x374.jpg","number-width":560,"number-height":374,"partner":"https:\/\/int.design\/wp-content\/uploads\/2021\/01\/GPDD_2020_G\u00e9rard-Perron_Noyau_St-Joseph_Img2-275x184.jpg","partner-width":275,"partner-height":184,"ranking":"https:\/\/int.design\/wp-content\/uploads\/2021\/01\/GPDD_2020_G\u00e9rard-Perron_Noyau_St-Joseph_Img2-960x540.jpg","ranking-width":960,"ranking-height":540,"schedule":"https:\/\/int.design\/wp-content\/uploads\/2021\/01\/GPDD_2020_G\u00e9rard-Perron_Noyau_St-Joseph_Img2-960x360.jpg","schedule-width":960,"schedule-height":360,"slideshow":"https:\/\/int.design\/wp-content\/uploads\/2021\/01\/GPDD_2020_G\u00e9rard-Perron_Noyau_St-Joseph_Img2-1019x680.jpg","slideshow-width":1019,"slideshow-height":680}},"filters":[557],"suppliers":false,"attachment_category":[]},{"categories":[274],"credit":"","image":{"ID":37715,"id":37715,"title":"GPDD_2020_G\u00e9rard-Perron_Noyau_St-Joseph_Img3","filename":"GPDD_2020_G\u00e9rard-Perron_Noyau_St-Joseph_Img3-scaled.jpg","filesize":0,"url":"https:\/\/int.design\/wp-content\/uploads\/2021\/01\/GPDD_2020_G\u00e9rard-Perron_Noyau_St-Joseph_Img3-scaled.jpg","link":"https:\/\/int.design\/fr\/projets\/mise-en-valeur-du-noyau-du-quartier-saint-joseph-parc-gerard-perron-drummondville\/gpdd_2020_gerard-perron_noyau_st-joseph_img3\/","alt":"","author":"198","description":"Mise en valeur du noyau du quartier Saint-Joseph \u2013 Parc G\u00e9rard-Perron |Drummondville Groupe BC2 Groupe BC2 GKC Architectes Groupe BC2 GKC Architectes","caption":"","name":"gpdd_2020_gerard-perron_noyau_st-joseph_img3","status":"inherit","uploaded_to":26230,"date":"2021-01-11 19:26:26","modified":"2022-02-08 12:07:20","menu_order":0,"mime_type":"image\/jpeg","type":"image","subtype":"jpeg","icon":"https:\/\/int.design\/wp-includes\/images\/media\/default.png","width":2560,"height":1709,"sizes":{"thumbnail":"https:\/\/int.design\/wp-content\/uploads\/2021\/01\/GPDD_2020_G\u00e9rard-Perron_Noyau_St-Joseph_Img3-150x150.jpg","thumbnail-width":150,"thumbnail-height":150,"medium":"https:\/\/int.design\/wp-content\/uploads\/2021\/01\/GPDD_2020_G\u00e9rard-Perron_Noyau_St-Joseph_Img3-300x200.jpg","medium-width":300,"medium-height":200,"medium_large":"https:\/\/int.design\/wp-content\/uploads\/2021\/01\/GPDD_2020_G\u00e9rard-Perron_Noyau_St-Joseph_Img3-768x513.jpg","medium_large-width":768,"medium_large-height":513,"large":"https:\/\/int.design\/wp-content\/uploads\/2021\/01\/GPDD_2020_G\u00e9rard-Perron_Noyau_St-Joseph_Img3-1024x684.jpg","large-width":1024,"large-height":684,"1536x1536":"https:\/\/int.design\/wp-content\/uploads\/2021\/01\/GPDD_2020_G\u00e9rard-Perron_Noyau_St-Joseph_Img3-1536x1025.jpg","1536x1536-width":1536,"1536x1536-height":1025,"2048x2048":"https:\/\/int.design\/wp-content\/uploads\/2021\/01\/GPDD_2020_G\u00e9rard-Perron_Noyau_St-Joseph_Img3-2048x1367.jpg","2048x2048-width":2048,"2048x2048-height":1367,"article":"https:\/\/int.design\/wp-content\/uploads\/2021\/01\/GPDD_2020_G\u00e9rard-Perron_Noyau_St-Joseph_Img3-960x540.jpg","article-width":960,"article-height":540,"banner":"https:\/\/int.design\/wp-content\/uploads\/2021\/01\/GPDD_2020_G\u00e9rard-Perron_Noyau_St-Joseph_Img3-1920x1282.jpg","banner-width":1920,"banner-height":1282,"block":"https:\/\/int.design\/wp-content\/uploads\/2021\/01\/GPDD_2020_G\u00e9rard-Perron_Noyau_St-Joseph_Img3-900x680.jpg","block-width":900,"block-height":680,"card":"https:\/\/int.design\/wp-content\/uploads\/2021\/01\/GPDD_2020_G\u00e9rard-Perron_Noyau_St-Joseph_Img3-560x495.jpg","card-width":560,"card-height":495,"card-thumbnail":"https:\/\/int.design\/wp-content\/uploads\/2021\/01\/GPDD_2020_G\u00e9rard-Perron_Noyau_St-Joseph_Img3-450x340.jpg","card-thumbnail-width":450,"card-thumbnail-height":340,"conference":"https:\/\/int.design\/wp-content\/uploads\/2021\/01\/GPDD_2020_G\u00e9rard-Perron_Noyau_St-Joseph_Img3-560x250.jpg","conference-width":560,"conference-height":250,"contest":"https:\/\/int.design\/wp-content\/uploads\/2021\/01\/GPDD_2020_G\u00e9rard-Perron_Noyau_St-Joseph_Img3-960x400.jpg","contest-width":960,"contest-height":400,"cta":"https:\/\/int.design\/wp-content\/uploads\/2021\/01\/GPDD_2020_G\u00e9rard-Perron_Noyau_St-Joseph_Img3-415x170.jpg","cta-width":415,"cta-height":170,"exhibitor":"https:\/\/int.design\/wp-content\/uploads\/2021\/01\/GPDD_2020_G\u00e9rard-Perron_Noyau_St-Joseph_Img3-560x560.jpg","exhibitor-width":560,"exhibitor-height":560,"gallery":"https:\/\/int.design\/wp-content\/uploads\/2021\/01\/GPDD_2020_G\u00e9rard-Perron_Noyau_St-Joseph_Img3-560x374.jpg","gallery-width":560,"gallery-height":374,"logo":"https:\/\/int.design\/wp-content\/uploads\/2021\/01\/GPDD_2020_G\u00e9rard-Perron_Noyau_St-Joseph_Img3-150x100.jpg","logo-width":150,"logo-height":100,"masonry":"https:\/\/int.design\/wp-content\/uploads\/2021\/01\/GPDD_2020_G\u00e9rard-Perron_Noyau_St-Joseph_Img3-550x367.jpg","masonry-width":550,"masonry-height":367,"modal":"https:\/\/int.design\/wp-content\/uploads\/2021\/01\/GPDD_2020_G\u00e9rard-Perron_Noyau_St-Joseph_Img3-1920x1282.jpg","modal-width":1920,"modal-height":1282,"number":"https:\/\/int.design\/wp-content\/uploads\/2021\/01\/GPDD_2020_G\u00e9rard-Perron_Noyau_St-Joseph_Img3-560x374.jpg","number-width":560,"number-height":374,"partner":"https:\/\/int.design\/wp-content\/uploads\/2021\/01\/GPDD_2020_G\u00e9rard-Perron_Noyau_St-Joseph_Img3-275x184.jpg","partner-width":275,"partner-height":184,"ranking":"https:\/\/int.design\/wp-content\/uploads\/2021\/01\/GPDD_2020_G\u00e9rard-Perron_Noyau_St-Joseph_Img3-960x540.jpg","ranking-width":960,"ranking-height":540,"schedule":"https:\/\/int.design\/wp-content\/uploads\/2021\/01\/GPDD_2020_G\u00e9rard-Perron_Noyau_St-Joseph_Img3-960x360.jpg","schedule-width":960,"schedule-height":360,"slideshow":"https:\/\/int.design\/wp-content\/uploads\/2021\/01\/GPDD_2020_G\u00e9rard-Perron_Noyau_St-Joseph_Img3-1019x680.jpg","slideshow-width":1019,"slideshow-height":680}},"filters":[557],"suppliers":false,"attachment_category":[]},{"categories":[274],"credit":"","image":{"ID":37716,"id":37716,"title":"GPDD_2020_G\u00e9rard-Perron_Noyau_St-Joseph_Img4","filename":"GPDD_2020_G\u00e9rard-Perron_Noyau_St-Joseph_Img4-scaled.jpg","filesize":0,"url":"https:\/\/int.design\/wp-content\/uploads\/2021\/01\/GPDD_2020_G\u00e9rard-Perron_Noyau_St-Joseph_Img4-scaled.jpg","link":"https:\/\/int.design\/fr\/projets\/mise-en-valeur-du-noyau-du-quartier-saint-joseph-parc-gerard-perron-drummondville\/gpdd_2020_gerard-perron_noyau_st-joseph_img4\/","alt":"","author":"198","description":"Mise en valeur du noyau du quartier Saint-Joseph \u2013 Parc G\u00e9rard-Perron |Drummondville Groupe BC2 Groupe BC2 GKC Architectes Groupe BC2 GKC Architectes","caption":"","name":"gpdd_2020_gerard-perron_noyau_st-joseph_img4","status":"inherit","uploaded_to":26230,"date":"2021-01-11 19:26:46","modified":"2022-02-08 12:07:20","menu_order":0,"mime_type":"image\/jpeg","type":"image","subtype":"jpeg","icon":"https:\/\/int.design\/wp-includes\/images\/media\/default.png","width":2560,"height":1709,"sizes":{"thumbnail":"https:\/\/int.design\/wp-content\/uploads\/2021\/01\/GPDD_2020_G\u00e9rard-Perron_Noyau_St-Joseph_Img4-150x150.jpg","thumbnail-width":150,"thumbnail-height":150,"medium":"https:\/\/int.design\/wp-content\/uploads\/2021\/01\/GPDD_2020_G\u00e9rard-Perron_Noyau_St-Joseph_Img4-300x200.jpg","medium-width":300,"medium-height":200,"medium_large":"https:\/\/int.design\/wp-content\/uploads\/2021\/01\/GPDD_2020_G\u00e9rard-Perron_Noyau_St-Joseph_Img4-768x513.jpg","medium_large-width":768,"medium_large-height":513,"large":"https:\/\/int.design\/wp-content\/uploads\/2021\/01\/GPDD_2020_G\u00e9rard-Perron_Noyau_St-Joseph_Img4-1024x684.jpg","large-width":1024,"large-height":684,"1536x1536":"https:\/\/int.design\/wp-content\/uploads\/2021\/01\/GPDD_2020_G\u00e9rard-Perron_Noyau_St-Joseph_Img4-1536x1025.jpg","1536x1536-width":1536,"1536x1536-height":1025,"2048x2048":"https:\/\/int.design\/wp-content\/uploads\/2021\/01\/GPDD_2020_G\u00e9rard-Perron_Noyau_St-Joseph_Img4-2048x1367.jpg","2048x2048-width":2048,"2048x2048-height":1367,"article":"https:\/\/int.design\/wp-content\/uploads\/2021\/01\/GPDD_2020_G\u00e9rard-Perron_Noyau_St-Joseph_Img4-960x540.jpg","article-width":960,"article-height":540,"banner":"https:\/\/int.design\/wp-content\/uploads\/2021\/01\/GPDD_2020_G\u00e9rard-Perron_Noyau_St-Joseph_Img4-1920x1282.jpg","banner-width":1920,"banner-height":1282,"block":"https:\/\/int.design\/wp-content\/uploads\/2021\/01\/GPDD_2020_G\u00e9rard-Perron_Noyau_St-Joseph_Img4-900x680.jpg","block-width":900,"block-height":680,"card":"https:\/\/int.design\/wp-content\/uploads\/2021\/01\/GPDD_2020_G\u00e9rard-Perron_Noyau_St-Joseph_Img4-560x495.jpg","card-width":560,"card-height":495,"card-thumbnail":"https:\/\/int.design\/wp-content\/uploads\/2021\/01\/GPDD_2020_G\u00e9rard-Perron_Noyau_St-Joseph_Img4-450x340.jpg","card-thumbnail-width":450,"card-thumbnail-height":340,"conference":"https:\/\/int.design\/wp-content\/uploads\/2021\/01\/GPDD_2020_G\u00e9rard-Perron_Noyau_St-Joseph_Img4-560x250.jpg","conference-width":560,"conference-height":250,"contest":"https:\/\/int.design\/wp-content\/uploads\/2021\/01\/GPDD_2020_G\u00e9rard-Perron_Noyau_St-Joseph_Img4-960x400.jpg","contest-width":960,"contest-height":400,"cta":"https:\/\/int.design\/wp-content\/uploads\/2021\/01\/GPDD_2020_G\u00e9rard-Perron_Noyau_St-Joseph_Img4-415x170.jpg","cta-width":415,"cta-height":170,"exhibitor":"https:\/\/int.design\/wp-content\/uploads\/2021\/01\/GPDD_2020_G\u00e9rard-Perron_Noyau_St-Joseph_Img4-560x560.jpg","exhibitor-width":560,"exhibitor-height":560,"gallery":"https:\/\/int.design\/wp-content\/uploads\/2021\/01\/GPDD_2020_G\u00e9rard-Perron_Noyau_St-Joseph_Img4-560x374.jpg","gallery-width":560,"gallery-height":374,"logo":"https:\/\/int.design\/wp-content\/uploads\/2021\/01\/GPDD_2020_G\u00e9rard-Perron_Noyau_St-Joseph_Img4-150x100.jpg","logo-width":150,"logo-height":100,"masonry":"https:\/\/int.design\/wp-content\/uploads\/2021\/01\/GPDD_2020_G\u00e9rard-Perron_Noyau_St-Joseph_Img4-550x367.jpg","masonry-width":550,"masonry-height":367,"modal":"https:\/\/int.design\/wp-content\/uploads\/2021\/01\/GPDD_2020_G\u00e9rard-Perron_Noyau_St-Joseph_Img4-1920x1282.jpg","modal-width":1920,"modal-height":1282,"number":"https:\/\/int.design\/wp-content\/uploads\/2021\/01\/GPDD_2020_G\u00e9rard-Perron_Noyau_St-Joseph_Img4-560x374.jpg","number-width":560,"number-height":374,"partner":"https:\/\/int.design\/wp-content\/uploads\/2021\/01\/GPDD_2020_G\u00e9rard-Perron_Noyau_St-Joseph_Img4-275x184.jpg","partner-width":275,"partner-height":184,"ranking":"https:\/\/int.design\/wp-content\/uploads\/2021\/01\/GPDD_2020_G\u00e9rard-Perron_Noyau_St-Joseph_Img4-960x540.jpg","ranking-width":960,"ranking-height":540,"schedule":"https:\/\/int.design\/wp-content\/uploads\/2021\/01\/GPDD_2020_G\u00e9rard-Perron_Noyau_St-Joseph_Img4-960x360.jpg","schedule-width":960,"schedule-height":360,"slideshow":"https:\/\/int.design\/wp-content\/uploads\/2021\/01\/GPDD_2020_G\u00e9rard-Perron_Noyau_St-Joseph_Img4-1019x680.jpg","slideshow-width":1019,"slideshow-height":680}},"filters":[557],"suppliers":false,"attachment_category":[]},{"categories":[274],"credit":"","image":{"ID":37717,"id":37717,"title":"GPDD_2020_G\u00e9rard-Perron_Noyau_St-Joseph_Img5","filename":"GPDD_2020_G\u00e9rard-Perron_Noyau_St-Joseph_Img5-scaled.jpg","filesize":0,"url":"https:\/\/int.design\/wp-content\/uploads\/2021\/01\/GPDD_2020_G\u00e9rard-Perron_Noyau_St-Joseph_Img5-scaled.jpg","link":"https:\/\/int.design\/fr\/projets\/mise-en-valeur-du-noyau-du-quartier-saint-joseph-parc-gerard-perron-drummondville\/gpdd_2020_gerard-perron_noyau_st-joseph_img5\/","alt":"","author":"198","description":"Mise en valeur du noyau du quartier Saint-Joseph \u2013 Parc G\u00e9rard-Perron |Drummondville Groupe BC2 Groupe BC2 GKC Architectes Groupe BC2 GKC Architectes","caption":"","name":"gpdd_2020_gerard-perron_noyau_st-joseph_img5","status":"inherit","uploaded_to":26230,"date":"2021-01-11 19:27:07","modified":"2022-02-08 12:07:20","menu_order":0,"mime_type":"image\/jpeg","type":"image","subtype":"jpeg","icon":"https:\/\/int.design\/wp-includes\/images\/media\/default.png","width":2560,"height":1709,"sizes":{"thumbnail":"https:\/\/int.design\/wp-content\/uploads\/2021\/01\/GPDD_2020_G\u00e9rard-Perron_Noyau_St-Joseph_Img5-150x150.jpg","thumbnail-width":150,"thumbnail-height":150,"medium":"https:\/\/int.design\/wp-content\/uploads\/2021\/01\/GPDD_2020_G\u00e9rard-Perron_Noyau_St-Joseph_Img5-300x200.jpg","medium-width":300,"medium-height":200,"medium_large":"https:\/\/int.design\/wp-content\/uploads\/2021\/01\/GPDD_2020_G\u00e9rard-Perron_Noyau_St-Joseph_Img5-768x513.jpg","medium_large-width":768,"medium_large-height":513,"large":"https:\/\/int.design\/wp-content\/uploads\/2021\/01\/GPDD_2020_G\u00e9rard-Perron_Noyau_St-Joseph_Img5-1024x684.jpg","large-width":1024,"large-height":684,"1536x1536":"https:\/\/int.design\/wp-content\/uploads\/2021\/01\/GPDD_2020_G\u00e9rard-Perron_Noyau_St-Joseph_Img5-1536x1025.jpg","1536x1536-width":1536,"1536x1536-height":1025,"2048x2048":"https:\/\/int.design\/wp-content\/uploads\/2021\/01\/GPDD_2020_G\u00e9rard-Perron_Noyau_St-Joseph_Img5-2048x1367.jpg","2048x2048-width":2048,"2048x2048-height":1367,"article":"https:\/\/int.design\/wp-content\/uploads\/2021\/01\/GPDD_2020_G\u00e9rard-Perron_Noyau_St-Joseph_Img5-960x540.jpg","article-width":960,"article-height":540,"banner":"https:\/\/int.design\/wp-content\/uploads\/2021\/01\/GPDD_2020_G\u00e9rard-Perron_Noyau_St-Joseph_Img5-1920x1282.jpg","banner-width":1920,"banner-height":1282,"block":"https:\/\/int.design\/wp-content\/uploads\/2021\/01\/GPDD_2020_G\u00e9rard-Perron_Noyau_St-Joseph_Img5-900x680.jpg","block-width":900,"block-height":680,"card":"https:\/\/int.design\/wp-content\/uploads\/2021\/01\/GPDD_2020_G\u00e9rard-Perron_Noyau_St-Joseph_Img5-560x495.jpg","card-width":560,"card-height":495,"card-thumbnail":"https:\/\/int.design\/wp-content\/uploads\/2021\/01\/GPDD_2020_G\u00e9rard-Perron_Noyau_St-Joseph_Img5-450x340.jpg","card-thumbnail-width":450,"card-thumbnail-height":340,"conference":"https:\/\/int.design\/wp-content\/uploads\/2021\/01\/GPDD_2020_G\u00e9rard-Perron_Noyau_St-Joseph_Img5-560x250.jpg","conference-width":560,"conference-height":250,"contest":"https:\/\/int.design\/wp-content\/uploads\/2021\/01\/GPDD_2020_G\u00e9rard-Perron_Noyau_St-Joseph_Img5-960x400.jpg","contest-width":960,"contest-height":400,"cta":"https:\/\/int.design\/wp-content\/uploads\/2021\/01\/GPDD_2020_G\u00e9rard-Perron_Noyau_St-Joseph_Img5-415x170.jpg","cta-width":415,"cta-height":170,"exhibitor":"https:\/\/int.design\/wp-content\/uploads\/2021\/01\/GPDD_2020_G\u00e9rard-Perron_Noyau_St-Joseph_Img5-560x560.jpg","exhibitor-width":560,"exhibitor-height":560,"gallery":"https:\/\/int.design\/wp-content\/uploads\/2021\/01\/GPDD_2020_G\u00e9rard-Perron_Noyau_St-Joseph_Img5-560x374.jpg","gallery-width":560,"gallery-height":374,"logo":"https:\/\/int.design\/wp-content\/uploads\/2021\/01\/GPDD_2020_G\u00e9rard-Perron_Noyau_St-Joseph_Img5-150x100.jpg","logo-width":150,"logo-height":100,"masonry":"https:\/\/int.design\/wp-content\/uploads\/2021\/01\/GPDD_2020_G\u00e9rard-Perron_Noyau_St-Joseph_Img5-550x367.jpg","masonry-width":550,"masonry-height":367,"modal":"https:\/\/int.design\/wp-content\/uploads\/2021\/01\/GPDD_2020_G\u00e9rard-Perron_Noyau_St-Joseph_Img5-1920x1282.jpg","modal-width":1920,"modal-height":1282,"number":"https:\/\/int.design\/wp-content\/uploads\/2021\/01\/GPDD_2020_G\u00e9rard-Perron_Noyau_St-Joseph_Img5-560x374.jpg","number-width":560,"number-height":374,"partner":"https:\/\/int.design\/wp-content\/uploads\/2021\/01\/GPDD_2020_G\u00e9rard-Perron_Noyau_St-Joseph_Img5-275x184.jpg","partner-width":275,"partner-height":184,"ranking":"https:\/\/int.design\/wp-content\/uploads\/2021\/01\/GPDD_2020_G\u00e9rard-Perron_Noyau_St-Joseph_Img5-960x540.jpg","ranking-width":960,"ranking-height":540,"schedule":"https:\/\/int.design\/wp-content\/uploads\/2021\/01\/GPDD_2020_G\u00e9rard-Perron_Noyau_St-Joseph_Img5-960x360.jpg","schedule-width":960,"schedule-height":360,"slideshow":"https:\/\/int.design\/wp-content\/uploads\/2021\/01\/GPDD_2020_G\u00e9rard-Perron_Noyau_St-Joseph_Img5-1019x680.jpg","slideshow-width":1019,"slideshow-height":680}},"filters":[557],"suppliers":false,"attachment_category":[]},{"categories":[274],"credit":"","image":{"ID":37718,"id":37718,"title":"GPDD_2020_G\u00e9rard-Perron_Noyau_St-Joseph_Img6","filename":"GPDD_2020_G\u00e9rard-Perron_Noyau_St-Joseph_Img6-scaled.jpg","filesize":0,"url":"https:\/\/int.design\/wp-content\/uploads\/2021\/01\/GPDD_2020_G\u00e9rard-Perron_Noyau_St-Joseph_Img6-scaled.jpg","link":"https:\/\/int.design\/fr\/projets\/mise-en-valeur-du-noyau-du-quartier-saint-joseph-parc-gerard-perron-drummondville\/gpdd_2020_gerard-perron_noyau_st-joseph_img6\/","alt":"","author":"198","description":"Mise en valeur du noyau du quartier Saint-Joseph \u2013 Parc G\u00e9rard-Perron |Drummondville Groupe BC2 Groupe BC2 GKC Architectes Groupe BC2 GKC Architectes","caption":"","name":"gpdd_2020_gerard-perron_noyau_st-joseph_img6","status":"inherit","uploaded_to":26230,"date":"2021-01-11 19:27:22","modified":"2022-02-08 12:07:20","menu_order":0,"mime_type":"image\/jpeg","type":"image","subtype":"jpeg","icon":"https:\/\/int.design\/wp-includes\/images\/media\/default.png","width":1710,"height":2560,"sizes":{"thumbnail":"https:\/\/int.design\/wp-content\/uploads\/2021\/01\/GPDD_2020_G\u00e9rard-Perron_Noyau_St-Joseph_Img6-150x150.jpg","thumbnail-width":150,"thumbnail-height":150,"medium":"https:\/\/int.design\/wp-content\/uploads\/2021\/01\/GPDD_2020_G\u00e9rard-Perron_Noyau_St-Joseph_Img6-200x300.jpg","medium-width":200,"medium-height":300,"medium_large":"https:\/\/int.design\/wp-content\/uploads\/2021\/01\/GPDD_2020_G\u00e9rard-Perron_Noyau_St-Joseph_Img6-768x1150.jpg","medium_large-width":768,"medium_large-height":1150,"large":"https:\/\/int.design\/wp-content\/uploads\/2021\/01\/GPDD_2020_G\u00e9rard-Perron_Noyau_St-Joseph_Img6-684x1024.jpg","large-width":684,"large-height":1024,"1536x1536":"https:\/\/int.design\/wp-content\/uploads\/2021\/01\/GPDD_2020_G\u00e9rard-Perron_Noyau_St-Joseph_Img6-1026x1536.jpg","1536x1536-width":1026,"1536x1536-height":1536,"2048x2048":"https:\/\/int.design\/wp-content\/uploads\/2021\/01\/GPDD_2020_G\u00e9rard-Perron_Noyau_St-Joseph_Img6-1368x2048.jpg","2048x2048-width":1368,"2048x2048-height":2048,"article":"https:\/\/int.design\/wp-content\/uploads\/2021\/01\/GPDD_2020_G\u00e9rard-Perron_Noyau_St-Joseph_Img6-960x540.jpg","article-width":960,"article-height":540,"banner":"https:\/\/int.design\/wp-content\/uploads\/2021\/01\/GPDD_2020_G\u00e9rard-Perron_Noyau_St-Joseph_Img6-1920x2875.jpg","banner-width":1920,"banner-height":2875,"block":"https:\/\/int.design\/wp-content\/uploads\/2021\/01\/GPDD_2020_G\u00e9rard-Perron_Noyau_St-Joseph_Img6-900x680.jpg","block-width":900,"block-height":680,"card":"https:\/\/int.design\/wp-content\/uploads\/2021\/01\/GPDD_2020_G\u00e9rard-Perron_Noyau_St-Joseph_Img6-560x495.jpg","card-width":560,"card-height":495,"card-thumbnail":"https:\/\/int.design\/wp-content\/uploads\/2021\/01\/GPDD_2020_G\u00e9rard-Perron_Noyau_St-Joseph_Img6-450x340.jpg","card-thumbnail-width":450,"card-thumbnail-height":340,"conference":"https:\/\/int.design\/wp-content\/uploads\/2021\/01\/GPDD_2020_G\u00e9rard-Perron_Noyau_St-Joseph_Img6-560x250.jpg","conference-width":560,"conference-height":250,"contest":"https:\/\/int.design\/wp-content\/uploads\/2021\/01\/GPDD_2020_G\u00e9rard-Perron_Noyau_St-Joseph_Img6-960x400.jpg","contest-width":960,"contest-height":400,"cta":"https:\/\/int.design\/wp-content\/uploads\/2021\/01\/GPDD_2020_G\u00e9rard-Perron_Noyau_St-Joseph_Img6-415x170.jpg","cta-width":415,"cta-height":170,"exhibitor":"https:\/\/int.design\/wp-content\/uploads\/2021\/01\/GPDD_2020_G\u00e9rard-Perron_Noyau_St-Joseph_Img6-560x560.jpg","exhibitor-width":560,"exhibitor-height":560,"gallery":"https:\/\/int.design\/wp-content\/uploads\/2021\/01\/GPDD_2020_G\u00e9rard-Perron_Noyau_St-Joseph_Img6-287x430.jpg","gallery-width":287,"gallery-height":430,"logo":"https:\/\/int.design\/wp-content\/uploads\/2021\/01\/GPDD_2020_G\u00e9rard-Perron_Noyau_St-Joseph_Img6-67x100.jpg","logo-width":67,"logo-height":100,"masonry":"https:\/\/int.design\/wp-content\/uploads\/2021\/01\/GPDD_2020_G\u00e9rard-Perron_Noyau_St-Joseph_Img6-550x824.jpg","masonry-width":550,"masonry-height":824,"modal":"https:\/\/int.design\/wp-content\/uploads\/2021\/01\/GPDD_2020_G\u00e9rard-Perron_Noyau_St-Joseph_Img6-1282x1920.jpg","modal-width":1282,"modal-height":1920,"number":"https:\/\/int.design\/wp-content\/uploads\/2021\/01\/GPDD_2020_G\u00e9rard-Perron_Noyau_St-Joseph_Img6-287x430.jpg","number-width":287,"number-height":430,"partner":"https:\/\/int.design\/wp-content\/uploads\/2021\/01\/GPDD_2020_G\u00e9rard-Perron_Noyau_St-Joseph_Img6-140x210.jpg","partner-width":140,"partner-height":210,"ranking":"https:\/\/int.design\/wp-content\/uploads\/2021\/01\/GPDD_2020_G\u00e9rard-Perron_Noyau_St-Joseph_Img6-960x540.jpg","ranking-width":960,"ranking-height":540,"schedule":"https:\/\/int.design\/wp-content\/uploads\/2021\/01\/GPDD_2020_G\u00e9rard-Perron_Noyau_St-Joseph_Img6-960x360.jpg","schedule-width":960,"schedule-height":360,"slideshow":"https:\/\/int.design\/wp-content\/uploads\/2021\/01\/GPDD_2020_G\u00e9rard-Perron_Noyau_St-Joseph_Img6-454x680.jpg","slideshow-width":454,"slideshow-height":680}},"filters":[557],"suppliers":false,"attachment_category":[]},{"categories":[274],"credit":"","image":{"ID":37719,"id":37719,"title":"GPDD_2020_G\u00e9rard-Perron_Noyau_St-Joseph_Img7","filename":"GPDD_2020_G\u00e9rard-Perron_Noyau_St-Joseph_Img7-scaled.jpg","filesize":0,"url":"https:\/\/int.design\/wp-content\/uploads\/2021\/01\/GPDD_2020_G\u00e9rard-Perron_Noyau_St-Joseph_Img7-scaled.jpg","link":"https:\/\/int.design\/fr\/projets\/mise-en-valeur-du-noyau-du-quartier-saint-joseph-parc-gerard-perron-drummondville\/gpdd_2020_gerard-perron_noyau_st-joseph_img7\/","alt":"","author":"198","description":"Mise en valeur du noyau du quartier Saint-Joseph \u2013 Parc G\u00e9rard-Perron |Drummondville Groupe BC2 Groupe BC2 GKC Architectes Groupe BC2 GKC Architectes","caption":"","name":"gpdd_2020_gerard-perron_noyau_st-joseph_img7","status":"inherit","uploaded_to":26230,"date":"2021-01-11 19:27:46","modified":"2022-02-08 12:07:20","menu_order":0,"mime_type":"image\/jpeg","type":"image","subtype":"jpeg","icon":"https:\/\/int.design\/wp-includes\/images\/media\/default.png","width":1709,"height":2560,"sizes":{"thumbnail":"https:\/\/int.design\/wp-content\/uploads\/2021\/01\/GPDD_2020_G\u00e9rard-Perron_Noyau_St-Joseph_Img7-150x150.jpg","thumbnail-width":150,"thumbnail-height":150,"medium":"https:\/\/int.design\/wp-content\/uploads\/2021\/01\/GPDD_2020_G\u00e9rard-Perron_Noyau_St-Joseph_Img7-200x300.jpg","medium-width":200,"medium-height":300,"medium_large":"https:\/\/int.design\/wp-content\/uploads\/2021\/01\/GPDD_2020_G\u00e9rard-Perron_Noyau_St-Joseph_Img7-768x1151.jpg","medium_large-width":768,"medium_large-height":1151,"large":"https:\/\/int.design\/wp-content\/uploads\/2021\/01\/GPDD_2020_G\u00e9rard-Perron_Noyau_St-Joseph_Img7-684x1024.jpg","large-width":684,"large-height":1024,"1536x1536":"https:\/\/int.design\/wp-content\/uploads\/2021\/01\/GPDD_2020_G\u00e9rard-Perron_Noyau_St-Joseph_Img7-1025x1536.jpg","1536x1536-width":1025,"1536x1536-height":1536,"2048x2048":"https:\/\/int.design\/wp-content\/uploads\/2021\/01\/GPDD_2020_G\u00e9rard-Perron_Noyau_St-Joseph_Img7-1367x2048.jpg","2048x2048-width":1367,"2048x2048-height":2048,"article":"https:\/\/int.design\/wp-content\/uploads\/2021\/01\/GPDD_2020_G\u00e9rard-Perron_Noyau_St-Joseph_Img7-960x540.jpg","article-width":960,"article-height":540,"banner":"https:\/\/int.design\/wp-content\/uploads\/2021\/01\/GPDD_2020_G\u00e9rard-Perron_Noyau_St-Joseph_Img7-1920x2876.jpg","banner-width":1920,"banner-height":2876,"block":"https:\/\/int.design\/wp-content\/uploads\/2021\/01\/GPDD_2020_G\u00e9rard-Perron_Noyau_St-Joseph_Img7-900x680.jpg","block-width":900,"block-height":680,"card":"https:\/\/int.design\/wp-content\/uploads\/2021\/01\/GPDD_2020_G\u00e9rard-Perron_Noyau_St-Joseph_Img7-560x495.jpg","card-width":560,"card-height":495,"card-thumbnail":"https:\/\/int.design\/wp-content\/uploads\/2021\/01\/GPDD_2020_G\u00e9rard-Perron_Noyau_St-Joseph_Img7-450x340.jpg","card-thumbnail-width":450,"card-thumbnail-height":340,"conference":"https:\/\/int.design\/wp-content\/uploads\/2021\/01\/GPDD_2020_G\u00e9rard-Perron_Noyau_St-Joseph_Img7-560x250.jpg","conference-width":560,"conference-height":250,"contest":"https:\/\/int.design\/wp-content\/uploads\/2021\/01\/GPDD_2020_G\u00e9rard-Perron_Noyau_St-Joseph_Img7-960x400.jpg","contest-width":960,"contest-height":400,"cta":"https:\/\/int.design\/wp-content\/uploads\/2021\/01\/GPDD_2020_G\u00e9rard-Perron_Noyau_St-Joseph_Img7-415x170.jpg","cta-width":415,"cta-height":170,"exhibitor":"https:\/\/int.design\/wp-content\/uploads\/2021\/01\/GPDD_2020_G\u00e9rard-Perron_Noyau_St-Joseph_Img7-560x560.jpg","exhibitor-width":560,"exhibitor-height":560,"gallery":"https:\/\/int.design\/wp-content\/uploads\/2021\/01\/GPDD_2020_G\u00e9rard-Perron_Noyau_St-Joseph_Img7-287x430.jpg","gallery-width":287,"gallery-height":430,"logo":"https:\/\/int.design\/wp-content\/uploads\/2021\/01\/GPDD_2020_G\u00e9rard-Perron_Noyau_St-Joseph_Img7-67x100.jpg","logo-width":67,"logo-height":100,"masonry":"https:\/\/int.design\/wp-content\/uploads\/2021\/01\/GPDD_2020_G\u00e9rard-Perron_Noyau_St-Joseph_Img7-550x824.jpg","masonry-width":550,"masonry-height":824,"modal":"https:\/\/int.design\/wp-content\/uploads\/2021\/01\/GPDD_2020_G\u00e9rard-Perron_Noyau_St-Joseph_Img7-1282x1920.jpg","modal-width":1282,"modal-height":1920,"number":"https:\/\/int.design\/wp-content\/uploads\/2021\/01\/GPDD_2020_G\u00e9rard-Perron_Noyau_St-Joseph_Img7-287x430.jpg","number-width":287,"number-height":430,"partner":"https:\/\/int.design\/wp-content\/uploads\/2021\/01\/GPDD_2020_G\u00e9rard-Perron_Noyau_St-Joseph_Img7-140x210.jpg","partner-width":140,"partner-height":210,"ranking":"https:\/\/int.design\/wp-content\/uploads\/2021\/01\/GPDD_2020_G\u00e9rard-Perron_Noyau_St-Joseph_Img7-960x540.jpg","ranking-width":960,"ranking-height":540,"schedule":"https:\/\/int.design\/wp-content\/uploads\/2021\/01\/GPDD_2020_G\u00e9rard-Perron_Noyau_St-Joseph_Img7-960x360.jpg","schedule-width":960,"schedule-height":360,"slideshow":"https:\/\/int.design\/wp-content\/uploads\/2021\/01\/GPDD_2020_G\u00e9rard-Perron_Noyau_St-Joseph_Img7-454x680.jpg","slideshow-width":454,"slideshow-height":680}},"filters":[557],"suppliers":false,"attachment_category":[]},{"categories":[274],"credit":"","image":{"ID":37720,"id":37720,"title":"GPDD_2020_G\u00e9rard-Perron_Noyau_St-Joseph_Img8","filename":"GPDD_2020_G\u00e9rard-Perron_Noyau_St-Joseph_Img8-scaled.jpg","filesize":0,"url":"https:\/\/int.design\/wp-content\/uploads\/2021\/01\/GPDD_2020_G\u00e9rard-Perron_Noyau_St-Joseph_Img8-scaled.jpg","link":"https:\/\/int.design\/fr\/projets\/mise-en-valeur-du-noyau-du-quartier-saint-joseph-parc-gerard-perron-drummondville\/gpdd_2020_gerard-perron_noyau_st-joseph_img8\/","alt":"","author":"198","description":"Mise en valeur du noyau du quartier Saint-Joseph \u2013 Parc G\u00e9rard-Perron |Drummondville Groupe BC2 Groupe BC2 GKC Architectes Groupe BC2 GKC Architectes","caption":"","name":"gpdd_2020_gerard-perron_noyau_st-joseph_img8","status":"inherit","uploaded_to":26230,"date":"2021-01-11 19:28:26","modified":"2022-02-08 12:07:20","menu_order":0,"mime_type":"image\/jpeg","type":"image","subtype":"jpeg","icon":"https:\/\/int.design\/wp-includes\/images\/media\/default.png","width":2560,"height":1709,"sizes":{"thumbnail":"https:\/\/int.design\/wp-content\/uploads\/2021\/01\/GPDD_2020_G\u00e9rard-Perron_Noyau_St-Joseph_Img8-150x150.jpg","thumbnail-width":150,"thumbnail-height":150,"medium":"https:\/\/int.design\/wp-content\/uploads\/2021\/01\/GPDD_2020_G\u00e9rard-Perron_Noyau_St-Joseph_Img8-300x200.jpg","medium-width":300,"medium-height":200,"medium_large":"https:\/\/int.design\/wp-content\/uploads\/2021\/01\/GPDD_2020_G\u00e9rard-Perron_Noyau_St-Joseph_Img8-768x513.jpg","medium_large-width":768,"medium_large-height":513,"large":"https:\/\/int.design\/wp-content\/uploads\/2021\/01\/GPDD_2020_G\u00e9rard-Perron_Noyau_St-Joseph_Img8-1024x684.jpg","large-width":1024,"large-height":684,"1536x1536":"https:\/\/int.design\/wp-content\/uploads\/2021\/01\/GPDD_2020_G\u00e9rard-Perron_Noyau_St-Joseph_Img8-1536x1025.jpg","1536x1536-width":1536,"1536x1536-height":1025,"2048x2048":"https:\/\/int.design\/wp-content\/uploads\/2021\/01\/GPDD_2020_G\u00e9rard-Perron_Noyau_St-Joseph_Img8-2048x1367.jpg","2048x2048-width":2048,"2048x2048-height":1367,"article":"https:\/\/int.design\/wp-content\/uploads\/2021\/01\/GPDD_2020_G\u00e9rard-Perron_Noyau_St-Joseph_Img8-960x540.jpg","article-width":960,"article-height":540,"banner":"https:\/\/int.design\/wp-content\/uploads\/2021\/01\/GPDD_2020_G\u00e9rard-Perron_Noyau_St-Joseph_Img8-1920x1282.jpg","banner-width":1920,"banner-height":1282,"block":"https:\/\/int.design\/wp-content\/uploads\/2021\/01\/GPDD_2020_G\u00e9rard-Perron_Noyau_St-Joseph_Img8-900x680.jpg","block-width":900,"block-height":680,"card":"https:\/\/int.design\/wp-content\/uploads\/2021\/01\/GPDD_2020_G\u00e9rard-Perron_Noyau_St-Joseph_Img8-560x495.jpg","card-width":560,"card-height":495,"card-thumbnail":"https:\/\/int.design\/wp-content\/uploads\/2021\/01\/GPDD_2020_G\u00e9rard-Perron_Noyau_St-Joseph_Img8-450x340.jpg","card-thumbnail-width":450,"card-thumbnail-height":340,"conference":"https:\/\/int.design\/wp-content\/uploads\/2021\/01\/GPDD_2020_G\u00e9rard-Perron_Noyau_St-Joseph_Img8-560x250.jpg","conference-width":560,"conference-height":250,"contest":"https:\/\/int.design\/wp-content\/uploads\/2021\/01\/GPDD_2020_G\u00e9rard-Perron_Noyau_St-Joseph_Img8-960x400.jpg","contest-width":960,"contest-height":400,"cta":"https:\/\/int.design\/wp-content\/uploads\/2021\/01\/GPDD_2020_G\u00e9rard-Perron_Noyau_St-Joseph_Img8-415x170.jpg","cta-width":415,"cta-height":170,"exhibitor":"https:\/\/int.design\/wp-content\/uploads\/2021\/01\/GPDD_2020_G\u00e9rard-Perron_Noyau_St-Joseph_Img8-560x560.jpg","exhibitor-width":560,"exhibitor-height":560,"gallery":"https:\/\/int.design\/wp-content\/uploads\/2021\/01\/GPDD_2020_G\u00e9rard-Perron_Noyau_St-Joseph_Img8-560x374.jpg","gallery-width":560,"gallery-height":374,"logo":"https:\/\/int.design\/wp-content\/uploads\/2021\/01\/GPDD_2020_G\u00e9rard-Perron_Noyau_St-Joseph_Img8-150x100.jpg","logo-width":150,"logo-height":100,"masonry":"https:\/\/int.design\/wp-content\/uploads\/2021\/01\/GPDD_2020_G\u00e9rard-Perron_Noyau_St-Joseph_Img8-550x367.jpg","masonry-width":550,"masonry-height":367,"modal":"https:\/\/int.design\/wp-content\/uploads\/2021\/01\/GPDD_2020_G\u00e9rard-Perron_Noyau_St-Joseph_Img8-1920x1282.jpg","modal-width":1920,"modal-height":1282,"number":"https:\/\/int.design\/wp-content\/uploads\/2021\/01\/GPDD_2020_G\u00e9rard-Perron_Noyau_St-Joseph_Img8-560x374.jpg","number-width":560,"number-height":374,"partner":"https:\/\/int.design\/wp-content\/uploads\/2021\/01\/GPDD_2020_G\u00e9rard-Perron_Noyau_St-Joseph_Img8-275x184.jpg","partner-width":275,"partner-height":184,"ranking":"https:\/\/int.design\/wp-content\/uploads\/2021\/01\/GPDD_2020_G\u00e9rard-Perron_Noyau_St-Joseph_Img8-960x540.jpg","ranking-width":960,"ranking-height":540,"schedule":"https:\/\/int.design\/wp-content\/uploads\/2021\/01\/GPDD_2020_G\u00e9rard-Perron_Noyau_St-Joseph_Img8-960x360.jpg","schedule-width":960,"schedule-height":360,"slideshow":"https:\/\/int.design\/wp-content\/uploads\/2021\/01\/GPDD_2020_G\u00e9rard-Perron_Noyau_St-Joseph_Img8-1019x680.jpg","slideshow-width":1019,"slideshow-height":680}},"filters":[557],"suppliers":false,"attachment_category":[]},{"categories":[274],"credit":"","image":{"ID":37721,"id":37721,"title":"GPDD_2020_G\u00e9rard-Perron_Noyau_St-Joseph_Img9","filename":"GPDD_2020_G\u00e9rard-Perron_Noyau_St-Joseph_Img9-scaled.jpg","filesize":0,"url":"https:\/\/int.design\/wp-content\/uploads\/2021\/01\/GPDD_2020_G\u00e9rard-Perron_Noyau_St-Joseph_Img9-scaled.jpg","link":"https:\/\/int.design\/fr\/projets\/mise-en-valeur-du-noyau-du-quartier-saint-joseph-parc-gerard-perron-drummondville\/gpdd_2020_gerard-perron_noyau_st-joseph_img9\/","alt":"","author":"198","description":"Mise en valeur du noyau du quartier Saint-Joseph \u2013 Parc G\u00e9rard-Perron |Drummondville Groupe BC2 Groupe BC2 GKC Architectes Groupe BC2 GKC Architectes","caption":"","name":"gpdd_2020_gerard-perron_noyau_st-joseph_img9","status":"inherit","uploaded_to":26230,"date":"2021-01-11 19:28:58","modified":"2022-02-08 12:07:20","menu_order":0,"mime_type":"image\/jpeg","type":"image","subtype":"jpeg","icon":"https:\/\/int.design\/wp-includes\/images\/media\/default.png","width":2560,"height":1709,"sizes":{"thumbnail":"https:\/\/int.design\/wp-content\/uploads\/2021\/01\/GPDD_2020_G\u00e9rard-Perron_Noyau_St-Joseph_Img9-150x150.jpg","thumbnail-width":150,"thumbnail-height":150,"medium":"https:\/\/int.design\/wp-content\/uploads\/2021\/01\/GPDD_2020_G\u00e9rard-Perron_Noyau_St-Joseph_Img9-300x200.jpg","medium-width":300,"medium-height":200,"medium_large":"https:\/\/int.design\/wp-content\/uploads\/2021\/01\/GPDD_2020_G\u00e9rard-Perron_Noyau_St-Joseph_Img9-768x513.jpg","medium_large-width":768,"medium_large-height":513,"large":"https:\/\/int.design\/wp-content\/uploads\/2021\/01\/GPDD_2020_G\u00e9rard-Perron_Noyau_St-Joseph_Img9-1024x684.jpg","large-width":1024,"large-height":684,"1536x1536":"https:\/\/int.design\/wp-content\/uploads\/2021\/01\/GPDD_2020_G\u00e9rard-Perron_Noyau_St-Joseph_Img9-1536x1025.jpg","1536x1536-width":1536,"1536x1536-height":1025,"2048x2048":"https:\/\/int.design\/wp-content\/uploads\/2021\/01\/GPDD_2020_G\u00e9rard-Perron_Noyau_St-Joseph_Img9-2048x1367.jpg","2048x2048-width":2048,"2048x2048-height":1367,"article":"https:\/\/int.design\/wp-content\/uploads\/2021\/01\/GPDD_2020_G\u00e9rard-Perron_Noyau_St-Joseph_Img9-960x540.jpg","article-width":960,"article-height":540,"banner":"https:\/\/int.design\/wp-content\/uploads\/2021\/01\/GPDD_2020_G\u00e9rard-Perron_Noyau_St-Joseph_Img9-1920x1282.jpg","banner-width":1920,"banner-height":1282,"block":"https:\/\/int.design\/wp-content\/uploads\/2021\/01\/GPDD_2020_G\u00e9rard-Perron_Noyau_St-Joseph_Img9-900x680.jpg","block-width":900,"block-height":680,"card":"https:\/\/int.design\/wp-content\/uploads\/2021\/01\/GPDD_2020_G\u00e9rard-Perron_Noyau_St-Joseph_Img9-560x495.jpg","card-width":560,"card-height":495,"card-thumbnail":"https:\/\/int.design\/wp-content\/uploads\/2021\/01\/GPDD_2020_G\u00e9rard-Perron_Noyau_St-Joseph_Img9-450x340.jpg","card-thumbnail-width":450,"card-thumbnail-height":340,"conference":"https:\/\/int.design\/wp-content\/uploads\/2021\/01\/GPDD_2020_G\u00e9rard-Perron_Noyau_St-Joseph_Img9-560x250.jpg","conference-width":560,"conference-height":250,"contest":"https:\/\/int.design\/wp-content\/uploads\/2021\/01\/GPDD_2020_G\u00e9rard-Perron_Noyau_St-Joseph_Img9-960x400.jpg","contest-width":960,"contest-height":400,"cta":"https:\/\/int.design\/wp-content\/uploads\/2021\/01\/GPDD_2020_G\u00e9rard-Perron_Noyau_St-Joseph_Img9-415x170.jpg","cta-width":415,"cta-height":170,"exhibitor":"https:\/\/int.design\/wp-content\/uploads\/2021\/01\/GPDD_2020_G\u00e9rard-Perron_Noyau_St-Joseph_Img9-560x560.jpg","exhibitor-width":560,"exhibitor-height":560,"gallery":"https:\/\/int.design\/wp-content\/uploads\/2021\/01\/GPDD_2020_G\u00e9rard-Perron_Noyau_St-Joseph_Img9-560x374.jpg","gallery-width":560,"gallery-height":374,"logo":"https:\/\/int.design\/wp-content\/uploads\/2021\/01\/GPDD_2020_G\u00e9rard-Perron_Noyau_St-Joseph_Img9-150x100.jpg","logo-width":150,"logo-height":100,"masonry":"https:\/\/int.design\/wp-content\/uploads\/2021\/01\/GPDD_2020_G\u00e9rard-Perron_Noyau_St-Joseph_Img9-550x367.jpg","masonry-width":550,"masonry-height":367,"modal":"https:\/\/int.design\/wp-content\/uploads\/2021\/01\/GPDD_2020_G\u00e9rard-Perron_Noyau_St-Joseph_Img9-1920x1282.jpg","modal-width":1920,"modal-height":1282,"number":"https:\/\/int.design\/wp-content\/uploads\/2021\/01\/GPDD_2020_G\u00e9rard-Perron_Noyau_St-Joseph_Img9-560x374.jpg","number-width":560,"number-height":374,"partner":"https:\/\/int.design\/wp-content\/uploads\/2021\/01\/GPDD_2020_G\u00e9rard-Perron_Noyau_St-Joseph_Img9-275x184.jpg","partner-width":275,"partner-height":184,"ranking":"https:\/\/int.design\/wp-content\/uploads\/2021\/01\/GPDD_2020_G\u00e9rard-Perron_Noyau_St-Joseph_Img9-960x540.jpg","ranking-width":960,"ranking-height":540,"schedule":"https:\/\/int.design\/wp-content\/uploads\/2021\/01\/GPDD_2020_G\u00e9rard-Perron_Noyau_St-Joseph_Img9-960x360.jpg","schedule-width":960,"schedule-height":360,"slideshow":"https:\/\/int.design\/wp-content\/uploads\/2021\/01\/GPDD_2020_G\u00e9rard-Perron_Noyau_St-Joseph_Img9-1019x680.jpg","slideshow-width":1019,"slideshow-height":680}},"filters":[557],"suppliers":false,"attachment_category":[]},{"categories":[274],"credit":"","image":{"ID":37723,"id":37723,"title":"GPDD_2020_G\u00e9rard-Perron_Noyau_St-Joseph_Img10","filename":"GPDD_2020_G\u00e9rard-Perron_Noyau_St-Joseph_Img10-scaled.jpg","filesize":0,"url":"https:\/\/int.design\/wp-content\/uploads\/2021\/01\/GPDD_2020_G\u00e9rard-Perron_Noyau_St-Joseph_Img10-scaled.jpg","link":"https:\/\/int.design\/fr\/projets\/mise-en-valeur-du-noyau-du-quartier-saint-joseph-parc-gerard-perron-drummondville\/gpdd_2020_gerard-perron_noyau_st-joseph_img10\/","alt":"","author":"198","description":"Mise en valeur du noyau du quartier Saint-Joseph \u2013 Parc G\u00e9rard-Perron |Drummondville Groupe BC2 Groupe BC2 GKC Architectes Groupe BC2 GKC Architectes","caption":"","name":"gpdd_2020_gerard-perron_noyau_st-joseph_img10","status":"inherit","uploaded_to":26230,"date":"2021-01-11 19:29:34","modified":"2022-02-08 12:07:20","menu_order":0,"mime_type":"image\/jpeg","type":"image","subtype":"jpeg","icon":"https:\/\/int.design\/wp-includes\/images\/media\/default.png","width":2560,"height":1709,"sizes":{"thumbnail":"https:\/\/int.design\/wp-content\/uploads\/2021\/01\/GPDD_2020_G\u00e9rard-Perron_Noyau_St-Joseph_Img10-150x150.jpg","thumbnail-width":150,"thumbnail-height":150,"medium":"https:\/\/int.design\/wp-content\/uploads\/2021\/01\/GPDD_2020_G\u00e9rard-Perron_Noyau_St-Joseph_Img10-300x200.jpg","medium-width":300,"medium-height":200,"medium_large":"https:\/\/int.design\/wp-content\/uploads\/2021\/01\/GPDD_2020_G\u00e9rard-Perron_Noyau_St-Joseph_Img10-768x513.jpg","medium_large-width":768,"medium_large-height":513,"large":"https:\/\/int.design\/wp-content\/uploads\/2021\/01\/GPDD_2020_G\u00e9rard-Perron_Noyau_St-Joseph_Img10-1024x684.jpg","large-width":1024,"large-height":684,"1536x1536":"https:\/\/int.design\/wp-content\/uploads\/2021\/01\/GPDD_2020_G\u00e9rard-Perron_Noyau_St-Joseph_Img10-1536x1025.jpg","1536x1536-width":1536,"1536x1536-height":1025,"2048x2048":"https:\/\/int.design\/wp-content\/uploads\/2021\/01\/GPDD_2020_G\u00e9rard-Perron_Noyau_St-Joseph_Img10-2048x1367.jpg","2048x2048-width":2048,"2048x2048-height":1367,"article":"https:\/\/int.design\/wp-content\/uploads\/2021\/01\/GPDD_2020_G\u00e9rard-Perron_Noyau_St-Joseph_Img10-960x540.jpg","article-width":960,"article-height":540,"banner":"https:\/\/int.design\/wp-content\/uploads\/2021\/01\/GPDD_2020_G\u00e9rard-Perron_Noyau_St-Joseph_Img10-1920x1282.jpg","banner-width":1920,"banner-height":1282,"block":"https:\/\/int.design\/wp-content\/uploads\/2021\/01\/GPDD_2020_G\u00e9rard-Perron_Noyau_St-Joseph_Img10-900x680.jpg","block-width":900,"block-height":680,"card":"https:\/\/int.design\/wp-content\/uploads\/2021\/01\/GPDD_2020_G\u00e9rard-Perron_Noyau_St-Joseph_Img10-560x495.jpg","card-width":560,"card-height":495,"card-thumbnail":"https:\/\/int.design\/wp-content\/uploads\/2021\/01\/GPDD_2020_G\u00e9rard-Perron_Noyau_St-Joseph_Img10-450x340.jpg","card-thumbnail-width":450,"card-thumbnail-height":340,"conference":"https:\/\/int.design\/wp-content\/uploads\/2021\/01\/GPDD_2020_G\u00e9rard-Perron_Noyau_St-Joseph_Img10-560x250.jpg","conference-width":560,"conference-height":250,"contest":"https:\/\/int.design\/wp-content\/uploads\/2021\/01\/GPDD_2020_G\u00e9rard-Perron_Noyau_St-Joseph_Img10-960x400.jpg","contest-width":960,"contest-height":400,"cta":"https:\/\/int.design\/wp-content\/uploads\/2021\/01\/GPDD_2020_G\u00e9rard-Perron_Noyau_St-Joseph_Img10-415x170.jpg","cta-width":415,"cta-height":170,"exhibitor":"https:\/\/int.design\/wp-content\/uploads\/2021\/01\/GPDD_2020_G\u00e9rard-Perron_Noyau_St-Joseph_Img10-560x560.jpg","exhibitor-width":560,"exhibitor-height":560,"gallery":"https:\/\/int.design\/wp-content\/uploads\/2021\/01\/GPDD_2020_G\u00e9rard-Perron_Noyau_St-Joseph_Img10-560x374.jpg","gallery-width":560,"gallery-height":374,"logo":"https:\/\/int.design\/wp-content\/uploads\/2021\/01\/GPDD_2020_G\u00e9rard-Perron_Noyau_St-Joseph_Img10-150x100.jpg","logo-width":150,"logo-height":100,"masonry":"https:\/\/int.design\/wp-content\/uploads\/2021\/01\/GPDD_2020_G\u00e9rard-Perron_Noyau_St-Joseph_Img10-550x367.jpg","masonry-width":550,"masonry-height":367,"modal":"https:\/\/int.design\/wp-content\/uploads\/2021\/01\/GPDD_2020_G\u00e9rard-Perron_Noyau_St-Joseph_Img10-1920x1282.jpg","modal-width":1920,"modal-height":1282,"number":"https:\/\/int.design\/wp-content\/uploads\/2021\/01\/GPDD_2020_G\u00e9rard-Perron_Noyau_St-Joseph_Img10-560x374.jpg","number-width":560,"number-height":374,"partner":"https:\/\/int.design\/wp-content\/uploads\/2021\/01\/GPDD_2020_G\u00e9rard-Perron_Noyau_St-Joseph_Img10-275x184.jpg","partner-width":275,"partner-height":184,"ranking":"https:\/\/int.design\/wp-content\/uploads\/2021\/01\/GPDD_2020_G\u00e9rard-Perron_Noyau_St-Joseph_Img10-960x540.jpg","ranking-width":960,"ranking-height":540,"schedule":"https:\/\/int.design\/wp-content\/uploads\/2021\/01\/GPDD_2020_G\u00e9rard-Perron_Noyau_St-Joseph_Img10-960x360.jpg","schedule-width":960,"schedule-height":360,"slideshow":"https:\/\/int.design\/wp-content\/uploads\/2021\/01\/GPDD_2020_G\u00e9rard-Perron_Noyau_St-Joseph_Img10-1019x680.jpg","slideshow-width":1019,"slideshow-height":680}},"filters":[557],"suppliers":false,"attachment_category":[]}],"mandatory_documents":[{"name":"Plan Concept G\u00e9rard-Perron Noyau St-Joseph","file":{"ID":37730,"id":37730,"title":"GPDD_2020_G\u00e9rard-Perron_Noyau_St-Joseph_Plan_Concept","filename":"GPDD_2020_G\u00e9rard-Perron_Noyau_St-Joseph_Plan_Concept.pdf","filesize":0,"url":"https:\/\/d2q6z78khxmx42.cloudfront.net\/2021\/01\/GPDD_2020_G\u00e9rard-Perron_Noyau_St-Joseph_Plan_Concept.pdf","link":"https:\/\/int.design\/fr\/projets\/mise-en-valeur-du-noyau-du-quartier-saint-joseph-parc-gerard-perron-drummondville\/gpdd_2020_gerard-perron_noyau_st-joseph_plan_concept\/","alt":"","author":"198","description":"","caption":"","name":"gpdd_2020_gerard-perron_noyau_st-joseph_plan_concept","status":"inherit","uploaded_to":26230,"date":"2021-01-11 19:36:43","modified":"2021-01-11 19:36:47","menu_order":0,"mime_type":"application\/pdf","type":"application","subtype":"pdf","icon":"https:\/\/int.design\/wp-includes\/images\/media\/document.png"}}],"optional_documents":[{"name":"","file":false}],"web_text":{"fr":"<p>S\u2019inspirant principalement de la mise en valeur du noyau du quartier Saint-Joseph, la ville de Drummondville cherchait \u00e0 revitaliser le secteur en construisant un parc et une nouvelle place publique qui cr\u00e9erait un lien entre le boulevard Saint-Joseph et le march\u00e9 public. Ce projet de revitalisation en 6 phases comprend la r\u00e9alisation d\u2019un plan directeur pour la conception et le r\u00e9am\u00e9nagement du parc G\u00e9rard-Perron, l\u2019am\u00e9nagement d\u2019une placette publique et son stationnement ainsi que la revitalisation des rues limitrophes au march\u00e9 publique.<br \/>\nPhase I :<br \/>\nAvec l&#39;int\u00e9gration de nouveaux \u00e9quipements sportifs et r\u00e9cr\u00e9atifs, ce parc compl\u00e8tement r\u00e9am\u00e9nag\u00e9, incorpore \u00e9galement des am\u00e9nagements paysagers et d\u2019apaisement de la circulation avec un \u00e9clairage adapt\u00e9 au site.<br \/>\nLe nouvel espace comprend une surface multisports (patinoire et multiusage en \u00e9t\u00e9), un skatepark style \u00ab skate Plaza \u00bb avec ses estrades, des aires de jeux, une aire de jeux d\u2019eau, une surface de demi-basketball, des aires de repos et pique-nique, des plantations, des sentiers et du mobilier urbain moderne cr\u00e9ant une ambiance et un cadre physique coh\u00e9rent et contemporain.<br \/>\nPhase II :<br \/>\nCet am\u00e9nagement propose une place publique qui vient relier le march\u00e9 public au boulevard Saint-Joseph de fa\u00e7on s\u00e9curitaire et fluide pour le marcheur. Elle int\u00e8gre un \u00e9clairage contemporain venant cr\u00e9er une ambiance lumineuse unique et un \u00e9l\u00e9ment de signal\u00e9tique de type architectural et signature pour annoncer le parc et le march\u00e9.<\/p>\n","en":"<p>Inspired mainly by the enhancement of the core of the Saint-Joseph neighbourhood, the City of Drummondville was seeking ways to revitalize the sector by constructing a park and a new public space that would create a link between Saint-Joseph Boulevard and the public market. This 6-phase revitalization project includes the preparation of a master plan and the redevelopment of Parc<br \/>\nG\u00e9rard-Perron, the landscaping of a small public square with parking and the revitalization of streets adjacent to the public market. <\/p>\n<p>Phase I:<\/p>\n<p>With the incorporation of new sports and recreational facilities, this park was completely redeveloped. The project also includes landscaping and traffic calming measures, and lighting that is appropriate for the site.   <\/p>\n<p>The new space offers a multi-sport surface (skating rink, multi-purpose surface in summer), a \u201cskate Plaza\u201d style skate park with bleachers, playground areas, a splash pad, a half basketball court, rest areas and picnic spaces, planting beds, footpaths and modern street furniture to create an ambiance and a physical environment that are cohesive and contemporary.  <\/p>\n<p>Phase II:<\/p>\n<p>This development proposes a public area that will connect the public market to Saint-Joseph Boulevard and provide pedestrians with a safe, smooth link. It incorporates contemporary lighting that will offer a unique, well-lit ambiance, as well as signature signage in architectural form to advertise the park and the market.<\/p>\n","original":""},"jury_text":[{"category":274,"fr":"<p>S\u2019inspirant principalement de la mise en valeur du noyau du quartier Saint-Joseph, la ville de Drummondville cherchait \u00e0 revitaliser le secteur en construisant un parc et une nouvelle place publique qui cr\u00e9erait un lien entre le boulevard Saint-Joseph et le march\u00e9 public. Ce projet de revitalisation en 6 phases comprend la r\u00e9alisation d\u2019un plan directeur pour la conception et le r\u00e9am\u00e9nagement du parc G\u00e9rard-Perron, l\u2019am\u00e9nagement d\u2019une placette publique et son stationnement ainsi que la revitalisation des rues limitrophes au march\u00e9 publique.<br \/>\nPhase I :<br \/>\nAvec l&#39;int\u00e9gration de nouveaux \u00e9quipements sportifs et r\u00e9cr\u00e9atifs, ce parc compl\u00e8tement r\u00e9am\u00e9nag\u00e9, incorpore \u00e9galement des am\u00e9nagements paysagers et d\u2019apaisement de la circulation avec un \u00e9clairage adapt\u00e9 au site.<br \/>\nLe nouvel espace comprend une surface multisports (patinoire et multiusage en \u00e9t\u00e9), un skatepark style \u00ab skate Plaza \u00bb avec ses estrades, des aires de jeux, une aire de jeux d\u2019eau, une surface de demi-basketball, des aires de repos et pique-nique, des plantations, des sentiers et du mobilier urbain moderne cr\u00e9ant une ambiance et un cadre physique coh\u00e9rent et contemporain.<br \/>\nPhase II :<br \/>\nCet am\u00e9nagement propose une place publique qui vient relier le march\u00e9 public au boulevard Saint-Joseph de fa\u00e7on s\u00e9curitaire et fluide pour le marcheur. Elle int\u00e8gre un \u00e9clairage contemporain venant cr\u00e9er une ambiance lumineuse unique et un \u00e9l\u00e9ment de signal\u00e9tique de type architectural et signature pour annoncer le parc et le march\u00e9.<\/p>\n","en":"<p>Inspired mainly by the enhancement of the core of the Saint-Joseph neighbourhood, the City of Drummondville was seeking ways to revitalize the sector by constructing a park and a new public space that would create a link between Saint-Joseph Boulevard and the public market. This 6-phase revitalization project includes the preparation of a master plan and the redevelopment of Parc<br \/>\nG\u00e9rard-Perron, the landscaping of a small public square with parking and the revitalization of streets adjacent to the public market. <\/p>\n<p>Phase I:<\/p>\n<p>With the incorporation of new sports and recreational facilities, this park was completely redeveloped. The project also includes landscaping and traffic calming measures, and lighting that is appropriate for the site.   <\/p>\n<p>The new space offers a multi-sport surface (skating rink, multi-purpose surface in summer), a \u201cskate Plaza\u201d style skate park with bleachers, playground areas, a splash pad, a half basketball court, rest areas and picnic spaces, planting beds, footpaths and modern street furniture to create an ambiance and a physical environment that are cohesive and contemporary.  <\/p>\n<p>Phase II:<\/p>\n<p>This development proposes a public area that will connect the public market to Saint-Joseph Boulevard and provide pedestrians with a safe, smooth link. It incorporates contemporary lighting that will offer a unique, well-lit ambiance, as well as signature signage in architectural form to advertise the park and the market.<\/p>\n","original":""}],"different_jury_text":false,"different_category_text":false},"laureats":[],"contest_id":"6760","contest_title":"GRANDS PRIX DU DESIGN - 14th edition","firms":[{"name":"Groupe BC2","website":"https:\/\/www.groupebc2.ca\/","category":"Architecture de paysage","category_tax":false,"category_label":null},{"name":"GKC Architectes","website":"http:\/\/gkc.ca\/","category":"Architecte","category_tax":false,"category_label":null}],"user":{"email":"info@groupebc2.com","first_name":"Olivier","last_name":"Perron-Collins"},"doc_texts_web":{"fr":"","en":""},"permalinks":{"fr":"https:\/\/int.design\/fr\/projets\/mise-en-valeur-du-noyau-du-quartier-saint-joseph-parc-gerard-perron-drummondville\/","en":"https:\/\/int.design\/en\/projects\/mise-en-valeur-du-noyau-du-quartier-saint-joseph-parc-gerard-perron-drummondville\/"},"titles":{"fr":"Mise en valeur du noyau du quartier Saint-Joseph \u2013 Parc G\u00e9rard-Perron |Drummondville","en":"Mise en valeur du noyau du quartier Saint-Joseph \u2013 Parc G\u00e9rard-Perron |Drummondville"},"wp_fields":[],"laravel_id":""},"_links":{"self":[{"href":"https:\/\/int.design\/en\/wp-json\/wp\/v2\/project\/26231","targetHints":{"allow":["GET"]}}],"collection":[{"href":"https:\/\/int.design\/en\/wp-json\/wp\/v2\/project"}],"about":[{"href":"https:\/\/int.design\/en\/wp-json\/wp\/v2\/types\/project"}],"wp:attachment":[{"href":"https:\/\/int.design\/en\/wp-json\/wp\/v2\/media?parent=26231"}],"curies":[{"name":"wp","href":"https:\/\/api.w.org\/{rel}","templated":true}]}}