{"id":25926,"date":"2021-07-14T19:33:54","date_gmt":"2021-07-14T23:33:54","guid":{"rendered":"https:\/\/int.design\/?post_type=project&#038;p=25926"},"modified":"2021-07-16T13:59:14","modified_gmt":"2021-07-16T17:59:14","slug":"mso-2","status":"publish","type":"project","link":"https:\/\/int.design\/en\/projects\/mso-2\/","title":{"rendered":"MSO"},"content":{"rendered":"","protected":false},"template":"","class_list":["post-25926","project","type-project","status-publish","hentry","project_category-architecture-grands_prix_du_design_en","project_category-residential-building","project_category-special-award","project_category-single-family-home","project_category-art-integration-in-architecture"],"acf":[],"yoast_head":"<!-- This site is optimized with the Yoast SEO plugin v21.5 - https:\/\/yoast.com\/wordpress\/plugins\/seo\/ -->\n<title>MSO - INT Design<\/title>\n<meta name=\"robots\" content=\"index, follow, max-snippet:-1, max-image-preview:large, max-video-preview:-1\" \/>\n<link rel=\"canonical\" href=\"https:\/\/int.design\/en\/projects\/mso-2\/\" \/>\n<meta property=\"og:locale\" content=\"en_US\" \/>\n<meta property=\"og:type\" content=\"article\" \/>\n<meta property=\"og:title\" content=\"MSO - INT Design\" \/>\n<meta property=\"og:url\" content=\"https:\/\/int.design\/en\/projects\/mso-2\/\" \/>\n<meta property=\"og:site_name\" content=\"INT Design\" \/>\n<meta property=\"article:modified_time\" content=\"2021-07-16T17:59:14+00:00\" \/>\n<meta name=\"twitter:card\" content=\"summary_large_image\" \/>\n<script type=\"application\/ld+json\" class=\"yoast-schema-graph\">{\"@context\":\"https:\/\/schema.org\",\"@graph\":[{\"@type\":\"WebPage\",\"@id\":\"https:\/\/int.design\/en\/projects\/mso-2\/\",\"url\":\"https:\/\/int.design\/en\/projects\/mso-2\/\",\"name\":\"MSO - INT Design\",\"isPartOf\":{\"@id\":\"https:\/\/int.design\/fr\/#website\"},\"datePublished\":\"2021-07-14T23:33:54+00:00\",\"dateModified\":\"2021-07-16T17:59:14+00:00\",\"breadcrumb\":{\"@id\":\"https:\/\/int.design\/en\/projects\/mso-2\/#breadcrumb\"},\"inLanguage\":\"en-US\",\"potentialAction\":[{\"@type\":\"ReadAction\",\"target\":[\"https:\/\/int.design\/en\/projects\/mso-2\/\"]}]},{\"@type\":\"BreadcrumbList\",\"@id\":\"https:\/\/int.design\/en\/projects\/mso-2\/#breadcrumb\",\"itemListElement\":[{\"@type\":\"ListItem\",\"position\":1,\"name\":\"Home\",\"item\":\"https:\/\/int.design\/en\/\"},{\"@type\":\"ListItem\",\"position\":2,\"name\":\"Projects\",\"item\":\"https:\/\/int.design\/en\/projects\/\"},{\"@type\":\"ListItem\",\"position\":3,\"name\":\"MSO\"}]},{\"@type\":\"WebSite\",\"@id\":\"https:\/\/int.design\/fr\/#website\",\"url\":\"https:\/\/int.design\/fr\/\",\"name\":\"INT Design\",\"description\":\"\",\"potentialAction\":[{\"@type\":\"SearchAction\",\"target\":{\"@type\":\"EntryPoint\",\"urlTemplate\":\"https:\/\/int.design\/fr\/?s={search_term_string}\"},\"query-input\":\"required name=search_term_string\"}],\"inLanguage\":\"en-US\"}]}<\/script>\n<!-- \/ Yoast SEO plugin. -->","yoast_head_json":{"title":"MSO - INT Design","robots":{"index":"index","follow":"follow","max-snippet":"max-snippet:-1","max-image-preview":"max-image-preview:large","max-video-preview":"max-video-preview:-1"},"canonical":"https:\/\/int.design\/en\/projects\/mso-2\/","og_locale":"en_US","og_type":"article","og_title":"MSO - INT Design","og_url":"https:\/\/int.design\/en\/projects\/mso-2\/","og_site_name":"INT Design","article_modified_time":"2021-07-16T17:59:14+00:00","twitter_card":"summary_large_image","schema":{"@context":"https:\/\/schema.org","@graph":[{"@type":"WebPage","@id":"https:\/\/int.design\/en\/projects\/mso-2\/","url":"https:\/\/int.design\/en\/projects\/mso-2\/","name":"MSO - INT Design","isPartOf":{"@id":"https:\/\/int.design\/fr\/#website"},"datePublished":"2021-07-14T23:33:54+00:00","dateModified":"2021-07-16T17:59:14+00:00","breadcrumb":{"@id":"https:\/\/int.design\/en\/projects\/mso-2\/#breadcrumb"},"inLanguage":"en-US","potentialAction":[{"@type":"ReadAction","target":["https:\/\/int.design\/en\/projects\/mso-2\/"]}]},{"@type":"BreadcrumbList","@id":"https:\/\/int.design\/en\/projects\/mso-2\/#breadcrumb","itemListElement":[{"@type":"ListItem","position":1,"name":"Home","item":"https:\/\/int.design\/en\/"},{"@type":"ListItem","position":2,"name":"Projects","item":"https:\/\/int.design\/en\/projects\/"},{"@type":"ListItem","position":3,"name":"MSO"}]},{"@type":"WebSite","@id":"https:\/\/int.design\/fr\/#website","url":"https:\/\/int.design\/fr\/","name":"INT Design","description":"","potentialAction":[{"@type":"SearchAction","target":{"@type":"EntryPoint","urlTemplate":"https:\/\/int.design\/fr\/?s={search_term_string}"},"query-input":"required name=search_term_string"}],"inLanguage":"en-US"}]}},"entry":{"cats":{"disciplines":[{"id":344,"name":"Architecture"}],"big_cats":[{"id":611,"name":"Residential Building"},{"id":632,"name":"Special Award"}],"sub_cats":[{"id":616,"name":"Single-Family Home","parent":611},{"id":635,"name":"Art Integration in Architecture","parent":632}]},"entry":{"":null,"status":"ongoing","winner_title":"","winner_prize_lang":"","title_translatable":false,"title_en":"","title_fr":"","releve_award":false,"releve_award_cv":false,"collaboration":false,"collaboration_firms":false,"other_firms":[{"name":"Studio Jean Verville architectes","website":"https:\/\/www.jeanverville.com\/","category":"Architecte","category_tax":false}],"owner":{"name":"","confidential":false,"website":"","contact_name":"","email":"","phone":""},"address":{"address":"","city":"","region":"Montr\u00e9al","province":"QC","country":"","postal_code":""},"logos":false,"use_logo":false,"designers":[{"name":"Jean Verville","credit":"Special collaboration Studio Jean Verville Architectes + F\u00e9lix Michaud, photograph","image":{"ID":65275,"id":65275,"title":"GPD_MSO_designer","filename":"6_GPD_MSO_designer-scaled.jpg","filesize":0,"url":"https:\/\/int.design\/wp-content\/uploads\/2021\/03\/6_GPD_MSO_designer-scaled.jpg","link":"https:\/\/int.design\/fr\/projets\/mso-2\/gpd_mso_designer-2\/","alt":"","author":"142","description":"","caption":"","name":"gpd_mso_designer-2","status":"inherit","uploaded_to":25925,"date":"2021-03-02 14:31:09","modified":"2021-03-02 14:31:41","menu_order":0,"mime_type":"image\/jpeg","type":"image","subtype":"jpeg","icon":"https:\/\/int.design\/wp-includes\/images\/media\/default.png","width":1707,"height":2560,"sizes":{"thumbnail":"https:\/\/int.design\/wp-content\/uploads\/2021\/03\/6_GPD_MSO_designer-150x150.jpg","thumbnail-width":150,"thumbnail-height":150,"medium":"https:\/\/int.design\/wp-content\/uploads\/2021\/03\/6_GPD_MSO_designer-200x300.jpg","medium-width":200,"medium-height":300,"medium_large":"https:\/\/int.design\/wp-content\/uploads\/2021\/03\/6_GPD_MSO_designer-768x1152.jpg","medium_large-width":768,"medium_large-height":1152,"large":"https:\/\/int.design\/wp-content\/uploads\/2021\/03\/6_GPD_MSO_designer-683x1024.jpg","large-width":683,"large-height":1024,"1536x1536":"https:\/\/int.design\/wp-content\/uploads\/2021\/03\/6_GPD_MSO_designer-1024x1536.jpg","1536x1536-width":1024,"1536x1536-height":1536,"2048x2048":"https:\/\/int.design\/wp-content\/uploads\/2021\/03\/6_GPD_MSO_designer-1365x2048.jpg","2048x2048-width":1365,"2048x2048-height":2048,"article":"https:\/\/int.design\/wp-content\/uploads\/2021\/03\/6_GPD_MSO_designer-960x540.jpg","article-width":960,"article-height":540,"banner":"https:\/\/int.design\/wp-content\/uploads\/2021\/03\/6_GPD_MSO_designer-1920x2880.jpg","banner-width":1920,"banner-height":2880,"block":"https:\/\/int.design\/wp-content\/uploads\/2021\/03\/6_GPD_MSO_designer-900x680.jpg","block-width":900,"block-height":680,"card":"https:\/\/int.design\/wp-content\/uploads\/2021\/03\/6_GPD_MSO_designer-560x495.jpg","card-width":560,"card-height":495,"card-thumbnail":"https:\/\/int.design\/wp-content\/uploads\/2021\/03\/6_GPD_MSO_designer-450x340.jpg","card-thumbnail-width":450,"card-thumbnail-height":340,"conference":"https:\/\/int.design\/wp-content\/uploads\/2021\/03\/6_GPD_MSO_designer-560x250.jpg","conference-width":560,"conference-height":250,"contest":"https:\/\/int.design\/wp-content\/uploads\/2021\/03\/6_GPD_MSO_designer-960x400.jpg","contest-width":960,"contest-height":400,"cta":"https:\/\/int.design\/wp-content\/uploads\/2021\/03\/6_GPD_MSO_designer-415x170.jpg","cta-width":415,"cta-height":170,"exhibitor":"https:\/\/int.design\/wp-content\/uploads\/2021\/03\/6_GPD_MSO_designer-560x560.jpg","exhibitor-width":560,"exhibitor-height":560,"gallery":"https:\/\/int.design\/wp-content\/uploads\/2021\/03\/6_GPD_MSO_designer-287x430.jpg","gallery-width":287,"gallery-height":430,"logo":"https:\/\/int.design\/wp-content\/uploads\/2021\/03\/6_GPD_MSO_designer-67x100.jpg","logo-width":67,"logo-height":100,"masonry":"https:\/\/int.design\/wp-content\/uploads\/2021\/03\/6_GPD_MSO_designer-550x825.jpg","masonry-width":550,"masonry-height":825,"modal":"https:\/\/int.design\/wp-content\/uploads\/2021\/03\/6_GPD_MSO_designer-1280x1920.jpg","modal-width":1280,"modal-height":1920,"number":"https:\/\/int.design\/wp-content\/uploads\/2021\/03\/6_GPD_MSO_designer-287x430.jpg","number-width":287,"number-height":430,"partner":"https:\/\/int.design\/wp-content\/uploads\/2021\/03\/6_GPD_MSO_designer-140x210.jpg","partner-width":140,"partner-height":210,"ranking":"https:\/\/int.design\/wp-content\/uploads\/2021\/03\/6_GPD_MSO_designer-960x540.jpg","ranking-width":960,"ranking-height":540,"schedule":"https:\/\/int.design\/wp-content\/uploads\/2021\/03\/6_GPD_MSO_designer-960x360.jpg","schedule-width":960,"schedule-height":360,"slideshow":"https:\/\/int.design\/wp-content\/uploads\/2021\/03\/6_GPD_MSO_designer-453x680.jpg","slideshow-width":453,"slideshow-height":680}},"file":{"ID":65276,"id":65276,"title":"GPD_BIO_work file","filename":"9_GPD_BIO_work file.pdf","filesize":0,"url":"https:\/\/d2q6z78khxmx42.cloudfront.net\/2021\/03\/9_GPD_BIO_work file.pdf","link":"https:\/\/int.design\/fr\/projets\/mso-2\/gpd_bio_work-file-5\/","alt":"","author":"142","description":"","caption":"","name":"gpd_bio_work-file-5","status":"inherit","uploaded_to":25925,"date":"2021-03-02 14:31:38","modified":"2021-03-02 14:31:41","menu_order":0,"mime_type":"application\/pdf","type":"application","subtype":"pdf","icon":"https:\/\/int.design\/wp-includes\/images\/media\/document.png"}}],"cover":[{"categories":[821,397],"credit":"Special collaboration Studio Jean Verville Architectes + F\u00e9lix Michaud, photograph","image":{"ID":65277,"id":65277,"title":"COVER_PHOTO1_MSO_STUDIO-JEAN-VERVILLE-ARCHITECTES","filename":"7_COVER_PHOTO1_MSO_STUDIO-JEAN-VERVILLE-ARCHITECTES-scaled.jpg","filesize":0,"url":"https:\/\/int.design\/wp-content\/uploads\/2021\/03\/7_COVER_PHOTO1_MSO_STUDIO-JEAN-VERVILLE-ARCHITECTES-scaled.jpg","link":"https:\/\/int.design\/fr\/projets\/mso-2\/cover_photo1_mso_studio-jean-verville-architectes-3\/","alt":"","author":"142","description":"","caption":"","name":"cover_photo1_mso_studio-jean-verville-architectes-3","status":"inherit","uploaded_to":25925,"date":"2021-03-02 14:32:29","modified":"2021-03-02 14:32:55","menu_order":0,"mime_type":"image\/jpeg","type":"image","subtype":"jpeg","icon":"https:\/\/int.design\/wp-includes\/images\/media\/default.png","width":2560,"height":1707,"sizes":{"thumbnail":"https:\/\/int.design\/wp-content\/uploads\/2021\/03\/7_COVER_PHOTO1_MSO_STUDIO-JEAN-VERVILLE-ARCHITECTES-150x150.jpg","thumbnail-width":150,"thumbnail-height":150,"medium":"https:\/\/int.design\/wp-content\/uploads\/2021\/03\/7_COVER_PHOTO1_MSO_STUDIO-JEAN-VERVILLE-ARCHITECTES-300x200.jpg","medium-width":300,"medium-height":200,"medium_large":"https:\/\/int.design\/wp-content\/uploads\/2021\/03\/7_COVER_PHOTO1_MSO_STUDIO-JEAN-VERVILLE-ARCHITECTES-768x512.jpg","medium_large-width":768,"medium_large-height":512,"large":"https:\/\/int.design\/wp-content\/uploads\/2021\/03\/7_COVER_PHOTO1_MSO_STUDIO-JEAN-VERVILLE-ARCHITECTES-1024x683.jpg","large-width":1024,"large-height":683,"1536x1536":"https:\/\/int.design\/wp-content\/uploads\/2021\/03\/7_COVER_PHOTO1_MSO_STUDIO-JEAN-VERVILLE-ARCHITECTES-1536x1024.jpg","1536x1536-width":1536,"1536x1536-height":1024,"2048x2048":"https:\/\/int.design\/wp-content\/uploads\/2021\/03\/7_COVER_PHOTO1_MSO_STUDIO-JEAN-VERVILLE-ARCHITECTES-2048x1365.jpg","2048x2048-width":2048,"2048x2048-height":1365,"article":"https:\/\/int.design\/wp-content\/uploads\/2021\/03\/7_COVER_PHOTO1_MSO_STUDIO-JEAN-VERVILLE-ARCHITECTES-960x540.jpg","article-width":960,"article-height":540,"banner":"https:\/\/int.design\/wp-content\/uploads\/2021\/03\/7_COVER_PHOTO1_MSO_STUDIO-JEAN-VERVILLE-ARCHITECTES-1920x1280.jpg","banner-width":1920,"banner-height":1280,"block":"https:\/\/int.design\/wp-content\/uploads\/2021\/03\/7_COVER_PHOTO1_MSO_STUDIO-JEAN-VERVILLE-ARCHITECTES-900x680.jpg","block-width":900,"block-height":680,"card":"https:\/\/int.design\/wp-content\/uploads\/2021\/03\/7_COVER_PHOTO1_MSO_STUDIO-JEAN-VERVILLE-ARCHITECTES-560x495.jpg","card-width":560,"card-height":495,"card-thumbnail":"https:\/\/int.design\/wp-content\/uploads\/2021\/03\/7_COVER_PHOTO1_MSO_STUDIO-JEAN-VERVILLE-ARCHITECTES-450x340.jpg","card-thumbnail-width":450,"card-thumbnail-height":340,"conference":"https:\/\/int.design\/wp-content\/uploads\/2021\/03\/7_COVER_PHOTO1_MSO_STUDIO-JEAN-VERVILLE-ARCHITECTES-560x250.jpg","conference-width":560,"conference-height":250,"contest":"https:\/\/int.design\/wp-content\/uploads\/2021\/03\/7_COVER_PHOTO1_MSO_STUDIO-JEAN-VERVILLE-ARCHITECTES-960x400.jpg","contest-width":960,"contest-height":400,"cta":"https:\/\/int.design\/wp-content\/uploads\/2021\/03\/7_COVER_PHOTO1_MSO_STUDIO-JEAN-VERVILLE-ARCHITECTES-415x170.jpg","cta-width":415,"cta-height":170,"exhibitor":"https:\/\/int.design\/wp-content\/uploads\/2021\/03\/7_COVER_PHOTO1_MSO_STUDIO-JEAN-VERVILLE-ARCHITECTES-560x560.jpg","exhibitor-width":560,"exhibitor-height":560,"gallery":"https:\/\/int.design\/wp-content\/uploads\/2021\/03\/7_COVER_PHOTO1_MSO_STUDIO-JEAN-VERVILLE-ARCHITECTES-560x373.jpg","gallery-width":560,"gallery-height":373,"logo":"https:\/\/int.design\/wp-content\/uploads\/2021\/03\/7_COVER_PHOTO1_MSO_STUDIO-JEAN-VERVILLE-ARCHITECTES-150x100.jpg","logo-width":150,"logo-height":100,"masonry":"https:\/\/int.design\/wp-content\/uploads\/2021\/03\/7_COVER_PHOTO1_MSO_STUDIO-JEAN-VERVILLE-ARCHITECTES-550x367.jpg","masonry-width":550,"masonry-height":367,"modal":"https:\/\/int.design\/wp-content\/uploads\/2021\/03\/7_COVER_PHOTO1_MSO_STUDIO-JEAN-VERVILLE-ARCHITECTES-1920x1280.jpg","modal-width":1920,"modal-height":1280,"number":"https:\/\/int.design\/wp-content\/uploads\/2021\/03\/7_COVER_PHOTO1_MSO_STUDIO-JEAN-VERVILLE-ARCHITECTES-560x373.jpg","number-width":560,"number-height":373,"partner":"https:\/\/int.design\/wp-content\/uploads\/2021\/03\/7_COVER_PHOTO1_MSO_STUDIO-JEAN-VERVILLE-ARCHITECTES-275x183.jpg","partner-width":275,"partner-height":183,"ranking":"https:\/\/int.design\/wp-content\/uploads\/2021\/03\/7_COVER_PHOTO1_MSO_STUDIO-JEAN-VERVILLE-ARCHITECTES-960x540.jpg","ranking-width":960,"ranking-height":540,"schedule":"https:\/\/int.design\/wp-content\/uploads\/2021\/03\/7_COVER_PHOTO1_MSO_STUDIO-JEAN-VERVILLE-ARCHITECTES-960x360.jpg","schedule-width":960,"schedule-height":360,"slideshow":"https:\/\/int.design\/wp-content\/uploads\/2021\/03\/7_COVER_PHOTO1_MSO_STUDIO-JEAN-VERVILLE-ARCHITECTES-1020x680.jpg","slideshow-width":1020,"slideshow-height":680}},"filters":[1005],"suppliers":false,"attachment_category":[]}],"images":[{"categories":[821,397],"credit":"Special collaboration Studio Jean Verville Architectes + F\u00e9lix Michaud, photograph","image":{"ID":65278,"id":65278,"title":"COVER_PHOTO1_MSO_STUDIO-JEAN-VERVILLE-ARCHITECTES","filename":"8_COVER_PHOTO1_MSO_STUDIO-JEAN-VERVILLE-ARCHITECTES-scaled.jpg","filesize":0,"url":"https:\/\/int.design\/wp-content\/uploads\/2021\/03\/8_COVER_PHOTO1_MSO_STUDIO-JEAN-VERVILLE-ARCHITECTES-scaled.jpg","link":"https:\/\/int.design\/fr\/projets\/mso-2\/cover_photo1_mso_studio-jean-verville-architectes-4\/","alt":"","author":"142","description":"MSO Studio Jean Verville architectes Studio Jean Verville architectes","caption":"","name":"cover_photo1_mso_studio-jean-verville-architectes-4","status":"inherit","uploaded_to":25925,"date":"2021-03-02 14:36:23","modified":"2022-02-08 13:47:18","menu_order":0,"mime_type":"image\/jpeg","type":"image","subtype":"jpeg","icon":"https:\/\/int.design\/wp-includes\/images\/media\/default.png","width":2560,"height":1707,"sizes":{"thumbnail":"https:\/\/int.design\/wp-content\/uploads\/2021\/03\/8_COVER_PHOTO1_MSO_STUDIO-JEAN-VERVILLE-ARCHITECTES-150x150.jpg","thumbnail-width":150,"thumbnail-height":150,"medium":"https:\/\/int.design\/wp-content\/uploads\/2021\/03\/8_COVER_PHOTO1_MSO_STUDIO-JEAN-VERVILLE-ARCHITECTES-300x200.jpg","medium-width":300,"medium-height":200,"medium_large":"https:\/\/int.design\/wp-content\/uploads\/2021\/03\/8_COVER_PHOTO1_MSO_STUDIO-JEAN-VERVILLE-ARCHITECTES-768x512.jpg","medium_large-width":768,"medium_large-height":512,"large":"https:\/\/int.design\/wp-content\/uploads\/2021\/03\/8_COVER_PHOTO1_MSO_STUDIO-JEAN-VERVILLE-ARCHITECTES-1024x683.jpg","large-width":1024,"large-height":683,"1536x1536":"https:\/\/int.design\/wp-content\/uploads\/2021\/03\/8_COVER_PHOTO1_MSO_STUDIO-JEAN-VERVILLE-ARCHITECTES-1536x1024.jpg","1536x1536-width":1536,"1536x1536-height":1024,"2048x2048":"https:\/\/int.design\/wp-content\/uploads\/2021\/03\/8_COVER_PHOTO1_MSO_STUDIO-JEAN-VERVILLE-ARCHITECTES-2048x1365.jpg","2048x2048-width":2048,"2048x2048-height":1365,"article":"https:\/\/int.design\/wp-content\/uploads\/2021\/03\/8_COVER_PHOTO1_MSO_STUDIO-JEAN-VERVILLE-ARCHITECTES-960x540.jpg","article-width":960,"article-height":540,"banner":"https:\/\/int.design\/wp-content\/uploads\/2021\/03\/8_COVER_PHOTO1_MSO_STUDIO-JEAN-VERVILLE-ARCHITECTES-1920x1280.jpg","banner-width":1920,"banner-height":1280,"block":"https:\/\/int.design\/wp-content\/uploads\/2021\/03\/8_COVER_PHOTO1_MSO_STUDIO-JEAN-VERVILLE-ARCHITECTES-900x680.jpg","block-width":900,"block-height":680,"card":"https:\/\/int.design\/wp-content\/uploads\/2021\/03\/8_COVER_PHOTO1_MSO_STUDIO-JEAN-VERVILLE-ARCHITECTES-560x495.jpg","card-width":560,"card-height":495,"card-thumbnail":"https:\/\/int.design\/wp-content\/uploads\/2021\/03\/8_COVER_PHOTO1_MSO_STUDIO-JEAN-VERVILLE-ARCHITECTES-450x340.jpg","card-thumbnail-width":450,"card-thumbnail-height":340,"conference":"https:\/\/int.design\/wp-content\/uploads\/2021\/03\/8_COVER_PHOTO1_MSO_STUDIO-JEAN-VERVILLE-ARCHITECTES-560x250.jpg","conference-width":560,"conference-height":250,"contest":"https:\/\/int.design\/wp-content\/uploads\/2021\/03\/8_COVER_PHOTO1_MSO_STUDIO-JEAN-VERVILLE-ARCHITECTES-960x400.jpg","contest-width":960,"contest-height":400,"cta":"https:\/\/int.design\/wp-content\/uploads\/2021\/03\/8_COVER_PHOTO1_MSO_STUDIO-JEAN-VERVILLE-ARCHITECTES-415x170.jpg","cta-width":415,"cta-height":170,"exhibitor":"https:\/\/int.design\/wp-content\/uploads\/2021\/03\/8_COVER_PHOTO1_MSO_STUDIO-JEAN-VERVILLE-ARCHITECTES-560x560.jpg","exhibitor-width":560,"exhibitor-height":560,"gallery":"https:\/\/int.design\/wp-content\/uploads\/2021\/03\/8_COVER_PHOTO1_MSO_STUDIO-JEAN-VERVILLE-ARCHITECTES-560x373.jpg","gallery-width":560,"gallery-height":373,"logo":"https:\/\/int.design\/wp-content\/uploads\/2021\/03\/8_COVER_PHOTO1_MSO_STUDIO-JEAN-VERVILLE-ARCHITECTES-150x100.jpg","logo-width":150,"logo-height":100,"masonry":"https:\/\/int.design\/wp-content\/uploads\/2021\/03\/8_COVER_PHOTO1_MSO_STUDIO-JEAN-VERVILLE-ARCHITECTES-550x367.jpg","masonry-width":550,"masonry-height":367,"modal":"https:\/\/int.design\/wp-content\/uploads\/2021\/03\/8_COVER_PHOTO1_MSO_STUDIO-JEAN-VERVILLE-ARCHITECTES-1920x1280.jpg","modal-width":1920,"modal-height":1280,"number":"https:\/\/int.design\/wp-content\/uploads\/2021\/03\/8_COVER_PHOTO1_MSO_STUDIO-JEAN-VERVILLE-ARCHITECTES-560x373.jpg","number-width":560,"number-height":373,"partner":"https:\/\/int.design\/wp-content\/uploads\/2021\/03\/8_COVER_PHOTO1_MSO_STUDIO-JEAN-VERVILLE-ARCHITECTES-275x183.jpg","partner-width":275,"partner-height":183,"ranking":"https:\/\/int.design\/wp-content\/uploads\/2021\/03\/8_COVER_PHOTO1_MSO_STUDIO-JEAN-VERVILLE-ARCHITECTES-960x540.jpg","ranking-width":960,"ranking-height":540,"schedule":"https:\/\/int.design\/wp-content\/uploads\/2021\/03\/8_COVER_PHOTO1_MSO_STUDIO-JEAN-VERVILLE-ARCHITECTES-960x360.jpg","schedule-width":960,"schedule-height":360,"slideshow":"https:\/\/int.design\/wp-content\/uploads\/2021\/03\/8_COVER_PHOTO1_MSO_STUDIO-JEAN-VERVILLE-ARCHITECTES-1020x680.jpg","slideshow-width":1020,"slideshow-height":680}},"filters":[1005],"suppliers":false,"attachment_category":[]},{"categories":[821,397],"credit":"Special collaboration Studio Jean Verville Architectes + F\u00e9lix Michaud, photograph","image":{"ID":65279,"id":65279,"title":"COVER_PHOTO15_MSO_STUDIO-JEAN-VERVILLE-ARCHITECTES","filename":"7_COVER_PHOTO15_MSO_STUDIO-JEAN-VERVILLE-ARCHITECTES-scaled.jpg","filesize":0,"url":"https:\/\/int.design\/wp-content\/uploads\/2021\/03\/7_COVER_PHOTO15_MSO_STUDIO-JEAN-VERVILLE-ARCHITECTES-scaled.jpg","link":"https:\/\/int.design\/fr\/projets\/mso-2\/cover_photo15_mso_studio-jean-verville-architectes-3\/","alt":"","author":"142","description":"MSO Studio Jean Verville architectes Studio Jean Verville architectes","caption":"","name":"cover_photo15_mso_studio-jean-verville-architectes-3","status":"inherit","uploaded_to":25925,"date":"2021-03-02 14:36:46","modified":"2022-02-08 13:47:18","menu_order":0,"mime_type":"image\/jpeg","type":"image","subtype":"jpeg","icon":"https:\/\/int.design\/wp-includes\/images\/media\/default.png","width":1707,"height":2560,"sizes":{"thumbnail":"https:\/\/int.design\/wp-content\/uploads\/2021\/03\/7_COVER_PHOTO15_MSO_STUDIO-JEAN-VERVILLE-ARCHITECTES-150x150.jpg","thumbnail-width":150,"thumbnail-height":150,"medium":"https:\/\/int.design\/wp-content\/uploads\/2021\/03\/7_COVER_PHOTO15_MSO_STUDIO-JEAN-VERVILLE-ARCHITECTES-200x300.jpg","medium-width":200,"medium-height":300,"medium_large":"https:\/\/int.design\/wp-content\/uploads\/2021\/03\/7_COVER_PHOTO15_MSO_STUDIO-JEAN-VERVILLE-ARCHITECTES-768x1152.jpg","medium_large-width":768,"medium_large-height":1152,"large":"https:\/\/int.design\/wp-content\/uploads\/2021\/03\/7_COVER_PHOTO15_MSO_STUDIO-JEAN-VERVILLE-ARCHITECTES-683x1024.jpg","large-width":683,"large-height":1024,"1536x1536":"https:\/\/int.design\/wp-content\/uploads\/2021\/03\/7_COVER_PHOTO15_MSO_STUDIO-JEAN-VERVILLE-ARCHITECTES-1024x1536.jpg","1536x1536-width":1024,"1536x1536-height":1536,"2048x2048":"https:\/\/int.design\/wp-content\/uploads\/2021\/03\/7_COVER_PHOTO15_MSO_STUDIO-JEAN-VERVILLE-ARCHITECTES-1365x2048.jpg","2048x2048-width":1365,"2048x2048-height":2048,"article":"https:\/\/int.design\/wp-content\/uploads\/2021\/03\/7_COVER_PHOTO15_MSO_STUDIO-JEAN-VERVILLE-ARCHITECTES-960x540.jpg","article-width":960,"article-height":540,"banner":"https:\/\/int.design\/wp-content\/uploads\/2021\/03\/7_COVER_PHOTO15_MSO_STUDIO-JEAN-VERVILLE-ARCHITECTES-1920x2880.jpg","banner-width":1920,"banner-height":2880,"block":"https:\/\/int.design\/wp-content\/uploads\/2021\/03\/7_COVER_PHOTO15_MSO_STUDIO-JEAN-VERVILLE-ARCHITECTES-900x680.jpg","block-width":900,"block-height":680,"card":"https:\/\/int.design\/wp-content\/uploads\/2021\/03\/7_COVER_PHOTO15_MSO_STUDIO-JEAN-VERVILLE-ARCHITECTES-560x495.jpg","card-width":560,"card-height":495,"card-thumbnail":"https:\/\/int.design\/wp-content\/uploads\/2021\/03\/7_COVER_PHOTO15_MSO_STUDIO-JEAN-VERVILLE-ARCHITECTES-450x340.jpg","card-thumbnail-width":450,"card-thumbnail-height":340,"conference":"https:\/\/int.design\/wp-content\/uploads\/2021\/03\/7_COVER_PHOTO15_MSO_STUDIO-JEAN-VERVILLE-ARCHITECTES-560x250.jpg","conference-width":560,"conference-height":250,"contest":"https:\/\/int.design\/wp-content\/uploads\/2021\/03\/7_COVER_PHOTO15_MSO_STUDIO-JEAN-VERVILLE-ARCHITECTES-960x400.jpg","contest-width":960,"contest-height":400,"cta":"https:\/\/int.design\/wp-content\/uploads\/2021\/03\/7_COVER_PHOTO15_MSO_STUDIO-JEAN-VERVILLE-ARCHITECTES-415x170.jpg","cta-width":415,"cta-height":170,"exhibitor":"https:\/\/int.design\/wp-content\/uploads\/2021\/03\/7_COVER_PHOTO15_MSO_STUDIO-JEAN-VERVILLE-ARCHITECTES-560x560.jpg","exhibitor-width":560,"exhibitor-height":560,"gallery":"https:\/\/int.design\/wp-content\/uploads\/2021\/03\/7_COVER_PHOTO15_MSO_STUDIO-JEAN-VERVILLE-ARCHITECTES-287x430.jpg","gallery-width":287,"gallery-height":430,"logo":"https:\/\/int.design\/wp-content\/uploads\/2021\/03\/7_COVER_PHOTO15_MSO_STUDIO-JEAN-VERVILLE-ARCHITECTES-67x100.jpg","logo-width":67,"logo-height":100,"masonry":"https:\/\/int.design\/wp-content\/uploads\/2021\/03\/7_COVER_PHOTO15_MSO_STUDIO-JEAN-VERVILLE-ARCHITECTES-550x825.jpg","masonry-width":550,"masonry-height":825,"modal":"https:\/\/int.design\/wp-content\/uploads\/2021\/03\/7_COVER_PHOTO15_MSO_STUDIO-JEAN-VERVILLE-ARCHITECTES-1280x1920.jpg","modal-width":1280,"modal-height":1920,"number":"https:\/\/int.design\/wp-content\/uploads\/2021\/03\/7_COVER_PHOTO15_MSO_STUDIO-JEAN-VERVILLE-ARCHITECTES-287x430.jpg","number-width":287,"number-height":430,"partner":"https:\/\/int.design\/wp-content\/uploads\/2021\/03\/7_COVER_PHOTO15_MSO_STUDIO-JEAN-VERVILLE-ARCHITECTES-140x210.jpg","partner-width":140,"partner-height":210,"ranking":"https:\/\/int.design\/wp-content\/uploads\/2021\/03\/7_COVER_PHOTO15_MSO_STUDIO-JEAN-VERVILLE-ARCHITECTES-960x540.jpg","ranking-width":960,"ranking-height":540,"schedule":"https:\/\/int.design\/wp-content\/uploads\/2021\/03\/7_COVER_PHOTO15_MSO_STUDIO-JEAN-VERVILLE-ARCHITECTES-960x360.jpg","schedule-width":960,"schedule-height":360,"slideshow":"https:\/\/int.design\/wp-content\/uploads\/2021\/03\/7_COVER_PHOTO15_MSO_STUDIO-JEAN-VERVILLE-ARCHITECTES-453x680.jpg","slideshow-width":453,"slideshow-height":680}},"filters":[1005],"suppliers":false,"attachment_category":[]},{"categories":[821,397],"credit":"Special collaboration Studio Jean Verville Architectes + F\u00e9lix Michaud, photograph","image":{"ID":65280,"id":65280,"title":"PHOTO2_MSO_STUDIO-JEAN-VERVILLE-ARCHITECTES","filename":"6_PHOTO2_MSO_STUDIO-JEAN-VERVILLE-ARCHITECTES-scaled.jpg","filesize":0,"url":"https:\/\/int.design\/wp-content\/uploads\/2021\/03\/6_PHOTO2_MSO_STUDIO-JEAN-VERVILLE-ARCHITECTES-scaled.jpg","link":"https:\/\/int.design\/fr\/projets\/mso-2\/photo2_mso_studio-jean-verville-architectes-2\/","alt":"","author":"142","description":"MSO Studio Jean Verville architectes Studio Jean Verville architectes","caption":"","name":"photo2_mso_studio-jean-verville-architectes-2","status":"inherit","uploaded_to":25925,"date":"2021-03-02 14:37:08","modified":"2022-02-08 13:47:18","menu_order":0,"mime_type":"image\/jpeg","type":"image","subtype":"jpeg","icon":"https:\/\/int.design\/wp-includes\/images\/media\/default.png","width":1707,"height":2560,"sizes":{"thumbnail":"https:\/\/int.design\/wp-content\/uploads\/2021\/03\/6_PHOTO2_MSO_STUDIO-JEAN-VERVILLE-ARCHITECTES-150x150.jpg","thumbnail-width":150,"thumbnail-height":150,"medium":"https:\/\/int.design\/wp-content\/uploads\/2021\/03\/6_PHOTO2_MSO_STUDIO-JEAN-VERVILLE-ARCHITECTES-200x300.jpg","medium-width":200,"medium-height":300,"medium_large":"https:\/\/int.design\/wp-content\/uploads\/2021\/03\/6_PHOTO2_MSO_STUDIO-JEAN-VERVILLE-ARCHITECTES-768x1152.jpg","medium_large-width":768,"medium_large-height":1152,"large":"https:\/\/int.design\/wp-content\/uploads\/2021\/03\/6_PHOTO2_MSO_STUDIO-JEAN-VERVILLE-ARCHITECTES-683x1024.jpg","large-width":683,"large-height":1024,"1536x1536":"https:\/\/int.design\/wp-content\/uploads\/2021\/03\/6_PHOTO2_MSO_STUDIO-JEAN-VERVILLE-ARCHITECTES-1024x1536.jpg","1536x1536-width":1024,"1536x1536-height":1536,"2048x2048":"https:\/\/int.design\/wp-content\/uploads\/2021\/03\/6_PHOTO2_MSO_STUDIO-JEAN-VERVILLE-ARCHITECTES-1365x2048.jpg","2048x2048-width":1365,"2048x2048-height":2048,"article":"https:\/\/int.design\/wp-content\/uploads\/2021\/03\/6_PHOTO2_MSO_STUDIO-JEAN-VERVILLE-ARCHITECTES-960x540.jpg","article-width":960,"article-height":540,"banner":"https:\/\/int.design\/wp-content\/uploads\/2021\/03\/6_PHOTO2_MSO_STUDIO-JEAN-VERVILLE-ARCHITECTES-1920x2880.jpg","banner-width":1920,"banner-height":2880,"block":"https:\/\/int.design\/wp-content\/uploads\/2021\/03\/6_PHOTO2_MSO_STUDIO-JEAN-VERVILLE-ARCHITECTES-900x680.jpg","block-width":900,"block-height":680,"card":"https:\/\/int.design\/wp-content\/uploads\/2021\/03\/6_PHOTO2_MSO_STUDIO-JEAN-VERVILLE-ARCHITECTES-560x495.jpg","card-width":560,"card-height":495,"card-thumbnail":"https:\/\/int.design\/wp-content\/uploads\/2021\/03\/6_PHOTO2_MSO_STUDIO-JEAN-VERVILLE-ARCHITECTES-450x340.jpg","card-thumbnail-width":450,"card-thumbnail-height":340,"conference":"https:\/\/int.design\/wp-content\/uploads\/2021\/03\/6_PHOTO2_MSO_STUDIO-JEAN-VERVILLE-ARCHITECTES-560x250.jpg","conference-width":560,"conference-height":250,"contest":"https:\/\/int.design\/wp-content\/uploads\/2021\/03\/6_PHOTO2_MSO_STUDIO-JEAN-VERVILLE-ARCHITECTES-960x400.jpg","contest-width":960,"contest-height":400,"cta":"https:\/\/int.design\/wp-content\/uploads\/2021\/03\/6_PHOTO2_MSO_STUDIO-JEAN-VERVILLE-ARCHITECTES-415x170.jpg","cta-width":415,"cta-height":170,"exhibitor":"https:\/\/int.design\/wp-content\/uploads\/2021\/03\/6_PHOTO2_MSO_STUDIO-JEAN-VERVILLE-ARCHITECTES-560x560.jpg","exhibitor-width":560,"exhibitor-height":560,"gallery":"https:\/\/int.design\/wp-content\/uploads\/2021\/03\/6_PHOTO2_MSO_STUDIO-JEAN-VERVILLE-ARCHITECTES-287x430.jpg","gallery-width":287,"gallery-height":430,"logo":"https:\/\/int.design\/wp-content\/uploads\/2021\/03\/6_PHOTO2_MSO_STUDIO-JEAN-VERVILLE-ARCHITECTES-67x100.jpg","logo-width":67,"logo-height":100,"masonry":"https:\/\/int.design\/wp-content\/uploads\/2021\/03\/6_PHOTO2_MSO_STUDIO-JEAN-VERVILLE-ARCHITECTES-550x825.jpg","masonry-width":550,"masonry-height":825,"modal":"https:\/\/int.design\/wp-content\/uploads\/2021\/03\/6_PHOTO2_MSO_STUDIO-JEAN-VERVILLE-ARCHITECTES-1280x1920.jpg","modal-width":1280,"modal-height":1920,"number":"https:\/\/int.design\/wp-content\/uploads\/2021\/03\/6_PHOTO2_MSO_STUDIO-JEAN-VERVILLE-ARCHITECTES-287x430.jpg","number-width":287,"number-height":430,"partner":"https:\/\/int.design\/wp-content\/uploads\/2021\/03\/6_PHOTO2_MSO_STUDIO-JEAN-VERVILLE-ARCHITECTES-140x210.jpg","partner-width":140,"partner-height":210,"ranking":"https:\/\/int.design\/wp-content\/uploads\/2021\/03\/6_PHOTO2_MSO_STUDIO-JEAN-VERVILLE-ARCHITECTES-960x540.jpg","ranking-width":960,"ranking-height":540,"schedule":"https:\/\/int.design\/wp-content\/uploads\/2021\/03\/6_PHOTO2_MSO_STUDIO-JEAN-VERVILLE-ARCHITECTES-960x360.jpg","schedule-width":960,"schedule-height":360,"slideshow":"https:\/\/int.design\/wp-content\/uploads\/2021\/03\/6_PHOTO2_MSO_STUDIO-JEAN-VERVILLE-ARCHITECTES-453x680.jpg","slideshow-width":453,"slideshow-height":680}},"filters":[1005],"suppliers":false,"attachment_category":[]},{"categories":[821,397],"credit":"Special collaboration Studio Jean Verville Architectes + F\u00e9lix Michaud, photograph","image":{"ID":65281,"id":65281,"title":"PHOTO3_MSO_STUDIO-JEAN-VERVILLE-ARCHITECTES","filename":"6_PHOTO3_MSO_STUDIO-JEAN-VERVILLE-ARCHITECTES-scaled.jpg","filesize":0,"url":"https:\/\/int.design\/wp-content\/uploads\/2021\/03\/6_PHOTO3_MSO_STUDIO-JEAN-VERVILLE-ARCHITECTES-scaled.jpg","link":"https:\/\/int.design\/fr\/projets\/mso-2\/photo3_mso_studio-jean-verville-architectes-2\/","alt":"","author":"142","description":"MSO Studio Jean Verville architectes Studio Jean Verville architectes","caption":"","name":"photo3_mso_studio-jean-verville-architectes-2","status":"inherit","uploaded_to":25925,"date":"2021-03-02 14:37:28","modified":"2022-02-08 13:47:18","menu_order":0,"mime_type":"image\/jpeg","type":"image","subtype":"jpeg","icon":"https:\/\/int.design\/wp-includes\/images\/media\/default.png","width":1707,"height":2560,"sizes":{"thumbnail":"https:\/\/int.design\/wp-content\/uploads\/2021\/03\/6_PHOTO3_MSO_STUDIO-JEAN-VERVILLE-ARCHITECTES-150x150.jpg","thumbnail-width":150,"thumbnail-height":150,"medium":"https:\/\/int.design\/wp-content\/uploads\/2021\/03\/6_PHOTO3_MSO_STUDIO-JEAN-VERVILLE-ARCHITECTES-200x300.jpg","medium-width":200,"medium-height":300,"medium_large":"https:\/\/int.design\/wp-content\/uploads\/2021\/03\/6_PHOTO3_MSO_STUDIO-JEAN-VERVILLE-ARCHITECTES-768x1152.jpg","medium_large-width":768,"medium_large-height":1152,"large":"https:\/\/int.design\/wp-content\/uploads\/2021\/03\/6_PHOTO3_MSO_STUDIO-JEAN-VERVILLE-ARCHITECTES-683x1024.jpg","large-width":683,"large-height":1024,"1536x1536":"https:\/\/int.design\/wp-content\/uploads\/2021\/03\/6_PHOTO3_MSO_STUDIO-JEAN-VERVILLE-ARCHITECTES-1024x1536.jpg","1536x1536-width":1024,"1536x1536-height":1536,"2048x2048":"https:\/\/int.design\/wp-content\/uploads\/2021\/03\/6_PHOTO3_MSO_STUDIO-JEAN-VERVILLE-ARCHITECTES-1365x2048.jpg","2048x2048-width":1365,"2048x2048-height":2048,"article":"https:\/\/int.design\/wp-content\/uploads\/2021\/03\/6_PHOTO3_MSO_STUDIO-JEAN-VERVILLE-ARCHITECTES-960x540.jpg","article-width":960,"article-height":540,"banner":"https:\/\/int.design\/wp-content\/uploads\/2021\/03\/6_PHOTO3_MSO_STUDIO-JEAN-VERVILLE-ARCHITECTES-1920x2880.jpg","banner-width":1920,"banner-height":2880,"block":"https:\/\/int.design\/wp-content\/uploads\/2021\/03\/6_PHOTO3_MSO_STUDIO-JEAN-VERVILLE-ARCHITECTES-900x680.jpg","block-width":900,"block-height":680,"card":"https:\/\/int.design\/wp-content\/uploads\/2021\/03\/6_PHOTO3_MSO_STUDIO-JEAN-VERVILLE-ARCHITECTES-560x495.jpg","card-width":560,"card-height":495,"card-thumbnail":"https:\/\/int.design\/wp-content\/uploads\/2021\/03\/6_PHOTO3_MSO_STUDIO-JEAN-VERVILLE-ARCHITECTES-450x340.jpg","card-thumbnail-width":450,"card-thumbnail-height":340,"conference":"https:\/\/int.design\/wp-content\/uploads\/2021\/03\/6_PHOTO3_MSO_STUDIO-JEAN-VERVILLE-ARCHITECTES-560x250.jpg","conference-width":560,"conference-height":250,"contest":"https:\/\/int.design\/wp-content\/uploads\/2021\/03\/6_PHOTO3_MSO_STUDIO-JEAN-VERVILLE-ARCHITECTES-960x400.jpg","contest-width":960,"contest-height":400,"cta":"https:\/\/int.design\/wp-content\/uploads\/2021\/03\/6_PHOTO3_MSO_STUDIO-JEAN-VERVILLE-ARCHITECTES-415x170.jpg","cta-width":415,"cta-height":170,"exhibitor":"https:\/\/int.design\/wp-content\/uploads\/2021\/03\/6_PHOTO3_MSO_STUDIO-JEAN-VERVILLE-ARCHITECTES-560x560.jpg","exhibitor-width":560,"exhibitor-height":560,"gallery":"https:\/\/int.design\/wp-content\/uploads\/2021\/03\/6_PHOTO3_MSO_STUDIO-JEAN-VERVILLE-ARCHITECTES-287x430.jpg","gallery-width":287,"gallery-height":430,"logo":"https:\/\/int.design\/wp-content\/uploads\/2021\/03\/6_PHOTO3_MSO_STUDIO-JEAN-VERVILLE-ARCHITECTES-67x100.jpg","logo-width":67,"logo-height":100,"masonry":"https:\/\/int.design\/wp-content\/uploads\/2021\/03\/6_PHOTO3_MSO_STUDIO-JEAN-VERVILLE-ARCHITECTES-550x825.jpg","masonry-width":550,"masonry-height":825,"modal":"https:\/\/int.design\/wp-content\/uploads\/2021\/03\/6_PHOTO3_MSO_STUDIO-JEAN-VERVILLE-ARCHITECTES-1280x1920.jpg","modal-width":1280,"modal-height":1920,"number":"https:\/\/int.design\/wp-content\/uploads\/2021\/03\/6_PHOTO3_MSO_STUDIO-JEAN-VERVILLE-ARCHITECTES-287x430.jpg","number-width":287,"number-height":430,"partner":"https:\/\/int.design\/wp-content\/uploads\/2021\/03\/6_PHOTO3_MSO_STUDIO-JEAN-VERVILLE-ARCHITECTES-140x210.jpg","partner-width":140,"partner-height":210,"ranking":"https:\/\/int.design\/wp-content\/uploads\/2021\/03\/6_PHOTO3_MSO_STUDIO-JEAN-VERVILLE-ARCHITECTES-960x540.jpg","ranking-width":960,"ranking-height":540,"schedule":"https:\/\/int.design\/wp-content\/uploads\/2021\/03\/6_PHOTO3_MSO_STUDIO-JEAN-VERVILLE-ARCHITECTES-960x360.jpg","schedule-width":960,"schedule-height":360,"slideshow":"https:\/\/int.design\/wp-content\/uploads\/2021\/03\/6_PHOTO3_MSO_STUDIO-JEAN-VERVILLE-ARCHITECTES-453x680.jpg","slideshow-width":453,"slideshow-height":680}},"filters":[1005],"suppliers":false,"attachment_category":[]},{"categories":[821,397],"credit":"Special collaboration Studio Jean Verville Architectes + F\u00e9lix Michaud, photograph","image":{"ID":65282,"id":65282,"title":"PHOTO7_MSO_STUDIO-JEAN-VERVILLE-ARCHITECTES","filename":"6_PHOTO7_MSO_STUDIO-JEAN-VERVILLE-ARCHITECTES-scaled.jpg","filesize":0,"url":"https:\/\/int.design\/wp-content\/uploads\/2021\/03\/6_PHOTO7_MSO_STUDIO-JEAN-VERVILLE-ARCHITECTES-scaled.jpg","link":"https:\/\/int.design\/fr\/projets\/mso-2\/photo7_mso_studio-jean-verville-architectes-2\/","alt":"","author":"142","description":"MSO Studio Jean Verville architectes Studio Jean Verville architectes","caption":"","name":"photo7_mso_studio-jean-verville-architectes-2","status":"inherit","uploaded_to":25925,"date":"2021-03-02 14:37:57","modified":"2022-02-08 13:47:18","menu_order":0,"mime_type":"image\/jpeg","type":"image","subtype":"jpeg","icon":"https:\/\/int.design\/wp-includes\/images\/media\/default.png","width":1707,"height":2560,"sizes":{"thumbnail":"https:\/\/int.design\/wp-content\/uploads\/2021\/03\/6_PHOTO7_MSO_STUDIO-JEAN-VERVILLE-ARCHITECTES-150x150.jpg","thumbnail-width":150,"thumbnail-height":150,"medium":"https:\/\/int.design\/wp-content\/uploads\/2021\/03\/6_PHOTO7_MSO_STUDIO-JEAN-VERVILLE-ARCHITECTES-200x300.jpg","medium-width":200,"medium-height":300,"medium_large":"https:\/\/int.design\/wp-content\/uploads\/2021\/03\/6_PHOTO7_MSO_STUDIO-JEAN-VERVILLE-ARCHITECTES-768x1152.jpg","medium_large-width":768,"medium_large-height":1152,"large":"https:\/\/int.design\/wp-content\/uploads\/2021\/03\/6_PHOTO7_MSO_STUDIO-JEAN-VERVILLE-ARCHITECTES-683x1024.jpg","large-width":683,"large-height":1024,"1536x1536":"https:\/\/int.design\/wp-content\/uploads\/2021\/03\/6_PHOTO7_MSO_STUDIO-JEAN-VERVILLE-ARCHITECTES-1024x1536.jpg","1536x1536-width":1024,"1536x1536-height":1536,"2048x2048":"https:\/\/int.design\/wp-content\/uploads\/2021\/03\/6_PHOTO7_MSO_STUDIO-JEAN-VERVILLE-ARCHITECTES-1365x2048.jpg","2048x2048-width":1365,"2048x2048-height":2048,"article":"https:\/\/int.design\/wp-content\/uploads\/2021\/03\/6_PHOTO7_MSO_STUDIO-JEAN-VERVILLE-ARCHITECTES-960x540.jpg","article-width":960,"article-height":540,"banner":"https:\/\/int.design\/wp-content\/uploads\/2021\/03\/6_PHOTO7_MSO_STUDIO-JEAN-VERVILLE-ARCHITECTES-1920x2880.jpg","banner-width":1920,"banner-height":2880,"block":"https:\/\/int.design\/wp-content\/uploads\/2021\/03\/6_PHOTO7_MSO_STUDIO-JEAN-VERVILLE-ARCHITECTES-900x680.jpg","block-width":900,"block-height":680,"card":"https:\/\/int.design\/wp-content\/uploads\/2021\/03\/6_PHOTO7_MSO_STUDIO-JEAN-VERVILLE-ARCHITECTES-560x495.jpg","card-width":560,"card-height":495,"card-thumbnail":"https:\/\/int.design\/wp-content\/uploads\/2021\/03\/6_PHOTO7_MSO_STUDIO-JEAN-VERVILLE-ARCHITECTES-450x340.jpg","card-thumbnail-width":450,"card-thumbnail-height":340,"conference":"https:\/\/int.design\/wp-content\/uploads\/2021\/03\/6_PHOTO7_MSO_STUDIO-JEAN-VERVILLE-ARCHITECTES-560x250.jpg","conference-width":560,"conference-height":250,"contest":"https:\/\/int.design\/wp-content\/uploads\/2021\/03\/6_PHOTO7_MSO_STUDIO-JEAN-VERVILLE-ARCHITECTES-960x400.jpg","contest-width":960,"contest-height":400,"cta":"https:\/\/int.design\/wp-content\/uploads\/2021\/03\/6_PHOTO7_MSO_STUDIO-JEAN-VERVILLE-ARCHITECTES-415x170.jpg","cta-width":415,"cta-height":170,"exhibitor":"https:\/\/int.design\/wp-content\/uploads\/2021\/03\/6_PHOTO7_MSO_STUDIO-JEAN-VERVILLE-ARCHITECTES-560x560.jpg","exhibitor-width":560,"exhibitor-height":560,"gallery":"https:\/\/int.design\/wp-content\/uploads\/2021\/03\/6_PHOTO7_MSO_STUDIO-JEAN-VERVILLE-ARCHITECTES-287x430.jpg","gallery-width":287,"gallery-height":430,"logo":"https:\/\/int.design\/wp-content\/uploads\/2021\/03\/6_PHOTO7_MSO_STUDIO-JEAN-VERVILLE-ARCHITECTES-67x100.jpg","logo-width":67,"logo-height":100,"masonry":"https:\/\/int.design\/wp-content\/uploads\/2021\/03\/6_PHOTO7_MSO_STUDIO-JEAN-VERVILLE-ARCHITECTES-550x825.jpg","masonry-width":550,"masonry-height":825,"modal":"https:\/\/int.design\/wp-content\/uploads\/2021\/03\/6_PHOTO7_MSO_STUDIO-JEAN-VERVILLE-ARCHITECTES-1280x1920.jpg","modal-width":1280,"modal-height":1920,"number":"https:\/\/int.design\/wp-content\/uploads\/2021\/03\/6_PHOTO7_MSO_STUDIO-JEAN-VERVILLE-ARCHITECTES-287x430.jpg","number-width":287,"number-height":430,"partner":"https:\/\/int.design\/wp-content\/uploads\/2021\/03\/6_PHOTO7_MSO_STUDIO-JEAN-VERVILLE-ARCHITECTES-140x210.jpg","partner-width":140,"partner-height":210,"ranking":"https:\/\/int.design\/wp-content\/uploads\/2021\/03\/6_PHOTO7_MSO_STUDIO-JEAN-VERVILLE-ARCHITECTES-960x540.jpg","ranking-width":960,"ranking-height":540,"schedule":"https:\/\/int.design\/wp-content\/uploads\/2021\/03\/6_PHOTO7_MSO_STUDIO-JEAN-VERVILLE-ARCHITECTES-960x360.jpg","schedule-width":960,"schedule-height":360,"slideshow":"https:\/\/int.design\/wp-content\/uploads\/2021\/03\/6_PHOTO7_MSO_STUDIO-JEAN-VERVILLE-ARCHITECTES-453x680.jpg","slideshow-width":453,"slideshow-height":680}},"filters":[1005],"suppliers":false,"attachment_category":[]},{"categories":[821,397],"credit":"Special collaboration Studio Jean Verville Architectes + F\u00e9lix Michaud, photograph","image":{"ID":65283,"id":65283,"title":"PHOTO10_MSO_STUDIO-JEAN-VERVILLE-ARCHITECTES","filename":"6_PHOTO10_MSO_STUDIO-JEAN-VERVILLE-ARCHITECTES-scaled.jpg","filesize":0,"url":"https:\/\/int.design\/wp-content\/uploads\/2021\/03\/6_PHOTO10_MSO_STUDIO-JEAN-VERVILLE-ARCHITECTES-scaled.jpg","link":"https:\/\/int.design\/fr\/projets\/mso-2\/photo10_mso_studio-jean-verville-architectes-2\/","alt":"","author":"142","description":"MSO Studio Jean Verville architectes Studio Jean Verville architectes","caption":"","name":"photo10_mso_studio-jean-verville-architectes-2","status":"inherit","uploaded_to":25925,"date":"2021-03-02 14:38:20","modified":"2022-02-08 13:47:18","menu_order":0,"mime_type":"image\/jpeg","type":"image","subtype":"jpeg","icon":"https:\/\/int.design\/wp-includes\/images\/media\/default.png","width":1706,"height":2560,"sizes":{"thumbnail":"https:\/\/int.design\/wp-content\/uploads\/2021\/03\/6_PHOTO10_MSO_STUDIO-JEAN-VERVILLE-ARCHITECTES-150x150.jpg","thumbnail-width":150,"thumbnail-height":150,"medium":"https:\/\/int.design\/wp-content\/uploads\/2021\/03\/6_PHOTO10_MSO_STUDIO-JEAN-VERVILLE-ARCHITECTES-200x300.jpg","medium-width":200,"medium-height":300,"medium_large":"https:\/\/int.design\/wp-content\/uploads\/2021\/03\/6_PHOTO10_MSO_STUDIO-JEAN-VERVILLE-ARCHITECTES-768x1152.jpg","medium_large-width":768,"medium_large-height":1152,"large":"https:\/\/int.design\/wp-content\/uploads\/2021\/03\/6_PHOTO10_MSO_STUDIO-JEAN-VERVILLE-ARCHITECTES-683x1024.jpg","large-width":683,"large-height":1024,"1536x1536":"https:\/\/int.design\/wp-content\/uploads\/2021\/03\/6_PHOTO10_MSO_STUDIO-JEAN-VERVILLE-ARCHITECTES-1024x1536.jpg","1536x1536-width":1024,"1536x1536-height":1536,"2048x2048":"https:\/\/int.design\/wp-content\/uploads\/2021\/03\/6_PHOTO10_MSO_STUDIO-JEAN-VERVILLE-ARCHITECTES-1365x2048.jpg","2048x2048-width":1365,"2048x2048-height":2048,"article":"https:\/\/int.design\/wp-content\/uploads\/2021\/03\/6_PHOTO10_MSO_STUDIO-JEAN-VERVILLE-ARCHITECTES-960x540.jpg","article-width":960,"article-height":540,"banner":"https:\/\/int.design\/wp-content\/uploads\/2021\/03\/6_PHOTO10_MSO_STUDIO-JEAN-VERVILLE-ARCHITECTES-1920x2880.jpg","banner-width":1920,"banner-height":2880,"block":"https:\/\/int.design\/wp-content\/uploads\/2021\/03\/6_PHOTO10_MSO_STUDIO-JEAN-VERVILLE-ARCHITECTES-900x680.jpg","block-width":900,"block-height":680,"card":"https:\/\/int.design\/wp-content\/uploads\/2021\/03\/6_PHOTO10_MSO_STUDIO-JEAN-VERVILLE-ARCHITECTES-560x495.jpg","card-width":560,"card-height":495,"card-thumbnail":"https:\/\/int.design\/wp-content\/uploads\/2021\/03\/6_PHOTO10_MSO_STUDIO-JEAN-VERVILLE-ARCHITECTES-450x340.jpg","card-thumbnail-width":450,"card-thumbnail-height":340,"conference":"https:\/\/int.design\/wp-content\/uploads\/2021\/03\/6_PHOTO10_MSO_STUDIO-JEAN-VERVILLE-ARCHITECTES-560x250.jpg","conference-width":560,"conference-height":250,"contest":"https:\/\/int.design\/wp-content\/uploads\/2021\/03\/6_PHOTO10_MSO_STUDIO-JEAN-VERVILLE-ARCHITECTES-960x400.jpg","contest-width":960,"contest-height":400,"cta":"https:\/\/int.design\/wp-content\/uploads\/2021\/03\/6_PHOTO10_MSO_STUDIO-JEAN-VERVILLE-ARCHITECTES-415x170.jpg","cta-width":415,"cta-height":170,"exhibitor":"https:\/\/int.design\/wp-content\/uploads\/2021\/03\/6_PHOTO10_MSO_STUDIO-JEAN-VERVILLE-ARCHITECTES-560x560.jpg","exhibitor-width":560,"exhibitor-height":560,"gallery":"https:\/\/int.design\/wp-content\/uploads\/2021\/03\/6_PHOTO10_MSO_STUDIO-JEAN-VERVILLE-ARCHITECTES-287x430.jpg","gallery-width":287,"gallery-height":430,"logo":"https:\/\/int.design\/wp-content\/uploads\/2021\/03\/6_PHOTO10_MSO_STUDIO-JEAN-VERVILLE-ARCHITECTES-67x100.jpg","logo-width":67,"logo-height":100,"masonry":"https:\/\/int.design\/wp-content\/uploads\/2021\/03\/6_PHOTO10_MSO_STUDIO-JEAN-VERVILLE-ARCHITECTES-550x825.jpg","masonry-width":550,"masonry-height":825,"modal":"https:\/\/int.design\/wp-content\/uploads\/2021\/03\/6_PHOTO10_MSO_STUDIO-JEAN-VERVILLE-ARCHITECTES-1280x1920.jpg","modal-width":1280,"modal-height":1920,"number":"https:\/\/int.design\/wp-content\/uploads\/2021\/03\/6_PHOTO10_MSO_STUDIO-JEAN-VERVILLE-ARCHITECTES-287x430.jpg","number-width":287,"number-height":430,"partner":"https:\/\/int.design\/wp-content\/uploads\/2021\/03\/6_PHOTO10_MSO_STUDIO-JEAN-VERVILLE-ARCHITECTES-140x210.jpg","partner-width":140,"partner-height":210,"ranking":"https:\/\/int.design\/wp-content\/uploads\/2021\/03\/6_PHOTO10_MSO_STUDIO-JEAN-VERVILLE-ARCHITECTES-960x540.jpg","ranking-width":960,"ranking-height":540,"schedule":"https:\/\/int.design\/wp-content\/uploads\/2021\/03\/6_PHOTO10_MSO_STUDIO-JEAN-VERVILLE-ARCHITECTES-960x360.jpg","schedule-width":960,"schedule-height":360,"slideshow":"https:\/\/int.design\/wp-content\/uploads\/2021\/03\/6_PHOTO10_MSO_STUDIO-JEAN-VERVILLE-ARCHITECTES-453x680.jpg","slideshow-width":453,"slideshow-height":680}},"filters":[1005],"suppliers":false,"attachment_category":[]},{"categories":[821,397],"credit":"Special collaboration Studio Jean Verville Architectes + F\u00e9lix Michaud, photograph","image":{"ID":65284,"id":65284,"title":"PHOTO11_MSO_STUDIO-JEAN-VERVILLE-ARCHITECTES","filename":"6_PHOTO11_MSO_STUDIO-JEAN-VERVILLE-ARCHITECTES-scaled.jpg","filesize":0,"url":"https:\/\/int.design\/wp-content\/uploads\/2021\/03\/6_PHOTO11_MSO_STUDIO-JEAN-VERVILLE-ARCHITECTES-scaled.jpg","link":"https:\/\/int.design\/fr\/projets\/mso-2\/photo11_mso_studio-jean-verville-architectes-2\/","alt":"","author":"142","description":"MSO Studio Jean Verville architectes Studio Jean Verville architectes","caption":"","name":"photo11_mso_studio-jean-verville-architectes-2","status":"inherit","uploaded_to":25925,"date":"2021-03-02 14:38:41","modified":"2022-02-08 13:47:18","menu_order":0,"mime_type":"image\/jpeg","type":"image","subtype":"jpeg","icon":"https:\/\/int.design\/wp-includes\/images\/media\/default.png","width":1707,"height":2560,"sizes":{"thumbnail":"https:\/\/int.design\/wp-content\/uploads\/2021\/03\/6_PHOTO11_MSO_STUDIO-JEAN-VERVILLE-ARCHITECTES-150x150.jpg","thumbnail-width":150,"thumbnail-height":150,"medium":"https:\/\/int.design\/wp-content\/uploads\/2021\/03\/6_PHOTO11_MSO_STUDIO-JEAN-VERVILLE-ARCHITECTES-200x300.jpg","medium-width":200,"medium-height":300,"medium_large":"https:\/\/int.design\/wp-content\/uploads\/2021\/03\/6_PHOTO11_MSO_STUDIO-JEAN-VERVILLE-ARCHITECTES-768x1152.jpg","medium_large-width":768,"medium_large-height":1152,"large":"https:\/\/int.design\/wp-content\/uploads\/2021\/03\/6_PHOTO11_MSO_STUDIO-JEAN-VERVILLE-ARCHITECTES-683x1024.jpg","large-width":683,"large-height":1024,"1536x1536":"https:\/\/int.design\/wp-content\/uploads\/2021\/03\/6_PHOTO11_MSO_STUDIO-JEAN-VERVILLE-ARCHITECTES-1024x1536.jpg","1536x1536-width":1024,"1536x1536-height":1536,"2048x2048":"https:\/\/int.design\/wp-content\/uploads\/2021\/03\/6_PHOTO11_MSO_STUDIO-JEAN-VERVILLE-ARCHITECTES-1365x2048.jpg","2048x2048-width":1365,"2048x2048-height":2048,"article":"https:\/\/int.design\/wp-content\/uploads\/2021\/03\/6_PHOTO11_MSO_STUDIO-JEAN-VERVILLE-ARCHITECTES-960x540.jpg","article-width":960,"article-height":540,"banner":"https:\/\/int.design\/wp-content\/uploads\/2021\/03\/6_PHOTO11_MSO_STUDIO-JEAN-VERVILLE-ARCHITECTES-1920x2880.jpg","banner-width":1920,"banner-height":2880,"block":"https:\/\/int.design\/wp-content\/uploads\/2021\/03\/6_PHOTO11_MSO_STUDIO-JEAN-VERVILLE-ARCHITECTES-900x680.jpg","block-width":900,"block-height":680,"card":"https:\/\/int.design\/wp-content\/uploads\/2021\/03\/6_PHOTO11_MSO_STUDIO-JEAN-VERVILLE-ARCHITECTES-560x495.jpg","card-width":560,"card-height":495,"card-thumbnail":"https:\/\/int.design\/wp-content\/uploads\/2021\/03\/6_PHOTO11_MSO_STUDIO-JEAN-VERVILLE-ARCHITECTES-450x340.jpg","card-thumbnail-width":450,"card-thumbnail-height":340,"conference":"https:\/\/int.design\/wp-content\/uploads\/2021\/03\/6_PHOTO11_MSO_STUDIO-JEAN-VERVILLE-ARCHITECTES-560x250.jpg","conference-width":560,"conference-height":250,"contest":"https:\/\/int.design\/wp-content\/uploads\/2021\/03\/6_PHOTO11_MSO_STUDIO-JEAN-VERVILLE-ARCHITECTES-960x400.jpg","contest-width":960,"contest-height":400,"cta":"https:\/\/int.design\/wp-content\/uploads\/2021\/03\/6_PHOTO11_MSO_STUDIO-JEAN-VERVILLE-ARCHITECTES-415x170.jpg","cta-width":415,"cta-height":170,"exhibitor":"https:\/\/int.design\/wp-content\/uploads\/2021\/03\/6_PHOTO11_MSO_STUDIO-JEAN-VERVILLE-ARCHITECTES-560x560.jpg","exhibitor-width":560,"exhibitor-height":560,"gallery":"https:\/\/int.design\/wp-content\/uploads\/2021\/03\/6_PHOTO11_MSO_STUDIO-JEAN-VERVILLE-ARCHITECTES-287x430.jpg","gallery-width":287,"gallery-height":430,"logo":"https:\/\/int.design\/wp-content\/uploads\/2021\/03\/6_PHOTO11_MSO_STUDIO-JEAN-VERVILLE-ARCHITECTES-67x100.jpg","logo-width":67,"logo-height":100,"masonry":"https:\/\/int.design\/wp-content\/uploads\/2021\/03\/6_PHOTO11_MSO_STUDIO-JEAN-VERVILLE-ARCHITECTES-550x825.jpg","masonry-width":550,"masonry-height":825,"modal":"https:\/\/int.design\/wp-content\/uploads\/2021\/03\/6_PHOTO11_MSO_STUDIO-JEAN-VERVILLE-ARCHITECTES-1280x1920.jpg","modal-width":1280,"modal-height":1920,"number":"https:\/\/int.design\/wp-content\/uploads\/2021\/03\/6_PHOTO11_MSO_STUDIO-JEAN-VERVILLE-ARCHITECTES-287x430.jpg","number-width":287,"number-height":430,"partner":"https:\/\/int.design\/wp-content\/uploads\/2021\/03\/6_PHOTO11_MSO_STUDIO-JEAN-VERVILLE-ARCHITECTES-140x210.jpg","partner-width":140,"partner-height":210,"ranking":"https:\/\/int.design\/wp-content\/uploads\/2021\/03\/6_PHOTO11_MSO_STUDIO-JEAN-VERVILLE-ARCHITECTES-960x540.jpg","ranking-width":960,"ranking-height":540,"schedule":"https:\/\/int.design\/wp-content\/uploads\/2021\/03\/6_PHOTO11_MSO_STUDIO-JEAN-VERVILLE-ARCHITECTES-960x360.jpg","schedule-width":960,"schedule-height":360,"slideshow":"https:\/\/int.design\/wp-content\/uploads\/2021\/03\/6_PHOTO11_MSO_STUDIO-JEAN-VERVILLE-ARCHITECTES-453x680.jpg","slideshow-width":453,"slideshow-height":680}},"filters":[1005],"suppliers":false,"attachment_category":[]},{"categories":[821,397],"credit":"Special collaboration Studio Jean Verville Architectes + F\u00e9lix Michaud, photograph","image":{"ID":65285,"id":65285,"title":"PHOTO14_MSO_STUDIO-JEAN-VERVILLE-ARCHITECTES","filename":"6_PHOTO14_MSO_STUDIO-JEAN-VERVILLE-ARCHITECTES-scaled.jpg","filesize":0,"url":"https:\/\/int.design\/wp-content\/uploads\/2021\/03\/6_PHOTO14_MSO_STUDIO-JEAN-VERVILLE-ARCHITECTES-scaled.jpg","link":"https:\/\/int.design\/fr\/projets\/mso-2\/photo14_mso_studio-jean-verville-architectes-2\/","alt":"","author":"142","description":"MSO Studio Jean Verville architectes Studio Jean Verville architectes","caption":"","name":"photo14_mso_studio-jean-verville-architectes-2","status":"inherit","uploaded_to":25925,"date":"2021-03-02 14:39:05","modified":"2022-02-08 13:47:18","menu_order":0,"mime_type":"image\/jpeg","type":"image","subtype":"jpeg","icon":"https:\/\/int.design\/wp-includes\/images\/media\/default.png","width":2560,"height":1707,"sizes":{"thumbnail":"https:\/\/int.design\/wp-content\/uploads\/2021\/03\/6_PHOTO14_MSO_STUDIO-JEAN-VERVILLE-ARCHITECTES-150x150.jpg","thumbnail-width":150,"thumbnail-height":150,"medium":"https:\/\/int.design\/wp-content\/uploads\/2021\/03\/6_PHOTO14_MSO_STUDIO-JEAN-VERVILLE-ARCHITECTES-300x200.jpg","medium-width":300,"medium-height":200,"medium_large":"https:\/\/int.design\/wp-content\/uploads\/2021\/03\/6_PHOTO14_MSO_STUDIO-JEAN-VERVILLE-ARCHITECTES-768x512.jpg","medium_large-width":768,"medium_large-height":512,"large":"https:\/\/int.design\/wp-content\/uploads\/2021\/03\/6_PHOTO14_MSO_STUDIO-JEAN-VERVILLE-ARCHITECTES-1024x683.jpg","large-width":1024,"large-height":683,"1536x1536":"https:\/\/int.design\/wp-content\/uploads\/2021\/03\/6_PHOTO14_MSO_STUDIO-JEAN-VERVILLE-ARCHITECTES-1536x1024.jpg","1536x1536-width":1536,"1536x1536-height":1024,"2048x2048":"https:\/\/int.design\/wp-content\/uploads\/2021\/03\/6_PHOTO14_MSO_STUDIO-JEAN-VERVILLE-ARCHITECTES-2048x1365.jpg","2048x2048-width":2048,"2048x2048-height":1365,"article":"https:\/\/int.design\/wp-content\/uploads\/2021\/03\/6_PHOTO14_MSO_STUDIO-JEAN-VERVILLE-ARCHITECTES-960x540.jpg","article-width":960,"article-height":540,"banner":"https:\/\/int.design\/wp-content\/uploads\/2021\/03\/6_PHOTO14_MSO_STUDIO-JEAN-VERVILLE-ARCHITECTES-1920x1280.jpg","banner-width":1920,"banner-height":1280,"block":"https:\/\/int.design\/wp-content\/uploads\/2021\/03\/6_PHOTO14_MSO_STUDIO-JEAN-VERVILLE-ARCHITECTES-900x680.jpg","block-width":900,"block-height":680,"card":"https:\/\/int.design\/wp-content\/uploads\/2021\/03\/6_PHOTO14_MSO_STUDIO-JEAN-VERVILLE-ARCHITECTES-560x495.jpg","card-width":560,"card-height":495,"card-thumbnail":"https:\/\/int.design\/wp-content\/uploads\/2021\/03\/6_PHOTO14_MSO_STUDIO-JEAN-VERVILLE-ARCHITECTES-450x340.jpg","card-thumbnail-width":450,"card-thumbnail-height":340,"conference":"https:\/\/int.design\/wp-content\/uploads\/2021\/03\/6_PHOTO14_MSO_STUDIO-JEAN-VERVILLE-ARCHITECTES-560x250.jpg","conference-width":560,"conference-height":250,"contest":"https:\/\/int.design\/wp-content\/uploads\/2021\/03\/6_PHOTO14_MSO_STUDIO-JEAN-VERVILLE-ARCHITECTES-960x400.jpg","contest-width":960,"contest-height":400,"cta":"https:\/\/int.design\/wp-content\/uploads\/2021\/03\/6_PHOTO14_MSO_STUDIO-JEAN-VERVILLE-ARCHITECTES-415x170.jpg","cta-width":415,"cta-height":170,"exhibitor":"https:\/\/int.design\/wp-content\/uploads\/2021\/03\/6_PHOTO14_MSO_STUDIO-JEAN-VERVILLE-ARCHITECTES-560x560.jpg","exhibitor-width":560,"exhibitor-height":560,"gallery":"https:\/\/int.design\/wp-content\/uploads\/2021\/03\/6_PHOTO14_MSO_STUDIO-JEAN-VERVILLE-ARCHITECTES-560x373.jpg","gallery-width":560,"gallery-height":373,"logo":"https:\/\/int.design\/wp-content\/uploads\/2021\/03\/6_PHOTO14_MSO_STUDIO-JEAN-VERVILLE-ARCHITECTES-150x100.jpg","logo-width":150,"logo-height":100,"masonry":"https:\/\/int.design\/wp-content\/uploads\/2021\/03\/6_PHOTO14_MSO_STUDIO-JEAN-VERVILLE-ARCHITECTES-550x367.jpg","masonry-width":550,"masonry-height":367,"modal":"https:\/\/int.design\/wp-content\/uploads\/2021\/03\/6_PHOTO14_MSO_STUDIO-JEAN-VERVILLE-ARCHITECTES-1920x1280.jpg","modal-width":1920,"modal-height":1280,"number":"https:\/\/int.design\/wp-content\/uploads\/2021\/03\/6_PHOTO14_MSO_STUDIO-JEAN-VERVILLE-ARCHITECTES-560x373.jpg","number-width":560,"number-height":373,"partner":"https:\/\/int.design\/wp-content\/uploads\/2021\/03\/6_PHOTO14_MSO_STUDIO-JEAN-VERVILLE-ARCHITECTES-275x183.jpg","partner-width":275,"partner-height":183,"ranking":"https:\/\/int.design\/wp-content\/uploads\/2021\/03\/6_PHOTO14_MSO_STUDIO-JEAN-VERVILLE-ARCHITECTES-960x540.jpg","ranking-width":960,"ranking-height":540,"schedule":"https:\/\/int.design\/wp-content\/uploads\/2021\/03\/6_PHOTO14_MSO_STUDIO-JEAN-VERVILLE-ARCHITECTES-960x360.jpg","schedule-width":960,"schedule-height":360,"slideshow":"https:\/\/int.design\/wp-content\/uploads\/2021\/03\/6_PHOTO14_MSO_STUDIO-JEAN-VERVILLE-ARCHITECTES-1020x680.jpg","slideshow-width":1020,"slideshow-height":680}},"filters":[1005],"suppliers":false,"attachment_category":[]},{"categories":[821,397],"credit":"Special collaboration Studio Jean Verville Architectes + F\u00e9lix Michaud, photograph","image":{"ID":65286,"id":65286,"title":"PHOTO16_MSO_STUDIO-JEAN-VERVILLE-ARCHITECTES","filename":"6_PHOTO16_MSO_STUDIO-JEAN-VERVILLE-ARCHITECTES-scaled.jpg","filesize":0,"url":"https:\/\/int.design\/wp-content\/uploads\/2021\/03\/6_PHOTO16_MSO_STUDIO-JEAN-VERVILLE-ARCHITECTES-scaled.jpg","link":"https:\/\/int.design\/fr\/projets\/mso-2\/photo16_mso_studio-jean-verville-architectes-2\/","alt":"","author":"142","description":"MSO Studio Jean Verville architectes Studio Jean Verville architectes","caption":"","name":"photo16_mso_studio-jean-verville-architectes-2","status":"inherit","uploaded_to":25925,"date":"2021-03-02 14:39:26","modified":"2022-02-08 13:47:18","menu_order":0,"mime_type":"image\/jpeg","type":"image","subtype":"jpeg","icon":"https:\/\/int.design\/wp-includes\/images\/media\/default.png","width":1707,"height":2560,"sizes":{"thumbnail":"https:\/\/int.design\/wp-content\/uploads\/2021\/03\/6_PHOTO16_MSO_STUDIO-JEAN-VERVILLE-ARCHITECTES-150x150.jpg","thumbnail-width":150,"thumbnail-height":150,"medium":"https:\/\/int.design\/wp-content\/uploads\/2021\/03\/6_PHOTO16_MSO_STUDIO-JEAN-VERVILLE-ARCHITECTES-200x300.jpg","medium-width":200,"medium-height":300,"medium_large":"https:\/\/int.design\/wp-content\/uploads\/2021\/03\/6_PHOTO16_MSO_STUDIO-JEAN-VERVILLE-ARCHITECTES-768x1152.jpg","medium_large-width":768,"medium_large-height":1152,"large":"https:\/\/int.design\/wp-content\/uploads\/2021\/03\/6_PHOTO16_MSO_STUDIO-JEAN-VERVILLE-ARCHITECTES-683x1024.jpg","large-width":683,"large-height":1024,"1536x1536":"https:\/\/int.design\/wp-content\/uploads\/2021\/03\/6_PHOTO16_MSO_STUDIO-JEAN-VERVILLE-ARCHITECTES-1024x1536.jpg","1536x1536-width":1024,"1536x1536-height":1536,"2048x2048":"https:\/\/int.design\/wp-content\/uploads\/2021\/03\/6_PHOTO16_MSO_STUDIO-JEAN-VERVILLE-ARCHITECTES-1365x2048.jpg","2048x2048-width":1365,"2048x2048-height":2048,"article":"https:\/\/int.design\/wp-content\/uploads\/2021\/03\/6_PHOTO16_MSO_STUDIO-JEAN-VERVILLE-ARCHITECTES-960x540.jpg","article-width":960,"article-height":540,"banner":"https:\/\/int.design\/wp-content\/uploads\/2021\/03\/6_PHOTO16_MSO_STUDIO-JEAN-VERVILLE-ARCHITECTES-1920x2880.jpg","banner-width":1920,"banner-height":2880,"block":"https:\/\/int.design\/wp-content\/uploads\/2021\/03\/6_PHOTO16_MSO_STUDIO-JEAN-VERVILLE-ARCHITECTES-900x680.jpg","block-width":900,"block-height":680,"card":"https:\/\/int.design\/wp-content\/uploads\/2021\/03\/6_PHOTO16_MSO_STUDIO-JEAN-VERVILLE-ARCHITECTES-560x495.jpg","card-width":560,"card-height":495,"card-thumbnail":"https:\/\/int.design\/wp-content\/uploads\/2021\/03\/6_PHOTO16_MSO_STUDIO-JEAN-VERVILLE-ARCHITECTES-450x340.jpg","card-thumbnail-width":450,"card-thumbnail-height":340,"conference":"https:\/\/int.design\/wp-content\/uploads\/2021\/03\/6_PHOTO16_MSO_STUDIO-JEAN-VERVILLE-ARCHITECTES-560x250.jpg","conference-width":560,"conference-height":250,"contest":"https:\/\/int.design\/wp-content\/uploads\/2021\/03\/6_PHOTO16_MSO_STUDIO-JEAN-VERVILLE-ARCHITECTES-960x400.jpg","contest-width":960,"contest-height":400,"cta":"https:\/\/int.design\/wp-content\/uploads\/2021\/03\/6_PHOTO16_MSO_STUDIO-JEAN-VERVILLE-ARCHITECTES-415x170.jpg","cta-width":415,"cta-height":170,"exhibitor":"https:\/\/int.design\/wp-content\/uploads\/2021\/03\/6_PHOTO16_MSO_STUDIO-JEAN-VERVILLE-ARCHITECTES-560x560.jpg","exhibitor-width":560,"exhibitor-height":560,"gallery":"https:\/\/int.design\/wp-content\/uploads\/2021\/03\/6_PHOTO16_MSO_STUDIO-JEAN-VERVILLE-ARCHITECTES-287x430.jpg","gallery-width":287,"gallery-height":430,"logo":"https:\/\/int.design\/wp-content\/uploads\/2021\/03\/6_PHOTO16_MSO_STUDIO-JEAN-VERVILLE-ARCHITECTES-67x100.jpg","logo-width":67,"logo-height":100,"masonry":"https:\/\/int.design\/wp-content\/uploads\/2021\/03\/6_PHOTO16_MSO_STUDIO-JEAN-VERVILLE-ARCHITECTES-550x825.jpg","masonry-width":550,"masonry-height":825,"modal":"https:\/\/int.design\/wp-content\/uploads\/2021\/03\/6_PHOTO16_MSO_STUDIO-JEAN-VERVILLE-ARCHITECTES-1280x1920.jpg","modal-width":1280,"modal-height":1920,"number":"https:\/\/int.design\/wp-content\/uploads\/2021\/03\/6_PHOTO16_MSO_STUDIO-JEAN-VERVILLE-ARCHITECTES-287x430.jpg","number-width":287,"number-height":430,"partner":"https:\/\/int.design\/wp-content\/uploads\/2021\/03\/6_PHOTO16_MSO_STUDIO-JEAN-VERVILLE-ARCHITECTES-140x210.jpg","partner-width":140,"partner-height":210,"ranking":"https:\/\/int.design\/wp-content\/uploads\/2021\/03\/6_PHOTO16_MSO_STUDIO-JEAN-VERVILLE-ARCHITECTES-960x540.jpg","ranking-width":960,"ranking-height":540,"schedule":"https:\/\/int.design\/wp-content\/uploads\/2021\/03\/6_PHOTO16_MSO_STUDIO-JEAN-VERVILLE-ARCHITECTES-960x360.jpg","schedule-width":960,"schedule-height":360,"slideshow":"https:\/\/int.design\/wp-content\/uploads\/2021\/03\/6_PHOTO16_MSO_STUDIO-JEAN-VERVILLE-ARCHITECTES-453x680.jpg","slideshow-width":453,"slideshow-height":680}},"filters":[1005],"suppliers":false,"attachment_category":[]},{"categories":[821,397],"credit":"Special collaboration Studio Jean Verville Architectes + F\u00e9lix Michaud, photograph","image":{"ID":65287,"id":65287,"title":"PHOTO19_MSO_STUDIO-JEAN-VERVILLE-ARCHITECTES","filename":"6_PHOTO19_MSO_STUDIO-JEAN-VERVILLE-ARCHITECTES-scaled.jpg","filesize":0,"url":"https:\/\/int.design\/wp-content\/uploads\/2021\/03\/6_PHOTO19_MSO_STUDIO-JEAN-VERVILLE-ARCHITECTES-scaled.jpg","link":"https:\/\/int.design\/fr\/projets\/mso-2\/photo19_mso_studio-jean-verville-architectes-2\/","alt":"","author":"142","description":"MSO Studio Jean Verville architectes Studio Jean Verville architectes","caption":"","name":"photo19_mso_studio-jean-verville-architectes-2","status":"inherit","uploaded_to":25925,"date":"2021-03-02 14:39:59","modified":"2022-02-08 13:47:18","menu_order":0,"mime_type":"image\/jpeg","type":"image","subtype":"jpeg","icon":"https:\/\/int.design\/wp-includes\/images\/media\/default.png","width":1706,"height":2560,"sizes":{"thumbnail":"https:\/\/int.design\/wp-content\/uploads\/2021\/03\/6_PHOTO19_MSO_STUDIO-JEAN-VERVILLE-ARCHITECTES-150x150.jpg","thumbnail-width":150,"thumbnail-height":150,"medium":"https:\/\/int.design\/wp-content\/uploads\/2021\/03\/6_PHOTO19_MSO_STUDIO-JEAN-VERVILLE-ARCHITECTES-200x300.jpg","medium-width":200,"medium-height":300,"medium_large":"https:\/\/int.design\/wp-content\/uploads\/2021\/03\/6_PHOTO19_MSO_STUDIO-JEAN-VERVILLE-ARCHITECTES-768x1152.jpg","medium_large-width":768,"medium_large-height":1152,"large":"https:\/\/int.design\/wp-content\/uploads\/2021\/03\/6_PHOTO19_MSO_STUDIO-JEAN-VERVILLE-ARCHITECTES-683x1024.jpg","large-width":683,"large-height":1024,"1536x1536":"https:\/\/int.design\/wp-content\/uploads\/2021\/03\/6_PHOTO19_MSO_STUDIO-JEAN-VERVILLE-ARCHITECTES-1024x1536.jpg","1536x1536-width":1024,"1536x1536-height":1536,"2048x2048":"https:\/\/int.design\/wp-content\/uploads\/2021\/03\/6_PHOTO19_MSO_STUDIO-JEAN-VERVILLE-ARCHITECTES-1365x2048.jpg","2048x2048-width":1365,"2048x2048-height":2048,"article":"https:\/\/int.design\/wp-content\/uploads\/2021\/03\/6_PHOTO19_MSO_STUDIO-JEAN-VERVILLE-ARCHITECTES-960x540.jpg","article-width":960,"article-height":540,"banner":"https:\/\/int.design\/wp-content\/uploads\/2021\/03\/6_PHOTO19_MSO_STUDIO-JEAN-VERVILLE-ARCHITECTES-1920x2880.jpg","banner-width":1920,"banner-height":2880,"block":"https:\/\/int.design\/wp-content\/uploads\/2021\/03\/6_PHOTO19_MSO_STUDIO-JEAN-VERVILLE-ARCHITECTES-900x680.jpg","block-width":900,"block-height":680,"card":"https:\/\/int.design\/wp-content\/uploads\/2021\/03\/6_PHOTO19_MSO_STUDIO-JEAN-VERVILLE-ARCHITECTES-560x495.jpg","card-width":560,"card-height":495,"card-thumbnail":"https:\/\/int.design\/wp-content\/uploads\/2021\/03\/6_PHOTO19_MSO_STUDIO-JEAN-VERVILLE-ARCHITECTES-450x340.jpg","card-thumbnail-width":450,"card-thumbnail-height":340,"conference":"https:\/\/int.design\/wp-content\/uploads\/2021\/03\/6_PHOTO19_MSO_STUDIO-JEAN-VERVILLE-ARCHITECTES-560x250.jpg","conference-width":560,"conference-height":250,"contest":"https:\/\/int.design\/wp-content\/uploads\/2021\/03\/6_PHOTO19_MSO_STUDIO-JEAN-VERVILLE-ARCHITECTES-960x400.jpg","contest-width":960,"contest-height":400,"cta":"https:\/\/int.design\/wp-content\/uploads\/2021\/03\/6_PHOTO19_MSO_STUDIO-JEAN-VERVILLE-ARCHITECTES-415x170.jpg","cta-width":415,"cta-height":170,"exhibitor":"https:\/\/int.design\/wp-content\/uploads\/2021\/03\/6_PHOTO19_MSO_STUDIO-JEAN-VERVILLE-ARCHITECTES-560x560.jpg","exhibitor-width":560,"exhibitor-height":560,"gallery":"https:\/\/int.design\/wp-content\/uploads\/2021\/03\/6_PHOTO19_MSO_STUDIO-JEAN-VERVILLE-ARCHITECTES-287x430.jpg","gallery-width":287,"gallery-height":430,"logo":"https:\/\/int.design\/wp-content\/uploads\/2021\/03\/6_PHOTO19_MSO_STUDIO-JEAN-VERVILLE-ARCHITECTES-67x100.jpg","logo-width":67,"logo-height":100,"masonry":"https:\/\/int.design\/wp-content\/uploads\/2021\/03\/6_PHOTO19_MSO_STUDIO-JEAN-VERVILLE-ARCHITECTES-550x825.jpg","masonry-width":550,"masonry-height":825,"modal":"https:\/\/int.design\/wp-content\/uploads\/2021\/03\/6_PHOTO19_MSO_STUDIO-JEAN-VERVILLE-ARCHITECTES-1280x1920.jpg","modal-width":1280,"modal-height":1920,"number":"https:\/\/int.design\/wp-content\/uploads\/2021\/03\/6_PHOTO19_MSO_STUDIO-JEAN-VERVILLE-ARCHITECTES-287x430.jpg","number-width":287,"number-height":430,"partner":"https:\/\/int.design\/wp-content\/uploads\/2021\/03\/6_PHOTO19_MSO_STUDIO-JEAN-VERVILLE-ARCHITECTES-140x210.jpg","partner-width":140,"partner-height":210,"ranking":"https:\/\/int.design\/wp-content\/uploads\/2021\/03\/6_PHOTO19_MSO_STUDIO-JEAN-VERVILLE-ARCHITECTES-960x540.jpg","ranking-width":960,"ranking-height":540,"schedule":"https:\/\/int.design\/wp-content\/uploads\/2021\/03\/6_PHOTO19_MSO_STUDIO-JEAN-VERVILLE-ARCHITECTES-960x360.jpg","schedule-width":960,"schedule-height":360,"slideshow":"https:\/\/int.design\/wp-content\/uploads\/2021\/03\/6_PHOTO19_MSO_STUDIO-JEAN-VERVILLE-ARCHITECTES-453x680.jpg","slideshow-width":453,"slideshow-height":680}},"filters":[1005],"suppliers":false,"attachment_category":[]}],"mandatory_documents":[{"name":"GPD_MSO_additional drawings","file":{"ID":65288,"id":65288,"title":"GPD_MSO_additional drawings","filename":"6_GPD_MSO_additional drawings.pdf","filesize":0,"url":"https:\/\/d2q6z78khxmx42.cloudfront.net\/2021\/03\/6_GPD_MSO_additional drawings.pdf","link":"https:\/\/int.design\/fr\/projets\/mso-2\/gpd_mso_additional-drawings-2\/","alt":"","author":"142","description":"","caption":"","name":"gpd_mso_additional-drawings-2","status":"inherit","uploaded_to":25925,"date":"2021-03-02 14:44:45","modified":"2021-03-02 14:44:55","menu_order":0,"mime_type":"application\/pdf","type":"application","subtype":"pdf","icon":"https:\/\/int.design\/wp-includes\/images\/media\/document.png"}}],"optional_documents":[{"name":"GPD_MSO_autorisation photo_Jean","file":{"ID":65289,"id":65289,"title":"GPD_MSO_autorisation photo_Jean","filename":"GPD_MSO_autorisation photo_Jean.pdf","filesize":0,"url":"https:\/\/d2q6z78khxmx42.cloudfront.net\/2021\/03\/GPD_MSO_autorisation photo_Jean.pdf","link":"https:\/\/int.design\/fr\/projets\/mso-2\/gpd_mso_autorisation-photo_jean\/","alt":"","author":"142","description":"","caption":"","name":"gpd_mso_autorisation-photo_jean","status":"inherit","uploaded_to":25925,"date":"2021-03-02 14:44:48","modified":"2021-03-02 14:44:55","menu_order":0,"mime_type":"application\/pdf","type":"application","subtype":"pdf","icon":"https:\/\/int.design\/wp-includes\/images\/media\/document.png"}},{"name":"GPD_MSO_autorisation photo_Sophie et Mani","file":{"ID":65290,"id":65290,"title":"GPD_MSO_autorisation photo_Sophie et Mani","filename":"GPD_MSO_autorisation photo_Sophie et Mani.pdf","filesize":0,"url":"https:\/\/d2q6z78khxmx42.cloudfront.net\/2021\/03\/GPD_MSO_autorisation photo_Sophie et Mani.pdf","link":"https:\/\/int.design\/fr\/projets\/mso-2\/gpd_mso_autorisation-photo_sophie-et-mani\/","alt":"","author":"142","description":"","caption":"","name":"gpd_mso_autorisation-photo_sophie-et-mani","status":"inherit","uploaded_to":25925,"date":"2021-03-02 14:44:51","modified":"2021-03-02 14:44:56","menu_order":0,"mime_type":"application\/pdf","type":"application","subtype":"pdf","icon":"https:\/\/int.design\/wp-includes\/images\/media\/document.png"}},{"name":"GPD_MSO_autorisation photo_Tania","file":{"ID":65291,"id":65291,"title":"GPD_MSO_autorisation photo_Tania","filename":"GPD_MSO_autorisation photo_Tania.pdf","filesize":0,"url":"https:\/\/d2q6z78khxmx42.cloudfront.net\/2021\/03\/GPD_MSO_autorisation photo_Tania.pdf","link":"https:\/\/int.design\/fr\/projets\/mso-2\/gpd_mso_autorisation-photo_tania\/","alt":"","author":"142","description":"","caption":"","name":"gpd_mso_autorisation-photo_tania","status":"inherit","uploaded_to":25925,"date":"2021-03-02 14:44:53","modified":"2021-03-02 14:44:56","menu_order":0,"mime_type":"application\/pdf","type":"application","subtype":"pdf","icon":"https:\/\/int.design\/wp-includes\/images\/media\/document.png"}}],"web_text":{"fr":"<p>L\u2019architecte Jean Verville imagine une reconfiguration volum\u00e9trique adapt\u00e9e aux univers de cr\u00e9ation artistique, aux personnalit\u00e9s et aux besoins de deux artistes et leur fiston. Visant une cohabitation des activit\u00e9s domestiques et professionnelles, une perm\u00e9abilit\u00e9 \u00e0 la vie familiale et une r\u00e9partition procurant un niveau d\u2019intimit\u00e9 individuelle, le projet tire parti du d\u00e9cloisonnement pour m\u00e9tamorphoser la typologie spatiale et consolider le sentiment d\u2019unification dans le d\u00e9ploiement vertical. Minimisant les alt\u00e9rations sur le b\u00e2timent existant par une soustraction s\u00e9lective d\u2019aires de plancher, le c\u0153ur de la maison de trois \u00e9tages est lib\u00e9r\u00e9 pour int\u00e9grer une succession de dix plateformes polyvalentes et multifonctionnelles. Ces dix pauses sc\u00e9niques \u2013 tant\u00f4t sc\u00e9nette, tant\u00f4t assise \u2013 forment un nouveau syst\u00e8me d\u2019organisation aux fronti\u00e8res fluides qui minimise le besoin de mobilier et engendre une porosit\u00e9 visuelle tout en r\u00e9pondant aux exigences d\u2019adaptabilit\u00e9 fonctionnelle. Coiff\u00e9 d\u2019un imposant puits de lumi\u00e8re, une structure m\u00e9tallique de 12 m\u00e8tres de hauteur aux surfaces et parois d\u2019acier ajour\u00e9 se juxtapose \u00e0 ce parcours pour consolider l\u2019int\u00e9grit\u00e9 structurale et maximiser l\u2019apport de luminosit\u00e9 naturelle. Des volumes dissimulant les fonctions abolissent la hi\u00e9rarchie d\u2019origine dans une segmentation dynamique, alors que la monochromie des tonalit\u00e9s de gr\u00e8ge unifie l\u2019ensemble en une entit\u00e9 monolithique marqu\u00e9es de trac\u00e9s graphiques.<\/p>\n","en":"<p>Architect Jean Verville imagines a volumetric reconfiguration adapted to the universe of artistic creation, and to the personalities and needs of two artists and their little son. Aiming at a cohabitation of domestic and professional activities, a permeable family life, and a distribution providing a level of individual privacy, the project takes advantage of decompartmentalization to metamorphose the spatial typology and consolidate the feeling of unification in its vertical deployment. Minimizing alterations to the existing building by selective subtraction of floor areas, the core of the three-story house is freed up to integrate a succession of ten multi-purpose and multi-functional platforms. These ten scenic breaks &#8211; sometimes becoming a small scene, sometimes a seat &#8211; form a new system of organization with fluid boundaries that minimize the need for furniture and generate visual porosity, while meeting the requirements of functional adaptability. Crowned by an imposing skylight, a 12-meter-high metal structure, with perforated steel surfaces and walls, juxtaposes this progression to consolidate structural integrity and maximizes the supply of natural light. Volumes concealing functions abolish the original hierarchy in dynamic segmentation. Marked by graphic lines, the monochromy of greige tones unifies the whole into a single monolithic entity.<\/p>\n","original":""},"jury_text":[{"category":397,"fr":"<p>L\u2019architecte Jean Verville imagine une reconfiguration volum\u00e9trique adapt\u00e9e aux univers de cr\u00e9ation artistique, aux personnalit\u00e9s et aux besoins de deux artistes et leur fiston. Visant une cohabitation des activit\u00e9s domestiques et professionnelles, une perm\u00e9abilit\u00e9 \u00e0 la vie familiale et une r\u00e9partition procurant un niveau d\u2019intimit\u00e9 individuelle, le projet tire parti du d\u00e9cloisonnement pour m\u00e9tamorphoser la typologie spatiale et consolider le sentiment d\u2019unification dans le d\u00e9ploiement vertical. Minimisant les alt\u00e9rations sur le b\u00e2timent existant par une soustraction s\u00e9lective d\u2019aires de plancher, le c\u0153ur de la maison de trois \u00e9tages est lib\u00e9r\u00e9 pour int\u00e9grer une succession de dix plateformes polyvalentes et multifonctionnelles. Ces dix pauses sc\u00e9niques \u2013 tant\u00f4t sc\u00e9nette, tant\u00f4t assise \u2013 forment un nouveau syst\u00e8me d\u2019organisation aux fronti\u00e8res fluides qui minimise le besoin de mobilier et engendre une porosit\u00e9 visuelle tout en r\u00e9pondant aux exigences d\u2019adaptabilit\u00e9 fonctionnelle. Coiff\u00e9 d\u2019un imposant puits de lumi\u00e8re, une structure m\u00e9tallique de 12 m\u00e8tres de hauteur aux surfaces et parois d\u2019acier ajour\u00e9 se juxtapose \u00e0 ce parcours pour consolider l\u2019int\u00e9grit\u00e9 structurale et maximiser l\u2019apport de luminosit\u00e9 naturelle. Des volumes dissimulant les fonctions abolissent la hi\u00e9rarchie d\u2019origine dans une segmentation dynamique, alors que la monochromie des tonalit\u00e9s de gr\u00e8ge unifie l\u2019ensemble en une entit\u00e9 monolithique marqu\u00e9es de trac\u00e9s graphiques.<\/p>\n","en":"<p>Architect Jean Verville imagines a volumetric reconfiguration adapted to the universe of artistic creation, and to the personalities and needs of two artists and their little son. Aiming at a cohabitation of domestic and professional activities, a permeable family life, and a distribution providing a level of individual privacy, the project takes advantage of decompartmentalization to metamorphose the spatial typology and consolidate the feeling of unification in its vertical deployment. Minimizing alterations to the existing building by selective subtraction of floor areas, the core of the three-story house is freed up to integrate a succession of ten multi-purpose and multi-functional platforms. These ten scenic breaks &#8211; sometimes becoming a small scene, sometimes a seat &#8211; form a new system of organization with fluid boundaries that minimize the need for furniture and generate visual porosity, while meeting the requirements of functional adaptability. Crowned by an imposing skylight, a 12-meter-high metal structure, with perforated steel surfaces and walls, juxtaposes this progression to consolidate structural integrity and maximizes the supply of natural light. Volumes concealing functions abolish the original hierarchy in dynamic segmentation. Marked by graphic lines, the monochromy of greige tones unifies the whole into a single monolithic entity.<\/p>\n","original":""},{"category":821,"fr":"<p>L\u2019architecte Jean Verville imagine une reconfiguration volum\u00e9trique adapt\u00e9e aux univers de cr\u00e9ation artistique, aux personnalit\u00e9s et aux besoins de deux artistes et leur fiston. Visant une cohabitation des activit\u00e9s domestiques et professionnelles, une perm\u00e9abilit\u00e9 \u00e0 la vie familiale et une r\u00e9partition procurant un niveau d\u2019intimit\u00e9 individuelle, le projet tire parti du d\u00e9cloisonnement pour m\u00e9tamorphoser la typologie spatiale et consolider le sentiment d\u2019unification dans le d\u00e9ploiement vertical. Minimisant les alt\u00e9rations sur le b\u00e2timent existant par une soustraction s\u00e9lective d\u2019aires de plancher, le c\u0153ur de la maison de trois \u00e9tages est lib\u00e9r\u00e9 pour int\u00e9grer une succession de dix plateformes polyvalentes et multifonctionnelles. Ces dix pauses sc\u00e9niques \u2013 tant\u00f4t sc\u00e9nette, tant\u00f4t assise \u2013 forment un nouveau syst\u00e8me d\u2019organisation aux fronti\u00e8res fluides qui minimise le besoin de mobilier et engendre une porosit\u00e9 visuelle tout en r\u00e9pondant aux exigences d\u2019adaptabilit\u00e9 fonctionnelle. Coiff\u00e9 d\u2019un imposant puits de lumi\u00e8re, une structure m\u00e9tallique de 12 m\u00e8tres de hauteur aux surfaces et parois d\u2019acier ajour\u00e9 se juxtapose \u00e0 ce parcours pour consolider l\u2019int\u00e9grit\u00e9 structurale et maximiser l\u2019apport de luminosit\u00e9 naturelle. Des volumes dissimulant les fonctions abolissent la hi\u00e9rarchie d\u2019origine dans une segmentation dynamique, alors que la monochromie des tonalit\u00e9s de gr\u00e8ge unifie l\u2019ensemble en une entit\u00e9 monolithique marqu\u00e9es de trac\u00e9s graphiques.<\/p>\n","en":"<p>Architect Jean Verville imagines a volumetric reconfiguration adapted to the universe of artistic creation, and to the personalities and needs of two artists and their little son. Aiming at a cohabitation of domestic and professional activities, a permeable family life, and a distribution providing a level of individual privacy, the project takes advantage of decompartmentalization to metamorphose the spatial typology and consolidate the feeling of unification in its vertical deployment. Minimizing alterations to the existing building by selective subtraction of floor areas, the core of the three-story house is freed up to integrate a succession of ten multi-purpose and multi-functional platforms. These ten scenic breaks &#8211; sometimes becoming a small scene, sometimes a seat &#8211; form a new system of organization with fluid boundaries that minimize the need for furniture and generate visual porosity, while meeting the requirements of functional adaptability. Crowned by an imposing skylight, a 12-meter-high metal structure, with perforated steel surfaces and walls, juxtaposes this progression to consolidate structural integrity and maximizes the supply of natural light. Volumes concealing functions abolish the original hierarchy in dynamic segmentation. Marked by graphic lines, the monochromy of greige tones unifies the whole into a single monolithic entity.<\/p>\n","original":""}],"different_jury_text":false,"different_category_text":false},"laureats":[],"contest_id":"6760","contest_title":"GRANDS PRIX DU DESIGN - 14th edition","firms":[{"name":"Studio Jean Verville architectes","website":"https:\/\/www.jeanverville.com\/","category":"Architecte","category_tax":false,"category_label":null}],"user":{"email":"t@jeanverville.com","first_name":"Tania Paula","last_name":"Garza"},"doc_texts_web":{"fr":"","en":""},"permalinks":{"fr":"https:\/\/int.design\/fr\/projets\/mso-2\/","en":"https:\/\/int.design\/en\/projects\/mso-2\/"},"titles":{"fr":"MSO","en":"MSO"},"wp_fields":[],"laravel_id":""},"_links":{"self":[{"href":"https:\/\/int.design\/en\/wp-json\/wp\/v2\/project\/25926","targetHints":{"allow":["GET"]}}],"collection":[{"href":"https:\/\/int.design\/en\/wp-json\/wp\/v2\/project"}],"about":[{"href":"https:\/\/int.design\/en\/wp-json\/wp\/v2\/types\/project"}],"wp:attachment":[{"href":"https:\/\/int.design\/en\/wp-json\/wp\/v2\/media?parent=25926"}],"curies":[{"name":"wp","href":"https:\/\/api.w.org\/{rel}","templated":true}]}}