{"id":25847,"date":"2021-07-14T19:34:41","date_gmt":"2021-07-14T23:34:41","guid":{"rendered":"https:\/\/int.design\/?post_type=project&#038;p=25847"},"modified":"2021-07-16T13:57:52","modified_gmt":"2021-07-16T17:57:52","slug":"agrandissement-de-lecole-primaire-saint-rene","status":"publish","type":"project","link":"https:\/\/int.design\/en\/projects\/agrandissement-de-lecole-primaire-saint-rene\/","title":{"rendered":"Agrandissement de l&#8217;\u00e9cole primaire Saint-Ren\u00e9"},"content":{"rendered":"","protected":false},"template":"","class_list":["post-25847","project","type-project","status-publish","hentry","project_category-architecture-grands_prix_du_design_en","project_category-public_building","project_category-school-preschool-education_building"],"acf":[],"yoast_head":"<!-- This site is optimized with the Yoast SEO plugin v21.5 - https:\/\/yoast.com\/wordpress\/plugins\/seo\/ -->\n<title>Agrandissement de l&#039;\u00e9cole primaire Saint-Ren\u00e9 - INT Design<\/title>\n<meta name=\"robots\" content=\"index, follow, max-snippet:-1, max-image-preview:large, max-video-preview:-1\" \/>\n<link rel=\"canonical\" href=\"https:\/\/int.design\/en\/projects\/agrandissement-de-lecole-primaire-saint-rene\/\" \/>\n<meta property=\"og:locale\" content=\"en_US\" \/>\n<meta property=\"og:type\" content=\"article\" \/>\n<meta property=\"og:title\" content=\"Agrandissement de l&#039;\u00e9cole primaire Saint-Ren\u00e9 - INT Design\" \/>\n<meta property=\"og:url\" content=\"https:\/\/int.design\/en\/projects\/agrandissement-de-lecole-primaire-saint-rene\/\" \/>\n<meta property=\"og:site_name\" content=\"INT Design\" \/>\n<meta property=\"article:modified_time\" content=\"2021-07-16T17:57:52+00:00\" \/>\n<meta name=\"twitter:card\" content=\"summary_large_image\" \/>\n<script type=\"application\/ld+json\" class=\"yoast-schema-graph\">{\"@context\":\"https:\/\/schema.org\",\"@graph\":[{\"@type\":\"WebPage\",\"@id\":\"https:\/\/int.design\/en\/projects\/agrandissement-de-lecole-primaire-saint-rene\/\",\"url\":\"https:\/\/int.design\/en\/projects\/agrandissement-de-lecole-primaire-saint-rene\/\",\"name\":\"Agrandissement de l'\u00e9cole primaire Saint-Ren\u00e9 - INT Design\",\"isPartOf\":{\"@id\":\"https:\/\/int.design\/fr\/#website\"},\"datePublished\":\"2021-07-14T23:34:41+00:00\",\"dateModified\":\"2021-07-16T17:57:52+00:00\",\"breadcrumb\":{\"@id\":\"https:\/\/int.design\/en\/projects\/agrandissement-de-lecole-primaire-saint-rene\/#breadcrumb\"},\"inLanguage\":\"en-US\",\"potentialAction\":[{\"@type\":\"ReadAction\",\"target\":[\"https:\/\/int.design\/en\/projects\/agrandissement-de-lecole-primaire-saint-rene\/\"]}]},{\"@type\":\"BreadcrumbList\",\"@id\":\"https:\/\/int.design\/en\/projects\/agrandissement-de-lecole-primaire-saint-rene\/#breadcrumb\",\"itemListElement\":[{\"@type\":\"ListItem\",\"position\":1,\"name\":\"Home\",\"item\":\"https:\/\/int.design\/en\/\"},{\"@type\":\"ListItem\",\"position\":2,\"name\":\"Projects\",\"item\":\"https:\/\/int.design\/en\/projects\/\"},{\"@type\":\"ListItem\",\"position\":3,\"name\":\"Agrandissement de l&#8217;\u00e9cole primaire Saint-Ren\u00e9\"}]},{\"@type\":\"WebSite\",\"@id\":\"https:\/\/int.design\/fr\/#website\",\"url\":\"https:\/\/int.design\/fr\/\",\"name\":\"INT Design\",\"description\":\"\",\"potentialAction\":[{\"@type\":\"SearchAction\",\"target\":{\"@type\":\"EntryPoint\",\"urlTemplate\":\"https:\/\/int.design\/fr\/?s={search_term_string}\"},\"query-input\":\"required name=search_term_string\"}],\"inLanguage\":\"en-US\"}]}<\/script>\n<!-- \/ Yoast SEO plugin. -->","yoast_head_json":{"title":"Agrandissement de l'\u00e9cole primaire Saint-Ren\u00e9 - INT Design","robots":{"index":"index","follow":"follow","max-snippet":"max-snippet:-1","max-image-preview":"max-image-preview:large","max-video-preview":"max-video-preview:-1"},"canonical":"https:\/\/int.design\/en\/projects\/agrandissement-de-lecole-primaire-saint-rene\/","og_locale":"en_US","og_type":"article","og_title":"Agrandissement de l'\u00e9cole primaire Saint-Ren\u00e9 - INT Design","og_url":"https:\/\/int.design\/en\/projects\/agrandissement-de-lecole-primaire-saint-rene\/","og_site_name":"INT Design","article_modified_time":"2021-07-16T17:57:52+00:00","twitter_card":"summary_large_image","schema":{"@context":"https:\/\/schema.org","@graph":[{"@type":"WebPage","@id":"https:\/\/int.design\/en\/projects\/agrandissement-de-lecole-primaire-saint-rene\/","url":"https:\/\/int.design\/en\/projects\/agrandissement-de-lecole-primaire-saint-rene\/","name":"Agrandissement de l'\u00e9cole primaire Saint-Ren\u00e9 - INT Design","isPartOf":{"@id":"https:\/\/int.design\/fr\/#website"},"datePublished":"2021-07-14T23:34:41+00:00","dateModified":"2021-07-16T17:57:52+00:00","breadcrumb":{"@id":"https:\/\/int.design\/en\/projects\/agrandissement-de-lecole-primaire-saint-rene\/#breadcrumb"},"inLanguage":"en-US","potentialAction":[{"@type":"ReadAction","target":["https:\/\/int.design\/en\/projects\/agrandissement-de-lecole-primaire-saint-rene\/"]}]},{"@type":"BreadcrumbList","@id":"https:\/\/int.design\/en\/projects\/agrandissement-de-lecole-primaire-saint-rene\/#breadcrumb","itemListElement":[{"@type":"ListItem","position":1,"name":"Home","item":"https:\/\/int.design\/en\/"},{"@type":"ListItem","position":2,"name":"Projects","item":"https:\/\/int.design\/en\/projects\/"},{"@type":"ListItem","position":3,"name":"Agrandissement de l&#8217;\u00e9cole primaire Saint-Ren\u00e9"}]},{"@type":"WebSite","@id":"https:\/\/int.design\/fr\/#website","url":"https:\/\/int.design\/fr\/","name":"INT Design","description":"","potentialAction":[{"@type":"SearchAction","target":{"@type":"EntryPoint","urlTemplate":"https:\/\/int.design\/fr\/?s={search_term_string}"},"query-input":"required name=search_term_string"}],"inLanguage":"en-US"}]}},"entry":{"cats":{"disciplines":[{"id":344,"name":"Architecture"}],"big_cats":[{"id":602,"name":"Public Building"}],"sub_cats":[{"id":605,"name":"School &amp; Preschool Education Building","parent":602}]},"entry":{"":null,"status":"ongoing","winner_title":"","winner_prize_lang":"","title_translatable":false,"title_en":"","title_fr":"","releve_award":false,"releve_award_cv":false,"collaboration":false,"collaboration_firms":[{"name":"Yves Woodrough architectes","website":"http:\/\/www.ywarchitectes.ca"},{"name":"DKA architectes","website":"http:\/\/dka.ca\/"},{"name":"Yelle Maill\u00e9 et associ\u00e9s architectes","website":"https:\/\/www.yellemaille.ca"}],"other_firms":[{"name":"Stantec","website":"","category":"","category_tax":false},{"name":"GBi","website":"           ","category":"","category_tax":false}],"owner":{"name":"","confidential":false,"website":"","contact_name":"","email":"","phone":""},"address":{"address":"","city":"","region":"Laurentides","province":"QC","country":"","postal_code":""},"logos":false,"use_logo":false,"designers":[{"name":"Mathieu Dion","credit":"n\/d","image":{"ID":67338,"id":67338,"title":"Dion_Mathieu_8316-2","filename":"Dion_Mathieu_8316-2-scaled.jpg","filesize":0,"url":"https:\/\/int.design\/wp-content\/uploads\/2021\/03\/Dion_Mathieu_8316-2-scaled.jpg","link":"https:\/\/int.design\/fr\/projets\/agrandissement-de-lecole-primaire-saint-rene\/dion_mathieu_8316-2\/","alt":"","author":"171","description":"","caption":"","name":"dion_mathieu_8316-2","status":"inherit","uploaded_to":25846,"date":"2021-03-19 15:42:46","modified":"2021-03-19 15:43:12","menu_order":0,"mime_type":"image\/jpeg","type":"image","subtype":"jpeg","icon":"https:\/\/int.design\/wp-includes\/images\/media\/default.png","width":1707,"height":2560,"sizes":{"thumbnail":"https:\/\/int.design\/wp-content\/uploads\/2021\/03\/Dion_Mathieu_8316-2-150x150.jpg","thumbnail-width":150,"thumbnail-height":150,"medium":"https:\/\/int.design\/wp-content\/uploads\/2021\/03\/Dion_Mathieu_8316-2-200x300.jpg","medium-width":200,"medium-height":300,"medium_large":"https:\/\/int.design\/wp-content\/uploads\/2021\/03\/Dion_Mathieu_8316-2-768x1152.jpg","medium_large-width":768,"medium_large-height":1152,"large":"https:\/\/int.design\/wp-content\/uploads\/2021\/03\/Dion_Mathieu_8316-2-683x1024.jpg","large-width":683,"large-height":1024,"1536x1536":"https:\/\/int.design\/wp-content\/uploads\/2021\/03\/Dion_Mathieu_8316-2-1024x1536.jpg","1536x1536-width":1024,"1536x1536-height":1536,"2048x2048":"https:\/\/int.design\/wp-content\/uploads\/2021\/03\/Dion_Mathieu_8316-2-1365x2048.jpg","2048x2048-width":1365,"2048x2048-height":2048,"article":"https:\/\/int.design\/wp-content\/uploads\/2021\/03\/Dion_Mathieu_8316-2-960x540.jpg","article-width":960,"article-height":540,"banner":"https:\/\/int.design\/wp-content\/uploads\/2021\/03\/Dion_Mathieu_8316-2-1920x2880.jpg","banner-width":1920,"banner-height":2880,"block":"https:\/\/int.design\/wp-content\/uploads\/2021\/03\/Dion_Mathieu_8316-2-900x680.jpg","block-width":900,"block-height":680,"card":"https:\/\/int.design\/wp-content\/uploads\/2021\/03\/Dion_Mathieu_8316-2-560x495.jpg","card-width":560,"card-height":495,"card-thumbnail":"https:\/\/int.design\/wp-content\/uploads\/2021\/03\/Dion_Mathieu_8316-2-450x340.jpg","card-thumbnail-width":450,"card-thumbnail-height":340,"conference":"https:\/\/int.design\/wp-content\/uploads\/2021\/03\/Dion_Mathieu_8316-2-560x250.jpg","conference-width":560,"conference-height":250,"contest":"https:\/\/int.design\/wp-content\/uploads\/2021\/03\/Dion_Mathieu_8316-2-960x400.jpg","contest-width":960,"contest-height":400,"cta":"https:\/\/int.design\/wp-content\/uploads\/2021\/03\/Dion_Mathieu_8316-2-415x170.jpg","cta-width":415,"cta-height":170,"exhibitor":"https:\/\/int.design\/wp-content\/uploads\/2021\/03\/Dion_Mathieu_8316-2-560x560.jpg","exhibitor-width":560,"exhibitor-height":560,"gallery":"https:\/\/int.design\/wp-content\/uploads\/2021\/03\/Dion_Mathieu_8316-2-287x430.jpg","gallery-width":287,"gallery-height":430,"logo":"https:\/\/int.design\/wp-content\/uploads\/2021\/03\/Dion_Mathieu_8316-2-67x100.jpg","logo-width":67,"logo-height":100,"masonry":"https:\/\/int.design\/wp-content\/uploads\/2021\/03\/Dion_Mathieu_8316-2-550x825.jpg","masonry-width":550,"masonry-height":825,"modal":"https:\/\/int.design\/wp-content\/uploads\/2021\/03\/Dion_Mathieu_8316-2-1280x1920.jpg","modal-width":1280,"modal-height":1920,"number":"https:\/\/int.design\/wp-content\/uploads\/2021\/03\/Dion_Mathieu_8316-2-287x430.jpg","number-width":287,"number-height":430,"partner":"https:\/\/int.design\/wp-content\/uploads\/2021\/03\/Dion_Mathieu_8316-2-140x210.jpg","partner-width":140,"partner-height":210,"ranking":"https:\/\/int.design\/wp-content\/uploads\/2021\/03\/Dion_Mathieu_8316-2-960x540.jpg","ranking-width":960,"ranking-height":540,"schedule":"https:\/\/int.design\/wp-content\/uploads\/2021\/03\/Dion_Mathieu_8316-2-960x360.jpg","schedule-width":960,"schedule-height":360,"slideshow":"https:\/\/int.design\/wp-content\/uploads\/2021\/03\/Dion_Mathieu_8316-2-453x680.jpg","slideshow-width":453,"slideshow-height":680}},"file":{"ID":67591,"id":67591,"title":"Bio-firme","filename":"Bio-firme.pdf","filesize":0,"url":"https:\/\/d2q6z78khxmx42.cloudfront.net\/2021\/03\/Bio-firme.pdf","link":"https:\/\/int.design\/fr\/projets\/agrandissement-de-lecole-primaire-saint-rene\/bio-firme\/","alt":"","author":"171","description":"","caption":"","name":"bio-firme","status":"inherit","uploaded_to":25846,"date":"2021-03-19 21:10:26","modified":"2021-03-19 21:10:31","menu_order":0,"mime_type":"application\/pdf","type":"application","subtype":"pdf","icon":"https:\/\/int.design\/wp-includes\/images\/media\/document.png"}},{"name":"Gr\u00e9gory Ghislain","credit":"","image":{"ID":70057,"id":70057,"title":"DKA_Architectes_Sonkham","filename":"DKA_Architectes_Sonkham.jpg","filesize":0,"url":"https:\/\/d2q6z78khxmx42.cloudfront.net\/2021\/03\/DKA_Architectes_Sonkham.jpg","link":"https:\/\/int.design\/fr\/projets\/agrandissement-de-lecole-primaire-saint-rene\/dka_architectes_sonkham\/","alt":"","author":"171","description":"","caption":"","name":"dka_architectes_sonkham","status":"inherit","uploaded_to":25846,"date":"2021-03-24 22:54:32","modified":"2021-03-24 22:54:46","menu_order":0,"mime_type":"image\/jpeg","type":"image","subtype":"jpeg","icon":"https:\/\/int.design\/wp-includes\/images\/media\/default.png","width":2500,"height":1667,"sizes":{"thumbnail":"https:\/\/d2q6z78khxmx42.cloudfront.net\/2021\/03\/DKA_Architectes_Sonkham-150x150.jpg","thumbnail-width":150,"thumbnail-height":150,"medium":"https:\/\/d2q6z78khxmx42.cloudfront.net\/2021\/03\/DKA_Architectes_Sonkham-300x200.jpg","medium-width":300,"medium-height":200,"medium_large":"https:\/\/d2q6z78khxmx42.cloudfront.net\/2021\/03\/DKA_Architectes_Sonkham-768x512.jpg","medium_large-width":768,"medium_large-height":512,"large":"https:\/\/d2q6z78khxmx42.cloudfront.net\/2021\/03\/DKA_Architectes_Sonkham-1024x683.jpg","large-width":1024,"large-height":683,"1536x1536":"https:\/\/d2q6z78khxmx42.cloudfront.net\/2021\/03\/DKA_Architectes_Sonkham-1536x1024.jpg","1536x1536-width":1536,"1536x1536-height":1024,"2048x2048":"https:\/\/d2q6z78khxmx42.cloudfront.net\/2021\/03\/DKA_Architectes_Sonkham-2048x1366.jpg","2048x2048-width":2048,"2048x2048-height":1366,"article":"https:\/\/d2q6z78khxmx42.cloudfront.net\/2021\/03\/DKA_Architectes_Sonkham-960x540.jpg","article-width":960,"article-height":540,"banner":"https:\/\/d2q6z78khxmx42.cloudfront.net\/2021\/03\/DKA_Architectes_Sonkham-1920x1280.jpg","banner-width":1920,"banner-height":1280,"block":"https:\/\/d2q6z78khxmx42.cloudfront.net\/2021\/03\/DKA_Architectes_Sonkham-900x680.jpg","block-width":900,"block-height":680,"card":"https:\/\/d2q6z78khxmx42.cloudfront.net\/2021\/03\/DKA_Architectes_Sonkham-560x495.jpg","card-width":560,"card-height":495,"card-thumbnail":"https:\/\/d2q6z78khxmx42.cloudfront.net\/2021\/03\/DKA_Architectes_Sonkham-450x340.jpg","card-thumbnail-width":450,"card-thumbnail-height":340,"conference":"https:\/\/d2q6z78khxmx42.cloudfront.net\/2021\/03\/DKA_Architectes_Sonkham-560x250.jpg","conference-width":560,"conference-height":250,"contest":"https:\/\/d2q6z78khxmx42.cloudfront.net\/2021\/03\/DKA_Architectes_Sonkham-960x400.jpg","contest-width":960,"contest-height":400,"cta":"https:\/\/d2q6z78khxmx42.cloudfront.net\/2021\/03\/DKA_Architectes_Sonkham-415x170.jpg","cta-width":415,"cta-height":170,"exhibitor":"https:\/\/d2q6z78khxmx42.cloudfront.net\/2021\/03\/DKA_Architectes_Sonkham-560x560.jpg","exhibitor-width":560,"exhibitor-height":560,"gallery":"https:\/\/d2q6z78khxmx42.cloudfront.net\/2021\/03\/DKA_Architectes_Sonkham-560x373.jpg","gallery-width":560,"gallery-height":373,"logo":"https:\/\/d2q6z78khxmx42.cloudfront.net\/2021\/03\/DKA_Architectes_Sonkham-150x100.jpg","logo-width":150,"logo-height":100,"masonry":"https:\/\/d2q6z78khxmx42.cloudfront.net\/2021\/03\/DKA_Architectes_Sonkham-550x367.jpg","masonry-width":550,"masonry-height":367,"modal":"https:\/\/d2q6z78khxmx42.cloudfront.net\/2021\/03\/mNsGDyqQ-DKA_Architectes_Sonkham-1920x1280.jpg","modal-width":1920,"modal-height":1280,"number":"https:\/\/d2q6z78khxmx42.cloudfront.net\/2021\/03\/mNsGDyqQ-DKA_Architectes_Sonkham-560x373.jpg","number-width":560,"number-height":373,"partner":"https:\/\/d2q6z78khxmx42.cloudfront.net\/2021\/03\/DKA_Architectes_Sonkham-275x183.jpg","partner-width":275,"partner-height":183,"ranking":"https:\/\/d2q6z78khxmx42.cloudfront.net\/2021\/03\/mNsGDyqQ-DKA_Architectes_Sonkham-960x540.jpg","ranking-width":960,"ranking-height":540,"schedule":"https:\/\/d2q6z78khxmx42.cloudfront.net\/2021\/03\/DKA_Architectes_Sonkham-960x360.jpg","schedule-width":960,"schedule-height":360,"slideshow":"https:\/\/d2q6z78khxmx42.cloudfront.net\/2021\/03\/DKA_Architectes_Sonkham-1020x680.jpg","slideshow-width":1020,"slideshow-height":680}},"file":{"ID":69680,"id":69680,"title":"bio-dka","filename":"bio-dka.pdf","filesize":0,"url":"https:\/\/d2q6z78khxmx42.cloudfront.net\/2021\/03\/bio-dka.pdf","link":"https:\/\/int.design\/fr\/projets\/agrandissement-de-lecole-primaire-saint-rene\/bio-dka\/","alt":"","author":"171","description":"","caption":"","name":"bio-dka","status":"inherit","uploaded_to":25846,"date":"2021-03-24 19:17:49","modified":"2021-03-24 19:18:03","menu_order":0,"mime_type":"application\/pdf","type":"application","subtype":"pdf","icon":"https:\/\/int.design\/wp-includes\/images\/media\/document.png"}},{"name":"Sonkham Khamlong","credit":"","image":{"ID":67608,"id":67608,"title":"photoSL","filename":"photoSL.jpg","filesize":0,"url":"https:\/\/d2q6z78khxmx42.cloudfront.net\/2021\/03\/photoSL.jpg","link":"https:\/\/int.design\/fr\/projets\/agrandissement-de-lecole-primaire-saint-rene\/photosl\/","alt":"","author":"171","description":"","caption":"","name":"photosl","status":"inherit","uploaded_to":25846,"date":"2021-03-19 21:36:19","modified":"2021-03-19 21:36:20","menu_order":0,"mime_type":"image\/jpeg","type":"image","subtype":"jpeg","icon":"https:\/\/int.design\/wp-includes\/images\/media\/default.png","width":300,"height":450,"sizes":{"thumbnail":"https:\/\/d2q6z78khxmx42.cloudfront.net\/2021\/03\/photoSL-150x150.jpg","thumbnail-width":150,"thumbnail-height":150,"medium":"https:\/\/d2q6z78khxmx42.cloudfront.net\/2021\/03\/photoSL-200x300.jpg","medium-width":200,"medium-height":300,"medium_large":"https:\/\/d2q6z78khxmx42.cloudfront.net\/2021\/03\/photoSL.jpg","medium_large-width":300,"medium_large-height":450,"large":"https:\/\/d2q6z78khxmx42.cloudfront.net\/2021\/03\/photoSL.jpg","large-width":300,"large-height":450,"1536x1536":"https:\/\/d2q6z78khxmx42.cloudfront.net\/2021\/03\/photoSL.jpg","1536x1536-width":300,"1536x1536-height":450,"2048x2048":"https:\/\/d2q6z78khxmx42.cloudfront.net\/2021\/03\/photoSL.jpg","2048x2048-width":300,"2048x2048-height":450,"article":"https:\/\/d2q6z78khxmx42.cloudfront.net\/2021\/03\/photoSL.jpg","article-width":300,"article-height":450,"banner":"https:\/\/d2q6z78khxmx42.cloudfront.net\/2021\/03\/photoSL.jpg","banner-width":300,"banner-height":450,"block":"https:\/\/d2q6z78khxmx42.cloudfront.net\/2021\/03\/photoSL.jpg","block-width":300,"block-height":450,"card":"https:\/\/d2q6z78khxmx42.cloudfront.net\/2021\/03\/photoSL.jpg","card-width":300,"card-height":450,"card-thumbnail":"https:\/\/d2q6z78khxmx42.cloudfront.net\/2021\/03\/photoSL-300x340.jpg","card-thumbnail-width":300,"card-thumbnail-height":340,"conference":"https:\/\/d2q6z78khxmx42.cloudfront.net\/2021\/03\/photoSL-300x250.jpg","conference-width":300,"conference-height":250,"contest":"https:\/\/d2q6z78khxmx42.cloudfront.net\/2021\/03\/photoSL-300x400.jpg","contest-width":300,"contest-height":400,"cta":"https:\/\/d2q6z78khxmx42.cloudfront.net\/2021\/03\/photoSL-300x170.jpg","cta-width":300,"cta-height":170,"exhibitor":"https:\/\/d2q6z78khxmx42.cloudfront.net\/2021\/03\/photoSL.jpg","exhibitor-width":300,"exhibitor-height":450,"gallery":"https:\/\/d2q6z78khxmx42.cloudfront.net\/2021\/03\/photoSL-287x430.jpg","gallery-width":287,"gallery-height":430,"logo":"https:\/\/d2q6z78khxmx42.cloudfront.net\/2021\/03\/photoSL-67x100.jpg","logo-width":67,"logo-height":100,"masonry":"https:\/\/d2q6z78khxmx42.cloudfront.net\/2021\/03\/photoSL.jpg","masonry-width":300,"masonry-height":450,"modal":"https:\/\/d2q6z78khxmx42.cloudfront.net\/2021\/03\/photoSL.jpg","modal-width":300,"modal-height":450,"number":"https:\/\/d2q6z78khxmx42.cloudfront.net\/2021\/03\/Ek7fotJD-photoSL-287x430.jpg","number-width":287,"number-height":430,"partner":"https:\/\/d2q6z78khxmx42.cloudfront.net\/2021\/03\/photoSL-140x210.jpg","partner-width":140,"partner-height":210,"ranking":"https:\/\/d2q6z78khxmx42.cloudfront.net\/2021\/03\/photoSL.jpg","ranking-width":300,"ranking-height":450,"schedule":"https:\/\/d2q6z78khxmx42.cloudfront.net\/2021\/03\/photoSL-300x360.jpg","schedule-width":300,"schedule-height":360,"slideshow":"https:\/\/d2q6z78khxmx42.cloudfront.net\/2021\/03\/photoSL.jpg","slideshow-width":300,"slideshow-height":450}},"file":{"ID":67605,"id":67605,"title":"bio-SL","filename":"bio-SL.pdf","filesize":0,"url":"https:\/\/d2q6z78khxmx42.cloudfront.net\/2021\/03\/bio-SL.pdf","link":"https:\/\/int.design\/fr\/projets\/agrandissement-de-lecole-primaire-saint-rene\/bio-sl\/","alt":"","author":"171","description":"","caption":"","name":"bio-sl","status":"inherit","uploaded_to":25846,"date":"2021-03-19 21:32:34","modified":"2021-03-19 21:32:37","menu_order":0,"mime_type":"application\/pdf","type":"application","subtype":"pdf","icon":"https:\/\/int.design\/wp-includes\/images\/media\/document.png"}},{"name":"St\u00e9phane Lalancette","credit":"","image":{"ID":67343,"id":67343,"title":"Lapointe-Nathalie_7847-2","filename":"Lapointe-Nathalie_7847-2-scaled.jpg","filesize":0,"url":"https:\/\/int.design\/wp-content\/uploads\/2021\/03\/Lapointe-Nathalie_7847-2-scaled.jpg","link":"https:\/\/int.design\/fr\/projets\/agrandissement-de-lecole-primaire-saint-rene\/lapointe-nathalie_7847-2\/","alt":"","author":"171","description":"","caption":"","name":"lapointe-nathalie_7847-2","status":"inherit","uploaded_to":25846,"date":"2021-03-19 15:42:59","modified":"2021-03-19 15:43:12","menu_order":0,"mime_type":"image\/jpeg","type":"image","subtype":"jpeg","icon":"https:\/\/int.design\/wp-includes\/images\/media\/default.png","width":1707,"height":2560,"sizes":{"thumbnail":"https:\/\/int.design\/wp-content\/uploads\/2021\/03\/Lapointe-Nathalie_7847-2-150x150.jpg","thumbnail-width":150,"thumbnail-height":150,"medium":"https:\/\/int.design\/wp-content\/uploads\/2021\/03\/Lapointe-Nathalie_7847-2-200x300.jpg","medium-width":200,"medium-height":300,"medium_large":"https:\/\/int.design\/wp-content\/uploads\/2021\/03\/Lapointe-Nathalie_7847-2-768x1152.jpg","medium_large-width":768,"medium_large-height":1152,"large":"https:\/\/int.design\/wp-content\/uploads\/2021\/03\/Lapointe-Nathalie_7847-2-683x1024.jpg","large-width":683,"large-height":1024,"1536x1536":"https:\/\/int.design\/wp-content\/uploads\/2021\/03\/Lapointe-Nathalie_7847-2-1024x1536.jpg","1536x1536-width":1024,"1536x1536-height":1536,"2048x2048":"https:\/\/int.design\/wp-content\/uploads\/2021\/03\/Lapointe-Nathalie_7847-2-1365x2048.jpg","2048x2048-width":1365,"2048x2048-height":2048,"article":"https:\/\/int.design\/wp-content\/uploads\/2021\/03\/Lapointe-Nathalie_7847-2-960x540.jpg","article-width":960,"article-height":540,"banner":"https:\/\/int.design\/wp-content\/uploads\/2021\/03\/Lapointe-Nathalie_7847-2-1920x2880.jpg","banner-width":1920,"banner-height":2880,"block":"https:\/\/int.design\/wp-content\/uploads\/2021\/03\/Lapointe-Nathalie_7847-2-900x680.jpg","block-width":900,"block-height":680,"card":"https:\/\/int.design\/wp-content\/uploads\/2021\/03\/Lapointe-Nathalie_7847-2-560x495.jpg","card-width":560,"card-height":495,"card-thumbnail":"https:\/\/int.design\/wp-content\/uploads\/2021\/03\/Lapointe-Nathalie_7847-2-450x340.jpg","card-thumbnail-width":450,"card-thumbnail-height":340,"conference":"https:\/\/int.design\/wp-content\/uploads\/2021\/03\/Lapointe-Nathalie_7847-2-560x250.jpg","conference-width":560,"conference-height":250,"contest":"https:\/\/int.design\/wp-content\/uploads\/2021\/03\/Lapointe-Nathalie_7847-2-960x400.jpg","contest-width":960,"contest-height":400,"cta":"https:\/\/int.design\/wp-content\/uploads\/2021\/03\/Lapointe-Nathalie_7847-2-415x170.jpg","cta-width":415,"cta-height":170,"exhibitor":"https:\/\/int.design\/wp-content\/uploads\/2021\/03\/Lapointe-Nathalie_7847-2-560x560.jpg","exhibitor-width":560,"exhibitor-height":560,"gallery":"https:\/\/int.design\/wp-content\/uploads\/2021\/03\/Lapointe-Nathalie_7847-2-287x430.jpg","gallery-width":287,"gallery-height":430,"logo":"https:\/\/int.design\/wp-content\/uploads\/2021\/03\/Lapointe-Nathalie_7847-2-67x100.jpg","logo-width":67,"logo-height":100,"masonry":"https:\/\/int.design\/wp-content\/uploads\/2021\/03\/Lapointe-Nathalie_7847-2-550x825.jpg","masonry-width":550,"masonry-height":825,"modal":"https:\/\/int.design\/wp-content\/uploads\/2021\/03\/Lapointe-Nathalie_7847-2-1280x1920.jpg","modal-width":1280,"modal-height":1920,"number":"https:\/\/int.design\/wp-content\/uploads\/2021\/03\/Lapointe-Nathalie_7847-2-287x430.jpg","number-width":287,"number-height":430,"partner":"https:\/\/int.design\/wp-content\/uploads\/2021\/03\/Lapointe-Nathalie_7847-2-140x210.jpg","partner-width":140,"partner-height":210,"ranking":"https:\/\/int.design\/wp-content\/uploads\/2021\/03\/Lapointe-Nathalie_7847-2-960x540.jpg","ranking-width":960,"ranking-height":540,"schedule":"https:\/\/int.design\/wp-content\/uploads\/2021\/03\/Lapointe-Nathalie_7847-2-960x360.jpg","schedule-width":960,"schedule-height":360,"slideshow":"https:\/\/int.design\/wp-content\/uploads\/2021\/03\/Lapointe-Nathalie_7847-2-453x680.jpg","slideshow-width":453,"slideshow-height":680}},"file":{"ID":67592,"id":67592,"title":"Bio-firme","filename":"6_Bio-firme.pdf","filesize":0,"url":"https:\/\/d2q6z78khxmx42.cloudfront.net\/2021\/03\/6_Bio-firme.pdf","link":"https:\/\/int.design\/fr\/projets\/agrandissement-de-lecole-primaire-saint-rene\/bio-firme-2\/","alt":"","author":"171","description":"","caption":"","name":"bio-firme-2","status":"inherit","uploaded_to":25846,"date":"2021-03-19 21:10:29","modified":"2021-03-19 21:10:31","menu_order":0,"mime_type":"application\/pdf","type":"application","subtype":"pdf","icon":"https:\/\/int.design\/wp-includes\/images\/media\/document.png"}},{"name":"Nathalie Lapointe","credit":"","image":{"ID":70058,"id":70058,"title":"DKA_Architectes_Gabrielle","filename":"DKA_Architectes_Gabrielle.jpg","filesize":0,"url":"https:\/\/d2q6z78khxmx42.cloudfront.net\/2021\/03\/DKA_Architectes_Gabrielle.jpg","link":"https:\/\/int.design\/fr\/projets\/agrandissement-de-lecole-primaire-saint-rene\/dka_architectes_gabrielle\/","alt":"","author":"171","description":"","caption":"","name":"dka_architectes_gabrielle","status":"inherit","uploaded_to":25846,"date":"2021-03-24 22:54:40","modified":"2021-03-24 22:54:46","menu_order":0,"mime_type":"image\/jpeg","type":"image","subtype":"jpeg","icon":"https:\/\/int.design\/wp-includes\/images\/media\/default.png","width":2500,"height":1667,"sizes":{"thumbnail":"https:\/\/d2q6z78khxmx42.cloudfront.net\/2021\/03\/DKA_Architectes_Gabrielle-150x150.jpg","thumbnail-width":150,"thumbnail-height":150,"medium":"https:\/\/d2q6z78khxmx42.cloudfront.net\/2021\/03\/DKA_Architectes_Gabrielle-300x200.jpg","medium-width":300,"medium-height":200,"medium_large":"https:\/\/d2q6z78khxmx42.cloudfront.net\/2021\/03\/DKA_Architectes_Gabrielle-768x512.jpg","medium_large-width":768,"medium_large-height":512,"large":"https:\/\/d2q6z78khxmx42.cloudfront.net\/2021\/03\/DKA_Architectes_Gabrielle-1024x683.jpg","large-width":1024,"large-height":683,"1536x1536":"https:\/\/d2q6z78khxmx42.cloudfront.net\/2021\/03\/DKA_Architectes_Gabrielle-1536x1024.jpg","1536x1536-width":1536,"1536x1536-height":1024,"2048x2048":"https:\/\/d2q6z78khxmx42.cloudfront.net\/2021\/03\/DKA_Architectes_Gabrielle-2048x1366.jpg","2048x2048-width":2048,"2048x2048-height":1366,"article":"https:\/\/d2q6z78khxmx42.cloudfront.net\/2021\/03\/DKA_Architectes_Gabrielle-960x540.jpg","article-width":960,"article-height":540,"banner":"https:\/\/d2q6z78khxmx42.cloudfront.net\/2021\/03\/DKA_Architectes_Gabrielle-1920x1280.jpg","banner-width":1920,"banner-height":1280,"block":"https:\/\/d2q6z78khxmx42.cloudfront.net\/2021\/03\/DKA_Architectes_Gabrielle-900x680.jpg","block-width":900,"block-height":680,"card":"https:\/\/d2q6z78khxmx42.cloudfront.net\/2021\/03\/DKA_Architectes_Gabrielle-560x495.jpg","card-width":560,"card-height":495,"card-thumbnail":"https:\/\/d2q6z78khxmx42.cloudfront.net\/2021\/03\/DKA_Architectes_Gabrielle-450x340.jpg","card-thumbnail-width":450,"card-thumbnail-height":340,"conference":"https:\/\/d2q6z78khxmx42.cloudfront.net\/2021\/03\/DKA_Architectes_Gabrielle-560x250.jpg","conference-width":560,"conference-height":250,"contest":"https:\/\/d2q6z78khxmx42.cloudfront.net\/2021\/03\/DKA_Architectes_Gabrielle-960x400.jpg","contest-width":960,"contest-height":400,"cta":"https:\/\/d2q6z78khxmx42.cloudfront.net\/2021\/03\/DKA_Architectes_Gabrielle-415x170.jpg","cta-width":415,"cta-height":170,"exhibitor":"https:\/\/d2q6z78khxmx42.cloudfront.net\/2021\/03\/DKA_Architectes_Gabrielle-560x560.jpg","exhibitor-width":560,"exhibitor-height":560,"gallery":"https:\/\/d2q6z78khxmx42.cloudfront.net\/2021\/03\/DKA_Architectes_Gabrielle-560x373.jpg","gallery-width":560,"gallery-height":373,"logo":"https:\/\/d2q6z78khxmx42.cloudfront.net\/2021\/03\/DKA_Architectes_Gabrielle-150x100.jpg","logo-width":150,"logo-height":100,"masonry":"https:\/\/d2q6z78khxmx42.cloudfront.net\/2021\/03\/DKA_Architectes_Gabrielle-550x367.jpg","masonry-width":550,"masonry-height":367,"modal":"https:\/\/d2q6z78khxmx42.cloudfront.net\/2021\/03\/UOVPMH5I-DKA_Architectes_Gabrielle-1920x1280.jpg","modal-width":1920,"modal-height":1280,"number":"https:\/\/d2q6z78khxmx42.cloudfront.net\/2021\/03\/UOVPMH5I-DKA_Architectes_Gabrielle-560x373.jpg","number-width":560,"number-height":373,"partner":"https:\/\/d2q6z78khxmx42.cloudfront.net\/2021\/03\/DKA_Architectes_Gabrielle-275x183.jpg","partner-width":275,"partner-height":183,"ranking":"https:\/\/d2q6z78khxmx42.cloudfront.net\/2021\/03\/UOVPMH5I-DKA_Architectes_Gabrielle-960x540.jpg","ranking-width":960,"ranking-height":540,"schedule":"https:\/\/d2q6z78khxmx42.cloudfront.net\/2021\/03\/DKA_Architectes_Gabrielle-960x360.jpg","schedule-width":960,"schedule-height":360,"slideshow":"https:\/\/d2q6z78khxmx42.cloudfront.net\/2021\/03\/DKA_Architectes_Gabrielle-1020x680.jpg","slideshow-width":1020,"slideshow-height":680}},"file":{"ID":69682,"id":69682,"title":"bio-dka","filename":"7_bio-dka.pdf","filesize":0,"url":"https:\/\/d2q6z78khxmx42.cloudfront.net\/2021\/03\/7_bio-dka.pdf","link":"https:\/\/int.design\/fr\/projets\/agrandissement-de-lecole-primaire-saint-rene\/bio-dka-3\/","alt":"","author":"171","description":"","caption":"","name":"bio-dka-3","status":"inherit","uploaded_to":25846,"date":"2021-03-24 19:17:56","modified":"2021-03-24 19:18:03","menu_order":0,"mime_type":"application\/pdf","type":"application","subtype":"pdf","icon":"https:\/\/int.design\/wp-includes\/images\/media\/document.png"}}],"cover":[{"categories":[383],"credit":"Fran\u00e7ois LeClair","image":{"ID":65991,"id":65991,"title":"Saint-Rene_entree_38","filename":"6_Saint-Rene_entree_38-scaled.jpg","filesize":0,"url":"https:\/\/int.design\/wp-content\/uploads\/2021\/03\/6_Saint-Rene_entree_38-scaled.jpg","link":"https:\/\/int.design\/fr\/projets\/agrandissement-de-lecole-primaire-saint-rene\/saint-rene_entree_38-2\/","alt":"","author":"171","description":"","caption":"","name":"saint-rene_entree_38-2","status":"inherit","uploaded_to":25846,"date":"2021-03-10 15:29:59","modified":"2021-03-10 15:30:25","menu_order":0,"mime_type":"image\/jpeg","type":"image","subtype":"jpeg","icon":"https:\/\/int.design\/wp-includes\/images\/media\/default.png","width":2560,"height":1707,"sizes":{"thumbnail":"https:\/\/int.design\/wp-content\/uploads\/2021\/03\/6_Saint-Rene_entree_38-150x150.jpg","thumbnail-width":150,"thumbnail-height":150,"medium":"https:\/\/int.design\/wp-content\/uploads\/2021\/03\/6_Saint-Rene_entree_38-300x200.jpg","medium-width":300,"medium-height":200,"medium_large":"https:\/\/int.design\/wp-content\/uploads\/2021\/03\/6_Saint-Rene_entree_38-768x512.jpg","medium_large-width":768,"medium_large-height":512,"large":"https:\/\/int.design\/wp-content\/uploads\/2021\/03\/6_Saint-Rene_entree_38-1024x683.jpg","large-width":1024,"large-height":683,"1536x1536":"https:\/\/int.design\/wp-content\/uploads\/2021\/03\/6_Saint-Rene_entree_38-1536x1024.jpg","1536x1536-width":1536,"1536x1536-height":1024,"2048x2048":"https:\/\/int.design\/wp-content\/uploads\/2021\/03\/6_Saint-Rene_entree_38-2048x1365.jpg","2048x2048-width":2048,"2048x2048-height":1365,"article":"https:\/\/int.design\/wp-content\/uploads\/2021\/03\/6_Saint-Rene_entree_38-960x540.jpg","article-width":960,"article-height":540,"banner":"https:\/\/int.design\/wp-content\/uploads\/2021\/03\/6_Saint-Rene_entree_38-1920x1280.jpg","banner-width":1920,"banner-height":1280,"block":"https:\/\/int.design\/wp-content\/uploads\/2021\/03\/6_Saint-Rene_entree_38-900x680.jpg","block-width":900,"block-height":680,"card":"https:\/\/int.design\/wp-content\/uploads\/2021\/03\/6_Saint-Rene_entree_38-560x495.jpg","card-width":560,"card-height":495,"card-thumbnail":"https:\/\/int.design\/wp-content\/uploads\/2021\/03\/6_Saint-Rene_entree_38-450x340.jpg","card-thumbnail-width":450,"card-thumbnail-height":340,"conference":"https:\/\/int.design\/wp-content\/uploads\/2021\/03\/6_Saint-Rene_entree_38-560x250.jpg","conference-width":560,"conference-height":250,"contest":"https:\/\/int.design\/wp-content\/uploads\/2021\/03\/6_Saint-Rene_entree_38-960x400.jpg","contest-width":960,"contest-height":400,"cta":"https:\/\/int.design\/wp-content\/uploads\/2021\/03\/6_Saint-Rene_entree_38-415x170.jpg","cta-width":415,"cta-height":170,"exhibitor":"https:\/\/int.design\/wp-content\/uploads\/2021\/03\/6_Saint-Rene_entree_38-560x560.jpg","exhibitor-width":560,"exhibitor-height":560,"gallery":"https:\/\/int.design\/wp-content\/uploads\/2021\/03\/6_Saint-Rene_entree_38-560x373.jpg","gallery-width":560,"gallery-height":373,"logo":"https:\/\/int.design\/wp-content\/uploads\/2021\/03\/6_Saint-Rene_entree_38-150x100.jpg","logo-width":150,"logo-height":100,"masonry":"https:\/\/int.design\/wp-content\/uploads\/2021\/03\/6_Saint-Rene_entree_38-550x367.jpg","masonry-width":550,"masonry-height":367,"modal":"https:\/\/int.design\/wp-content\/uploads\/2021\/03\/6_Saint-Rene_entree_38-1920x1280.jpg","modal-width":1920,"modal-height":1280,"number":"https:\/\/int.design\/wp-content\/uploads\/2021\/03\/6_Saint-Rene_entree_38-560x373.jpg","number-width":560,"number-height":373,"partner":"https:\/\/int.design\/wp-content\/uploads\/2021\/03\/6_Saint-Rene_entree_38-275x183.jpg","partner-width":275,"partner-height":183,"ranking":"https:\/\/int.design\/wp-content\/uploads\/2021\/03\/6_Saint-Rene_entree_38-960x540.jpg","ranking-width":960,"ranking-height":540,"schedule":"https:\/\/int.design\/wp-content\/uploads\/2021\/03\/6_Saint-Rene_entree_38-960x360.jpg","schedule-width":960,"schedule-height":360,"slideshow":"https:\/\/int.design\/wp-content\/uploads\/2021\/03\/6_Saint-Rene_entree_38-1020x680.jpg","slideshow-width":1020,"slideshow-height":680}},"filters":[1001],"suppliers":[{"name":"Pr\u00e9vost","website":"pr\u00e9vost-architectural.com","suppliers_products":[169]},{"name":"Vitrerie Laurier","website":"https:\/\/laurier.net\/","suppliers_products":[172]}],"attachment_category":[]}],"images":[{"categories":[383],"credit":"Fran\u00e7ois LeClair","image":{"ID":66208,"id":66208,"title":"Saint-Rene_arriere-2_36_30cm","filename":"6_Saint-Rene_arriere-2_36_30cm-scaled.jpg","filesize":0,"url":"https:\/\/int.design\/wp-content\/uploads\/2021\/03\/6_Saint-Rene_arriere-2_36_30cm-scaled.jpg","link":"https:\/\/int.design\/fr\/projets\/agrandissement-de-lecole-primaire-saint-rene\/saint-rene_arriere-2_36_30cm-2\/","alt":"","author":"171","description":"Agrandissement de l'\u00e9cole primaire Saint-Ren\u00e9 Yelle Maill\u00e9 architectes avec la collaboration de DKA  Yelle Maill\u00e9 et associ\u00e9s architectes inc. DKA architectes Yelle Maill\u00e9 architectes DKA architectes WSP","caption":"","name":"saint-rene_arriere-2_36_30cm-2","status":"inherit","uploaded_to":25846,"date":"2021-03-10 22:20:18","modified":"2022-02-08 13:39:19","menu_order":0,"mime_type":"image\/jpeg","type":"image","subtype":"jpeg","icon":"https:\/\/int.design\/wp-includes\/images\/media\/default.png","width":2560,"height":1707,"sizes":{"thumbnail":"https:\/\/int.design\/wp-content\/uploads\/2021\/03\/6_Saint-Rene_arriere-2_36_30cm-150x150.jpg","thumbnail-width":150,"thumbnail-height":150,"medium":"https:\/\/int.design\/wp-content\/uploads\/2021\/03\/6_Saint-Rene_arriere-2_36_30cm-300x200.jpg","medium-width":300,"medium-height":200,"medium_large":"https:\/\/int.design\/wp-content\/uploads\/2021\/03\/6_Saint-Rene_arriere-2_36_30cm-768x512.jpg","medium_large-width":768,"medium_large-height":512,"large":"https:\/\/int.design\/wp-content\/uploads\/2021\/03\/6_Saint-Rene_arriere-2_36_30cm-1024x683.jpg","large-width":1024,"large-height":683,"1536x1536":"https:\/\/int.design\/wp-content\/uploads\/2021\/03\/6_Saint-Rene_arriere-2_36_30cm-1536x1024.jpg","1536x1536-width":1536,"1536x1536-height":1024,"2048x2048":"https:\/\/int.design\/wp-content\/uploads\/2021\/03\/6_Saint-Rene_arriere-2_36_30cm-2048x1365.jpg","2048x2048-width":2048,"2048x2048-height":1365,"article":"https:\/\/int.design\/wp-content\/uploads\/2021\/03\/6_Saint-Rene_arriere-2_36_30cm-960x540.jpg","article-width":960,"article-height":540,"banner":"https:\/\/int.design\/wp-content\/uploads\/2021\/03\/6_Saint-Rene_arriere-2_36_30cm-1920x1280.jpg","banner-width":1920,"banner-height":1280,"block":"https:\/\/int.design\/wp-content\/uploads\/2021\/03\/6_Saint-Rene_arriere-2_36_30cm-900x680.jpg","block-width":900,"block-height":680,"card":"https:\/\/int.design\/wp-content\/uploads\/2021\/03\/6_Saint-Rene_arriere-2_36_30cm-560x495.jpg","card-width":560,"card-height":495,"card-thumbnail":"https:\/\/int.design\/wp-content\/uploads\/2021\/03\/6_Saint-Rene_arriere-2_36_30cm-450x340.jpg","card-thumbnail-width":450,"card-thumbnail-height":340,"conference":"https:\/\/int.design\/wp-content\/uploads\/2021\/03\/6_Saint-Rene_arriere-2_36_30cm-560x250.jpg","conference-width":560,"conference-height":250,"contest":"https:\/\/int.design\/wp-content\/uploads\/2021\/03\/6_Saint-Rene_arriere-2_36_30cm-960x400.jpg","contest-width":960,"contest-height":400,"cta":"https:\/\/int.design\/wp-content\/uploads\/2021\/03\/6_Saint-Rene_arriere-2_36_30cm-415x170.jpg","cta-width":415,"cta-height":170,"exhibitor":"https:\/\/int.design\/wp-content\/uploads\/2021\/03\/6_Saint-Rene_arriere-2_36_30cm-560x560.jpg","exhibitor-width":560,"exhibitor-height":560,"gallery":"https:\/\/int.design\/wp-content\/uploads\/2021\/03\/6_Saint-Rene_arriere-2_36_30cm-560x373.jpg","gallery-width":560,"gallery-height":373,"logo":"https:\/\/int.design\/wp-content\/uploads\/2021\/03\/6_Saint-Rene_arriere-2_36_30cm-150x100.jpg","logo-width":150,"logo-height":100,"masonry":"https:\/\/int.design\/wp-content\/uploads\/2021\/03\/6_Saint-Rene_arriere-2_36_30cm-550x367.jpg","masonry-width":550,"masonry-height":367,"modal":"https:\/\/int.design\/wp-content\/uploads\/2021\/03\/6_Saint-Rene_arriere-2_36_30cm-1920x1280.jpg","modal-width":1920,"modal-height":1280,"number":"https:\/\/int.design\/wp-content\/uploads\/2021\/03\/6_Saint-Rene_arriere-2_36_30cm-560x373.jpg","number-width":560,"number-height":373,"partner":"https:\/\/int.design\/wp-content\/uploads\/2021\/03\/6_Saint-Rene_arriere-2_36_30cm-275x183.jpg","partner-width":275,"partner-height":183,"ranking":"https:\/\/int.design\/wp-content\/uploads\/2021\/03\/6_Saint-Rene_arriere-2_36_30cm-960x540.jpg","ranking-width":960,"ranking-height":540,"schedule":"https:\/\/int.design\/wp-content\/uploads\/2021\/03\/6_Saint-Rene_arriere-2_36_30cm-960x360.jpg","schedule-width":960,"schedule-height":360,"slideshow":"https:\/\/int.design\/wp-content\/uploads\/2021\/03\/6_Saint-Rene_arriere-2_36_30cm-1020x680.jpg","slideshow-width":1020,"slideshow-height":680}},"filters":[1001],"suppliers":[{"name":"Pr\u00e9vost","website":"prevost-architectural.com","suppliers_products":[169]}],"attachment_category":[]},{"categories":false,"credit":"","image":{"ID":66209,"id":66209,"title":"Saint-Rene_facadeO_41_30cm","filename":"Saint-Rene_facadeO_41_30cm-scaled.jpg","filesize":0,"url":"https:\/\/int.design\/wp-content\/uploads\/2021\/03\/Saint-Rene_facadeO_41_30cm-scaled.jpg","link":"https:\/\/int.design\/fr\/projets\/agrandissement-de-lecole-primaire-saint-rene\/saint-rene_facadeo_41_30cm\/","alt":"","author":"171","description":"Agrandissement de l'\u00e9cole primaire Saint-Ren\u00e9 Yelle Maill\u00e9 architectes avec la collaboration de DKA  Yelle Maill\u00e9 et associ\u00e9s architectes inc. DKA architectes Yelle Maill\u00e9 architectes DKA architectes WSP","caption":"","name":"saint-rene_facadeo_41_30cm","status":"inherit","uploaded_to":25846,"date":"2021-03-11 02:38:27","modified":"2022-02-08 13:39:19","menu_order":0,"mime_type":"image\/jpeg","type":"image","subtype":"jpeg","icon":"https:\/\/int.design\/wp-includes\/images\/media\/default.png","width":2560,"height":1707,"sizes":{"thumbnail":"https:\/\/int.design\/wp-content\/uploads\/2021\/03\/Saint-Rene_facadeO_41_30cm-150x150.jpg","thumbnail-width":150,"thumbnail-height":150,"medium":"https:\/\/int.design\/wp-content\/uploads\/2021\/03\/Saint-Rene_facadeO_41_30cm-300x200.jpg","medium-width":300,"medium-height":200,"medium_large":"https:\/\/int.design\/wp-content\/uploads\/2021\/03\/Saint-Rene_facadeO_41_30cm-768x512.jpg","medium_large-width":768,"medium_large-height":512,"large":"https:\/\/int.design\/wp-content\/uploads\/2021\/03\/Saint-Rene_facadeO_41_30cm-1024x683.jpg","large-width":1024,"large-height":683,"1536x1536":"https:\/\/int.design\/wp-content\/uploads\/2021\/03\/Saint-Rene_facadeO_41_30cm-1536x1024.jpg","1536x1536-width":1536,"1536x1536-height":1024,"2048x2048":"https:\/\/int.design\/wp-content\/uploads\/2021\/03\/Saint-Rene_facadeO_41_30cm-2048x1365.jpg","2048x2048-width":2048,"2048x2048-height":1365,"article":"https:\/\/int.design\/wp-content\/uploads\/2021\/03\/Saint-Rene_facadeO_41_30cm-960x540.jpg","article-width":960,"article-height":540,"banner":"https:\/\/int.design\/wp-content\/uploads\/2021\/03\/Saint-Rene_facadeO_41_30cm-1920x1280.jpg","banner-width":1920,"banner-height":1280,"block":"https:\/\/int.design\/wp-content\/uploads\/2021\/03\/Saint-Rene_facadeO_41_30cm-900x680.jpg","block-width":900,"block-height":680,"card":"https:\/\/int.design\/wp-content\/uploads\/2021\/03\/Saint-Rene_facadeO_41_30cm-560x495.jpg","card-width":560,"card-height":495,"card-thumbnail":"https:\/\/int.design\/wp-content\/uploads\/2021\/03\/Saint-Rene_facadeO_41_30cm-450x340.jpg","card-thumbnail-width":450,"card-thumbnail-height":340,"conference":"https:\/\/int.design\/wp-content\/uploads\/2021\/03\/Saint-Rene_facadeO_41_30cm-560x250.jpg","conference-width":560,"conference-height":250,"contest":"https:\/\/int.design\/wp-content\/uploads\/2021\/03\/Saint-Rene_facadeO_41_30cm-960x400.jpg","contest-width":960,"contest-height":400,"cta":"https:\/\/int.design\/wp-content\/uploads\/2021\/03\/Saint-Rene_facadeO_41_30cm-415x170.jpg","cta-width":415,"cta-height":170,"exhibitor":"https:\/\/int.design\/wp-content\/uploads\/2021\/03\/Saint-Rene_facadeO_41_30cm-560x560.jpg","exhibitor-width":560,"exhibitor-height":560,"gallery":"https:\/\/int.design\/wp-content\/uploads\/2021\/03\/Saint-Rene_facadeO_41_30cm-560x373.jpg","gallery-width":560,"gallery-height":373,"logo":"https:\/\/int.design\/wp-content\/uploads\/2021\/03\/Saint-Rene_facadeO_41_30cm-150x100.jpg","logo-width":150,"logo-height":100,"masonry":"https:\/\/int.design\/wp-content\/uploads\/2021\/03\/Saint-Rene_facadeO_41_30cm-550x367.jpg","masonry-width":550,"masonry-height":367,"modal":"https:\/\/int.design\/wp-content\/uploads\/2021\/03\/Saint-Rene_facadeO_41_30cm-1920x1280.jpg","modal-width":1920,"modal-height":1280,"number":"https:\/\/int.design\/wp-content\/uploads\/2021\/03\/Saint-Rene_facadeO_41_30cm-560x373.jpg","number-width":560,"number-height":373,"partner":"https:\/\/int.design\/wp-content\/uploads\/2021\/03\/Saint-Rene_facadeO_41_30cm-275x183.jpg","partner-width":275,"partner-height":183,"ranking":"https:\/\/int.design\/wp-content\/uploads\/2021\/03\/Saint-Rene_facadeO_41_30cm-960x540.jpg","ranking-width":960,"ranking-height":540,"schedule":"https:\/\/int.design\/wp-content\/uploads\/2021\/03\/Saint-Rene_facadeO_41_30cm-960x360.jpg","schedule-width":960,"schedule-height":360,"slideshow":"https:\/\/int.design\/wp-content\/uploads\/2021\/03\/Saint-Rene_facadeO_41_30cm-1020x680.jpg","slideshow-width":1020,"slideshow-height":680}},"filters":false,"suppliers":false,"attachment_category":[]}],"mandatory_documents":[{"name":"Plan d&#39;implantation","file":{"ID":66216,"id":66216,"title":"1-plan-implantation_St-Rene_YMA","filename":"1-plan-implantation_St-Rene_YMA.pdf","filesize":0,"url":"https:\/\/d2q6z78khxmx42.cloudfront.net\/2021\/03\/1-plan-implantation_St-Rene_YMA.pdf","link":"https:\/\/int.design\/fr\/projets\/agrandissement-de-lecole-primaire-saint-rene\/1-plan-implantation_st-rene_yma\/","alt":"","author":"171","description":"","caption":"","name":"1-plan-implantation_st-rene_yma","status":"inherit","uploaded_to":25846,"date":"2021-03-11 03:09:43","modified":"2021-03-11 03:10:00","menu_order":0,"mime_type":"application\/pdf","type":"application","subtype":"pdf","icon":"https:\/\/int.design\/wp-includes\/images\/media\/document.png"}}],"optional_documents":[{"name":"Plan du rez-de-chauss\u00e9e","file":{"ID":66217,"id":66217,"title":"2_plan-RDCSt-Rene_YMA","filename":"2_plan-RDCSt-Rene_YMA.pdf","filesize":0,"url":"https:\/\/d2q6z78khxmx42.cloudfront.net\/2021\/03\/2_plan-RDCSt-Rene_YMA.pdf","link":"https:\/\/int.design\/fr\/projets\/agrandissement-de-lecole-primaire-saint-rene\/2_plan-rdcst-rene_yma\/","alt":"","author":"171","description":"","caption":"","name":"2_plan-rdcst-rene_yma","status":"inherit","uploaded_to":25846,"date":"2021-03-11 03:09:47","modified":"2021-03-11 03:10:00","menu_order":0,"mime_type":"application\/pdf","type":"application","subtype":"pdf","icon":"https:\/\/int.design\/wp-includes\/images\/media\/document.png"}},{"name":"Plan d&#39;\u00e9tage","file":{"ID":66218,"id":66218,"title":"3_plan-etageSt-Rene_YMA","filename":"3_plan-etageSt-Rene_YMA.pdf","filesize":0,"url":"https:\/\/d2q6z78khxmx42.cloudfront.net\/2021\/03\/3_plan-etageSt-Rene_YMA.pdf","link":"https:\/\/int.design\/fr\/projets\/agrandissement-de-lecole-primaire-saint-rene\/3_plan-etagest-rene_yma\/","alt":"","author":"171","description":"","caption":"","name":"3_plan-etagest-rene_yma","status":"inherit","uploaded_to":25846,"date":"2021-03-11 03:09:50","modified":"2021-03-11 03:10:00","menu_order":0,"mime_type":"application\/pdf","type":"application","subtype":"pdf","icon":"https:\/\/int.design\/wp-includes\/images\/media\/document.png"}},{"name":"\u00c9l\u00e9vation sud","file":{"ID":66219,"id":66219,"title":"4_elevationSUD2_St-Rene_YMA","filename":"4_elevationSUD2_St-Rene_YMA.pdf","filesize":0,"url":"https:\/\/d2q6z78khxmx42.cloudfront.net\/2021\/03\/4_elevationSUD2_St-Rene_YMA.pdf","link":"https:\/\/int.design\/fr\/projets\/agrandissement-de-lecole-primaire-saint-rene\/4_elevationsud2_st-rene_yma\/","alt":"","author":"171","description":"","caption":"","name":"4_elevationsud2_st-rene_yma","status":"inherit","uploaded_to":25846,"date":"2021-03-11 03:09:53","modified":"2021-03-11 03:10:00","menu_order":0,"mime_type":"application\/pdf","type":"application","subtype":"pdf","icon":"https:\/\/int.design\/wp-includes\/images\/media\/document.png"}},{"name":"\u00c9l\u00e9vation Ouest","file":{"ID":66220,"id":66220,"title":"6_elevationOUEST-St-Rene_YMA","filename":"6_elevationOUEST-St-Rene_YMA.pdf","filesize":0,"url":"https:\/\/d2q6z78khxmx42.cloudfront.net\/2021\/03\/6_elevationOUEST-St-Rene_YMA.pdf","link":"https:\/\/int.design\/fr\/projets\/agrandissement-de-lecole-primaire-saint-rene\/6_elevationouest-st-rene_yma\/","alt":"","author":"171","description":"","caption":"","name":"6_elevationouest-st-rene_yma","status":"inherit","uploaded_to":25846,"date":"2021-03-11 03:09:55","modified":"2021-03-11 03:10:00","menu_order":0,"mime_type":"application\/pdf","type":"application","subtype":"pdf","icon":"https:\/\/int.design\/wp-includes\/images\/media\/document.png"}},{"name":"Coupe de la maisonn\u00e9e","file":{"ID":66221,"id":66221,"title":"7_coupe-maisonnee_St-Rene_YMA","filename":"7_coupe-maisonnee_St-Rene_YMA.pdf","filesize":0,"url":"https:\/\/d2q6z78khxmx42.cloudfront.net\/2021\/03\/7_coupe-maisonnee_St-Rene_YMA.pdf","link":"https:\/\/int.design\/fr\/projets\/agrandissement-de-lecole-primaire-saint-rene\/7_coupe-maisonnee_st-rene_yma\/","alt":"","author":"171","description":"","caption":"","name":"7_coupe-maisonnee_st-rene_yma","status":"inherit","uploaded_to":25846,"date":"2021-03-11 03:09:57","modified":"2021-03-11 03:10:00","menu_order":0,"mime_type":"application\/pdf","type":"application","subtype":"pdf","icon":"https:\/\/int.design\/wp-includes\/images\/media\/document.png"}}],"web_text":{"fr":"","en":"","original":""},"jury_text":[{"category":383,"fr":"","en":"","original":""}],"different_jury_text":false,"different_category_text":false},"laureats":[],"contest_id":"6760","contest_title":"GRANDS PRIX DU DESIGN - 14th edition","firms":[{"name":"Stantec","website":"","category":"","category_tax":false},{"name":"GBi","website":"           ","category":"","category_tax":false}],"user":{"email":"mj.metivier@yellemaille.ca","first_name":"Marie-Jos\u00e9e","last_name":"M\u00e9tivier"},"doc_texts_web":{"fr":"","en":""},"permalinks":{"fr":"https:\/\/int.design\/fr\/projets\/agrandissement-de-lecole-primaire-saint-rene\/","en":"https:\/\/int.design\/en\/projects\/agrandissement-de-lecole-primaire-saint-rene\/"},"titles":{"fr":"Agrandissement de l&#8217;\u00e9cole primaire Saint-Ren\u00e9","en":"Agrandissement de l&#8217;\u00e9cole primaire Saint-Ren\u00e9"},"wp_fields":[],"laravel_id":""},"_links":{"self":[{"href":"https:\/\/int.design\/en\/wp-json\/wp\/v2\/project\/25847","targetHints":{"allow":["GET"]}}],"collection":[{"href":"https:\/\/int.design\/en\/wp-json\/wp\/v2\/project"}],"about":[{"href":"https:\/\/int.design\/en\/wp-json\/wp\/v2\/types\/project"}],"wp:attachment":[{"href":"https:\/\/int.design\/en\/wp-json\/wp\/v2\/media?parent=25847"}],"curies":[{"name":"wp","href":"https:\/\/api.w.org\/{rel}","templated":true}]}}