{"id":25520,"date":"2021-07-14T19:34:07","date_gmt":"2021-07-14T23:34:07","guid":{"rendered":"https:\/\/int.design\/?post_type=project&#038;p=25520"},"modified":"2021-07-16T13:58:49","modified_gmt":"2021-07-16T17:58:49","slug":"maison-de-ville-et-appartements-alexandre-de-seve","status":"publish","type":"project","link":"https:\/\/int.design\/en\/projects\/maison-de-ville-et-appartements-alexandre-de-seve\/","title":{"rendered":"Maison de ville et appartements Alexandre-de-S\u00e8ve"},"content":{"rendered":"","protected":false},"template":"","class_list":["post-25520","project","type-project","status-publish","hentry","project_category-architecture-grands_prix_du_design_en","project_category-residential-building","project_category-special-award","project_category-single-family-home","project_category-multi-family-residence","project_category-low-rise-rental-or-condominium-building-less-than-5-storey-high","project_category-prestige-house","project_category-building-conversion-recycling-rebirth-project","project_category-building-renovation","project_category-heritage-conservation-restoration-and-presentation"],"acf":[],"yoast_head":"<!-- This site is optimized with the Yoast SEO plugin v21.5 - https:\/\/yoast.com\/wordpress\/plugins\/seo\/ -->\n<title>Maison de ville et appartements Alexandre-de-S\u00e8ve - INT Design<\/title>\n<meta name=\"robots\" content=\"index, follow, max-snippet:-1, max-image-preview:large, max-video-preview:-1\" \/>\n<link rel=\"canonical\" href=\"https:\/\/int.design\/en\/projects\/maison-de-ville-et-appartements-alexandre-de-seve\/\" \/>\n<meta property=\"og:locale\" content=\"en_US\" \/>\n<meta property=\"og:type\" content=\"article\" \/>\n<meta property=\"og:title\" content=\"Maison de ville et appartements Alexandre-de-S\u00e8ve - INT Design\" \/>\n<meta property=\"og:url\" content=\"https:\/\/int.design\/en\/projects\/maison-de-ville-et-appartements-alexandre-de-seve\/\" \/>\n<meta property=\"og:site_name\" content=\"INT Design\" \/>\n<meta property=\"article:modified_time\" content=\"2021-07-16T17:58:49+00:00\" \/>\n<meta name=\"twitter:card\" content=\"summary_large_image\" \/>\n<script type=\"application\/ld+json\" class=\"yoast-schema-graph\">{\"@context\":\"https:\/\/schema.org\",\"@graph\":[{\"@type\":\"WebPage\",\"@id\":\"https:\/\/int.design\/en\/projects\/maison-de-ville-et-appartements-alexandre-de-seve\/\",\"url\":\"https:\/\/int.design\/en\/projects\/maison-de-ville-et-appartements-alexandre-de-seve\/\",\"name\":\"Maison de ville et appartements Alexandre-de-S\u00e8ve - INT Design\",\"isPartOf\":{\"@id\":\"https:\/\/int.design\/fr\/#website\"},\"datePublished\":\"2021-07-14T23:34:07+00:00\",\"dateModified\":\"2021-07-16T17:58:49+00:00\",\"breadcrumb\":{\"@id\":\"https:\/\/int.design\/en\/projects\/maison-de-ville-et-appartements-alexandre-de-seve\/#breadcrumb\"},\"inLanguage\":\"en-US\",\"potentialAction\":[{\"@type\":\"ReadAction\",\"target\":[\"https:\/\/int.design\/en\/projects\/maison-de-ville-et-appartements-alexandre-de-seve\/\"]}]},{\"@type\":\"BreadcrumbList\",\"@id\":\"https:\/\/int.design\/en\/projects\/maison-de-ville-et-appartements-alexandre-de-seve\/#breadcrumb\",\"itemListElement\":[{\"@type\":\"ListItem\",\"position\":1,\"name\":\"Home\",\"item\":\"https:\/\/int.design\/en\/\"},{\"@type\":\"ListItem\",\"position\":2,\"name\":\"Projects\",\"item\":\"https:\/\/int.design\/en\/projects\/\"},{\"@type\":\"ListItem\",\"position\":3,\"name\":\"Maison de ville et appartements Alexandre-de-S\u00e8ve\"}]},{\"@type\":\"WebSite\",\"@id\":\"https:\/\/int.design\/fr\/#website\",\"url\":\"https:\/\/int.design\/fr\/\",\"name\":\"INT Design\",\"description\":\"\",\"potentialAction\":[{\"@type\":\"SearchAction\",\"target\":{\"@type\":\"EntryPoint\",\"urlTemplate\":\"https:\/\/int.design\/fr\/?s={search_term_string}\"},\"query-input\":\"required name=search_term_string\"}],\"inLanguage\":\"en-US\"}]}<\/script>\n<!-- \/ Yoast SEO plugin. -->","yoast_head_json":{"title":"Maison de ville et appartements Alexandre-de-S\u00e8ve - INT Design","robots":{"index":"index","follow":"follow","max-snippet":"max-snippet:-1","max-image-preview":"max-image-preview:large","max-video-preview":"max-video-preview:-1"},"canonical":"https:\/\/int.design\/en\/projects\/maison-de-ville-et-appartements-alexandre-de-seve\/","og_locale":"en_US","og_type":"article","og_title":"Maison de ville et appartements Alexandre-de-S\u00e8ve - INT Design","og_url":"https:\/\/int.design\/en\/projects\/maison-de-ville-et-appartements-alexandre-de-seve\/","og_site_name":"INT Design","article_modified_time":"2021-07-16T17:58:49+00:00","twitter_card":"summary_large_image","schema":{"@context":"https:\/\/schema.org","@graph":[{"@type":"WebPage","@id":"https:\/\/int.design\/en\/projects\/maison-de-ville-et-appartements-alexandre-de-seve\/","url":"https:\/\/int.design\/en\/projects\/maison-de-ville-et-appartements-alexandre-de-seve\/","name":"Maison de ville et appartements Alexandre-de-S\u00e8ve - INT Design","isPartOf":{"@id":"https:\/\/int.design\/fr\/#website"},"datePublished":"2021-07-14T23:34:07+00:00","dateModified":"2021-07-16T17:58:49+00:00","breadcrumb":{"@id":"https:\/\/int.design\/en\/projects\/maison-de-ville-et-appartements-alexandre-de-seve\/#breadcrumb"},"inLanguage":"en-US","potentialAction":[{"@type":"ReadAction","target":["https:\/\/int.design\/en\/projects\/maison-de-ville-et-appartements-alexandre-de-seve\/"]}]},{"@type":"BreadcrumbList","@id":"https:\/\/int.design\/en\/projects\/maison-de-ville-et-appartements-alexandre-de-seve\/#breadcrumb","itemListElement":[{"@type":"ListItem","position":1,"name":"Home","item":"https:\/\/int.design\/en\/"},{"@type":"ListItem","position":2,"name":"Projects","item":"https:\/\/int.design\/en\/projects\/"},{"@type":"ListItem","position":3,"name":"Maison de ville et appartements Alexandre-de-S\u00e8ve"}]},{"@type":"WebSite","@id":"https:\/\/int.design\/fr\/#website","url":"https:\/\/int.design\/fr\/","name":"INT Design","description":"","potentialAction":[{"@type":"SearchAction","target":{"@type":"EntryPoint","urlTemplate":"https:\/\/int.design\/fr\/?s={search_term_string}"},"query-input":"required name=search_term_string"}],"inLanguage":"en-US"}]}},"entry":{"cats":{"disciplines":[{"id":344,"name":"Architecture"}],"big_cats":[{"id":611,"name":"Residential Building"},{"id":632,"name":"Special Award"}],"sub_cats":[{"id":616,"name":"Single-Family Home","parent":611},{"id":615,"name":"Multi-Family Residence","parent":611},{"id":617,"name":"Low-Rise Rental or Condominium Building (&lt; 5 storey-high)","parent":611},{"id":614,"name":"Prestige House","parent":611},{"id":637,"name":"Building Conversion &amp; Recycling (Rebirth Project)","parent":632},{"id":533,"name":"Building Renovation","parent":632},{"id":633,"name":"Heritage Conservation, Restoration &amp; Presentation","parent":632}]},"entry":{"":null,"status":"ongoing","winner_title":"","winner_prize_lang":"","title_translatable":false,"title_en":"","title_fr":"","releve_award":false,"releve_award_cv":false,"collaboration":false,"collaboration_firms":false,"other_firms":[{"name":"Matisse Aubin-Thuot, stagiaire en architecture","website":"https:\/\/www.linkedin.com\/in\/matisse-aubin-thuot-30aa9bba\/?originalSubdomain=ca","category":"Architecte","category_tax":false},{"name":"GENIEX","website":"https:\/\/geniex.ca\/construction\/","category":"Entrepreneur g\u00e9n\u00e9ral","category_tax":false},{"name":"L&#39;espace Paysage","website":"https:\/\/www.lespacepaysage.ca\/","category":"Architecture de paysage","category_tax":false}],"owner":{"name":"","confidential":false,"website":"","contact_name":"","email":"","phone":""},"address":{"address":"","city":"","region":"Montr\u00e9al","province":"QC","country":"","postal_code":""},"logos":false,"use_logo":false,"designers":false,"cover":[{"categories":[256,414,397],"credit":"Charles Lanteigne photo","image":{"ID":35848,"id":35848,"title":"59290-main_1532-1_59290_sc_v2com","filename":"59290-main_1532-1_59290_sc_v2com.jpg","filesize":0,"url":"https:\/\/d2q6z78khxmx42.cloudfront.net\/2021\/01\/59290-main_1532-1_59290_sc_v2com.jpg","link":"https:\/\/int.design\/fr\/projets\/maison-de-ville-et-appartements-alexandre-de-seve\/59290-main_1532-1_59290_sc_v2com\/","alt":"","author":"133","description":"Maison de ville et appartements Alexandre-de-S\u00e8ve Guillaume Levesque architecte GENIEX GENIEX L'espace Paysage Groupe C\u00c9MEC EXPERTS CONSEILS","caption":"","name":"59290-main_1532-1_59290_sc_v2com","status":"inherit","uploaded_to":25519,"date":"2021-01-05 03:38:35","modified":"2022-02-08 13:47:12","menu_order":0,"mime_type":"image\/jpeg","type":"image","subtype":"jpeg","icon":"https:\/\/int.design\/wp-includes\/images\/media\/default.png","width":1500,"height":1000,"sizes":{"thumbnail":"https:\/\/d2q6z78khxmx42.cloudfront.net\/2021\/01\/59290-main_1532-1_59290_sc_v2com-150x150.jpg","thumbnail-width":150,"thumbnail-height":150,"medium":"https:\/\/d2q6z78khxmx42.cloudfront.net\/2021\/01\/59290-main_1532-1_59290_sc_v2com-300x200.jpg","medium-width":300,"medium-height":200,"medium_large":"https:\/\/d2q6z78khxmx42.cloudfront.net\/2021\/01\/59290-main_1532-1_59290_sc_v2com-768x512.jpg","medium_large-width":768,"medium_large-height":512,"large":"https:\/\/d2q6z78khxmx42.cloudfront.net\/2021\/01\/59290-main_1532-1_59290_sc_v2com-1024x683.jpg","large-width":1024,"large-height":683,"1536x1536":"https:\/\/d2q6z78khxmx42.cloudfront.net\/2021\/01\/59290-main_1532-1_59290_sc_v2com.jpg","1536x1536-width":1500,"1536x1536-height":1000,"2048x2048":"https:\/\/d2q6z78khxmx42.cloudfront.net\/2021\/01\/59290-main_1532-1_59290_sc_v2com.jpg","2048x2048-width":1500,"2048x2048-height":1000,"article":"https:\/\/d2q6z78khxmx42.cloudfront.net\/2021\/01\/59290-main_1532-1_59290_sc_v2com-960x540.jpg","article-width":960,"article-height":540,"banner":"https:\/\/d2q6z78khxmx42.cloudfront.net\/2021\/01\/59290-main_1532-1_59290_sc_v2com.jpg","banner-width":1500,"banner-height":1000,"block":"https:\/\/d2q6z78khxmx42.cloudfront.net\/2021\/01\/59290-main_1532-1_59290_sc_v2com-900x680.jpg","block-width":900,"block-height":680,"card":"https:\/\/d2q6z78khxmx42.cloudfront.net\/2021\/01\/59290-main_1532-1_59290_sc_v2com-560x495.jpg","card-width":560,"card-height":495,"card-thumbnail":"https:\/\/d2q6z78khxmx42.cloudfront.net\/2021\/01\/59290-main_1532-1_59290_sc_v2com-450x340.jpg","card-thumbnail-width":450,"card-thumbnail-height":340,"conference":"https:\/\/d2q6z78khxmx42.cloudfront.net\/2021\/01\/59290-main_1532-1_59290_sc_v2com-560x250.jpg","conference-width":560,"conference-height":250,"contest":"https:\/\/d2q6z78khxmx42.cloudfront.net\/2021\/01\/59290-main_1532-1_59290_sc_v2com-960x400.jpg","contest-width":960,"contest-height":400,"cta":"https:\/\/d2q6z78khxmx42.cloudfront.net\/2021\/01\/59290-main_1532-1_59290_sc_v2com-415x170.jpg","cta-width":415,"cta-height":170,"exhibitor":"https:\/\/d2q6z78khxmx42.cloudfront.net\/2021\/01\/59290-main_1532-1_59290_sc_v2com-560x560.jpg","exhibitor-width":560,"exhibitor-height":560,"gallery":"https:\/\/d2q6z78khxmx42.cloudfront.net\/2021\/01\/59290-main_1532-1_59290_sc_v2com-560x373.jpg","gallery-width":560,"gallery-height":373,"logo":"https:\/\/d2q6z78khxmx42.cloudfront.net\/2021\/01\/59290-main_1532-1_59290_sc_v2com-150x100.jpg","logo-width":150,"logo-height":100,"masonry":"https:\/\/d2q6z78khxmx42.cloudfront.net\/2021\/01\/59290-main_1532-1_59290_sc_v2com-550x367.jpg","masonry-width":550,"masonry-height":367,"modal":"https:\/\/d2q6z78khxmx42.cloudfront.net\/2021\/01\/59290-main_1532-1_59290_sc_v2com.jpg","modal-width":1500,"modal-height":1000,"number":"https:\/\/d2q6z78khxmx42.cloudfront.net\/2021\/01\/cHgHVNix-59290-main_1532-1_59290_sc_v2com-560x373.jpg","number-width":560,"number-height":373,"partner":"https:\/\/d2q6z78khxmx42.cloudfront.net\/2021\/01\/59290-main_1532-1_59290_sc_v2com-275x183.jpg","partner-width":275,"partner-height":183,"ranking":"https:\/\/d2q6z78khxmx42.cloudfront.net\/2021\/01\/cHgHVNix-59290-main_1532-1_59290_sc_v2com-960x540.jpg","ranking-width":960,"ranking-height":540,"schedule":"https:\/\/d2q6z78khxmx42.cloudfront.net\/2021\/01\/59290-main_1532-1_59290_sc_v2com-960x360.jpg","schedule-width":960,"schedule-height":360,"slideshow":"https:\/\/d2q6z78khxmx42.cloudfront.net\/2021\/01\/59290-main_1532-1_59290_sc_v2com-1020x680.jpg","slideshow-width":1020,"slideshow-height":680}},"filters":[1007,1005,112,556,83,118,122,547],"suppliers":false,"attachment_category":{"83":"Bois","112":"Entr\u00e9e - corridor - escalier","2676":"Habitation (tous)","556":"Paysage - R\u00e9sidentiel","1005":"R\u00e9sidence","1007":"R\u00e9sidence multifamiliale","1009":"R\u00e9sidence-immeuble","2680":"Tour d'habitation"}}],"images":[{"categories":[409,256,414,394],"credit":"Charles Lanteigne photo","image":{"ID":35849,"id":35849,"title":"59293-main_1532-1_59293_sc_v2com","filename":"59293-main_1532-1_59293_sc_v2com.jpg","filesize":0,"url":"https:\/\/d2q6z78khxmx42.cloudfront.net\/2021\/01\/59293-main_1532-1_59293_sc_v2com.jpg","link":"https:\/\/int.design\/fr\/projets\/maison-de-ville-et-appartements-alexandre-de-seve\/59293-main_1532-1_59293_sc_v2com\/","alt":"","author":"133","description":"Maison de ville et appartements Alexandre-de-S\u00e8ve Guillaume Levesque architecte GENIEX GENIEX L'espace Paysage Groupe C\u00c9MEC EXPERTS CONSEILS","caption":"","name":"59293-main_1532-1_59293_sc_v2com","status":"inherit","uploaded_to":25519,"date":"2021-01-05 03:46:00","modified":"2022-02-08 13:47:12","menu_order":0,"mime_type":"image\/jpeg","type":"image","subtype":"jpeg","icon":"https:\/\/int.design\/wp-includes\/images\/media\/default.png","width":1500,"height":1000,"sizes":{"thumbnail":"https:\/\/d2q6z78khxmx42.cloudfront.net\/2021\/01\/59293-main_1532-1_59293_sc_v2com-150x150.jpg","thumbnail-width":150,"thumbnail-height":150,"medium":"https:\/\/d2q6z78khxmx42.cloudfront.net\/2021\/01\/59293-main_1532-1_59293_sc_v2com-300x200.jpg","medium-width":300,"medium-height":200,"medium_large":"https:\/\/d2q6z78khxmx42.cloudfront.net\/2021\/01\/59293-main_1532-1_59293_sc_v2com-768x512.jpg","medium_large-width":768,"medium_large-height":512,"large":"https:\/\/d2q6z78khxmx42.cloudfront.net\/2021\/01\/59293-main_1532-1_59293_sc_v2com-1024x683.jpg","large-width":1024,"large-height":683,"1536x1536":"https:\/\/d2q6z78khxmx42.cloudfront.net\/2021\/01\/59293-main_1532-1_59293_sc_v2com.jpg","1536x1536-width":1500,"1536x1536-height":1000,"2048x2048":"https:\/\/d2q6z78khxmx42.cloudfront.net\/2021\/01\/59293-main_1532-1_59293_sc_v2com.jpg","2048x2048-width":1500,"2048x2048-height":1000,"article":"https:\/\/d2q6z78khxmx42.cloudfront.net\/2021\/01\/59293-main_1532-1_59293_sc_v2com-960x540.jpg","article-width":960,"article-height":540,"banner":"https:\/\/d2q6z78khxmx42.cloudfront.net\/2021\/01\/59293-main_1532-1_59293_sc_v2com.jpg","banner-width":1500,"banner-height":1000,"block":"https:\/\/d2q6z78khxmx42.cloudfront.net\/2021\/01\/59293-main_1532-1_59293_sc_v2com-900x680.jpg","block-width":900,"block-height":680,"card":"https:\/\/d2q6z78khxmx42.cloudfront.net\/2021\/01\/59293-main_1532-1_59293_sc_v2com-560x495.jpg","card-width":560,"card-height":495,"card-thumbnail":"https:\/\/d2q6z78khxmx42.cloudfront.net\/2021\/01\/59293-main_1532-1_59293_sc_v2com-450x340.jpg","card-thumbnail-width":450,"card-thumbnail-height":340,"conference":"https:\/\/d2q6z78khxmx42.cloudfront.net\/2021\/01\/59293-main_1532-1_59293_sc_v2com-560x250.jpg","conference-width":560,"conference-height":250,"contest":"https:\/\/d2q6z78khxmx42.cloudfront.net\/2021\/01\/59293-main_1532-1_59293_sc_v2com-960x400.jpg","contest-width":960,"contest-height":400,"cta":"https:\/\/d2q6z78khxmx42.cloudfront.net\/2021\/01\/59293-main_1532-1_59293_sc_v2com-415x170.jpg","cta-width":415,"cta-height":170,"exhibitor":"https:\/\/d2q6z78khxmx42.cloudfront.net\/2021\/01\/59293-main_1532-1_59293_sc_v2com-560x560.jpg","exhibitor-width":560,"exhibitor-height":560,"gallery":"https:\/\/d2q6z78khxmx42.cloudfront.net\/2021\/01\/59293-main_1532-1_59293_sc_v2com-560x373.jpg","gallery-width":560,"gallery-height":373,"logo":"https:\/\/d2q6z78khxmx42.cloudfront.net\/2021\/01\/59293-main_1532-1_59293_sc_v2com-150x100.jpg","logo-width":150,"logo-height":100,"masonry":"https:\/\/d2q6z78khxmx42.cloudfront.net\/2021\/01\/59293-main_1532-1_59293_sc_v2com-550x367.jpg","masonry-width":550,"masonry-height":367,"modal":"https:\/\/d2q6z78khxmx42.cloudfront.net\/2021\/01\/59293-main_1532-1_59293_sc_v2com.jpg","modal-width":1500,"modal-height":1000,"number":"https:\/\/d2q6z78khxmx42.cloudfront.net\/2021\/01\/etm77SzK-59293-main_1532-1_59293_sc_v2com-560x373.jpg","number-width":560,"number-height":373,"partner":"https:\/\/d2q6z78khxmx42.cloudfront.net\/2021\/01\/59293-main_1532-1_59293_sc_v2com-275x183.jpg","partner-width":275,"partner-height":183,"ranking":"https:\/\/d2q6z78khxmx42.cloudfront.net\/2021\/01\/etm77SzK-59293-main_1532-1_59293_sc_v2com-960x540.jpg","ranking-width":960,"ranking-height":540,"schedule":"https:\/\/d2q6z78khxmx42.cloudfront.net\/2021\/01\/59293-main_1532-1_59293_sc_v2com-960x360.jpg","schedule-width":960,"schedule-height":360,"slideshow":"https:\/\/d2q6z78khxmx42.cloudfront.net\/2021\/01\/59293-main_1532-1_59293_sc_v2com-1020x680.jpg","slideshow-width":1020,"slideshow-height":680}},"filters":[1003,1007,556,118,172,547],"suppliers":false,"attachment_category":[]},{"categories":[256,390,397],"credit":"Charles Lanteigne photo","image":{"ID":35850,"id":35850,"title":"59294-main_1532-1_59294_sc_v2com","filename":"59294-main_1532-1_59294_sc_v2com.jpg","filesize":0,"url":"https:\/\/d2q6z78khxmx42.cloudfront.net\/2021\/01\/59294-main_1532-1_59294_sc_v2com.jpg","link":"https:\/\/int.design\/fr\/projets\/maison-de-ville-et-appartements-alexandre-de-seve\/59294-main_1532-1_59294_sc_v2com\/","alt":"","author":"133","description":"","caption":"","name":"59294-main_1532-1_59294_sc_v2com","status":"inherit","uploaded_to":25519,"date":"2021-01-05 03:46:03","modified":"2021-01-05 03:46:10","menu_order":0,"mime_type":"image\/jpeg","type":"image","subtype":"jpeg","icon":"https:\/\/int.design\/wp-includes\/images\/media\/default.png","width":1500,"height":1000,"sizes":{"thumbnail":"https:\/\/d2q6z78khxmx42.cloudfront.net\/2021\/01\/59294-main_1532-1_59294_sc_v2com-150x150.jpg","thumbnail-width":150,"thumbnail-height":150,"medium":"https:\/\/d2q6z78khxmx42.cloudfront.net\/2021\/01\/59294-main_1532-1_59294_sc_v2com-300x200.jpg","medium-width":300,"medium-height":200,"medium_large":"https:\/\/d2q6z78khxmx42.cloudfront.net\/2021\/01\/59294-main_1532-1_59294_sc_v2com-768x512.jpg","medium_large-width":768,"medium_large-height":512,"large":"https:\/\/d2q6z78khxmx42.cloudfront.net\/2021\/01\/59294-main_1532-1_59294_sc_v2com-1024x683.jpg","large-width":1024,"large-height":683,"1536x1536":"https:\/\/d2q6z78khxmx42.cloudfront.net\/2021\/01\/59294-main_1532-1_59294_sc_v2com.jpg","1536x1536-width":1500,"1536x1536-height":1000,"2048x2048":"https:\/\/d2q6z78khxmx42.cloudfront.net\/2021\/01\/59294-main_1532-1_59294_sc_v2com.jpg","2048x2048-width":1500,"2048x2048-height":1000,"article":"https:\/\/d2q6z78khxmx42.cloudfront.net\/2021\/01\/59294-main_1532-1_59294_sc_v2com-960x540.jpg","article-width":960,"article-height":540,"banner":"https:\/\/d2q6z78khxmx42.cloudfront.net\/2021\/01\/59294-main_1532-1_59294_sc_v2com.jpg","banner-width":1500,"banner-height":1000,"block":"https:\/\/d2q6z78khxmx42.cloudfront.net\/2021\/01\/59294-main_1532-1_59294_sc_v2com-900x680.jpg","block-width":900,"block-height":680,"card":"https:\/\/d2q6z78khxmx42.cloudfront.net\/2021\/01\/59294-main_1532-1_59294_sc_v2com-560x495.jpg","card-width":560,"card-height":495,"card-thumbnail":"https:\/\/d2q6z78khxmx42.cloudfront.net\/2021\/01\/59294-main_1532-1_59294_sc_v2com-450x340.jpg","card-thumbnail-width":450,"card-thumbnail-height":340,"conference":"https:\/\/d2q6z78khxmx42.cloudfront.net\/2021\/01\/59294-main_1532-1_59294_sc_v2com-560x250.jpg","conference-width":560,"conference-height":250,"contest":"https:\/\/d2q6z78khxmx42.cloudfront.net\/2021\/01\/59294-main_1532-1_59294_sc_v2com-960x400.jpg","contest-width":960,"contest-height":400,"cta":"https:\/\/d2q6z78khxmx42.cloudfront.net\/2021\/01\/59294-main_1532-1_59294_sc_v2com-415x170.jpg","cta-width":415,"cta-height":170,"exhibitor":"https:\/\/d2q6z78khxmx42.cloudfront.net\/2021\/01\/59294-main_1532-1_59294_sc_v2com-560x560.jpg","exhibitor-width":560,"exhibitor-height":560,"gallery":"https:\/\/d2q6z78khxmx42.cloudfront.net\/2021\/01\/59294-main_1532-1_59294_sc_v2com-560x373.jpg","gallery-width":560,"gallery-height":373,"logo":"https:\/\/d2q6z78khxmx42.cloudfront.net\/2021\/01\/59294-main_1532-1_59294_sc_v2com-150x100.jpg","logo-width":150,"logo-height":100,"masonry":"https:\/\/d2q6z78khxmx42.cloudfront.net\/2021\/01\/59294-main_1532-1_59294_sc_v2com-550x367.jpg","masonry-width":550,"masonry-height":367,"modal":"https:\/\/d2q6z78khxmx42.cloudfront.net\/2021\/01\/59294-main_1532-1_59294_sc_v2com.jpg","modal-width":1500,"modal-height":1000,"number":"https:\/\/d2q6z78khxmx42.cloudfront.net\/2021\/01\/nFZ4GNcU-59294-main_1532-1_59294_sc_v2com-560x373.jpg","number-width":560,"number-height":373,"partner":"https:\/\/d2q6z78khxmx42.cloudfront.net\/2021\/01\/59294-main_1532-1_59294_sc_v2com-275x183.jpg","partner-width":275,"partner-height":183,"ranking":"https:\/\/d2q6z78khxmx42.cloudfront.net\/2021\/01\/nFZ4GNcU-59294-main_1532-1_59294_sc_v2com-960x540.jpg","ranking-width":960,"ranking-height":540,"schedule":"https:\/\/d2q6z78khxmx42.cloudfront.net\/2021\/01\/59294-main_1532-1_59294_sc_v2com-960x360.jpg","schedule-width":960,"schedule-height":360,"slideshow":"https:\/\/d2q6z78khxmx42.cloudfront.net\/2021\/01\/59294-main_1532-1_59294_sc_v2com-1020x680.jpg","slideshow-width":1020,"slideshow-height":680}},"filters":[1009,1007,1005,113,112,23,24,1015,556,83,169,1043,934,119,932,538,547],"suppliers":false,"attachment_category":[]},{"categories":[256,396,390,397],"credit":"Charles Lanteigne photo","image":{"ID":35851,"id":35851,"title":"59299-main_1532-1_59299_sc_v2com","filename":"59299-main_1532-1_59299_sc_v2com.jpg","filesize":0,"url":"https:\/\/d2q6z78khxmx42.cloudfront.net\/2021\/01\/59299-main_1532-1_59299_sc_v2com.jpg","link":"https:\/\/int.design\/fr\/projets\/maison-de-ville-et-appartements-alexandre-de-seve\/59299-main_1532-1_59299_sc_v2com\/","alt":"","author":"133","description":"Maison de ville et appartements Alexandre-de-S\u00e8ve Guillaume Levesque architecte GENIEX GENIEX L'espace Paysage Groupe C\u00c9MEC EXPERTS CONSEILS","caption":"","name":"59299-main_1532-1_59299_sc_v2com","status":"inherit","uploaded_to":25519,"date":"2021-01-05 03:46:06","modified":"2022-02-08 13:47:12","menu_order":0,"mime_type":"image\/jpeg","type":"image","subtype":"jpeg","icon":"https:\/\/int.design\/wp-includes\/images\/media\/default.png","width":1500,"height":1000,"sizes":{"thumbnail":"https:\/\/d2q6z78khxmx42.cloudfront.net\/2021\/01\/59299-main_1532-1_59299_sc_v2com-150x150.jpg","thumbnail-width":150,"thumbnail-height":150,"medium":"https:\/\/d2q6z78khxmx42.cloudfront.net\/2021\/01\/59299-main_1532-1_59299_sc_v2com-300x200.jpg","medium-width":300,"medium-height":200,"medium_large":"https:\/\/d2q6z78khxmx42.cloudfront.net\/2021\/01\/59299-main_1532-1_59299_sc_v2com-768x512.jpg","medium_large-width":768,"medium_large-height":512,"large":"https:\/\/d2q6z78khxmx42.cloudfront.net\/2021\/01\/59299-main_1532-1_59299_sc_v2com-1024x683.jpg","large-width":1024,"large-height":683,"1536x1536":"https:\/\/d2q6z78khxmx42.cloudfront.net\/2021\/01\/59299-main_1532-1_59299_sc_v2com.jpg","1536x1536-width":1500,"1536x1536-height":1000,"2048x2048":"https:\/\/d2q6z78khxmx42.cloudfront.net\/2021\/01\/59299-main_1532-1_59299_sc_v2com.jpg","2048x2048-width":1500,"2048x2048-height":1000,"article":"https:\/\/d2q6z78khxmx42.cloudfront.net\/2021\/01\/59299-main_1532-1_59299_sc_v2com-960x540.jpg","article-width":960,"article-height":540,"banner":"https:\/\/d2q6z78khxmx42.cloudfront.net\/2021\/01\/59299-main_1532-1_59299_sc_v2com.jpg","banner-width":1500,"banner-height":1000,"block":"https:\/\/d2q6z78khxmx42.cloudfront.net\/2021\/01\/59299-main_1532-1_59299_sc_v2com-900x680.jpg","block-width":900,"block-height":680,"card":"https:\/\/d2q6z78khxmx42.cloudfront.net\/2021\/01\/59299-main_1532-1_59299_sc_v2com-560x495.jpg","card-width":560,"card-height":495,"card-thumbnail":"https:\/\/d2q6z78khxmx42.cloudfront.net\/2021\/01\/59299-main_1532-1_59299_sc_v2com-450x340.jpg","card-thumbnail-width":450,"card-thumbnail-height":340,"conference":"https:\/\/d2q6z78khxmx42.cloudfront.net\/2021\/01\/59299-main_1532-1_59299_sc_v2com-560x250.jpg","conference-width":560,"conference-height":250,"contest":"https:\/\/d2q6z78khxmx42.cloudfront.net\/2021\/01\/59299-main_1532-1_59299_sc_v2com-960x400.jpg","contest-width":960,"contest-height":400,"cta":"https:\/\/d2q6z78khxmx42.cloudfront.net\/2021\/01\/59299-main_1532-1_59299_sc_v2com-415x170.jpg","cta-width":415,"cta-height":170,"exhibitor":"https:\/\/d2q6z78khxmx42.cloudfront.net\/2021\/01\/59299-main_1532-1_59299_sc_v2com-560x560.jpg","exhibitor-width":560,"exhibitor-height":560,"gallery":"https:\/\/d2q6z78khxmx42.cloudfront.net\/2021\/01\/59299-main_1532-1_59299_sc_v2com-560x373.jpg","gallery-width":560,"gallery-height":373,"logo":"https:\/\/d2q6z78khxmx42.cloudfront.net\/2021\/01\/59299-main_1532-1_59299_sc_v2com-150x100.jpg","logo-width":150,"logo-height":100,"masonry":"https:\/\/d2q6z78khxmx42.cloudfront.net\/2021\/01\/59299-main_1532-1_59299_sc_v2com-550x367.jpg","masonry-width":550,"masonry-height":367,"modal":"https:\/\/d2q6z78khxmx42.cloudfront.net\/2021\/01\/59299-main_1532-1_59299_sc_v2com.jpg","modal-width":1500,"modal-height":1000,"number":"https:\/\/d2q6z78khxmx42.cloudfront.net\/2021\/01\/yPUPcUo4-59299-main_1532-1_59299_sc_v2com-560x373.jpg","number-width":560,"number-height":373,"partner":"https:\/\/d2q6z78khxmx42.cloudfront.net\/2021\/01\/59299-main_1532-1_59299_sc_v2com-275x183.jpg","partner-width":275,"partner-height":183,"ranking":"https:\/\/d2q6z78khxmx42.cloudfront.net\/2021\/01\/yPUPcUo4-59299-main_1532-1_59299_sc_v2com-960x540.jpg","ranking-width":960,"ranking-height":540,"schedule":"https:\/\/d2q6z78khxmx42.cloudfront.net\/2021\/01\/59299-main_1532-1_59299_sc_v2com-960x360.jpg","schedule-width":960,"schedule-height":360,"slideshow":"https:\/\/d2q6z78khxmx42.cloudfront.net\/2021\/01\/59299-main_1532-1_59299_sc_v2com-1020x680.jpg","slideshow-width":1020,"slideshow-height":680}},"filters":[1003,1009,1007,1005,856,556,108],"suppliers":false,"attachment_category":[]},{"categories":[256,396,390,397],"credit":"Charles Lanteigne photo","image":{"ID":35854,"id":35854,"title":"59297-main_1532-1_59297_sc_v2com","filename":"59297-main_1532-1_59297_sc_v2com.jpg","filesize":0,"url":"https:\/\/d2q6z78khxmx42.cloudfront.net\/2021\/01\/59297-main_1532-1_59297_sc_v2com.jpg","link":"https:\/\/int.design\/fr\/projets\/maison-de-ville-et-appartements-alexandre-de-seve\/59297-main_1532-1_59297_sc_v2com\/","alt":"","author":"133","description":"Maison de ville et appartements Alexandre-de-S\u00e8ve Guillaume Levesque architecte GENIEX GENIEX L'espace Paysage Groupe C\u00c9MEC EXPERTS CONSEILS","caption":"","name":"59297-main_1532-1_59297_sc_v2com","status":"inherit","uploaded_to":25519,"date":"2021-01-05 03:56:03","modified":"2022-02-08 13:47:12","menu_order":0,"mime_type":"image\/jpeg","type":"image","subtype":"jpeg","icon":"https:\/\/int.design\/wp-includes\/images\/media\/default.png","width":1500,"height":1000,"sizes":{"thumbnail":"https:\/\/d2q6z78khxmx42.cloudfront.net\/2021\/01\/59297-main_1532-1_59297_sc_v2com-150x150.jpg","thumbnail-width":150,"thumbnail-height":150,"medium":"https:\/\/d2q6z78khxmx42.cloudfront.net\/2021\/01\/59297-main_1532-1_59297_sc_v2com-300x200.jpg","medium-width":300,"medium-height":200,"medium_large":"https:\/\/d2q6z78khxmx42.cloudfront.net\/2021\/01\/59297-main_1532-1_59297_sc_v2com-768x512.jpg","medium_large-width":768,"medium_large-height":512,"large":"https:\/\/d2q6z78khxmx42.cloudfront.net\/2021\/01\/59297-main_1532-1_59297_sc_v2com-1024x683.jpg","large-width":1024,"large-height":683,"1536x1536":"https:\/\/d2q6z78khxmx42.cloudfront.net\/2021\/01\/59297-main_1532-1_59297_sc_v2com.jpg","1536x1536-width":1500,"1536x1536-height":1000,"2048x2048":"https:\/\/d2q6z78khxmx42.cloudfront.net\/2021\/01\/59297-main_1532-1_59297_sc_v2com.jpg","2048x2048-width":1500,"2048x2048-height":1000,"article":"https:\/\/d2q6z78khxmx42.cloudfront.net\/2021\/01\/59297-main_1532-1_59297_sc_v2com-960x540.jpg","article-width":960,"article-height":540,"banner":"https:\/\/d2q6z78khxmx42.cloudfront.net\/2021\/01\/59297-main_1532-1_59297_sc_v2com.jpg","banner-width":1500,"banner-height":1000,"block":"https:\/\/d2q6z78khxmx42.cloudfront.net\/2021\/01\/59297-main_1532-1_59297_sc_v2com-900x680.jpg","block-width":900,"block-height":680,"card":"https:\/\/d2q6z78khxmx42.cloudfront.net\/2021\/01\/59297-main_1532-1_59297_sc_v2com-560x495.jpg","card-width":560,"card-height":495,"card-thumbnail":"https:\/\/d2q6z78khxmx42.cloudfront.net\/2021\/01\/59297-main_1532-1_59297_sc_v2com-450x340.jpg","card-thumbnail-width":450,"card-thumbnail-height":340,"conference":"https:\/\/d2q6z78khxmx42.cloudfront.net\/2021\/01\/59297-main_1532-1_59297_sc_v2com-560x250.jpg","conference-width":560,"conference-height":250,"contest":"https:\/\/d2q6z78khxmx42.cloudfront.net\/2021\/01\/59297-main_1532-1_59297_sc_v2com-960x400.jpg","contest-width":960,"contest-height":400,"cta":"https:\/\/d2q6z78khxmx42.cloudfront.net\/2021\/01\/59297-main_1532-1_59297_sc_v2com-415x170.jpg","cta-width":415,"cta-height":170,"exhibitor":"https:\/\/d2q6z78khxmx42.cloudfront.net\/2021\/01\/59297-main_1532-1_59297_sc_v2com-560x560.jpg","exhibitor-width":560,"exhibitor-height":560,"gallery":"https:\/\/d2q6z78khxmx42.cloudfront.net\/2021\/01\/59297-main_1532-1_59297_sc_v2com-560x373.jpg","gallery-width":560,"gallery-height":373,"logo":"https:\/\/d2q6z78khxmx42.cloudfront.net\/2021\/01\/59297-main_1532-1_59297_sc_v2com-150x100.jpg","logo-width":150,"logo-height":100,"masonry":"https:\/\/d2q6z78khxmx42.cloudfront.net\/2021\/01\/59297-main_1532-1_59297_sc_v2com-550x367.jpg","masonry-width":550,"masonry-height":367,"modal":"https:\/\/d2q6z78khxmx42.cloudfront.net\/2021\/01\/59297-main_1532-1_59297_sc_v2com.jpg","modal-width":1500,"modal-height":1000,"number":"https:\/\/d2q6z78khxmx42.cloudfront.net\/2021\/01\/p46bLowT-59297-main_1532-1_59297_sc_v2com-560x373.jpg","number-width":560,"number-height":373,"partner":"https:\/\/d2q6z78khxmx42.cloudfront.net\/2021\/01\/59297-main_1532-1_59297_sc_v2com-275x183.jpg","partner-width":275,"partner-height":183,"ranking":"https:\/\/d2q6z78khxmx42.cloudfront.net\/2021\/01\/p46bLowT-59297-main_1532-1_59297_sc_v2com-960x540.jpg","ranking-width":960,"ranking-height":540,"schedule":"https:\/\/d2q6z78khxmx42.cloudfront.net\/2021\/01\/59297-main_1532-1_59297_sc_v2com-960x360.jpg","schedule-width":960,"schedule-height":360,"slideshow":"https:\/\/d2q6z78khxmx42.cloudfront.net\/2021\/01\/59297-main_1532-1_59297_sc_v2com-1020x680.jpg","slideshow-width":1020,"slideshow-height":680}},"filters":[1009,1007,1005,1015,556,83,169,120,166],"suppliers":false,"attachment_category":[]},{"categories":[409,396,390,397],"credit":"Charles Lanteigne photo","image":{"ID":35855,"id":35855,"title":"59305-main_1532-1_59305_sc_v2com","filename":"59305-main_1532-1_59305_sc_v2com.jpg","filesize":0,"url":"https:\/\/d2q6z78khxmx42.cloudfront.net\/2021\/01\/59305-main_1532-1_59305_sc_v2com.jpg","link":"https:\/\/int.design\/fr\/projets\/maison-de-ville-et-appartements-alexandre-de-seve\/59305-main_1532-1_59305_sc_v2com\/","alt":"","author":"133","description":"Maison de ville et appartements Alexandre-de-S\u00e8ve Guillaume Levesque architecte GENIEX GENIEX L'espace Paysage Groupe C\u00c9MEC EXPERTS CONSEILS","caption":"","name":"59305-main_1532-1_59305_sc_v2com","status":"inherit","uploaded_to":25519,"date":"2021-01-05 03:56:07","modified":"2022-02-08 13:47:12","menu_order":0,"mime_type":"image\/jpeg","type":"image","subtype":"jpeg","icon":"https:\/\/int.design\/wp-includes\/images\/media\/default.png","width":1500,"height":1000,"sizes":{"thumbnail":"https:\/\/d2q6z78khxmx42.cloudfront.net\/2021\/01\/59305-main_1532-1_59305_sc_v2com-150x150.jpg","thumbnail-width":150,"thumbnail-height":150,"medium":"https:\/\/d2q6z78khxmx42.cloudfront.net\/2021\/01\/59305-main_1532-1_59305_sc_v2com-300x200.jpg","medium-width":300,"medium-height":200,"medium_large":"https:\/\/d2q6z78khxmx42.cloudfront.net\/2021\/01\/59305-main_1532-1_59305_sc_v2com-768x512.jpg","medium_large-width":768,"medium_large-height":512,"large":"https:\/\/d2q6z78khxmx42.cloudfront.net\/2021\/01\/59305-main_1532-1_59305_sc_v2com-1024x683.jpg","large-width":1024,"large-height":683,"1536x1536":"https:\/\/d2q6z78khxmx42.cloudfront.net\/2021\/01\/59305-main_1532-1_59305_sc_v2com.jpg","1536x1536-width":1500,"1536x1536-height":1000,"2048x2048":"https:\/\/d2q6z78khxmx42.cloudfront.net\/2021\/01\/59305-main_1532-1_59305_sc_v2com.jpg","2048x2048-width":1500,"2048x2048-height":1000,"article":"https:\/\/d2q6z78khxmx42.cloudfront.net\/2021\/01\/59305-main_1532-1_59305_sc_v2com-960x540.jpg","article-width":960,"article-height":540,"banner":"https:\/\/d2q6z78khxmx42.cloudfront.net\/2021\/01\/59305-main_1532-1_59305_sc_v2com.jpg","banner-width":1500,"banner-height":1000,"block":"https:\/\/d2q6z78khxmx42.cloudfront.net\/2021\/01\/59305-main_1532-1_59305_sc_v2com-900x680.jpg","block-width":900,"block-height":680,"card":"https:\/\/d2q6z78khxmx42.cloudfront.net\/2021\/01\/59305-main_1532-1_59305_sc_v2com-560x495.jpg","card-width":560,"card-height":495,"card-thumbnail":"https:\/\/d2q6z78khxmx42.cloudfront.net\/2021\/01\/59305-main_1532-1_59305_sc_v2com-450x340.jpg","card-thumbnail-width":450,"card-thumbnail-height":340,"conference":"https:\/\/d2q6z78khxmx42.cloudfront.net\/2021\/01\/59305-main_1532-1_59305_sc_v2com-560x250.jpg","conference-width":560,"conference-height":250,"contest":"https:\/\/d2q6z78khxmx42.cloudfront.net\/2021\/01\/59305-main_1532-1_59305_sc_v2com-960x400.jpg","contest-width":960,"contest-height":400,"cta":"https:\/\/d2q6z78khxmx42.cloudfront.net\/2021\/01\/59305-main_1532-1_59305_sc_v2com-415x170.jpg","cta-width":415,"cta-height":170,"exhibitor":"https:\/\/d2q6z78khxmx42.cloudfront.net\/2021\/01\/59305-main_1532-1_59305_sc_v2com-560x560.jpg","exhibitor-width":560,"exhibitor-height":560,"gallery":"https:\/\/d2q6z78khxmx42.cloudfront.net\/2021\/01\/59305-main_1532-1_59305_sc_v2com-560x373.jpg","gallery-width":560,"gallery-height":373,"logo":"https:\/\/d2q6z78khxmx42.cloudfront.net\/2021\/01\/59305-main_1532-1_59305_sc_v2com-150x100.jpg","logo-width":150,"logo-height":100,"masonry":"https:\/\/d2q6z78khxmx42.cloudfront.net\/2021\/01\/59305-main_1532-1_59305_sc_v2com-550x367.jpg","masonry-width":550,"masonry-height":367,"modal":"https:\/\/d2q6z78khxmx42.cloudfront.net\/2021\/01\/59305-main_1532-1_59305_sc_v2com.jpg","modal-width":1500,"modal-height":1000,"number":"https:\/\/d2q6z78khxmx42.cloudfront.net\/2021\/01\/twazF2OK-59305-main_1532-1_59305_sc_v2com-560x373.jpg","number-width":560,"number-height":373,"partner":"https:\/\/d2q6z78khxmx42.cloudfront.net\/2021\/01\/59305-main_1532-1_59305_sc_v2com-275x183.jpg","partner-width":275,"partner-height":183,"ranking":"https:\/\/d2q6z78khxmx42.cloudfront.net\/2021\/01\/twazF2OK-59305-main_1532-1_59305_sc_v2com-960x540.jpg","ranking-width":960,"ranking-height":540,"schedule":"https:\/\/d2q6z78khxmx42.cloudfront.net\/2021\/01\/59305-main_1532-1_59305_sc_v2com-960x360.jpg","schedule-width":960,"schedule-height":360,"slideshow":"https:\/\/d2q6z78khxmx42.cloudfront.net\/2021\/01\/59305-main_1532-1_59305_sc_v2com-1020x680.jpg","slideshow-width":1020,"slideshow-height":680}},"filters":[1003,1009,1007,1005,23,556,83,1043,120,544,538,547],"suppliers":false,"attachment_category":[]},{"categories":[396,397],"credit":"Charles Lanteigne photo","image":{"ID":35856,"id":35856,"title":"59308-main_1532-1_59308_sc_v2com","filename":"59308-main_1532-1_59308_sc_v2com.jpg","filesize":0,"url":"https:\/\/d2q6z78khxmx42.cloudfront.net\/2021\/01\/59308-main_1532-1_59308_sc_v2com.jpg","link":"https:\/\/int.design\/fr\/projets\/maison-de-ville-et-appartements-alexandre-de-seve\/59308-main_1532-1_59308_sc_v2com\/","alt":"","author":"133","description":"Maison de ville et appartements Alexandre-de-S\u00e8ve Guillaume Levesque architecte GENIEX GENIEX L'espace Paysage Groupe C\u00c9MEC EXPERTS CONSEILS","caption":"","name":"59308-main_1532-1_59308_sc_v2com","status":"inherit","uploaded_to":25519,"date":"2021-01-05 03:56:10","modified":"2022-02-08 13:47:12","menu_order":0,"mime_type":"image\/jpeg","type":"image","subtype":"jpeg","icon":"https:\/\/int.design\/wp-includes\/images\/media\/default.png","width":667,"height":1000,"sizes":{"thumbnail":"https:\/\/d2q6z78khxmx42.cloudfront.net\/2021\/01\/59308-main_1532-1_59308_sc_v2com-150x150.jpg","thumbnail-width":150,"thumbnail-height":150,"medium":"https:\/\/d2q6z78khxmx42.cloudfront.net\/2021\/01\/59308-main_1532-1_59308_sc_v2com-200x300.jpg","medium-width":200,"medium-height":300,"medium_large":"https:\/\/d2q6z78khxmx42.cloudfront.net\/2021\/01\/59308-main_1532-1_59308_sc_v2com.jpg","medium_large-width":667,"medium_large-height":1000,"large":"https:\/\/d2q6z78khxmx42.cloudfront.net\/2021\/01\/59308-main_1532-1_59308_sc_v2com.jpg","large-width":667,"large-height":1000,"1536x1536":"https:\/\/d2q6z78khxmx42.cloudfront.net\/2021\/01\/59308-main_1532-1_59308_sc_v2com.jpg","1536x1536-width":667,"1536x1536-height":1000,"2048x2048":"https:\/\/d2q6z78khxmx42.cloudfront.net\/2021\/01\/59308-main_1532-1_59308_sc_v2com.jpg","2048x2048-width":667,"2048x2048-height":1000,"article":"https:\/\/d2q6z78khxmx42.cloudfront.net\/2021\/01\/59308-main_1532-1_59308_sc_v2com-667x540.jpg","article-width":667,"article-height":540,"banner":"https:\/\/d2q6z78khxmx42.cloudfront.net\/2021\/01\/59308-main_1532-1_59308_sc_v2com.jpg","banner-width":667,"banner-height":1000,"block":"https:\/\/d2q6z78khxmx42.cloudfront.net\/2021\/01\/59308-main_1532-1_59308_sc_v2com-667x680.jpg","block-width":667,"block-height":680,"card":"https:\/\/d2q6z78khxmx42.cloudfront.net\/2021\/01\/59308-main_1532-1_59308_sc_v2com-560x495.jpg","card-width":560,"card-height":495,"card-thumbnail":"https:\/\/d2q6z78khxmx42.cloudfront.net\/2021\/01\/59308-main_1532-1_59308_sc_v2com-450x340.jpg","card-thumbnail-width":450,"card-thumbnail-height":340,"conference":"https:\/\/d2q6z78khxmx42.cloudfront.net\/2021\/01\/59308-main_1532-1_59308_sc_v2com-560x250.jpg","conference-width":560,"conference-height":250,"contest":"https:\/\/d2q6z78khxmx42.cloudfront.net\/2021\/01\/59308-main_1532-1_59308_sc_v2com-667x400.jpg","contest-width":667,"contest-height":400,"cta":"https:\/\/d2q6z78khxmx42.cloudfront.net\/2021\/01\/59308-main_1532-1_59308_sc_v2com-415x170.jpg","cta-width":415,"cta-height":170,"exhibitor":"https:\/\/d2q6z78khxmx42.cloudfront.net\/2021\/01\/59308-main_1532-1_59308_sc_v2com-560x560.jpg","exhibitor-width":560,"exhibitor-height":560,"gallery":"https:\/\/d2q6z78khxmx42.cloudfront.net\/2021\/01\/59308-main_1532-1_59308_sc_v2com-287x430.jpg","gallery-width":287,"gallery-height":430,"logo":"https:\/\/d2q6z78khxmx42.cloudfront.net\/2021\/01\/59308-main_1532-1_59308_sc_v2com-67x100.jpg","logo-width":67,"logo-height":100,"masonry":"https:\/\/d2q6z78khxmx42.cloudfront.net\/2021\/01\/59308-main_1532-1_59308_sc_v2com-550x825.jpg","masonry-width":550,"masonry-height":825,"modal":"https:\/\/d2q6z78khxmx42.cloudfront.net\/2021\/01\/59308-main_1532-1_59308_sc_v2com.jpg","modal-width":667,"modal-height":1000,"number":"https:\/\/d2q6z78khxmx42.cloudfront.net\/2021\/01\/QyaEWFWc-59308-main_1532-1_59308_sc_v2com-287x430.jpg","number-width":287,"number-height":430,"partner":"https:\/\/d2q6z78khxmx42.cloudfront.net\/2021\/01\/59308-main_1532-1_59308_sc_v2com-140x210.jpg","partner-width":140,"partner-height":210,"ranking":"https:\/\/d2q6z78khxmx42.cloudfront.net\/2021\/01\/QyaEWFWc-59308-main_1532-1_59308_sc_v2com-667x540.jpg","ranking-width":667,"ranking-height":540,"schedule":"https:\/\/d2q6z78khxmx42.cloudfront.net\/2021\/01\/59308-main_1532-1_59308_sc_v2com-667x360.jpg","schedule-width":667,"schedule-height":360,"slideshow":"https:\/\/d2q6z78khxmx42.cloudfront.net\/2021\/01\/59308-main_1532-1_59308_sc_v2com-454x680.jpg","slideshow-width":454,"slideshow-height":680}},"filters":[1009,114,111,25,556,83,167,961,165,169,120,542,547],"suppliers":false,"attachment_category":[]},{"categories":[396,390,397],"credit":"Charles Lanteigne photo","image":{"ID":35857,"id":35857,"title":"59309-main_1532-1_59309_sc_v2com","filename":"59309-main_1532-1_59309_sc_v2com.jpg","filesize":0,"url":"https:\/\/d2q6z78khxmx42.cloudfront.net\/2021\/01\/59309-main_1532-1_59309_sc_v2com.jpg","link":"https:\/\/int.design\/fr\/projets\/maison-de-ville-et-appartements-alexandre-de-seve\/59309-main_1532-1_59309_sc_v2com\/","alt":"","author":"133","description":"Maison de ville et appartements Alexandre-de-S\u00e8ve Guillaume Levesque architecte GENIEX GENIEX L'espace Paysage Groupe C\u00c9MEC EXPERTS CONSEILS","caption":"","name":"59309-main_1532-1_59309_sc_v2com","status":"inherit","uploaded_to":25519,"date":"2021-01-05 03:56:13","modified":"2022-02-08 13:47:12","menu_order":0,"mime_type":"image\/jpeg","type":"image","subtype":"jpeg","icon":"https:\/\/int.design\/wp-includes\/images\/media\/default.png","width":667,"height":1000,"sizes":{"thumbnail":"https:\/\/d2q6z78khxmx42.cloudfront.net\/2021\/01\/59309-main_1532-1_59309_sc_v2com-150x150.jpg","thumbnail-width":150,"thumbnail-height":150,"medium":"https:\/\/d2q6z78khxmx42.cloudfront.net\/2021\/01\/59309-main_1532-1_59309_sc_v2com-200x300.jpg","medium-width":200,"medium-height":300,"medium_large":"https:\/\/d2q6z78khxmx42.cloudfront.net\/2021\/01\/59309-main_1532-1_59309_sc_v2com.jpg","medium_large-width":667,"medium_large-height":1000,"large":"https:\/\/d2q6z78khxmx42.cloudfront.net\/2021\/01\/59309-main_1532-1_59309_sc_v2com.jpg","large-width":667,"large-height":1000,"1536x1536":"https:\/\/d2q6z78khxmx42.cloudfront.net\/2021\/01\/59309-main_1532-1_59309_sc_v2com.jpg","1536x1536-width":667,"1536x1536-height":1000,"2048x2048":"https:\/\/d2q6z78khxmx42.cloudfront.net\/2021\/01\/59309-main_1532-1_59309_sc_v2com.jpg","2048x2048-width":667,"2048x2048-height":1000,"article":"https:\/\/d2q6z78khxmx42.cloudfront.net\/2021\/01\/59309-main_1532-1_59309_sc_v2com-667x540.jpg","article-width":667,"article-height":540,"banner":"https:\/\/d2q6z78khxmx42.cloudfront.net\/2021\/01\/59309-main_1532-1_59309_sc_v2com.jpg","banner-width":667,"banner-height":1000,"block":"https:\/\/d2q6z78khxmx42.cloudfront.net\/2021\/01\/59309-main_1532-1_59309_sc_v2com-667x680.jpg","block-width":667,"block-height":680,"card":"https:\/\/d2q6z78khxmx42.cloudfront.net\/2021\/01\/59309-main_1532-1_59309_sc_v2com-560x495.jpg","card-width":560,"card-height":495,"card-thumbnail":"https:\/\/d2q6z78khxmx42.cloudfront.net\/2021\/01\/59309-main_1532-1_59309_sc_v2com-450x340.jpg","card-thumbnail-width":450,"card-thumbnail-height":340,"conference":"https:\/\/d2q6z78khxmx42.cloudfront.net\/2021\/01\/59309-main_1532-1_59309_sc_v2com-560x250.jpg","conference-width":560,"conference-height":250,"contest":"https:\/\/d2q6z78khxmx42.cloudfront.net\/2021\/01\/59309-main_1532-1_59309_sc_v2com-667x400.jpg","contest-width":667,"contest-height":400,"cta":"https:\/\/d2q6z78khxmx42.cloudfront.net\/2021\/01\/59309-main_1532-1_59309_sc_v2com-415x170.jpg","cta-width":415,"cta-height":170,"exhibitor":"https:\/\/d2q6z78khxmx42.cloudfront.net\/2021\/01\/59309-main_1532-1_59309_sc_v2com-560x560.jpg","exhibitor-width":560,"exhibitor-height":560,"gallery":"https:\/\/d2q6z78khxmx42.cloudfront.net\/2021\/01\/59309-main_1532-1_59309_sc_v2com-287x430.jpg","gallery-width":287,"gallery-height":430,"logo":"https:\/\/d2q6z78khxmx42.cloudfront.net\/2021\/01\/59309-main_1532-1_59309_sc_v2com-67x100.jpg","logo-width":67,"logo-height":100,"masonry":"https:\/\/d2q6z78khxmx42.cloudfront.net\/2021\/01\/59309-main_1532-1_59309_sc_v2com-550x825.jpg","masonry-width":550,"masonry-height":825,"modal":"https:\/\/d2q6z78khxmx42.cloudfront.net\/2021\/01\/59309-main_1532-1_59309_sc_v2com.jpg","modal-width":667,"modal-height":1000,"number":"https:\/\/d2q6z78khxmx42.cloudfront.net\/2021\/01\/q1maKMLv-59309-main_1532-1_59309_sc_v2com-287x430.jpg","number-width":287,"number-height":430,"partner":"https:\/\/d2q6z78khxmx42.cloudfront.net\/2021\/01\/59309-main_1532-1_59309_sc_v2com-140x210.jpg","partner-width":140,"partner-height":210,"ranking":"https:\/\/d2q6z78khxmx42.cloudfront.net\/2021\/01\/q1maKMLv-59309-main_1532-1_59309_sc_v2com-667x540.jpg","ranking-width":667,"ranking-height":540,"schedule":"https:\/\/d2q6z78khxmx42.cloudfront.net\/2021\/01\/59309-main_1532-1_59309_sc_v2com-667x360.jpg","schedule-width":667,"schedule-height":360,"slideshow":"https:\/\/d2q6z78khxmx42.cloudfront.net\/2021\/01\/59309-main_1532-1_59309_sc_v2com-454x680.jpg","slideshow-width":454,"slideshow-height":680}},"filters":[1009,1007,1005,114,25,556,83,167,961,118,1043,120,552],"suppliers":false,"attachment_category":[]},{"categories":[396,390,397],"credit":"Charles Lanteigne photo","image":{"ID":35871,"id":35871,"title":"59300-main_1532-1_59300_sc_v2com","filename":"59300-main_1532-1_59300_sc_v2com.jpg","filesize":0,"url":"https:\/\/d2q6z78khxmx42.cloudfront.net\/2021\/01\/59300-main_1532-1_59300_sc_v2com.jpg","link":"https:\/\/int.design\/fr\/projets\/maison-de-ville-et-appartements-alexandre-de-seve\/59300-main_1532-1_59300_sc_v2com\/","alt":"","author":"133","description":"Maison de ville et appartements Alexandre-de-S\u00e8ve Guillaume Levesque architecte GENIEX GENIEX L'espace Paysage Groupe C\u00c9MEC EXPERTS CONSEILS","caption":"","name":"59300-main_1532-1_59300_sc_v2com","status":"inherit","uploaded_to":25519,"date":"2021-01-05 04:03:29","modified":"2022-02-08 13:47:12","menu_order":0,"mime_type":"image\/jpeg","type":"image","subtype":"jpeg","icon":"https:\/\/int.design\/wp-includes\/images\/media\/default.png","width":1500,"height":1000,"sizes":{"thumbnail":"https:\/\/d2q6z78khxmx42.cloudfront.net\/2021\/01\/59300-main_1532-1_59300_sc_v2com-150x150.jpg","thumbnail-width":150,"thumbnail-height":150,"medium":"https:\/\/d2q6z78khxmx42.cloudfront.net\/2021\/01\/59300-main_1532-1_59300_sc_v2com-300x200.jpg","medium-width":300,"medium-height":200,"medium_large":"https:\/\/d2q6z78khxmx42.cloudfront.net\/2021\/01\/59300-main_1532-1_59300_sc_v2com-768x512.jpg","medium_large-width":768,"medium_large-height":512,"large":"https:\/\/d2q6z78khxmx42.cloudfront.net\/2021\/01\/59300-main_1532-1_59300_sc_v2com-1024x683.jpg","large-width":1024,"large-height":683,"1536x1536":"https:\/\/d2q6z78khxmx42.cloudfront.net\/2021\/01\/59300-main_1532-1_59300_sc_v2com.jpg","1536x1536-width":1500,"1536x1536-height":1000,"2048x2048":"https:\/\/d2q6z78khxmx42.cloudfront.net\/2021\/01\/59300-main_1532-1_59300_sc_v2com.jpg","2048x2048-width":1500,"2048x2048-height":1000,"article":"https:\/\/d2q6z78khxmx42.cloudfront.net\/2021\/01\/59300-main_1532-1_59300_sc_v2com-960x540.jpg","article-width":960,"article-height":540,"banner":"https:\/\/d2q6z78khxmx42.cloudfront.net\/2021\/01\/59300-main_1532-1_59300_sc_v2com.jpg","banner-width":1500,"banner-height":1000,"block":"https:\/\/d2q6z78khxmx42.cloudfront.net\/2021\/01\/59300-main_1532-1_59300_sc_v2com-900x680.jpg","block-width":900,"block-height":680,"card":"https:\/\/d2q6z78khxmx42.cloudfront.net\/2021\/01\/59300-main_1532-1_59300_sc_v2com-560x495.jpg","card-width":560,"card-height":495,"card-thumbnail":"https:\/\/d2q6z78khxmx42.cloudfront.net\/2021\/01\/59300-main_1532-1_59300_sc_v2com-450x340.jpg","card-thumbnail-width":450,"card-thumbnail-height":340,"conference":"https:\/\/d2q6z78khxmx42.cloudfront.net\/2021\/01\/59300-main_1532-1_59300_sc_v2com-560x250.jpg","conference-width":560,"conference-height":250,"contest":"https:\/\/d2q6z78khxmx42.cloudfront.net\/2021\/01\/59300-main_1532-1_59300_sc_v2com-960x400.jpg","contest-width":960,"contest-height":400,"cta":"https:\/\/d2q6z78khxmx42.cloudfront.net\/2021\/01\/59300-main_1532-1_59300_sc_v2com-415x170.jpg","cta-width":415,"cta-height":170,"exhibitor":"https:\/\/d2q6z78khxmx42.cloudfront.net\/2021\/01\/59300-main_1532-1_59300_sc_v2com-560x560.jpg","exhibitor-width":560,"exhibitor-height":560,"gallery":"https:\/\/d2q6z78khxmx42.cloudfront.net\/2021\/01\/59300-main_1532-1_59300_sc_v2com-560x373.jpg","gallery-width":560,"gallery-height":373,"logo":"https:\/\/d2q6z78khxmx42.cloudfront.net\/2021\/01\/59300-main_1532-1_59300_sc_v2com-150x100.jpg","logo-width":150,"logo-height":100,"masonry":"https:\/\/d2q6z78khxmx42.cloudfront.net\/2021\/01\/59300-main_1532-1_59300_sc_v2com-550x367.jpg","masonry-width":550,"masonry-height":367,"modal":"https:\/\/d2q6z78khxmx42.cloudfront.net\/2021\/01\/59300-main_1532-1_59300_sc_v2com.jpg","modal-width":1500,"modal-height":1000,"number":"https:\/\/d2q6z78khxmx42.cloudfront.net\/2021\/01\/MnpHa76L-59300-main_1532-1_59300_sc_v2com-560x373.jpg","number-width":560,"number-height":373,"partner":"https:\/\/d2q6z78khxmx42.cloudfront.net\/2021\/01\/59300-main_1532-1_59300_sc_v2com-275x183.jpg","partner-width":275,"partner-height":183,"ranking":"https:\/\/d2q6z78khxmx42.cloudfront.net\/2021\/01\/MnpHa76L-59300-main_1532-1_59300_sc_v2com-960x540.jpg","ranking-width":960,"ranking-height":540,"schedule":"https:\/\/d2q6z78khxmx42.cloudfront.net\/2021\/01\/59300-main_1532-1_59300_sc_v2com-960x360.jpg","schedule-width":960,"schedule-height":360,"slideshow":"https:\/\/d2q6z78khxmx42.cloudfront.net\/2021\/01\/59300-main_1532-1_59300_sc_v2com-1020x680.jpg","slideshow-width":1020,"slideshow-height":680}},"filters":[1007,1005,23,24,556,83,118,165,169,1043,934,119,932,547],"suppliers":false,"attachment_category":[]},{"categories":[256,390],"credit":"Charles Lanteigne photo","image":{"ID":35872,"id":35872,"title":"59295-main_1532-1_59295_sc_v2com","filename":"59295-main_1532-1_59295_sc_v2com.jpg","filesize":0,"url":"https:\/\/d2q6z78khxmx42.cloudfront.net\/2021\/01\/59295-main_1532-1_59295_sc_v2com.jpg","link":"https:\/\/int.design\/fr\/projets\/maison-de-ville-et-appartements-alexandre-de-seve\/59295-main_1532-1_59295_sc_v2com\/","alt":"","author":"133","description":"Maison de ville et appartements Alexandre-de-S\u00e8ve Guillaume Levesque architecte GENIEX GENIEX L'espace Paysage Groupe C\u00c9MEC EXPERTS CONSEILS","caption":"","name":"59295-main_1532-1_59295_sc_v2com","status":"inherit","uploaded_to":25519,"date":"2021-01-05 04:03:32","modified":"2022-02-08 13:47:12","menu_order":0,"mime_type":"image\/jpeg","type":"image","subtype":"jpeg","icon":"https:\/\/int.design\/wp-includes\/images\/media\/default.png","width":1500,"height":1000,"sizes":{"thumbnail":"https:\/\/d2q6z78khxmx42.cloudfront.net\/2021\/01\/59295-main_1532-1_59295_sc_v2com-150x150.jpg","thumbnail-width":150,"thumbnail-height":150,"medium":"https:\/\/d2q6z78khxmx42.cloudfront.net\/2021\/01\/59295-main_1532-1_59295_sc_v2com-300x200.jpg","medium-width":300,"medium-height":200,"medium_large":"https:\/\/d2q6z78khxmx42.cloudfront.net\/2021\/01\/59295-main_1532-1_59295_sc_v2com-768x512.jpg","medium_large-width":768,"medium_large-height":512,"large":"https:\/\/d2q6z78khxmx42.cloudfront.net\/2021\/01\/59295-main_1532-1_59295_sc_v2com-1024x683.jpg","large-width":1024,"large-height":683,"1536x1536":"https:\/\/d2q6z78khxmx42.cloudfront.net\/2021\/01\/59295-main_1532-1_59295_sc_v2com.jpg","1536x1536-width":1500,"1536x1536-height":1000,"2048x2048":"https:\/\/d2q6z78khxmx42.cloudfront.net\/2021\/01\/59295-main_1532-1_59295_sc_v2com.jpg","2048x2048-width":1500,"2048x2048-height":1000,"article":"https:\/\/d2q6z78khxmx42.cloudfront.net\/2021\/01\/59295-main_1532-1_59295_sc_v2com-960x540.jpg","article-width":960,"article-height":540,"banner":"https:\/\/d2q6z78khxmx42.cloudfront.net\/2021\/01\/59295-main_1532-1_59295_sc_v2com.jpg","banner-width":1500,"banner-height":1000,"block":"https:\/\/d2q6z78khxmx42.cloudfront.net\/2021\/01\/59295-main_1532-1_59295_sc_v2com-900x680.jpg","block-width":900,"block-height":680,"card":"https:\/\/d2q6z78khxmx42.cloudfront.net\/2021\/01\/59295-main_1532-1_59295_sc_v2com-560x495.jpg","card-width":560,"card-height":495,"card-thumbnail":"https:\/\/d2q6z78khxmx42.cloudfront.net\/2021\/01\/59295-main_1532-1_59295_sc_v2com-450x340.jpg","card-thumbnail-width":450,"card-thumbnail-height":340,"conference":"https:\/\/d2q6z78khxmx42.cloudfront.net\/2021\/01\/59295-main_1532-1_59295_sc_v2com-560x250.jpg","conference-width":560,"conference-height":250,"contest":"https:\/\/d2q6z78khxmx42.cloudfront.net\/2021\/01\/59295-main_1532-1_59295_sc_v2com-960x400.jpg","contest-width":960,"contest-height":400,"cta":"https:\/\/d2q6z78khxmx42.cloudfront.net\/2021\/01\/59295-main_1532-1_59295_sc_v2com-415x170.jpg","cta-width":415,"cta-height":170,"exhibitor":"https:\/\/d2q6z78khxmx42.cloudfront.net\/2021\/01\/59295-main_1532-1_59295_sc_v2com-560x560.jpg","exhibitor-width":560,"exhibitor-height":560,"gallery":"https:\/\/d2q6z78khxmx42.cloudfront.net\/2021\/01\/59295-main_1532-1_59295_sc_v2com-560x373.jpg","gallery-width":560,"gallery-height":373,"logo":"https:\/\/d2q6z78khxmx42.cloudfront.net\/2021\/01\/59295-main_1532-1_59295_sc_v2com-150x100.jpg","logo-width":150,"logo-height":100,"masonry":"https:\/\/d2q6z78khxmx42.cloudfront.net\/2021\/01\/59295-main_1532-1_59295_sc_v2com-550x367.jpg","masonry-width":550,"masonry-height":367,"modal":"https:\/\/d2q6z78khxmx42.cloudfront.net\/2021\/01\/59295-main_1532-1_59295_sc_v2com.jpg","modal-width":1500,"modal-height":1000,"number":"https:\/\/d2q6z78khxmx42.cloudfront.net\/2021\/01\/3FdUnBgq-59295-main_1532-1_59295_sc_v2com-560x373.jpg","number-width":560,"number-height":373,"partner":"https:\/\/d2q6z78khxmx42.cloudfront.net\/2021\/01\/59295-main_1532-1_59295_sc_v2com-275x183.jpg","partner-width":275,"partner-height":183,"ranking":"https:\/\/d2q6z78khxmx42.cloudfront.net\/2021\/01\/3FdUnBgq-59295-main_1532-1_59295_sc_v2com-960x540.jpg","ranking-width":960,"ranking-height":540,"schedule":"https:\/\/d2q6z78khxmx42.cloudfront.net\/2021\/01\/59295-main_1532-1_59295_sc_v2com-960x360.jpg","schedule-width":960,"schedule-height":360,"slideshow":"https:\/\/d2q6z78khxmx42.cloudfront.net\/2021\/01\/59295-main_1532-1_59295_sc_v2com-1020x680.jpg","slideshow-width":1020,"slideshow-height":680}},"filters":[1007,1005,1015,556,83,122,543],"suppliers":false,"attachment_category":[]},{"categories":[396,397],"credit":"Charles Lanteigne photo","image":{"ID":35873,"id":35873,"title":"59304-main_1532-1_59304_sc_v2com","filename":"59304-main_1532-1_59304_sc_v2com.jpg","filesize":0,"url":"https:\/\/d2q6z78khxmx42.cloudfront.net\/2021\/01\/59304-main_1532-1_59304_sc_v2com.jpg","link":"https:\/\/int.design\/fr\/projets\/maison-de-ville-et-appartements-alexandre-de-seve\/59304-main_1532-1_59304_sc_v2com\/","alt":"","author":"133","description":"Maison de ville et appartements Alexandre-de-S\u00e8ve Guillaume Levesque architecte GENIEX GENIEX L'espace Paysage Groupe C\u00c9MEC EXPERTS CONSEILS","caption":"","name":"59304-main_1532-1_59304_sc_v2com","status":"inherit","uploaded_to":25519,"date":"2021-01-05 04:03:36","modified":"2022-02-08 13:47:12","menu_order":0,"mime_type":"image\/jpeg","type":"image","subtype":"jpeg","icon":"https:\/\/int.design\/wp-includes\/images\/media\/default.png","width":1500,"height":1000,"sizes":{"thumbnail":"https:\/\/d2q6z78khxmx42.cloudfront.net\/2021\/01\/59304-main_1532-1_59304_sc_v2com-150x150.jpg","thumbnail-width":150,"thumbnail-height":150,"medium":"https:\/\/d2q6z78khxmx42.cloudfront.net\/2021\/01\/59304-main_1532-1_59304_sc_v2com-300x200.jpg","medium-width":300,"medium-height":200,"medium_large":"https:\/\/d2q6z78khxmx42.cloudfront.net\/2021\/01\/59304-main_1532-1_59304_sc_v2com-768x512.jpg","medium_large-width":768,"medium_large-height":512,"large":"https:\/\/d2q6z78khxmx42.cloudfront.net\/2021\/01\/59304-main_1532-1_59304_sc_v2com-1024x683.jpg","large-width":1024,"large-height":683,"1536x1536":"https:\/\/d2q6z78khxmx42.cloudfront.net\/2021\/01\/59304-main_1532-1_59304_sc_v2com.jpg","1536x1536-width":1500,"1536x1536-height":1000,"2048x2048":"https:\/\/d2q6z78khxmx42.cloudfront.net\/2021\/01\/59304-main_1532-1_59304_sc_v2com.jpg","2048x2048-width":1500,"2048x2048-height":1000,"article":"https:\/\/d2q6z78khxmx42.cloudfront.net\/2021\/01\/59304-main_1532-1_59304_sc_v2com-960x540.jpg","article-width":960,"article-height":540,"banner":"https:\/\/d2q6z78khxmx42.cloudfront.net\/2021\/01\/59304-main_1532-1_59304_sc_v2com.jpg","banner-width":1500,"banner-height":1000,"block":"https:\/\/d2q6z78khxmx42.cloudfront.net\/2021\/01\/59304-main_1532-1_59304_sc_v2com-900x680.jpg","block-width":900,"block-height":680,"card":"https:\/\/d2q6z78khxmx42.cloudfront.net\/2021\/01\/59304-main_1532-1_59304_sc_v2com-560x495.jpg","card-width":560,"card-height":495,"card-thumbnail":"https:\/\/d2q6z78khxmx42.cloudfront.net\/2021\/01\/59304-main_1532-1_59304_sc_v2com-450x340.jpg","card-thumbnail-width":450,"card-thumbnail-height":340,"conference":"https:\/\/d2q6z78khxmx42.cloudfront.net\/2021\/01\/59304-main_1532-1_59304_sc_v2com-560x250.jpg","conference-width":560,"conference-height":250,"contest":"https:\/\/d2q6z78khxmx42.cloudfront.net\/2021\/01\/59304-main_1532-1_59304_sc_v2com-960x400.jpg","contest-width":960,"contest-height":400,"cta":"https:\/\/d2q6z78khxmx42.cloudfront.net\/2021\/01\/59304-main_1532-1_59304_sc_v2com-415x170.jpg","cta-width":415,"cta-height":170,"exhibitor":"https:\/\/d2q6z78khxmx42.cloudfront.net\/2021\/01\/59304-main_1532-1_59304_sc_v2com-560x560.jpg","exhibitor-width":560,"exhibitor-height":560,"gallery":"https:\/\/d2q6z78khxmx42.cloudfront.net\/2021\/01\/59304-main_1532-1_59304_sc_v2com-560x373.jpg","gallery-width":560,"gallery-height":373,"logo":"https:\/\/d2q6z78khxmx42.cloudfront.net\/2021\/01\/59304-main_1532-1_59304_sc_v2com-150x100.jpg","logo-width":150,"logo-height":100,"masonry":"https:\/\/d2q6z78khxmx42.cloudfront.net\/2021\/01\/59304-main_1532-1_59304_sc_v2com-550x367.jpg","masonry-width":550,"masonry-height":367,"modal":"https:\/\/d2q6z78khxmx42.cloudfront.net\/2021\/01\/59304-main_1532-1_59304_sc_v2com.jpg","modal-width":1500,"modal-height":1000,"number":"https:\/\/d2q6z78khxmx42.cloudfront.net\/2021\/01\/uLj0CWbe-59304-main_1532-1_59304_sc_v2com-560x373.jpg","number-width":560,"number-height":373,"partner":"https:\/\/d2q6z78khxmx42.cloudfront.net\/2021\/01\/59304-main_1532-1_59304_sc_v2com-275x183.jpg","partner-width":275,"partner-height":183,"ranking":"https:\/\/d2q6z78khxmx42.cloudfront.net\/2021\/01\/uLj0CWbe-59304-main_1532-1_59304_sc_v2com-960x540.jpg","ranking-width":960,"ranking-height":540,"schedule":"https:\/\/d2q6z78khxmx42.cloudfront.net\/2021\/01\/59304-main_1532-1_59304_sc_v2com-960x360.jpg","schedule-width":960,"schedule-height":360,"slideshow":"https:\/\/d2q6z78khxmx42.cloudfront.net\/2021\/01\/59304-main_1532-1_59304_sc_v2com-1020x680.jpg","slideshow-width":1020,"slideshow-height":680}},"filters":[1003,1007,1005,112,23,556,83,118,539,934,119,932,120,538],"suppliers":false,"attachment_category":[]}],"mandatory_documents":[{"name":"Plan d&#39;implantation pour la maison de ville Alexandre-De-S\u00e8ve","file":{"ID":35847,"id":35847,"title":"2020.09.07 - PDF","filename":"2020.09.07 - PDF.pdf","filesize":0,"url":"https:\/\/d2q6z78khxmx42.cloudfront.net\/2021\/01\/2020.09.07 - PDF.pdf","link":"https:\/\/int.design\/fr\/projets\/maison-de-ville-et-appartements-alexandre-de-seve\/2020-09-07-pdf\/","alt":"","author":"133","description":"","caption":"","name":"2020-09-07-pdf","status":"inherit","uploaded_to":25519,"date":"2021-01-05 03:30:52","modified":"2021-01-05 03:30:58","menu_order":0,"mime_type":"application\/pdf","type":"application","subtype":"pdf","icon":"https:\/\/int.design\/wp-includes\/images\/media\/document.png"}}],"optional_documents":false,"web_text":{"fr":"<p>En 2017, les propri\u00e9taires de la maison Alexandre-de-S\u00e8ve ont contact\u00e9 l\u2019architecte montr\u00e9alais Guillaume L\u00e9vesque pour un projet de r\u00e9novation hors du commun. Ils souhaitaient transformer un duplex datant des ann\u00e9es 1880 en maison de ville et logements tout en harmonisant le style patrimonial du b\u00e2timent avec un ajout contemporain et \u00e9pur\u00e9. Tout \u00e7a en respectant les contraintes de l\u2019arrondissement de Ville-Marie.<\/p>\n<p>Le b\u00e2timent original d\u2019une superficie de 60m2 a \u00e9t\u00e9 restaur\u00e9 en entier, puis transform\u00e9 en deux logements \u00e0 aire ouverte: un 4 \u00bd sur deux \u00e9tages et un 3 \u00bd au deuxi\u00e8me \u00e9tage. Un ajout contemporain de 180m2 sur trois niveaux \u00e0 l\u2019arri\u00e8re du b\u00e2timent a \u00e9galement \u00e9t\u00e9 r\u00e9alis\u00e9 avec de larges ouvertures offrant \u00e0 tous les espaces int\u00e9rieurs un apport de lumi\u00e8re naturelle consid\u00e9rable.<\/p>\n<p>Deux \u00e9poques se c\u00f4toient dans cette r\u00e9alisation et chaque partie, avant et arri\u00e8re, vient renforcer la position de l&#39;autre. La finesse et les d\u00e9tails architecturaux r\u00e9alis\u00e9s par les artisans pour la fa\u00e7ade avant sont exemplaires et contrastent avec la volum\u00e9trie tr\u00e8s simple et \u00e9pur\u00e9e de l&#39;ajout contemporain arri\u00e8re.<\/p>\n<p>Certains mat\u00e9riaux tels que le m\u00e9tal noir et le bois naturel huil\u00e9 sont utilis\u00e9s sur l&#39;ensemble afin d&#39;avoir une lecture harmonieuse du b\u00e2timent. La pr\u00e9sence des grandes fen\u00eatres vitr\u00e9es et du porte-\u00e0-faux au-dessus de la terrasse vient cr\u00e9er une asym\u00e9trie et un contraste fort avec les d\u00e9tails architecturaux restaur\u00e9s pr\u00e9sents sur le b\u00e2timent d&#39;\u00e9poque.<\/p>\n","en":"<p>In 2017, the townhouse owners contacted Montreal architect Guillaume L\u00e9vesque for a very unique renovation project. They wanted to transform an old 1880s duplex into a townhouse and housing units while harmonizing the original style of the building with a decidedly contemporary and uncluttered addition. All this while respecting the constraints of the Ville-Marie borough. <\/p>\n<p>The original 60m2 building has been fully restored, then transformed into two open-plan apartments: a 4 \u00bd on two floors and a 3 \u00bd on the second floor. A three level contemporary addition of 180m2 at the back of the building has also been built with large openings providing all interior spaces with considerable natural light.<\/p>\n<p>Two eras come together in this project and each part, front and back, reinforces the position of the other. The finesse and the architectural details made by the craftsmen for the front facade are exemplary and contrast with the very simple and refined volumetry of the contemporary back addition.<\/p>\n<p>Some materials such as black metal and oiled natural wood are used throughout in order to have a harmonious reading of the building. The presence of large windows and the arch above the terrace creates an asymmetry and a strong contrast with the heritage of the restored architectural details present on the period building.<\/p>\n","original":""},"jury_text":[{"category":414,"fr":"<p>Restaurer une maison du 19e si\u00e8cle tout en conservant le patrimoine et en cr\u00e9ant un ajout contemporain \u00e0 l\u2019arri\u00e8re, repr\u00e9sente tout un d\u00e9fi.<\/p>\n<p>Le b\u00e2timent original d\u2019une superficie de 60m2 a \u00e9t\u00e9 restaur\u00e9 en entier, puis transform\u00e9 en deux logements: un 4 \u00bd sur deux \u00e9tages et un 3 \u00bd au deuxi\u00e8me \u00e9tage. Les deux appartements sont \u00e0 aire ouverte et contiennent une abondante fenestration avec de grandes baies vitr\u00e9es lat\u00e9rales de 3,65m de hauteur, sculpt\u00e9es dans le mur lat\u00e9ral de briques. <\/p>\n<p>La fa\u00e7ade avant a \u00e9t\u00e9 reconstruite de fa\u00e7on \u00e0 retrouver les composantes d&#39;origine. C&#39;\u00e9tait une condition exig\u00e9e par l&#39;arrondissement Ville-Marie. La fondation en pierres naturelles a \u00e9galement \u00e9t\u00e9 conserv\u00e9e et restaur\u00e9e. <\/p>\n<p>La mansarde en ardoise devait retrouver l&#39;aspect d&#39;origine de m\u00eame que les ouvrages d&#39;\u00e9b\u00e9nisterie, lucarnes, corniches, encorbellements, balcons, garde-corps, portes et fen\u00eatres. La mansarde a \u00e9t\u00e9 enti\u00e8rement rev\u00eatue de nouvelles tuiles d\u2019ardoise alors que les lucarnes et ouvrages d\u2019\u00e9b\u00e9nisterie ont \u00e9t\u00e9 enti\u00e8rement reconstruits.<\/p>\n<p>La conception de la fa\u00e7ade avant consistait en le choix du mod\u00e8le de briques, le choix des couleurs de l&#39;ardoise, des \u00e9l\u00e9ments de bois, des rev\u00eatements des solins m\u00e9talliques ainsi que des portes et fen\u00eatres. Nous avons pu aussi proposer une fa\u00e7ade lat\u00e9rale du volume avant, avec de tr\u00e8s hautes ouvertures en bandeaux verticaux qui d\u00e9coupent le mur de briques ayant l&#39;\u00e9paisseur d&#39;un mur mitoyen doubles rangs de ma\u00e7onnerie. <\/p>\n","en":"<p>Restoring a 19th-century house while retaining the heritage and creating a<br \/>\ncontemporary addition is quite a challenge.<\/p>\n<p>The original 60m2 building has been fully restored and converted into two apartments: a two-floor 4 1\u20442 and a 3 1\u20442 on the second floor. Both apartments have an open plan with abundant fenestration with large 3.65m high side windows carved into the brick wall. <\/p>\n<p>The front facade has been rebuilt to find the original components. It was a condition required by the Ville-Marie borough. The natural stone foundation has also been preserved and restored.<\/p>\n<p>The slate mansard found its original appearance, as well as the cabinetry, skylight, cornices, corbels, balconies, railings, doors and windows. The attic was completely covered with new slate tiles while the skylight and cabinetry were completely rebuilt. <\/p>\n<p>The design of the front fa\u00e7ade consisted in the choice of the brick pattern, the colors of the slate, the wood elements, the coverings of the metal flashings as well as the doors and windows. We also built a side facade of the front volume, with very high openings in vertical bands which cut out the thick brick wall of a party wall with double rows of masonry.<\/p>\n","original":""},{"category":390,"fr":"<p>Deux \u00e9poques se c\u00f4toient dans notre r\u00e9alisation. La finesse et les d\u00e9tails architecturaux r\u00e9alis\u00e9s par les artisans dans la restauration de la fa\u00e7ade avant sont exemplaires et contrastent avec la volum\u00e9trie tr\u00e8s simple et \u00e9pur\u00e9e de l&#39;ajout contemporain arri\u00e8re. <\/p>\n<p>Certains mat\u00e9riaux tels que le m\u00e9tal noir et le bois huil\u00e9 au naturel sont utilis\u00e9s sur l&#39;ensemble du b\u00e2timent afin d&#39;avoir une lecture harmonieuse du b\u00e2timent. Dans la cuisine, l&#39;\u00eelot principal est rev\u00eatu d&#39;une dalle de marbre sur toutes les faces. La table de la salle \u00e0 manger, faite aussi de ch\u00eane blanc, est annex\u00e9e \u00e0 l&#39;ilot et se prolonge en un comptoir qui longe l&#39;ilot de pierre. <\/p>\n<p>La terrasse ext\u00e9rieure de 37\u2019\u2019 v 13\u2019\u2019 est constitu\u00e9e de planches de c\u00e8dre huil\u00e9 qui remontent sur les bacs de plantations et sur le dessous du volume en porte-\u00e0-faux couvrant partiellement la terrasse afin de cr\u00e9er un ensemble harmonieux. <\/p>\n<p>Les deux appartements dans le duplex original sont \u00e0 aire ouverte et contiennent une abondante fenestration avec de grandes baies vitr\u00e9es lat\u00e9rales de 3,65m de hauteur. Elles sont sculpt\u00e9es dans le mur lat\u00e9ral de briques, et deux portes-patio triples qui ouvrent sur une magnifique terrasse avec vue sur la cour. Avec ses plafonds de 12\u2019\u2019 dans les espaces de vie, ces habitations repr\u00e9sentent de v\u00e9ritables espaces ouverts. <\/p>\n<p>Apr\u00e8s une longue journ\u00e9e de travail, les propri\u00e9taires peuvent profiter d\u2019une piscine et d\u2019un spa prestigieux \u00e0 l\u2019ext\u00e9rieur pour se reposer.<\/p>\n","en":"<p>Two eras come together in our project. The finesse and the architectural details made by craftsmen in the restoration of the front facade are exemplary and contrast with the very simple and refined volume of the contemporary addition in the backyard. <\/p>\n<p>Some materials such as black metal and naturally oiled wood are used throughout the building in order to have a harmonious reading of the building. In the kitchen, the main island is covered with marble slabs on all sides. The dining room table, also made of white oak, is attached to the island and extends into a counter that runs along the stone island.<\/p>\n<p>The 37&#34; by 13&#34; outdoor terrace is made out of oiled cedar planks that go up on the plant boxes and on the below the arch partially covering the terrace to create a harmonious whole.<\/p>\n<p>Both apartments in the original duplex are open concept and include abundant fenestration with large side, 3.65m high windows. They are carved into the side brick wall, and two triple patio doors that open onto a magnificent terrace with a view on the backyard. With its 12&#34;ceilings in the living spaces, these homes represent a true open space concept.<\/p>\n<p>After a long day at work, the owners can enjoy a prestigious outdoor pool and spa to relax.<\/p>\n","original":""},{"category":396,"fr":"<p>En 2017, les propri\u00e9taires de la maison Alexandre-de-S\u00e8ve ont contact\u00e9 l\u2019architecte montr\u00e9alais Guillaume L\u00e9vesque pour un projet de r\u00e9novation hors du commun. Les propri\u00e9taires souhaitaient transformer un vieux duplex datant des ann\u00e9es 1880 en une maison de ville avec logements attenants et harmoniser le style patrimonial du b\u00e2timent avec un ajout r\u00e9solument contemporain et \u00e9pur\u00e9. <\/p>\n<p>L\u2019ajout contemporain de 180m2 sur trois niveaux \u00e0 l\u2019arri\u00e8re du b\u00e2timent a aussi \u00e9t\u00e9 r\u00e9alis\u00e9. Le sous-sol comprend le garage double avec porte dissimul\u00e9e et des pi\u00e8ces de rangement. Le rez-de-chauss\u00e9e re\u00e7oit les pi\u00e8ces de vie et s\u2019ouvre gr\u00e2ce \u00e0 de larges portes coulissantes sur une grande terrasse ext\u00e9rieure de 4m x 12m. Cette terrasse recouvre l\u2019all\u00e9e d\u2019acc\u00e8s du garage au sous-sol et offre un magnifique espace pour une salle \u00e0 manger et s\u00e9jour ext\u00e9rieur ensoleill\u00e9. Le 2e \u00e9tage contient la chambre principale, deux salles de bains et un s\u00e9jour qui peuvent servir aussi de chambre d\u2019invit\u00e9s.<\/p>\n<p>Les deux appartements dans le duplex original sont \u00e0 aire ouverte et contiennent une abondante fenestration avec de grandes baies vitr\u00e9es lat\u00e9rales de 3,65m de hauteur, sculpt\u00e9es dans le mur lat\u00e9ral de briques. La mansarde a \u00e9t\u00e9 enti\u00e8rement rev\u00eatue de nouvelles tuiles d\u2019ardoise. Les lucarnes et ouvrages d\u2019\u00e9b\u00e9nisterie ont \u00e9t\u00e9 enti\u00e8rement reconstruits. <\/p>\n","en":"<p>In 2017, the townhouse owners contacted Montreal architect Guillaume L\u00e9vesque for a very unique renovation project. They wanted to transform an old 1880s duplex into a townhouse and housing units while harmonizing the heritage style of the building with a decidedly contemporary and uncluttered addition. <\/p>\n<p>A 180m2 contemporary addition on three levels was also built at the back of the building. The basement includes a double garage with a concealed door and storage rooms. The living room on the ground floor opens through large sliding doors onto a 4m x 12m outdoor terrace. It covers the driveway to the garage in the basement and offers a magnificent space for a dining room and sunny outdoor living room. The second floor contains the master bedroom, two bathrooms, and a living room which can also be a guest bedroom.<\/p>\n<p>Both apartments have an open plan with abundant fenestration with large 3.65m high side windows carved into the brick wall. The attic has been completely covered with new slate tiles. The skylight and woodworking have been completely rebuilt.<\/p>\n","original":""},{"category":397,"fr":"<p>En 2017, les propri\u00e9taires de la maison Alexandre-de-S\u00e8ve ont contact\u00e9 l\u2019architecte montr\u00e9alais Guillaume L\u00e9vesque pour un projet de r\u00e9novation hors du commun. Les propri\u00e9taires souhaitaient transformer un vieux duplex datant des ann\u00e9es 1880 en une maison de ville avec logements attenants et harmoniser le style patrimonial du b\u00e2timent avec un ajout r\u00e9solument contemporain et \u00e9pur\u00e9.<\/p>\n<p>L\u2019ajout contemporain de 180m2 sur trois niveaux \u00e0 l\u2019arri\u00e8re du b\u00e2timent a aussi \u00e9t\u00e9 r\u00e9alis\u00e9.Le sous-sol comprend le garage double avec porte dissimul\u00e9e et des pi\u00e8ces de rangement. Le rez-de-chauss\u00e9e re\u00e7oit les pi\u00e8ces de vie et s\u2019ouvre gr\u00e2ce \u00e0 de larges portes coulissantes sur une grande terrasse ext\u00e9rieure de 4m x 12m. Cette terrasse recouvre l\u2019all\u00e9e d\u2019acc\u00e8s du garage au sous-sol et offre un magnifique espace pour une salle \u00e0 manger et s\u00e9jour ext\u00e9rieur ensoleill\u00e9. Le 2e \u00e9tage contient la chambre principale, deux salles de bains et un s\u00e9jour qui peuvent servir aussi de chambre d\u2019invit\u00e9s.<\/p>\n<p>La forme de l&#39;ajout arri\u00e8re provient essentiellement de la n\u00e9cessit\u00e9 de conserver un espace libre (au-dessus de l&#39;all\u00e9e v\u00e9hiculaire) du c\u00f4t\u00e9 sud-ouest afin de procurer \u00e0 la maison de ville, un apport de lumi\u00e8re naturelle dans les espaces de vie au rez-de-chauss\u00e9e et 2e \u00e9tage et d&#39;avoir une grande terrasse ext\u00e9rieure ensoleill\u00e9e prolongeant le niveau inf\u00e9rieur.<\/p>\n","en":"<p>In 2017, the townhouse owners contacted Montreal architect Guillaume L\u00e9vesque for a very unique renovation project. They wanted to transform an old 1880s duplex into a townhouse and housing units while harmonizing the heritage of the building with a decidedly contemporary and uncluttered addition.<\/p>\n<p>A 180m2 contemporary addition on three levels was also built at the back of the building. The basement includes a double garage with a concealed door and storage rooms. The living room on the ground floor opens through large sliding doors onto a 4m x 12m outdoor terrace. It covers the driveway to the garage in the basement and offers a magnificent space for a dining room and sunny outdoor living room. The second floor contains the master bedroom, two bathrooms, and a living room which can also be a guest bedroom.<\/p>\n<p>The shape of the addition in the back of the townhouse comes essentially from the need to keep a free space (above the driveway) on the southwest side to provide more natural light in the living spaces on the ground floor and 2nd floor, while having a large sunny outdoor terrace extending the lower level.<\/p>\n","original":""},{"category":394,"fr":"<p>En 2017, les propri\u00e9taires de la maison Alexandre-de-S\u00e8ve ont contact\u00e9 l\u2019architecte montr\u00e9alais Guillaume L\u00e9vesque pour un projet de r\u00e9novation hors du commun. Les propri\u00e9taires souhaitaient transformer un vieux duplex datant des ann\u00e9es 1880 en une maison de ville avec logements attenants et harmoniser le style patrimonial du b\u00e2timent avec un ajout r\u00e9solument contemporain et \u00e9pur\u00e9. <\/p>\n<p>L\u2019ajout contemporain de 180m2 sur trois niveaux \u00e0 l\u2019arri\u00e8re du b\u00e2timent a aussi \u00e9t\u00e9 r\u00e9alis\u00e9. Le sous-sol comprend le garage double avec porte dissimul\u00e9e et des pi\u00e8ces de rangement. Le rez-de-chauss\u00e9e re\u00e7oit les pi\u00e8ces de vie et s\u2019ouvre gr\u00e2ce \u00e0 de larges portes coulissantes sur une grande terrasse ext\u00e9rieure de 4m x 12m. Cette terrasse recouvre l\u2019all\u00e9e d\u2019acc\u00e8s du garage au sous-sol et offre un magnifique espace pour une salle \u00e0 manger et s\u00e9jour ext\u00e9rieur ensoleill\u00e9. Le 2e \u00e9tage contient la chambre principale, deux salles de bains et un s\u00e9jour qui peuvent servir aussi de chambre d\u2019invit\u00e9s.<\/p>\n<p>Les deux appartements dans le duplex original sont \u00e0 aire ouverte et contiennent une abondante fenestration avec de grandes baies vitr\u00e9es lat\u00e9rales de 3,65m de hauteur, sculpt\u00e9es dans le mur lat\u00e9ral de briques. La mansarde a \u00e9t\u00e9 enti\u00e8rement rev\u00eatue de nouvelles tuiles d\u2019ardoise. Les lucarnes et ouvrages d\u2019\u00e9b\u00e9nisterie ont \u00e9t\u00e9 enti\u00e8rement reconstruits. <\/p>\n","en":"<p>In 2017, the townhouse owners contacted Montreal architect Guillaume L\u00e9vesque for a very unique renovation project. They wanted to transform an old 1880s duplex into a townhouse and housing units while harmonizing the heritage style of the building with a decidedly contemporary and uncluttered addition. <\/p>\n<p>A 180m2 contemporary addition on three levels was also built at the back of the building. The basement includes a double garage with a concealed door and storage rooms. The living room on the ground floor opens through large sliding doors onto a 4m x 12m outdoor terrace. It covers the driveway to the garage in the basement and offers a magnificent space for a dining room and sunny outdoor living room. The second floor contains the master bedroom, two bathrooms, and a living room which can also be a guest bedroom.<\/p>\n<p>Both apartments have an open plan with abundant fenestration with large 3.65m high side windows carved into the brick wall. The attic has been completely covered with new slate tiles. The skylight and woodworking have been completely rebuilt.<\/p>\n","original":""},{"category":409,"fr":"<p>L\u2019arrondissement de Ville-Marie a exig\u00e9 que le b\u00e2timent existant datant de 1880 soit pr\u00e9serv\u00e9 et restaur\u00e9. Un d\u00e9fi que l\u2019\u00e9quipe d\u2019architecte, accompagn\u00e9e d\u2019artisans ferblantier, \u00e9b\u00e9nistes, ma\u00e7ons et d\u2019un entrepreneur ont su relever avec succ\u00e8s.<\/p>\n<p>Le b\u00e2timent original d\u2019une superficie de 60m2 a \u00e9t\u00e9 restaur\u00e9, puis transform\u00e9 en deux logements: un 4 \u00bd sur deux \u00e9tages et un 3 \u00bd au deuxi\u00e8me \u00e9tage. Les deux appartements sont \u00e0 aire ouverte et contiennent une abondante fenestration avec de grandes baies vitr\u00e9es lat\u00e9rales de 3,65m de hauteur, sculpt\u00e9es dans le mur de briques. <\/p>\n<p>La fa\u00e7ade avant a \u00e9t\u00e9 reconstruite de fa\u00e7on \u00e0 retrouver les composantes d&#39;origine. La fondation en pierres naturelles a \u00e9galement \u00e9t\u00e9 conserv\u00e9e et restaur\u00e9e. Les toitures des deux volumes sont recouvertes d\u2019une membrane blanche hautement r\u00e9fl\u00e9chissante, afin d\u2019\u00e9viter les \u00eelots de chaleur.<\/p>\n<p>La mansarde en ardoise devait retrouver l&#39;aspect d&#39;origine de m\u00eame que les ouvrages d&#39;\u00e9b\u00e9nisterie, lucarnes, corniches, encorbellements, balcons, garde-corps, portes et fen\u00eatres. La mansarde a \u00e9t\u00e9 enti\u00e8rement rev\u00eatue de nouvelles tuiles d\u2019ardoise alors que les lucarnes et ouvrages d\u2019\u00e9b\u00e9nisterie ont \u00e9t\u00e9 enti\u00e8rement reconstruits.<\/p>\n<p>Les libert\u00e9s au niveau de la conception de la fa\u00e7ade avant consistaient en le choix du mod\u00e8le de briques, des couleurs de l&#39;ardoise, des \u00e9l\u00e9ments de bois, des rev\u00eatements des solins m\u00e9talliques ainsi que des portes et fen\u00eatres. <\/p>\n","en":"<p>The Ville-Marie borough required that the existing building from 1880 be preserved and restored. A challenge that the team of architects, accompanied by tinsmith craftsmen, cabinet makers, masons and a contractor have successfully met.<\/p>\n<p>The original 60m2 building has been fully restored and converted into two apartments: a two-floor 4 1\u20442 and a 3 1\u20442 on the second floor. Both apartments have an open plan with abundant fenestration with large 3.65m high side windows carved into the brick wall. <\/p>\n<p>The front facade has been rebuilt to find the original components. It was a condition required by the Ville-Marie borough. The natural stone foundation has also been preserved and restored. The roofs of the two volumes are covered with a highly reflective white membrane, to avoid heat islands.<\/p>\n<p>The slate attic should find its original appearance, as well as the cabinetry, skylight, cornices, corbels, balconies, railings, doors and windows. The attic was completely covered with new slate tiles while the skylight and cabinetry were completely rebuilt. <\/p>\n<p>The freedoms in the design of the front fa\u00e7ade consisted in the choice of the brick pattern, the colors of the slate, the wood elements, the coverings of the metal flashings as well as the doors and windows.<\/p>\n","original":""},{"category":256,"fr":"<p>L\u2019arrondissement de Ville-Marie a exig\u00e9 que le b\u00e2timent existant datant de 1880 soit pr\u00e9serv\u00e9 et restaur\u00e9. Un d\u00e9fi que l\u2019\u00e9quipe d\u2019architecte, accompagn\u00e9e d\u2019artisans ferblantier, \u00e9b\u00e9nistes, ma\u00e7ons et d\u2019un entrepreneur ont su relever avec succ\u00e8s.<\/p>\n<p>Le b\u00e2timent original d\u2019une superficie de 60m2 a \u00e9t\u00e9 restaur\u00e9, puis transform\u00e9 en deux logements: un 4 \u00bd sur deux \u00e9tages et un 3 \u00bd au deuxi\u00e8me \u00e9tage. Les deux appartements sont \u00e0 aire ouverte et contiennent une abondante fenestration avec de grandes baies vitr\u00e9es lat\u00e9rales de 3,65m de hauteur, sculpt\u00e9es dans le mur de briques. <\/p>\n<p>La fa\u00e7ade avant a \u00e9t\u00e9 reconstruite de fa\u00e7on \u00e0 retrouver les composantes d&#39;origine. La fondation en pierres naturelles a \u00e9galement \u00e9t\u00e9 conserv\u00e9e et restaur\u00e9e. Les toitures des deux volumes sont recouvertes d\u2019une membrane blanche hautement r\u00e9fl\u00e9chissante, afin d\u2019\u00e9viter les \u00eelots de chaleur.<\/p>\n<p>La mansarde en ardoise devait retrouver l&#39;aspect d&#39;origine de m\u00eame que les ouvrages d&#39;\u00e9b\u00e9nisterie, lucarnes, corniches, encorbellements, balcons, garde-corps, portes et fen\u00eatres. La mansarde a \u00e9t\u00e9 enti\u00e8rement rev\u00eatue de nouvelles tuiles d\u2019ardoise alors que les lucarnes et ouvrages d\u2019\u00e9b\u00e9nisterie ont \u00e9t\u00e9 enti\u00e8rement reconstruits.<\/p>\n<p>Les libert\u00e9s au niveau de la conception de la fa\u00e7ade avant consistaient en le choix du mod\u00e8le de briques, des couleurs de l&#39;ardoise, des \u00e9l\u00e9ments de bois, des rev\u00eatements des solins m\u00e9talliques ainsi que des portes et fen\u00eatres.<\/p>\n","en":"<p>The Ville-Marie borough required that the existing building from 1880 be preserved and restored. A challenge that the team of architects, accompanied by tinsmith craftsmen, cabinet makers, masons and a contractor have successfully met.<\/p>\n<p>The original 60m2 building has been fully restored and converted into two apartments: a two-floor 4 1\u20442 and a 3 1\u20442 on the second floor. Both apartments have an open plan with abundant fenestration with large 3.65m high side windows carved into the brick wall. <\/p>\n<p>The front facade has been rebuilt to find the original components. It was a condition required by the Ville-Marie borough. The natural stone foundation has also been preserved and restored. The roofs of the two volumes are covered with a highly reflective white membrane, to avoid heat islands.<\/p>\n<p>The slate attic should find its original appearance, as well as the cabinetry, skylight, cornices, corbels, balconies, railings, doors and windows. The attic was completely covered with new slate tiles while the skylight and cabinetry were completely rebuilt. <\/p>\n<p>The freedoms in the design of the front fa\u00e7ade consisted in the choice of the brick pattern, the colors of the slate, the wood elements, the coverings of the metal flashings as well as the doors and windows.<\/p>\n","original":""}],"different_jury_text":false,"different_category_text":false},"laureats":[],"contest_id":"6760","contest_title":"GRANDS PRIX DU DESIGN - 14th edition","firms":[{"name":"Matisse Aubin-Thuot, stagiaire en architecture","website":"https:\/\/www.linkedin.com\/in\/matisse-aubin-thuot-30aa9bba\/?originalSubdomain=ca","category":"Architecte","category_tax":false,"category_label":null},{"name":"GENIEX","website":"https:\/\/geniex.ca\/construction\/","category":"Entrepreneur g\u00e9n\u00e9ral","category_tax":false,"category_label":null},{"name":"L&#39;espace Paysage","website":"https:\/\/www.lespacepaysage.ca\/","category":"Architecture de paysage","category_tax":false,"category_label":null}],"user":{"email":"guillaume.levesque@gmail.com","first_name":"Guillaume","last_name":"Levesque"},"doc_texts_web":{"fr":"","en":""},"permalinks":{"fr":"https:\/\/int.design\/fr\/projets\/maison-de-ville-et-appartements-alexandre-de-seve\/","en":"https:\/\/int.design\/en\/projects\/maison-de-ville-et-appartements-alexandre-de-seve\/"},"titles":{"fr":"Maison de ville et appartements Alexandre-de-S\u00e8ve","en":"Maison de ville et appartements Alexandre-de-S\u00e8ve"},"wp_fields":[],"laravel_id":""},"_links":{"self":[{"href":"https:\/\/int.design\/en\/wp-json\/wp\/v2\/project\/25520","targetHints":{"allow":["GET"]}}],"collection":[{"href":"https:\/\/int.design\/en\/wp-json\/wp\/v2\/project"}],"about":[{"href":"https:\/\/int.design\/en\/wp-json\/wp\/v2\/types\/project"}],"wp:attachment":[{"href":"https:\/\/int.design\/en\/wp-json\/wp\/v2\/media?parent=25520"}],"curies":[{"name":"wp","href":"https:\/\/api.w.org\/{rel}","templated":true}]}}