{"id":23649,"date":"2021-07-14T19:32:57","date_gmt":"2021-07-14T23:32:57","guid":{"rendered":"https:\/\/int.design\/?post_type=project&#038;p=23649"},"modified":"2021-07-16T14:01:28","modified_gmt":"2021-07-16T18:01:28","slug":"le-collectionneur-de-lueurs","status":"publish","type":"project","link":"https:\/\/int.design\/en\/projects\/le-collectionneur-de-lueurs\/","title":{"rendered":"Le Collectionneur de lueurs"},"content":{"rendered":"","protected":false},"template":"","class_list":["post-23649","project","type-project","status-publish","hentry","project_category-architecture-grands_prix_du_design_en","project_category-other_categories_in_architecture","project_category-temporary-installation-en"],"acf":[],"yoast_head":"<!-- This site is optimized with the Yoast SEO plugin v21.5 - https:\/\/yoast.com\/wordpress\/plugins\/seo\/ -->\n<title>Le Collectionneur de lueurs - INT Design<\/title>\n<meta name=\"robots\" content=\"index, follow, max-snippet:-1, max-image-preview:large, max-video-preview:-1\" \/>\n<link rel=\"canonical\" href=\"https:\/\/int.design\/en\/projects\/le-collectionneur-de-lueurs\/\" \/>\n<meta property=\"og:locale\" content=\"en_US\" \/>\n<meta property=\"og:type\" content=\"article\" \/>\n<meta property=\"og:title\" content=\"Le Collectionneur de lueurs - INT Design\" \/>\n<meta property=\"og:url\" content=\"https:\/\/int.design\/en\/projects\/le-collectionneur-de-lueurs\/\" \/>\n<meta property=\"og:site_name\" content=\"INT Design\" \/>\n<meta property=\"article:modified_time\" content=\"2021-07-16T18:01:28+00:00\" \/>\n<meta name=\"twitter:card\" content=\"summary_large_image\" \/>\n<script type=\"application\/ld+json\" class=\"yoast-schema-graph\">{\"@context\":\"https:\/\/schema.org\",\"@graph\":[{\"@type\":\"WebPage\",\"@id\":\"https:\/\/int.design\/en\/projects\/le-collectionneur-de-lueurs\/\",\"url\":\"https:\/\/int.design\/en\/projects\/le-collectionneur-de-lueurs\/\",\"name\":\"Le Collectionneur de lueurs - INT Design\",\"isPartOf\":{\"@id\":\"https:\/\/int.design\/fr\/#website\"},\"datePublished\":\"2021-07-14T23:32:57+00:00\",\"dateModified\":\"2021-07-16T18:01:28+00:00\",\"breadcrumb\":{\"@id\":\"https:\/\/int.design\/en\/projects\/le-collectionneur-de-lueurs\/#breadcrumb\"},\"inLanguage\":\"en-US\",\"potentialAction\":[{\"@type\":\"ReadAction\",\"target\":[\"https:\/\/int.design\/en\/projects\/le-collectionneur-de-lueurs\/\"]}]},{\"@type\":\"BreadcrumbList\",\"@id\":\"https:\/\/int.design\/en\/projects\/le-collectionneur-de-lueurs\/#breadcrumb\",\"itemListElement\":[{\"@type\":\"ListItem\",\"position\":1,\"name\":\"Home\",\"item\":\"https:\/\/int.design\/en\/\"},{\"@type\":\"ListItem\",\"position\":2,\"name\":\"Projects\",\"item\":\"https:\/\/int.design\/en\/projects\/\"},{\"@type\":\"ListItem\",\"position\":3,\"name\":\"Le Collectionneur de lueurs\"}]},{\"@type\":\"WebSite\",\"@id\":\"https:\/\/int.design\/fr\/#website\",\"url\":\"https:\/\/int.design\/fr\/\",\"name\":\"INT Design\",\"description\":\"\",\"potentialAction\":[{\"@type\":\"SearchAction\",\"target\":{\"@type\":\"EntryPoint\",\"urlTemplate\":\"https:\/\/int.design\/fr\/?s={search_term_string}\"},\"query-input\":\"required name=search_term_string\"}],\"inLanguage\":\"en-US\"}]}<\/script>\n<!-- \/ Yoast SEO plugin. -->","yoast_head_json":{"title":"Le Collectionneur de lueurs - INT Design","robots":{"index":"index","follow":"follow","max-snippet":"max-snippet:-1","max-image-preview":"max-image-preview:large","max-video-preview":"max-video-preview:-1"},"canonical":"https:\/\/int.design\/en\/projects\/le-collectionneur-de-lueurs\/","og_locale":"en_US","og_type":"article","og_title":"Le Collectionneur de lueurs - INT Design","og_url":"https:\/\/int.design\/en\/projects\/le-collectionneur-de-lueurs\/","og_site_name":"INT Design","article_modified_time":"2021-07-16T18:01:28+00:00","twitter_card":"summary_large_image","schema":{"@context":"https:\/\/schema.org","@graph":[{"@type":"WebPage","@id":"https:\/\/int.design\/en\/projects\/le-collectionneur-de-lueurs\/","url":"https:\/\/int.design\/en\/projects\/le-collectionneur-de-lueurs\/","name":"Le Collectionneur de lueurs - INT Design","isPartOf":{"@id":"https:\/\/int.design\/fr\/#website"},"datePublished":"2021-07-14T23:32:57+00:00","dateModified":"2021-07-16T18:01:28+00:00","breadcrumb":{"@id":"https:\/\/int.design\/en\/projects\/le-collectionneur-de-lueurs\/#breadcrumb"},"inLanguage":"en-US","potentialAction":[{"@type":"ReadAction","target":["https:\/\/int.design\/en\/projects\/le-collectionneur-de-lueurs\/"]}]},{"@type":"BreadcrumbList","@id":"https:\/\/int.design\/en\/projects\/le-collectionneur-de-lueurs\/#breadcrumb","itemListElement":[{"@type":"ListItem","position":1,"name":"Home","item":"https:\/\/int.design\/en\/"},{"@type":"ListItem","position":2,"name":"Projects","item":"https:\/\/int.design\/en\/projects\/"},{"@type":"ListItem","position":3,"name":"Le Collectionneur de lueurs"}]},{"@type":"WebSite","@id":"https:\/\/int.design\/fr\/#website","url":"https:\/\/int.design\/fr\/","name":"INT Design","description":"","potentialAction":[{"@type":"SearchAction","target":{"@type":"EntryPoint","urlTemplate":"https:\/\/int.design\/fr\/?s={search_term_string}"},"query-input":"required name=search_term_string"}],"inLanguage":"en-US"}]}},"entry":{"cats":{"disciplines":[{"id":344,"name":"Architecture"}],"big_cats":[{"id":2406,"name":"Other categories in architecture"}],"sub_cats":[{"id":629,"name":"Temporary Installation","parent":2406}]},"entry":{"":null,"status":"ongoing","winner_title":"","winner_prize_lang":"","title_translatable":false,"title_en":"","title_fr":"","releve_award":false,"releve_award_cv":false,"collaboration":false,"collaboration_firms":false,"other_firms":[{"name":"Construction Metric","website":"http:\/\/www.infometric.ca\/","category":"Entrepreneur g\u00e9n\u00e9ral","category_tax":false}],"owner":{"name":"","confidential":false,"website":"","contact_name":"","email":"","phone":""},"address":{"address":"","city":"","region":"","province":"","country":"","postal_code":""},"logos":false,"use_logo":false,"designers":[{"name":"Patrick Blanchette","credit":"Atelier Welldone","image":{"ID":26295,"id":26295,"title":"DSC00396-1","filename":"6_DSC00396-1-scaled.jpg","filesize":0,"url":"https:\/\/int.design\/wp-content\/uploads\/2020\/10\/6_DSC00396-1-scaled.jpg","link":"https:\/\/int.design\/fr\/projets\/le-collectionneur-de-lueurs\/dsc00396-1-2\/","alt":"","author":"88","description":"","caption":"","name":"dsc00396-1-2","status":"inherit","uploaded_to":23648,"date":"2020-10-16 17:14:21","modified":"2020-10-16 17:14:50","menu_order":0,"mime_type":"image\/jpeg","type":"image","subtype":"jpeg","icon":"https:\/\/int.design\/wp-includes\/images\/media\/default.png","width":1707,"height":2560,"sizes":{"thumbnail":"https:\/\/int.design\/wp-content\/uploads\/2020\/10\/6_DSC00396-1-150x150.jpg","thumbnail-width":150,"thumbnail-height":150,"medium":"https:\/\/int.design\/wp-content\/uploads\/2020\/10\/6_DSC00396-1-200x300.jpg","medium-width":200,"medium-height":300,"medium_large":"https:\/\/int.design\/wp-content\/uploads\/2020\/10\/6_DSC00396-1-768x1152.jpg","medium_large-width":768,"medium_large-height":1152,"large":"https:\/\/int.design\/wp-content\/uploads\/2020\/10\/6_DSC00396-1-683x1024.jpg","large-width":683,"large-height":1024,"1536x1536":"https:\/\/int.design\/wp-content\/uploads\/2020\/10\/6_DSC00396-1-1024x1536.jpg","1536x1536-width":1024,"1536x1536-height":1536,"2048x2048":"https:\/\/int.design\/wp-content\/uploads\/2020\/10\/6_DSC00396-1-1365x2048.jpg","2048x2048-width":1365,"2048x2048-height":2048,"article":"https:\/\/int.design\/wp-content\/uploads\/2020\/10\/6_DSC00396-1-960x540.jpg","article-width":960,"article-height":540,"banner":"https:\/\/int.design\/wp-content\/uploads\/2020\/10\/6_DSC00396-1-1920x2880.jpg","banner-width":1920,"banner-height":2880,"block":"https:\/\/int.design\/wp-content\/uploads\/2020\/10\/6_DSC00396-1-900x680.jpg","block-width":900,"block-height":680,"card":"https:\/\/int.design\/wp-content\/uploads\/2020\/10\/6_DSC00396-1-560x495.jpg","card-width":560,"card-height":495,"card-thumbnail":"https:\/\/int.design\/wp-content\/uploads\/2020\/10\/6_DSC00396-1-450x340.jpg","card-thumbnail-width":450,"card-thumbnail-height":340,"conference":"https:\/\/int.design\/wp-content\/uploads\/2020\/10\/6_DSC00396-1-560x250.jpg","conference-width":560,"conference-height":250,"contest":"https:\/\/int.design\/wp-content\/uploads\/2020\/10\/6_DSC00396-1-960x400.jpg","contest-width":960,"contest-height":400,"cta":"https:\/\/int.design\/wp-content\/uploads\/2020\/10\/6_DSC00396-1-415x170.jpg","cta-width":415,"cta-height":170,"exhibitor":"https:\/\/int.design\/wp-content\/uploads\/2020\/10\/6_DSC00396-1-560x560.jpg","exhibitor-width":560,"exhibitor-height":560,"gallery":"https:\/\/int.design\/wp-content\/uploads\/2020\/10\/6_DSC00396-1-287x430.jpg","gallery-width":287,"gallery-height":430,"logo":"https:\/\/int.design\/wp-content\/uploads\/2020\/10\/6_DSC00396-1-67x100.jpg","logo-width":67,"logo-height":100,"masonry":"https:\/\/int.design\/wp-content\/uploads\/2020\/10\/6_DSC00396-1-550x825.jpg","masonry-width":550,"masonry-height":825,"modal":"https:\/\/int.design\/wp-content\/uploads\/2020\/10\/6_DSC00396-1-1280x1920.jpg","modal-width":1280,"modal-height":1920,"number":"https:\/\/int.design\/wp-content\/uploads\/2020\/10\/6_DSC00396-1-287x430.jpg","number-width":287,"number-height":430,"partner":"https:\/\/int.design\/wp-content\/uploads\/2020\/10\/6_DSC00396-1-140x210.jpg","partner-width":140,"partner-height":210,"ranking":"https:\/\/int.design\/wp-content\/uploads\/2020\/10\/6_DSC00396-1-960x540.jpg","ranking-width":960,"ranking-height":540,"schedule":"https:\/\/int.design\/wp-content\/uploads\/2020\/10\/6_DSC00396-1-960x360.jpg","schedule-width":960,"schedule-height":360,"slideshow":"https:\/\/int.design\/wp-content\/uploads\/2020\/10\/6_DSC00396-1-453x680.jpg","slideshow-width":453,"slideshow-height":680}},"file":{"ID":26296,"id":26296,"title":"CV - P. Blanchette","filename":"6_CV - P. Blanchette.pdf","filesize":0,"url":"https:\/\/d2q6z78khxmx42.cloudfront.net\/2020\/10\/6_CV - P. Blanchette.pdf","link":"https:\/\/int.design\/fr\/projets\/le-collectionneur-de-lueurs\/cv-p-blanchette-2\/","alt":"","author":"88","description":"","caption":"","name":"cv-p-blanchette-2","status":"inherit","uploaded_to":23648,"date":"2020-10-16 17:14:49","modified":"2020-10-16 17:14:50","menu_order":0,"mime_type":"application\/pdf","type":"application","subtype":"pdf","icon":"https:\/\/int.design\/wp-includes\/images\/media\/document.png"}},{"name":"","credit":"","image":false,"file":false}],"cover":false,"images":false,"mandatory_documents":false,"optional_documents":false,"web_text":{"fr":"<p>Nich\u00e9 au c\u0153ur du domaine de vill\u00e9giature Bel-Air Tremblant, la r\u00e9sidence La c\u00e9dri\u00e8re s\u2019ancre sur son site en relation avec le rond-point qui lui fait face et avec le sous-bois qui lui fait dos.  Le terrain, marqu\u00e9 de d\u00e9nivel\u00e9s sur ses limites, a forc\u00e9 l\u2019implantation du corps de b\u00e2timent au c\u0153ur de ses limites, affirmant l\u2019intimit\u00e9 et la privacit\u00e9 de la r\u00e9sidence.<br \/>\nDes lames de bois composent les fa\u00e7ades, agissant parfois comme \u00e9cran protecteur, parfois comme cadre sur le paysage. Les \u0153ill\u00e8res de bois de c\u00e8dre participent alors \u00e0 la cin\u00e9tique du projet ; parfois transparente, parfois opaque, la composition contrast\u00e9e des fa\u00e7ades apporte une lecture dynamique du b\u00e2timent. Le bois habite l\u2019ensemble des parois, de l\u2019ext\u00e9rieur vers l\u2019int\u00e9rieur, dans une volont\u00e9 d\u2019ancrage au paysage. Depuis l\u2019int\u00e9rieur, les baies vitr\u00e9es habitant pleinement la surface des murs brouillent ces limites entre les paysages saisonniers et les int\u00e9rieurs habit\u00e9s.<br \/>\nLe plan s\u2019articule autour de deux objets sombres ; l\u2019escalier et le foyer. Ils agissent alors comme trait d\u2019union dans l\u2019espace, permettant un d\u00e9coupage partiel des usages et participant \u00e0 l\u2019expression de la double hauteur, au c\u0153ur de ce plan compact. Les cloisons de verre et les imposants miroirs contribuent \u00e0 l\u2018expression de la fluidit\u00e9 des am\u00e9nagements, tout en utilisant leurs r\u00e9flexions pour laisser entrer, sur la pleine profondeur de la r\u00e9sidence, le paysage environnant.<\/p>\n","en":"","original":""},"jury_text":[{"category":429,"fr":"<p>Nich\u00e9 au c\u0153ur du domaine de vill\u00e9giature Bel-Air Tremblant, la r\u00e9sidence La c\u00e9dri\u00e8re s\u2019ancre sur son site en relation avec le rond-point qui lui fait face et avec le sous-bois qui lui fait dos.  Le terrain, marqu\u00e9 de d\u00e9nivel\u00e9s sur ses limites, a forc\u00e9 l\u2019implantation du corps de b\u00e2timent au c\u0153ur de ses limites, affirmant l\u2019intimit\u00e9 et la privacit\u00e9 de la r\u00e9sidence.<br \/>\nDes lames de bois composent les fa\u00e7ades, agissant parfois comme \u00e9cran protecteur, parfois comme cadre sur le paysage. Les \u0153ill\u00e8res de bois de c\u00e8dre participent alors \u00e0 la cin\u00e9tique du projet ; parfois transparente, parfois opaque, la composition contrast\u00e9e des fa\u00e7ades apporte une lecture dynamique du b\u00e2timent. Le bois habite l\u2019ensemble des parois, de l\u2019ext\u00e9rieur vers l\u2019int\u00e9rieur, dans une volont\u00e9 d\u2019ancrage au paysage. Depuis l\u2019int\u00e9rieur, les baies vitr\u00e9es habitant pleinement la surface des murs brouillent ces limites entre les paysages saisonniers et les int\u00e9rieurs habit\u00e9s.<br \/>\nLe plan s\u2019articule autour de deux objets sombres ; l\u2019escalier et le foyer. Ils agissent alors comme trait d\u2019union dans l\u2019espace, permettant un d\u00e9coupage partiel des usages et participant \u00e0 l\u2019expression de la double hauteur, au c\u0153ur de ce plan compact. Les cloisons de verre et les imposants miroirs contribuent \u00e0 l\u2018expression de la fluidit\u00e9 des am\u00e9nagements, tout en utilisant leurs r\u00e9flexions pour laisser entrer, sur la pleine profondeur de la r\u00e9sidence, le paysage environnant.<\/p>\n","en":"","original":""},{"category":397,"fr":"<p>Nich\u00e9 au c\u0153ur du domaine de vill\u00e9giature Bel-Air Tremblant, la r\u00e9sidence La c\u00e9dri\u00e8re s\u2019ancre sur son site en relation avec le rond-point qui lui fait face et avec le sous-bois qui lui fait dos.  Le terrain, marqu\u00e9 de d\u00e9nivel\u00e9s sur ses limites, a forc\u00e9 l\u2019implantation du corps de b\u00e2timent au c\u0153ur de ses limites, affirmant l\u2019intimit\u00e9 et la privacit\u00e9 de la r\u00e9sidence.<br \/>\nDes lames de bois composent les fa\u00e7ades, agissant parfois comme \u00e9cran protecteur, parfois comme cadre sur le paysage. Les \u0153ill\u00e8res de bois de c\u00e8dre participent alors \u00e0 la cin\u00e9tique du projet ; parfois transparente, parfois opaque, la composition contrast\u00e9e des fa\u00e7ades apporte une lecture dynamique du b\u00e2timent. Le bois habite l\u2019ensemble des parois, de l\u2019ext\u00e9rieur vers l\u2019int\u00e9rieur, dans une volont\u00e9 d\u2019ancrage au paysage. Depuis l\u2019int\u00e9rieur, les baies vitr\u00e9es habitant pleinement la surface des murs brouillent ces limites entre les paysages saisonniers et les int\u00e9rieurs habit\u00e9s.<br \/>\nLe plan s\u2019articule autour de deux objets sombres ; l\u2019escalier et le foyer. Ils agissent alors comme trait d\u2019union dans l\u2019espace, permettant un d\u00e9coupage partiel des usages et participant \u00e0 l\u2019expression de la double hauteur, au c\u0153ur de ce plan compact. Les cloisons de verre et les imposants miroirs contribuent \u00e0 l\u2018expression de la fluidit\u00e9 des am\u00e9nagements, tout en utilisant leurs r\u00e9flexions pour laisser entrer, sur la pleine profondeur de la r\u00e9sidence, le paysage environnant.<\/p>\n","en":"","original":""}],"different_jury_text":false,"different_category_text":false},"laureats":[],"contest_id":"6760","contest_title":"GRANDS PRIX DU DESIGN - 14th edition","firms":[{"name":"Construction Metric","website":"http:\/\/www.infometric.ca\/","category":"Entrepreneur g\u00e9n\u00e9ral","category_tax":false,"category_label":null}],"user":{"email":"patrick@blanchette-architectes.com","first_name":"Patrick","last_name":"Blanchette"},"doc_texts_web":{"fr":"","en":""},"permalinks":{"fr":"https:\/\/int.design\/fr\/projets\/le-collectionneur-de-lueurs\/","en":"https:\/\/int.design\/en\/projects\/le-collectionneur-de-lueurs\/"},"titles":{"fr":"Le Collectionneur de lueurs","en":"Le Collectionneur de lueurs"},"wp_fields":[],"laravel_id":""},"_links":{"self":[{"href":"https:\/\/int.design\/en\/wp-json\/wp\/v2\/project\/23649","targetHints":{"allow":["GET"]}}],"collection":[{"href":"https:\/\/int.design\/en\/wp-json\/wp\/v2\/project"}],"about":[{"href":"https:\/\/int.design\/en\/wp-json\/wp\/v2\/types\/project"}],"wp:attachment":[{"href":"https:\/\/int.design\/en\/wp-json\/wp\/v2\/media?parent=23649"}],"curies":[{"name":"wp","href":"https:\/\/api.w.org\/{rel}","templated":true}]}}