{"id":23012,"date":"2017-02-16T17:31:05","date_gmt":"2017-02-16T22:31:05","guid":{"rendered":"https:\/\/int.design\/projets\/crew-collectif-et-cafe\/"},"modified":"2020-10-02T07:53:15","modified_gmt":"2020-10-02T11:53:15","slug":"crew-collectif-et-cafe","status":"publish","type":"project","link":"https:\/\/int.design\/en\/projects\/crew-collectif-et-cafe\/","title":{"rendered":"Crew Collectif et Caf\u00e9"},"content":{"rendered":"<p>Le respect de l\u2019histoire du b\u00e2timent patrimonial de l\u2019ancienne Banque Royale de la rue Saint-Jacques \u00e0 Montr\u00e9al, de m\u00eame que l\u2019impeccable int\u00e9gration contemporaine des bureaux et du caf\u00e9 de l\u2019entreprise technologique Crew, sont une repr\u00e9sentation exemplaire du design d\u2019aujourd\u2019hui. Offrant \u00e0 la vue une mise en sc\u00e8ne coh\u00e9rente avec chaque \u00e9l\u00e9ment professionnel, la r\u00e9alisation fait \u00e9cho au dialogue entre les \u00e9poques, sublimant le meilleur de ce qu\u2019offrent le pass\u00e9 et le pr\u00e9sent. Le d\u00e9fi d\u2019\u00e9tablir les fronti\u00e8res d\u00e9licates entre les lieux, \u00e0 savoir le collectif et le caf\u00e9, fut relev\u00e9 avec brio, agr\u00e9mentant m\u00eame le design pr\u00e9existant.<\/p>\n","protected":false},"template":"","class_list":["post-23012","project","type-project","status-publish","hentry"],"acf":[],"yoast_head":"<!-- This site is optimized with the Yoast SEO plugin v21.5 - https:\/\/yoast.com\/wordpress\/plugins\/seo\/ -->\n<title>Crew Collectif et Caf\u00e9 - INT Design<\/title>\n<meta name=\"robots\" content=\"index, follow, max-snippet:-1, max-image-preview:large, max-video-preview:-1\" \/>\n<link rel=\"canonical\" href=\"https:\/\/int.design\/en\/projects\/crew-collectif-et-cafe\/\" \/>\n<meta property=\"og:locale\" content=\"en_US\" \/>\n<meta property=\"og:type\" content=\"article\" \/>\n<meta property=\"og:title\" content=\"Crew Collectif et Caf\u00e9 - INT Design\" \/>\n<meta property=\"og:description\" content=\"Le respect de l\u2019histoire du b\u00e2timent patrimonial de l\u2019ancienne Banque Royale de la rue Saint-Jacques \u00e0 Montr\u00e9al, de m\u00eame que l\u2019impeccable int\u00e9gration contemporaine des bureaux et du caf\u00e9 de l\u2019entreprise technologique Crew, sont une repr\u00e9sentation exemplaire du design d\u2019aujourd\u2019hui. Offrant \u00e0 la vue une mise en sc\u00e8ne coh\u00e9rente avec chaque \u00e9l\u00e9ment professionnel, la r\u00e9alisation fait &hellip; Continued\" \/>\n<meta property=\"og:url\" content=\"https:\/\/int.design\/en\/projects\/crew-collectif-et-cafe\/\" \/>\n<meta property=\"og:site_name\" content=\"INT Design\" \/>\n<meta property=\"article:modified_time\" content=\"2020-10-02T11:53:15+00:00\" \/>\n<meta name=\"twitter:card\" content=\"summary_large_image\" \/>\n<meta name=\"twitter:label1\" content=\"Est. reading time\" \/>\n\t<meta name=\"twitter:data1\" content=\"1 minute\" \/>\n<script type=\"application\/ld+json\" class=\"yoast-schema-graph\">{\"@context\":\"https:\/\/schema.org\",\"@graph\":[{\"@type\":\"WebPage\",\"@id\":\"https:\/\/int.design\/en\/projects\/crew-collectif-et-cafe\/\",\"url\":\"https:\/\/int.design\/en\/projects\/crew-collectif-et-cafe\/\",\"name\":\"Crew Collectif et Caf\u00e9 - INT Design\",\"isPartOf\":{\"@id\":\"https:\/\/int.design\/fr\/#website\"},\"datePublished\":\"2017-02-16T22:31:05+00:00\",\"dateModified\":\"2020-10-02T11:53:15+00:00\",\"breadcrumb\":{\"@id\":\"https:\/\/int.design\/en\/projects\/crew-collectif-et-cafe\/#breadcrumb\"},\"inLanguage\":\"en-US\",\"potentialAction\":[{\"@type\":\"ReadAction\",\"target\":[\"https:\/\/int.design\/en\/projects\/crew-collectif-et-cafe\/\"]}]},{\"@type\":\"BreadcrumbList\",\"@id\":\"https:\/\/int.design\/en\/projects\/crew-collectif-et-cafe\/#breadcrumb\",\"itemListElement\":[{\"@type\":\"ListItem\",\"position\":1,\"name\":\"Home\",\"item\":\"https:\/\/int.design\/en\/\"},{\"@type\":\"ListItem\",\"position\":2,\"name\":\"Projects\",\"item\":\"https:\/\/int.design\/en\/projects\/\"},{\"@type\":\"ListItem\",\"position\":3,\"name\":\"Crew Collectif et Caf\u00e9\"}]},{\"@type\":\"WebSite\",\"@id\":\"https:\/\/int.design\/fr\/#website\",\"url\":\"https:\/\/int.design\/fr\/\",\"name\":\"INT Design\",\"description\":\"\",\"potentialAction\":[{\"@type\":\"SearchAction\",\"target\":{\"@type\":\"EntryPoint\",\"urlTemplate\":\"https:\/\/int.design\/fr\/?s={search_term_string}\"},\"query-input\":\"required name=search_term_string\"}],\"inLanguage\":\"en-US\"}]}<\/script>\n<!-- \/ Yoast SEO plugin. -->","yoast_head_json":{"title":"Crew Collectif et Caf\u00e9 - INT Design","robots":{"index":"index","follow":"follow","max-snippet":"max-snippet:-1","max-image-preview":"max-image-preview:large","max-video-preview":"max-video-preview:-1"},"canonical":"https:\/\/int.design\/en\/projects\/crew-collectif-et-cafe\/","og_locale":"en_US","og_type":"article","og_title":"Crew Collectif et Caf\u00e9 - INT Design","og_description":"Le respect de l\u2019histoire du b\u00e2timent patrimonial de l\u2019ancienne Banque Royale de la rue Saint-Jacques \u00e0 Montr\u00e9al, de m\u00eame que l\u2019impeccable int\u00e9gration contemporaine des bureaux et du caf\u00e9 de l\u2019entreprise technologique Crew, sont une repr\u00e9sentation exemplaire du design d\u2019aujourd\u2019hui. Offrant \u00e0 la vue une mise en sc\u00e8ne coh\u00e9rente avec chaque \u00e9l\u00e9ment professionnel, la r\u00e9alisation fait &hellip; Continued","og_url":"https:\/\/int.design\/en\/projects\/crew-collectif-et-cafe\/","og_site_name":"INT Design","article_modified_time":"2020-10-02T11:53:15+00:00","twitter_card":"summary_large_image","twitter_misc":{"Est. reading time":"1 minute"},"schema":{"@context":"https:\/\/schema.org","@graph":[{"@type":"WebPage","@id":"https:\/\/int.design\/en\/projects\/crew-collectif-et-cafe\/","url":"https:\/\/int.design\/en\/projects\/crew-collectif-et-cafe\/","name":"Crew Collectif et Caf\u00e9 - INT Design","isPartOf":{"@id":"https:\/\/int.design\/fr\/#website"},"datePublished":"2017-02-16T22:31:05+00:00","dateModified":"2020-10-02T11:53:15+00:00","breadcrumb":{"@id":"https:\/\/int.design\/en\/projects\/crew-collectif-et-cafe\/#breadcrumb"},"inLanguage":"en-US","potentialAction":[{"@type":"ReadAction","target":["https:\/\/int.design\/en\/projects\/crew-collectif-et-cafe\/"]}]},{"@type":"BreadcrumbList","@id":"https:\/\/int.design\/en\/projects\/crew-collectif-et-cafe\/#breadcrumb","itemListElement":[{"@type":"ListItem","position":1,"name":"Home","item":"https:\/\/int.design\/en\/"},{"@type":"ListItem","position":2,"name":"Projects","item":"https:\/\/int.design\/en\/projects\/"},{"@type":"ListItem","position":3,"name":"Crew Collectif et Caf\u00e9"}]},{"@type":"WebSite","@id":"https:\/\/int.design\/fr\/#website","url":"https:\/\/int.design\/fr\/","name":"INT Design","description":"","potentialAction":[{"@type":"SearchAction","target":{"@type":"EntryPoint","urlTemplate":"https:\/\/int.design\/fr\/?s={search_term_string}"},"query-input":"required name=search_term_string"}],"inLanguage":"en-US"}]}},"entry":{"cats":{"disciplines":[],"big_cats":[],"sub_cats":[]},"entry":{"":null,"status":"completed","winner_title":"","winner_prize_lang":"","title_translatable":false,"title_en":"","title_fr":"","releve_award":false,"releve_award_cv":false,"collaboration":false,"collaboration_firms":false,"other_firms":false,"owner":{"name":"","confidential":false,"website":"","contact_name":"","email":"","phone":""},"address":{"address":"","city":"","region":"","province":"","country":"","postal_code":""},"logos":false,"use_logo":false,"designers":false,"cover":false,"images":[{"image":{"ID":3848,"id":3848,"title":"crew-collectif-et-cafe_6-2_henri-cleinge-architecte_adrien-williams_01.jpg","filename":"crew-collectif-et-cafe_6-2_henri-cleinge-architecte_adrien-williams_01.jpg","filesize":0,"url":"https:\/\/d2q6z78khxmx42.cloudfront.net\/2017\/02\/crew-collectif-et-cafe_6-2_henri-cleinge-architecte_adrien-williams_01.jpg","link":"https:\/\/int.design\/en\/crew-collectif-et-cafe_6-2_henri-cleinge-architecte_adrien-williams_01-jpg\/","alt":"","author":"0","description":"","caption":"","name":"crew-collectif-et-cafe_6-2_henri-cleinge-architecte_adrien-williams_01-jpg","status":"inherit","uploaded_to":0,"date":"2020-04-06 03:55:47","modified":"2020-09-10 19:47:56","menu_order":0,"mime_type":"image\/jpeg","type":"image","subtype":"jpeg","icon":"https:\/\/int.design\/wp-includes\/images\/media\/default.png","width":2085,"height":1390,"sizes":{"thumbnail":"https:\/\/d2q6z78khxmx42.cloudfront.net\/2017\/02\/crew-collectif-et-cafe_6-2_henri-cleinge-architecte_adrien-williams_01-150x150.jpg","thumbnail-width":150,"thumbnail-height":150,"medium":"https:\/\/d2q6z78khxmx42.cloudfront.net\/2017\/02\/crew-collectif-et-cafe_6-2_henri-cleinge-architecte_adrien-williams_01-300x200.jpg","medium-width":300,"medium-height":200,"medium_large":"https:\/\/d2q6z78khxmx42.cloudfront.net\/2017\/02\/crew-collectif-et-cafe_6-2_henri-cleinge-architecte_adrien-williams_01-768x512.jpg","medium_large-width":768,"medium_large-height":512,"large":"https:\/\/d2q6z78khxmx42.cloudfront.net\/2017\/02\/crew-collectif-et-cafe_6-2_henri-cleinge-architecte_adrien-williams_01-1024x683.jpg","large-width":1024,"large-height":683,"1536x1536":"https:\/\/d2q6z78khxmx42.cloudfront.net\/2017\/02\/crew-collectif-et-cafe_6-2_henri-cleinge-architecte_adrien-williams_01-1536x1024.jpg","1536x1536-width":1536,"1536x1536-height":1024,"2048x2048":"https:\/\/d2q6z78khxmx42.cloudfront.net\/2017\/02\/crew-collectif-et-cafe_6-2_henri-cleinge-architecte_adrien-williams_01-2048x1365.jpg","2048x2048-width":2048,"2048x2048-height":1365,"article":"https:\/\/d2q6z78khxmx42.cloudfront.net\/2017\/02\/crew-collectif-et-cafe_6-2_henri-cleinge-architecte_adrien-williams_01-960x540.jpg","article-width":960,"article-height":540,"banner":"https:\/\/d2q6z78khxmx42.cloudfront.net\/2017\/02\/crew-collectif-et-cafe_6-2_henri-cleinge-architecte_adrien-williams_01-1920x1280.jpg","banner-width":1920,"banner-height":1280,"block":"https:\/\/d2q6z78khxmx42.cloudfront.net\/2017\/02\/crew-collectif-et-cafe_6-2_henri-cleinge-architecte_adrien-williams_01-900x680.jpg","block-width":900,"block-height":680,"card":"https:\/\/d2q6z78khxmx42.cloudfront.net\/2017\/02\/crew-collectif-et-cafe_6-2_henri-cleinge-architecte_adrien-williams_01-560x495.jpg","card-width":560,"card-height":495,"card-thumbnail":"https:\/\/d2q6z78khxmx42.cloudfront.net\/2017\/02\/crew-collectif-et-cafe_6-2_henri-cleinge-architecte_adrien-williams_01-450x340.jpg","card-thumbnail-width":450,"card-thumbnail-height":340,"conference":"https:\/\/d2q6z78khxmx42.cloudfront.net\/2017\/02\/crew-collectif-et-cafe_6-2_henri-cleinge-architecte_adrien-williams_01-560x250.jpg","conference-width":560,"conference-height":250,"contest":"https:\/\/d2q6z78khxmx42.cloudfront.net\/2017\/02\/crew-collectif-et-cafe_6-2_henri-cleinge-architecte_adrien-williams_01-960x400.jpg","contest-width":960,"contest-height":400,"cta":"https:\/\/d2q6z78khxmx42.cloudfront.net\/2017\/02\/crew-collectif-et-cafe_6-2_henri-cleinge-architecte_adrien-williams_01-415x170.jpg","cta-width":415,"cta-height":170,"exhibitor":"https:\/\/d2q6z78khxmx42.cloudfront.net\/2017\/02\/crew-collectif-et-cafe_6-2_henri-cleinge-architecte_adrien-williams_01-560x560.jpg","exhibitor-width":560,"exhibitor-height":560,"gallery":"https:\/\/d2q6z78khxmx42.cloudfront.net\/2017\/02\/crew-collectif-et-cafe_6-2_henri-cleinge-architecte_adrien-williams_01-560x373.jpg","gallery-width":560,"gallery-height":373,"logo":"https:\/\/d2q6z78khxmx42.cloudfront.net\/2017\/02\/crew-collectif-et-cafe_6-2_henri-cleinge-architecte_adrien-williams_01-150x100.jpg","logo-width":150,"logo-height":100,"masonry":"https:\/\/d2q6z78khxmx42.cloudfront.net\/2017\/02\/crew-collectif-et-cafe_6-2_henri-cleinge-architecte_adrien-williams_01-550x367.jpg","masonry-width":550,"masonry-height":367,"modal":"https:\/\/d2q6z78khxmx42.cloudfront.net\/2017\/02\/QkTDQ5Si-crew-collectif-et-cafe_6-2_henri-cleinge-architecte_adrien-williams_01-1920x1280.jpg","modal-width":1920,"modal-height":1280,"number":"https:\/\/d2q6z78khxmx42.cloudfront.net\/2017\/02\/QkTDQ5Si-crew-collectif-et-cafe_6-2_henri-cleinge-architecte_adrien-williams_01-560x373.jpg","number-width":560,"number-height":373,"partner":"https:\/\/d2q6z78khxmx42.cloudfront.net\/2017\/02\/crew-collectif-et-cafe_6-2_henri-cleinge-architecte_adrien-williams_01-275x183.jpg","partner-width":275,"partner-height":183,"ranking":"https:\/\/d2q6z78khxmx42.cloudfront.net\/2017\/02\/QkTDQ5Si-crew-collectif-et-cafe_6-2_henri-cleinge-architecte_adrien-williams_01-960x540.jpg","ranking-width":960,"ranking-height":540,"schedule":"https:\/\/d2q6z78khxmx42.cloudfront.net\/2017\/02\/crew-collectif-et-cafe_6-2_henri-cleinge-architecte_adrien-williams_01-960x360.jpg","schedule-width":960,"schedule-height":360,"slideshow":"https:\/\/d2q6z78khxmx42.cloudfront.net\/2017\/02\/crew-collectif-et-cafe_6-2_henri-cleinge-architecte_adrien-williams_01-1020x680.jpg","slideshow-width":1020,"slideshow-height":680}},"attachment_category":[],"credit":""},{"image":{"ID":3849,"id":3849,"title":"crew-collectif-et-cafe_6-2_henri-cleinge-architecte_adrien-williams_06.jpg","filename":"crew-collectif-et-cafe_6-2_henri-cleinge-architecte_adrien-williams_06.jpg","filesize":0,"url":"https:\/\/d2q6z78khxmx42.cloudfront.net\/2017\/02\/crew-collectif-et-cafe_6-2_henri-cleinge-architecte_adrien-williams_06.jpg","link":"https:\/\/int.design\/en\/crew-collectif-et-cafe_6-2_henri-cleinge-architecte_adrien-williams_06-jpg\/","alt":"","author":"0","description":"","caption":"","name":"crew-collectif-et-cafe_6-2_henri-cleinge-architecte_adrien-williams_06-jpg","status":"inherit","uploaded_to":0,"date":"2020-04-06 03:55:49","modified":"2020-04-06 03:55:49","menu_order":0,"mime_type":"image\/jpeg","type":"image","subtype":"jpeg","icon":"https:\/\/int.design\/wp-includes\/images\/media\/default.png","width":1390,"height":2085,"sizes":{"thumbnail":"https:\/\/d2q6z78khxmx42.cloudfront.net\/2017\/02\/crew-collectif-et-cafe_6-2_henri-cleinge-architecte_adrien-williams_06-150x150.jpg","thumbnail-width":150,"thumbnail-height":150,"medium":"https:\/\/d2q6z78khxmx42.cloudfront.net\/2017\/02\/crew-collectif-et-cafe_6-2_henri-cleinge-architecte_adrien-williams_06-200x300.jpg","medium-width":200,"medium-height":300,"medium_large":"https:\/\/d2q6z78khxmx42.cloudfront.net\/2017\/02\/crew-collectif-et-cafe_6-2_henri-cleinge-architecte_adrien-williams_06-768x1152.jpg","medium_large-width":768,"medium_large-height":1152,"large":"https:\/\/d2q6z78khxmx42.cloudfront.net\/2017\/02\/crew-collectif-et-cafe_6-2_henri-cleinge-architecte_adrien-williams_06-683x1024.jpg","large-width":683,"large-height":1024,"1536x1536":"https:\/\/d2q6z78khxmx42.cloudfront.net\/2017\/02\/crew-collectif-et-cafe_6-2_henri-cleinge-architecte_adrien-williams_06-1024x1536.jpg","1536x1536-width":1024,"1536x1536-height":1536,"2048x2048":"https:\/\/d2q6z78khxmx42.cloudfront.net\/2017\/02\/crew-collectif-et-cafe_6-2_henri-cleinge-architecte_adrien-williams_06-1365x2048.jpg","2048x2048-width":1365,"2048x2048-height":2048,"article":"https:\/\/d2q6z78khxmx42.cloudfront.net\/2017\/02\/crew-collectif-et-cafe_6-2_henri-cleinge-architecte_adrien-williams_06-960x540.jpg","article-width":960,"article-height":540,"banner":"https:\/\/d2q6z78khxmx42.cloudfront.net\/2017\/02\/crew-collectif-et-cafe_6-2_henri-cleinge-architecte_adrien-williams_06.jpg","banner-width":1390,"banner-height":2085,"block":"https:\/\/d2q6z78khxmx42.cloudfront.net\/2017\/02\/crew-collectif-et-cafe_6-2_henri-cleinge-architecte_adrien-williams_06-900x680.jpg","block-width":900,"block-height":680,"card":"https:\/\/d2q6z78khxmx42.cloudfront.net\/2017\/02\/crew-collectif-et-cafe_6-2_henri-cleinge-architecte_adrien-williams_06-560x495.jpg","card-width":560,"card-height":495,"card-thumbnail":"https:\/\/d2q6z78khxmx42.cloudfront.net\/2017\/02\/crew-collectif-et-cafe_6-2_henri-cleinge-architecte_adrien-williams_06-450x340.jpg","card-thumbnail-width":450,"card-thumbnail-height":340,"conference":"https:\/\/d2q6z78khxmx42.cloudfront.net\/2017\/02\/crew-collectif-et-cafe_6-2_henri-cleinge-architecte_adrien-williams_06-560x250.jpg","conference-width":560,"conference-height":250,"contest":"https:\/\/d2q6z78khxmx42.cloudfront.net\/2017\/02\/crew-collectif-et-cafe_6-2_henri-cleinge-architecte_adrien-williams_06-960x400.jpg","contest-width":960,"contest-height":400,"cta":"https:\/\/d2q6z78khxmx42.cloudfront.net\/2017\/02\/crew-collectif-et-cafe_6-2_henri-cleinge-architecte_adrien-williams_06-415x170.jpg","cta-width":415,"cta-height":170,"exhibitor":"https:\/\/d2q6z78khxmx42.cloudfront.net\/2017\/02\/crew-collectif-et-cafe_6-2_henri-cleinge-architecte_adrien-williams_06-560x560.jpg","exhibitor-width":560,"exhibitor-height":560,"gallery":"https:\/\/d2q6z78khxmx42.cloudfront.net\/2017\/02\/crew-collectif-et-cafe_6-2_henri-cleinge-architecte_adrien-williams_06-287x430.jpg","gallery-width":287,"gallery-height":430,"logo":"https:\/\/d2q6z78khxmx42.cloudfront.net\/2017\/02\/crew-collectif-et-cafe_6-2_henri-cleinge-architecte_adrien-williams_06-67x100.jpg","logo-width":67,"logo-height":100,"masonry":"https:\/\/d2q6z78khxmx42.cloudfront.net\/2017\/02\/crew-collectif-et-cafe_6-2_henri-cleinge-architecte_adrien-williams_06-550x825.jpg","masonry-width":550,"masonry-height":825,"modal":"https:\/\/d2q6z78khxmx42.cloudfront.net\/2017\/02\/crew-collectif-et-cafe_6-2_henri-cleinge-architecte_adrien-williams_06-1280x1920.jpg","modal-width":1280,"modal-height":1920,"number":"https:\/\/d2q6z78khxmx42.cloudfront.net\/2017\/02\/1DLamKbe-crew-collectif-et-cafe_6-2_henri-cleinge-architecte_adrien-williams_06-287x430.jpg","number-width":287,"number-height":430,"partner":"https:\/\/d2q6z78khxmx42.cloudfront.net\/2017\/02\/crew-collectif-et-cafe_6-2_henri-cleinge-architecte_adrien-williams_06-140x210.jpg","partner-width":140,"partner-height":210,"ranking":"https:\/\/d2q6z78khxmx42.cloudfront.net\/2017\/02\/1DLamKbe-crew-collectif-et-cafe_6-2_henri-cleinge-architecte_adrien-williams_06-960x540.jpg","ranking-width":960,"ranking-height":540,"schedule":"https:\/\/d2q6z78khxmx42.cloudfront.net\/2017\/02\/crew-collectif-et-cafe_6-2_henri-cleinge-architecte_adrien-williams_06-960x360.jpg","schedule-width":960,"schedule-height":360,"slideshow":"https:\/\/d2q6z78khxmx42.cloudfront.net\/2017\/02\/crew-collectif-et-cafe_6-2_henri-cleinge-architecte_adrien-williams_06-453x680.jpg","slideshow-width":453,"slideshow-height":680}},"attachment_category":[],"credit":""},{"image":{"ID":3850,"id":3850,"title":"crew-collectif-et-cafe_6-2_henri-cleinge-architecte_adrien-williams_05.jpg","filename":"crew-collectif-et-cafe_6-2_henri-cleinge-architecte_adrien-williams_05.jpg","filesize":0,"url":"https:\/\/d2q6z78khxmx42.cloudfront.net\/2017\/02\/crew-collectif-et-cafe_6-2_henri-cleinge-architecte_adrien-williams_05.jpg","link":"https:\/\/int.design\/en\/crew-collectif-et-cafe_6-2_henri-cleinge-architecte_adrien-williams_05-jpg\/","alt":"","author":"0","description":"","caption":"","name":"crew-collectif-et-cafe_6-2_henri-cleinge-architecte_adrien-williams_05-jpg","status":"inherit","uploaded_to":0,"date":"2020-04-06 03:55:51","modified":"2020-04-06 03:55:51","menu_order":0,"mime_type":"image\/jpeg","type":"image","subtype":"jpeg","icon":"https:\/\/int.design\/wp-includes\/images\/media\/default.png","width":1390,"height":2085,"sizes":{"thumbnail":"https:\/\/d2q6z78khxmx42.cloudfront.net\/2017\/02\/crew-collectif-et-cafe_6-2_henri-cleinge-architecte_adrien-williams_05-150x150.jpg","thumbnail-width":150,"thumbnail-height":150,"medium":"https:\/\/d2q6z78khxmx42.cloudfront.net\/2017\/02\/crew-collectif-et-cafe_6-2_henri-cleinge-architecte_adrien-williams_05-200x300.jpg","medium-width":200,"medium-height":300,"medium_large":"https:\/\/d2q6z78khxmx42.cloudfront.net\/2017\/02\/crew-collectif-et-cafe_6-2_henri-cleinge-architecte_adrien-williams_05-768x1152.jpg","medium_large-width":768,"medium_large-height":1152,"large":"https:\/\/d2q6z78khxmx42.cloudfront.net\/2017\/02\/crew-collectif-et-cafe_6-2_henri-cleinge-architecte_adrien-williams_05-683x1024.jpg","large-width":683,"large-height":1024,"1536x1536":"https:\/\/d2q6z78khxmx42.cloudfront.net\/2017\/02\/crew-collectif-et-cafe_6-2_henri-cleinge-architecte_adrien-williams_05-1024x1536.jpg","1536x1536-width":1024,"1536x1536-height":1536,"2048x2048":"https:\/\/d2q6z78khxmx42.cloudfront.net\/2017\/02\/crew-collectif-et-cafe_6-2_henri-cleinge-architecte_adrien-williams_05-1365x2048.jpg","2048x2048-width":1365,"2048x2048-height":2048,"article":"https:\/\/d2q6z78khxmx42.cloudfront.net\/2017\/02\/crew-collectif-et-cafe_6-2_henri-cleinge-architecte_adrien-williams_05-960x540.jpg","article-width":960,"article-height":540,"banner":"https:\/\/d2q6z78khxmx42.cloudfront.net\/2017\/02\/crew-collectif-et-cafe_6-2_henri-cleinge-architecte_adrien-williams_05.jpg","banner-width":1390,"banner-height":2085,"block":"https:\/\/d2q6z78khxmx42.cloudfront.net\/2017\/02\/crew-collectif-et-cafe_6-2_henri-cleinge-architecte_adrien-williams_05-900x680.jpg","block-width":900,"block-height":680,"card":"https:\/\/d2q6z78khxmx42.cloudfront.net\/2017\/02\/crew-collectif-et-cafe_6-2_henri-cleinge-architecte_adrien-williams_05-560x495.jpg","card-width":560,"card-height":495,"card-thumbnail":"https:\/\/d2q6z78khxmx42.cloudfront.net\/2017\/02\/crew-collectif-et-cafe_6-2_henri-cleinge-architecte_adrien-williams_05-450x340.jpg","card-thumbnail-width":450,"card-thumbnail-height":340,"conference":"https:\/\/d2q6z78khxmx42.cloudfront.net\/2017\/02\/crew-collectif-et-cafe_6-2_henri-cleinge-architecte_adrien-williams_05-560x250.jpg","conference-width":560,"conference-height":250,"contest":"https:\/\/d2q6z78khxmx42.cloudfront.net\/2017\/02\/crew-collectif-et-cafe_6-2_henri-cleinge-architecte_adrien-williams_05-960x400.jpg","contest-width":960,"contest-height":400,"cta":"https:\/\/d2q6z78khxmx42.cloudfront.net\/2017\/02\/crew-collectif-et-cafe_6-2_henri-cleinge-architecte_adrien-williams_05-415x170.jpg","cta-width":415,"cta-height":170,"exhibitor":"https:\/\/d2q6z78khxmx42.cloudfront.net\/2017\/02\/crew-collectif-et-cafe_6-2_henri-cleinge-architecte_adrien-williams_05-560x560.jpg","exhibitor-width":560,"exhibitor-height":560,"gallery":"https:\/\/d2q6z78khxmx42.cloudfront.net\/2017\/02\/crew-collectif-et-cafe_6-2_henri-cleinge-architecte_adrien-williams_05-287x430.jpg","gallery-width":287,"gallery-height":430,"logo":"https:\/\/d2q6z78khxmx42.cloudfront.net\/2017\/02\/crew-collectif-et-cafe_6-2_henri-cleinge-architecte_adrien-williams_05-67x100.jpg","logo-width":67,"logo-height":100,"masonry":"https:\/\/d2q6z78khxmx42.cloudfront.net\/2017\/02\/crew-collectif-et-cafe_6-2_henri-cleinge-architecte_adrien-williams_05-550x825.jpg","masonry-width":550,"masonry-height":825,"modal":"https:\/\/d2q6z78khxmx42.cloudfront.net\/2017\/02\/crew-collectif-et-cafe_6-2_henri-cleinge-architecte_adrien-williams_05-1280x1920.jpg","modal-width":1280,"modal-height":1920,"number":"https:\/\/d2q6z78khxmx42.cloudfront.net\/2017\/02\/lamQDCzx-crew-collectif-et-cafe_6-2_henri-cleinge-architecte_adrien-williams_05-287x430.jpg","number-width":287,"number-height":430,"partner":"https:\/\/d2q6z78khxmx42.cloudfront.net\/2017\/02\/crew-collectif-et-cafe_6-2_henri-cleinge-architecte_adrien-williams_05-140x210.jpg","partner-width":140,"partner-height":210,"ranking":"https:\/\/d2q6z78khxmx42.cloudfront.net\/2017\/02\/lamQDCzx-crew-collectif-et-cafe_6-2_henri-cleinge-architecte_adrien-williams_05-960x540.jpg","ranking-width":960,"ranking-height":540,"schedule":"https:\/\/d2q6z78khxmx42.cloudfront.net\/2017\/02\/crew-collectif-et-cafe_6-2_henri-cleinge-architecte_adrien-williams_05-960x360.jpg","schedule-width":960,"schedule-height":360,"slideshow":"https:\/\/d2q6z78khxmx42.cloudfront.net\/2017\/02\/crew-collectif-et-cafe_6-2_henri-cleinge-architecte_adrien-williams_05-453x680.jpg","slideshow-width":453,"slideshow-height":680}},"attachment_category":[],"credit":""},{"image":{"ID":3851,"id":3851,"title":"crew-collectif-et-cafe_6-2_henri-cleinge-architecte_adrien-williams_04.jpg","filename":"crew-collectif-et-cafe_6-2_henri-cleinge-architecte_adrien-williams_04.jpg","filesize":0,"url":"https:\/\/d2q6z78khxmx42.cloudfront.net\/2017\/02\/crew-collectif-et-cafe_6-2_henri-cleinge-architecte_adrien-williams_04.jpg","link":"https:\/\/int.design\/en\/crew-collectif-et-cafe_6-2_henri-cleinge-architecte_adrien-williams_04-jpg\/","alt":"","author":"0","description":"","caption":"","name":"crew-collectif-et-cafe_6-2_henri-cleinge-architecte_adrien-williams_04-jpg","status":"inherit","uploaded_to":0,"date":"2020-04-06 03:55:52","modified":"2020-04-06 03:55:52","menu_order":0,"mime_type":"image\/jpeg","type":"image","subtype":"jpeg","icon":"https:\/\/int.design\/wp-includes\/images\/media\/default.png","width":2085,"height":1390,"sizes":{"thumbnail":"https:\/\/d2q6z78khxmx42.cloudfront.net\/2017\/02\/crew-collectif-et-cafe_6-2_henri-cleinge-architecte_adrien-williams_04-150x150.jpg","thumbnail-width":150,"thumbnail-height":150,"medium":"https:\/\/d2q6z78khxmx42.cloudfront.net\/2017\/02\/crew-collectif-et-cafe_6-2_henri-cleinge-architecte_adrien-williams_04-300x200.jpg","medium-width":300,"medium-height":200,"medium_large":"https:\/\/d2q6z78khxmx42.cloudfront.net\/2017\/02\/crew-collectif-et-cafe_6-2_henri-cleinge-architecte_adrien-williams_04-768x512.jpg","medium_large-width":768,"medium_large-height":512,"large":"https:\/\/d2q6z78khxmx42.cloudfront.net\/2017\/02\/crew-collectif-et-cafe_6-2_henri-cleinge-architecte_adrien-williams_04-1024x683.jpg","large-width":1024,"large-height":683,"1536x1536":"https:\/\/d2q6z78khxmx42.cloudfront.net\/2017\/02\/crew-collectif-et-cafe_6-2_henri-cleinge-architecte_adrien-williams_04-1536x1024.jpg","1536x1536-width":1536,"1536x1536-height":1024,"2048x2048":"https:\/\/d2q6z78khxmx42.cloudfront.net\/2017\/02\/crew-collectif-et-cafe_6-2_henri-cleinge-architecte_adrien-williams_04-2048x1365.jpg","2048x2048-width":2048,"2048x2048-height":1365,"article":"https:\/\/d2q6z78khxmx42.cloudfront.net\/2017\/02\/crew-collectif-et-cafe_6-2_henri-cleinge-architecte_adrien-williams_04-960x540.jpg","article-width":960,"article-height":540,"banner":"https:\/\/d2q6z78khxmx42.cloudfront.net\/2017\/02\/crew-collectif-et-cafe_6-2_henri-cleinge-architecte_adrien-williams_04-1920x1280.jpg","banner-width":1920,"banner-height":1280,"block":"https:\/\/d2q6z78khxmx42.cloudfront.net\/2017\/02\/crew-collectif-et-cafe_6-2_henri-cleinge-architecte_adrien-williams_04-900x680.jpg","block-width":900,"block-height":680,"card":"https:\/\/d2q6z78khxmx42.cloudfront.net\/2017\/02\/crew-collectif-et-cafe_6-2_henri-cleinge-architecte_adrien-williams_04-560x495.jpg","card-width":560,"card-height":495,"card-thumbnail":"https:\/\/d2q6z78khxmx42.cloudfront.net\/2017\/02\/crew-collectif-et-cafe_6-2_henri-cleinge-architecte_adrien-williams_04-450x340.jpg","card-thumbnail-width":450,"card-thumbnail-height":340,"conference":"https:\/\/d2q6z78khxmx42.cloudfront.net\/2017\/02\/crew-collectif-et-cafe_6-2_henri-cleinge-architecte_adrien-williams_04-560x250.jpg","conference-width":560,"conference-height":250,"contest":"https:\/\/d2q6z78khxmx42.cloudfront.net\/2017\/02\/crew-collectif-et-cafe_6-2_henri-cleinge-architecte_adrien-williams_04-960x400.jpg","contest-width":960,"contest-height":400,"cta":"https:\/\/d2q6z78khxmx42.cloudfront.net\/2017\/02\/crew-collectif-et-cafe_6-2_henri-cleinge-architecte_adrien-williams_04-415x170.jpg","cta-width":415,"cta-height":170,"exhibitor":"https:\/\/d2q6z78khxmx42.cloudfront.net\/2017\/02\/crew-collectif-et-cafe_6-2_henri-cleinge-architecte_adrien-williams_04-560x560.jpg","exhibitor-width":560,"exhibitor-height":560,"gallery":"https:\/\/d2q6z78khxmx42.cloudfront.net\/2017\/02\/crew-collectif-et-cafe_6-2_henri-cleinge-architecte_adrien-williams_04-560x373.jpg","gallery-width":560,"gallery-height":373,"logo":"https:\/\/d2q6z78khxmx42.cloudfront.net\/2017\/02\/crew-collectif-et-cafe_6-2_henri-cleinge-architecte_adrien-williams_04-150x100.jpg","logo-width":150,"logo-height":100,"masonry":"https:\/\/d2q6z78khxmx42.cloudfront.net\/2017\/02\/crew-collectif-et-cafe_6-2_henri-cleinge-architecte_adrien-williams_04-550x367.jpg","masonry-width":550,"masonry-height":367,"modal":"https:\/\/d2q6z78khxmx42.cloudfront.net\/2017\/02\/aIZ5PuWF-crew-collectif-et-cafe_6-2_henri-cleinge-architecte_adrien-williams_04-1920x1280.jpg","modal-width":1920,"modal-height":1280,"number":"https:\/\/d2q6z78khxmx42.cloudfront.net\/2017\/02\/aIZ5PuWF-crew-collectif-et-cafe_6-2_henri-cleinge-architecte_adrien-williams_04-560x373.jpg","number-width":560,"number-height":373,"partner":"https:\/\/d2q6z78khxmx42.cloudfront.net\/2017\/02\/crew-collectif-et-cafe_6-2_henri-cleinge-architecte_adrien-williams_04-275x183.jpg","partner-width":275,"partner-height":183,"ranking":"https:\/\/d2q6z78khxmx42.cloudfront.net\/2017\/02\/aIZ5PuWF-crew-collectif-et-cafe_6-2_henri-cleinge-architecte_adrien-williams_04-960x540.jpg","ranking-width":960,"ranking-height":540,"schedule":"https:\/\/d2q6z78khxmx42.cloudfront.net\/2017\/02\/crew-collectif-et-cafe_6-2_henri-cleinge-architecte_adrien-williams_04-960x360.jpg","schedule-width":960,"schedule-height":360,"slideshow":"https:\/\/d2q6z78khxmx42.cloudfront.net\/2017\/02\/crew-collectif-et-cafe_6-2_henri-cleinge-architecte_adrien-williams_04-1020x680.jpg","slideshow-width":1020,"slideshow-height":680}},"attachment_category":[],"credit":""},{"image":{"ID":3852,"id":3852,"title":"crew-collectif-et-cafe_6-2_henri-cleinge-architecte_adrien-williams_03.jpg","filename":"crew-collectif-et-cafe_6-2_henri-cleinge-architecte_adrien-williams_03.jpg","filesize":0,"url":"https:\/\/d2q6z78khxmx42.cloudfront.net\/2017\/02\/crew-collectif-et-cafe_6-2_henri-cleinge-architecte_adrien-williams_03.jpg","link":"https:\/\/int.design\/en\/crew-collectif-et-cafe_6-2_henri-cleinge-architecte_adrien-williams_03-jpg\/","alt":"","author":"0","description":"","caption":"","name":"crew-collectif-et-cafe_6-2_henri-cleinge-architecte_adrien-williams_03-jpg","status":"inherit","uploaded_to":0,"date":"2020-04-06 03:55:54","modified":"2020-04-06 03:55:54","menu_order":0,"mime_type":"image\/jpeg","type":"image","subtype":"jpeg","icon":"https:\/\/int.design\/wp-includes\/images\/media\/default.png","width":1390,"height":2085,"sizes":{"thumbnail":"https:\/\/d2q6z78khxmx42.cloudfront.net\/2017\/02\/crew-collectif-et-cafe_6-2_henri-cleinge-architecte_adrien-williams_03-150x150.jpg","thumbnail-width":150,"thumbnail-height":150,"medium":"https:\/\/d2q6z78khxmx42.cloudfront.net\/2017\/02\/crew-collectif-et-cafe_6-2_henri-cleinge-architecte_adrien-williams_03-200x300.jpg","medium-width":200,"medium-height":300,"medium_large":"https:\/\/d2q6z78khxmx42.cloudfront.net\/2017\/02\/crew-collectif-et-cafe_6-2_henri-cleinge-architecte_adrien-williams_03-768x1152.jpg","medium_large-width":768,"medium_large-height":1152,"large":"https:\/\/d2q6z78khxmx42.cloudfront.net\/2017\/02\/crew-collectif-et-cafe_6-2_henri-cleinge-architecte_adrien-williams_03-683x1024.jpg","large-width":683,"large-height":1024,"1536x1536":"https:\/\/d2q6z78khxmx42.cloudfront.net\/2017\/02\/crew-collectif-et-cafe_6-2_henri-cleinge-architecte_adrien-williams_03-1024x1536.jpg","1536x1536-width":1024,"1536x1536-height":1536,"2048x2048":"https:\/\/d2q6z78khxmx42.cloudfront.net\/2017\/02\/crew-collectif-et-cafe_6-2_henri-cleinge-architecte_adrien-williams_03-1365x2048.jpg","2048x2048-width":1365,"2048x2048-height":2048,"article":"https:\/\/d2q6z78khxmx42.cloudfront.net\/2017\/02\/crew-collectif-et-cafe_6-2_henri-cleinge-architecte_adrien-williams_03-960x540.jpg","article-width":960,"article-height":540,"banner":"https:\/\/d2q6z78khxmx42.cloudfront.net\/2017\/02\/crew-collectif-et-cafe_6-2_henri-cleinge-architecte_adrien-williams_03.jpg","banner-width":1390,"banner-height":2085,"block":"https:\/\/d2q6z78khxmx42.cloudfront.net\/2017\/02\/crew-collectif-et-cafe_6-2_henri-cleinge-architecte_adrien-williams_03-900x680.jpg","block-width":900,"block-height":680,"card":"https:\/\/d2q6z78khxmx42.cloudfront.net\/2017\/02\/crew-collectif-et-cafe_6-2_henri-cleinge-architecte_adrien-williams_03-560x495.jpg","card-width":560,"card-height":495,"card-thumbnail":"https:\/\/d2q6z78khxmx42.cloudfront.net\/2017\/02\/crew-collectif-et-cafe_6-2_henri-cleinge-architecte_adrien-williams_03-450x340.jpg","card-thumbnail-width":450,"card-thumbnail-height":340,"conference":"https:\/\/d2q6z78khxmx42.cloudfront.net\/2017\/02\/crew-collectif-et-cafe_6-2_henri-cleinge-architecte_adrien-williams_03-560x250.jpg","conference-width":560,"conference-height":250,"contest":"https:\/\/d2q6z78khxmx42.cloudfront.net\/2017\/02\/crew-collectif-et-cafe_6-2_henri-cleinge-architecte_adrien-williams_03-960x400.jpg","contest-width":960,"contest-height":400,"cta":"https:\/\/d2q6z78khxmx42.cloudfront.net\/2017\/02\/crew-collectif-et-cafe_6-2_henri-cleinge-architecte_adrien-williams_03-415x170.jpg","cta-width":415,"cta-height":170,"exhibitor":"https:\/\/d2q6z78khxmx42.cloudfront.net\/2017\/02\/crew-collectif-et-cafe_6-2_henri-cleinge-architecte_adrien-williams_03-560x560.jpg","exhibitor-width":560,"exhibitor-height":560,"gallery":"https:\/\/d2q6z78khxmx42.cloudfront.net\/2017\/02\/crew-collectif-et-cafe_6-2_henri-cleinge-architecte_adrien-williams_03-287x430.jpg","gallery-width":287,"gallery-height":430,"logo":"https:\/\/d2q6z78khxmx42.cloudfront.net\/2017\/02\/crew-collectif-et-cafe_6-2_henri-cleinge-architecte_adrien-williams_03-67x100.jpg","logo-width":67,"logo-height":100,"masonry":"https:\/\/d2q6z78khxmx42.cloudfront.net\/2017\/02\/crew-collectif-et-cafe_6-2_henri-cleinge-architecte_adrien-williams_03-550x825.jpg","masonry-width":550,"masonry-height":825,"modal":"https:\/\/d2q6z78khxmx42.cloudfront.net\/2017\/02\/crew-collectif-et-cafe_6-2_henri-cleinge-architecte_adrien-williams_03-1280x1920.jpg","modal-width":1280,"modal-height":1920,"number":"https:\/\/d2q6z78khxmx42.cloudfront.net\/2017\/02\/8X10fQMh-crew-collectif-et-cafe_6-2_henri-cleinge-architecte_adrien-williams_03-287x430.jpg","number-width":287,"number-height":430,"partner":"https:\/\/d2q6z78khxmx42.cloudfront.net\/2017\/02\/crew-collectif-et-cafe_6-2_henri-cleinge-architecte_adrien-williams_03-140x210.jpg","partner-width":140,"partner-height":210,"ranking":"https:\/\/d2q6z78khxmx42.cloudfront.net\/2017\/02\/8X10fQMh-crew-collectif-et-cafe_6-2_henri-cleinge-architecte_adrien-williams_03-960x540.jpg","ranking-width":960,"ranking-height":540,"schedule":"https:\/\/d2q6z78khxmx42.cloudfront.net\/2017\/02\/crew-collectif-et-cafe_6-2_henri-cleinge-architecte_adrien-williams_03-960x360.jpg","schedule-width":960,"schedule-height":360,"slideshow":"https:\/\/d2q6z78khxmx42.cloudfront.net\/2017\/02\/crew-collectif-et-cafe_6-2_henri-cleinge-architecte_adrien-williams_03-453x680.jpg","slideshow-width":453,"slideshow-height":680}},"attachment_category":[],"credit":""},{"image":{"ID":3853,"id":3853,"title":"crew-collectif-et-cafe_6-2_henri-cleinge-architecte_adrien-williams_02.jpg","filename":"crew-collectif-et-cafe_6-2_henri-cleinge-architecte_adrien-williams_02.jpg","filesize":0,"url":"https:\/\/d2q6z78khxmx42.cloudfront.net\/2017\/02\/crew-collectif-et-cafe_6-2_henri-cleinge-architecte_adrien-williams_02.jpg","link":"https:\/\/int.design\/en\/crew-collectif-et-cafe_6-2_henri-cleinge-architecte_adrien-williams_02-jpg\/","alt":"","author":"0","description":"","caption":"","name":"crew-collectif-et-cafe_6-2_henri-cleinge-architecte_adrien-williams_02-jpg","status":"inherit","uploaded_to":0,"date":"2020-04-06 03:55:56","modified":"2020-04-06 03:55:56","menu_order":0,"mime_type":"image\/jpeg","type":"image","subtype":"jpeg","icon":"https:\/\/int.design\/wp-includes\/images\/media\/default.png","width":1390,"height":2085,"sizes":{"thumbnail":"https:\/\/d2q6z78khxmx42.cloudfront.net\/2017\/02\/crew-collectif-et-cafe_6-2_henri-cleinge-architecte_adrien-williams_02-150x150.jpg","thumbnail-width":150,"thumbnail-height":150,"medium":"https:\/\/d2q6z78khxmx42.cloudfront.net\/2017\/02\/crew-collectif-et-cafe_6-2_henri-cleinge-architecte_adrien-williams_02-200x300.jpg","medium-width":200,"medium-height":300,"medium_large":"https:\/\/d2q6z78khxmx42.cloudfront.net\/2017\/02\/crew-collectif-et-cafe_6-2_henri-cleinge-architecte_adrien-williams_02-768x1152.jpg","medium_large-width":768,"medium_large-height":1152,"large":"https:\/\/d2q6z78khxmx42.cloudfront.net\/2017\/02\/crew-collectif-et-cafe_6-2_henri-cleinge-architecte_adrien-williams_02-683x1024.jpg","large-width":683,"large-height":1024,"1536x1536":"https:\/\/d2q6z78khxmx42.cloudfront.net\/2017\/02\/crew-collectif-et-cafe_6-2_henri-cleinge-architecte_adrien-williams_02-1024x1536.jpg","1536x1536-width":1024,"1536x1536-height":1536,"2048x2048":"https:\/\/d2q6z78khxmx42.cloudfront.net\/2017\/02\/crew-collectif-et-cafe_6-2_henri-cleinge-architecte_adrien-williams_02-1365x2048.jpg","2048x2048-width":1365,"2048x2048-height":2048,"article":"https:\/\/d2q6z78khxmx42.cloudfront.net\/2017\/02\/crew-collectif-et-cafe_6-2_henri-cleinge-architecte_adrien-williams_02-960x540.jpg","article-width":960,"article-height":540,"banner":"https:\/\/d2q6z78khxmx42.cloudfront.net\/2017\/02\/crew-collectif-et-cafe_6-2_henri-cleinge-architecte_adrien-williams_02.jpg","banner-width":1390,"banner-height":2085,"block":"https:\/\/d2q6z78khxmx42.cloudfront.net\/2017\/02\/crew-collectif-et-cafe_6-2_henri-cleinge-architecte_adrien-williams_02-900x680.jpg","block-width":900,"block-height":680,"card":"https:\/\/d2q6z78khxmx42.cloudfront.net\/2017\/02\/crew-collectif-et-cafe_6-2_henri-cleinge-architecte_adrien-williams_02-560x495.jpg","card-width":560,"card-height":495,"card-thumbnail":"https:\/\/d2q6z78khxmx42.cloudfront.net\/2017\/02\/crew-collectif-et-cafe_6-2_henri-cleinge-architecte_adrien-williams_02-450x340.jpg","card-thumbnail-width":450,"card-thumbnail-height":340,"conference":"https:\/\/d2q6z78khxmx42.cloudfront.net\/2017\/02\/crew-collectif-et-cafe_6-2_henri-cleinge-architecte_adrien-williams_02-560x250.jpg","conference-width":560,"conference-height":250,"contest":"https:\/\/d2q6z78khxmx42.cloudfront.net\/2017\/02\/crew-collectif-et-cafe_6-2_henri-cleinge-architecte_adrien-williams_02-960x400.jpg","contest-width":960,"contest-height":400,"cta":"https:\/\/d2q6z78khxmx42.cloudfront.net\/2017\/02\/crew-collectif-et-cafe_6-2_henri-cleinge-architecte_adrien-williams_02-415x170.jpg","cta-width":415,"cta-height":170,"exhibitor":"https:\/\/d2q6z78khxmx42.cloudfront.net\/2017\/02\/crew-collectif-et-cafe_6-2_henri-cleinge-architecte_adrien-williams_02-560x560.jpg","exhibitor-width":560,"exhibitor-height":560,"gallery":"https:\/\/d2q6z78khxmx42.cloudfront.net\/2017\/02\/crew-collectif-et-cafe_6-2_henri-cleinge-architecte_adrien-williams_02-287x430.jpg","gallery-width":287,"gallery-height":430,"logo":"https:\/\/d2q6z78khxmx42.cloudfront.net\/2017\/02\/crew-collectif-et-cafe_6-2_henri-cleinge-architecte_adrien-williams_02-67x100.jpg","logo-width":67,"logo-height":100,"masonry":"https:\/\/d2q6z78khxmx42.cloudfront.net\/2017\/02\/crew-collectif-et-cafe_6-2_henri-cleinge-architecte_adrien-williams_02-550x825.jpg","masonry-width":550,"masonry-height":825,"modal":"https:\/\/d2q6z78khxmx42.cloudfront.net\/2017\/02\/crew-collectif-et-cafe_6-2_henri-cleinge-architecte_adrien-williams_02-1280x1920.jpg","modal-width":1280,"modal-height":1920,"number":"https:\/\/d2q6z78khxmx42.cloudfront.net\/2017\/02\/mGdXcpSp-crew-collectif-et-cafe_6-2_henri-cleinge-architecte_adrien-williams_02-287x430.jpg","number-width":287,"number-height":430,"partner":"https:\/\/d2q6z78khxmx42.cloudfront.net\/2017\/02\/crew-collectif-et-cafe_6-2_henri-cleinge-architecte_adrien-williams_02-140x210.jpg","partner-width":140,"partner-height":210,"ranking":"https:\/\/d2q6z78khxmx42.cloudfront.net\/2017\/02\/mGdXcpSp-crew-collectif-et-cafe_6-2_henri-cleinge-architecte_adrien-williams_02-960x540.jpg","ranking-width":960,"ranking-height":540,"schedule":"https:\/\/d2q6z78khxmx42.cloudfront.net\/2017\/02\/crew-collectif-et-cafe_6-2_henri-cleinge-architecte_adrien-williams_02-960x360.jpg","schedule-width":960,"schedule-height":360,"slideshow":"https:\/\/d2q6z78khxmx42.cloudfront.net\/2017\/02\/crew-collectif-et-cafe_6-2_henri-cleinge-architecte_adrien-williams_02-453x680.jpg","slideshow-width":453,"slideshow-height":680}},"attachment_category":[],"credit":""}],"mandatory_documents":false,"optional_documents":false,"web_text":{"fr":"","en":"","original":""},"jury_text":false,"different_jury_text":false,"different_category_text":false},"laureats":[],"contest_id":"1784","contest_title":"GRANDS PRIX DU DESIGN - 10th edition","firms":[],"user":{"email":"old_edition@agencepid.com","first_name":"Old Edition","last_name":"Participant"},"doc_texts_web":{"fr":"<p>Le respect de l\u2019histoire du b\u00e2timent patrimonial de l\u2019ancienne Banque Royale de la rue Saint-Jacques \u00e0 Montr\u00e9al, de m\u00eame que l\u2019impeccable int\u00e9gration contemporaine des bureaux et du caf\u00e9 de l\u2019entreprise technologique Crew, sont une repr\u00e9sentation exemplaire du design d\u2019aujourd\u2019hui. Offrant \u00e0 la vue une mise en sc\u00e8ne coh\u00e9rente avec chaque \u00e9l\u00e9ment professionnel, la r\u00e9alisation fait \u00e9cho au dialogue entre les \u00e9poques, sublimant le meilleur de ce qu\u2019offrent le pass\u00e9 et le pr\u00e9sent. Le d\u00e9fi d\u2019\u00e9tablir les fronti\u00e8res d\u00e9licates entre les lieux, \u00e0 savoir le collectif et le caf\u00e9, fut relev\u00e9 avec brio, agr\u00e9mentant m\u00eame le design pr\u00e9existant.<\/p>\n","en":"<p>Le respect de l\u2019histoire du b\u00e2timent patrimonial de l\u2019ancienne Banque Royale de la rue Saint-Jacques \u00e0 Montr\u00e9al, de m\u00eame que l\u2019impeccable int\u00e9gration contemporaine des bureaux et du caf\u00e9 de l\u2019entreprise technologique Crew, sont une repr\u00e9sentation exemplaire du design d\u2019aujourd\u2019hui. Offrant \u00e0 la vue une mise en sc\u00e8ne coh\u00e9rente avec chaque \u00e9l\u00e9ment professionnel, la r\u00e9alisation fait \u00e9cho au dialogue entre les \u00e9poques, sublimant le meilleur de ce qu\u2019offrent le pass\u00e9 et le pr\u00e9sent. Le d\u00e9fi d\u2019\u00e9tablir les fronti\u00e8res d\u00e9licates entre les lieux, \u00e0 savoir le collectif et le caf\u00e9, fut relev\u00e9 avec brio, agr\u00e9mentant m\u00eame le design pr\u00e9existant.<\/p>\n"},"permalinks":{"fr":"https:\/\/int.design\/fr\/projets\/crew-collectif-et-cafe\/","en":"https:\/\/int.design\/en\/projects\/crew-collectif-et-cafe\/"},"titles":{"fr":"Crew Collectif et Caf\u00e9","en":"Crew Collectif et Caf\u00e9"},"wp_fields":{"informations":{"fr":[{"content_type":"text","title":"Design","content":"Henri Cleinge, architecte","link":null},{"content_type":"text","title":"Cat\u00e9gorie","content":"Prix projet de l\u2019ann\u00e9e","link":null},{"content_type":"text","title":"Site web","content":"www.cleinge.com","link":null}],"en":[{"content_type":"text","title":"Design","content":"Henri Cleinge, architecte","link":null},{"content_type":"text","title":"Cat\u00e9gorie","content":"Prix projet de l\u2019ann\u00e9e","link":null},{"content_type":"text","title":"Site web","content":"www.cleinge.com","link":null}]}},"laravel_id":""},"_links":{"self":[{"href":"https:\/\/int.design\/en\/wp-json\/wp\/v2\/project\/23012","targetHints":{"allow":["GET"]}}],"collection":[{"href":"https:\/\/int.design\/en\/wp-json\/wp\/v2\/project"}],"about":[{"href":"https:\/\/int.design\/en\/wp-json\/wp\/v2\/types\/project"}],"wp:attachment":[{"href":"https:\/\/int.design\/en\/wp-json\/wp\/v2\/media?parent=23012"}],"curies":[{"name":"wp","href":"https:\/\/api.w.org\/{rel}","templated":true}]}}