{"id":23005,"date":"2017-02-20T15:31:00","date_gmt":"2017-02-20T20:31:00","guid":{"rendered":"https:\/\/int.design\/projets\/mg2\/"},"modified":"2020-10-02T07:50:02","modified_gmt":"2020-10-02T11:50:02","slug":"mg2","status":"publish","type":"project","link":"https:\/\/int.design\/en\/projects\/mg2\/","title":{"rendered":"MG2"},"content":{"rendered":"<p>Fragment\u00e9e en quatre pavillons distincts les uns des autres, cette r\u00e9sidence invite au voyage. L&#8217;espace central donne enti\u00e8rement sur l\u2019ext\u00e9rieur tout en reliant les autres b\u00e2timents, tel le c\u0153ur d\u2019un village. L&#8217;harmonie des mat\u00e9riaux utilis\u00e9s, en grande partie recycl\u00e9s, cr\u00e9e d&#8217;int\u00e9ressants contrastes dans les textures. Bien que de facture tr\u00e8s actuelle, la tradition rurale \u00e9merge de cette maison organique o\u00f9 l&#8217;alliage des textures et des mati\u00e8res est des plus recherch\u00e9e.<\/p>\n","protected":false},"template":"","class_list":["post-23005","project","type-project","status-publish","hentry"],"acf":[],"yoast_head":"<!-- This site is optimized with the Yoast SEO plugin v21.5 - https:\/\/yoast.com\/wordpress\/plugins\/seo\/ -->\n<title>MG2 - INT Design<\/title>\n<meta name=\"robots\" content=\"index, follow, max-snippet:-1, max-image-preview:large, max-video-preview:-1\" \/>\n<link rel=\"canonical\" href=\"https:\/\/int.design\/en\/projects\/mg2\/\" \/>\n<meta property=\"og:locale\" content=\"en_US\" \/>\n<meta property=\"og:type\" content=\"article\" \/>\n<meta property=\"og:title\" content=\"MG2 - INT Design\" \/>\n<meta property=\"og:description\" content=\"Fragment\u00e9e en quatre pavillons distincts les uns des autres, cette r\u00e9sidence invite au voyage. L&#8217;espace central donne enti\u00e8rement sur l\u2019ext\u00e9rieur tout en reliant les autres b\u00e2timents, tel le c\u0153ur d\u2019un village. L&#8217;harmonie des mat\u00e9riaux utilis\u00e9s, en grande partie recycl\u00e9s, cr\u00e9e d&#8217;int\u00e9ressants contrastes dans les textures. Bien que de facture tr\u00e8s actuelle, la tradition rurale \u00e9merge &hellip; Continued\" \/>\n<meta property=\"og:url\" content=\"https:\/\/int.design\/en\/projects\/mg2\/\" \/>\n<meta property=\"og:site_name\" content=\"INT Design\" \/>\n<meta property=\"article:modified_time\" content=\"2020-10-02T11:50:02+00:00\" \/>\n<meta name=\"twitter:card\" content=\"summary_large_image\" \/>\n<script type=\"application\/ld+json\" class=\"yoast-schema-graph\">{\"@context\":\"https:\/\/schema.org\",\"@graph\":[{\"@type\":\"WebPage\",\"@id\":\"https:\/\/int.design\/en\/projects\/mg2\/\",\"url\":\"https:\/\/int.design\/en\/projects\/mg2\/\",\"name\":\"MG2 - INT Design\",\"isPartOf\":{\"@id\":\"https:\/\/int.design\/fr\/#website\"},\"datePublished\":\"2017-02-20T20:31:00+00:00\",\"dateModified\":\"2020-10-02T11:50:02+00:00\",\"breadcrumb\":{\"@id\":\"https:\/\/int.design\/en\/projects\/mg2\/#breadcrumb\"},\"inLanguage\":\"en-US\",\"potentialAction\":[{\"@type\":\"ReadAction\",\"target\":[\"https:\/\/int.design\/en\/projects\/mg2\/\"]}]},{\"@type\":\"BreadcrumbList\",\"@id\":\"https:\/\/int.design\/en\/projects\/mg2\/#breadcrumb\",\"itemListElement\":[{\"@type\":\"ListItem\",\"position\":1,\"name\":\"Home\",\"item\":\"https:\/\/int.design\/en\/\"},{\"@type\":\"ListItem\",\"position\":2,\"name\":\"Projects\",\"item\":\"https:\/\/int.design\/en\/projects\/\"},{\"@type\":\"ListItem\",\"position\":3,\"name\":\"MG2\"}]},{\"@type\":\"WebSite\",\"@id\":\"https:\/\/int.design\/fr\/#website\",\"url\":\"https:\/\/int.design\/fr\/\",\"name\":\"INT Design\",\"description\":\"\",\"potentialAction\":[{\"@type\":\"SearchAction\",\"target\":{\"@type\":\"EntryPoint\",\"urlTemplate\":\"https:\/\/int.design\/fr\/?s={search_term_string}\"},\"query-input\":\"required name=search_term_string\"}],\"inLanguage\":\"en-US\"}]}<\/script>\n<!-- \/ Yoast SEO plugin. -->","yoast_head_json":{"title":"MG2 - INT Design","robots":{"index":"index","follow":"follow","max-snippet":"max-snippet:-1","max-image-preview":"max-image-preview:large","max-video-preview":"max-video-preview:-1"},"canonical":"https:\/\/int.design\/en\/projects\/mg2\/","og_locale":"en_US","og_type":"article","og_title":"MG2 - INT Design","og_description":"Fragment\u00e9e en quatre pavillons distincts les uns des autres, cette r\u00e9sidence invite au voyage. L&#8217;espace central donne enti\u00e8rement sur l\u2019ext\u00e9rieur tout en reliant les autres b\u00e2timents, tel le c\u0153ur d\u2019un village. L&#8217;harmonie des mat\u00e9riaux utilis\u00e9s, en grande partie recycl\u00e9s, cr\u00e9e d&#8217;int\u00e9ressants contrastes dans les textures. Bien que de facture tr\u00e8s actuelle, la tradition rurale \u00e9merge &hellip; Continued","og_url":"https:\/\/int.design\/en\/projects\/mg2\/","og_site_name":"INT Design","article_modified_time":"2020-10-02T11:50:02+00:00","twitter_card":"summary_large_image","schema":{"@context":"https:\/\/schema.org","@graph":[{"@type":"WebPage","@id":"https:\/\/int.design\/en\/projects\/mg2\/","url":"https:\/\/int.design\/en\/projects\/mg2\/","name":"MG2 - INT Design","isPartOf":{"@id":"https:\/\/int.design\/fr\/#website"},"datePublished":"2017-02-20T20:31:00+00:00","dateModified":"2020-10-02T11:50:02+00:00","breadcrumb":{"@id":"https:\/\/int.design\/en\/projects\/mg2\/#breadcrumb"},"inLanguage":"en-US","potentialAction":[{"@type":"ReadAction","target":["https:\/\/int.design\/en\/projects\/mg2\/"]}]},{"@type":"BreadcrumbList","@id":"https:\/\/int.design\/en\/projects\/mg2\/#breadcrumb","itemListElement":[{"@type":"ListItem","position":1,"name":"Home","item":"https:\/\/int.design\/en\/"},{"@type":"ListItem","position":2,"name":"Projects","item":"https:\/\/int.design\/en\/projects\/"},{"@type":"ListItem","position":3,"name":"MG2"}]},{"@type":"WebSite","@id":"https:\/\/int.design\/fr\/#website","url":"https:\/\/int.design\/fr\/","name":"INT Design","description":"","potentialAction":[{"@type":"SearchAction","target":{"@type":"EntryPoint","urlTemplate":"https:\/\/int.design\/fr\/?s={search_term_string}"},"query-input":"required name=search_term_string"}],"inLanguage":"en-US"}]}},"entry":{"cats":{"disciplines":[],"big_cats":[],"sub_cats":[]},"entry":{"":null,"status":"completed","winner_title":"","winner_prize_lang":"","title_translatable":false,"title_en":"","title_fr":"","releve_award":false,"releve_award_cv":false,"collaboration":false,"collaboration_firms":false,"other_firms":false,"owner":{"name":"","confidential":false,"website":"","contact_name":"","email":"","phone":""},"address":{"address":"","city":"","region":"","province":"","country":"","postal_code":""},"logos":false,"use_logo":false,"designers":false,"cover":false,"images":[{"image":{"ID":3883,"id":3883,"title":"MG2-_1.3_Alain-Carle-Architecte-_James-Brittain_01.jpg","filename":"MG2-_1.3_Alain-Carle-Architecte-_James-Brittain_01.jpg","filesize":0,"url":"https:\/\/d2q6z78khxmx42.cloudfront.net\/2017\/02\/MG2-_1.3_Alain-Carle-Architecte-_James-Brittain_01.jpg","link":"https:\/\/int.design\/en\/mg2-_1-3_alain-carle-architecte-_james-brittain_01-jpg\/","alt":"","author":"0","description":"","caption":"","name":"mg2-_1-3_alain-carle-architecte-_james-brittain_01-jpg","status":"inherit","uploaded_to":0,"date":"2020-04-06 03:56:36","modified":"2020-04-06 03:56:36","menu_order":0,"mime_type":"image\/jpeg","type":"image","subtype":"jpeg","icon":"https:\/\/int.design\/wp-includes\/images\/media\/default.png","width":864,"height":450,"sizes":{"thumbnail":"https:\/\/d2q6z78khxmx42.cloudfront.net\/2017\/02\/MG2-_1.3_Alain-Carle-Architecte-_James-Brittain_01-150x150.jpg","thumbnail-width":150,"thumbnail-height":150,"medium":"https:\/\/d2q6z78khxmx42.cloudfront.net\/2017\/02\/MG2-_1.3_Alain-Carle-Architecte-_James-Brittain_01-300x156.jpg","medium-width":300,"medium-height":156,"medium_large":"https:\/\/d2q6z78khxmx42.cloudfront.net\/2017\/02\/MG2-_1.3_Alain-Carle-Architecte-_James-Brittain_01-768x400.jpg","medium_large-width":768,"medium_large-height":400,"large":"https:\/\/d2q6z78khxmx42.cloudfront.net\/2017\/02\/MG2-_1.3_Alain-Carle-Architecte-_James-Brittain_01.jpg","large-width":864,"large-height":450,"1536x1536":"https:\/\/d2q6z78khxmx42.cloudfront.net\/2017\/02\/MG2-_1.3_Alain-Carle-Architecte-_James-Brittain_01.jpg","1536x1536-width":864,"1536x1536-height":450,"2048x2048":"https:\/\/d2q6z78khxmx42.cloudfront.net\/2017\/02\/MG2-_1.3_Alain-Carle-Architecte-_James-Brittain_01.jpg","2048x2048-width":864,"2048x2048-height":450,"article":"https:\/\/d2q6z78khxmx42.cloudfront.net\/2017\/02\/MG2-_1.3_Alain-Carle-Architecte-_James-Brittain_01.jpg","article-width":864,"article-height":450,"banner":"https:\/\/d2q6z78khxmx42.cloudfront.net\/2017\/02\/MG2-_1.3_Alain-Carle-Architecte-_James-Brittain_01.jpg","banner-width":864,"banner-height":450,"block":"https:\/\/d2q6z78khxmx42.cloudfront.net\/2017\/02\/MG2-_1.3_Alain-Carle-Architecte-_James-Brittain_01.jpg","block-width":864,"block-height":450,"card":"https:\/\/d2q6z78khxmx42.cloudfront.net\/2017\/02\/MG2-_1.3_Alain-Carle-Architecte-_James-Brittain_01-560x450.jpg","card-width":560,"card-height":450,"card-thumbnail":"https:\/\/d2q6z78khxmx42.cloudfront.net\/2017\/02\/MG2-_1.3_Alain-Carle-Architecte-_James-Brittain_01-450x340.jpg","card-thumbnail-width":450,"card-thumbnail-height":340,"conference":"https:\/\/d2q6z78khxmx42.cloudfront.net\/2017\/02\/MG2-_1.3_Alain-Carle-Architecte-_James-Brittain_01-560x250.jpg","conference-width":560,"conference-height":250,"contest":"https:\/\/d2q6z78khxmx42.cloudfront.net\/2017\/02\/MG2-_1.3_Alain-Carle-Architecte-_James-Brittain_01-864x400.jpg","contest-width":864,"contest-height":400,"cta":"https:\/\/d2q6z78khxmx42.cloudfront.net\/2017\/02\/MG2-_1.3_Alain-Carle-Architecte-_James-Brittain_01-415x170.jpg","cta-width":415,"cta-height":170,"exhibitor":"https:\/\/d2q6z78khxmx42.cloudfront.net\/2017\/02\/hhiyDjN8-MG2-_1.3_Alain-Carle-Architecte-_James-Brittain_01-560x450.jpg","exhibitor-width":560,"exhibitor-height":450,"gallery":"https:\/\/d2q6z78khxmx42.cloudfront.net\/2017\/02\/MG2-_1.3_Alain-Carle-Architecte-_James-Brittain_01-560x292.jpg","gallery-width":560,"gallery-height":292,"logo":"https:\/\/d2q6z78khxmx42.cloudfront.net\/2017\/02\/MG2-_1.3_Alain-Carle-Architecte-_James-Brittain_01-192x100.jpg","logo-width":192,"logo-height":100,"masonry":"https:\/\/d2q6z78khxmx42.cloudfront.net\/2017\/02\/MG2-_1.3_Alain-Carle-Architecte-_James-Brittain_01-550x286.jpg","masonry-width":550,"masonry-height":286,"modal":"https:\/\/d2q6z78khxmx42.cloudfront.net\/2017\/02\/MG2-_1.3_Alain-Carle-Architecte-_James-Brittain_01.jpg","modal-width":864,"modal-height":450,"number":"https:\/\/d2q6z78khxmx42.cloudfront.net\/2017\/02\/hhiyDjN8-MG2-_1.3_Alain-Carle-Architecte-_James-Brittain_01-560x292.jpg","number-width":560,"number-height":292,"partner":"https:\/\/d2q6z78khxmx42.cloudfront.net\/2017\/02\/MG2-_1.3_Alain-Carle-Architecte-_James-Brittain_01-275x143.jpg","partner-width":275,"partner-height":143,"ranking":"https:\/\/d2q6z78khxmx42.cloudfront.net\/2017\/02\/MG2-_1.3_Alain-Carle-Architecte-_James-Brittain_01.jpg","ranking-width":864,"ranking-height":450,"schedule":"https:\/\/d2q6z78khxmx42.cloudfront.net\/2017\/02\/MG2-_1.3_Alain-Carle-Architecte-_James-Brittain_01-864x360.jpg","schedule-width":864,"schedule-height":360,"slideshow":"https:\/\/d2q6z78khxmx42.cloudfront.net\/2017\/02\/MG2-_1.3_Alain-Carle-Architecte-_James-Brittain_01.jpg","slideshow-width":864,"slideshow-height":450}},"attachment_category":[],"credit":""},{"image":{"ID":3884,"id":3884,"title":"MG2-_1.3_Alain-Carle-Architecte-_James-Brittain_02.jpg","filename":"MG2-_1.3_Alain-Carle-Architecte-_James-Brittain_02.jpg","filesize":0,"url":"https:\/\/d2q6z78khxmx42.cloudfront.net\/2017\/02\/MG2-_1.3_Alain-Carle-Architecte-_James-Brittain_02.jpg","link":"https:\/\/int.design\/en\/mg2-_1-3_alain-carle-architecte-_james-brittain_02-jpg\/","alt":"","author":"0","description":"","caption":"","name":"mg2-_1-3_alain-carle-architecte-_james-brittain_02-jpg","status":"inherit","uploaded_to":0,"date":"2020-04-06 03:56:36","modified":"2020-04-06 03:56:36","menu_order":0,"mime_type":"image\/jpeg","type":"image","subtype":"jpeg","icon":"https:\/\/int.design\/wp-includes\/images\/media\/default.png","width":864,"height":459,"sizes":{"thumbnail":"https:\/\/d2q6z78khxmx42.cloudfront.net\/2017\/02\/MG2-_1.3_Alain-Carle-Architecte-_James-Brittain_02-150x150.jpg","thumbnail-width":150,"thumbnail-height":150,"medium":"https:\/\/d2q6z78khxmx42.cloudfront.net\/2017\/02\/MG2-_1.3_Alain-Carle-Architecte-_James-Brittain_02-300x159.jpg","medium-width":300,"medium-height":159,"medium_large":"https:\/\/d2q6z78khxmx42.cloudfront.net\/2017\/02\/MG2-_1.3_Alain-Carle-Architecte-_James-Brittain_02-768x408.jpg","medium_large-width":768,"medium_large-height":408,"large":"https:\/\/d2q6z78khxmx42.cloudfront.net\/2017\/02\/MG2-_1.3_Alain-Carle-Architecte-_James-Brittain_02.jpg","large-width":864,"large-height":459,"1536x1536":"https:\/\/d2q6z78khxmx42.cloudfront.net\/2017\/02\/MG2-_1.3_Alain-Carle-Architecte-_James-Brittain_02.jpg","1536x1536-width":864,"1536x1536-height":459,"2048x2048":"https:\/\/d2q6z78khxmx42.cloudfront.net\/2017\/02\/MG2-_1.3_Alain-Carle-Architecte-_James-Brittain_02.jpg","2048x2048-width":864,"2048x2048-height":459,"article":"https:\/\/d2q6z78khxmx42.cloudfront.net\/2017\/02\/MG2-_1.3_Alain-Carle-Architecte-_James-Brittain_02.jpg","article-width":864,"article-height":459,"banner":"https:\/\/d2q6z78khxmx42.cloudfront.net\/2017\/02\/MG2-_1.3_Alain-Carle-Architecte-_James-Brittain_02.jpg","banner-width":864,"banner-height":459,"block":"https:\/\/d2q6z78khxmx42.cloudfront.net\/2017\/02\/MG2-_1.3_Alain-Carle-Architecte-_James-Brittain_02.jpg","block-width":864,"block-height":459,"card":"https:\/\/d2q6z78khxmx42.cloudfront.net\/2017\/02\/MG2-_1.3_Alain-Carle-Architecte-_James-Brittain_02-560x459.jpg","card-width":560,"card-height":459,"card-thumbnail":"https:\/\/d2q6z78khxmx42.cloudfront.net\/2017\/02\/MG2-_1.3_Alain-Carle-Architecte-_James-Brittain_02-450x340.jpg","card-thumbnail-width":450,"card-thumbnail-height":340,"conference":"https:\/\/d2q6z78khxmx42.cloudfront.net\/2017\/02\/MG2-_1.3_Alain-Carle-Architecte-_James-Brittain_02-560x250.jpg","conference-width":560,"conference-height":250,"contest":"https:\/\/d2q6z78khxmx42.cloudfront.net\/2017\/02\/MG2-_1.3_Alain-Carle-Architecte-_James-Brittain_02-864x400.jpg","contest-width":864,"contest-height":400,"cta":"https:\/\/d2q6z78khxmx42.cloudfront.net\/2017\/02\/MG2-_1.3_Alain-Carle-Architecte-_James-Brittain_02-415x170.jpg","cta-width":415,"cta-height":170,"exhibitor":"https:\/\/d2q6z78khxmx42.cloudfront.net\/2017\/02\/KikWSCgT-MG2-_1.3_Alain-Carle-Architecte-_James-Brittain_02-560x459.jpg","exhibitor-width":560,"exhibitor-height":459,"gallery":"https:\/\/d2q6z78khxmx42.cloudfront.net\/2017\/02\/MG2-_1.3_Alain-Carle-Architecte-_James-Brittain_02-560x298.jpg","gallery-width":560,"gallery-height":298,"logo":"https:\/\/d2q6z78khxmx42.cloudfront.net\/2017\/02\/MG2-_1.3_Alain-Carle-Architecte-_James-Brittain_02-188x100.jpg","logo-width":188,"logo-height":100,"masonry":"https:\/\/d2q6z78khxmx42.cloudfront.net\/2017\/02\/MG2-_1.3_Alain-Carle-Architecte-_James-Brittain_02-550x292.jpg","masonry-width":550,"masonry-height":292,"modal":"https:\/\/d2q6z78khxmx42.cloudfront.net\/2017\/02\/MG2-_1.3_Alain-Carle-Architecte-_James-Brittain_02.jpg","modal-width":864,"modal-height":459,"number":"https:\/\/d2q6z78khxmx42.cloudfront.net\/2017\/02\/KikWSCgT-MG2-_1.3_Alain-Carle-Architecte-_James-Brittain_02-560x298.jpg","number-width":560,"number-height":298,"partner":"https:\/\/d2q6z78khxmx42.cloudfront.net\/2017\/02\/MG2-_1.3_Alain-Carle-Architecte-_James-Brittain_02-275x146.jpg","partner-width":275,"partner-height":146,"ranking":"https:\/\/d2q6z78khxmx42.cloudfront.net\/2017\/02\/MG2-_1.3_Alain-Carle-Architecte-_James-Brittain_02.jpg","ranking-width":864,"ranking-height":459,"schedule":"https:\/\/d2q6z78khxmx42.cloudfront.net\/2017\/02\/MG2-_1.3_Alain-Carle-Architecte-_James-Brittain_02-864x360.jpg","schedule-width":864,"schedule-height":360,"slideshow":"https:\/\/d2q6z78khxmx42.cloudfront.net\/2017\/02\/MG2-_1.3_Alain-Carle-Architecte-_James-Brittain_02.jpg","slideshow-width":864,"slideshow-height":459}},"attachment_category":[],"credit":""},{"image":{"ID":3885,"id":3885,"title":"MG2-_1.3_Alain-Carle-Architecte-_James-Brittain_03.jpg","filename":"MG2-_1.3_Alain-Carle-Architecte-_James-Brittain_03.jpg","filesize":0,"url":"https:\/\/d2q6z78khxmx42.cloudfront.net\/2017\/02\/MG2-_1.3_Alain-Carle-Architecte-_James-Brittain_03.jpg","link":"https:\/\/int.design\/en\/mg2-_1-3_alain-carle-architecte-_james-brittain_03-jpg\/","alt":"","author":"0","description":"","caption":"","name":"mg2-_1-3_alain-carle-architecte-_james-brittain_03-jpg","status":"inherit","uploaded_to":0,"date":"2020-04-06 03:56:36","modified":"2020-04-06 03:56:36","menu_order":0,"mime_type":"image\/jpeg","type":"image","subtype":"jpeg","icon":"https:\/\/int.design\/wp-includes\/images\/media\/default.png","width":864,"height":647,"sizes":{"thumbnail":"https:\/\/d2q6z78khxmx42.cloudfront.net\/2017\/02\/MG2-_1.3_Alain-Carle-Architecte-_James-Brittain_03-150x150.jpg","thumbnail-width":150,"thumbnail-height":150,"medium":"https:\/\/d2q6z78khxmx42.cloudfront.net\/2017\/02\/MG2-_1.3_Alain-Carle-Architecte-_James-Brittain_03-300x225.jpg","medium-width":300,"medium-height":225,"medium_large":"https:\/\/d2q6z78khxmx42.cloudfront.net\/2017\/02\/MG2-_1.3_Alain-Carle-Architecte-_James-Brittain_03-768x575.jpg","medium_large-width":768,"medium_large-height":575,"large":"https:\/\/d2q6z78khxmx42.cloudfront.net\/2017\/02\/MG2-_1.3_Alain-Carle-Architecte-_James-Brittain_03.jpg","large-width":864,"large-height":647,"1536x1536":"https:\/\/d2q6z78khxmx42.cloudfront.net\/2017\/02\/MG2-_1.3_Alain-Carle-Architecte-_James-Brittain_03.jpg","1536x1536-width":864,"1536x1536-height":647,"2048x2048":"https:\/\/d2q6z78khxmx42.cloudfront.net\/2017\/02\/MG2-_1.3_Alain-Carle-Architecte-_James-Brittain_03.jpg","2048x2048-width":864,"2048x2048-height":647,"article":"https:\/\/d2q6z78khxmx42.cloudfront.net\/2017\/02\/MG2-_1.3_Alain-Carle-Architecte-_James-Brittain_03-864x540.jpg","article-width":864,"article-height":540,"banner":"https:\/\/d2q6z78khxmx42.cloudfront.net\/2017\/02\/MG2-_1.3_Alain-Carle-Architecte-_James-Brittain_03.jpg","banner-width":864,"banner-height":647,"block":"https:\/\/d2q6z78khxmx42.cloudfront.net\/2017\/02\/MG2-_1.3_Alain-Carle-Architecte-_James-Brittain_03.jpg","block-width":864,"block-height":647,"card":"https:\/\/d2q6z78khxmx42.cloudfront.net\/2017\/02\/MG2-_1.3_Alain-Carle-Architecte-_James-Brittain_03-560x495.jpg","card-width":560,"card-height":495,"card-thumbnail":"https:\/\/d2q6z78khxmx42.cloudfront.net\/2017\/02\/MG2-_1.3_Alain-Carle-Architecte-_James-Brittain_03-450x340.jpg","card-thumbnail-width":450,"card-thumbnail-height":340,"conference":"https:\/\/d2q6z78khxmx42.cloudfront.net\/2017\/02\/MG2-_1.3_Alain-Carle-Architecte-_James-Brittain_03-560x250.jpg","conference-width":560,"conference-height":250,"contest":"https:\/\/d2q6z78khxmx42.cloudfront.net\/2017\/02\/MG2-_1.3_Alain-Carle-Architecte-_James-Brittain_03-864x400.jpg","contest-width":864,"contest-height":400,"cta":"https:\/\/d2q6z78khxmx42.cloudfront.net\/2017\/02\/MG2-_1.3_Alain-Carle-Architecte-_James-Brittain_03-415x170.jpg","cta-width":415,"cta-height":170,"exhibitor":"https:\/\/d2q6z78khxmx42.cloudfront.net\/2017\/02\/MG2-_1.3_Alain-Carle-Architecte-_James-Brittain_03-560x560.jpg","exhibitor-width":560,"exhibitor-height":560,"gallery":"https:\/\/d2q6z78khxmx42.cloudfront.net\/2017\/02\/MG2-_1.3_Alain-Carle-Architecte-_James-Brittain_03-560x419.jpg","gallery-width":560,"gallery-height":419,"logo":"https:\/\/d2q6z78khxmx42.cloudfront.net\/2017\/02\/MG2-_1.3_Alain-Carle-Architecte-_James-Brittain_03-134x100.jpg","logo-width":134,"logo-height":100,"masonry":"https:\/\/d2q6z78khxmx42.cloudfront.net\/2017\/02\/MG2-_1.3_Alain-Carle-Architecte-_James-Brittain_03-550x412.jpg","masonry-width":550,"masonry-height":412,"modal":"https:\/\/d2q6z78khxmx42.cloudfront.net\/2017\/02\/MG2-_1.3_Alain-Carle-Architecte-_James-Brittain_03.jpg","modal-width":864,"modal-height":647,"number":"https:\/\/d2q6z78khxmx42.cloudfront.net\/2017\/02\/5BdQmjKG-MG2-_1.3_Alain-Carle-Architecte-_James-Brittain_03-560x419.jpg","number-width":560,"number-height":419,"partner":"https:\/\/d2q6z78khxmx42.cloudfront.net\/2017\/02\/MG2-_1.3_Alain-Carle-Architecte-_James-Brittain_03-275x206.jpg","partner-width":275,"partner-height":206,"ranking":"https:\/\/d2q6z78khxmx42.cloudfront.net\/2017\/02\/5BdQmjKG-MG2-_1.3_Alain-Carle-Architecte-_James-Brittain_03-864x540.jpg","ranking-width":864,"ranking-height":540,"schedule":"https:\/\/d2q6z78khxmx42.cloudfront.net\/2017\/02\/MG2-_1.3_Alain-Carle-Architecte-_James-Brittain_03-864x360.jpg","schedule-width":864,"schedule-height":360,"slideshow":"https:\/\/d2q6z78khxmx42.cloudfront.net\/2017\/02\/MG2-_1.3_Alain-Carle-Architecte-_James-Brittain_03.jpg","slideshow-width":864,"slideshow-height":647}},"attachment_category":[],"credit":""},{"image":{"ID":3886,"id":3886,"title":"MG2-_1.3_Alain-Carle-Architecte-_James-Brittain_04.jpg","filename":"MG2-_1.3_Alain-Carle-Architecte-_James-Brittain_04.jpg","filesize":0,"url":"https:\/\/d2q6z78khxmx42.cloudfront.net\/2017\/02\/MG2-_1.3_Alain-Carle-Architecte-_James-Brittain_04.jpg","link":"https:\/\/int.design\/en\/mg2-_1-3_alain-carle-architecte-_james-brittain_04-jpg\/","alt":"","author":"0","description":"","caption":"","name":"mg2-_1-3_alain-carle-architecte-_james-brittain_04-jpg","status":"inherit","uploaded_to":0,"date":"2020-04-06 03:56:37","modified":"2020-04-06 03:56:37","menu_order":0,"mime_type":"image\/jpeg","type":"image","subtype":"jpeg","icon":"https:\/\/int.design\/wp-includes\/images\/media\/default.png","width":864,"height":601,"sizes":{"thumbnail":"https:\/\/d2q6z78khxmx42.cloudfront.net\/2017\/02\/MG2-_1.3_Alain-Carle-Architecte-_James-Brittain_04-150x150.jpg","thumbnail-width":150,"thumbnail-height":150,"medium":"https:\/\/d2q6z78khxmx42.cloudfront.net\/2017\/02\/MG2-_1.3_Alain-Carle-Architecte-_James-Brittain_04-300x209.jpg","medium-width":300,"medium-height":209,"medium_large":"https:\/\/d2q6z78khxmx42.cloudfront.net\/2017\/02\/MG2-_1.3_Alain-Carle-Architecte-_James-Brittain_04-768x534.jpg","medium_large-width":768,"medium_large-height":534,"large":"https:\/\/d2q6z78khxmx42.cloudfront.net\/2017\/02\/MG2-_1.3_Alain-Carle-Architecte-_James-Brittain_04.jpg","large-width":864,"large-height":601,"1536x1536":"https:\/\/d2q6z78khxmx42.cloudfront.net\/2017\/02\/MG2-_1.3_Alain-Carle-Architecte-_James-Brittain_04.jpg","1536x1536-width":864,"1536x1536-height":601,"2048x2048":"https:\/\/d2q6z78khxmx42.cloudfront.net\/2017\/02\/MG2-_1.3_Alain-Carle-Architecte-_James-Brittain_04.jpg","2048x2048-width":864,"2048x2048-height":601,"article":"https:\/\/d2q6z78khxmx42.cloudfront.net\/2017\/02\/MG2-_1.3_Alain-Carle-Architecte-_James-Brittain_04-864x540.jpg","article-width":864,"article-height":540,"banner":"https:\/\/d2q6z78khxmx42.cloudfront.net\/2017\/02\/MG2-_1.3_Alain-Carle-Architecte-_James-Brittain_04.jpg","banner-width":864,"banner-height":601,"block":"https:\/\/d2q6z78khxmx42.cloudfront.net\/2017\/02\/MG2-_1.3_Alain-Carle-Architecte-_James-Brittain_04.jpg","block-width":864,"block-height":601,"card":"https:\/\/d2q6z78khxmx42.cloudfront.net\/2017\/02\/MG2-_1.3_Alain-Carle-Architecte-_James-Brittain_04-560x495.jpg","card-width":560,"card-height":495,"card-thumbnail":"https:\/\/d2q6z78khxmx42.cloudfront.net\/2017\/02\/MG2-_1.3_Alain-Carle-Architecte-_James-Brittain_04-450x340.jpg","card-thumbnail-width":450,"card-thumbnail-height":340,"conference":"https:\/\/d2q6z78khxmx42.cloudfront.net\/2017\/02\/MG2-_1.3_Alain-Carle-Architecte-_James-Brittain_04-560x250.jpg","conference-width":560,"conference-height":250,"contest":"https:\/\/d2q6z78khxmx42.cloudfront.net\/2017\/02\/MG2-_1.3_Alain-Carle-Architecte-_James-Brittain_04-864x400.jpg","contest-width":864,"contest-height":400,"cta":"https:\/\/d2q6z78khxmx42.cloudfront.net\/2017\/02\/MG2-_1.3_Alain-Carle-Architecte-_James-Brittain_04-415x170.jpg","cta-width":415,"cta-height":170,"exhibitor":"https:\/\/d2q6z78khxmx42.cloudfront.net\/2017\/02\/MG2-_1.3_Alain-Carle-Architecte-_James-Brittain_04-560x560.jpg","exhibitor-width":560,"exhibitor-height":560,"gallery":"https:\/\/d2q6z78khxmx42.cloudfront.net\/2017\/02\/MG2-_1.3_Alain-Carle-Architecte-_James-Brittain_04-560x390.jpg","gallery-width":560,"gallery-height":390,"logo":"https:\/\/d2q6z78khxmx42.cloudfront.net\/2017\/02\/MG2-_1.3_Alain-Carle-Architecte-_James-Brittain_04-144x100.jpg","logo-width":144,"logo-height":100,"masonry":"https:\/\/d2q6z78khxmx42.cloudfront.net\/2017\/02\/MG2-_1.3_Alain-Carle-Architecte-_James-Brittain_04-550x383.jpg","masonry-width":550,"masonry-height":383,"modal":"https:\/\/d2q6z78khxmx42.cloudfront.net\/2017\/02\/MG2-_1.3_Alain-Carle-Architecte-_James-Brittain_04.jpg","modal-width":864,"modal-height":601,"number":"https:\/\/d2q6z78khxmx42.cloudfront.net\/2017\/02\/o41Kk7nq-MG2-_1.3_Alain-Carle-Architecte-_James-Brittain_04-560x390.jpg","number-width":560,"number-height":390,"partner":"https:\/\/d2q6z78khxmx42.cloudfront.net\/2017\/02\/MG2-_1.3_Alain-Carle-Architecte-_James-Brittain_04-275x191.jpg","partner-width":275,"partner-height":191,"ranking":"https:\/\/d2q6z78khxmx42.cloudfront.net\/2017\/02\/o41Kk7nq-MG2-_1.3_Alain-Carle-Architecte-_James-Brittain_04-864x540.jpg","ranking-width":864,"ranking-height":540,"schedule":"https:\/\/d2q6z78khxmx42.cloudfront.net\/2017\/02\/MG2-_1.3_Alain-Carle-Architecte-_James-Brittain_04-864x360.jpg","schedule-width":864,"schedule-height":360,"slideshow":"https:\/\/d2q6z78khxmx42.cloudfront.net\/2017\/02\/MG2-_1.3_Alain-Carle-Architecte-_James-Brittain_04.jpg","slideshow-width":864,"slideshow-height":601}},"attachment_category":[],"credit":""},{"image":{"ID":3887,"id":3887,"title":"MG2-_1.3_Alain-Carle-Architecte-_James-Brittain_05.jpg","filename":"MG2-_1.3_Alain-Carle-Architecte-_James-Brittain_05.jpg","filesize":0,"url":"https:\/\/d2q6z78khxmx42.cloudfront.net\/2017\/02\/MG2-_1.3_Alain-Carle-Architecte-_James-Brittain_05.jpg","link":"https:\/\/int.design\/en\/mg2-_1-3_alain-carle-architecte-_james-brittain_05-jpg\/","alt":"","author":"0","description":"","caption":"","name":"mg2-_1-3_alain-carle-architecte-_james-brittain_05-jpg","status":"inherit","uploaded_to":0,"date":"2020-04-06 03:56:38","modified":"2020-04-06 03:56:38","menu_order":0,"mime_type":"image\/jpeg","type":"image","subtype":"jpeg","icon":"https:\/\/int.design\/wp-includes\/images\/media\/default.png","width":576,"height":864,"sizes":{"thumbnail":"https:\/\/d2q6z78khxmx42.cloudfront.net\/2017\/02\/MG2-_1.3_Alain-Carle-Architecte-_James-Brittain_05-150x150.jpg","thumbnail-width":150,"thumbnail-height":150,"medium":"https:\/\/d2q6z78khxmx42.cloudfront.net\/2017\/02\/MG2-_1.3_Alain-Carle-Architecte-_James-Brittain_05-200x300.jpg","medium-width":200,"medium-height":300,"medium_large":"https:\/\/d2q6z78khxmx42.cloudfront.net\/2017\/02\/MG2-_1.3_Alain-Carle-Architecte-_James-Brittain_05.jpg","medium_large-width":576,"medium_large-height":864,"large":"https:\/\/d2q6z78khxmx42.cloudfront.net\/2017\/02\/MG2-_1.3_Alain-Carle-Architecte-_James-Brittain_05.jpg","large-width":576,"large-height":864,"1536x1536":"https:\/\/d2q6z78khxmx42.cloudfront.net\/2017\/02\/MG2-_1.3_Alain-Carle-Architecte-_James-Brittain_05.jpg","1536x1536-width":576,"1536x1536-height":864,"2048x2048":"https:\/\/d2q6z78khxmx42.cloudfront.net\/2017\/02\/MG2-_1.3_Alain-Carle-Architecte-_James-Brittain_05.jpg","2048x2048-width":576,"2048x2048-height":864,"article":"https:\/\/d2q6z78khxmx42.cloudfront.net\/2017\/02\/MG2-_1.3_Alain-Carle-Architecte-_James-Brittain_05-576x540.jpg","article-width":576,"article-height":540,"banner":"https:\/\/d2q6z78khxmx42.cloudfront.net\/2017\/02\/MG2-_1.3_Alain-Carle-Architecte-_James-Brittain_05.jpg","banner-width":576,"banner-height":864,"block":"https:\/\/d2q6z78khxmx42.cloudfront.net\/2017\/02\/MG2-_1.3_Alain-Carle-Architecte-_James-Brittain_05-576x680.jpg","block-width":576,"block-height":680,"card":"https:\/\/d2q6z78khxmx42.cloudfront.net\/2017\/02\/MG2-_1.3_Alain-Carle-Architecte-_James-Brittain_05-560x495.jpg","card-width":560,"card-height":495,"card-thumbnail":"https:\/\/d2q6z78khxmx42.cloudfront.net\/2017\/02\/MG2-_1.3_Alain-Carle-Architecte-_James-Brittain_05-450x340.jpg","card-thumbnail-width":450,"card-thumbnail-height":340,"conference":"https:\/\/d2q6z78khxmx42.cloudfront.net\/2017\/02\/MG2-_1.3_Alain-Carle-Architecte-_James-Brittain_05-560x250.jpg","conference-width":560,"conference-height":250,"contest":"https:\/\/d2q6z78khxmx42.cloudfront.net\/2017\/02\/MG2-_1.3_Alain-Carle-Architecte-_James-Brittain_05-576x400.jpg","contest-width":576,"contest-height":400,"cta":"https:\/\/d2q6z78khxmx42.cloudfront.net\/2017\/02\/MG2-_1.3_Alain-Carle-Architecte-_James-Brittain_05-415x170.jpg","cta-width":415,"cta-height":170,"exhibitor":"https:\/\/d2q6z78khxmx42.cloudfront.net\/2017\/02\/MG2-_1.3_Alain-Carle-Architecte-_James-Brittain_05-560x560.jpg","exhibitor-width":560,"exhibitor-height":560,"gallery":"https:\/\/d2q6z78khxmx42.cloudfront.net\/2017\/02\/MG2-_1.3_Alain-Carle-Architecte-_James-Brittain_05-287x430.jpg","gallery-width":287,"gallery-height":430,"logo":"https:\/\/d2q6z78khxmx42.cloudfront.net\/2017\/02\/MG2-_1.3_Alain-Carle-Architecte-_James-Brittain_05-67x100.jpg","logo-width":67,"logo-height":100,"masonry":"https:\/\/d2q6z78khxmx42.cloudfront.net\/2017\/02\/MG2-_1.3_Alain-Carle-Architecte-_James-Brittain_05-550x825.jpg","masonry-width":550,"masonry-height":825,"modal":"https:\/\/d2q6z78khxmx42.cloudfront.net\/2017\/02\/MG2-_1.3_Alain-Carle-Architecte-_James-Brittain_05.jpg","modal-width":576,"modal-height":864,"number":"https:\/\/d2q6z78khxmx42.cloudfront.net\/2017\/02\/uP7mghp9-MG2-_1.3_Alain-Carle-Architecte-_James-Brittain_05-287x430.jpg","number-width":287,"number-height":430,"partner":"https:\/\/d2q6z78khxmx42.cloudfront.net\/2017\/02\/MG2-_1.3_Alain-Carle-Architecte-_James-Brittain_05-140x210.jpg","partner-width":140,"partner-height":210,"ranking":"https:\/\/d2q6z78khxmx42.cloudfront.net\/2017\/02\/uP7mghp9-MG2-_1.3_Alain-Carle-Architecte-_James-Brittain_05-576x540.jpg","ranking-width":576,"ranking-height":540,"schedule":"https:\/\/d2q6z78khxmx42.cloudfront.net\/2017\/02\/MG2-_1.3_Alain-Carle-Architecte-_James-Brittain_05-576x360.jpg","schedule-width":576,"schedule-height":360,"slideshow":"https:\/\/d2q6z78khxmx42.cloudfront.net\/2017\/02\/MG2-_1.3_Alain-Carle-Architecte-_James-Brittain_05-453x680.jpg","slideshow-width":453,"slideshow-height":680}},"attachment_category":[],"credit":""}],"mandatory_documents":false,"optional_documents":false,"web_text":{"fr":"","en":"","original":""},"jury_text":false,"different_jury_text":false,"different_category_text":false},"laureats":[],"contest_id":"1784","contest_title":"GRANDS PRIX DU DESIGN - 10th edition","firms":[],"user":{"email":"old_edition@agencepid.com","first_name":"Old Edition","last_name":"Participant"},"doc_texts_web":{"fr":"<p>Fragment\u00e9e en quatre pavillons distincts les uns des autres, cette r\u00e9sidence invite au voyage. L&#8217;espace central donne enti\u00e8rement sur l\u2019ext\u00e9rieur tout en reliant les autres b\u00e2timents, tel le c\u0153ur d\u2019un village. L&#8217;harmonie des mat\u00e9riaux utilis\u00e9s, en grande partie recycl\u00e9s, cr\u00e9e d&#8217;int\u00e9ressants contrastes dans les textures. Bien que de facture tr\u00e8s actuelle, la tradition rurale \u00e9merge de cette maison organique o\u00f9 l&#8217;alliage des textures et des mati\u00e8res est des plus recherch\u00e9e.<\/p>\n","en":"<p>Fragment\u00e9e en quatre pavillons distincts les uns des autres, cette r\u00e9sidence invite au voyage. L&#8217;espace central donne enti\u00e8rement sur l\u2019ext\u00e9rieur tout en reliant les autres b\u00e2timents, tel le c\u0153ur d\u2019un village. L&#8217;harmonie des mat\u00e9riaux utilis\u00e9s, en grande partie recycl\u00e9s, cr\u00e9e d&#8217;int\u00e9ressants contrastes dans les textures. Bien que de facture tr\u00e8s actuelle, la tradition rurale \u00e9merge de cette maison organique o\u00f9 l&#8217;alliage des textures et des mati\u00e8res est des plus recherch\u00e9e.<\/p>\n"},"permalinks":{"fr":"https:\/\/int.design\/fr\/projets\/mg2\/","en":"https:\/\/int.design\/en\/projects\/mg2\/"},"titles":{"fr":"MG2","en":"MG2"},"wp_fields":{"informations":{"fr":[{"content_type":"text","title":"Design","content":"Alain Carle Architecte","link":null},{"content_type":"text","title":"Cat\u00e9gorie","content":"Prix espace r\u00e9sidentiel plus de 3 200 pi\u00b2 ex aequo","link":null},{"content_type":"text","title":"Site web","content":"www.alaincarle.ca","link":null}],"en":[{"content_type":"text","title":"Design","content":"Alain Carle Architecte","link":null},{"content_type":"text","title":"Cat\u00e9gorie","content":"Prix espace r\u00e9sidentiel plus de 3 200 pi\u00b2 ex aequo","link":null},{"content_type":"text","title":"Site web","content":"www.alaincarle.ca","link":null}]}},"laravel_id":""},"_links":{"self":[{"href":"https:\/\/int.design\/en\/wp-json\/wp\/v2\/project\/23005","targetHints":{"allow":["GET"]}}],"collection":[{"href":"https:\/\/int.design\/en\/wp-json\/wp\/v2\/project"}],"about":[{"href":"https:\/\/int.design\/en\/wp-json\/wp\/v2\/types\/project"}],"wp:attachment":[{"href":"https:\/\/int.design\/en\/wp-json\/wp\/v2\/media?parent=23005"}],"curies":[{"name":"wp","href":"https:\/\/api.w.org\/{rel}","templated":true}]}}