{"id":22990,"date":"2017-02-20T20:44:45","date_gmt":"2017-02-21T01:44:45","guid":{"rendered":"https:\/\/int.design\/projets\/cafe-saint-henri-a-quebec\/"},"modified":"2020-10-02T07:40:39","modified_gmt":"2020-10-02T11:40:39","slug":"cafe-saint-henri-a-quebec","status":"publish","type":"project","link":"https:\/\/int.design\/en\/projects\/cafe-saint-henri-a-quebec\/","title":{"rendered":"Caf\u00e9 Saint-Henri \u00e0 Qu\u00e9bec"},"content":{"rendered":"<p>Inscrit dans la tendance \u00e9cologique, le tout premier caf\u00e9 Saint-Henri implant\u00e9 \u00e0 Qu\u00e9bec se voulait repr\u00e9sentatif de la marque : accessible, chaleureux et invitant. L&#8217;abondance de lumi\u00e8re naturelle, la fluidit\u00e9 des courbes et la nordicit\u00e9 dans la palette des tons priment dans cet espace o\u00f9 il fait bon vivre. L\u2019utilisation de bois de sapin Douglas et l\u2019ajout de v\u00e9g\u00e9taux et conif\u00e8res apportent un esth\u00e9tisme champ\u00eatre.<\/p>\n","protected":false},"template":"","class_list":["post-22990","project","type-project","status-publish","hentry"],"acf":[],"yoast_head":"<!-- This site is optimized with the Yoast SEO plugin v21.5 - https:\/\/yoast.com\/wordpress\/plugins\/seo\/ -->\n<title>Caf\u00e9 Saint-Henri \u00e0 Qu\u00e9bec - INT Design<\/title>\n<meta name=\"robots\" content=\"index, follow, max-snippet:-1, max-image-preview:large, max-video-preview:-1\" \/>\n<link rel=\"canonical\" href=\"https:\/\/int.design\/en\/projects\/cafe-saint-henri-a-quebec\/\" \/>\n<meta property=\"og:locale\" content=\"en_US\" \/>\n<meta property=\"og:type\" content=\"article\" \/>\n<meta property=\"og:title\" content=\"Caf\u00e9 Saint-Henri \u00e0 Qu\u00e9bec - INT Design\" \/>\n<meta property=\"og:description\" content=\"Inscrit dans la tendance \u00e9cologique, le tout premier caf\u00e9 Saint-Henri implant\u00e9 \u00e0 Qu\u00e9bec se voulait repr\u00e9sentatif de la marque : accessible, chaleureux et invitant. L&#8217;abondance de lumi\u00e8re naturelle, la fluidit\u00e9 des courbes et la nordicit\u00e9 dans la palette des tons priment dans cet espace o\u00f9 il fait bon vivre. L\u2019utilisation de bois de sapin Douglas &hellip; Continued\" \/>\n<meta property=\"og:url\" content=\"https:\/\/int.design\/en\/projects\/cafe-saint-henri-a-quebec\/\" \/>\n<meta property=\"og:site_name\" content=\"INT Design\" \/>\n<meta property=\"article:modified_time\" content=\"2020-10-02T11:40:39+00:00\" \/>\n<meta name=\"twitter:card\" content=\"summary_large_image\" \/>\n<script type=\"application\/ld+json\" class=\"yoast-schema-graph\">{\"@context\":\"https:\/\/schema.org\",\"@graph\":[{\"@type\":\"WebPage\",\"@id\":\"https:\/\/int.design\/en\/projects\/cafe-saint-henri-a-quebec\/\",\"url\":\"https:\/\/int.design\/en\/projects\/cafe-saint-henri-a-quebec\/\",\"name\":\"Caf\u00e9 Saint-Henri \u00e0 Qu\u00e9bec - INT Design\",\"isPartOf\":{\"@id\":\"https:\/\/int.design\/fr\/#website\"},\"datePublished\":\"2017-02-21T01:44:45+00:00\",\"dateModified\":\"2020-10-02T11:40:39+00:00\",\"breadcrumb\":{\"@id\":\"https:\/\/int.design\/en\/projects\/cafe-saint-henri-a-quebec\/#breadcrumb\"},\"inLanguage\":\"en-US\",\"potentialAction\":[{\"@type\":\"ReadAction\",\"target\":[\"https:\/\/int.design\/en\/projects\/cafe-saint-henri-a-quebec\/\"]}]},{\"@type\":\"BreadcrumbList\",\"@id\":\"https:\/\/int.design\/en\/projects\/cafe-saint-henri-a-quebec\/#breadcrumb\",\"itemListElement\":[{\"@type\":\"ListItem\",\"position\":1,\"name\":\"Home\",\"item\":\"https:\/\/int.design\/en\/\"},{\"@type\":\"ListItem\",\"position\":2,\"name\":\"Projects\",\"item\":\"https:\/\/int.design\/en\/projects\/\"},{\"@type\":\"ListItem\",\"position\":3,\"name\":\"Caf\u00e9 Saint-Henri \u00e0 Qu\u00e9bec\"}]},{\"@type\":\"WebSite\",\"@id\":\"https:\/\/int.design\/fr\/#website\",\"url\":\"https:\/\/int.design\/fr\/\",\"name\":\"INT Design\",\"description\":\"\",\"potentialAction\":[{\"@type\":\"SearchAction\",\"target\":{\"@type\":\"EntryPoint\",\"urlTemplate\":\"https:\/\/int.design\/fr\/?s={search_term_string}\"},\"query-input\":\"required name=search_term_string\"}],\"inLanguage\":\"en-US\"}]}<\/script>\n<!-- \/ Yoast SEO plugin. -->","yoast_head_json":{"title":"Caf\u00e9 Saint-Henri \u00e0 Qu\u00e9bec - INT Design","robots":{"index":"index","follow":"follow","max-snippet":"max-snippet:-1","max-image-preview":"max-image-preview:large","max-video-preview":"max-video-preview:-1"},"canonical":"https:\/\/int.design\/en\/projects\/cafe-saint-henri-a-quebec\/","og_locale":"en_US","og_type":"article","og_title":"Caf\u00e9 Saint-Henri \u00e0 Qu\u00e9bec - INT Design","og_description":"Inscrit dans la tendance \u00e9cologique, le tout premier caf\u00e9 Saint-Henri implant\u00e9 \u00e0 Qu\u00e9bec se voulait repr\u00e9sentatif de la marque : accessible, chaleureux et invitant. L&#8217;abondance de lumi\u00e8re naturelle, la fluidit\u00e9 des courbes et la nordicit\u00e9 dans la palette des tons priment dans cet espace o\u00f9 il fait bon vivre. L\u2019utilisation de bois de sapin Douglas &hellip; Continued","og_url":"https:\/\/int.design\/en\/projects\/cafe-saint-henri-a-quebec\/","og_site_name":"INT Design","article_modified_time":"2020-10-02T11:40:39+00:00","twitter_card":"summary_large_image","schema":{"@context":"https:\/\/schema.org","@graph":[{"@type":"WebPage","@id":"https:\/\/int.design\/en\/projects\/cafe-saint-henri-a-quebec\/","url":"https:\/\/int.design\/en\/projects\/cafe-saint-henri-a-quebec\/","name":"Caf\u00e9 Saint-Henri \u00e0 Qu\u00e9bec - INT Design","isPartOf":{"@id":"https:\/\/int.design\/fr\/#website"},"datePublished":"2017-02-21T01:44:45+00:00","dateModified":"2020-10-02T11:40:39+00:00","breadcrumb":{"@id":"https:\/\/int.design\/en\/projects\/cafe-saint-henri-a-quebec\/#breadcrumb"},"inLanguage":"en-US","potentialAction":[{"@type":"ReadAction","target":["https:\/\/int.design\/en\/projects\/cafe-saint-henri-a-quebec\/"]}]},{"@type":"BreadcrumbList","@id":"https:\/\/int.design\/en\/projects\/cafe-saint-henri-a-quebec\/#breadcrumb","itemListElement":[{"@type":"ListItem","position":1,"name":"Home","item":"https:\/\/int.design\/en\/"},{"@type":"ListItem","position":2,"name":"Projects","item":"https:\/\/int.design\/en\/projects\/"},{"@type":"ListItem","position":3,"name":"Caf\u00e9 Saint-Henri \u00e0 Qu\u00e9bec"}]},{"@type":"WebSite","@id":"https:\/\/int.design\/fr\/#website","url":"https:\/\/int.design\/fr\/","name":"INT Design","description":"","potentialAction":[{"@type":"SearchAction","target":{"@type":"EntryPoint","urlTemplate":"https:\/\/int.design\/fr\/?s={search_term_string}"},"query-input":"required name=search_term_string"}],"inLanguage":"en-US"}]}},"entry":{"cats":{"disciplines":[],"big_cats":[],"sub_cats":[]},"entry":{"":null,"status":"completed","winner_title":"","winner_prize_lang":"","title_translatable":false,"title_en":"","title_fr":"","releve_award":false,"releve_award_cv":false,"collaboration":false,"collaboration_firms":false,"other_firms":false,"owner":{"name":"","confidential":false,"website":"","contact_name":"","email":"","phone":""},"address":{"address":"","city":"","region":"","province":"","country":"","postal_code":""},"logos":false,"use_logo":false,"designers":false,"cover":false,"images":[{"image":{"ID":3975,"id":3975,"title":"Cafe-Saint-Henri-Quebec_4.4_Pascale_Viglas_Jean-Francois-Frenette_02.jpg","filename":"Cafe-Saint-Henri-Quebec_4.4_Pascale_Viglas_Jean-Francois-Frenette_02-scaled.jpg","filesize":0,"url":"https:\/\/int.design\/wp-content\/uploads\/2017\/02\/Cafe-Saint-Henri-Quebec_4.4_Pascale_Viglas_Jean-Francois-Frenette_02-scaled.jpg","link":"https:\/\/int.design\/en\/cafe-saint-henri-quebec_4-4_pascale_viglas_jean-francois-frenette_02-jpg\/","alt":"","author":"0","description":"","caption":"","name":"cafe-saint-henri-quebec_4-4_pascale_viglas_jean-francois-frenette_02-jpg","status":"inherit","uploaded_to":0,"date":"2020-04-06 03:58:06","modified":"2020-04-06 03:58:06","menu_order":0,"mime_type":"image\/jpeg","type":"image","subtype":"jpeg","icon":"https:\/\/int.design\/wp-includes\/images\/media\/default.png","width":1920,"height":2560,"sizes":{"thumbnail":"https:\/\/int.design\/wp-content\/uploads\/2017\/02\/Cafe-Saint-Henri-Quebec_4.4_Pascale_Viglas_Jean-Francois-Frenette_02-150x150.jpg","thumbnail-width":150,"thumbnail-height":150,"medium":"https:\/\/int.design\/wp-content\/uploads\/2017\/02\/Cafe-Saint-Henri-Quebec_4.4_Pascale_Viglas_Jean-Francois-Frenette_02-225x300.jpg","medium-width":225,"medium-height":300,"medium_large":"https:\/\/int.design\/wp-content\/uploads\/2017\/02\/Cafe-Saint-Henri-Quebec_4.4_Pascale_Viglas_Jean-Francois-Frenette_02-768x1024.jpg","medium_large-width":768,"medium_large-height":1024,"large":"https:\/\/int.design\/wp-content\/uploads\/2017\/02\/Cafe-Saint-Henri-Quebec_4.4_Pascale_Viglas_Jean-Francois-Frenette_02-768x1024.jpg","large-width":768,"large-height":1024,"1536x1536":"https:\/\/int.design\/wp-content\/uploads\/2017\/02\/Cafe-Saint-Henri-Quebec_4.4_Pascale_Viglas_Jean-Francois-Frenette_02-1152x1536.jpg","1536x1536-width":1152,"1536x1536-height":1536,"2048x2048":"https:\/\/int.design\/wp-content\/uploads\/2017\/02\/Cafe-Saint-Henri-Quebec_4.4_Pascale_Viglas_Jean-Francois-Frenette_02-1536x2048.jpg","2048x2048-width":1536,"2048x2048-height":2048,"article":"https:\/\/int.design\/wp-content\/uploads\/2017\/02\/Cafe-Saint-Henri-Quebec_4.4_Pascale_Viglas_Jean-Francois-Frenette_02-960x540.jpg","article-width":960,"article-height":540,"banner":"https:\/\/int.design\/wp-content\/uploads\/2017\/02\/Cafe-Saint-Henri-Quebec_4.4_Pascale_Viglas_Jean-Francois-Frenette_02-1920x2560.jpg","banner-width":1920,"banner-height":2560,"block":"https:\/\/int.design\/wp-content\/uploads\/2017\/02\/Cafe-Saint-Henri-Quebec_4.4_Pascale_Viglas_Jean-Francois-Frenette_02-900x680.jpg","block-width":900,"block-height":680,"card":"https:\/\/int.design\/wp-content\/uploads\/2017\/02\/Cafe-Saint-Henri-Quebec_4.4_Pascale_Viglas_Jean-Francois-Frenette_02-560x495.jpg","card-width":560,"card-height":495,"card-thumbnail":"https:\/\/int.design\/wp-content\/uploads\/2017\/02\/Cafe-Saint-Henri-Quebec_4.4_Pascale_Viglas_Jean-Francois-Frenette_02-450x340.jpg","card-thumbnail-width":450,"card-thumbnail-height":340,"conference":"https:\/\/int.design\/wp-content\/uploads\/2017\/02\/Cafe-Saint-Henri-Quebec_4.4_Pascale_Viglas_Jean-Francois-Frenette_02-560x250.jpg","conference-width":560,"conference-height":250,"contest":"https:\/\/int.design\/wp-content\/uploads\/2017\/02\/Cafe-Saint-Henri-Quebec_4.4_Pascale_Viglas_Jean-Francois-Frenette_02-960x400.jpg","contest-width":960,"contest-height":400,"cta":"https:\/\/int.design\/wp-content\/uploads\/2017\/02\/Cafe-Saint-Henri-Quebec_4.4_Pascale_Viglas_Jean-Francois-Frenette_02-415x170.jpg","cta-width":415,"cta-height":170,"exhibitor":"https:\/\/int.design\/wp-content\/uploads\/2017\/02\/Cafe-Saint-Henri-Quebec_4.4_Pascale_Viglas_Jean-Francois-Frenette_02-560x560.jpg","exhibitor-width":560,"exhibitor-height":560,"gallery":"https:\/\/int.design\/wp-content\/uploads\/2017\/02\/Cafe-Saint-Henri-Quebec_4.4_Pascale_Viglas_Jean-Francois-Frenette_02-322x430.jpg","gallery-width":322,"gallery-height":430,"logo":"https:\/\/int.design\/wp-content\/uploads\/2017\/02\/Cafe-Saint-Henri-Quebec_4.4_Pascale_Viglas_Jean-Francois-Frenette_02-75x100.jpg","logo-width":75,"logo-height":100,"masonry":"https:\/\/int.design\/wp-content\/uploads\/2017\/02\/Cafe-Saint-Henri-Quebec_4.4_Pascale_Viglas_Jean-Francois-Frenette_02-550x733.jpg","masonry-width":550,"masonry-height":733,"modal":"https:\/\/int.design\/wp-content\/uploads\/2017\/02\/Cafe-Saint-Henri-Quebec_4.4_Pascale_Viglas_Jean-Francois-Frenette_02-1440x1920.jpg","modal-width":1440,"modal-height":1920,"number":"https:\/\/int.design\/wp-content\/uploads\/2017\/02\/Cafe-Saint-Henri-Quebec_4.4_Pascale_Viglas_Jean-Francois-Frenette_02-322x430.jpg","number-width":322,"number-height":430,"partner":"https:\/\/int.design\/wp-content\/uploads\/2017\/02\/Cafe-Saint-Henri-Quebec_4.4_Pascale_Viglas_Jean-Francois-Frenette_02-157x210.jpg","partner-width":157,"partner-height":210,"ranking":"https:\/\/int.design\/wp-content\/uploads\/2017\/02\/Cafe-Saint-Henri-Quebec_4.4_Pascale_Viglas_Jean-Francois-Frenette_02-960x540.jpg","ranking-width":960,"ranking-height":540,"schedule":"https:\/\/int.design\/wp-content\/uploads\/2017\/02\/Cafe-Saint-Henri-Quebec_4.4_Pascale_Viglas_Jean-Francois-Frenette_02-960x360.jpg","schedule-width":960,"schedule-height":360,"slideshow":"https:\/\/int.design\/wp-content\/uploads\/2017\/02\/Cafe-Saint-Henri-Quebec_4.4_Pascale_Viglas_Jean-Francois-Frenette_02-510x680.jpg","slideshow-width":510,"slideshow-height":680}},"attachment_category":[],"credit":""},{"image":{"ID":3976,"id":3976,"title":"Cafe-Saint-Henri-Quebec_4.4_Pascale_Viglas_Jean-Francois-Frenette_02-1.jpg","filename":"Cafe-Saint-Henri-Quebec_4.4_Pascale_Viglas_Jean-Francois-Frenette_02-1-scaled.jpg","filesize":0,"url":"https:\/\/int.design\/wp-content\/uploads\/2017\/02\/Cafe-Saint-Henri-Quebec_4.4_Pascale_Viglas_Jean-Francois-Frenette_02-1-scaled.jpg","link":"https:\/\/int.design\/en\/cafe-saint-henri-quebec_4-4_pascale_viglas_jean-francois-frenette_02-1-jpg\/","alt":"","author":"0","description":"","caption":"","name":"cafe-saint-henri-quebec_4-4_pascale_viglas_jean-francois-frenette_02-1-jpg","status":"inherit","uploaded_to":0,"date":"2020-04-06 03:58:10","modified":"2020-04-06 03:58:10","menu_order":0,"mime_type":"image\/jpeg","type":"image","subtype":"jpeg","icon":"https:\/\/int.design\/wp-includes\/images\/media\/default.png","width":1920,"height":2560,"sizes":{"thumbnail":"https:\/\/int.design\/wp-content\/uploads\/2017\/02\/Cafe-Saint-Henri-Quebec_4.4_Pascale_Viglas_Jean-Francois-Frenette_02-1-150x150.jpg","thumbnail-width":150,"thumbnail-height":150,"medium":"https:\/\/int.design\/wp-content\/uploads\/2017\/02\/Cafe-Saint-Henri-Quebec_4.4_Pascale_Viglas_Jean-Francois-Frenette_02-1-225x300.jpg","medium-width":225,"medium-height":300,"medium_large":"https:\/\/int.design\/wp-content\/uploads\/2017\/02\/Cafe-Saint-Henri-Quebec_4.4_Pascale_Viglas_Jean-Francois-Frenette_02-1-768x1024.jpg","medium_large-width":768,"medium_large-height":1024,"large":"https:\/\/int.design\/wp-content\/uploads\/2017\/02\/Cafe-Saint-Henri-Quebec_4.4_Pascale_Viglas_Jean-Francois-Frenette_02-1-768x1024.jpg","large-width":768,"large-height":1024,"1536x1536":"https:\/\/int.design\/wp-content\/uploads\/2017\/02\/Cafe-Saint-Henri-Quebec_4.4_Pascale_Viglas_Jean-Francois-Frenette_02-1-1152x1536.jpg","1536x1536-width":1152,"1536x1536-height":1536,"2048x2048":"https:\/\/int.design\/wp-content\/uploads\/2017\/02\/Cafe-Saint-Henri-Quebec_4.4_Pascale_Viglas_Jean-Francois-Frenette_02-1-1536x2048.jpg","2048x2048-width":1536,"2048x2048-height":2048,"article":"https:\/\/int.design\/wp-content\/uploads\/2017\/02\/Cafe-Saint-Henri-Quebec_4.4_Pascale_Viglas_Jean-Francois-Frenette_02-1-960x540.jpg","article-width":960,"article-height":540,"banner":"https:\/\/int.design\/wp-content\/uploads\/2017\/02\/Cafe-Saint-Henri-Quebec_4.4_Pascale_Viglas_Jean-Francois-Frenette_02-1-1920x2560.jpg","banner-width":1920,"banner-height":2560,"block":"https:\/\/int.design\/wp-content\/uploads\/2017\/02\/Cafe-Saint-Henri-Quebec_4.4_Pascale_Viglas_Jean-Francois-Frenette_02-1-900x680.jpg","block-width":900,"block-height":680,"card":"https:\/\/int.design\/wp-content\/uploads\/2017\/02\/Cafe-Saint-Henri-Quebec_4.4_Pascale_Viglas_Jean-Francois-Frenette_02-1-560x495.jpg","card-width":560,"card-height":495,"card-thumbnail":"https:\/\/int.design\/wp-content\/uploads\/2017\/02\/Cafe-Saint-Henri-Quebec_4.4_Pascale_Viglas_Jean-Francois-Frenette_02-1-450x340.jpg","card-thumbnail-width":450,"card-thumbnail-height":340,"conference":"https:\/\/int.design\/wp-content\/uploads\/2017\/02\/Cafe-Saint-Henri-Quebec_4.4_Pascale_Viglas_Jean-Francois-Frenette_02-1-560x250.jpg","conference-width":560,"conference-height":250,"contest":"https:\/\/int.design\/wp-content\/uploads\/2017\/02\/Cafe-Saint-Henri-Quebec_4.4_Pascale_Viglas_Jean-Francois-Frenette_02-1-960x400.jpg","contest-width":960,"contest-height":400,"cta":"https:\/\/int.design\/wp-content\/uploads\/2017\/02\/Cafe-Saint-Henri-Quebec_4.4_Pascale_Viglas_Jean-Francois-Frenette_02-1-415x170.jpg","cta-width":415,"cta-height":170,"exhibitor":"https:\/\/int.design\/wp-content\/uploads\/2017\/02\/Cafe-Saint-Henri-Quebec_4.4_Pascale_Viglas_Jean-Francois-Frenette_02-1-560x560.jpg","exhibitor-width":560,"exhibitor-height":560,"gallery":"https:\/\/int.design\/wp-content\/uploads\/2017\/02\/Cafe-Saint-Henri-Quebec_4.4_Pascale_Viglas_Jean-Francois-Frenette_02-1-322x430.jpg","gallery-width":322,"gallery-height":430,"logo":"https:\/\/int.design\/wp-content\/uploads\/2017\/02\/Cafe-Saint-Henri-Quebec_4.4_Pascale_Viglas_Jean-Francois-Frenette_02-1-75x100.jpg","logo-width":75,"logo-height":100,"masonry":"https:\/\/int.design\/wp-content\/uploads\/2017\/02\/Cafe-Saint-Henri-Quebec_4.4_Pascale_Viglas_Jean-Francois-Frenette_02-1-550x733.jpg","masonry-width":550,"masonry-height":733,"modal":"https:\/\/int.design\/wp-content\/uploads\/2017\/02\/Cafe-Saint-Henri-Quebec_4.4_Pascale_Viglas_Jean-Francois-Frenette_02-1-1440x1920.jpg","modal-width":1440,"modal-height":1920,"number":"https:\/\/int.design\/wp-content\/uploads\/2017\/02\/Cafe-Saint-Henri-Quebec_4.4_Pascale_Viglas_Jean-Francois-Frenette_02-1-322x430.jpg","number-width":322,"number-height":430,"partner":"https:\/\/int.design\/wp-content\/uploads\/2017\/02\/Cafe-Saint-Henri-Quebec_4.4_Pascale_Viglas_Jean-Francois-Frenette_02-1-157x210.jpg","partner-width":157,"partner-height":210,"ranking":"https:\/\/int.design\/wp-content\/uploads\/2017\/02\/Cafe-Saint-Henri-Quebec_4.4_Pascale_Viglas_Jean-Francois-Frenette_02-1-960x540.jpg","ranking-width":960,"ranking-height":540,"schedule":"https:\/\/int.design\/wp-content\/uploads\/2017\/02\/Cafe-Saint-Henri-Quebec_4.4_Pascale_Viglas_Jean-Francois-Frenette_02-1-960x360.jpg","schedule-width":960,"schedule-height":360,"slideshow":"https:\/\/int.design\/wp-content\/uploads\/2017\/02\/Cafe-Saint-Henri-Quebec_4.4_Pascale_Viglas_Jean-Francois-Frenette_02-1-510x680.jpg","slideshow-width":510,"slideshow-height":680}},"attachment_category":[],"credit":""},{"image":{"ID":3977,"id":3977,"title":"Cafe-Saint-Henri-Quebec_4.4_Pascale_Viglas_Jean-Francois-Frenette_03.jpg","filename":"Cafe-Saint-Henri-Quebec_4.4_Pascale_Viglas_Jean-Francois-Frenette_03-scaled.jpg","filesize":0,"url":"https:\/\/int.design\/wp-content\/uploads\/2017\/02\/Cafe-Saint-Henri-Quebec_4.4_Pascale_Viglas_Jean-Francois-Frenette_03-scaled.jpg","link":"https:\/\/int.design\/en\/cafe-saint-henri-quebec_4-4_pascale_viglas_jean-francois-frenette_03-jpg\/","alt":"","author":"0","description":"","caption":"","name":"cafe-saint-henri-quebec_4-4_pascale_viglas_jean-francois-frenette_03-jpg","status":"inherit","uploaded_to":0,"date":"2020-04-06 03:58:14","modified":"2020-04-06 03:58:14","menu_order":0,"mime_type":"image\/jpeg","type":"image","subtype":"jpeg","icon":"https:\/\/int.design\/wp-includes\/images\/media\/default.png","width":1709,"height":2560,"sizes":{"thumbnail":"https:\/\/int.design\/wp-content\/uploads\/2017\/02\/Cafe-Saint-Henri-Quebec_4.4_Pascale_Viglas_Jean-Francois-Frenette_03-150x150.jpg","thumbnail-width":150,"thumbnail-height":150,"medium":"https:\/\/int.design\/wp-content\/uploads\/2017\/02\/Cafe-Saint-Henri-Quebec_4.4_Pascale_Viglas_Jean-Francois-Frenette_03-200x300.jpg","medium-width":200,"medium-height":300,"medium_large":"https:\/\/int.design\/wp-content\/uploads\/2017\/02\/Cafe-Saint-Henri-Quebec_4.4_Pascale_Viglas_Jean-Francois-Frenette_03-768x1150.jpg","medium_large-width":768,"medium_large-height":1150,"large":"https:\/\/int.design\/wp-content\/uploads\/2017\/02\/Cafe-Saint-Henri-Quebec_4.4_Pascale_Viglas_Jean-Francois-Frenette_03-684x1024.jpg","large-width":684,"large-height":1024,"1536x1536":"https:\/\/int.design\/wp-content\/uploads\/2017\/02\/Cafe-Saint-Henri-Quebec_4.4_Pascale_Viglas_Jean-Francois-Frenette_03-1025x1536.jpg","1536x1536-width":1025,"1536x1536-height":1536,"2048x2048":"https:\/\/int.design\/wp-content\/uploads\/2017\/02\/Cafe-Saint-Henri-Quebec_4.4_Pascale_Viglas_Jean-Francois-Frenette_03-1367x2048.jpg","2048x2048-width":1367,"2048x2048-height":2048,"article":"https:\/\/int.design\/wp-content\/uploads\/2017\/02\/Cafe-Saint-Henri-Quebec_4.4_Pascale_Viglas_Jean-Francois-Frenette_03-960x540.jpg","article-width":960,"article-height":540,"banner":"https:\/\/int.design\/wp-content\/uploads\/2017\/02\/Cafe-Saint-Henri-Quebec_4.4_Pascale_Viglas_Jean-Francois-Frenette_03-1920x2876.jpg","banner-width":1920,"banner-height":2876,"block":"https:\/\/int.design\/wp-content\/uploads\/2017\/02\/Cafe-Saint-Henri-Quebec_4.4_Pascale_Viglas_Jean-Francois-Frenette_03-900x680.jpg","block-width":900,"block-height":680,"card":"https:\/\/int.design\/wp-content\/uploads\/2017\/02\/Cafe-Saint-Henri-Quebec_4.4_Pascale_Viglas_Jean-Francois-Frenette_03-560x495.jpg","card-width":560,"card-height":495,"card-thumbnail":"https:\/\/int.design\/wp-content\/uploads\/2017\/02\/Cafe-Saint-Henri-Quebec_4.4_Pascale_Viglas_Jean-Francois-Frenette_03-450x340.jpg","card-thumbnail-width":450,"card-thumbnail-height":340,"conference":"https:\/\/int.design\/wp-content\/uploads\/2017\/02\/Cafe-Saint-Henri-Quebec_4.4_Pascale_Viglas_Jean-Francois-Frenette_03-560x250.jpg","conference-width":560,"conference-height":250,"contest":"https:\/\/int.design\/wp-content\/uploads\/2017\/02\/Cafe-Saint-Henri-Quebec_4.4_Pascale_Viglas_Jean-Francois-Frenette_03-960x400.jpg","contest-width":960,"contest-height":400,"cta":"https:\/\/int.design\/wp-content\/uploads\/2017\/02\/Cafe-Saint-Henri-Quebec_4.4_Pascale_Viglas_Jean-Francois-Frenette_03-415x170.jpg","cta-width":415,"cta-height":170,"exhibitor":"https:\/\/int.design\/wp-content\/uploads\/2017\/02\/Cafe-Saint-Henri-Quebec_4.4_Pascale_Viglas_Jean-Francois-Frenette_03-560x560.jpg","exhibitor-width":560,"exhibitor-height":560,"gallery":"https:\/\/int.design\/wp-content\/uploads\/2017\/02\/Cafe-Saint-Henri-Quebec_4.4_Pascale_Viglas_Jean-Francois-Frenette_03-287x430.jpg","gallery-width":287,"gallery-height":430,"logo":"https:\/\/int.design\/wp-content\/uploads\/2017\/02\/Cafe-Saint-Henri-Quebec_4.4_Pascale_Viglas_Jean-Francois-Frenette_03-67x100.jpg","logo-width":67,"logo-height":100,"masonry":"https:\/\/int.design\/wp-content\/uploads\/2017\/02\/Cafe-Saint-Henri-Quebec_4.4_Pascale_Viglas_Jean-Francois-Frenette_03-550x824.jpg","masonry-width":550,"masonry-height":824,"modal":"https:\/\/int.design\/wp-content\/uploads\/2017\/02\/Cafe-Saint-Henri-Quebec_4.4_Pascale_Viglas_Jean-Francois-Frenette_03-1282x1920.jpg","modal-width":1282,"modal-height":1920,"number":"https:\/\/int.design\/wp-content\/uploads\/2017\/02\/Cafe-Saint-Henri-Quebec_4.4_Pascale_Viglas_Jean-Francois-Frenette_03-287x430.jpg","number-width":287,"number-height":430,"partner":"https:\/\/int.design\/wp-content\/uploads\/2017\/02\/Cafe-Saint-Henri-Quebec_4.4_Pascale_Viglas_Jean-Francois-Frenette_03-140x210.jpg","partner-width":140,"partner-height":210,"ranking":"https:\/\/int.design\/wp-content\/uploads\/2017\/02\/Cafe-Saint-Henri-Quebec_4.4_Pascale_Viglas_Jean-Francois-Frenette_03-960x540.jpg","ranking-width":960,"ranking-height":540,"schedule":"https:\/\/int.design\/wp-content\/uploads\/2017\/02\/Cafe-Saint-Henri-Quebec_4.4_Pascale_Viglas_Jean-Francois-Frenette_03-960x360.jpg","schedule-width":960,"schedule-height":360,"slideshow":"https:\/\/int.design\/wp-content\/uploads\/2017\/02\/Cafe-Saint-Henri-Quebec_4.4_Pascale_Viglas_Jean-Francois-Frenette_03-454x680.jpg","slideshow-width":454,"slideshow-height":680}},"attachment_category":[],"credit":""},{"image":{"ID":3978,"id":3978,"title":"Cafe-Saint-Henri-Quebec_4.4_Pascale_Viglas_Jean-Francois-Frenette_04.jpg","filename":"Cafe-Saint-Henri-Quebec_4.4_Pascale_Viglas_Jean-Francois-Frenette_04.jpg","filesize":0,"url":"https:\/\/d2q6z78khxmx42.cloudfront.net\/2017\/02\/Cafe-Saint-Henri-Quebec_4.4_Pascale_Viglas_Jean-Francois-Frenette_04.jpg","link":"https:\/\/int.design\/en\/cafe-saint-henri-quebec_4-4_pascale_viglas_jean-francois-frenette_04-jpg\/","alt":"","author":"0","description":"","caption":"","name":"cafe-saint-henri-quebec_4-4_pascale_viglas_jean-francois-frenette_04-jpg","status":"inherit","uploaded_to":0,"date":"2020-04-06 03:58:17","modified":"2020-04-06 03:58:17","menu_order":0,"mime_type":"image\/jpeg","type":"image","subtype":"jpeg","icon":"https:\/\/int.design\/wp-includes\/images\/media\/default.png","width":2000,"height":1335,"sizes":{"thumbnail":"https:\/\/d2q6z78khxmx42.cloudfront.net\/2017\/02\/Cafe-Saint-Henri-Quebec_4.4_Pascale_Viglas_Jean-Francois-Frenette_04-150x150.jpg","thumbnail-width":150,"thumbnail-height":150,"medium":"https:\/\/d2q6z78khxmx42.cloudfront.net\/2017\/02\/Cafe-Saint-Henri-Quebec_4.4_Pascale_Viglas_Jean-Francois-Frenette_04-300x200.jpg","medium-width":300,"medium-height":200,"medium_large":"https:\/\/d2q6z78khxmx42.cloudfront.net\/2017\/02\/Cafe-Saint-Henri-Quebec_4.4_Pascale_Viglas_Jean-Francois-Frenette_04-768x513.jpg","medium_large-width":768,"medium_large-height":513,"large":"https:\/\/d2q6z78khxmx42.cloudfront.net\/2017\/02\/Cafe-Saint-Henri-Quebec_4.4_Pascale_Viglas_Jean-Francois-Frenette_04-1024x684.jpg","large-width":1024,"large-height":684,"1536x1536":"https:\/\/d2q6z78khxmx42.cloudfront.net\/2017\/02\/Cafe-Saint-Henri-Quebec_4.4_Pascale_Viglas_Jean-Francois-Frenette_04-1536x1025.jpg","1536x1536-width":1536,"1536x1536-height":1025,"2048x2048":"https:\/\/d2q6z78khxmx42.cloudfront.net\/2017\/02\/Cafe-Saint-Henri-Quebec_4.4_Pascale_Viglas_Jean-Francois-Frenette_04.jpg","2048x2048-width":2000,"2048x2048-height":1335,"article":"https:\/\/d2q6z78khxmx42.cloudfront.net\/2017\/02\/Cafe-Saint-Henri-Quebec_4.4_Pascale_Viglas_Jean-Francois-Frenette_04-960x540.jpg","article-width":960,"article-height":540,"banner":"https:\/\/d2q6z78khxmx42.cloudfront.net\/2017\/02\/Cafe-Saint-Henri-Quebec_4.4_Pascale_Viglas_Jean-Francois-Frenette_04-1920x1282.jpg","banner-width":1920,"banner-height":1282,"block":"https:\/\/d2q6z78khxmx42.cloudfront.net\/2017\/02\/Cafe-Saint-Henri-Quebec_4.4_Pascale_Viglas_Jean-Francois-Frenette_04-900x680.jpg","block-width":900,"block-height":680,"card":"https:\/\/d2q6z78khxmx42.cloudfront.net\/2017\/02\/Cafe-Saint-Henri-Quebec_4.4_Pascale_Viglas_Jean-Francois-Frenette_04-560x495.jpg","card-width":560,"card-height":495,"card-thumbnail":"https:\/\/d2q6z78khxmx42.cloudfront.net\/2017\/02\/Cafe-Saint-Henri-Quebec_4.4_Pascale_Viglas_Jean-Francois-Frenette_04-450x340.jpg","card-thumbnail-width":450,"card-thumbnail-height":340,"conference":"https:\/\/d2q6z78khxmx42.cloudfront.net\/2017\/02\/Cafe-Saint-Henri-Quebec_4.4_Pascale_Viglas_Jean-Francois-Frenette_04-560x250.jpg","conference-width":560,"conference-height":250,"contest":"https:\/\/d2q6z78khxmx42.cloudfront.net\/2017\/02\/Cafe-Saint-Henri-Quebec_4.4_Pascale_Viglas_Jean-Francois-Frenette_04-960x400.jpg","contest-width":960,"contest-height":400,"cta":"https:\/\/d2q6z78khxmx42.cloudfront.net\/2017\/02\/Cafe-Saint-Henri-Quebec_4.4_Pascale_Viglas_Jean-Francois-Frenette_04-415x170.jpg","cta-width":415,"cta-height":170,"exhibitor":"https:\/\/d2q6z78khxmx42.cloudfront.net\/2017\/02\/Cafe-Saint-Henri-Quebec_4.4_Pascale_Viglas_Jean-Francois-Frenette_04-560x560.jpg","exhibitor-width":560,"exhibitor-height":560,"gallery":"https:\/\/d2q6z78khxmx42.cloudfront.net\/2017\/02\/Cafe-Saint-Henri-Quebec_4.4_Pascale_Viglas_Jean-Francois-Frenette_04-560x374.jpg","gallery-width":560,"gallery-height":374,"logo":"https:\/\/d2q6z78khxmx42.cloudfront.net\/2017\/02\/Cafe-Saint-Henri-Quebec_4.4_Pascale_Viglas_Jean-Francois-Frenette_04-150x100.jpg","logo-width":150,"logo-height":100,"masonry":"https:\/\/d2q6z78khxmx42.cloudfront.net\/2017\/02\/Cafe-Saint-Henri-Quebec_4.4_Pascale_Viglas_Jean-Francois-Frenette_04-550x367.jpg","masonry-width":550,"masonry-height":367,"modal":"https:\/\/d2q6z78khxmx42.cloudfront.net\/2017\/02\/PRVvmfxA-Cafe-Saint-Henri-Quebec_4.4_Pascale_Viglas_Jean-Francois-Frenette_04-1920x1282.jpg","modal-width":1920,"modal-height":1282,"number":"https:\/\/d2q6z78khxmx42.cloudfront.net\/2017\/02\/PRVvmfxA-Cafe-Saint-Henri-Quebec_4.4_Pascale_Viglas_Jean-Francois-Frenette_04-560x374.jpg","number-width":560,"number-height":374,"partner":"https:\/\/d2q6z78khxmx42.cloudfront.net\/2017\/02\/Cafe-Saint-Henri-Quebec_4.4_Pascale_Viglas_Jean-Francois-Frenette_04-275x184.jpg","partner-width":275,"partner-height":184,"ranking":"https:\/\/d2q6z78khxmx42.cloudfront.net\/2017\/02\/PRVvmfxA-Cafe-Saint-Henri-Quebec_4.4_Pascale_Viglas_Jean-Francois-Frenette_04-960x540.jpg","ranking-width":960,"ranking-height":540,"schedule":"https:\/\/d2q6z78khxmx42.cloudfront.net\/2017\/02\/Cafe-Saint-Henri-Quebec_4.4_Pascale_Viglas_Jean-Francois-Frenette_04-960x360.jpg","schedule-width":960,"schedule-height":360,"slideshow":"https:\/\/d2q6z78khxmx42.cloudfront.net\/2017\/02\/Cafe-Saint-Henri-Quebec_4.4_Pascale_Viglas_Jean-Francois-Frenette_04-1019x680.jpg","slideshow-width":1019,"slideshow-height":680}},"attachment_category":[],"credit":""},{"image":{"ID":3979,"id":3979,"title":"Cafe-Saint-Henri-Quebec_4.4_Pascale_Viglas_Jean-Francois-Frenette_05.jpg","filename":"Cafe-Saint-Henri-Quebec_4.4_Pascale_Viglas_Jean-Francois-Frenette_05.jpg","filesize":0,"url":"https:\/\/d2q6z78khxmx42.cloudfront.net\/2017\/02\/Cafe-Saint-Henri-Quebec_4.4_Pascale_Viglas_Jean-Francois-Frenette_05.jpg","link":"https:\/\/int.design\/en\/cafe-saint-henri-quebec_4-4_pascale_viglas_jean-francois-frenette_05-jpg\/","alt":"","author":"0","description":"","caption":"","name":"cafe-saint-henri-quebec_4-4_pascale_viglas_jean-francois-frenette_05-jpg","status":"inherit","uploaded_to":0,"date":"2020-04-06 03:58:19","modified":"2020-04-06 03:58:19","menu_order":0,"mime_type":"image\/jpeg","type":"image","subtype":"jpeg","icon":"https:\/\/int.design\/wp-includes\/images\/media\/default.png","width":2500,"height":1669,"sizes":{"thumbnail":"https:\/\/d2q6z78khxmx42.cloudfront.net\/2017\/02\/Cafe-Saint-Henri-Quebec_4.4_Pascale_Viglas_Jean-Francois-Frenette_05-150x150.jpg","thumbnail-width":150,"thumbnail-height":150,"medium":"https:\/\/d2q6z78khxmx42.cloudfront.net\/2017\/02\/Cafe-Saint-Henri-Quebec_4.4_Pascale_Viglas_Jean-Francois-Frenette_05-300x200.jpg","medium-width":300,"medium-height":200,"medium_large":"https:\/\/d2q6z78khxmx42.cloudfront.net\/2017\/02\/Cafe-Saint-Henri-Quebec_4.4_Pascale_Viglas_Jean-Francois-Frenette_05-768x513.jpg","medium_large-width":768,"medium_large-height":513,"large":"https:\/\/d2q6z78khxmx42.cloudfront.net\/2017\/02\/Cafe-Saint-Henri-Quebec_4.4_Pascale_Viglas_Jean-Francois-Frenette_05-1024x684.jpg","large-width":1024,"large-height":684,"1536x1536":"https:\/\/d2q6z78khxmx42.cloudfront.net\/2017\/02\/Cafe-Saint-Henri-Quebec_4.4_Pascale_Viglas_Jean-Francois-Frenette_05-1536x1025.jpg","1536x1536-width":1536,"1536x1536-height":1025,"2048x2048":"https:\/\/d2q6z78khxmx42.cloudfront.net\/2017\/02\/Cafe-Saint-Henri-Quebec_4.4_Pascale_Viglas_Jean-Francois-Frenette_05-2048x1367.jpg","2048x2048-width":2048,"2048x2048-height":1367,"article":"https:\/\/d2q6z78khxmx42.cloudfront.net\/2017\/02\/Cafe-Saint-Henri-Quebec_4.4_Pascale_Viglas_Jean-Francois-Frenette_05-960x540.jpg","article-width":960,"article-height":540,"banner":"https:\/\/d2q6z78khxmx42.cloudfront.net\/2017\/02\/Cafe-Saint-Henri-Quebec_4.4_Pascale_Viglas_Jean-Francois-Frenette_05-1920x1282.jpg","banner-width":1920,"banner-height":1282,"block":"https:\/\/d2q6z78khxmx42.cloudfront.net\/2017\/02\/Cafe-Saint-Henri-Quebec_4.4_Pascale_Viglas_Jean-Francois-Frenette_05-900x680.jpg","block-width":900,"block-height":680,"card":"https:\/\/d2q6z78khxmx42.cloudfront.net\/2017\/02\/Cafe-Saint-Henri-Quebec_4.4_Pascale_Viglas_Jean-Francois-Frenette_05-560x495.jpg","card-width":560,"card-height":495,"card-thumbnail":"https:\/\/d2q6z78khxmx42.cloudfront.net\/2017\/02\/Cafe-Saint-Henri-Quebec_4.4_Pascale_Viglas_Jean-Francois-Frenette_05-450x340.jpg","card-thumbnail-width":450,"card-thumbnail-height":340,"conference":"https:\/\/d2q6z78khxmx42.cloudfront.net\/2017\/02\/Cafe-Saint-Henri-Quebec_4.4_Pascale_Viglas_Jean-Francois-Frenette_05-560x250.jpg","conference-width":560,"conference-height":250,"contest":"https:\/\/d2q6z78khxmx42.cloudfront.net\/2017\/02\/Cafe-Saint-Henri-Quebec_4.4_Pascale_Viglas_Jean-Francois-Frenette_05-960x400.jpg","contest-width":960,"contest-height":400,"cta":"https:\/\/d2q6z78khxmx42.cloudfront.net\/2017\/02\/Cafe-Saint-Henri-Quebec_4.4_Pascale_Viglas_Jean-Francois-Frenette_05-415x170.jpg","cta-width":415,"cta-height":170,"exhibitor":"https:\/\/d2q6z78khxmx42.cloudfront.net\/2017\/02\/Cafe-Saint-Henri-Quebec_4.4_Pascale_Viglas_Jean-Francois-Frenette_05-560x560.jpg","exhibitor-width":560,"exhibitor-height":560,"gallery":"https:\/\/d2q6z78khxmx42.cloudfront.net\/2017\/02\/Cafe-Saint-Henri-Quebec_4.4_Pascale_Viglas_Jean-Francois-Frenette_05-560x374.jpg","gallery-width":560,"gallery-height":374,"logo":"https:\/\/d2q6z78khxmx42.cloudfront.net\/2017\/02\/Cafe-Saint-Henri-Quebec_4.4_Pascale_Viglas_Jean-Francois-Frenette_05-150x100.jpg","logo-width":150,"logo-height":100,"masonry":"https:\/\/d2q6z78khxmx42.cloudfront.net\/2017\/02\/Cafe-Saint-Henri-Quebec_4.4_Pascale_Viglas_Jean-Francois-Frenette_05-550x367.jpg","masonry-width":550,"masonry-height":367,"modal":"https:\/\/d2q6z78khxmx42.cloudfront.net\/2017\/02\/ZK4hgF5h-Cafe-Saint-Henri-Quebec_4.4_Pascale_Viglas_Jean-Francois-Frenette_05-1920x1282.jpg","modal-width":1920,"modal-height":1282,"number":"https:\/\/d2q6z78khxmx42.cloudfront.net\/2017\/02\/ZK4hgF5h-Cafe-Saint-Henri-Quebec_4.4_Pascale_Viglas_Jean-Francois-Frenette_05-560x374.jpg","number-width":560,"number-height":374,"partner":"https:\/\/d2q6z78khxmx42.cloudfront.net\/2017\/02\/Cafe-Saint-Henri-Quebec_4.4_Pascale_Viglas_Jean-Francois-Frenette_05-275x184.jpg","partner-width":275,"partner-height":184,"ranking":"https:\/\/d2q6z78khxmx42.cloudfront.net\/2017\/02\/ZK4hgF5h-Cafe-Saint-Henri-Quebec_4.4_Pascale_Viglas_Jean-Francois-Frenette_05-960x540.jpg","ranking-width":960,"ranking-height":540,"schedule":"https:\/\/d2q6z78khxmx42.cloudfront.net\/2017\/02\/Cafe-Saint-Henri-Quebec_4.4_Pascale_Viglas_Jean-Francois-Frenette_05-960x360.jpg","schedule-width":960,"schedule-height":360,"slideshow":"https:\/\/d2q6z78khxmx42.cloudfront.net\/2017\/02\/Cafe-Saint-Henri-Quebec_4.4_Pascale_Viglas_Jean-Francois-Frenette_05-1019x680.jpg","slideshow-width":1019,"slideshow-height":680}},"attachment_category":[],"credit":""}],"mandatory_documents":false,"optional_documents":false,"web_text":{"fr":"","en":"","original":""},"jury_text":false,"different_jury_text":false,"different_category_text":false},"laureats":[],"contest_id":"1784","contest_title":"GRANDS PRIX DU DESIGN - 10th edition","firms":[],"user":{"email":"old_edition@agencepid.com","first_name":"Old Edition","last_name":"Participant"},"doc_texts_web":{"fr":"<p>Inscrit dans la tendance \u00e9cologique, le tout premier caf\u00e9 Saint-Henri implant\u00e9 \u00e0 Qu\u00e9bec se voulait repr\u00e9sentatif de la marque : accessible, chaleureux et invitant. L&#8217;abondance de lumi\u00e8re naturelle, la fluidit\u00e9 des courbes et la nordicit\u00e9 dans la palette des tons priment dans cet espace o\u00f9 il fait bon vivre. L\u2019utilisation de bois de sapin Douglas et l\u2019ajout de v\u00e9g\u00e9taux et conif\u00e8res apportent un esth\u00e9tisme champ\u00eatre.<\/p>\n","en":"<p>Inscrit dans la tendance \u00e9cologique, le tout premier caf\u00e9 Saint-Henri implant\u00e9 \u00e0 Qu\u00e9bec se voulait repr\u00e9sentatif de la marque : accessible, chaleureux et invitant. L&#8217;abondance de lumi\u00e8re naturelle, la fluidit\u00e9 des courbes et la nordicit\u00e9 dans la palette des tons priment dans cet espace o\u00f9 il fait bon vivre. L\u2019utilisation de bois de sapin Douglas et l\u2019ajout de v\u00e9g\u00e9taux et conif\u00e8res apportent un esth\u00e9tisme champ\u00eatre.<\/p>\n"},"permalinks":{"fr":"https:\/\/int.design\/fr\/projets\/cafe-saint-henri-a-quebec\/","en":"https:\/\/int.design\/en\/projects\/cafe-saint-henri-a-quebec\/"},"titles":{"fr":"Caf\u00e9 Saint-Henri \u00e0 Qu\u00e9bec","en":"Caf\u00e9 Saint-Henri \u00e0 Qu\u00e9bec"},"wp_fields":{"informations":{"fr":[{"content_type":"text","title":"Design","content":"Rhoncus Design","link":null},{"content_type":"text","title":"Cat\u00e9gorie","content":"Prix caf\u00e9 et comptoir alimentaire","link":null},{"content_type":"text","title":"Site web","content":"www.rhoncus.com","link":null}],"en":[{"content_type":"text","title":"Design","content":"Rhoncus Design","link":null},{"content_type":"text","title":"Cat\u00e9gorie","content":"Prix caf\u00e9 et comptoir alimentaire","link":null},{"content_type":"text","title":"Site web","content":"www.rhoncus.com","link":null}]}},"laravel_id":""},"_links":{"self":[{"href":"https:\/\/int.design\/en\/wp-json\/wp\/v2\/project\/22990","targetHints":{"allow":["GET"]}}],"collection":[{"href":"https:\/\/int.design\/en\/wp-json\/wp\/v2\/project"}],"about":[{"href":"https:\/\/int.design\/en\/wp-json\/wp\/v2\/types\/project"}],"wp:attachment":[{"href":"https:\/\/int.design\/en\/wp-json\/wp\/v2\/media?parent=22990"}],"curies":[{"name":"wp","href":"https:\/\/api.w.org\/{rel}","templated":true}]}}