{"id":125419,"date":"2024-08-20T17:12:00","date_gmt":"2024-08-20T21:12:00","guid":{"rendered":"https:\/\/int.design\/?post_type=project&#038;p=125419"},"modified":"2024-08-20T17:12:00","modified_gmt":"2024-08-20T21:12:00","slug":"franciscan-commemorative-park","status":"publish","type":"project","link":"https:\/\/int.design\/en\/projects\/franciscan-commemorative-park\/","title":{"rendered":"Franciscan Commemorative Park"},"content":{"rendered":"","protected":false},"template":"","class_list":["post-125419","project","type-project","status-publish","hentry"],"acf":[],"yoast_head":"<!-- This site is optimized with the Yoast SEO plugin v21.5 - https:\/\/yoast.com\/wordpress\/plugins\/seo\/ -->\n<title>Franciscan Commemorative Park - INT Design<\/title>\n<meta name=\"robots\" content=\"index, follow, max-snippet:-1, max-image-preview:large, max-video-preview:-1\" \/>\n<link rel=\"canonical\" href=\"https:\/\/int.design\/fr\/projects\/parc-commemoratif-des-franciscains\/\" \/>\n<meta property=\"og:locale\" content=\"en_US\" \/>\n<meta property=\"og:type\" content=\"article\" \/>\n<meta property=\"og:title\" content=\"Franciscan Commemorative Park - INT Design\" \/>\n<meta property=\"og:url\" content=\"https:\/\/int.design\/fr\/projects\/parc-commemoratif-des-franciscains\/\" \/>\n<meta property=\"og:site_name\" content=\"INT Design\" \/>\n<meta name=\"twitter:card\" content=\"summary_large_image\" \/>\n<script type=\"application\/ld+json\" class=\"yoast-schema-graph\">{\"@context\":\"https:\/\/schema.org\",\"@graph\":[{\"@type\":\"WebPage\",\"@id\":\"https:\/\/int.design\/fr\/projects\/parc-commemoratif-des-franciscains\/\",\"url\":\"https:\/\/int.design\/fr\/projects\/parc-commemoratif-des-franciscains\/\",\"name\":\"Franciscan Commemorative Park - INT Design\",\"isPartOf\":{\"@id\":\"https:\/\/int.design\/fr\/#website\"},\"datePublished\":\"2024-08-20T21:12:00+00:00\",\"dateModified\":\"2024-08-20T21:12:00+00:00\",\"breadcrumb\":{\"@id\":\"https:\/\/int.design\/fr\/projects\/parc-commemoratif-des-franciscains\/#breadcrumb\"},\"inLanguage\":\"en-US\",\"potentialAction\":[{\"@type\":\"ReadAction\",\"target\":[\"https:\/\/int.design\/fr\/projects\/parc-commemoratif-des-franciscains\/\"]}]},{\"@type\":\"BreadcrumbList\",\"@id\":\"https:\/\/int.design\/fr\/projects\/parc-commemoratif-des-franciscains\/#breadcrumb\",\"itemListElement\":[{\"@type\":\"ListItem\",\"position\":1,\"name\":\"Home\",\"item\":\"https:\/\/int.design\/en\/\"},{\"@type\":\"ListItem\",\"position\":2,\"name\":\"Projects\",\"item\":\"https:\/\/int.design\/en\/projects\/\"},{\"@type\":\"ListItem\",\"position\":3,\"name\":\"Franciscan Commemorative Park\"}]},{\"@type\":\"WebSite\",\"@id\":\"https:\/\/int.design\/fr\/#website\",\"url\":\"https:\/\/int.design\/fr\/\",\"name\":\"INT Design\",\"description\":\"\",\"potentialAction\":[{\"@type\":\"SearchAction\",\"target\":{\"@type\":\"EntryPoint\",\"urlTemplate\":\"https:\/\/int.design\/fr\/?s={search_term_string}\"},\"query-input\":\"required name=search_term_string\"}],\"inLanguage\":\"en-US\"}]}<\/script>\n<!-- \/ Yoast SEO plugin. -->","yoast_head_json":{"title":"Franciscan Commemorative Park - INT Design","robots":{"index":"index","follow":"follow","max-snippet":"max-snippet:-1","max-image-preview":"max-image-preview:large","max-video-preview":"max-video-preview:-1"},"canonical":"https:\/\/int.design\/fr\/projects\/parc-commemoratif-des-franciscains\/","og_locale":"en_US","og_type":"article","og_title":"Franciscan Commemorative Park - INT Design","og_url":"https:\/\/int.design\/fr\/projects\/parc-commemoratif-des-franciscains\/","og_site_name":"INT Design","twitter_card":"summary_large_image","schema":{"@context":"https:\/\/schema.org","@graph":[{"@type":"WebPage","@id":"https:\/\/int.design\/fr\/projects\/parc-commemoratif-des-franciscains\/","url":"https:\/\/int.design\/fr\/projects\/parc-commemoratif-des-franciscains\/","name":"Franciscan Commemorative Park - INT Design","isPartOf":{"@id":"https:\/\/int.design\/fr\/#website"},"datePublished":"2024-08-20T21:12:00+00:00","dateModified":"2024-08-20T21:12:00+00:00","breadcrumb":{"@id":"https:\/\/int.design\/fr\/projects\/parc-commemoratif-des-franciscains\/#breadcrumb"},"inLanguage":"en-US","potentialAction":[{"@type":"ReadAction","target":["https:\/\/int.design\/fr\/projects\/parc-commemoratif-des-franciscains\/"]}]},{"@type":"BreadcrumbList","@id":"https:\/\/int.design\/fr\/projects\/parc-commemoratif-des-franciscains\/#breadcrumb","itemListElement":[{"@type":"ListItem","position":1,"name":"Home","item":"https:\/\/int.design\/en\/"},{"@type":"ListItem","position":2,"name":"Projects","item":"https:\/\/int.design\/en\/projects\/"},{"@type":"ListItem","position":3,"name":"Franciscan Commemorative Park"}]},{"@type":"WebSite","@id":"https:\/\/int.design\/fr\/#website","url":"https:\/\/int.design\/fr\/","name":"INT Design","description":"","potentialAction":[{"@type":"SearchAction","target":{"@type":"EntryPoint","urlTemplate":"https:\/\/int.design\/fr\/?s={search_term_string}"},"query-input":"required name=search_term_string"}],"inLanguage":"en-US"}]}},"entry":{"cats":{"disciplines":[],"big_cats":[],"sub_cats":[]},"entry":{"":null,"status":"paid","winner_title":"civiliti","winner_prize_lang":"fr","title_translatable":false,"title_en":"","title_fr":"","releve_award":false,"releve_award_cv":false,"collaboration":false,"collaboration_firms":false,"other_firms":[{"name":"FNX-INNOV ","website":"https:\/\/fnx-innov.com\/fr\/","category":"","category_tax":2753},{"name":"Vinci consultants","website":"https:\/\/vinciconsultants.com\/","category":"","category_tax":2753}],"owner":{"name":"Pr\u00e9vel pour l\\'arrondissement Ville-Marie, Ville de Montr\u00e9al ","confidential":false,"website":"https:\/\/montreal.ca\/ville-marie","contact_name":"","email":"","phone":""},"address":{"address":"","city":"Montreal","region":"Montr\u00e9al","province":"QC","country":"CA","postal_code":""},"logos":[{"image":false,"file":false}],"use_logo":false,"designers":[{"name":"civiliti : \u00e9quipe","credit":"Donald Robitaille","image":{"ID":132522,"id":132522,"title":"civiliti_photo \u00e9quipe","filename":"6_civilitiphotoquipe-scaled.jpg","filesize":1245038,"url":"https:\/\/d2q6z78khxmx42.cloudfront.net\/2024\/03\/6_civilitiphotoquipe-scaled.jpg","link":"https:\/\/int.design\/fr\/projets\/parc-commemoratif-des-franciscains\/civiliti_photo-equipe-2\/","alt":"","author":"6290","description":"","caption":"","name":"civiliti_photo-equipe-2","status":"inherit","uploaded_to":125418,"date":"2024-03-28 20:38:32","modified":"2024-03-28 20:41:37","menu_order":0,"mime_type":"image\/jpeg","type":"image","subtype":"jpeg","icon":"https:\/\/int.design\/wp-includes\/images\/media\/default.png","width":2560,"height":1707,"sizes":{"thumbnail":"https:\/\/d2q6z78khxmx42.cloudfront.net\/2024\/03\/6_civilitiphotoquipe-150x150.jpg","thumbnail-width":150,"thumbnail-height":150,"medium":"https:\/\/d2q6z78khxmx42.cloudfront.net\/2024\/03\/6_civilitiphotoquipe-300x200.jpg","medium-width":300,"medium-height":200,"medium_large":"https:\/\/d2q6z78khxmx42.cloudfront.net\/2024\/03\/6_civilitiphotoquipe-768x512.jpg","medium_large-width":768,"medium_large-height":512,"large":"https:\/\/d2q6z78khxmx42.cloudfront.net\/2024\/03\/6_civilitiphotoquipe-1024x683.jpg","large-width":1024,"large-height":683,"1536x1536":"https:\/\/d2q6z78khxmx42.cloudfront.net\/2024\/03\/6_civilitiphotoquipe-1536x1024.jpg","1536x1536-width":1536,"1536x1536-height":1024,"2048x2048":"https:\/\/d2q6z78khxmx42.cloudfront.net\/2024\/03\/6_civilitiphotoquipe-2048x1365.jpg","2048x2048-width":2048,"2048x2048-height":1365,"article":"https:\/\/d2q6z78khxmx42.cloudfront.net\/2024\/03\/6_civilitiphotoquipe-960x540.jpg","article-width":960,"article-height":540,"banner":"https:\/\/d2q6z78khxmx42.cloudfront.net\/2024\/03\/6_civilitiphotoquipe-1920x1280.jpg","banner-width":1920,"banner-height":1280,"block":"https:\/\/d2q6z78khxmx42.cloudfront.net\/2024\/03\/6_civilitiphotoquipe-900x680.jpg","block-width":900,"block-height":680,"card":"https:\/\/d2q6z78khxmx42.cloudfront.net\/2024\/03\/6_civilitiphotoquipe-560x495.jpg","card-width":560,"card-height":495,"card-thumbnail":"https:\/\/d2q6z78khxmx42.cloudfront.net\/2024\/03\/6_civilitiphotoquipe-450x340.jpg","card-thumbnail-width":450,"card-thumbnail-height":340,"conference":"https:\/\/d2q6z78khxmx42.cloudfront.net\/2024\/03\/6_civilitiphotoquipe-560x250.jpg","conference-width":560,"conference-height":250,"contest":"https:\/\/d2q6z78khxmx42.cloudfront.net\/2024\/03\/6_civilitiphotoquipe-960x400.jpg","contest-width":960,"contest-height":400,"cta":"https:\/\/d2q6z78khxmx42.cloudfront.net\/2024\/03\/6_civilitiphotoquipe-415x170.jpg","cta-width":415,"cta-height":170,"exhibitor":"https:\/\/d2q6z78khxmx42.cloudfront.net\/2024\/03\/6_civilitiphotoquipe-560x560.jpg","exhibitor-width":560,"exhibitor-height":560,"gallery":"https:\/\/d2q6z78khxmx42.cloudfront.net\/2024\/03\/6_civilitiphotoquipe-560x373.jpg","gallery-width":560,"gallery-height":373,"logo":"https:\/\/d2q6z78khxmx42.cloudfront.net\/2024\/03\/6_civilitiphotoquipe-150x100.jpg","logo-width":150,"logo-height":100,"masonry":"https:\/\/d2q6z78khxmx42.cloudfront.net\/2024\/03\/6_civilitiphotoquipe-550x367.jpg","masonry-width":550,"masonry-height":367,"modal":"https:\/\/d2q6z78khxmx42.cloudfront.net\/2024\/03\/q5w7uN2t-6_civilitiphotoquipe-1920x1280.jpg","modal-width":1920,"modal-height":1280,"number":"https:\/\/d2q6z78khxmx42.cloudfront.net\/2024\/03\/q5w7uN2t-6_civilitiphotoquipe-560x373.jpg","number-width":560,"number-height":373,"partner":"https:\/\/d2q6z78khxmx42.cloudfront.net\/2024\/03\/6_civilitiphotoquipe-275x183.jpg","partner-width":275,"partner-height":183,"ranking":"https:\/\/d2q6z78khxmx42.cloudfront.net\/2024\/03\/q5w7uN2t-6_civilitiphotoquipe-960x540.jpg","ranking-width":960,"ranking-height":540,"schedule":"https:\/\/d2q6z78khxmx42.cloudfront.net\/2024\/03\/6_civilitiphotoquipe-960x360.jpg","schedule-width":960,"schedule-height":360,"slideshow":"https:\/\/d2q6z78khxmx42.cloudfront.net\/2024\/03\/6_civilitiphotoquipe-1020x680.jpg","slideshow-width":1020,"slideshow-height":680}},"file":false},{"name":"Peter Soland, charg\u00e9 de projet","credit":"St\u00e9phane Najman","image":{"ID":132523,"id":132523,"title":"civiliti_Peter_Soland","filename":"6_civilitiPeterSoland-scaled.jpg","filesize":502986,"url":"https:\/\/d2q6z78khxmx42.cloudfront.net\/2024\/03\/6_civilitiPeterSoland-scaled.jpg","link":"https:\/\/int.design\/fr\/projets\/parc-commemoratif-des-franciscains\/civiliti_peter_soland-2\/","alt":"","author":"6290","description":"","caption":"","name":"civiliti_peter_soland-2","status":"inherit","uploaded_to":125418,"date":"2024-03-28 20:38:39","modified":"2024-03-28 20:41:37","menu_order":0,"mime_type":"image\/jpeg","type":"image","subtype":"jpeg","icon":"https:\/\/int.design\/wp-includes\/images\/media\/default.png","width":2560,"height":1707,"sizes":{"thumbnail":"https:\/\/d2q6z78khxmx42.cloudfront.net\/2024\/03\/6_civilitiPeterSoland-150x150.jpg","thumbnail-width":150,"thumbnail-height":150,"medium":"https:\/\/d2q6z78khxmx42.cloudfront.net\/2024\/03\/6_civilitiPeterSoland-300x200.jpg","medium-width":300,"medium-height":200,"medium_large":"https:\/\/d2q6z78khxmx42.cloudfront.net\/2024\/03\/6_civilitiPeterSoland-768x512.jpg","medium_large-width":768,"medium_large-height":512,"large":"https:\/\/d2q6z78khxmx42.cloudfront.net\/2024\/03\/6_civilitiPeterSoland-1024x683.jpg","large-width":1024,"large-height":683,"1536x1536":"https:\/\/d2q6z78khxmx42.cloudfront.net\/2024\/03\/6_civilitiPeterSoland-1536x1024.jpg","1536x1536-width":1536,"1536x1536-height":1024,"2048x2048":"https:\/\/d2q6z78khxmx42.cloudfront.net\/2024\/03\/6_civilitiPeterSoland-2048x1365.jpg","2048x2048-width":2048,"2048x2048-height":1365,"article":"https:\/\/d2q6z78khxmx42.cloudfront.net\/2024\/03\/6_civilitiPeterSoland-960x540.jpg","article-width":960,"article-height":540,"banner":"https:\/\/d2q6z78khxmx42.cloudfront.net\/2024\/03\/6_civilitiPeterSoland-1920x1280.jpg","banner-width":1920,"banner-height":1280,"block":"https:\/\/d2q6z78khxmx42.cloudfront.net\/2024\/03\/6_civilitiPeterSoland-900x680.jpg","block-width":900,"block-height":680,"card":"https:\/\/d2q6z78khxmx42.cloudfront.net\/2024\/03\/6_civilitiPeterSoland-560x495.jpg","card-width":560,"card-height":495,"card-thumbnail":"https:\/\/d2q6z78khxmx42.cloudfront.net\/2024\/03\/6_civilitiPeterSoland-450x340.jpg","card-thumbnail-width":450,"card-thumbnail-height":340,"conference":"https:\/\/d2q6z78khxmx42.cloudfront.net\/2024\/03\/6_civilitiPeterSoland-560x250.jpg","conference-width":560,"conference-height":250,"contest":"https:\/\/d2q6z78khxmx42.cloudfront.net\/2024\/03\/6_civilitiPeterSoland-960x400.jpg","contest-width":960,"contest-height":400,"cta":"https:\/\/d2q6z78khxmx42.cloudfront.net\/2024\/03\/6_civilitiPeterSoland-415x170.jpg","cta-width":415,"cta-height":170,"exhibitor":"https:\/\/d2q6z78khxmx42.cloudfront.net\/2024\/03\/6_civilitiPeterSoland-560x560.jpg","exhibitor-width":560,"exhibitor-height":560,"gallery":"https:\/\/d2q6z78khxmx42.cloudfront.net\/2024\/03\/6_civilitiPeterSoland-560x373.jpg","gallery-width":560,"gallery-height":373,"logo":"https:\/\/d2q6z78khxmx42.cloudfront.net\/2024\/03\/6_civilitiPeterSoland-150x100.jpg","logo-width":150,"logo-height":100,"masonry":"https:\/\/d2q6z78khxmx42.cloudfront.net\/2024\/03\/6_civilitiPeterSoland-550x367.jpg","masonry-width":550,"masonry-height":367,"modal":"https:\/\/d2q6z78khxmx42.cloudfront.net\/2024\/03\/k8Q7WyK0-6_civilitiPeterSoland-1920x1280.jpg","modal-width":1920,"modal-height":1280,"number":"https:\/\/d2q6z78khxmx42.cloudfront.net\/2024\/03\/k8Q7WyK0-6_civilitiPeterSoland-560x373.jpg","number-width":560,"number-height":373,"partner":"https:\/\/d2q6z78khxmx42.cloudfront.net\/2024\/03\/6_civilitiPeterSoland-275x183.jpg","partner-width":275,"partner-height":183,"ranking":"https:\/\/d2q6z78khxmx42.cloudfront.net\/2024\/03\/k8Q7WyK0-6_civilitiPeterSoland-960x540.jpg","ranking-width":960,"ranking-height":540,"schedule":"https:\/\/d2q6z78khxmx42.cloudfront.net\/2024\/03\/6_civilitiPeterSoland-960x360.jpg","schedule-width":960,"schedule-height":360,"slideshow":"https:\/\/d2q6z78khxmx42.cloudfront.net\/2024\/03\/6_civilitiPeterSoland-1020x680.jpg","slideshow-width":1020,"slideshow-height":680}},"file":false}],"cover":[{"categories":[3814],"credit":"Adrien Williams","image":{"ID":132524,"id":132524,"title":"civiliti_01_franciscains","filename":"civiliti01franciscains-scaled.jpg","filesize":2107518,"url":"https:\/\/d2q6z78khxmx42.cloudfront.net\/2024\/03\/civiliti01franciscains-scaled.jpg","link":"https:\/\/int.design\/fr\/projets\/parc-commemoratif-des-franciscains\/civiliti_01_franciscains\/","alt":"","author":"6290","description":"Franciscan Commemorative Park civiliti  ","caption":"","name":"civiliti_01_franciscains","status":"inherit","uploaded_to":125418,"date":"2024-03-28 20:39:21","modified":"2024-08-20 21:12:01","menu_order":0,"mime_type":"image\/jpeg","type":"image","subtype":"jpeg","icon":"https:\/\/int.design\/wp-includes\/images\/media\/default.png","width":1707,"height":2560,"sizes":{"thumbnail":"https:\/\/d2q6z78khxmx42.cloudfront.net\/2024\/03\/civiliti01franciscains-150x150.jpg","thumbnail-width":150,"thumbnail-height":150,"medium":"https:\/\/d2q6z78khxmx42.cloudfront.net\/2024\/03\/civiliti01franciscains-200x300.jpg","medium-width":200,"medium-height":300,"medium_large":"https:\/\/d2q6z78khxmx42.cloudfront.net\/2024\/03\/civiliti01franciscains-768x1152.jpg","medium_large-width":768,"medium_large-height":1152,"large":"https:\/\/d2q6z78khxmx42.cloudfront.net\/2024\/03\/civiliti01franciscains-683x1024.jpg","large-width":683,"large-height":1024,"1536x1536":"https:\/\/d2q6z78khxmx42.cloudfront.net\/2024\/03\/civiliti01franciscains-1024x1536.jpg","1536x1536-width":1024,"1536x1536-height":1536,"2048x2048":"https:\/\/d2q6z78khxmx42.cloudfront.net\/2024\/03\/civiliti01franciscains-1365x2048.jpg","2048x2048-width":1365,"2048x2048-height":2048,"article":"https:\/\/d2q6z78khxmx42.cloudfront.net\/2024\/03\/civiliti01franciscains-960x540.jpg","article-width":960,"article-height":540,"banner":"https:\/\/d2q6z78khxmx42.cloudfront.net\/2024\/03\/civiliti01franciscains-1920x2880.jpg","banner-width":1920,"banner-height":2880,"block":"https:\/\/d2q6z78khxmx42.cloudfront.net\/2024\/03\/civiliti01franciscains-900x680.jpg","block-width":900,"block-height":680,"card":"https:\/\/d2q6z78khxmx42.cloudfront.net\/2024\/03\/civiliti01franciscains-560x495.jpg","card-width":560,"card-height":495,"card-thumbnail":"https:\/\/d2q6z78khxmx42.cloudfront.net\/2024\/03\/civiliti01franciscains-450x340.jpg","card-thumbnail-width":450,"card-thumbnail-height":340,"conference":"https:\/\/d2q6z78khxmx42.cloudfront.net\/2024\/03\/civiliti01franciscains-560x250.jpg","conference-width":560,"conference-height":250,"contest":"https:\/\/d2q6z78khxmx42.cloudfront.net\/2024\/03\/civiliti01franciscains-960x400.jpg","contest-width":960,"contest-height":400,"cta":"https:\/\/d2q6z78khxmx42.cloudfront.net\/2024\/03\/civiliti01franciscains-415x170.jpg","cta-width":415,"cta-height":170,"exhibitor":"https:\/\/d2q6z78khxmx42.cloudfront.net\/2024\/03\/civiliti01franciscains-560x560.jpg","exhibitor-width":560,"exhibitor-height":560,"gallery":"https:\/\/d2q6z78khxmx42.cloudfront.net\/2024\/03\/civiliti01franciscains-287x430.jpg","gallery-width":287,"gallery-height":430,"logo":"https:\/\/d2q6z78khxmx42.cloudfront.net\/2024\/03\/civiliti01franciscains-67x100.jpg","logo-width":67,"logo-height":100,"masonry":"https:\/\/d2q6z78khxmx42.cloudfront.net\/2024\/03\/civiliti01franciscains-550x825.jpg","masonry-width":550,"masonry-height":825,"modal":"https:\/\/d2q6z78khxmx42.cloudfront.net\/2024\/03\/civiliti01franciscains-1280x1920.jpg","modal-width":1280,"modal-height":1920,"number":"https:\/\/d2q6z78khxmx42.cloudfront.net\/2024\/03\/9gXYabCY-civiliti01franciscains-287x430.jpg","number-width":287,"number-height":430,"partner":"https:\/\/d2q6z78khxmx42.cloudfront.net\/2024\/03\/civiliti01franciscains-140x210.jpg","partner-width":140,"partner-height":210,"ranking":"https:\/\/d2q6z78khxmx42.cloudfront.net\/2024\/03\/9gXYabCY-civiliti01franciscains-960x540.jpg","ranking-width":960,"ranking-height":540,"schedule":"https:\/\/d2q6z78khxmx42.cloudfront.net\/2024\/03\/civiliti01franciscains-960x360.jpg","schedule-width":960,"schedule-height":360,"slideshow":"https:\/\/d2q6z78khxmx42.cloudfront.net\/2024\/03\/civiliti01franciscains-453x680.jpg","slideshow-width":453,"slideshow-height":680}},"filters":false,"suppliers":false,"attachment_category":{"995":"Paysage","557":"Paysage - Commercial &amp; public"}}],"images":[{"categories":[3814],"credit":"Adrien Williams","image":{"ID":132525,"id":132525,"title":"civiliti_02_franciscains","filename":"civiliti02franciscains-scaled.jpg","filesize":2082510,"url":"https:\/\/d2q6z78khxmx42.cloudfront.net\/2024\/03\/civiliti02franciscains-scaled.jpg","link":"https:\/\/int.design\/fr\/projets\/parc-commemoratif-des-franciscains\/civiliti_02_franciscains\/","alt":"","author":"6290","description":"Franciscan Commemorative Park civiliti  ","caption":"","name":"civiliti_02_franciscains","status":"inherit","uploaded_to":125418,"date":"2024-03-28 20:39:33","modified":"2024-08-20 21:12:01","menu_order":0,"mime_type":"image\/jpeg","type":"image","subtype":"jpeg","icon":"https:\/\/int.design\/wp-includes\/images\/media\/default.png","width":2560,"height":1694,"sizes":{"thumbnail":"https:\/\/d2q6z78khxmx42.cloudfront.net\/2024\/03\/civiliti02franciscains-150x150.jpg","thumbnail-width":150,"thumbnail-height":150,"medium":"https:\/\/d2q6z78khxmx42.cloudfront.net\/2024\/03\/civiliti02franciscains-300x199.jpg","medium-width":300,"medium-height":199,"medium_large":"https:\/\/d2q6z78khxmx42.cloudfront.net\/2024\/03\/civiliti02franciscains-768x508.jpg","medium_large-width":768,"medium_large-height":508,"large":"https:\/\/d2q6z78khxmx42.cloudfront.net\/2024\/03\/civiliti02franciscains-1024x678.jpg","large-width":1024,"large-height":678,"1536x1536":"https:\/\/d2q6z78khxmx42.cloudfront.net\/2024\/03\/civiliti02franciscains-1536x1017.jpg","1536x1536-width":1536,"1536x1536-height":1017,"2048x2048":"https:\/\/d2q6z78khxmx42.cloudfront.net\/2024\/03\/civiliti02franciscains-2048x1355.jpg","2048x2048-width":2048,"2048x2048-height":1355,"article":"https:\/\/d2q6z78khxmx42.cloudfront.net\/2024\/03\/civiliti02franciscains-960x540.jpg","article-width":960,"article-height":540,"banner":"https:\/\/d2q6z78khxmx42.cloudfront.net\/2024\/03\/civiliti02franciscains-1920x1271.jpg","banner-width":1920,"banner-height":1271,"block":"https:\/\/d2q6z78khxmx42.cloudfront.net\/2024\/03\/civiliti02franciscains-900x680.jpg","block-width":900,"block-height":680,"card":"https:\/\/d2q6z78khxmx42.cloudfront.net\/2024\/03\/civiliti02franciscains-560x495.jpg","card-width":560,"card-height":495,"card-thumbnail":"https:\/\/d2q6z78khxmx42.cloudfront.net\/2024\/03\/civiliti02franciscains-450x340.jpg","card-thumbnail-width":450,"card-thumbnail-height":340,"conference":"https:\/\/d2q6z78khxmx42.cloudfront.net\/2024\/03\/civiliti02franciscains-560x250.jpg","conference-width":560,"conference-height":250,"contest":"https:\/\/d2q6z78khxmx42.cloudfront.net\/2024\/03\/civiliti02franciscains-960x400.jpg","contest-width":960,"contest-height":400,"cta":"https:\/\/d2q6z78khxmx42.cloudfront.net\/2024\/03\/civiliti02franciscains-415x170.jpg","cta-width":415,"cta-height":170,"exhibitor":"https:\/\/d2q6z78khxmx42.cloudfront.net\/2024\/03\/civiliti02franciscains-560x560.jpg","exhibitor-width":560,"exhibitor-height":560,"gallery":"https:\/\/d2q6z78khxmx42.cloudfront.net\/2024\/03\/civiliti02franciscains-560x371.jpg","gallery-width":560,"gallery-height":371,"logo":"https:\/\/d2q6z78khxmx42.cloudfront.net\/2024\/03\/civiliti02franciscains-151x100.jpg","logo-width":151,"logo-height":100,"masonry":"https:\/\/d2q6z78khxmx42.cloudfront.net\/2024\/03\/civiliti02franciscains-550x364.jpg","masonry-width":550,"masonry-height":364,"modal":"https:\/\/d2q6z78khxmx42.cloudfront.net\/2024\/03\/memg1gxb-civiliti02franciscains-1920x1271.jpg","modal-width":1920,"modal-height":1271,"number":"https:\/\/d2q6z78khxmx42.cloudfront.net\/2024\/03\/memg1gxb-civiliti02franciscains-560x371.jpg","number-width":560,"number-height":371,"partner":"https:\/\/d2q6z78khxmx42.cloudfront.net\/2024\/03\/civiliti02franciscains-275x182.jpg","partner-width":275,"partner-height":182,"ranking":"https:\/\/d2q6z78khxmx42.cloudfront.net\/2024\/03\/memg1gxb-civiliti02franciscains-960x540.jpg","ranking-width":960,"ranking-height":540,"schedule":"https:\/\/d2q6z78khxmx42.cloudfront.net\/2024\/03\/civiliti02franciscains-960x360.jpg","schedule-width":960,"schedule-height":360,"slideshow":"https:\/\/d2q6z78khxmx42.cloudfront.net\/2024\/03\/civiliti02franciscains-1028x680.jpg","slideshow-width":1028,"slideshow-height":680}},"filters":false,"suppliers":false,"attachment_category":[]},{"categories":[3814],"credit":"Adrien Williams","image":{"ID":132526,"id":132526,"title":"civiliti_03_franciscains","filename":"civiliti03franciscains-scaled.jpg","filesize":2259047,"url":"https:\/\/d2q6z78khxmx42.cloudfront.net\/2024\/03\/civiliti03franciscains-scaled.jpg","link":"https:\/\/int.design\/fr\/projets\/parc-commemoratif-des-franciscains\/civiliti_03_franciscains\/","alt":"","author":"6290","description":"Franciscan Commemorative Park civiliti  ","caption":"","name":"civiliti_03_franciscains","status":"inherit","uploaded_to":125418,"date":"2024-03-28 20:39:45","modified":"2024-08-20 21:12:01","menu_order":0,"mime_type":"image\/jpeg","type":"image","subtype":"jpeg","icon":"https:\/\/int.design\/wp-includes\/images\/media\/default.png","width":2560,"height":1917,"sizes":{"thumbnail":"https:\/\/d2q6z78khxmx42.cloudfront.net\/2024\/03\/civiliti03franciscains-150x150.jpg","thumbnail-width":150,"thumbnail-height":150,"medium":"https:\/\/d2q6z78khxmx42.cloudfront.net\/2024\/03\/civiliti03franciscains-300x225.jpg","medium-width":300,"medium-height":225,"medium_large":"https:\/\/d2q6z78khxmx42.cloudfront.net\/2024\/03\/civiliti03franciscains-768x575.jpg","medium_large-width":768,"medium_large-height":575,"large":"https:\/\/d2q6z78khxmx42.cloudfront.net\/2024\/03\/civiliti03franciscains-1024x767.jpg","large-width":1024,"large-height":767,"1536x1536":"https:\/\/d2q6z78khxmx42.cloudfront.net\/2024\/03\/civiliti03franciscains-1536x1150.jpg","1536x1536-width":1536,"1536x1536-height":1150,"2048x2048":"https:\/\/d2q6z78khxmx42.cloudfront.net\/2024\/03\/civiliti03franciscains-2048x1534.jpg","2048x2048-width":2048,"2048x2048-height":1534,"article":"https:\/\/d2q6z78khxmx42.cloudfront.net\/2024\/03\/civiliti03franciscains-960x540.jpg","article-width":960,"article-height":540,"banner":"https:\/\/d2q6z78khxmx42.cloudfront.net\/2024\/03\/civiliti03franciscains-1920x1438.jpg","banner-width":1920,"banner-height":1438,"block":"https:\/\/d2q6z78khxmx42.cloudfront.net\/2024\/03\/civiliti03franciscains-900x680.jpg","block-width":900,"block-height":680,"card":"https:\/\/d2q6z78khxmx42.cloudfront.net\/2024\/03\/civiliti03franciscains-560x495.jpg","card-width":560,"card-height":495,"card-thumbnail":"https:\/\/d2q6z78khxmx42.cloudfront.net\/2024\/03\/civiliti03franciscains-450x340.jpg","card-thumbnail-width":450,"card-thumbnail-height":340,"conference":"https:\/\/d2q6z78khxmx42.cloudfront.net\/2024\/03\/civiliti03franciscains-560x250.jpg","conference-width":560,"conference-height":250,"contest":"https:\/\/d2q6z78khxmx42.cloudfront.net\/2024\/03\/civiliti03franciscains-960x400.jpg","contest-width":960,"contest-height":400,"cta":"https:\/\/d2q6z78khxmx42.cloudfront.net\/2024\/03\/civiliti03franciscains-415x170.jpg","cta-width":415,"cta-height":170,"exhibitor":"https:\/\/d2q6z78khxmx42.cloudfront.net\/2024\/03\/civiliti03franciscains-560x560.jpg","exhibitor-width":560,"exhibitor-height":560,"gallery":"https:\/\/d2q6z78khxmx42.cloudfront.net\/2024\/03\/civiliti03franciscains-560x419.jpg","gallery-width":560,"gallery-height":419,"logo":"https:\/\/d2q6z78khxmx42.cloudfront.net\/2024\/03\/civiliti03franciscains-134x100.jpg","logo-width":134,"logo-height":100,"masonry":"https:\/\/d2q6z78khxmx42.cloudfront.net\/2024\/03\/civiliti03franciscains-550x412.jpg","masonry-width":550,"masonry-height":412,"modal":"https:\/\/d2q6z78khxmx42.cloudfront.net\/2024\/03\/EOrLy1Xx-civiliti03franciscains-1920x1438.jpg","modal-width":1920,"modal-height":1438,"number":"https:\/\/d2q6z78khxmx42.cloudfront.net\/2024\/03\/EOrLy1Xx-civiliti03franciscains-560x419.jpg","number-width":560,"number-height":419,"partner":"https:\/\/d2q6z78khxmx42.cloudfront.net\/2024\/03\/civiliti03franciscains-275x206.jpg","partner-width":275,"partner-height":206,"ranking":"https:\/\/d2q6z78khxmx42.cloudfront.net\/2024\/03\/EOrLy1Xx-civiliti03franciscains-960x540.jpg","ranking-width":960,"ranking-height":540,"schedule":"https:\/\/d2q6z78khxmx42.cloudfront.net\/2024\/03\/civiliti03franciscains-960x360.jpg","schedule-width":960,"schedule-height":360,"slideshow":"https:\/\/d2q6z78khxmx42.cloudfront.net\/2024\/03\/civiliti03franciscains-908x680.jpg","slideshow-width":908,"slideshow-height":680}},"filters":false,"suppliers":false,"attachment_category":[]},{"categories":[3814],"credit":"Adrien Williams","image":{"ID":132527,"id":132527,"title":"civiliti_04_franciscains","filename":"civiliti04franciscains-scaled.jpg","filesize":1519211,"url":"https:\/\/d2q6z78khxmx42.cloudfront.net\/2024\/03\/civiliti04franciscains-scaled.jpg","link":"https:\/\/int.design\/fr\/projets\/parc-commemoratif-des-franciscains\/civiliti_04_franciscains\/","alt":"","author":"6290","description":"Franciscan Commemorative Park civiliti  ","caption":"","name":"civiliti_04_franciscains","status":"inherit","uploaded_to":125418,"date":"2024-03-28 20:40:00","modified":"2024-08-20 21:12:02","menu_order":0,"mime_type":"image\/jpeg","type":"image","subtype":"jpeg","icon":"https:\/\/int.design\/wp-includes\/images\/media\/default.png","width":1707,"height":2560,"sizes":{"thumbnail":"https:\/\/d2q6z78khxmx42.cloudfront.net\/2024\/03\/civiliti04franciscains-150x150.jpg","thumbnail-width":150,"thumbnail-height":150,"medium":"https:\/\/d2q6z78khxmx42.cloudfront.net\/2024\/03\/civiliti04franciscains-200x300.jpg","medium-width":200,"medium-height":300,"medium_large":"https:\/\/d2q6z78khxmx42.cloudfront.net\/2024\/03\/civiliti04franciscains-768x1152.jpg","medium_large-width":768,"medium_large-height":1152,"large":"https:\/\/d2q6z78khxmx42.cloudfront.net\/2024\/03\/civiliti04franciscains-683x1024.jpg","large-width":683,"large-height":1024,"1536x1536":"https:\/\/d2q6z78khxmx42.cloudfront.net\/2024\/03\/civiliti04franciscains-1024x1536.jpg","1536x1536-width":1024,"1536x1536-height":1536,"2048x2048":"https:\/\/d2q6z78khxmx42.cloudfront.net\/2024\/03\/civiliti04franciscains-1365x2048.jpg","2048x2048-width":1365,"2048x2048-height":2048,"article":"https:\/\/d2q6z78khxmx42.cloudfront.net\/2024\/03\/civiliti04franciscains-960x540.jpg","article-width":960,"article-height":540,"banner":"https:\/\/d2q6z78khxmx42.cloudfront.net\/2024\/03\/civiliti04franciscains-1920x2880.jpg","banner-width":1920,"banner-height":2880,"block":"https:\/\/d2q6z78khxmx42.cloudfront.net\/2024\/03\/civiliti04franciscains-900x680.jpg","block-width":900,"block-height":680,"card":"https:\/\/d2q6z78khxmx42.cloudfront.net\/2024\/03\/civiliti04franciscains-560x495.jpg","card-width":560,"card-height":495,"card-thumbnail":"https:\/\/d2q6z78khxmx42.cloudfront.net\/2024\/03\/civiliti04franciscains-450x340.jpg","card-thumbnail-width":450,"card-thumbnail-height":340,"conference":"https:\/\/d2q6z78khxmx42.cloudfront.net\/2024\/03\/civiliti04franciscains-560x250.jpg","conference-width":560,"conference-height":250,"contest":"https:\/\/d2q6z78khxmx42.cloudfront.net\/2024\/03\/civiliti04franciscains-960x400.jpg","contest-width":960,"contest-height":400,"cta":"https:\/\/d2q6z78khxmx42.cloudfront.net\/2024\/03\/civiliti04franciscains-415x170.jpg","cta-width":415,"cta-height":170,"exhibitor":"https:\/\/d2q6z78khxmx42.cloudfront.net\/2024\/03\/civiliti04franciscains-560x560.jpg","exhibitor-width":560,"exhibitor-height":560,"gallery":"https:\/\/d2q6z78khxmx42.cloudfront.net\/2024\/03\/civiliti04franciscains-287x430.jpg","gallery-width":287,"gallery-height":430,"logo":"https:\/\/d2q6z78khxmx42.cloudfront.net\/2024\/03\/civiliti04franciscains-67x100.jpg","logo-width":67,"logo-height":100,"masonry":"https:\/\/d2q6z78khxmx42.cloudfront.net\/2024\/03\/civiliti04franciscains-550x825.jpg","masonry-width":550,"masonry-height":825,"modal":"https:\/\/d2q6z78khxmx42.cloudfront.net\/2024\/03\/civiliti04franciscains-1280x1920.jpg","modal-width":1280,"modal-height":1920,"number":"https:\/\/d2q6z78khxmx42.cloudfront.net\/2024\/03\/Xy6RJpEW-civiliti04franciscains-287x430.jpg","number-width":287,"number-height":430,"partner":"https:\/\/d2q6z78khxmx42.cloudfront.net\/2024\/03\/civiliti04franciscains-140x210.jpg","partner-width":140,"partner-height":210,"ranking":"https:\/\/d2q6z78khxmx42.cloudfront.net\/2024\/03\/Xy6RJpEW-civiliti04franciscains-960x540.jpg","ranking-width":960,"ranking-height":540,"schedule":"https:\/\/d2q6z78khxmx42.cloudfront.net\/2024\/03\/civiliti04franciscains-960x360.jpg","schedule-width":960,"schedule-height":360,"slideshow":"https:\/\/d2q6z78khxmx42.cloudfront.net\/2024\/03\/civiliti04franciscains-453x680.jpg","slideshow-width":453,"slideshow-height":680}},"filters":false,"suppliers":false,"attachment_category":[]},{"categories":[3814],"credit":"Adrien Williams","image":{"ID":132529,"id":132529,"title":"civiliti_05_franciscains","filename":"civiliti05franciscains-scaled.jpg","filesize":1613918,"url":"https:\/\/d2q6z78khxmx42.cloudfront.net\/2024\/03\/civiliti05franciscains-scaled.jpg","link":"https:\/\/int.design\/fr\/projets\/parc-commemoratif-des-franciscains\/civiliti_05_franciscains\/","alt":"","author":"6290","description":"Franciscan Commemorative Park civiliti  ","caption":"","name":"civiliti_05_franciscains","status":"inherit","uploaded_to":125418,"date":"2024-03-28 20:40:18","modified":"2024-08-20 21:12:02","menu_order":0,"mime_type":"image\/jpeg","type":"image","subtype":"jpeg","icon":"https:\/\/int.design\/wp-includes\/images\/media\/default.png","width":2560,"height":1707,"sizes":{"thumbnail":"https:\/\/d2q6z78khxmx42.cloudfront.net\/2024\/03\/civiliti05franciscains-150x150.jpg","thumbnail-width":150,"thumbnail-height":150,"medium":"https:\/\/d2q6z78khxmx42.cloudfront.net\/2024\/03\/civiliti05franciscains-300x200.jpg","medium-width":300,"medium-height":200,"medium_large":"https:\/\/d2q6z78khxmx42.cloudfront.net\/2024\/03\/civiliti05franciscains-768x512.jpg","medium_large-width":768,"medium_large-height":512,"large":"https:\/\/d2q6z78khxmx42.cloudfront.net\/2024\/03\/civiliti05franciscains-1024x683.jpg","large-width":1024,"large-height":683,"1536x1536":"https:\/\/d2q6z78khxmx42.cloudfront.net\/2024\/03\/civiliti05franciscains-1536x1024.jpg","1536x1536-width":1536,"1536x1536-height":1024,"2048x2048":"https:\/\/d2q6z78khxmx42.cloudfront.net\/2024\/03\/civiliti05franciscains-2048x1365.jpg","2048x2048-width":2048,"2048x2048-height":1365,"article":"https:\/\/d2q6z78khxmx42.cloudfront.net\/2024\/03\/civiliti05franciscains-960x540.jpg","article-width":960,"article-height":540,"banner":"https:\/\/d2q6z78khxmx42.cloudfront.net\/2024\/03\/civiliti05franciscains-1920x1280.jpg","banner-width":1920,"banner-height":1280,"block":"https:\/\/d2q6z78khxmx42.cloudfront.net\/2024\/03\/civiliti05franciscains-900x680.jpg","block-width":900,"block-height":680,"card":"https:\/\/d2q6z78khxmx42.cloudfront.net\/2024\/03\/civiliti05franciscains-560x495.jpg","card-width":560,"card-height":495,"card-thumbnail":"https:\/\/d2q6z78khxmx42.cloudfront.net\/2024\/03\/civiliti05franciscains-450x340.jpg","card-thumbnail-width":450,"card-thumbnail-height":340,"conference":"https:\/\/d2q6z78khxmx42.cloudfront.net\/2024\/03\/civiliti05franciscains-560x250.jpg","conference-width":560,"conference-height":250,"contest":"https:\/\/d2q6z78khxmx42.cloudfront.net\/2024\/03\/civiliti05franciscains-960x400.jpg","contest-width":960,"contest-height":400,"cta":"https:\/\/d2q6z78khxmx42.cloudfront.net\/2024\/03\/civiliti05franciscains-415x170.jpg","cta-width":415,"cta-height":170,"exhibitor":"https:\/\/d2q6z78khxmx42.cloudfront.net\/2024\/03\/civiliti05franciscains-560x560.jpg","exhibitor-width":560,"exhibitor-height":560,"gallery":"https:\/\/d2q6z78khxmx42.cloudfront.net\/2024\/03\/civiliti05franciscains-560x373.jpg","gallery-width":560,"gallery-height":373,"logo":"https:\/\/d2q6z78khxmx42.cloudfront.net\/2024\/03\/civiliti05franciscains-150x100.jpg","logo-width":150,"logo-height":100,"masonry":"https:\/\/d2q6z78khxmx42.cloudfront.net\/2024\/03\/civiliti05franciscains-550x367.jpg","masonry-width":550,"masonry-height":367,"modal":"https:\/\/d2q6z78khxmx42.cloudfront.net\/2024\/03\/6Ml0VYdM-civiliti05franciscains-1920x1280.jpg","modal-width":1920,"modal-height":1280,"number":"https:\/\/d2q6z78khxmx42.cloudfront.net\/2024\/03\/6Ml0VYdM-civiliti05franciscains-560x373.jpg","number-width":560,"number-height":373,"partner":"https:\/\/d2q6z78khxmx42.cloudfront.net\/2024\/03\/civiliti05franciscains-275x183.jpg","partner-width":275,"partner-height":183,"ranking":"https:\/\/d2q6z78khxmx42.cloudfront.net\/2024\/03\/6Ml0VYdM-civiliti05franciscains-960x540.jpg","ranking-width":960,"ranking-height":540,"schedule":"https:\/\/d2q6z78khxmx42.cloudfront.net\/2024\/03\/civiliti05franciscains-960x360.jpg","schedule-width":960,"schedule-height":360,"slideshow":"https:\/\/d2q6z78khxmx42.cloudfront.net\/2024\/03\/civiliti05franciscains-1020x680.jpg","slideshow-width":1020,"slideshow-height":680}},"filters":false,"suppliers":false,"attachment_category":[]},{"categories":[3814],"credit":"Adrien Williams","image":{"ID":132530,"id":132530,"title":"civiliti_06_franciscains","filename":"civiliti06franciscains-scaled.jpg","filesize":1503063,"url":"https:\/\/d2q6z78khxmx42.cloudfront.net\/2024\/03\/civiliti06franciscains-scaled.jpg","link":"https:\/\/int.design\/fr\/projets\/parc-commemoratif-des-franciscains\/civiliti_06_franciscains\/","alt":"","author":"6290","description":"Franciscan Commemorative Park civiliti  ","caption":"","name":"civiliti_06_franciscains","status":"inherit","uploaded_to":125418,"date":"2024-03-28 20:40:31","modified":"2024-08-20 21:12:02","menu_order":0,"mime_type":"image\/jpeg","type":"image","subtype":"jpeg","icon":"https:\/\/int.design\/wp-includes\/images\/media\/default.png","width":2560,"height":1707,"sizes":{"thumbnail":"https:\/\/d2q6z78khxmx42.cloudfront.net\/2024\/03\/civiliti06franciscains-150x150.jpg","thumbnail-width":150,"thumbnail-height":150,"medium":"https:\/\/d2q6z78khxmx42.cloudfront.net\/2024\/03\/civiliti06franciscains-300x200.jpg","medium-width":300,"medium-height":200,"medium_large":"https:\/\/d2q6z78khxmx42.cloudfront.net\/2024\/03\/civiliti06franciscains-768x512.jpg","medium_large-width":768,"medium_large-height":512,"large":"https:\/\/d2q6z78khxmx42.cloudfront.net\/2024\/03\/civiliti06franciscains-1024x683.jpg","large-width":1024,"large-height":683,"1536x1536":"https:\/\/d2q6z78khxmx42.cloudfront.net\/2024\/03\/civiliti06franciscains-1536x1024.jpg","1536x1536-width":1536,"1536x1536-height":1024,"2048x2048":"https:\/\/d2q6z78khxmx42.cloudfront.net\/2024\/03\/civiliti06franciscains-2048x1365.jpg","2048x2048-width":2048,"2048x2048-height":1365,"article":"https:\/\/d2q6z78khxmx42.cloudfront.net\/2024\/03\/civiliti06franciscains-960x540.jpg","article-width":960,"article-height":540,"banner":"https:\/\/d2q6z78khxmx42.cloudfront.net\/2024\/03\/civiliti06franciscains-1920x1280.jpg","banner-width":1920,"banner-height":1280,"block":"https:\/\/d2q6z78khxmx42.cloudfront.net\/2024\/03\/civiliti06franciscains-900x680.jpg","block-width":900,"block-height":680,"card":"https:\/\/d2q6z78khxmx42.cloudfront.net\/2024\/03\/civiliti06franciscains-560x495.jpg","card-width":560,"card-height":495,"card-thumbnail":"https:\/\/d2q6z78khxmx42.cloudfront.net\/2024\/03\/civiliti06franciscains-450x340.jpg","card-thumbnail-width":450,"card-thumbnail-height":340,"conference":"https:\/\/d2q6z78khxmx42.cloudfront.net\/2024\/03\/civiliti06franciscains-560x250.jpg","conference-width":560,"conference-height":250,"contest":"https:\/\/d2q6z78khxmx42.cloudfront.net\/2024\/03\/civiliti06franciscains-960x400.jpg","contest-width":960,"contest-height":400,"cta":"https:\/\/d2q6z78khxmx42.cloudfront.net\/2024\/03\/civiliti06franciscains-415x170.jpg","cta-width":415,"cta-height":170,"exhibitor":"https:\/\/d2q6z78khxmx42.cloudfront.net\/2024\/03\/civiliti06franciscains-560x560.jpg","exhibitor-width":560,"exhibitor-height":560,"gallery":"https:\/\/d2q6z78khxmx42.cloudfront.net\/2024\/03\/civiliti06franciscains-560x373.jpg","gallery-width":560,"gallery-height":373,"logo":"https:\/\/d2q6z78khxmx42.cloudfront.net\/2024\/03\/civiliti06franciscains-150x100.jpg","logo-width":150,"logo-height":100,"masonry":"https:\/\/d2q6z78khxmx42.cloudfront.net\/2024\/03\/civiliti06franciscains-550x367.jpg","masonry-width":550,"masonry-height":367,"modal":"https:\/\/d2q6z78khxmx42.cloudfront.net\/2024\/03\/aSUMp2LU-civiliti06franciscains-1920x1280.jpg","modal-width":1920,"modal-height":1280,"number":"https:\/\/d2q6z78khxmx42.cloudfront.net\/2024\/03\/aSUMp2LU-civiliti06franciscains-560x373.jpg","number-width":560,"number-height":373,"partner":"https:\/\/d2q6z78khxmx42.cloudfront.net\/2024\/03\/civiliti06franciscains-275x183.jpg","partner-width":275,"partner-height":183,"ranking":"https:\/\/d2q6z78khxmx42.cloudfront.net\/2024\/03\/aSUMp2LU-civiliti06franciscains-960x540.jpg","ranking-width":960,"ranking-height":540,"schedule":"https:\/\/d2q6z78khxmx42.cloudfront.net\/2024\/03\/civiliti06franciscains-960x360.jpg","schedule-width":960,"schedule-height":360,"slideshow":"https:\/\/d2q6z78khxmx42.cloudfront.net\/2024\/03\/civiliti06franciscains-1020x680.jpg","slideshow-width":1020,"slideshow-height":680}},"filters":false,"suppliers":false,"attachment_category":[]},{"categories":[3814],"credit":"Adrien Williams","image":{"ID":132531,"id":132531,"title":"civiliti_07_franciscains","filename":"civiliti07franciscains-scaled.jpg","filesize":1348897,"url":"https:\/\/d2q6z78khxmx42.cloudfront.net\/2024\/03\/civiliti07franciscains-scaled.jpg","link":"https:\/\/int.design\/fr\/projets\/parc-commemoratif-des-franciscains\/civiliti_07_franciscains\/","alt":"","author":"6290","description":"Franciscan Commemorative Park civiliti  ","caption":"","name":"civiliti_07_franciscains","status":"inherit","uploaded_to":125418,"date":"2024-03-28 20:40:42","modified":"2024-08-20 21:12:02","menu_order":0,"mime_type":"image\/jpeg","type":"image","subtype":"jpeg","icon":"https:\/\/int.design\/wp-includes\/images\/media\/default.png","width":1707,"height":2560,"sizes":{"thumbnail":"https:\/\/d2q6z78khxmx42.cloudfront.net\/2024\/03\/civiliti07franciscains-150x150.jpg","thumbnail-width":150,"thumbnail-height":150,"medium":"https:\/\/d2q6z78khxmx42.cloudfront.net\/2024\/03\/civiliti07franciscains-200x300.jpg","medium-width":200,"medium-height":300,"medium_large":"https:\/\/d2q6z78khxmx42.cloudfront.net\/2024\/03\/civiliti07franciscains-768x1152.jpg","medium_large-width":768,"medium_large-height":1152,"large":"https:\/\/d2q6z78khxmx42.cloudfront.net\/2024\/03\/civiliti07franciscains-683x1024.jpg","large-width":683,"large-height":1024,"1536x1536":"https:\/\/d2q6z78khxmx42.cloudfront.net\/2024\/03\/civiliti07franciscains-1024x1536.jpg","1536x1536-width":1024,"1536x1536-height":1536,"2048x2048":"https:\/\/d2q6z78khxmx42.cloudfront.net\/2024\/03\/civiliti07franciscains-1365x2048.jpg","2048x2048-width":1365,"2048x2048-height":2048,"article":"https:\/\/d2q6z78khxmx42.cloudfront.net\/2024\/03\/civiliti07franciscains-960x540.jpg","article-width":960,"article-height":540,"banner":"https:\/\/d2q6z78khxmx42.cloudfront.net\/2024\/03\/civiliti07franciscains-1920x2880.jpg","banner-width":1920,"banner-height":2880,"block":"https:\/\/d2q6z78khxmx42.cloudfront.net\/2024\/03\/civiliti07franciscains-900x680.jpg","block-width":900,"block-height":680,"card":"https:\/\/d2q6z78khxmx42.cloudfront.net\/2024\/03\/civiliti07franciscains-560x495.jpg","card-width":560,"card-height":495,"card-thumbnail":"https:\/\/d2q6z78khxmx42.cloudfront.net\/2024\/03\/civiliti07franciscains-450x340.jpg","card-thumbnail-width":450,"card-thumbnail-height":340,"conference":"https:\/\/d2q6z78khxmx42.cloudfront.net\/2024\/03\/civiliti07franciscains-560x250.jpg","conference-width":560,"conference-height":250,"contest":"https:\/\/d2q6z78khxmx42.cloudfront.net\/2024\/03\/civiliti07franciscains-960x400.jpg","contest-width":960,"contest-height":400,"cta":"https:\/\/d2q6z78khxmx42.cloudfront.net\/2024\/03\/civiliti07franciscains-415x170.jpg","cta-width":415,"cta-height":170,"exhibitor":"https:\/\/d2q6z78khxmx42.cloudfront.net\/2024\/03\/civiliti07franciscains-560x560.jpg","exhibitor-width":560,"exhibitor-height":560,"gallery":"https:\/\/d2q6z78khxmx42.cloudfront.net\/2024\/03\/civiliti07franciscains-287x430.jpg","gallery-width":287,"gallery-height":430,"logo":"https:\/\/d2q6z78khxmx42.cloudfront.net\/2024\/03\/civiliti07franciscains-67x100.jpg","logo-width":67,"logo-height":100,"masonry":"https:\/\/d2q6z78khxmx42.cloudfront.net\/2024\/03\/civiliti07franciscains-550x825.jpg","masonry-width":550,"masonry-height":825,"modal":"https:\/\/d2q6z78khxmx42.cloudfront.net\/2024\/03\/civiliti07franciscains-1280x1920.jpg","modal-width":1280,"modal-height":1920,"number":"https:\/\/d2q6z78khxmx42.cloudfront.net\/2024\/03\/jKfjCIln-civiliti07franciscains-287x430.jpg","number-width":287,"number-height":430,"partner":"https:\/\/d2q6z78khxmx42.cloudfront.net\/2024\/03\/civiliti07franciscains-140x210.jpg","partner-width":140,"partner-height":210,"ranking":"https:\/\/d2q6z78khxmx42.cloudfront.net\/2024\/03\/jKfjCIln-civiliti07franciscains-960x540.jpg","ranking-width":960,"ranking-height":540,"schedule":"https:\/\/d2q6z78khxmx42.cloudfront.net\/2024\/03\/civiliti07franciscains-960x360.jpg","schedule-width":960,"schedule-height":360,"slideshow":"https:\/\/d2q6z78khxmx42.cloudfront.net\/2024\/03\/civiliti07franciscains-453x680.jpg","slideshow-width":453,"slideshow-height":680}},"filters":false,"suppliers":false,"attachment_category":[]},{"categories":[3814],"credit":"Adrien Williams","image":{"ID":132532,"id":132532,"title":"civiliti_08_franciscains","filename":"civiliti08franciscains-scaled.jpg","filesize":2048161,"url":"https:\/\/d2q6z78khxmx42.cloudfront.net\/2024\/03\/civiliti08franciscains-scaled.jpg","link":"https:\/\/int.design\/fr\/projets\/parc-commemoratif-des-franciscains\/civiliti_08_franciscains\/","alt":"","author":"6290","description":"Franciscan Commemorative Park civiliti  ","caption":"","name":"civiliti_08_franciscains","status":"inherit","uploaded_to":125418,"date":"2024-03-28 20:40:49","modified":"2024-08-20 21:12:02","menu_order":0,"mime_type":"image\/jpeg","type":"image","subtype":"jpeg","icon":"https:\/\/int.design\/wp-includes\/images\/media\/default.png","width":2560,"height":1840,"sizes":{"thumbnail":"https:\/\/d2q6z78khxmx42.cloudfront.net\/2024\/03\/civiliti08franciscains-150x150.jpg","thumbnail-width":150,"thumbnail-height":150,"medium":"https:\/\/d2q6z78khxmx42.cloudfront.net\/2024\/03\/civiliti08franciscains-300x216.jpg","medium-width":300,"medium-height":216,"medium_large":"https:\/\/d2q6z78khxmx42.cloudfront.net\/2024\/03\/civiliti08franciscains-768x552.jpg","medium_large-width":768,"medium_large-height":552,"large":"https:\/\/d2q6z78khxmx42.cloudfront.net\/2024\/03\/civiliti08franciscains-1024x736.jpg","large-width":1024,"large-height":736,"1536x1536":"https:\/\/d2q6z78khxmx42.cloudfront.net\/2024\/03\/civiliti08franciscains-1536x1104.jpg","1536x1536-width":1536,"1536x1536-height":1104,"2048x2048":"https:\/\/d2q6z78khxmx42.cloudfront.net\/2024\/03\/civiliti08franciscains-2048x1472.jpg","2048x2048-width":2048,"2048x2048-height":1472,"article":"https:\/\/d2q6z78khxmx42.cloudfront.net\/2024\/03\/civiliti08franciscains-960x540.jpg","article-width":960,"article-height":540,"banner":"https:\/\/d2q6z78khxmx42.cloudfront.net\/2024\/03\/civiliti08franciscains-1920x1380.jpg","banner-width":1920,"banner-height":1380,"block":"https:\/\/d2q6z78khxmx42.cloudfront.net\/2024\/03\/civiliti08franciscains-900x680.jpg","block-width":900,"block-height":680,"card":"https:\/\/d2q6z78khxmx42.cloudfront.net\/2024\/03\/civiliti08franciscains-560x495.jpg","card-width":560,"card-height":495,"card-thumbnail":"https:\/\/d2q6z78khxmx42.cloudfront.net\/2024\/03\/civiliti08franciscains-450x340.jpg","card-thumbnail-width":450,"card-thumbnail-height":340,"conference":"https:\/\/d2q6z78khxmx42.cloudfront.net\/2024\/03\/civiliti08franciscains-560x250.jpg","conference-width":560,"conference-height":250,"contest":"https:\/\/d2q6z78khxmx42.cloudfront.net\/2024\/03\/civiliti08franciscains-960x400.jpg","contest-width":960,"contest-height":400,"cta":"https:\/\/d2q6z78khxmx42.cloudfront.net\/2024\/03\/civiliti08franciscains-415x170.jpg","cta-width":415,"cta-height":170,"exhibitor":"https:\/\/d2q6z78khxmx42.cloudfront.net\/2024\/03\/civiliti08franciscains-560x560.jpg","exhibitor-width":560,"exhibitor-height":560,"gallery":"https:\/\/d2q6z78khxmx42.cloudfront.net\/2024\/03\/civiliti08franciscains-560x403.jpg","gallery-width":560,"gallery-height":403,"logo":"https:\/\/d2q6z78khxmx42.cloudfront.net\/2024\/03\/civiliti08franciscains-139x100.jpg","logo-width":139,"logo-height":100,"masonry":"https:\/\/d2q6z78khxmx42.cloudfront.net\/2024\/03\/civiliti08franciscains-550x395.jpg","masonry-width":550,"masonry-height":395,"modal":"https:\/\/d2q6z78khxmx42.cloudfront.net\/2024\/03\/oAPUsDZ7-civiliti08franciscains-1920x1380.jpg","modal-width":1920,"modal-height":1380,"number":"https:\/\/d2q6z78khxmx42.cloudfront.net\/2024\/03\/oAPUsDZ7-civiliti08franciscains-560x403.jpg","number-width":560,"number-height":403,"partner":"https:\/\/d2q6z78khxmx42.cloudfront.net\/2024\/03\/civiliti08franciscains-275x198.jpg","partner-width":275,"partner-height":198,"ranking":"https:\/\/d2q6z78khxmx42.cloudfront.net\/2024\/03\/oAPUsDZ7-civiliti08franciscains-960x540.jpg","ranking-width":960,"ranking-height":540,"schedule":"https:\/\/d2q6z78khxmx42.cloudfront.net\/2024\/03\/civiliti08franciscains-960x360.jpg","schedule-width":960,"schedule-height":360,"slideshow":"https:\/\/d2q6z78khxmx42.cloudfront.net\/2024\/03\/civiliti08franciscains-946x680.jpg","slideshow-width":946,"slideshow-height":680}},"filters":false,"suppliers":false,"attachment_category":[]},{"categories":[3814],"credit":"Adrien Williams","image":{"ID":132533,"id":132533,"title":"civiliti_09_franciscains","filename":"civiliti09franciscains-scaled.jpg","filesize":1731888,"url":"https:\/\/d2q6z78khxmx42.cloudfront.net\/2024\/03\/civiliti09franciscains-scaled.jpg","link":"https:\/\/int.design\/fr\/projets\/parc-commemoratif-des-franciscains\/civiliti_09_franciscains\/","alt":"","author":"6290","description":"Franciscan Commemorative Park civiliti  ","caption":"","name":"civiliti_09_franciscains","status":"inherit","uploaded_to":125418,"date":"2024-03-28 20:41:01","modified":"2024-08-20 21:12:02","menu_order":0,"mime_type":"image\/jpeg","type":"image","subtype":"jpeg","icon":"https:\/\/int.design\/wp-includes\/images\/media\/default.png","width":2560,"height":1707,"sizes":{"thumbnail":"https:\/\/d2q6z78khxmx42.cloudfront.net\/2024\/03\/civiliti09franciscains-150x150.jpg","thumbnail-width":150,"thumbnail-height":150,"medium":"https:\/\/d2q6z78khxmx42.cloudfront.net\/2024\/03\/civiliti09franciscains-300x200.jpg","medium-width":300,"medium-height":200,"medium_large":"https:\/\/d2q6z78khxmx42.cloudfront.net\/2024\/03\/civiliti09franciscains-768x512.jpg","medium_large-width":768,"medium_large-height":512,"large":"https:\/\/d2q6z78khxmx42.cloudfront.net\/2024\/03\/civiliti09franciscains-1024x683.jpg","large-width":1024,"large-height":683,"1536x1536":"https:\/\/d2q6z78khxmx42.cloudfront.net\/2024\/03\/civiliti09franciscains-1536x1024.jpg","1536x1536-width":1536,"1536x1536-height":1024,"2048x2048":"https:\/\/d2q6z78khxmx42.cloudfront.net\/2024\/03\/civiliti09franciscains-2048x1365.jpg","2048x2048-width":2048,"2048x2048-height":1365,"article":"https:\/\/d2q6z78khxmx42.cloudfront.net\/2024\/03\/civiliti09franciscains-960x540.jpg","article-width":960,"article-height":540,"banner":"https:\/\/d2q6z78khxmx42.cloudfront.net\/2024\/03\/civiliti09franciscains-1920x1280.jpg","banner-width":1920,"banner-height":1280,"block":"https:\/\/d2q6z78khxmx42.cloudfront.net\/2024\/03\/civiliti09franciscains-900x680.jpg","block-width":900,"block-height":680,"card":"https:\/\/d2q6z78khxmx42.cloudfront.net\/2024\/03\/civiliti09franciscains-560x495.jpg","card-width":560,"card-height":495,"card-thumbnail":"https:\/\/d2q6z78khxmx42.cloudfront.net\/2024\/03\/civiliti09franciscains-450x340.jpg","card-thumbnail-width":450,"card-thumbnail-height":340,"conference":"https:\/\/d2q6z78khxmx42.cloudfront.net\/2024\/03\/civiliti09franciscains-560x250.jpg","conference-width":560,"conference-height":250,"contest":"https:\/\/d2q6z78khxmx42.cloudfront.net\/2024\/03\/civiliti09franciscains-960x400.jpg","contest-width":960,"contest-height":400,"cta":"https:\/\/d2q6z78khxmx42.cloudfront.net\/2024\/03\/civiliti09franciscains-415x170.jpg","cta-width":415,"cta-height":170,"exhibitor":"https:\/\/d2q6z78khxmx42.cloudfront.net\/2024\/03\/civiliti09franciscains-560x560.jpg","exhibitor-width":560,"exhibitor-height":560,"gallery":"https:\/\/d2q6z78khxmx42.cloudfront.net\/2024\/03\/civiliti09franciscains-560x373.jpg","gallery-width":560,"gallery-height":373,"logo":"https:\/\/d2q6z78khxmx42.cloudfront.net\/2024\/03\/civiliti09franciscains-150x100.jpg","logo-width":150,"logo-height":100,"masonry":"https:\/\/d2q6z78khxmx42.cloudfront.net\/2024\/03\/civiliti09franciscains-550x367.jpg","masonry-width":550,"masonry-height":367,"modal":"https:\/\/d2q6z78khxmx42.cloudfront.net\/2024\/03\/TS2qKtzJ-civiliti09franciscains-1920x1280.jpg","modal-width":1920,"modal-height":1280,"number":"https:\/\/d2q6z78khxmx42.cloudfront.net\/2024\/03\/TS2qKtzJ-civiliti09franciscains-560x373.jpg","number-width":560,"number-height":373,"partner":"https:\/\/d2q6z78khxmx42.cloudfront.net\/2024\/03\/civiliti09franciscains-275x183.jpg","partner-width":275,"partner-height":183,"ranking":"https:\/\/d2q6z78khxmx42.cloudfront.net\/2024\/03\/TS2qKtzJ-civiliti09franciscains-960x540.jpg","ranking-width":960,"ranking-height":540,"schedule":"https:\/\/d2q6z78khxmx42.cloudfront.net\/2024\/03\/civiliti09franciscains-960x360.jpg","schedule-width":960,"schedule-height":360,"slideshow":"https:\/\/d2q6z78khxmx42.cloudfront.net\/2024\/03\/civiliti09franciscains-1020x680.jpg","slideshow-width":1020,"slideshow-height":680}},"filters":false,"suppliers":false,"attachment_category":[]},{"categories":[3814],"credit":"Adrien Williams","image":{"ID":132534,"id":132534,"title":"civiliti_10_franciscains","filename":"civiliti10franciscains-scaled.jpg","filesize":1393963,"url":"https:\/\/d2q6z78khxmx42.cloudfront.net\/2024\/03\/civiliti10franciscains-scaled.jpg","link":"https:\/\/int.design\/fr\/projets\/parc-commemoratif-des-franciscains\/civiliti_10_franciscains\/","alt":"","author":"6290","description":"Franciscan Commemorative Park civiliti  ","caption":"","name":"civiliti_10_franciscains","status":"inherit","uploaded_to":125418,"date":"2024-03-28 20:41:08","modified":"2024-08-20 21:12:02","menu_order":0,"mime_type":"image\/jpeg","type":"image","subtype":"jpeg","icon":"https:\/\/int.design\/wp-includes\/images\/media\/default.png","width":2560,"height":1707,"sizes":{"thumbnail":"https:\/\/d2q6z78khxmx42.cloudfront.net\/2024\/03\/civiliti10franciscains-150x150.jpg","thumbnail-width":150,"thumbnail-height":150,"medium":"https:\/\/d2q6z78khxmx42.cloudfront.net\/2024\/03\/civiliti10franciscains-300x200.jpg","medium-width":300,"medium-height":200,"medium_large":"https:\/\/d2q6z78khxmx42.cloudfront.net\/2024\/03\/civiliti10franciscains-768x512.jpg","medium_large-width":768,"medium_large-height":512,"large":"https:\/\/d2q6z78khxmx42.cloudfront.net\/2024\/03\/civiliti10franciscains-1024x683.jpg","large-width":1024,"large-height":683,"1536x1536":"https:\/\/d2q6z78khxmx42.cloudfront.net\/2024\/03\/civiliti10franciscains-1536x1024.jpg","1536x1536-width":1536,"1536x1536-height":1024,"2048x2048":"https:\/\/d2q6z78khxmx42.cloudfront.net\/2024\/03\/civiliti10franciscains-2048x1365.jpg","2048x2048-width":2048,"2048x2048-height":1365,"article":"https:\/\/d2q6z78khxmx42.cloudfront.net\/2024\/03\/civiliti10franciscains-960x540.jpg","article-width":960,"article-height":540,"banner":"https:\/\/d2q6z78khxmx42.cloudfront.net\/2024\/03\/civiliti10franciscains-1920x1280.jpg","banner-width":1920,"banner-height":1280,"block":"https:\/\/d2q6z78khxmx42.cloudfront.net\/2024\/03\/civiliti10franciscains-900x680.jpg","block-width":900,"block-height":680,"card":"https:\/\/d2q6z78khxmx42.cloudfront.net\/2024\/03\/civiliti10franciscains-560x495.jpg","card-width":560,"card-height":495,"card-thumbnail":"https:\/\/d2q6z78khxmx42.cloudfront.net\/2024\/03\/civiliti10franciscains-450x340.jpg","card-thumbnail-width":450,"card-thumbnail-height":340,"conference":"https:\/\/d2q6z78khxmx42.cloudfront.net\/2024\/03\/civiliti10franciscains-560x250.jpg","conference-width":560,"conference-height":250,"contest":"https:\/\/d2q6z78khxmx42.cloudfront.net\/2024\/03\/civiliti10franciscains-960x400.jpg","contest-width":960,"contest-height":400,"cta":"https:\/\/d2q6z78khxmx42.cloudfront.net\/2024\/03\/civiliti10franciscains-415x170.jpg","cta-width":415,"cta-height":170,"exhibitor":"https:\/\/d2q6z78khxmx42.cloudfront.net\/2024\/03\/civiliti10franciscains-560x560.jpg","exhibitor-width":560,"exhibitor-height":560,"gallery":"https:\/\/d2q6z78khxmx42.cloudfront.net\/2024\/03\/civiliti10franciscains-560x373.jpg","gallery-width":560,"gallery-height":373,"logo":"https:\/\/d2q6z78khxmx42.cloudfront.net\/2024\/03\/civiliti10franciscains-150x100.jpg","logo-width":150,"logo-height":100,"masonry":"https:\/\/d2q6z78khxmx42.cloudfront.net\/2024\/03\/civiliti10franciscains-550x367.jpg","masonry-width":550,"masonry-height":367,"modal":"https:\/\/d2q6z78khxmx42.cloudfront.net\/2024\/03\/dj69CSaR-civiliti10franciscains-1920x1280.jpg","modal-width":1920,"modal-height":1280,"number":"https:\/\/d2q6z78khxmx42.cloudfront.net\/2024\/03\/dj69CSaR-civiliti10franciscains-560x373.jpg","number-width":560,"number-height":373,"partner":"https:\/\/d2q6z78khxmx42.cloudfront.net\/2024\/03\/civiliti10franciscains-275x183.jpg","partner-width":275,"partner-height":183,"ranking":"https:\/\/d2q6z78khxmx42.cloudfront.net\/2024\/03\/dj69CSaR-civiliti10franciscains-960x540.jpg","ranking-width":960,"ranking-height":540,"schedule":"https:\/\/d2q6z78khxmx42.cloudfront.net\/2024\/03\/civiliti10franciscains-960x360.jpg","schedule-width":960,"schedule-height":360,"slideshow":"https:\/\/d2q6z78khxmx42.cloudfront.net\/2024\/03\/civiliti10franciscains-1020x680.jpg","slideshow-width":1020,"slideshow-height":680}},"filters":false,"suppliers":false,"attachment_category":[]}],"mandatory_documents":[{"name":"Dossier : Parc comm\u00e9moratif des Franciscains","file":{"ID":132535,"id":132535,"title":"Dossier-franciscains_FR","filename":"Dossier-franciscainsFR.pdf","filesize":12564905,"url":"https:\/\/d2q6z78khxmx42.cloudfront.net\/2024\/03\/Dossier-franciscainsFR.pdf","link":"https:\/\/int.design\/fr\/projets\/parc-commemoratif-des-franciscains\/dossier-franciscains_fr\/","alt":"","author":"6290","description":"","caption":"","name":"dossier-franciscains_fr","status":"inherit","uploaded_to":125418,"date":"2024-03-28 20:42:06","modified":"2024-03-28 20:42:42","menu_order":0,"mime_type":"application\/pdf","type":"application","subtype":"pdf","icon":"https:\/\/int.design\/wp-includes\/images\/media\/document.png"}}],"optional_documents":false,"web_text":{"fr":"","en":"<p>FRANCISCAN COMMEMORATIVE PARK, MONTREAL<\/p>\n<p>Located in Montreal\u2019s Grands Jardins District, the Franciscan Commemorative Park is part of a string of green spaces planned to keep alive the memory of the large estates that once defined the neighborhood. It stands on a site formerly occupied by a neo-Gothic chapel, which the Franciscan Order erected at the end of the 19th\u00a0century, and which was destroyed by fire in 2010.<\/p>\n<p>The park design goes beyond conventional commemorative landscape strategies. The absence of physical ruins paved the way for a more intangible evocation of the site&#8217;s history, one based on archival material. The concept derived from a mirror image of the ceiling\u2019s rib vault and rosettes, generating a unique pattern made of diagonals and points. Transferred to paved surfaces, the geometry takes on an abstract dimension, subtly blurring the historical reference. Corten circles filled with small pebbles delicately recall the rosettes throughout the memorial surface. Rich planted beds were added to the unusual composition. A bronze bell, the only remnant recovered from the lost chapel, now guards the park\u2019s entrance, a few meters away from a lone surviving tree.<\/p>\n<p>The park, which is not connected to the municipal sewer infrastructure, is designed to absorb rainwater input corresponding to a 20-year rainfall event. This is made possible by the presence of bioswales introduced all along the site perimeter. While demonstrating responsible water management, this small urban landscape adds a touch of poetry to the neighborhood, celebrating history and contemporary design.<\/p>\n","original":"<p>FRANCISCAN COMMEMORATIVE PARK, MONTREAL<\/p>\n<p>Located in Montreal\u2019s Grands Jardins District, the Franciscan Commemorative Park is part of a string of green spaces planned to keep alive the memory of the large estates that once defined the neighborhood. It stands on a site formerly occupied by a neo-Gothic chapel, which the Franciscan Order erected at the end of the 19th\u00a0century, and which was destroyed by fire in 2010.<\/p>\n<p>The park design goes beyond conventional commemorative landscape strategies. The absence of physical ruins paved the way for a more intangible evocation of the site&#8217;s history, one based on archival material. The concept derived from a mirror image of the ceiling\u2019s rib vault and rosettes, generating a unique pattern made of diagonals and points. Transferred to paved surfaces, the geometry takes on an abstract dimension, subtly blurring the historical reference. Corten circles filled with small pebbles delicately recall the rosettes throughout the memorial surface. Rich planted beds were added to the unusual composition. A bronze bell, the only remnant recovered from the lost chapel, now guards the park\u2019s entrance, a few meters away from a lone surviving tree.<\/p>\n<p>The park, which is not connected to the municipal sewer infrastructure, is designed to absorb rainwater input corresponding to a 20-year rainfall event. This is made possible by the presence of bioswales introduced all along the site perimeter. While demonstrating responsible water management, this small urban landscape adds a touch of poetry to the neighborhood, celebrating history and contemporary design.<\/p>\n"},"jury_text":[{"category":3814,"fr":"","en":"<p>FRANCISCAN COMMEMORATIVE PARK, MONTREAL<\/p>\n<p>Located in Montr\u00e9al\u2019s Grands Jardins District, this small park is part of a string of green spaces planned to keep alive the memory of the large estates that once stood in the area. The green corridor is now complete, and it extends from Cabot Square, along Atwater Avenue, all the way to the Franciscan Commemorative Park and Esplanade Ernest-Cormier, across from the Canadian Centre for Architecture (CCA).<\/p>\n<p>The Franciscan Commemorative Park stands on a site formerly occupied by a neo-Gothic chapel, which the Franciscan Order erected at the end of the 19th\u00a0century. Unfortunately, the whole estate was destroyed by fire in 2010.<\/p>\n<p>The park design is an attempt to go beyond conventional commemorative landscape strategies. The absence of physical ruins paved the way for a more intangible evocation of the site&#8217;s history, one based on archival material. Old photographs of the chapel\u2019s interiors revealed a beautiful rib-vaulted ceiling, fine cross-shaped columns, and delicate rosettes at the junction of the columns and the ceiling.<\/p>\n<p>The concept derived from a mirror image of the ceiling\u2019s rib vault and rosettes, generating a unique pattern made of diagonals and points. Transferred to paved surfaces, the geometry takes on an abstract dimension, subtly blurring the historical reference. Rich planted beds were added to this unusual composition.<\/p>\n<p>A bronze bell, the only remnant recovered from the lost chapel, now guards the park\u2019s entrance, a few meters away from a lone surviving tree. The path, slightly raised from the lawn, is held in place by Corten plates, which help define the park\u2019s shapes and contours. A few public benches are introduced along the path. Corten circles filled with small pebbles delicately recall the rosettes throughout the memorial surface.<\/p>\n<p>The Franciscan Commemorative Park resulted from an agreement between a major Montreal developer and one of the City\u2019s main boroughs. The park was built by the developer and later handed over to the borough in a somewhat atypical process, but one which provided the opportunity to experiment with a unique, expressive landscape. A provision had to be made to provide for an emergency corridor that would service the real estate project, should the need arise. A diagonal strip, which cuts through the commemorative area, was introduced within the park design for that purpose.<\/p>\n<p>The park, which is not connected to the municipal sewer infrastructure, is designed to absorb rainwater input corresponding to a 20-year rainfall event. This is made possible by the presence of bioswales introduced all along the site perimeter. The densely planted areas located throughout the park feature flood-resistant species. While demonstrating responsible water management, this small urban landscape adds a touch of poetry to the neighborhood, celebrating history and contemporary design.<\/p>\n","original":"<p>FRANCISCAN COMMEMORATIVE PARK, MONTREAL<\/p>\n<p>Located in Montr\u00e9al\u2019s Grands Jardins District, this small park is part of a string of green spaces planned to keep alive the memory of the large estates that once stood in the area. The green corridor is now complete, and it extends from Cabot Square, along Atwater Avenue, all the way to the Franciscan Commemorative Park and Esplanade Ernest-Cormier, across from the Canadian Centre for Architecture (CCA).<\/p>\n<p>The Franciscan Commemorative Park stands on a site formerly occupied by a neo-Gothic chapel, which the Franciscan Order erected at the end of the 19th\u00a0century. Unfortunately, the whole estate was destroyed by fire in 2010.<\/p>\n<p>The park design is an attempt to go beyond conventional commemorative landscape strategies. The absence of physical ruins paved the way for a more intangible evocation of the site&#8217;s history, one based on archival material. Old photographs of the chapel\u2019s interiors revealed a beautiful rib-vaulted ceiling, fine cross-shaped columns, and delicate rosettes at the junction of the columns and the ceiling.<\/p>\n<p>The concept derived from a mirror image of the ceiling\u2019s rib vault and rosettes, generating a unique pattern made of diagonals and points. Transferred to paved surfaces, the geometry takes on an abstract dimension, subtly blurring the historical reference. Rich planted beds were added to this unusual composition.<\/p>\n<p>A bronze bell, the only remnant recovered from the lost chapel, now guards the park\u2019s entrance, a few meters away from a lone surviving tree. The path, slightly raised from the lawn, is held in place by Corten plates, which help define the park\u2019s shapes and contours. A few public benches are introduced along the path. Corten circles filled with small pebbles delicately recall the rosettes throughout the memorial surface.<\/p>\n<p>The Franciscan Commemorative Park resulted from an agreement between a major Montreal developer and one of the City\u2019s main boroughs. The park was built by the developer and later handed over to the borough in a somewhat atypical process, but one which provided the opportunity to experiment with a unique, expressive landscape. A provision had to be made to provide for an emergency corridor that would service the real estate project, should the need arise. A diagonal strip, which cuts through the commemorative area, was introduced within the park design for that purpose.<\/p>\n<p>The park, which is not connected to the municipal sewer infrastructure, is designed to absorb rainwater input corresponding to a 20-year rainfall event. This is made possible by the presence of bioswales introduced all along the site perimeter. The densely planted areas located throughout the park feature flood-resistant species. While demonstrating responsible water management, this small urban landscape adds a touch of poetry to the neighborhood, celebrating history and contemporary design.<\/p>\n"}],"different_jury_text":true,"different_category_text":false},"laureats":[],"contest_id":"119062","contest_title":"GRANDS PRIX DU DESIGN \u2013 17th edition","firms":[{"field_5efdebd654724":"FNX-INNOV ","field_5efdebd654725":"https:\/\/fnx-innov.com\/fr\/","field_5efdebf254726":"","field_6139fca4c23db":2753},{"field_5efdebd654724":"Vinci consultants","field_5efdebd654725":"https:\/\/vinciconsultants.com\/","field_5efdebf254726":"","field_6139fca4c23db":2753}],"user":{"email":"maude@civiliti.com","first_name":"Gagnon-Levert","last_name":"Maude"},"doc_texts_web":{"fr":"<p>PARC COMM\u00c9MORATIF DES FRANCISCAINS, MONTR\u00c9AL<\/p>\n<p>Situ\u00e9 dans le quartier des Grands Jardins de Montr\u00e9al, le parc comm\u00e9moratif des Franciscains fait partie d\u2019une s\u00e9rie d\u2019espaces verts planifi\u00e9s pour perp\u00e9tuer la m\u00e9moire des grands domaines qui d\u00e9finissaient autrefois le quartier. Il est \u00e9tabli sur un site autrefois occup\u00e9 par une chapelle n\u00e9o-gothique, que l\u2019Ordre franciscain a \u00e9rig\u00e9e \u00e0 la fin du 19e si\u00e8cle, et qui a \u00e9t\u00e9 d\u00e9truite par un incendie en 2010.<\/p>\n<p>La conception du parc va au-del\u00e0 des strat\u00e9gies conventionnelles de paysage comm\u00e9moratif. L\u2019absence de vestiges physiques a ouvert la voie \u00e0 une \u00e9vocation plus intangible de l\u2019histoire du site, bas\u00e9e sur du mat\u00e9riel d\u2019archives. Le concept d\u00e9coule d\u2019une image miroir de la vo\u00fbte en ogives du plafond et des rosettes, g\u00e9n\u00e9rant un motif unique fait de diagonales et de points. Transf\u00e9r\u00e9e sur des surfaces pav\u00e9es, la g\u00e9om\u00e9trie prend une dimension abstraite, brouillant subtilement la r\u00e9f\u00e9rence historique. Des cercles en Corten remplis de cailloux rappellent d\u00e9licatement les rosettes \u00e0 travers la surface comm\u00e9morative. De riches parterres plant\u00e9s ont \u00e9t\u00e9 ajout\u00e9s \u00e0 la composition singuli\u00e8re. Une cloche en bronze, seul vestige r\u00e9cup\u00e9r\u00e9 de la chapelle perdue, garde d\u00e9sormais l\u2019entr\u00e9e du parc, \u00e0 quelques m\u00e8tres d\u2019un arbre solitaire ayant surv\u00e9cu.<\/p>\n<p>Le parc, qui n\u2019est pas connect\u00e9 \u00e0 l\u2019infrastructure d\u2019\u00e9gout municipale, est con\u00e7u pour absorber les apports d\u2019eau de pluie correspondant \u00e0 un \u00e9v\u00e9nement pluvieux de 20 ans. Cela est rendu possible par la pr\u00e9sence de noues v\u00e9g\u00e9talis\u00e9es introduites au p\u00e9rim\u00e8tre du site. Tout en d\u00e9montrant une gestion responsable de l\u2019eau, ce petit paysage urbain ajoute une touche de po\u00e9sie au quartier, c\u00e9l\u00e9brant l\u2019histoire et le design contemporain.<\/p>\n","en":"<p>FRANCISCAN COMMEMORATIVE PARK, MONTREAL<\/p>\n<p>Located in Montreal\u2019s Grands Jardins District, the Franciscan Commemorative Park is part of a string of green spaces planned to keep alive the memory of the large estates that once defined the neighborhood. It stands on a site formerly occupied by a neo-Gothic chapel, which the Franciscan Order erected at the end of the 19th\u00a0century, and which was destroyed by fire in 2010.<\/p>\n<p>The park design goes beyond conventional commemorative landscape strategies. The absence of physical ruins paved the way for a more intangible evocation of the site\u2019s history, one based on archival material. The concept derived from a mirror image of the ceiling\u2019s rib vault and rosettes, generating a unique pattern made of diagonals and points. Transferred to paved surfaces, the geometry takes on an abstract dimension, subtly blurring the historical reference. Corten circles filled with small pebbles delicately recall the rosettes throughout the memorial surface. Rich planted beds were added to the unusual composition. A bronze bell, the only remnant recovered from the lost chapel, now guards the park\u2019s entrance, a few meters away from a lone surviving tree.<\/p>\n<p>The park, which is not connected to the municipal sewer infrastructure, is designed to absorb rainwater input corresponding to a 20-year rainfall event. This is made possible by the presence of bioswales introduced all along the site perimeter. While demonstrating responsible water management, this small urban landscape adds a touch of poetry to the neighborhood, celebrating history and contemporary design.<\/p>\n"},"permalinks":{"fr":"https:\/\/int.design\/fr\/projets\/parc-commemoratif-des-franciscains\/","en":"https:\/\/int.design\/en\/projects\/franciscan-commemorative-park\/"},"titles":{"fr":"Parc comm\u00e9moratif des Franciscains","en":"Franciscan Commemorative Park"},"wp_fields":[],"laravel_id":""},"_links":{"self":[{"href":"https:\/\/int.design\/en\/wp-json\/wp\/v2\/project\/125419","targetHints":{"allow":["GET"]}}],"collection":[{"href":"https:\/\/int.design\/en\/wp-json\/wp\/v2\/project"}],"about":[{"href":"https:\/\/int.design\/en\/wp-json\/wp\/v2\/types\/project"}],"wp:attachment":[{"href":"https:\/\/int.design\/en\/wp-json\/wp\/v2\/media?parent=125419"}],"curies":[{"name":"wp","href":"https:\/\/api.w.org\/{rel}","templated":true}]}}