{"id":122738,"date":"2024-08-20T16:53:11","date_gmt":"2024-08-20T20:53:11","guid":{"rendered":"https:\/\/int.design\/?post_type=project&#038;p=122738"},"modified":"2024-08-20T16:53:11","modified_gmt":"2024-08-20T20:53:11","slug":"primary-school-des-semis","status":"publish","type":"project","link":"https:\/\/int.design\/en\/projects\/primary-school-des-semis\/","title":{"rendered":"Primary school des Semis"},"content":{"rendered":"","protected":false},"template":"","class_list":["post-122738","project","type-project","status-publish","hentry"],"acf":[],"yoast_head":"<!-- This site is optimized with the Yoast SEO plugin v21.5 - https:\/\/yoast.com\/wordpress\/plugins\/seo\/ -->\n<title>Primary school des Semis - INT Design<\/title>\n<meta name=\"robots\" content=\"index, follow, max-snippet:-1, max-image-preview:large, max-video-preview:-1\" \/>\n<link rel=\"canonical\" href=\"https:\/\/int.design\/fr\/projects\/ecole-primaire-des-semis\/\" \/>\n<meta property=\"og:locale\" content=\"en_US\" \/>\n<meta property=\"og:type\" content=\"article\" \/>\n<meta property=\"og:title\" content=\"Primary school des Semis - INT Design\" \/>\n<meta property=\"og:url\" content=\"https:\/\/int.design\/fr\/projects\/ecole-primaire-des-semis\/\" \/>\n<meta property=\"og:site_name\" content=\"INT Design\" \/>\n<meta name=\"twitter:card\" content=\"summary_large_image\" \/>\n<script type=\"application\/ld+json\" class=\"yoast-schema-graph\">{\"@context\":\"https:\/\/schema.org\",\"@graph\":[{\"@type\":\"WebPage\",\"@id\":\"https:\/\/int.design\/fr\/projects\/ecole-primaire-des-semis\/\",\"url\":\"https:\/\/int.design\/fr\/projects\/ecole-primaire-des-semis\/\",\"name\":\"Primary school des Semis - INT Design\",\"isPartOf\":{\"@id\":\"https:\/\/int.design\/fr\/#website\"},\"datePublished\":\"2024-08-20T20:53:11+00:00\",\"dateModified\":\"2024-08-20T20:53:11+00:00\",\"breadcrumb\":{\"@id\":\"https:\/\/int.design\/fr\/projects\/ecole-primaire-des-semis\/#breadcrumb\"},\"inLanguage\":\"en-US\",\"potentialAction\":[{\"@type\":\"ReadAction\",\"target\":[\"https:\/\/int.design\/fr\/projects\/ecole-primaire-des-semis\/\"]}]},{\"@type\":\"BreadcrumbList\",\"@id\":\"https:\/\/int.design\/fr\/projects\/ecole-primaire-des-semis\/#breadcrumb\",\"itemListElement\":[{\"@type\":\"ListItem\",\"position\":1,\"name\":\"Home\",\"item\":\"https:\/\/int.design\/en\/\"},{\"@type\":\"ListItem\",\"position\":2,\"name\":\"Projects\",\"item\":\"https:\/\/int.design\/en\/projects\/\"},{\"@type\":\"ListItem\",\"position\":3,\"name\":\"Primary school des Semis\"}]},{\"@type\":\"WebSite\",\"@id\":\"https:\/\/int.design\/fr\/#website\",\"url\":\"https:\/\/int.design\/fr\/\",\"name\":\"INT Design\",\"description\":\"\",\"potentialAction\":[{\"@type\":\"SearchAction\",\"target\":{\"@type\":\"EntryPoint\",\"urlTemplate\":\"https:\/\/int.design\/fr\/?s={search_term_string}\"},\"query-input\":\"required name=search_term_string\"}],\"inLanguage\":\"en-US\"}]}<\/script>\n<!-- \/ Yoast SEO plugin. -->","yoast_head_json":{"title":"Primary school des Semis - INT Design","robots":{"index":"index","follow":"follow","max-snippet":"max-snippet:-1","max-image-preview":"max-image-preview:large","max-video-preview":"max-video-preview:-1"},"canonical":"https:\/\/int.design\/fr\/projects\/ecole-primaire-des-semis\/","og_locale":"en_US","og_type":"article","og_title":"Primary school des Semis - INT Design","og_url":"https:\/\/int.design\/fr\/projects\/ecole-primaire-des-semis\/","og_site_name":"INT Design","twitter_card":"summary_large_image","schema":{"@context":"https:\/\/schema.org","@graph":[{"@type":"WebPage","@id":"https:\/\/int.design\/fr\/projects\/ecole-primaire-des-semis\/","url":"https:\/\/int.design\/fr\/projects\/ecole-primaire-des-semis\/","name":"Primary school des Semis - INT Design","isPartOf":{"@id":"https:\/\/int.design\/fr\/#website"},"datePublished":"2024-08-20T20:53:11+00:00","dateModified":"2024-08-20T20:53:11+00:00","breadcrumb":{"@id":"https:\/\/int.design\/fr\/projects\/ecole-primaire-des-semis\/#breadcrumb"},"inLanguage":"en-US","potentialAction":[{"@type":"ReadAction","target":["https:\/\/int.design\/fr\/projects\/ecole-primaire-des-semis\/"]}]},{"@type":"BreadcrumbList","@id":"https:\/\/int.design\/fr\/projects\/ecole-primaire-des-semis\/#breadcrumb","itemListElement":[{"@type":"ListItem","position":1,"name":"Home","item":"https:\/\/int.design\/en\/"},{"@type":"ListItem","position":2,"name":"Projects","item":"https:\/\/int.design\/en\/projects\/"},{"@type":"ListItem","position":3,"name":"Primary school des Semis"}]},{"@type":"WebSite","@id":"https:\/\/int.design\/fr\/#website","url":"https:\/\/int.design\/fr\/","name":"INT Design","description":"","potentialAction":[{"@type":"SearchAction","target":{"@type":"EntryPoint","urlTemplate":"https:\/\/int.design\/fr\/?s={search_term_string}"},"query-input":"required name=search_term_string"}],"inLanguage":"en-US"}]}},"entry":{"cats":{"disciplines":[],"big_cats":[],"sub_cats":[]},"entry":{"":null,"status":"paid","winner_title":"Leclerc architectes","winner_prize_lang":"fr","title_translatable":false,"title_en":"","title_fr":"","releve_award":false,"releve_award_cv":false,"collaboration":false,"collaboration_firms":false,"other_firms":[{"name":"Bouthillette Parizeau","website":"https:\/\/bpa.ca\/","category":"","category_tax":2753},{"name":"EXP","website":"https:\/\/www.exp.com\/fr\/","category":"","category_tax":2753},{"name":"Hybride paysage","website":"https:\/\/www.hybridepaysage.com\/","category":"","category_tax":2755},{"name":"","website":"","category":"","category_tax":false}],"owner":{"name":"Centre de services scolaire Marie-Victorin","confidential":false,"website":"https:\/\/cssmv.gouv.qc.ca\/","contact_name":"","email":"","phone":""},"address":{"address":"","city":"Longueuil","region":"Mont\u00e9r\u00e9gie","province":"QC","country":"CA","postal_code":""},"logos":[{"image":false,"file":false}],"use_logo":true,"designers":[{"name":"","credit":"","image":false,"file":false}],"cover":[{"categories":[3745],"credit":"David Boyer","image":{"ID":129946,"id":129946,"title":"\u00a9 David Boyer Photographe Inc. 004","filename":"6_DavidBoyerPhotographeInc.004-scaled.jpg","filesize":571939,"url":"https:\/\/d2q6z78khxmx42.cloudfront.net\/2024\/03\/6_DavidBoyerPhotographeInc.004-scaled.jpg","link":"https:\/\/int.design\/fr\/projets\/ecole-primaire-des-semis\/david-boyer-photographe-inc-004-5\/","alt":"","author":"1615","description":"Primary school des Semis Leclerc architectes    ","caption":"","name":"david-boyer-photographe-inc-004-5","status":"inherit","uploaded_to":122737,"date":"2024-03-23 17:54:30","modified":"2024-08-20 20:53:12","menu_order":0,"mime_type":"image\/jpeg","type":"image","subtype":"jpeg","icon":"https:\/\/int.design\/wp-includes\/images\/media\/default.png","width":2560,"height":1707,"sizes":{"thumbnail":"https:\/\/d2q6z78khxmx42.cloudfront.net\/2024\/03\/6_DavidBoyerPhotographeInc.004-150x150.jpg","thumbnail-width":150,"thumbnail-height":150,"medium":"https:\/\/d2q6z78khxmx42.cloudfront.net\/2024\/03\/6_DavidBoyerPhotographeInc.004-300x200.jpg","medium-width":300,"medium-height":200,"medium_large":"https:\/\/d2q6z78khxmx42.cloudfront.net\/2024\/03\/6_DavidBoyerPhotographeInc.004-768x512.jpg","medium_large-width":768,"medium_large-height":512,"large":"https:\/\/d2q6z78khxmx42.cloudfront.net\/2024\/03\/6_DavidBoyerPhotographeInc.004-1024x683.jpg","large-width":1024,"large-height":683,"1536x1536":"https:\/\/d2q6z78khxmx42.cloudfront.net\/2024\/03\/6_DavidBoyerPhotographeInc.004-1536x1024.jpg","1536x1536-width":1536,"1536x1536-height":1024,"2048x2048":"https:\/\/d2q6z78khxmx42.cloudfront.net\/2024\/03\/6_DavidBoyerPhotographeInc.004-2048x1365.jpg","2048x2048-width":2048,"2048x2048-height":1365,"article":"https:\/\/d2q6z78khxmx42.cloudfront.net\/2024\/03\/6_DavidBoyerPhotographeInc.004-960x540.jpg","article-width":960,"article-height":540,"banner":"https:\/\/d2q6z78khxmx42.cloudfront.net\/2024\/03\/6_DavidBoyerPhotographeInc.004-1920x1280.jpg","banner-width":1920,"banner-height":1280,"block":"https:\/\/d2q6z78khxmx42.cloudfront.net\/2024\/03\/6_DavidBoyerPhotographeInc.004-900x680.jpg","block-width":900,"block-height":680,"card":"https:\/\/d2q6z78khxmx42.cloudfront.net\/2024\/03\/6_DavidBoyerPhotographeInc.004-560x495.jpg","card-width":560,"card-height":495,"card-thumbnail":"https:\/\/d2q6z78khxmx42.cloudfront.net\/2024\/03\/6_DavidBoyerPhotographeInc.004-450x340.jpg","card-thumbnail-width":450,"card-thumbnail-height":340,"conference":"https:\/\/d2q6z78khxmx42.cloudfront.net\/2024\/03\/6_DavidBoyerPhotographeInc.004-560x250.jpg","conference-width":560,"conference-height":250,"contest":"https:\/\/d2q6z78khxmx42.cloudfront.net\/2024\/03\/6_DavidBoyerPhotographeInc.004-960x400.jpg","contest-width":960,"contest-height":400,"cta":"https:\/\/d2q6z78khxmx42.cloudfront.net\/2024\/03\/6_DavidBoyerPhotographeInc.004-415x170.jpg","cta-width":415,"cta-height":170,"exhibitor":"https:\/\/d2q6z78khxmx42.cloudfront.net\/2024\/03\/6_DavidBoyerPhotographeInc.004-560x560.jpg","exhibitor-width":560,"exhibitor-height":560,"gallery":"https:\/\/d2q6z78khxmx42.cloudfront.net\/2024\/03\/6_DavidBoyerPhotographeInc.004-560x373.jpg","gallery-width":560,"gallery-height":373,"logo":"https:\/\/d2q6z78khxmx42.cloudfront.net\/2024\/03\/6_DavidBoyerPhotographeInc.004-150x100.jpg","logo-width":150,"logo-height":100,"masonry":"https:\/\/d2q6z78khxmx42.cloudfront.net\/2024\/03\/6_DavidBoyerPhotographeInc.004-550x367.jpg","masonry-width":550,"masonry-height":367,"modal":"https:\/\/d2q6z78khxmx42.cloudfront.net\/2024\/03\/vAOg9MRU-6_DavidBoyerPhotographeInc.004-1920x1280.jpg","modal-width":1920,"modal-height":1280,"number":"https:\/\/d2q6z78khxmx42.cloudfront.net\/2024\/03\/vAOg9MRU-6_DavidBoyerPhotographeInc.004-560x373.jpg","number-width":560,"number-height":373,"partner":"https:\/\/d2q6z78khxmx42.cloudfront.net\/2024\/03\/6_DavidBoyerPhotographeInc.004-275x183.jpg","partner-width":275,"partner-height":183,"ranking":"https:\/\/d2q6z78khxmx42.cloudfront.net\/2024\/03\/vAOg9MRU-6_DavidBoyerPhotographeInc.004-960x540.jpg","ranking-width":960,"ranking-height":540,"schedule":"https:\/\/d2q6z78khxmx42.cloudfront.net\/2024\/03\/6_DavidBoyerPhotographeInc.004-960x360.jpg","schedule-width":960,"schedule-height":360,"slideshow":"https:\/\/d2q6z78khxmx42.cloudfront.net\/2024\/03\/6_DavidBoyerPhotographeInc.004-1020x680.jpg","slideshow-width":1020,"slideshow-height":680}},"filters":false,"suppliers":false,"attachment_category":{"100":"\u00c9ducation\/institution","65":"Lieu design"}}],"images":[{"categories":[3745],"credit":"David Boyer","image":{"ID":129936,"id":129936,"title":"\u00a9 David Boyer Photographe Inc. 001","filename":"6_DavidBoyerPhotographeInc.001-scaled.jpg","filesize":509028,"url":"https:\/\/d2q6z78khxmx42.cloudfront.net\/2024\/03\/6_DavidBoyerPhotographeInc.001-scaled.jpg","link":"https:\/\/int.design\/fr\/projets\/ecole-primaire-des-semis\/david-boyer-photographe-inc-001-8\/","alt":"","author":"1615","description":"Primary school des Semis Leclerc architectes    ","caption":"","name":"david-boyer-photographe-inc-001-8","status":"inherit","uploaded_to":122737,"date":"2024-03-23 17:43:34","modified":"2024-08-20 20:53:12","menu_order":0,"mime_type":"image\/jpeg","type":"image","subtype":"jpeg","icon":"https:\/\/int.design\/wp-includes\/images\/media\/default.png","width":1707,"height":2560,"sizes":{"thumbnail":"https:\/\/d2q6z78khxmx42.cloudfront.net\/2024\/03\/6_DavidBoyerPhotographeInc.001-150x150.jpg","thumbnail-width":150,"thumbnail-height":150,"medium":"https:\/\/d2q6z78khxmx42.cloudfront.net\/2024\/03\/6_DavidBoyerPhotographeInc.001-200x300.jpg","medium-width":200,"medium-height":300,"medium_large":"https:\/\/d2q6z78khxmx42.cloudfront.net\/2024\/03\/6_DavidBoyerPhotographeInc.001-768x1152.jpg","medium_large-width":768,"medium_large-height":1152,"large":"https:\/\/d2q6z78khxmx42.cloudfront.net\/2024\/03\/6_DavidBoyerPhotographeInc.001-683x1024.jpg","large-width":683,"large-height":1024,"1536x1536":"https:\/\/d2q6z78khxmx42.cloudfront.net\/2024\/03\/6_DavidBoyerPhotographeInc.001-1024x1536.jpg","1536x1536-width":1024,"1536x1536-height":1536,"2048x2048":"https:\/\/d2q6z78khxmx42.cloudfront.net\/2024\/03\/6_DavidBoyerPhotographeInc.001-1365x2048.jpg","2048x2048-width":1365,"2048x2048-height":2048,"article":"https:\/\/d2q6z78khxmx42.cloudfront.net\/2024\/03\/6_DavidBoyerPhotographeInc.001-960x540.jpg","article-width":960,"article-height":540,"banner":"https:\/\/d2q6z78khxmx42.cloudfront.net\/2024\/03\/6_DavidBoyerPhotographeInc.001-1920x2880.jpg","banner-width":1920,"banner-height":2880,"block":"https:\/\/d2q6z78khxmx42.cloudfront.net\/2024\/03\/6_DavidBoyerPhotographeInc.001-900x680.jpg","block-width":900,"block-height":680,"card":"https:\/\/d2q6z78khxmx42.cloudfront.net\/2024\/03\/6_DavidBoyerPhotographeInc.001-560x495.jpg","card-width":560,"card-height":495,"card-thumbnail":"https:\/\/d2q6z78khxmx42.cloudfront.net\/2024\/03\/6_DavidBoyerPhotographeInc.001-450x340.jpg","card-thumbnail-width":450,"card-thumbnail-height":340,"conference":"https:\/\/d2q6z78khxmx42.cloudfront.net\/2024\/03\/6_DavidBoyerPhotographeInc.001-560x250.jpg","conference-width":560,"conference-height":250,"contest":"https:\/\/d2q6z78khxmx42.cloudfront.net\/2024\/03\/6_DavidBoyerPhotographeInc.001-960x400.jpg","contest-width":960,"contest-height":400,"cta":"https:\/\/d2q6z78khxmx42.cloudfront.net\/2024\/03\/6_DavidBoyerPhotographeInc.001-415x170.jpg","cta-width":415,"cta-height":170,"exhibitor":"https:\/\/d2q6z78khxmx42.cloudfront.net\/2024\/03\/6_DavidBoyerPhotographeInc.001-560x560.jpg","exhibitor-width":560,"exhibitor-height":560,"gallery":"https:\/\/d2q6z78khxmx42.cloudfront.net\/2024\/03\/6_DavidBoyerPhotographeInc.001-287x430.jpg","gallery-width":287,"gallery-height":430,"logo":"https:\/\/d2q6z78khxmx42.cloudfront.net\/2024\/03\/6_DavidBoyerPhotographeInc.001-67x100.jpg","logo-width":67,"logo-height":100,"masonry":"https:\/\/d2q6z78khxmx42.cloudfront.net\/2024\/03\/6_DavidBoyerPhotographeInc.001-550x825.jpg","masonry-width":550,"masonry-height":825,"modal":"https:\/\/d2q6z78khxmx42.cloudfront.net\/2024\/03\/6_DavidBoyerPhotographeInc.001-1280x1920.jpg","modal-width":1280,"modal-height":1920,"number":"https:\/\/d2q6z78khxmx42.cloudfront.net\/2024\/03\/gtuYiHVv-6_DavidBoyerPhotographeInc.001-287x430.jpg","number-width":287,"number-height":430,"partner":"https:\/\/d2q6z78khxmx42.cloudfront.net\/2024\/03\/6_DavidBoyerPhotographeInc.001-140x210.jpg","partner-width":140,"partner-height":210,"ranking":"https:\/\/d2q6z78khxmx42.cloudfront.net\/2024\/03\/gtuYiHVv-6_DavidBoyerPhotographeInc.001-960x540.jpg","ranking-width":960,"ranking-height":540,"schedule":"https:\/\/d2q6z78khxmx42.cloudfront.net\/2024\/03\/6_DavidBoyerPhotographeInc.001-960x360.jpg","schedule-width":960,"schedule-height":360,"slideshow":"https:\/\/d2q6z78khxmx42.cloudfront.net\/2024\/03\/6_DavidBoyerPhotographeInc.001-453x680.jpg","slideshow-width":453,"slideshow-height":680}},"filters":false,"suppliers":false,"attachment_category":[]},{"categories":[3745],"credit":"David Boyer","image":{"ID":129937,"id":129937,"title":"\u00a9 David Boyer Photographe Inc. 002","filename":"6_DavidBoyerPhotographeInc.002-scaled.jpg","filesize":601143,"url":"https:\/\/d2q6z78khxmx42.cloudfront.net\/2024\/03\/6_DavidBoyerPhotographeInc.002-scaled.jpg","link":"https:\/\/int.design\/fr\/projets\/ecole-primaire-des-semis\/david-boyer-photographe-inc-002-5\/","alt":"","author":"1615","description":"Primary school des Semis Leclerc architectes    ","caption":"","name":"david-boyer-photographe-inc-002-5","status":"inherit","uploaded_to":122737,"date":"2024-03-23 17:43:50","modified":"2024-08-20 20:53:12","menu_order":0,"mime_type":"image\/jpeg","type":"image","subtype":"jpeg","icon":"https:\/\/int.design\/wp-includes\/images\/media\/default.png","width":2560,"height":2111,"sizes":{"thumbnail":"https:\/\/d2q6z78khxmx42.cloudfront.net\/2024\/03\/6_DavidBoyerPhotographeInc.002-150x150.jpg","thumbnail-width":150,"thumbnail-height":150,"medium":"https:\/\/d2q6z78khxmx42.cloudfront.net\/2024\/03\/6_DavidBoyerPhotographeInc.002-300x247.jpg","medium-width":300,"medium-height":247,"medium_large":"https:\/\/d2q6z78khxmx42.cloudfront.net\/2024\/03\/6_DavidBoyerPhotographeInc.002-768x633.jpg","medium_large-width":768,"medium_large-height":633,"large":"https:\/\/d2q6z78khxmx42.cloudfront.net\/2024\/03\/6_DavidBoyerPhotographeInc.002-1024x844.jpg","large-width":1024,"large-height":844,"1536x1536":"https:\/\/d2q6z78khxmx42.cloudfront.net\/2024\/03\/6_DavidBoyerPhotographeInc.002-1536x1266.jpg","1536x1536-width":1536,"1536x1536-height":1266,"2048x2048":"https:\/\/d2q6z78khxmx42.cloudfront.net\/2024\/03\/6_DavidBoyerPhotographeInc.002-2048x1688.jpg","2048x2048-width":2048,"2048x2048-height":1688,"article":"https:\/\/d2q6z78khxmx42.cloudfront.net\/2024\/03\/6_DavidBoyerPhotographeInc.002-960x540.jpg","article-width":960,"article-height":540,"banner":"https:\/\/d2q6z78khxmx42.cloudfront.net\/2024\/03\/6_DavidBoyerPhotographeInc.002-1920x1583.jpg","banner-width":1920,"banner-height":1583,"block":"https:\/\/d2q6z78khxmx42.cloudfront.net\/2024\/03\/6_DavidBoyerPhotographeInc.002-900x680.jpg","block-width":900,"block-height":680,"card":"https:\/\/d2q6z78khxmx42.cloudfront.net\/2024\/03\/6_DavidBoyerPhotographeInc.002-560x495.jpg","card-width":560,"card-height":495,"card-thumbnail":"https:\/\/d2q6z78khxmx42.cloudfront.net\/2024\/03\/6_DavidBoyerPhotographeInc.002-450x340.jpg","card-thumbnail-width":450,"card-thumbnail-height":340,"conference":"https:\/\/d2q6z78khxmx42.cloudfront.net\/2024\/03\/6_DavidBoyerPhotographeInc.002-560x250.jpg","conference-width":560,"conference-height":250,"contest":"https:\/\/d2q6z78khxmx42.cloudfront.net\/2024\/03\/6_DavidBoyerPhotographeInc.002-960x400.jpg","contest-width":960,"contest-height":400,"cta":"https:\/\/d2q6z78khxmx42.cloudfront.net\/2024\/03\/6_DavidBoyerPhotographeInc.002-415x170.jpg","cta-width":415,"cta-height":170,"exhibitor":"https:\/\/d2q6z78khxmx42.cloudfront.net\/2024\/03\/6_DavidBoyerPhotographeInc.002-560x560.jpg","exhibitor-width":560,"exhibitor-height":560,"gallery":"https:\/\/d2q6z78khxmx42.cloudfront.net\/2024\/03\/6_DavidBoyerPhotographeInc.002-522x430.jpg","gallery-width":522,"gallery-height":430,"logo":"https:\/\/d2q6z78khxmx42.cloudfront.net\/2024\/03\/6_DavidBoyerPhotographeInc.002-121x100.jpg","logo-width":121,"logo-height":100,"masonry":"https:\/\/d2q6z78khxmx42.cloudfront.net\/2024\/03\/6_DavidBoyerPhotographeInc.002-550x453.jpg","masonry-width":550,"masonry-height":453,"modal":"https:\/\/d2q6z78khxmx42.cloudfront.net\/2024\/03\/M8MXVfrk-6_DavidBoyerPhotographeInc.002-1920x1583.jpg","modal-width":1920,"modal-height":1583,"number":"https:\/\/d2q6z78khxmx42.cloudfront.net\/2024\/03\/M8MXVfrk-6_DavidBoyerPhotographeInc.002-522x430.jpg","number-width":522,"number-height":430,"partner":"https:\/\/d2q6z78khxmx42.cloudfront.net\/2024\/03\/6_DavidBoyerPhotographeInc.002-255x210.jpg","partner-width":255,"partner-height":210,"ranking":"https:\/\/d2q6z78khxmx42.cloudfront.net\/2024\/03\/M8MXVfrk-6_DavidBoyerPhotographeInc.002-960x540.jpg","ranking-width":960,"ranking-height":540,"schedule":"https:\/\/d2q6z78khxmx42.cloudfront.net\/2024\/03\/6_DavidBoyerPhotographeInc.002-960x360.jpg","schedule-width":960,"schedule-height":360,"slideshow":"https:\/\/d2q6z78khxmx42.cloudfront.net\/2024\/03\/6_DavidBoyerPhotographeInc.002-825x680.jpg","slideshow-width":825,"slideshow-height":680}},"filters":false,"suppliers":false,"attachment_category":[]},{"categories":[3745],"credit":"David Boyer","image":{"ID":129938,"id":129938,"title":"\u00a9 David Boyer Photographe Inc. 0003","filename":"7_DavidBoyerPhotographeInc.0003-scaled.jpg","filesize":361882,"url":"https:\/\/d2q6z78khxmx42.cloudfront.net\/2024\/03\/7_DavidBoyerPhotographeInc.0003-scaled.jpg","link":"https:\/\/int.design\/fr\/projets\/ecole-primaire-des-semis\/david-boyer-photographe-inc-0003-3\/","alt":"","author":"1615","description":"Primary school des Semis Leclerc architectes    ","caption":"","name":"david-boyer-photographe-inc-0003-3","status":"inherit","uploaded_to":122737,"date":"2024-03-23 17:44:05","modified":"2024-08-20 20:53:12","menu_order":0,"mime_type":"image\/jpeg","type":"image","subtype":"jpeg","icon":"https:\/\/int.design\/wp-includes\/images\/media\/default.png","width":2560,"height":1707,"sizes":{"thumbnail":"https:\/\/d2q6z78khxmx42.cloudfront.net\/2024\/03\/7_DavidBoyerPhotographeInc.0003-150x150.jpg","thumbnail-width":150,"thumbnail-height":150,"medium":"https:\/\/d2q6z78khxmx42.cloudfront.net\/2024\/03\/7_DavidBoyerPhotographeInc.0003-300x200.jpg","medium-width":300,"medium-height":200,"medium_large":"https:\/\/d2q6z78khxmx42.cloudfront.net\/2024\/03\/7_DavidBoyerPhotographeInc.0003-768x512.jpg","medium_large-width":768,"medium_large-height":512,"large":"https:\/\/d2q6z78khxmx42.cloudfront.net\/2024\/03\/7_DavidBoyerPhotographeInc.0003-1024x683.jpg","large-width":1024,"large-height":683,"1536x1536":"https:\/\/d2q6z78khxmx42.cloudfront.net\/2024\/03\/7_DavidBoyerPhotographeInc.0003-1536x1024.jpg","1536x1536-width":1536,"1536x1536-height":1024,"2048x2048":"https:\/\/d2q6z78khxmx42.cloudfront.net\/2024\/03\/7_DavidBoyerPhotographeInc.0003-2048x1365.jpg","2048x2048-width":2048,"2048x2048-height":1365,"article":"https:\/\/d2q6z78khxmx42.cloudfront.net\/2024\/03\/7_DavidBoyerPhotographeInc.0003-960x540.jpg","article-width":960,"article-height":540,"banner":"https:\/\/d2q6z78khxmx42.cloudfront.net\/2024\/03\/7_DavidBoyerPhotographeInc.0003-1920x1280.jpg","banner-width":1920,"banner-height":1280,"block":"https:\/\/d2q6z78khxmx42.cloudfront.net\/2024\/03\/7_DavidBoyerPhotographeInc.0003-900x680.jpg","block-width":900,"block-height":680,"card":"https:\/\/d2q6z78khxmx42.cloudfront.net\/2024\/03\/7_DavidBoyerPhotographeInc.0003-560x495.jpg","card-width":560,"card-height":495,"card-thumbnail":"https:\/\/d2q6z78khxmx42.cloudfront.net\/2024\/03\/7_DavidBoyerPhotographeInc.0003-450x340.jpg","card-thumbnail-width":450,"card-thumbnail-height":340,"conference":"https:\/\/d2q6z78khxmx42.cloudfront.net\/2024\/03\/7_DavidBoyerPhotographeInc.0003-560x250.jpg","conference-width":560,"conference-height":250,"contest":"https:\/\/d2q6z78khxmx42.cloudfront.net\/2024\/03\/7_DavidBoyerPhotographeInc.0003-960x400.jpg","contest-width":960,"contest-height":400,"cta":"https:\/\/d2q6z78khxmx42.cloudfront.net\/2024\/03\/7_DavidBoyerPhotographeInc.0003-415x170.jpg","cta-width":415,"cta-height":170,"exhibitor":"https:\/\/d2q6z78khxmx42.cloudfront.net\/2024\/03\/7_DavidBoyerPhotographeInc.0003-560x560.jpg","exhibitor-width":560,"exhibitor-height":560,"gallery":"https:\/\/d2q6z78khxmx42.cloudfront.net\/2024\/03\/7_DavidBoyerPhotographeInc.0003-560x373.jpg","gallery-width":560,"gallery-height":373,"logo":"https:\/\/d2q6z78khxmx42.cloudfront.net\/2024\/03\/7_DavidBoyerPhotographeInc.0003-150x100.jpg","logo-width":150,"logo-height":100,"masonry":"https:\/\/d2q6z78khxmx42.cloudfront.net\/2024\/03\/7_DavidBoyerPhotographeInc.0003-550x367.jpg","masonry-width":550,"masonry-height":367,"modal":"https:\/\/d2q6z78khxmx42.cloudfront.net\/2024\/03\/hcivB5Bz-7_DavidBoyerPhotographeInc.0003-1920x1280.jpg","modal-width":1920,"modal-height":1280,"number":"https:\/\/d2q6z78khxmx42.cloudfront.net\/2024\/03\/hcivB5Bz-7_DavidBoyerPhotographeInc.0003-560x373.jpg","number-width":560,"number-height":373,"partner":"https:\/\/d2q6z78khxmx42.cloudfront.net\/2024\/03\/7_DavidBoyerPhotographeInc.0003-275x183.jpg","partner-width":275,"partner-height":183,"ranking":"https:\/\/d2q6z78khxmx42.cloudfront.net\/2024\/03\/hcivB5Bz-7_DavidBoyerPhotographeInc.0003-960x540.jpg","ranking-width":960,"ranking-height":540,"schedule":"https:\/\/d2q6z78khxmx42.cloudfront.net\/2024\/03\/7_DavidBoyerPhotographeInc.0003-960x360.jpg","schedule-width":960,"schedule-height":360,"slideshow":"https:\/\/d2q6z78khxmx42.cloudfront.net\/2024\/03\/7_DavidBoyerPhotographeInc.0003-1020x680.jpg","slideshow-width":1020,"slideshow-height":680}},"filters":false,"suppliers":false,"attachment_category":[]},{"categories":[3745],"credit":"David Boyer","image":{"ID":129935,"id":129935,"title":"\u00a9 David Boyer Photographe Inc. 004","filename":"DavidBoyerPhotographeInc.004-scaled.jpg","filesize":571939,"url":"https:\/\/d2q6z78khxmx42.cloudfront.net\/2024\/03\/DavidBoyerPhotographeInc.004-scaled.jpg","link":"https:\/\/int.design\/fr\/projets\/ecole-primaire-des-semis\/david-boyer-photographe-inc-004-4\/","alt":"","author":"1615","description":"Primary school des Semis Leclerc architectes    ","caption":"","name":"david-boyer-photographe-inc-004-4","status":"inherit","uploaded_to":122737,"date":"2024-03-23 17:42:54","modified":"2024-08-20 20:53:12","menu_order":0,"mime_type":"image\/jpeg","type":"image","subtype":"jpeg","icon":"https:\/\/int.design\/wp-includes\/images\/media\/default.png","width":2560,"height":1707,"sizes":{"thumbnail":"https:\/\/d2q6z78khxmx42.cloudfront.net\/2024\/03\/DavidBoyerPhotographeInc.004-150x150.jpg","thumbnail-width":150,"thumbnail-height":150,"medium":"https:\/\/d2q6z78khxmx42.cloudfront.net\/2024\/03\/DavidBoyerPhotographeInc.004-300x200.jpg","medium-width":300,"medium-height":200,"medium_large":"https:\/\/d2q6z78khxmx42.cloudfront.net\/2024\/03\/DavidBoyerPhotographeInc.004-768x512.jpg","medium_large-width":768,"medium_large-height":512,"large":"https:\/\/d2q6z78khxmx42.cloudfront.net\/2024\/03\/DavidBoyerPhotographeInc.004-1024x683.jpg","large-width":1024,"large-height":683,"1536x1536":"https:\/\/d2q6z78khxmx42.cloudfront.net\/2024\/03\/DavidBoyerPhotographeInc.004-1536x1024.jpg","1536x1536-width":1536,"1536x1536-height":1024,"2048x2048":"https:\/\/d2q6z78khxmx42.cloudfront.net\/2024\/03\/DavidBoyerPhotographeInc.004-2048x1365.jpg","2048x2048-width":2048,"2048x2048-height":1365,"article":"https:\/\/d2q6z78khxmx42.cloudfront.net\/2024\/03\/DavidBoyerPhotographeInc.004-960x540.jpg","article-width":960,"article-height":540,"banner":"https:\/\/d2q6z78khxmx42.cloudfront.net\/2024\/03\/DavidBoyerPhotographeInc.004-1920x1280.jpg","banner-width":1920,"banner-height":1280,"block":"https:\/\/d2q6z78khxmx42.cloudfront.net\/2024\/03\/DavidBoyerPhotographeInc.004-900x680.jpg","block-width":900,"block-height":680,"card":"https:\/\/d2q6z78khxmx42.cloudfront.net\/2024\/03\/DavidBoyerPhotographeInc.004-560x495.jpg","card-width":560,"card-height":495,"card-thumbnail":"https:\/\/d2q6z78khxmx42.cloudfront.net\/2024\/03\/DavidBoyerPhotographeInc.004-450x340.jpg","card-thumbnail-width":450,"card-thumbnail-height":340,"conference":"https:\/\/d2q6z78khxmx42.cloudfront.net\/2024\/03\/DavidBoyerPhotographeInc.004-560x250.jpg","conference-width":560,"conference-height":250,"contest":"https:\/\/d2q6z78khxmx42.cloudfront.net\/2024\/03\/DavidBoyerPhotographeInc.004-960x400.jpg","contest-width":960,"contest-height":400,"cta":"https:\/\/d2q6z78khxmx42.cloudfront.net\/2024\/03\/DavidBoyerPhotographeInc.004-415x170.jpg","cta-width":415,"cta-height":170,"exhibitor":"https:\/\/d2q6z78khxmx42.cloudfront.net\/2024\/03\/DavidBoyerPhotographeInc.004-560x560.jpg","exhibitor-width":560,"exhibitor-height":560,"gallery":"https:\/\/d2q6z78khxmx42.cloudfront.net\/2024\/03\/DavidBoyerPhotographeInc.004-560x373.jpg","gallery-width":560,"gallery-height":373,"logo":"https:\/\/d2q6z78khxmx42.cloudfront.net\/2024\/03\/DavidBoyerPhotographeInc.004-150x100.jpg","logo-width":150,"logo-height":100,"masonry":"https:\/\/d2q6z78khxmx42.cloudfront.net\/2024\/03\/DavidBoyerPhotographeInc.004-550x367.jpg","masonry-width":550,"masonry-height":367,"modal":"https:\/\/d2q6z78khxmx42.cloudfront.net\/2024\/03\/E2LAkkGf-DavidBoyerPhotographeInc.004-1920x1280.jpg","modal-width":1920,"modal-height":1280,"number":"https:\/\/d2q6z78khxmx42.cloudfront.net\/2024\/03\/E2LAkkGf-DavidBoyerPhotographeInc.004-560x373.jpg","number-width":560,"number-height":373,"partner":"https:\/\/d2q6z78khxmx42.cloudfront.net\/2024\/03\/DavidBoyerPhotographeInc.004-275x183.jpg","partner-width":275,"partner-height":183,"ranking":"https:\/\/d2q6z78khxmx42.cloudfront.net\/2024\/03\/E2LAkkGf-DavidBoyerPhotographeInc.004-960x540.jpg","ranking-width":960,"ranking-height":540,"schedule":"https:\/\/d2q6z78khxmx42.cloudfront.net\/2024\/03\/DavidBoyerPhotographeInc.004-960x360.jpg","schedule-width":960,"schedule-height":360,"slideshow":"https:\/\/d2q6z78khxmx42.cloudfront.net\/2024\/03\/DavidBoyerPhotographeInc.004-1020x680.jpg","slideshow-width":1020,"slideshow-height":680}},"filters":false,"suppliers":false,"attachment_category":[]},{"categories":[3745],"credit":"David Boyer","image":{"ID":129939,"id":129939,"title":"\u00a9 David Boyer Photographe Inc. 005","filename":"7_DavidBoyerPhotographeInc.005-scaled.jpg","filesize":585522,"url":"https:\/\/d2q6z78khxmx42.cloudfront.net\/2024\/03\/7_DavidBoyerPhotographeInc.005-scaled.jpg","link":"https:\/\/int.design\/fr\/projets\/ecole-primaire-des-semis\/david-boyer-photographe-inc-005-6\/","alt":"","author":"1615","description":"Primary school des Semis Leclerc architectes    ","caption":"","name":"david-boyer-photographe-inc-005-6","status":"inherit","uploaded_to":122737,"date":"2024-03-23 17:44:24","modified":"2024-08-20 20:53:12","menu_order":0,"mime_type":"image\/jpeg","type":"image","subtype":"jpeg","icon":"https:\/\/int.design\/wp-includes\/images\/media\/default.png","width":2560,"height":1707,"sizes":{"thumbnail":"https:\/\/d2q6z78khxmx42.cloudfront.net\/2024\/03\/7_DavidBoyerPhotographeInc.005-150x150.jpg","thumbnail-width":150,"thumbnail-height":150,"medium":"https:\/\/d2q6z78khxmx42.cloudfront.net\/2024\/03\/7_DavidBoyerPhotographeInc.005-300x200.jpg","medium-width":300,"medium-height":200,"medium_large":"https:\/\/d2q6z78khxmx42.cloudfront.net\/2024\/03\/7_DavidBoyerPhotographeInc.005-768x512.jpg","medium_large-width":768,"medium_large-height":512,"large":"https:\/\/d2q6z78khxmx42.cloudfront.net\/2024\/03\/7_DavidBoyerPhotographeInc.005-1024x683.jpg","large-width":1024,"large-height":683,"1536x1536":"https:\/\/d2q6z78khxmx42.cloudfront.net\/2024\/03\/7_DavidBoyerPhotographeInc.005-1536x1024.jpg","1536x1536-width":1536,"1536x1536-height":1024,"2048x2048":"https:\/\/d2q6z78khxmx42.cloudfront.net\/2024\/03\/7_DavidBoyerPhotographeInc.005-2048x1365.jpg","2048x2048-width":2048,"2048x2048-height":1365,"article":"https:\/\/d2q6z78khxmx42.cloudfront.net\/2024\/03\/7_DavidBoyerPhotographeInc.005-960x540.jpg","article-width":960,"article-height":540,"banner":"https:\/\/d2q6z78khxmx42.cloudfront.net\/2024\/03\/7_DavidBoyerPhotographeInc.005-1920x1280.jpg","banner-width":1920,"banner-height":1280,"block":"https:\/\/d2q6z78khxmx42.cloudfront.net\/2024\/03\/7_DavidBoyerPhotographeInc.005-900x680.jpg","block-width":900,"block-height":680,"card":"https:\/\/d2q6z78khxmx42.cloudfront.net\/2024\/03\/7_DavidBoyerPhotographeInc.005-560x495.jpg","card-width":560,"card-height":495,"card-thumbnail":"https:\/\/d2q6z78khxmx42.cloudfront.net\/2024\/03\/7_DavidBoyerPhotographeInc.005-450x340.jpg","card-thumbnail-width":450,"card-thumbnail-height":340,"conference":"https:\/\/d2q6z78khxmx42.cloudfront.net\/2024\/03\/7_DavidBoyerPhotographeInc.005-560x250.jpg","conference-width":560,"conference-height":250,"contest":"https:\/\/d2q6z78khxmx42.cloudfront.net\/2024\/03\/7_DavidBoyerPhotographeInc.005-960x400.jpg","contest-width":960,"contest-height":400,"cta":"https:\/\/d2q6z78khxmx42.cloudfront.net\/2024\/03\/7_DavidBoyerPhotographeInc.005-415x170.jpg","cta-width":415,"cta-height":170,"exhibitor":"https:\/\/d2q6z78khxmx42.cloudfront.net\/2024\/03\/7_DavidBoyerPhotographeInc.005-560x560.jpg","exhibitor-width":560,"exhibitor-height":560,"gallery":"https:\/\/d2q6z78khxmx42.cloudfront.net\/2024\/03\/7_DavidBoyerPhotographeInc.005-560x373.jpg","gallery-width":560,"gallery-height":373,"logo":"https:\/\/d2q6z78khxmx42.cloudfront.net\/2024\/03\/7_DavidBoyerPhotographeInc.005-150x100.jpg","logo-width":150,"logo-height":100,"masonry":"https:\/\/d2q6z78khxmx42.cloudfront.net\/2024\/03\/7_DavidBoyerPhotographeInc.005-550x367.jpg","masonry-width":550,"masonry-height":367,"modal":"https:\/\/d2q6z78khxmx42.cloudfront.net\/2024\/03\/e8rYeyc7-7_DavidBoyerPhotographeInc.005-1920x1280.jpg","modal-width":1920,"modal-height":1280,"number":"https:\/\/d2q6z78khxmx42.cloudfront.net\/2024\/03\/e8rYeyc7-7_DavidBoyerPhotographeInc.005-560x373.jpg","number-width":560,"number-height":373,"partner":"https:\/\/d2q6z78khxmx42.cloudfront.net\/2024\/03\/7_DavidBoyerPhotographeInc.005-275x183.jpg","partner-width":275,"partner-height":183,"ranking":"https:\/\/d2q6z78khxmx42.cloudfront.net\/2024\/03\/e8rYeyc7-7_DavidBoyerPhotographeInc.005-960x540.jpg","ranking-width":960,"ranking-height":540,"schedule":"https:\/\/d2q6z78khxmx42.cloudfront.net\/2024\/03\/7_DavidBoyerPhotographeInc.005-960x360.jpg","schedule-width":960,"schedule-height":360,"slideshow":"https:\/\/d2q6z78khxmx42.cloudfront.net\/2024\/03\/7_DavidBoyerPhotographeInc.005-1020x680.jpg","slideshow-width":1020,"slideshow-height":680}},"filters":false,"suppliers":false,"attachment_category":[]},{"categories":[3745],"credit":"David Boyer","image":{"ID":129941,"id":129941,"title":"\u00a9 David Boyer Photographe Inc. 006","filename":"DavidBoyerPhotographeInc.006-scaled.jpg","filesize":668990,"url":"https:\/\/d2q6z78khxmx42.cloudfront.net\/2024\/03\/DavidBoyerPhotographeInc.006-scaled.jpg","link":"https:\/\/int.design\/fr\/projets\/ecole-primaire-des-semis\/david-boyer-photographe-inc-006-2\/","alt":"","author":"1615","description":"Primary school des Semis Leclerc architectes    ","caption":"","name":"david-boyer-photographe-inc-006-2","status":"inherit","uploaded_to":122737,"date":"2024-03-23 17:44:41","modified":"2024-08-20 20:53:12","menu_order":0,"mime_type":"image\/jpeg","type":"image","subtype":"jpeg","icon":"https:\/\/int.design\/wp-includes\/images\/media\/default.png","width":2560,"height":1707,"sizes":{"thumbnail":"https:\/\/d2q6z78khxmx42.cloudfront.net\/2024\/03\/DavidBoyerPhotographeInc.006-150x150.jpg","thumbnail-width":150,"thumbnail-height":150,"medium":"https:\/\/d2q6z78khxmx42.cloudfront.net\/2024\/03\/DavidBoyerPhotographeInc.006-300x200.jpg","medium-width":300,"medium-height":200,"medium_large":"https:\/\/d2q6z78khxmx42.cloudfront.net\/2024\/03\/DavidBoyerPhotographeInc.006-768x512.jpg","medium_large-width":768,"medium_large-height":512,"large":"https:\/\/d2q6z78khxmx42.cloudfront.net\/2024\/03\/DavidBoyerPhotographeInc.006-1024x683.jpg","large-width":1024,"large-height":683,"1536x1536":"https:\/\/d2q6z78khxmx42.cloudfront.net\/2024\/03\/DavidBoyerPhotographeInc.006-1536x1024.jpg","1536x1536-width":1536,"1536x1536-height":1024,"2048x2048":"https:\/\/d2q6z78khxmx42.cloudfront.net\/2024\/03\/DavidBoyerPhotographeInc.006-2048x1365.jpg","2048x2048-width":2048,"2048x2048-height":1365,"article":"https:\/\/d2q6z78khxmx42.cloudfront.net\/2024\/03\/DavidBoyerPhotographeInc.006-960x540.jpg","article-width":960,"article-height":540,"banner":"https:\/\/d2q6z78khxmx42.cloudfront.net\/2024\/03\/DavidBoyerPhotographeInc.006-1920x1280.jpg","banner-width":1920,"banner-height":1280,"block":"https:\/\/d2q6z78khxmx42.cloudfront.net\/2024\/03\/DavidBoyerPhotographeInc.006-900x680.jpg","block-width":900,"block-height":680,"card":"https:\/\/d2q6z78khxmx42.cloudfront.net\/2024\/03\/DavidBoyerPhotographeInc.006-560x495.jpg","card-width":560,"card-height":495,"card-thumbnail":"https:\/\/d2q6z78khxmx42.cloudfront.net\/2024\/03\/DavidBoyerPhotographeInc.006-450x340.jpg","card-thumbnail-width":450,"card-thumbnail-height":340,"conference":"https:\/\/d2q6z78khxmx42.cloudfront.net\/2024\/03\/DavidBoyerPhotographeInc.006-560x250.jpg","conference-width":560,"conference-height":250,"contest":"https:\/\/d2q6z78khxmx42.cloudfront.net\/2024\/03\/DavidBoyerPhotographeInc.006-960x400.jpg","contest-width":960,"contest-height":400,"cta":"https:\/\/d2q6z78khxmx42.cloudfront.net\/2024\/03\/DavidBoyerPhotographeInc.006-415x170.jpg","cta-width":415,"cta-height":170,"exhibitor":"https:\/\/d2q6z78khxmx42.cloudfront.net\/2024\/03\/DavidBoyerPhotographeInc.006-560x560.jpg","exhibitor-width":560,"exhibitor-height":560,"gallery":"https:\/\/d2q6z78khxmx42.cloudfront.net\/2024\/03\/DavidBoyerPhotographeInc.006-560x373.jpg","gallery-width":560,"gallery-height":373,"logo":"https:\/\/d2q6z78khxmx42.cloudfront.net\/2024\/03\/DavidBoyerPhotographeInc.006-150x100.jpg","logo-width":150,"logo-height":100,"masonry":"https:\/\/d2q6z78khxmx42.cloudfront.net\/2024\/03\/DavidBoyerPhotographeInc.006-550x367.jpg","masonry-width":550,"masonry-height":367,"modal":"https:\/\/d2q6z78khxmx42.cloudfront.net\/2024\/03\/pRgih2eA-DavidBoyerPhotographeInc.006-1920x1280.jpg","modal-width":1920,"modal-height":1280,"number":"https:\/\/d2q6z78khxmx42.cloudfront.net\/2024\/03\/pRgih2eA-DavidBoyerPhotographeInc.006-560x373.jpg","number-width":560,"number-height":373,"partner":"https:\/\/d2q6z78khxmx42.cloudfront.net\/2024\/03\/DavidBoyerPhotographeInc.006-275x183.jpg","partner-width":275,"partner-height":183,"ranking":"https:\/\/d2q6z78khxmx42.cloudfront.net\/2024\/03\/pRgih2eA-DavidBoyerPhotographeInc.006-960x540.jpg","ranking-width":960,"ranking-height":540,"schedule":"https:\/\/d2q6z78khxmx42.cloudfront.net\/2024\/03\/DavidBoyerPhotographeInc.006-960x360.jpg","schedule-width":960,"schedule-height":360,"slideshow":"https:\/\/d2q6z78khxmx42.cloudfront.net\/2024\/03\/DavidBoyerPhotographeInc.006-1020x680.jpg","slideshow-width":1020,"slideshow-height":680}},"filters":false,"suppliers":false,"attachment_category":[]},{"categories":[3745],"credit":"David Boyer","image":{"ID":129940,"id":129940,"title":"\u00a9 David Boyer Photographe Inc. 007","filename":"DavidBoyerPhotographeInc.007-scaled.jpg","filesize":571976,"url":"https:\/\/d2q6z78khxmx42.cloudfront.net\/2024\/03\/DavidBoyerPhotographeInc.007-scaled.jpg","link":"https:\/\/int.design\/fr\/projets\/ecole-primaire-des-semis\/david-boyer-photographe-inc-007-3\/","alt":"","author":"1615","description":"Primary school des Semis Leclerc architectes    ","caption":"","name":"david-boyer-photographe-inc-007-3","status":"inherit","uploaded_to":122737,"date":"2024-03-23 17:44:33","modified":"2024-08-20 20:53:12","menu_order":0,"mime_type":"image\/jpeg","type":"image","subtype":"jpeg","icon":"https:\/\/int.design\/wp-includes\/images\/media\/default.png","width":2560,"height":1707,"sizes":{"thumbnail":"https:\/\/d2q6z78khxmx42.cloudfront.net\/2024\/03\/DavidBoyerPhotographeInc.007-150x150.jpg","thumbnail-width":150,"thumbnail-height":150,"medium":"https:\/\/d2q6z78khxmx42.cloudfront.net\/2024\/03\/DavidBoyerPhotographeInc.007-300x200.jpg","medium-width":300,"medium-height":200,"medium_large":"https:\/\/d2q6z78khxmx42.cloudfront.net\/2024\/03\/DavidBoyerPhotographeInc.007-768x512.jpg","medium_large-width":768,"medium_large-height":512,"large":"https:\/\/d2q6z78khxmx42.cloudfront.net\/2024\/03\/DavidBoyerPhotographeInc.007-1024x683.jpg","large-width":1024,"large-height":683,"1536x1536":"https:\/\/d2q6z78khxmx42.cloudfront.net\/2024\/03\/DavidBoyerPhotographeInc.007-1536x1024.jpg","1536x1536-width":1536,"1536x1536-height":1024,"2048x2048":"https:\/\/d2q6z78khxmx42.cloudfront.net\/2024\/03\/DavidBoyerPhotographeInc.007-2048x1365.jpg","2048x2048-width":2048,"2048x2048-height":1365,"article":"https:\/\/d2q6z78khxmx42.cloudfront.net\/2024\/03\/DavidBoyerPhotographeInc.007-960x540.jpg","article-width":960,"article-height":540,"banner":"https:\/\/d2q6z78khxmx42.cloudfront.net\/2024\/03\/DavidBoyerPhotographeInc.007-1920x1280.jpg","banner-width":1920,"banner-height":1280,"block":"https:\/\/d2q6z78khxmx42.cloudfront.net\/2024\/03\/DavidBoyerPhotographeInc.007-900x680.jpg","block-width":900,"block-height":680,"card":"https:\/\/d2q6z78khxmx42.cloudfront.net\/2024\/03\/DavidBoyerPhotographeInc.007-560x495.jpg","card-width":560,"card-height":495,"card-thumbnail":"https:\/\/d2q6z78khxmx42.cloudfront.net\/2024\/03\/DavidBoyerPhotographeInc.007-450x340.jpg","card-thumbnail-width":450,"card-thumbnail-height":340,"conference":"https:\/\/d2q6z78khxmx42.cloudfront.net\/2024\/03\/DavidBoyerPhotographeInc.007-560x250.jpg","conference-width":560,"conference-height":250,"contest":"https:\/\/d2q6z78khxmx42.cloudfront.net\/2024\/03\/DavidBoyerPhotographeInc.007-960x400.jpg","contest-width":960,"contest-height":400,"cta":"https:\/\/d2q6z78khxmx42.cloudfront.net\/2024\/03\/DavidBoyerPhotographeInc.007-415x170.jpg","cta-width":415,"cta-height":170,"exhibitor":"https:\/\/d2q6z78khxmx42.cloudfront.net\/2024\/03\/DavidBoyerPhotographeInc.007-560x560.jpg","exhibitor-width":560,"exhibitor-height":560,"gallery":"https:\/\/d2q6z78khxmx42.cloudfront.net\/2024\/03\/DavidBoyerPhotographeInc.007-560x373.jpg","gallery-width":560,"gallery-height":373,"logo":"https:\/\/d2q6z78khxmx42.cloudfront.net\/2024\/03\/DavidBoyerPhotographeInc.007-150x100.jpg","logo-width":150,"logo-height":100,"masonry":"https:\/\/d2q6z78khxmx42.cloudfront.net\/2024\/03\/DavidBoyerPhotographeInc.007-550x367.jpg","masonry-width":550,"masonry-height":367,"modal":"https:\/\/d2q6z78khxmx42.cloudfront.net\/2024\/03\/Y5o7dAre-DavidBoyerPhotographeInc.007-1920x1280.jpg","modal-width":1920,"modal-height":1280,"number":"https:\/\/d2q6z78khxmx42.cloudfront.net\/2024\/03\/Y5o7dAre-DavidBoyerPhotographeInc.007-560x373.jpg","number-width":560,"number-height":373,"partner":"https:\/\/d2q6z78khxmx42.cloudfront.net\/2024\/03\/DavidBoyerPhotographeInc.007-275x183.jpg","partner-width":275,"partner-height":183,"ranking":"https:\/\/d2q6z78khxmx42.cloudfront.net\/2024\/03\/Y5o7dAre-DavidBoyerPhotographeInc.007-960x540.jpg","ranking-width":960,"ranking-height":540,"schedule":"https:\/\/d2q6z78khxmx42.cloudfront.net\/2024\/03\/DavidBoyerPhotographeInc.007-960x360.jpg","schedule-width":960,"schedule-height":360,"slideshow":"https:\/\/d2q6z78khxmx42.cloudfront.net\/2024\/03\/DavidBoyerPhotographeInc.007-1020x680.jpg","slideshow-width":1020,"slideshow-height":680}},"filters":false,"suppliers":false,"attachment_category":[]},{"categories":[3745],"credit":"David Boyer","image":{"ID":129943,"id":129943,"title":"\u00a9 David Boyer Photographe Inc. 0008","filename":"7_DavidBoyerPhotographeInc.0008-scaled.jpg","filesize":438111,"url":"https:\/\/d2q6z78khxmx42.cloudfront.net\/2024\/03\/7_DavidBoyerPhotographeInc.0008-scaled.jpg","link":"https:\/\/int.design\/fr\/projets\/ecole-primaire-des-semis\/david-boyer-photographe-inc-0008-3\/","alt":"","author":"1615","description":"Primary school des Semis Leclerc architectes    ","caption":"","name":"david-boyer-photographe-inc-0008-3","status":"inherit","uploaded_to":122737,"date":"2024-03-23 17:44:48","modified":"2024-08-20 20:53:12","menu_order":0,"mime_type":"image\/jpeg","type":"image","subtype":"jpeg","icon":"https:\/\/int.design\/wp-includes\/images\/media\/default.png","width":2560,"height":1707,"sizes":{"thumbnail":"https:\/\/d2q6z78khxmx42.cloudfront.net\/2024\/03\/7_DavidBoyerPhotographeInc.0008-150x150.jpg","thumbnail-width":150,"thumbnail-height":150,"medium":"https:\/\/d2q6z78khxmx42.cloudfront.net\/2024\/03\/7_DavidBoyerPhotographeInc.0008-300x200.jpg","medium-width":300,"medium-height":200,"medium_large":"https:\/\/d2q6z78khxmx42.cloudfront.net\/2024\/03\/7_DavidBoyerPhotographeInc.0008-768x512.jpg","medium_large-width":768,"medium_large-height":512,"large":"https:\/\/d2q6z78khxmx42.cloudfront.net\/2024\/03\/7_DavidBoyerPhotographeInc.0008-1024x683.jpg","large-width":1024,"large-height":683,"1536x1536":"https:\/\/d2q6z78khxmx42.cloudfront.net\/2024\/03\/7_DavidBoyerPhotographeInc.0008-1536x1024.jpg","1536x1536-width":1536,"1536x1536-height":1024,"2048x2048":"https:\/\/d2q6z78khxmx42.cloudfront.net\/2024\/03\/7_DavidBoyerPhotographeInc.0008-2048x1365.jpg","2048x2048-width":2048,"2048x2048-height":1365,"article":"https:\/\/d2q6z78khxmx42.cloudfront.net\/2024\/03\/7_DavidBoyerPhotographeInc.0008-960x540.jpg","article-width":960,"article-height":540,"banner":"https:\/\/d2q6z78khxmx42.cloudfront.net\/2024\/03\/7_DavidBoyerPhotographeInc.0008-1920x1280.jpg","banner-width":1920,"banner-height":1280,"block":"https:\/\/d2q6z78khxmx42.cloudfront.net\/2024\/03\/7_DavidBoyerPhotographeInc.0008-900x680.jpg","block-width":900,"block-height":680,"card":"https:\/\/d2q6z78khxmx42.cloudfront.net\/2024\/03\/7_DavidBoyerPhotographeInc.0008-560x495.jpg","card-width":560,"card-height":495,"card-thumbnail":"https:\/\/d2q6z78khxmx42.cloudfront.net\/2024\/03\/7_DavidBoyerPhotographeInc.0008-450x340.jpg","card-thumbnail-width":450,"card-thumbnail-height":340,"conference":"https:\/\/d2q6z78khxmx42.cloudfront.net\/2024\/03\/7_DavidBoyerPhotographeInc.0008-560x250.jpg","conference-width":560,"conference-height":250,"contest":"https:\/\/d2q6z78khxmx42.cloudfront.net\/2024\/03\/7_DavidBoyerPhotographeInc.0008-960x400.jpg","contest-width":960,"contest-height":400,"cta":"https:\/\/d2q6z78khxmx42.cloudfront.net\/2024\/03\/7_DavidBoyerPhotographeInc.0008-415x170.jpg","cta-width":415,"cta-height":170,"exhibitor":"https:\/\/d2q6z78khxmx42.cloudfront.net\/2024\/03\/7_DavidBoyerPhotographeInc.0008-560x560.jpg","exhibitor-width":560,"exhibitor-height":560,"gallery":"https:\/\/d2q6z78khxmx42.cloudfront.net\/2024\/03\/7_DavidBoyerPhotographeInc.0008-560x373.jpg","gallery-width":560,"gallery-height":373,"logo":"https:\/\/d2q6z78khxmx42.cloudfront.net\/2024\/03\/7_DavidBoyerPhotographeInc.0008-150x100.jpg","logo-width":150,"logo-height":100,"masonry":"https:\/\/d2q6z78khxmx42.cloudfront.net\/2024\/03\/7_DavidBoyerPhotographeInc.0008-550x367.jpg","masonry-width":550,"masonry-height":367,"modal":"https:\/\/d2q6z78khxmx42.cloudfront.net\/2024\/03\/BTPLuuhO-7_DavidBoyerPhotographeInc.0008-1920x1280.jpg","modal-width":1920,"modal-height":1280,"number":"https:\/\/d2q6z78khxmx42.cloudfront.net\/2024\/03\/BTPLuuhO-7_DavidBoyerPhotographeInc.0008-560x373.jpg","number-width":560,"number-height":373,"partner":"https:\/\/d2q6z78khxmx42.cloudfront.net\/2024\/03\/7_DavidBoyerPhotographeInc.0008-275x183.jpg","partner-width":275,"partner-height":183,"ranking":"https:\/\/d2q6z78khxmx42.cloudfront.net\/2024\/03\/BTPLuuhO-7_DavidBoyerPhotographeInc.0008-960x540.jpg","ranking-width":960,"ranking-height":540,"schedule":"https:\/\/d2q6z78khxmx42.cloudfront.net\/2024\/03\/7_DavidBoyerPhotographeInc.0008-960x360.jpg","schedule-width":960,"schedule-height":360,"slideshow":"https:\/\/d2q6z78khxmx42.cloudfront.net\/2024\/03\/7_DavidBoyerPhotographeInc.0008-1020x680.jpg","slideshow-width":1020,"slideshow-height":680}},"filters":false,"suppliers":false,"attachment_category":[]},{"categories":[3745],"credit":"David Boyer","image":{"ID":129942,"id":129942,"title":"\u00a9 David Boyer Photographe Inc. 009","filename":"DavidBoyerPhotographeInc.009-scaled.jpg","filesize":358948,"url":"https:\/\/d2q6z78khxmx42.cloudfront.net\/2024\/03\/DavidBoyerPhotographeInc.009-scaled.jpg","link":"https:\/\/int.design\/fr\/projets\/ecole-primaire-des-semis\/david-boyer-photographe-inc-009-6\/","alt":"","author":"1615","description":"Primary school des Semis Leclerc architectes    ","caption":"","name":"david-boyer-photographe-inc-009-6","status":"inherit","uploaded_to":122737,"date":"2024-03-23 17:44:48","modified":"2024-08-20 20:53:12","menu_order":0,"mime_type":"image\/jpeg","type":"image","subtype":"jpeg","icon":"https:\/\/int.design\/wp-includes\/images\/media\/default.png","width":1707,"height":2560,"sizes":{"thumbnail":"https:\/\/d2q6z78khxmx42.cloudfront.net\/2024\/03\/DavidBoyerPhotographeInc.009-150x150.jpg","thumbnail-width":150,"thumbnail-height":150,"medium":"https:\/\/d2q6z78khxmx42.cloudfront.net\/2024\/03\/DavidBoyerPhotographeInc.009-200x300.jpg","medium-width":200,"medium-height":300,"medium_large":"https:\/\/d2q6z78khxmx42.cloudfront.net\/2024\/03\/DavidBoyerPhotographeInc.009-768x1152.jpg","medium_large-width":768,"medium_large-height":1152,"large":"https:\/\/d2q6z78khxmx42.cloudfront.net\/2024\/03\/DavidBoyerPhotographeInc.009-683x1024.jpg","large-width":683,"large-height":1024,"1536x1536":"https:\/\/d2q6z78khxmx42.cloudfront.net\/2024\/03\/DavidBoyerPhotographeInc.009-1024x1536.jpg","1536x1536-width":1024,"1536x1536-height":1536,"2048x2048":"https:\/\/d2q6z78khxmx42.cloudfront.net\/2024\/03\/DavidBoyerPhotographeInc.009-1365x2048.jpg","2048x2048-width":1365,"2048x2048-height":2048,"article":"https:\/\/d2q6z78khxmx42.cloudfront.net\/2024\/03\/DavidBoyerPhotographeInc.009-960x540.jpg","article-width":960,"article-height":540,"banner":"https:\/\/d2q6z78khxmx42.cloudfront.net\/2024\/03\/DavidBoyerPhotographeInc.009-1920x2880.jpg","banner-width":1920,"banner-height":2880,"block":"https:\/\/d2q6z78khxmx42.cloudfront.net\/2024\/03\/DavidBoyerPhotographeInc.009-900x680.jpg","block-width":900,"block-height":680,"card":"https:\/\/d2q6z78khxmx42.cloudfront.net\/2024\/03\/DavidBoyerPhotographeInc.009-560x495.jpg","card-width":560,"card-height":495,"card-thumbnail":"https:\/\/d2q6z78khxmx42.cloudfront.net\/2024\/03\/DavidBoyerPhotographeInc.009-450x340.jpg","card-thumbnail-width":450,"card-thumbnail-height":340,"conference":"https:\/\/d2q6z78khxmx42.cloudfront.net\/2024\/03\/DavidBoyerPhotographeInc.009-560x250.jpg","conference-width":560,"conference-height":250,"contest":"https:\/\/d2q6z78khxmx42.cloudfront.net\/2024\/03\/DavidBoyerPhotographeInc.009-960x400.jpg","contest-width":960,"contest-height":400,"cta":"https:\/\/d2q6z78khxmx42.cloudfront.net\/2024\/03\/DavidBoyerPhotographeInc.009-415x170.jpg","cta-width":415,"cta-height":170,"exhibitor":"https:\/\/d2q6z78khxmx42.cloudfront.net\/2024\/03\/DavidBoyerPhotographeInc.009-560x560.jpg","exhibitor-width":560,"exhibitor-height":560,"gallery":"https:\/\/d2q6z78khxmx42.cloudfront.net\/2024\/03\/DavidBoyerPhotographeInc.009-287x430.jpg","gallery-width":287,"gallery-height":430,"logo":"https:\/\/d2q6z78khxmx42.cloudfront.net\/2024\/03\/DavidBoyerPhotographeInc.009-67x100.jpg","logo-width":67,"logo-height":100,"masonry":"https:\/\/d2q6z78khxmx42.cloudfront.net\/2024\/03\/DavidBoyerPhotographeInc.009-550x825.jpg","masonry-width":550,"masonry-height":825,"modal":"https:\/\/d2q6z78khxmx42.cloudfront.net\/2024\/03\/DavidBoyerPhotographeInc.009-1280x1920.jpg","modal-width":1280,"modal-height":1920,"number":"https:\/\/d2q6z78khxmx42.cloudfront.net\/2024\/03\/sNCtwO8t-DavidBoyerPhotographeInc.009-287x430.jpg","number-width":287,"number-height":430,"partner":"https:\/\/d2q6z78khxmx42.cloudfront.net\/2024\/03\/DavidBoyerPhotographeInc.009-140x210.jpg","partner-width":140,"partner-height":210,"ranking":"https:\/\/d2q6z78khxmx42.cloudfront.net\/2024\/03\/sNCtwO8t-DavidBoyerPhotographeInc.009-960x540.jpg","ranking-width":960,"ranking-height":540,"schedule":"https:\/\/d2q6z78khxmx42.cloudfront.net\/2024\/03\/DavidBoyerPhotographeInc.009-960x360.jpg","schedule-width":960,"schedule-height":360,"slideshow":"https:\/\/d2q6z78khxmx42.cloudfront.net\/2024\/03\/DavidBoyerPhotographeInc.009-453x680.jpg","slideshow-width":453,"slideshow-height":680}},"filters":false,"suppliers":false,"attachment_category":[]},{"categories":[3745],"credit":"David Boyer","image":{"ID":129945,"id":129945,"title":"\u00a9 David Boyer Photographe Inc. 015","filename":"7_DavidBoyerPhotographeInc.015-scaled.jpg","filesize":380509,"url":"https:\/\/d2q6z78khxmx42.cloudfront.net\/2024\/03\/7_DavidBoyerPhotographeInc.015-scaled.jpg","link":"https:\/\/int.design\/fr\/projets\/ecole-primaire-des-semis\/david-boyer-photographe-inc-015-3\/","alt":"","author":"1615","description":"Primary school des Semis Leclerc architectes    ","caption":"","name":"david-boyer-photographe-inc-015-3","status":"inherit","uploaded_to":122737,"date":"2024-03-23 17:46:13","modified":"2024-08-20 20:53:12","menu_order":0,"mime_type":"image\/jpeg","type":"image","subtype":"jpeg","icon":"https:\/\/int.design\/wp-includes\/images\/media\/default.png","width":2560,"height":1335,"sizes":{"thumbnail":"https:\/\/d2q6z78khxmx42.cloudfront.net\/2024\/03\/7_DavidBoyerPhotographeInc.015-150x150.jpg","thumbnail-width":150,"thumbnail-height":150,"medium":"https:\/\/d2q6z78khxmx42.cloudfront.net\/2024\/03\/7_DavidBoyerPhotographeInc.015-300x156.jpg","medium-width":300,"medium-height":156,"medium_large":"https:\/\/d2q6z78khxmx42.cloudfront.net\/2024\/03\/7_DavidBoyerPhotographeInc.015-768x401.jpg","medium_large-width":768,"medium_large-height":401,"large":"https:\/\/d2q6z78khxmx42.cloudfront.net\/2024\/03\/7_DavidBoyerPhotographeInc.015-1024x534.jpg","large-width":1024,"large-height":534,"1536x1536":"https:\/\/d2q6z78khxmx42.cloudfront.net\/2024\/03\/7_DavidBoyerPhotographeInc.015-1536x801.jpg","1536x1536-width":1536,"1536x1536-height":801,"2048x2048":"https:\/\/d2q6z78khxmx42.cloudfront.net\/2024\/03\/7_DavidBoyerPhotographeInc.015-2048x1068.jpg","2048x2048-width":2048,"2048x2048-height":1068,"article":"https:\/\/d2q6z78khxmx42.cloudfront.net\/2024\/03\/7_DavidBoyerPhotographeInc.015-960x540.jpg","article-width":960,"article-height":540,"banner":"https:\/\/d2q6z78khxmx42.cloudfront.net\/2024\/03\/7_DavidBoyerPhotographeInc.015-1920x1001.jpg","banner-width":1920,"banner-height":1001,"block":"https:\/\/d2q6z78khxmx42.cloudfront.net\/2024\/03\/7_DavidBoyerPhotographeInc.015-900x680.jpg","block-width":900,"block-height":680,"card":"https:\/\/d2q6z78khxmx42.cloudfront.net\/2024\/03\/7_DavidBoyerPhotographeInc.015-560x495.jpg","card-width":560,"card-height":495,"card-thumbnail":"https:\/\/d2q6z78khxmx42.cloudfront.net\/2024\/03\/7_DavidBoyerPhotographeInc.015-450x340.jpg","card-thumbnail-width":450,"card-thumbnail-height":340,"conference":"https:\/\/d2q6z78khxmx42.cloudfront.net\/2024\/03\/7_DavidBoyerPhotographeInc.015-560x250.jpg","conference-width":560,"conference-height":250,"contest":"https:\/\/d2q6z78khxmx42.cloudfront.net\/2024\/03\/7_DavidBoyerPhotographeInc.015-960x400.jpg","contest-width":960,"contest-height":400,"cta":"https:\/\/d2q6z78khxmx42.cloudfront.net\/2024\/03\/7_DavidBoyerPhotographeInc.015-415x170.jpg","cta-width":415,"cta-height":170,"exhibitor":"https:\/\/d2q6z78khxmx42.cloudfront.net\/2024\/03\/7_DavidBoyerPhotographeInc.015-560x560.jpg","exhibitor-width":560,"exhibitor-height":560,"gallery":"https:\/\/d2q6z78khxmx42.cloudfront.net\/2024\/03\/7_DavidBoyerPhotographeInc.015-560x292.jpg","gallery-width":560,"gallery-height":292,"logo":"https:\/\/d2q6z78khxmx42.cloudfront.net\/2024\/03\/7_DavidBoyerPhotographeInc.015-192x100.jpg","logo-width":192,"logo-height":100,"masonry":"https:\/\/d2q6z78khxmx42.cloudfront.net\/2024\/03\/7_DavidBoyerPhotographeInc.015-550x287.jpg","masonry-width":550,"masonry-height":287,"modal":"https:\/\/d2q6z78khxmx42.cloudfront.net\/2024\/03\/1Ztzsjcn-7_DavidBoyerPhotographeInc.015-1920x1001.jpg","modal-width":1920,"modal-height":1001,"number":"https:\/\/d2q6z78khxmx42.cloudfront.net\/2024\/03\/1Ztzsjcn-7_DavidBoyerPhotographeInc.015-560x292.jpg","number-width":560,"number-height":292,"partner":"https:\/\/d2q6z78khxmx42.cloudfront.net\/2024\/03\/7_DavidBoyerPhotographeInc.015-275x143.jpg","partner-width":275,"partner-height":143,"ranking":"https:\/\/d2q6z78khxmx42.cloudfront.net\/2024\/03\/1Ztzsjcn-7_DavidBoyerPhotographeInc.015-960x540.jpg","ranking-width":960,"ranking-height":540,"schedule":"https:\/\/d2q6z78khxmx42.cloudfront.net\/2024\/03\/7_DavidBoyerPhotographeInc.015-960x360.jpg","schedule-width":960,"schedule-height":360,"slideshow":"https:\/\/d2q6z78khxmx42.cloudfront.net\/2024\/03\/7_DavidBoyerPhotographeInc.015-1304x680.jpg","slideshow-width":1304,"slideshow-height":680}},"filters":false,"suppliers":false,"attachment_category":[]}],"mandatory_documents":[{"name":"Plan du rez-de-chauss\u00e9e","file":{"ID":129950,"id":129950,"title":"PLAN-RDC","filename":"6_PLAN-RDC.jpg","filesize":173278,"url":"https:\/\/d2q6z78khxmx42.cloudfront.net\/2024\/03\/6_PLAN-RDC.jpg","link":"https:\/\/int.design\/fr\/projets\/ecole-primaire-des-semis\/plan-rdc-7\/","alt":"","author":"1615","description":"","caption":"","name":"plan-rdc-7","status":"inherit","uploaded_to":122737,"date":"2024-03-23 17:59:26","modified":"2024-03-23 18:00:05","menu_order":0,"mime_type":"image\/jpeg","type":"image","subtype":"jpeg","icon":"https:\/\/int.design\/wp-includes\/images\/media\/default.png","width":1224,"height":792,"sizes":{"thumbnail":"https:\/\/d2q6z78khxmx42.cloudfront.net\/2024\/03\/6_PLAN-RDC-150x150.jpg","thumbnail-width":150,"thumbnail-height":150,"medium":"https:\/\/d2q6z78khxmx42.cloudfront.net\/2024\/03\/6_PLAN-RDC-300x194.jpg","medium-width":300,"medium-height":194,"medium_large":"https:\/\/d2q6z78khxmx42.cloudfront.net\/2024\/03\/6_PLAN-RDC-768x497.jpg","medium_large-width":768,"medium_large-height":497,"large":"https:\/\/d2q6z78khxmx42.cloudfront.net\/2024\/03\/6_PLAN-RDC-1024x663.jpg","large-width":1024,"large-height":663,"1536x1536":"https:\/\/d2q6z78khxmx42.cloudfront.net\/2024\/03\/6_PLAN-RDC.jpg","1536x1536-width":1224,"1536x1536-height":792,"2048x2048":"https:\/\/d2q6z78khxmx42.cloudfront.net\/2024\/03\/6_PLAN-RDC.jpg","2048x2048-width":1224,"2048x2048-height":792,"article":"https:\/\/d2q6z78khxmx42.cloudfront.net\/2024\/03\/6_PLAN-RDC-960x540.jpg","article-width":960,"article-height":540,"banner":"https:\/\/d2q6z78khxmx42.cloudfront.net\/2024\/03\/6_PLAN-RDC.jpg","banner-width":1224,"banner-height":792,"block":"https:\/\/d2q6z78khxmx42.cloudfront.net\/2024\/03\/6_PLAN-RDC-900x680.jpg","block-width":900,"block-height":680,"card":"https:\/\/d2q6z78khxmx42.cloudfront.net\/2024\/03\/6_PLAN-RDC-560x495.jpg","card-width":560,"card-height":495,"card-thumbnail":"https:\/\/d2q6z78khxmx42.cloudfront.net\/2024\/03\/6_PLAN-RDC-450x340.jpg","card-thumbnail-width":450,"card-thumbnail-height":340,"conference":"https:\/\/d2q6z78khxmx42.cloudfront.net\/2024\/03\/6_PLAN-RDC-560x250.jpg","conference-width":560,"conference-height":250,"contest":"https:\/\/d2q6z78khxmx42.cloudfront.net\/2024\/03\/6_PLAN-RDC-960x400.jpg","contest-width":960,"contest-height":400,"cta":"https:\/\/d2q6z78khxmx42.cloudfront.net\/2024\/03\/6_PLAN-RDC-415x170.jpg","cta-width":415,"cta-height":170,"exhibitor":"https:\/\/d2q6z78khxmx42.cloudfront.net\/2024\/03\/6_PLAN-RDC-560x560.jpg","exhibitor-width":560,"exhibitor-height":560,"gallery":"https:\/\/d2q6z78khxmx42.cloudfront.net\/2024\/03\/6_PLAN-RDC-560x362.jpg","gallery-width":560,"gallery-height":362,"logo":"https:\/\/d2q6z78khxmx42.cloudfront.net\/2024\/03\/6_PLAN-RDC-155x100.jpg","logo-width":155,"logo-height":100,"masonry":"https:\/\/d2q6z78khxmx42.cloudfront.net\/2024\/03\/6_PLAN-RDC-550x356.jpg","masonry-width":550,"masonry-height":356,"modal":"https:\/\/d2q6z78khxmx42.cloudfront.net\/2024\/03\/6_PLAN-RDC.jpg","modal-width":1224,"modal-height":792,"number":"https:\/\/d2q6z78khxmx42.cloudfront.net\/2024\/03\/W1WiVF8C-6_PLAN-RDC-560x362.jpg","number-width":560,"number-height":362,"partner":"https:\/\/d2q6z78khxmx42.cloudfront.net\/2024\/03\/6_PLAN-RDC-275x178.jpg","partner-width":275,"partner-height":178,"ranking":"https:\/\/d2q6z78khxmx42.cloudfront.net\/2024\/03\/W1WiVF8C-6_PLAN-RDC-960x540.jpg","ranking-width":960,"ranking-height":540,"schedule":"https:\/\/d2q6z78khxmx42.cloudfront.net\/2024\/03\/6_PLAN-RDC-960x360.jpg","schedule-width":960,"schedule-height":360,"slideshow":"https:\/\/d2q6z78khxmx42.cloudfront.net\/2024\/03\/6_PLAN-RDC-1051x680.jpg","slideshow-width":1051,"slideshow-height":680}}},{"name":"Plan du niveau 2","file":{"ID":129951,"id":129951,"title":"PLAN-2E-NIV","filename":"6_PLAN-2E-NIV.jpg","filesize":219980,"url":"https:\/\/d2q6z78khxmx42.cloudfront.net\/2024\/03\/6_PLAN-2E-NIV.jpg","link":"https:\/\/int.design\/fr\/projets\/ecole-primaire-des-semis\/plan-2e-niv-2\/","alt":"","author":"1615","description":"","caption":"","name":"plan-2e-niv-2","status":"inherit","uploaded_to":122737,"date":"2024-03-23 17:59:41","modified":"2024-03-23 18:00:06","menu_order":0,"mime_type":"image\/jpeg","type":"image","subtype":"jpeg","icon":"https:\/\/int.design\/wp-includes\/images\/media\/default.png","width":1224,"height":792,"sizes":{"thumbnail":"https:\/\/d2q6z78khxmx42.cloudfront.net\/2024\/03\/6_PLAN-2E-NIV-150x150.jpg","thumbnail-width":150,"thumbnail-height":150,"medium":"https:\/\/d2q6z78khxmx42.cloudfront.net\/2024\/03\/6_PLAN-2E-NIV-300x194.jpg","medium-width":300,"medium-height":194,"medium_large":"https:\/\/d2q6z78khxmx42.cloudfront.net\/2024\/03\/6_PLAN-2E-NIV-768x497.jpg","medium_large-width":768,"medium_large-height":497,"large":"https:\/\/d2q6z78khxmx42.cloudfront.net\/2024\/03\/6_PLAN-2E-NIV-1024x663.jpg","large-width":1024,"large-height":663,"1536x1536":"https:\/\/d2q6z78khxmx42.cloudfront.net\/2024\/03\/6_PLAN-2E-NIV.jpg","1536x1536-width":1224,"1536x1536-height":792,"2048x2048":"https:\/\/d2q6z78khxmx42.cloudfront.net\/2024\/03\/6_PLAN-2E-NIV.jpg","2048x2048-width":1224,"2048x2048-height":792,"article":"https:\/\/d2q6z78khxmx42.cloudfront.net\/2024\/03\/6_PLAN-2E-NIV-960x540.jpg","article-width":960,"article-height":540,"banner":"https:\/\/d2q6z78khxmx42.cloudfront.net\/2024\/03\/6_PLAN-2E-NIV.jpg","banner-width":1224,"banner-height":792,"block":"https:\/\/d2q6z78khxmx42.cloudfront.net\/2024\/03\/6_PLAN-2E-NIV-900x680.jpg","block-width":900,"block-height":680,"card":"https:\/\/d2q6z78khxmx42.cloudfront.net\/2024\/03\/6_PLAN-2E-NIV-560x495.jpg","card-width":560,"card-height":495,"card-thumbnail":"https:\/\/d2q6z78khxmx42.cloudfront.net\/2024\/03\/6_PLAN-2E-NIV-450x340.jpg","card-thumbnail-width":450,"card-thumbnail-height":340,"conference":"https:\/\/d2q6z78khxmx42.cloudfront.net\/2024\/03\/6_PLAN-2E-NIV-560x250.jpg","conference-width":560,"conference-height":250,"contest":"https:\/\/d2q6z78khxmx42.cloudfront.net\/2024\/03\/6_PLAN-2E-NIV-960x400.jpg","contest-width":960,"contest-height":400,"cta":"https:\/\/d2q6z78khxmx42.cloudfront.net\/2024\/03\/6_PLAN-2E-NIV-415x170.jpg","cta-width":415,"cta-height":170,"exhibitor":"https:\/\/d2q6z78khxmx42.cloudfront.net\/2024\/03\/6_PLAN-2E-NIV-560x560.jpg","exhibitor-width":560,"exhibitor-height":560,"gallery":"https:\/\/d2q6z78khxmx42.cloudfront.net\/2024\/03\/6_PLAN-2E-NIV-560x362.jpg","gallery-width":560,"gallery-height":362,"logo":"https:\/\/d2q6z78khxmx42.cloudfront.net\/2024\/03\/6_PLAN-2E-NIV-155x100.jpg","logo-width":155,"logo-height":100,"masonry":"https:\/\/d2q6z78khxmx42.cloudfront.net\/2024\/03\/6_PLAN-2E-NIV-550x356.jpg","masonry-width":550,"masonry-height":356,"modal":"https:\/\/d2q6z78khxmx42.cloudfront.net\/2024\/03\/6_PLAN-2E-NIV.jpg","modal-width":1224,"modal-height":792,"number":"https:\/\/d2q6z78khxmx42.cloudfront.net\/2024\/03\/OzXMg8JU-6_PLAN-2E-NIV-560x362.jpg","number-width":560,"number-height":362,"partner":"https:\/\/d2q6z78khxmx42.cloudfront.net\/2024\/03\/6_PLAN-2E-NIV-275x178.jpg","partner-width":275,"partner-height":178,"ranking":"https:\/\/d2q6z78khxmx42.cloudfront.net\/2024\/03\/OzXMg8JU-6_PLAN-2E-NIV-960x540.jpg","ranking-width":960,"ranking-height":540,"schedule":"https:\/\/d2q6z78khxmx42.cloudfront.net\/2024\/03\/6_PLAN-2E-NIV-960x360.jpg","schedule-width":960,"schedule-height":360,"slideshow":"https:\/\/d2q6z78khxmx42.cloudfront.net\/2024\/03\/6_PLAN-2E-NIV-1051x680.jpg","slideshow-width":1051,"slideshow-height":680}}},{"name":"Plan du niveau 3","file":{"ID":129952,"id":129952,"title":"PLAN-3E-NIV","filename":"6_PLAN-3E-NIV.jpg","filesize":148101,"url":"https:\/\/d2q6z78khxmx42.cloudfront.net\/2024\/03\/6_PLAN-3E-NIV.jpg","link":"https:\/\/int.design\/fr\/projets\/ecole-primaire-des-semis\/plan-3e-niv-2\/","alt":"","author":"1615","description":"","caption":"","name":"plan-3e-niv-2","status":"inherit","uploaded_to":122737,"date":"2024-03-23 17:59:57","modified":"2024-03-23 18:00:06","menu_order":0,"mime_type":"image\/jpeg","type":"image","subtype":"jpeg","icon":"https:\/\/int.design\/wp-includes\/images\/media\/default.png","width":1224,"height":792,"sizes":{"thumbnail":"https:\/\/d2q6z78khxmx42.cloudfront.net\/2024\/03\/6_PLAN-3E-NIV-150x150.jpg","thumbnail-width":150,"thumbnail-height":150,"medium":"https:\/\/d2q6z78khxmx42.cloudfront.net\/2024\/03\/6_PLAN-3E-NIV-300x194.jpg","medium-width":300,"medium-height":194,"medium_large":"https:\/\/d2q6z78khxmx42.cloudfront.net\/2024\/03\/6_PLAN-3E-NIV-768x497.jpg","medium_large-width":768,"medium_large-height":497,"large":"https:\/\/d2q6z78khxmx42.cloudfront.net\/2024\/03\/6_PLAN-3E-NIV-1024x663.jpg","large-width":1024,"large-height":663,"1536x1536":"https:\/\/d2q6z78khxmx42.cloudfront.net\/2024\/03\/6_PLAN-3E-NIV.jpg","1536x1536-width":1224,"1536x1536-height":792,"2048x2048":"https:\/\/d2q6z78khxmx42.cloudfront.net\/2024\/03\/6_PLAN-3E-NIV.jpg","2048x2048-width":1224,"2048x2048-height":792,"article":"https:\/\/d2q6z78khxmx42.cloudfront.net\/2024\/03\/6_PLAN-3E-NIV-960x540.jpg","article-width":960,"article-height":540,"banner":"https:\/\/d2q6z78khxmx42.cloudfront.net\/2024\/03\/6_PLAN-3E-NIV.jpg","banner-width":1224,"banner-height":792,"block":"https:\/\/d2q6z78khxmx42.cloudfront.net\/2024\/03\/6_PLAN-3E-NIV-900x680.jpg","block-width":900,"block-height":680,"card":"https:\/\/d2q6z78khxmx42.cloudfront.net\/2024\/03\/6_PLAN-3E-NIV-560x495.jpg","card-width":560,"card-height":495,"card-thumbnail":"https:\/\/d2q6z78khxmx42.cloudfront.net\/2024\/03\/6_PLAN-3E-NIV-450x340.jpg","card-thumbnail-width":450,"card-thumbnail-height":340,"conference":"https:\/\/d2q6z78khxmx42.cloudfront.net\/2024\/03\/6_PLAN-3E-NIV-560x250.jpg","conference-width":560,"conference-height":250,"contest":"https:\/\/d2q6z78khxmx42.cloudfront.net\/2024\/03\/6_PLAN-3E-NIV-960x400.jpg","contest-width":960,"contest-height":400,"cta":"https:\/\/d2q6z78khxmx42.cloudfront.net\/2024\/03\/6_PLAN-3E-NIV-415x170.jpg","cta-width":415,"cta-height":170,"exhibitor":"https:\/\/d2q6z78khxmx42.cloudfront.net\/2024\/03\/6_PLAN-3E-NIV-560x560.jpg","exhibitor-width":560,"exhibitor-height":560,"gallery":"https:\/\/d2q6z78khxmx42.cloudfront.net\/2024\/03\/6_PLAN-3E-NIV-560x362.jpg","gallery-width":560,"gallery-height":362,"logo":"https:\/\/d2q6z78khxmx42.cloudfront.net\/2024\/03\/6_PLAN-3E-NIV-155x100.jpg","logo-width":155,"logo-height":100,"masonry":"https:\/\/d2q6z78khxmx42.cloudfront.net\/2024\/03\/6_PLAN-3E-NIV-550x356.jpg","masonry-width":550,"masonry-height":356,"modal":"https:\/\/d2q6z78khxmx42.cloudfront.net\/2024\/03\/6_PLAN-3E-NIV.jpg","modal-width":1224,"modal-height":792,"number":"https:\/\/d2q6z78khxmx42.cloudfront.net\/2024\/03\/WgE34Dex-6_PLAN-3E-NIV-560x362.jpg","number-width":560,"number-height":362,"partner":"https:\/\/d2q6z78khxmx42.cloudfront.net\/2024\/03\/6_PLAN-3E-NIV-275x178.jpg","partner-width":275,"partner-height":178,"ranking":"https:\/\/d2q6z78khxmx42.cloudfront.net\/2024\/03\/WgE34Dex-6_PLAN-3E-NIV-960x540.jpg","ranking-width":960,"ranking-height":540,"schedule":"https:\/\/d2q6z78khxmx42.cloudfront.net\/2024\/03\/6_PLAN-3E-NIV-960x360.jpg","schedule-width":960,"schedule-height":360,"slideshow":"https:\/\/d2q6z78khxmx42.cloudfront.net\/2024\/03\/6_PLAN-3E-NIV-1051x680.jpg","slideshow-width":1051,"slideshow-height":680}}}],"optional_documents":false,"web_text":{"fr":"","en":"<p>L\u2019\u00e9cole des Semis is a new elementary school, unique in Canada, which opened its doors last year in the Vauquelin sector of Vieux-Longueuil. Some 650 students will thrive in this modern, wood-and-light environment, which will also benefit the community. In fact, two-storey wooden schools already exist in the Belle Province, but none has three. This innovative elementary school project is the first three-storey school building with a wooden structure in Canada. Over five years in the making, it took to see the result of this construction.<\/p>\n<p>The building features 24 primary classes, 4 kindergarten classes and 3 4-year-old kindergarten classes, daycare facilities, a double gymnasium, a multi-purpose room, a single palestra, a library, a music room, administrative offices and teachers\u2019 quarters<\/p>\n<p>.<\/p>\n<p>To be able to go ahead with this particular project an application for equivalent measures to the R\u00e9gie du b\u00e2timent was necessary. This application demonstrated that the school, with its wooden structure, was as safe for users as if it had been built with a non-combustible steel or concrete structure, and that there was no danger of keeping much of the wooden structure exposed in the teaching spaces<\/p>\n<p>.<\/p>\n<p>Given that this is a combustible product, the design team did what was necessary to highlight and keep exposed as many wooden structural elements as possible. For example, 100% of the structural elements are visible in the gymnasium, 60% of the beams and wood decking are visible in the classrooms, and the height of the floors, which is lower than that of a steel construction, gives a human dimension to the spaces.<\/p>\n<p>The facilities also enjoy exceptional brightness, thanks in particular to the three-storey skylight at the heart of the school and the abundant fenestration in the classrooms, gymnasium. All rooms are bathed in natural light, including circulation areas.<\/p>\n<p>The use of wood and its enhancement are the foundations of the new elementary school project. It was the visionary nature of the Centre de services scolaires (CSS) Marie-Victorin and its willingness to bring this project to fruition by providing the financial means to the professionals responsible for the design and execution of the project that enabled the CSS to obtain the optimal solution that met its needs and objectives: to build the first three-storey school in Canada with a solid wood structure.<\/p>\n<p>The use of wood and its enhancement are the foundations of the new elementary school project.<\/p>\n","original":"<p>L\u2019\u00e9cole des Semis is a new elementary school, unique in Canada, which opened its doors last year in the Vauquelin sector of Vieux-Longueuil. Some 650 students will thrive in this modern, wood-and-light environment, which will also benefit the community. In fact, two-storey wooden schools already exist in the Belle Province, but none has three. This innovative elementary school project is the first three-storey school building with a wooden structure in Canada. Over five years in the making, it took to see the result of this construction.<\/p>\n<p>The building features 24 primary classes, 4 kindergarten classes and 3 4-year-old kindergarten classes, daycare facilities, a double gymnasium, a multi-purpose room, a single palestra, a library, a music room, administrative offices and teachers\u2019 quarters<\/p>\n<p>.<\/p>\n<p>To be able to go ahead with this particular project an application for equivalent measures to the R\u00e9gie du b\u00e2timent was necessary. This application demonstrated that the school, with its wooden structure, was as safe for users as if it had been built with a non-combustible steel or concrete structure, and that there was no danger of keeping much of the wooden structure exposed in the teaching spaces<\/p>\n<p>.<\/p>\n<p>Given that this is a combustible product, the design team did what was necessary to highlight and keep exposed as many wooden structural elements as possible. For example, 100% of the structural elements are visible in the gymnasium, 60% of the beams and wood decking are visible in the classrooms, and the height of the floors, which is lower than that of a steel construction, gives a human dimension to the spaces.<\/p>\n<p>The facilities also enjoy exceptional brightness, thanks in particular to the three-storey skylight at the heart of the school and the abundant fenestration in the classrooms, gymnasium. All rooms are bathed in natural light, including circulation areas.<\/p>\n<p>The use of wood and its enhancement are the foundations of the new elementary school project. It was the visionary nature of the Centre de services scolaires (CSS) Marie-Victorin and its willingness to bring this project to fruition by providing the financial means to the professionals responsible for the design and execution of the project that enabled the CSS to obtain the optimal solution that met its needs and objectives: to build the first three-storey school in Canada with a solid wood structure.<\/p>\n<p>The use of wood and its enhancement are the foundations of the new elementary school project.<\/p>\n"},"jury_text":[{"category":3745,"fr":"","en":"<p>L\u2019\u00e9cole des Semis is a new elementary school, unique in Canada, which opened its doors last year in the Vauquelin sector of Vieux-Longueuil. Some 650 students will thrive in this modern, wood-and-light environment, which will also benefit the community. In fact, two-storey wooden schools already exist in the Belle Province, but none has three. This innovative elementary school project is the first three-storey school building with a wooden structure in Canada. Over five years in the making, it took to see the result of this construction.<\/p>\n<p>The building features 24 primary classes, 4 kindergarten classes and 3 4-year-old kindergarten classes, daycare facilities, a double gymnasium, a multi-purpose room, a single palestra, a library, a music room, administrative offices and teachers\u2019 quarters<\/p>\n<p>.<\/p>\n<p>To be able to go ahead with this particular project an application for equivalent measures to the R\u00e9gie du b\u00e2timent was necessary. This application demonstrated that the school, with its wooden structure, was as safe for users as if it had been built with a non-combustible steel or concrete structure, and that there was no danger of keeping much of the wooden structure exposed in the teaching spaces<\/p>\n<p>.<\/p>\n<p>Given that this is a combustible product, the design team did what was necessary to highlight and keep exposed as many wooden structural elements as possible. For example, 100% of the structural elements are visible in the gymnasium, 60% of the beams and wood decking are visible in the classrooms, and the height of the floors, which is lower than that of a steel construction, gives a human dimension to the spaces.<\/p>\n<p>The facilities also enjoy exceptional brightness, thanks in particular to the three-storey skylight at the heart of the school and the abundant fenestration in the classrooms, gymnasium. All rooms are bathed in natural light, including circulation areas.<\/p>\n<p>The use of wood and its enhancement are the foundations of the new elementary school project. It was the visionary nature of the Centre de services scolaires (CSS) Marie-Victorin and its willingness to bring this project to fruition by providing the financial means to the professionals responsible for the design and execution of the project that enabled the CSS to obtain the optimal solution that met its needs and objectives: to build the first three-storey school in Canada with a solid wood structure.<\/p>\n<p>The use of wood and its enhancement are the foundations of the new elementary school project.<\/p>\n","original":"<p>L\u2019\u00e9cole des Semis is a new elementary school, unique in Canada, which opened its doors last year in the Vauquelin sector of Vieux-Longueuil. Some 650 students will thrive in this modern, wood-and-light environment, which will also benefit the community. In fact, two-storey wooden schools already exist in the Belle Province, but none has three. This innovative elementary school project is the first three-storey school building with a wooden structure in Canada. Over five years in the making, it took to see the result of this construction.<\/p>\n<p>The building features 24 primary classes, 4 kindergarten classes and 3 4-year-old kindergarten classes, daycare facilities, a double gymnasium, a multi-purpose room, a single palestra, a library, a music room, administrative offices and teachers\u2019 quarters<\/p>\n<p>.<\/p>\n<p>To be able to go ahead with this particular project an application for equivalent measures to the R\u00e9gie du b\u00e2timent was necessary. This application demonstrated that the school, with its wooden structure, was as safe for users as if it had been built with a non-combustible steel or concrete structure, and that there was no danger of keeping much of the wooden structure exposed in the teaching spaces<\/p>\n<p>.<\/p>\n<p>Given that this is a combustible product, the design team did what was necessary to highlight and keep exposed as many wooden structural elements as possible. For example, 100% of the structural elements are visible in the gymnasium, 60% of the beams and wood decking are visible in the classrooms, and the height of the floors, which is lower than that of a steel construction, gives a human dimension to the spaces.<\/p>\n<p>The facilities also enjoy exceptional brightness, thanks in particular to the three-storey skylight at the heart of the school and the abundant fenestration in the classrooms, gymnasium. All rooms are bathed in natural light, including circulation areas.<\/p>\n<p>The use of wood and its enhancement are the foundations of the new elementary school project. It was the visionary nature of the Centre de services scolaires (CSS) Marie-Victorin and its willingness to bring this project to fruition by providing the financial means to the professionals responsible for the design and execution of the project that enabled the CSS to obtain the optimal solution that met its needs and objectives: to build the first three-storey school in Canada with a solid wood structure.<\/p>\n<p>The use of wood and its enhancement are the foundations of the new elementary school project.<\/p>\n"}],"different_jury_text":false,"different_category_text":false},"laureats":[],"contest_id":"119062","contest_title":"GRANDS PRIX DU DESIGN \u2013 17th edition","firms":[{"field_5efdebd654724":"Bouthillette Parizeau","field_5efdebd654725":"https:\/\/bpa.ca\/","field_5efdebf254726":"","field_6139fca4c23db":2753},{"field_5efdebd654724":"EXP","field_5efdebd654725":"https:\/\/www.exp.com\/fr\/","field_5efdebf254726":"","field_6139fca4c23db":2753},{"field_5efdebd654724":"Hybride paysage","field_5efdebd654725":"https:\/\/www.hybridepaysage.com\/","field_5efdebf254726":"","field_6139fca4c23db":2755},{"field_5efdebd654724":"","field_5efdebd654725":"","field_5efdebf254726":"","field_6139fca4c23db":null}],"user":{"email":"aflamant@leclerc-architectes.com","first_name":"Alice","last_name":"Flamant"},"doc_texts_web":{"fr":"<p>L\u2019\u00e9cole des Semis est une nouvelle \u00e9cole primaire unique au Canada qui a ouvert ses portes l\u2019ann\u00e9e derni\u00e8re dans le secteur Vauquelin du Vieux-Longueuil. Quelques 650 \u00e9l\u00e8ves s\u2019\u00e9panouiront dans cet environnement moderne, en bois et lumi\u00e8re, qui profitera \u00e9galement \u00e0 la collectivit\u00e9. \u00c0 vrai dire, des \u00e9coles en bois de deux \u00e9tages existent d\u00e9j\u00e0 dans la Belle Province, mais aucune n\u2019en compte trois. Ce projet innovant d\u2019\u00e9cole primaire, est le premier b\u00e2timent scolaire de trois \u00e9tages avec une structure de bois au Canada. Plus de cinq ans de d\u00e9marches, ont \u00e9t\u00e9 n\u00e9cessaires pour voir le r\u00e9sultat de cette construction.<\/p>\n<p>Le b\u00e2timent compte 24 classes primaires, 4 classes de maternelle et 3 classes de maternelle 4 ans, des installations pour les services de garde, un gymnase double, une salle polyvalente, une palestre simple, une biblioth\u00e8que, une salle pour la musique, des bureaux administratifs et des locaux pour les enseignants<\/p>\n<p>Pour pouvoir aller de l\u2019avant avec ce projet particulier une demande de mesures \u00e9quivalentes \u00e0 la R\u00e9gie du b\u00e2timent \u00e9tait n\u00e9cessaire. Cette demande a permis de d\u00e9montrer que l\u2019\u00e9cole, avec sa structure de bois, \u00e9tait aussi s\u00e9curitaire pour les usagers que si elle avait \u00e9t\u00e9 construite avec une structure incombustible en acier ou en b\u00e9ton et qu\u2019il n\u2019y avait pas de danger de garder apparente une bonne partie de la structure de bois dans les espaces p\u00e9dagogiques<\/p>\n<p>\u00c9tant donn\u00e9 qu\u2019il s\u2019agit d\u2019un produit combustible, l\u2019\u00e9quipe de conception a fait le n\u00e9cessaire pour mettre en valeur et garder apparents un maximum d\u2019\u00e9l\u00e9ments structuraux en bois. Par exemple, 100% des \u00e9l\u00e9ments structuraux sont apparents dans le gymnase, 60% des poutres et du pontage de bois sont visibles dans les classes, et la hauteur des \u00e9tages, qui est plus basse que celle d\u2019une construction en acier, donne une dimension humaine aux espaces.<\/p>\n<p>Les installations jouissent \u00e9galement d\u2019une clart\u00e9 exceptionnelle, notamment gr\u00e2ce au puits de lumi\u00e8re sur trois \u00e9tages au c\u0153ur de l\u2019\u00e9cole et la fenestration abondantes dans les classes, le gymnase. Tous les locaux sont baign\u00e9s de lumi\u00e8re naturelle, y compris les aires de circulation.<\/p>\n<p>L\u2019utilisation du bois et sa mise en valeur sont les fondements du projet de la nouvelle \u00e9cole primaire. C\u2019est le c\u00f4t\u00e9 visionnaire du Centre de services scolaire (CSS) Marie-Victorin et sa volont\u00e9 de concr\u00e9tiser ce projet en donnant les moyens financiers aux professionnels responsables de la conception et l\u2019ex\u00e9cution du projet qui a permis au CSS d\u2019obtenir la solution optimale r\u00e9pondant \u00e0 ses besoins et ses objectifs\u00a0: construire la premi\u00e8re \u00e9cole au Canada de trois \u00e9tages avec une structure de bois massif.<\/p>\n","en":"<p>L\u2019\u00e9cole des Semis is a new elementary school, unique in Canada, which opened its doors last year in the Vauquelin sector of Vieux-Longueuil. Some 650 students will thrive in this modern, wood-and-light environment, which will also benefit the community. In fact, two-storey wooden schools already exist in the Belle Province, but none has three. This innovative elementary school project is the first three-storey school building with a wooden structure in Canada. Over five years in the making, it took to see the result of this construction.<\/p>\n<p>The building features 24 primary classes, 4 kindergarten classes and 3 4-year-old kindergarten classes, daycare facilities, a double gymnasium, a multi-purpose room, a single palestra, a library, a music room, administrative offices and teachers\u2019 quarters<\/p>\n<p>.<\/p>\n<p>To be able to go ahead with this particular project an application for equivalent measures to the R\u00e9gie du b\u00e2timent was necessary. This application demonstrated that the school, with its wooden structure, was as safe for users as if it had been built with a non-combustible steel or concrete structure, and that there was no danger of keeping much of the wooden structure exposed in the teaching spaces<\/p>\n<p>.<\/p>\n<p>Given that this is a combustible product, the design team did what was necessary to highlight and keep exposed as many wooden structural elements as possible. For example, 100% of the structural elements are visible in the gymnasium, 60% of the beams and wood decking are visible in the classrooms, and the height of the floors, which is lower than that of a steel construction, gives a human dimension to the spaces.<\/p>\n<p>The facilities also enjoy exceptional brightness, thanks in particular to the three-storey skylight at the heart of the school and the abundant fenestration in the classrooms, gymnasium. All rooms are bathed in natural light, including circulation areas.<\/p>\n<p>The use of wood and its enhancement are the foundations of the new elementary school project. It was the visionary nature of the Centre de services scolaires (CSS) Marie-Victorin and its willingness to bring this project to fruition by providing the financial means to the professionals responsible for the design and execution of the project that enabled the CSS to obtain the optimal solution that met its needs and objectives: to build the first three-storey school in Canada with a solid wood structure.<\/p>\n<p>The use of wood and its enhancement are the foundations of the new elementary school project.<\/p>\n"},"permalinks":{"fr":"https:\/\/int.design\/fr\/projets\/ecole-primaire-des-semis\/","en":"https:\/\/int.design\/en\/projects\/primary-school-des-semis\/"},"titles":{"fr":"\u00c9cole primaire des Semis","en":"Primary school des Semis"},"wp_fields":[],"laravel_id":""},"_links":{"self":[{"href":"https:\/\/int.design\/en\/wp-json\/wp\/v2\/project\/122738","targetHints":{"allow":["GET"]}}],"collection":[{"href":"https:\/\/int.design\/en\/wp-json\/wp\/v2\/project"}],"about":[{"href":"https:\/\/int.design\/en\/wp-json\/wp\/v2\/types\/project"}],"wp:attachment":[{"href":"https:\/\/int.design\/en\/wp-json\/wp\/v2\/media?parent=122738"}],"curies":[{"name":"wp","href":"https:\/\/api.w.org\/{rel}","templated":true}]}}