{"id":122579,"date":"2024-08-20T16:41:58","date_gmt":"2024-08-20T20:41:58","guid":{"rendered":"https:\/\/int.design\/?post_type=project&#038;p=122579"},"modified":"2024-08-20T16:41:58","modified_gmt":"2024-08-20T20:41:58","slug":"estuaire-culturel-espace-culturel-aurele-dubois","status":"publish","type":"project","link":"https:\/\/int.design\/en\/projects\/estuaire-culturel-espace-culturel-aurele-dubois\/","title":{"rendered":"Estuaire culturel \u2013 Espace culturel Aur\u00e8le-Dubois"},"content":{"rendered":"","protected":false},"template":"","class_list":["post-122579","project","type-project","status-publish","hentry"],"acf":[],"yoast_head":"<!-- This site is optimized with the Yoast SEO plugin v21.5 - https:\/\/yoast.com\/wordpress\/plugins\/seo\/ -->\n<title>Estuaire culturel \u2013 Espace culturel Aur\u00e8le-Dubois - INT Design<\/title>\n<meta name=\"robots\" content=\"index, follow, max-snippet:-1, max-image-preview:large, max-video-preview:-1\" \/>\n<link rel=\"canonical\" href=\"https:\/\/int.design\/fr\/projects\/estuaire-culturel-espace-culturel-aurele-dubois\/\" \/>\n<meta property=\"og:locale\" content=\"en_US\" \/>\n<meta property=\"og:type\" content=\"article\" \/>\n<meta property=\"og:title\" content=\"Estuaire culturel \u2013 Espace culturel Aur\u00e8le-Dubois - INT Design\" \/>\n<meta property=\"og:url\" content=\"https:\/\/int.design\/fr\/projects\/estuaire-culturel-espace-culturel-aurele-dubois\/\" \/>\n<meta property=\"og:site_name\" content=\"INT Design\" \/>\n<meta name=\"twitter:card\" content=\"summary_large_image\" \/>\n<script type=\"application\/ld+json\" class=\"yoast-schema-graph\">{\"@context\":\"https:\/\/schema.org\",\"@graph\":[{\"@type\":\"WebPage\",\"@id\":\"https:\/\/int.design\/fr\/projects\/estuaire-culturel-espace-culturel-aurele-dubois\/\",\"url\":\"https:\/\/int.design\/fr\/projects\/estuaire-culturel-espace-culturel-aurele-dubois\/\",\"name\":\"Estuaire culturel \u2013 Espace culturel Aur\u00e8le-Dubois - INT Design\",\"isPartOf\":{\"@id\":\"https:\/\/int.design\/fr\/#website\"},\"datePublished\":\"2024-08-20T20:41:58+00:00\",\"dateModified\":\"2024-08-20T20:41:58+00:00\",\"breadcrumb\":{\"@id\":\"https:\/\/int.design\/fr\/projects\/estuaire-culturel-espace-culturel-aurele-dubois\/#breadcrumb\"},\"inLanguage\":\"en-US\",\"potentialAction\":[{\"@type\":\"ReadAction\",\"target\":[\"https:\/\/int.design\/fr\/projects\/estuaire-culturel-espace-culturel-aurele-dubois\/\"]}]},{\"@type\":\"BreadcrumbList\",\"@id\":\"https:\/\/int.design\/fr\/projects\/estuaire-culturel-espace-culturel-aurele-dubois\/#breadcrumb\",\"itemListElement\":[{\"@type\":\"ListItem\",\"position\":1,\"name\":\"Home\",\"item\":\"https:\/\/int.design\/en\/\"},{\"@type\":\"ListItem\",\"position\":2,\"name\":\"Projects\",\"item\":\"https:\/\/int.design\/en\/projects\/\"},{\"@type\":\"ListItem\",\"position\":3,\"name\":\"Estuaire culturel \u2013 Espace culturel Aur\u00e8le-Dubois\"}]},{\"@type\":\"WebSite\",\"@id\":\"https:\/\/int.design\/fr\/#website\",\"url\":\"https:\/\/int.design\/fr\/\",\"name\":\"INT Design\",\"description\":\"\",\"potentialAction\":[{\"@type\":\"SearchAction\",\"target\":{\"@type\":\"EntryPoint\",\"urlTemplate\":\"https:\/\/int.design\/fr\/?s={search_term_string}\"},\"query-input\":\"required name=search_term_string\"}],\"inLanguage\":\"en-US\"}]}<\/script>\n<!-- \/ Yoast SEO plugin. -->","yoast_head_json":{"title":"Estuaire culturel \u2013 Espace culturel Aur\u00e8le-Dubois - INT Design","robots":{"index":"index","follow":"follow","max-snippet":"max-snippet:-1","max-image-preview":"max-image-preview:large","max-video-preview":"max-video-preview:-1"},"canonical":"https:\/\/int.design\/fr\/projects\/estuaire-culturel-espace-culturel-aurele-dubois\/","og_locale":"en_US","og_type":"article","og_title":"Estuaire culturel \u2013 Espace culturel Aur\u00e8le-Dubois - INT Design","og_url":"https:\/\/int.design\/fr\/projects\/estuaire-culturel-espace-culturel-aurele-dubois\/","og_site_name":"INT Design","twitter_card":"summary_large_image","schema":{"@context":"https:\/\/schema.org","@graph":[{"@type":"WebPage","@id":"https:\/\/int.design\/fr\/projects\/estuaire-culturel-espace-culturel-aurele-dubois\/","url":"https:\/\/int.design\/fr\/projects\/estuaire-culturel-espace-culturel-aurele-dubois\/","name":"Estuaire culturel \u2013 Espace culturel Aur\u00e8le-Dubois - INT Design","isPartOf":{"@id":"https:\/\/int.design\/fr\/#website"},"datePublished":"2024-08-20T20:41:58+00:00","dateModified":"2024-08-20T20:41:58+00:00","breadcrumb":{"@id":"https:\/\/int.design\/fr\/projects\/estuaire-culturel-espace-culturel-aurele-dubois\/#breadcrumb"},"inLanguage":"en-US","potentialAction":[{"@type":"ReadAction","target":["https:\/\/int.design\/fr\/projects\/estuaire-culturel-espace-culturel-aurele-dubois\/"]}]},{"@type":"BreadcrumbList","@id":"https:\/\/int.design\/fr\/projects\/estuaire-culturel-espace-culturel-aurele-dubois\/#breadcrumb","itemListElement":[{"@type":"ListItem","position":1,"name":"Home","item":"https:\/\/int.design\/en\/"},{"@type":"ListItem","position":2,"name":"Projects","item":"https:\/\/int.design\/en\/projects\/"},{"@type":"ListItem","position":3,"name":"Estuaire culturel \u2013 Espace culturel Aur\u00e8le-Dubois"}]},{"@type":"WebSite","@id":"https:\/\/int.design\/fr\/#website","url":"https:\/\/int.design\/fr\/","name":"INT Design","description":"","potentialAction":[{"@type":"SearchAction","target":{"@type":"EntryPoint","urlTemplate":"https:\/\/int.design\/fr\/?s={search_term_string}"},"query-input":"required name=search_term_string"}],"inLanguage":"en-US"}]}},"entry":{"cats":{"disciplines":[],"big_cats":[],"sub_cats":[]},"entry":{"":null,"status":"ongoing","winner_title":"Smith Vigeant + \u00c9pigraphe +GBi","winner_prize_lang":"fr","title_translatable":false,"title_en":"","title_fr":"","releve_award":true,"releve_award_cv":[{"file":{"ID":138288,"id":138288,"title":"2024-04-12-EPIGRAPHE","filename":"7_2024-04-12-EPIGRAPHE.pdf","filesize":99170,"url":"https:\/\/d2q6z78khxmx42.cloudfront.net\/2024\/04\/7_2024-04-12-EPIGRAPHE.pdf","link":"https:\/\/int.design\/fr\/projets\/estuaire-culturel-espace-culturel-aurele-dubois\/2024-04-12-epigraphe-3\/","alt":"","author":"701","description":"","caption":"","name":"2024-04-12-epigraphe-3","status":"inherit","uploaded_to":122578,"date":"2024-04-12 15:31:21","modified":"2024-04-12 15:32:33","menu_order":0,"mime_type":"application\/pdf","type":"application","subtype":"pdf","icon":"https:\/\/int.design\/wp-includes\/images\/media\/document.png"}}],"collaboration":false,"collaboration_firms":false,"other_firms":[{"name":"\u00c9pigraphe architectes","website":"www.epigraphe.archi","category":"","category_tax":2761},{"name":"Smith Vigeant architectes","website":"https:\/\/www.smithvigeant.com\/","category":"","category_tax":2761},{"name":"GBi","website":"https:\/\/www.gbi.ca\/","category":"","category_tax":2770}],"owner":{"name":"Ville de Beloeil","confidential":false,"website":"","contact_name":"","email":"","phone":""},"address":{"address":"","city":"Beloeil","region":"Mont\u00e9r\u00e9gie","province":"QC","country":"CA","postal_code":""},"logos":[{"image":false,"file":false}],"use_logo":true,"designers":[{"name":"\u00c9pigraphe architectes","credit":"\u00c9pigraphe architectes","image":{"ID":137843,"id":137843,"title":"Epigraphe-Logo-RGB-Noir","filename":"8_Epigraphe-Logo-RGB-Noir.png","filesize":40083,"url":"https:\/\/d2q6z78khxmx42.cloudfront.net\/2024\/04\/8_Epigraphe-Logo-RGB-Noir.png","link":"https:\/\/int.design\/fr\/projets\/estuaire-culturel-espace-culturel-aurele-dubois\/epigraphe-logo-rgb-noir-4\/","alt":"","author":"701","description":"","caption":"","name":"epigraphe-logo-rgb-noir-4","status":"inherit","uploaded_to":122578,"date":"2024-04-12 12:49:51","modified":"2024-04-12 12:51:31","menu_order":0,"mime_type":"image\/png","type":"image","subtype":"png","icon":"https:\/\/int.design\/wp-includes\/images\/media\/default.png","width":2734,"height":888,"sizes":{"thumbnail":"https:\/\/d2q6z78khxmx42.cloudfront.net\/2024\/04\/8_Epigraphe-Logo-RGB-Noir-150x150.png","thumbnail-width":150,"thumbnail-height":150,"medium":"https:\/\/d2q6z78khxmx42.cloudfront.net\/2024\/04\/8_Epigraphe-Logo-RGB-Noir-300x97.png","medium-width":300,"medium-height":97,"medium_large":"https:\/\/d2q6z78khxmx42.cloudfront.net\/2024\/04\/8_Epigraphe-Logo-RGB-Noir-768x249.png","medium_large-width":768,"medium_large-height":249,"large":"https:\/\/d2q6z78khxmx42.cloudfront.net\/2024\/04\/8_Epigraphe-Logo-RGB-Noir-1024x333.png","large-width":1024,"large-height":333,"1536x1536":"https:\/\/d2q6z78khxmx42.cloudfront.net\/2024\/04\/8_Epigraphe-Logo-RGB-Noir-1536x499.png","1536x1536-width":1536,"1536x1536-height":499,"2048x2048":"https:\/\/d2q6z78khxmx42.cloudfront.net\/2024\/04\/8_Epigraphe-Logo-RGB-Noir-2048x665.png","2048x2048-width":2048,"2048x2048-height":665,"article":"https:\/\/d2q6z78khxmx42.cloudfront.net\/2024\/04\/8_Epigraphe-Logo-RGB-Noir-960x540.png","article-width":960,"article-height":540,"banner":"https:\/\/d2q6z78khxmx42.cloudfront.net\/2024\/04\/8_Epigraphe-Logo-RGB-Noir-1920x624.png","banner-width":1920,"banner-height":624,"block":"https:\/\/d2q6z78khxmx42.cloudfront.net\/2024\/04\/8_Epigraphe-Logo-RGB-Noir-900x680.png","block-width":900,"block-height":680,"card":"https:\/\/d2q6z78khxmx42.cloudfront.net\/2024\/04\/8_Epigraphe-Logo-RGB-Noir-560x495.png","card-width":560,"card-height":495,"card-thumbnail":"https:\/\/d2q6z78khxmx42.cloudfront.net\/2024\/04\/8_Epigraphe-Logo-RGB-Noir-450x340.png","card-thumbnail-width":450,"card-thumbnail-height":340,"conference":"https:\/\/d2q6z78khxmx42.cloudfront.net\/2024\/04\/8_Epigraphe-Logo-RGB-Noir-560x250.png","conference-width":560,"conference-height":250,"contest":"https:\/\/d2q6z78khxmx42.cloudfront.net\/2024\/04\/8_Epigraphe-Logo-RGB-Noir-960x400.png","contest-width":960,"contest-height":400,"cta":"https:\/\/d2q6z78khxmx42.cloudfront.net\/2024\/04\/8_Epigraphe-Logo-RGB-Noir-415x170.png","cta-width":415,"cta-height":170,"exhibitor":"https:\/\/d2q6z78khxmx42.cloudfront.net\/2024\/04\/8_Epigraphe-Logo-RGB-Noir-560x560.png","exhibitor-width":560,"exhibitor-height":560,"gallery":"https:\/\/d2q6z78khxmx42.cloudfront.net\/2024\/04\/8_Epigraphe-Logo-RGB-Noir-560x182.png","gallery-width":560,"gallery-height":182,"logo":"https:\/\/d2q6z78khxmx42.cloudfront.net\/2024\/04\/8_Epigraphe-Logo-RGB-Noir-235x76.png","logo-width":235,"logo-height":76,"masonry":"https:\/\/d2q6z78khxmx42.cloudfront.net\/2024\/04\/8_Epigraphe-Logo-RGB-Noir-550x179.png","masonry-width":550,"masonry-height":179,"modal":"https:\/\/d2q6z78khxmx42.cloudfront.net\/2024\/04\/5id3zGC7-8_Epigraphe-Logo-RGB-Noir-1920x624.png","modal-width":1920,"modal-height":624,"number":"https:\/\/d2q6z78khxmx42.cloudfront.net\/2024\/04\/5id3zGC7-8_Epigraphe-Logo-RGB-Noir-560x182.png","number-width":560,"number-height":182,"partner":"https:\/\/d2q6z78khxmx42.cloudfront.net\/2024\/04\/8_Epigraphe-Logo-RGB-Noir-275x89.png","partner-width":275,"partner-height":89,"ranking":"https:\/\/d2q6z78khxmx42.cloudfront.net\/2024\/04\/5id3zGC7-8_Epigraphe-Logo-RGB-Noir-960x540.png","ranking-width":960,"ranking-height":540,"schedule":"https:\/\/d2q6z78khxmx42.cloudfront.net\/2024\/04\/8_Epigraphe-Logo-RGB-Noir-960x360.png","schedule-width":960,"schedule-height":360,"slideshow":"https:\/\/d2q6z78khxmx42.cloudfront.net\/2024\/04\/8_Epigraphe-Logo-RGB-Noir-2094x680.png","slideshow-width":2094,"slideshow-height":680}},"file":false}],"cover":[{"categories":[3653,3611,3613],"credit":"\u00c9pigraphe architectes","image":{"ID":138364,"id":138364,"title":"BELOEIL-01","filename":"6_BELOEIL-01-scaled.jpg","filesize":1099067,"url":"https:\/\/d2q6z78khxmx42.cloudfront.net\/2024\/04\/6_BELOEIL-01-scaled.jpg","link":"https:\/\/int.design\/fr\/projets\/estuaire-culturel-espace-culturel-aurele-dubois\/beloeil-01-2\/","alt":"","author":"701","description":"Estuaire culturel \u2013 Espace culturel Aur\u00e8le-Dubois Smith Vigeant + \u00c9pigraphe +GBi \u00c9pigraphe architectes Smith Vigeant architectes GBi","caption":"","name":"beloeil-01-2","status":"inherit","uploaded_to":122578,"date":"2024-04-12 15:46:14","modified":"2024-08-20 20:41:58","menu_order":0,"mime_type":"image\/jpeg","type":"image","subtype":"jpeg","icon":"https:\/\/int.design\/wp-includes\/images\/media\/default.png","width":2133,"height":2560,"sizes":{"thumbnail":"https:\/\/d2q6z78khxmx42.cloudfront.net\/2024\/04\/6_BELOEIL-01-150x150.jpg","thumbnail-width":150,"thumbnail-height":150,"medium":"https:\/\/d2q6z78khxmx42.cloudfront.net\/2024\/04\/6_BELOEIL-01-250x300.jpg","medium-width":250,"medium-height":300,"medium_large":"https:\/\/d2q6z78khxmx42.cloudfront.net\/2024\/04\/6_BELOEIL-01-768x922.jpg","medium_large-width":768,"medium_large-height":922,"large":"https:\/\/d2q6z78khxmx42.cloudfront.net\/2024\/04\/6_BELOEIL-01-853x1024.jpg","large-width":853,"large-height":1024,"1536x1536":"https:\/\/d2q6z78khxmx42.cloudfront.net\/2024\/04\/6_BELOEIL-01-1280x1536.jpg","1536x1536-width":1280,"1536x1536-height":1536,"2048x2048":"https:\/\/d2q6z78khxmx42.cloudfront.net\/2024\/04\/6_BELOEIL-01-1707x2048.jpg","2048x2048-width":1707,"2048x2048-height":2048,"article":"https:\/\/d2q6z78khxmx42.cloudfront.net\/2024\/04\/6_BELOEIL-01-960x540.jpg","article-width":960,"article-height":540,"banner":"https:\/\/d2q6z78khxmx42.cloudfront.net\/2024\/04\/6_BELOEIL-01-1920x2304.jpg","banner-width":1920,"banner-height":2304,"block":"https:\/\/d2q6z78khxmx42.cloudfront.net\/2024\/04\/6_BELOEIL-01-900x680.jpg","block-width":900,"block-height":680,"card":"https:\/\/d2q6z78khxmx42.cloudfront.net\/2024\/04\/6_BELOEIL-01-560x495.jpg","card-width":560,"card-height":495,"card-thumbnail":"https:\/\/d2q6z78khxmx42.cloudfront.net\/2024\/04\/6_BELOEIL-01-450x340.jpg","card-thumbnail-width":450,"card-thumbnail-height":340,"conference":"https:\/\/d2q6z78khxmx42.cloudfront.net\/2024\/04\/6_BELOEIL-01-560x250.jpg","conference-width":560,"conference-height":250,"contest":"https:\/\/d2q6z78khxmx42.cloudfront.net\/2024\/04\/6_BELOEIL-01-960x400.jpg","contest-width":960,"contest-height":400,"cta":"https:\/\/d2q6z78khxmx42.cloudfront.net\/2024\/04\/6_BELOEIL-01-415x170.jpg","cta-width":415,"cta-height":170,"exhibitor":"https:\/\/d2q6z78khxmx42.cloudfront.net\/2024\/04\/6_BELOEIL-01-560x560.jpg","exhibitor-width":560,"exhibitor-height":560,"gallery":"https:\/\/d2q6z78khxmx42.cloudfront.net\/2024\/04\/6_BELOEIL-01-358x430.jpg","gallery-width":358,"gallery-height":430,"logo":"https:\/\/d2q6z78khxmx42.cloudfront.net\/2024\/04\/6_BELOEIL-01-83x100.jpg","logo-width":83,"logo-height":100,"masonry":"https:\/\/d2q6z78khxmx42.cloudfront.net\/2024\/04\/6_BELOEIL-01-550x660.jpg","masonry-width":550,"masonry-height":660,"modal":"https:\/\/d2q6z78khxmx42.cloudfront.net\/2024\/04\/6_BELOEIL-01-1600x1920.jpg","modal-width":1600,"modal-height":1920,"number":"https:\/\/d2q6z78khxmx42.cloudfront.net\/2024\/04\/w5Cfsen7-6_BELOEIL-01-358x430.jpg","number-width":358,"number-height":430,"partner":"https:\/\/d2q6z78khxmx42.cloudfront.net\/2024\/04\/6_BELOEIL-01-175x210.jpg","partner-width":175,"partner-height":210,"ranking":"https:\/\/d2q6z78khxmx42.cloudfront.net\/2024\/04\/w5Cfsen7-6_BELOEIL-01-960x540.jpg","ranking-width":960,"ranking-height":540,"schedule":"https:\/\/d2q6z78khxmx42.cloudfront.net\/2024\/04\/6_BELOEIL-01-960x360.jpg","schedule-width":960,"schedule-height":360,"slideshow":"https:\/\/d2q6z78khxmx42.cloudfront.net\/2024\/04\/6_BELOEIL-01-567x680.jpg","slideshow-width":567,"slideshow-height":680}},"filters":false,"suppliers":false,"attachment_category":{"997":"Architecture","1003":"Other in architecture"}}],"images":[{"categories":[3653,3611,3613],"credit":"\u00c9pigraphe architectes","image":{"ID":137851,"id":137851,"title":"BELOEIL-01","filename":"BELOEIL-01-scaled.jpg","filesize":1099067,"url":"https:\/\/d2q6z78khxmx42.cloudfront.net\/2024\/04\/BELOEIL-01-scaled.jpg","link":"https:\/\/int.design\/fr\/projets\/estuaire-culturel-espace-culturel-aurele-dubois\/beloeil-01\/","alt":"","author":"701","description":"Estuaire culturel \u2013 Espace culturel Aur\u00e8le-Dubois Smith Vigeant + \u00c9pigraphe +GBi \u00c9pigraphe architectes Smith Vigeant architectes GBi","caption":"","name":"beloeil-01","status":"inherit","uploaded_to":122578,"date":"2024-04-12 12:52:50","modified":"2024-08-20 20:41:58","menu_order":0,"mime_type":"image\/jpeg","type":"image","subtype":"jpeg","icon":"https:\/\/int.design\/wp-includes\/images\/media\/default.png","width":2133,"height":2560,"sizes":{"thumbnail":"https:\/\/d2q6z78khxmx42.cloudfront.net\/2024\/04\/BELOEIL-01-150x150.jpg","thumbnail-width":150,"thumbnail-height":150,"medium":"https:\/\/d2q6z78khxmx42.cloudfront.net\/2024\/04\/BELOEIL-01-250x300.jpg","medium-width":250,"medium-height":300,"medium_large":"https:\/\/d2q6z78khxmx42.cloudfront.net\/2024\/04\/BELOEIL-01-768x922.jpg","medium_large-width":768,"medium_large-height":922,"large":"https:\/\/d2q6z78khxmx42.cloudfront.net\/2024\/04\/BELOEIL-01-853x1024.jpg","large-width":853,"large-height":1024,"1536x1536":"https:\/\/d2q6z78khxmx42.cloudfront.net\/2024\/04\/BELOEIL-01-1280x1536.jpg","1536x1536-width":1280,"1536x1536-height":1536,"2048x2048":"https:\/\/d2q6z78khxmx42.cloudfront.net\/2024\/04\/BELOEIL-01-1707x2048.jpg","2048x2048-width":1707,"2048x2048-height":2048,"article":"https:\/\/d2q6z78khxmx42.cloudfront.net\/2024\/04\/BELOEIL-01-960x540.jpg","article-width":960,"article-height":540,"banner":"https:\/\/d2q6z78khxmx42.cloudfront.net\/2024\/04\/BELOEIL-01-1920x2304.jpg","banner-width":1920,"banner-height":2304,"block":"https:\/\/d2q6z78khxmx42.cloudfront.net\/2024\/04\/BELOEIL-01-900x680.jpg","block-width":900,"block-height":680,"card":"https:\/\/d2q6z78khxmx42.cloudfront.net\/2024\/04\/BELOEIL-01-560x495.jpg","card-width":560,"card-height":495,"card-thumbnail":"https:\/\/d2q6z78khxmx42.cloudfront.net\/2024\/04\/BELOEIL-01-450x340.jpg","card-thumbnail-width":450,"card-thumbnail-height":340,"conference":"https:\/\/d2q6z78khxmx42.cloudfront.net\/2024\/04\/BELOEIL-01-560x250.jpg","conference-width":560,"conference-height":250,"contest":"https:\/\/d2q6z78khxmx42.cloudfront.net\/2024\/04\/BELOEIL-01-960x400.jpg","contest-width":960,"contest-height":400,"cta":"https:\/\/d2q6z78khxmx42.cloudfront.net\/2024\/04\/BELOEIL-01-415x170.jpg","cta-width":415,"cta-height":170,"exhibitor":"https:\/\/d2q6z78khxmx42.cloudfront.net\/2024\/04\/BELOEIL-01-560x560.jpg","exhibitor-width":560,"exhibitor-height":560,"gallery":"https:\/\/d2q6z78khxmx42.cloudfront.net\/2024\/04\/BELOEIL-01-358x430.jpg","gallery-width":358,"gallery-height":430,"logo":"https:\/\/d2q6z78khxmx42.cloudfront.net\/2024\/04\/BELOEIL-01-83x100.jpg","logo-width":83,"logo-height":100,"masonry":"https:\/\/d2q6z78khxmx42.cloudfront.net\/2024\/04\/BELOEIL-01-550x660.jpg","masonry-width":550,"masonry-height":660,"modal":"https:\/\/d2q6z78khxmx42.cloudfront.net\/2024\/04\/BELOEIL-01-1600x1920.jpg","modal-width":1600,"modal-height":1920,"number":"https:\/\/d2q6z78khxmx42.cloudfront.net\/2024\/04\/zeAJ8e3Y-BELOEIL-01-358x430.jpg","number-width":358,"number-height":430,"partner":"https:\/\/d2q6z78khxmx42.cloudfront.net\/2024\/04\/BELOEIL-01-175x210.jpg","partner-width":175,"partner-height":210,"ranking":"https:\/\/d2q6z78khxmx42.cloudfront.net\/2024\/04\/zeAJ8e3Y-BELOEIL-01-960x540.jpg","ranking-width":960,"ranking-height":540,"schedule":"https:\/\/d2q6z78khxmx42.cloudfront.net\/2024\/04\/BELOEIL-01-960x360.jpg","schedule-width":960,"schedule-height":360,"slideshow":"https:\/\/d2q6z78khxmx42.cloudfront.net\/2024\/04\/BELOEIL-01-567x680.jpg","slideshow-width":567,"slideshow-height":680}},"filters":false,"suppliers":false,"attachment_category":[]},{"categories":[3653,3611,3613],"credit":"\u00c9pigraphe architectes","image":{"ID":137853,"id":137853,"title":"BELOEIL-02","filename":"BELOEIL-02-scaled.jpg","filesize":1172708,"url":"https:\/\/d2q6z78khxmx42.cloudfront.net\/2024\/04\/BELOEIL-02-scaled.jpg","link":"https:\/\/int.design\/fr\/projets\/estuaire-culturel-espace-culturel-aurele-dubois\/beloeil-02\/","alt":"","author":"701","description":"Estuaire culturel \u2013 Espace culturel Aur\u00e8le-Dubois Smith Vigeant + \u00c9pigraphe +GBi \u00c9pigraphe architectes Smith Vigeant architectes GBi","caption":"","name":"beloeil-02","status":"inherit","uploaded_to":122578,"date":"2024-04-12 12:53:11","modified":"2024-08-20 20:41:58","menu_order":0,"mime_type":"image\/jpeg","type":"image","subtype":"jpeg","icon":"https:\/\/int.design\/wp-includes\/images\/media\/default.png","width":2133,"height":2560,"sizes":{"thumbnail":"https:\/\/d2q6z78khxmx42.cloudfront.net\/2024\/04\/BELOEIL-02-150x150.jpg","thumbnail-width":150,"thumbnail-height":150,"medium":"https:\/\/d2q6z78khxmx42.cloudfront.net\/2024\/04\/BELOEIL-02-250x300.jpg","medium-width":250,"medium-height":300,"medium_large":"https:\/\/d2q6z78khxmx42.cloudfront.net\/2024\/04\/BELOEIL-02-768x922.jpg","medium_large-width":768,"medium_large-height":922,"large":"https:\/\/d2q6z78khxmx42.cloudfront.net\/2024\/04\/BELOEIL-02-853x1024.jpg","large-width":853,"large-height":1024,"1536x1536":"https:\/\/d2q6z78khxmx42.cloudfront.net\/2024\/04\/BELOEIL-02-1280x1536.jpg","1536x1536-width":1280,"1536x1536-height":1536,"2048x2048":"https:\/\/d2q6z78khxmx42.cloudfront.net\/2024\/04\/BELOEIL-02-1707x2048.jpg","2048x2048-width":1707,"2048x2048-height":2048,"article":"https:\/\/d2q6z78khxmx42.cloudfront.net\/2024\/04\/BELOEIL-02-960x540.jpg","article-width":960,"article-height":540,"banner":"https:\/\/d2q6z78khxmx42.cloudfront.net\/2024\/04\/BELOEIL-02-1920x2304.jpg","banner-width":1920,"banner-height":2304,"block":"https:\/\/d2q6z78khxmx42.cloudfront.net\/2024\/04\/BELOEIL-02-900x680.jpg","block-width":900,"block-height":680,"card":"https:\/\/d2q6z78khxmx42.cloudfront.net\/2024\/04\/BELOEIL-02-560x495.jpg","card-width":560,"card-height":495,"card-thumbnail":"https:\/\/d2q6z78khxmx42.cloudfront.net\/2024\/04\/BELOEIL-02-450x340.jpg","card-thumbnail-width":450,"card-thumbnail-height":340,"conference":"https:\/\/d2q6z78khxmx42.cloudfront.net\/2024\/04\/BELOEIL-02-560x250.jpg","conference-width":560,"conference-height":250,"contest":"https:\/\/d2q6z78khxmx42.cloudfront.net\/2024\/04\/BELOEIL-02-960x400.jpg","contest-width":960,"contest-height":400,"cta":"https:\/\/d2q6z78khxmx42.cloudfront.net\/2024\/04\/BELOEIL-02-415x170.jpg","cta-width":415,"cta-height":170,"exhibitor":"https:\/\/d2q6z78khxmx42.cloudfront.net\/2024\/04\/BELOEIL-02-560x560.jpg","exhibitor-width":560,"exhibitor-height":560,"gallery":"https:\/\/d2q6z78khxmx42.cloudfront.net\/2024\/04\/BELOEIL-02-358x430.jpg","gallery-width":358,"gallery-height":430,"logo":"https:\/\/d2q6z78khxmx42.cloudfront.net\/2024\/04\/BELOEIL-02-83x100.jpg","logo-width":83,"logo-height":100,"masonry":"https:\/\/d2q6z78khxmx42.cloudfront.net\/2024\/04\/BELOEIL-02-550x660.jpg","masonry-width":550,"masonry-height":660,"modal":"https:\/\/d2q6z78khxmx42.cloudfront.net\/2024\/04\/BELOEIL-02-1600x1920.jpg","modal-width":1600,"modal-height":1920,"number":"https:\/\/d2q6z78khxmx42.cloudfront.net\/2024\/04\/LNOmq4Zj-BELOEIL-02-358x430.jpg","number-width":358,"number-height":430,"partner":"https:\/\/d2q6z78khxmx42.cloudfront.net\/2024\/04\/BELOEIL-02-175x210.jpg","partner-width":175,"partner-height":210,"ranking":"https:\/\/d2q6z78khxmx42.cloudfront.net\/2024\/04\/LNOmq4Zj-BELOEIL-02-960x540.jpg","ranking-width":960,"ranking-height":540,"schedule":"https:\/\/d2q6z78khxmx42.cloudfront.net\/2024\/04\/BELOEIL-02-960x360.jpg","schedule-width":960,"schedule-height":360,"slideshow":"https:\/\/d2q6z78khxmx42.cloudfront.net\/2024\/04\/BELOEIL-02-567x680.jpg","slideshow-width":567,"slideshow-height":680}},"filters":false,"suppliers":false,"attachment_category":[]},{"categories":[3653,3611,3613],"credit":"\u00c9pigraphe architectes","image":{"ID":137860,"id":137860,"title":"BELOEIL-03","filename":"BELOEIL-03-scaled.jpg","filesize":1351563,"url":"https:\/\/d2q6z78khxmx42.cloudfront.net\/2024\/04\/BELOEIL-03-scaled.jpg","link":"https:\/\/int.design\/fr\/projets\/estuaire-culturel-espace-culturel-aurele-dubois\/beloeil-03\/","alt":"","author":"701","description":"Estuaire culturel \u2013 Espace culturel Aur\u00e8le-Dubois Smith Vigeant + \u00c9pigraphe +GBi \u00c9pigraphe architectes Smith Vigeant architectes GBi","caption":"","name":"beloeil-03","status":"inherit","uploaded_to":122578,"date":"2024-04-12 12:53:57","modified":"2024-08-20 20:41:58","menu_order":0,"mime_type":"image\/jpeg","type":"image","subtype":"jpeg","icon":"https:\/\/int.design\/wp-includes\/images\/media\/default.png","width":2133,"height":2560,"sizes":{"thumbnail":"https:\/\/d2q6z78khxmx42.cloudfront.net\/2024\/04\/BELOEIL-03-150x150.jpg","thumbnail-width":150,"thumbnail-height":150,"medium":"https:\/\/d2q6z78khxmx42.cloudfront.net\/2024\/04\/BELOEIL-03-250x300.jpg","medium-width":250,"medium-height":300,"medium_large":"https:\/\/d2q6z78khxmx42.cloudfront.net\/2024\/04\/BELOEIL-03-768x922.jpg","medium_large-width":768,"medium_large-height":922,"large":"https:\/\/d2q6z78khxmx42.cloudfront.net\/2024\/04\/BELOEIL-03-853x1024.jpg","large-width":853,"large-height":1024,"1536x1536":"https:\/\/d2q6z78khxmx42.cloudfront.net\/2024\/04\/BELOEIL-03-1280x1536.jpg","1536x1536-width":1280,"1536x1536-height":1536,"2048x2048":"https:\/\/d2q6z78khxmx42.cloudfront.net\/2024\/04\/BELOEIL-03-1707x2048.jpg","2048x2048-width":1707,"2048x2048-height":2048,"article":"https:\/\/d2q6z78khxmx42.cloudfront.net\/2024\/04\/BELOEIL-03-960x540.jpg","article-width":960,"article-height":540,"banner":"https:\/\/d2q6z78khxmx42.cloudfront.net\/2024\/04\/BELOEIL-03-1920x2304.jpg","banner-width":1920,"banner-height":2304,"block":"https:\/\/d2q6z78khxmx42.cloudfront.net\/2024\/04\/BELOEIL-03-900x680.jpg","block-width":900,"block-height":680,"card":"https:\/\/d2q6z78khxmx42.cloudfront.net\/2024\/04\/BELOEIL-03-560x495.jpg","card-width":560,"card-height":495,"card-thumbnail":"https:\/\/d2q6z78khxmx42.cloudfront.net\/2024\/04\/BELOEIL-03-450x340.jpg","card-thumbnail-width":450,"card-thumbnail-height":340,"conference":"https:\/\/d2q6z78khxmx42.cloudfront.net\/2024\/04\/BELOEIL-03-560x250.jpg","conference-width":560,"conference-height":250,"contest":"https:\/\/d2q6z78khxmx42.cloudfront.net\/2024\/04\/BELOEIL-03-960x400.jpg","contest-width":960,"contest-height":400,"cta":"https:\/\/d2q6z78khxmx42.cloudfront.net\/2024\/04\/BELOEIL-03-415x170.jpg","cta-width":415,"cta-height":170,"exhibitor":"https:\/\/d2q6z78khxmx42.cloudfront.net\/2024\/04\/BELOEIL-03-560x560.jpg","exhibitor-width":560,"exhibitor-height":560,"gallery":"https:\/\/d2q6z78khxmx42.cloudfront.net\/2024\/04\/BELOEIL-03-358x430.jpg","gallery-width":358,"gallery-height":430,"logo":"https:\/\/d2q6z78khxmx42.cloudfront.net\/2024\/04\/BELOEIL-03-83x100.jpg","logo-width":83,"logo-height":100,"masonry":"https:\/\/d2q6z78khxmx42.cloudfront.net\/2024\/04\/BELOEIL-03-550x660.jpg","masonry-width":550,"masonry-height":660,"modal":"https:\/\/d2q6z78khxmx42.cloudfront.net\/2024\/04\/BELOEIL-03-1600x1920.jpg","modal-width":1600,"modal-height":1920,"number":"https:\/\/d2q6z78khxmx42.cloudfront.net\/2024\/04\/GvpeUCEU-BELOEIL-03-358x430.jpg","number-width":358,"number-height":430,"partner":"https:\/\/d2q6z78khxmx42.cloudfront.net\/2024\/04\/BELOEIL-03-175x210.jpg","partner-width":175,"partner-height":210,"ranking":"https:\/\/d2q6z78khxmx42.cloudfront.net\/2024\/04\/GvpeUCEU-BELOEIL-03-960x540.jpg","ranking-width":960,"ranking-height":540,"schedule":"https:\/\/d2q6z78khxmx42.cloudfront.net\/2024\/04\/BELOEIL-03-960x360.jpg","schedule-width":960,"schedule-height":360,"slideshow":"https:\/\/d2q6z78khxmx42.cloudfront.net\/2024\/04\/BELOEIL-03-567x680.jpg","slideshow-width":567,"slideshow-height":680}},"filters":false,"suppliers":false,"attachment_category":[]},{"categories":[3653,3611,3613],"credit":"\u00c9pigraphe architectes","image":{"ID":137864,"id":137864,"title":"BELOEIL-04","filename":"BELOEIL-04-scaled.jpg","filesize":1572484,"url":"https:\/\/d2q6z78khxmx42.cloudfront.net\/2024\/04\/BELOEIL-04-scaled.jpg","link":"https:\/\/int.design\/fr\/projets\/estuaire-culturel-espace-culturel-aurele-dubois\/beloeil-04\/","alt":"","author":"701","description":"Estuaire culturel \u2013 Espace culturel Aur\u00e8le-Dubois Smith Vigeant + \u00c9pigraphe +GBi \u00c9pigraphe architectes Smith Vigeant architectes GBi","caption":"","name":"beloeil-04","status":"inherit","uploaded_to":122578,"date":"2024-04-12 12:54:22","modified":"2024-08-20 20:41:58","menu_order":0,"mime_type":"image\/jpeg","type":"image","subtype":"jpeg","icon":"https:\/\/int.design\/wp-includes\/images\/media\/default.png","width":2133,"height":2560,"sizes":{"thumbnail":"https:\/\/d2q6z78khxmx42.cloudfront.net\/2024\/04\/BELOEIL-04-150x150.jpg","thumbnail-width":150,"thumbnail-height":150,"medium":"https:\/\/d2q6z78khxmx42.cloudfront.net\/2024\/04\/BELOEIL-04-250x300.jpg","medium-width":250,"medium-height":300,"medium_large":"https:\/\/d2q6z78khxmx42.cloudfront.net\/2024\/04\/BELOEIL-04-768x922.jpg","medium_large-width":768,"medium_large-height":922,"large":"https:\/\/d2q6z78khxmx42.cloudfront.net\/2024\/04\/BELOEIL-04-853x1024.jpg","large-width":853,"large-height":1024,"1536x1536":"https:\/\/d2q6z78khxmx42.cloudfront.net\/2024\/04\/BELOEIL-04-1280x1536.jpg","1536x1536-width":1280,"1536x1536-height":1536,"2048x2048":"https:\/\/d2q6z78khxmx42.cloudfront.net\/2024\/04\/BELOEIL-04-1707x2048.jpg","2048x2048-width":1707,"2048x2048-height":2048,"article":"https:\/\/d2q6z78khxmx42.cloudfront.net\/2024\/04\/BELOEIL-04-960x540.jpg","article-width":960,"article-height":540,"banner":"https:\/\/d2q6z78khxmx42.cloudfront.net\/2024\/04\/BELOEIL-04-1920x2304.jpg","banner-width":1920,"banner-height":2304,"block":"https:\/\/d2q6z78khxmx42.cloudfront.net\/2024\/04\/BELOEIL-04-900x680.jpg","block-width":900,"block-height":680,"card":"https:\/\/d2q6z78khxmx42.cloudfront.net\/2024\/04\/BELOEIL-04-560x495.jpg","card-width":560,"card-height":495,"card-thumbnail":"https:\/\/d2q6z78khxmx42.cloudfront.net\/2024\/04\/BELOEIL-04-450x340.jpg","card-thumbnail-width":450,"card-thumbnail-height":340,"conference":"https:\/\/d2q6z78khxmx42.cloudfront.net\/2024\/04\/BELOEIL-04-560x250.jpg","conference-width":560,"conference-height":250,"contest":"https:\/\/d2q6z78khxmx42.cloudfront.net\/2024\/04\/BELOEIL-04-960x400.jpg","contest-width":960,"contest-height":400,"cta":"https:\/\/d2q6z78khxmx42.cloudfront.net\/2024\/04\/BELOEIL-04-415x170.jpg","cta-width":415,"cta-height":170,"exhibitor":"https:\/\/d2q6z78khxmx42.cloudfront.net\/2024\/04\/BELOEIL-04-560x560.jpg","exhibitor-width":560,"exhibitor-height":560,"gallery":"https:\/\/d2q6z78khxmx42.cloudfront.net\/2024\/04\/BELOEIL-04-358x430.jpg","gallery-width":358,"gallery-height":430,"logo":"https:\/\/d2q6z78khxmx42.cloudfront.net\/2024\/04\/BELOEIL-04-83x100.jpg","logo-width":83,"logo-height":100,"masonry":"https:\/\/d2q6z78khxmx42.cloudfront.net\/2024\/04\/BELOEIL-04-550x660.jpg","masonry-width":550,"masonry-height":660,"modal":"https:\/\/d2q6z78khxmx42.cloudfront.net\/2024\/04\/BELOEIL-04-1600x1920.jpg","modal-width":1600,"modal-height":1920,"number":"https:\/\/d2q6z78khxmx42.cloudfront.net\/2024\/04\/a6P6ozLE-BELOEIL-04-358x430.jpg","number-width":358,"number-height":430,"partner":"https:\/\/d2q6z78khxmx42.cloudfront.net\/2024\/04\/BELOEIL-04-175x210.jpg","partner-width":175,"partner-height":210,"ranking":"https:\/\/d2q6z78khxmx42.cloudfront.net\/2024\/04\/a6P6ozLE-BELOEIL-04-960x540.jpg","ranking-width":960,"ranking-height":540,"schedule":"https:\/\/d2q6z78khxmx42.cloudfront.net\/2024\/04\/BELOEIL-04-960x360.jpg","schedule-width":960,"schedule-height":360,"slideshow":"https:\/\/d2q6z78khxmx42.cloudfront.net\/2024\/04\/BELOEIL-04-567x680.jpg","slideshow-width":567,"slideshow-height":680}},"filters":false,"suppliers":false,"attachment_category":[]},{"categories":[3653,3611,3613],"credit":"\u00c9pigraphe architectes","image":{"ID":137865,"id":137865,"title":"BELOEIL-05","filename":"BELOEIL-05-scaled.jpg","filesize":1416277,"url":"https:\/\/d2q6z78khxmx42.cloudfront.net\/2024\/04\/BELOEIL-05-scaled.jpg","link":"https:\/\/int.design\/fr\/projets\/estuaire-culturel-espace-culturel-aurele-dubois\/beloeil-05\/","alt":"","author":"701","description":"Estuaire culturel \u2013 Espace culturel Aur\u00e8le-Dubois Smith Vigeant + \u00c9pigraphe +GBi \u00c9pigraphe architectes Smith Vigeant architectes GBi","caption":"","name":"beloeil-05","status":"inherit","uploaded_to":122578,"date":"2024-04-12 12:54:48","modified":"2024-08-20 20:41:58","menu_order":0,"mime_type":"image\/jpeg","type":"image","subtype":"jpeg","icon":"https:\/\/int.design\/wp-includes\/images\/media\/default.png","width":2133,"height":2560,"sizes":{"thumbnail":"https:\/\/d2q6z78khxmx42.cloudfront.net\/2024\/04\/BELOEIL-05-150x150.jpg","thumbnail-width":150,"thumbnail-height":150,"medium":"https:\/\/d2q6z78khxmx42.cloudfront.net\/2024\/04\/BELOEIL-05-250x300.jpg","medium-width":250,"medium-height":300,"medium_large":"https:\/\/d2q6z78khxmx42.cloudfront.net\/2024\/04\/BELOEIL-05-768x922.jpg","medium_large-width":768,"medium_large-height":922,"large":"https:\/\/d2q6z78khxmx42.cloudfront.net\/2024\/04\/BELOEIL-05-853x1024.jpg","large-width":853,"large-height":1024,"1536x1536":"https:\/\/d2q6z78khxmx42.cloudfront.net\/2024\/04\/BELOEIL-05-1280x1536.jpg","1536x1536-width":1280,"1536x1536-height":1536,"2048x2048":"https:\/\/d2q6z78khxmx42.cloudfront.net\/2024\/04\/BELOEIL-05-1707x2048.jpg","2048x2048-width":1707,"2048x2048-height":2048,"article":"https:\/\/d2q6z78khxmx42.cloudfront.net\/2024\/04\/BELOEIL-05-960x540.jpg","article-width":960,"article-height":540,"banner":"https:\/\/d2q6z78khxmx42.cloudfront.net\/2024\/04\/BELOEIL-05-1920x2304.jpg","banner-width":1920,"banner-height":2304,"block":"https:\/\/d2q6z78khxmx42.cloudfront.net\/2024\/04\/BELOEIL-05-900x680.jpg","block-width":900,"block-height":680,"card":"https:\/\/d2q6z78khxmx42.cloudfront.net\/2024\/04\/BELOEIL-05-560x495.jpg","card-width":560,"card-height":495,"card-thumbnail":"https:\/\/d2q6z78khxmx42.cloudfront.net\/2024\/04\/BELOEIL-05-450x340.jpg","card-thumbnail-width":450,"card-thumbnail-height":340,"conference":"https:\/\/d2q6z78khxmx42.cloudfront.net\/2024\/04\/BELOEIL-05-560x250.jpg","conference-width":560,"conference-height":250,"contest":"https:\/\/d2q6z78khxmx42.cloudfront.net\/2024\/04\/BELOEIL-05-960x400.jpg","contest-width":960,"contest-height":400,"cta":"https:\/\/d2q6z78khxmx42.cloudfront.net\/2024\/04\/BELOEIL-05-415x170.jpg","cta-width":415,"cta-height":170,"exhibitor":"https:\/\/d2q6z78khxmx42.cloudfront.net\/2024\/04\/BELOEIL-05-560x560.jpg","exhibitor-width":560,"exhibitor-height":560,"gallery":"https:\/\/d2q6z78khxmx42.cloudfront.net\/2024\/04\/BELOEIL-05-358x430.jpg","gallery-width":358,"gallery-height":430,"logo":"https:\/\/d2q6z78khxmx42.cloudfront.net\/2024\/04\/BELOEIL-05-83x100.jpg","logo-width":83,"logo-height":100,"masonry":"https:\/\/d2q6z78khxmx42.cloudfront.net\/2024\/04\/BELOEIL-05-550x660.jpg","masonry-width":550,"masonry-height":660,"modal":"https:\/\/d2q6z78khxmx42.cloudfront.net\/2024\/04\/BELOEIL-05-1600x1920.jpg","modal-width":1600,"modal-height":1920,"number":"https:\/\/d2q6z78khxmx42.cloudfront.net\/2024\/04\/JNci1epD-BELOEIL-05-358x430.jpg","number-width":358,"number-height":430,"partner":"https:\/\/d2q6z78khxmx42.cloudfront.net\/2024\/04\/BELOEIL-05-175x210.jpg","partner-width":175,"partner-height":210,"ranking":"https:\/\/d2q6z78khxmx42.cloudfront.net\/2024\/04\/JNci1epD-BELOEIL-05-960x540.jpg","ranking-width":960,"ranking-height":540,"schedule":"https:\/\/d2q6z78khxmx42.cloudfront.net\/2024\/04\/BELOEIL-05-960x360.jpg","schedule-width":960,"schedule-height":360,"slideshow":"https:\/\/d2q6z78khxmx42.cloudfront.net\/2024\/04\/BELOEIL-05-567x680.jpg","slideshow-width":567,"slideshow-height":680}},"filters":false,"suppliers":false,"attachment_category":[]},{"categories":[3653,3611,3613],"credit":"\u00c9pigraphe architectes","image":{"ID":137867,"id":137867,"title":"BELOEIL-06","filename":"BELOEIL-06-scaled.jpg","filesize":1374263,"url":"https:\/\/d2q6z78khxmx42.cloudfront.net\/2024\/04\/BELOEIL-06-scaled.jpg","link":"https:\/\/int.design\/fr\/projets\/estuaire-culturel-espace-culturel-aurele-dubois\/beloeil-06\/","alt":"","author":"701","description":"Estuaire culturel \u2013 Espace culturel Aur\u00e8le-Dubois Smith Vigeant + \u00c9pigraphe +GBi \u00c9pigraphe architectes Smith Vigeant architectes GBi","caption":"","name":"beloeil-06","status":"inherit","uploaded_to":122578,"date":"2024-04-12 12:54:57","modified":"2024-08-20 20:41:58","menu_order":0,"mime_type":"image\/jpeg","type":"image","subtype":"jpeg","icon":"https:\/\/int.design\/wp-includes\/images\/media\/default.png","width":2133,"height":2560,"sizes":{"thumbnail":"https:\/\/d2q6z78khxmx42.cloudfront.net\/2024\/04\/BELOEIL-06-150x150.jpg","thumbnail-width":150,"thumbnail-height":150,"medium":"https:\/\/d2q6z78khxmx42.cloudfront.net\/2024\/04\/BELOEIL-06-250x300.jpg","medium-width":250,"medium-height":300,"medium_large":"https:\/\/d2q6z78khxmx42.cloudfront.net\/2024\/04\/BELOEIL-06-768x922.jpg","medium_large-width":768,"medium_large-height":922,"large":"https:\/\/d2q6z78khxmx42.cloudfront.net\/2024\/04\/BELOEIL-06-853x1024.jpg","large-width":853,"large-height":1024,"1536x1536":"https:\/\/d2q6z78khxmx42.cloudfront.net\/2024\/04\/BELOEIL-06-1280x1536.jpg","1536x1536-width":1280,"1536x1536-height":1536,"2048x2048":"https:\/\/d2q6z78khxmx42.cloudfront.net\/2024\/04\/BELOEIL-06-1707x2048.jpg","2048x2048-width":1707,"2048x2048-height":2048,"article":"https:\/\/d2q6z78khxmx42.cloudfront.net\/2024\/04\/BELOEIL-06-960x540.jpg","article-width":960,"article-height":540,"banner":"https:\/\/d2q6z78khxmx42.cloudfront.net\/2024\/04\/BELOEIL-06-1920x2304.jpg","banner-width":1920,"banner-height":2304,"block":"https:\/\/d2q6z78khxmx42.cloudfront.net\/2024\/04\/BELOEIL-06-900x680.jpg","block-width":900,"block-height":680,"card":"https:\/\/d2q6z78khxmx42.cloudfront.net\/2024\/04\/BELOEIL-06-560x495.jpg","card-width":560,"card-height":495,"card-thumbnail":"https:\/\/d2q6z78khxmx42.cloudfront.net\/2024\/04\/BELOEIL-06-450x340.jpg","card-thumbnail-width":450,"card-thumbnail-height":340,"conference":"https:\/\/d2q6z78khxmx42.cloudfront.net\/2024\/04\/BELOEIL-06-560x250.jpg","conference-width":560,"conference-height":250,"contest":"https:\/\/d2q6z78khxmx42.cloudfront.net\/2024\/04\/BELOEIL-06-960x400.jpg","contest-width":960,"contest-height":400,"cta":"https:\/\/d2q6z78khxmx42.cloudfront.net\/2024\/04\/BELOEIL-06-415x170.jpg","cta-width":415,"cta-height":170,"exhibitor":"https:\/\/d2q6z78khxmx42.cloudfront.net\/2024\/04\/BELOEIL-06-560x560.jpg","exhibitor-width":560,"exhibitor-height":560,"gallery":"https:\/\/d2q6z78khxmx42.cloudfront.net\/2024\/04\/BELOEIL-06-358x430.jpg","gallery-width":358,"gallery-height":430,"logo":"https:\/\/d2q6z78khxmx42.cloudfront.net\/2024\/04\/BELOEIL-06-83x100.jpg","logo-width":83,"logo-height":100,"masonry":"https:\/\/d2q6z78khxmx42.cloudfront.net\/2024\/04\/BELOEIL-06-550x660.jpg","masonry-width":550,"masonry-height":660,"modal":"https:\/\/d2q6z78khxmx42.cloudfront.net\/2024\/04\/BELOEIL-06-1600x1920.jpg","modal-width":1600,"modal-height":1920,"number":"https:\/\/d2q6z78khxmx42.cloudfront.net\/2024\/04\/YkRID7v1-BELOEIL-06-358x430.jpg","number-width":358,"number-height":430,"partner":"https:\/\/d2q6z78khxmx42.cloudfront.net\/2024\/04\/BELOEIL-06-175x210.jpg","partner-width":175,"partner-height":210,"ranking":"https:\/\/d2q6z78khxmx42.cloudfront.net\/2024\/04\/YkRID7v1-BELOEIL-06-960x540.jpg","ranking-width":960,"ranking-height":540,"schedule":"https:\/\/d2q6z78khxmx42.cloudfront.net\/2024\/04\/BELOEIL-06-960x360.jpg","schedule-width":960,"schedule-height":360,"slideshow":"https:\/\/d2q6z78khxmx42.cloudfront.net\/2024\/04\/BELOEIL-06-567x680.jpg","slideshow-width":567,"slideshow-height":680}},"filters":false,"suppliers":false,"attachment_category":[]},{"categories":[3653,3611,3613],"credit":"\u00c9pigraphe architectes","image":{"ID":137869,"id":137869,"title":"BELOEIL-07","filename":"BELOEIL-07-scaled.jpg","filesize":1357753,"url":"https:\/\/d2q6z78khxmx42.cloudfront.net\/2024\/04\/BELOEIL-07-scaled.jpg","link":"https:\/\/int.design\/fr\/projets\/estuaire-culturel-espace-culturel-aurele-dubois\/beloeil-07\/","alt":"","author":"701","description":"Estuaire culturel \u2013 Espace culturel Aur\u00e8le-Dubois Smith Vigeant + \u00c9pigraphe +GBi \u00c9pigraphe architectes Smith Vigeant architectes GBi","caption":"","name":"beloeil-07","status":"inherit","uploaded_to":122578,"date":"2024-04-12 12:55:22","modified":"2024-08-20 20:41:58","menu_order":0,"mime_type":"image\/jpeg","type":"image","subtype":"jpeg","icon":"https:\/\/int.design\/wp-includes\/images\/media\/default.png","width":2133,"height":2560,"sizes":{"thumbnail":"https:\/\/d2q6z78khxmx42.cloudfront.net\/2024\/04\/BELOEIL-07-150x150.jpg","thumbnail-width":150,"thumbnail-height":150,"medium":"https:\/\/d2q6z78khxmx42.cloudfront.net\/2024\/04\/BELOEIL-07-250x300.jpg","medium-width":250,"medium-height":300,"medium_large":"https:\/\/d2q6z78khxmx42.cloudfront.net\/2024\/04\/BELOEIL-07-768x922.jpg","medium_large-width":768,"medium_large-height":922,"large":"https:\/\/d2q6z78khxmx42.cloudfront.net\/2024\/04\/BELOEIL-07-853x1024.jpg","large-width":853,"large-height":1024,"1536x1536":"https:\/\/d2q6z78khxmx42.cloudfront.net\/2024\/04\/BELOEIL-07-1280x1536.jpg","1536x1536-width":1280,"1536x1536-height":1536,"2048x2048":"https:\/\/d2q6z78khxmx42.cloudfront.net\/2024\/04\/BELOEIL-07-1707x2048.jpg","2048x2048-width":1707,"2048x2048-height":2048,"article":"https:\/\/d2q6z78khxmx42.cloudfront.net\/2024\/04\/BELOEIL-07-960x540.jpg","article-width":960,"article-height":540,"banner":"https:\/\/d2q6z78khxmx42.cloudfront.net\/2024\/04\/BELOEIL-07-1920x2304.jpg","banner-width":1920,"banner-height":2304,"block":"https:\/\/d2q6z78khxmx42.cloudfront.net\/2024\/04\/BELOEIL-07-900x680.jpg","block-width":900,"block-height":680,"card":"https:\/\/d2q6z78khxmx42.cloudfront.net\/2024\/04\/BELOEIL-07-560x495.jpg","card-width":560,"card-height":495,"card-thumbnail":"https:\/\/d2q6z78khxmx42.cloudfront.net\/2024\/04\/BELOEIL-07-450x340.jpg","card-thumbnail-width":450,"card-thumbnail-height":340,"conference":"https:\/\/d2q6z78khxmx42.cloudfront.net\/2024\/04\/BELOEIL-07-560x250.jpg","conference-width":560,"conference-height":250,"contest":"https:\/\/d2q6z78khxmx42.cloudfront.net\/2024\/04\/BELOEIL-07-960x400.jpg","contest-width":960,"contest-height":400,"cta":"https:\/\/d2q6z78khxmx42.cloudfront.net\/2024\/04\/BELOEIL-07-415x170.jpg","cta-width":415,"cta-height":170,"exhibitor":"https:\/\/d2q6z78khxmx42.cloudfront.net\/2024\/04\/BELOEIL-07-560x560.jpg","exhibitor-width":560,"exhibitor-height":560,"gallery":"https:\/\/d2q6z78khxmx42.cloudfront.net\/2024\/04\/BELOEIL-07-358x430.jpg","gallery-width":358,"gallery-height":430,"logo":"https:\/\/d2q6z78khxmx42.cloudfront.net\/2024\/04\/BELOEIL-07-83x100.jpg","logo-width":83,"logo-height":100,"masonry":"https:\/\/d2q6z78khxmx42.cloudfront.net\/2024\/04\/BELOEIL-07-550x660.jpg","masonry-width":550,"masonry-height":660,"modal":"https:\/\/d2q6z78khxmx42.cloudfront.net\/2024\/04\/BELOEIL-07-1600x1920.jpg","modal-width":1600,"modal-height":1920,"number":"https:\/\/d2q6z78khxmx42.cloudfront.net\/2024\/04\/SlUMBR2y-BELOEIL-07-358x430.jpg","number-width":358,"number-height":430,"partner":"https:\/\/d2q6z78khxmx42.cloudfront.net\/2024\/04\/BELOEIL-07-175x210.jpg","partner-width":175,"partner-height":210,"ranking":"https:\/\/d2q6z78khxmx42.cloudfront.net\/2024\/04\/SlUMBR2y-BELOEIL-07-960x540.jpg","ranking-width":960,"ranking-height":540,"schedule":"https:\/\/d2q6z78khxmx42.cloudfront.net\/2024\/04\/BELOEIL-07-960x360.jpg","schedule-width":960,"schedule-height":360,"slideshow":"https:\/\/d2q6z78khxmx42.cloudfront.net\/2024\/04\/BELOEIL-07-567x680.jpg","slideshow-width":567,"slideshow-height":680}},"filters":false,"suppliers":false,"attachment_category":[]},{"categories":[3653,3611,3613],"credit":"\u00c9pigraphe architectes","image":{"ID":137871,"id":137871,"title":"BELOEIL-08","filename":"BELOEIL-08.jpg","filesize":285351,"url":"https:\/\/d2q6z78khxmx42.cloudfront.net\/2024\/04\/BELOEIL-08.jpg","link":"https:\/\/int.design\/fr\/projets\/estuaire-culturel-espace-culturel-aurele-dubois\/beloeil-08\/","alt":"","author":"701","description":"Estuaire culturel \u2013 Espace culturel Aur\u00e8le-Dubois Smith Vigeant + \u00c9pigraphe +GBi \u00c9pigraphe architectes Smith Vigeant architectes GBi","caption":"","name":"beloeil-08","status":"inherit","uploaded_to":122578,"date":"2024-04-12 12:55:41","modified":"2024-08-20 20:41:58","menu_order":0,"mime_type":"image\/jpeg","type":"image","subtype":"jpeg","icon":"https:\/\/int.design\/wp-includes\/images\/media\/default.png","width":1500,"height":1800,"sizes":{"thumbnail":"https:\/\/d2q6z78khxmx42.cloudfront.net\/2024\/04\/BELOEIL-08-150x150.jpg","thumbnail-width":150,"thumbnail-height":150,"medium":"https:\/\/d2q6z78khxmx42.cloudfront.net\/2024\/04\/BELOEIL-08-250x300.jpg","medium-width":250,"medium-height":300,"medium_large":"https:\/\/d2q6z78khxmx42.cloudfront.net\/2024\/04\/BELOEIL-08-768x922.jpg","medium_large-width":768,"medium_large-height":922,"large":"https:\/\/d2q6z78khxmx42.cloudfront.net\/2024\/04\/BELOEIL-08-853x1024.jpg","large-width":853,"large-height":1024,"1536x1536":"https:\/\/d2q6z78khxmx42.cloudfront.net\/2024\/04\/BELOEIL-08-1280x1536.jpg","1536x1536-width":1280,"1536x1536-height":1536,"2048x2048":"https:\/\/d2q6z78khxmx42.cloudfront.net\/2024\/04\/BELOEIL-08.jpg","2048x2048-width":1500,"2048x2048-height":1800,"article":"https:\/\/d2q6z78khxmx42.cloudfront.net\/2024\/04\/BELOEIL-08-960x540.jpg","article-width":960,"article-height":540,"banner":"https:\/\/d2q6z78khxmx42.cloudfront.net\/2024\/04\/BELOEIL-08.jpg","banner-width":1500,"banner-height":1800,"block":"https:\/\/d2q6z78khxmx42.cloudfront.net\/2024\/04\/BELOEIL-08-900x680.jpg","block-width":900,"block-height":680,"card":"https:\/\/d2q6z78khxmx42.cloudfront.net\/2024\/04\/BELOEIL-08-560x495.jpg","card-width":560,"card-height":495,"card-thumbnail":"https:\/\/d2q6z78khxmx42.cloudfront.net\/2024\/04\/BELOEIL-08-450x340.jpg","card-thumbnail-width":450,"card-thumbnail-height":340,"conference":"https:\/\/d2q6z78khxmx42.cloudfront.net\/2024\/04\/BELOEIL-08-560x250.jpg","conference-width":560,"conference-height":250,"contest":"https:\/\/d2q6z78khxmx42.cloudfront.net\/2024\/04\/BELOEIL-08-960x400.jpg","contest-width":960,"contest-height":400,"cta":"https:\/\/d2q6z78khxmx42.cloudfront.net\/2024\/04\/BELOEIL-08-415x170.jpg","cta-width":415,"cta-height":170,"exhibitor":"https:\/\/d2q6z78khxmx42.cloudfront.net\/2024\/04\/BELOEIL-08-560x560.jpg","exhibitor-width":560,"exhibitor-height":560,"gallery":"https:\/\/d2q6z78khxmx42.cloudfront.net\/2024\/04\/BELOEIL-08-358x430.jpg","gallery-width":358,"gallery-height":430,"logo":"https:\/\/d2q6z78khxmx42.cloudfront.net\/2024\/04\/BELOEIL-08-83x100.jpg","logo-width":83,"logo-height":100,"masonry":"https:\/\/d2q6z78khxmx42.cloudfront.net\/2024\/04\/BELOEIL-08-550x660.jpg","masonry-width":550,"masonry-height":660,"modal":"https:\/\/d2q6z78khxmx42.cloudfront.net\/2024\/04\/BELOEIL-08.jpg","modal-width":1500,"modal-height":1800,"number":"https:\/\/d2q6z78khxmx42.cloudfront.net\/2024\/04\/D0Zor9Qy-BELOEIL-08-358x430.jpg","number-width":358,"number-height":430,"partner":"https:\/\/d2q6z78khxmx42.cloudfront.net\/2024\/04\/BELOEIL-08-175x210.jpg","partner-width":175,"partner-height":210,"ranking":"https:\/\/d2q6z78khxmx42.cloudfront.net\/2024\/04\/D0Zor9Qy-BELOEIL-08-960x540.jpg","ranking-width":960,"ranking-height":540,"schedule":"https:\/\/d2q6z78khxmx42.cloudfront.net\/2024\/04\/BELOEIL-08-960x360.jpg","schedule-width":960,"schedule-height":360,"slideshow":"https:\/\/d2q6z78khxmx42.cloudfront.net\/2024\/04\/BELOEIL-08-567x680.jpg","slideshow-width":567,"slideshow-height":680}},"filters":false,"suppliers":false,"attachment_category":[]},{"categories":[3653,3611,3613],"credit":"\u00c9pigraphe architectes","image":{"ID":137873,"id":137873,"title":"BELOEIL-09","filename":"BELOEIL-09.jpg","filesize":173471,"url":"https:\/\/d2q6z78khxmx42.cloudfront.net\/2024\/04\/BELOEIL-09.jpg","link":"https:\/\/int.design\/fr\/projets\/estuaire-culturel-espace-culturel-aurele-dubois\/beloeil-09\/","alt":"","author":"701","description":"Estuaire culturel \u2013 Espace culturel Aur\u00e8le-Dubois Smith Vigeant + \u00c9pigraphe +GBi \u00c9pigraphe architectes Smith Vigeant architectes GBi","caption":"","name":"beloeil-09","status":"inherit","uploaded_to":122578,"date":"2024-04-12 12:56:04","modified":"2024-08-20 20:41:58","menu_order":0,"mime_type":"image\/jpeg","type":"image","subtype":"jpeg","icon":"https:\/\/int.design\/wp-includes\/images\/media\/default.png","width":2550,"height":1650,"sizes":{"thumbnail":"https:\/\/d2q6z78khxmx42.cloudfront.net\/2024\/04\/BELOEIL-09-150x150.jpg","thumbnail-width":150,"thumbnail-height":150,"medium":"https:\/\/d2q6z78khxmx42.cloudfront.net\/2024\/04\/BELOEIL-09-300x194.jpg","medium-width":300,"medium-height":194,"medium_large":"https:\/\/d2q6z78khxmx42.cloudfront.net\/2024\/04\/BELOEIL-09-768x497.jpg","medium_large-width":768,"medium_large-height":497,"large":"https:\/\/d2q6z78khxmx42.cloudfront.net\/2024\/04\/BELOEIL-09-1024x663.jpg","large-width":1024,"large-height":663,"1536x1536":"https:\/\/d2q6z78khxmx42.cloudfront.net\/2024\/04\/BELOEIL-09-1536x994.jpg","1536x1536-width":1536,"1536x1536-height":994,"2048x2048":"https:\/\/d2q6z78khxmx42.cloudfront.net\/2024\/04\/BELOEIL-09-2048x1325.jpg","2048x2048-width":2048,"2048x2048-height":1325,"article":"https:\/\/d2q6z78khxmx42.cloudfront.net\/2024\/04\/BELOEIL-09-960x540.jpg","article-width":960,"article-height":540,"banner":"https:\/\/d2q6z78khxmx42.cloudfront.net\/2024\/04\/BELOEIL-09-1920x1242.jpg","banner-width":1920,"banner-height":1242,"block":"https:\/\/d2q6z78khxmx42.cloudfront.net\/2024\/04\/BELOEIL-09-900x680.jpg","block-width":900,"block-height":680,"card":"https:\/\/d2q6z78khxmx42.cloudfront.net\/2024\/04\/BELOEIL-09-560x495.jpg","card-width":560,"card-height":495,"card-thumbnail":"https:\/\/d2q6z78khxmx42.cloudfront.net\/2024\/04\/BELOEIL-09-450x340.jpg","card-thumbnail-width":450,"card-thumbnail-height":340,"conference":"https:\/\/d2q6z78khxmx42.cloudfront.net\/2024\/04\/BELOEIL-09-560x250.jpg","conference-width":560,"conference-height":250,"contest":"https:\/\/d2q6z78khxmx42.cloudfront.net\/2024\/04\/BELOEIL-09-960x400.jpg","contest-width":960,"contest-height":400,"cta":"https:\/\/d2q6z78khxmx42.cloudfront.net\/2024\/04\/BELOEIL-09-415x170.jpg","cta-width":415,"cta-height":170,"exhibitor":"https:\/\/d2q6z78khxmx42.cloudfront.net\/2024\/04\/BELOEIL-09-560x560.jpg","exhibitor-width":560,"exhibitor-height":560,"gallery":"https:\/\/d2q6z78khxmx42.cloudfront.net\/2024\/04\/BELOEIL-09-560x362.jpg","gallery-width":560,"gallery-height":362,"logo":"https:\/\/d2q6z78khxmx42.cloudfront.net\/2024\/04\/BELOEIL-09-155x100.jpg","logo-width":155,"logo-height":100,"masonry":"https:\/\/d2q6z78khxmx42.cloudfront.net\/2024\/04\/BELOEIL-09-550x356.jpg","masonry-width":550,"masonry-height":356,"modal":"https:\/\/d2q6z78khxmx42.cloudfront.net\/2024\/04\/wN3rcbHy-BELOEIL-09-1920x1242.jpg","modal-width":1920,"modal-height":1242,"number":"https:\/\/d2q6z78khxmx42.cloudfront.net\/2024\/04\/wN3rcbHy-BELOEIL-09-560x362.jpg","number-width":560,"number-height":362,"partner":"https:\/\/d2q6z78khxmx42.cloudfront.net\/2024\/04\/BELOEIL-09-275x178.jpg","partner-width":275,"partner-height":178,"ranking":"https:\/\/d2q6z78khxmx42.cloudfront.net\/2024\/04\/wN3rcbHy-BELOEIL-09-960x540.jpg","ranking-width":960,"ranking-height":540,"schedule":"https:\/\/d2q6z78khxmx42.cloudfront.net\/2024\/04\/BELOEIL-09-960x360.jpg","schedule-width":960,"schedule-height":360,"slideshow":"https:\/\/d2q6z78khxmx42.cloudfront.net\/2024\/04\/BELOEIL-09-1051x680.jpg","slideshow-width":1051,"slideshow-height":680}},"filters":false,"suppliers":false,"attachment_category":[]}],"mandatory_documents":[{"name":"\u00c9pigraphe - Espace Culturel Aur\u00e8le-Dubois","file":{"ID":138313,"id":138313,"title":"2024-04-12-ESPACE CULTUREL AUR\u00c8L-DUBOIS","filename":"2024-04-12-ESPACECULTURELAURL-DUBOIS.pdf","filesize":98652554,"url":"https:\/\/d2q6z78khxmx42.cloudfront.net\/2024\/04\/2024-04-12-ESPACECULTURELAURL-DUBOIS.pdf","link":"https:\/\/int.design\/fr\/projets\/estuaire-culturel-espace-culturel-aurele-dubois\/2024-04-12-espace-culturel-aurel-dubois\/","alt":"","author":"701","description":"","caption":"","name":"2024-04-12-espace-culturel-aurel-dubois","status":"inherit","uploaded_to":122578,"date":"2024-04-12 15:36:12","modified":"2024-04-12 15:37:20","menu_order":0,"mime_type":"application\/pdf","type":"application","subtype":"pdf","icon":"https:\/\/int.design\/wp-includes\/images\/media\/document.png"}}],"optional_documents":false,"web_text":{"fr":"<p>PR\u00c9SENTATION DU CONCEPT<\/p>\n<p>C\u2019est sur un site semi-urbain de la r\u00e9gion de Mont\u00e9r\u00e9gie, au Qu\u00e9bec, que se situe l\u2019agrandissement du centre culturel Aur\u00e8le-Dubois. Situ\u00e9 dans la ville de Beloeil, le projet comprend deux b\u00e2timents existants situ\u00e9s sur une propri\u00e9t\u00e9 faisant face \u00e0 la rivi\u00e8re et adoss\u00e9e \u00e0 un vaste paysage qui a fait l\u2019objet d\u2019une restauration de l\u2019\u00e9cosyst\u00e8me au sein de la communaut\u00e9. La construction existante est compos\u00e9e de deux structures : le centre culturel d\u2019origine, construit en 1960, et la biblioth\u00e8que de 1985. Nous envisageons un projet qui r\u00e9invente la relation entre les utilisateurs et la nature, en brouillant les fronti\u00e8res entre l\u2019architecture et l\u2019environnement naturel. Notre approche d\u00e9coule de la n\u00e9cessit\u00e9 d\u2019unifier les b\u00e2timents existants et de mettre en valeur le caract\u00e8re naturel du site<\/p>\n","en":"<p>DESIGN PRESENTATION<\/p>\n<p>A semi urban site in the Mont\u00e9r\u00e9gie region of Quebec is the location of the Aur\u00e8le-Dubois cultural center expansion. Situated in the city of Beloeil the project is comprised of two existing buildings sited on a river facing property backing onto a large landscape that has been the focus of ecosystem restoration within the community. The existing construction is comprised of two structures; the original cultural center, constructed in 1960 and library dating back to 1985. We envision a project that reinvents the relationship between users and nature, blurring the boundaries between architecture and the natural environment . Our approach stems from the need to unify the existing buildings and enhance the natural character of the site.<\/p>\n","original":"<p>See attached document for promotional text<\/p>\n"},"jury_text":[{"category":3653,"fr":"","en":"","original":"<p>See attached document for promotional text<\/p>\n"},{"category":3611,"fr":"","en":"","original":"<p>See attached document for promotional text<\/p>\n"},{"category":3613,"fr":"","en":"","original":"<p>See attached document for promotional text<\/p>\n"}],"different_jury_text":false,"different_category_text":false},"laureats":[],"contest_id":"119062","contest_title":"GRANDS PRIX DU DESIGN \u2013 17th edition","firms":[{"field_5efdebd654724":"\u00c9pigraphe architectes","field_5efdebd654725":"www.epigraphe.archi","field_5efdebf254726":"","field_6139fca4c23db":2761},{"field_5efdebd654724":"Smith Vigeant architectes","field_5efdebd654725":"https:\/\/www.smithvigeant.com\/","field_5efdebf254726":"","field_6139fca4c23db":2761},{"field_5efdebd654724":"GBi","field_5efdebd654725":"https:\/\/www.gbi.ca\/","field_5efdebf254726":"","field_6139fca4c23db":2770}],"user":{"email":"admin@epigraphe.archi","first_name":"Nathan","last_name":"Bonneville"},"doc_texts_web":{"fr":"<p>PR\u00c9SENTATION DU CONCEPT<\/p>\n<p>C\u2019est sur un site semi-urbain de la r\u00e9gion de Mont\u00e9r\u00e9gie, au Qu\u00e9bec, que se situe l\u2019agrandissement du centre culturel Aur\u00e8le-Dubois. Situ\u00e9 dans la ville de Beloeil, le projet comprend deux b\u00e2timents existants situ\u00e9s sur une propri\u00e9t\u00e9 faisant face \u00e0 la rivi\u00e8re et adoss\u00e9e \u00e0 un vaste paysage qui a fait l\u2019objet d\u2019une restauration de l\u2019\u00e9cosyst\u00e8me au sein de la communaut\u00e9. La construction existante est compos\u00e9e de deux structures : le centre culturel d\u2019origine, construit en 1960, et la biblioth\u00e8que de 1985. Nous envisageons un projet qui r\u00e9invente la relation entre les utilisateurs et la nature, en brouillant les fronti\u00e8res entre l\u2019architecture et l\u2019environnement naturel. Notre approche d\u00e9coule de la n\u00e9cessit\u00e9 d\u2019unifier les b\u00e2timents existants et de mettre en valeur le caract\u00e8re naturel du site<\/p>\n","en":"<p>See attached document for promotional text<\/p>\n"},"permalinks":{"fr":"https:\/\/int.design\/fr\/projets\/estuaire-culturel-espace-culturel-aurele-dubois\/","en":"https:\/\/int.design\/en\/projects\/estuaire-culturel-espace-culturel-aurele-dubois\/"},"titles":{"fr":"Estuaire culturel \u2013 Espace culturel Aur\u00e8le-Dubois","en":"Estuaire culturel \u2013 Espace culturel Aur\u00e8le-Dubois"},"wp_fields":[],"laravel_id":""},"_links":{"self":[{"href":"https:\/\/int.design\/en\/wp-json\/wp\/v2\/project\/122579","targetHints":{"allow":["GET"]}}],"collection":[{"href":"https:\/\/int.design\/en\/wp-json\/wp\/v2\/project"}],"about":[{"href":"https:\/\/int.design\/en\/wp-json\/wp\/v2\/types\/project"}],"wp:attachment":[{"href":"https:\/\/int.design\/en\/wp-json\/wp\/v2\/media?parent=122579"}],"curies":[{"name":"wp","href":"https:\/\/api.w.org\/{rel}","templated":true}]}}