{"id":122362,"date":"2024-08-20T17:13:51","date_gmt":"2024-08-20T21:13:51","guid":{"rendered":"https:\/\/int.design\/?post_type=project&#038;p=122362"},"modified":"2024-08-20T17:13:51","modified_gmt":"2024-08-20T21:13:51","slug":"residence-de-la-promenade-2","status":"publish","type":"project","link":"https:\/\/int.design\/en\/projects\/residence-de-la-promenade-2\/","title":{"rendered":"R\u00e9sidence de la Promenade"},"content":{"rendered":"","protected":false},"template":"","class_list":["post-122362","project","type-project","status-publish","hentry"],"acf":[],"yoast_head":"<!-- This site is optimized with the Yoast SEO plugin v21.5 - https:\/\/yoast.com\/wordpress\/plugins\/seo\/ -->\n<title>R\u00e9sidence de la Promenade - INT Design<\/title>\n<meta name=\"robots\" content=\"index, follow, max-snippet:-1, max-image-preview:large, max-video-preview:-1\" \/>\n<link rel=\"canonical\" href=\"https:\/\/int.design\/fr\/projects\/residence-de-la-promenade-2\/\" \/>\n<meta property=\"og:locale\" content=\"en_US\" \/>\n<meta property=\"og:type\" content=\"article\" \/>\n<meta property=\"og:title\" content=\"R\u00e9sidence de la Promenade - INT Design\" \/>\n<meta property=\"og:url\" content=\"https:\/\/int.design\/fr\/projects\/residence-de-la-promenade-2\/\" \/>\n<meta property=\"og:site_name\" content=\"INT Design\" \/>\n<meta name=\"twitter:card\" content=\"summary_large_image\" \/>\n<script type=\"application\/ld+json\" class=\"yoast-schema-graph\">{\"@context\":\"https:\/\/schema.org\",\"@graph\":[{\"@type\":\"WebPage\",\"@id\":\"https:\/\/int.design\/fr\/projects\/residence-de-la-promenade-2\/\",\"url\":\"https:\/\/int.design\/fr\/projects\/residence-de-la-promenade-2\/\",\"name\":\"R\u00e9sidence de la Promenade - INT Design\",\"isPartOf\":{\"@id\":\"https:\/\/int.design\/fr\/#website\"},\"datePublished\":\"2024-08-20T21:13:51+00:00\",\"dateModified\":\"2024-08-20T21:13:51+00:00\",\"breadcrumb\":{\"@id\":\"https:\/\/int.design\/fr\/projects\/residence-de-la-promenade-2\/#breadcrumb\"},\"inLanguage\":\"en-US\",\"potentialAction\":[{\"@type\":\"ReadAction\",\"target\":[\"https:\/\/int.design\/fr\/projects\/residence-de-la-promenade-2\/\"]}]},{\"@type\":\"BreadcrumbList\",\"@id\":\"https:\/\/int.design\/fr\/projects\/residence-de-la-promenade-2\/#breadcrumb\",\"itemListElement\":[{\"@type\":\"ListItem\",\"position\":1,\"name\":\"Home\",\"item\":\"https:\/\/int.design\/en\/\"},{\"@type\":\"ListItem\",\"position\":2,\"name\":\"Projects\",\"item\":\"https:\/\/int.design\/en\/projects\/\"},{\"@type\":\"ListItem\",\"position\":3,\"name\":\"R\u00e9sidence de la Promenade\"}]},{\"@type\":\"WebSite\",\"@id\":\"https:\/\/int.design\/fr\/#website\",\"url\":\"https:\/\/int.design\/fr\/\",\"name\":\"INT Design\",\"description\":\"\",\"potentialAction\":[{\"@type\":\"SearchAction\",\"target\":{\"@type\":\"EntryPoint\",\"urlTemplate\":\"https:\/\/int.design\/fr\/?s={search_term_string}\"},\"query-input\":\"required name=search_term_string\"}],\"inLanguage\":\"en-US\"}]}<\/script>\n<!-- \/ Yoast SEO plugin. -->","yoast_head_json":{"title":"R\u00e9sidence de la Promenade - INT Design","robots":{"index":"index","follow":"follow","max-snippet":"max-snippet:-1","max-image-preview":"max-image-preview:large","max-video-preview":"max-video-preview:-1"},"canonical":"https:\/\/int.design\/fr\/projects\/residence-de-la-promenade-2\/","og_locale":"en_US","og_type":"article","og_title":"R\u00e9sidence de la Promenade - INT Design","og_url":"https:\/\/int.design\/fr\/projects\/residence-de-la-promenade-2\/","og_site_name":"INT Design","twitter_card":"summary_large_image","schema":{"@context":"https:\/\/schema.org","@graph":[{"@type":"WebPage","@id":"https:\/\/int.design\/fr\/projects\/residence-de-la-promenade-2\/","url":"https:\/\/int.design\/fr\/projects\/residence-de-la-promenade-2\/","name":"R\u00e9sidence de la Promenade - INT Design","isPartOf":{"@id":"https:\/\/int.design\/fr\/#website"},"datePublished":"2024-08-20T21:13:51+00:00","dateModified":"2024-08-20T21:13:51+00:00","breadcrumb":{"@id":"https:\/\/int.design\/fr\/projects\/residence-de-la-promenade-2\/#breadcrumb"},"inLanguage":"en-US","potentialAction":[{"@type":"ReadAction","target":["https:\/\/int.design\/fr\/projects\/residence-de-la-promenade-2\/"]}]},{"@type":"BreadcrumbList","@id":"https:\/\/int.design\/fr\/projects\/residence-de-la-promenade-2\/#breadcrumb","itemListElement":[{"@type":"ListItem","position":1,"name":"Home","item":"https:\/\/int.design\/en\/"},{"@type":"ListItem","position":2,"name":"Projects","item":"https:\/\/int.design\/en\/projects\/"},{"@type":"ListItem","position":3,"name":"R\u00e9sidence de la Promenade"}]},{"@type":"WebSite","@id":"https:\/\/int.design\/fr\/#website","url":"https:\/\/int.design\/fr\/","name":"INT Design","description":"","potentialAction":[{"@type":"SearchAction","target":{"@type":"EntryPoint","urlTemplate":"https:\/\/int.design\/fr\/?s={search_term_string}"},"query-input":"required name=search_term_string"}],"inLanguage":"en-US"}]}},"entry":{"cats":{"disciplines":[],"big_cats":[],"sub_cats":[]},"entry":{"":null,"status":"paid","winner_title":"LemayMichaud","winner_prize_lang":"fr","title_translatable":false,"title_en":"","title_fr":"","releve_award":false,"releve_award_cv":false,"collaboration":false,"collaboration_firms":false,"other_firms":[{"name":"LemayMichaud","website":"https:\/\/www.lemaymichaud.com\/","category":"","category_tax":2744},{"name":"LemayMichaud","website":"https:\/\/www.lemaymichaud.com\/","category":"","category_tax":2747},{"name":"\u00c9rige Construction","website":"https:\/\/erigeconstruction.com\/","category":"","category_tax":2751},{"name":"","website":"","category":"","category_tax":false},{"name":"","website":"","category":"","category_tax":false},{"name":"","website":"","category":"","category_tax":false},{"name":"","website":"","category":"","category_tax":false}],"owner":{"name":"Fran\u00e7ois Th\u00e9riault","confidential":true,"website":"","contact_name":"","email":"","phone":""},"address":{"address":"","city":"Qu\u00e9bec","region":"Capitale-Nationale","province":"QC","country":"CA","postal_code":""},"logos":[{"image":false,"file":false}],"use_logo":false,"designers":[{"name":"Alexi Lemay","credit":"n\/d","image":{"ID":128650,"id":128650,"title":"Alexi-Lemay_fond-blanc_profilOAA","filename":"Alexi-Lemayfond-blancprofilOAA-scaled.jpg","filesize":341067,"url":"https:\/\/d2q6z78khxmx42.cloudfront.net\/2024\/03\/Alexi-Lemayfond-blancprofilOAA-scaled.jpg","link":"https:\/\/int.design\/fr\/projets\/residence-de-la-promenade-2\/alexi-lemay_fond-blanc_profiloaa\/","alt":"","author":"383","description":"","caption":"","name":"alexi-lemay_fond-blanc_profiloaa","status":"inherit","uploaded_to":122361,"date":"2024-03-15 14:28:45","modified":"2024-03-15 14:29:38","menu_order":0,"mime_type":"image\/jpeg","type":"image","subtype":"jpeg","icon":"https:\/\/int.design\/wp-includes\/images\/media\/default.png","width":2560,"height":1423,"sizes":{"thumbnail":"https:\/\/d2q6z78khxmx42.cloudfront.net\/2024\/03\/Alexi-Lemayfond-blancprofilOAA-150x150.jpg","thumbnail-width":150,"thumbnail-height":150,"medium":"https:\/\/d2q6z78khxmx42.cloudfront.net\/2024\/03\/Alexi-Lemayfond-blancprofilOAA-300x167.jpg","medium-width":300,"medium-height":167,"medium_large":"https:\/\/d2q6z78khxmx42.cloudfront.net\/2024\/03\/Alexi-Lemayfond-blancprofilOAA-768x427.jpg","medium_large-width":768,"medium_large-height":427,"large":"https:\/\/d2q6z78khxmx42.cloudfront.net\/2024\/03\/Alexi-Lemayfond-blancprofilOAA-1024x569.jpg","large-width":1024,"large-height":569,"1536x1536":"https:\/\/d2q6z78khxmx42.cloudfront.net\/2024\/03\/Alexi-Lemayfond-blancprofilOAA-1536x854.jpg","1536x1536-width":1536,"1536x1536-height":854,"2048x2048":"https:\/\/d2q6z78khxmx42.cloudfront.net\/2024\/03\/Alexi-Lemayfond-blancprofilOAA-2048x1138.jpg","2048x2048-width":2048,"2048x2048-height":1138,"article":"https:\/\/d2q6z78khxmx42.cloudfront.net\/2024\/03\/Alexi-Lemayfond-blancprofilOAA-960x540.jpg","article-width":960,"article-height":540,"banner":"https:\/\/d2q6z78khxmx42.cloudfront.net\/2024\/03\/Alexi-Lemayfond-blancprofilOAA-1920x1067.jpg","banner-width":1920,"banner-height":1067,"block":"https:\/\/d2q6z78khxmx42.cloudfront.net\/2024\/03\/Alexi-Lemayfond-blancprofilOAA-900x680.jpg","block-width":900,"block-height":680,"card":"https:\/\/d2q6z78khxmx42.cloudfront.net\/2024\/03\/Alexi-Lemayfond-blancprofilOAA-560x495.jpg","card-width":560,"card-height":495,"card-thumbnail":"https:\/\/d2q6z78khxmx42.cloudfront.net\/2024\/03\/Alexi-Lemayfond-blancprofilOAA-450x340.jpg","card-thumbnail-width":450,"card-thumbnail-height":340,"conference":"https:\/\/d2q6z78khxmx42.cloudfront.net\/2024\/03\/Alexi-Lemayfond-blancprofilOAA-560x250.jpg","conference-width":560,"conference-height":250,"contest":"https:\/\/d2q6z78khxmx42.cloudfront.net\/2024\/03\/Alexi-Lemayfond-blancprofilOAA-960x400.jpg","contest-width":960,"contest-height":400,"cta":"https:\/\/d2q6z78khxmx42.cloudfront.net\/2024\/03\/Alexi-Lemayfond-blancprofilOAA-415x170.jpg","cta-width":415,"cta-height":170,"exhibitor":"https:\/\/d2q6z78khxmx42.cloudfront.net\/2024\/03\/Alexi-Lemayfond-blancprofilOAA-560x560.jpg","exhibitor-width":560,"exhibitor-height":560,"gallery":"https:\/\/d2q6z78khxmx42.cloudfront.net\/2024\/03\/Alexi-Lemayfond-blancprofilOAA-560x311.jpg","gallery-width":560,"gallery-height":311,"logo":"https:\/\/d2q6z78khxmx42.cloudfront.net\/2024\/03\/Alexi-Lemayfond-blancprofilOAA-180x100.jpg","logo-width":180,"logo-height":100,"masonry":"https:\/\/d2q6z78khxmx42.cloudfront.net\/2024\/03\/Alexi-Lemayfond-blancprofilOAA-550x306.jpg","masonry-width":550,"masonry-height":306,"modal":"https:\/\/d2q6z78khxmx42.cloudfront.net\/2024\/03\/phuxbwBx-Alexi-Lemayfond-blancprofilOAA-1920x1067.jpg","modal-width":1920,"modal-height":1067,"number":"https:\/\/d2q6z78khxmx42.cloudfront.net\/2024\/03\/phuxbwBx-Alexi-Lemayfond-blancprofilOAA-560x311.jpg","number-width":560,"number-height":311,"partner":"https:\/\/d2q6z78khxmx42.cloudfront.net\/2024\/03\/Alexi-Lemayfond-blancprofilOAA-275x153.jpg","partner-width":275,"partner-height":153,"ranking":"https:\/\/d2q6z78khxmx42.cloudfront.net\/2024\/03\/phuxbwBx-Alexi-Lemayfond-blancprofilOAA-960x540.jpg","ranking-width":960,"ranking-height":540,"schedule":"https:\/\/d2q6z78khxmx42.cloudfront.net\/2024\/03\/Alexi-Lemayfond-blancprofilOAA-960x360.jpg","schedule-width":960,"schedule-height":360,"slideshow":"https:\/\/d2q6z78khxmx42.cloudfront.net\/2024\/03\/Alexi-Lemayfond-blancprofilOAA-1223x680.jpg","slideshow-width":1223,"slideshow-height":680}},"file":false},{"name":"Marie-Christine Baillargeon","credit":"n\/d","image":{"ID":128651,"id":128651,"title":"Marie-Christine-Baillargeon_Blanc_HRZ","filename":"Marie-Christine-BaillargeonBlancHRZ-scaled.jpg","filesize":308027,"url":"https:\/\/d2q6z78khxmx42.cloudfront.net\/2024\/03\/Marie-Christine-BaillargeonBlancHRZ-scaled.jpg","link":"https:\/\/int.design\/fr\/projets\/residence-de-la-promenade-2\/marie-christine-baillargeon_blanc_hrz-2\/","alt":"","author":"383","description":"","caption":"","name":"marie-christine-baillargeon_blanc_hrz-2","status":"inherit","uploaded_to":122361,"date":"2024-03-15 14:29:08","modified":"2024-03-15 14:29:38","menu_order":0,"mime_type":"image\/jpeg","type":"image","subtype":"jpeg","icon":"https:\/\/int.design\/wp-includes\/images\/media\/default.png","width":2560,"height":1646,"sizes":{"thumbnail":"https:\/\/d2q6z78khxmx42.cloudfront.net\/2024\/03\/Marie-Christine-BaillargeonBlancHRZ-150x150.jpg","thumbnail-width":150,"thumbnail-height":150,"medium":"https:\/\/d2q6z78khxmx42.cloudfront.net\/2024\/03\/Marie-Christine-BaillargeonBlancHRZ-300x193.jpg","medium-width":300,"medium-height":193,"medium_large":"https:\/\/d2q6z78khxmx42.cloudfront.net\/2024\/03\/Marie-Christine-BaillargeonBlancHRZ-768x494.jpg","medium_large-width":768,"medium_large-height":494,"large":"https:\/\/d2q6z78khxmx42.cloudfront.net\/2024\/03\/Marie-Christine-BaillargeonBlancHRZ-1024x658.jpg","large-width":1024,"large-height":658,"1536x1536":"https:\/\/d2q6z78khxmx42.cloudfront.net\/2024\/03\/Marie-Christine-BaillargeonBlancHRZ-1536x988.jpg","1536x1536-width":1536,"1536x1536-height":988,"2048x2048":"https:\/\/d2q6z78khxmx42.cloudfront.net\/2024\/03\/Marie-Christine-BaillargeonBlancHRZ-2048x1317.jpg","2048x2048-width":2048,"2048x2048-height":1317,"article":"https:\/\/d2q6z78khxmx42.cloudfront.net\/2024\/03\/Marie-Christine-BaillargeonBlancHRZ-960x540.jpg","article-width":960,"article-height":540,"banner":"https:\/\/d2q6z78khxmx42.cloudfront.net\/2024\/03\/Marie-Christine-BaillargeonBlancHRZ-1920x1234.jpg","banner-width":1920,"banner-height":1234,"block":"https:\/\/d2q6z78khxmx42.cloudfront.net\/2024\/03\/Marie-Christine-BaillargeonBlancHRZ-900x680.jpg","block-width":900,"block-height":680,"card":"https:\/\/d2q6z78khxmx42.cloudfront.net\/2024\/03\/Marie-Christine-BaillargeonBlancHRZ-560x495.jpg","card-width":560,"card-height":495,"card-thumbnail":"https:\/\/d2q6z78khxmx42.cloudfront.net\/2024\/03\/Marie-Christine-BaillargeonBlancHRZ-450x340.jpg","card-thumbnail-width":450,"card-thumbnail-height":340,"conference":"https:\/\/d2q6z78khxmx42.cloudfront.net\/2024\/03\/Marie-Christine-BaillargeonBlancHRZ-560x250.jpg","conference-width":560,"conference-height":250,"contest":"https:\/\/d2q6z78khxmx42.cloudfront.net\/2024\/03\/Marie-Christine-BaillargeonBlancHRZ-960x400.jpg","contest-width":960,"contest-height":400,"cta":"https:\/\/d2q6z78khxmx42.cloudfront.net\/2024\/03\/Marie-Christine-BaillargeonBlancHRZ-415x170.jpg","cta-width":415,"cta-height":170,"exhibitor":"https:\/\/d2q6z78khxmx42.cloudfront.net\/2024\/03\/Marie-Christine-BaillargeonBlancHRZ-560x560.jpg","exhibitor-width":560,"exhibitor-height":560,"gallery":"https:\/\/d2q6z78khxmx42.cloudfront.net\/2024\/03\/Marie-Christine-BaillargeonBlancHRZ-560x360.jpg","gallery-width":560,"gallery-height":360,"logo":"https:\/\/d2q6z78khxmx42.cloudfront.net\/2024\/03\/Marie-Christine-BaillargeonBlancHRZ-156x100.jpg","logo-width":156,"logo-height":100,"masonry":"https:\/\/d2q6z78khxmx42.cloudfront.net\/2024\/03\/Marie-Christine-BaillargeonBlancHRZ-550x354.jpg","masonry-width":550,"masonry-height":354,"modal":"https:\/\/d2q6z78khxmx42.cloudfront.net\/2024\/03\/X9bqALIN-Marie-Christine-BaillargeonBlancHRZ-1920x1234.jpg","modal-width":1920,"modal-height":1234,"number":"https:\/\/d2q6z78khxmx42.cloudfront.net\/2024\/03\/X9bqALIN-Marie-Christine-BaillargeonBlancHRZ-560x360.jpg","number-width":560,"number-height":360,"partner":"https:\/\/d2q6z78khxmx42.cloudfront.net\/2024\/03\/Marie-Christine-BaillargeonBlancHRZ-275x177.jpg","partner-width":275,"partner-height":177,"ranking":"https:\/\/d2q6z78khxmx42.cloudfront.net\/2024\/03\/X9bqALIN-Marie-Christine-BaillargeonBlancHRZ-960x540.jpg","ranking-width":960,"ranking-height":540,"schedule":"https:\/\/d2q6z78khxmx42.cloudfront.net\/2024\/03\/Marie-Christine-BaillargeonBlancHRZ-960x360.jpg","schedule-width":960,"schedule-height":360,"slideshow":"https:\/\/d2q6z78khxmx42.cloudfront.net\/2024\/03\/Marie-Christine-BaillargeonBlancHRZ-1058x680.jpg","slideshow-width":1058,"slideshow-height":680}},"file":false}],"cover":[{"categories":[3642],"credit":"Jessy Bernier","image":{"ID":130388,"id":130388,"title":"01_Architecture_Maison.de.la.Promenade_LemayMichaud_\u00a9JessyBernier","filename":"7_01ArchitectureMaison.de.la.PromenadeLemayMichaudJessyBernier-scaled.jpg","filesize":1249165,"url":"https:\/\/d2q6z78khxmx42.cloudfront.net\/2024\/03\/7_01ArchitectureMaison.de.la.PromenadeLemayMichaudJessyBernier-scaled.jpg","link":"https:\/\/int.design\/fr\/projets\/residence-de-la-promenade-2\/01_architecture_maison-de-la-promenade_lemaymichaud_jessybernier-3\/","alt":"","author":"383","description":"R\u00e9sidence de la Promenade LemayMichaud       ","caption":"","name":"01_architecture_maison-de-la-promenade_lemaymichaud_jessybernier-3","status":"inherit","uploaded_to":122361,"date":"2024-03-25 19:49:08","modified":"2024-08-20 21:13:51","menu_order":0,"mime_type":"image\/jpeg","type":"image","subtype":"jpeg","icon":"https:\/\/int.design\/wp-includes\/images\/media\/default.png","width":2560,"height":1475,"sizes":{"thumbnail":"https:\/\/d2q6z78khxmx42.cloudfront.net\/2024\/03\/7_01ArchitectureMaison.de.la.PromenadeLemayMichaudJessyBernier-150x150.jpg","thumbnail-width":150,"thumbnail-height":150,"medium":"https:\/\/d2q6z78khxmx42.cloudfront.net\/2024\/03\/7_01ArchitectureMaison.de.la.PromenadeLemayMichaudJessyBernier-300x173.jpg","medium-width":300,"medium-height":173,"medium_large":"https:\/\/d2q6z78khxmx42.cloudfront.net\/2024\/03\/7_01ArchitectureMaison.de.la.PromenadeLemayMichaudJessyBernier-768x442.jpg","medium_large-width":768,"medium_large-height":442,"large":"https:\/\/d2q6z78khxmx42.cloudfront.net\/2024\/03\/7_01ArchitectureMaison.de.la.PromenadeLemayMichaudJessyBernier-1024x590.jpg","large-width":1024,"large-height":590,"1536x1536":"https:\/\/d2q6z78khxmx42.cloudfront.net\/2024\/03\/7_01ArchitectureMaison.de.la.PromenadeLemayMichaudJessyBernier-1536x885.jpg","1536x1536-width":1536,"1536x1536-height":885,"2048x2048":"https:\/\/d2q6z78khxmx42.cloudfront.net\/2024\/03\/7_01ArchitectureMaison.de.la.PromenadeLemayMichaudJessyBernier-2048x1180.jpg","2048x2048-width":2048,"2048x2048-height":1180,"article":"https:\/\/d2q6z78khxmx42.cloudfront.net\/2024\/03\/7_01ArchitectureMaison.de.la.PromenadeLemayMichaudJessyBernier-960x540.jpg","article-width":960,"article-height":540,"banner":"https:\/\/d2q6z78khxmx42.cloudfront.net\/2024\/03\/7_01ArchitectureMaison.de.la.PromenadeLemayMichaudJessyBernier-1920x1106.jpg","banner-width":1920,"banner-height":1106,"block":"https:\/\/d2q6z78khxmx42.cloudfront.net\/2024\/03\/7_01ArchitectureMaison.de.la.PromenadeLemayMichaudJessyBernier-900x680.jpg","block-width":900,"block-height":680,"card":"https:\/\/d2q6z78khxmx42.cloudfront.net\/2024\/03\/7_01ArchitectureMaison.de.la.PromenadeLemayMichaudJessyBernier-560x495.jpg","card-width":560,"card-height":495,"card-thumbnail":"https:\/\/d2q6z78khxmx42.cloudfront.net\/2024\/03\/7_01ArchitectureMaison.de.la.PromenadeLemayMichaudJessyBernier-450x340.jpg","card-thumbnail-width":450,"card-thumbnail-height":340,"conference":"https:\/\/d2q6z78khxmx42.cloudfront.net\/2024\/03\/7_01ArchitectureMaison.de.la.PromenadeLemayMichaudJessyBernier-560x250.jpg","conference-width":560,"conference-height":250,"contest":"https:\/\/d2q6z78khxmx42.cloudfront.net\/2024\/03\/7_01ArchitectureMaison.de.la.PromenadeLemayMichaudJessyBernier-960x400.jpg","contest-width":960,"contest-height":400,"cta":"https:\/\/d2q6z78khxmx42.cloudfront.net\/2024\/03\/7_01ArchitectureMaison.de.la.PromenadeLemayMichaudJessyBernier-415x170.jpg","cta-width":415,"cta-height":170,"exhibitor":"https:\/\/d2q6z78khxmx42.cloudfront.net\/2024\/03\/7_01ArchitectureMaison.de.la.PromenadeLemayMichaudJessyBernier-560x560.jpg","exhibitor-width":560,"exhibitor-height":560,"gallery":"https:\/\/d2q6z78khxmx42.cloudfront.net\/2024\/03\/7_01ArchitectureMaison.de.la.PromenadeLemayMichaudJessyBernier-560x323.jpg","gallery-width":560,"gallery-height":323,"logo":"https:\/\/d2q6z78khxmx42.cloudfront.net\/2024\/03\/7_01ArchitectureMaison.de.la.PromenadeLemayMichaudJessyBernier-174x100.jpg","logo-width":174,"logo-height":100,"masonry":"https:\/\/d2q6z78khxmx42.cloudfront.net\/2024\/03\/7_01ArchitectureMaison.de.la.PromenadeLemayMichaudJessyBernier-550x317.jpg","masonry-width":550,"masonry-height":317,"modal":"https:\/\/d2q6z78khxmx42.cloudfront.net\/2024\/03\/GAwT7Qis-7_01ArchitectureMaison.de.la.PromenadeLemayMichaudJessyBernier-1920x1106.jpg","modal-width":1920,"modal-height":1106,"number":"https:\/\/d2q6z78khxmx42.cloudfront.net\/2024\/03\/GAwT7Qis-7_01ArchitectureMaison.de.la.PromenadeLemayMichaudJessyBernier-560x323.jpg","number-width":560,"number-height":323,"partner":"https:\/\/d2q6z78khxmx42.cloudfront.net\/2024\/03\/7_01ArchitectureMaison.de.la.PromenadeLemayMichaudJessyBernier-275x158.jpg","partner-width":275,"partner-height":158,"ranking":"https:\/\/d2q6z78khxmx42.cloudfront.net\/2024\/03\/GAwT7Qis-7_01ArchitectureMaison.de.la.PromenadeLemayMichaudJessyBernier-960x540.jpg","ranking-width":960,"ranking-height":540,"schedule":"https:\/\/d2q6z78khxmx42.cloudfront.net\/2024\/03\/7_01ArchitectureMaison.de.la.PromenadeLemayMichaudJessyBernier-960x360.jpg","schedule-width":960,"schedule-height":360,"slideshow":"https:\/\/d2q6z78khxmx42.cloudfront.net\/2024\/03\/7_01ArchitectureMaison.de.la.PromenadeLemayMichaudJessyBernier-1180x680.jpg","slideshow-width":1180,"slideshow-height":680}},"filters":false,"suppliers":false,"attachment_category":{"997":"Architecture","986":"Habitation","2676":"Habitation (tous)","1005":"R\u00e9sidence"}}],"images":[{"categories":[3642],"credit":"Jessy Bernier","image":{"ID":128178,"id":128178,"title":"01_Architecture_Maison.de.la.Promenade_LemayMichaud_\u00a9JessyBernier","filename":"6_01ArchitectureMaison.de.la.PromenadeLemayMichaudJessyBernier-scaled.jpg","filesize":1249165,"url":"https:\/\/d2q6z78khxmx42.cloudfront.net\/2024\/03\/6_01ArchitectureMaison.de.la.PromenadeLemayMichaudJessyBernier-scaled.jpg","link":"https:\/\/int.design\/fr\/projets\/residence-de-la-promenade-2\/01_architecture_maison-de-la-promenade_lemaymichaud_jessybernier-2\/","alt":"","author":"383","description":"R\u00e9sidence de la Promenade LemayMichaud       ","caption":"","name":"01_architecture_maison-de-la-promenade_lemaymichaud_jessybernier-2","status":"inherit","uploaded_to":122361,"date":"2024-03-13 13:05:07","modified":"2024-08-20 21:13:51","menu_order":0,"mime_type":"image\/jpeg","type":"image","subtype":"jpeg","icon":"https:\/\/int.design\/wp-includes\/images\/media\/default.png","width":2560,"height":1475,"sizes":{"thumbnail":"https:\/\/d2q6z78khxmx42.cloudfront.net\/2024\/03\/6_01ArchitectureMaison.de.la.PromenadeLemayMichaudJessyBernier-150x150.jpg","thumbnail-width":150,"thumbnail-height":150,"medium":"https:\/\/d2q6z78khxmx42.cloudfront.net\/2024\/03\/6_01ArchitectureMaison.de.la.PromenadeLemayMichaudJessyBernier-300x173.jpg","medium-width":300,"medium-height":173,"medium_large":"https:\/\/d2q6z78khxmx42.cloudfront.net\/2024\/03\/6_01ArchitectureMaison.de.la.PromenadeLemayMichaudJessyBernier-768x442.jpg","medium_large-width":768,"medium_large-height":442,"large":"https:\/\/d2q6z78khxmx42.cloudfront.net\/2024\/03\/6_01ArchitectureMaison.de.la.PromenadeLemayMichaudJessyBernier-1024x590.jpg","large-width":1024,"large-height":590,"1536x1536":"https:\/\/d2q6z78khxmx42.cloudfront.net\/2024\/03\/6_01ArchitectureMaison.de.la.PromenadeLemayMichaudJessyBernier-1536x885.jpg","1536x1536-width":1536,"1536x1536-height":885,"2048x2048":"https:\/\/d2q6z78khxmx42.cloudfront.net\/2024\/03\/6_01ArchitectureMaison.de.la.PromenadeLemayMichaudJessyBernier-2048x1180.jpg","2048x2048-width":2048,"2048x2048-height":1180,"article":"https:\/\/d2q6z78khxmx42.cloudfront.net\/2024\/03\/6_01ArchitectureMaison.de.la.PromenadeLemayMichaudJessyBernier-960x540.jpg","article-width":960,"article-height":540,"banner":"https:\/\/d2q6z78khxmx42.cloudfront.net\/2024\/03\/6_01ArchitectureMaison.de.la.PromenadeLemayMichaudJessyBernier-1920x1106.jpg","banner-width":1920,"banner-height":1106,"block":"https:\/\/d2q6z78khxmx42.cloudfront.net\/2024\/03\/6_01ArchitectureMaison.de.la.PromenadeLemayMichaudJessyBernier-900x680.jpg","block-width":900,"block-height":680,"card":"https:\/\/d2q6z78khxmx42.cloudfront.net\/2024\/03\/6_01ArchitectureMaison.de.la.PromenadeLemayMichaudJessyBernier-560x495.jpg","card-width":560,"card-height":495,"card-thumbnail":"https:\/\/d2q6z78khxmx42.cloudfront.net\/2024\/03\/6_01ArchitectureMaison.de.la.PromenadeLemayMichaudJessyBernier-450x340.jpg","card-thumbnail-width":450,"card-thumbnail-height":340,"conference":"https:\/\/d2q6z78khxmx42.cloudfront.net\/2024\/03\/6_01ArchitectureMaison.de.la.PromenadeLemayMichaudJessyBernier-560x250.jpg","conference-width":560,"conference-height":250,"contest":"https:\/\/d2q6z78khxmx42.cloudfront.net\/2024\/03\/6_01ArchitectureMaison.de.la.PromenadeLemayMichaudJessyBernier-960x400.jpg","contest-width":960,"contest-height":400,"cta":"https:\/\/d2q6z78khxmx42.cloudfront.net\/2024\/03\/6_01ArchitectureMaison.de.la.PromenadeLemayMichaudJessyBernier-415x170.jpg","cta-width":415,"cta-height":170,"exhibitor":"https:\/\/d2q6z78khxmx42.cloudfront.net\/2024\/03\/6_01ArchitectureMaison.de.la.PromenadeLemayMichaudJessyBernier-560x560.jpg","exhibitor-width":560,"exhibitor-height":560,"gallery":"https:\/\/d2q6z78khxmx42.cloudfront.net\/2024\/03\/6_01ArchitectureMaison.de.la.PromenadeLemayMichaudJessyBernier-560x323.jpg","gallery-width":560,"gallery-height":323,"logo":"https:\/\/d2q6z78khxmx42.cloudfront.net\/2024\/03\/6_01ArchitectureMaison.de.la.PromenadeLemayMichaudJessyBernier-174x100.jpg","logo-width":174,"logo-height":100,"masonry":"https:\/\/d2q6z78khxmx42.cloudfront.net\/2024\/03\/6_01ArchitectureMaison.de.la.PromenadeLemayMichaudJessyBernier-550x317.jpg","masonry-width":550,"masonry-height":317,"modal":"https:\/\/d2q6z78khxmx42.cloudfront.net\/2024\/03\/fDakmuXf-6_01ArchitectureMaison.de.la.PromenadeLemayMichaudJessyBernier-1920x1106.jpg","modal-width":1920,"modal-height":1106,"number":"https:\/\/d2q6z78khxmx42.cloudfront.net\/2024\/03\/fDakmuXf-6_01ArchitectureMaison.de.la.PromenadeLemayMichaudJessyBernier-560x323.jpg","number-width":560,"number-height":323,"partner":"https:\/\/d2q6z78khxmx42.cloudfront.net\/2024\/03\/6_01ArchitectureMaison.de.la.PromenadeLemayMichaudJessyBernier-275x158.jpg","partner-width":275,"partner-height":158,"ranking":"https:\/\/d2q6z78khxmx42.cloudfront.net\/2024\/03\/fDakmuXf-6_01ArchitectureMaison.de.la.PromenadeLemayMichaudJessyBernier-960x540.jpg","ranking-width":960,"ranking-height":540,"schedule":"https:\/\/d2q6z78khxmx42.cloudfront.net\/2024\/03\/6_01ArchitectureMaison.de.la.PromenadeLemayMichaudJessyBernier-960x360.jpg","schedule-width":960,"schedule-height":360,"slideshow":"https:\/\/d2q6z78khxmx42.cloudfront.net\/2024\/03\/6_01ArchitectureMaison.de.la.PromenadeLemayMichaudJessyBernier-1180x680.jpg","slideshow-width":1180,"slideshow-height":680}},"filters":[112],"suppliers":false,"attachment_category":[]},{"categories":[3642],"credit":"Jessy Bernier","image":{"ID":128179,"id":128179,"title":"02_Architecture_Maison.de.la.Promenade_LemayMichaud_\u00a9JessyBernier","filename":"02ArchitectureMaison.de.la.PromenadeLemayMichaudJessyBernier-scaled.jpg","filesize":911354,"url":"https:\/\/d2q6z78khxmx42.cloudfront.net\/2024\/03\/02ArchitectureMaison.de.la.PromenadeLemayMichaudJessyBernier-scaled.jpg","link":"https:\/\/int.design\/fr\/projets\/residence-de-la-promenade-2\/02_architecture_maison-de-la-promenade_lemaymichaud_jessybernier\/","alt":"","author":"383","description":"R\u00e9sidence de la Promenade LemayMichaud       ","caption":"","name":"02_architecture_maison-de-la-promenade_lemaymichaud_jessybernier","status":"inherit","uploaded_to":122361,"date":"2024-03-13 13:06:14","modified":"2024-08-20 21:13:51","menu_order":0,"mime_type":"image\/jpeg","type":"image","subtype":"jpeg","icon":"https:\/\/int.design\/wp-includes\/images\/media\/default.png","width":2560,"height":1954,"sizes":{"thumbnail":"https:\/\/d2q6z78khxmx42.cloudfront.net\/2024\/03\/02ArchitectureMaison.de.la.PromenadeLemayMichaudJessyBernier-150x150.jpg","thumbnail-width":150,"thumbnail-height":150,"medium":"https:\/\/d2q6z78khxmx42.cloudfront.net\/2024\/03\/02ArchitectureMaison.de.la.PromenadeLemayMichaudJessyBernier-300x229.jpg","medium-width":300,"medium-height":229,"medium_large":"https:\/\/d2q6z78khxmx42.cloudfront.net\/2024\/03\/02ArchitectureMaison.de.la.PromenadeLemayMichaudJessyBernier-768x586.jpg","medium_large-width":768,"medium_large-height":586,"large":"https:\/\/d2q6z78khxmx42.cloudfront.net\/2024\/03\/02ArchitectureMaison.de.la.PromenadeLemayMichaudJessyBernier-1024x782.jpg","large-width":1024,"large-height":782,"1536x1536":"https:\/\/d2q6z78khxmx42.cloudfront.net\/2024\/03\/02ArchitectureMaison.de.la.PromenadeLemayMichaudJessyBernier-1536x1172.jpg","1536x1536-width":1536,"1536x1536-height":1172,"2048x2048":"https:\/\/d2q6z78khxmx42.cloudfront.net\/2024\/03\/02ArchitectureMaison.de.la.PromenadeLemayMichaudJessyBernier-2048x1563.jpg","2048x2048-width":2048,"2048x2048-height":1563,"article":"https:\/\/d2q6z78khxmx42.cloudfront.net\/2024\/03\/02ArchitectureMaison.de.la.PromenadeLemayMichaudJessyBernier-960x540.jpg","article-width":960,"article-height":540,"banner":"https:\/\/d2q6z78khxmx42.cloudfront.net\/2024\/03\/02ArchitectureMaison.de.la.PromenadeLemayMichaudJessyBernier-1920x1465.jpg","banner-width":1920,"banner-height":1465,"block":"https:\/\/d2q6z78khxmx42.cloudfront.net\/2024\/03\/02ArchitectureMaison.de.la.PromenadeLemayMichaudJessyBernier-900x680.jpg","block-width":900,"block-height":680,"card":"https:\/\/d2q6z78khxmx42.cloudfront.net\/2024\/03\/02ArchitectureMaison.de.la.PromenadeLemayMichaudJessyBernier-560x495.jpg","card-width":560,"card-height":495,"card-thumbnail":"https:\/\/d2q6z78khxmx42.cloudfront.net\/2024\/03\/02ArchitectureMaison.de.la.PromenadeLemayMichaudJessyBernier-450x340.jpg","card-thumbnail-width":450,"card-thumbnail-height":340,"conference":"https:\/\/d2q6z78khxmx42.cloudfront.net\/2024\/03\/02ArchitectureMaison.de.la.PromenadeLemayMichaudJessyBernier-560x250.jpg","conference-width":560,"conference-height":250,"contest":"https:\/\/d2q6z78khxmx42.cloudfront.net\/2024\/03\/02ArchitectureMaison.de.la.PromenadeLemayMichaudJessyBernier-960x400.jpg","contest-width":960,"contest-height":400,"cta":"https:\/\/d2q6z78khxmx42.cloudfront.net\/2024\/03\/02ArchitectureMaison.de.la.PromenadeLemayMichaudJessyBernier-415x170.jpg","cta-width":415,"cta-height":170,"exhibitor":"https:\/\/d2q6z78khxmx42.cloudfront.net\/2024\/03\/02ArchitectureMaison.de.la.PromenadeLemayMichaudJessyBernier-560x560.jpg","exhibitor-width":560,"exhibitor-height":560,"gallery":"https:\/\/d2q6z78khxmx42.cloudfront.net\/2024\/03\/02ArchitectureMaison.de.la.PromenadeLemayMichaudJessyBernier-560x427.jpg","gallery-width":560,"gallery-height":427,"logo":"https:\/\/d2q6z78khxmx42.cloudfront.net\/2024\/03\/02ArchitectureMaison.de.la.PromenadeLemayMichaudJessyBernier-131x100.jpg","logo-width":131,"logo-height":100,"masonry":"https:\/\/d2q6z78khxmx42.cloudfront.net\/2024\/03\/02ArchitectureMaison.de.la.PromenadeLemayMichaudJessyBernier-550x420.jpg","masonry-width":550,"masonry-height":420,"modal":"https:\/\/d2q6z78khxmx42.cloudfront.net\/2024\/03\/1P1enHhA-02ArchitectureMaison.de.la.PromenadeLemayMichaudJessyBernier-1920x1465.jpg","modal-width":1920,"modal-height":1465,"number":"https:\/\/d2q6z78khxmx42.cloudfront.net\/2024\/03\/1P1enHhA-02ArchitectureMaison.de.la.PromenadeLemayMichaudJessyBernier-560x427.jpg","number-width":560,"number-height":427,"partner":"https:\/\/d2q6z78khxmx42.cloudfront.net\/2024\/03\/02ArchitectureMaison.de.la.PromenadeLemayMichaudJessyBernier-275x210.jpg","partner-width":275,"partner-height":210,"ranking":"https:\/\/d2q6z78khxmx42.cloudfront.net\/2024\/03\/1P1enHhA-02ArchitectureMaison.de.la.PromenadeLemayMichaudJessyBernier-960x540.jpg","ranking-width":960,"ranking-height":540,"schedule":"https:\/\/d2q6z78khxmx42.cloudfront.net\/2024\/03\/02ArchitectureMaison.de.la.PromenadeLemayMichaudJessyBernier-960x360.jpg","schedule-width":960,"schedule-height":360,"slideshow":"https:\/\/d2q6z78khxmx42.cloudfront.net\/2024\/03\/02ArchitectureMaison.de.la.PromenadeLemayMichaudJessyBernier-891x680.jpg","slideshow-width":891,"slideshow-height":680}},"filters":[112],"suppliers":false,"attachment_category":[]},{"categories":[3642],"credit":"Jessy Bernier","image":{"ID":128180,"id":128180,"title":"03_Architecture_Maison.de.la.Promenade_LemayMichaud_\u00a9JessyBernier","filename":"03ArchitectureMaison.de.la.PromenadeLemayMichaudJessyBernier-scaled.jpg","filesize":972089,"url":"https:\/\/d2q6z78khxmx42.cloudfront.net\/2024\/03\/03ArchitectureMaison.de.la.PromenadeLemayMichaudJessyBernier-scaled.jpg","link":"https:\/\/int.design\/fr\/projets\/residence-de-la-promenade-2\/03_architecture_maison-de-la-promenade_lemaymichaud_jessybernier\/","alt":"","author":"383","description":"R\u00e9sidence de la Promenade LemayMichaud       ","caption":"","name":"03_architecture_maison-de-la-promenade_lemaymichaud_jessybernier","status":"inherit","uploaded_to":122361,"date":"2024-03-13 13:06:21","modified":"2024-08-20 21:13:51","menu_order":0,"mime_type":"image\/jpeg","type":"image","subtype":"jpeg","icon":"https:\/\/int.design\/wp-includes\/images\/media\/default.png","width":1780,"height":2560,"sizes":{"thumbnail":"https:\/\/d2q6z78khxmx42.cloudfront.net\/2024\/03\/03ArchitectureMaison.de.la.PromenadeLemayMichaudJessyBernier-150x150.jpg","thumbnail-width":150,"thumbnail-height":150,"medium":"https:\/\/d2q6z78khxmx42.cloudfront.net\/2024\/03\/03ArchitectureMaison.de.la.PromenadeLemayMichaudJessyBernier-209x300.jpg","medium-width":209,"medium-height":300,"medium_large":"https:\/\/d2q6z78khxmx42.cloudfront.net\/2024\/03\/03ArchitectureMaison.de.la.PromenadeLemayMichaudJessyBernier-768x1105.jpg","medium_large-width":768,"medium_large-height":1105,"large":"https:\/\/d2q6z78khxmx42.cloudfront.net\/2024\/03\/03ArchitectureMaison.de.la.PromenadeLemayMichaudJessyBernier-712x1024.jpg","large-width":712,"large-height":1024,"1536x1536":"https:\/\/d2q6z78khxmx42.cloudfront.net\/2024\/03\/03ArchitectureMaison.de.la.PromenadeLemayMichaudJessyBernier-1068x1536.jpg","1536x1536-width":1068,"1536x1536-height":1536,"2048x2048":"https:\/\/d2q6z78khxmx42.cloudfront.net\/2024\/03\/03ArchitectureMaison.de.la.PromenadeLemayMichaudJessyBernier-1424x2048.jpg","2048x2048-width":1424,"2048x2048-height":2048,"article":"https:\/\/d2q6z78khxmx42.cloudfront.net\/2024\/03\/03ArchitectureMaison.de.la.PromenadeLemayMichaudJessyBernier-960x540.jpg","article-width":960,"article-height":540,"banner":"https:\/\/d2q6z78khxmx42.cloudfront.net\/2024\/03\/03ArchitectureMaison.de.la.PromenadeLemayMichaudJessyBernier-1920x2762.jpg","banner-width":1920,"banner-height":2762,"block":"https:\/\/d2q6z78khxmx42.cloudfront.net\/2024\/03\/03ArchitectureMaison.de.la.PromenadeLemayMichaudJessyBernier-900x680.jpg","block-width":900,"block-height":680,"card":"https:\/\/d2q6z78khxmx42.cloudfront.net\/2024\/03\/03ArchitectureMaison.de.la.PromenadeLemayMichaudJessyBernier-560x495.jpg","card-width":560,"card-height":495,"card-thumbnail":"https:\/\/d2q6z78khxmx42.cloudfront.net\/2024\/03\/03ArchitectureMaison.de.la.PromenadeLemayMichaudJessyBernier-450x340.jpg","card-thumbnail-width":450,"card-thumbnail-height":340,"conference":"https:\/\/d2q6z78khxmx42.cloudfront.net\/2024\/03\/03ArchitectureMaison.de.la.PromenadeLemayMichaudJessyBernier-560x250.jpg","conference-width":560,"conference-height":250,"contest":"https:\/\/d2q6z78khxmx42.cloudfront.net\/2024\/03\/03ArchitectureMaison.de.la.PromenadeLemayMichaudJessyBernier-960x400.jpg","contest-width":960,"contest-height":400,"cta":"https:\/\/d2q6z78khxmx42.cloudfront.net\/2024\/03\/03ArchitectureMaison.de.la.PromenadeLemayMichaudJessyBernier-415x170.jpg","cta-width":415,"cta-height":170,"exhibitor":"https:\/\/d2q6z78khxmx42.cloudfront.net\/2024\/03\/03ArchitectureMaison.de.la.PromenadeLemayMichaudJessyBernier-560x560.jpg","exhibitor-width":560,"exhibitor-height":560,"gallery":"https:\/\/d2q6z78khxmx42.cloudfront.net\/2024\/03\/03ArchitectureMaison.de.la.PromenadeLemayMichaudJessyBernier-299x430.jpg","gallery-width":299,"gallery-height":430,"logo":"https:\/\/d2q6z78khxmx42.cloudfront.net\/2024\/03\/03ArchitectureMaison.de.la.PromenadeLemayMichaudJessyBernier-70x100.jpg","logo-width":70,"logo-height":100,"masonry":"https:\/\/d2q6z78khxmx42.cloudfront.net\/2024\/03\/03ArchitectureMaison.de.la.PromenadeLemayMichaudJessyBernier-550x791.jpg","masonry-width":550,"masonry-height":791,"modal":"https:\/\/d2q6z78khxmx42.cloudfront.net\/2024\/03\/03ArchitectureMaison.de.la.PromenadeLemayMichaudJessyBernier-1335x1920.jpg","modal-width":1335,"modal-height":1920,"number":"https:\/\/d2q6z78khxmx42.cloudfront.net\/2024\/03\/5v7oz4JU-03ArchitectureMaison.de.la.PromenadeLemayMichaudJessyBernier-299x430.jpg","number-width":299,"number-height":430,"partner":"https:\/\/d2q6z78khxmx42.cloudfront.net\/2024\/03\/03ArchitectureMaison.de.la.PromenadeLemayMichaudJessyBernier-146x210.jpg","partner-width":146,"partner-height":210,"ranking":"https:\/\/d2q6z78khxmx42.cloudfront.net\/2024\/03\/5v7oz4JU-03ArchitectureMaison.de.la.PromenadeLemayMichaudJessyBernier-960x540.jpg","ranking-width":960,"ranking-height":540,"schedule":"https:\/\/d2q6z78khxmx42.cloudfront.net\/2024\/03\/03ArchitectureMaison.de.la.PromenadeLemayMichaudJessyBernier-960x360.jpg","schedule-width":960,"schedule-height":360,"slideshow":"https:\/\/d2q6z78khxmx42.cloudfront.net\/2024\/03\/03ArchitectureMaison.de.la.PromenadeLemayMichaudJessyBernier-473x680.jpg","slideshow-width":473,"slideshow-height":680}},"filters":[112],"suppliers":false,"attachment_category":[]},{"categories":[3642],"credit":"Jessy Bernier","image":{"ID":128181,"id":128181,"title":"04_Architecture_Maison.de.la.Promenade_LemayMichaud_\u00a9JessyBernier","filename":"04ArchitectureMaison.de.la.PromenadeLemayMichaudJessyBernier-scaled.jpg","filesize":958799,"url":"https:\/\/d2q6z78khxmx42.cloudfront.net\/2024\/03\/04ArchitectureMaison.de.la.PromenadeLemayMichaudJessyBernier-scaled.jpg","link":"https:\/\/int.design\/fr\/projets\/residence-de-la-promenade-2\/04_architecture_maison-de-la-promenade_lemaymichaud_jessybernier\/","alt":"","author":"383","description":"R\u00e9sidence de la Promenade LemayMichaud       ","caption":"","name":"04_architecture_maison-de-la-promenade_lemaymichaud_jessybernier","status":"inherit","uploaded_to":122361,"date":"2024-03-13 13:06:22","modified":"2024-08-20 21:13:51","menu_order":0,"mime_type":"image\/jpeg","type":"image","subtype":"jpeg","icon":"https:\/\/int.design\/wp-includes\/images\/media\/default.png","width":1920,"height":2560,"sizes":{"thumbnail":"https:\/\/d2q6z78khxmx42.cloudfront.net\/2024\/03\/04ArchitectureMaison.de.la.PromenadeLemayMichaudJessyBernier-150x150.jpg","thumbnail-width":150,"thumbnail-height":150,"medium":"https:\/\/d2q6z78khxmx42.cloudfront.net\/2024\/03\/04ArchitectureMaison.de.la.PromenadeLemayMichaudJessyBernier-225x300.jpg","medium-width":225,"medium-height":300,"medium_large":"https:\/\/d2q6z78khxmx42.cloudfront.net\/2024\/03\/RXZZ3Mrm-04ArchitectureMaison.de.la.PromenadeLemayMichaudJessyBernier-768x1024.jpg","medium_large-width":768,"medium_large-height":1024,"large":"https:\/\/d2q6z78khxmx42.cloudfront.net\/2024\/03\/04ArchitectureMaison.de.la.PromenadeLemayMichaudJessyBernier-768x1024.jpg","large-width":768,"large-height":1024,"1536x1536":"https:\/\/d2q6z78khxmx42.cloudfront.net\/2024\/03\/04ArchitectureMaison.de.la.PromenadeLemayMichaudJessyBernier-1152x1536.jpg","1536x1536-width":1152,"1536x1536-height":1536,"2048x2048":"https:\/\/d2q6z78khxmx42.cloudfront.net\/2024\/03\/04ArchitectureMaison.de.la.PromenadeLemayMichaudJessyBernier-1536x2048.jpg","2048x2048-width":1536,"2048x2048-height":2048,"article":"https:\/\/d2q6z78khxmx42.cloudfront.net\/2024\/03\/04ArchitectureMaison.de.la.PromenadeLemayMichaudJessyBernier-960x540.jpg","article-width":960,"article-height":540,"banner":"https:\/\/d2q6z78khxmx42.cloudfront.net\/2024\/03\/04ArchitectureMaison.de.la.PromenadeLemayMichaudJessyBernier-1920x2559.jpg","banner-width":1920,"banner-height":2559,"block":"https:\/\/d2q6z78khxmx42.cloudfront.net\/2024\/03\/04ArchitectureMaison.de.la.PromenadeLemayMichaudJessyBernier-900x680.jpg","block-width":900,"block-height":680,"card":"https:\/\/d2q6z78khxmx42.cloudfront.net\/2024\/03\/04ArchitectureMaison.de.la.PromenadeLemayMichaudJessyBernier-560x495.jpg","card-width":560,"card-height":495,"card-thumbnail":"https:\/\/d2q6z78khxmx42.cloudfront.net\/2024\/03\/04ArchitectureMaison.de.la.PromenadeLemayMichaudJessyBernier-450x340.jpg","card-thumbnail-width":450,"card-thumbnail-height":340,"conference":"https:\/\/d2q6z78khxmx42.cloudfront.net\/2024\/03\/04ArchitectureMaison.de.la.PromenadeLemayMichaudJessyBernier-560x250.jpg","conference-width":560,"conference-height":250,"contest":"https:\/\/d2q6z78khxmx42.cloudfront.net\/2024\/03\/04ArchitectureMaison.de.la.PromenadeLemayMichaudJessyBernier-960x400.jpg","contest-width":960,"contest-height":400,"cta":"https:\/\/d2q6z78khxmx42.cloudfront.net\/2024\/03\/04ArchitectureMaison.de.la.PromenadeLemayMichaudJessyBernier-415x170.jpg","cta-width":415,"cta-height":170,"exhibitor":"https:\/\/d2q6z78khxmx42.cloudfront.net\/2024\/03\/04ArchitectureMaison.de.la.PromenadeLemayMichaudJessyBernier-560x560.jpg","exhibitor-width":560,"exhibitor-height":560,"gallery":"https:\/\/d2q6z78khxmx42.cloudfront.net\/2024\/03\/04ArchitectureMaison.de.la.PromenadeLemayMichaudJessyBernier-323x430.jpg","gallery-width":323,"gallery-height":430,"logo":"https:\/\/d2q6z78khxmx42.cloudfront.net\/2024\/03\/04ArchitectureMaison.de.la.PromenadeLemayMichaudJessyBernier-75x100.jpg","logo-width":75,"logo-height":100,"masonry":"https:\/\/d2q6z78khxmx42.cloudfront.net\/2024\/03\/04ArchitectureMaison.de.la.PromenadeLemayMichaudJessyBernier-550x733.jpg","masonry-width":550,"masonry-height":733,"modal":"https:\/\/d2q6z78khxmx42.cloudfront.net\/2024\/03\/04ArchitectureMaison.de.la.PromenadeLemayMichaudJessyBernier-1440x1920.jpg","modal-width":1440,"modal-height":1920,"number":"https:\/\/d2q6z78khxmx42.cloudfront.net\/2024\/03\/RXZZ3Mrm-04ArchitectureMaison.de.la.PromenadeLemayMichaudJessyBernier-323x430.jpg","number-width":323,"number-height":430,"partner":"https:\/\/d2q6z78khxmx42.cloudfront.net\/2024\/03\/04ArchitectureMaison.de.la.PromenadeLemayMichaudJessyBernier-158x210.jpg","partner-width":158,"partner-height":210,"ranking":"https:\/\/d2q6z78khxmx42.cloudfront.net\/2024\/03\/RXZZ3Mrm-04ArchitectureMaison.de.la.PromenadeLemayMichaudJessyBernier-960x540.jpg","ranking-width":960,"ranking-height":540,"schedule":"https:\/\/d2q6z78khxmx42.cloudfront.net\/2024\/03\/04ArchitectureMaison.de.la.PromenadeLemayMichaudJessyBernier-960x360.jpg","schedule-width":960,"schedule-height":360,"slideshow":"https:\/\/d2q6z78khxmx42.cloudfront.net\/2024\/03\/04ArchitectureMaison.de.la.PromenadeLemayMichaudJessyBernier-510x680.jpg","slideshow-width":510,"slideshow-height":680}},"filters":[1015],"suppliers":false,"attachment_category":[]},{"categories":[3642],"credit":"Jessy Bernier","image":{"ID":128182,"id":128182,"title":"05_Architecture_Maison.de.la.Promenade_LemayMichaud_\u00a9JessyBernier","filename":"05ArchitectureMaison.de.la.PromenadeLemayMichaudJessyBernier-scaled.jpg","filesize":852225,"url":"https:\/\/d2q6z78khxmx42.cloudfront.net\/2024\/03\/05ArchitectureMaison.de.la.PromenadeLemayMichaudJessyBernier-scaled.jpg","link":"https:\/\/int.design\/fr\/projets\/residence-de-la-promenade-2\/05_architecture_maison-de-la-promenade_lemaymichaud_jessybernier\/","alt":"","author":"383","description":"R\u00e9sidence de la Promenade LemayMichaud       ","caption":"","name":"05_architecture_maison-de-la-promenade_lemaymichaud_jessybernier","status":"inherit","uploaded_to":122361,"date":"2024-03-13 13:06:28","modified":"2024-08-20 21:13:51","menu_order":0,"mime_type":"image\/jpeg","type":"image","subtype":"jpeg","icon":"https:\/\/int.design\/wp-includes\/images\/media\/default.png","width":2560,"height":1660,"sizes":{"thumbnail":"https:\/\/d2q6z78khxmx42.cloudfront.net\/2024\/03\/05ArchitectureMaison.de.la.PromenadeLemayMichaudJessyBernier-150x150.jpg","thumbnail-width":150,"thumbnail-height":150,"medium":"https:\/\/d2q6z78khxmx42.cloudfront.net\/2024\/03\/05ArchitectureMaison.de.la.PromenadeLemayMichaudJessyBernier-300x195.jpg","medium-width":300,"medium-height":195,"medium_large":"https:\/\/d2q6z78khxmx42.cloudfront.net\/2024\/03\/05ArchitectureMaison.de.la.PromenadeLemayMichaudJessyBernier-768x498.jpg","medium_large-width":768,"medium_large-height":498,"large":"https:\/\/d2q6z78khxmx42.cloudfront.net\/2024\/03\/05ArchitectureMaison.de.la.PromenadeLemayMichaudJessyBernier-1024x664.jpg","large-width":1024,"large-height":664,"1536x1536":"https:\/\/d2q6z78khxmx42.cloudfront.net\/2024\/03\/05ArchitectureMaison.de.la.PromenadeLemayMichaudJessyBernier-1536x996.jpg","1536x1536-width":1536,"1536x1536-height":996,"2048x2048":"https:\/\/d2q6z78khxmx42.cloudfront.net\/2024\/03\/05ArchitectureMaison.de.la.PromenadeLemayMichaudJessyBernier-2048x1328.jpg","2048x2048-width":2048,"2048x2048-height":1328,"article":"https:\/\/d2q6z78khxmx42.cloudfront.net\/2024\/03\/05ArchitectureMaison.de.la.PromenadeLemayMichaudJessyBernier-960x540.jpg","article-width":960,"article-height":540,"banner":"https:\/\/d2q6z78khxmx42.cloudfront.net\/2024\/03\/05ArchitectureMaison.de.la.PromenadeLemayMichaudJessyBernier-1920x1245.jpg","banner-width":1920,"banner-height":1245,"block":"https:\/\/d2q6z78khxmx42.cloudfront.net\/2024\/03\/05ArchitectureMaison.de.la.PromenadeLemayMichaudJessyBernier-900x680.jpg","block-width":900,"block-height":680,"card":"https:\/\/d2q6z78khxmx42.cloudfront.net\/2024\/03\/05ArchitectureMaison.de.la.PromenadeLemayMichaudJessyBernier-560x495.jpg","card-width":560,"card-height":495,"card-thumbnail":"https:\/\/d2q6z78khxmx42.cloudfront.net\/2024\/03\/05ArchitectureMaison.de.la.PromenadeLemayMichaudJessyBernier-450x340.jpg","card-thumbnail-width":450,"card-thumbnail-height":340,"conference":"https:\/\/d2q6z78khxmx42.cloudfront.net\/2024\/03\/05ArchitectureMaison.de.la.PromenadeLemayMichaudJessyBernier-560x250.jpg","conference-width":560,"conference-height":250,"contest":"https:\/\/d2q6z78khxmx42.cloudfront.net\/2024\/03\/05ArchitectureMaison.de.la.PromenadeLemayMichaudJessyBernier-960x400.jpg","contest-width":960,"contest-height":400,"cta":"https:\/\/d2q6z78khxmx42.cloudfront.net\/2024\/03\/05ArchitectureMaison.de.la.PromenadeLemayMichaudJessyBernier-415x170.jpg","cta-width":415,"cta-height":170,"exhibitor":"https:\/\/d2q6z78khxmx42.cloudfront.net\/2024\/03\/05ArchitectureMaison.de.la.PromenadeLemayMichaudJessyBernier-560x560.jpg","exhibitor-width":560,"exhibitor-height":560,"gallery":"https:\/\/d2q6z78khxmx42.cloudfront.net\/2024\/03\/05ArchitectureMaison.de.la.PromenadeLemayMichaudJessyBernier-560x363.jpg","gallery-width":560,"gallery-height":363,"logo":"https:\/\/d2q6z78khxmx42.cloudfront.net\/2024\/03\/05ArchitectureMaison.de.la.PromenadeLemayMichaudJessyBernier-154x100.jpg","logo-width":154,"logo-height":100,"masonry":"https:\/\/d2q6z78khxmx42.cloudfront.net\/2024\/03\/05ArchitectureMaison.de.la.PromenadeLemayMichaudJessyBernier-550x357.jpg","masonry-width":550,"masonry-height":357,"modal":"https:\/\/d2q6z78khxmx42.cloudfront.net\/2024\/03\/OmIOyAwg-05ArchitectureMaison.de.la.PromenadeLemayMichaudJessyBernier-1920x1245.jpg","modal-width":1920,"modal-height":1245,"number":"https:\/\/d2q6z78khxmx42.cloudfront.net\/2024\/03\/OmIOyAwg-05ArchitectureMaison.de.la.PromenadeLemayMichaudJessyBernier-560x363.jpg","number-width":560,"number-height":363,"partner":"https:\/\/d2q6z78khxmx42.cloudfront.net\/2024\/03\/05ArchitectureMaison.de.la.PromenadeLemayMichaudJessyBernier-275x178.jpg","partner-width":275,"partner-height":178,"ranking":"https:\/\/d2q6z78khxmx42.cloudfront.net\/2024\/03\/OmIOyAwg-05ArchitectureMaison.de.la.PromenadeLemayMichaudJessyBernier-960x540.jpg","ranking-width":960,"ranking-height":540,"schedule":"https:\/\/d2q6z78khxmx42.cloudfront.net\/2024\/03\/05ArchitectureMaison.de.la.PromenadeLemayMichaudJessyBernier-960x360.jpg","schedule-width":960,"schedule-height":360,"slideshow":"https:\/\/d2q6z78khxmx42.cloudfront.net\/2024\/03\/05ArchitectureMaison.de.la.PromenadeLemayMichaudJessyBernier-1049x680.jpg","slideshow-width":1049,"slideshow-height":680}},"filters":[1015],"suppliers":false,"attachment_category":[]},{"categories":[3642],"credit":"Jessy Bernier","image":{"ID":128183,"id":128183,"title":"06_Architecture_Maison.de.la.Promenade_LemayMichaud_\u00a9JessyBernier","filename":"06ArchitectureMaison.de.la.PromenadeLemayMichaudJessyBernier-scaled.jpg","filesize":1642020,"url":"https:\/\/d2q6z78khxmx42.cloudfront.net\/2024\/03\/06ArchitectureMaison.de.la.PromenadeLemayMichaudJessyBernier-scaled.jpg","link":"https:\/\/int.design\/fr\/projets\/residence-de-la-promenade-2\/06_architecture_maison-de-la-promenade_lemaymichaud_jessybernier\/","alt":"","author":"383","description":"R\u00e9sidence de la Promenade LemayMichaud       ","caption":"","name":"06_architecture_maison-de-la-promenade_lemaymichaud_jessybernier","status":"inherit","uploaded_to":122361,"date":"2024-03-13 13:06:33","modified":"2024-08-20 21:13:51","menu_order":0,"mime_type":"image\/jpeg","type":"image","subtype":"jpeg","icon":"https:\/\/int.design\/wp-includes\/images\/media\/default.png","width":2560,"height":2560,"sizes":{"thumbnail":"https:\/\/d2q6z78khxmx42.cloudfront.net\/2024\/03\/06ArchitectureMaison.de.la.PromenadeLemayMichaudJessyBernier-150x150.jpg","thumbnail-width":150,"thumbnail-height":150,"medium":"https:\/\/d2q6z78khxmx42.cloudfront.net\/2024\/03\/06ArchitectureMaison.de.la.PromenadeLemayMichaudJessyBernier-300x300.jpg","medium-width":300,"medium-height":300,"medium_large":"https:\/\/d2q6z78khxmx42.cloudfront.net\/2024\/03\/06ArchitectureMaison.de.la.PromenadeLemayMichaudJessyBernier-768x768.jpg","medium_large-width":768,"medium_large-height":768,"large":"https:\/\/d2q6z78khxmx42.cloudfront.net\/2024\/03\/06ArchitectureMaison.de.la.PromenadeLemayMichaudJessyBernier-1024x1024.jpg","large-width":1024,"large-height":1024,"1536x1536":"https:\/\/d2q6z78khxmx42.cloudfront.net\/2024\/03\/06ArchitectureMaison.de.la.PromenadeLemayMichaudJessyBernier-1536x1536.jpg","1536x1536-width":1536,"1536x1536-height":1536,"2048x2048":"https:\/\/d2q6z78khxmx42.cloudfront.net\/2024\/03\/06ArchitectureMaison.de.la.PromenadeLemayMichaudJessyBernier-2048x2048.jpg","2048x2048-width":2048,"2048x2048-height":2048,"article":"https:\/\/d2q6z78khxmx42.cloudfront.net\/2024\/03\/06ArchitectureMaison.de.la.PromenadeLemayMichaudJessyBernier-960x540.jpg","article-width":960,"article-height":540,"banner":"https:\/\/d2q6z78khxmx42.cloudfront.net\/2024\/03\/06ArchitectureMaison.de.la.PromenadeLemayMichaudJessyBernier-1920x1920.jpg","banner-width":1920,"banner-height":1920,"block":"https:\/\/d2q6z78khxmx42.cloudfront.net\/2024\/03\/06ArchitectureMaison.de.la.PromenadeLemayMichaudJessyBernier-900x680.jpg","block-width":900,"block-height":680,"card":"https:\/\/d2q6z78khxmx42.cloudfront.net\/2024\/03\/06ArchitectureMaison.de.la.PromenadeLemayMichaudJessyBernier-560x495.jpg","card-width":560,"card-height":495,"card-thumbnail":"https:\/\/d2q6z78khxmx42.cloudfront.net\/2024\/03\/06ArchitectureMaison.de.la.PromenadeLemayMichaudJessyBernier-450x340.jpg","card-thumbnail-width":450,"card-thumbnail-height":340,"conference":"https:\/\/d2q6z78khxmx42.cloudfront.net\/2024\/03\/06ArchitectureMaison.de.la.PromenadeLemayMichaudJessyBernier-560x250.jpg","conference-width":560,"conference-height":250,"contest":"https:\/\/d2q6z78khxmx42.cloudfront.net\/2024\/03\/06ArchitectureMaison.de.la.PromenadeLemayMichaudJessyBernier-960x400.jpg","contest-width":960,"contest-height":400,"cta":"https:\/\/d2q6z78khxmx42.cloudfront.net\/2024\/03\/06ArchitectureMaison.de.la.PromenadeLemayMichaudJessyBernier-415x170.jpg","cta-width":415,"cta-height":170,"exhibitor":"https:\/\/d2q6z78khxmx42.cloudfront.net\/2024\/03\/06ArchitectureMaison.de.la.PromenadeLemayMichaudJessyBernier-560x560.jpg","exhibitor-width":560,"exhibitor-height":560,"gallery":"https:\/\/d2q6z78khxmx42.cloudfront.net\/2024\/03\/06ArchitectureMaison.de.la.PromenadeLemayMichaudJessyBernier-430x430.jpg","gallery-width":430,"gallery-height":430,"logo":"https:\/\/d2q6z78khxmx42.cloudfront.net\/2024\/03\/06ArchitectureMaison.de.la.PromenadeLemayMichaudJessyBernier-100x100.jpg","logo-width":100,"logo-height":100,"masonry":"https:\/\/d2q6z78khxmx42.cloudfront.net\/2024\/03\/06ArchitectureMaison.de.la.PromenadeLemayMichaudJessyBernier-550x550.jpg","masonry-width":550,"masonry-height":550,"modal":"https:\/\/d2q6z78khxmx42.cloudfront.net\/2024\/03\/JvQvscvV-06ArchitectureMaison.de.la.PromenadeLemayMichaudJessyBernier-1920x1920.jpg","modal-width":1920,"modal-height":1920,"number":"https:\/\/d2q6z78khxmx42.cloudfront.net\/2024\/03\/JvQvscvV-06ArchitectureMaison.de.la.PromenadeLemayMichaudJessyBernier-430x430.jpg","number-width":430,"number-height":430,"partner":"https:\/\/d2q6z78khxmx42.cloudfront.net\/2024\/03\/06ArchitectureMaison.de.la.PromenadeLemayMichaudJessyBernier-210x210.jpg","partner-width":210,"partner-height":210,"ranking":"https:\/\/d2q6z78khxmx42.cloudfront.net\/2024\/03\/JvQvscvV-06ArchitectureMaison.de.la.PromenadeLemayMichaudJessyBernier-960x540.jpg","ranking-width":960,"ranking-height":540,"schedule":"https:\/\/d2q6z78khxmx42.cloudfront.net\/2024\/03\/06ArchitectureMaison.de.la.PromenadeLemayMichaudJessyBernier-960x360.jpg","schedule-width":960,"schedule-height":360,"slideshow":"https:\/\/d2q6z78khxmx42.cloudfront.net\/2024\/03\/06ArchitectureMaison.de.la.PromenadeLemayMichaudJessyBernier-680x680.jpg","slideshow-width":680,"slideshow-height":680}},"filters":false,"suppliers":false,"attachment_category":[]},{"categories":[3642],"credit":"Jessy Bernier","image":{"ID":128184,"id":128184,"title":"07_Architecture_Maison.de.la.Promenade_LemayMichaud_\u00a9JessyBernier","filename":"07ArchitectureMaison.de.la.PromenadeLemayMichaudJessyBernier-scaled.jpg","filesize":799008,"url":"https:\/\/d2q6z78khxmx42.cloudfront.net\/2024\/03\/07ArchitectureMaison.de.la.PromenadeLemayMichaudJessyBernier-scaled.jpg","link":"https:\/\/int.design\/fr\/projets\/residence-de-la-promenade-2\/07_architecture_maison-de-la-promenade_lemaymichaud_jessybernier\/","alt":"","author":"383","description":"R\u00e9sidence de la Promenade LemayMichaud       ","caption":"","name":"07_architecture_maison-de-la-promenade_lemaymichaud_jessybernier","status":"inherit","uploaded_to":122361,"date":"2024-03-13 13:06:39","modified":"2024-08-20 21:13:51","menu_order":0,"mime_type":"image\/jpeg","type":"image","subtype":"jpeg","icon":"https:\/\/int.design\/wp-includes\/images\/media\/default.png","width":2560,"height":1430,"sizes":{"thumbnail":"https:\/\/d2q6z78khxmx42.cloudfront.net\/2024\/03\/07ArchitectureMaison.de.la.PromenadeLemayMichaudJessyBernier-150x150.jpg","thumbnail-width":150,"thumbnail-height":150,"medium":"https:\/\/d2q6z78khxmx42.cloudfront.net\/2024\/03\/07ArchitectureMaison.de.la.PromenadeLemayMichaudJessyBernier-300x168.jpg","medium-width":300,"medium-height":168,"medium_large":"https:\/\/d2q6z78khxmx42.cloudfront.net\/2024\/03\/07ArchitectureMaison.de.la.PromenadeLemayMichaudJessyBernier-768x429.jpg","medium_large-width":768,"medium_large-height":429,"large":"https:\/\/d2q6z78khxmx42.cloudfront.net\/2024\/03\/07ArchitectureMaison.de.la.PromenadeLemayMichaudJessyBernier-1024x572.jpg","large-width":1024,"large-height":572,"1536x1536":"https:\/\/d2q6z78khxmx42.cloudfront.net\/2024\/03\/07ArchitectureMaison.de.la.PromenadeLemayMichaudJessyBernier-1536x858.jpg","1536x1536-width":1536,"1536x1536-height":858,"2048x2048":"https:\/\/d2q6z78khxmx42.cloudfront.net\/2024\/03\/07ArchitectureMaison.de.la.PromenadeLemayMichaudJessyBernier-2048x1144.jpg","2048x2048-width":2048,"2048x2048-height":1144,"article":"https:\/\/d2q6z78khxmx42.cloudfront.net\/2024\/03\/07ArchitectureMaison.de.la.PromenadeLemayMichaudJessyBernier-960x540.jpg","article-width":960,"article-height":540,"banner":"https:\/\/d2q6z78khxmx42.cloudfront.net\/2024\/03\/07ArchitectureMaison.de.la.PromenadeLemayMichaudJessyBernier-1920x1073.jpg","banner-width":1920,"banner-height":1073,"block":"https:\/\/d2q6z78khxmx42.cloudfront.net\/2024\/03\/07ArchitectureMaison.de.la.PromenadeLemayMichaudJessyBernier-900x680.jpg","block-width":900,"block-height":680,"card":"https:\/\/d2q6z78khxmx42.cloudfront.net\/2024\/03\/07ArchitectureMaison.de.la.PromenadeLemayMichaudJessyBernier-560x495.jpg","card-width":560,"card-height":495,"card-thumbnail":"https:\/\/d2q6z78khxmx42.cloudfront.net\/2024\/03\/07ArchitectureMaison.de.la.PromenadeLemayMichaudJessyBernier-450x340.jpg","card-thumbnail-width":450,"card-thumbnail-height":340,"conference":"https:\/\/d2q6z78khxmx42.cloudfront.net\/2024\/03\/07ArchitectureMaison.de.la.PromenadeLemayMichaudJessyBernier-560x250.jpg","conference-width":560,"conference-height":250,"contest":"https:\/\/d2q6z78khxmx42.cloudfront.net\/2024\/03\/07ArchitectureMaison.de.la.PromenadeLemayMichaudJessyBernier-960x400.jpg","contest-width":960,"contest-height":400,"cta":"https:\/\/d2q6z78khxmx42.cloudfront.net\/2024\/03\/07ArchitectureMaison.de.la.PromenadeLemayMichaudJessyBernier-415x170.jpg","cta-width":415,"cta-height":170,"exhibitor":"https:\/\/d2q6z78khxmx42.cloudfront.net\/2024\/03\/07ArchitectureMaison.de.la.PromenadeLemayMichaudJessyBernier-560x560.jpg","exhibitor-width":560,"exhibitor-height":560,"gallery":"https:\/\/d2q6z78khxmx42.cloudfront.net\/2024\/03\/07ArchitectureMaison.de.la.PromenadeLemayMichaudJessyBernier-560x313.jpg","gallery-width":560,"gallery-height":313,"logo":"https:\/\/d2q6z78khxmx42.cloudfront.net\/2024\/03\/07ArchitectureMaison.de.la.PromenadeLemayMichaudJessyBernier-179x100.jpg","logo-width":179,"logo-height":100,"masonry":"https:\/\/d2q6z78khxmx42.cloudfront.net\/2024\/03\/07ArchitectureMaison.de.la.PromenadeLemayMichaudJessyBernier-550x307.jpg","masonry-width":550,"masonry-height":307,"modal":"https:\/\/d2q6z78khxmx42.cloudfront.net\/2024\/03\/EYEyGo1N-07ArchitectureMaison.de.la.PromenadeLemayMichaudJessyBernier-1920x1073.jpg","modal-width":1920,"modal-height":1073,"number":"https:\/\/d2q6z78khxmx42.cloudfront.net\/2024\/03\/EYEyGo1N-07ArchitectureMaison.de.la.PromenadeLemayMichaudJessyBernier-560x313.jpg","number-width":560,"number-height":313,"partner":"https:\/\/d2q6z78khxmx42.cloudfront.net\/2024\/03\/07ArchitectureMaison.de.la.PromenadeLemayMichaudJessyBernier-275x154.jpg","partner-width":275,"partner-height":154,"ranking":"https:\/\/d2q6z78khxmx42.cloudfront.net\/2024\/03\/EYEyGo1N-07ArchitectureMaison.de.la.PromenadeLemayMichaudJessyBernier-960x540.jpg","ranking-width":960,"ranking-height":540,"schedule":"https:\/\/d2q6z78khxmx42.cloudfront.net\/2024\/03\/07ArchitectureMaison.de.la.PromenadeLemayMichaudJessyBernier-960x360.jpg","schedule-width":960,"schedule-height":360,"slideshow":"https:\/\/d2q6z78khxmx42.cloudfront.net\/2024\/03\/07ArchitectureMaison.de.la.PromenadeLemayMichaudJessyBernier-1217x680.jpg","slideshow-width":1217,"slideshow-height":680}},"filters":[23,24],"suppliers":false,"attachment_category":[]},{"categories":[3642],"credit":"Jessy Bernier","image":{"ID":128185,"id":128185,"title":"08_Architecture_Maison.de.la.Promenade_LemayMichaud_\u00a9JessyBernier","filename":"08ArchitectureMaison.de.la.PromenadeLemayMichaudJessyBernier-scaled.jpg","filesize":589965,"url":"https:\/\/d2q6z78khxmx42.cloudfront.net\/2024\/03\/08ArchitectureMaison.de.la.PromenadeLemayMichaudJessyBernier-scaled.jpg","link":"https:\/\/int.design\/fr\/projets\/residence-de-la-promenade-2\/08_architecture_maison-de-la-promenade_lemaymichaud_jessybernier\/","alt":"","author":"383","description":"R\u00e9sidence de la Promenade LemayMichaud       ","caption":"","name":"08_architecture_maison-de-la-promenade_lemaymichaud_jessybernier","status":"inherit","uploaded_to":122361,"date":"2024-03-13 13:06:41","modified":"2024-08-20 21:13:51","menu_order":0,"mime_type":"image\/jpeg","type":"image","subtype":"jpeg","icon":"https:\/\/int.design\/wp-includes\/images\/media\/default.png","width":2560,"height":1707,"sizes":{"thumbnail":"https:\/\/d2q6z78khxmx42.cloudfront.net\/2024\/03\/08ArchitectureMaison.de.la.PromenadeLemayMichaudJessyBernier-150x150.jpg","thumbnail-width":150,"thumbnail-height":150,"medium":"https:\/\/d2q6z78khxmx42.cloudfront.net\/2024\/03\/08ArchitectureMaison.de.la.PromenadeLemayMichaudJessyBernier-300x200.jpg","medium-width":300,"medium-height":200,"medium_large":"https:\/\/d2q6z78khxmx42.cloudfront.net\/2024\/03\/08ArchitectureMaison.de.la.PromenadeLemayMichaudJessyBernier-768x512.jpg","medium_large-width":768,"medium_large-height":512,"large":"https:\/\/d2q6z78khxmx42.cloudfront.net\/2024\/03\/08ArchitectureMaison.de.la.PromenadeLemayMichaudJessyBernier-1024x683.jpg","large-width":1024,"large-height":683,"1536x1536":"https:\/\/d2q6z78khxmx42.cloudfront.net\/2024\/03\/08ArchitectureMaison.de.la.PromenadeLemayMichaudJessyBernier-1536x1024.jpg","1536x1536-width":1536,"1536x1536-height":1024,"2048x2048":"https:\/\/d2q6z78khxmx42.cloudfront.net\/2024\/03\/08ArchitectureMaison.de.la.PromenadeLemayMichaudJessyBernier-2048x1365.jpg","2048x2048-width":2048,"2048x2048-height":1365,"article":"https:\/\/d2q6z78khxmx42.cloudfront.net\/2024\/03\/08ArchitectureMaison.de.la.PromenadeLemayMichaudJessyBernier-960x540.jpg","article-width":960,"article-height":540,"banner":"https:\/\/d2q6z78khxmx42.cloudfront.net\/2024\/03\/08ArchitectureMaison.de.la.PromenadeLemayMichaudJessyBernier-1920x1280.jpg","banner-width":1920,"banner-height":1280,"block":"https:\/\/d2q6z78khxmx42.cloudfront.net\/2024\/03\/08ArchitectureMaison.de.la.PromenadeLemayMichaudJessyBernier-900x680.jpg","block-width":900,"block-height":680,"card":"https:\/\/d2q6z78khxmx42.cloudfront.net\/2024\/03\/08ArchitectureMaison.de.la.PromenadeLemayMichaudJessyBernier-560x495.jpg","card-width":560,"card-height":495,"card-thumbnail":"https:\/\/d2q6z78khxmx42.cloudfront.net\/2024\/03\/08ArchitectureMaison.de.la.PromenadeLemayMichaudJessyBernier-450x340.jpg","card-thumbnail-width":450,"card-thumbnail-height":340,"conference":"https:\/\/d2q6z78khxmx42.cloudfront.net\/2024\/03\/08ArchitectureMaison.de.la.PromenadeLemayMichaudJessyBernier-560x250.jpg","conference-width":560,"conference-height":250,"contest":"https:\/\/d2q6z78khxmx42.cloudfront.net\/2024\/03\/08ArchitectureMaison.de.la.PromenadeLemayMichaudJessyBernier-960x400.jpg","contest-width":960,"contest-height":400,"cta":"https:\/\/d2q6z78khxmx42.cloudfront.net\/2024\/03\/08ArchitectureMaison.de.la.PromenadeLemayMichaudJessyBernier-415x170.jpg","cta-width":415,"cta-height":170,"exhibitor":"https:\/\/d2q6z78khxmx42.cloudfront.net\/2024\/03\/08ArchitectureMaison.de.la.PromenadeLemayMichaudJessyBernier-560x560.jpg","exhibitor-width":560,"exhibitor-height":560,"gallery":"https:\/\/d2q6z78khxmx42.cloudfront.net\/2024\/03\/08ArchitectureMaison.de.la.PromenadeLemayMichaudJessyBernier-560x373.jpg","gallery-width":560,"gallery-height":373,"logo":"https:\/\/d2q6z78khxmx42.cloudfront.net\/2024\/03\/08ArchitectureMaison.de.la.PromenadeLemayMichaudJessyBernier-150x100.jpg","logo-width":150,"logo-height":100,"masonry":"https:\/\/d2q6z78khxmx42.cloudfront.net\/2024\/03\/08ArchitectureMaison.de.la.PromenadeLemayMichaudJessyBernier-550x367.jpg","masonry-width":550,"masonry-height":367,"modal":"https:\/\/d2q6z78khxmx42.cloudfront.net\/2024\/03\/ZsRKdOsJ-08ArchitectureMaison.de.la.PromenadeLemayMichaudJessyBernier-1920x1280.jpg","modal-width":1920,"modal-height":1280,"number":"https:\/\/d2q6z78khxmx42.cloudfront.net\/2024\/03\/ZsRKdOsJ-08ArchitectureMaison.de.la.PromenadeLemayMichaudJessyBernier-560x373.jpg","number-width":560,"number-height":373,"partner":"https:\/\/d2q6z78khxmx42.cloudfront.net\/2024\/03\/08ArchitectureMaison.de.la.PromenadeLemayMichaudJessyBernier-275x183.jpg","partner-width":275,"partner-height":183,"ranking":"https:\/\/d2q6z78khxmx42.cloudfront.net\/2024\/03\/ZsRKdOsJ-08ArchitectureMaison.de.la.PromenadeLemayMichaudJessyBernier-960x540.jpg","ranking-width":960,"ranking-height":540,"schedule":"https:\/\/d2q6z78khxmx42.cloudfront.net\/2024\/03\/08ArchitectureMaison.de.la.PromenadeLemayMichaudJessyBernier-960x360.jpg","schedule-width":960,"schedule-height":360,"slideshow":"https:\/\/d2q6z78khxmx42.cloudfront.net\/2024\/03\/08ArchitectureMaison.de.la.PromenadeLemayMichaudJessyBernier-1020x680.jpg","slideshow-width":1020,"slideshow-height":680}},"filters":[23],"suppliers":false,"attachment_category":[]},{"categories":[3642],"credit":"Jessy Bernier","image":{"ID":128186,"id":128186,"title":"09_Architecture_Maison.de.la.Promenade_LemayMichaud_\u00a9JessyBernier","filename":"09ArchitectureMaison.de.la.PromenadeLemayMichaudJessyBernier-scaled.jpg","filesize":956288,"url":"https:\/\/d2q6z78khxmx42.cloudfront.net\/2024\/03\/09ArchitectureMaison.de.la.PromenadeLemayMichaudJessyBernier-scaled.jpg","link":"https:\/\/int.design\/fr\/projets\/residence-de-la-promenade-2\/09_architecture_maison-de-la-promenade_lemaymichaud_jessybernier\/","alt":"","author":"383","description":"R\u00e9sidence de la Promenade LemayMichaud       ","caption":"","name":"09_architecture_maison-de-la-promenade_lemaymichaud_jessybernier","status":"inherit","uploaded_to":122361,"date":"2024-03-13 13:06:52","modified":"2024-08-20 21:13:51","menu_order":0,"mime_type":"image\/jpeg","type":"image","subtype":"jpeg","icon":"https:\/\/int.design\/wp-includes\/images\/media\/default.png","width":2560,"height":1735,"sizes":{"thumbnail":"https:\/\/d2q6z78khxmx42.cloudfront.net\/2024\/03\/09ArchitectureMaison.de.la.PromenadeLemayMichaudJessyBernier-150x150.jpg","thumbnail-width":150,"thumbnail-height":150,"medium":"https:\/\/d2q6z78khxmx42.cloudfront.net\/2024\/03\/09ArchitectureMaison.de.la.PromenadeLemayMichaudJessyBernier-300x203.jpg","medium-width":300,"medium-height":203,"medium_large":"https:\/\/d2q6z78khxmx42.cloudfront.net\/2024\/03\/09ArchitectureMaison.de.la.PromenadeLemayMichaudJessyBernier-768x521.jpg","medium_large-width":768,"medium_large-height":521,"large":"https:\/\/d2q6z78khxmx42.cloudfront.net\/2024\/03\/09ArchitectureMaison.de.la.PromenadeLemayMichaudJessyBernier-1024x694.jpg","large-width":1024,"large-height":694,"1536x1536":"https:\/\/d2q6z78khxmx42.cloudfront.net\/2024\/03\/09ArchitectureMaison.de.la.PromenadeLemayMichaudJessyBernier-1536x1041.jpg","1536x1536-width":1536,"1536x1536-height":1041,"2048x2048":"https:\/\/d2q6z78khxmx42.cloudfront.net\/2024\/03\/09ArchitectureMaison.de.la.PromenadeLemayMichaudJessyBernier-2048x1388.jpg","2048x2048-width":2048,"2048x2048-height":1388,"article":"https:\/\/d2q6z78khxmx42.cloudfront.net\/2024\/03\/09ArchitectureMaison.de.la.PromenadeLemayMichaudJessyBernier-960x540.jpg","article-width":960,"article-height":540,"banner":"https:\/\/d2q6z78khxmx42.cloudfront.net\/2024\/03\/09ArchitectureMaison.de.la.PromenadeLemayMichaudJessyBernier-1920x1301.jpg","banner-width":1920,"banner-height":1301,"block":"https:\/\/d2q6z78khxmx42.cloudfront.net\/2024\/03\/09ArchitectureMaison.de.la.PromenadeLemayMichaudJessyBernier-900x680.jpg","block-width":900,"block-height":680,"card":"https:\/\/d2q6z78khxmx42.cloudfront.net\/2024\/03\/09ArchitectureMaison.de.la.PromenadeLemayMichaudJessyBernier-560x495.jpg","card-width":560,"card-height":495,"card-thumbnail":"https:\/\/d2q6z78khxmx42.cloudfront.net\/2024\/03\/09ArchitectureMaison.de.la.PromenadeLemayMichaudJessyBernier-450x340.jpg","card-thumbnail-width":450,"card-thumbnail-height":340,"conference":"https:\/\/d2q6z78khxmx42.cloudfront.net\/2024\/03\/09ArchitectureMaison.de.la.PromenadeLemayMichaudJessyBernier-560x250.jpg","conference-width":560,"conference-height":250,"contest":"https:\/\/d2q6z78khxmx42.cloudfront.net\/2024\/03\/09ArchitectureMaison.de.la.PromenadeLemayMichaudJessyBernier-960x400.jpg","contest-width":960,"contest-height":400,"cta":"https:\/\/d2q6z78khxmx42.cloudfront.net\/2024\/03\/09ArchitectureMaison.de.la.PromenadeLemayMichaudJessyBernier-415x170.jpg","cta-width":415,"cta-height":170,"exhibitor":"https:\/\/d2q6z78khxmx42.cloudfront.net\/2024\/03\/09ArchitectureMaison.de.la.PromenadeLemayMichaudJessyBernier-560x560.jpg","exhibitor-width":560,"exhibitor-height":560,"gallery":"https:\/\/d2q6z78khxmx42.cloudfront.net\/2024\/03\/09ArchitectureMaison.de.la.PromenadeLemayMichaudJessyBernier-560x380.jpg","gallery-width":560,"gallery-height":380,"logo":"https:\/\/d2q6z78khxmx42.cloudfront.net\/2024\/03\/09ArchitectureMaison.de.la.PromenadeLemayMichaudJessyBernier-148x100.jpg","logo-width":148,"logo-height":100,"masonry":"https:\/\/d2q6z78khxmx42.cloudfront.net\/2024\/03\/09ArchitectureMaison.de.la.PromenadeLemayMichaudJessyBernier-550x373.jpg","masonry-width":550,"masonry-height":373,"modal":"https:\/\/d2q6z78khxmx42.cloudfront.net\/2024\/03\/B8IjK2y2-09ArchitectureMaison.de.la.PromenadeLemayMichaudJessyBernier-1920x1301.jpg","modal-width":1920,"modal-height":1301,"number":"https:\/\/d2q6z78khxmx42.cloudfront.net\/2024\/03\/B8IjK2y2-09ArchitectureMaison.de.la.PromenadeLemayMichaudJessyBernier-560x380.jpg","number-width":560,"number-height":380,"partner":"https:\/\/d2q6z78khxmx42.cloudfront.net\/2024\/03\/09ArchitectureMaison.de.la.PromenadeLemayMichaudJessyBernier-275x186.jpg","partner-width":275,"partner-height":186,"ranking":"https:\/\/d2q6z78khxmx42.cloudfront.net\/2024\/03\/B8IjK2y2-09ArchitectureMaison.de.la.PromenadeLemayMichaudJessyBernier-960x540.jpg","ranking-width":960,"ranking-height":540,"schedule":"https:\/\/d2q6z78khxmx42.cloudfront.net\/2024\/03\/09ArchitectureMaison.de.la.PromenadeLemayMichaudJessyBernier-960x360.jpg","schedule-width":960,"schedule-height":360,"slideshow":"https:\/\/d2q6z78khxmx42.cloudfront.net\/2024\/03\/09ArchitectureMaison.de.la.PromenadeLemayMichaudJessyBernier-1003x680.jpg","slideshow-width":1003,"slideshow-height":680}},"filters":[112],"suppliers":false,"attachment_category":[]},{"categories":[3642],"credit":"Jessy Bernier","image":{"ID":128187,"id":128187,"title":"10_Architecture_Maison.de.la.Promenade_LemayMichaud_\u00a9JessyBernier","filename":"10ArchitectureMaison.de.la.PromenadeLemayMichaudJessyBernier-scaled.jpg","filesize":745714,"url":"https:\/\/d2q6z78khxmx42.cloudfront.net\/2024\/03\/10ArchitectureMaison.de.la.PromenadeLemayMichaudJessyBernier-scaled.jpg","link":"https:\/\/int.design\/fr\/projets\/residence-de-la-promenade-2\/10_architecture_maison-de-la-promenade_lemaymichaud_jessybernier\/","alt":"","author":"383","description":"R\u00e9sidence de la Promenade LemayMichaud       ","caption":"","name":"10_architecture_maison-de-la-promenade_lemaymichaud_jessybernier","status":"inherit","uploaded_to":122361,"date":"2024-03-13 13:06:52","modified":"2024-08-20 21:13:51","menu_order":0,"mime_type":"image\/jpeg","type":"image","subtype":"jpeg","icon":"https:\/\/int.design\/wp-includes\/images\/media\/default.png","width":2560,"height":1523,"sizes":{"thumbnail":"https:\/\/d2q6z78khxmx42.cloudfront.net\/2024\/03\/10ArchitectureMaison.de.la.PromenadeLemayMichaudJessyBernier-150x150.jpg","thumbnail-width":150,"thumbnail-height":150,"medium":"https:\/\/d2q6z78khxmx42.cloudfront.net\/2024\/03\/10ArchitectureMaison.de.la.PromenadeLemayMichaudJessyBernier-300x178.jpg","medium-width":300,"medium-height":178,"medium_large":"https:\/\/d2q6z78khxmx42.cloudfront.net\/2024\/03\/10ArchitectureMaison.de.la.PromenadeLemayMichaudJessyBernier-768x457.jpg","medium_large-width":768,"medium_large-height":457,"large":"https:\/\/d2q6z78khxmx42.cloudfront.net\/2024\/03\/10ArchitectureMaison.de.la.PromenadeLemayMichaudJessyBernier-1024x609.jpg","large-width":1024,"large-height":609,"1536x1536":"https:\/\/d2q6z78khxmx42.cloudfront.net\/2024\/03\/10ArchitectureMaison.de.la.PromenadeLemayMichaudJessyBernier-1536x914.jpg","1536x1536-width":1536,"1536x1536-height":914,"2048x2048":"https:\/\/d2q6z78khxmx42.cloudfront.net\/2024\/03\/10ArchitectureMaison.de.la.PromenadeLemayMichaudJessyBernier-2048x1218.jpg","2048x2048-width":2048,"2048x2048-height":1218,"article":"https:\/\/d2q6z78khxmx42.cloudfront.net\/2024\/03\/10ArchitectureMaison.de.la.PromenadeLemayMichaudJessyBernier-960x540.jpg","article-width":960,"article-height":540,"banner":"https:\/\/d2q6z78khxmx42.cloudfront.net\/2024\/03\/10ArchitectureMaison.de.la.PromenadeLemayMichaudJessyBernier-1920x1142.jpg","banner-width":1920,"banner-height":1142,"block":"https:\/\/d2q6z78khxmx42.cloudfront.net\/2024\/03\/10ArchitectureMaison.de.la.PromenadeLemayMichaudJessyBernier-900x680.jpg","block-width":900,"block-height":680,"card":"https:\/\/d2q6z78khxmx42.cloudfront.net\/2024\/03\/10ArchitectureMaison.de.la.PromenadeLemayMichaudJessyBernier-560x495.jpg","card-width":560,"card-height":495,"card-thumbnail":"https:\/\/d2q6z78khxmx42.cloudfront.net\/2024\/03\/10ArchitectureMaison.de.la.PromenadeLemayMichaudJessyBernier-450x340.jpg","card-thumbnail-width":450,"card-thumbnail-height":340,"conference":"https:\/\/d2q6z78khxmx42.cloudfront.net\/2024\/03\/10ArchitectureMaison.de.la.PromenadeLemayMichaudJessyBernier-560x250.jpg","conference-width":560,"conference-height":250,"contest":"https:\/\/d2q6z78khxmx42.cloudfront.net\/2024\/03\/10ArchitectureMaison.de.la.PromenadeLemayMichaudJessyBernier-960x400.jpg","contest-width":960,"contest-height":400,"cta":"https:\/\/d2q6z78khxmx42.cloudfront.net\/2024\/03\/10ArchitectureMaison.de.la.PromenadeLemayMichaudJessyBernier-415x170.jpg","cta-width":415,"cta-height":170,"exhibitor":"https:\/\/d2q6z78khxmx42.cloudfront.net\/2024\/03\/10ArchitectureMaison.de.la.PromenadeLemayMichaudJessyBernier-560x560.jpg","exhibitor-width":560,"exhibitor-height":560,"gallery":"https:\/\/d2q6z78khxmx42.cloudfront.net\/2024\/03\/10ArchitectureMaison.de.la.PromenadeLemayMichaudJessyBernier-560x333.jpg","gallery-width":560,"gallery-height":333,"logo":"https:\/\/d2q6z78khxmx42.cloudfront.net\/2024\/03\/10ArchitectureMaison.de.la.PromenadeLemayMichaudJessyBernier-168x100.jpg","logo-width":168,"logo-height":100,"masonry":"https:\/\/d2q6z78khxmx42.cloudfront.net\/2024\/03\/10ArchitectureMaison.de.la.PromenadeLemayMichaudJessyBernier-550x327.jpg","masonry-width":550,"masonry-height":327,"modal":"https:\/\/d2q6z78khxmx42.cloudfront.net\/2024\/03\/UlmP9bLZ-10ArchitectureMaison.de.la.PromenadeLemayMichaudJessyBernier-1920x1142.jpg","modal-width":1920,"modal-height":1142,"number":"https:\/\/d2q6z78khxmx42.cloudfront.net\/2024\/03\/UlmP9bLZ-10ArchitectureMaison.de.la.PromenadeLemayMichaudJessyBernier-560x333.jpg","number-width":560,"number-height":333,"partner":"https:\/\/d2q6z78khxmx42.cloudfront.net\/2024\/03\/10ArchitectureMaison.de.la.PromenadeLemayMichaudJessyBernier-275x164.jpg","partner-width":275,"partner-height":164,"ranking":"https:\/\/d2q6z78khxmx42.cloudfront.net\/2024\/03\/UlmP9bLZ-10ArchitectureMaison.de.la.PromenadeLemayMichaudJessyBernier-960x540.jpg","ranking-width":960,"ranking-height":540,"schedule":"https:\/\/d2q6z78khxmx42.cloudfront.net\/2024\/03\/10ArchitectureMaison.de.la.PromenadeLemayMichaudJessyBernier-960x360.jpg","schedule-width":960,"schedule-height":360,"slideshow":"https:\/\/d2q6z78khxmx42.cloudfront.net\/2024\/03\/10ArchitectureMaison.de.la.PromenadeLemayMichaudJessyBernier-1143x680.jpg","slideshow-width":1143,"slideshow-height":680}},"filters":[111],"suppliers":false,"attachment_category":[]}],"mandatory_documents":[{"name":"Redus 3D","file":{"ID":128189,"id":128189,"title":"Maison.de.la.Promenade_Architecture_LemayMichaud_Rendus3D","filename":"Maison.de.la.PromenadeArchitectureLemayMichaudRendus3D.pdf","filesize":61223593,"url":"https:\/\/d2q6z78khxmx42.cloudfront.net\/2024\/03\/Maison.de.la.PromenadeArchitectureLemayMichaudRendus3D.pdf","link":"https:\/\/int.design\/fr\/projets\/residence-de-la-promenade-2\/maison-de-la-promenade_architecture_lemaymichaud_rendus3d\/","alt":"","author":"383","description":"","caption":"","name":"maison-de-la-promenade_architecture_lemaymichaud_rendus3d","status":"inherit","uploaded_to":122361,"date":"2024-03-13 13:10:19","modified":"2024-03-13 13:11:26","menu_order":0,"mime_type":"application\/pdf","type":"application","subtype":"pdf","icon":"https:\/\/int.design\/wp-includes\/images\/media\/document.png"}},{"name":"Plans","file":{"ID":128188,"id":128188,"title":"Maison.de.la.Promenade_LemayMichaud_Plans","filename":"6_Maison.de.la.PromenadeLemayMichaudPlans.pdf","filesize":21441246,"url":"https:\/\/d2q6z78khxmx42.cloudfront.net\/2024\/03\/6_Maison.de.la.PromenadeLemayMichaudPlans.pdf","link":"https:\/\/int.design\/fr\/projets\/residence-de-la-promenade-2\/maison-de-la-promenade_lemaymichaud_plans-2\/","alt":"","author":"383","description":"","caption":"","name":"maison-de-la-promenade_lemaymichaud_plans-2","status":"inherit","uploaded_to":122361,"date":"2024-03-13 13:10:12","modified":"2024-03-13 13:11:26","menu_order":0,"mime_type":"application\/pdf","type":"application","subtype":"pdf","icon":"https:\/\/int.design\/wp-includes\/images\/media\/document.png"}}],"optional_documents":false,"web_text":{"fr":"","en":"<p>Nestled atop a rocky cliff, offering breathtaking views of the St. Lawrence River and the bridges of Quebec City, this single-family home provides its residents with an exceptional living environment where the exterior and interior seamlessly blend.<\/p>\n<p>Designed for family life just steps away from the bustling arteries of the city, and to meet the specific needs and lifestyle of its occupants, the layout of the residence includes a home office, a gym, a family room, a screening room, a master suite, an at-home spa, and more.<\/p>\n<p>The interplay of volumes deployed for the realization of this residence offers its occupants panoramic perspectives of the outdoor environment while preserving their privacy. On the ground floor, two rectangular volumes are placed parallel to the St. Lawrence River, along the edge of the cliff. A third volume, placed perpendicularly above, forms the upper floor.<\/p>\n<p>This deliberate use of composition of volumes takes advantage of the site and its views, thus creating strong connections between the interior and exterior.<\/p>\n<p>The building\u2019s architecture skillfully blends masonry on the ground floor with wood on the upper floor. The light gray brick of the first level, with nuanced and textured tones, creates a mineral base for the house that echoes that of the ground. The large volume of wood on the second level also offers, through its white cedar cladding, a renewable and ecological materiality that brings a certain lightness to the volume and creates a contrast with the brick of the ground floor. The judicious choice of materials allows the whole to harmoniously integrate with the wooded environment of the site.<\/p>\n<p>Spacious concrete terraces and a suspended cliffside pool enjoy maximum sunlight throughout the day and add a distinctive touch to the outdoor space of this private residence.<\/p>\n","original":"<p>Nestled atop a rocky cliff, offering breathtaking views of the St. Lawrence River and the bridges of Quebec City, this single-family home provides its residents with an exceptional living environment where the exterior and interior seamlessly blend.<\/p>\n<p>Designed for family life just steps away from the bustling arteries of the city, and to meet the specific needs and lifestyle of its occupants, the layout of the residence includes a home office, a gym, a family room, a screening room, a master suite, an at-home spa, and more.<\/p>\n<p>The interplay of volumes deployed for the realization of this residence offers its occupants panoramic perspectives of the outdoor environment while preserving their privacy. On the ground floor, two rectangular volumes are placed parallel to the St. Lawrence River, along the edge of the cliff. A third volume, placed perpendicularly above, forms the upper floor.<\/p>\n<p>This deliberate use of composition of volumes takes advantage of the site and its views, thus creating strong connections between the interior and exterior.<\/p>\n<p>The building\u2019s architecture skillfully blends masonry on the ground floor with wood on the upper floor. The light gray brick of the first level, with nuanced and textured tones, creates a mineral base for the house that echoes that of the ground. The large volume of wood on the second level also offers, through its white cedar cladding, a renewable and ecological materiality that brings a certain lightness to the volume and creates a contrast with the brick of the ground floor. The judicious choice of materials allows the whole to harmoniously integrate with the wooded environment of the site.<\/p>\n<p>Spacious concrete terraces and a suspended cliffside pool enjoy maximum sunlight throughout the day and add a distinctive touch to the outdoor space of this private residence.<\/p>\n"},"jury_text":[{"category":3642,"fr":"","en":"<p>LemayMichaud was approached by a client to rejuvenate an aging property situated in a prestigious neighborhood of Quebec City, perched on a rocky cape located at the end of a private street. Offering breathtaking views of the Saint Lawrence River and total privacy thanks to the terrain\u2019s morphology, this site promised an exceptional living environment. After an exhaustive analysis, it became clear that the existing house neither satisfied the owners\u2019 needs nor complied with regulatory requirements, necessitating extensive renovations. The client therefore decided to remove the old house and entrust LemayMichaud with the design of a new residence tailored to their lifestyle. The design process was rooted in a collaborative approach, striving to ensure that the project not only catered meticulously to the occupants\u2019 needs but also fully leveraged the extraordinary setting in which it was to be situated.<\/p>\n<p>The house unfolds and embraces the natural topography of the terrain. The volumetrics consist of two large rectangular volumes aligned parallel to the river on the ground floor. One of them is located at the edge of the cliff, while the other is set back, creating a more intimate space. The two volumes are unified through the interstice formed between them, facilitating a seamless connection across the floors. The upper floor features a singular rectangular volume, positioned perpendicularly atop the ground floor\u2019s structures. This composition of volumes is not random: the interior spaces are strategically arranged to take advantage of the site and its views, creating strong connections between the interior and exterior.<\/p>\n<p>The ground floor houses the garage, main entrance, guest area, and a large open living space offering panoramic views of the cliff vegetation and the river. At the main entrance, a direct pathway establishes a vis-\u00e0-vis connection to the landscaped backyard, featuring expansive concrete terraces. Facing south, they benefit from maximum sunlight throughout the day. These terraces are subdivided into lounge area, pool, outdoor spa, dining area, and outdoor kitchen. The inground pool, parallel to the river and overlooking the cliff, is custom-designed and includes different swimming areas and an integrated jet pool. Relaxation and leisure areas are located in the basement.<\/p>\n<p>The upper floor\u2019s interior spaces are seamlessly linked to the ground floor through an architectural staircase positioned at the heart of the house, bathed in diffuse light that streams in from windows on the northeast-facing front facade. This staircase divides the floor into two; on one hand, the children\u2019s area to the north, and on the other, the parents\u2019 area to the south, overlooking the river landscape.<\/p>\n<p>The building\u2019s architecture skillfully combines masonry on the ground floor with wood on the upper floor. The brick on the first level, in nuanced and textured shades of light gray, creates a mineral base for the house reminiscent of the ground. The materiality of the substantial upper floor volume is designed to be natural, featuring a covering of white Eastern cedar\u2014a renewable and eco-friendly material. Its natural and pale tones lend a sense of lightness to the volume, creating a contrast with the ground-linked brick. The addition of slender vertical slats stands in contrast to the large volume\u2019s horizontality on the upper floor, imbuing it with greater verticality and a sense of lightness.<\/p>\n","original":"<p>LemayMichaud was approached by a client to rejuvenate an aging property situated in a prestigious neighborhood of Quebec City, perched on a rocky cape located at the end of a private street. Offering breathtaking views of the Saint Lawrence River and total privacy thanks to the terrain\u2019s morphology, this site promised an exceptional living environment. After an exhaustive analysis, it became clear that the existing house neither satisfied the owners\u2019 needs nor complied with regulatory requirements, necessitating extensive renovations. The client therefore decided to remove the old house and entrust LemayMichaud with the design of a new residence tailored to their lifestyle. The design process was rooted in a collaborative approach, striving to ensure that the project not only catered meticulously to the occupants\u2019 needs but also fully leveraged the extraordinary setting in which it was to be situated.<\/p>\n<p>The house unfolds and embraces the natural topography of the terrain. The volumetrics consist of two large rectangular volumes aligned parallel to the river on the ground floor. One of them is located at the edge of the cliff, while the other is set back, creating a more intimate space. The two volumes are unified through the interstice formed between them, facilitating a seamless connection across the floors. The upper floor features a singular rectangular volume, positioned perpendicularly atop the ground floor\u2019s structures. This composition of volumes is not random: the interior spaces are strategically arranged to take advantage of the site and its views, creating strong connections between the interior and exterior.<\/p>\n<p>The ground floor houses the garage, main entrance, guest area, and a large open living space offering panoramic views of the cliff vegetation and the river. At the main entrance, a direct pathway establishes a vis-\u00e0-vis connection to the landscaped backyard, featuring expansive concrete terraces. Facing south, they benefit from maximum sunlight throughout the day. These terraces are subdivided into lounge area, pool, outdoor spa, dining area, and outdoor kitchen. The inground pool, parallel to the river and overlooking the cliff, is custom-designed and includes different swimming areas and an integrated jet pool. Relaxation and leisure areas are located in the basement.<\/p>\n<p>The upper floor\u2019s interior spaces are seamlessly linked to the ground floor through an architectural staircase positioned at the heart of the house, bathed in diffuse light that streams in from windows on the northeast-facing front facade. This staircase divides the floor into two; on one hand, the children\u2019s area to the north, and on the other, the parents\u2019 area to the south, overlooking the river landscape.<\/p>\n<p>The building\u2019s architecture skillfully combines masonry on the ground floor with wood on the upper floor. The brick on the first level, in nuanced and textured shades of light gray, creates a mineral base for the house reminiscent of the ground. The materiality of the substantial upper floor volume is designed to be natural, featuring a covering of white Eastern cedar\u2014a renewable and eco-friendly material. Its natural and pale tones lend a sense of lightness to the volume, creating a contrast with the ground-linked brick. The addition of slender vertical slats stands in contrast to the large volume\u2019s horizontality on the upper floor, imbuing it with greater verticality and a sense of lightness.<\/p>\n"}],"different_jury_text":true,"different_category_text":false},"laureats":[],"contest_id":"119062","contest_title":"GRANDS PRIX DU DESIGN \u2013 17th edition","firms":[{"field_5efdebd654724":"LemayMichaud","field_5efdebd654725":"https:\/\/www.lemaymichaud.com\/","field_5efdebf254726":"","field_6139fca4c23db":2744},{"field_5efdebd654724":"LemayMichaud","field_5efdebd654725":"https:\/\/www.lemaymichaud.com\/","field_5efdebf254726":"","field_6139fca4c23db":2747},{"field_5efdebd654724":"\u00c9rige Construction","field_5efdebd654725":"https:\/\/erigeconstruction.com\/","field_5efdebf254726":"","field_6139fca4c23db":2751},{"field_5efdebd654724":"","field_5efdebd654725":"","field_5efdebf254726":"","field_6139fca4c23db":null},{"field_5efdebd654724":"","field_5efdebd654725":"","field_5efdebf254726":"","field_6139fca4c23db":null},{"field_5efdebd654724":"","field_5efdebd654725":"","field_5efdebf254726":"","field_6139fca4c23db":null},{"field_5efdebd654724":"","field_5efdebd654725":"","field_5efdebf254726":"","field_6139fca4c23db":null}],"user":{"email":"etienne.savaria@lemaymichaud.com","first_name":"Etienne","last_name":"Savaria"},"doc_texts_web":{"fr":"<p>Nich\u00e9e sur un cap rocheux offrant une vue imprenable sur le fleuve Saint-Laurent et les ponts de la ville de Qu\u00e9bec, cette maison unifamiliale offre \u00e0 ses r\u00e9sidents un milieu de vie d\u2019exception, o\u00f9 l\u2019ext\u00e9rieur et l\u2019int\u00e9rieur ne font qu\u2019un.<\/p>\n<p>Con\u00e7u pour la vie familiale \u00e0 deux pas des art\u00e8res anim\u00e9es de la ville, et pour r\u00e9pondre aux besoins sp\u00e9cifiques de ses occupants, l\u2019am\u00e9nagement de la r\u00e9sidence comprend un espace de bureau, un gym, une salle familiale, une salle de projection, une suite des ma\u00eetres, un espace de d\u00e9tente et plus encore.<\/p>\n<p>Le jeu de volumes d\u00e9ploy\u00e9 pour la r\u00e9alisation de cette r\u00e9sidence offre \u00e0 ses r\u00e9sidents des perspectives panoramiques sur l\u2019environnement ext\u00e9rieur, tout en pr\u00e9servant leur intimit\u00e9. Au rez-de-chauss\u00e9e, deux volumes rectangulaires sont plac\u00e9s parall\u00e8lement au fleuve, en bordure de la falaise. Un troisi\u00e8me volume, d\u00e9pos\u00e9 perpendiculairement par-dessus, forme l\u2019\u00e9tage.<\/p>\n<p>Cette composition de volumes n\u2019est pas al\u00e9atoire dans la cr\u00e9ation des espaces de vie int\u00e9rieurs, lesquels ont \u00e9t\u00e9 dispos\u00e9s strat\u00e9giquement pour tirer profit du site et de ses vues, cr\u00e9ant de ce fait des connexions fortes entre l\u2019int\u00e9rieur et l\u2019ext\u00e9rieur.<\/p>\n<p>L\u2019architecture du b\u00e2timent marie habilement la ma\u00e7onnerie au rez-de-chauss\u00e9e en contraste avec le bois \u00e0 l\u2019\u00e9tage. La brique gris clair du premier niveau, de teintes nuanc\u00e9es et textur\u00e9es, cr\u00e9e une assise min\u00e9rale pour la maison qui rappelle celle du sol. Le grand volume de bois du deuxi\u00e8me niveau propose aussi, par son parement de c\u00e8dre blanc, mati\u00e8re renouvelable et \u00e9cologique, une mat\u00e9rialit\u00e9 naturelle qui apporte une certaine l\u00e9g\u00e8ret\u00e9 au volume et cr\u00e9e un contraste avec la brique du rez-de-chauss\u00e9e. Le choix judicieux des mat\u00e9riaux permet \u00e0 l\u2019ensemble de s\u2019int\u00e9grer harmonieusement \u00e0 l\u2019environnement bois\u00e9 du site.<\/p>\n<p>De grandes terrasses de b\u00e9ton et une piscine suspendue en flanc de falaise b\u00e9n\u00e9ficient d\u2019un ensoleillement maximal tout au long de la journ\u00e9e et ajoutent une touche distinctive \u00e0 l\u2019espace ext\u00e9rieur de cette r\u00e9sidence priv\u00e9e.<\/p>\n","en":"<p>Nestled atop a rocky cliff, offering breathtaking views of the St. Lawrence River and the bridges of Quebec City, this single-family home provides its residents with an exceptional living environment where the exterior and interior seamlessly blend.<\/p>\n<p>Designed for family life just steps away from the bustling arteries of the city, and to meet the specific needs and lifestyle of its occupants, the layout of the residence includes a home office, a gym, a family room, a screening room, a master suite, an at-home spa, and more.<\/p>\n<p>The interplay of volumes deployed for the realization of this residence offers its occupants panoramic perspectives of the outdoor environment while preserving their privacy. On the ground floor, two rectangular volumes are placed parallel to the St. Lawrence River, along the edge of the cliff. A third volume, placed perpendicularly above, forms the upper floor.<\/p>\n<p>This deliberate use of composition of volumes takes advantage of the site and its views, thus creating strong connections between the interior and exterior.<\/p>\n<p>The building\u2019s architecture skillfully blends masonry on the ground floor with wood on the upper floor. The light gray brick of the first level, with nuanced and textured tones, creates a mineral base for the house that echoes that of the ground. The large volume of wood on the second level also offers, through its white cedar cladding, a renewable and ecological materiality that brings a certain lightness to the volume and creates a contrast with the brick of the ground floor. The judicious choice of materials allows the whole to harmoniously integrate with the wooded environment of the site.<\/p>\n<p>Spacious concrete terraces and a suspended cliffside pool enjoy maximum sunlight throughout the day and add a distinctive touch to the outdoor space of this private residence.<\/p>\n"},"permalinks":{"fr":"https:\/\/int.design\/fr\/projets\/residence-de-la-promenade-2\/","en":"https:\/\/int.design\/en\/projects\/residence-de-la-promenade-2\/"},"titles":{"fr":"R\u00e9sidence de la Promenade","en":"R\u00e9sidence de la Promenade"},"wp_fields":[],"laravel_id":""},"_links":{"self":[{"href":"https:\/\/int.design\/en\/wp-json\/wp\/v2\/project\/122362","targetHints":{"allow":["GET"]}}],"collection":[{"href":"https:\/\/int.design\/en\/wp-json\/wp\/v2\/project"}],"about":[{"href":"https:\/\/int.design\/en\/wp-json\/wp\/v2\/types\/project"}],"wp:attachment":[{"href":"https:\/\/int.design\/en\/wp-json\/wp\/v2\/media?parent=122362"}],"curies":[{"name":"wp","href":"https:\/\/api.w.org\/{rel}","templated":true}]}}