{"id":121471,"date":"2024-08-20T17:15:46","date_gmt":"2024-08-20T21:15:46","guid":{"rendered":"https:\/\/int.design\/?post_type=project&#038;p=121471"},"modified":"2024-08-20T17:15:46","modified_gmt":"2024-08-20T21:15:46","slug":"planetarium-du-jardin-des-sciences-de-luniversite-de-strasbourg","status":"publish","type":"project","link":"https:\/\/int.design\/en\/projects\/planetarium-du-jardin-des-sciences-de-luniversite-de-strasbourg\/","title":{"rendered":"Plan\u00e9tarium du Jardin des sciences de l\u2019Universit\u00e9 de Strasbourg"},"content":{"rendered":"","protected":false},"template":"","class_list":["post-121471","project","type-project","status-publish","hentry"],"acf":[],"yoast_head":"<!-- This site is optimized with the Yoast SEO plugin v21.5 - https:\/\/yoast.com\/wordpress\/plugins\/seo\/ -->\n<title>Plan\u00e9tarium du Jardin des sciences de l\u2019Universit\u00e9 de Strasbourg - INT Design<\/title>\n<meta name=\"robots\" content=\"index, follow, max-snippet:-1, max-image-preview:large, max-video-preview:-1\" \/>\n<link rel=\"canonical\" href=\"https:\/\/int.design\/fr\/projects\/planetarium-du-jardin-des-sciences-de-luniversite-de-strasbourg\/\" \/>\n<meta property=\"og:locale\" content=\"en_US\" \/>\n<meta property=\"og:type\" content=\"article\" \/>\n<meta property=\"og:title\" content=\"Plan\u00e9tarium du Jardin des sciences de l\u2019Universit\u00e9 de Strasbourg - INT Design\" \/>\n<meta property=\"og:url\" content=\"https:\/\/int.design\/fr\/projects\/planetarium-du-jardin-des-sciences-de-luniversite-de-strasbourg\/\" \/>\n<meta property=\"og:site_name\" content=\"INT Design\" \/>\n<meta name=\"twitter:card\" content=\"summary_large_image\" \/>\n<script type=\"application\/ld+json\" class=\"yoast-schema-graph\">{\"@context\":\"https:\/\/schema.org\",\"@graph\":[{\"@type\":\"WebPage\",\"@id\":\"https:\/\/int.design\/fr\/projects\/planetarium-du-jardin-des-sciences-de-luniversite-de-strasbourg\/\",\"url\":\"https:\/\/int.design\/fr\/projects\/planetarium-du-jardin-des-sciences-de-luniversite-de-strasbourg\/\",\"name\":\"Plan\u00e9tarium du Jardin des sciences de l\u2019Universit\u00e9 de Strasbourg - INT Design\",\"isPartOf\":{\"@id\":\"https:\/\/int.design\/fr\/#website\"},\"datePublished\":\"2024-08-20T21:15:46+00:00\",\"dateModified\":\"2024-08-20T21:15:46+00:00\",\"breadcrumb\":{\"@id\":\"https:\/\/int.design\/fr\/projects\/planetarium-du-jardin-des-sciences-de-luniversite-de-strasbourg\/#breadcrumb\"},\"inLanguage\":\"en-US\",\"potentialAction\":[{\"@type\":\"ReadAction\",\"target\":[\"https:\/\/int.design\/fr\/projects\/planetarium-du-jardin-des-sciences-de-luniversite-de-strasbourg\/\"]}]},{\"@type\":\"BreadcrumbList\",\"@id\":\"https:\/\/int.design\/fr\/projects\/planetarium-du-jardin-des-sciences-de-luniversite-de-strasbourg\/#breadcrumb\",\"itemListElement\":[{\"@type\":\"ListItem\",\"position\":1,\"name\":\"Home\",\"item\":\"https:\/\/int.design\/en\/\"},{\"@type\":\"ListItem\",\"position\":2,\"name\":\"Projects\",\"item\":\"https:\/\/int.design\/en\/projects\/\"},{\"@type\":\"ListItem\",\"position\":3,\"name\":\"Plan\u00e9tarium du Jardin des sciences de l\u2019Universit\u00e9 de Strasbourg\"}]},{\"@type\":\"WebSite\",\"@id\":\"https:\/\/int.design\/fr\/#website\",\"url\":\"https:\/\/int.design\/fr\/\",\"name\":\"INT Design\",\"description\":\"\",\"potentialAction\":[{\"@type\":\"SearchAction\",\"target\":{\"@type\":\"EntryPoint\",\"urlTemplate\":\"https:\/\/int.design\/fr\/?s={search_term_string}\"},\"query-input\":\"required name=search_term_string\"}],\"inLanguage\":\"en-US\"}]}<\/script>\n<!-- \/ Yoast SEO plugin. -->","yoast_head_json":{"title":"Plan\u00e9tarium du Jardin des sciences de l\u2019Universit\u00e9 de Strasbourg - INT Design","robots":{"index":"index","follow":"follow","max-snippet":"max-snippet:-1","max-image-preview":"max-image-preview:large","max-video-preview":"max-video-preview:-1"},"canonical":"https:\/\/int.design\/fr\/projects\/planetarium-du-jardin-des-sciences-de-luniversite-de-strasbourg\/","og_locale":"en_US","og_type":"article","og_title":"Plan\u00e9tarium du Jardin des sciences de l\u2019Universit\u00e9 de Strasbourg - INT Design","og_url":"https:\/\/int.design\/fr\/projects\/planetarium-du-jardin-des-sciences-de-luniversite-de-strasbourg\/","og_site_name":"INT Design","twitter_card":"summary_large_image","schema":{"@context":"https:\/\/schema.org","@graph":[{"@type":"WebPage","@id":"https:\/\/int.design\/fr\/projects\/planetarium-du-jardin-des-sciences-de-luniversite-de-strasbourg\/","url":"https:\/\/int.design\/fr\/projects\/planetarium-du-jardin-des-sciences-de-luniversite-de-strasbourg\/","name":"Plan\u00e9tarium du Jardin des sciences de l\u2019Universit\u00e9 de Strasbourg - INT Design","isPartOf":{"@id":"https:\/\/int.design\/fr\/#website"},"datePublished":"2024-08-20T21:15:46+00:00","dateModified":"2024-08-20T21:15:46+00:00","breadcrumb":{"@id":"https:\/\/int.design\/fr\/projects\/planetarium-du-jardin-des-sciences-de-luniversite-de-strasbourg\/#breadcrumb"},"inLanguage":"en-US","potentialAction":[{"@type":"ReadAction","target":["https:\/\/int.design\/fr\/projects\/planetarium-du-jardin-des-sciences-de-luniversite-de-strasbourg\/"]}]},{"@type":"BreadcrumbList","@id":"https:\/\/int.design\/fr\/projects\/planetarium-du-jardin-des-sciences-de-luniversite-de-strasbourg\/#breadcrumb","itemListElement":[{"@type":"ListItem","position":1,"name":"Home","item":"https:\/\/int.design\/en\/"},{"@type":"ListItem","position":2,"name":"Projects","item":"https:\/\/int.design\/en\/projects\/"},{"@type":"ListItem","position":3,"name":"Plan\u00e9tarium du Jardin des sciences de l\u2019Universit\u00e9 de Strasbourg"}]},{"@type":"WebSite","@id":"https:\/\/int.design\/fr\/#website","url":"https:\/\/int.design\/fr\/","name":"INT Design","description":"","potentialAction":[{"@type":"SearchAction","target":{"@type":"EntryPoint","urlTemplate":"https:\/\/int.design\/fr\/?s={search_term_string}"},"query-input":"required name=search_term_string"}],"inLanguage":"en-US"}]}},"entry":{"cats":{"disciplines":[],"big_cats":[],"sub_cats":[]},"entry":{"":null,"status":"paid","winner_title":"frenak+jullien - Cardin Julien - m+mathieu holdrinet","winner_prize_lang":"fr","title_translatable":false,"title_en":"","title_fr":"","releve_award":false,"releve_award_cv":false,"collaboration":false,"collaboration_firms":false,"other_firms":[{"name":"frenak+jullien","website":"www.frenak-jullien.com","category":"","category_tax":2744},{"name":"Cardin Julien","website":"www.cardinjulien.com","category":"","category_tax":2744},{"name":"m+mathieu holdrinet","website":"www.mplus-archi.eu","category":"","category_tax":2744},{"name":"","website":"","category":"","category_tax":false},{"name":"","website":"","category":"","category_tax":false},{"name":"","website":"","category":"","category_tax":false},{"name":"","website":"","category":"","category_tax":false},{"name":"","website":"","category":"","category_tax":false},{"name":"","website":"","category":"","category_tax":false}],"owner":{"name":"UNISTRA - Universit\u00e9 de Strasbourg","confidential":false,"website":"www.unistra.fr","contact_name":"","email":"","phone":""},"address":{"address":"","city":"Strasbourg","region":"","province":"","country":"FR","postal_code":""},"logos":[{"image":false,"file":false},{"image":false,"file":false},{"image":false,"file":false}],"use_logo":false,"designers":[{"name":"Catherine Frenak et B\u00e9atrice Jullien","credit":"n\/d","image":{"ID":130586,"id":130586,"title":"CatherineFrenak_B\u00e9atriceJullien","filename":"CatherineFrenakBatriceJullien-scaled.jpg","filesize":524777,"url":"https:\/\/d2q6z78khxmx42.cloudfront.net\/2024\/03\/CatherineFrenakBatriceJullien-scaled.jpg","link":"https:\/\/int.design\/fr\/projets\/planetarium-du-jardin-des-sciences-de-luniversite-de-strasbourg\/catherinefrenak_beatricejullien\/","alt":"","author":"1675","description":"","caption":"","name":"catherinefrenak_beatricejullien","status":"inherit","uploaded_to":121470,"date":"2024-03-26 13:42:12","modified":"2024-03-26 13:47:01","menu_order":0,"mime_type":"image\/jpeg","type":"image","subtype":"jpeg","icon":"https:\/\/int.design\/wp-includes\/images\/media\/default.png","width":1707,"height":2560,"sizes":{"thumbnail":"https:\/\/d2q6z78khxmx42.cloudfront.net\/2024\/03\/CatherineFrenakBatriceJullien-150x150.jpg","thumbnail-width":150,"thumbnail-height":150,"medium":"https:\/\/d2q6z78khxmx42.cloudfront.net\/2024\/03\/CatherineFrenakBatriceJullien-200x300.jpg","medium-width":200,"medium-height":300,"medium_large":"https:\/\/d2q6z78khxmx42.cloudfront.net\/2024\/03\/CatherineFrenakBatriceJullien-768x1152.jpg","medium_large-width":768,"medium_large-height":1152,"large":"https:\/\/d2q6z78khxmx42.cloudfront.net\/2024\/03\/CatherineFrenakBatriceJullien-683x1024.jpg","large-width":683,"large-height":1024,"1536x1536":"https:\/\/d2q6z78khxmx42.cloudfront.net\/2024\/03\/CatherineFrenakBatriceJullien-1024x1536.jpg","1536x1536-width":1024,"1536x1536-height":1536,"2048x2048":"https:\/\/d2q6z78khxmx42.cloudfront.net\/2024\/03\/CatherineFrenakBatriceJullien-1365x2048.jpg","2048x2048-width":1365,"2048x2048-height":2048,"article":"https:\/\/d2q6z78khxmx42.cloudfront.net\/2024\/03\/CatherineFrenakBatriceJullien-960x540.jpg","article-width":960,"article-height":540,"banner":"https:\/\/d2q6z78khxmx42.cloudfront.net\/2024\/03\/CatherineFrenakBatriceJullien-1920x2880.jpg","banner-width":1920,"banner-height":2880,"block":"https:\/\/d2q6z78khxmx42.cloudfront.net\/2024\/03\/CatherineFrenakBatriceJullien-900x680.jpg","block-width":900,"block-height":680,"card":"https:\/\/d2q6z78khxmx42.cloudfront.net\/2024\/03\/CatherineFrenakBatriceJullien-560x495.jpg","card-width":560,"card-height":495,"card-thumbnail":"https:\/\/d2q6z78khxmx42.cloudfront.net\/2024\/03\/CatherineFrenakBatriceJullien-450x340.jpg","card-thumbnail-width":450,"card-thumbnail-height":340,"conference":"https:\/\/d2q6z78khxmx42.cloudfront.net\/2024\/03\/CatherineFrenakBatriceJullien-560x250.jpg","conference-width":560,"conference-height":250,"contest":"https:\/\/d2q6z78khxmx42.cloudfront.net\/2024\/03\/CatherineFrenakBatriceJullien-960x400.jpg","contest-width":960,"contest-height":400,"cta":"https:\/\/d2q6z78khxmx42.cloudfront.net\/2024\/03\/CatherineFrenakBatriceJullien-415x170.jpg","cta-width":415,"cta-height":170,"exhibitor":"https:\/\/d2q6z78khxmx42.cloudfront.net\/2024\/03\/CatherineFrenakBatriceJullien-560x560.jpg","exhibitor-width":560,"exhibitor-height":560,"gallery":"https:\/\/d2q6z78khxmx42.cloudfront.net\/2024\/03\/CatherineFrenakBatriceJullien-287x430.jpg","gallery-width":287,"gallery-height":430,"logo":"https:\/\/d2q6z78khxmx42.cloudfront.net\/2024\/03\/CatherineFrenakBatriceJullien-67x100.jpg","logo-width":67,"logo-height":100,"masonry":"https:\/\/d2q6z78khxmx42.cloudfront.net\/2024\/03\/CatherineFrenakBatriceJullien-550x825.jpg","masonry-width":550,"masonry-height":825,"modal":"https:\/\/d2q6z78khxmx42.cloudfront.net\/2024\/03\/CatherineFrenakBatriceJullien-1280x1920.jpg","modal-width":1280,"modal-height":1920,"number":"https:\/\/d2q6z78khxmx42.cloudfront.net\/2024\/03\/U2nRf5e7-CatherineFrenakBatriceJullien-287x430.jpg","number-width":287,"number-height":430,"partner":"https:\/\/d2q6z78khxmx42.cloudfront.net\/2024\/03\/CatherineFrenakBatriceJullien-140x210.jpg","partner-width":140,"partner-height":210,"ranking":"https:\/\/d2q6z78khxmx42.cloudfront.net\/2024\/03\/U2nRf5e7-CatherineFrenakBatriceJullien-960x540.jpg","ranking-width":960,"ranking-height":540,"schedule":"https:\/\/d2q6z78khxmx42.cloudfront.net\/2024\/03\/CatherineFrenakBatriceJullien-960x360.jpg","schedule-width":960,"schedule-height":360,"slideshow":"https:\/\/d2q6z78khxmx42.cloudfront.net\/2024\/03\/CatherineFrenakBatriceJullien-453x680.jpg","slideshow-width":453,"slideshow-height":680}},"file":false},{"name":"Jean-Fran\u00e7ois Julien","credit":"Fr\u00e9d\u00e9ric Bouchard","image":{"ID":130590,"id":130590,"title":"JULIEN_JF_chemise_HR","filename":"JULIENJFchemiseHR.png","filesize":6457338,"url":"https:\/\/d2q6z78khxmx42.cloudfront.net\/2024\/03\/JULIENJFchemiseHR.png","link":"https:\/\/int.design\/fr\/projets\/planetarium-du-jardin-des-sciences-de-luniversite-de-strasbourg\/julien_jf_chemise_hr-2\/","alt":"","author":"1675","description":"","caption":"","name":"julien_jf_chemise_hr-2","status":"inherit","uploaded_to":121470,"date":"2024-03-26 13:44:58","modified":"2024-03-26 13:47:01","menu_order":0,"mime_type":"image\/png","type":"image","subtype":"png","icon":"https:\/\/int.design\/wp-includes\/images\/media\/default.png","width":3714,"height":5200,"sizes":{"thumbnail":"https:\/\/d2q6z78khxmx42.cloudfront.net\/2024\/03\/JULIENJFchemiseHR-150x150.png","thumbnail-width":150,"thumbnail-height":150,"medium":"https:\/\/d2q6z78khxmx42.cloudfront.net\/2024\/03\/JULIENJFchemiseHR-214x300.png","medium-width":214,"medium-height":300,"medium_large":"https:\/\/d2q6z78khxmx42.cloudfront.net\/2024\/03\/JULIENJFchemiseHR-768x1075.png","medium_large-width":768,"medium_large-height":1075,"large":"https:\/\/d2q6z78khxmx42.cloudfront.net\/2024\/03\/JULIENJFchemiseHR-731x1024.png","large-width":731,"large-height":1024,"1536x1536":"https:\/\/d2q6z78khxmx42.cloudfront.net\/2024\/03\/JULIENJFchemiseHR-1097x1536.png","1536x1536-width":1097,"1536x1536-height":1536,"2048x2048":"https:\/\/d2q6z78khxmx42.cloudfront.net\/2024\/03\/JULIENJFchemiseHR-1463x2048.png","2048x2048-width":1463,"2048x2048-height":2048,"article":"https:\/\/d2q6z78khxmx42.cloudfront.net\/2024\/03\/JULIENJFchemiseHR-960x540.png","article-width":960,"article-height":540,"banner":"https:\/\/d2q6z78khxmx42.cloudfront.net\/2024\/03\/JULIENJFchemiseHR-1920x2688.png","banner-width":1920,"banner-height":2688,"block":"https:\/\/d2q6z78khxmx42.cloudfront.net\/2024\/03\/JULIENJFchemiseHR-900x680.png","block-width":900,"block-height":680,"card":"https:\/\/d2q6z78khxmx42.cloudfront.net\/2024\/03\/JULIENJFchemiseHR-560x495.png","card-width":560,"card-height":495,"card-thumbnail":"https:\/\/d2q6z78khxmx42.cloudfront.net\/2024\/03\/JULIENJFchemiseHR-450x340.png","card-thumbnail-width":450,"card-thumbnail-height":340,"conference":"https:\/\/d2q6z78khxmx42.cloudfront.net\/2024\/03\/JULIENJFchemiseHR-560x250.png","conference-width":560,"conference-height":250,"contest":"https:\/\/d2q6z78khxmx42.cloudfront.net\/2024\/03\/JULIENJFchemiseHR-960x400.png","contest-width":960,"contest-height":400,"cta":"https:\/\/d2q6z78khxmx42.cloudfront.net\/2024\/03\/JULIENJFchemiseHR-415x170.png","cta-width":415,"cta-height":170,"exhibitor":"https:\/\/d2q6z78khxmx42.cloudfront.net\/2024\/03\/JULIENJFchemiseHR-560x560.png","exhibitor-width":560,"exhibitor-height":560,"gallery":"https:\/\/d2q6z78khxmx42.cloudfront.net\/2024\/03\/JULIENJFchemiseHR-307x430.png","gallery-width":307,"gallery-height":430,"logo":"https:\/\/d2q6z78khxmx42.cloudfront.net\/2024\/03\/JULIENJFchemiseHR-71x100.png","logo-width":71,"logo-height":100,"masonry":"https:\/\/d2q6z78khxmx42.cloudfront.net\/2024\/03\/JULIENJFchemiseHR-550x770.png","masonry-width":550,"masonry-height":770,"modal":"https:\/\/d2q6z78khxmx42.cloudfront.net\/2024\/03\/JULIENJFchemiseHR-1371x1920.png","modal-width":1371,"modal-height":1920,"number":"https:\/\/d2q6z78khxmx42.cloudfront.net\/2024\/03\/nPAOlwRH-JULIENJFchemiseHR-307x430.png","number-width":307,"number-height":430,"partner":"https:\/\/d2q6z78khxmx42.cloudfront.net\/2024\/03\/JULIENJFchemiseHR-150x210.png","partner-width":150,"partner-height":210,"ranking":"https:\/\/d2q6z78khxmx42.cloudfront.net\/2024\/03\/nPAOlwRH-JULIENJFchemiseHR-960x540.png","ranking-width":960,"ranking-height":540,"schedule":"https:\/\/d2q6z78khxmx42.cloudfront.net\/2024\/03\/JULIENJFchemiseHR-960x360.png","schedule-width":960,"schedule-height":360,"slideshow":"https:\/\/d2q6z78khxmx42.cloudfront.net\/2024\/03\/JULIENJFchemiseHR-486x680.png","slideshow-width":486,"slideshow-height":680}},"file":false},{"name":"Mathieu Holdrinet","credit":"n\/d","image":{"ID":130591,"id":130591,"title":"Mathieu_Holdrinet","filename":"MathieuHoldrinet.jpg","filesize":1204815,"url":"https:\/\/d2q6z78khxmx42.cloudfront.net\/2024\/03\/MathieuHoldrinet.jpg","link":"https:\/\/int.design\/fr\/projets\/planetarium-du-jardin-des-sciences-de-luniversite-de-strasbourg\/mathieu_holdrinet\/","alt":"","author":"1675","description":"","caption":"","name":"mathieu_holdrinet","status":"inherit","uploaded_to":121470,"date":"2024-03-26 13:46:21","modified":"2024-03-26 13:47:01","menu_order":0,"mime_type":"image\/jpeg","type":"image","subtype":"jpeg","icon":"https:\/\/int.design\/wp-includes\/images\/media\/default.png","width":1438,"height":1438,"sizes":{"thumbnail":"https:\/\/d2q6z78khxmx42.cloudfront.net\/2024\/03\/MathieuHoldrinet-150x150.jpg","thumbnail-width":150,"thumbnail-height":150,"medium":"https:\/\/d2q6z78khxmx42.cloudfront.net\/2024\/03\/MathieuHoldrinet-300x300.jpg","medium-width":300,"medium-height":300,"medium_large":"https:\/\/d2q6z78khxmx42.cloudfront.net\/2024\/03\/MathieuHoldrinet-768x768.jpg","medium_large-width":768,"medium_large-height":768,"large":"https:\/\/d2q6z78khxmx42.cloudfront.net\/2024\/03\/MathieuHoldrinet-1024x1024.jpg","large-width":1024,"large-height":1024,"1536x1536":"https:\/\/d2q6z78khxmx42.cloudfront.net\/2024\/03\/MathieuHoldrinet.jpg","1536x1536-width":1438,"1536x1536-height":1438,"2048x2048":"https:\/\/d2q6z78khxmx42.cloudfront.net\/2024\/03\/MathieuHoldrinet.jpg","2048x2048-width":1438,"2048x2048-height":1438,"article":"https:\/\/d2q6z78khxmx42.cloudfront.net\/2024\/03\/MathieuHoldrinet-960x540.jpg","article-width":960,"article-height":540,"banner":"https:\/\/d2q6z78khxmx42.cloudfront.net\/2024\/03\/MathieuHoldrinet.jpg","banner-width":1438,"banner-height":1438,"block":"https:\/\/d2q6z78khxmx42.cloudfront.net\/2024\/03\/MathieuHoldrinet-900x680.jpg","block-width":900,"block-height":680,"card":"https:\/\/d2q6z78khxmx42.cloudfront.net\/2024\/03\/MathieuHoldrinet-560x495.jpg","card-width":560,"card-height":495,"card-thumbnail":"https:\/\/d2q6z78khxmx42.cloudfront.net\/2024\/03\/MathieuHoldrinet-450x340.jpg","card-thumbnail-width":450,"card-thumbnail-height":340,"conference":"https:\/\/d2q6z78khxmx42.cloudfront.net\/2024\/03\/MathieuHoldrinet-560x250.jpg","conference-width":560,"conference-height":250,"contest":"https:\/\/d2q6z78khxmx42.cloudfront.net\/2024\/03\/MathieuHoldrinet-960x400.jpg","contest-width":960,"contest-height":400,"cta":"https:\/\/d2q6z78khxmx42.cloudfront.net\/2024\/03\/MathieuHoldrinet-415x170.jpg","cta-width":415,"cta-height":170,"exhibitor":"https:\/\/d2q6z78khxmx42.cloudfront.net\/2024\/03\/MathieuHoldrinet-560x560.jpg","exhibitor-width":560,"exhibitor-height":560,"gallery":"https:\/\/d2q6z78khxmx42.cloudfront.net\/2024\/03\/MathieuHoldrinet-430x430.jpg","gallery-width":430,"gallery-height":430,"logo":"https:\/\/d2q6z78khxmx42.cloudfront.net\/2024\/03\/MathieuHoldrinet-100x100.jpg","logo-width":100,"logo-height":100,"masonry":"https:\/\/d2q6z78khxmx42.cloudfront.net\/2024\/03\/MathieuHoldrinet-550x550.jpg","masonry-width":550,"masonry-height":550,"modal":"https:\/\/d2q6z78khxmx42.cloudfront.net\/2024\/03\/MathieuHoldrinet.jpg","modal-width":1438,"modal-height":1438,"number":"https:\/\/d2q6z78khxmx42.cloudfront.net\/2024\/03\/iOa0h1ZL-MathieuHoldrinet-430x430.jpg","number-width":430,"number-height":430,"partner":"https:\/\/d2q6z78khxmx42.cloudfront.net\/2024\/03\/MathieuHoldrinet-210x210.jpg","partner-width":210,"partner-height":210,"ranking":"https:\/\/d2q6z78khxmx42.cloudfront.net\/2024\/03\/iOa0h1ZL-MathieuHoldrinet-960x540.jpg","ranking-width":960,"ranking-height":540,"schedule":"https:\/\/d2q6z78khxmx42.cloudfront.net\/2024\/03\/MathieuHoldrinet-960x360.jpg","schedule-width":960,"schedule-height":360,"slideshow":"https:\/\/d2q6z78khxmx42.cloudfront.net\/2024\/03\/MathieuHoldrinet-680x680.jpg","slideshow-width":680,"slideshow-height":680}},"file":false}],"cover":[{"categories":[3662,3627],"credit":"Maxime Delvaux","image":{"ID":132229,"id":132229,"title":"Planetarium_Jardin des sciences_001\u00a9MaximeDelvaux","filename":"PlanetariumJardindessciences001MaximeDelvaux-scaled.jpg","filesize":848938,"url":"https:\/\/d2q6z78khxmx42.cloudfront.net\/2024\/03\/PlanetariumJardindessciences001MaximeDelvaux-scaled.jpg","link":"https:\/\/int.design\/fr\/projets\/planetarium-du-jardin-des-sciences-de-luniversite-de-strasbourg\/planetarium_jardin-des-sciences_001maximedelvaux\/","alt":"","author":"1675","description":"Plan\u00e9tarium du Jardin des sciences de l\u2019Universit\u00e9 de Strasbourg frenak+jullien - Cardin Julien - m+mathieu holdrinet         ","caption":"","name":"planetarium_jardin-des-sciences_001maximedelvaux","status":"inherit","uploaded_to":121470,"date":"2024-03-28 15:33:28","modified":"2024-08-20 21:15:46","menu_order":0,"mime_type":"image\/jpeg","type":"image","subtype":"jpeg","icon":"https:\/\/int.design\/wp-includes\/images\/media\/default.png","width":2560,"height":2048,"sizes":{"thumbnail":"https:\/\/d2q6z78khxmx42.cloudfront.net\/2024\/03\/PlanetariumJardindessciences001MaximeDelvaux-150x150.jpg","thumbnail-width":150,"thumbnail-height":150,"medium":"https:\/\/d2q6z78khxmx42.cloudfront.net\/2024\/03\/PlanetariumJardindessciences001MaximeDelvaux-300x240.jpg","medium-width":300,"medium-height":240,"medium_large":"https:\/\/d2q6z78khxmx42.cloudfront.net\/2024\/03\/PlanetariumJardindessciences001MaximeDelvaux-768x614.jpg","medium_large-width":768,"medium_large-height":614,"large":"https:\/\/d2q6z78khxmx42.cloudfront.net\/2024\/03\/PlanetariumJardindessciences001MaximeDelvaux-1024x819.jpg","large-width":1024,"large-height":819,"1536x1536":"https:\/\/d2q6z78khxmx42.cloudfront.net\/2024\/03\/PlanetariumJardindessciences001MaximeDelvaux-1536x1229.jpg","1536x1536-width":1536,"1536x1536-height":1229,"2048x2048":"https:\/\/d2q6z78khxmx42.cloudfront.net\/2024\/03\/PlanetariumJardindessciences001MaximeDelvaux-2048x1638.jpg","2048x2048-width":2048,"2048x2048-height":1638,"article":"https:\/\/d2q6z78khxmx42.cloudfront.net\/2024\/03\/PlanetariumJardindessciences001MaximeDelvaux-960x540.jpg","article-width":960,"article-height":540,"banner":"https:\/\/d2q6z78khxmx42.cloudfront.net\/2024\/03\/PlanetariumJardindessciences001MaximeDelvaux-1920x1536.jpg","banner-width":1920,"banner-height":1536,"block":"https:\/\/d2q6z78khxmx42.cloudfront.net\/2024\/03\/PlanetariumJardindessciences001MaximeDelvaux-900x680.jpg","block-width":900,"block-height":680,"card":"https:\/\/d2q6z78khxmx42.cloudfront.net\/2024\/03\/PlanetariumJardindessciences001MaximeDelvaux-560x495.jpg","card-width":560,"card-height":495,"card-thumbnail":"https:\/\/d2q6z78khxmx42.cloudfront.net\/2024\/03\/PlanetariumJardindessciences001MaximeDelvaux-450x340.jpg","card-thumbnail-width":450,"card-thumbnail-height":340,"conference":"https:\/\/d2q6z78khxmx42.cloudfront.net\/2024\/03\/PlanetariumJardindessciences001MaximeDelvaux-560x250.jpg","conference-width":560,"conference-height":250,"contest":"https:\/\/d2q6z78khxmx42.cloudfront.net\/2024\/03\/PlanetariumJardindessciences001MaximeDelvaux-960x400.jpg","contest-width":960,"contest-height":400,"cta":"https:\/\/d2q6z78khxmx42.cloudfront.net\/2024\/03\/PlanetariumJardindessciences001MaximeDelvaux-415x170.jpg","cta-width":415,"cta-height":170,"exhibitor":"https:\/\/d2q6z78khxmx42.cloudfront.net\/2024\/03\/PlanetariumJardindessciences001MaximeDelvaux-560x560.jpg","exhibitor-width":560,"exhibitor-height":560,"gallery":"https:\/\/d2q6z78khxmx42.cloudfront.net\/2024\/03\/PlanetariumJardindessciences001MaximeDelvaux-538x430.jpg","gallery-width":538,"gallery-height":430,"logo":"https:\/\/d2q6z78khxmx42.cloudfront.net\/2024\/03\/PlanetariumJardindessciences001MaximeDelvaux-125x100.jpg","logo-width":125,"logo-height":100,"masonry":"https:\/\/d2q6z78khxmx42.cloudfront.net\/2024\/03\/PlanetariumJardindessciences001MaximeDelvaux-550x440.jpg","masonry-width":550,"masonry-height":440,"modal":"https:\/\/d2q6z78khxmx42.cloudfront.net\/2024\/03\/w1z6ecNX-PlanetariumJardindessciences001MaximeDelvaux-1920x1536.jpg","modal-width":1920,"modal-height":1536,"number":"https:\/\/d2q6z78khxmx42.cloudfront.net\/2024\/03\/w1z6ecNX-PlanetariumJardindessciences001MaximeDelvaux-538x430.jpg","number-width":538,"number-height":430,"partner":"https:\/\/d2q6z78khxmx42.cloudfront.net\/2024\/03\/PlanetariumJardindessciences001MaximeDelvaux-263x210.jpg","partner-width":263,"partner-height":210,"ranking":"https:\/\/d2q6z78khxmx42.cloudfront.net\/2024\/03\/w1z6ecNX-PlanetariumJardindessciences001MaximeDelvaux-960x540.jpg","ranking-width":960,"ranking-height":540,"schedule":"https:\/\/d2q6z78khxmx42.cloudfront.net\/2024\/03\/PlanetariumJardindessciences001MaximeDelvaux-960x360.jpg","schedule-width":960,"schedule-height":360,"slideshow":"https:\/\/d2q6z78khxmx42.cloudfront.net\/2024\/03\/PlanetariumJardindessciences001MaximeDelvaux-850x680.jpg","slideshow-width":850,"slideshow-height":680}},"filters":false,"suppliers":false,"attachment_category":{"997":"Architecture","1001":"B\u00e2timent public","83":"Bois","99":"Culture\/divertissement","65":"Lieu design","993":"Plus"}}],"images":[{"categories":[3662,3627],"credit":"Maxime Delvaux","image":{"ID":132230,"id":132230,"title":"Planetarium_Jardin des sciences_002\u00a9MaximeDelvaux","filename":"PlanetariumJardindessciences002MaximeDelvaux-scaled.jpg","filesize":1150932,"url":"https:\/\/d2q6z78khxmx42.cloudfront.net\/2024\/03\/PlanetariumJardindessciences002MaximeDelvaux-scaled.jpg","link":"https:\/\/int.design\/fr\/projets\/planetarium-du-jardin-des-sciences-de-luniversite-de-strasbourg\/planetarium_jardin-des-sciences_002maximedelvaux\/","alt":"","author":"1675","description":"Plan\u00e9tarium du Jardin des sciences de l\u2019Universit\u00e9 de Strasbourg frenak+jullien - Cardin Julien - m+mathieu holdrinet         ","caption":"","name":"planetarium_jardin-des-sciences_002maximedelvaux","status":"inherit","uploaded_to":121470,"date":"2024-03-28 15:35:54","modified":"2024-08-20 21:15:46","menu_order":0,"mime_type":"image\/jpeg","type":"image","subtype":"jpeg","icon":"https:\/\/int.design\/wp-includes\/images\/media\/default.png","width":2560,"height":2048,"sizes":{"thumbnail":"https:\/\/d2q6z78khxmx42.cloudfront.net\/2024\/03\/PlanetariumJardindessciences002MaximeDelvaux-150x150.jpg","thumbnail-width":150,"thumbnail-height":150,"medium":"https:\/\/d2q6z78khxmx42.cloudfront.net\/2024\/03\/PlanetariumJardindessciences002MaximeDelvaux-300x240.jpg","medium-width":300,"medium-height":240,"medium_large":"https:\/\/d2q6z78khxmx42.cloudfront.net\/2024\/03\/PlanetariumJardindessciences002MaximeDelvaux-768x614.jpg","medium_large-width":768,"medium_large-height":614,"large":"https:\/\/d2q6z78khxmx42.cloudfront.net\/2024\/03\/PlanetariumJardindessciences002MaximeDelvaux-1024x819.jpg","large-width":1024,"large-height":819,"1536x1536":"https:\/\/d2q6z78khxmx42.cloudfront.net\/2024\/03\/PlanetariumJardindessciences002MaximeDelvaux-1536x1229.jpg","1536x1536-width":1536,"1536x1536-height":1229,"2048x2048":"https:\/\/d2q6z78khxmx42.cloudfront.net\/2024\/03\/PlanetariumJardindessciences002MaximeDelvaux-2048x1638.jpg","2048x2048-width":2048,"2048x2048-height":1638,"article":"https:\/\/d2q6z78khxmx42.cloudfront.net\/2024\/03\/PlanetariumJardindessciences002MaximeDelvaux-960x540.jpg","article-width":960,"article-height":540,"banner":"https:\/\/d2q6z78khxmx42.cloudfront.net\/2024\/03\/PlanetariumJardindessciences002MaximeDelvaux-1920x1536.jpg","banner-width":1920,"banner-height":1536,"block":"https:\/\/d2q6z78khxmx42.cloudfront.net\/2024\/03\/PlanetariumJardindessciences002MaximeDelvaux-900x680.jpg","block-width":900,"block-height":680,"card":"https:\/\/d2q6z78khxmx42.cloudfront.net\/2024\/03\/PlanetariumJardindessciences002MaximeDelvaux-560x495.jpg","card-width":560,"card-height":495,"card-thumbnail":"https:\/\/d2q6z78khxmx42.cloudfront.net\/2024\/03\/PlanetariumJardindessciences002MaximeDelvaux-450x340.jpg","card-thumbnail-width":450,"card-thumbnail-height":340,"conference":"https:\/\/d2q6z78khxmx42.cloudfront.net\/2024\/03\/PlanetariumJardindessciences002MaximeDelvaux-560x250.jpg","conference-width":560,"conference-height":250,"contest":"https:\/\/d2q6z78khxmx42.cloudfront.net\/2024\/03\/PlanetariumJardindessciences002MaximeDelvaux-960x400.jpg","contest-width":960,"contest-height":400,"cta":"https:\/\/d2q6z78khxmx42.cloudfront.net\/2024\/03\/PlanetariumJardindessciences002MaximeDelvaux-415x170.jpg","cta-width":415,"cta-height":170,"exhibitor":"https:\/\/d2q6z78khxmx42.cloudfront.net\/2024\/03\/PlanetariumJardindessciences002MaximeDelvaux-560x560.jpg","exhibitor-width":560,"exhibitor-height":560,"gallery":"https:\/\/d2q6z78khxmx42.cloudfront.net\/2024\/03\/PlanetariumJardindessciences002MaximeDelvaux-538x430.jpg","gallery-width":538,"gallery-height":430,"logo":"https:\/\/d2q6z78khxmx42.cloudfront.net\/2024\/03\/PlanetariumJardindessciences002MaximeDelvaux-125x100.jpg","logo-width":125,"logo-height":100,"masonry":"https:\/\/d2q6z78khxmx42.cloudfront.net\/2024\/03\/PlanetariumJardindessciences002MaximeDelvaux-550x440.jpg","masonry-width":550,"masonry-height":440,"modal":"https:\/\/d2q6z78khxmx42.cloudfront.net\/2024\/03\/lvWU5AIX-PlanetariumJardindessciences002MaximeDelvaux-1920x1536.jpg","modal-width":1920,"modal-height":1536,"number":"https:\/\/d2q6z78khxmx42.cloudfront.net\/2024\/03\/lvWU5AIX-PlanetariumJardindessciences002MaximeDelvaux-538x430.jpg","number-width":538,"number-height":430,"partner":"https:\/\/d2q6z78khxmx42.cloudfront.net\/2024\/03\/PlanetariumJardindessciences002MaximeDelvaux-263x210.jpg","partner-width":263,"partner-height":210,"ranking":"https:\/\/d2q6z78khxmx42.cloudfront.net\/2024\/03\/lvWU5AIX-PlanetariumJardindessciences002MaximeDelvaux-960x540.jpg","ranking-width":960,"ranking-height":540,"schedule":"https:\/\/d2q6z78khxmx42.cloudfront.net\/2024\/03\/PlanetariumJardindessciences002MaximeDelvaux-960x360.jpg","schedule-width":960,"schedule-height":360,"slideshow":"https:\/\/d2q6z78khxmx42.cloudfront.net\/2024\/03\/PlanetariumJardindessciences002MaximeDelvaux-850x680.jpg","slideshow-width":850,"slideshow-height":680}},"filters":false,"suppliers":false,"attachment_category":[]},{"categories":[3662,3627],"credit":"Maxime Delvaux","image":{"ID":132231,"id":132231,"title":"Planetarium_Jardin des sciences_003\u00a9MaximeDelvaux","filename":"PlanetariumJardindessciences003MaximeDelvaux-scaled.jpg","filesize":1179401,"url":"https:\/\/d2q6z78khxmx42.cloudfront.net\/2024\/03\/PlanetariumJardindessciences003MaximeDelvaux-scaled.jpg","link":"https:\/\/int.design\/fr\/projets\/planetarium-du-jardin-des-sciences-de-luniversite-de-strasbourg\/planetarium_jardin-des-sciences_003maximedelvaux\/","alt":"","author":"1675","description":"Plan\u00e9tarium du Jardin des sciences de l\u2019Universit\u00e9 de Strasbourg frenak+jullien - Cardin Julien - m+mathieu holdrinet         ","caption":"","name":"planetarium_jardin-des-sciences_003maximedelvaux","status":"inherit","uploaded_to":121470,"date":"2024-03-28 15:36:14","modified":"2024-08-20 21:15:46","menu_order":0,"mime_type":"image\/jpeg","type":"image","subtype":"jpeg","icon":"https:\/\/int.design\/wp-includes\/images\/media\/default.png","width":2560,"height":2048,"sizes":{"thumbnail":"https:\/\/d2q6z78khxmx42.cloudfront.net\/2024\/03\/PlanetariumJardindessciences003MaximeDelvaux-150x150.jpg","thumbnail-width":150,"thumbnail-height":150,"medium":"https:\/\/d2q6z78khxmx42.cloudfront.net\/2024\/03\/PlanetariumJardindessciences003MaximeDelvaux-300x240.jpg","medium-width":300,"medium-height":240,"medium_large":"https:\/\/d2q6z78khxmx42.cloudfront.net\/2024\/03\/PlanetariumJardindessciences003MaximeDelvaux-768x614.jpg","medium_large-width":768,"medium_large-height":614,"large":"https:\/\/d2q6z78khxmx42.cloudfront.net\/2024\/03\/PlanetariumJardindessciences003MaximeDelvaux-1024x819.jpg","large-width":1024,"large-height":819,"1536x1536":"https:\/\/d2q6z78khxmx42.cloudfront.net\/2024\/03\/PlanetariumJardindessciences003MaximeDelvaux-1536x1229.jpg","1536x1536-width":1536,"1536x1536-height":1229,"2048x2048":"https:\/\/d2q6z78khxmx42.cloudfront.net\/2024\/03\/PlanetariumJardindessciences003MaximeDelvaux-2048x1638.jpg","2048x2048-width":2048,"2048x2048-height":1638,"article":"https:\/\/d2q6z78khxmx42.cloudfront.net\/2024\/03\/PlanetariumJardindessciences003MaximeDelvaux-960x540.jpg","article-width":960,"article-height":540,"banner":"https:\/\/d2q6z78khxmx42.cloudfront.net\/2024\/03\/PlanetariumJardindessciences003MaximeDelvaux-1920x1536.jpg","banner-width":1920,"banner-height":1536,"block":"https:\/\/d2q6z78khxmx42.cloudfront.net\/2024\/03\/PlanetariumJardindessciences003MaximeDelvaux-900x680.jpg","block-width":900,"block-height":680,"card":"https:\/\/d2q6z78khxmx42.cloudfront.net\/2024\/03\/PlanetariumJardindessciences003MaximeDelvaux-560x495.jpg","card-width":560,"card-height":495,"card-thumbnail":"https:\/\/d2q6z78khxmx42.cloudfront.net\/2024\/03\/PlanetariumJardindessciences003MaximeDelvaux-450x340.jpg","card-thumbnail-width":450,"card-thumbnail-height":340,"conference":"https:\/\/d2q6z78khxmx42.cloudfront.net\/2024\/03\/PlanetariumJardindessciences003MaximeDelvaux-560x250.jpg","conference-width":560,"conference-height":250,"contest":"https:\/\/d2q6z78khxmx42.cloudfront.net\/2024\/03\/PlanetariumJardindessciences003MaximeDelvaux-960x400.jpg","contest-width":960,"contest-height":400,"cta":"https:\/\/d2q6z78khxmx42.cloudfront.net\/2024\/03\/PlanetariumJardindessciences003MaximeDelvaux-415x170.jpg","cta-width":415,"cta-height":170,"exhibitor":"https:\/\/d2q6z78khxmx42.cloudfront.net\/2024\/03\/PlanetariumJardindessciences003MaximeDelvaux-560x560.jpg","exhibitor-width":560,"exhibitor-height":560,"gallery":"https:\/\/d2q6z78khxmx42.cloudfront.net\/2024\/03\/PlanetariumJardindessciences003MaximeDelvaux-538x430.jpg","gallery-width":538,"gallery-height":430,"logo":"https:\/\/d2q6z78khxmx42.cloudfront.net\/2024\/03\/PlanetariumJardindessciences003MaximeDelvaux-125x100.jpg","logo-width":125,"logo-height":100,"masonry":"https:\/\/d2q6z78khxmx42.cloudfront.net\/2024\/03\/PlanetariumJardindessciences003MaximeDelvaux-550x440.jpg","masonry-width":550,"masonry-height":440,"modal":"https:\/\/d2q6z78khxmx42.cloudfront.net\/2024\/03\/WEwm0VdE-PlanetariumJardindessciences003MaximeDelvaux-1920x1536.jpg","modal-width":1920,"modal-height":1536,"number":"https:\/\/d2q6z78khxmx42.cloudfront.net\/2024\/03\/WEwm0VdE-PlanetariumJardindessciences003MaximeDelvaux-538x430.jpg","number-width":538,"number-height":430,"partner":"https:\/\/d2q6z78khxmx42.cloudfront.net\/2024\/03\/PlanetariumJardindessciences003MaximeDelvaux-263x210.jpg","partner-width":263,"partner-height":210,"ranking":"https:\/\/d2q6z78khxmx42.cloudfront.net\/2024\/03\/WEwm0VdE-PlanetariumJardindessciences003MaximeDelvaux-960x540.jpg","ranking-width":960,"ranking-height":540,"schedule":"https:\/\/d2q6z78khxmx42.cloudfront.net\/2024\/03\/PlanetariumJardindessciences003MaximeDelvaux-960x360.jpg","schedule-width":960,"schedule-height":360,"slideshow":"https:\/\/d2q6z78khxmx42.cloudfront.net\/2024\/03\/PlanetariumJardindessciences003MaximeDelvaux-850x680.jpg","slideshow-width":850,"slideshow-height":680}},"filters":false,"suppliers":false,"attachment_category":[]},{"categories":[3662,3627],"credit":"Maxime Delvaux","image":{"ID":132235,"id":132235,"title":"Planetarium_Jardin des sciences_004\u00a9MaximeDelvaux","filename":"6_PlanetariumJardindessciences004MaximeDelvaux-scaled.jpg","filesize":901055,"url":"https:\/\/d2q6z78khxmx42.cloudfront.net\/2024\/03\/6_PlanetariumJardindessciences004MaximeDelvaux-scaled.jpg","link":"https:\/\/int.design\/fr\/projets\/planetarium-du-jardin-des-sciences-de-luniversite-de-strasbourg\/planetarium_jardin-des-sciences_004maximedelvaux-2\/","alt":"","author":"1675","description":"Plan\u00e9tarium du Jardin des sciences de l\u2019Universit\u00e9 de Strasbourg frenak+jullien - Cardin Julien - m+mathieu holdrinet         ","caption":"","name":"planetarium_jardin-des-sciences_004maximedelvaux-2","status":"inherit","uploaded_to":121470,"date":"2024-03-28 15:36:38","modified":"2024-08-20 21:15:46","menu_order":0,"mime_type":"image\/jpeg","type":"image","subtype":"jpeg","icon":"https:\/\/int.design\/wp-includes\/images\/media\/default.png","width":2560,"height":2048,"sizes":{"thumbnail":"https:\/\/d2q6z78khxmx42.cloudfront.net\/2024\/03\/6_PlanetariumJardindessciences004MaximeDelvaux-150x150.jpg","thumbnail-width":150,"thumbnail-height":150,"medium":"https:\/\/d2q6z78khxmx42.cloudfront.net\/2024\/03\/6_PlanetariumJardindessciences004MaximeDelvaux-300x240.jpg","medium-width":300,"medium-height":240,"medium_large":"https:\/\/d2q6z78khxmx42.cloudfront.net\/2024\/03\/6_PlanetariumJardindessciences004MaximeDelvaux-768x614.jpg","medium_large-width":768,"medium_large-height":614,"large":"https:\/\/d2q6z78khxmx42.cloudfront.net\/2024\/03\/6_PlanetariumJardindessciences004MaximeDelvaux-1024x819.jpg","large-width":1024,"large-height":819,"1536x1536":"https:\/\/d2q6z78khxmx42.cloudfront.net\/2024\/03\/6_PlanetariumJardindessciences004MaximeDelvaux-1536x1229.jpg","1536x1536-width":1536,"1536x1536-height":1229,"2048x2048":"https:\/\/d2q6z78khxmx42.cloudfront.net\/2024\/03\/6_PlanetariumJardindessciences004MaximeDelvaux-2048x1638.jpg","2048x2048-width":2048,"2048x2048-height":1638,"article":"https:\/\/d2q6z78khxmx42.cloudfront.net\/2024\/03\/6_PlanetariumJardindessciences004MaximeDelvaux-960x540.jpg","article-width":960,"article-height":540,"banner":"https:\/\/d2q6z78khxmx42.cloudfront.net\/2024\/03\/6_PlanetariumJardindessciences004MaximeDelvaux-1920x1536.jpg","banner-width":1920,"banner-height":1536,"block":"https:\/\/d2q6z78khxmx42.cloudfront.net\/2024\/03\/6_PlanetariumJardindessciences004MaximeDelvaux-900x680.jpg","block-width":900,"block-height":680,"card":"https:\/\/d2q6z78khxmx42.cloudfront.net\/2024\/03\/6_PlanetariumJardindessciences004MaximeDelvaux-560x495.jpg","card-width":560,"card-height":495,"card-thumbnail":"https:\/\/d2q6z78khxmx42.cloudfront.net\/2024\/03\/6_PlanetariumJardindessciences004MaximeDelvaux-450x340.jpg","card-thumbnail-width":450,"card-thumbnail-height":340,"conference":"https:\/\/d2q6z78khxmx42.cloudfront.net\/2024\/03\/6_PlanetariumJardindessciences004MaximeDelvaux-560x250.jpg","conference-width":560,"conference-height":250,"contest":"https:\/\/d2q6z78khxmx42.cloudfront.net\/2024\/03\/6_PlanetariumJardindessciences004MaximeDelvaux-960x400.jpg","contest-width":960,"contest-height":400,"cta":"https:\/\/d2q6z78khxmx42.cloudfront.net\/2024\/03\/6_PlanetariumJardindessciences004MaximeDelvaux-415x170.jpg","cta-width":415,"cta-height":170,"exhibitor":"https:\/\/d2q6z78khxmx42.cloudfront.net\/2024\/03\/6_PlanetariumJardindessciences004MaximeDelvaux-560x560.jpg","exhibitor-width":560,"exhibitor-height":560,"gallery":"https:\/\/d2q6z78khxmx42.cloudfront.net\/2024\/03\/6_PlanetariumJardindessciences004MaximeDelvaux-538x430.jpg","gallery-width":538,"gallery-height":430,"logo":"https:\/\/d2q6z78khxmx42.cloudfront.net\/2024\/03\/6_PlanetariumJardindessciences004MaximeDelvaux-125x100.jpg","logo-width":125,"logo-height":100,"masonry":"https:\/\/d2q6z78khxmx42.cloudfront.net\/2024\/03\/6_PlanetariumJardindessciences004MaximeDelvaux-550x440.jpg","masonry-width":550,"masonry-height":440,"modal":"https:\/\/d2q6z78khxmx42.cloudfront.net\/2024\/03\/sLHlkp0M-6_PlanetariumJardindessciences004MaximeDelvaux-1920x1536.jpg","modal-width":1920,"modal-height":1536,"number":"https:\/\/d2q6z78khxmx42.cloudfront.net\/2024\/03\/sLHlkp0M-6_PlanetariumJardindessciences004MaximeDelvaux-538x430.jpg","number-width":538,"number-height":430,"partner":"https:\/\/d2q6z78khxmx42.cloudfront.net\/2024\/03\/6_PlanetariumJardindessciences004MaximeDelvaux-263x210.jpg","partner-width":263,"partner-height":210,"ranking":"https:\/\/d2q6z78khxmx42.cloudfront.net\/2024\/03\/sLHlkp0M-6_PlanetariumJardindessciences004MaximeDelvaux-960x540.jpg","ranking-width":960,"ranking-height":540,"schedule":"https:\/\/d2q6z78khxmx42.cloudfront.net\/2024\/03\/6_PlanetariumJardindessciences004MaximeDelvaux-960x360.jpg","schedule-width":960,"schedule-height":360,"slideshow":"https:\/\/d2q6z78khxmx42.cloudfront.net\/2024\/03\/6_PlanetariumJardindessciences004MaximeDelvaux-850x680.jpg","slideshow-width":850,"slideshow-height":680}},"filters":false,"suppliers":false,"attachment_category":[]},{"categories":[3662,3627],"credit":"Maxime Delvaux","image":{"ID":132233,"id":132233,"title":"Planetarium_Jardin des sciences_008\u00a9MaximeDelvaux","filename":"PlanetariumJardindessciences008MaximeDelvaux-scaled.jpg","filesize":1202498,"url":"https:\/\/d2q6z78khxmx42.cloudfront.net\/2024\/03\/PlanetariumJardindessciences008MaximeDelvaux-scaled.jpg","link":"https:\/\/int.design\/fr\/projets\/planetarium-du-jardin-des-sciences-de-luniversite-de-strasbourg\/planetarium_jardin-des-sciences_008maximedelvaux\/","alt":"","author":"1675","description":"Plan\u00e9tarium du Jardin des sciences de l\u2019Universit\u00e9 de Strasbourg frenak+jullien - Cardin Julien - m+mathieu holdrinet         ","caption":"","name":"planetarium_jardin-des-sciences_008maximedelvaux","status":"inherit","uploaded_to":121470,"date":"2024-03-28 15:36:22","modified":"2024-08-20 21:15:46","menu_order":0,"mime_type":"image\/jpeg","type":"image","subtype":"jpeg","icon":"https:\/\/int.design\/wp-includes\/images\/media\/default.png","width":2560,"height":2048,"sizes":{"thumbnail":"https:\/\/d2q6z78khxmx42.cloudfront.net\/2024\/03\/PlanetariumJardindessciences008MaximeDelvaux-150x150.jpg","thumbnail-width":150,"thumbnail-height":150,"medium":"https:\/\/d2q6z78khxmx42.cloudfront.net\/2024\/03\/PlanetariumJardindessciences008MaximeDelvaux-300x240.jpg","medium-width":300,"medium-height":240,"medium_large":"https:\/\/d2q6z78khxmx42.cloudfront.net\/2024\/03\/PlanetariumJardindessciences008MaximeDelvaux-768x614.jpg","medium_large-width":768,"medium_large-height":614,"large":"https:\/\/d2q6z78khxmx42.cloudfront.net\/2024\/03\/PlanetariumJardindessciences008MaximeDelvaux-1024x819.jpg","large-width":1024,"large-height":819,"1536x1536":"https:\/\/d2q6z78khxmx42.cloudfront.net\/2024\/03\/PlanetariumJardindessciences008MaximeDelvaux-1536x1229.jpg","1536x1536-width":1536,"1536x1536-height":1229,"2048x2048":"https:\/\/d2q6z78khxmx42.cloudfront.net\/2024\/03\/PlanetariumJardindessciences008MaximeDelvaux-2048x1638.jpg","2048x2048-width":2048,"2048x2048-height":1638,"article":"https:\/\/d2q6z78khxmx42.cloudfront.net\/2024\/03\/PlanetariumJardindessciences008MaximeDelvaux-960x540.jpg","article-width":960,"article-height":540,"banner":"https:\/\/d2q6z78khxmx42.cloudfront.net\/2024\/03\/PlanetariumJardindessciences008MaximeDelvaux-1920x1536.jpg","banner-width":1920,"banner-height":1536,"block":"https:\/\/d2q6z78khxmx42.cloudfront.net\/2024\/03\/PlanetariumJardindessciences008MaximeDelvaux-900x680.jpg","block-width":900,"block-height":680,"card":"https:\/\/d2q6z78khxmx42.cloudfront.net\/2024\/03\/PlanetariumJardindessciences008MaximeDelvaux-560x495.jpg","card-width":560,"card-height":495,"card-thumbnail":"https:\/\/d2q6z78khxmx42.cloudfront.net\/2024\/03\/PlanetariumJardindessciences008MaximeDelvaux-450x340.jpg","card-thumbnail-width":450,"card-thumbnail-height":340,"conference":"https:\/\/d2q6z78khxmx42.cloudfront.net\/2024\/03\/PlanetariumJardindessciences008MaximeDelvaux-560x250.jpg","conference-width":560,"conference-height":250,"contest":"https:\/\/d2q6z78khxmx42.cloudfront.net\/2024\/03\/PlanetariumJardindessciences008MaximeDelvaux-960x400.jpg","contest-width":960,"contest-height":400,"cta":"https:\/\/d2q6z78khxmx42.cloudfront.net\/2024\/03\/PlanetariumJardindessciences008MaximeDelvaux-415x170.jpg","cta-width":415,"cta-height":170,"exhibitor":"https:\/\/d2q6z78khxmx42.cloudfront.net\/2024\/03\/PlanetariumJardindessciences008MaximeDelvaux-560x560.jpg","exhibitor-width":560,"exhibitor-height":560,"gallery":"https:\/\/d2q6z78khxmx42.cloudfront.net\/2024\/03\/PlanetariumJardindessciences008MaximeDelvaux-538x430.jpg","gallery-width":538,"gallery-height":430,"logo":"https:\/\/d2q6z78khxmx42.cloudfront.net\/2024\/03\/PlanetariumJardindessciences008MaximeDelvaux-125x100.jpg","logo-width":125,"logo-height":100,"masonry":"https:\/\/d2q6z78khxmx42.cloudfront.net\/2024\/03\/PlanetariumJardindessciences008MaximeDelvaux-550x440.jpg","masonry-width":550,"masonry-height":440,"modal":"https:\/\/d2q6z78khxmx42.cloudfront.net\/2024\/03\/IIUmzJTU-PlanetariumJardindessciences008MaximeDelvaux-1920x1536.jpg","modal-width":1920,"modal-height":1536,"number":"https:\/\/d2q6z78khxmx42.cloudfront.net\/2024\/03\/IIUmzJTU-PlanetariumJardindessciences008MaximeDelvaux-538x430.jpg","number-width":538,"number-height":430,"partner":"https:\/\/d2q6z78khxmx42.cloudfront.net\/2024\/03\/PlanetariumJardindessciences008MaximeDelvaux-263x210.jpg","partner-width":263,"partner-height":210,"ranking":"https:\/\/d2q6z78khxmx42.cloudfront.net\/2024\/03\/IIUmzJTU-PlanetariumJardindessciences008MaximeDelvaux-960x540.jpg","ranking-width":960,"ranking-height":540,"schedule":"https:\/\/d2q6z78khxmx42.cloudfront.net\/2024\/03\/PlanetariumJardindessciences008MaximeDelvaux-960x360.jpg","schedule-width":960,"schedule-height":360,"slideshow":"https:\/\/d2q6z78khxmx42.cloudfront.net\/2024\/03\/PlanetariumJardindessciences008MaximeDelvaux-850x680.jpg","slideshow-width":850,"slideshow-height":680}},"filters":false,"suppliers":false,"attachment_category":[]},{"categories":[3662,3627],"credit":"Maxime Delvaux","image":{"ID":132236,"id":132236,"title":"Planetarium_Jardin des sciences_010\u00a9MaximeDelvaux","filename":"PlanetariumJardindessciences010MaximeDelvaux-scaled.jpg","filesize":514519,"url":"https:\/\/d2q6z78khxmx42.cloudfront.net\/2024\/03\/PlanetariumJardindessciences010MaximeDelvaux-scaled.jpg","link":"https:\/\/int.design\/fr\/projets\/planetarium-du-jardin-des-sciences-de-luniversite-de-strasbourg\/planetarium_jardin-des-sciences_010maximedelvaux\/","alt":"","author":"1675","description":"Plan\u00e9tarium du Jardin des sciences de l\u2019Universit\u00e9 de Strasbourg frenak+jullien - Cardin Julien - m+mathieu holdrinet         ","caption":"","name":"planetarium_jardin-des-sciences_010maximedelvaux","status":"inherit","uploaded_to":121470,"date":"2024-03-28 15:36:42","modified":"2024-08-20 21:15:46","menu_order":0,"mime_type":"image\/jpeg","type":"image","subtype":"jpeg","icon":"https:\/\/int.design\/wp-includes\/images\/media\/default.png","width":2048,"height":2560,"sizes":{"thumbnail":"https:\/\/d2q6z78khxmx42.cloudfront.net\/2024\/03\/PlanetariumJardindessciences010MaximeDelvaux-150x150.jpg","thumbnail-width":150,"thumbnail-height":150,"medium":"https:\/\/d2q6z78khxmx42.cloudfront.net\/2024\/03\/PlanetariumJardindessciences010MaximeDelvaux-240x300.jpg","medium-width":240,"medium-height":300,"medium_large":"https:\/\/d2q6z78khxmx42.cloudfront.net\/2024\/03\/PlanetariumJardindessciences010MaximeDelvaux-768x960.jpg","medium_large-width":768,"medium_large-height":960,"large":"https:\/\/d2q6z78khxmx42.cloudfront.net\/2024\/03\/PlanetariumJardindessciences010MaximeDelvaux-819x1024.jpg","large-width":819,"large-height":1024,"1536x1536":"https:\/\/d2q6z78khxmx42.cloudfront.net\/2024\/03\/PlanetariumJardindessciences010MaximeDelvaux-1229x1536.jpg","1536x1536-width":1229,"1536x1536-height":1536,"2048x2048":"https:\/\/d2q6z78khxmx42.cloudfront.net\/2024\/03\/PlanetariumJardindessciences010MaximeDelvaux-1638x2048.jpg","2048x2048-width":1638,"2048x2048-height":2048,"article":"https:\/\/d2q6z78khxmx42.cloudfront.net\/2024\/03\/PlanetariumJardindessciences010MaximeDelvaux-960x540.jpg","article-width":960,"article-height":540,"banner":"https:\/\/d2q6z78khxmx42.cloudfront.net\/2024\/03\/PlanetariumJardindessciences010MaximeDelvaux-1920x2400.jpg","banner-width":1920,"banner-height":2400,"block":"https:\/\/d2q6z78khxmx42.cloudfront.net\/2024\/03\/PlanetariumJardindessciences010MaximeDelvaux-900x680.jpg","block-width":900,"block-height":680,"card":"https:\/\/d2q6z78khxmx42.cloudfront.net\/2024\/03\/PlanetariumJardindessciences010MaximeDelvaux-560x495.jpg","card-width":560,"card-height":495,"card-thumbnail":"https:\/\/d2q6z78khxmx42.cloudfront.net\/2024\/03\/PlanetariumJardindessciences010MaximeDelvaux-450x340.jpg","card-thumbnail-width":450,"card-thumbnail-height":340,"conference":"https:\/\/d2q6z78khxmx42.cloudfront.net\/2024\/03\/PlanetariumJardindessciences010MaximeDelvaux-560x250.jpg","conference-width":560,"conference-height":250,"contest":"https:\/\/d2q6z78khxmx42.cloudfront.net\/2024\/03\/PlanetariumJardindessciences010MaximeDelvaux-960x400.jpg","contest-width":960,"contest-height":400,"cta":"https:\/\/d2q6z78khxmx42.cloudfront.net\/2024\/03\/PlanetariumJardindessciences010MaximeDelvaux-415x170.jpg","cta-width":415,"cta-height":170,"exhibitor":"https:\/\/d2q6z78khxmx42.cloudfront.net\/2024\/03\/PlanetariumJardindessciences010MaximeDelvaux-560x560.jpg","exhibitor-width":560,"exhibitor-height":560,"gallery":"https:\/\/d2q6z78khxmx42.cloudfront.net\/2024\/03\/PlanetariumJardindessciences010MaximeDelvaux-344x430.jpg","gallery-width":344,"gallery-height":430,"logo":"https:\/\/d2q6z78khxmx42.cloudfront.net\/2024\/03\/PlanetariumJardindessciences010MaximeDelvaux-80x100.jpg","logo-width":80,"logo-height":100,"masonry":"https:\/\/d2q6z78khxmx42.cloudfront.net\/2024\/03\/PlanetariumJardindessciences010MaximeDelvaux-550x687.jpg","masonry-width":550,"masonry-height":687,"modal":"https:\/\/d2q6z78khxmx42.cloudfront.net\/2024\/03\/PlanetariumJardindessciences010MaximeDelvaux-1536x1920.jpg","modal-width":1536,"modal-height":1920,"number":"https:\/\/d2q6z78khxmx42.cloudfront.net\/2024\/03\/5R8VQOfI-PlanetariumJardindessciences010MaximeDelvaux-344x430.jpg","number-width":344,"number-height":430,"partner":"https:\/\/d2q6z78khxmx42.cloudfront.net\/2024\/03\/PlanetariumJardindessciences010MaximeDelvaux-168x210.jpg","partner-width":168,"partner-height":210,"ranking":"https:\/\/d2q6z78khxmx42.cloudfront.net\/2024\/03\/5R8VQOfI-PlanetariumJardindessciences010MaximeDelvaux-960x540.jpg","ranking-width":960,"ranking-height":540,"schedule":"https:\/\/d2q6z78khxmx42.cloudfront.net\/2024\/03\/PlanetariumJardindessciences010MaximeDelvaux-960x360.jpg","schedule-width":960,"schedule-height":360,"slideshow":"https:\/\/d2q6z78khxmx42.cloudfront.net\/2024\/03\/PlanetariumJardindessciences010MaximeDelvaux-544x680.jpg","slideshow-width":544,"slideshow-height":680}},"filters":false,"suppliers":false,"attachment_category":[]},{"categories":[3662,3627],"credit":"Maxime Delvaux","image":{"ID":132237,"id":132237,"title":"Planetarium_Jardin des sciences_013\u00a9MaximeDelvaux","filename":"PlanetariumJardindessciences013MaximeDelvaux-scaled.jpg","filesize":435735,"url":"https:\/\/d2q6z78khxmx42.cloudfront.net\/2024\/03\/PlanetariumJardindessciences013MaximeDelvaux-scaled.jpg","link":"https:\/\/int.design\/fr\/projets\/planetarium-du-jardin-des-sciences-de-luniversite-de-strasbourg\/planetarium_jardin-des-sciences_013maximedelvaux\/","alt":"","author":"1675","description":"Plan\u00e9tarium du Jardin des sciences de l\u2019Universit\u00e9 de Strasbourg frenak+jullien - Cardin Julien - m+mathieu holdrinet         ","caption":"","name":"planetarium_jardin-des-sciences_013maximedelvaux","status":"inherit","uploaded_to":121470,"date":"2024-03-28 15:36:49","modified":"2024-08-20 21:15:46","menu_order":0,"mime_type":"image\/jpeg","type":"image","subtype":"jpeg","icon":"https:\/\/int.design\/wp-includes\/images\/media\/default.png","width":2560,"height":2048,"sizes":{"thumbnail":"https:\/\/d2q6z78khxmx42.cloudfront.net\/2024\/03\/PlanetariumJardindessciences013MaximeDelvaux-150x150.jpg","thumbnail-width":150,"thumbnail-height":150,"medium":"https:\/\/d2q6z78khxmx42.cloudfront.net\/2024\/03\/PlanetariumJardindessciences013MaximeDelvaux-300x240.jpg","medium-width":300,"medium-height":240,"medium_large":"https:\/\/d2q6z78khxmx42.cloudfront.net\/2024\/03\/PlanetariumJardindessciences013MaximeDelvaux-768x614.jpg","medium_large-width":768,"medium_large-height":614,"large":"https:\/\/d2q6z78khxmx42.cloudfront.net\/2024\/03\/PlanetariumJardindessciences013MaximeDelvaux-1024x819.jpg","large-width":1024,"large-height":819,"1536x1536":"https:\/\/d2q6z78khxmx42.cloudfront.net\/2024\/03\/PlanetariumJardindessciences013MaximeDelvaux-1536x1229.jpg","1536x1536-width":1536,"1536x1536-height":1229,"2048x2048":"https:\/\/d2q6z78khxmx42.cloudfront.net\/2024\/03\/PlanetariumJardindessciences013MaximeDelvaux-2048x1638.jpg","2048x2048-width":2048,"2048x2048-height":1638,"article":"https:\/\/d2q6z78khxmx42.cloudfront.net\/2024\/03\/PlanetariumJardindessciences013MaximeDelvaux-960x540.jpg","article-width":960,"article-height":540,"banner":"https:\/\/d2q6z78khxmx42.cloudfront.net\/2024\/03\/PlanetariumJardindessciences013MaximeDelvaux-1920x1536.jpg","banner-width":1920,"banner-height":1536,"block":"https:\/\/d2q6z78khxmx42.cloudfront.net\/2024\/03\/PlanetariumJardindessciences013MaximeDelvaux-900x680.jpg","block-width":900,"block-height":680,"card":"https:\/\/d2q6z78khxmx42.cloudfront.net\/2024\/03\/PlanetariumJardindessciences013MaximeDelvaux-560x495.jpg","card-width":560,"card-height":495,"card-thumbnail":"https:\/\/d2q6z78khxmx42.cloudfront.net\/2024\/03\/PlanetariumJardindessciences013MaximeDelvaux-450x340.jpg","card-thumbnail-width":450,"card-thumbnail-height":340,"conference":"https:\/\/d2q6z78khxmx42.cloudfront.net\/2024\/03\/PlanetariumJardindessciences013MaximeDelvaux-560x250.jpg","conference-width":560,"conference-height":250,"contest":"https:\/\/d2q6z78khxmx42.cloudfront.net\/2024\/03\/PlanetariumJardindessciences013MaximeDelvaux-960x400.jpg","contest-width":960,"contest-height":400,"cta":"https:\/\/d2q6z78khxmx42.cloudfront.net\/2024\/03\/PlanetariumJardindessciences013MaximeDelvaux-415x170.jpg","cta-width":415,"cta-height":170,"exhibitor":"https:\/\/d2q6z78khxmx42.cloudfront.net\/2024\/03\/PlanetariumJardindessciences013MaximeDelvaux-560x560.jpg","exhibitor-width":560,"exhibitor-height":560,"gallery":"https:\/\/d2q6z78khxmx42.cloudfront.net\/2024\/03\/PlanetariumJardindessciences013MaximeDelvaux-537x430.jpg","gallery-width":537,"gallery-height":430,"logo":"https:\/\/d2q6z78khxmx42.cloudfront.net\/2024\/03\/PlanetariumJardindessciences013MaximeDelvaux-125x100.jpg","logo-width":125,"logo-height":100,"masonry":"https:\/\/d2q6z78khxmx42.cloudfront.net\/2024\/03\/PlanetariumJardindessciences013MaximeDelvaux-550x440.jpg","masonry-width":550,"masonry-height":440,"modal":"https:\/\/d2q6z78khxmx42.cloudfront.net\/2024\/03\/W5j24aWS-PlanetariumJardindessciences013MaximeDelvaux-1920x1536.jpg","modal-width":1920,"modal-height":1536,"number":"https:\/\/d2q6z78khxmx42.cloudfront.net\/2024\/03\/W5j24aWS-PlanetariumJardindessciences013MaximeDelvaux-537x430.jpg","number-width":537,"number-height":430,"partner":"https:\/\/d2q6z78khxmx42.cloudfront.net\/2024\/03\/PlanetariumJardindessciences013MaximeDelvaux-262x210.jpg","partner-width":262,"partner-height":210,"ranking":"https:\/\/d2q6z78khxmx42.cloudfront.net\/2024\/03\/W5j24aWS-PlanetariumJardindessciences013MaximeDelvaux-960x540.jpg","ranking-width":960,"ranking-height":540,"schedule":"https:\/\/d2q6z78khxmx42.cloudfront.net\/2024\/03\/PlanetariumJardindessciences013MaximeDelvaux-960x360.jpg","schedule-width":960,"schedule-height":360,"slideshow":"https:\/\/d2q6z78khxmx42.cloudfront.net\/2024\/03\/PlanetariumJardindessciences013MaximeDelvaux-850x680.jpg","slideshow-width":850,"slideshow-height":680}},"filters":false,"suppliers":false,"attachment_category":[]},{"categories":[3662,3627],"credit":"Maxime Delvaux","image":{"ID":132234,"id":132234,"title":"Planetarium_Jardin des sciences_014\u00a9MaximeDelvaux","filename":"PlanetariumJardindessciences014MaximeDelvaux.jpg","filesize":777445,"url":"https:\/\/d2q6z78khxmx42.cloudfront.net\/2024\/03\/PlanetariumJardindessciences014MaximeDelvaux.jpg","link":"https:\/\/int.design\/fr\/projets\/planetarium-du-jardin-des-sciences-de-luniversite-de-strasbourg\/planetarium_jardin-des-sciences_014maximedelvaux\/","alt":"","author":"1675","description":"Plan\u00e9tarium du Jardin des sciences de l\u2019Universit\u00e9 de Strasbourg frenak+jullien - Cardin Julien - m+mathieu holdrinet         ","caption":"","name":"planetarium_jardin-des-sciences_014maximedelvaux","status":"inherit","uploaded_to":121470,"date":"2024-03-28 15:36:37","modified":"2024-08-20 21:15:46","menu_order":0,"mime_type":"image\/jpeg","type":"image","subtype":"jpeg","icon":"https:\/\/int.design\/wp-includes\/images\/media\/default.png","width":2419,"height":1935,"sizes":{"thumbnail":"https:\/\/d2q6z78khxmx42.cloudfront.net\/2024\/03\/PlanetariumJardindessciences014MaximeDelvaux-150x150.jpg","thumbnail-width":150,"thumbnail-height":150,"medium":"https:\/\/d2q6z78khxmx42.cloudfront.net\/2024\/03\/PlanetariumJardindessciences014MaximeDelvaux-300x240.jpg","medium-width":300,"medium-height":240,"medium_large":"https:\/\/d2q6z78khxmx42.cloudfront.net\/2024\/03\/PlanetariumJardindessciences014MaximeDelvaux-768x614.jpg","medium_large-width":768,"medium_large-height":614,"large":"https:\/\/d2q6z78khxmx42.cloudfront.net\/2024\/03\/PlanetariumJardindessciences014MaximeDelvaux-1024x819.jpg","large-width":1024,"large-height":819,"1536x1536":"https:\/\/d2q6z78khxmx42.cloudfront.net\/2024\/03\/PlanetariumJardindessciences014MaximeDelvaux-1536x1229.jpg","1536x1536-width":1536,"1536x1536-height":1229,"2048x2048":"https:\/\/d2q6z78khxmx42.cloudfront.net\/2024\/03\/PlanetariumJardindessciences014MaximeDelvaux-2048x1638.jpg","2048x2048-width":2048,"2048x2048-height":1638,"article":"https:\/\/d2q6z78khxmx42.cloudfront.net\/2024\/03\/PlanetariumJardindessciences014MaximeDelvaux-960x540.jpg","article-width":960,"article-height":540,"banner":"https:\/\/d2q6z78khxmx42.cloudfront.net\/2024\/03\/PlanetariumJardindessciences014MaximeDelvaux-1920x1536.jpg","banner-width":1920,"banner-height":1536,"block":"https:\/\/d2q6z78khxmx42.cloudfront.net\/2024\/03\/PlanetariumJardindessciences014MaximeDelvaux-900x680.jpg","block-width":900,"block-height":680,"card":"https:\/\/d2q6z78khxmx42.cloudfront.net\/2024\/03\/PlanetariumJardindessciences014MaximeDelvaux-560x495.jpg","card-width":560,"card-height":495,"card-thumbnail":"https:\/\/d2q6z78khxmx42.cloudfront.net\/2024\/03\/PlanetariumJardindessciences014MaximeDelvaux-450x340.jpg","card-thumbnail-width":450,"card-thumbnail-height":340,"conference":"https:\/\/d2q6z78khxmx42.cloudfront.net\/2024\/03\/PlanetariumJardindessciences014MaximeDelvaux-560x250.jpg","conference-width":560,"conference-height":250,"contest":"https:\/\/d2q6z78khxmx42.cloudfront.net\/2024\/03\/PlanetariumJardindessciences014MaximeDelvaux-960x400.jpg","contest-width":960,"contest-height":400,"cta":"https:\/\/d2q6z78khxmx42.cloudfront.net\/2024\/03\/PlanetariumJardindessciences014MaximeDelvaux-415x170.jpg","cta-width":415,"cta-height":170,"exhibitor":"https:\/\/d2q6z78khxmx42.cloudfront.net\/2024\/03\/PlanetariumJardindessciences014MaximeDelvaux-560x560.jpg","exhibitor-width":560,"exhibitor-height":560,"gallery":"https:\/\/d2q6z78khxmx42.cloudfront.net\/2024\/03\/PlanetariumJardindessciences014MaximeDelvaux-538x430.jpg","gallery-width":538,"gallery-height":430,"logo":"https:\/\/d2q6z78khxmx42.cloudfront.net\/2024\/03\/PlanetariumJardindessciences014MaximeDelvaux-125x100.jpg","logo-width":125,"logo-height":100,"masonry":"https:\/\/d2q6z78khxmx42.cloudfront.net\/2024\/03\/PlanetariumJardindessciences014MaximeDelvaux-550x440.jpg","masonry-width":550,"masonry-height":440,"modal":"https:\/\/d2q6z78khxmx42.cloudfront.net\/2024\/03\/9R1m3fLW-PlanetariumJardindessciences014MaximeDelvaux-1920x1536.jpg","modal-width":1920,"modal-height":1536,"number":"https:\/\/d2q6z78khxmx42.cloudfront.net\/2024\/03\/9R1m3fLW-PlanetariumJardindessciences014MaximeDelvaux-538x430.jpg","number-width":538,"number-height":430,"partner":"https:\/\/d2q6z78khxmx42.cloudfront.net\/2024\/03\/PlanetariumJardindessciences014MaximeDelvaux-263x210.jpg","partner-width":263,"partner-height":210,"ranking":"https:\/\/d2q6z78khxmx42.cloudfront.net\/2024\/03\/9R1m3fLW-PlanetariumJardindessciences014MaximeDelvaux-960x540.jpg","ranking-width":960,"ranking-height":540,"schedule":"https:\/\/d2q6z78khxmx42.cloudfront.net\/2024\/03\/PlanetariumJardindessciences014MaximeDelvaux-960x360.jpg","schedule-width":960,"schedule-height":360,"slideshow":"https:\/\/d2q6z78khxmx42.cloudfront.net\/2024\/03\/PlanetariumJardindessciences014MaximeDelvaux-850x680.jpg","slideshow-width":850,"slideshow-height":680}},"filters":false,"suppliers":false,"attachment_category":[]},{"categories":[3662,3627],"credit":"n\/d","image":{"ID":132239,"id":132239,"title":"Planetarium_Jardin des sciences_construction_002","filename":"PlanetariumJardindessciencesconstruction002-scaled.jpg","filesize":951293,"url":"https:\/\/d2q6z78khxmx42.cloudfront.net\/2024\/03\/PlanetariumJardindessciencesconstruction002-scaled.jpg","link":"https:\/\/int.design\/fr\/projets\/planetarium-du-jardin-des-sciences-de-luniversite-de-strasbourg\/planetarium_jardin-des-sciences_construction_002\/","alt":"","author":"1675","description":"Plan\u00e9tarium du Jardin des sciences de l\u2019Universit\u00e9 de Strasbourg frenak+jullien - Cardin Julien - m+mathieu holdrinet         ","caption":"","name":"planetarium_jardin-des-sciences_construction_002","status":"inherit","uploaded_to":121470,"date":"2024-03-28 15:38:32","modified":"2024-08-20 21:15:46","menu_order":0,"mime_type":"image\/jpeg","type":"image","subtype":"jpeg","icon":"https:\/\/int.design\/wp-includes\/images\/media\/default.png","width":1908,"height":2560,"sizes":{"thumbnail":"https:\/\/d2q6z78khxmx42.cloudfront.net\/2024\/03\/PlanetariumJardindessciencesconstruction002-150x150.jpg","thumbnail-width":150,"thumbnail-height":150,"medium":"https:\/\/d2q6z78khxmx42.cloudfront.net\/2024\/03\/PlanetariumJardindessciencesconstruction002-224x300.jpg","medium-width":224,"medium-height":300,"medium_large":"https:\/\/d2q6z78khxmx42.cloudfront.net\/2024\/03\/PlanetariumJardindessciencesconstruction002-768x1030.jpg","medium_large-width":768,"medium_large-height":1030,"large":"https:\/\/d2q6z78khxmx42.cloudfront.net\/2024\/03\/PlanetariumJardindessciencesconstruction002-763x1024.jpg","large-width":763,"large-height":1024,"1536x1536":"https:\/\/d2q6z78khxmx42.cloudfront.net\/2024\/03\/PlanetariumJardindessciencesconstruction002-1145x1536.jpg","1536x1536-width":1145,"1536x1536-height":1536,"2048x2048":"https:\/\/d2q6z78khxmx42.cloudfront.net\/2024\/03\/PlanetariumJardindessciencesconstruction002-1526x2048.jpg","2048x2048-width":1526,"2048x2048-height":2048,"article":"https:\/\/d2q6z78khxmx42.cloudfront.net\/2024\/03\/PlanetariumJardindessciencesconstruction002-960x540.jpg","article-width":960,"article-height":540,"banner":"https:\/\/d2q6z78khxmx42.cloudfront.net\/2024\/03\/PlanetariumJardindessciencesconstruction002-1920x2576.jpg","banner-width":1920,"banner-height":2576,"block":"https:\/\/d2q6z78khxmx42.cloudfront.net\/2024\/03\/PlanetariumJardindessciencesconstruction002-900x680.jpg","block-width":900,"block-height":680,"card":"https:\/\/d2q6z78khxmx42.cloudfront.net\/2024\/03\/PlanetariumJardindessciencesconstruction002-560x495.jpg","card-width":560,"card-height":495,"card-thumbnail":"https:\/\/d2q6z78khxmx42.cloudfront.net\/2024\/03\/PlanetariumJardindessciencesconstruction002-450x340.jpg","card-thumbnail-width":450,"card-thumbnail-height":340,"conference":"https:\/\/d2q6z78khxmx42.cloudfront.net\/2024\/03\/PlanetariumJardindessciencesconstruction002-560x250.jpg","conference-width":560,"conference-height":250,"contest":"https:\/\/d2q6z78khxmx42.cloudfront.net\/2024\/03\/PlanetariumJardindessciencesconstruction002-960x400.jpg","contest-width":960,"contest-height":400,"cta":"https:\/\/d2q6z78khxmx42.cloudfront.net\/2024\/03\/PlanetariumJardindessciencesconstruction002-415x170.jpg","cta-width":415,"cta-height":170,"exhibitor":"https:\/\/d2q6z78khxmx42.cloudfront.net\/2024\/03\/PlanetariumJardindessciencesconstruction002-560x560.jpg","exhibitor-width":560,"exhibitor-height":560,"gallery":"https:\/\/d2q6z78khxmx42.cloudfront.net\/2024\/03\/PlanetariumJardindessciencesconstruction002-320x430.jpg","gallery-width":320,"gallery-height":430,"logo":"https:\/\/d2q6z78khxmx42.cloudfront.net\/2024\/03\/PlanetariumJardindessciencesconstruction002-75x100.jpg","logo-width":75,"logo-height":100,"masonry":"https:\/\/d2q6z78khxmx42.cloudfront.net\/2024\/03\/PlanetariumJardindessciencesconstruction002-550x738.jpg","masonry-width":550,"masonry-height":738,"modal":"https:\/\/d2q6z78khxmx42.cloudfront.net\/2024\/03\/PlanetariumJardindessciencesconstruction002-1431x1920.jpg","modal-width":1431,"modal-height":1920,"number":"https:\/\/d2q6z78khxmx42.cloudfront.net\/2024\/03\/qVZr2hDW-PlanetariumJardindessciencesconstruction002-320x430.jpg","number-width":320,"number-height":430,"partner":"https:\/\/d2q6z78khxmx42.cloudfront.net\/2024\/03\/PlanetariumJardindessciencesconstruction002-157x210.jpg","partner-width":157,"partner-height":210,"ranking":"https:\/\/d2q6z78khxmx42.cloudfront.net\/2024\/03\/qVZr2hDW-PlanetariumJardindessciencesconstruction002-960x540.jpg","ranking-width":960,"ranking-height":540,"schedule":"https:\/\/d2q6z78khxmx42.cloudfront.net\/2024\/03\/PlanetariumJardindessciencesconstruction002-960x360.jpg","schedule-width":960,"schedule-height":360,"slideshow":"https:\/\/d2q6z78khxmx42.cloudfront.net\/2024\/03\/PlanetariumJardindessciencesconstruction002-507x680.jpg","slideshow-width":507,"slideshow-height":680}},"filters":false,"suppliers":false,"attachment_category":[]},{"categories":[3662,3627],"credit":"Maxime Delvaux","image":{"ID":132256,"id":132256,"title":"PLANETARIUM_Jardin des sciences_007\u00a9MaximeDelvaux","filename":"PLANETARIUMJardindessciences007MaximeDelvaux-scaled.jpg","filesize":1520697,"url":"https:\/\/d2q6z78khxmx42.cloudfront.net\/2024\/03\/PLANETARIUMJardindessciences007MaximeDelvaux-scaled.jpg","link":"https:\/\/int.design\/fr\/projets\/planetarium-du-jardin-des-sciences-de-luniversite-de-strasbourg\/planetarium_jardin-des-sciences_007maximedelvaux\/","alt":"","author":"1675","description":"Plan\u00e9tarium du Jardin des sciences de l\u2019Universit\u00e9 de Strasbourg frenak+jullien - Cardin Julien - m+mathieu holdrinet         ","caption":"","name":"planetarium_jardin-des-sciences_007maximedelvaux","status":"inherit","uploaded_to":121470,"date":"2024-03-28 17:04:06","modified":"2024-08-20 21:15:46","menu_order":0,"mime_type":"image\/jpeg","type":"image","subtype":"jpeg","icon":"https:\/\/int.design\/wp-includes\/images\/media\/default.png","width":2560,"height":2048,"sizes":{"thumbnail":"https:\/\/d2q6z78khxmx42.cloudfront.net\/2024\/03\/PLANETARIUMJardindessciences007MaximeDelvaux-150x150.jpg","thumbnail-width":150,"thumbnail-height":150,"medium":"https:\/\/d2q6z78khxmx42.cloudfront.net\/2024\/03\/PLANETARIUMJardindessciences007MaximeDelvaux-300x240.jpg","medium-width":300,"medium-height":240,"medium_large":"https:\/\/d2q6z78khxmx42.cloudfront.net\/2024\/03\/PLANETARIUMJardindessciences007MaximeDelvaux-768x614.jpg","medium_large-width":768,"medium_large-height":614,"large":"https:\/\/d2q6z78khxmx42.cloudfront.net\/2024\/03\/PLANETARIUMJardindessciences007MaximeDelvaux-1024x819.jpg","large-width":1024,"large-height":819,"1536x1536":"https:\/\/d2q6z78khxmx42.cloudfront.net\/2024\/03\/PLANETARIUMJardindessciences007MaximeDelvaux-1536x1229.jpg","1536x1536-width":1536,"1536x1536-height":1229,"2048x2048":"https:\/\/d2q6z78khxmx42.cloudfront.net\/2024\/03\/PLANETARIUMJardindessciences007MaximeDelvaux-2048x1638.jpg","2048x2048-width":2048,"2048x2048-height":1638,"article":"https:\/\/d2q6z78khxmx42.cloudfront.net\/2024\/03\/PLANETARIUMJardindessciences007MaximeDelvaux-960x540.jpg","article-width":960,"article-height":540,"banner":"https:\/\/d2q6z78khxmx42.cloudfront.net\/2024\/03\/PLANETARIUMJardindessciences007MaximeDelvaux-1920x1536.jpg","banner-width":1920,"banner-height":1536,"block":"https:\/\/d2q6z78khxmx42.cloudfront.net\/2024\/03\/PLANETARIUMJardindessciences007MaximeDelvaux-900x680.jpg","block-width":900,"block-height":680,"card":"https:\/\/d2q6z78khxmx42.cloudfront.net\/2024\/03\/PLANETARIUMJardindessciences007MaximeDelvaux-560x495.jpg","card-width":560,"card-height":495,"card-thumbnail":"https:\/\/d2q6z78khxmx42.cloudfront.net\/2024\/03\/PLANETARIUMJardindessciences007MaximeDelvaux-450x340.jpg","card-thumbnail-width":450,"card-thumbnail-height":340,"conference":"https:\/\/d2q6z78khxmx42.cloudfront.net\/2024\/03\/PLANETARIUMJardindessciences007MaximeDelvaux-560x250.jpg","conference-width":560,"conference-height":250,"contest":"https:\/\/d2q6z78khxmx42.cloudfront.net\/2024\/03\/PLANETARIUMJardindessciences007MaximeDelvaux-960x400.jpg","contest-width":960,"contest-height":400,"cta":"https:\/\/d2q6z78khxmx42.cloudfront.net\/2024\/03\/PLANETARIUMJardindessciences007MaximeDelvaux-415x170.jpg","cta-width":415,"cta-height":170,"exhibitor":"https:\/\/d2q6z78khxmx42.cloudfront.net\/2024\/03\/PLANETARIUMJardindessciences007MaximeDelvaux-560x560.jpg","exhibitor-width":560,"exhibitor-height":560,"gallery":"https:\/\/d2q6z78khxmx42.cloudfront.net\/2024\/03\/PLANETARIUMJardindessciences007MaximeDelvaux-537x430.jpg","gallery-width":537,"gallery-height":430,"logo":"https:\/\/d2q6z78khxmx42.cloudfront.net\/2024\/03\/PLANETARIUMJardindessciences007MaximeDelvaux-125x100.jpg","logo-width":125,"logo-height":100,"masonry":"https:\/\/d2q6z78khxmx42.cloudfront.net\/2024\/03\/PLANETARIUMJardindessciences007MaximeDelvaux-550x440.jpg","masonry-width":550,"masonry-height":440,"modal":"https:\/\/d2q6z78khxmx42.cloudfront.net\/2024\/03\/SGXsQuPd-PLANETARIUMJardindessciences007MaximeDelvaux-1920x1536.jpg","modal-width":1920,"modal-height":1536,"number":"https:\/\/d2q6z78khxmx42.cloudfront.net\/2024\/03\/SGXsQuPd-PLANETARIUMJardindessciences007MaximeDelvaux-537x430.jpg","number-width":537,"number-height":430,"partner":"https:\/\/d2q6z78khxmx42.cloudfront.net\/2024\/03\/PLANETARIUMJardindessciences007MaximeDelvaux-262x210.jpg","partner-width":262,"partner-height":210,"ranking":"https:\/\/d2q6z78khxmx42.cloudfront.net\/2024\/03\/SGXsQuPd-PLANETARIUMJardindessciences007MaximeDelvaux-960x540.jpg","ranking-width":960,"ranking-height":540,"schedule":"https:\/\/d2q6z78khxmx42.cloudfront.net\/2024\/03\/PLANETARIUMJardindessciences007MaximeDelvaux-960x360.jpg","schedule-width":960,"schedule-height":360,"slideshow":"https:\/\/d2q6z78khxmx42.cloudfront.net\/2024\/03\/PLANETARIUMJardindessciences007MaximeDelvaux-850x680.jpg","slideshow-width":850,"slideshow-height":680}},"filters":false,"suppliers":false,"attachment_category":[]}],"mandatory_documents":[{"name":"Plan\u00e9tarium_Jardin des sciences_Plan masse_FR","file":{"ID":131452,"id":131452,"title":"Plan\u00e9tarium_Jardin des sciences_Plan masse_FR","filename":"PlantariumJardindessciencesPlanmasseFR.pdf","filesize":2603599,"url":"https:\/\/d2q6z78khxmx42.cloudfront.net\/2024\/03\/PlantariumJardindessciencesPlanmasseFR.pdf","link":"https:\/\/int.design\/fr\/projets\/planetarium-du-jardin-des-sciences-de-luniversite-de-strasbourg\/planetarium_jardin-des-sciences_plan-masse_fr\/","alt":"","author":"1675","description":"","caption":"","name":"planetarium_jardin-des-sciences_plan-masse_fr","status":"inherit","uploaded_to":121470,"date":"2024-03-26 19:52:57","modified":"2024-03-26 20:09:04","menu_order":0,"mime_type":"application\/pdf","type":"application","subtype":"pdf","icon":"https:\/\/int.design\/wp-includes\/images\/media\/document.png"}},{"name":"Plan\u00e9tarium_Jardin des sciences_Paysage_FR","file":{"ID":131460,"id":131460,"title":"Plan\u00e9tarium_Jardin des sciences_Paysage_FR","filename":"PlantariumJardindessciencesPaysageFR.pdf","filesize":12357388,"url":"https:\/\/d2q6z78khxmx42.cloudfront.net\/2024\/03\/PlantariumJardindessciencesPaysageFR.pdf","link":"https:\/\/int.design\/fr\/projets\/planetarium-du-jardin-des-sciences-de-luniversite-de-strasbourg\/planetarium_jardin-des-sciences_paysage_fr\/","alt":"","author":"1675","description":"","caption":"","name":"planetarium_jardin-des-sciences_paysage_fr","status":"inherit","uploaded_to":121470,"date":"2024-03-26 19:55:00","modified":"2024-03-26 20:09:04","menu_order":0,"mime_type":"application\/pdf","type":"application","subtype":"pdf","icon":"https:\/\/int.design\/wp-includes\/images\/media\/document.png"}},{"name":"Plan\u00e9tarium_Jardin des sciences_Plan_FR","file":{"ID":131465,"id":131465,"title":"Plan\u00e9tarium_Jardin des sciences_Plan_FR","filename":"PlantariumJardindessciencesPlanFR.pdf","filesize":2428067,"url":"https:\/\/d2q6z78khxmx42.cloudfront.net\/2024\/03\/PlantariumJardindessciencesPlanFR.pdf","link":"https:\/\/int.design\/fr\/projets\/planetarium-du-jardin-des-sciences-de-luniversite-de-strasbourg\/planetarium_jardin-des-sciences_plan_fr\/","alt":"","author":"1675","description":"","caption":"","name":"planetarium_jardin-des-sciences_plan_fr","status":"inherit","uploaded_to":121470,"date":"2024-03-26 19:56:22","modified":"2024-03-26 20:09:04","menu_order":0,"mime_type":"application\/pdf","type":"application","subtype":"pdf","icon":"https:\/\/int.design\/wp-includes\/images\/media\/document.png"}},{"name":"","file":false},{"name":"","file":false},{"name":"","file":false}],"optional_documents":false,"web_text":{"fr":"","en":"<p>Inaugurated in 2023, the Plan\u00e9tarium du Jardin des sciences de l\u2019Universit\u00e9 de Strasbourg, located on avenue de la Victoire, is the result of a Franco-Quebec collaboration between frenak+jullien, Cardin Julien and m+mathieu holdrinet. The project, winner of an architectural competition in 2016, is integrated into the campus\u2019s historic garden, symbolizing a link between the different eras of university development. Conceived as a bridge between the urban boulevard and the academic garden, the planetarium aims to unite parts of the campus while preserving its landscape heritage.<\/p>\n<p><strong>A relationship with the sky and the ground<\/strong><\/p>\n<p>The planetarium is made up of two dark volumes that stand out against the green mass of the garden: a truncated cone to house the 138-seat projection room doubled by its access gallery; a cylindrical volume to accommodate the Jardin des sciences hall and associated services. Reaching for the sky, the truncated cone suggests an atemporal quest for knowledge of the universe, while the open, radiating reception hall refers to the many sites managed by the Jardin des sciences.<\/p>\n<p><strong>A machine building<\/strong><\/p>\n<p>The structure stands out for its unique architecture, blending conical and cylindrical forms, evoking astronomical instruments and 19th-century machine buildings. For passers-by, the cone\u2019s metal disk beckons and reacts to the changing colors of the sky; for local residents overlooking the site, the planetarium\u2019s fifth fa\u00e7ade evokes an astronomical instrument set in a garden.<\/p>\n<p><strong>A fertile duality<\/strong><\/p>\n<p>The two elements, the planetarium and the reception area of the Jardin des sciences, are made of common ingredients, but organized in opposite ways. The planetarium, introverted, is empty around its perimeter (the access gallery to the room) and full at its center (the room), while the reception, widely open onto the garden, is empty at its center (the hall) and surrounded by a built crown (the services). One is luminous and opens onto the sky through a glass roof forming a sundial, while the other is plunged into darkness, to make the artificial sky of the cosmic theater.<\/p>\n<p><strong>Burnt wood, light wood, compactness: an environmental and aesthetic concern<\/strong><\/p>\n<p>Burnt wood and aluminum on the outside, light wood and plaster on the inside: the materials used for the building are few, simple and contrasting. Outside, the telluric or volcanic aspect of the building is reinforced by a charred film of Douglas fir slats, whose marked, deep brown-black texture takes on silvery reflections under low-angled sunlight. Inside, light-colored wood panels take over, contributing to the hall\u2019s luminous atmosphere. The compactness of the building and the orientation of the openings on the hall side greatly limit the building\u2019s heat loss for good environmental performance.<\/p>\n<p><strong>Jardin des sciences, <\/strong><strong>public garden<\/strong><\/p>\n<p>The public garden, enriched by plant diversity and educational spaces inspired by the planets of the solar system, reinforces the planetarium\u2019s educational dimension. Combining architectural innovation, environmental commitment and a scientific vocation, this project makes a model of integration and sustainable development.<\/p>\n","original":"<p>Inaugurated in 2023, the Plan\u00e9tarium du Jardin des sciences de l\u2019Universit\u00e9 de Strasbourg, located on avenue de la Victoire, is the result of a Franco-Quebec collaboration between frenak+jullien, Cardin Julien and m+mathieu holdrinet. The project, winner of an architectural competition in 2016, is integrated into the campus\u2019s historic garden, symbolizing a link between the different eras of university development. Conceived as a bridge between the urban boulevard and the academic garden, the planetarium aims to unite parts of the campus while preserving its landscape heritage.<\/p>\n<p><strong>A relationship with the sky and the ground<\/strong><\/p>\n<p>The planetarium is made up of two dark volumes that stand out against the green mass of the garden: a truncated cone to house the 138-seat projection room doubled by its access gallery; a cylindrical volume to accommodate the Jardin des sciences hall and associated services. Reaching for the sky, the truncated cone suggests an atemporal quest for knowledge of the universe, while the open, radiating reception hall refers to the many sites managed by the Jardin des sciences.<\/p>\n<p><strong>A machine building<\/strong><\/p>\n<p>The structure stands out for its unique architecture, blending conical and cylindrical forms, evoking astronomical instruments and 19th-century machine buildings. For passers-by, the cone\u2019s metal disk beckons and reacts to the changing colors of the sky; for local residents overlooking the site, the planetarium\u2019s fifth fa\u00e7ade evokes an astronomical instrument set in a garden.<\/p>\n<p><strong>A fertile duality<\/strong><\/p>\n<p>The two elements, the planetarium and the reception area of the Jardin des sciences, are made of common ingredients, but organized in opposite ways. The planetarium, introverted, is empty around its perimeter (the access gallery to the room) and full at its center (the room), while the reception, widely open onto the garden, is empty at its center (the hall) and surrounded by a built crown (the services). One is luminous and opens onto the sky through a glass roof forming a sundial, while the other is plunged into darkness, to make the artificial sky of the cosmic theater.<\/p>\n<p><strong>Burnt wood, light wood, compactness: an environmental and aesthetic concern<\/strong><\/p>\n<p>Burnt wood and aluminum on the outside, light wood and plaster on the inside: the materials used for the building are few, simple and contrasting. Outside, the telluric or volcanic aspect of the building is reinforced by a charred film of Douglas fir slats, whose marked, deep brown-black texture takes on silvery reflections under low-angled sunlight. Inside, light-colored wood panels take over, contributing to the hall\u2019s luminous atmosphere. The compactness of the building and the orientation of the openings on the hall side greatly limit the building\u2019s heat loss for good environmental performance.<\/p>\n<p><strong>Jardin des sciences, <\/strong><strong>public garden<\/strong><\/p>\n<p>The public garden, enriched by plant diversity and educational spaces inspired by the planets of the solar system, reinforces the planetarium\u2019s educational dimension. Combining architectural innovation, environmental commitment and a scientific vocation, this project makes a model of integration and sustainable development.<\/p>\n"},"jury_text":[{"category":3662,"fr":"","en":"<p>Inaugurated in 2023, the Plan\u00e9tarium du Jardin des sciences de l\u2019Universit\u00e9 de Strasbourg, located on avenue de la Victoire, is the result of a Franco-Quebec collaboration between frenak+jullien, Cardin Julien and m+mathieu holdrinet. The project, winner of an architectural competition in 2016, is integrated into the campus\u2019s historic garden, symbolizing a link between the different eras of university development. Conceived as a bridge between the urban boulevard and the academic garden, the planetarium aims to unite parts of the campus while preserving its landscape heritage.<\/p>\n<p><strong>A relationship with the sky and the ground<\/strong><\/p>\n<p>The planetarium is made up of two dark volumes that stand out against the green mass of the garden: a truncated cone to house the 138-seat projection room doubled by its access gallery; a cylindrical volume to accommodate the Jardin des sciences hall and associated services. Reaching for the sky, the truncated cone suggests an atemporal quest for knowledge of the universe, while the open, radiating reception hall refers to the many sites managed by the Jardin des sciences.<\/p>\n<p><strong>A machine building<\/strong><\/p>\n<p>The structure stands out for its unique architecture, blending conical and cylindrical forms, evoking astronomical instruments and 19th-century machine buildings. For passers-by, the cone\u2019s metal disk beckons and reacts to the changing colors of the sky; for local residents overlooking the site, the planetarium\u2019s fifth fa\u00e7ade evokes an astronomical instrument set in a garden.<\/p>\n<p><strong>A fertile duality<\/strong><\/p>\n<p>The two elements, the planetarium and the reception area of the Jardin des sciences, are made of common ingredients, but organized in opposite ways. The planetarium, introverted, is empty around its perimeter (the access gallery to the room) and full at its center (the room), while the reception, widely open onto the garden, is empty at its center (the hall) and surrounded by a built crown (the services). One is luminous and opens onto the sky through a glass roof forming a sundial, while the other is plunged into darkness, to make the artificial sky of the cosmic theater.<\/p>\n<p><strong>Burnt wood, light wood, compactness: an environmental and aesthetic concern<\/strong><\/p>\n<p>Burnt wood and aluminum on the outside, light wood and plaster on the inside: the materials used for the building are few, simple and contrasting. Outside, the telluric or volcanic aspect of the building is reinforced by a charred film of Douglas fir slats, whose marked, deep brown-black texture takes on silvery reflections under low-angled sunlight. Inside, light-colored wood panels take over, contributing to the hall\u2019s luminous atmosphere. The compactness of the building and the orientation of the openings on the hall side greatly limit the building\u2019s heat loss for good environmental performance.<\/p>\n<p><strong>Jardin des sciences, public garden<\/strong><\/p>\n<p>The public garden, enriched by plant diversity and educational spaces inspired by the planets of the solar system, reinforces the planetarium\u2019s educational dimension. Combining architectural innovation, environmental commitment and a scientific vocation, this project makes a model of integration and sustainable development.<\/p>\n","original":"<p>Inaugurated in 2023, the Plan\u00e9tarium du Jardin des sciences de l\u2019Universit\u00e9 de Strasbourg, located on avenue de la Victoire, is the result of a Franco-Quebec collaboration between frenak+jullien, Cardin Julien and m+mathieu holdrinet. The project, winner of an architectural competition in 2016, is integrated into the campus\u2019s historic garden, symbolizing a link between the different eras of university development. Conceived as a bridge between the urban boulevard and the academic garden, the planetarium aims to unite parts of the campus while preserving its landscape heritage.<\/p>\n<p><strong>A relationship with the sky and the ground<\/strong><\/p>\n<p>The planetarium is made up of two dark volumes that stand out against the green mass of the garden: a truncated cone to house the 138-seat projection room doubled by its access gallery; a cylindrical volume to accommodate the Jardin des sciences hall and associated services. Reaching for the sky, the truncated cone suggests an atemporal quest for knowledge of the universe, while the open, radiating reception hall refers to the many sites managed by the Jardin des sciences.<\/p>\n<p><strong>A machine building<\/strong><\/p>\n<p>The structure stands out for its unique architecture, blending conical and cylindrical forms, evoking astronomical instruments and 19th-century machine buildings. For passers-by, the cone\u2019s metal disk beckons and reacts to the changing colors of the sky; for local residents overlooking the site, the planetarium\u2019s fifth fa\u00e7ade evokes an astronomical instrument set in a garden.<\/p>\n<p><strong>A fertile duality<\/strong><\/p>\n<p>The two elements, the planetarium and the reception area of the Jardin des sciences, are made of common ingredients, but organized in opposite ways. The planetarium, introverted, is empty around its perimeter (the access gallery to the room) and full at its center (the room), while the reception, widely open onto the garden, is empty at its center (the hall) and surrounded by a built crown (the services). One is luminous and opens onto the sky through a glass roof forming a sundial, while the other is plunged into darkness, to make the artificial sky of the cosmic theater.<\/p>\n<p><strong>Burnt wood, light wood, compactness: an environmental and aesthetic concern<\/strong><\/p>\n<p>Burnt wood and aluminum on the outside, light wood and plaster on the inside: the materials used for the building are few, simple and contrasting. Outside, the telluric or volcanic aspect of the building is reinforced by a charred film of Douglas fir slats, whose marked, deep brown-black texture takes on silvery reflections under low-angled sunlight. Inside, light-colored wood panels take over, contributing to the hall\u2019s luminous atmosphere. The compactness of the building and the orientation of the openings on the hall side greatly limit the building\u2019s heat loss for good environmental performance.<\/p>\n<p><strong>Jardin des sciences, public garden<\/strong><\/p>\n<p>The public garden, enriched by plant diversity and educational spaces inspired by the planets of the solar system, reinforces the planetarium\u2019s educational dimension. Combining architectural innovation, environmental commitment and a scientific vocation, this project makes a model of integration and sustainable development.<\/p>\n"},{"category":3627,"fr":"","en":"<p>Inaugurated in 2023, the Plan\u00e9tarium du Jardin des sciences de l\u2019Universit\u00e9 de Strasbourg, located on avenue de la Victoire, is the result of a Franco-Quebec collaboration between frenak+jullien, Cardin Julien and m+mathieu holdrinet. The project, winner of an architectural competition in 2016, is integrated into the campus\u2019s historic garden, symbolizing a link between the different eras of university development. Conceived as a bridge between the urban boulevard and the academic garden, the planetarium aims to unite parts of the campus while preserving its landscape heritage.<\/p>\n<p><strong>A relationship with the sky and the ground<\/strong><\/p>\n<p>The planetarium is made up of two dark volumes that stand out against the green mass of the garden: a truncated cone to house the 138-seat projection room doubled by its access gallery; a cylindrical volume to accommodate the Jardin des sciences hall and associated services. Reaching for the sky, the truncated cone suggests an atemporal quest for knowledge of the universe, while the open, radiating reception hall refers to the many sites managed by the Jardin des sciences.<\/p>\n<p><strong>A machine building<\/strong><\/p>\n<p>The structure stands out for its unique architecture, blending conical and cylindrical forms, evoking astronomical instruments and 19th-century machine buildings. For passers-by, the cone\u2019s metal disk beckons and reacts to the changing colors of the sky; for local residents overlooking the site, the planetarium\u2019s fifth fa\u00e7ade evokes an astronomical instrument set in a garden.<\/p>\n<p><strong>A fertile duality<\/strong><\/p>\n<p>The two elements, the planetarium and the reception area of the Jardin des sciences, are made of common ingredients, but organized in opposite ways. The planetarium, introverted, is empty around its perimeter (the access gallery to the room) and full at its center (the room), while the reception, widely open onto the garden, is empty at its center (the hall) and surrounded by a built crown (the services). One is luminous and opens onto the sky through a glass roof forming a sundial, while the other is plunged into darkness, to make the artificial sky of the cosmic theater.<\/p>\n<p><strong>Burnt wood, light wood, compactness: an environmental and aesthetic concern<\/strong><\/p>\n<p>Burnt wood and aluminum on the outside, light wood and plaster on the inside: the materials used for the building are few, simple and contrasting. Outside, the telluric or volcanic aspect of the building is reinforced by a charred film of Douglas fir slats, whose marked, deep brown-black texture takes on silvery reflections under low-angled sunlight. Inside, light-colored wood panels take over, contributing to the hall\u2019s luminous atmosphere. The compactness of the building and the orientation of the openings on the hall side greatly limit the building\u2019s heat loss for good environmental performance.<\/p>\n<p><strong>Jardin des sciences, public garden<\/strong><\/p>\n<p>The public garden, enriched by plant diversity and educational spaces inspired by the planets of the solar system, reinforces the planetarium\u2019s educational dimension. Combining architectural innovation, environmental commitment and a scientific vocation, this project makes a model of integration and sustainable development.<\/p>\n","original":"<p>Inaugurated in 2023, the Plan\u00e9tarium du Jardin des sciences de l\u2019Universit\u00e9 de Strasbourg, located on avenue de la Victoire, is the result of a Franco-Quebec collaboration between frenak+jullien, Cardin Julien and m+mathieu holdrinet. The project, winner of an architectural competition in 2016, is integrated into the campus\u2019s historic garden, symbolizing a link between the different eras of university development. Conceived as a bridge between the urban boulevard and the academic garden, the planetarium aims to unite parts of the campus while preserving its landscape heritage.<\/p>\n<p><strong>A relationship with the sky and the ground<\/strong><\/p>\n<p>The planetarium is made up of two dark volumes that stand out against the green mass of the garden: a truncated cone to house the 138-seat projection room doubled by its access gallery; a cylindrical volume to accommodate the Jardin des sciences hall and associated services. Reaching for the sky, the truncated cone suggests an atemporal quest for knowledge of the universe, while the open, radiating reception hall refers to the many sites managed by the Jardin des sciences.<\/p>\n<p><strong>A machine building<\/strong><\/p>\n<p>The structure stands out for its unique architecture, blending conical and cylindrical forms, evoking astronomical instruments and 19th-century machine buildings. For passers-by, the cone\u2019s metal disk beckons and reacts to the changing colors of the sky; for local residents overlooking the site, the planetarium\u2019s fifth fa\u00e7ade evokes an astronomical instrument set in a garden.<\/p>\n<p><strong>A fertile duality<\/strong><\/p>\n<p>The two elements, the planetarium and the reception area of the Jardin des sciences, are made of common ingredients, but organized in opposite ways. The planetarium, introverted, is empty around its perimeter (the access gallery to the room) and full at its center (the room), while the reception, widely open onto the garden, is empty at its center (the hall) and surrounded by a built crown (the services). One is luminous and opens onto the sky through a glass roof forming a sundial, while the other is plunged into darkness, to make the artificial sky of the cosmic theater.<\/p>\n<p><strong>Burnt wood, light wood, compactness: an environmental and aesthetic concern<\/strong><\/p>\n<p>Burnt wood and aluminum on the outside, light wood and plaster on the inside: the materials used for the building are few, simple and contrasting. Outside, the telluric or volcanic aspect of the building is reinforced by a charred film of Douglas fir slats, whose marked, deep brown-black texture takes on silvery reflections under low-angled sunlight. Inside, light-colored wood panels take over, contributing to the hall\u2019s luminous atmosphere. The compactness of the building and the orientation of the openings on the hall side greatly limit the building\u2019s heat loss for good environmental performance.<\/p>\n<p><strong>Jardin des sciences, public garden<\/strong><\/p>\n<p>The public garden, enriched by plant diversity and educational spaces inspired by the planets of the solar system, reinforces the planetarium\u2019s educational dimension. Combining architectural innovation, environmental commitment and a scientific vocation, this project makes a model of integration and sustainable development.<\/p>\n"}],"different_jury_text":false,"different_category_text":false},"laureats":[],"contest_id":"119062","contest_title":"GRANDS PRIX DU DESIGN \u2013 17th edition","firms":[{"field_5efdebd654724":"frenak+jullien","field_5efdebd654725":"www.frenak-jullien.com","field_5efdebf254726":"","field_6139fca4c23db":2744},{"field_5efdebd654724":"Cardin Julien","field_5efdebd654725":"www.cardinjulien.com","field_5efdebf254726":"","field_6139fca4c23db":2744},{"field_5efdebd654724":"m+mathieu holdrinet","field_5efdebd654725":"www.mplus-archi.eu","field_5efdebf254726":"","field_6139fca4c23db":2744},{"field_5efdebd654724":"","field_5efdebd654725":"","field_5efdebf254726":"","field_6139fca4c23db":null},{"field_5efdebd654724":"","field_5efdebd654725":"","field_5efdebf254726":"","field_6139fca4c23db":null},{"field_5efdebd654724":"","field_5efdebd654725":"","field_5efdebf254726":"","field_6139fca4c23db":null},{"field_5efdebd654724":"","field_5efdebd654725":"","field_5efdebf254726":"","field_6139fca4c23db":null},{"field_5efdebd654724":"","field_5efdebd654725":"","field_5efdebf254726":"","field_6139fca4c23db":null},{"field_5efdebd654724":"","field_5efdebd654725":"","field_5efdebf254726":"","field_6139fca4c23db":null}],"user":{"email":"eproulx@cardinjulien.com","first_name":"Etienne","last_name":"Proulx"},"doc_texts_web":{"fr":"<p>Inaugur\u00e9 en 2023, le Plan\u00e9tarium du Jardin des sciences de l\u2019Universit\u00e9 de Strasbourg, situ\u00e9 avenue de la Victoire, est le r\u00e9sultat d\u2019une collaboration franco-qu\u00e9b\u00e9coise entre frenak+jullien, Cardin Julien et m+mathieu holdrinet. Ce projet, laur\u00e9at d\u2019un concours d\u2019architecture en 2016, s\u2019int\u00e8gre dans le jardin historique du campus, symbolisant un lien entre les diff\u00e9rentes \u00e9poques du d\u00e9veloppement universitaire. Con\u00e7u comme une passerelle entre le boulevard urbain et le jardin acad\u00e9mique, le plan\u00e9tarium vise \u00e0 r\u00e9unir les parties du campus tout en pr\u00e9servant son patrimoine paysager.<\/p>\n<p><strong>Un rapport au ciel et au sol<\/strong><\/p>\n<p>Le plan\u00e9tarium est constitu\u00e9 de deux volumes sombres qui se d\u00e9tachent dans la masse verdoyante du jardin : un c\u00f4ne tronqu\u00e9 pour abriter la salle de projection de 138 places doubl\u00e9e de sa galerie d\u2019acc\u00e8s ; un volume cylindrique pour accueillir le hall du Jardin des sciences et les services associ\u00e9s. Tendu vers le ciel, le c\u00f4ne tronqu\u00e9 sugg\u00e8re une qu\u00eate atemporelle de connaissances de l\u2019univers, tandis que le hall d\u2019accueil, ouvert et rayonnant, renvoie vers les multiples sites g\u00e9r\u00e9s par le Jardin des sciences.<\/p>\n<p><strong>Un b\u00e2timent-machine<\/strong><\/p>\n<p>La structure se distingue par son architecture unique, m\u00e9langeant formes coniques et cylindriques, \u00e9voquant les instruments d\u2019astronomie et les b\u00e2timents-machines du XIXe si\u00e8cle. Pour les passants, le disque m\u00e9tallique du c\u00f4ne fait signe et r\u00e9agit aux couleurs changeantes du ciel ; pour les riverains qui surplombent le site, la cinqui\u00e8me fa\u00e7ade du plan\u00e9tarium \u00e9voque un instrument astronomique pos\u00e9 dans un jardin.<\/p>\n<p><strong>Une dualit\u00e9 f\u00e9conde<\/strong><\/p>\n<p>Les deux \u00e9l\u00e9ments, le plan\u00e9tarium et l\u2019accueil du Jardin des sciences, sont faits d\u2019ingr\u00e9dients communs, mais organis\u00e9s de fa\u00e7on oppos\u00e9e. Le plan\u00e9tarium, introverti, est vide sur son pourtour (galerie d\u2019acc\u00e8s \u00e0 la salle) et plein en son centre (la salle) tandis que l\u2019accueil, largement ouvert sur le jardin, est vide en son centre (le hall) et cern\u00e9 d\u2019une couronne b\u00e2tie (les services). L\u2019un est lumineux et s\u2019ouvre sur le ciel par une verri\u00e8re formant un cadran solaire tandis que l\u2019autre est plong\u00e9 dans l\u2019obscurit\u00e9, pour fabriquer le ciel artificiel du th\u00e9\u00e2tre cosmique.<\/p>\n<p><strong>Bois br\u00fbl\u00e9, bois clair, compacit\u00e9 : un souci environnemental et esth\u00e9tique<\/strong><\/p>\n<p>Bois br\u00fbl\u00e9 et aluminium dehors, bois clair et pl\u00e2tre dedans : les mat\u00e9riaux utilis\u00e9s pour le b\u00e2timent sont peu nombreux, simples et contrast\u00e9s. En ext\u00e9rieur, l\u2019aspect tellurique ou volcanique du b\u00e2timent est renforc\u00e9 par une pellicule carbonis\u00e9e des lames de pin Douglas, dont la texture marqu\u00e9e, d\u2019un brun-noir profond, prend des reflets argent\u00e9s sous un soleil rasant. En int\u00e9rieur, les panneaux de bois clair prennent le relais, contribuant \u00e0 l\u2019atmosph\u00e8re lumineuse du hall. La compacit\u00e9 du b\u00e2timent, l\u2019orientation des ouvertures c\u00f4t\u00e9 hall permettent de limiter fortement les d\u00e9perditions thermiques du b\u00e2timent pour une bonne performance environnementale.<\/p>\n<p><strong>Jardin des sciences, jardin public<\/strong><\/p>\n<p>Le jardin public, enrichi par la diversit\u00e9 v\u00e9g\u00e9tale et des espaces p\u00e9dagogiques inspir\u00e9s des plan\u00e8tes du syst\u00e8me solaire, renforce la dimension \u00e9ducative du plan\u00e9tarium. Alliant innovation architecturale, engagement environnemental et vocation scientifique, ce projet fait du Plan\u00e9tarium du Jardin des sciences un mod\u00e8le d\u2019int\u00e9gration et de d\u00e9veloppement durable.<\/p>\n","en":"<p>Inaugurated in 2023, the Plan\u00e9tarium du Jardin des sciences de l\u2019Universit\u00e9 de Strasbourg, located on avenue de la Victoire, is the result of a Franco-Quebec collaboration between frenak+jullien, Cardin Julien and m+mathieu holdrinet. The project, winner of an architectural competition in 2016, is integrated into the campus\u2019s historic garden, symbolizing a link between the different eras of university development. Conceived as a bridge between the urban boulevard and the academic garden, the planetarium aims to unite parts of the campus while preserving its landscape heritage.<\/p>\n<p><strong>A relationship with the sky and the ground<\/strong><\/p>\n<p>The planetarium is made up of two dark volumes that stand out against the green mass of the garden: a truncated cone to house the 138-seat projection room doubled by its access gallery; a cylindrical volume to accommodate the Jardin des sciences hall and associated services. Reaching for the sky, the truncated cone suggests an atemporal quest for knowledge of the universe, while the open, radiating reception hall refers to the many sites managed by the Jardin des sciences.<\/p>\n<p><strong>A machine building<\/strong><\/p>\n<p>The structure stands out for its unique architecture, blending conical and cylindrical forms, evoking astronomical instruments and 19th-century machine buildings. For passers-by, the cone\u2019s metal disk beckons and reacts to the changing colors of the sky; for local residents overlooking the site, the planetarium\u2019s fifth fa\u00e7ade evokes an astronomical instrument set in a garden.<\/p>\n<p><strong>A fertile duality<\/strong><\/p>\n<p>The two elements, the planetarium and the reception area of the Jardin des sciences, are made of common ingredients, but organized in opposite ways. The planetarium, introverted, is empty around its perimeter (the access gallery to the room) and full at its center (the room), while the reception, widely open onto the garden, is empty at its center (the hall) and surrounded by a built crown (the services). One is luminous and opens onto the sky through a glass roof forming a sundial, while the other is plunged into darkness, to make the artificial sky of the cosmic theater.<\/p>\n<p><strong>Burnt wood, light wood, compactness: an environmental and aesthetic concern<\/strong><\/p>\n<p>Burnt wood and aluminum on the outside, light wood and plaster on the inside: the materials used for the building are few, simple and contrasting. Outside, the telluric or volcanic aspect of the building is reinforced by a charred film of Douglas fir slats, whose marked, deep brown-black texture takes on silvery reflections under low-angled sunlight. Inside, light-colored wood panels take over, contributing to the hall\u2019s luminous atmosphere. The compactness of the building and the orientation of the openings on the hall side greatly limit the building\u2019s heat loss for good environmental performance.<\/p>\n<p><strong>Jardin des sciences, <\/strong><strong>public garden<\/strong><\/p>\n<p>The public garden, enriched by plant diversity and educational spaces inspired by the planets of the solar system, reinforces the planetarium\u2019s educational dimension. Combining architectural innovation, environmental commitment and a scientific vocation, this project makes a model of integration and sustainable development.<\/p>\n"},"permalinks":{"fr":"https:\/\/int.design\/fr\/projets\/planetarium-du-jardin-des-sciences-de-luniversite-de-strasbourg\/","en":"https:\/\/int.design\/en\/projects\/planetarium-du-jardin-des-sciences-de-luniversite-de-strasbourg\/"},"titles":{"fr":"Plan\u00e9tarium du Jardin des sciences de l\u2019Universit\u00e9 de Strasbourg","en":"Plan\u00e9tarium du Jardin des sciences de l\u2019Universit\u00e9 de Strasbourg"},"wp_fields":[],"laravel_id":""},"_links":{"self":[{"href":"https:\/\/int.design\/en\/wp-json\/wp\/v2\/project\/121471","targetHints":{"allow":["GET"]}}],"collection":[{"href":"https:\/\/int.design\/en\/wp-json\/wp\/v2\/project"}],"about":[{"href":"https:\/\/int.design\/en\/wp-json\/wp\/v2\/types\/project"}],"wp:attachment":[{"href":"https:\/\/int.design\/en\/wp-json\/wp\/v2\/media?parent=121471"}],"curies":[{"name":"wp","href":"https:\/\/api.w.org\/{rel}","templated":true}]}}