{"id":119390,"date":"2024-08-20T17:08:20","date_gmt":"2024-08-20T21:08:20","guid":{"rendered":"https:\/\/int.design\/?post_type=project&#038;p=119390"},"modified":"2024-08-20T17:08:20","modified_gmt":"2024-08-20T21:08:20","slug":"serie-feminin-pluriel-2","status":"publish","type":"project","link":"https:\/\/int.design\/en\/projects\/serie-feminin-pluriel-2\/","title":{"rendered":"S\u00e9rie &#8220;F\u00e9minin pluriel&#8221;"},"content":{"rendered":"","protected":false},"template":"","class_list":["post-119390","project","type-project","status-publish","hentry"],"acf":[],"yoast_head":"<!-- This site is optimized with the Yoast SEO plugin v21.5 - https:\/\/yoast.com\/wordpress\/plugins\/seo\/ -->\n<title>S\u00e9rie &quot;F\u00e9minin pluriel&quot; - INT Design<\/title>\n<meta name=\"robots\" content=\"index, follow, max-snippet:-1, max-image-preview:large, max-video-preview:-1\" \/>\n<link rel=\"canonical\" href=\"https:\/\/int.design\/fr\/projects\/serie-feminin-pluriel\/\" \/>\n<meta property=\"og:locale\" content=\"en_US\" \/>\n<meta property=\"og:type\" content=\"article\" \/>\n<meta property=\"og:title\" content=\"S\u00e9rie &quot;F\u00e9minin pluriel&quot; - INT Design\" \/>\n<meta property=\"og:url\" content=\"https:\/\/int.design\/fr\/projects\/serie-feminin-pluriel\/\" \/>\n<meta property=\"og:site_name\" content=\"INT Design\" \/>\n<meta name=\"twitter:card\" content=\"summary_large_image\" \/>\n<script type=\"application\/ld+json\" class=\"yoast-schema-graph\">{\"@context\":\"https:\/\/schema.org\",\"@graph\":[{\"@type\":\"WebPage\",\"@id\":\"https:\/\/int.design\/fr\/projects\/serie-feminin-pluriel\/\",\"url\":\"https:\/\/int.design\/fr\/projects\/serie-feminin-pluriel\/\",\"name\":\"S\u00e9rie \\\"F\u00e9minin pluriel\\\" - INT Design\",\"isPartOf\":{\"@id\":\"https:\/\/int.design\/fr\/#website\"},\"datePublished\":\"2024-08-20T21:08:20+00:00\",\"dateModified\":\"2024-08-20T21:08:20+00:00\",\"breadcrumb\":{\"@id\":\"https:\/\/int.design\/fr\/projects\/serie-feminin-pluriel\/#breadcrumb\"},\"inLanguage\":\"en-US\",\"potentialAction\":[{\"@type\":\"ReadAction\",\"target\":[\"https:\/\/int.design\/fr\/projects\/serie-feminin-pluriel\/\"]}]},{\"@type\":\"BreadcrumbList\",\"@id\":\"https:\/\/int.design\/fr\/projects\/serie-feminin-pluriel\/#breadcrumb\",\"itemListElement\":[{\"@type\":\"ListItem\",\"position\":1,\"name\":\"Home\",\"item\":\"https:\/\/int.design\/en\/\"},{\"@type\":\"ListItem\",\"position\":2,\"name\":\"Projects\",\"item\":\"https:\/\/int.design\/en\/projects\/\"},{\"@type\":\"ListItem\",\"position\":3,\"name\":\"S\u00e9rie \u00ab\u00a0F\u00e9minin pluriel\u00a0\u00bb\"}]},{\"@type\":\"WebSite\",\"@id\":\"https:\/\/int.design\/fr\/#website\",\"url\":\"https:\/\/int.design\/fr\/\",\"name\":\"INT Design\",\"description\":\"\",\"potentialAction\":[{\"@type\":\"SearchAction\",\"target\":{\"@type\":\"EntryPoint\",\"urlTemplate\":\"https:\/\/int.design\/fr\/?s={search_term_string}\"},\"query-input\":\"required name=search_term_string\"}],\"inLanguage\":\"en-US\"}]}<\/script>\n<!-- \/ Yoast SEO plugin. -->","yoast_head_json":{"title":"S\u00e9rie \"F\u00e9minin pluriel\" - INT Design","robots":{"index":"index","follow":"follow","max-snippet":"max-snippet:-1","max-image-preview":"max-image-preview:large","max-video-preview":"max-video-preview:-1"},"canonical":"https:\/\/int.design\/fr\/projects\/serie-feminin-pluriel\/","og_locale":"en_US","og_type":"article","og_title":"S\u00e9rie \"F\u00e9minin pluriel\" - INT Design","og_url":"https:\/\/int.design\/fr\/projects\/serie-feminin-pluriel\/","og_site_name":"INT Design","twitter_card":"summary_large_image","schema":{"@context":"https:\/\/schema.org","@graph":[{"@type":"WebPage","@id":"https:\/\/int.design\/fr\/projects\/serie-feminin-pluriel\/","url":"https:\/\/int.design\/fr\/projects\/serie-feminin-pluriel\/","name":"S\u00e9rie \"F\u00e9minin pluriel\" - INT Design","isPartOf":{"@id":"https:\/\/int.design\/fr\/#website"},"datePublished":"2024-08-20T21:08:20+00:00","dateModified":"2024-08-20T21:08:20+00:00","breadcrumb":{"@id":"https:\/\/int.design\/fr\/projects\/serie-feminin-pluriel\/#breadcrumb"},"inLanguage":"en-US","potentialAction":[{"@type":"ReadAction","target":["https:\/\/int.design\/fr\/projects\/serie-feminin-pluriel\/"]}]},{"@type":"BreadcrumbList","@id":"https:\/\/int.design\/fr\/projects\/serie-feminin-pluriel\/#breadcrumb","itemListElement":[{"@type":"ListItem","position":1,"name":"Home","item":"https:\/\/int.design\/en\/"},{"@type":"ListItem","position":2,"name":"Projects","item":"https:\/\/int.design\/en\/projects\/"},{"@type":"ListItem","position":3,"name":"S\u00e9rie \u00ab\u00a0F\u00e9minin pluriel\u00a0\u00bb"}]},{"@type":"WebSite","@id":"https:\/\/int.design\/fr\/#website","url":"https:\/\/int.design\/fr\/","name":"INT Design","description":"","potentialAction":[{"@type":"SearchAction","target":{"@type":"EntryPoint","urlTemplate":"https:\/\/int.design\/fr\/?s={search_term_string}"},"query-input":"required name=search_term_string"}],"inLanguage":"en-US"}]}},"entry":{"cats":{"disciplines":[],"big_cats":[],"sub_cats":[]},"entry":{"":null,"status":"paid","winner_title":"Pascale Bouchard Artiste","winner_prize_lang":"fr","title_translatable":false,"title_en":"","title_fr":"","releve_award":false,"releve_award_cv":false,"collaboration":false,"collaboration_firms":false,"other_firms":false,"owner":{"name":"","confidential":true,"website":"","contact_name":"","email":"","phone":""},"address":{"address":"","city":"Granby","region":"Estrie","province":"QC","country":"CA","postal_code":""},"logos":[{"image":false,"file":false}],"use_logo":false,"designers":[{"name":"Pascale Bouchard","credit":"Yanick D&eacute;ry photographe","image":{"ID":124432,"id":124432,"title":"Pascale Bouchard Artiste","filename":"6_Pascale Bouchard Artiste-scaled.jpeg","filesize":695307,"url":"https:\/\/d2q6z78khxmx42.cloudfront.net\/2024\/01\/6_Pascale Bouchard Artiste-scaled.jpeg","link":"https:\/\/int.design\/fr\/projets\/serie-feminin-pluriel\/pascale-bouchard-artiste-2\/","alt":"","author":"1167","description":"","caption":"","name":"pascale-bouchard-artiste-2","status":"inherit","uploaded_to":119389,"date":"2024-01-10 20:20:04","modified":"2024-01-10 20:33:42","menu_order":0,"mime_type":"image\/jpeg","type":"image","subtype":"jpeg","icon":"https:\/\/int.design\/wp-includes\/images\/media\/default.png","width":1920,"height":2560,"sizes":{"thumbnail":"https:\/\/d2q6z78khxmx42.cloudfront.net\/2024\/01\/6_Pascale Bouchard Artiste-150x150.jpeg","thumbnail-width":150,"thumbnail-height":150,"medium":"https:\/\/d2q6z78khxmx42.cloudfront.net\/2024\/01\/6_Pascale Bouchard Artiste-225x300.jpeg","medium-width":225,"medium-height":300,"medium_large":"https:\/\/d2q6z78khxmx42.cloudfront.net\/2024\/01\/tZ5yUJ4a-6_Pascale Bouchard Artiste-768x1024.jpeg","medium_large-width":768,"medium_large-height":1024,"large":"https:\/\/d2q6z78khxmx42.cloudfront.net\/2024\/01\/6_Pascale Bouchard Artiste-768x1024.jpeg","large-width":768,"large-height":1024,"1536x1536":"https:\/\/d2q6z78khxmx42.cloudfront.net\/2024\/01\/6_Pascale Bouchard Artiste-1152x1536.jpeg","1536x1536-width":1152,"1536x1536-height":1536,"2048x2048":"https:\/\/d2q6z78khxmx42.cloudfront.net\/2024\/01\/6_Pascale Bouchard Artiste-1536x2048.jpeg","2048x2048-width":1536,"2048x2048-height":2048,"article":"https:\/\/d2q6z78khxmx42.cloudfront.net\/2024\/01\/6_Pascale Bouchard Artiste-960x540.jpeg","article-width":960,"article-height":540,"banner":"https:\/\/d2q6z78khxmx42.cloudfront.net\/2024\/01\/6_Pascale Bouchard Artiste-1920x2560.jpeg","banner-width":1920,"banner-height":2560,"block":"https:\/\/d2q6z78khxmx42.cloudfront.net\/2024\/01\/6_Pascale Bouchard Artiste-900x680.jpeg","block-width":900,"block-height":680,"card":"https:\/\/d2q6z78khxmx42.cloudfront.net\/2024\/01\/6_Pascale Bouchard Artiste-560x495.jpeg","card-width":560,"card-height":495,"card-thumbnail":"https:\/\/d2q6z78khxmx42.cloudfront.net\/2024\/01\/6_Pascale Bouchard Artiste-450x340.jpeg","card-thumbnail-width":450,"card-thumbnail-height":340,"conference":"https:\/\/d2q6z78khxmx42.cloudfront.net\/2024\/01\/6_Pascale Bouchard Artiste-560x250.jpeg","conference-width":560,"conference-height":250,"contest":"https:\/\/d2q6z78khxmx42.cloudfront.net\/2024\/01\/6_Pascale Bouchard Artiste-960x400.jpeg","contest-width":960,"contest-height":400,"cta":"https:\/\/d2q6z78khxmx42.cloudfront.net\/2024\/01\/6_Pascale Bouchard Artiste-415x170.jpeg","cta-width":415,"cta-height":170,"exhibitor":"https:\/\/d2q6z78khxmx42.cloudfront.net\/2024\/01\/6_Pascale Bouchard Artiste-560x560.jpeg","exhibitor-width":560,"exhibitor-height":560,"gallery":"https:\/\/d2q6z78khxmx42.cloudfront.net\/2024\/01\/6_Pascale Bouchard Artiste-323x430.jpeg","gallery-width":323,"gallery-height":430,"logo":"https:\/\/d2q6z78khxmx42.cloudfront.net\/2024\/01\/6_Pascale Bouchard Artiste-75x100.jpeg","logo-width":75,"logo-height":100,"masonry":"https:\/\/d2q6z78khxmx42.cloudfront.net\/2024\/01\/6_Pascale Bouchard Artiste-550x733.jpeg","masonry-width":550,"masonry-height":733,"modal":"https:\/\/d2q6z78khxmx42.cloudfront.net\/2024\/01\/6_Pascale Bouchard Artiste-1440x1920.jpeg","modal-width":1440,"modal-height":1920,"number":"https:\/\/d2q6z78khxmx42.cloudfront.net\/2024\/01\/tZ5yUJ4a-6_Pascale Bouchard Artiste-323x430.jpeg","number-width":323,"number-height":430,"partner":"https:\/\/d2q6z78khxmx42.cloudfront.net\/2024\/01\/6_Pascale Bouchard Artiste-158x210.jpeg","partner-width":158,"partner-height":210,"ranking":"https:\/\/d2q6z78khxmx42.cloudfront.net\/2024\/01\/tZ5yUJ4a-6_Pascale Bouchard Artiste-960x540.jpeg","ranking-width":960,"ranking-height":540,"schedule":"https:\/\/d2q6z78khxmx42.cloudfront.net\/2024\/01\/6_Pascale Bouchard Artiste-960x360.jpeg","schedule-width":960,"schedule-height":360,"slideshow":"https:\/\/d2q6z78khxmx42.cloudfront.net\/2024\/01\/6_Pascale Bouchard Artiste-510x680.jpeg","slideshow-width":510,"slideshow-height":680}},"file":false}],"cover":[{"categories":[3668,3671],"credit":"n\/d","image":{"ID":124434,"id":124434,"title":"Quand tu seras grande..._Pr\u00e9sentation studio artiste_60''x30''_Pascale Bouchard Artiste_2023_","filename":"Quand tu seras grande..._Pr\u00e9sentation studio artiste_60''x30''_Pascale Bouchard Artiste_2023_-scaled.jpg","filesize":853128,"url":"https:\/\/d2q6z78khxmx42.cloudfront.net\/2024\/01\/Quand tu seras grande..._Pr\u00e9sentation studio artiste_60''x30''_Pascale Bouchard Artiste_2023_-scaled.jpg","link":"https:\/\/int.design\/fr\/projets\/serie-feminin-pluriel\/quand-tu-seras-grande-_presentation-studio-artiste_60x30_pascale-bouchard-artiste_2023_\/","alt":"","author":"1167","description":"S\u00e9rie \"F\u00e9minin pluriel\" Pascale Bouchard Artiste","caption":"","name":"quand-tu-seras-grande-_presentation-studio-artiste_60x30_pascale-bouchard-artiste_2023_","status":"inherit","uploaded_to":119389,"date":"2024-01-10 20:22:37","modified":"2024-08-20 21:08:20","menu_order":0,"mime_type":"image\/jpeg","type":"image","subtype":"jpeg","icon":"https:\/\/int.design\/wp-includes\/images\/media\/default.png","width":1691,"height":2560,"sizes":{"thumbnail":"https:\/\/d2q6z78khxmx42.cloudfront.net\/2024\/01\/Quand tu seras grande..._Pr\u00e9sentation studio artiste_60''x30''_Pascale Bouchard Artiste_2023_-150x150.jpg","thumbnail-width":150,"thumbnail-height":150,"medium":"https:\/\/d2q6z78khxmx42.cloudfront.net\/2024\/01\/Quand tu seras grande..._Pr\u00e9sentation studio artiste_60''x30''_Pascale Bouchard Artiste_2023_-198x300.jpg","medium-width":198,"medium-height":300,"medium_large":"https:\/\/d2q6z78khxmx42.cloudfront.net\/2024\/01\/Quand tu seras grande..._Pr\u00e9sentation studio artiste_60''x30''_Pascale Bouchard Artiste_2023_-768x1163.jpg","medium_large-width":768,"medium_large-height":1163,"large":"https:\/\/d2q6z78khxmx42.cloudfront.net\/2024\/01\/Quand tu seras grande..._Pr\u00e9sentation studio artiste_60''x30''_Pascale Bouchard Artiste_2023_-676x1024.jpg","large-width":676,"large-height":1024,"1536x1536":"https:\/\/d2q6z78khxmx42.cloudfront.net\/2024\/01\/Quand tu seras grande..._Pr\u00e9sentation studio artiste_60''x30''_Pascale Bouchard Artiste_2023_-1014x1536.jpg","1536x1536-width":1014,"1536x1536-height":1536,"2048x2048":"https:\/\/d2q6z78khxmx42.cloudfront.net\/2024\/01\/Quand tu seras grande..._Pr\u00e9sentation studio artiste_60''x30''_Pascale Bouchard Artiste_2023_-1352x2048.jpg","2048x2048-width":1352,"2048x2048-height":2048,"article":"https:\/\/d2q6z78khxmx42.cloudfront.net\/2024\/01\/Quand tu seras grande..._Pr\u00e9sentation studio artiste_60''x30''_Pascale Bouchard Artiste_2023_-960x540.jpg","article-width":960,"article-height":540,"banner":"https:\/\/d2q6z78khxmx42.cloudfront.net\/2024\/01\/Quand tu seras grande..._Pr\u00e9sentation studio artiste_60''x30''_Pascale Bouchard Artiste_2023_-1920x2907.jpg","banner-width":1920,"banner-height":2907,"block":"https:\/\/d2q6z78khxmx42.cloudfront.net\/2024\/01\/Quand tu seras grande..._Pr\u00e9sentation studio artiste_60''x30''_Pascale Bouchard Artiste_2023_-900x680.jpg","block-width":900,"block-height":680,"card":"https:\/\/d2q6z78khxmx42.cloudfront.net\/2024\/01\/Quand tu seras grande..._Pr\u00e9sentation studio artiste_60''x30''_Pascale Bouchard Artiste_2023_-560x495.jpg","card-width":560,"card-height":495,"card-thumbnail":"https:\/\/d2q6z78khxmx42.cloudfront.net\/2024\/01\/Quand tu seras grande..._Pr\u00e9sentation studio artiste_60''x30''_Pascale Bouchard Artiste_2023_-450x340.jpg","card-thumbnail-width":450,"card-thumbnail-height":340,"conference":"https:\/\/d2q6z78khxmx42.cloudfront.net\/2024\/01\/Quand tu seras grande..._Pr\u00e9sentation studio artiste_60''x30''_Pascale Bouchard Artiste_2023_-560x250.jpg","conference-width":560,"conference-height":250,"contest":"https:\/\/d2q6z78khxmx42.cloudfront.net\/2024\/01\/Quand tu seras grande..._Pr\u00e9sentation studio artiste_60''x30''_Pascale Bouchard Artiste_2023_-960x400.jpg","contest-width":960,"contest-height":400,"cta":"https:\/\/d2q6z78khxmx42.cloudfront.net\/2024\/01\/Quand tu seras grande..._Pr\u00e9sentation studio artiste_60''x30''_Pascale Bouchard Artiste_2023_-415x170.jpg","cta-width":415,"cta-height":170,"exhibitor":"https:\/\/d2q6z78khxmx42.cloudfront.net\/2024\/01\/Quand tu seras grande..._Pr\u00e9sentation studio artiste_60''x30''_Pascale Bouchard Artiste_2023_-560x560.jpg","exhibitor-width":560,"exhibitor-height":560,"gallery":"https:\/\/d2q6z78khxmx42.cloudfront.net\/2024\/01\/Quand tu seras grande..._Pr\u00e9sentation studio artiste_60''x30''_Pascale Bouchard Artiste_2023_-284x430.jpg","gallery-width":284,"gallery-height":430,"logo":"https:\/\/d2q6z78khxmx42.cloudfront.net\/2024\/01\/Quand tu seras grande..._Pr\u00e9sentation studio artiste_60''x30''_Pascale Bouchard Artiste_2023_-66x100.jpg","logo-width":66,"logo-height":100,"masonry":"https:\/\/d2q6z78khxmx42.cloudfront.net\/2024\/01\/Quand tu seras grande..._Pr\u00e9sentation studio artiste_60''x30''_Pascale Bouchard Artiste_2023_-550x833.jpg","masonry-width":550,"masonry-height":833,"modal":"https:\/\/d2q6z78khxmx42.cloudfront.net\/2024\/01\/Quand tu seras grande..._Pr\u00e9sentation studio artiste_60''x30''_Pascale Bouchard Artiste_2023_-1268x1920.jpg","modal-width":1268,"modal-height":1920,"number":"https:\/\/d2q6z78khxmx42.cloudfront.net\/2024\/01\/qYO4VwfU-Quand tu seras grande..._Pr\u00e9sentation studio artiste_60''x30''_Pascale Bouchard Artiste_2023_-284x430.jpg","number-width":284,"number-height":430,"partner":"https:\/\/d2q6z78khxmx42.cloudfront.net\/2024\/01\/Quand tu seras grande..._Pr\u00e9sentation studio artiste_60''x30''_Pascale Bouchard Artiste_2023_-139x210.jpg","partner-width":139,"partner-height":210,"ranking":"https:\/\/d2q6z78khxmx42.cloudfront.net\/2024\/01\/qYO4VwfU-Quand tu seras grande..._Pr\u00e9sentation studio artiste_60''x30''_Pascale Bouchard Artiste_2023_-960x540.jpg","ranking-width":960,"ranking-height":540,"schedule":"https:\/\/d2q6z78khxmx42.cloudfront.net\/2024\/01\/Quand tu seras grande..._Pr\u00e9sentation studio artiste_60''x30''_Pascale Bouchard Artiste_2023_-960x360.jpg","schedule-width":960,"schedule-height":360,"slideshow":"https:\/\/d2q6z78khxmx42.cloudfront.net\/2024\/01\/Quand tu seras grande..._Pr\u00e9sentation studio artiste_60''x30''_Pascale Bouchard Artiste_2023_-449x680.jpg","slideshow-width":449,"slideshow-height":680}},"filters":false,"suppliers":false,"attachment_category":{"115":"Art","993":"Plus"}},{"categories":[3668,3671],"credit":"n\/d","image":{"ID":124435,"id":124435,"title":"L'Artiste_pr\u00e9sentation chambre_Pascale Bouchard Artiste_36''x72''_2023","filename":"6_L'Artiste_pr\u00e9sentation chambre_Pascale Bouchard Artiste_36''x72''_2023.jpg","filesize":656475,"url":"https:\/\/d2q6z78khxmx42.cloudfront.net\/2024\/01\/6_L'Artiste_pr\u00e9sentation chambre_Pascale Bouchard Artiste_36''x72''_2023.jpg","link":"https:\/\/int.design\/fr\/projets\/serie-feminin-pluriel\/lartiste_presentation-chambre_pascale-bouchard-artiste_36x72_2023-2\/","alt":"","author":"1167","description":"S\u00e9rie \"F\u00e9minin pluriel\" Pascale Bouchard Artiste","caption":"","name":"lartiste_presentation-chambre_pascale-bouchard-artiste_36x72_2023-2","status":"inherit","uploaded_to":119389,"date":"2024-01-10 20:23:44","modified":"2024-08-20 21:08:20","menu_order":0,"mime_type":"image\/jpeg","type":"image","subtype":"jpeg","icon":"https:\/\/int.design\/wp-includes\/images\/media\/default.png","width":1854,"height":1428,"sizes":{"thumbnail":"https:\/\/d2q6z78khxmx42.cloudfront.net\/2024\/01\/6_L'Artiste_pr\u00e9sentation chambre_Pascale Bouchard Artiste_36''x72''_2023-150x150.jpg","thumbnail-width":150,"thumbnail-height":150,"medium":"https:\/\/d2q6z78khxmx42.cloudfront.net\/2024\/01\/6_L'Artiste_pr\u00e9sentation chambre_Pascale Bouchard Artiste_36''x72''_2023-300x231.jpg","medium-width":300,"medium-height":231,"medium_large":"https:\/\/d2q6z78khxmx42.cloudfront.net\/2024\/01\/6_L'Artiste_pr\u00e9sentation chambre_Pascale Bouchard Artiste_36''x72''_2023-768x592.jpg","medium_large-width":768,"medium_large-height":592,"large":"https:\/\/d2q6z78khxmx42.cloudfront.net\/2024\/01\/6_L'Artiste_pr\u00e9sentation chambre_Pascale Bouchard Artiste_36''x72''_2023-1024x789.jpg","large-width":1024,"large-height":789,"1536x1536":"https:\/\/d2q6z78khxmx42.cloudfront.net\/2024\/01\/6_L'Artiste_pr\u00e9sentation chambre_Pascale Bouchard Artiste_36''x72''_2023-1536x1183.jpg","1536x1536-width":1536,"1536x1536-height":1183,"2048x2048":"https:\/\/d2q6z78khxmx42.cloudfront.net\/2024\/01\/6_L'Artiste_pr\u00e9sentation chambre_Pascale Bouchard Artiste_36''x72''_2023.jpg","2048x2048-width":1854,"2048x2048-height":1428,"article":"https:\/\/d2q6z78khxmx42.cloudfront.net\/2024\/01\/6_L'Artiste_pr\u00e9sentation chambre_Pascale Bouchard Artiste_36''x72''_2023-960x540.jpg","article-width":960,"article-height":540,"banner":"https:\/\/d2q6z78khxmx42.cloudfront.net\/2024\/01\/6_L'Artiste_pr\u00e9sentation chambre_Pascale Bouchard Artiste_36''x72''_2023.jpg","banner-width":1854,"banner-height":1428,"block":"https:\/\/d2q6z78khxmx42.cloudfront.net\/2024\/01\/6_L'Artiste_pr\u00e9sentation chambre_Pascale Bouchard Artiste_36''x72''_2023-900x680.jpg","block-width":900,"block-height":680,"card":"https:\/\/d2q6z78khxmx42.cloudfront.net\/2024\/01\/6_L'Artiste_pr\u00e9sentation chambre_Pascale Bouchard Artiste_36''x72''_2023-560x495.jpg","card-width":560,"card-height":495,"card-thumbnail":"https:\/\/d2q6z78khxmx42.cloudfront.net\/2024\/01\/6_L'Artiste_pr\u00e9sentation chambre_Pascale Bouchard Artiste_36''x72''_2023-450x340.jpg","card-thumbnail-width":450,"card-thumbnail-height":340,"conference":"https:\/\/d2q6z78khxmx42.cloudfront.net\/2024\/01\/6_L'Artiste_pr\u00e9sentation chambre_Pascale Bouchard Artiste_36''x72''_2023-560x250.jpg","conference-width":560,"conference-height":250,"contest":"https:\/\/d2q6z78khxmx42.cloudfront.net\/2024\/01\/6_L'Artiste_pr\u00e9sentation chambre_Pascale Bouchard Artiste_36''x72''_2023-960x400.jpg","contest-width":960,"contest-height":400,"cta":"https:\/\/d2q6z78khxmx42.cloudfront.net\/2024\/01\/6_L'Artiste_pr\u00e9sentation chambre_Pascale Bouchard Artiste_36''x72''_2023-415x170.jpg","cta-width":415,"cta-height":170,"exhibitor":"https:\/\/d2q6z78khxmx42.cloudfront.net\/2024\/01\/6_L'Artiste_pr\u00e9sentation chambre_Pascale Bouchard Artiste_36''x72''_2023-560x560.jpg","exhibitor-width":560,"exhibitor-height":560,"gallery":"https:\/\/d2q6z78khxmx42.cloudfront.net\/2024\/01\/6_L'Artiste_pr\u00e9sentation chambre_Pascale Bouchard Artiste_36''x72''_2023-558x430.jpg","gallery-width":558,"gallery-height":430,"logo":"https:\/\/d2q6z78khxmx42.cloudfront.net\/2024\/01\/6_L'Artiste_pr\u00e9sentation chambre_Pascale Bouchard Artiste_36''x72''_2023-130x100.jpg","logo-width":130,"logo-height":100,"masonry":"https:\/\/d2q6z78khxmx42.cloudfront.net\/2024\/01\/6_L'Artiste_pr\u00e9sentation chambre_Pascale Bouchard Artiste_36''x72''_2023-550x424.jpg","masonry-width":550,"masonry-height":424,"modal":"https:\/\/d2q6z78khxmx42.cloudfront.net\/2024\/01\/6_L'Artiste_pr\u00e9sentation chambre_Pascale Bouchard Artiste_36''x72''_2023.jpg","modal-width":1854,"modal-height":1428,"number":"https:\/\/d2q6z78khxmx42.cloudfront.net\/2024\/01\/bOrYaF8z-6_L'Artiste_pr\u00e9sentation chambre_Pascale Bouchard Artiste_36''x72''_2023-558x430.jpg","number-width":558,"number-height":430,"partner":"https:\/\/d2q6z78khxmx42.cloudfront.net\/2024\/01\/6_L'Artiste_pr\u00e9sentation chambre_Pascale Bouchard Artiste_36''x72''_2023-273x210.jpg","partner-width":273,"partner-height":210,"ranking":"https:\/\/d2q6z78khxmx42.cloudfront.net\/2024\/01\/bOrYaF8z-6_L'Artiste_pr\u00e9sentation chambre_Pascale Bouchard Artiste_36''x72''_2023-960x540.jpg","ranking-width":960,"ranking-height":540,"schedule":"https:\/\/d2q6z78khxmx42.cloudfront.net\/2024\/01\/6_L'Artiste_pr\u00e9sentation chambre_Pascale Bouchard Artiste_36''x72''_2023-960x360.jpg","schedule-width":960,"schedule-height":360,"slideshow":"https:\/\/d2q6z78khxmx42.cloudfront.net\/2024\/01\/6_L'Artiste_pr\u00e9sentation chambre_Pascale Bouchard Artiste_36''x72''_2023-883x680.jpg","slideshow-width":883,"slideshow-height":680}},"filters":false,"suppliers":false,"attachment_category":{"115":"Art","993":"Plus"}}],"images":[{"categories":[3668,3671],"credit":"n\/d","image":{"ID":124437,"id":124437,"title":"Sortie de filles_36''x72''_Pascale Bouchard Artsite_2023","filename":"Sortie de filles_36''x72''_Pascale Bouchard Artsite_2023.jpg","filesize":1213626,"url":"https:\/\/d2q6z78khxmx42.cloudfront.net\/2024\/01\/Sortie de filles_36''x72''_Pascale Bouchard Artsite_2023.jpg","link":"https:\/\/int.design\/fr\/projets\/serie-feminin-pluriel\/sortie-de-filles_36x72_pascale-bouchard-artsite_2023\/","alt":"","author":"1167","description":"S\u00e9rie \"F\u00e9minin pluriel\" Pascale Bouchard Artiste","caption":"","name":"sortie-de-filles_36x72_pascale-bouchard-artsite_2023","status":"inherit","uploaded_to":119389,"date":"2024-01-10 20:25:13","modified":"2024-08-20 21:08:20","menu_order":0,"mime_type":"image\/jpeg","type":"image","subtype":"jpeg","icon":"https:\/\/int.design\/wp-includes\/images\/media\/default.png","width":1843,"height":2090,"sizes":{"thumbnail":"https:\/\/d2q6z78khxmx42.cloudfront.net\/2024\/01\/Sortie de filles_36''x72''_Pascale Bouchard Artsite_2023-150x150.jpg","thumbnail-width":150,"thumbnail-height":150,"medium":"https:\/\/d2q6z78khxmx42.cloudfront.net\/2024\/01\/Sortie de filles_36''x72''_Pascale Bouchard Artsite_2023-265x300.jpg","medium-width":265,"medium-height":300,"medium_large":"https:\/\/d2q6z78khxmx42.cloudfront.net\/2024\/01\/Sortie de filles_36''x72''_Pascale Bouchard Artsite_2023-768x871.jpg","medium_large-width":768,"medium_large-height":871,"large":"https:\/\/d2q6z78khxmx42.cloudfront.net\/2024\/01\/Sortie de filles_36''x72''_Pascale Bouchard Artsite_2023-903x1024.jpg","large-width":903,"large-height":1024,"1536x1536":"https:\/\/d2q6z78khxmx42.cloudfront.net\/2024\/01\/Sortie de filles_36''x72''_Pascale Bouchard Artsite_2023-1354x1536.jpg","1536x1536-width":1354,"1536x1536-height":1536,"2048x2048":"https:\/\/d2q6z78khxmx42.cloudfront.net\/2024\/01\/Sortie de filles_36''x72''_Pascale Bouchard Artsite_2023-1806x2048.jpg","2048x2048-width":1806,"2048x2048-height":2048,"article":"https:\/\/d2q6z78khxmx42.cloudfront.net\/2024\/01\/Sortie de filles_36''x72''_Pascale Bouchard Artsite_2023-960x540.jpg","article-width":960,"article-height":540,"banner":"https:\/\/d2q6z78khxmx42.cloudfront.net\/2024\/01\/Sortie de filles_36''x72''_Pascale Bouchard Artsite_2023.jpg","banner-width":1843,"banner-height":2090,"block":"https:\/\/d2q6z78khxmx42.cloudfront.net\/2024\/01\/Sortie de filles_36''x72''_Pascale Bouchard Artsite_2023-900x680.jpg","block-width":900,"block-height":680,"card":"https:\/\/d2q6z78khxmx42.cloudfront.net\/2024\/01\/Sortie de filles_36''x72''_Pascale Bouchard Artsite_2023-560x495.jpg","card-width":560,"card-height":495,"card-thumbnail":"https:\/\/d2q6z78khxmx42.cloudfront.net\/2024\/01\/Sortie de filles_36''x72''_Pascale Bouchard Artsite_2023-450x340.jpg","card-thumbnail-width":450,"card-thumbnail-height":340,"conference":"https:\/\/d2q6z78khxmx42.cloudfront.net\/2024\/01\/Sortie de filles_36''x72''_Pascale Bouchard Artsite_2023-560x250.jpg","conference-width":560,"conference-height":250,"contest":"https:\/\/d2q6z78khxmx42.cloudfront.net\/2024\/01\/Sortie de filles_36''x72''_Pascale Bouchard Artsite_2023-960x400.jpg","contest-width":960,"contest-height":400,"cta":"https:\/\/d2q6z78khxmx42.cloudfront.net\/2024\/01\/Sortie de filles_36''x72''_Pascale Bouchard Artsite_2023-415x170.jpg","cta-width":415,"cta-height":170,"exhibitor":"https:\/\/d2q6z78khxmx42.cloudfront.net\/2024\/01\/Sortie de filles_36''x72''_Pascale Bouchard Artsite_2023-560x560.jpg","exhibitor-width":560,"exhibitor-height":560,"gallery":"https:\/\/d2q6z78khxmx42.cloudfront.net\/2024\/01\/Sortie de filles_36''x72''_Pascale Bouchard Artsite_2023-379x430.jpg","gallery-width":379,"gallery-height":430,"logo":"https:\/\/d2q6z78khxmx42.cloudfront.net\/2024\/01\/Sortie de filles_36''x72''_Pascale Bouchard Artsite_2023-88x100.jpg","logo-width":88,"logo-height":100,"masonry":"https:\/\/d2q6z78khxmx42.cloudfront.net\/2024\/01\/Sortie de filles_36''x72''_Pascale Bouchard Artsite_2023-550x624.jpg","masonry-width":550,"masonry-height":624,"modal":"https:\/\/d2q6z78khxmx42.cloudfront.net\/2024\/01\/Sortie de filles_36''x72''_Pascale Bouchard Artsite_2023-1693x1920.jpg","modal-width":1693,"modal-height":1920,"number":"https:\/\/d2q6z78khxmx42.cloudfront.net\/2024\/01\/klGh4DNV-Sortie de filles_36''x72''_Pascale Bouchard Artsite_2023-379x430.jpg","number-width":379,"number-height":430,"partner":"https:\/\/d2q6z78khxmx42.cloudfront.net\/2024\/01\/Sortie de filles_36''x72''_Pascale Bouchard Artsite_2023-185x210.jpg","partner-width":185,"partner-height":210,"ranking":"https:\/\/d2q6z78khxmx42.cloudfront.net\/2024\/01\/klGh4DNV-Sortie de filles_36''x72''_Pascale Bouchard Artsite_2023-960x540.jpg","ranking-width":960,"ranking-height":540,"schedule":"https:\/\/d2q6z78khxmx42.cloudfront.net\/2024\/01\/Sortie de filles_36''x72''_Pascale Bouchard Artsite_2023-960x360.jpg","schedule-width":960,"schedule-height":360,"slideshow":"https:\/\/d2q6z78khxmx42.cloudfront.net\/2024\/01\/Sortie de filles_36''x72''_Pascale Bouchard Artsite_2023-600x680.jpg","slideshow-width":600,"slideshow-height":680}},"filters":false,"suppliers":false,"attachment_category":[]},{"categories":[3668],"credit":"n\/d","image":{"ID":124438,"id":124438,"title":"Pub Instagram F\u00e9minin Pluriel In Process","filename":"6_Pub Instagram F\u00e9minin Pluriel In Process .jpg","filesize":224263,"url":"https:\/\/d2q6z78khxmx42.cloudfront.net\/2024\/01\/6_Pub Instagram F\u00e9minin Pluriel In Process .jpg","link":"https:\/\/int.design\/fr\/projets\/serie-feminin-pluriel\/pub-instagram-feminin-pluriel-in-process-2\/","alt":"","author":"1167","description":"S\u00e9rie \"F\u00e9minin pluriel\" Pascale Bouchard Artiste","caption":"","name":"pub-instagram-feminin-pluriel-in-process-2","status":"inherit","uploaded_to":119389,"date":"2024-01-10 20:25:57","modified":"2024-08-20 21:08:20","menu_order":0,"mime_type":"image\/jpeg","type":"image","subtype":"jpeg","icon":"https:\/\/int.design\/wp-includes\/images\/media\/default.png","width":1080,"height":1080,"sizes":{"thumbnail":"https:\/\/d2q6z78khxmx42.cloudfront.net\/2024\/01\/6_Pub Instagram F\u00e9minin Pluriel In Process -150x150.jpg","thumbnail-width":150,"thumbnail-height":150,"medium":"https:\/\/d2q6z78khxmx42.cloudfront.net\/2024\/01\/6_Pub Instagram F\u00e9minin Pluriel In Process -300x300.jpg","medium-width":300,"medium-height":300,"medium_large":"https:\/\/d2q6z78khxmx42.cloudfront.net\/2024\/01\/6_Pub Instagram F\u00e9minin Pluriel In Process -768x768.jpg","medium_large-width":768,"medium_large-height":768,"large":"https:\/\/d2q6z78khxmx42.cloudfront.net\/2024\/01\/6_Pub Instagram F\u00e9minin Pluriel In Process -1024x1024.jpg","large-width":1024,"large-height":1024,"1536x1536":"https:\/\/d2q6z78khxmx42.cloudfront.net\/2024\/01\/6_Pub Instagram F\u00e9minin Pluriel In Process .jpg","1536x1536-width":1080,"1536x1536-height":1080,"2048x2048":"https:\/\/d2q6z78khxmx42.cloudfront.net\/2024\/01\/6_Pub Instagram F\u00e9minin Pluriel In Process .jpg","2048x2048-width":1080,"2048x2048-height":1080,"article":"https:\/\/d2q6z78khxmx42.cloudfront.net\/2024\/01\/6_Pub Instagram F\u00e9minin Pluriel In Process -960x540.jpg","article-width":960,"article-height":540,"banner":"https:\/\/d2q6z78khxmx42.cloudfront.net\/2024\/01\/6_Pub Instagram F\u00e9minin Pluriel In Process .jpg","banner-width":1080,"banner-height":1080,"block":"https:\/\/d2q6z78khxmx42.cloudfront.net\/2024\/01\/6_Pub Instagram F\u00e9minin Pluriel In Process -900x680.jpg","block-width":900,"block-height":680,"card":"https:\/\/d2q6z78khxmx42.cloudfront.net\/2024\/01\/6_Pub Instagram F\u00e9minin Pluriel In Process -560x495.jpg","card-width":560,"card-height":495,"card-thumbnail":"https:\/\/d2q6z78khxmx42.cloudfront.net\/2024\/01\/6_Pub Instagram F\u00e9minin Pluriel In Process -450x340.jpg","card-thumbnail-width":450,"card-thumbnail-height":340,"conference":"https:\/\/d2q6z78khxmx42.cloudfront.net\/2024\/01\/6_Pub Instagram F\u00e9minin Pluriel In Process -560x250.jpg","conference-width":560,"conference-height":250,"contest":"https:\/\/d2q6z78khxmx42.cloudfront.net\/2024\/01\/6_Pub Instagram F\u00e9minin Pluriel In Process -960x400.jpg","contest-width":960,"contest-height":400,"cta":"https:\/\/d2q6z78khxmx42.cloudfront.net\/2024\/01\/6_Pub Instagram F\u00e9minin Pluriel In Process -415x170.jpg","cta-width":415,"cta-height":170,"exhibitor":"https:\/\/d2q6z78khxmx42.cloudfront.net\/2024\/01\/6_Pub Instagram F\u00e9minin Pluriel In Process -560x560.jpg","exhibitor-width":560,"exhibitor-height":560,"gallery":"https:\/\/d2q6z78khxmx42.cloudfront.net\/2024\/01\/6_Pub Instagram F\u00e9minin Pluriel In Process -430x430.jpg","gallery-width":430,"gallery-height":430,"logo":"https:\/\/d2q6z78khxmx42.cloudfront.net\/2024\/01\/6_Pub Instagram F\u00e9minin Pluriel In Process -100x100.jpg","logo-width":100,"logo-height":100,"masonry":"https:\/\/d2q6z78khxmx42.cloudfront.net\/2024\/01\/6_Pub Instagram F\u00e9minin Pluriel In Process -550x550.jpg","masonry-width":550,"masonry-height":550,"modal":"https:\/\/d2q6z78khxmx42.cloudfront.net\/2024\/01\/6_Pub Instagram F\u00e9minin Pluriel In Process .jpg","modal-width":1080,"modal-height":1080,"number":"https:\/\/d2q6z78khxmx42.cloudfront.net\/2024\/01\/WmGgjUrg-6_Pub Instagram F\u00e9minin Pluriel In Process -430x430.jpg","number-width":430,"number-height":430,"partner":"https:\/\/d2q6z78khxmx42.cloudfront.net\/2024\/01\/6_Pub Instagram F\u00e9minin Pluriel In Process -210x210.jpg","partner-width":210,"partner-height":210,"ranking":"https:\/\/d2q6z78khxmx42.cloudfront.net\/2024\/01\/WmGgjUrg-6_Pub Instagram F\u00e9minin Pluriel In Process -960x540.jpg","ranking-width":960,"ranking-height":540,"schedule":"https:\/\/d2q6z78khxmx42.cloudfront.net\/2024\/01\/6_Pub Instagram F\u00e9minin Pluriel In Process -960x360.jpg","schedule-width":960,"schedule-height":360,"slideshow":"https:\/\/d2q6z78khxmx42.cloudfront.net\/2024\/01\/6_Pub Instagram F\u00e9minin Pluriel In Process -680x680.jpg","slideshow-width":680,"slideshow-height":680}},"filters":false,"suppliers":false,"attachment_category":[]},{"categories":[3668,3671],"credit":"n\/d","image":{"ID":124747,"id":124747,"title":"Les Triplettes_60''x48''_Pascale Bouchard Artiste_2023","filename":"6_Les Triplettes_60''x48''_Pascale Bouchard Artiste_2023-scaled.jpg","filesize":1275814,"url":"https:\/\/d2q6z78khxmx42.cloudfront.net\/2024\/01\/6_Les Triplettes_60''x48''_Pascale Bouchard Artiste_2023-scaled.jpg","link":"https:\/\/int.design\/fr\/projets\/serie-feminin-pluriel\/les-triplettes_60x48_pascale-bouchard-artiste_2023-2\/","alt":"","author":"1167","description":"S\u00e9rie \"F\u00e9minin pluriel\" Pascale Bouchard Artiste","caption":"","name":"les-triplettes_60x48_pascale-bouchard-artiste_2023-2","status":"inherit","uploaded_to":119389,"date":"2024-01-16 17:12:06","modified":"2024-08-20 21:08:20","menu_order":0,"mime_type":"image\/jpeg","type":"image","subtype":"jpeg","icon":"https:\/\/int.design\/wp-includes\/images\/media\/default.png","width":2037,"height":2560,"sizes":{"thumbnail":"https:\/\/d2q6z78khxmx42.cloudfront.net\/2024\/01\/6_Les Triplettes_60''x48''_Pascale Bouchard Artiste_2023-150x150.jpg","thumbnail-width":150,"thumbnail-height":150,"medium":"https:\/\/d2q6z78khxmx42.cloudfront.net\/2024\/01\/6_Les Triplettes_60''x48''_Pascale Bouchard Artiste_2023-239x300.jpg","medium-width":239,"medium-height":300,"medium_large":"https:\/\/d2q6z78khxmx42.cloudfront.net\/2024\/01\/6_Les Triplettes_60''x48''_Pascale Bouchard Artiste_2023-768x965.jpg","medium_large-width":768,"medium_large-height":965,"large":"https:\/\/d2q6z78khxmx42.cloudfront.net\/2024\/01\/6_Les Triplettes_60''x48''_Pascale Bouchard Artiste_2023-815x1024.jpg","large-width":815,"large-height":1024,"1536x1536":"https:\/\/d2q6z78khxmx42.cloudfront.net\/2024\/01\/6_Les Triplettes_60''x48''_Pascale Bouchard Artiste_2023-1222x1536.jpg","1536x1536-width":1222,"1536x1536-height":1536,"2048x2048":"https:\/\/d2q6z78khxmx42.cloudfront.net\/2024\/01\/6_Les Triplettes_60''x48''_Pascale Bouchard Artiste_2023-1630x2048.jpg","2048x2048-width":1630,"2048x2048-height":2048,"article":"https:\/\/d2q6z78khxmx42.cloudfront.net\/2024\/01\/6_Les Triplettes_60''x48''_Pascale Bouchard Artiste_2023-960x540.jpg","article-width":960,"article-height":540,"banner":"https:\/\/d2q6z78khxmx42.cloudfront.net\/2024\/01\/6_Les Triplettes_60''x48''_Pascale Bouchard Artiste_2023-1920x2413.jpg","banner-width":1920,"banner-height":2413,"block":"https:\/\/d2q6z78khxmx42.cloudfront.net\/2024\/01\/6_Les Triplettes_60''x48''_Pascale Bouchard Artiste_2023-900x680.jpg","block-width":900,"block-height":680,"card":"https:\/\/d2q6z78khxmx42.cloudfront.net\/2024\/01\/6_Les Triplettes_60''x48''_Pascale Bouchard Artiste_2023-560x495.jpg","card-width":560,"card-height":495,"card-thumbnail":"https:\/\/d2q6z78khxmx42.cloudfront.net\/2024\/01\/6_Les Triplettes_60''x48''_Pascale Bouchard Artiste_2023-450x340.jpg","card-thumbnail-width":450,"card-thumbnail-height":340,"conference":"https:\/\/d2q6z78khxmx42.cloudfront.net\/2024\/01\/6_Les Triplettes_60''x48''_Pascale Bouchard Artiste_2023-560x250.jpg","conference-width":560,"conference-height":250,"contest":"https:\/\/d2q6z78khxmx42.cloudfront.net\/2024\/01\/6_Les Triplettes_60''x48''_Pascale Bouchard Artiste_2023-960x400.jpg","contest-width":960,"contest-height":400,"cta":"https:\/\/d2q6z78khxmx42.cloudfront.net\/2024\/01\/6_Les Triplettes_60''x48''_Pascale Bouchard Artiste_2023-415x170.jpg","cta-width":415,"cta-height":170,"exhibitor":"https:\/\/d2q6z78khxmx42.cloudfront.net\/2024\/01\/6_Les Triplettes_60''x48''_Pascale Bouchard Artiste_2023-560x560.jpg","exhibitor-width":560,"exhibitor-height":560,"gallery":"https:\/\/d2q6z78khxmx42.cloudfront.net\/2024\/01\/6_Les Triplettes_60''x48''_Pascale Bouchard Artiste_2023-342x430.jpg","gallery-width":342,"gallery-height":430,"logo":"https:\/\/d2q6z78khxmx42.cloudfront.net\/2024\/01\/6_Les Triplettes_60''x48''_Pascale Bouchard Artiste_2023-80x100.jpg","logo-width":80,"logo-height":100,"masonry":"https:\/\/d2q6z78khxmx42.cloudfront.net\/2024\/01\/6_Les Triplettes_60''x48''_Pascale Bouchard Artiste_2023-550x691.jpg","masonry-width":550,"masonry-height":691,"modal":"https:\/\/d2q6z78khxmx42.cloudfront.net\/2024\/01\/6_Les Triplettes_60''x48''_Pascale Bouchard Artiste_2023-1528x1920.jpg","modal-width":1528,"modal-height":1920,"number":"https:\/\/d2q6z78khxmx42.cloudfront.net\/2024\/01\/Qc28IXz4-6_Les Triplettes_60''x48''_Pascale Bouchard Artiste_2023-342x430.jpg","number-width":342,"number-height":430,"partner":"https:\/\/d2q6z78khxmx42.cloudfront.net\/2024\/01\/6_Les Triplettes_60''x48''_Pascale Bouchard Artiste_2023-167x210.jpg","partner-width":167,"partner-height":210,"ranking":"https:\/\/d2q6z78khxmx42.cloudfront.net\/2024\/01\/Qc28IXz4-6_Les Triplettes_60''x48''_Pascale Bouchard Artiste_2023-960x540.jpg","ranking-width":960,"ranking-height":540,"schedule":"https:\/\/d2q6z78khxmx42.cloudfront.net\/2024\/01\/6_Les Triplettes_60''x48''_Pascale Bouchard Artiste_2023-960x360.jpg","schedule-width":960,"schedule-height":360,"slideshow":"https:\/\/d2q6z78khxmx42.cloudfront.net\/2024\/01\/6_Les Triplettes_60''x48''_Pascale Bouchard Artiste_2023-541x680.jpg","slideshow-width":541,"slideshow-height":680}},"filters":false,"suppliers":false,"attachment_category":[]},{"categories":[3668],"credit":"n\/d","image":{"ID":124748,"id":124748,"title":"IMG_5916","filename":"6_IMG_5916-scaled.jpg","filesize":1184535,"url":"https:\/\/d2q6z78khxmx42.cloudfront.net\/2024\/01\/6_IMG_5916-scaled.jpg","link":"https:\/\/int.design\/fr\/projets\/serie-feminin-pluriel\/img_5916-3\/","alt":"","author":"1167","description":"S\u00e9rie \"F\u00e9minin pluriel\" Pascale Bouchard Artiste","caption":"","name":"img_5916-3","status":"inherit","uploaded_to":119389,"date":"2024-01-16 17:13:10","modified":"2024-08-20 21:08:20","menu_order":0,"mime_type":"image\/jpeg","type":"image","subtype":"jpeg","icon":"https:\/\/int.design\/wp-includes\/images\/media\/default.png","width":2560,"height":2560,"sizes":{"thumbnail":"https:\/\/d2q6z78khxmx42.cloudfront.net\/2024\/01\/6_IMG_5916-150x150.jpg","thumbnail-width":150,"thumbnail-height":150,"medium":"https:\/\/d2q6z78khxmx42.cloudfront.net\/2024\/01\/6_IMG_5916-300x300.jpg","medium-width":300,"medium-height":300,"medium_large":"https:\/\/d2q6z78khxmx42.cloudfront.net\/2024\/01\/6_IMG_5916-768x768.jpg","medium_large-width":768,"medium_large-height":768,"large":"https:\/\/d2q6z78khxmx42.cloudfront.net\/2024\/01\/6_IMG_5916-1024x1024.jpg","large-width":1024,"large-height":1024,"1536x1536":"https:\/\/d2q6z78khxmx42.cloudfront.net\/2024\/01\/6_IMG_5916-1536x1536.jpg","1536x1536-width":1536,"1536x1536-height":1536,"2048x2048":"https:\/\/d2q6z78khxmx42.cloudfront.net\/2024\/01\/6_IMG_5916-2048x2048.jpg","2048x2048-width":2048,"2048x2048-height":2048,"article":"https:\/\/d2q6z78khxmx42.cloudfront.net\/2024\/01\/6_IMG_5916-960x540.jpg","article-width":960,"article-height":540,"banner":"https:\/\/d2q6z78khxmx42.cloudfront.net\/2024\/01\/6_IMG_5916-1920x1920.jpg","banner-width":1920,"banner-height":1920,"block":"https:\/\/d2q6z78khxmx42.cloudfront.net\/2024\/01\/6_IMG_5916-900x680.jpg","block-width":900,"block-height":680,"card":"https:\/\/d2q6z78khxmx42.cloudfront.net\/2024\/01\/6_IMG_5916-560x495.jpg","card-width":560,"card-height":495,"card-thumbnail":"https:\/\/d2q6z78khxmx42.cloudfront.net\/2024\/01\/6_IMG_5916-450x340.jpg","card-thumbnail-width":450,"card-thumbnail-height":340,"conference":"https:\/\/d2q6z78khxmx42.cloudfront.net\/2024\/01\/6_IMG_5916-560x250.jpg","conference-width":560,"conference-height":250,"contest":"https:\/\/d2q6z78khxmx42.cloudfront.net\/2024\/01\/6_IMG_5916-960x400.jpg","contest-width":960,"contest-height":400,"cta":"https:\/\/d2q6z78khxmx42.cloudfront.net\/2024\/01\/6_IMG_5916-415x170.jpg","cta-width":415,"cta-height":170,"exhibitor":"https:\/\/d2q6z78khxmx42.cloudfront.net\/2024\/01\/6_IMG_5916-560x560.jpg","exhibitor-width":560,"exhibitor-height":560,"gallery":"https:\/\/d2q6z78khxmx42.cloudfront.net\/2024\/01\/6_IMG_5916-430x430.jpg","gallery-width":430,"gallery-height":430,"logo":"https:\/\/d2q6z78khxmx42.cloudfront.net\/2024\/01\/6_IMG_5916-100x100.jpg","logo-width":100,"logo-height":100,"masonry":"https:\/\/d2q6z78khxmx42.cloudfront.net\/2024\/01\/6_IMG_5916-550x550.jpg","masonry-width":550,"masonry-height":550,"modal":"https:\/\/d2q6z78khxmx42.cloudfront.net\/2024\/01\/EkTZTTvz-6_IMG_5916-1920x1920.jpg","modal-width":1920,"modal-height":1920,"number":"https:\/\/d2q6z78khxmx42.cloudfront.net\/2024\/01\/EkTZTTvz-6_IMG_5916-430x430.jpg","number-width":430,"number-height":430,"partner":"https:\/\/d2q6z78khxmx42.cloudfront.net\/2024\/01\/6_IMG_5916-210x210.jpg","partner-width":210,"partner-height":210,"ranking":"https:\/\/d2q6z78khxmx42.cloudfront.net\/2024\/01\/EkTZTTvz-6_IMG_5916-960x540.jpg","ranking-width":960,"ranking-height":540,"schedule":"https:\/\/d2q6z78khxmx42.cloudfront.net\/2024\/01\/6_IMG_5916-960x360.jpg","schedule-width":960,"schedule-height":360,"slideshow":"https:\/\/d2q6z78khxmx42.cloudfront.net\/2024\/01\/6_IMG_5916-680x680.jpg","slideshow-width":680,"slideshow-height":680}},"filters":false,"suppliers":false,"attachment_category":[]},{"categories":[3668],"credit":"n\/d","image":{"ID":124750,"id":124750,"title":"Close up 2 Camomille 36x24 Pascale Bouchard Artiste 2","filename":"7_Close up 2 Camomille 36x24 Pascale Bouchard Artiste 2-scaled.jpg","filesize":1271202,"url":"https:\/\/d2q6z78khxmx42.cloudfront.net\/2024\/01\/7_Close up 2 Camomille 36x24 Pascale Bouchard Artiste 2-scaled.jpg","link":"https:\/\/int.design\/fr\/projets\/serie-feminin-pluriel\/close-up-2-camomille-36x24-pascale-bouchard-artiste-2-3\/","alt":"","author":"1167","description":"S\u00e9rie \"F\u00e9minin pluriel\" Pascale Bouchard Artiste","caption":"","name":"close-up-2-camomille-36x24-pascale-bouchard-artiste-2-3","status":"inherit","uploaded_to":119389,"date":"2024-01-16 17:19:40","modified":"2024-08-20 21:08:20","menu_order":0,"mime_type":"image\/jpeg","type":"image","subtype":"jpeg","icon":"https:\/\/int.design\/wp-includes\/images\/media\/default.png","width":1920,"height":2560,"sizes":{"thumbnail":"https:\/\/d2q6z78khxmx42.cloudfront.net\/2024\/01\/7_Close up 2 Camomille 36x24 Pascale Bouchard Artiste 2-150x150.jpg","thumbnail-width":150,"thumbnail-height":150,"medium":"https:\/\/d2q6z78khxmx42.cloudfront.net\/2024\/01\/7_Close up 2 Camomille 36x24 Pascale Bouchard Artiste 2-225x300.jpg","medium-width":225,"medium-height":300,"medium_large":"https:\/\/d2q6z78khxmx42.cloudfront.net\/2024\/01\/PFLajtwM-7_Close up 2 Camomille 36x24 Pascale Bouchard Artiste 2-768x1024.jpg","medium_large-width":768,"medium_large-height":1024,"large":"https:\/\/d2q6z78khxmx42.cloudfront.net\/2024\/01\/7_Close up 2 Camomille 36x24 Pascale Bouchard Artiste 2-768x1024.jpg","large-width":768,"large-height":1024,"1536x1536":"https:\/\/d2q6z78khxmx42.cloudfront.net\/2024\/01\/7_Close up 2 Camomille 36x24 Pascale Bouchard Artiste 2-1152x1536.jpg","1536x1536-width":1152,"1536x1536-height":1536,"2048x2048":"https:\/\/d2q6z78khxmx42.cloudfront.net\/2024\/01\/7_Close up 2 Camomille 36x24 Pascale Bouchard Artiste 2-1536x2048.jpg","2048x2048-width":1536,"2048x2048-height":2048,"article":"https:\/\/d2q6z78khxmx42.cloudfront.net\/2024\/01\/7_Close up 2 Camomille 36x24 Pascale Bouchard Artiste 2-960x540.jpg","article-width":960,"article-height":540,"banner":"https:\/\/d2q6z78khxmx42.cloudfront.net\/2024\/01\/7_Close up 2 Camomille 36x24 Pascale Bouchard Artiste 2-1920x2560.jpg","banner-width":1920,"banner-height":2560,"block":"https:\/\/d2q6z78khxmx42.cloudfront.net\/2024\/01\/7_Close up 2 Camomille 36x24 Pascale Bouchard Artiste 2-900x680.jpg","block-width":900,"block-height":680,"card":"https:\/\/d2q6z78khxmx42.cloudfront.net\/2024\/01\/7_Close up 2 Camomille 36x24 Pascale Bouchard Artiste 2-560x495.jpg","card-width":560,"card-height":495,"card-thumbnail":"https:\/\/d2q6z78khxmx42.cloudfront.net\/2024\/01\/7_Close up 2 Camomille 36x24 Pascale Bouchard Artiste 2-450x340.jpg","card-thumbnail-width":450,"card-thumbnail-height":340,"conference":"https:\/\/d2q6z78khxmx42.cloudfront.net\/2024\/01\/7_Close up 2 Camomille 36x24 Pascale Bouchard Artiste 2-560x250.jpg","conference-width":560,"conference-height":250,"contest":"https:\/\/d2q6z78khxmx42.cloudfront.net\/2024\/01\/7_Close up 2 Camomille 36x24 Pascale Bouchard Artiste 2-960x400.jpg","contest-width":960,"contest-height":400,"cta":"https:\/\/d2q6z78khxmx42.cloudfront.net\/2024\/01\/7_Close up 2 Camomille 36x24 Pascale Bouchard Artiste 2-415x170.jpg","cta-width":415,"cta-height":170,"exhibitor":"https:\/\/d2q6z78khxmx42.cloudfront.net\/2024\/01\/7_Close up 2 Camomille 36x24 Pascale Bouchard Artiste 2-560x560.jpg","exhibitor-width":560,"exhibitor-height":560,"gallery":"https:\/\/d2q6z78khxmx42.cloudfront.net\/2024\/01\/7_Close up 2 Camomille 36x24 Pascale Bouchard Artiste 2-323x430.jpg","gallery-width":323,"gallery-height":430,"logo":"https:\/\/d2q6z78khxmx42.cloudfront.net\/2024\/01\/7_Close up 2 Camomille 36x24 Pascale Bouchard Artiste 2-75x100.jpg","logo-width":75,"logo-height":100,"masonry":"https:\/\/d2q6z78khxmx42.cloudfront.net\/2024\/01\/7_Close up 2 Camomille 36x24 Pascale Bouchard Artiste 2-550x733.jpg","masonry-width":550,"masonry-height":733,"modal":"https:\/\/d2q6z78khxmx42.cloudfront.net\/2024\/01\/7_Close up 2 Camomille 36x24 Pascale Bouchard Artiste 2-1440x1920.jpg","modal-width":1440,"modal-height":1920,"number":"https:\/\/d2q6z78khxmx42.cloudfront.net\/2024\/01\/PFLajtwM-7_Close up 2 Camomille 36x24 Pascale Bouchard Artiste 2-323x430.jpg","number-width":323,"number-height":430,"partner":"https:\/\/d2q6z78khxmx42.cloudfront.net\/2024\/01\/7_Close up 2 Camomille 36x24 Pascale Bouchard Artiste 2-158x210.jpg","partner-width":158,"partner-height":210,"ranking":"https:\/\/d2q6z78khxmx42.cloudfront.net\/2024\/01\/PFLajtwM-7_Close up 2 Camomille 36x24 Pascale Bouchard Artiste 2-960x540.jpg","ranking-width":960,"ranking-height":540,"schedule":"https:\/\/d2q6z78khxmx42.cloudfront.net\/2024\/01\/7_Close up 2 Camomille 36x24 Pascale Bouchard Artiste 2-960x360.jpg","schedule-width":960,"schedule-height":360,"slideshow":"https:\/\/d2q6z78khxmx42.cloudfront.net\/2024\/01\/7_Close up 2 Camomille 36x24 Pascale Bouchard Artiste 2-510x680.jpg","slideshow-width":510,"slideshow-height":680}},"filters":false,"suppliers":false,"attachment_category":[]},{"categories":[3671],"credit":"n\/d","image":{"ID":124752,"id":124752,"title":"Pr\u00e9sentation Camomille - Oeuvre \u00e0 l'encaustique Pascale Bocuhard Artiste - 36'' x 24''","filename":"Pr\u00e9sentation Camomille - Oeuvre \u00e0 l'encaustique Pascale Bocuhard Artiste - 36'' x 24''-scaled.jpg","filesize":718906,"url":"https:\/\/d2q6z78khxmx42.cloudfront.net\/2024\/01\/Pr\u00e9sentation Camomille - Oeuvre \u00e0 l'encaustique Pascale Bocuhard Artiste - 36'' x 24''-scaled.jpg","link":"https:\/\/int.design\/fr\/projets\/serie-feminin-pluriel\/presentation-camomille-oeuvre-a-lencaustique-pascale-bocuhard-artiste-36-x-24\/","alt":"","author":"1167","description":"S\u00e9rie \"F\u00e9minin pluriel\" Pascale Bouchard Artiste","caption":"","name":"presentation-camomille-oeuvre-a-lencaustique-pascale-bocuhard-artiste-36-x-24","status":"inherit","uploaded_to":119389,"date":"2024-01-16 17:28:39","modified":"2024-08-20 21:08:20","menu_order":0,"mime_type":"image\/jpeg","type":"image","subtype":"jpeg","icon":"https:\/\/int.design\/wp-includes\/images\/media\/default.png","width":2092,"height":2560,"sizes":{"thumbnail":"https:\/\/d2q6z78khxmx42.cloudfront.net\/2024\/01\/Pr\u00e9sentation Camomille - Oeuvre \u00e0 l'encaustique Pascale Bocuhard Artiste - 36'' x 24''-150x150.jpg","thumbnail-width":150,"thumbnail-height":150,"medium":"https:\/\/d2q6z78khxmx42.cloudfront.net\/2024\/01\/Pr\u00e9sentation Camomille - Oeuvre \u00e0 l'encaustique Pascale Bocuhard Artiste - 36'' x 24''-245x300.jpg","medium-width":245,"medium-height":300,"medium_large":"https:\/\/d2q6z78khxmx42.cloudfront.net\/2024\/01\/Pr\u00e9sentation Camomille - Oeuvre \u00e0 l'encaustique Pascale Bocuhard Artiste - 36'' x 24''-768x940.jpg","medium_large-width":768,"medium_large-height":940,"large":"https:\/\/d2q6z78khxmx42.cloudfront.net\/2024\/01\/Pr\u00e9sentation Camomille - Oeuvre \u00e0 l'encaustique Pascale Bocuhard Artiste - 36'' x 24''-837x1024.jpg","large-width":837,"large-height":1024,"1536x1536":"https:\/\/d2q6z78khxmx42.cloudfront.net\/2024\/01\/Pr\u00e9sentation Camomille - Oeuvre \u00e0 l'encaustique Pascale Bocuhard Artiste - 36'' x 24''-1255x1536.jpg","1536x1536-width":1255,"1536x1536-height":1536,"2048x2048":"https:\/\/d2q6z78khxmx42.cloudfront.net\/2024\/01\/Pr\u00e9sentation Camomille - Oeuvre \u00e0 l'encaustique Pascale Bocuhard Artiste - 36'' x 24''-1674x2048.jpg","2048x2048-width":1674,"2048x2048-height":2048,"article":"https:\/\/d2q6z78khxmx42.cloudfront.net\/2024\/01\/Pr\u00e9sentation Camomille - Oeuvre \u00e0 l'encaustique Pascale Bocuhard Artiste - 36'' x 24''-960x540.jpg","article-width":960,"article-height":540,"banner":"https:\/\/d2q6z78khxmx42.cloudfront.net\/2024\/01\/Pr\u00e9sentation Camomille - Oeuvre \u00e0 l'encaustique Pascale Bocuhard Artiste - 36'' x 24''-1920x2349.jpg","banner-width":1920,"banner-height":2349,"block":"https:\/\/d2q6z78khxmx42.cloudfront.net\/2024\/01\/Pr\u00e9sentation Camomille - Oeuvre \u00e0 l'encaustique Pascale Bocuhard Artiste - 36'' x 24''-900x680.jpg","block-width":900,"block-height":680,"card":"https:\/\/d2q6z78khxmx42.cloudfront.net\/2024\/01\/Pr\u00e9sentation Camomille - Oeuvre \u00e0 l'encaustique Pascale Bocuhard Artiste - 36'' x 24''-560x495.jpg","card-width":560,"card-height":495,"card-thumbnail":"https:\/\/d2q6z78khxmx42.cloudfront.net\/2024\/01\/Pr\u00e9sentation Camomille - Oeuvre \u00e0 l'encaustique Pascale Bocuhard Artiste - 36'' x 24''-450x340.jpg","card-thumbnail-width":450,"card-thumbnail-height":340,"conference":"https:\/\/d2q6z78khxmx42.cloudfront.net\/2024\/01\/Pr\u00e9sentation Camomille - Oeuvre \u00e0 l'encaustique Pascale Bocuhard Artiste - 36'' x 24''-560x250.jpg","conference-width":560,"conference-height":250,"contest":"https:\/\/d2q6z78khxmx42.cloudfront.net\/2024\/01\/Pr\u00e9sentation Camomille - Oeuvre \u00e0 l'encaustique Pascale Bocuhard Artiste - 36'' x 24''-960x400.jpg","contest-width":960,"contest-height":400,"cta":"https:\/\/d2q6z78khxmx42.cloudfront.net\/2024\/01\/Pr\u00e9sentation Camomille - Oeuvre \u00e0 l'encaustique Pascale Bocuhard Artiste - 36'' x 24''-415x170.jpg","cta-width":415,"cta-height":170,"exhibitor":"https:\/\/d2q6z78khxmx42.cloudfront.net\/2024\/01\/Pr\u00e9sentation Camomille - Oeuvre \u00e0 l'encaustique Pascale Bocuhard Artiste - 36'' x 24''-560x560.jpg","exhibitor-width":560,"exhibitor-height":560,"gallery":"https:\/\/d2q6z78khxmx42.cloudfront.net\/2024\/01\/Pr\u00e9sentation Camomille - Oeuvre \u00e0 l'encaustique Pascale Bocuhard Artiste - 36'' x 24''-351x430.jpg","gallery-width":351,"gallery-height":430,"logo":"https:\/\/d2q6z78khxmx42.cloudfront.net\/2024\/01\/Pr\u00e9sentation Camomille - Oeuvre \u00e0 l'encaustique Pascale Bocuhard Artiste - 36'' x 24''-82x100.jpg","logo-width":82,"logo-height":100,"masonry":"https:\/\/d2q6z78khxmx42.cloudfront.net\/2024\/01\/Pr\u00e9sentation Camomille - Oeuvre \u00e0 l'encaustique Pascale Bocuhard Artiste - 36'' x 24''-550x673.jpg","masonry-width":550,"masonry-height":673,"modal":"https:\/\/d2q6z78khxmx42.cloudfront.net\/2024\/01\/Pr\u00e9sentation Camomille - Oeuvre \u00e0 l'encaustique Pascale Bocuhard Artiste - 36'' x 24''-1569x1920.jpg","modal-width":1569,"modal-height":1920,"number":"https:\/\/d2q6z78khxmx42.cloudfront.net\/2024\/01\/4AbE7beZ-Pr\u00e9sentation Camomille - Oeuvre \u00e0 l'encaustique Pascale Bocuhard Artiste - 36'' x 24''-351x430.jpg","number-width":351,"number-height":430,"partner":"https:\/\/d2q6z78khxmx42.cloudfront.net\/2024\/01\/Pr\u00e9sentation Camomille - Oeuvre \u00e0 l'encaustique Pascale Bocuhard Artiste - 36'' x 24''-172x210.jpg","partner-width":172,"partner-height":210,"ranking":"https:\/\/d2q6z78khxmx42.cloudfront.net\/2024\/01\/4AbE7beZ-Pr\u00e9sentation Camomille - Oeuvre \u00e0 l'encaustique Pascale Bocuhard Artiste - 36'' x 24''-960x540.jpg","ranking-width":960,"ranking-height":540,"schedule":"https:\/\/d2q6z78khxmx42.cloudfront.net\/2024\/01\/Pr\u00e9sentation Camomille - Oeuvre \u00e0 l'encaustique Pascale Bocuhard Artiste - 36'' x 24''-960x360.jpg","schedule-width":960,"schedule-height":360,"slideshow":"https:\/\/d2q6z78khxmx42.cloudfront.net\/2024\/01\/Pr\u00e9sentation Camomille - Oeuvre \u00e0 l'encaustique Pascale Bocuhard Artiste - 36'' x 24''-556x680.jpg","slideshow-width":556,"slideshow-height":680}},"filters":false,"suppliers":false,"attachment_category":[]},{"categories":[3671],"credit":"n\/d","image":{"ID":124753,"id":124753,"title":"Pr\u00e9sentation F\u00e9minin Pluriel 48x36","filename":"Pr\u00e9sentation F\u00e9minin Pluriel 48x36-scaled.jpg","filesize":691009,"url":"https:\/\/d2q6z78khxmx42.cloudfront.net\/2024\/01\/Pr\u00e9sentation F\u00e9minin Pluriel 48x36-scaled.jpg","link":"https:\/\/int.design\/fr\/projets\/serie-feminin-pluriel\/presentation-feminin-pluriel-48x36\/","alt":"","author":"1167","description":"S\u00e9rie \"F\u00e9minin pluriel\" Pascale Bouchard Artiste","caption":"","name":"presentation-feminin-pluriel-48x36","status":"inherit","uploaded_to":119389,"date":"2024-01-16 17:30:49","modified":"2024-08-20 21:08:20","menu_order":0,"mime_type":"image\/jpeg","type":"image","subtype":"jpeg","icon":"https:\/\/int.design\/wp-includes\/images\/media\/default.png","width":2560,"height":1707,"sizes":{"thumbnail":"https:\/\/d2q6z78khxmx42.cloudfront.net\/2024\/01\/Pr\u00e9sentation F\u00e9minin Pluriel 48x36-150x150.jpg","thumbnail-width":150,"thumbnail-height":150,"medium":"https:\/\/d2q6z78khxmx42.cloudfront.net\/2024\/01\/Pr\u00e9sentation F\u00e9minin Pluriel 48x36-300x200.jpg","medium-width":300,"medium-height":200,"medium_large":"https:\/\/d2q6z78khxmx42.cloudfront.net\/2024\/01\/Pr\u00e9sentation F\u00e9minin Pluriel 48x36-768x512.jpg","medium_large-width":768,"medium_large-height":512,"large":"https:\/\/d2q6z78khxmx42.cloudfront.net\/2024\/01\/Pr\u00e9sentation F\u00e9minin Pluriel 48x36-1024x683.jpg","large-width":1024,"large-height":683,"1536x1536":"https:\/\/d2q6z78khxmx42.cloudfront.net\/2024\/01\/Pr\u00e9sentation F\u00e9minin Pluriel 48x36-1536x1024.jpg","1536x1536-width":1536,"1536x1536-height":1024,"2048x2048":"https:\/\/d2q6z78khxmx42.cloudfront.net\/2024\/01\/Pr\u00e9sentation F\u00e9minin Pluriel 48x36-2048x1366.jpg","2048x2048-width":2048,"2048x2048-height":1366,"article":"https:\/\/d2q6z78khxmx42.cloudfront.net\/2024\/01\/Pr\u00e9sentation F\u00e9minin Pluriel 48x36-960x540.jpg","article-width":960,"article-height":540,"banner":"https:\/\/d2q6z78khxmx42.cloudfront.net\/2024\/01\/Pr\u00e9sentation F\u00e9minin Pluriel 48x36-1920x1280.jpg","banner-width":1920,"banner-height":1280,"block":"https:\/\/d2q6z78khxmx42.cloudfront.net\/2024\/01\/Pr\u00e9sentation F\u00e9minin Pluriel 48x36-900x680.jpg","block-width":900,"block-height":680,"card":"https:\/\/d2q6z78khxmx42.cloudfront.net\/2024\/01\/Pr\u00e9sentation F\u00e9minin Pluriel 48x36-560x495.jpg","card-width":560,"card-height":495,"card-thumbnail":"https:\/\/d2q6z78khxmx42.cloudfront.net\/2024\/01\/Pr\u00e9sentation F\u00e9minin Pluriel 48x36-450x340.jpg","card-thumbnail-width":450,"card-thumbnail-height":340,"conference":"https:\/\/d2q6z78khxmx42.cloudfront.net\/2024\/01\/Pr\u00e9sentation F\u00e9minin Pluriel 48x36-560x250.jpg","conference-width":560,"conference-height":250,"contest":"https:\/\/d2q6z78khxmx42.cloudfront.net\/2024\/01\/Pr\u00e9sentation F\u00e9minin Pluriel 48x36-960x400.jpg","contest-width":960,"contest-height":400,"cta":"https:\/\/d2q6z78khxmx42.cloudfront.net\/2024\/01\/Pr\u00e9sentation F\u00e9minin Pluriel 48x36-415x170.jpg","cta-width":415,"cta-height":170,"exhibitor":"https:\/\/d2q6z78khxmx42.cloudfront.net\/2024\/01\/Pr\u00e9sentation F\u00e9minin Pluriel 48x36-560x560.jpg","exhibitor-width":560,"exhibitor-height":560,"gallery":"https:\/\/d2q6z78khxmx42.cloudfront.net\/2024\/01\/Pr\u00e9sentation F\u00e9minin Pluriel 48x36-560x373.jpg","gallery-width":560,"gallery-height":373,"logo":"https:\/\/d2q6z78khxmx42.cloudfront.net\/2024\/01\/Pr\u00e9sentation F\u00e9minin Pluriel 48x36-150x100.jpg","logo-width":150,"logo-height":100,"masonry":"https:\/\/d2q6z78khxmx42.cloudfront.net\/2024\/01\/Pr\u00e9sentation F\u00e9minin Pluriel 48x36-550x367.jpg","masonry-width":550,"masonry-height":367,"modal":"https:\/\/d2q6z78khxmx42.cloudfront.net\/2024\/01\/eG7ambXh-Pr\u00e9sentation F\u00e9minin Pluriel 48x36-1920x1280.jpg","modal-width":1920,"modal-height":1280,"number":"https:\/\/d2q6z78khxmx42.cloudfront.net\/2024\/01\/eG7ambXh-Pr\u00e9sentation F\u00e9minin Pluriel 48x36-560x373.jpg","number-width":560,"number-height":373,"partner":"https:\/\/d2q6z78khxmx42.cloudfront.net\/2024\/01\/Pr\u00e9sentation F\u00e9minin Pluriel 48x36-275x183.jpg","partner-width":275,"partner-height":183,"ranking":"https:\/\/d2q6z78khxmx42.cloudfront.net\/2024\/01\/eG7ambXh-Pr\u00e9sentation F\u00e9minin Pluriel 48x36-960x540.jpg","ranking-width":960,"ranking-height":540,"schedule":"https:\/\/d2q6z78khxmx42.cloudfront.net\/2024\/01\/Pr\u00e9sentation F\u00e9minin Pluriel 48x36-960x360.jpg","schedule-width":960,"schedule-height":360,"slideshow":"https:\/\/d2q6z78khxmx42.cloudfront.net\/2024\/01\/Pr\u00e9sentation F\u00e9minin Pluriel 48x36-1020x680.jpg","slideshow-width":1020,"slideshow-height":680}},"filters":false,"suppliers":false,"attachment_category":[]},{"categories":[3668,3671],"credit":"n\/d","image":{"ID":124754,"id":124754,"title":"\u00c0 elle seule - Pascale Bocuhard - 16'' diam\u00e8tre","filename":"\u00c0 elle seule - Pascale Bocuhard - 16'' diam\u00e8tre.jpg","filesize":150442,"url":"https:\/\/d2q6z78khxmx42.cloudfront.net\/2024\/01\/\u00c0 elle seule - Pascale Bocuhard - 16'' diam\u00e8tre.jpg","link":"https:\/\/int.design\/fr\/projets\/serie-feminin-pluriel\/a-elle-seule-pascale-bocuhard-16-diametre\/","alt":"","author":"1167","description":"S\u00e9rie \"F\u00e9minin pluriel\" Pascale Bouchard Artiste","caption":"","name":"a-elle-seule-pascale-bocuhard-16-diametre","status":"inherit","uploaded_to":119389,"date":"2024-01-16 17:37:56","modified":"2024-08-20 21:08:20","menu_order":0,"mime_type":"image\/jpeg","type":"image","subtype":"jpeg","icon":"https:\/\/int.design\/wp-includes\/images\/media\/default.png","width":500,"height":500,"sizes":{"thumbnail":"https:\/\/d2q6z78khxmx42.cloudfront.net\/2024\/01\/\u00c0 elle seule - Pascale Bocuhard - 16'' diam\u00e8tre-150x150.jpg","thumbnail-width":150,"thumbnail-height":150,"medium":"https:\/\/d2q6z78khxmx42.cloudfront.net\/2024\/01\/\u00c0 elle seule - Pascale Bocuhard - 16'' diam\u00e8tre-300x300.jpg","medium-width":300,"medium-height":300,"medium_large":"https:\/\/d2q6z78khxmx42.cloudfront.net\/2024\/01\/\u00c0 elle seule - Pascale Bocuhard - 16'' diam\u00e8tre.jpg","medium_large-width":500,"medium_large-height":500,"large":"https:\/\/d2q6z78khxmx42.cloudfront.net\/2024\/01\/\u00c0 elle seule - Pascale Bocuhard - 16'' diam\u00e8tre.jpg","large-width":500,"large-height":500,"1536x1536":"https:\/\/d2q6z78khxmx42.cloudfront.net\/2024\/01\/\u00c0 elle seule - Pascale Bocuhard - 16'' diam\u00e8tre.jpg","1536x1536-width":500,"1536x1536-height":500,"2048x2048":"https:\/\/d2q6z78khxmx42.cloudfront.net\/2024\/01\/\u00c0 elle seule - Pascale Bocuhard - 16'' diam\u00e8tre.jpg","2048x2048-width":500,"2048x2048-height":500,"article":"https:\/\/d2q6z78khxmx42.cloudfront.net\/2024\/01\/\u00c0 elle seule - Pascale Bocuhard - 16'' diam\u00e8tre.jpg","article-width":500,"article-height":500,"banner":"https:\/\/d2q6z78khxmx42.cloudfront.net\/2024\/01\/\u00c0 elle seule - Pascale Bocuhard - 16'' diam\u00e8tre.jpg","banner-width":500,"banner-height":500,"block":"https:\/\/d2q6z78khxmx42.cloudfront.net\/2024\/01\/\u00c0 elle seule - Pascale Bocuhard - 16'' diam\u00e8tre.jpg","block-width":500,"block-height":500,"card":"https:\/\/d2q6z78khxmx42.cloudfront.net\/2024\/01\/\u00c0 elle seule - Pascale Bocuhard - 16'' diam\u00e8tre-500x495.jpg","card-width":500,"card-height":495,"card-thumbnail":"https:\/\/d2q6z78khxmx42.cloudfront.net\/2024\/01\/\u00c0 elle seule - Pascale Bocuhard - 16'' diam\u00e8tre-450x340.jpg","card-thumbnail-width":450,"card-thumbnail-height":340,"conference":"https:\/\/d2q6z78khxmx42.cloudfront.net\/2024\/01\/\u00c0 elle seule - Pascale Bocuhard - 16'' diam\u00e8tre-500x250.jpg","conference-width":500,"conference-height":250,"contest":"https:\/\/d2q6z78khxmx42.cloudfront.net\/2024\/01\/\u00c0 elle seule - Pascale Bocuhard - 16'' diam\u00e8tre-500x400.jpg","contest-width":500,"contest-height":400,"cta":"https:\/\/d2q6z78khxmx42.cloudfront.net\/2024\/01\/\u00c0 elle seule - Pascale Bocuhard - 16'' diam\u00e8tre-415x170.jpg","cta-width":415,"cta-height":170,"exhibitor":"https:\/\/d2q6z78khxmx42.cloudfront.net\/2024\/01\/\u00c0 elle seule - Pascale Bocuhard - 16'' diam\u00e8tre.jpg","exhibitor-width":500,"exhibitor-height":500,"gallery":"https:\/\/d2q6z78khxmx42.cloudfront.net\/2024\/01\/\u00c0 elle seule - Pascale Bocuhard - 16'' diam\u00e8tre-430x430.jpg","gallery-width":430,"gallery-height":430,"logo":"https:\/\/d2q6z78khxmx42.cloudfront.net\/2024\/01\/\u00c0 elle seule - Pascale Bocuhard - 16'' diam\u00e8tre-100x100.jpg","logo-width":100,"logo-height":100,"masonry":"https:\/\/d2q6z78khxmx42.cloudfront.net\/2024\/01\/\u00c0 elle seule - Pascale Bocuhard - 16'' diam\u00e8tre.jpg","masonry-width":500,"masonry-height":500,"modal":"https:\/\/d2q6z78khxmx42.cloudfront.net\/2024\/01\/\u00c0 elle seule - Pascale Bocuhard - 16'' diam\u00e8tre.jpg","modal-width":500,"modal-height":500,"number":"https:\/\/d2q6z78khxmx42.cloudfront.net\/2024\/01\/Q0LPNB9h-\u00c0 elle seule - Pascale Bocuhard - 16'' diam\u00e8tre-430x430.jpg","number-width":430,"number-height":430,"partner":"https:\/\/d2q6z78khxmx42.cloudfront.net\/2024\/01\/\u00c0 elle seule - Pascale Bocuhard - 16'' diam\u00e8tre-210x210.jpg","partner-width":210,"partner-height":210,"ranking":"https:\/\/d2q6z78khxmx42.cloudfront.net\/2024\/01\/\u00c0 elle seule - Pascale Bocuhard - 16'' diam\u00e8tre.jpg","ranking-width":500,"ranking-height":500,"schedule":"https:\/\/d2q6z78khxmx42.cloudfront.net\/2024\/01\/\u00c0 elle seule - Pascale Bocuhard - 16'' diam\u00e8tre-500x360.jpg","schedule-width":500,"schedule-height":360,"slideshow":"https:\/\/d2q6z78khxmx42.cloudfront.net\/2024\/01\/\u00c0 elle seule - Pascale Bocuhard - 16'' diam\u00e8tre.jpg","slideshow-width":500,"slideshow-height":500}},"filters":false,"suppliers":false,"attachment_category":[]}],"mandatory_documents":false,"optional_documents":false,"web_text":{"fr":"","en":"","original":"<div class=\"page\" title=\"Page 1\">\n<div class=\"layoutArea\">\n<div class=\"column\">\n<p>Artistic approach<\/p>\n<p>\u00ab\u00a0F\u00e9minin Pluriel\u00a0\u00bb series Pascale Bouchard Artist<\/p>\n<p>WOMAN is the main subject that nourishes me and extends the imagination of my thoughts towards subjective works.<\/p>\n<\/p>\n<p>Always passing through writing during my creative process, I explore the foundation of what will come to life on the medium. Intuitive fluidity and movement, adorned by a rich, pigmented texture&#8230; unique works are born.<\/p>\n<p>I&rsquo;m an artist by nature.<\/p>\n<p>It was in 2012 that I discovered this little-known ancestral medium: Encaustics, and traded in my brushes for blowtorches.<\/p>\n<p>Now, after more than 10 years of exploration with hot wax, my mastery and skills are tinged with ease and a liberating letting go.<\/p>\n<p>Today, initiated by a great desire to visually interpret the place I have held and lived for 47 years, it is with honor that I present my \u00ab\u00a0Feminine Plural\u00a0\u00bb series, a singular yet honest unveiling of the stages of my own life, my roles and passages.<\/p>\n<p>In this series from a life that is no stranger to me, the woman becomes THE SUBJECT, voluntarily leaving the place of the background to the man as SUPPORT.<\/p>\n<p>It&rsquo;s with the flower (a symbol of femininity for me) always in the foreground, that I seek to contradict the societal concept of our culture, which I believe has been entrenched for far too long.<\/p>\n<p>The main thing that came out of this beautiful creative process was my awareness of my own experience. That of an unhappiness filled with hesitation and fear in trying to take my place. I&rsquo;ve always defined myself as blurred and undefined. Preferring to assist rather than initiate. And by the same token, always making sure to DO well rather than simply BE.<\/p>\n<p>It is in this very meaningful series for me that I wish today to reveal my past states of Being as a Woman. To signify and thank at the same time through my works that this journey was strewn with magnificent, idolized, loved, envied women who today allow me to affirm that I am one of them.<\/p>\n<\/div>\n<\/div>\n<\/div>\n"},"jury_text":[{"category":3668,"fr":"","en":"","original":"<div class=\"page\" title=\"Page 1\">\n<div class=\"layoutArea\">\n<div class=\"column\">\n<p>Artistic approach<\/p>\n<p>\u00ab\u00a0F\u00e9minin Pluriel\u00a0\u00bb series Pascale Bouchard Artist<\/p>\n<p>WOMAN is the main subject that nourishes me and extends the imagination of my thoughts towards subjective works.<\/p>\n<\/p>\n<p>Always passing through writing during my creative process, I explore the foundation of what will come to life on the medium. Intuitive fluidity and movement, adorned by a rich, pigmented texture&#8230;unique works are born.<\/p>\n<p>It was in 2012 that I discovered this little-known ancestral medium: Encaustics, and traded in my brushes for blowtorches.<\/p>\n<p>Now, after more than 10 years of exploration with hot wax, my mastery and skills are tinged with ease and a liberating letting go.<\/p>\n<p>Today, initiated by a great desire to visually interpret the place I have held and lived for 47 years, it is with honor that I present my \u00ab\u00a0Feminine Plural\u00a0\u00bb series, a singular yet honest unveiling of the stages of my own life, my roles and passages.<\/p>\n<p>In this series from a life that is no stranger to me, the woman becomes THE SUBJECT, voluntarily leaving the place of the background to the man as SUPPORT.<\/p>\n<p>It&rsquo;s with the flower (a symbol of femininity for me) always in the foreground, that I seek to contradict the societal concept of our culture, which I believe has been entrenched for far too long.<\/p>\n<p>The main thing that came out of this beautiful creative process was my awareness of my own experience. That of an unhappiness filled with hesitation and fear in trying to take my place. I&rsquo;ve always defined myself as blurred and undefined. Preferring to assist rather than initiate. And by the same token, always making sure to DO well rather than simply BE.<\/p>\n<p>It is in this very meaningful series for me that I wish today to reveal my past states of Being as a Woman. To signify and thank at the same time through my works that this journey was strewn with magnificent, idolized, loved, envied women who today allow me to affirm that I am one of them.<\/p>\n<\/div>\n<\/div>\n<\/div>\n"},{"category":3671,"fr":"","en":"","original":"<div class=\"page\" title=\"Page 1\">\n<div class=\"layoutArea\">\n<div class=\"column\">\n<p>Artistic approach<\/p>\n<p>\u00ab\u00a0F\u00e9minin Pluriel\u00a0\u00bb series Pascale Bouchard Artist<\/p>\n<p>WOMAN is the main subject that nourishes me and extends the imagination of my thoughts towards subjective works.<\/p>\n<\/p>\n<p>Always passing through writing during my creative process, I explore the foundation of what will come to life on the medium. Intuitive fluidity and movement, adorned by a rich, pigmented texture&#8230; unique works are born.<\/p>\n<p>I&rsquo;m an artist by nature.<\/p>\n<p>It was in 2012 that I discovered this little-known ancestral medium: Encaustics, and traded in my brushes for blowtorches.<\/p>\n<p>Now, after more than 10 years of exploration with hot wax, my mastery and skills are tinged with ease and a liberating letting go.<\/p>\n<p>Today, initiated by a great desire to visually interpret the place I have held and lived for 47 years, it is with honor that I present my \u00ab\u00a0Feminine Plural\u00a0\u00bb series, a singular yet honest unveiling of the stages of my own life, my roles and passages.<\/p>\n<p>In this series from a life that is no stranger to me, the woman becomes THE SUBJECT, voluntarily leaving the place of the background to the man as SUPPORT.<\/p>\n<p>It&rsquo;s with the flower (a symbol of femininity for me) always in the foreground, that I seek to contradict the societal concept of our culture, which I believe has been entrenched for far too long.<\/p>\n<p>The main thing that came out of this beautiful creative process was my awareness of my own experience. That of an unhappiness filled with hesitation and fear in trying to take my place. I&rsquo;ve always defined myself as blurred and undefined. Preferring to assist rather than initiate. And by the same token, always making sure to DO well rather than simply BE.<\/p>\n<p>It is in this very meaningful series for me that I wish today to reveal my past states of Being as a Woman. To signify and thank at the same time through my works that this journey was strewn with magnificent, idolized, loved, envied women who today allow me to affirm that I am one of them.<\/p>\n<\/div>\n<\/div>\n<\/div>\n"}],"different_jury_text":false,"different_category_text":false},"laureats":[],"contest_id":"119062","contest_title":"GRANDS PRIX DU DESIGN \u2013 17th edition","firms":[],"user":{"email":"bouchardpascale2@gmail.com","first_name":"Pascale","last_name":"Bouchard"},"doc_texts_web":{"fr":"<div class=\"page\" title=\"Page 1\">\n<div class=\"layoutArea\">\n<div class=\"column\">\n<p>Se\u0301rie \u00ab Fe\u0301minin Pluriel \u00bb Pascale Bouchard Artiste<\/p>\n<p>LA FEMME est le sujet principal qui me nourrit et prolonge l\u2019imaginaire de mes pense\u0301es vers des \u0153uvres subjectives.<\/p>\n<p>Passant toujours par l\u2019e\u0301criture lors de mon processus cre\u0301atif, j\u2019explore le fondement de ce qui prendra vie sur le support. Fluidite\u0301 et mouvements intuitifs, ornemente\u0301s par une texture riche et pigmente\u0301e\u2026 des \u0153uvres uniques naissent.<\/p>\n<p>C\u2019est en 2012, que j\u2019ai de\u0301couvert ce me\u0301dium ancestral peu connu : l\u2019Encaustique et que j\u2019ai troque\u0301 mes pinceaux pour des chalumeaux.<\/p>\n<p>Maintenant, apre\u0300s plus de 10 ans d\u2019exploration avec la cire chaude, ma mai\u0302trise et mes habilete\u0301s sont teinte\u0301s d\u2019aisance et d\u2019un la\u0302cher prise libe\u0301rateur.<\/p>\n<p>Aujourd\u2019hui, initie\u0301 par une grande volonte\u0301 d\u2019interpre\u0301ter visuellement la place que j\u2019ai tenue et ve\u0301cue depuis 47 ans, c\u2019est avec honneur que je vous pre\u0301sente ma se\u0301rie \u00ab Fe\u0301minin pluriel \u00bb, de\u0301voilement singulier mais honne\u0302te, des e\u0301tapes de ma propre vie, de mes ro\u0302les et passages.<\/p>\n<p>Dans cette se\u0301rie d\u2019une vie qui ne m\u2019est pas e\u0301trange\u0300re, la femme devient LE SUJET, laissant volontairement la place du second plan a\u0300 l\u2019homme en tant que SUPPORT.<\/p>\n<p>C\u2019est avec la fleur (symbole de fe\u0301minite\u0301 pour moi) toujours au premier plan, que je cherche a\u0300 contredire le concept socie\u0301tal de notre culture, qui selon moi, est enracine\u0301 depuis beaucoup trop longtemps.<\/p>\n<p>Ce qui est ressorti principale dans ce beau processus cre\u0301atif c\u2019est ma conscience face a\u0300 mon ve\u0301cu. Celui d\u2019un mal e\u0302tre rempli d\u2019he\u0301sitation et de peur a\u0300 essayer de prendre ma place. Je me suis toujours de\u0301finie comme e\u0301tant estompe\u0301e et non de\u0301finie. Pre\u0301fe\u0301rant seconder pluto\u0302t que d\u2019initier. Et par le fait me\u0302me, m\u2019assurer de toujours bien FAIRE pluto\u0302t que d\u2019E\u0302TRE tout simplement.<\/p>\n<p>C\u2019est dans cette se\u0301rie tre\u0300s significative pour moi que je tiens aujourd\u2019hui a\u0300 de\u0301voiler mes e\u0301tats d\u2019E\u0302tre passe\u0301s en tant que Femme. A\u0300 signifier et remercier en me\u0302me temps par mes \u0153uvres que ce parcours fut parseme\u0301 de femmes magnifiques, idola\u0302tre\u0301es, aime\u0301es, envie\u0301es qui aujourd\u2019hui me permettre d\u2019affirmer que j\u2019en fait partie.<\/p>\n<\/div>\n<\/div>\n<\/div>\n","en":"<div class=\"page\" title=\"Page 1\">\n<div class=\"layoutArea\">\n<div class=\"column\">\n<p>Artistic approach<\/p>\n<p>\u00ab\u00a0F\u00e9minin Pluriel\u00a0\u00bb series Pascale Bouchard Artist<\/p>\n<p>WOMAN is the main subject that nourishes me and extends the imagination of my thoughts towards subjective works.<\/p>\n<\/p>\n<p>Always passing through writing during my creative process, I explore the foundation of what will come to life on the medium. Intuitive fluidity and movement, adorned by a rich, pigmented texture\u2026 unique works are born.<\/p>\n<p>I&rsquo;m an artist by nature.<\/p>\n<p>It was in 2012 that I discovered this little-known ancestral medium: Encaustics, and traded in my brushes for blowtorches.<\/p>\n<p>Now, after more than 10 years of exploration with hot wax, my mastery and skills are tinged with ease and a liberating letting go.<\/p>\n<p>Today, initiated by a great desire to visually interpret the place I have held and lived for 47 years, it is with honor that I present my \u00ab\u00a0Feminine Plural\u00a0\u00bb series, a singular yet honest unveiling of the stages of my own life, my roles and passages.<\/p>\n<p>In this series from a life that is no stranger to me, the woman becomes THE SUBJECT, voluntarily leaving the place of the background to the man as SUPPORT.<\/p>\n<p>It&rsquo;s with the flower (a symbol of femininity for me) always in the foreground, that I seek to contradict the societal concept of our culture, which I believe has been entrenched for far too long.<\/p>\n<p>The main thing that came out of this beautiful creative process was my awareness of my own experience. That of an unhappiness filled with hesitation and fear in trying to take my place. I&rsquo;ve always defined myself as blurred and undefined. Preferring to assist rather than initiate. And by the same token, always making sure to DO well rather than simply BE.<\/p>\n<p>It is in this very meaningful series for me that I wish today to reveal my past states of Being as a Woman. To signify and thank at the same time through my works that this journey was strewn with magnificent, idolized, loved, envied women who today allow me to affirm that I am one of them.<\/p>\n<\/div>\n<\/div>\n<\/div>\n"},"permalinks":{"fr":"https:\/\/int.design\/fr\/projets\/serie-feminin-pluriel\/","en":"https:\/\/int.design\/en\/projects\/serie-feminin-pluriel-2\/"},"titles":{"fr":"S\u00e9rie &#8220;F\u00e9minin pluriel&#8221;","en":"S\u00e9rie &#8220;F\u00e9minin pluriel&#8221;"},"wp_fields":[],"laravel_id":""},"_links":{"self":[{"href":"https:\/\/int.design\/en\/wp-json\/wp\/v2\/project\/119390","targetHints":{"allow":["GET"]}}],"collection":[{"href":"https:\/\/int.design\/en\/wp-json\/wp\/v2\/project"}],"about":[{"href":"https:\/\/int.design\/en\/wp-json\/wp\/v2\/types\/project"}],"wp:attachment":[{"href":"https:\/\/int.design\/en\/wp-json\/wp\/v2\/media?parent=119390"}],"curies":[{"name":"wp","href":"https:\/\/api.w.org\/{rel}","templated":true}]}}