{"id":111934,"date":"2023-08-16T11:18:01","date_gmt":"2023-08-16T15:18:01","guid":{"rendered":"https:\/\/int.design\/?post_type=project&#038;p=111934"},"modified":"2023-08-16T11:18:01","modified_gmt":"2023-08-16T15:18:01","slug":"villa-vivaldi","status":"publish","type":"project","link":"https:\/\/int.design\/en\/projects\/villa-vivaldi\/","title":{"rendered":"Villa VIVALDI"},"content":{"rendered":"","protected":false},"template":"","class_list":["post-111934","project","type-project","status-publish","hentry","project_category_97334-architecture","project_category_97334-chalet-maison-de-campagne-2"],"acf":[],"yoast_head":"<!-- This site is optimized with the Yoast SEO plugin v21.5 - https:\/\/yoast.com\/wordpress\/plugins\/seo\/ -->\n<title>Villa VIVALDI - INT Design<\/title>\n<meta name=\"robots\" content=\"index, follow, max-snippet:-1, max-image-preview:large, max-video-preview:-1\" \/>\n<link rel=\"canonical\" href=\"https:\/\/int.design\/en\/projects\/villa-vivaldi\/\" \/>\n<meta property=\"og:locale\" content=\"en_US\" \/>\n<meta property=\"og:type\" content=\"article\" \/>\n<meta property=\"og:title\" content=\"Villa VIVALDI - INT Design\" \/>\n<meta property=\"og:url\" content=\"https:\/\/int.design\/en\/projects\/villa-vivaldi\/\" \/>\n<meta property=\"og:site_name\" content=\"INT Design\" \/>\n<meta name=\"twitter:card\" content=\"summary_large_image\" \/>\n<script type=\"application\/ld+json\" class=\"yoast-schema-graph\">{\"@context\":\"https:\/\/schema.org\",\"@graph\":[{\"@type\":\"WebPage\",\"@id\":\"https:\/\/int.design\/en\/projects\/villa-vivaldi\/\",\"url\":\"https:\/\/int.design\/en\/projects\/villa-vivaldi\/\",\"name\":\"Villa VIVALDI - INT Design\",\"isPartOf\":{\"@id\":\"https:\/\/int.design\/fr\/#website\"},\"datePublished\":\"2023-08-16T15:18:01+00:00\",\"dateModified\":\"2023-08-16T15:18:01+00:00\",\"breadcrumb\":{\"@id\":\"https:\/\/int.design\/en\/projects\/villa-vivaldi\/#breadcrumb\"},\"inLanguage\":\"en-US\",\"potentialAction\":[{\"@type\":\"ReadAction\",\"target\":[\"https:\/\/int.design\/en\/projects\/villa-vivaldi\/\"]}]},{\"@type\":\"BreadcrumbList\",\"@id\":\"https:\/\/int.design\/en\/projects\/villa-vivaldi\/#breadcrumb\",\"itemListElement\":[{\"@type\":\"ListItem\",\"position\":1,\"name\":\"Home\",\"item\":\"https:\/\/int.design\/en\/\"},{\"@type\":\"ListItem\",\"position\":2,\"name\":\"Projects\",\"item\":\"https:\/\/int.design\/en\/projects\/\"},{\"@type\":\"ListItem\",\"position\":3,\"name\":\"Villa VIVALDI\"}]},{\"@type\":\"WebSite\",\"@id\":\"https:\/\/int.design\/fr\/#website\",\"url\":\"https:\/\/int.design\/fr\/\",\"name\":\"INT Design\",\"description\":\"\",\"potentialAction\":[{\"@type\":\"SearchAction\",\"target\":{\"@type\":\"EntryPoint\",\"urlTemplate\":\"https:\/\/int.design\/fr\/?s={search_term_string}\"},\"query-input\":\"required name=search_term_string\"}],\"inLanguage\":\"en-US\"}]}<\/script>\n<!-- \/ Yoast SEO plugin. -->","yoast_head_json":{"title":"Villa VIVALDI - INT Design","robots":{"index":"index","follow":"follow","max-snippet":"max-snippet:-1","max-image-preview":"max-image-preview:large","max-video-preview":"max-video-preview:-1"},"canonical":"https:\/\/int.design\/en\/projects\/villa-vivaldi\/","og_locale":"en_US","og_type":"article","og_title":"Villa VIVALDI - INT Design","og_url":"https:\/\/int.design\/en\/projects\/villa-vivaldi\/","og_site_name":"INT Design","twitter_card":"summary_large_image","schema":{"@context":"https:\/\/schema.org","@graph":[{"@type":"WebPage","@id":"https:\/\/int.design\/en\/projects\/villa-vivaldi\/","url":"https:\/\/int.design\/en\/projects\/villa-vivaldi\/","name":"Villa VIVALDI - INT Design","isPartOf":{"@id":"https:\/\/int.design\/fr\/#website"},"datePublished":"2023-08-16T15:18:01+00:00","dateModified":"2023-08-16T15:18:01+00:00","breadcrumb":{"@id":"https:\/\/int.design\/en\/projects\/villa-vivaldi\/#breadcrumb"},"inLanguage":"en-US","potentialAction":[{"@type":"ReadAction","target":["https:\/\/int.design\/en\/projects\/villa-vivaldi\/"]}]},{"@type":"BreadcrumbList","@id":"https:\/\/int.design\/en\/projects\/villa-vivaldi\/#breadcrumb","itemListElement":[{"@type":"ListItem","position":1,"name":"Home","item":"https:\/\/int.design\/en\/"},{"@type":"ListItem","position":2,"name":"Projects","item":"https:\/\/int.design\/en\/projects\/"},{"@type":"ListItem","position":3,"name":"Villa VIVALDI"}]},{"@type":"WebSite","@id":"https:\/\/int.design\/fr\/#website","url":"https:\/\/int.design\/fr\/","name":"INT Design","description":"","potentialAction":[{"@type":"SearchAction","target":{"@type":"EntryPoint","urlTemplate":"https:\/\/int.design\/fr\/?s={search_term_string}"},"query-input":"required name=search_term_string"}],"inLanguage":"en-US"}]}},"entry":{"cats":{"disciplines":[{"id":3161,"name":"Architecture"}],"big_cats":[],"sub_cats":[{"id":3183,"name":"Cottage & Country House","parent":3178}]},"entry":{"":null,"status":"completed","winner_title":"MARYSE LEDUC ARCHITECTE ET DESIGNER INC","winner_prize_lang":"fr","title_translatable":false,"title_en":"","title_fr":"","releve_award":false,"releve_award_cv":false,"collaboration":false,"collaboration_firms":false,"other_firms":false,"owner":{"name":"Florent Fortier et Jeanne Raymond","confidential":true,"website":"","contact_name":"","email":"","phone":""},"address":{"address":"","city":"baie-saint-paul","region":"Capitale-Nationale","province":"QC","country":"CA","postal_code":""},"logos":false,"use_logo":false,"designers":[{"name":"Maryse Leduc architecte","credit":"Edith Carbonneau","image":{"ID":118143,"id":118143,"title":"logo@2x","filename":"logo@2x.jpg","filesize":49728,"url":"https:\/\/d2q6z78khxmx42.cloudfront.net\/2023\/04\/logo@2x.jpg","link":"https:\/\/int.design\/fr\/projets\/villa-vivaldi\/logo2x\/","alt":"","author":"1312","description":"","caption":"","name":"logo2x","status":"inherit","uploaded_to":111933,"date":"2023-04-13 00:48:40","modified":"2023-04-13 01:03:04","menu_order":0,"mime_type":"image\/jpeg","type":"image","subtype":"jpeg","icon":"https:\/\/int.design\/wp-includes\/images\/media\/default.png","width":564,"height":132,"sizes":{"thumbnail":"https:\/\/d2q6z78khxmx42.cloudfront.net\/2023\/04\/logo@2x-150x132.jpg","thumbnail-width":150,"thumbnail-height":132,"medium":"https:\/\/d2q6z78khxmx42.cloudfront.net\/2023\/04\/logo@2x-300x70.jpg","medium-width":300,"medium-height":70,"medium_large":"https:\/\/d2q6z78khxmx42.cloudfront.net\/2023\/04\/logo@2x.jpg","medium_large-width":564,"medium_large-height":132,"large":"https:\/\/d2q6z78khxmx42.cloudfront.net\/2023\/04\/logo@2x.jpg","large-width":564,"large-height":132,"1536x1536":"https:\/\/d2q6z78khxmx42.cloudfront.net\/2023\/04\/logo@2x.jpg","1536x1536-width":564,"1536x1536-height":132,"2048x2048":"https:\/\/d2q6z78khxmx42.cloudfront.net\/2023\/04\/logo@2x.jpg","2048x2048-width":564,"2048x2048-height":132,"article":"https:\/\/d2q6z78khxmx42.cloudfront.net\/2023\/04\/logo@2x.jpg","article-width":564,"article-height":132,"banner":"https:\/\/d2q6z78khxmx42.cloudfront.net\/2023\/04\/logo@2x.jpg","banner-width":564,"banner-height":132,"block":"https:\/\/d2q6z78khxmx42.cloudfront.net\/2023\/04\/logo@2x.jpg","block-width":564,"block-height":132,"card":"https:\/\/d2q6z78khxmx42.cloudfront.net\/2023\/04\/logo@2x-560x132.jpg","card-width":560,"card-height":132,"card-thumbnail":"https:\/\/d2q6z78khxmx42.cloudfront.net\/2023\/04\/logo@2x-450x132.jpg","card-thumbnail-width":450,"card-thumbnail-height":132,"conference":"https:\/\/d2q6z78khxmx42.cloudfront.net\/2023\/04\/iMCA6O9a-logo@2x-560x132.jpg","conference-width":560,"conference-height":132,"contest":"https:\/\/d2q6z78khxmx42.cloudfront.net\/2023\/04\/logo@2x.jpg","contest-width":564,"contest-height":132,"cta":"https:\/\/d2q6z78khxmx42.cloudfront.net\/2023\/04\/logo@2x-415x132.jpg","cta-width":415,"cta-height":132,"exhibitor":"https:\/\/d2q6z78khxmx42.cloudfront.net\/2023\/04\/iMCA6O9a-logo@2x-560x132.jpg","exhibitor-width":560,"exhibitor-height":132,"gallery":"https:\/\/d2q6z78khxmx42.cloudfront.net\/2023\/04\/logo@2x-560x131.jpg","gallery-width":560,"gallery-height":131,"logo":"https:\/\/d2q6z78khxmx42.cloudfront.net\/2023\/04\/logo@2x-235x55.jpg","logo-width":235,"logo-height":55,"masonry":"https:\/\/d2q6z78khxmx42.cloudfront.net\/2023\/04\/logo@2x-550x129.jpg","masonry-width":550,"masonry-height":129,"modal":"https:\/\/d2q6z78khxmx42.cloudfront.net\/2023\/04\/logo@2x.jpg","modal-width":564,"modal-height":132,"number":"https:\/\/d2q6z78khxmx42.cloudfront.net\/2023\/04\/iMCA6O9a-logo@2x-560x131.jpg","number-width":560,"number-height":131,"partner":"https:\/\/d2q6z78khxmx42.cloudfront.net\/2023\/04\/logo@2x-275x64.jpg","partner-width":275,"partner-height":64,"ranking":"https:\/\/d2q6z78khxmx42.cloudfront.net\/2023\/04\/logo@2x.jpg","ranking-width":564,"ranking-height":132,"schedule":"https:\/\/d2q6z78khxmx42.cloudfront.net\/2023\/04\/logo@2x.jpg","schedule-width":564,"schedule-height":132,"slideshow":"https:\/\/d2q6z78khxmx42.cloudfront.net\/2023\/04\/logo@2x.jpg","slideshow-width":564,"slideshow-height":132}},"file":false}],"cover":[{"categories":[3183],"credit":"Edith Carbonneau","image":{"ID":118389,"id":118389,"title":"NKN_0361-HDR","filename":"NKN_0361-HDR-scaled.jpg","filesize":1468268,"url":"https:\/\/d2q6z78khxmx42.cloudfront.net\/2023\/04\/NKN_0361-HDR-scaled.jpg","link":"https:\/\/int.design\/fr\/projets\/villa-vivaldi\/nkn_0361-hdr\/","alt":"","author":"1312","description":"Villa VIVALDI MARYSE LEDUC ARCHITECTE ET DESIGNER INC","caption":"","name":"nkn_0361-hdr","status":"inherit","uploaded_to":111933,"date":"2023-04-13 12:33:37","modified":"2023-08-16 15:18:01","menu_order":0,"mime_type":"image\/jpeg","type":"image","subtype":"jpeg","icon":"https:\/\/int.design\/wp-includes\/images\/media\/default.png","width":2560,"height":1709,"sizes":{"thumbnail":"https:\/\/d2q6z78khxmx42.cloudfront.net\/2023\/04\/NKN_0361-HDR-150x150.jpg","thumbnail-width":150,"thumbnail-height":150,"medium":"https:\/\/d2q6z78khxmx42.cloudfront.net\/2023\/04\/NKN_0361-HDR-300x200.jpg","medium-width":300,"medium-height":200,"medium_large":"https:\/\/d2q6z78khxmx42.cloudfront.net\/2023\/04\/NKN_0361-HDR-768x513.jpg","medium_large-width":768,"medium_large-height":513,"large":"https:\/\/d2q6z78khxmx42.cloudfront.net\/2023\/04\/NKN_0361-HDR-1024x684.jpg","large-width":1024,"large-height":684,"1536x1536":"https:\/\/d2q6z78khxmx42.cloudfront.net\/2023\/04\/NKN_0361-HDR-1536x1025.jpg","1536x1536-width":1536,"1536x1536-height":1025,"2048x2048":"https:\/\/d2q6z78khxmx42.cloudfront.net\/2023\/04\/NKN_0361-HDR-2048x1367.jpg","2048x2048-width":2048,"2048x2048-height":1367,"article":"https:\/\/d2q6z78khxmx42.cloudfront.net\/2023\/04\/NKN_0361-HDR-960x540.jpg","article-width":960,"article-height":540,"banner":"https:\/\/d2q6z78khxmx42.cloudfront.net\/2023\/04\/NKN_0361-HDR-1920x1282.jpg","banner-width":1920,"banner-height":1282,"block":"https:\/\/d2q6z78khxmx42.cloudfront.net\/2023\/04\/NKN_0361-HDR-900x680.jpg","block-width":900,"block-height":680,"card":"https:\/\/d2q6z78khxmx42.cloudfront.net\/2023\/04\/NKN_0361-HDR-560x495.jpg","card-width":560,"card-height":495,"card-thumbnail":"https:\/\/d2q6z78khxmx42.cloudfront.net\/2023\/04\/NKN_0361-HDR-450x340.jpg","card-thumbnail-width":450,"card-thumbnail-height":340,"conference":"https:\/\/d2q6z78khxmx42.cloudfront.net\/2023\/04\/NKN_0361-HDR-560x250.jpg","conference-width":560,"conference-height":250,"contest":"https:\/\/d2q6z78khxmx42.cloudfront.net\/2023\/04\/NKN_0361-HDR-960x400.jpg","contest-width":960,"contest-height":400,"cta":"https:\/\/d2q6z78khxmx42.cloudfront.net\/2023\/04\/NKN_0361-HDR-415x170.jpg","cta-width":415,"cta-height":170,"exhibitor":"https:\/\/d2q6z78khxmx42.cloudfront.net\/2023\/04\/NKN_0361-HDR-560x560.jpg","exhibitor-width":560,"exhibitor-height":560,"gallery":"https:\/\/d2q6z78khxmx42.cloudfront.net\/2023\/04\/NKN_0361-HDR-560x374.jpg","gallery-width":560,"gallery-height":374,"logo":"https:\/\/d2q6z78khxmx42.cloudfront.net\/2023\/04\/NKN_0361-HDR-150x100.jpg","logo-width":150,"logo-height":100,"masonry":"https:\/\/d2q6z78khxmx42.cloudfront.net\/2023\/04\/NKN_0361-HDR-550x367.jpg","masonry-width":550,"masonry-height":367,"modal":"https:\/\/d2q6z78khxmx42.cloudfront.net\/2023\/04\/23TQC7NU-NKN_0361-HDR-1920x1282.jpg","modal-width":1920,"modal-height":1282,"number":"https:\/\/d2q6z78khxmx42.cloudfront.net\/2023\/04\/23TQC7NU-NKN_0361-HDR-560x374.jpg","number-width":560,"number-height":374,"partner":"https:\/\/d2q6z78khxmx42.cloudfront.net\/2023\/04\/NKN_0361-HDR-275x184.jpg","partner-width":275,"partner-height":184,"ranking":"https:\/\/d2q6z78khxmx42.cloudfront.net\/2023\/04\/23TQC7NU-NKN_0361-HDR-960x540.jpg","ranking-width":960,"ranking-height":540,"schedule":"https:\/\/d2q6z78khxmx42.cloudfront.net\/2023\/04\/NKN_0361-HDR-960x360.jpg","schedule-width":960,"schedule-height":360,"slideshow":"https:\/\/d2q6z78khxmx42.cloudfront.net\/2023\/04\/NKN_0361-HDR-1019x680.jpg","slideshow-width":1019,"slideshow-height":680}},"filters":false,"suppliers":false,"attachment_category":{"997":"Architecture","2414":"Chalet &amp; maison de campagne","2678":"Chalet &amp; Maison de campagne","986":"Habitation"}}],"images":[{"categories":[3183],"credit":"Edith Carbonneau","image":{"ID":118390,"id":118390,"title":"NKN_9829-HDR","filename":"NKN_9829-HDR-scaled.jpg","filesize":1465038,"url":"https:\/\/d2q6z78khxmx42.cloudfront.net\/2023\/04\/NKN_9829-HDR-scaled.jpg","link":"https:\/\/int.design\/fr\/projets\/villa-vivaldi\/nkn_9829-hdr\/","alt":"","author":"1312","description":"Villa VIVALDI MARYSE LEDUC ARCHITECTE ET DESIGNER INC","caption":"","name":"nkn_9829-hdr","status":"inherit","uploaded_to":111933,"date":"2023-04-13 12:34:14","modified":"2023-08-16 15:18:03","menu_order":0,"mime_type":"image\/jpeg","type":"image","subtype":"jpeg","icon":"https:\/\/int.design\/wp-includes\/images\/media\/default.png","width":2560,"height":1709,"sizes":{"thumbnail":"https:\/\/d2q6z78khxmx42.cloudfront.net\/2023\/04\/NKN_9829-HDR-150x150.jpg","thumbnail-width":150,"thumbnail-height":150,"medium":"https:\/\/d2q6z78khxmx42.cloudfront.net\/2023\/04\/NKN_9829-HDR-300x200.jpg","medium-width":300,"medium-height":200,"medium_large":"https:\/\/d2q6z78khxmx42.cloudfront.net\/2023\/04\/NKN_9829-HDR-768x513.jpg","medium_large-width":768,"medium_large-height":513,"large":"https:\/\/d2q6z78khxmx42.cloudfront.net\/2023\/04\/NKN_9829-HDR-1024x684.jpg","large-width":1024,"large-height":684,"1536x1536":"https:\/\/d2q6z78khxmx42.cloudfront.net\/2023\/04\/NKN_9829-HDR-1536x1025.jpg","1536x1536-width":1536,"1536x1536-height":1025,"2048x2048":"https:\/\/d2q6z78khxmx42.cloudfront.net\/2023\/04\/NKN_9829-HDR-2048x1367.jpg","2048x2048-width":2048,"2048x2048-height":1367,"article":"https:\/\/d2q6z78khxmx42.cloudfront.net\/2023\/04\/NKN_9829-HDR-960x540.jpg","article-width":960,"article-height":540,"banner":"https:\/\/d2q6z78khxmx42.cloudfront.net\/2023\/04\/NKN_9829-HDR-1920x1282.jpg","banner-width":1920,"banner-height":1282,"block":"https:\/\/d2q6z78khxmx42.cloudfront.net\/2023\/04\/NKN_9829-HDR-900x680.jpg","block-width":900,"block-height":680,"card":"https:\/\/d2q6z78khxmx42.cloudfront.net\/2023\/04\/NKN_9829-HDR-560x495.jpg","card-width":560,"card-height":495,"card-thumbnail":"https:\/\/d2q6z78khxmx42.cloudfront.net\/2023\/04\/NKN_9829-HDR-450x340.jpg","card-thumbnail-width":450,"card-thumbnail-height":340,"conference":"https:\/\/d2q6z78khxmx42.cloudfront.net\/2023\/04\/NKN_9829-HDR-560x250.jpg","conference-width":560,"conference-height":250,"contest":"https:\/\/d2q6z78khxmx42.cloudfront.net\/2023\/04\/NKN_9829-HDR-960x400.jpg","contest-width":960,"contest-height":400,"cta":"https:\/\/d2q6z78khxmx42.cloudfront.net\/2023\/04\/NKN_9829-HDR-415x170.jpg","cta-width":415,"cta-height":170,"exhibitor":"https:\/\/d2q6z78khxmx42.cloudfront.net\/2023\/04\/NKN_9829-HDR-560x560.jpg","exhibitor-width":560,"exhibitor-height":560,"gallery":"https:\/\/d2q6z78khxmx42.cloudfront.net\/2023\/04\/NKN_9829-HDR-560x374.jpg","gallery-width":560,"gallery-height":374,"logo":"https:\/\/d2q6z78khxmx42.cloudfront.net\/2023\/04\/NKN_9829-HDR-150x100.jpg","logo-width":150,"logo-height":100,"masonry":"https:\/\/d2q6z78khxmx42.cloudfront.net\/2023\/04\/NKN_9829-HDR-550x367.jpg","masonry-width":550,"masonry-height":367,"modal":"https:\/\/d2q6z78khxmx42.cloudfront.net\/2023\/04\/xHXZdmF7-NKN_9829-HDR-1920x1282.jpg","modal-width":1920,"modal-height":1282,"number":"https:\/\/d2q6z78khxmx42.cloudfront.net\/2023\/04\/xHXZdmF7-NKN_9829-HDR-560x374.jpg","number-width":560,"number-height":374,"partner":"https:\/\/d2q6z78khxmx42.cloudfront.net\/2023\/04\/NKN_9829-HDR-275x184.jpg","partner-width":275,"partner-height":184,"ranking":"https:\/\/d2q6z78khxmx42.cloudfront.net\/2023\/04\/xHXZdmF7-NKN_9829-HDR-960x540.jpg","ranking-width":960,"ranking-height":540,"schedule":"https:\/\/d2q6z78khxmx42.cloudfront.net\/2023\/04\/NKN_9829-HDR-960x360.jpg","schedule-width":960,"schedule-height":360,"slideshow":"https:\/\/d2q6z78khxmx42.cloudfront.net\/2023\/04\/NKN_9829-HDR-1019x680.jpg","slideshow-width":1019,"slideshow-height":680}},"filters":false,"suppliers":false,"attachment_category":[]},{"categories":[3183],"credit":"Edith Carbonneau","image":{"ID":118391,"id":118391,"title":"3351020220718105234212","filename":"3351020220718105234212.jpg","filesize":226703,"url":"https:\/\/d2q6z78khxmx42.cloudfront.net\/2023\/04\/3351020220718105234212.jpg","link":"https:\/\/int.design\/fr\/projets\/villa-vivaldi\/attachment\/3351020220718105234212\/","alt":"","author":"1312","description":"Villa VIVALDI MARYSE LEDUC ARCHITECTE ET DESIGNER INC","caption":"","name":"3351020220718105234212","status":"inherit","uploaded_to":111933,"date":"2023-04-13 12:34:23","modified":"2023-08-16 15:18:04","menu_order":0,"mime_type":"image\/jpeg","type":"image","subtype":"jpeg","icon":"https:\/\/int.design\/wp-includes\/images\/media\/default.png","width":800,"height":600,"sizes":{"thumbnail":"https:\/\/d2q6z78khxmx42.cloudfront.net\/2023\/04\/3351020220718105234212-150x150.jpg","thumbnail-width":150,"thumbnail-height":150,"medium":"https:\/\/d2q6z78khxmx42.cloudfront.net\/2023\/04\/3351020220718105234212-300x225.jpg","medium-width":300,"medium-height":225,"medium_large":"https:\/\/d2q6z78khxmx42.cloudfront.net\/2023\/04\/3351020220718105234212-768x576.jpg","medium_large-width":768,"medium_large-height":576,"large":"https:\/\/d2q6z78khxmx42.cloudfront.net\/2023\/04\/3351020220718105234212.jpg","large-width":800,"large-height":600,"1536x1536":"https:\/\/d2q6z78khxmx42.cloudfront.net\/2023\/04\/3351020220718105234212.jpg","1536x1536-width":800,"1536x1536-height":600,"2048x2048":"https:\/\/d2q6z78khxmx42.cloudfront.net\/2023\/04\/3351020220718105234212.jpg","2048x2048-width":800,"2048x2048-height":600,"article":"https:\/\/d2q6z78khxmx42.cloudfront.net\/2023\/04\/3351020220718105234212-800x540.jpg","article-width":800,"article-height":540,"banner":"https:\/\/d2q6z78khxmx42.cloudfront.net\/2023\/04\/3351020220718105234212.jpg","banner-width":800,"banner-height":600,"block":"https:\/\/d2q6z78khxmx42.cloudfront.net\/2023\/04\/3351020220718105234212.jpg","block-width":800,"block-height":600,"card":"https:\/\/d2q6z78khxmx42.cloudfront.net\/2023\/04\/3351020220718105234212-560x495.jpg","card-width":560,"card-height":495,"card-thumbnail":"https:\/\/d2q6z78khxmx42.cloudfront.net\/2023\/04\/3351020220718105234212-450x340.jpg","card-thumbnail-width":450,"card-thumbnail-height":340,"conference":"https:\/\/d2q6z78khxmx42.cloudfront.net\/2023\/04\/3351020220718105234212-560x250.jpg","conference-width":560,"conference-height":250,"contest":"https:\/\/d2q6z78khxmx42.cloudfront.net\/2023\/04\/3351020220718105234212-800x400.jpg","contest-width":800,"contest-height":400,"cta":"https:\/\/d2q6z78khxmx42.cloudfront.net\/2023\/04\/3351020220718105234212-415x170.jpg","cta-width":415,"cta-height":170,"exhibitor":"https:\/\/d2q6z78khxmx42.cloudfront.net\/2023\/04\/3351020220718105234212-560x560.jpg","exhibitor-width":560,"exhibitor-height":560,"gallery":"https:\/\/d2q6z78khxmx42.cloudfront.net\/2023\/04\/3351020220718105234212-560x420.jpg","gallery-width":560,"gallery-height":420,"logo":"https:\/\/d2q6z78khxmx42.cloudfront.net\/2023\/04\/3351020220718105234212-133x100.jpg","logo-width":133,"logo-height":100,"masonry":"https:\/\/d2q6z78khxmx42.cloudfront.net\/2023\/04\/3351020220718105234212-550x413.jpg","masonry-width":550,"masonry-height":413,"modal":"https:\/\/d2q6z78khxmx42.cloudfront.net\/2023\/04\/3351020220718105234212.jpg","modal-width":800,"modal-height":600,"number":"https:\/\/d2q6z78khxmx42.cloudfront.net\/2023\/04\/gqAwYWgj-3351020220718105234212-560x420.jpg","number-width":560,"number-height":420,"partner":"https:\/\/d2q6z78khxmx42.cloudfront.net\/2023\/04\/3351020220718105234212-275x206.jpg","partner-width":275,"partner-height":206,"ranking":"https:\/\/d2q6z78khxmx42.cloudfront.net\/2023\/04\/gqAwYWgj-3351020220718105234212-800x540.jpg","ranking-width":800,"ranking-height":540,"schedule":"https:\/\/d2q6z78khxmx42.cloudfront.net\/2023\/04\/3351020220718105234212-800x360.jpg","schedule-width":800,"schedule-height":360,"slideshow":"https:\/\/d2q6z78khxmx42.cloudfront.net\/2023\/04\/3351020220718105234212.jpg","slideshow-width":800,"slideshow-height":600}},"filters":false,"suppliers":false,"attachment_category":[]},{"categories":[3183],"credit":"Edith Carbonneau","image":{"ID":118392,"id":118392,"title":"DC197.JPEG-25","filename":"DC197.JPEG-25-scaled.jpg","filesize":779521,"url":"https:\/\/d2q6z78khxmx42.cloudfront.net\/2023\/04\/DC197.JPEG-25-scaled.jpg","link":"https:\/\/int.design\/fr\/projets\/villa-vivaldi\/dc197-jpeg-25\/","alt":"","author":"1312","description":"Villa VIVALDI MARYSE LEDUC ARCHITECTE ET DESIGNER INC","caption":"","name":"dc197-jpeg-25","status":"inherit","uploaded_to":111933,"date":"2023-04-13 12:35:06","modified":"2023-08-16 15:18:04","menu_order":0,"mime_type":"image\/jpeg","type":"image","subtype":"jpeg","icon":"https:\/\/int.design\/wp-includes\/images\/media\/default.png","width":2560,"height":1709,"sizes":{"thumbnail":"https:\/\/d2q6z78khxmx42.cloudfront.net\/2023\/04\/DC197.JPEG-25-150x150.jpg","thumbnail-width":150,"thumbnail-height":150,"medium":"https:\/\/d2q6z78khxmx42.cloudfront.net\/2023\/04\/DC197.JPEG-25-300x200.jpg","medium-width":300,"medium-height":200,"medium_large":"https:\/\/d2q6z78khxmx42.cloudfront.net\/2023\/04\/DC197.JPEG-25-768x513.jpg","medium_large-width":768,"medium_large-height":513,"large":"https:\/\/d2q6z78khxmx42.cloudfront.net\/2023\/04\/DC197.JPEG-25-1024x684.jpg","large-width":1024,"large-height":684,"1536x1536":"https:\/\/d2q6z78khxmx42.cloudfront.net\/2023\/04\/DC197.JPEG-25-1536x1025.jpg","1536x1536-width":1536,"1536x1536-height":1025,"2048x2048":"https:\/\/d2q6z78khxmx42.cloudfront.net\/2023\/04\/DC197.JPEG-25-2048x1367.jpg","2048x2048-width":2048,"2048x2048-height":1367,"article":"https:\/\/d2q6z78khxmx42.cloudfront.net\/2023\/04\/DC197.JPEG-25-960x540.jpg","article-width":960,"article-height":540,"banner":"https:\/\/d2q6z78khxmx42.cloudfront.net\/2023\/04\/DC197.JPEG-25-1920x1282.jpg","banner-width":1920,"banner-height":1282,"block":"https:\/\/d2q6z78khxmx42.cloudfront.net\/2023\/04\/DC197.JPEG-25-900x680.jpg","block-width":900,"block-height":680,"card":"https:\/\/d2q6z78khxmx42.cloudfront.net\/2023\/04\/DC197.JPEG-25-560x495.jpg","card-width":560,"card-height":495,"card-thumbnail":"https:\/\/d2q6z78khxmx42.cloudfront.net\/2023\/04\/DC197.JPEG-25-450x340.jpg","card-thumbnail-width":450,"card-thumbnail-height":340,"conference":"https:\/\/d2q6z78khxmx42.cloudfront.net\/2023\/04\/DC197.JPEG-25-560x250.jpg","conference-width":560,"conference-height":250,"contest":"https:\/\/d2q6z78khxmx42.cloudfront.net\/2023\/04\/DC197.JPEG-25-960x400.jpg","contest-width":960,"contest-height":400,"cta":"https:\/\/d2q6z78khxmx42.cloudfront.net\/2023\/04\/DC197.JPEG-25-415x170.jpg","cta-width":415,"cta-height":170,"exhibitor":"https:\/\/d2q6z78khxmx42.cloudfront.net\/2023\/04\/DC197.JPEG-25-560x560.jpg","exhibitor-width":560,"exhibitor-height":560,"gallery":"https:\/\/d2q6z78khxmx42.cloudfront.net\/2023\/04\/DC197.JPEG-25-560x374.jpg","gallery-width":560,"gallery-height":374,"logo":"https:\/\/d2q6z78khxmx42.cloudfront.net\/2023\/04\/DC197.JPEG-25-150x100.jpg","logo-width":150,"logo-height":100,"masonry":"https:\/\/d2q6z78khxmx42.cloudfront.net\/2023\/04\/DC197.JPEG-25-550x367.jpg","masonry-width":550,"masonry-height":367,"modal":"https:\/\/d2q6z78khxmx42.cloudfront.net\/2023\/04\/z1KgFZK7-DC197.JPEG-25-1920x1282.jpg","modal-width":1920,"modal-height":1282,"number":"https:\/\/d2q6z78khxmx42.cloudfront.net\/2023\/04\/z1KgFZK7-DC197.JPEG-25-560x374.jpg","number-width":560,"number-height":374,"partner":"https:\/\/d2q6z78khxmx42.cloudfront.net\/2023\/04\/DC197.JPEG-25-275x184.jpg","partner-width":275,"partner-height":184,"ranking":"https:\/\/d2q6z78khxmx42.cloudfront.net\/2023\/04\/z1KgFZK7-DC197.JPEG-25-960x540.jpg","ranking-width":960,"ranking-height":540,"schedule":"https:\/\/d2q6z78khxmx42.cloudfront.net\/2023\/04\/DC197.JPEG-25-960x360.jpg","schedule-width":960,"schedule-height":360,"slideshow":"https:\/\/d2q6z78khxmx42.cloudfront.net\/2023\/04\/DC197.JPEG-25-1019x680.jpg","slideshow-width":1019,"slideshow-height":680}},"filters":false,"suppliers":false,"attachment_category":[]},{"categories":[3183],"credit":"Edith Carbonneau","image":{"ID":118393,"id":118393,"title":"DC197-071","filename":"DC197-071-scaled.jpg","filesize":759435,"url":"https:\/\/d2q6z78khxmx42.cloudfront.net\/2023\/04\/DC197-071-scaled.jpg","link":"https:\/\/int.design\/fr\/projets\/villa-vivaldi\/dc197-071\/","alt":"","author":"1312","description":"Villa VIVALDI MARYSE LEDUC ARCHITECTE ET DESIGNER INC","caption":"","name":"dc197-071","status":"inherit","uploaded_to":111933,"date":"2023-04-13 12:36:11","modified":"2023-08-16 15:18:05","menu_order":0,"mime_type":"image\/jpeg","type":"image","subtype":"jpeg","icon":"https:\/\/int.design\/wp-includes\/images\/media\/default.png","width":2560,"height":1709,"sizes":{"thumbnail":"https:\/\/d2q6z78khxmx42.cloudfront.net\/2023\/04\/DC197-071-150x150.jpg","thumbnail-width":150,"thumbnail-height":150,"medium":"https:\/\/d2q6z78khxmx42.cloudfront.net\/2023\/04\/DC197-071-300x200.jpg","medium-width":300,"medium-height":200,"medium_large":"https:\/\/d2q6z78khxmx42.cloudfront.net\/2023\/04\/DC197-071-768x513.jpg","medium_large-width":768,"medium_large-height":513,"large":"https:\/\/d2q6z78khxmx42.cloudfront.net\/2023\/04\/DC197-071-1024x684.jpg","large-width":1024,"large-height":684,"1536x1536":"https:\/\/d2q6z78khxmx42.cloudfront.net\/2023\/04\/DC197-071-1536x1025.jpg","1536x1536-width":1536,"1536x1536-height":1025,"2048x2048":"https:\/\/d2q6z78khxmx42.cloudfront.net\/2023\/04\/DC197-071-2048x1367.jpg","2048x2048-width":2048,"2048x2048-height":1367,"article":"https:\/\/d2q6z78khxmx42.cloudfront.net\/2023\/04\/DC197-071-960x540.jpg","article-width":960,"article-height":540,"banner":"https:\/\/d2q6z78khxmx42.cloudfront.net\/2023\/04\/DC197-071-1920x1282.jpg","banner-width":1920,"banner-height":1282,"block":"https:\/\/d2q6z78khxmx42.cloudfront.net\/2023\/04\/DC197-071-900x680.jpg","block-width":900,"block-height":680,"card":"https:\/\/d2q6z78khxmx42.cloudfront.net\/2023\/04\/DC197-071-560x495.jpg","card-width":560,"card-height":495,"card-thumbnail":"https:\/\/d2q6z78khxmx42.cloudfront.net\/2023\/04\/DC197-071-450x340.jpg","card-thumbnail-width":450,"card-thumbnail-height":340,"conference":"https:\/\/d2q6z78khxmx42.cloudfront.net\/2023\/04\/DC197-071-560x250.jpg","conference-width":560,"conference-height":250,"contest":"https:\/\/d2q6z78khxmx42.cloudfront.net\/2023\/04\/DC197-071-960x400.jpg","contest-width":960,"contest-height":400,"cta":"https:\/\/d2q6z78khxmx42.cloudfront.net\/2023\/04\/DC197-071-415x170.jpg","cta-width":415,"cta-height":170,"exhibitor":"https:\/\/d2q6z78khxmx42.cloudfront.net\/2023\/04\/DC197-071-560x560.jpg","exhibitor-width":560,"exhibitor-height":560,"gallery":"https:\/\/d2q6z78khxmx42.cloudfront.net\/2023\/04\/DC197-071-560x374.jpg","gallery-width":560,"gallery-height":374,"logo":"https:\/\/d2q6z78khxmx42.cloudfront.net\/2023\/04\/DC197-071-150x100.jpg","logo-width":150,"logo-height":100,"masonry":"https:\/\/d2q6z78khxmx42.cloudfront.net\/2023\/04\/DC197-071-550x367.jpg","masonry-width":550,"masonry-height":367,"modal":"https:\/\/d2q6z78khxmx42.cloudfront.net\/2023\/04\/7r3EM99W-DC197-071-1920x1282.jpg","modal-width":1920,"modal-height":1282,"number":"https:\/\/d2q6z78khxmx42.cloudfront.net\/2023\/04\/7r3EM99W-DC197-071-560x374.jpg","number-width":560,"number-height":374,"partner":"https:\/\/d2q6z78khxmx42.cloudfront.net\/2023\/04\/DC197-071-275x184.jpg","partner-width":275,"partner-height":184,"ranking":"https:\/\/d2q6z78khxmx42.cloudfront.net\/2023\/04\/7r3EM99W-DC197-071-960x540.jpg","ranking-width":960,"ranking-height":540,"schedule":"https:\/\/d2q6z78khxmx42.cloudfront.net\/2023\/04\/DC197-071-960x360.jpg","schedule-width":960,"schedule-height":360,"slideshow":"https:\/\/d2q6z78khxmx42.cloudfront.net\/2023\/04\/DC197-071-1019x680.jpg","slideshow-width":1019,"slideshow-height":680}},"filters":false,"suppliers":false,"attachment_category":[]},{"categories":[3183],"credit":"Edith Carbonneau","image":{"ID":118394,"id":118394,"title":"NKN_0289-HDR","filename":"NKN_0289-HDR-scaled.jpg","filesize":979008,"url":"https:\/\/d2q6z78khxmx42.cloudfront.net\/2023\/04\/NKN_0289-HDR-scaled.jpg","link":"https:\/\/int.design\/fr\/projets\/villa-vivaldi\/nkn_0289-hdr\/","alt":"","author":"1312","description":"Villa VIVALDI MARYSE LEDUC ARCHITECTE ET DESIGNER INC","caption":"","name":"nkn_0289-hdr","status":"inherit","uploaded_to":111933,"date":"2023-04-13 12:37:30","modified":"2023-08-16 15:18:06","menu_order":0,"mime_type":"image\/jpeg","type":"image","subtype":"jpeg","icon":"https:\/\/int.design\/wp-includes\/images\/media\/default.png","width":2560,"height":1589,"sizes":{"thumbnail":"https:\/\/d2q6z78khxmx42.cloudfront.net\/2023\/04\/NKN_0289-HDR-150x150.jpg","thumbnail-width":150,"thumbnail-height":150,"medium":"https:\/\/d2q6z78khxmx42.cloudfront.net\/2023\/04\/NKN_0289-HDR-300x186.jpg","medium-width":300,"medium-height":186,"medium_large":"https:\/\/d2q6z78khxmx42.cloudfront.net\/2023\/04\/NKN_0289-HDR-768x477.jpg","medium_large-width":768,"medium_large-height":477,"large":"https:\/\/d2q6z78khxmx42.cloudfront.net\/2023\/04\/NKN_0289-HDR-1024x636.jpg","large-width":1024,"large-height":636,"1536x1536":"https:\/\/d2q6z78khxmx42.cloudfront.net\/2023\/04\/NKN_0289-HDR-1536x954.jpg","1536x1536-width":1536,"1536x1536-height":954,"2048x2048":"https:\/\/d2q6z78khxmx42.cloudfront.net\/2023\/04\/NKN_0289-HDR-2048x1271.jpg","2048x2048-width":2048,"2048x2048-height":1271,"article":"https:\/\/d2q6z78khxmx42.cloudfront.net\/2023\/04\/NKN_0289-HDR-960x540.jpg","article-width":960,"article-height":540,"banner":"https:\/\/d2q6z78khxmx42.cloudfront.net\/2023\/04\/NKN_0289-HDR-1920x1192.jpg","banner-width":1920,"banner-height":1192,"block":"https:\/\/d2q6z78khxmx42.cloudfront.net\/2023\/04\/NKN_0289-HDR-900x680.jpg","block-width":900,"block-height":680,"card":"https:\/\/d2q6z78khxmx42.cloudfront.net\/2023\/04\/NKN_0289-HDR-560x495.jpg","card-width":560,"card-height":495,"card-thumbnail":"https:\/\/d2q6z78khxmx42.cloudfront.net\/2023\/04\/NKN_0289-HDR-450x340.jpg","card-thumbnail-width":450,"card-thumbnail-height":340,"conference":"https:\/\/d2q6z78khxmx42.cloudfront.net\/2023\/04\/NKN_0289-HDR-560x250.jpg","conference-width":560,"conference-height":250,"contest":"https:\/\/d2q6z78khxmx42.cloudfront.net\/2023\/04\/NKN_0289-HDR-960x400.jpg","contest-width":960,"contest-height":400,"cta":"https:\/\/d2q6z78khxmx42.cloudfront.net\/2023\/04\/NKN_0289-HDR-415x170.jpg","cta-width":415,"cta-height":170,"exhibitor":"https:\/\/d2q6z78khxmx42.cloudfront.net\/2023\/04\/NKN_0289-HDR-560x560.jpg","exhibitor-width":560,"exhibitor-height":560,"gallery":"https:\/\/d2q6z78khxmx42.cloudfront.net\/2023\/04\/NKN_0289-HDR-560x348.jpg","gallery-width":560,"gallery-height":348,"logo":"https:\/\/d2q6z78khxmx42.cloudfront.net\/2023\/04\/NKN_0289-HDR-161x100.jpg","logo-width":161,"logo-height":100,"masonry":"https:\/\/d2q6z78khxmx42.cloudfront.net\/2023\/04\/NKN_0289-HDR-550x341.jpg","masonry-width":550,"masonry-height":341,"modal":"https:\/\/d2q6z78khxmx42.cloudfront.net\/2023\/04\/qiklDEb4-NKN_0289-HDR-1920x1192.jpg","modal-width":1920,"modal-height":1192,"number":"https:\/\/d2q6z78khxmx42.cloudfront.net\/2023\/04\/qiklDEb4-NKN_0289-HDR-560x348.jpg","number-width":560,"number-height":348,"partner":"https:\/\/d2q6z78khxmx42.cloudfront.net\/2023\/04\/NKN_0289-HDR-275x171.jpg","partner-width":275,"partner-height":171,"ranking":"https:\/\/d2q6z78khxmx42.cloudfront.net\/2023\/04\/qiklDEb4-NKN_0289-HDR-960x540.jpg","ranking-width":960,"ranking-height":540,"schedule":"https:\/\/d2q6z78khxmx42.cloudfront.net\/2023\/04\/NKN_0289-HDR-960x360.jpg","schedule-width":960,"schedule-height":360,"slideshow":"https:\/\/d2q6z78khxmx42.cloudfront.net\/2023\/04\/NKN_0289-HDR-1095x680.jpg","slideshow-width":1095,"slideshow-height":680}},"filters":false,"suppliers":false,"attachment_category":[]},{"categories":[3183],"credit":"Edith Carbonneau","image":{"ID":118396,"id":118396,"title":"NKN_9400-HDR","filename":"NKN_9400-HDR-scaled.jpg","filesize":861129,"url":"https:\/\/d2q6z78khxmx42.cloudfront.net\/2023\/04\/NKN_9400-HDR-scaled.jpg","link":"https:\/\/int.design\/fr\/projets\/villa-vivaldi\/nkn_9400-hdr\/","alt":"","author":"1312","description":"Villa VIVALDI MARYSE LEDUC ARCHITECTE ET DESIGNER INC","caption":"","name":"nkn_9400-hdr","status":"inherit","uploaded_to":111933,"date":"2023-04-13 12:38:02","modified":"2023-08-16 15:18:06","menu_order":0,"mime_type":"image\/jpeg","type":"image","subtype":"jpeg","icon":"https:\/\/int.design\/wp-includes\/images\/media\/default.png","width":2560,"height":1709,"sizes":{"thumbnail":"https:\/\/d2q6z78khxmx42.cloudfront.net\/2023\/04\/NKN_9400-HDR-150x150.jpg","thumbnail-width":150,"thumbnail-height":150,"medium":"https:\/\/d2q6z78khxmx42.cloudfront.net\/2023\/04\/NKN_9400-HDR-300x200.jpg","medium-width":300,"medium-height":200,"medium_large":"https:\/\/d2q6z78khxmx42.cloudfront.net\/2023\/04\/NKN_9400-HDR-768x513.jpg","medium_large-width":768,"medium_large-height":513,"large":"https:\/\/d2q6z78khxmx42.cloudfront.net\/2023\/04\/NKN_9400-HDR-1024x684.jpg","large-width":1024,"large-height":684,"1536x1536":"https:\/\/d2q6z78khxmx42.cloudfront.net\/2023\/04\/NKN_9400-HDR-1536x1025.jpg","1536x1536-width":1536,"1536x1536-height":1025,"2048x2048":"https:\/\/d2q6z78khxmx42.cloudfront.net\/2023\/04\/NKN_9400-HDR-2048x1367.jpg","2048x2048-width":2048,"2048x2048-height":1367,"article":"https:\/\/d2q6z78khxmx42.cloudfront.net\/2023\/04\/NKN_9400-HDR-960x540.jpg","article-width":960,"article-height":540,"banner":"https:\/\/d2q6z78khxmx42.cloudfront.net\/2023\/04\/NKN_9400-HDR-1920x1282.jpg","banner-width":1920,"banner-height":1282,"block":"https:\/\/d2q6z78khxmx42.cloudfront.net\/2023\/04\/NKN_9400-HDR-900x680.jpg","block-width":900,"block-height":680,"card":"https:\/\/d2q6z78khxmx42.cloudfront.net\/2023\/04\/NKN_9400-HDR-560x495.jpg","card-width":560,"card-height":495,"card-thumbnail":"https:\/\/d2q6z78khxmx42.cloudfront.net\/2023\/04\/NKN_9400-HDR-450x340.jpg","card-thumbnail-width":450,"card-thumbnail-height":340,"conference":"https:\/\/d2q6z78khxmx42.cloudfront.net\/2023\/04\/NKN_9400-HDR-560x250.jpg","conference-width":560,"conference-height":250,"contest":"https:\/\/d2q6z78khxmx42.cloudfront.net\/2023\/04\/NKN_9400-HDR-960x400.jpg","contest-width":960,"contest-height":400,"cta":"https:\/\/d2q6z78khxmx42.cloudfront.net\/2023\/04\/NKN_9400-HDR-415x170.jpg","cta-width":415,"cta-height":170,"exhibitor":"https:\/\/d2q6z78khxmx42.cloudfront.net\/2023\/04\/NKN_9400-HDR-560x560.jpg","exhibitor-width":560,"exhibitor-height":560,"gallery":"https:\/\/d2q6z78khxmx42.cloudfront.net\/2023\/04\/NKN_9400-HDR-560x374.jpg","gallery-width":560,"gallery-height":374,"logo":"https:\/\/d2q6z78khxmx42.cloudfront.net\/2023\/04\/NKN_9400-HDR-150x100.jpg","logo-width":150,"logo-height":100,"masonry":"https:\/\/d2q6z78khxmx42.cloudfront.net\/2023\/04\/NKN_9400-HDR-550x367.jpg","masonry-width":550,"masonry-height":367,"modal":"https:\/\/d2q6z78khxmx42.cloudfront.net\/2023\/04\/VhTiM1nQ-NKN_9400-HDR-1920x1282.jpg","modal-width":1920,"modal-height":1282,"number":"https:\/\/d2q6z78khxmx42.cloudfront.net\/2023\/04\/VhTiM1nQ-NKN_9400-HDR-560x374.jpg","number-width":560,"number-height":374,"partner":"https:\/\/d2q6z78khxmx42.cloudfront.net\/2023\/04\/NKN_9400-HDR-275x184.jpg","partner-width":275,"partner-height":184,"ranking":"https:\/\/d2q6z78khxmx42.cloudfront.net\/2023\/04\/VhTiM1nQ-NKN_9400-HDR-960x540.jpg","ranking-width":960,"ranking-height":540,"schedule":"https:\/\/d2q6z78khxmx42.cloudfront.net\/2023\/04\/NKN_9400-HDR-960x360.jpg","schedule-width":960,"schedule-height":360,"slideshow":"https:\/\/d2q6z78khxmx42.cloudfront.net\/2023\/04\/NKN_9400-HDR-1019x680.jpg","slideshow-width":1019,"slideshow-height":680}},"filters":false,"suppliers":false,"attachment_category":[]},{"categories":[3183],"credit":"Edith Carbonneau","image":{"ID":118397,"id":118397,"title":"NKN_9541-HDR","filename":"NKN_9541-HDR-scaled.jpg","filesize":922779,"url":"https:\/\/d2q6z78khxmx42.cloudfront.net\/2023\/04\/NKN_9541-HDR-scaled.jpg","link":"https:\/\/int.design\/fr\/projets\/villa-vivaldi\/nkn_9541-hdr\/","alt":"","author":"1312","description":"Villa VIVALDI MARYSE LEDUC ARCHITECTE ET DESIGNER INC","caption":"","name":"nkn_9541-hdr","status":"inherit","uploaded_to":111933,"date":"2023-04-13 12:38:04","modified":"2023-08-16 15:18:07","menu_order":0,"mime_type":"image\/jpeg","type":"image","subtype":"jpeg","icon":"https:\/\/int.design\/wp-includes\/images\/media\/default.png","width":2560,"height":1709,"sizes":{"thumbnail":"https:\/\/d2q6z78khxmx42.cloudfront.net\/2023\/04\/NKN_9541-HDR-150x150.jpg","thumbnail-width":150,"thumbnail-height":150,"medium":"https:\/\/d2q6z78khxmx42.cloudfront.net\/2023\/04\/NKN_9541-HDR-300x200.jpg","medium-width":300,"medium-height":200,"medium_large":"https:\/\/d2q6z78khxmx42.cloudfront.net\/2023\/04\/NKN_9541-HDR-768x513.jpg","medium_large-width":768,"medium_large-height":513,"large":"https:\/\/d2q6z78khxmx42.cloudfront.net\/2023\/04\/NKN_9541-HDR-1024x684.jpg","large-width":1024,"large-height":684,"1536x1536":"https:\/\/d2q6z78khxmx42.cloudfront.net\/2023\/04\/NKN_9541-HDR-1536x1025.jpg","1536x1536-width":1536,"1536x1536-height":1025,"2048x2048":"https:\/\/d2q6z78khxmx42.cloudfront.net\/2023\/04\/NKN_9541-HDR-2048x1367.jpg","2048x2048-width":2048,"2048x2048-height":1367,"article":"https:\/\/d2q6z78khxmx42.cloudfront.net\/2023\/04\/NKN_9541-HDR-960x540.jpg","article-width":960,"article-height":540,"banner":"https:\/\/d2q6z78khxmx42.cloudfront.net\/2023\/04\/NKN_9541-HDR-1920x1282.jpg","banner-width":1920,"banner-height":1282,"block":"https:\/\/d2q6z78khxmx42.cloudfront.net\/2023\/04\/NKN_9541-HDR-900x680.jpg","block-width":900,"block-height":680,"card":"https:\/\/d2q6z78khxmx42.cloudfront.net\/2023\/04\/NKN_9541-HDR-560x495.jpg","card-width":560,"card-height":495,"card-thumbnail":"https:\/\/d2q6z78khxmx42.cloudfront.net\/2023\/04\/NKN_9541-HDR-450x340.jpg","card-thumbnail-width":450,"card-thumbnail-height":340,"conference":"https:\/\/d2q6z78khxmx42.cloudfront.net\/2023\/04\/NKN_9541-HDR-560x250.jpg","conference-width":560,"conference-height":250,"contest":"https:\/\/d2q6z78khxmx42.cloudfront.net\/2023\/04\/NKN_9541-HDR-960x400.jpg","contest-width":960,"contest-height":400,"cta":"https:\/\/d2q6z78khxmx42.cloudfront.net\/2023\/04\/NKN_9541-HDR-415x170.jpg","cta-width":415,"cta-height":170,"exhibitor":"https:\/\/d2q6z78khxmx42.cloudfront.net\/2023\/04\/NKN_9541-HDR-560x560.jpg","exhibitor-width":560,"exhibitor-height":560,"gallery":"https:\/\/d2q6z78khxmx42.cloudfront.net\/2023\/04\/NKN_9541-HDR-560x374.jpg","gallery-width":560,"gallery-height":374,"logo":"https:\/\/d2q6z78khxmx42.cloudfront.net\/2023\/04\/NKN_9541-HDR-150x100.jpg","logo-width":150,"logo-height":100,"masonry":"https:\/\/d2q6z78khxmx42.cloudfront.net\/2023\/04\/NKN_9541-HDR-550x367.jpg","masonry-width":550,"masonry-height":367,"modal":"https:\/\/d2q6z78khxmx42.cloudfront.net\/2023\/04\/mrPOj7jZ-NKN_9541-HDR-1920x1282.jpg","modal-width":1920,"modal-height":1282,"number":"https:\/\/d2q6z78khxmx42.cloudfront.net\/2023\/04\/mrPOj7jZ-NKN_9541-HDR-560x374.jpg","number-width":560,"number-height":374,"partner":"https:\/\/d2q6z78khxmx42.cloudfront.net\/2023\/04\/NKN_9541-HDR-275x184.jpg","partner-width":275,"partner-height":184,"ranking":"https:\/\/d2q6z78khxmx42.cloudfront.net\/2023\/04\/mrPOj7jZ-NKN_9541-HDR-960x540.jpg","ranking-width":960,"ranking-height":540,"schedule":"https:\/\/d2q6z78khxmx42.cloudfront.net\/2023\/04\/NKN_9541-HDR-960x360.jpg","schedule-width":960,"schedule-height":360,"slideshow":"https:\/\/d2q6z78khxmx42.cloudfront.net\/2023\/04\/NKN_9541-HDR-1019x680.jpg","slideshow-width":1019,"slideshow-height":680}},"filters":false,"suppliers":false,"attachment_category":[]},{"categories":[3183],"credit":"Edith Carbonneau","image":{"ID":118395,"id":118395,"title":"NKN_9553-HDR","filename":"NKN_9553-HDR-scaled.jpg","filesize":782315,"url":"https:\/\/d2q6z78khxmx42.cloudfront.net\/2023\/04\/NKN_9553-HDR-scaled.jpg","link":"https:\/\/int.design\/fr\/projets\/villa-vivaldi\/nkn_9553-hdr\/","alt":"","author":"1312","description":"Villa VIVALDI MARYSE LEDUC ARCHITECTE ET DESIGNER INC","caption":"","name":"nkn_9553-hdr","status":"inherit","uploaded_to":111933,"date":"2023-04-13 12:37:59","modified":"2023-08-16 15:18:08","menu_order":0,"mime_type":"image\/jpeg","type":"image","subtype":"jpeg","icon":"https:\/\/int.design\/wp-includes\/images\/media\/default.png","width":2560,"height":1709,"sizes":{"thumbnail":"https:\/\/d2q6z78khxmx42.cloudfront.net\/2023\/04\/NKN_9553-HDR-150x150.jpg","thumbnail-width":150,"thumbnail-height":150,"medium":"https:\/\/d2q6z78khxmx42.cloudfront.net\/2023\/04\/NKN_9553-HDR-300x200.jpg","medium-width":300,"medium-height":200,"medium_large":"https:\/\/d2q6z78khxmx42.cloudfront.net\/2023\/04\/NKN_9553-HDR-768x513.jpg","medium_large-width":768,"medium_large-height":513,"large":"https:\/\/d2q6z78khxmx42.cloudfront.net\/2023\/04\/NKN_9553-HDR-1024x684.jpg","large-width":1024,"large-height":684,"1536x1536":"https:\/\/d2q6z78khxmx42.cloudfront.net\/2023\/04\/NKN_9553-HDR-1536x1025.jpg","1536x1536-width":1536,"1536x1536-height":1025,"2048x2048":"https:\/\/d2q6z78khxmx42.cloudfront.net\/2023\/04\/NKN_9553-HDR-2048x1367.jpg","2048x2048-width":2048,"2048x2048-height":1367,"article":"https:\/\/d2q6z78khxmx42.cloudfront.net\/2023\/04\/NKN_9553-HDR-960x540.jpg","article-width":960,"article-height":540,"banner":"https:\/\/d2q6z78khxmx42.cloudfront.net\/2023\/04\/NKN_9553-HDR-1920x1282.jpg","banner-width":1920,"banner-height":1282,"block":"https:\/\/d2q6z78khxmx42.cloudfront.net\/2023\/04\/NKN_9553-HDR-900x680.jpg","block-width":900,"block-height":680,"card":"https:\/\/d2q6z78khxmx42.cloudfront.net\/2023\/04\/NKN_9553-HDR-560x495.jpg","card-width":560,"card-height":495,"card-thumbnail":"https:\/\/d2q6z78khxmx42.cloudfront.net\/2023\/04\/NKN_9553-HDR-450x340.jpg","card-thumbnail-width":450,"card-thumbnail-height":340,"conference":"https:\/\/d2q6z78khxmx42.cloudfront.net\/2023\/04\/NKN_9553-HDR-560x250.jpg","conference-width":560,"conference-height":250,"contest":"https:\/\/d2q6z78khxmx42.cloudfront.net\/2023\/04\/NKN_9553-HDR-960x400.jpg","contest-width":960,"contest-height":400,"cta":"https:\/\/d2q6z78khxmx42.cloudfront.net\/2023\/04\/NKN_9553-HDR-415x170.jpg","cta-width":415,"cta-height":170,"exhibitor":"https:\/\/d2q6z78khxmx42.cloudfront.net\/2023\/04\/NKN_9553-HDR-560x560.jpg","exhibitor-width":560,"exhibitor-height":560,"gallery":"https:\/\/d2q6z78khxmx42.cloudfront.net\/2023\/04\/NKN_9553-HDR-560x374.jpg","gallery-width":560,"gallery-height":374,"logo":"https:\/\/d2q6z78khxmx42.cloudfront.net\/2023\/04\/NKN_9553-HDR-150x100.jpg","logo-width":150,"logo-height":100,"masonry":"https:\/\/d2q6z78khxmx42.cloudfront.net\/2023\/04\/NKN_9553-HDR-550x367.jpg","masonry-width":550,"masonry-height":367,"modal":"https:\/\/d2q6z78khxmx42.cloudfront.net\/2023\/04\/c6OSqoZI-NKN_9553-HDR-1920x1282.jpg","modal-width":1920,"modal-height":1282,"number":"https:\/\/d2q6z78khxmx42.cloudfront.net\/2023\/04\/c6OSqoZI-NKN_9553-HDR-560x374.jpg","number-width":560,"number-height":374,"partner":"https:\/\/d2q6z78khxmx42.cloudfront.net\/2023\/04\/NKN_9553-HDR-275x184.jpg","partner-width":275,"partner-height":184,"ranking":"https:\/\/d2q6z78khxmx42.cloudfront.net\/2023\/04\/c6OSqoZI-NKN_9553-HDR-960x540.jpg","ranking-width":960,"ranking-height":540,"schedule":"https:\/\/d2q6z78khxmx42.cloudfront.net\/2023\/04\/NKN_9553-HDR-960x360.jpg","schedule-width":960,"schedule-height":360,"slideshow":"https:\/\/d2q6z78khxmx42.cloudfront.net\/2023\/04\/NKN_9553-HDR-1019x680.jpg","slideshow-width":1019,"slideshow-height":680}},"filters":false,"suppliers":false,"attachment_category":[]},{"categories":[3183],"credit":"Edith Carbonneau","image":{"ID":118398,"id":118398,"title":"NKN_9784-HDR","filename":"NKN_9784-HDR-scaled.jpg","filesize":1215050,"url":"https:\/\/d2q6z78khxmx42.cloudfront.net\/2023\/04\/NKN_9784-HDR-scaled.jpg","link":"https:\/\/int.design\/fr\/projets\/villa-vivaldi\/nkn_9784-hdr\/","alt":"","author":"1312","description":"Villa VIVALDI MARYSE LEDUC ARCHITECTE ET DESIGNER INC","caption":"","name":"nkn_9784-hdr","status":"inherit","uploaded_to":111933,"date":"2023-04-13 12:38:11","modified":"2023-08-16 15:18:09","menu_order":0,"mime_type":"image\/jpeg","type":"image","subtype":"jpeg","icon":"https:\/\/int.design\/wp-includes\/images\/media\/default.png","width":2560,"height":1709,"sizes":{"thumbnail":"https:\/\/d2q6z78khxmx42.cloudfront.net\/2023\/04\/NKN_9784-HDR-150x150.jpg","thumbnail-width":150,"thumbnail-height":150,"medium":"https:\/\/d2q6z78khxmx42.cloudfront.net\/2023\/04\/NKN_9784-HDR-300x200.jpg","medium-width":300,"medium-height":200,"medium_large":"https:\/\/d2q6z78khxmx42.cloudfront.net\/2023\/04\/NKN_9784-HDR-768x513.jpg","medium_large-width":768,"medium_large-height":513,"large":"https:\/\/d2q6z78khxmx42.cloudfront.net\/2023\/04\/NKN_9784-HDR-1024x684.jpg","large-width":1024,"large-height":684,"1536x1536":"https:\/\/d2q6z78khxmx42.cloudfront.net\/2023\/04\/NKN_9784-HDR-1536x1025.jpg","1536x1536-width":1536,"1536x1536-height":1025,"2048x2048":"https:\/\/d2q6z78khxmx42.cloudfront.net\/2023\/04\/NKN_9784-HDR-2048x1367.jpg","2048x2048-width":2048,"2048x2048-height":1367,"article":"https:\/\/d2q6z78khxmx42.cloudfront.net\/2023\/04\/NKN_9784-HDR-960x540.jpg","article-width":960,"article-height":540,"banner":"https:\/\/d2q6z78khxmx42.cloudfront.net\/2023\/04\/NKN_9784-HDR-1920x1282.jpg","banner-width":1920,"banner-height":1282,"block":"https:\/\/d2q6z78khxmx42.cloudfront.net\/2023\/04\/NKN_9784-HDR-900x680.jpg","block-width":900,"block-height":680,"card":"https:\/\/d2q6z78khxmx42.cloudfront.net\/2023\/04\/NKN_9784-HDR-560x495.jpg","card-width":560,"card-height":495,"card-thumbnail":"https:\/\/d2q6z78khxmx42.cloudfront.net\/2023\/04\/NKN_9784-HDR-450x340.jpg","card-thumbnail-width":450,"card-thumbnail-height":340,"conference":"https:\/\/d2q6z78khxmx42.cloudfront.net\/2023\/04\/NKN_9784-HDR-560x250.jpg","conference-width":560,"conference-height":250,"contest":"https:\/\/d2q6z78khxmx42.cloudfront.net\/2023\/04\/NKN_9784-HDR-960x400.jpg","contest-width":960,"contest-height":400,"cta":"https:\/\/d2q6z78khxmx42.cloudfront.net\/2023\/04\/NKN_9784-HDR-415x170.jpg","cta-width":415,"cta-height":170,"exhibitor":"https:\/\/d2q6z78khxmx42.cloudfront.net\/2023\/04\/NKN_9784-HDR-560x560.jpg","exhibitor-width":560,"exhibitor-height":560,"gallery":"https:\/\/d2q6z78khxmx42.cloudfront.net\/2023\/04\/NKN_9784-HDR-560x374.jpg","gallery-width":560,"gallery-height":374,"logo":"https:\/\/d2q6z78khxmx42.cloudfront.net\/2023\/04\/NKN_9784-HDR-150x100.jpg","logo-width":150,"logo-height":100,"masonry":"https:\/\/d2q6z78khxmx42.cloudfront.net\/2023\/04\/NKN_9784-HDR-550x367.jpg","masonry-width":550,"masonry-height":367,"modal":"https:\/\/d2q6z78khxmx42.cloudfront.net\/2023\/04\/gscABEsK-NKN_9784-HDR-1920x1282.jpg","modal-width":1920,"modal-height":1282,"number":"https:\/\/d2q6z78khxmx42.cloudfront.net\/2023\/04\/gscABEsK-NKN_9784-HDR-560x374.jpg","number-width":560,"number-height":374,"partner":"https:\/\/d2q6z78khxmx42.cloudfront.net\/2023\/04\/NKN_9784-HDR-275x184.jpg","partner-width":275,"partner-height":184,"ranking":"https:\/\/d2q6z78khxmx42.cloudfront.net\/2023\/04\/gscABEsK-NKN_9784-HDR-960x540.jpg","ranking-width":960,"ranking-height":540,"schedule":"https:\/\/d2q6z78khxmx42.cloudfront.net\/2023\/04\/NKN_9784-HDR-960x360.jpg","schedule-width":960,"schedule-height":360,"slideshow":"https:\/\/d2q6z78khxmx42.cloudfront.net\/2023\/04\/NKN_9784-HDR-1019x680.jpg","slideshow-width":1019,"slideshow-height":680}},"filters":false,"suppliers":false,"attachment_category":[]},{"categories":[3183],"credit":"Edith Carbonneau","image":{"ID":118399,"id":118399,"title":"maryse-leduc-architecte-villa-vivaldi-6","filename":"maryse-leduc-architecte-villa-vivaldi-6.jpg","filesize":178757,"url":"https:\/\/d2q6z78khxmx42.cloudfront.net\/2023\/04\/maryse-leduc-architecte-villa-vivaldi-6.jpg","link":"https:\/\/int.design\/fr\/projets\/villa-vivaldi\/maryse-leduc-architecte-villa-vivaldi-6\/","alt":"","author":"1312","description":"Villa VIVALDI MARYSE LEDUC ARCHITECTE ET DESIGNER INC","caption":"","name":"maryse-leduc-architecte-villa-vivaldi-6","status":"inherit","uploaded_to":111933,"date":"2023-04-13 12:41:05","modified":"2023-08-16 15:18:10","menu_order":0,"mime_type":"image\/jpeg","type":"image","subtype":"jpeg","icon":"https:\/\/int.design\/wp-includes\/images\/media\/default.png","width":1000,"height":667,"sizes":{"thumbnail":"https:\/\/d2q6z78khxmx42.cloudfront.net\/2023\/04\/maryse-leduc-architecte-villa-vivaldi-6-150x150.jpg","thumbnail-width":150,"thumbnail-height":150,"medium":"https:\/\/d2q6z78khxmx42.cloudfront.net\/2023\/04\/maryse-leduc-architecte-villa-vivaldi-6-300x200.jpg","medium-width":300,"medium-height":200,"medium_large":"https:\/\/d2q6z78khxmx42.cloudfront.net\/2023\/04\/maryse-leduc-architecte-villa-vivaldi-6-768x512.jpg","medium_large-width":768,"medium_large-height":512,"large":"https:\/\/d2q6z78khxmx42.cloudfront.net\/2023\/04\/maryse-leduc-architecte-villa-vivaldi-6.jpg","large-width":1000,"large-height":667,"1536x1536":"https:\/\/d2q6z78khxmx42.cloudfront.net\/2023\/04\/maryse-leduc-architecte-villa-vivaldi-6.jpg","1536x1536-width":1000,"1536x1536-height":667,"2048x2048":"https:\/\/d2q6z78khxmx42.cloudfront.net\/2023\/04\/maryse-leduc-architecte-villa-vivaldi-6.jpg","2048x2048-width":1000,"2048x2048-height":667,"article":"https:\/\/d2q6z78khxmx42.cloudfront.net\/2023\/04\/maryse-leduc-architecte-villa-vivaldi-6-960x540.jpg","article-width":960,"article-height":540,"banner":"https:\/\/d2q6z78khxmx42.cloudfront.net\/2023\/04\/maryse-leduc-architecte-villa-vivaldi-6.jpg","banner-width":1000,"banner-height":667,"block":"https:\/\/d2q6z78khxmx42.cloudfront.net\/2023\/04\/maryse-leduc-architecte-villa-vivaldi-6-900x667.jpg","block-width":900,"block-height":667,"card":"https:\/\/d2q6z78khxmx42.cloudfront.net\/2023\/04\/maryse-leduc-architecte-villa-vivaldi-6-560x495.jpg","card-width":560,"card-height":495,"card-thumbnail":"https:\/\/d2q6z78khxmx42.cloudfront.net\/2023\/04\/maryse-leduc-architecte-villa-vivaldi-6-450x340.jpg","card-thumbnail-width":450,"card-thumbnail-height":340,"conference":"https:\/\/d2q6z78khxmx42.cloudfront.net\/2023\/04\/maryse-leduc-architecte-villa-vivaldi-6-560x250.jpg","conference-width":560,"conference-height":250,"contest":"https:\/\/d2q6z78khxmx42.cloudfront.net\/2023\/04\/maryse-leduc-architecte-villa-vivaldi-6-960x400.jpg","contest-width":960,"contest-height":400,"cta":"https:\/\/d2q6z78khxmx42.cloudfront.net\/2023\/04\/maryse-leduc-architecte-villa-vivaldi-6-415x170.jpg","cta-width":415,"cta-height":170,"exhibitor":"https:\/\/d2q6z78khxmx42.cloudfront.net\/2023\/04\/maryse-leduc-architecte-villa-vivaldi-6-560x560.jpg","exhibitor-width":560,"exhibitor-height":560,"gallery":"https:\/\/d2q6z78khxmx42.cloudfront.net\/2023\/04\/maryse-leduc-architecte-villa-vivaldi-6-560x374.jpg","gallery-width":560,"gallery-height":374,"logo":"https:\/\/d2q6z78khxmx42.cloudfront.net\/2023\/04\/maryse-leduc-architecte-villa-vivaldi-6-150x100.jpg","logo-width":150,"logo-height":100,"masonry":"https:\/\/d2q6z78khxmx42.cloudfront.net\/2023\/04\/maryse-leduc-architecte-villa-vivaldi-6-550x367.jpg","masonry-width":550,"masonry-height":367,"modal":"https:\/\/d2q6z78khxmx42.cloudfront.net\/2023\/04\/maryse-leduc-architecte-villa-vivaldi-6.jpg","modal-width":1000,"modal-height":667,"number":"https:\/\/d2q6z78khxmx42.cloudfront.net\/2023\/04\/KeAHX4Hr-maryse-leduc-architecte-villa-vivaldi-6-560x374.jpg","number-width":560,"number-height":374,"partner":"https:\/\/d2q6z78khxmx42.cloudfront.net\/2023\/04\/maryse-leduc-architecte-villa-vivaldi-6-275x183.jpg","partner-width":275,"partner-height":183,"ranking":"https:\/\/d2q6z78khxmx42.cloudfront.net\/2023\/04\/KeAHX4Hr-maryse-leduc-architecte-villa-vivaldi-6-960x540.jpg","ranking-width":960,"ranking-height":540,"schedule":"https:\/\/d2q6z78khxmx42.cloudfront.net\/2023\/04\/maryse-leduc-architecte-villa-vivaldi-6-960x360.jpg","schedule-width":960,"schedule-height":360,"slideshow":"https:\/\/d2q6z78khxmx42.cloudfront.net\/2023\/04\/maryse-leduc-architecte-villa-vivaldi-6.jpg","slideshow-width":1000,"slideshow-height":667}},"filters":false,"suppliers":false,"attachment_category":[]}],"mandatory_documents":[{"name":"Plans pdf","file":{"ID":118158,"id":118158,"title":"2020-10-08 Villa Jeanne 20-130","filename":"2020-10-08 Villa Jeanne 20-130.pdf","filesize":3321911,"url":"https:\/\/d2q6z78khxmx42.cloudfront.net\/2023\/04\/2020-10-08 Villa Jeanne 20-130.pdf","link":"https:\/\/int.design\/fr\/projets\/villa-vivaldi\/2020-10-08-villa-jeanne-20-130\/","alt":"","author":"1312","description":"","caption":"","name":"2020-10-08-villa-jeanne-20-130","status":"inherit","uploaded_to":111933,"date":"2023-04-13 01:12:06","modified":"2023-04-13 01:14:22","menu_order":0,"mime_type":"application\/pdf","type":"application","subtype":"pdf","icon":"https:\/\/int.design\/wp-includes\/images\/media\/document.png"}},{"name":"VID\u00c9O VILLA VIVALDI","file":{"ID":118494,"id":118494,"title":"VILLA VIVALDI","filename":"7_VILLA VIVALDI.mp4","filesize":77116472,"url":"https:\/\/d2q6z78khxmx42.cloudfront.net\/2023\/04\/7_VILLA VIVALDI.mp4","link":"https:\/\/int.design\/fr\/projets\/villa-vivaldi\/villa-vivaldi-4\/","alt":"","author":"1312","description":"","caption":"","name":"villa-vivaldi-4","status":"inherit","uploaded_to":111933,"date":"2023-04-13 14:37:14","modified":"2023-04-13 14:37:44","menu_order":0,"mime_type":"application\/octet-stream","type":"application","subtype":"octet-stream","icon":"https:\/\/int.design\/wp-includes\/images\/media\/video.png"}}],"optional_documents":false,"web_text":{"fr":"<p>VILLA VIVALDI<\/p>\n<p>\u00c0\u00a0 400 m\u00e8tres d\u2019altitude, La villa Vivaldi, haut perch\u00e9e tel ma\u00eetre h\u00e9ron chante son concerto \u00e0\u00a0 la beaut\u00e9 du fleuve qu\u2019elle encadre majestueusement de ses grandes baies vitr\u00e9es , accompagn\u00e9e du son du piano \u00e0 queue orchestr\u00e9 par son propri\u00e9taire.<\/p>\n<p>En communion avec la nature, le grand espace de vie s\u2019\u00e9l\u00e8ve \u00e0 l\u2019\u00e9tage, mariant horizontalit\u00e9 et verticalit\u00e9 entre fleuve et montagnes, avec son toit monopente et son plafond cath\u00e9drale s\u2019\u00e9tirant vers le fleuve, laissant p\u00e9n\u00e9trer la lumi\u00e8re et la beaut\u00e9 du paysage. Une v\u00e9randa couverte, en prolongement du salon permet de jouir de l\u2019\u00e9t\u00e9, prot\u00e9g\u00e9e du soleil et de la pluie, offrant de riches perspectives int\u00e9rieures et ext\u00e9rieures. Le quartier des ma\u00eetres jonche \u00e9galement la v\u00e9randa et les espaces communs en toute intimit\u00e9, un bureau s\u2019y trouvant \u00e9galement.<\/p>\n<p>Le rez-de-jardin accueille les chambres des invit\u00e9s et une grande salle familiale, se prolongeant \u00e9galement sous une v\u00e9randa couverte.<\/p>\n<p>Cette configuration sur deux niveaux permet une subtile int\u00e9gration des lieux publics et priv\u00e9s, mariant\u00a0 Intimit\u00e9 et convivialit\u00e9, et cette conjugaison entre espaces int\u00e9rieurs et ext\u00e9rieurs permet de vivre au rythme des saisons<\/p>\n<p>Le bois omnipr\u00e9sent \u00e0 l\u2019int\u00e9rieur nous plonge dans un espace intemporel, chaleureux, intime. Tout a \u00e9t\u00e9 pens\u00e9 dans les moindres d\u00e9tails pour une fonctionnalit\u00e9 exemplaire, une performance \u00e9nerg\u00e9tique sup\u00e9rieure, et un confort accru: verre triple, dalle chauffante, isolation sup\u00e9rieure.<\/p>\n<p>Une architecture intemporelle, actuelle, fonctionnelle, riche, chaleureuse et \u00e9pur\u00e9e, qui privil\u00e9gie les vues, l\u2019apport solaire passif, les perspectives int\u00e9rieures, la lumi\u00e8re et la durabilit\u00e9, en symbiose avec la nature.<\/p>\n","en":"<p>VILLA VIVALDI<\/p>\n<p>Located 400 meters above sea level, Villa Vivaldi sits high like a master heron, singing its concerto to the beauty of the river it majestically frames with its large bay windows, accompanied by the sound of the grand piano orchestrated by its owner.<\/p>\n<p>In communion with nature, the large living space rises to the upper level, combining horizontality and verticality between the river and the mountains, with its monopitched roof and cathedral ceiling stretching towards the river, allowing light and the beauty of the landscape to enter. A covered veranda, an extension of the living room, allows one to enjoy the summer while being protected from the sun and rain, and offer rich interior and exterior perspectives. The master\u2019s quarters also extend onto the veranda and common areas in complete privacy, with a study along with a study.<\/p>\n<p>The garden level houses the guest bedrooms and a large family room, also extending under a covered veranda.<\/p>\n<p>This two-level configuration allows for a subtle integration of public and private spaces, combining privacy and conviviality, and this combination of interior and exterior spaces allows one to live in harmony with the seasons.<\/p>\n<p>The pervasive use of wood inside immerses us in a timeless, warm, and intimate space. Everything has been thought out in the smallest detail for exemplary functionality, superior energy performance, and increased comfort: triple glass, heated slab and superior insulation.<\/p>\n<p>The project has a timeless, contemporary, functional, rich, warm and sleek architecture that prioritizes views, passive solar gain, interior perspectives, light and durability, in symbiosis with nature<\/p>\n","original":""},"jury_text":[{"category":3183,"fr":"","en":"","original":""}],"different_jury_text":false,"different_category_text":false},"laureats":[{"cat_id":3183,"cat_id_laureat":3891,"laureat":"Certification Argent"}],"contest_id":"97334","contest_title":"GRANDS PRIX DU DESIGN \u2013 16e \u00e9dition","firms":[],"user":{"email":"mleduc@maryseleduc.com","first_name":"Maryse","last_name":"Leduc"},"doc_texts_web":{"fr":"<p>VILLA VIVALDI<\/p>\n<p>\u00c0\u00a0 400 m\u00e8tres d\u2019altitude, La villa Vivaldi, haut perch\u00e9e tel ma\u00eetre h\u00e9ron chante son concerto \u00e0\u00a0 la beaut\u00e9 du fleuve qu\u2019elle encadre majestueusement de ses grandes baies vitr\u00e9es , accompagn\u00e9e du son du piano \u00e0 queue orchestr\u00e9 par son propri\u00e9taire.<\/p>\n<p>En communion avec la nature, le grand espace de vie s\u2019\u00e9l\u00e8ve \u00e0 l\u2019\u00e9tage, mariant horizontalit\u00e9 et verticalit\u00e9 entre fleuve et montagnes, avec son toit monopente et son plafond cath\u00e9drale s\u2019\u00e9tirant vers le fleuve, laissant p\u00e9n\u00e9trer la lumi\u00e8re et la beaut\u00e9 du paysage. Une v\u00e9randa couverte, en prolongement du salon permet de jouir de l\u2019\u00e9t\u00e9, prot\u00e9g\u00e9e du soleil et de la pluie, offrant de riches perspectives int\u00e9rieures et ext\u00e9rieures. Le quartier des ma\u00eetres jonche \u00e9galement la v\u00e9randa et les espaces communs en toute intimit\u00e9, un bureau s\u2019y trouvant \u00e9galement.<\/p>\n<p>Le rez-de-jardin accueille les chambres des invit\u00e9s et une grande salle familiale, se prolongeant \u00e9galement sous une v\u00e9randa couverte.<\/p>\n<p>Cette configuration sur deux niveaux permet une subtile int\u00e9gration des lieux publics et priv\u00e9s, mariant\u00a0 Intimit\u00e9 et convivialit\u00e9, et cette conjugaison entre espaces int\u00e9rieurs et ext\u00e9rieurs permet de vivre au rythme des saisons<\/p>\n<p>Le bois omnipr\u00e9sent \u00e0 l\u2019int\u00e9rieur nous plonge dans un espace intemporel, chaleureux, intime. Tout a \u00e9t\u00e9 pens\u00e9 dans les moindres d\u00e9tails pour une fonctionnalit\u00e9 exemplaire, une performance \u00e9nerg\u00e9tique sup\u00e9rieure, et un confort accru: verre triple, dalle chauffante, isolation sup\u00e9rieure.<\/p>\n<p>Une architecture intemporelle, actuelle, fonctionnelle, riche, chaleureuse et \u00e9pur\u00e9e, qui privil\u00e9gie les vues, l\u2019apport solaire passif, les perspectives int\u00e9rieures, la lumi\u00e8re et la durabilit\u00e9, en symbiose avec la nature.<\/p>\n","en":"<p>VILLA VIVALDI<\/p>\n<p>Located 400 meters above sea level, Villa Vivaldi sits high like a master heron, singing its concerto to the beauty of the river it majestically frames with its large bay windows, accompanied by the sound of the grand piano orchestrated by its owner.<\/p>\n<p>In communion with nature, the large living space rises to the upper level, combining horizontality and verticality between the river and the mountains, with its monopitched roof and cathedral ceiling stretching towards the river, allowing light and the beauty of the landscape to enter. A covered veranda, an extension of the living room, allows one to enjoy the summer while being protected from the sun and rain, and offer rich interior and exterior perspectives. The master\u2019s quarters also extend onto the veranda and common areas in complete privacy, with a study along with a study.<\/p>\n<p>The garden level houses the guest bedrooms and a large family room, also extending under a covered veranda.<\/p>\n<p>This two-level configuration allows for a subtle integration of public and private spaces, combining privacy and conviviality, and this combination of interior and exterior spaces allows one to live in harmony with the seasons.<\/p>\n<p>The pervasive use of wood inside immerses us in a timeless, warm, and intimate space. Everything has been thought out in the smallest detail for exemplary functionality, superior energy performance, and increased comfort: triple glass, heated slab and superior insulation.<\/p>\n<p>The project has a timeless, contemporary, functional, rich, warm and sleek architecture that prioritizes views, passive solar gain, interior perspectives, light and durability, in symbiosis with nature<\/p>\n"},"permalinks":{"fr":"https:\/\/int.design\/fr\/projets\/villa-vivaldi\/","en":"https:\/\/int.design\/en\/projects\/villa-vivaldi\/"},"titles":{"fr":"Villa VIVALDI","en":"Villa VIVALDI"},"wp_fields":[],"laravel_id":""},"_links":{"self":[{"href":"https:\/\/int.design\/en\/wp-json\/wp\/v2\/project\/111934","targetHints":{"allow":["GET"]}}],"collection":[{"href":"https:\/\/int.design\/en\/wp-json\/wp\/v2\/project"}],"about":[{"href":"https:\/\/int.design\/en\/wp-json\/wp\/v2\/types\/project"}],"wp:attachment":[{"href":"https:\/\/int.design\/en\/wp-json\/wp\/v2\/media?parent=111934"}],"curies":[{"name":"wp","href":"https:\/\/api.w.org\/{rel}","templated":true}]}}