{"id":100850,"date":"2023-08-16T11:50:11","date_gmt":"2023-08-16T15:50:11","guid":{"rendered":"https:\/\/int.design\/?post_type=project&#038;p=100850"},"modified":"2023-08-16T11:50:11","modified_gmt":"2023-08-16T15:50:11","slug":"ecole-primaire-du-sommet","status":"publish","type":"project","link":"https:\/\/int.design\/en\/projects\/ecole-primaire-du-sommet\/","title":{"rendered":"\u00c9cole primaire du Sommet"},"content":{"rendered":"","protected":false},"template":"","class_list":["post-100850","project","type-project","status-publish","hentry","project_category_97334-design-dinterieur","project_category_97334-ecole-primaire-prescolaire","project_category_97334-interieur-et-couleur","project_category_97334-zone-amenagee-pour-enfants"],"acf":[],"yoast_head":"<!-- This site is optimized with the Yoast SEO plugin v21.5 - https:\/\/yoast.com\/wordpress\/plugins\/seo\/ -->\n<title>\u00c9cole primaire du Sommet - INT Design<\/title>\n<meta name=\"robots\" content=\"index, follow, max-snippet:-1, max-image-preview:large, max-video-preview:-1\" \/>\n<link rel=\"canonical\" href=\"https:\/\/int.design\/en\/projects\/ecole-primaire-du-sommet\/\" \/>\n<meta property=\"og:locale\" content=\"en_US\" \/>\n<meta property=\"og:type\" content=\"article\" \/>\n<meta property=\"og:title\" content=\"\u00c9cole primaire du Sommet - INT Design\" \/>\n<meta property=\"og:url\" content=\"https:\/\/int.design\/en\/projects\/ecole-primaire-du-sommet\/\" \/>\n<meta property=\"og:site_name\" content=\"INT Design\" \/>\n<meta name=\"twitter:card\" content=\"summary_large_image\" \/>\n<script type=\"application\/ld+json\" class=\"yoast-schema-graph\">{\"@context\":\"https:\/\/schema.org\",\"@graph\":[{\"@type\":\"WebPage\",\"@id\":\"https:\/\/int.design\/en\/projects\/ecole-primaire-du-sommet\/\",\"url\":\"https:\/\/int.design\/en\/projects\/ecole-primaire-du-sommet\/\",\"name\":\"\u00c9cole primaire du Sommet - INT Design\",\"isPartOf\":{\"@id\":\"https:\/\/int.design\/fr\/#website\"},\"datePublished\":\"2023-08-16T15:50:11+00:00\",\"dateModified\":\"2023-08-16T15:50:11+00:00\",\"breadcrumb\":{\"@id\":\"https:\/\/int.design\/en\/projects\/ecole-primaire-du-sommet\/#breadcrumb\"},\"inLanguage\":\"en-US\",\"potentialAction\":[{\"@type\":\"ReadAction\",\"target\":[\"https:\/\/int.design\/en\/projects\/ecole-primaire-du-sommet\/\"]}]},{\"@type\":\"BreadcrumbList\",\"@id\":\"https:\/\/int.design\/en\/projects\/ecole-primaire-du-sommet\/#breadcrumb\",\"itemListElement\":[{\"@type\":\"ListItem\",\"position\":1,\"name\":\"Home\",\"item\":\"https:\/\/int.design\/en\/\"},{\"@type\":\"ListItem\",\"position\":2,\"name\":\"Projects\",\"item\":\"https:\/\/int.design\/en\/projects\/\"},{\"@type\":\"ListItem\",\"position\":3,\"name\":\"\u00c9cole primaire du Sommet\"}]},{\"@type\":\"WebSite\",\"@id\":\"https:\/\/int.design\/fr\/#website\",\"url\":\"https:\/\/int.design\/fr\/\",\"name\":\"INT Design\",\"description\":\"\",\"potentialAction\":[{\"@type\":\"SearchAction\",\"target\":{\"@type\":\"EntryPoint\",\"urlTemplate\":\"https:\/\/int.design\/fr\/?s={search_term_string}\"},\"query-input\":\"required name=search_term_string\"}],\"inLanguage\":\"en-US\"}]}<\/script>\n<!-- \/ Yoast SEO plugin. -->","yoast_head_json":{"title":"\u00c9cole primaire du Sommet - INT Design","robots":{"index":"index","follow":"follow","max-snippet":"max-snippet:-1","max-image-preview":"max-image-preview:large","max-video-preview":"max-video-preview:-1"},"canonical":"https:\/\/int.design\/en\/projects\/ecole-primaire-du-sommet\/","og_locale":"en_US","og_type":"article","og_title":"\u00c9cole primaire du Sommet - INT Design","og_url":"https:\/\/int.design\/en\/projects\/ecole-primaire-du-sommet\/","og_site_name":"INT Design","twitter_card":"summary_large_image","schema":{"@context":"https:\/\/schema.org","@graph":[{"@type":"WebPage","@id":"https:\/\/int.design\/en\/projects\/ecole-primaire-du-sommet\/","url":"https:\/\/int.design\/en\/projects\/ecole-primaire-du-sommet\/","name":"\u00c9cole primaire du Sommet - INT Design","isPartOf":{"@id":"https:\/\/int.design\/fr\/#website"},"datePublished":"2023-08-16T15:50:11+00:00","dateModified":"2023-08-16T15:50:11+00:00","breadcrumb":{"@id":"https:\/\/int.design\/en\/projects\/ecole-primaire-du-sommet\/#breadcrumb"},"inLanguage":"en-US","potentialAction":[{"@type":"ReadAction","target":["https:\/\/int.design\/en\/projects\/ecole-primaire-du-sommet\/"]}]},{"@type":"BreadcrumbList","@id":"https:\/\/int.design\/en\/projects\/ecole-primaire-du-sommet\/#breadcrumb","itemListElement":[{"@type":"ListItem","position":1,"name":"Home","item":"https:\/\/int.design\/en\/"},{"@type":"ListItem","position":2,"name":"Projects","item":"https:\/\/int.design\/en\/projects\/"},{"@type":"ListItem","position":3,"name":"\u00c9cole primaire du Sommet"}]},{"@type":"WebSite","@id":"https:\/\/int.design\/fr\/#website","url":"https:\/\/int.design\/fr\/","name":"INT Design","description":"","potentialAction":[{"@type":"SearchAction","target":{"@type":"EntryPoint","urlTemplate":"https:\/\/int.design\/fr\/?s={search_term_string}"},"query-input":"required name=search_term_string"}],"inLanguage":"en-US"}]}},"entry":{"cats":{"disciplines":[{"id":3217,"name":"Interior Design"}],"big_cats":[],"sub_cats":[{"id":3244,"name":"Elementary School & Kindergarten","parent":3243},{"id":3283,"name":"Interior Design + Colour","parent":3280},{"id":3293,"name":"Kids zone","parent":3280}]},"entry":{"":null,"status":"completed","winner_title":"PRISME architecture + Bergeron Bouthillier architectes","winner_prize_lang":"fr","title_translatable":false,"title_en":"","title_fr":"","releve_award":true,"releve_award_cv":[{"file":{"ID":100863,"id":100863,"title":"CV-FLAMAND, Krystel-PRIX","filename":"19_CV-FLAMAND, Krystel-PRIX.pdf","filesize":1937867,"url":"https:\/\/int.design\/wp-content\/uploads\/2022\/10\/19_CV-FLAMAND, Krystel-PRIX.pdf","link":"https:\/\/int.design\/fr\/projets\/ecole-primaire-du-sommet\/cv-flamand-krystel-prix-15\/","alt":"","author":"965","description":"","caption":"","name":"cv-flamand-krystel-prix-15","status":"inherit","uploaded_to":100849,"date":"2022-10-31 19:34:48","modified":"2022-10-31 19:36:50","menu_order":0,"mime_type":"application\/pdf","type":"application","subtype":"pdf","icon":"https:\/\/int.design\/wp-includes\/images\/media\/document.png"}}],"collaboration":false,"collaboration_firms":false,"other_firms":[{"name":"PRISME architecture","website":"https:\/\/www.prismearchitecture.com\/","category":"","category_tax":2744},{"name":"Bergeron Bouthillier architectes","website":"https:\/\/a2barchitectes.ca\/","category":"","category_tax":2744},{"name":"Jo\u00ebl Gingras ","website":"https:\/\/www.apy-d.ca\/","category":"","category_tax":2756},{"name":"Sajo inc.","website":"https:\/\/sajo.com\/fr\/","category":"","category_tax":2751},{"name":"La Cie  Repentigny \u00c9lectrique ","website":"https:\/\/www.facebook.com\/profile.php?id=100063607140807","category":"","category_tax":2753},{"name":"STR M\u00e9canique","website":"https:\/\/strmecanique.ca\/","category":"","category_tax":2753},{"name":"Ventilation GR","website":"https:\/\/www.ventilationgr.ca\/","category":"","category_tax":2754},{"name":"Protection incendie Lanaudi\u00e8re inc.","website":"https:\/\/www.ventilationgr.ca\/","category":"","category_tax":2754},{"name":"Jasmin Cl\u00e9ment","website":"https:\/\/www.csslaval.ca\/","category":"","category_tax":2808},{"name":"Molok","website":"https:\/\/www.molok.com\/fr\/","category":"","category_tax":2754},{"name":"Luminaire Authentik","website":"https:\/\/www.luminaireauthentik.com\/","category":"","category_tax":2750},{"name":"Ecoloxia","website":"http:\/\/www.ecoloxia.ca\/","category":"","category_tax":2754},{"name":"Centura","website":"https:\/\/www.centura.ca\/en","category":"","category_tax":2754},{"name":"Lumenpulse","website":"https:\/\/www.lumenpulse.com\/fr","category":"","category_tax":2750}],"owner":{"name":"Centre de services scolaire de Laval","confidential":false,"website":"https:\/\/www.csslaval.ca\/","contact_name":"Jasmin Cl\u00e9ment","email":"jclement@cslaval.qc.ca","phone":"450 662-7000 #4930"},"address":{"address":"","city":"Laval","region":"Laval","province":"QC","country":"CA","postal_code":""},"logos":false,"use_logo":false,"designers":[{"name":"Krystel Flamand","credit":"Michel Bouthillier - Studio Piximage","image":{"ID":105300,"id":105300,"title":"Krystel Flamand 2_r\u00e9duite","filename":"7_Krystel Flamand 2_r\u00e9duite.jpg","filesize":1066390,"url":"https:\/\/d2q6z78khxmx42.cloudfront.net\/2023\/03\/7_Krystel Flamand 2_r\u00e9duite.jpg","link":"https:\/\/int.design\/fr\/projets\/ecole-primaire-du-sommet\/krystel-flamand-2_reduite-5\/","alt":"","author":"965","description":"","caption":"","name":"krystel-flamand-2_reduite-5","status":"inherit","uploaded_to":100849,"date":"2023-03-01 19:20:48","modified":"2023-03-01 19:43:35","menu_order":0,"mime_type":"image\/jpeg","type":"image","subtype":"jpeg","icon":"https:\/\/int.design\/wp-includes\/images\/media\/default.png","width":1000,"height":1500,"sizes":{"thumbnail":"https:\/\/d2q6z78khxmx42.cloudfront.net\/2023\/03\/7_Krystel Flamand 2_r\u00e9duite-150x150.jpg","thumbnail-width":150,"thumbnail-height":150,"medium":"https:\/\/d2q6z78khxmx42.cloudfront.net\/2023\/03\/7_Krystel Flamand 2_r\u00e9duite-200x300.jpg","medium-width":200,"medium-height":300,"medium_large":"https:\/\/d2q6z78khxmx42.cloudfront.net\/2023\/03\/7_Krystel Flamand 2_r\u00e9duite-768x1152.jpg","medium_large-width":768,"medium_large-height":1152,"large":"https:\/\/d2q6z78khxmx42.cloudfront.net\/2023\/03\/7_Krystel Flamand 2_r\u00e9duite-683x1024.jpg","large-width":683,"large-height":1024,"1536x1536":"https:\/\/d2q6z78khxmx42.cloudfront.net\/2023\/03\/7_Krystel Flamand 2_r\u00e9duite.jpg","1536x1536-width":1000,"1536x1536-height":1500,"2048x2048":"https:\/\/d2q6z78khxmx42.cloudfront.net\/2023\/03\/7_Krystel Flamand 2_r\u00e9duite.jpg","2048x2048-width":1000,"2048x2048-height":1500,"article":"https:\/\/d2q6z78khxmx42.cloudfront.net\/2023\/03\/7_Krystel Flamand 2_r\u00e9duite-960x540.jpg","article-width":960,"article-height":540,"banner":"https:\/\/d2q6z78khxmx42.cloudfront.net\/2023\/03\/7_Krystel Flamand 2_r\u00e9duite.jpg","banner-width":1000,"banner-height":1500,"block":"https:\/\/d2q6z78khxmx42.cloudfront.net\/2023\/03\/7_Krystel Flamand 2_r\u00e9duite-900x680.jpg","block-width":900,"block-height":680,"card":"https:\/\/d2q6z78khxmx42.cloudfront.net\/2023\/03\/7_Krystel Flamand 2_r\u00e9duite-560x495.jpg","card-width":560,"card-height":495,"card-thumbnail":"https:\/\/d2q6z78khxmx42.cloudfront.net\/2023\/03\/7_Krystel Flamand 2_r\u00e9duite-450x340.jpg","card-thumbnail-width":450,"card-thumbnail-height":340,"conference":"https:\/\/d2q6z78khxmx42.cloudfront.net\/2023\/03\/7_Krystel Flamand 2_r\u00e9duite-560x250.jpg","conference-width":560,"conference-height":250,"contest":"https:\/\/d2q6z78khxmx42.cloudfront.net\/2023\/03\/7_Krystel Flamand 2_r\u00e9duite-960x400.jpg","contest-width":960,"contest-height":400,"cta":"https:\/\/d2q6z78khxmx42.cloudfront.net\/2023\/03\/7_Krystel Flamand 2_r\u00e9duite-415x170.jpg","cta-width":415,"cta-height":170,"exhibitor":"https:\/\/d2q6z78khxmx42.cloudfront.net\/2023\/03\/7_Krystel Flamand 2_r\u00e9duite-560x560.jpg","exhibitor-width":560,"exhibitor-height":560,"gallery":"https:\/\/d2q6z78khxmx42.cloudfront.net\/2023\/03\/7_Krystel Flamand 2_r\u00e9duite-287x430.jpg","gallery-width":287,"gallery-height":430,"logo":"https:\/\/d2q6z78khxmx42.cloudfront.net\/2023\/03\/7_Krystel Flamand 2_r\u00e9duite-67x100.jpg","logo-width":67,"logo-height":100,"masonry":"https:\/\/d2q6z78khxmx42.cloudfront.net\/2023\/03\/7_Krystel Flamand 2_r\u00e9duite-550x825.jpg","masonry-width":550,"masonry-height":825,"modal":"https:\/\/d2q6z78khxmx42.cloudfront.net\/2023\/03\/7_Krystel Flamand 2_r\u00e9duite.jpg","modal-width":1000,"modal-height":1500,"number":"https:\/\/d2q6z78khxmx42.cloudfront.net\/2023\/03\/4Hsy0cgM-7_Krystel Flamand 2_r\u00e9duite-287x430.jpg","number-width":287,"number-height":430,"partner":"https:\/\/d2q6z78khxmx42.cloudfront.net\/2023\/03\/7_Krystel Flamand 2_r\u00e9duite-140x210.jpg","partner-width":140,"partner-height":210,"ranking":"https:\/\/d2q6z78khxmx42.cloudfront.net\/2023\/03\/4Hsy0cgM-7_Krystel Flamand 2_r\u00e9duite-960x540.jpg","ranking-width":960,"ranking-height":540,"schedule":"https:\/\/d2q6z78khxmx42.cloudfront.net\/2023\/03\/7_Krystel Flamand 2_r\u00e9duite-960x360.jpg","schedule-width":960,"schedule-height":360,"slideshow":"https:\/\/d2q6z78khxmx42.cloudfront.net\/2023\/03\/7_Krystel Flamand 2_r\u00e9duite-453x680.jpg","slideshow-width":453,"slideshow-height":680}},"file":false}],"cover":[{"categories":[3244,3283,3293],"credit":"Jo\u00ebl Gingras","image":{"ID":105310,"id":105310,"title":"Couverture","filename":"7_Couverture-scaled.jpg","filesize":863407,"url":"https:\/\/d2q6z78khxmx42.cloudfront.net\/2023\/03\/7_Couverture-scaled.jpg","link":"https:\/\/int.design\/fr\/projets\/ecole-primaire-du-sommet\/couverture-25\/","alt":"","author":"965","description":"\u00c9cole primaire du Sommet PRISME architecture + Bergeron Bouthillier architectes PRISME architecture Bergeron Bouthillier architectes Jo\u00ebl Gingras  Sajo inc. La Cie  Repentigny \u00c9lectrique  STR M\u00e9canique Ventilation GR Protection incendie Lanaudi\u00e8re inc. Jasmin Cl\u00e9ment Molok Luminaire Authentik Ecoloxia Centura Lumenpulse","caption":"","name":"couverture-25","status":"inherit","uploaded_to":100849,"date":"2023-03-01 19:36:54","modified":"2023-08-16 15:50:11","menu_order":0,"mime_type":"image\/jpeg","type":"image","subtype":"jpeg","icon":"https:\/\/int.design\/wp-includes\/images\/media\/default.png","width":2133,"height":2560,"sizes":{"thumbnail":"https:\/\/d2q6z78khxmx42.cloudfront.net\/2023\/03\/7_Couverture-150x150.jpg","thumbnail-width":150,"thumbnail-height":150,"medium":"https:\/\/d2q6z78khxmx42.cloudfront.net\/2023\/03\/7_Couverture-250x300.jpg","medium-width":250,"medium-height":300,"medium_large":"https:\/\/d2q6z78khxmx42.cloudfront.net\/2023\/03\/7_Couverture-768x922.jpg","medium_large-width":768,"medium_large-height":922,"large":"https:\/\/d2q6z78khxmx42.cloudfront.net\/2023\/03\/7_Couverture-853x1024.jpg","large-width":853,"large-height":1024,"1536x1536":"https:\/\/d2q6z78khxmx42.cloudfront.net\/2023\/03\/7_Couverture-1280x1536.jpg","1536x1536-width":1280,"1536x1536-height":1536,"2048x2048":"https:\/\/d2q6z78khxmx42.cloudfront.net\/2023\/03\/7_Couverture-1707x2048.jpg","2048x2048-width":1707,"2048x2048-height":2048,"article":"https:\/\/d2q6z78khxmx42.cloudfront.net\/2023\/03\/7_Couverture-960x540.jpg","article-width":960,"article-height":540,"banner":"https:\/\/d2q6z78khxmx42.cloudfront.net\/2023\/03\/7_Couverture-1920x2304.jpg","banner-width":1920,"banner-height":2304,"block":"https:\/\/d2q6z78khxmx42.cloudfront.net\/2023\/03\/7_Couverture-900x680.jpg","block-width":900,"block-height":680,"card":"https:\/\/d2q6z78khxmx42.cloudfront.net\/2023\/03\/7_Couverture-560x495.jpg","card-width":560,"card-height":495,"card-thumbnail":"https:\/\/d2q6z78khxmx42.cloudfront.net\/2023\/03\/7_Couverture-450x340.jpg","card-thumbnail-width":450,"card-thumbnail-height":340,"conference":"https:\/\/d2q6z78khxmx42.cloudfront.net\/2023\/03\/7_Couverture-560x250.jpg","conference-width":560,"conference-height":250,"contest":"https:\/\/d2q6z78khxmx42.cloudfront.net\/2023\/03\/7_Couverture-960x400.jpg","contest-width":960,"contest-height":400,"cta":"https:\/\/d2q6z78khxmx42.cloudfront.net\/2023\/03\/7_Couverture-415x170.jpg","cta-width":415,"cta-height":170,"exhibitor":"https:\/\/d2q6z78khxmx42.cloudfront.net\/2023\/03\/7_Couverture-560x560.jpg","exhibitor-width":560,"exhibitor-height":560,"gallery":"https:\/\/d2q6z78khxmx42.cloudfront.net\/2023\/03\/7_Couverture-358x430.jpg","gallery-width":358,"gallery-height":430,"logo":"https:\/\/d2q6z78khxmx42.cloudfront.net\/2023\/03\/7_Couverture-83x100.jpg","logo-width":83,"logo-height":100,"masonry":"https:\/\/d2q6z78khxmx42.cloudfront.net\/2023\/03\/7_Couverture-550x660.jpg","masonry-width":550,"masonry-height":660,"modal":"https:\/\/d2q6z78khxmx42.cloudfront.net\/2023\/03\/7_Couverture-1600x1920.jpg","modal-width":1600,"modal-height":1920,"number":"https:\/\/d2q6z78khxmx42.cloudfront.net\/2023\/03\/x35Kx6Zl-7_Couverture-358x430.jpg","number-width":358,"number-height":430,"partner":"https:\/\/d2q6z78khxmx42.cloudfront.net\/2023\/03\/7_Couverture-175x210.jpg","partner-width":175,"partner-height":210,"ranking":"https:\/\/d2q6z78khxmx42.cloudfront.net\/2023\/03\/x35Kx6Zl-7_Couverture-960x540.jpg","ranking-width":960,"ranking-height":540,"schedule":"https:\/\/d2q6z78khxmx42.cloudfront.net\/2023\/03\/7_Couverture-960x360.jpg","schedule-width":960,"schedule-height":360,"slideshow":"https:\/\/d2q6z78khxmx42.cloudfront.net\/2023\/03\/7_Couverture-567x680.jpg","slideshow-width":567,"slideshow-height":680}},"filters":false,"suppliers":false,"attachment_category":{"26":"Couleur","100":"\u00c9ducation\/institution","65":"Lieu design","993":"Plus"}}],"images":[{"categories":[3244,3283,3293],"credit":"Jo\u00ebl Gingras","image":{"ID":105311,"id":105311,"title":"\u00c9cole du Sommet (1)","filename":"\u00c9cole du Sommet (1)-scaled.jpg","filesize":982082,"url":"https:\/\/d2q6z78khxmx42.cloudfront.net\/2023\/03\/\u00c9cole du Sommet (1)-scaled.jpg","link":"https:\/\/int.design\/fr\/projets\/ecole-primaire-du-sommet\/ecole-du-sommet-1\/","alt":"","author":"965","description":"\u00c9cole primaire du Sommet PRISME architecture + Bergeron Bouthillier architectes PRISME architecture Bergeron Bouthillier architectes Jo\u00ebl Gingras  Sajo inc. La Cie  Repentigny \u00c9lectrique  STR M\u00e9canique Ventilation GR Protection incendie Lanaudi\u00e8re inc. Jasmin Cl\u00e9ment Molok Luminaire Authentik Ecoloxia Centura Lumenpulse","caption":"","name":"ecole-du-sommet-1","status":"inherit","uploaded_to":100849,"date":"2023-03-01 19:38:08","modified":"2023-08-16 15:50:12","menu_order":0,"mime_type":"image\/jpeg","type":"image","subtype":"jpeg","icon":"https:\/\/int.design\/wp-includes\/images\/media\/default.png","width":2560,"height":2150,"sizes":{"thumbnail":"https:\/\/d2q6z78khxmx42.cloudfront.net\/2023\/03\/\u00c9cole du Sommet (1)-150x150.jpg","thumbnail-width":150,"thumbnail-height":150,"medium":"https:\/\/d2q6z78khxmx42.cloudfront.net\/2023\/03\/\u00c9cole du Sommet (1)-300x252.jpg","medium-width":300,"medium-height":252,"medium_large":"https:\/\/d2q6z78khxmx42.cloudfront.net\/2023\/03\/\u00c9cole du Sommet (1)-768x645.jpg","medium_large-width":768,"medium_large-height":645,"large":"https:\/\/d2q6z78khxmx42.cloudfront.net\/2023\/03\/\u00c9cole du Sommet (1)-1024x860.jpg","large-width":1024,"large-height":860,"1536x1536":"https:\/\/d2q6z78khxmx42.cloudfront.net\/2023\/03\/\u00c9cole du Sommet (1)-1536x1290.jpg","1536x1536-width":1536,"1536x1536-height":1290,"2048x2048":"https:\/\/d2q6z78khxmx42.cloudfront.net\/2023\/03\/\u00c9cole du Sommet (1)-2048x1720.jpg","2048x2048-width":2048,"2048x2048-height":1720,"article":"https:\/\/d2q6z78khxmx42.cloudfront.net\/2023\/03\/\u00c9cole du Sommet (1)-960x540.jpg","article-width":960,"article-height":540,"banner":"https:\/\/d2q6z78khxmx42.cloudfront.net\/2023\/03\/\u00c9cole du Sommet (1)-1920x1613.jpg","banner-width":1920,"banner-height":1613,"block":"https:\/\/d2q6z78khxmx42.cloudfront.net\/2023\/03\/\u00c9cole du Sommet (1)-900x680.jpg","block-width":900,"block-height":680,"card":"https:\/\/d2q6z78khxmx42.cloudfront.net\/2023\/03\/\u00c9cole du Sommet (1)-560x495.jpg","card-width":560,"card-height":495,"card-thumbnail":"https:\/\/d2q6z78khxmx42.cloudfront.net\/2023\/03\/\u00c9cole du Sommet (1)-450x340.jpg","card-thumbnail-width":450,"card-thumbnail-height":340,"conference":"https:\/\/d2q6z78khxmx42.cloudfront.net\/2023\/03\/\u00c9cole du Sommet (1)-560x250.jpg","conference-width":560,"conference-height":250,"contest":"https:\/\/d2q6z78khxmx42.cloudfront.net\/2023\/03\/\u00c9cole du Sommet (1)-960x400.jpg","contest-width":960,"contest-height":400,"cta":"https:\/\/d2q6z78khxmx42.cloudfront.net\/2023\/03\/\u00c9cole du Sommet (1)-415x170.jpg","cta-width":415,"cta-height":170,"exhibitor":"https:\/\/d2q6z78khxmx42.cloudfront.net\/2023\/03\/\u00c9cole du Sommet (1)-560x560.jpg","exhibitor-width":560,"exhibitor-height":560,"gallery":"https:\/\/d2q6z78khxmx42.cloudfront.net\/2023\/03\/\u00c9cole du Sommet (1)-512x430.jpg","gallery-width":512,"gallery-height":430,"logo":"https:\/\/d2q6z78khxmx42.cloudfront.net\/2023\/03\/\u00c9cole du Sommet (1)-119x100.jpg","logo-width":119,"logo-height":100,"masonry":"https:\/\/d2q6z78khxmx42.cloudfront.net\/2023\/03\/\u00c9cole du Sommet (1)-550x462.jpg","masonry-width":550,"masonry-height":462,"modal":"https:\/\/d2q6z78khxmx42.cloudfront.net\/2023\/03\/PCYIdboT-\u00c9cole du Sommet (1)-1920x1613.jpg","modal-width":1920,"modal-height":1613,"number":"https:\/\/d2q6z78khxmx42.cloudfront.net\/2023\/03\/PCYIdboT-\u00c9cole du Sommet (1)-512x430.jpg","number-width":512,"number-height":430,"partner":"https:\/\/d2q6z78khxmx42.cloudfront.net\/2023\/03\/\u00c9cole du Sommet (1)-250x210.jpg","partner-width":250,"partner-height":210,"ranking":"https:\/\/d2q6z78khxmx42.cloudfront.net\/2023\/03\/PCYIdboT-\u00c9cole du Sommet (1)-960x540.jpg","ranking-width":960,"ranking-height":540,"schedule":"https:\/\/d2q6z78khxmx42.cloudfront.net\/2023\/03\/\u00c9cole du Sommet (1)-960x360.jpg","schedule-width":960,"schedule-height":360,"slideshow":"https:\/\/d2q6z78khxmx42.cloudfront.net\/2023\/03\/\u00c9cole du Sommet (1)-810x680.jpg","slideshow-width":810,"slideshow-height":680}},"filters":false,"suppliers":false,"attachment_category":[]},{"categories":[3244,3283,3293],"credit":"Jo\u00ebl Gingras","image":{"ID":105312,"id":105312,"title":"\u00c9cole du Sommet (3)","filename":"\u00c9cole du Sommet (3)-scaled.jpg","filesize":570687,"url":"https:\/\/d2q6z78khxmx42.cloudfront.net\/2023\/03\/\u00c9cole du Sommet (3)-scaled.jpg","link":"https:\/\/int.design\/fr\/projets\/ecole-primaire-du-sommet\/ecole-du-sommet-3\/","alt":"","author":"965","description":"\u00c9cole primaire du Sommet PRISME architecture + Bergeron Bouthillier architectes PRISME architecture Bergeron Bouthillier architectes Jo\u00ebl Gingras  Sajo inc. La Cie  Repentigny \u00c9lectrique  STR M\u00e9canique Ventilation GR Protection incendie Lanaudi\u00e8re inc. Jasmin Cl\u00e9ment Molok Luminaire Authentik Ecoloxia Centura Lumenpulse","caption":"","name":"ecole-du-sommet-3","status":"inherit","uploaded_to":100849,"date":"2023-03-01 19:41:05","modified":"2023-08-16 15:50:14","menu_order":0,"mime_type":"image\/jpeg","type":"image","subtype":"jpeg","icon":"https:\/\/int.design\/wp-includes\/images\/media\/default.png","width":2560,"height":1707,"sizes":{"thumbnail":"https:\/\/d2q6z78khxmx42.cloudfront.net\/2023\/03\/\u00c9cole du Sommet (3)-150x150.jpg","thumbnail-width":150,"thumbnail-height":150,"medium":"https:\/\/d2q6z78khxmx42.cloudfront.net\/2023\/03\/\u00c9cole du Sommet (3)-300x200.jpg","medium-width":300,"medium-height":200,"medium_large":"https:\/\/d2q6z78khxmx42.cloudfront.net\/2023\/03\/\u00c9cole du Sommet (3)-768x512.jpg","medium_large-width":768,"medium_large-height":512,"large":"https:\/\/d2q6z78khxmx42.cloudfront.net\/2023\/03\/\u00c9cole du Sommet (3)-1024x683.jpg","large-width":1024,"large-height":683,"1536x1536":"https:\/\/d2q6z78khxmx42.cloudfront.net\/2023\/03\/\u00c9cole du Sommet (3)-1536x1024.jpg","1536x1536-width":1536,"1536x1536-height":1024,"2048x2048":"https:\/\/d2q6z78khxmx42.cloudfront.net\/2023\/03\/\u00c9cole du Sommet (3)-2048x1365.jpg","2048x2048-width":2048,"2048x2048-height":1365,"article":"https:\/\/d2q6z78khxmx42.cloudfront.net\/2023\/03\/\u00c9cole du Sommet (3)-960x540.jpg","article-width":960,"article-height":540,"banner":"https:\/\/d2q6z78khxmx42.cloudfront.net\/2023\/03\/\u00c9cole du Sommet (3)-1920x1280.jpg","banner-width":1920,"banner-height":1280,"block":"https:\/\/d2q6z78khxmx42.cloudfront.net\/2023\/03\/\u00c9cole du Sommet (3)-900x680.jpg","block-width":900,"block-height":680,"card":"https:\/\/d2q6z78khxmx42.cloudfront.net\/2023\/03\/\u00c9cole du Sommet (3)-560x495.jpg","card-width":560,"card-height":495,"card-thumbnail":"https:\/\/d2q6z78khxmx42.cloudfront.net\/2023\/03\/\u00c9cole du Sommet (3)-450x340.jpg","card-thumbnail-width":450,"card-thumbnail-height":340,"conference":"https:\/\/d2q6z78khxmx42.cloudfront.net\/2023\/03\/\u00c9cole du Sommet (3)-560x250.jpg","conference-width":560,"conference-height":250,"contest":"https:\/\/d2q6z78khxmx42.cloudfront.net\/2023\/03\/\u00c9cole du Sommet (3)-960x400.jpg","contest-width":960,"contest-height":400,"cta":"https:\/\/d2q6z78khxmx42.cloudfront.net\/2023\/03\/\u00c9cole du Sommet (3)-415x170.jpg","cta-width":415,"cta-height":170,"exhibitor":"https:\/\/d2q6z78khxmx42.cloudfront.net\/2023\/03\/\u00c9cole du Sommet (3)-560x560.jpg","exhibitor-width":560,"exhibitor-height":560,"gallery":"https:\/\/d2q6z78khxmx42.cloudfront.net\/2023\/03\/\u00c9cole du Sommet (3)-560x373.jpg","gallery-width":560,"gallery-height":373,"logo":"https:\/\/d2q6z78khxmx42.cloudfront.net\/2023\/03\/\u00c9cole du Sommet (3)-150x100.jpg","logo-width":150,"logo-height":100,"masonry":"https:\/\/d2q6z78khxmx42.cloudfront.net\/2023\/03\/\u00c9cole du Sommet (3)-550x367.jpg","masonry-width":550,"masonry-height":367,"modal":"https:\/\/d2q6z78khxmx42.cloudfront.net\/2023\/03\/BZiMiMlB-\u00c9cole du Sommet (3)-1920x1280.jpg","modal-width":1920,"modal-height":1280,"number":"https:\/\/d2q6z78khxmx42.cloudfront.net\/2023\/03\/BZiMiMlB-\u00c9cole du Sommet (3)-560x373.jpg","number-width":560,"number-height":373,"partner":"https:\/\/d2q6z78khxmx42.cloudfront.net\/2023\/03\/\u00c9cole du Sommet (3)-275x183.jpg","partner-width":275,"partner-height":183,"ranking":"https:\/\/d2q6z78khxmx42.cloudfront.net\/2023\/03\/BZiMiMlB-\u00c9cole du Sommet (3)-960x540.jpg","ranking-width":960,"ranking-height":540,"schedule":"https:\/\/d2q6z78khxmx42.cloudfront.net\/2023\/03\/\u00c9cole du Sommet (3)-960x360.jpg","schedule-width":960,"schedule-height":360,"slideshow":"https:\/\/d2q6z78khxmx42.cloudfront.net\/2023\/03\/\u00c9cole du Sommet (3)-1020x680.jpg","slideshow-width":1020,"slideshow-height":680}},"filters":false,"suppliers":false,"attachment_category":[]},{"categories":[3244,3283,3293],"credit":"Jo\u00ebl Gingras","image":{"ID":105313,"id":105313,"title":"\u00c9cole du Sommet (4)","filename":"\u00c9cole du Sommet (4)-scaled.jpg","filesize":1214851,"url":"https:\/\/d2q6z78khxmx42.cloudfront.net\/2023\/03\/\u00c9cole du Sommet (4)-scaled.jpg","link":"https:\/\/int.design\/fr\/projets\/ecole-primaire-du-sommet\/ecole-du-sommet-4\/","alt":"","author":"965","description":"\u00c9cole primaire du Sommet PRISME architecture + Bergeron Bouthillier architectes PRISME architecture Bergeron Bouthillier architectes Jo\u00ebl Gingras  Sajo inc. La Cie  Repentigny \u00c9lectrique  STR M\u00e9canique Ventilation GR Protection incendie Lanaudi\u00e8re inc. Jasmin Cl\u00e9ment Molok Luminaire Authentik Ecoloxia Centura Lumenpulse","caption":"","name":"ecole-du-sommet-4","status":"inherit","uploaded_to":100849,"date":"2023-03-01 19:41:25","modified":"2023-08-16 15:50:15","menu_order":0,"mime_type":"image\/jpeg","type":"image","subtype":"jpeg","icon":"https:\/\/int.design\/wp-includes\/images\/media\/default.png","width":2560,"height":2158,"sizes":{"thumbnail":"https:\/\/d2q6z78khxmx42.cloudfront.net\/2023\/03\/\u00c9cole du Sommet (4)-150x150.jpg","thumbnail-width":150,"thumbnail-height":150,"medium":"https:\/\/d2q6z78khxmx42.cloudfront.net\/2023\/03\/\u00c9cole du Sommet (4)-300x253.jpg","medium-width":300,"medium-height":253,"medium_large":"https:\/\/d2q6z78khxmx42.cloudfront.net\/2023\/03\/\u00c9cole du Sommet (4)-768x648.jpg","medium_large-width":768,"medium_large-height":648,"large":"https:\/\/d2q6z78khxmx42.cloudfront.net\/2023\/03\/\u00c9cole du Sommet (4)-1024x863.jpg","large-width":1024,"large-height":863,"1536x1536":"https:\/\/d2q6z78khxmx42.cloudfront.net\/2023\/03\/\u00c9cole du Sommet (4)-1536x1295.jpg","1536x1536-width":1536,"1536x1536-height":1295,"2048x2048":"https:\/\/d2q6z78khxmx42.cloudfront.net\/2023\/03\/\u00c9cole du Sommet (4)-2048x1727.jpg","2048x2048-width":2048,"2048x2048-height":1727,"article":"https:\/\/d2q6z78khxmx42.cloudfront.net\/2023\/03\/\u00c9cole du Sommet (4)-960x540.jpg","article-width":960,"article-height":540,"banner":"https:\/\/d2q6z78khxmx42.cloudfront.net\/2023\/03\/\u00c9cole du Sommet (4)-1920x1619.jpg","banner-width":1920,"banner-height":1619,"block":"https:\/\/d2q6z78khxmx42.cloudfront.net\/2023\/03\/\u00c9cole du Sommet (4)-900x680.jpg","block-width":900,"block-height":680,"card":"https:\/\/d2q6z78khxmx42.cloudfront.net\/2023\/03\/\u00c9cole du Sommet (4)-560x495.jpg","card-width":560,"card-height":495,"card-thumbnail":"https:\/\/d2q6z78khxmx42.cloudfront.net\/2023\/03\/\u00c9cole du Sommet (4)-450x340.jpg","card-thumbnail-width":450,"card-thumbnail-height":340,"conference":"https:\/\/d2q6z78khxmx42.cloudfront.net\/2023\/03\/\u00c9cole du Sommet (4)-560x250.jpg","conference-width":560,"conference-height":250,"contest":"https:\/\/d2q6z78khxmx42.cloudfront.net\/2023\/03\/\u00c9cole du Sommet (4)-960x400.jpg","contest-width":960,"contest-height":400,"cta":"https:\/\/d2q6z78khxmx42.cloudfront.net\/2023\/03\/\u00c9cole du Sommet (4)-415x170.jpg","cta-width":415,"cta-height":170,"exhibitor":"https:\/\/d2q6z78khxmx42.cloudfront.net\/2023\/03\/\u00c9cole du Sommet (4)-560x560.jpg","exhibitor-width":560,"exhibitor-height":560,"gallery":"https:\/\/d2q6z78khxmx42.cloudfront.net\/2023\/03\/\u00c9cole du Sommet (4)-510x430.jpg","gallery-width":510,"gallery-height":430,"logo":"https:\/\/d2q6z78khxmx42.cloudfront.net\/2023\/03\/\u00c9cole du Sommet (4)-119x100.jpg","logo-width":119,"logo-height":100,"masonry":"https:\/\/d2q6z78khxmx42.cloudfront.net\/2023\/03\/\u00c9cole du Sommet (4)-550x464.jpg","masonry-width":550,"masonry-height":464,"modal":"https:\/\/d2q6z78khxmx42.cloudfront.net\/2023\/03\/a0plOkc1-\u00c9cole du Sommet (4)-1920x1619.jpg","modal-width":1920,"modal-height":1619,"number":"https:\/\/d2q6z78khxmx42.cloudfront.net\/2023\/03\/a0plOkc1-\u00c9cole du Sommet (4)-510x430.jpg","number-width":510,"number-height":430,"partner":"https:\/\/d2q6z78khxmx42.cloudfront.net\/2023\/03\/\u00c9cole du Sommet (4)-249x210.jpg","partner-width":249,"partner-height":210,"ranking":"https:\/\/d2q6z78khxmx42.cloudfront.net\/2023\/03\/a0plOkc1-\u00c9cole du Sommet (4)-960x540.jpg","ranking-width":960,"ranking-height":540,"schedule":"https:\/\/d2q6z78khxmx42.cloudfront.net\/2023\/03\/\u00c9cole du Sommet (4)-960x360.jpg","schedule-width":960,"schedule-height":360,"slideshow":"https:\/\/d2q6z78khxmx42.cloudfront.net\/2023\/03\/\u00c9cole du Sommet (4)-806x680.jpg","slideshow-width":806,"slideshow-height":680}},"filters":false,"suppliers":false,"attachment_category":[]},{"categories":[3244,3283,3293],"credit":"Jo\u00ebl Gingras","image":{"ID":105315,"id":105315,"title":"\u00c9cole du Sommet (7)","filename":"\u00c9cole du Sommet (7)-scaled.jpg","filesize":827149,"url":"https:\/\/d2q6z78khxmx42.cloudfront.net\/2023\/03\/\u00c9cole du Sommet (7)-scaled.jpg","link":"https:\/\/int.design\/fr\/projets\/ecole-primaire-du-sommet\/ecole-du-sommet-7\/","alt":"","author":"965","description":"\u00c9cole primaire du Sommet PRISME architecture + Bergeron Bouthillier architectes PRISME architecture Bergeron Bouthillier architectes Jo\u00ebl Gingras  Sajo inc. La Cie  Repentigny \u00c9lectrique  STR M\u00e9canique Ventilation GR Protection incendie Lanaudi\u00e8re inc. Jasmin Cl\u00e9ment Molok Luminaire Authentik Ecoloxia Centura Lumenpulse","caption":"","name":"ecole-du-sommet-7","status":"inherit","uploaded_to":100849,"date":"2023-03-01 19:41:58","modified":"2023-08-16 15:50:16","menu_order":0,"mime_type":"image\/jpeg","type":"image","subtype":"jpeg","icon":"https:\/\/int.design\/wp-includes\/images\/media\/default.png","width":2133,"height":2560,"sizes":{"thumbnail":"https:\/\/d2q6z78khxmx42.cloudfront.net\/2023\/03\/\u00c9cole du Sommet (7)-150x150.jpg","thumbnail-width":150,"thumbnail-height":150,"medium":"https:\/\/d2q6z78khxmx42.cloudfront.net\/2023\/03\/\u00c9cole du Sommet (7)-250x300.jpg","medium-width":250,"medium-height":300,"medium_large":"https:\/\/d2q6z78khxmx42.cloudfront.net\/2023\/03\/\u00c9cole du Sommet (7)-768x922.jpg","medium_large-width":768,"medium_large-height":922,"large":"https:\/\/d2q6z78khxmx42.cloudfront.net\/2023\/03\/\u00c9cole du Sommet (7)-853x1024.jpg","large-width":853,"large-height":1024,"1536x1536":"https:\/\/d2q6z78khxmx42.cloudfront.net\/2023\/03\/\u00c9cole du Sommet (7)-1280x1536.jpg","1536x1536-width":1280,"1536x1536-height":1536,"2048x2048":"https:\/\/d2q6z78khxmx42.cloudfront.net\/2023\/03\/\u00c9cole du Sommet (7)-1707x2048.jpg","2048x2048-width":1707,"2048x2048-height":2048,"article":"https:\/\/d2q6z78khxmx42.cloudfront.net\/2023\/03\/\u00c9cole du Sommet (7)-960x540.jpg","article-width":960,"article-height":540,"banner":"https:\/\/d2q6z78khxmx42.cloudfront.net\/2023\/03\/\u00c9cole du Sommet (7)-1920x2304.jpg","banner-width":1920,"banner-height":2304,"block":"https:\/\/d2q6z78khxmx42.cloudfront.net\/2023\/03\/\u00c9cole du Sommet (7)-900x680.jpg","block-width":900,"block-height":680,"card":"https:\/\/d2q6z78khxmx42.cloudfront.net\/2023\/03\/\u00c9cole du Sommet (7)-560x495.jpg","card-width":560,"card-height":495,"card-thumbnail":"https:\/\/d2q6z78khxmx42.cloudfront.net\/2023\/03\/\u00c9cole du Sommet (7)-450x340.jpg","card-thumbnail-width":450,"card-thumbnail-height":340,"conference":"https:\/\/d2q6z78khxmx42.cloudfront.net\/2023\/03\/\u00c9cole du Sommet (7)-560x250.jpg","conference-width":560,"conference-height":250,"contest":"https:\/\/d2q6z78khxmx42.cloudfront.net\/2023\/03\/\u00c9cole du Sommet (7)-960x400.jpg","contest-width":960,"contest-height":400,"cta":"https:\/\/d2q6z78khxmx42.cloudfront.net\/2023\/03\/\u00c9cole du Sommet (7)-415x170.jpg","cta-width":415,"cta-height":170,"exhibitor":"https:\/\/d2q6z78khxmx42.cloudfront.net\/2023\/03\/\u00c9cole du Sommet (7)-560x560.jpg","exhibitor-width":560,"exhibitor-height":560,"gallery":"https:\/\/d2q6z78khxmx42.cloudfront.net\/2023\/03\/\u00c9cole du Sommet (7)-358x430.jpg","gallery-width":358,"gallery-height":430,"logo":"https:\/\/d2q6z78khxmx42.cloudfront.net\/2023\/03\/\u00c9cole du Sommet (7)-83x100.jpg","logo-width":83,"logo-height":100,"masonry":"https:\/\/d2q6z78khxmx42.cloudfront.net\/2023\/03\/\u00c9cole du Sommet (7)-550x660.jpg","masonry-width":550,"masonry-height":660,"modal":"https:\/\/d2q6z78khxmx42.cloudfront.net\/2023\/03\/\u00c9cole du Sommet (7)-1600x1920.jpg","modal-width":1600,"modal-height":1920,"number":"https:\/\/d2q6z78khxmx42.cloudfront.net\/2023\/03\/XNp33y2Y-\u00c9cole du Sommet (7)-358x430.jpg","number-width":358,"number-height":430,"partner":"https:\/\/d2q6z78khxmx42.cloudfront.net\/2023\/03\/\u00c9cole du Sommet (7)-175x210.jpg","partner-width":175,"partner-height":210,"ranking":"https:\/\/d2q6z78khxmx42.cloudfront.net\/2023\/03\/XNp33y2Y-\u00c9cole du Sommet (7)-960x540.jpg","ranking-width":960,"ranking-height":540,"schedule":"https:\/\/d2q6z78khxmx42.cloudfront.net\/2023\/03\/\u00c9cole du Sommet (7)-960x360.jpg","schedule-width":960,"schedule-height":360,"slideshow":"https:\/\/d2q6z78khxmx42.cloudfront.net\/2023\/03\/\u00c9cole du Sommet (7)-567x680.jpg","slideshow-width":567,"slideshow-height":680}},"filters":false,"suppliers":false,"attachment_category":[]},{"categories":[3244,3283,3293],"credit":"Jo\u00ebl Gingras","image":{"ID":105314,"id":105314,"title":"\u00c9cole du Sommet (9)","filename":"\u00c9cole du Sommet (9)-scaled.jpg","filesize":808223,"url":"https:\/\/d2q6z78khxmx42.cloudfront.net\/2023\/03\/\u00c9cole du Sommet (9)-scaled.jpg","link":"https:\/\/int.design\/fr\/projets\/ecole-primaire-du-sommet\/ecole-du-sommet-9\/","alt":"","author":"965","description":"\u00c9cole primaire du Sommet PRISME architecture + Bergeron Bouthillier architectes PRISME architecture Bergeron Bouthillier architectes Jo\u00ebl Gingras  Sajo inc. La Cie  Repentigny \u00c9lectrique  STR M\u00e9canique Ventilation GR Protection incendie Lanaudi\u00e8re inc. Jasmin Cl\u00e9ment Molok Luminaire Authentik Ecoloxia Centura Lumenpulse","caption":"","name":"ecole-du-sommet-9","status":"inherit","uploaded_to":100849,"date":"2023-03-01 19:41:55","modified":"2023-08-16 15:50:17","menu_order":0,"mime_type":"image\/jpeg","type":"image","subtype":"jpeg","icon":"https:\/\/int.design\/wp-includes\/images\/media\/default.png","width":2133,"height":2560,"sizes":{"thumbnail":"https:\/\/d2q6z78khxmx42.cloudfront.net\/2023\/03\/\u00c9cole du Sommet (9)-150x150.jpg","thumbnail-width":150,"thumbnail-height":150,"medium":"https:\/\/d2q6z78khxmx42.cloudfront.net\/2023\/03\/\u00c9cole du Sommet (9)-250x300.jpg","medium-width":250,"medium-height":300,"medium_large":"https:\/\/d2q6z78khxmx42.cloudfront.net\/2023\/03\/\u00c9cole du Sommet (9)-768x922.jpg","medium_large-width":768,"medium_large-height":922,"large":"https:\/\/d2q6z78khxmx42.cloudfront.net\/2023\/03\/\u00c9cole du Sommet (9)-853x1024.jpg","large-width":853,"large-height":1024,"1536x1536":"https:\/\/d2q6z78khxmx42.cloudfront.net\/2023\/03\/\u00c9cole du Sommet (9)-1280x1536.jpg","1536x1536-width":1280,"1536x1536-height":1536,"2048x2048":"https:\/\/d2q6z78khxmx42.cloudfront.net\/2023\/03\/\u00c9cole du Sommet (9)-1707x2048.jpg","2048x2048-width":1707,"2048x2048-height":2048,"article":"https:\/\/d2q6z78khxmx42.cloudfront.net\/2023\/03\/\u00c9cole du Sommet (9)-960x540.jpg","article-width":960,"article-height":540,"banner":"https:\/\/d2q6z78khxmx42.cloudfront.net\/2023\/03\/\u00c9cole du Sommet (9)-1920x2304.jpg","banner-width":1920,"banner-height":2304,"block":"https:\/\/d2q6z78khxmx42.cloudfront.net\/2023\/03\/\u00c9cole du Sommet (9)-900x680.jpg","block-width":900,"block-height":680,"card":"https:\/\/d2q6z78khxmx42.cloudfront.net\/2023\/03\/\u00c9cole du Sommet (9)-560x495.jpg","card-width":560,"card-height":495,"card-thumbnail":"https:\/\/d2q6z78khxmx42.cloudfront.net\/2023\/03\/\u00c9cole du Sommet (9)-450x340.jpg","card-thumbnail-width":450,"card-thumbnail-height":340,"conference":"https:\/\/d2q6z78khxmx42.cloudfront.net\/2023\/03\/\u00c9cole du Sommet (9)-560x250.jpg","conference-width":560,"conference-height":250,"contest":"https:\/\/d2q6z78khxmx42.cloudfront.net\/2023\/03\/\u00c9cole du Sommet (9)-960x400.jpg","contest-width":960,"contest-height":400,"cta":"https:\/\/d2q6z78khxmx42.cloudfront.net\/2023\/03\/\u00c9cole du Sommet (9)-415x170.jpg","cta-width":415,"cta-height":170,"exhibitor":"https:\/\/d2q6z78khxmx42.cloudfront.net\/2023\/03\/\u00c9cole du Sommet (9)-560x560.jpg","exhibitor-width":560,"exhibitor-height":560,"gallery":"https:\/\/d2q6z78khxmx42.cloudfront.net\/2023\/03\/\u00c9cole du Sommet (9)-358x430.jpg","gallery-width":358,"gallery-height":430,"logo":"https:\/\/d2q6z78khxmx42.cloudfront.net\/2023\/03\/\u00c9cole du Sommet (9)-83x100.jpg","logo-width":83,"logo-height":100,"masonry":"https:\/\/d2q6z78khxmx42.cloudfront.net\/2023\/03\/\u00c9cole du Sommet (9)-550x660.jpg","masonry-width":550,"masonry-height":660,"modal":"https:\/\/d2q6z78khxmx42.cloudfront.net\/2023\/03\/\u00c9cole du Sommet (9)-1600x1920.jpg","modal-width":1600,"modal-height":1920,"number":"https:\/\/d2q6z78khxmx42.cloudfront.net\/2023\/03\/Xh0JVAo9-\u00c9cole du Sommet (9)-358x430.jpg","number-width":358,"number-height":430,"partner":"https:\/\/d2q6z78khxmx42.cloudfront.net\/2023\/03\/\u00c9cole du Sommet (9)-175x210.jpg","partner-width":175,"partner-height":210,"ranking":"https:\/\/d2q6z78khxmx42.cloudfront.net\/2023\/03\/Xh0JVAo9-\u00c9cole du Sommet (9)-960x540.jpg","ranking-width":960,"ranking-height":540,"schedule":"https:\/\/d2q6z78khxmx42.cloudfront.net\/2023\/03\/\u00c9cole du Sommet (9)-960x360.jpg","schedule-width":960,"schedule-height":360,"slideshow":"https:\/\/d2q6z78khxmx42.cloudfront.net\/2023\/03\/\u00c9cole du Sommet (9)-567x680.jpg","slideshow-width":567,"slideshow-height":680}},"filters":false,"suppliers":false,"attachment_category":[]},{"categories":[3244,3283,3293],"credit":"Jo\u00ebl Gingras","image":{"ID":105316,"id":105316,"title":"\u00c9cole du Sommet (11)","filename":"\u00c9cole du Sommet (11)-scaled.jpg","filesize":639569,"url":"https:\/\/d2q6z78khxmx42.cloudfront.net\/2023\/03\/\u00c9cole du Sommet (11)-scaled.jpg","link":"https:\/\/int.design\/fr\/projets\/ecole-primaire-du-sommet\/ecole-du-sommet-11\/","alt":"","author":"965","description":"\u00c9cole primaire du Sommet PRISME architecture + Bergeron Bouthillier architectes PRISME architecture Bergeron Bouthillier architectes Jo\u00ebl Gingras  Sajo inc. La Cie  Repentigny \u00c9lectrique  STR M\u00e9canique Ventilation GR Protection incendie Lanaudi\u00e8re inc. Jasmin Cl\u00e9ment Molok Luminaire Authentik Ecoloxia Centura Lumenpulse","caption":"","name":"ecole-du-sommet-11","status":"inherit","uploaded_to":100849,"date":"2023-03-01 19:42:33","modified":"2023-08-16 15:50:17","menu_order":0,"mime_type":"image\/jpeg","type":"image","subtype":"jpeg","icon":"https:\/\/int.design\/wp-includes\/images\/media\/default.png","width":2560,"height":1706,"sizes":{"thumbnail":"https:\/\/d2q6z78khxmx42.cloudfront.net\/2023\/03\/\u00c9cole du Sommet (11)-150x150.jpg","thumbnail-width":150,"thumbnail-height":150,"medium":"https:\/\/d2q6z78khxmx42.cloudfront.net\/2023\/03\/\u00c9cole du Sommet (11)-300x200.jpg","medium-width":300,"medium-height":200,"medium_large":"https:\/\/d2q6z78khxmx42.cloudfront.net\/2023\/03\/\u00c9cole du Sommet (11)-768x512.jpg","medium_large-width":768,"medium_large-height":512,"large":"https:\/\/d2q6z78khxmx42.cloudfront.net\/2023\/03\/\u00c9cole du Sommet (11)-1024x682.jpg","large-width":1024,"large-height":682,"1536x1536":"https:\/\/d2q6z78khxmx42.cloudfront.net\/2023\/03\/\u00c9cole du Sommet (11)-1536x1024.jpg","1536x1536-width":1536,"1536x1536-height":1024,"2048x2048":"https:\/\/d2q6z78khxmx42.cloudfront.net\/2023\/03\/\u00c9cole du Sommet (11)-2048x1365.jpg","2048x2048-width":2048,"2048x2048-height":1365,"article":"https:\/\/d2q6z78khxmx42.cloudfront.net\/2023\/03\/\u00c9cole du Sommet (11)-960x540.jpg","article-width":960,"article-height":540,"banner":"https:\/\/d2q6z78khxmx42.cloudfront.net\/2023\/03\/\u00c9cole du Sommet (11)-1920x1280.jpg","banner-width":1920,"banner-height":1280,"block":"https:\/\/d2q6z78khxmx42.cloudfront.net\/2023\/03\/\u00c9cole du Sommet (11)-900x680.jpg","block-width":900,"block-height":680,"card":"https:\/\/d2q6z78khxmx42.cloudfront.net\/2023\/03\/\u00c9cole du Sommet (11)-560x495.jpg","card-width":560,"card-height":495,"card-thumbnail":"https:\/\/d2q6z78khxmx42.cloudfront.net\/2023\/03\/\u00c9cole du Sommet (11)-450x340.jpg","card-thumbnail-width":450,"card-thumbnail-height":340,"conference":"https:\/\/d2q6z78khxmx42.cloudfront.net\/2023\/03\/\u00c9cole du Sommet (11)-560x250.jpg","conference-width":560,"conference-height":250,"contest":"https:\/\/d2q6z78khxmx42.cloudfront.net\/2023\/03\/\u00c9cole du Sommet (11)-960x400.jpg","contest-width":960,"contest-height":400,"cta":"https:\/\/d2q6z78khxmx42.cloudfront.net\/2023\/03\/\u00c9cole du Sommet (11)-415x170.jpg","cta-width":415,"cta-height":170,"exhibitor":"https:\/\/d2q6z78khxmx42.cloudfront.net\/2023\/03\/\u00c9cole du Sommet (11)-560x560.jpg","exhibitor-width":560,"exhibitor-height":560,"gallery":"https:\/\/d2q6z78khxmx42.cloudfront.net\/2023\/03\/\u00c9cole du Sommet (11)-560x373.jpg","gallery-width":560,"gallery-height":373,"logo":"https:\/\/d2q6z78khxmx42.cloudfront.net\/2023\/03\/\u00c9cole du Sommet (11)-150x100.jpg","logo-width":150,"logo-height":100,"masonry":"https:\/\/d2q6z78khxmx42.cloudfront.net\/2023\/03\/\u00c9cole du Sommet (11)-550x367.jpg","masonry-width":550,"masonry-height":367,"modal":"https:\/\/d2q6z78khxmx42.cloudfront.net\/2023\/03\/MGRtmFIL-\u00c9cole du Sommet (11)-1920x1280.jpg","modal-width":1920,"modal-height":1280,"number":"https:\/\/d2q6z78khxmx42.cloudfront.net\/2023\/03\/MGRtmFIL-\u00c9cole du Sommet (11)-560x373.jpg","number-width":560,"number-height":373,"partner":"https:\/\/d2q6z78khxmx42.cloudfront.net\/2023\/03\/\u00c9cole du Sommet (11)-275x183.jpg","partner-width":275,"partner-height":183,"ranking":"https:\/\/d2q6z78khxmx42.cloudfront.net\/2023\/03\/MGRtmFIL-\u00c9cole du Sommet (11)-960x540.jpg","ranking-width":960,"ranking-height":540,"schedule":"https:\/\/d2q6z78khxmx42.cloudfront.net\/2023\/03\/\u00c9cole du Sommet (11)-960x360.jpg","schedule-width":960,"schedule-height":360,"slideshow":"https:\/\/d2q6z78khxmx42.cloudfront.net\/2023\/03\/\u00c9cole du Sommet (11)-1020x680.jpg","slideshow-width":1020,"slideshow-height":680}},"filters":false,"suppliers":false,"attachment_category":[]},{"categories":[3244,3283,3293],"credit":"Jo\u00ebl Gingras","image":{"ID":105317,"id":105317,"title":"\u00c9cole du Sommet (13)","filename":"\u00c9cole du Sommet (13)-scaled.jpg","filesize":825061,"url":"https:\/\/d2q6z78khxmx42.cloudfront.net\/2023\/03\/\u00c9cole du Sommet (13)-scaled.jpg","link":"https:\/\/int.design\/fr\/projets\/ecole-primaire-du-sommet\/ecole-du-sommet-13\/","alt":"","author":"965","description":"\u00c9cole primaire du Sommet PRISME architecture + Bergeron Bouthillier architectes PRISME architecture Bergeron Bouthillier architectes Jo\u00ebl Gingras  Sajo inc. La Cie  Repentigny \u00c9lectrique  STR M\u00e9canique Ventilation GR Protection incendie Lanaudi\u00e8re inc. Jasmin Cl\u00e9ment Molok Luminaire Authentik Ecoloxia Centura Lumenpulse","caption":"","name":"ecole-du-sommet-13","status":"inherit","uploaded_to":100849,"date":"2023-03-01 19:42:35","modified":"2023-08-16 15:50:18","menu_order":0,"mime_type":"image\/jpeg","type":"image","subtype":"jpeg","icon":"https:\/\/int.design\/wp-includes\/images\/media\/default.png","width":2560,"height":1971,"sizes":{"thumbnail":"https:\/\/d2q6z78khxmx42.cloudfront.net\/2023\/03\/\u00c9cole du Sommet (13)-150x150.jpg","thumbnail-width":150,"thumbnail-height":150,"medium":"https:\/\/d2q6z78khxmx42.cloudfront.net\/2023\/03\/\u00c9cole du Sommet (13)-300x231.jpg","medium-width":300,"medium-height":231,"medium_large":"https:\/\/d2q6z78khxmx42.cloudfront.net\/2023\/03\/\u00c9cole du Sommet (13)-768x591.jpg","medium_large-width":768,"medium_large-height":591,"large":"https:\/\/d2q6z78khxmx42.cloudfront.net\/2023\/03\/\u00c9cole du Sommet (13)-1024x788.jpg","large-width":1024,"large-height":788,"1536x1536":"https:\/\/d2q6z78khxmx42.cloudfront.net\/2023\/03\/\u00c9cole du Sommet (13)-1536x1183.jpg","1536x1536-width":1536,"1536x1536-height":1183,"2048x2048":"https:\/\/d2q6z78khxmx42.cloudfront.net\/2023\/03\/\u00c9cole du Sommet (13)-2048x1577.jpg","2048x2048-width":2048,"2048x2048-height":1577,"article":"https:\/\/d2q6z78khxmx42.cloudfront.net\/2023\/03\/\u00c9cole du Sommet (13)-960x540.jpg","article-width":960,"article-height":540,"banner":"https:\/\/d2q6z78khxmx42.cloudfront.net\/2023\/03\/\u00c9cole du Sommet (13)-1920x1478.jpg","banner-width":1920,"banner-height":1478,"block":"https:\/\/d2q6z78khxmx42.cloudfront.net\/2023\/03\/\u00c9cole du Sommet (13)-900x680.jpg","block-width":900,"block-height":680,"card":"https:\/\/d2q6z78khxmx42.cloudfront.net\/2023\/03\/\u00c9cole du Sommet (13)-560x495.jpg","card-width":560,"card-height":495,"card-thumbnail":"https:\/\/d2q6z78khxmx42.cloudfront.net\/2023\/03\/\u00c9cole du Sommet (13)-450x340.jpg","card-thumbnail-width":450,"card-thumbnail-height":340,"conference":"https:\/\/d2q6z78khxmx42.cloudfront.net\/2023\/03\/\u00c9cole du Sommet (13)-560x250.jpg","conference-width":560,"conference-height":250,"contest":"https:\/\/d2q6z78khxmx42.cloudfront.net\/2023\/03\/\u00c9cole du Sommet (13)-960x400.jpg","contest-width":960,"contest-height":400,"cta":"https:\/\/d2q6z78khxmx42.cloudfront.net\/2023\/03\/\u00c9cole du Sommet (13)-415x170.jpg","cta-width":415,"cta-height":170,"exhibitor":"https:\/\/d2q6z78khxmx42.cloudfront.net\/2023\/03\/\u00c9cole du Sommet (13)-560x560.jpg","exhibitor-width":560,"exhibitor-height":560,"gallery":"https:\/\/d2q6z78khxmx42.cloudfront.net\/2023\/03\/\u00c9cole du Sommet (13)-560x430.jpg","gallery-width":560,"gallery-height":430,"logo":"https:\/\/d2q6z78khxmx42.cloudfront.net\/2023\/03\/\u00c9cole du Sommet (13)-130x100.jpg","logo-width":130,"logo-height":100,"masonry":"https:\/\/d2q6z78khxmx42.cloudfront.net\/2023\/03\/\u00c9cole du Sommet (13)-550x423.jpg","masonry-width":550,"masonry-height":423,"modal":"https:\/\/d2q6z78khxmx42.cloudfront.net\/2023\/03\/qSMYF7WI-\u00c9cole du Sommet (13)-1920x1478.jpg","modal-width":1920,"modal-height":1478,"number":"https:\/\/d2q6z78khxmx42.cloudfront.net\/2023\/03\/qSMYF7WI-\u00c9cole du Sommet (13)-560x430.jpg","number-width":560,"number-height":430,"partner":"https:\/\/d2q6z78khxmx42.cloudfront.net\/2023\/03\/\u00c9cole du Sommet (13)-273x210.jpg","partner-width":273,"partner-height":210,"ranking":"https:\/\/d2q6z78khxmx42.cloudfront.net\/2023\/03\/qSMYF7WI-\u00c9cole du Sommet (13)-960x540.jpg","ranking-width":960,"ranking-height":540,"schedule":"https:\/\/d2q6z78khxmx42.cloudfront.net\/2023\/03\/\u00c9cole du Sommet (13)-960x360.jpg","schedule-width":960,"schedule-height":360,"slideshow":"https:\/\/d2q6z78khxmx42.cloudfront.net\/2023\/03\/\u00c9cole du Sommet (13)-883x680.jpg","slideshow-width":883,"slideshow-height":680}},"filters":false,"suppliers":false,"attachment_category":[]},{"categories":[3244,3283,3293],"credit":"Jo\u00ebl Gingras","image":{"ID":105319,"id":105319,"title":"\u00c9cole du Sommet (14)","filename":"\u00c9cole du Sommet (14)-scaled.jpg","filesize":967713,"url":"https:\/\/d2q6z78khxmx42.cloudfront.net\/2023\/03\/\u00c9cole du Sommet (14)-scaled.jpg","link":"https:\/\/int.design\/fr\/projets\/ecole-primaire-du-sommet\/ecole-du-sommet-14\/","alt":"","author":"965","description":"\u00c9cole primaire du Sommet PRISME architecture + Bergeron Bouthillier architectes PRISME architecture Bergeron Bouthillier architectes Jo\u00ebl Gingras  Sajo inc. La Cie  Repentigny \u00c9lectrique  STR M\u00e9canique Ventilation GR Protection incendie Lanaudi\u00e8re inc. Jasmin Cl\u00e9ment Molok Luminaire Authentik Ecoloxia Centura Lumenpulse","caption":"","name":"ecole-du-sommet-14","status":"inherit","uploaded_to":100849,"date":"2023-03-01 19:42:46","modified":"2023-08-16 15:50:19","menu_order":0,"mime_type":"image\/jpeg","type":"image","subtype":"jpeg","icon":"https:\/\/int.design\/wp-includes\/images\/media\/default.png","width":2560,"height":1809,"sizes":{"thumbnail":"https:\/\/d2q6z78khxmx42.cloudfront.net\/2023\/03\/\u00c9cole du Sommet (14)-150x150.jpg","thumbnail-width":150,"thumbnail-height":150,"medium":"https:\/\/d2q6z78khxmx42.cloudfront.net\/2023\/03\/\u00c9cole du Sommet (14)-300x212.jpg","medium-width":300,"medium-height":212,"medium_large":"https:\/\/d2q6z78khxmx42.cloudfront.net\/2023\/03\/\u00c9cole du Sommet (14)-768x543.jpg","medium_large-width":768,"medium_large-height":543,"large":"https:\/\/d2q6z78khxmx42.cloudfront.net\/2023\/03\/\u00c9cole du Sommet (14)-1024x724.jpg","large-width":1024,"large-height":724,"1536x1536":"https:\/\/d2q6z78khxmx42.cloudfront.net\/2023\/03\/\u00c9cole du Sommet (14)-1536x1086.jpg","1536x1536-width":1536,"1536x1536-height":1086,"2048x2048":"https:\/\/d2q6z78khxmx42.cloudfront.net\/2023\/03\/\u00c9cole du Sommet (14)-2048x1447.jpg","2048x2048-width":2048,"2048x2048-height":1447,"article":"https:\/\/d2q6z78khxmx42.cloudfront.net\/2023\/03\/\u00c9cole du Sommet (14)-960x540.jpg","article-width":960,"article-height":540,"banner":"https:\/\/d2q6z78khxmx42.cloudfront.net\/2023\/03\/\u00c9cole du Sommet (14)-1920x1357.jpg","banner-width":1920,"banner-height":1357,"block":"https:\/\/d2q6z78khxmx42.cloudfront.net\/2023\/03\/\u00c9cole du Sommet (14)-900x680.jpg","block-width":900,"block-height":680,"card":"https:\/\/d2q6z78khxmx42.cloudfront.net\/2023\/03\/\u00c9cole du Sommet (14)-560x495.jpg","card-width":560,"card-height":495,"card-thumbnail":"https:\/\/d2q6z78khxmx42.cloudfront.net\/2023\/03\/\u00c9cole du Sommet (14)-450x340.jpg","card-thumbnail-width":450,"card-thumbnail-height":340,"conference":"https:\/\/d2q6z78khxmx42.cloudfront.net\/2023\/03\/\u00c9cole du Sommet (14)-560x250.jpg","conference-width":560,"conference-height":250,"contest":"https:\/\/d2q6z78khxmx42.cloudfront.net\/2023\/03\/\u00c9cole du Sommet (14)-960x400.jpg","contest-width":960,"contest-height":400,"cta":"https:\/\/d2q6z78khxmx42.cloudfront.net\/2023\/03\/\u00c9cole du Sommet (14)-415x170.jpg","cta-width":415,"cta-height":170,"exhibitor":"https:\/\/d2q6z78khxmx42.cloudfront.net\/2023\/03\/\u00c9cole du Sommet (14)-560x560.jpg","exhibitor-width":560,"exhibitor-height":560,"gallery":"https:\/\/d2q6z78khxmx42.cloudfront.net\/2023\/03\/\u00c9cole du Sommet (14)-560x396.jpg","gallery-width":560,"gallery-height":396,"logo":"https:\/\/d2q6z78khxmx42.cloudfront.net\/2023\/03\/\u00c9cole du Sommet (14)-141x100.jpg","logo-width":141,"logo-height":100,"masonry":"https:\/\/d2q6z78khxmx42.cloudfront.net\/2023\/03\/\u00c9cole du Sommet (14)-550x389.jpg","masonry-width":550,"masonry-height":389,"modal":"https:\/\/d2q6z78khxmx42.cloudfront.net\/2023\/03\/9MoRtvRP-\u00c9cole du Sommet (14)-1920x1357.jpg","modal-width":1920,"modal-height":1357,"number":"https:\/\/d2q6z78khxmx42.cloudfront.net\/2023\/03\/9MoRtvRP-\u00c9cole du Sommet (14)-560x396.jpg","number-width":560,"number-height":396,"partner":"https:\/\/d2q6z78khxmx42.cloudfront.net\/2023\/03\/\u00c9cole du Sommet (14)-275x194.jpg","partner-width":275,"partner-height":194,"ranking":"https:\/\/d2q6z78khxmx42.cloudfront.net\/2023\/03\/9MoRtvRP-\u00c9cole du Sommet (14)-960x540.jpg","ranking-width":960,"ranking-height":540,"schedule":"https:\/\/d2q6z78khxmx42.cloudfront.net\/2023\/03\/\u00c9cole du Sommet (14)-960x360.jpg","schedule-width":960,"schedule-height":360,"slideshow":"https:\/\/d2q6z78khxmx42.cloudfront.net\/2023\/03\/\u00c9cole du Sommet (14)-962x680.jpg","slideshow-width":962,"slideshow-height":680}},"filters":false,"suppliers":false,"attachment_category":[]},{"categories":[3244,3283,3293],"credit":"Jo\u00ebl Gingras","image":{"ID":105318,"id":105318,"title":"\u00c9cole du Sommet (16)","filename":"\u00c9cole du Sommet (16)-scaled.jpg","filesize":958281,"url":"https:\/\/d2q6z78khxmx42.cloudfront.net\/2023\/03\/\u00c9cole du Sommet (16)-scaled.jpg","link":"https:\/\/int.design\/fr\/projets\/ecole-primaire-du-sommet\/ecole-du-sommet-16\/","alt":"","author":"965","description":"\u00c9cole primaire du Sommet PRISME architecture + Bergeron Bouthillier architectes PRISME architecture Bergeron Bouthillier architectes Jo\u00ebl Gingras  Sajo inc. La Cie  Repentigny \u00c9lectrique  STR M\u00e9canique Ventilation GR Protection incendie Lanaudi\u00e8re inc. Jasmin Cl\u00e9ment Molok Luminaire Authentik Ecoloxia Centura Lumenpulse","caption":"","name":"ecole-du-sommet-16","status":"inherit","uploaded_to":100849,"date":"2023-03-01 19:42:39","modified":"2023-08-16 15:50:20","menu_order":0,"mime_type":"image\/jpeg","type":"image","subtype":"jpeg","icon":"https:\/\/int.design\/wp-includes\/images\/media\/default.png","width":2133,"height":2560,"sizes":{"thumbnail":"https:\/\/d2q6z78khxmx42.cloudfront.net\/2023\/03\/\u00c9cole du Sommet (16)-150x150.jpg","thumbnail-width":150,"thumbnail-height":150,"medium":"https:\/\/d2q6z78khxmx42.cloudfront.net\/2023\/03\/\u00c9cole du Sommet (16)-250x300.jpg","medium-width":250,"medium-height":300,"medium_large":"https:\/\/d2q6z78khxmx42.cloudfront.net\/2023\/03\/\u00c9cole du Sommet (16)-768x922.jpg","medium_large-width":768,"medium_large-height":922,"large":"https:\/\/d2q6z78khxmx42.cloudfront.net\/2023\/03\/\u00c9cole du Sommet (16)-853x1024.jpg","large-width":853,"large-height":1024,"1536x1536":"https:\/\/d2q6z78khxmx42.cloudfront.net\/2023\/03\/\u00c9cole du Sommet (16)-1280x1536.jpg","1536x1536-width":1280,"1536x1536-height":1536,"2048x2048":"https:\/\/d2q6z78khxmx42.cloudfront.net\/2023\/03\/\u00c9cole du Sommet (16)-1707x2048.jpg","2048x2048-width":1707,"2048x2048-height":2048,"article":"https:\/\/d2q6z78khxmx42.cloudfront.net\/2023\/03\/\u00c9cole du Sommet (16)-960x540.jpg","article-width":960,"article-height":540,"banner":"https:\/\/d2q6z78khxmx42.cloudfront.net\/2023\/03\/\u00c9cole du Sommet (16)-1920x2304.jpg","banner-width":1920,"banner-height":2304,"block":"https:\/\/d2q6z78khxmx42.cloudfront.net\/2023\/03\/\u00c9cole du Sommet (16)-900x680.jpg","block-width":900,"block-height":680,"card":"https:\/\/d2q6z78khxmx42.cloudfront.net\/2023\/03\/\u00c9cole du Sommet (16)-560x495.jpg","card-width":560,"card-height":495,"card-thumbnail":"https:\/\/d2q6z78khxmx42.cloudfront.net\/2023\/03\/\u00c9cole du Sommet (16)-450x340.jpg","card-thumbnail-width":450,"card-thumbnail-height":340,"conference":"https:\/\/d2q6z78khxmx42.cloudfront.net\/2023\/03\/\u00c9cole du Sommet (16)-560x250.jpg","conference-width":560,"conference-height":250,"contest":"https:\/\/d2q6z78khxmx42.cloudfront.net\/2023\/03\/\u00c9cole du Sommet (16)-960x400.jpg","contest-width":960,"contest-height":400,"cta":"https:\/\/d2q6z78khxmx42.cloudfront.net\/2023\/03\/\u00c9cole du Sommet (16)-415x170.jpg","cta-width":415,"cta-height":170,"exhibitor":"https:\/\/d2q6z78khxmx42.cloudfront.net\/2023\/03\/\u00c9cole du Sommet (16)-560x560.jpg","exhibitor-width":560,"exhibitor-height":560,"gallery":"https:\/\/d2q6z78khxmx42.cloudfront.net\/2023\/03\/\u00c9cole du Sommet (16)-358x430.jpg","gallery-width":358,"gallery-height":430,"logo":"https:\/\/d2q6z78khxmx42.cloudfront.net\/2023\/03\/\u00c9cole du Sommet (16)-83x100.jpg","logo-width":83,"logo-height":100,"masonry":"https:\/\/d2q6z78khxmx42.cloudfront.net\/2023\/03\/\u00c9cole du Sommet (16)-550x660.jpg","masonry-width":550,"masonry-height":660,"modal":"https:\/\/d2q6z78khxmx42.cloudfront.net\/2023\/03\/\u00c9cole du Sommet (16)-1600x1920.jpg","modal-width":1600,"modal-height":1920,"number":"https:\/\/d2q6z78khxmx42.cloudfront.net\/2023\/03\/HgMSL1s2-\u00c9cole du Sommet (16)-358x430.jpg","number-width":358,"number-height":430,"partner":"https:\/\/d2q6z78khxmx42.cloudfront.net\/2023\/03\/\u00c9cole du Sommet (16)-175x210.jpg","partner-width":175,"partner-height":210,"ranking":"https:\/\/d2q6z78khxmx42.cloudfront.net\/2023\/03\/HgMSL1s2-\u00c9cole du Sommet (16)-960x540.jpg","ranking-width":960,"ranking-height":540,"schedule":"https:\/\/d2q6z78khxmx42.cloudfront.net\/2023\/03\/\u00c9cole du Sommet (16)-960x360.jpg","schedule-width":960,"schedule-height":360,"slideshow":"https:\/\/d2q6z78khxmx42.cloudfront.net\/2023\/03\/\u00c9cole du Sommet (16)-567x680.jpg","slideshow-width":567,"slideshow-height":680}},"filters":false,"suppliers":false,"attachment_category":[]},{"categories":[3244,3283,3293],"credit":"Jo\u00ebl Gingras","image":{"ID":105320,"id":105320,"title":"\u00c9cole du Sommet (24)","filename":"\u00c9cole du Sommet (24)-scaled.jpg","filesize":640691,"url":"https:\/\/d2q6z78khxmx42.cloudfront.net\/2023\/03\/\u00c9cole du Sommet (24)-scaled.jpg","link":"https:\/\/int.design\/fr\/projets\/ecole-primaire-du-sommet\/ecole-du-sommet-24\/","alt":"","author":"965","description":"\u00c9cole primaire du Sommet PRISME architecture + Bergeron Bouthillier architectes PRISME architecture Bergeron Bouthillier architectes Jo\u00ebl Gingras  Sajo inc. La Cie  Repentigny \u00c9lectrique  STR M\u00e9canique Ventilation GR Protection incendie Lanaudi\u00e8re inc. Jasmin Cl\u00e9ment Molok Luminaire Authentik Ecoloxia Centura Lumenpulse","caption":"","name":"ecole-du-sommet-24","status":"inherit","uploaded_to":100849,"date":"2023-03-01 19:42:47","modified":"2023-08-16 15:50:21","menu_order":0,"mime_type":"image\/jpeg","type":"image","subtype":"jpeg","icon":"https:\/\/int.design\/wp-includes\/images\/media\/default.png","width":2560,"height":1656,"sizes":{"thumbnail":"https:\/\/d2q6z78khxmx42.cloudfront.net\/2023\/03\/\u00c9cole du Sommet (24)-150x150.jpg","thumbnail-width":150,"thumbnail-height":150,"medium":"https:\/\/d2q6z78khxmx42.cloudfront.net\/2023\/03\/\u00c9cole du Sommet (24)-300x194.jpg","medium-width":300,"medium-height":194,"medium_large":"https:\/\/d2q6z78khxmx42.cloudfront.net\/2023\/03\/\u00c9cole du Sommet (24)-768x497.jpg","medium_large-width":768,"medium_large-height":497,"large":"https:\/\/d2q6z78khxmx42.cloudfront.net\/2023\/03\/\u00c9cole du Sommet (24)-1024x662.jpg","large-width":1024,"large-height":662,"1536x1536":"https:\/\/d2q6z78khxmx42.cloudfront.net\/2023\/03\/\u00c9cole du Sommet (24)-1536x993.jpg","1536x1536-width":1536,"1536x1536-height":993,"2048x2048":"https:\/\/d2q6z78khxmx42.cloudfront.net\/2023\/03\/\u00c9cole du Sommet (24)-2048x1324.jpg","2048x2048-width":2048,"2048x2048-height":1324,"article":"https:\/\/d2q6z78khxmx42.cloudfront.net\/2023\/03\/\u00c9cole du Sommet (24)-960x540.jpg","article-width":960,"article-height":540,"banner":"https:\/\/d2q6z78khxmx42.cloudfront.net\/2023\/03\/\u00c9cole du Sommet (24)-1920x1242.jpg","banner-width":1920,"banner-height":1242,"block":"https:\/\/d2q6z78khxmx42.cloudfront.net\/2023\/03\/\u00c9cole du Sommet (24)-900x680.jpg","block-width":900,"block-height":680,"card":"https:\/\/d2q6z78khxmx42.cloudfront.net\/2023\/03\/\u00c9cole du Sommet (24)-560x495.jpg","card-width":560,"card-height":495,"card-thumbnail":"https:\/\/d2q6z78khxmx42.cloudfront.net\/2023\/03\/\u00c9cole du Sommet (24)-450x340.jpg","card-thumbnail-width":450,"card-thumbnail-height":340,"conference":"https:\/\/d2q6z78khxmx42.cloudfront.net\/2023\/03\/\u00c9cole du Sommet (24)-560x250.jpg","conference-width":560,"conference-height":250,"contest":"https:\/\/d2q6z78khxmx42.cloudfront.net\/2023\/03\/\u00c9cole du Sommet (24)-960x400.jpg","contest-width":960,"contest-height":400,"cta":"https:\/\/d2q6z78khxmx42.cloudfront.net\/2023\/03\/\u00c9cole du Sommet (24)-415x170.jpg","cta-width":415,"cta-height":170,"exhibitor":"https:\/\/d2q6z78khxmx42.cloudfront.net\/2023\/03\/\u00c9cole du Sommet (24)-560x560.jpg","exhibitor-width":560,"exhibitor-height":560,"gallery":"https:\/\/d2q6z78khxmx42.cloudfront.net\/2023\/03\/\u00c9cole du Sommet (24)-560x362.jpg","gallery-width":560,"gallery-height":362,"logo":"https:\/\/d2q6z78khxmx42.cloudfront.net\/2023\/03\/\u00c9cole du Sommet (24)-155x100.jpg","logo-width":155,"logo-height":100,"masonry":"https:\/\/d2q6z78khxmx42.cloudfront.net\/2023\/03\/\u00c9cole du Sommet (24)-550x356.jpg","masonry-width":550,"masonry-height":356,"modal":"https:\/\/d2q6z78khxmx42.cloudfront.net\/2023\/03\/wLtnYaXx-\u00c9cole du Sommet (24)-1920x1242.jpg","modal-width":1920,"modal-height":1242,"number":"https:\/\/d2q6z78khxmx42.cloudfront.net\/2023\/03\/wLtnYaXx-\u00c9cole du Sommet (24)-560x362.jpg","number-width":560,"number-height":362,"partner":"https:\/\/d2q6z78khxmx42.cloudfront.net\/2023\/03\/\u00c9cole du Sommet (24)-275x178.jpg","partner-width":275,"partner-height":178,"ranking":"https:\/\/d2q6z78khxmx42.cloudfront.net\/2023\/03\/wLtnYaXx-\u00c9cole du Sommet (24)-960x540.jpg","ranking-width":960,"ranking-height":540,"schedule":"https:\/\/d2q6z78khxmx42.cloudfront.net\/2023\/03\/\u00c9cole du Sommet (24)-960x360.jpg","schedule-width":960,"schedule-height":360,"slideshow":"https:\/\/d2q6z78khxmx42.cloudfront.net\/2023\/03\/\u00c9cole du Sommet (24)-1051x680.jpg","slideshow-width":1051,"slideshow-height":680}},"filters":false,"suppliers":false,"attachment_category":[]}],"mandatory_documents":[{"name":"Plan int\u00e9rieur 1","file":{"ID":110626,"id":110626,"title":"DuSommet-Plan-1","filename":"DuSommet-Plan-1-scaled.jpg","filesize":544788,"url":"https:\/\/d2q6z78khxmx42.cloudfront.net\/2023\/03\/DuSommet-Plan-1-scaled.jpg","link":"https:\/\/int.design\/fr\/projets\/ecole-primaire-du-sommet\/dusommet-plan-1\/","alt":"","author":"965","description":"","caption":"","name":"dusommet-plan-1","status":"inherit","uploaded_to":100849,"date":"2023-03-31 02:10:59","modified":"2023-03-31 02:11:38","menu_order":0,"mime_type":"image\/jpeg","type":"image","subtype":"jpeg","icon":"https:\/\/int.design\/wp-includes\/images\/media\/default.png","width":2560,"height":1808,"sizes":{"thumbnail":"https:\/\/d2q6z78khxmx42.cloudfront.net\/2023\/03\/DuSommet-Plan-1-150x150.jpg","thumbnail-width":150,"thumbnail-height":150,"medium":"https:\/\/d2q6z78khxmx42.cloudfront.net\/2023\/03\/DuSommet-Plan-1-300x212.jpg","medium-width":300,"medium-height":212,"medium_large":"https:\/\/d2q6z78khxmx42.cloudfront.net\/2023\/03\/DuSommet-Plan-1-768x543.jpg","medium_large-width":768,"medium_large-height":543,"large":"https:\/\/d2q6z78khxmx42.cloudfront.net\/2023\/03\/DuSommet-Plan-1-1024x723.jpg","large-width":1024,"large-height":723,"1536x1536":"https:\/\/d2q6z78khxmx42.cloudfront.net\/2023\/03\/DuSommet-Plan-1-1536x1085.jpg","1536x1536-width":1536,"1536x1536-height":1085,"2048x2048":"https:\/\/d2q6z78khxmx42.cloudfront.net\/2023\/03\/DuSommet-Plan-1-2048x1447.jpg","2048x2048-width":2048,"2048x2048-height":1447,"article":"https:\/\/d2q6z78khxmx42.cloudfront.net\/2023\/03\/DuSommet-Plan-1-960x540.jpg","article-width":960,"article-height":540,"banner":"https:\/\/d2q6z78khxmx42.cloudfront.net\/2023\/03\/DuSommet-Plan-1-1920x1356.jpg","banner-width":1920,"banner-height":1356,"block":"https:\/\/d2q6z78khxmx42.cloudfront.net\/2023\/03\/DuSommet-Plan-1-900x680.jpg","block-width":900,"block-height":680,"card":"https:\/\/d2q6z78khxmx42.cloudfront.net\/2023\/03\/DuSommet-Plan-1-560x495.jpg","card-width":560,"card-height":495,"card-thumbnail":"https:\/\/d2q6z78khxmx42.cloudfront.net\/2023\/03\/DuSommet-Plan-1-450x340.jpg","card-thumbnail-width":450,"card-thumbnail-height":340,"conference":"https:\/\/d2q6z78khxmx42.cloudfront.net\/2023\/03\/DuSommet-Plan-1-560x250.jpg","conference-width":560,"conference-height":250,"contest":"https:\/\/d2q6z78khxmx42.cloudfront.net\/2023\/03\/DuSommet-Plan-1-960x400.jpg","contest-width":960,"contest-height":400,"cta":"https:\/\/d2q6z78khxmx42.cloudfront.net\/2023\/03\/DuSommet-Plan-1-415x170.jpg","cta-width":415,"cta-height":170,"exhibitor":"https:\/\/d2q6z78khxmx42.cloudfront.net\/2023\/03\/DuSommet-Plan-1-560x560.jpg","exhibitor-width":560,"exhibitor-height":560,"gallery":"https:\/\/d2q6z78khxmx42.cloudfront.net\/2023\/03\/DuSommet-Plan-1-560x396.jpg","gallery-width":560,"gallery-height":396,"logo":"https:\/\/d2q6z78khxmx42.cloudfront.net\/2023\/03\/DuSommet-Plan-1-142x100.jpg","logo-width":142,"logo-height":100,"masonry":"https:\/\/d2q6z78khxmx42.cloudfront.net\/2023\/03\/DuSommet-Plan-1-550x389.jpg","masonry-width":550,"masonry-height":389,"modal":"https:\/\/d2q6z78khxmx42.cloudfront.net\/2023\/03\/btWfR7kU-DuSommet-Plan-1-1920x1356.jpg","modal-width":1920,"modal-height":1356,"number":"https:\/\/d2q6z78khxmx42.cloudfront.net\/2023\/03\/btWfR7kU-DuSommet-Plan-1-560x396.jpg","number-width":560,"number-height":396,"partner":"https:\/\/d2q6z78khxmx42.cloudfront.net\/2023\/03\/DuSommet-Plan-1-275x194.jpg","partner-width":275,"partner-height":194,"ranking":"https:\/\/d2q6z78khxmx42.cloudfront.net\/2023\/03\/btWfR7kU-DuSommet-Plan-1-960x540.jpg","ranking-width":960,"ranking-height":540,"schedule":"https:\/\/d2q6z78khxmx42.cloudfront.net\/2023\/03\/DuSommet-Plan-1-960x360.jpg","schedule-width":960,"schedule-height":360,"slideshow":"https:\/\/d2q6z78khxmx42.cloudfront.net\/2023\/03\/DuSommet-Plan-1-963x680.jpg","slideshow-width":963,"slideshow-height":680}}},{"name":"Plan int\u00e9rieur 2","file":{"ID":110627,"id":110627,"title":"DuSommet-Plan-2","filename":"DuSommet-Plan-2-scaled.jpg","filesize":382816,"url":"https:\/\/d2q6z78khxmx42.cloudfront.net\/2023\/03\/DuSommet-Plan-2-scaled.jpg","link":"https:\/\/int.design\/fr\/projets\/ecole-primaire-du-sommet\/dusommet-plan-2\/","alt":"","author":"965","description":"","caption":"","name":"dusommet-plan-2","status":"inherit","uploaded_to":100849,"date":"2023-03-31 02:11:07","modified":"2023-03-31 02:11:38","menu_order":0,"mime_type":"image\/jpeg","type":"image","subtype":"jpeg","icon":"https:\/\/int.design\/wp-includes\/images\/media\/default.png","width":2560,"height":1808,"sizes":{"thumbnail":"https:\/\/d2q6z78khxmx42.cloudfront.net\/2023\/03\/DuSommet-Plan-2-150x150.jpg","thumbnail-width":150,"thumbnail-height":150,"medium":"https:\/\/d2q6z78khxmx42.cloudfront.net\/2023\/03\/DuSommet-Plan-2-300x212.jpg","medium-width":300,"medium-height":212,"medium_large":"https:\/\/d2q6z78khxmx42.cloudfront.net\/2023\/03\/DuSommet-Plan-2-768x543.jpg","medium_large-width":768,"medium_large-height":543,"large":"https:\/\/d2q6z78khxmx42.cloudfront.net\/2023\/03\/DuSommet-Plan-2-1024x723.jpg","large-width":1024,"large-height":723,"1536x1536":"https:\/\/d2q6z78khxmx42.cloudfront.net\/2023\/03\/DuSommet-Plan-2-1536x1085.jpg","1536x1536-width":1536,"1536x1536-height":1085,"2048x2048":"https:\/\/d2q6z78khxmx42.cloudfront.net\/2023\/03\/DuSommet-Plan-2-2048x1447.jpg","2048x2048-width":2048,"2048x2048-height":1447,"article":"https:\/\/d2q6z78khxmx42.cloudfront.net\/2023\/03\/DuSommet-Plan-2-960x540.jpg","article-width":960,"article-height":540,"banner":"https:\/\/d2q6z78khxmx42.cloudfront.net\/2023\/03\/DuSommet-Plan-2-1920x1356.jpg","banner-width":1920,"banner-height":1356,"block":"https:\/\/d2q6z78khxmx42.cloudfront.net\/2023\/03\/DuSommet-Plan-2-900x680.jpg","block-width":900,"block-height":680,"card":"https:\/\/d2q6z78khxmx42.cloudfront.net\/2023\/03\/DuSommet-Plan-2-560x495.jpg","card-width":560,"card-height":495,"card-thumbnail":"https:\/\/d2q6z78khxmx42.cloudfront.net\/2023\/03\/DuSommet-Plan-2-450x340.jpg","card-thumbnail-width":450,"card-thumbnail-height":340,"conference":"https:\/\/d2q6z78khxmx42.cloudfront.net\/2023\/03\/DuSommet-Plan-2-560x250.jpg","conference-width":560,"conference-height":250,"contest":"https:\/\/d2q6z78khxmx42.cloudfront.net\/2023\/03\/DuSommet-Plan-2-960x400.jpg","contest-width":960,"contest-height":400,"cta":"https:\/\/d2q6z78khxmx42.cloudfront.net\/2023\/03\/DuSommet-Plan-2-415x170.jpg","cta-width":415,"cta-height":170,"exhibitor":"https:\/\/d2q6z78khxmx42.cloudfront.net\/2023\/03\/DuSommet-Plan-2-560x560.jpg","exhibitor-width":560,"exhibitor-height":560,"gallery":"https:\/\/d2q6z78khxmx42.cloudfront.net\/2023\/03\/DuSommet-Plan-2-560x396.jpg","gallery-width":560,"gallery-height":396,"logo":"https:\/\/d2q6z78khxmx42.cloudfront.net\/2023\/03\/DuSommet-Plan-2-142x100.jpg","logo-width":142,"logo-height":100,"masonry":"https:\/\/d2q6z78khxmx42.cloudfront.net\/2023\/03\/DuSommet-Plan-2-550x389.jpg","masonry-width":550,"masonry-height":389,"modal":"https:\/\/d2q6z78khxmx42.cloudfront.net\/2023\/03\/U92ZuWyJ-DuSommet-Plan-2-1920x1356.jpg","modal-width":1920,"modal-height":1356,"number":"https:\/\/d2q6z78khxmx42.cloudfront.net\/2023\/03\/U92ZuWyJ-DuSommet-Plan-2-560x396.jpg","number-width":560,"number-height":396,"partner":"https:\/\/d2q6z78khxmx42.cloudfront.net\/2023\/03\/DuSommet-Plan-2-275x194.jpg","partner-width":275,"partner-height":194,"ranking":"https:\/\/d2q6z78khxmx42.cloudfront.net\/2023\/03\/U92ZuWyJ-DuSommet-Plan-2-960x540.jpg","ranking-width":960,"ranking-height":540,"schedule":"https:\/\/d2q6z78khxmx42.cloudfront.net\/2023\/03\/DuSommet-Plan-2-960x360.jpg","schedule-width":960,"schedule-height":360,"slideshow":"https:\/\/d2q6z78khxmx42.cloudfront.net\/2023\/03\/DuSommet-Plan-2-963x680.jpg","slideshow-width":963,"slideshow-height":680}}},{"name":"Plan int\u00e9rieur 3","file":{"ID":110628,"id":110628,"title":"DuSommet-Plan-3","filename":"DuSommet-Plan-3-scaled.jpg","filesize":299855,"url":"https:\/\/d2q6z78khxmx42.cloudfront.net\/2023\/03\/DuSommet-Plan-3-scaled.jpg","link":"https:\/\/int.design\/fr\/projets\/ecole-primaire-du-sommet\/dusommet-plan-3\/","alt":"","author":"965","description":"","caption":"","name":"dusommet-plan-3","status":"inherit","uploaded_to":100849,"date":"2023-03-31 02:11:19","modified":"2023-03-31 02:11:38","menu_order":0,"mime_type":"image\/jpeg","type":"image","subtype":"jpeg","icon":"https:\/\/int.design\/wp-includes\/images\/media\/default.png","width":2560,"height":1808,"sizes":{"thumbnail":"https:\/\/d2q6z78khxmx42.cloudfront.net\/2023\/03\/DuSommet-Plan-3-150x150.jpg","thumbnail-width":150,"thumbnail-height":150,"medium":"https:\/\/d2q6z78khxmx42.cloudfront.net\/2023\/03\/DuSommet-Plan-3-300x212.jpg","medium-width":300,"medium-height":212,"medium_large":"https:\/\/d2q6z78khxmx42.cloudfront.net\/2023\/03\/DuSommet-Plan-3-768x543.jpg","medium_large-width":768,"medium_large-height":543,"large":"https:\/\/d2q6z78khxmx42.cloudfront.net\/2023\/03\/DuSommet-Plan-3-1024x723.jpg","large-width":1024,"large-height":723,"1536x1536":"https:\/\/d2q6z78khxmx42.cloudfront.net\/2023\/03\/DuSommet-Plan-3-1536x1085.jpg","1536x1536-width":1536,"1536x1536-height":1085,"2048x2048":"https:\/\/d2q6z78khxmx42.cloudfront.net\/2023\/03\/DuSommet-Plan-3-2048x1447.jpg","2048x2048-width":2048,"2048x2048-height":1447,"article":"https:\/\/d2q6z78khxmx42.cloudfront.net\/2023\/03\/DuSommet-Plan-3-960x540.jpg","article-width":960,"article-height":540,"banner":"https:\/\/d2q6z78khxmx42.cloudfront.net\/2023\/03\/DuSommet-Plan-3-1920x1356.jpg","banner-width":1920,"banner-height":1356,"block":"https:\/\/d2q6z78khxmx42.cloudfront.net\/2023\/03\/DuSommet-Plan-3-900x680.jpg","block-width":900,"block-height":680,"card":"https:\/\/d2q6z78khxmx42.cloudfront.net\/2023\/03\/DuSommet-Plan-3-560x495.jpg","card-width":560,"card-height":495,"card-thumbnail":"https:\/\/d2q6z78khxmx42.cloudfront.net\/2023\/03\/DuSommet-Plan-3-450x340.jpg","card-thumbnail-width":450,"card-thumbnail-height":340,"conference":"https:\/\/d2q6z78khxmx42.cloudfront.net\/2023\/03\/DuSommet-Plan-3-560x250.jpg","conference-width":560,"conference-height":250,"contest":"https:\/\/d2q6z78khxmx42.cloudfront.net\/2023\/03\/DuSommet-Plan-3-960x400.jpg","contest-width":960,"contest-height":400,"cta":"https:\/\/d2q6z78khxmx42.cloudfront.net\/2023\/03\/DuSommet-Plan-3-415x170.jpg","cta-width":415,"cta-height":170,"exhibitor":"https:\/\/d2q6z78khxmx42.cloudfront.net\/2023\/03\/DuSommet-Plan-3-560x560.jpg","exhibitor-width":560,"exhibitor-height":560,"gallery":"https:\/\/d2q6z78khxmx42.cloudfront.net\/2023\/03\/DuSommet-Plan-3-560x396.jpg","gallery-width":560,"gallery-height":396,"logo":"https:\/\/d2q6z78khxmx42.cloudfront.net\/2023\/03\/DuSommet-Plan-3-142x100.jpg","logo-width":142,"logo-height":100,"masonry":"https:\/\/d2q6z78khxmx42.cloudfront.net\/2023\/03\/DuSommet-Plan-3-550x389.jpg","masonry-width":550,"masonry-height":389,"modal":"https:\/\/d2q6z78khxmx42.cloudfront.net\/2023\/03\/CA8784w4-DuSommet-Plan-3-1920x1356.jpg","modal-width":1920,"modal-height":1356,"number":"https:\/\/d2q6z78khxmx42.cloudfront.net\/2023\/03\/CA8784w4-DuSommet-Plan-3-560x396.jpg","number-width":560,"number-height":396,"partner":"https:\/\/d2q6z78khxmx42.cloudfront.net\/2023\/03\/DuSommet-Plan-3-275x194.jpg","partner-width":275,"partner-height":194,"ranking":"https:\/\/d2q6z78khxmx42.cloudfront.net\/2023\/03\/CA8784w4-DuSommet-Plan-3-960x540.jpg","ranking-width":960,"ranking-height":540,"schedule":"https:\/\/d2q6z78khxmx42.cloudfront.net\/2023\/03\/DuSommet-Plan-3-960x360.jpg","schedule-width":960,"schedule-height":360,"slideshow":"https:\/\/d2q6z78khxmx42.cloudfront.net\/2023\/03\/DuSommet-Plan-3-963x680.jpg","slideshow-width":963,"slideshow-height":680}}}],"optional_documents":false,"web_text":{"fr":"<p>Le nombre d\u2019\u00e9coles qu\u00e9b\u00e9coises v\u00e9tustes grandit chaque ann\u00e9e, c\u2019est pourquoi les firmes d\u2019architecture \u0153uvrent avec insistance afin de concevoir de nouvelles \u00e9coles s\u00e9curitaires et participatives qui accentuent leur vision sur le bien-\u00eatre de ses occupants. C\u2019est en cela que s\u2019int\u00e8gre le nouveau concept de notre \u00e9cole primaire du Sommet \u00e0 Laval. Une \u00e9cole transformable, flexible et modulable qui s\u2019adapte avec harmonie \u00e0 la fois aux besoins des \u00e9l\u00e8ves, mais aussi \u00e0 ceux des enseignants.<\/p>\n<p>L\u2019\u00e9cole primaire du Sommet, qui a accueilli \u00e0 sa rentr\u00e9e 2021 ses premiers \u00e9l\u00e8ves, arpente de larges fen\u00eatres et des murs ext\u00e9rieurs orn\u00e9s d\u2019aluminium imitation bois aux accents \u00ab\u00a0bleu fleurdelis\u00e9\u00a0\u00bb. Ce nouveau b\u00e2timent, qui tr\u00f4ne fi\u00e8rement sur le chemin du Souvenir \u00e0 Laval, arbore la nouvelle \u00ab\u00a0signature architecturale\u00a0\u00bb \u00e9tablie et d\u00e9finie par le minist\u00e8re de l\u2019\u00c9ducation.<\/p>\n<p>Con\u00e7ue d\u2019une structure d\u2019acier afin de s\u2019harmoniser aux nouvelles attentes du minist\u00e8re de l\u2019\u00c9ducation, les \u00e9quipes de PRISME architecture et Bergeron Bouthillier Architectes ont r\u00e9alis\u00e9 une r\u00e9elle prouesse technique, tant sur la conception des formes g\u00e9om\u00e9triques des locaux que sur les formes \u00ab T\u00e9tris \u00bb con\u00e7ues sur les diff\u00e9rentes fa\u00e7ades du nouveau b\u00e2timent.<\/p>\n<p><strong>Design int\u00e9rieur \u2013 <\/strong>Dans les nouvelles \u00e9coles primaires, la r\u00e9ussite \u00e9ducative passe avant tout par la qualit\u00e9 de l\u2019enseignement mais \u00e9galement de ses locaux d\u2019apprentissage. C\u2019est pourquoi, con\u00e7ue dans l\u2019optique du bien-\u00eatre de l\u2019\u00e9l\u00e8ve ainsi que de son essor dans son parcours scolaire, l\u2019\u00e9cole du Sommet a \u00e9t\u00e9 pens\u00e9e de mani\u00e8re \u00e0 offrir \u00e0 ses occupants des espaces communs color\u00e9s d\u2019une palette chromatique dynamique et inspirante qui pousse \u00e0 la motivation et \u00e0 l\u2019\u00e9panouissement personnel. De grandes fenestrations ont \u00e9t\u00e9 install\u00e9es dans les classes ainsi que dans la salle polyvalente et les couloirs permettant ainsi d\u2019apporter un maximum de lumi\u00e8re naturelle ce qui a pour but de jouer sur le sentiment de bien-\u00eatre, d\u2019apaisement et de concentration de l\u2019enfant.<\/p>\n<p>Les firmes d\u2019architecture et le Centre de services scolaire de Laval souhaitaient offrir une \u00e9cole exemplaire au corps professoral ainsi qu\u2019aux enfants en pensant \u00e0 une conception et une disposition des locaux qui soutiendraient fermement la p\u00e9dagogie. C\u2019est pourquoi la cr\u00e9ation des espaces d\u2019apprentissage innovants respecte le professionnalisme et l\u2019autonomie des \u00e9ducateurs impliqu\u00e9s ainsi que leurs pratiques d\u2019aujourd\u2019hui et de demain en proposant une \u00e9cole flexible sur le plan spatial permettant de soutenir \u00e0 long terme la pratique p\u00e9dagogique plut\u00f4t que d\u2019en emp\u00eacher tout changement ou d\u00e9veloppement.<\/p>\n<p><strong>Modulable et flexible \u2013 <\/strong>L\u2019\u00c9cole du Sommet fait figure de pionni\u00e8re puisqu\u2019elle se trouve \u00eatre une \u00e9cole TFM\u00a0: transformable, flexible et modulable.<\/p>\n<p>Ce concept, imagin\u00e9 et con\u00e7u par le Centre de services scolaire de Laval en collaboration avec les firmes PRISME architecture et Bergeron Bouthillier Architectes, repose sur des cloisons amovibles faites de panneaux coulissants qui permettent d\u2019agrandir ou de r\u00e9duire des salles selon les besoins du moment.<\/p>\n<p>Par exemple, la grande salle polyvalente peut se transformer en 3 plus petits locaux. Ou encore, des classes peuvent \u00eatre facilement jumel\u00e9es pour permettre aux enseignants de travailler en \u00e9quipe. Un local peut donc \u00eatre s\u00e9par\u00e9 pour accueillir 8, 16 ou 32 \u00e9l\u00e8ves. La biblioth\u00e8que s\u2019ouvre \u00e9galement sur el corridor par des parois amovibles vitr\u00e9es de mani\u00e8re \u00e0 agrandir et \u00e0 d\u00e9cloisonner les espaces d\u2019apprentissage.<\/p>\n<p><strong>Une \u00e9cole durable enclin dans sa municipalit\u00e9 \u2013 <\/strong>Il est vrai que les \u00e9coles \u00ab\u00a0TFM\u00a0\u00bb sont plus ch\u00e8res \u00e0 la conception mais ici la vision \u00e9tait plut\u00f4t bas\u00e9e sur le long terme. Les \u00e9conomies qui sont pr\u00e9vues sont \u00ab\u00a0importantes\u00a0\u00bb et cela en r\u00e9sulte du fait que l\u2019\u00e9cole n\u2019aura plus besoin de d\u00e9molir et de reconstruire de nouveaux locaux pour avoir plus de classes car ce concept de \u00ab\u00a0TFM\u00a0\u00bb permet de cr\u00e9er des cloisonnements dans des locaux et d\u2019offrir plus de petits espaces selon les besoins.<\/p>\n<p><strong>Un concept novateur et prometteur \u2013 <\/strong>Ces \u00e9coles transformables, flexibles et modulables pourraient se voir multiplier dans les ann\u00e9es \u00e0 venir, puisque le nouveau guide de planification immobili\u00e8re du minist\u00e8re de l\u2019\u00c9ducation recommande d\u00e9sormais la construction de nouvelles \u00e9coles \u00ab\u00a0flexibles, adaptatives et \u00e9volutives\u00a0\u00bb.<\/p>\n","en":"<p>The number of outdated schools in Quebec is growing every year, which is why architectural firms are working hard to design new schools that are safe and participatory and that emphasize the well-being of their occupants. This is where the new concept of our Summit Elementary School in Laval fits in. A transformable, flexible and modular school that adapts harmoniously to the needs of both students and teachers.<\/p>\n<p>The Summit Elementary School, which welcomed its first students at the start of the 2021 school year, features large windows and exterior walls adorned with imitation wood aluminum with &#8220;fleurdelis\u00e9 blue&#8221; accents. The new building, which stands proudly on Chemin du Souvenir in Laval, displays the new &#8220;architectural signature&#8221; established and defined by the Ministry of Education.<\/p>\n<p>Designed with a steel structure in order to harmonize with the new expectations of the Ministry of Education, the teams of PRISME architecture and Bergeron Bouthillier Architects have achieved a real technical prowess, both in the design of the geometric shapes of the premises and in the &#8220;Tetris&#8221; shapes designed on the different facades of the new building.<\/p>\n<p>Interior design &#8211; In the new elementary school, educational success depends first and foremost on the quality of the teaching and learning facilities. For this reason, the Summit School was designed with the well-being of the student in mind, as well as his or her development in the school. The school was designed to offer its occupants common spaces colored with a dynamic and inspiring chromatic palette that encourages motivation and personal growth. Large windows were installed in the classrooms as well as in the multi-purpose room and the corridors, allowing for a maximum of natural light, which has the goal of creating a feeling of well-being, calm and concentration for the children.<\/p>\n<p>The architectural firms and the Centre de services scolaires de Laval wanted to offer an exemplary school to the teaching staff and the children by thinking of a design and layout of the premises that would firmly support the pedagogy. Therefore, the creation of the innovative learning spaces respects the professionalism and autonomy of the educators involved as well as their practices of today and tomorrow by proposing a spatially flexible school that would support pedagogical practice over the long term rather than inhibit change or development.<\/p>\n<p>Modular and flexible &#8211; The Summit School is a pioneer in being a TFM school: transformable, flexible and modular.<\/p>\n<p>This concept, imagined and designed by the Centre de services scolaires de Laval in collaboration with PRISME architecture and Bergeron Bouthillier Architectes, is based on removable partitions made of sliding panels that allow rooms to be enlarged or reduced according to current needs.<\/p>\n<p>For example, the large multipurpose room can be transformed into 3 smaller rooms. Or, classrooms can be easily paired to allow teachers to work in teams. A room can be separated to accommodate 8, 16 or 32 students. The library also opens onto the corridor through removable glass walls to enlarge and decompartmentalize the learning spaces.<\/p>\n<p>A sustainable school inclined in its municipality &#8211; It is true that the &#8220;TFM&#8221; schools are more expensive to design but here the vision was rather based on the long term. The savings that are expected are &#8220;significant&#8221; and result from the fact that the school will no longer need to demolish and rebuild new facilities to have more classrooms because this &#8220;TFM&#8221; concept allows for the creation of partitions in facilities and offers more small spaces as needed.<\/p>\n<p>An innovative and promising concept &#8211; These transformable, flexible and scalable schools could become more common in the years to come, as the Department of Education&#8217;s new real estate planning guide now recommends the construction of new &#8220;flexible, adaptive and scalable&#8221; schools.<\/p>\n","original":""},"jury_text":[{"category":3244,"fr":"","en":"","original":""},{"category":3283,"fr":"","en":"","original":""},{"category":3293,"fr":"","en":"","original":""}],"different_jury_text":false,"different_category_text":false},"laureats":[{"cat_id":3244,"cat_id_laureat":3891,"laureat":"Certification Argent"},{"cat_id":3283,"cat_id_laureat":3891,"laureat":"Certification Argent"},{"cat_id":3293,"cat_id_laureat":3891,"laureat":"Certification Argent"}],"contest_id":"97334","contest_title":"GRANDS PRIX DU DESIGN \u2013 16e \u00e9dition","firms":[{"name":"PRISME architecture","website":"https:\/\/www.prismearchitecture.com\/","category":"","category_tax":2744,"category_label":"Architecte"},{"name":"Bergeron Bouthillier architectes","website":"https:\/\/a2barchitectes.ca\/","category":"","category_tax":2744,"category_label":"Architecte"},{"name":"Jo\u00ebl Gingras ","website":"https:\/\/www.apy-d.ca\/","category":"","category_tax":2756,"category_label":"Photographe"},{"name":"Sajo inc.","website":"https:\/\/sajo.com\/fr\/","category":"","category_tax":2751,"category_label":"Entrepreneur g\u00e9n\u00e9ral"},{"name":"La Cie  Repentigny \u00c9lectrique ","website":"https:\/\/www.facebook.com\/profile.php?id=100063607140807","category":"","category_tax":2753,"category_label":"Ing\u00e9nierie"},{"name":"STR M\u00e9canique","website":"https:\/\/strmecanique.ca\/","category":"","category_tax":2753,"category_label":"Ing\u00e9nierie"},{"name":"Ventilation GR","website":"https:\/\/www.ventilationgr.ca\/","category":"","category_tax":2754,"category_label":"Manufacturier"},{"name":"Protection incendie Lanaudi\u00e8re inc.","website":"https:\/\/www.ventilationgr.ca\/","category":"","category_tax":2754,"category_label":"Manufacturier"},{"name":"Jasmin Cl\u00e9ment","website":"https:\/\/www.csslaval.ca\/","category":"","category_tax":2808,"category_label":"Gestionnaire de projet"},{"name":"Molok","website":"https:\/\/www.molok.com\/fr\/","category":"","category_tax":2754,"category_label":"Manufacturier"},{"name":"Luminaire Authentik","website":"https:\/\/www.luminaireauthentik.com\/","category":"","category_tax":2750,"category_label":"\u00c9clairage"},{"name":"Ecoloxia","website":"http:\/\/www.ecoloxia.ca\/","category":"","category_tax":2754,"category_label":"Manufacturier"},{"name":"Centura","website":"https:\/\/www.centura.ca\/en","category":"","category_tax":2754,"category_label":"Manufacturier"},{"name":"Lumenpulse","website":"https:\/\/www.lumenpulse.com\/fr","category":"","category_tax":2750,"category_label":"\u00c9clairage"}],"user":{"email":"acateau@prismearchitecture.com","first_name":"Ana\u00eblle","last_name":"Cateau"},"doc_texts_web":{"fr":"<p>Le nombre d\u2019\u00e9coles qu\u00e9b\u00e9coises v\u00e9tustes grandit chaque ann\u00e9e, c\u2019est pourquoi les firmes d\u2019architecture \u0153uvrent avec insistance afin de concevoir de nouvelles \u00e9coles s\u00e9curitaires et participatives qui accentuent leur vision sur le bien-\u00eatre de ses occupants. C\u2019est en cela que s\u2019int\u00e8gre le nouveau concept de notre \u00e9cole primaire du Sommet \u00e0 Laval. Une \u00e9cole transformable, flexible et modulable qui s\u2019adapte avec harmonie \u00e0 la fois aux besoins des \u00e9l\u00e8ves, mais aussi \u00e0 ceux des enseignants.<\/p>\n<p>L\u2019\u00e9cole primaire du Sommet, qui a accueilli \u00e0 sa rentr\u00e9e 2021 ses premiers \u00e9l\u00e8ves, arpente de larges fen\u00eatres et des murs ext\u00e9rieurs orn\u00e9s d\u2019aluminium imitation bois aux accents \u00ab\u00a0bleu fleurdelis\u00e9\u00a0\u00bb. Ce nouveau b\u00e2timent, qui tr\u00f4ne fi\u00e8rement sur le chemin du Souvenir \u00e0 Laval, arbore la nouvelle \u00ab\u00a0signature architecturale\u00a0\u00bb \u00e9tablie et d\u00e9finie par le minist\u00e8re de l\u2019\u00c9ducation.<\/p>\n<p>Con\u00e7ue d\u2019une structure d\u2019acier afin de s\u2019harmoniser aux nouvelles attentes du minist\u00e8re de l\u2019\u00c9ducation, les \u00e9quipes de PRISME architecture et Bergeron Bouthillier Architectes ont r\u00e9alis\u00e9 une r\u00e9elle prouesse technique, tant sur la conception des formes g\u00e9om\u00e9triques des locaux que sur les formes \u00ab T\u00e9tris \u00bb con\u00e7ues sur les diff\u00e9rentes fa\u00e7ades du nouveau b\u00e2timent.<\/p>\n<p><strong>Design int\u00e9rieur \u2013 <\/strong>Dans les nouvelles \u00e9coles primaires, la r\u00e9ussite \u00e9ducative passe avant tout par la qualit\u00e9 de l\u2019enseignement mais \u00e9galement de ses locaux d\u2019apprentissage. C\u2019est pourquoi, con\u00e7ue dans l\u2019optique du bien-\u00eatre de l\u2019\u00e9l\u00e8ve ainsi que de son essor dans son parcours scolaire, l\u2019\u00e9cole du Sommet a \u00e9t\u00e9 pens\u00e9e de mani\u00e8re \u00e0 offrir \u00e0 ses occupants des espaces communs color\u00e9s d\u2019une palette chromatique dynamique et inspirante qui pousse \u00e0 la motivation et \u00e0 l\u2019\u00e9panouissement personnel. De grandes fenestrations ont \u00e9t\u00e9 install\u00e9es dans les classes ainsi que dans la salle polyvalente et les couloirs permettant ainsi d\u2019apporter un maximum de lumi\u00e8re naturelle ce qui a pour but de jouer sur le sentiment de bien-\u00eatre, d\u2019apaisement et de concentration de l\u2019enfant.<\/p>\n<p>Les firmes d\u2019architecture et le Centre de services scolaire de Laval souhaitaient offrir une \u00e9cole exemplaire au corps professoral ainsi qu\u2019aux enfants en pensant \u00e0 une conception et une disposition des locaux qui soutiendraient fermement la p\u00e9dagogie. C\u2019est pourquoi la cr\u00e9ation des espaces d\u2019apprentissage innovants respecte le professionnalisme et l\u2019autonomie des \u00e9ducateurs impliqu\u00e9s ainsi que leurs pratiques d\u2019aujourd\u2019hui et de demain en proposant une \u00e9cole flexible sur le plan spatial permettant de soutenir \u00e0 long terme la pratique p\u00e9dagogique plut\u00f4t que d\u2019en emp\u00eacher tout changement ou d\u00e9veloppement.<\/p>\n<p><strong>Modulable et flexible \u2013 <\/strong>L\u2019\u00c9cole du Sommet fait figure de pionni\u00e8re puisqu\u2019elle se trouve \u00eatre une \u00e9cole TFM\u00a0: transformable, flexible et modulable.<\/p>\n<p>Ce concept, imagin\u00e9 et con\u00e7u par le Centre de services scolaire de Laval en collaboration avec les firmes PRISME architecture et Bergeron Bouthillier Architectes, repose sur des cloisons amovibles faites de panneaux coulissants qui permettent d\u2019agrandir ou de r\u00e9duire des salles selon les besoins du moment.<\/p>\n<p>Par exemple, la grande salle polyvalente peut se transformer en 3 plus petits locaux. Ou encore, des classes peuvent \u00eatre facilement jumel\u00e9es pour permettre aux enseignants de travailler en \u00e9quipe. Un local peut donc \u00eatre s\u00e9par\u00e9 pour accueillir 8, 16 ou 32 \u00e9l\u00e8ves. La biblioth\u00e8que s\u2019ouvre \u00e9galement sur el corridor par des parois amovibles vitr\u00e9es de mani\u00e8re \u00e0 agrandir et \u00e0 d\u00e9cloisonner les espaces d\u2019apprentissage.<\/p>\n<p><strong>Une \u00e9cole durable enclin dans sa municipalit\u00e9 \u2013 <\/strong>Il est vrai que les \u00e9coles \u00ab\u00a0TFM\u00a0\u00bb sont plus ch\u00e8res \u00e0 la conception mais ici la vision \u00e9tait plut\u00f4t bas\u00e9e sur le long terme. Les \u00e9conomies qui sont pr\u00e9vues sont \u00ab\u00a0importantes\u00a0\u00bb et cela en r\u00e9sulte du fait que l\u2019\u00e9cole n\u2019aura plus besoin de d\u00e9molir et de reconstruire de nouveaux locaux pour avoir plus de classes car ce concept de \u00ab\u00a0TFM\u00a0\u00bb permet de cr\u00e9er des cloisonnements dans des locaux et d\u2019offrir plus de petits espaces selon les besoins.<\/p>\n<p><strong>Un concept novateur et prometteur \u2013 <\/strong>Ces \u00e9coles transformables, flexibles et modulables pourraient se voir multiplier dans les ann\u00e9es \u00e0 venir, puisque le nouveau guide de planification immobili\u00e8re du minist\u00e8re de l\u2019\u00c9ducation recommande d\u00e9sormais la construction de nouvelles \u00e9coles \u00ab\u00a0flexibles, adaptatives et \u00e9volutives\u00a0\u00bb.<\/p>\n","en":"<p>The number of outdated schools in Quebec is growing every year, which is why architectural firms are working hard to design new schools that are safe and participatory and that emphasize the well-being of their occupants. This is where the new concept of our Summit Elementary School in Laval fits in. A transformable, flexible and modular school that adapts harmoniously to the needs of both students and teachers.<\/p>\n<p>The Summit Elementary School, which welcomed its first students at the start of the 2021 school year, features large windows and exterior walls adorned with imitation wood aluminum with \u201cfleurdelis\u00e9 blue\u201d accents. The new building, which stands proudly on Chemin du Souvenir in Laval, displays the new \u201carchitectural signature\u201d established and defined by the Ministry of Education.<\/p>\n<p>Designed with a steel structure in order to harmonize with the new expectations of the Ministry of Education, the teams of PRISME architecture and Bergeron Bouthillier Architects have achieved a real technical prowess, both in the design of the geometric shapes of the premises and in the \u201cTetris\u201d shapes designed on the different facades of the new building.<\/p>\n<p>Interior design \u2013 In the new elementary school, educational success depends first and foremost on the quality of the teaching and learning facilities. For this reason, the Summit School was designed with the well-being of the student in mind, as well as his or her development in the school. The school was designed to offer its occupants common spaces colored with a dynamic and inspiring chromatic palette that encourages motivation and personal growth. Large windows were installed in the classrooms as well as in the multi-purpose room and the corridors, allowing for a maximum of natural light, which has the goal of creating a feeling of well-being, calm and concentration for the children.<\/p>\n<p>The architectural firms and the Centre de services scolaires de Laval wanted to offer an exemplary school to the teaching staff and the children by thinking of a design and layout of the premises that would firmly support the pedagogy. Therefore, the creation of the innovative learning spaces respects the professionalism and autonomy of the educators involved as well as their practices of today and tomorrow by proposing a spatially flexible school that would support pedagogical practice over the long term rather than inhibit change or development.<\/p>\n<p>Modular and flexible \u2013 The Summit School is a pioneer in being a TFM school: transformable, flexible and modular.<\/p>\n<p>This concept, imagined and designed by the Centre de services scolaires de Laval in collaboration with PRISME architecture and Bergeron Bouthillier Architectes, is based on removable partitions made of sliding panels that allow rooms to be enlarged or reduced according to current needs.<\/p>\n<p>For example, the large multipurpose room can be transformed into 3 smaller rooms. Or, classrooms can be easily paired to allow teachers to work in teams. A room can be separated to accommodate 8, 16 or 32 students. The library also opens onto the corridor through removable glass walls to enlarge and decompartmentalize the learning spaces.<\/p>\n<p>A sustainable school inclined in its municipality \u2013 It is true that the \u201cTFM\u201d schools are more expensive to design but here the vision was rather based on the long term. The savings that are expected are \u201csignificant\u201d and result from the fact that the school will no longer need to demolish and rebuild new facilities to have more classrooms because this \u201cTFM\u201d concept allows for the creation of partitions in facilities and offers more small spaces as needed.<\/p>\n<p>An innovative and promising concept \u2013 These transformable, flexible and scalable schools could become more common in the years to come, as the Department of Education\u2019s new real estate planning guide now recommends the construction of new \u201cflexible, adaptive and scalable\u201d schools.<\/p>\n"},"permalinks":{"fr":"https:\/\/int.design\/fr\/projets\/ecole-primaire-du-sommet\/","en":"https:\/\/int.design\/en\/projects\/ecole-primaire-du-sommet\/"},"titles":{"fr":"\u00c9cole primaire du Sommet","en":"\u00c9cole primaire du Sommet"},"wp_fields":[],"laravel_id":""},"_links":{"self":[{"href":"https:\/\/int.design\/en\/wp-json\/wp\/v2\/project\/100850","targetHints":{"allow":["GET"]}}],"collection":[{"href":"https:\/\/int.design\/en\/wp-json\/wp\/v2\/project"}],"about":[{"href":"https:\/\/int.design\/en\/wp-json\/wp\/v2\/types\/project"}],"wp:attachment":[{"href":"https:\/\/int.design\/en\/wp-json\/wp\/v2\/media?parent=100850"}],"curies":[{"name":"wp","href":"https:\/\/api.w.org\/{rel}","templated":true}]}}